{"id":5230,"date":"2020-04-01T15:47:49","date_gmt":"2020-04-01T13:47:49","guid":{"rendered":"https:\/\/www.greenpeace.org\/denmark\/?page_id=5230"},"modified":"2026-04-08T10:43:49","modified_gmt":"2026-04-08T08:43:49","slug":"stoet-greenpeace","status":"publish","type":"page","link":"https:\/\/www.greenpeace.org\/denmark\/vaer-med\/stoet-greenpeace\/","title":{"rendered":"St\u00f8t Greenpeace"},"content":{"rendered":"\n<div class=\"wp-block-planet4-blocks-carousel-header mb-0\"><div data-hydrate=\"planet4-blocks\/carousel-header\" data-attributes=\"{&quot;carousel_autoplay&quot;:false,&quot;slides&quot;:[{&quot;image&quot;:2241,&quot;focal_points&quot;:{&quot;x&quot;:0.56,&quot;y&quot;:0.52},&quot;header&quot;:&quot;St\u00f8t Greenpeace&quot;,&quot;description&quot;:&quot;&lt;br&gt;Nu kan du blive m\u00e5nedlig donor med MobilePay. Sammen kan vi beskytte verdens klima og milj\u00f8, hav og skove. Kun med mennesker som dig ombord kan vi blive ved med at g\u00f8re en forskel.&quot;,&quot;link_text&quot;:&quot;St\u00f8t fast med MobilePay&quot;,&quot;link_url&quot;:&quot;https:\/\/www.greenpeace.org\/denmark\/vaer-med\/stoet-greenpeace\/bliv-manedlig-donor-mobilepay\/&quot;,&quot;link_url_new_tab&quot;:false,&quot;image_url&quot;:&quot;https:\/\/www.greenpeace.org\/static\/planet4-denmark-stateless\/2019\/01\/ff798d43-p4_jan.jpg&quot;,&quot;image_srcset&quot;:&quot;https:\/\/www.greenpeace.org\/static\/planet4-denmark-stateless\/2019\/01\/ff798d43-p4_jan-150x150.jpg 150w,https:\/\/www.greenpeace.org\/static\/planet4-denmark-stateless\/2019\/01\/ff798d43-p4_jan-300x200.jpg 300w,https:\/\/www.greenpeace.org\/static\/planet4-denmark-stateless\/2019\/01\/ff798d43-p4_jan-1024x682.jpg 1024w,https:\/\/www.greenpeace.org\/static\/planet4-denmark-stateless\/2019\/01\/ff798d43-p4_jan-510x340.jpg 510w,https:\/\/www.greenpeace.org\/static\/planet4-denmark-stateless\/2019\/01\/ff798d43-p4_jan.jpg 1199w&quot;}],&quot;currentImageIndex&quot;:0,&quot;className&quot;:&quot;mb-0&quot;}\"><section class=\"block block-header alignfull carousel-header mb-0\"><div class=\"carousel-wrapper-header\"><div class=\"carousel-inner\" role=\"listbox\"><div class=\"carousel-item active\"><div class=\"carousel-item-mask\"><div class=\"background-holder\"><img decoding=\"async\" src=\"https:\/\/www.greenpeace.org\/static\/planet4-denmark-stateless\/2019\/01\/ff798d43-p4_jan.jpg\" style=\"object-position:56.00000000000001% 52%\" srcSet=\"https:\/\/www.greenpeace.org\/static\/planet4-denmark-stateless\/2019\/01\/ff798d43-p4_jan-150x150.jpg 150w,https:\/\/www.greenpeace.org\/static\/planet4-denmark-stateless\/2019\/01\/ff798d43-p4_jan-300x200.jpg 300w,https:\/\/www.greenpeace.org\/static\/planet4-denmark-stateless\/2019\/01\/ff798d43-p4_jan-1024x682.jpg 1024w,https:\/\/www.greenpeace.org\/static\/planet4-denmark-stateless\/2019\/01\/ff798d43-p4_jan-510x340.jpg 510w,https:\/\/www.greenpeace.org\/static\/planet4-denmark-stateless\/2019\/01\/ff798d43-p4_jan.jpg 1199w\"\/><\/div><div class=\"carousel-caption\"><div class=\"caption-overlay\"><\/div><div class=\"container main-header\"><div class=\"carousel-captions-wrapper\"><h2>St\u00f8t Greenpeace<\/h2><p><br>Nu kan du blive m\u00e5nedlig donor med MobilePay. Sammen kan vi beskytte verdens klima og milj\u00f8, hav og skove. Kun med mennesker som dig ombord kan vi blive ved med at g\u00f8re en forskel.<\/p><\/div><div class=\"col-xs-12 col-sm-8 col-md-4 action-button\"><a href=\"https:\/\/www.greenpeace.org\/denmark\/vaer-med\/stoet-greenpeace\/bliv-manedlig-donor-mobilepay\/\" class=\"btn btn-primary\" data-ga-category=\"Carousel Header\" data-ga-action=\"Call to Action\"><span>St\u00f8t fast med MobilePay<\/span><\/a><\/div><\/div><\/div><\/div><\/div><\/div><\/div><\/section><\/div><\/div>\n<div data-render=\"planet4-blocks\/submenu\" data-attributes=\"{&quot;attributes&quot;:{&quot;levels&quot;:[{&quot;heading&quot;:2,&quot;link&quot;:true,&quot;style&quot;:&quot;bullet&quot;}],&quot;className&quot;:&quot;mt-0&quot;,&quot;title&quot;:&quot;&quot;,&quot;submenu_style&quot;:0}}\"><\/div>\n<div style=\"height:30px\" aria-hidden=\"true\" class=\"wp-block-spacer\"><\/div>\n\n<div class=\"wp-block-columns is-layout-flex wp-container-core-columns-is-layout-9d6595d7 wp-block-columns-is-layout-flex\">\n<div class=\"wp-block-column is-layout-flow wp-block-column-is-layout-flow\">\n<div style=\"height:80px\" aria-hidden=\"true\" class=\"wp-block-spacer\"><\/div>\n\n\n\n<h2 class=\"wp-block-heading\">Hvorfor st\u00f8tte Greenpeace?<\/h2>\n\n\n\n<p>Greenpeace er verdens st\u00f8rste uafh\u00e6ngige milj\u00f8bev\u00e6gelse og har i over 50 \u00e5r arbejdet for at give vores fantastiske planet en stemme. Vi accepterer hverken penge fra stater eller virksomheder, hvilket g\u00f8r os i stand til at v\u00e6re en uafh\u00e6ngig stemme, der alene taler for milj\u00f8ets interesser. Derfor er \u00f8konomiske bidrag fra mennesker som dig ogs\u00e5 helt uundv\u00e6rlige.<\/p>\n<\/div>\n\n\n\n<div class=\"wp-block-column is-layout-flow wp-block-column-is-layout-flow\">\n<section class=\"block media-block wp-block-planet4-blocks-media-video\"><div><div class=\"embed-container\"><iframe title=\"Sammen er vi Greenpeace\" src=\"https:\/\/www.youtube-nocookie.com\/embed\/Dr6zCHGVrIU?feature=oembed\" frameborder=\"0\" allow=\"accelerometer; autoplay; clipboard-write; encrypted-media; gyroscope; picture-in-picture\" allowfullscreen=\"\"><\/iframe><\/div><\/div><\/section>\n<\/div>\n<\/div>\n\n\n<div class=\"wp-block-group alignfull block has-grey-05-background-color has-background is-layout-flow wp-block-group-is-layout-flow\">\n<div class=\"wp-block-group container is-layout-flow wp-block-group-is-layout-flow\">\n<div style=\"height:30px\" aria-hidden=\"true\" class=\"wp-block-spacer\"><\/div>\n\n\n\n<h2 class=\"wp-block-heading has-text-align-center\"><strong>Det g\u00e5r din st\u00f8tte til<\/strong><\/h2>\n\n\n\n<div class=\"wp-block-columns is-layout-flex wp-container-core-columns-is-layout-9d6595d7 wp-block-columns-is-layout-flex\">\n<div class=\"wp-block-column is-layout-constrained wp-block-column-is-layout-constrained\">\n<div class=\"wp-block-group group-stretched-link is-style-default is-layout-constrained wp-container-core-group-is-layout-82686151 wp-block-group-is-layout-constrained\" style=\"border-radius:0px;padding-top:0;padding-right:0;padding-bottom:0;padding-left:0\">\n<figure class=\"wp-block-image size-full force-no-lightbox force-no-caption\"><img loading=\"lazy\" decoding=\"async\" width=\"800\" height=\"533\" src=\"https:\/\/www.greenpeace.org\/static\/planet4-denmark-stateless\/2020\/04\/59053569-scientistsinarctic.jpg\" alt=\"\" class=\"wp-image-5292\" srcset=\"https:\/\/www.greenpeace.org\/static\/planet4-denmark-stateless\/2020\/04\/59053569-scientistsinarctic.jpg 800w, https:\/\/www.greenpeace.org\/static\/planet4-denmark-stateless\/2020\/04\/59053569-scientistsinarctic-300x200.jpg 300w, https:\/\/www.greenpeace.org\/static\/planet4-denmark-stateless\/2020\/04\/59053569-scientistsinarctic-768x512.jpg 768w, https:\/\/www.greenpeace.org\/static\/planet4-denmark-stateless\/2020\/04\/59053569-scientistsinarctic-510x340.jpg 510w\" sizes=\"auto, (max-width: 800px) 100vw, 800px\" \/><\/figure>\n\n\n\n<h3 class=\"wp-block-heading\" style=\"font-size:1.55rem;font-style:normal;font-weight:900\">100 kr om m\u00e5neden<\/h3>\n\n\n\n<p>Kan betale for specialiseret udstyr til vores skibe som dykkerdragter eller mad til mandskabet, mens vi er p\u00e5 l\u00e6ngere ekspeditioner.<br><br><\/p>\n\n\n\n<h4 class=\"wp-block-heading is-style-chevron has-gp-nor-green-color has-text-color\" style=\"font-size:1rem\"><a href=\"https:\/\/stoet.greenpeace.org\/maanedlig\/bliv-maanedlig-donor\/~min-donation?amount=100&amp;frequency=regular\" target=\"_blank\" rel=\"noreferrer noopener\">St\u00f8t med 100 kr om m\u00e5neden<\/a><\/h4>\n<\/div>\n<\/div>\n\n\n\n<div class=\"wp-block-column is-layout-flow wp-block-column-is-layout-flow\">\n<div class=\"wp-block-group group-stretched-link is-layout-constrained wp-block-group-is-layout-constrained\">\n<figure class=\"wp-block-image size-large force-no-lightbox force-no-caption\"><img loading=\"lazy\" decoding=\"async\" width=\"1024\" height=\"683\" src=\"https:\/\/www.greenpeace.org\/static\/planet4-denmark-stateless\/2020\/04\/bcc296ea-gp0stu5k5_medium_res-1024x683.jpg\" alt=\"\" class=\"wp-image-5293\" srcset=\"https:\/\/www.greenpeace.org\/static\/planet4-denmark-stateless\/2020\/04\/bcc296ea-gp0stu5k5_medium_res-1024x683.jpg 1024w, https:\/\/www.greenpeace.org\/static\/planet4-denmark-stateless\/2020\/04\/bcc296ea-gp0stu5k5_medium_res-300x200.jpg 300w, https:\/\/www.greenpeace.org\/static\/planet4-denmark-stateless\/2020\/04\/bcc296ea-gp0stu5k5_medium_res-768x512.jpg 768w, https:\/\/www.greenpeace.org\/static\/planet4-denmark-stateless\/2020\/04\/bcc296ea-gp0stu5k5_medium_res-510x340.jpg 510w, https:\/\/www.greenpeace.org\/static\/planet4-denmark-stateless\/2020\/04\/bcc296ea-gp0stu5k5_medium_res.jpg 1200w\" sizes=\"auto, (max-width: 1024px) 100vw, 1024px\" \/><\/figure>\n\n\n\n<h3 class=\"wp-block-heading\" style=\"font-size:1.55rem;font-style:normal;font-weight:900\">200 kr om m\u00e5neden<\/h3>\n\n\n\n<p>Kan betale for politisk lobbyarbejde eller retssager og s\u00f8gsm\u00e5l mod myndigheder eller regeringer og virksomheder, som \u00f8del\u00e6gger vores klima og milj\u00f8.<\/p>\n\n\n\n<h4 class=\"wp-block-heading is-style-chevron has-gp-nor-green-color has-text-color\" style=\"font-size:1rem\"><a href=\"https:\/\/stoet.greenpeace.org\/maanedlig\/bliv-maanedlig-donor\/~min-donation?amount=200&amp;frequency=regular\" target=\"_blank\" rel=\"noreferrer noopener\">St\u00f8t med 200 kr om m\u00e5neden<\/a><\/h4>\n<\/div>\n<\/div>\n\n\n\n<div class=\"wp-block-column is-layout-flow wp-block-column-is-layout-flow\">\n<div id=\"group-stretched-link\" class=\"wp-block-group is-layout-constrained wp-block-group-is-layout-constrained\">\n<figure class=\"wp-block-image size-large force-no-lightbox force-no-caption\"><img loading=\"lazy\" decoding=\"async\" width=\"1024\" height=\"683\" src=\"https:\/\/www.greenpeace.org\/static\/planet4-denmark-stateless\/2020\/04\/e374692a-gp0striyf_medium_res-1024x683.jpg\" alt=\"\" class=\"wp-image-5294\" srcset=\"https:\/\/www.greenpeace.org\/static\/planet4-denmark-stateless\/2020\/04\/e374692a-gp0striyf_medium_res-1024x683.jpg 1024w, https:\/\/www.greenpeace.org\/static\/planet4-denmark-stateless\/2020\/04\/e374692a-gp0striyf_medium_res-300x200.jpg 300w, https:\/\/www.greenpeace.org\/static\/planet4-denmark-stateless\/2020\/04\/e374692a-gp0striyf_medium_res-768x512.jpg 768w, https:\/\/www.greenpeace.org\/static\/planet4-denmark-stateless\/2020\/04\/e374692a-gp0striyf_medium_res-510x340.jpg 510w, https:\/\/www.greenpeace.org\/static\/planet4-denmark-stateless\/2020\/04\/e374692a-gp0striyf_medium_res.jpg 1200w\" sizes=\"auto, (max-width: 1024px) 100vw, 1024px\" \/><\/figure>\n\n\n\n<h3 class=\"wp-block-heading\" style=\"font-size:1.55rem;font-style:normal;font-weight:900\">300 kr om m\u00e5neden<\/h3>\n\n\n\n<p>Kan finansiere videnskabelig forskning, analysearbejde, dataindsamling eller opretholde Greenpeace-kontorer og ressourcer i lande, som ikke har muligheden for at indsamle midler selv.<\/p>\n\n\n\n<h4 class=\"wp-block-heading is-style-chevron has-gp-nor-green-color has-text-color\" style=\"font-size:1rem\"><a href=\"https:\/\/stoet.greenpeace.org\/maanedlig\/bliv-maanedlig-donor\/~min-donation?amount=300&amp;frequency=regular\" target=\"_blank\" rel=\"noreferrer noopener\">St\u00f8t med 300 kr om m\u00e5neden<\/a><\/h4>\n<\/div>\n<\/div>\n\n\n\n<div class=\"wp-block-column is-layout-flow wp-block-column-is-layout-flow\">\n<div class=\"wp-block-group group-stretched-link is-layout-constrained wp-block-group-is-layout-constrained\">\n<figure class=\"wp-block-image size-large force-no-lightbox force-no-caption\"><img loading=\"lazy\" decoding=\"async\" width=\"1024\" height=\"683\" src=\"https:\/\/www.greenpeace.org\/static\/planet4-denmark-stateless\/2023\/06\/9b44d7f4-gp1szphr_web_size_with_credit_line-1024x683.jpg\" alt=\"\" class=\"wp-image-56779\" srcset=\"https:\/\/www.greenpeace.org\/static\/planet4-denmark-stateless\/2023\/06\/9b44d7f4-gp1szphr_web_size_with_credit_line-1024x683.jpg 1024w, https:\/\/www.greenpeace.org\/static\/planet4-denmark-stateless\/2023\/06\/9b44d7f4-gp1szphr_web_size_with_credit_line-300x200.jpg 300w, https:\/\/www.greenpeace.org\/static\/planet4-denmark-stateless\/2023\/06\/9b44d7f4-gp1szphr_web_size_with_credit_line-768x512.jpg 768w, https:\/\/www.greenpeace.org\/static\/planet4-denmark-stateless\/2023\/06\/9b44d7f4-gp1szphr_web_size_with_credit_line-510x340.jpg 510w, https:\/\/www.greenpeace.org\/static\/planet4-denmark-stateless\/2023\/06\/9b44d7f4-gp1szphr_web_size_with_credit_line.jpg 1200w\" sizes=\"auto, (max-width: 1024px) 100vw, 1024px\" \/><\/figure>\n\n\n\n<h3 class=\"wp-block-heading\" style=\"font-size:1.55rem;font-style:normal;font-weight:900\">Engangsbidrag<\/h3>\n\n\n\n<p>Engangsbidrag st\u00f8tter vores arbejde over hele verden, og kommer specielt til nytte, n\u00e5r vi m\u00e5 handle hurtigt og i tilf\u00e6lde af akutte klimakriser s\u00e5som skovbrande og olieudslip.<br><\/p>\n\n\n\n<div style=\"height:0px\" aria-hidden=\"true\" class=\"wp-block-spacer\"><\/div>\n\n\n\n<h4 class=\"wp-block-heading is-style-chevron has-gp-nor-green-color has-text-color\" style=\"font-size:1rem\"><a href=\"https:\/\/stoet.greenpeace.org\/engangsbidrag\/min-donation\/~min-donation?amount=350&amp;frequency=once\" target=\"_blank\" rel=\"noreferrer noopener\">Giv et enkelt bidrag<\/a><\/h4>\n<\/div>\n<\/div>\n<\/div>\n\n\n\n<div style=\"height:50px\" aria-hidden=\"true\" class=\"wp-block-spacer\"><\/div>\n<\/div>\n<\/div>\n\n\n<h2 class=\"wp-block-heading has-text-align-center\"><strong>S\u00e5dan bruger vi din st\u00f8tte<\/strong><\/h2>\n\n<p class=\"has-text-align-center\">Greenpeace unders\u00f8ger, dokumenterer og afsl\u00f8rer milj\u00f8\u00f8del\u00e6ggelse. Vi arbejder for at skabe forandring gennem lobbyarbejde og mobilisering af mennesker, og tager fredelige aktioner i brug for at beskytte vores Jord og fremme l\u00f8sninger for en gr\u00f8n og fredelig fremtid.<\/p>\n\n<div style=\"height:50px\" aria-hidden=\"true\" class=\"wp-block-spacer\"><\/div>\n\n<div class=\"wp-block-columns is-layout-flex wp-container-core-columns-is-layout-9d6595d7 wp-block-columns-is-layout-flex\">\n<div class=\"wp-block-column has-medium-font-size is-layout-flow wp-block-column-is-layout-flow\">\n<div class=\"wp-block-group is-layout-constrained wp-block-group-is-layout-constrained\">\n<h3 class=\"wp-block-heading has-gp-nor-green-color has-text-color has-medium-font-size\"><strong>1. Vi unders\u00f8ger og forsker<\/strong><\/h3>\n\n\n\n<p>Vi baserer vores kampagnearbejde p\u00e5 videnskab og fakta. Vi samarbejder med uvildige forskere rundt om i verden og har ogs\u00e5 <a href=\"https:\/\/www.greenpeace.to\/greenpeace\/\" target=\"_blank\" rel=\"noreferrer noopener\">vores eget forskningslaboratorium p\u00e5 Exeter University<\/a> i England, som leverer videnskabelig og analytisk r\u00e5dgivning til vores kampagner.<\/p>\n<\/div>\n\n\n\n<div class=\"wp-block-group is-layout-constrained wp-block-group-is-layout-constrained\">\n<h3 class=\"wp-block-heading has-gp-nor-green-color has-text-color has-medium-font-size\"><strong>2. Vi dokumenterer<\/strong><\/h3>\n\n\n\n<p>Milj\u00f8forbrydelser sker ofte langt v\u00e6k fra verdens bev\u00e5genhed. En vigtig del af Greenpeaces arbejde er derfor at tage helt derud, hvor de sker, og dokumentere ved at tage satellitbilleder, filme, interviewe, udf\u00f8re feltarbejde og indsamle beviser.<\/p>\n<\/div>\n\n\n\n<div class=\"wp-block-group is-layout-constrained wp-block-group-is-layout-constrained\">\n<h3 class=\"wp-block-heading has-gp-nor-green-color has-text-color has-medium-font-size\"><strong>3. Vi afsl\u00f8rer<\/strong><\/h3>\n\n\n\n<p>Greenpeace er verdens st\u00f8rste milj\u00f8organisation. Ved hj\u00e6lp af medierne og vores informationskanaler kan vi hurtigt f\u00e5 oplysninger ud til millioner af mennesker verden over. Som v\u00e6lgere, forbrugere eller aktion\u00e6rer kan de v\u00e6re med til at p\u00e5virke politikeres og virksomheders beslutninger.<\/p>\n\n\n\n<div class=\"wp-block-group is-layout-constrained wp-block-group-is-layout-constrained\">\n<h3 class=\"wp-block-heading has-gp-nor-green-color has-text-color has-medium-font-size\"><strong>4. Vi p\u00e5virker<\/strong><\/h3>\n\n\n\n<p>Gennem vores lobbyarbejde l\u00e6gger vi pres p\u00e5 virksomheder og politiske beslutningstagere til at tage de n\u00f8dvendige skridt for at beskytte vores klima, milj\u00f8 og natur. Vi opfordrer altid til dialog og giver virksomheder og beslutningstagere mulighed for at tage ansvar og handling, inden vi begynder at \u00f8ge presset p\u00e5 dem med offentlighedskampagner eller aktioner.<\/p>\n<\/div>\n<\/div>\n<\/div>\n\n\n\n<div class=\"wp-block-column is-layout-flow wp-block-column-is-layout-flow\">\n<div class=\"wp-block-group is-layout-constrained wp-block-group-is-layout-constrained\">\n<h3 class=\"wp-block-heading has-text-align-center has-gp-nor-green-color has-text-color\" style=\"font-size:1.5rem\"><strong>Hvordan fordeles din st\u00f8tte?<\/strong><\/h3>\n\n\n\n<div style=\"height:30px\" aria-hidden=\"true\" class=\"wp-block-spacer\"><\/div>\n\n\n\n<figure class=\"wp-block-image aligncenter size-full caption-style-blue-overlay caption-alignment-center\"><img loading=\"lazy\" decoding=\"async\" width=\"865\" height=\"675\" src=\"https:\/\/www.greenpeace.org\/static\/planet4-denmark-stateless\/2023\/06\/1071052f-hvordan-fordeles-din-stoette-1.png\" alt=\"\" class=\"wp-image-56854\" srcset=\"https:\/\/www.greenpeace.org\/static\/planet4-denmark-stateless\/2023\/06\/1071052f-hvordan-fordeles-din-stoette-1.png 865w, https:\/\/www.greenpeace.org\/static\/planet4-denmark-stateless\/2023\/06\/1071052f-hvordan-fordeles-din-stoette-1-300x234.png 300w, https:\/\/www.greenpeace.org\/static\/planet4-denmark-stateless\/2023\/06\/1071052f-hvordan-fordeles-din-stoette-1-768x599.png 768w, https:\/\/www.greenpeace.org\/static\/planet4-denmark-stateless\/2023\/06\/1071052f-hvordan-fordeles-din-stoette-1-436x340.png 436w\" sizes=\"auto, (max-width: 865px) 100vw, 865px\" \/><\/figure>\n<\/div>\n<\/div>\n<\/div>\n\n<div style=\"height:30px\" aria-hidden=\"true\" class=\"wp-block-spacer\"><\/div>\n\n<h3 class=\"wp-block-heading mb-1\" style=\"font-size:1.5rem\">Hvordan bruger Greenpeace de penge, jeg bidrager med?<\/h3>\n\n<p>Din \u00f8konomiske st\u00f8tte g\u00e5r til Greenpeaces kampagner. Vores regnskab godkendes hvert \u00e5r af en ekstern revisor. I vores \u00e5rsrapport kan du se detaljerne om, hvordan anvender de penge, du har givet os. Du kan ogs\u00e5 se vores regnskab med ledelsesp\u00e5tegning og revisorerkl\u00e6ring til Indsamlingsn\u00e6vnet <a href=\"https:\/\/www.greenpeace.org\/static\/planet4-denmark-stateless\/2025\/07\/5f192ba7-revideret-indsamling-for-indsamlingsaaret-2024.pdf\" target=\"_blank\" rel=\"noreferrer noopener\">her<\/a>.<\/p>\n\n<div style=\"height:30px\" aria-hidden=\"true\" class=\"wp-block-spacer\"><\/div>\n\n\n<div class=\"wp-block-group alignfull block has-grey-05-background-color has-background is-layout-flow wp-block-group-is-layout-flow\" style=\"padding-top:80px;padding-bottom:80px\">\n<div class=\"wp-block-group container is-layout-flow wp-block-group-is-layout-flow\">\n<div class=\"wp-block-query actions-list p4-query-loop is-custom-layout-grid is-layout-grid wp-container-core-query-is-layout-29f43435 wp-block-query-is-layout-grid\">\n<h2 class=\"wp-block-heading has-text-align-center\" style=\"margin-bottom:24px\"><strong>M\u00e5der du kan st\u00f8tte vores arbejde<\/strong><\/h2>\n\n\n\n<p style=\"margin-top:24px;margin-bottom:32px\"><\/p>\n\n\n\n\n<ul class=\"wp-block-post-template is-layout-flow wp-block-post-template-is-layout-flow\"><li class=\"wp-block-post post-56861 page type-page status-publish has-post-thumbnail hentry category-greenpeace tag-stot-os\">\n<figure class=\"wp-block-post-featured-image\"><img loading=\"lazy\" decoding=\"async\" width=\"2560\" height=\"1714\" src=\"https:\/\/www.greenpeace.org\/static\/planet4-denmark-stateless\/2023\/03\/f6145e18-fars-dag-2-scaled.jpg\" class=\"attachment-post-thumbnail size-post-thumbnail wp-post-image wp-stateless-item\" alt=\"\" style=\"object-fit:cover;\" srcset=\"https:\/\/www.greenpeace.org\/static\/planet4-denmark-stateless\/2023\/03\/f6145e18-fars-dag-2-scaled.jpg 2560w, https:\/\/www.greenpeace.org\/static\/planet4-denmark-stateless\/2023\/03\/f6145e18-fars-dag-2-300x201.jpg 300w, https:\/\/www.greenpeace.org\/static\/planet4-denmark-stateless\/2023\/03\/f6145e18-fars-dag-2-1024x685.jpg 1024w, https:\/\/www.greenpeace.org\/static\/planet4-denmark-stateless\/2023\/03\/f6145e18-fars-dag-2-768x514.jpg 768w, https:\/\/www.greenpeace.org\/static\/planet4-denmark-stateless\/2023\/03\/f6145e18-fars-dag-2-1536x1028.jpg 1536w, https:\/\/www.greenpeace.org\/static\/planet4-denmark-stateless\/2023\/03\/f6145e18-fars-dag-2-2048x1371.jpg 2048w, https:\/\/www.greenpeace.org\/static\/planet4-denmark-stateless\/2023\/03\/f6145e18-fars-dag-2-2041x1366.jpg 2041w, https:\/\/www.greenpeace.org\/static\/planet4-denmark-stateless\/2023\/03\/f6145e18-fars-dag-2-508x340.jpg 508w\" sizes=\"auto, (max-width: 2560px) 100vw, 2560px\" data-image-size=\"post-thumbnail\" data-stateless-media-bucket=\"planet4-denmark-stateless\" data-stateless-media-name=\"2023\/03\/f6145e18-fars-dag-2-scaled.jpg\" \/><\/figure>\n\n\n                <div class=\"wp-block-group group-stretched-link is-layout-flow wp-block-group-is-layout-flow\"><div class=\"wp-block-post-terms\">Greenpeace<\/div>\n                <h3 class=\"wp-block-post-title\"><a href=\"https:\/\/www.greenpeace.org\/denmark\/vaer-med\/stoet-greenpeace\/bliv-maanedlig-donor\/\" target=\"_self\" >Bliv m\u00e5nedlig donor<\/a><\/h3>\n                <div class=\"wp-block-post-excerpt\"><p class=\"wp-block-post-excerpt__excerpt\">Truslerne mod vores smukke og s\u00e5rbare planet og eneste hjem er mange og store. Men ved at st\u00e5 sammen kan vi g\u00f8re en forskel. Kom med ombord, og giv en gave, som r\u00e6kker langt frem i tiden og g\u00f8r en forskel for fremtidige generationer. <\/p><\/div><\/div>\n                \n\n\n<div class=\"wp-block-group read-more-nav is-layout-flow wp-block-group-is-layout-flow\"><a href=\"https:\/\/www.greenpeace.org\/denmark\/vaer-med\/stoet-greenpeace\/bliv-maanedlig-donor\/\" class=\"btn btn-primary btn-small\" aria-label=\"V\u00e6r med\">V\u00e6r med<\/a><\/div>\n\n<\/li><li class=\"wp-block-post post-56863 page type-page status-publish has-post-thumbnail hentry category-greenpeace tag-stot-os\">\n<figure class=\"wp-block-post-featured-image\"><img loading=\"lazy\" decoding=\"async\" width=\"800\" height=\"450\" src=\"https:\/\/www.greenpeace.org\/static\/planet4-denmark-stateless\/2023\/06\/1bf6693b-gp0stwpvh_web_size.jpg\" class=\"attachment-post-thumbnail size-post-thumbnail wp-post-image wp-stateless-item\" alt=\"\" style=\"object-fit:cover;\" srcset=\"https:\/\/www.greenpeace.org\/static\/planet4-denmark-stateless\/2023\/06\/1bf6693b-gp0stwpvh_web_size.jpg 800w, https:\/\/www.greenpeace.org\/static\/planet4-denmark-stateless\/2023\/06\/1bf6693b-gp0stwpvh_web_size-300x169.jpg 300w, https:\/\/www.greenpeace.org\/static\/planet4-denmark-stateless\/2023\/06\/1bf6693b-gp0stwpvh_web_size-768x432.jpg 768w, https:\/\/www.greenpeace.org\/static\/planet4-denmark-stateless\/2023\/06\/1bf6693b-gp0stwpvh_web_size-510x287.jpg 510w\" sizes=\"auto, (max-width: 800px) 100vw, 800px\" data-image-size=\"post-thumbnail\" data-stateless-media-bucket=\"planet4-denmark-stateless\" data-stateless-media-name=\"2023\/06\/1bf6693b-gp0stwpvh_web_size.jpg\" \/><\/figure>\n\n\n                <div class=\"wp-block-group group-stretched-link is-layout-flow wp-block-group-is-layout-flow\"><div class=\"wp-block-post-terms\">Greenpeace<\/div>\n                <h3 class=\"wp-block-post-title\"><a href=\"https:\/\/www.greenpeace.org\/denmark\/vaer-med\/stoet-greenpeace\/giv-et-engangsbidrag\/\" target=\"_self\" >Giv et engangsbidrag<\/a><\/h3>\n                <div class=\"wp-block-post-excerpt\"><p class=\"wp-block-post-excerpt__excerpt\">Engangsbidrag st\u00f8tter vores arbejde over hele verden, og kommer specielt til nytte, n\u00e5r vi m\u00e5 handle hurtigt og i tilf\u00e6lde af akutte klimakriser s\u00e5som skovbrande og olieudslip. <\/p><\/div><\/div>\n                \n\n\n<div class=\"wp-block-group read-more-nav is-layout-flow wp-block-group-is-layout-flow\"><a href=\"https:\/\/www.greenpeace.org\/denmark\/vaer-med\/stoet-greenpeace\/giv-et-engangsbidrag\/\" class=\"btn btn-primary btn-small\" aria-label=\"V\u00e6r med\">V\u00e6r med<\/a><\/div>\n\n<\/li><li class=\"wp-block-post post-51267 page type-page status-publish has-post-thumbnail hentry category-greenpeace tag-stot-os\">\n<figure class=\"wp-block-post-featured-image\"><img loading=\"lazy\" decoding=\"async\" width=\"800\" height=\"1200\" src=\"https:\/\/www.greenpeace.org\/static\/planet4-denmark-stateless\/2022\/05\/6a92f3d3-97087079_10156918439625706_8975877037503807488_n.jpg\" class=\"attachment-post-thumbnail size-post-thumbnail wp-post-image wp-stateless-item\" alt=\"\" style=\"object-fit:cover;\" srcset=\"https:\/\/www.greenpeace.org\/static\/planet4-denmark-stateless\/2022\/05\/6a92f3d3-97087079_10156918439625706_8975877037503807488_n.jpg 800w, https:\/\/www.greenpeace.org\/static\/planet4-denmark-stateless\/2022\/05\/6a92f3d3-97087079_10156918439625706_8975877037503807488_n-200x300.jpg 200w, https:\/\/www.greenpeace.org\/static\/planet4-denmark-stateless\/2022\/05\/6a92f3d3-97087079_10156918439625706_8975877037503807488_n-683x1024.jpg 683w, https:\/\/www.greenpeace.org\/static\/planet4-denmark-stateless\/2022\/05\/6a92f3d3-97087079_10156918439625706_8975877037503807488_n-768x1152.jpg 768w, https:\/\/www.greenpeace.org\/static\/planet4-denmark-stateless\/2022\/05\/6a92f3d3-97087079_10156918439625706_8975877037503807488_n-227x340.jpg 227w\" sizes=\"auto, (max-width: 800px) 100vw, 800px\" data-image-size=\"post-thumbnail\" data-stateless-media-bucket=\"planet4-denmark-stateless\" data-stateless-media-name=\"2022\/05\/6a92f3d3-97087079_10156918439625706_8975877037503807488_n.jpg\" \/><\/figure>\n\n\n                <div class=\"wp-block-group group-stretched-link is-layout-flow wp-block-group-is-layout-flow\"><div class=\"wp-block-post-terms\">Greenpeace<\/div>\n                <h3 class=\"wp-block-post-title\"><a href=\"https:\/\/www.greenpeace.org\/denmark\/vaer-med\/stoet-greenpeace\/bliv-manedlig-donor-mobilepay\/\" target=\"_self\" >Bliv m\u00e5nedlig donor med MobilePay<\/a><\/h3>\n                <div class=\"wp-block-post-excerpt\"><p class=\"wp-block-post-excerpt__excerpt\">Bliv m\u00e5nedlig donor hos Greenpeace via MobilePay og v\u00e6r med til at bek\u00e6mpe klimaforandringerne og beskytte vores smukke planet. <\/p><\/div><\/div>\n                \n\n\n<div class=\"wp-block-group read-more-nav is-layout-flow wp-block-group-is-layout-flow\"><a href=\"https:\/\/www.greenpeace.org\/denmark\/vaer-med\/stoet-greenpeace\/bliv-manedlig-donor-mobilepay\/\" class=\"btn btn-primary btn-small\" aria-label=\"V\u00e6r med\">V\u00e6r med<\/a><\/div>\n\n<\/li><li class=\"wp-block-post post-5409 page type-page status-publish has-post-thumbnail hentry category-greenpeace tag-stot-os\">\n<figure class=\"wp-block-post-featured-image\"><img loading=\"lazy\" decoding=\"async\" width=\"800\" height=\"533\" src=\"https:\/\/www.greenpeace.org\/static\/planet4-denmark-stateless\/2020\/06\/adff9583-gp0sttv2q_web_size.jpg\" class=\"attachment-post-thumbnail size-post-thumbnail wp-post-image wp-stateless-item\" alt=\"Aktion for at bremse klimekrisen\" style=\"object-fit:cover;\" srcset=\"https:\/\/www.greenpeace.org\/static\/planet4-denmark-stateless\/2020\/06\/adff9583-gp0sttv2q_web_size.jpg 800w, https:\/\/www.greenpeace.org\/static\/planet4-denmark-stateless\/2020\/06\/adff9583-gp0sttv2q_web_size-300x200.jpg 300w, https:\/\/www.greenpeace.org\/static\/planet4-denmark-stateless\/2020\/06\/adff9583-gp0sttv2q_web_size-768x512.jpg 768w, https:\/\/www.greenpeace.org\/static\/planet4-denmark-stateless\/2020\/06\/adff9583-gp0sttv2q_web_size-510x340.jpg 510w\" sizes=\"auto, (max-width: 800px) 100vw, 800px\" data-image-size=\"post-thumbnail\" data-stateless-media-bucket=\"planet4-denmark-stateless\" data-stateless-media-name=\"2020\/06\/adff9583-gp0sttv2q_web_size.jpg\" \/><\/figure>\n\n\n                <div class=\"wp-block-group group-stretched-link is-layout-flow wp-block-group-is-layout-flow\"><div class=\"wp-block-post-terms\">Greenpeace<\/div>\n                <h3 class=\"wp-block-post-title\"><a href=\"https:\/\/www.greenpeace.org\/denmark\/vaer-med\/testamenter-en-gave\/\" target=\"_self\" >Testamenter en gave<\/a><\/h3>\n                <div class=\"wp-block-post-excerpt\"><p class=\"wp-block-post-excerpt__excerpt\">Greenpeace arbejder med at kortl\u00e6gge trusler mod vores milj\u00f8, fremh\u00e6ver l\u00f8sninger, driver uvildig forskning, p\u00e5virker politiske beslutngstagere og laver aktioner for at g\u00e5 fra ord til handling for at beskytte milj\u00f8et Testamentariske gaver, store som sm\u00e5, er meget v\u00e6rdifulde bidrag til vores arbejde. Da Greenpeace ikke modtager penge fra virksomheder eller stater, kan en stor&hellip; <\/p><\/div><\/div>\n                \n\n\n<div class=\"wp-block-group read-more-nav is-layout-flow wp-block-group-is-layout-flow\"><a href=\"https:\/\/www.greenpeace.org\/denmark\/vaer-med\/testamenter-en-gave\/\" class=\"btn btn-primary btn-small\" aria-label=\"V\u00e6r med\">V\u00e6r med<\/a><\/div>\n\n<\/li><li class=\"wp-block-post post-56871 page type-page status-publish has-post-thumbnail hentry category-greenpeace tag-stot-os\">\n<figure class=\"wp-block-post-featured-image\"><img loading=\"lazy\" decoding=\"async\" width=\"1536\" height=\"768\" src=\"https:\/\/www.greenpeace.org\/static\/planet4-denmark-stateless\/2023\/06\/bb81dc94-dkmemorial.png\" class=\"attachment-post-thumbnail size-post-thumbnail wp-post-image wp-stateless-item\" alt=\"\" style=\"object-fit:cover;\" srcset=\"https:\/\/www.greenpeace.org\/static\/planet4-denmark-stateless\/2023\/06\/bb81dc94-dkmemorial.png 1536w, https:\/\/www.greenpeace.org\/static\/planet4-denmark-stateless\/2023\/06\/bb81dc94-dkmemorial-300x150.png 300w, https:\/\/www.greenpeace.org\/static\/planet4-denmark-stateless\/2023\/06\/bb81dc94-dkmemorial-1024x512.png 1024w, https:\/\/www.greenpeace.org\/static\/planet4-denmark-stateless\/2023\/06\/bb81dc94-dkmemorial-768x384.png 768w, https:\/\/www.greenpeace.org\/static\/planet4-denmark-stateless\/2023\/06\/bb81dc94-dkmemorial-510x255.png 510w\" sizes=\"auto, (max-width: 1536px) 100vw, 1536px\" data-image-size=\"post-thumbnail\" data-stateless-media-bucket=\"planet4-denmark-stateless\" data-stateless-media-name=\"2023\/06\/bb81dc94-dkmemorial.png\" \/><\/figure>\n\n\n                <div class=\"wp-block-group group-stretched-link is-layout-flow wp-block-group-is-layout-flow\"><div class=\"wp-block-post-terms\">Greenpeace<\/div>\n                <h3 class=\"wp-block-post-title\"><a href=\"https:\/\/www.greenpeace.org\/denmark\/vaer-med\/stoet-greenpeace\/giv-en-mindegave\/\" target=\"_self\" >Giv en mindegave<\/a><\/h3>\n                <div class=\"wp-block-post-excerpt\"><p class=\"wp-block-post-excerpt__excerpt\">Et mindekort er en k\u00e6rlig tanke til den afd\u00f8de og en velg\u00f8rende donation, der g\u00e5r til vores arbejde for at beskytte vores fantastiske planet nu og for kommende generationer. Du har mulighed for at v\u00e6lge mellem flere smukke motiver og tilf\u00f8je en personlig hilsen. N\u00e5r du giver en donation, sender vi mindekortet afsted med det&hellip; <\/p><\/div><\/div>\n                \n\n\n<div class=\"wp-block-group read-more-nav is-layout-flow wp-block-group-is-layout-flow\"><a href=\"https:\/\/www.greenpeace.org\/denmark\/vaer-med\/stoet-greenpeace\/giv-en-mindegave\/\" class=\"btn btn-primary btn-small\" aria-label=\"V\u00e6r med\">V\u00e6r med<\/a><\/div>\n\n<\/li><li class=\"wp-block-post post-56868 page type-page status-publish has-post-thumbnail hentry category-greenpeace tag-stot-os\">\n<figure class=\"wp-block-post-featured-image\"><img loading=\"lazy\" decoding=\"async\" width=\"1536\" height=\"768\" src=\"https:\/\/www.greenpeace.org\/static\/planet4-denmark-stateless\/2023\/06\/4f3d58d8-dk-congrats.png\" class=\"attachment-post-thumbnail size-post-thumbnail wp-post-image wp-stateless-item\" alt=\"\" style=\"object-fit:cover;\" srcset=\"https:\/\/www.greenpeace.org\/static\/planet4-denmark-stateless\/2023\/06\/4f3d58d8-dk-congrats.png 1536w, https:\/\/www.greenpeace.org\/static\/planet4-denmark-stateless\/2023\/06\/4f3d58d8-dk-congrats-300x150.png 300w, https:\/\/www.greenpeace.org\/static\/planet4-denmark-stateless\/2023\/06\/4f3d58d8-dk-congrats-1024x512.png 1024w, https:\/\/www.greenpeace.org\/static\/planet4-denmark-stateless\/2023\/06\/4f3d58d8-dk-congrats-768x384.png 768w, https:\/\/www.greenpeace.org\/static\/planet4-denmark-stateless\/2023\/06\/4f3d58d8-dk-congrats-510x255.png 510w\" sizes=\"auto, (max-width: 1536px) 100vw, 1536px\" data-image-size=\"post-thumbnail\" data-stateless-media-bucket=\"planet4-denmark-stateless\" data-stateless-media-name=\"2023\/06\/4f3d58d8-dk-congrats.png\" \/><\/figure>\n\n\n                <div class=\"wp-block-group group-stretched-link is-layout-flow wp-block-group-is-layout-flow\"><div class=\"wp-block-post-terms\">Greenpeace<\/div>\n                <h3 class=\"wp-block-post-title\"><a href=\"https:\/\/www.greenpeace.org\/denmark\/vaer-med\/stoet-greenpeace\/giv-en-lykoenskningsgave\/\" target=\"_self\" >Giv en lyk\u00f8nskningsgave<\/a><\/h3>\n                <div class=\"wp-block-post-excerpt\"><p class=\"wp-block-post-excerpt__excerpt\">Giv et smukt kort til en person, du holder af, og v\u00e6r med til at st\u00f8tte vores arbejde for at beskytte vores fantastiske planet nu og for fremtiden. Du har mulighed for at v\u00e6lge mellem flere smukke motiver og tilf\u00f8je en personlig og k\u00e6rlig hilsen. L\u00e6s mere nedenfor. <\/p><\/div><\/div>\n                \n\n\n<div class=\"wp-block-group read-more-nav is-layout-flow wp-block-group-is-layout-flow\"><a href=\"https:\/\/www.greenpeace.org\/denmark\/vaer-med\/stoet-greenpeace\/giv-en-lykoenskningsgave\/\" class=\"btn btn-primary btn-small\" aria-label=\"V\u00e6r med\">V\u00e6r med<\/a><\/div>\n\n<\/li><\/ul>\n\n\n<div class=\"wp-block-buttons carousel-controls is-horizontal is-content-justification-space-between is-nowrap is-layout-flex wp-container-core-buttons-is-layout-044bd602 wp-block-buttons-is-layout-flex\">\n<div class=\"wp-block-button carousel-control-prev\"><button type=\"button\" class=\"wp-block-button__link wp-element-button\">Prev<\/button><\/div>\n\n\n\n<div class=\"wp-block-button carousel-control-next\"><button type=\"button\" class=\"wp-block-button__link wp-element-button\">Next<\/button><\/div>\n<\/div>\n\n\n\n<div class=\"wp-block-buttons load-more-actions-container is-content-justification-center is-layout-flex wp-container-core-buttons-is-layout-16018d1d wp-block-buttons-is-layout-flex\">\n<div class=\"wp-block-button is-style-secondary\"><button type=\"button\" class=\"wp-block-button__link wp-element-button\">Load more<\/button><\/div>\n<\/div>\n<\/div>\n<\/div>\n<\/div>\n\n\n<div style=\"height:30px\" aria-hidden=\"true\" class=\"wp-block-spacer\"><\/div>\n\n<section class=\"block accordion-block wp-block-planet4-blocks-accordion is-style-light\"><header><h2 class=\"page-section-header\">F\u00e5 svar p\u00e5 dine sp\u00f8rgsm\u00e5l<\/h2><\/header><p class=\"page-section-description\">Her kan du se svarene p\u00e5 de sp\u00f8rgsm\u00e5l, vi ofte f\u00e5r stillet<\/p><div class=\"accordion-content\"><div class=\"accordion-headline\" name=\"P\u00e5 hvilke m\u00e5der kan jeg st\u00f8tte Greenpeace \u00f8konomisk?\">P\u00e5 hvilke m\u00e5der kan jeg st\u00f8tte Greenpeace \u00f8konomisk?<\/div><div class=\"panel panel-hidden\"><p class=\"accordion-text\">Du kan st\u00f8tte Greenpeace p\u00e5 flere forskellige m\u00e5der. Som m\u00e5nedlig donor via PBS eller MobilePay, med et engangsbel\u00f8b enten via vores side <a href=\"https:\/\/stoet.greenpeace.org\/d\/~min-donation\">her<\/a>, kontooverf\u00f8rsel 2102-5020003752 eller via Giro: 6689159<\/p><\/div><\/div><div class=\"accordion-content\"><div class=\"accordion-headline\" name=\"Hvorfor er en fast, m\u00e5nedlig st\u00f8tte den bedste ide?\">Hvorfor er en fast, m\u00e5nedlig st\u00f8tte den bedste ide?<\/div><div class=\"panel panel-hidden\"><p class=\"accordion-text\">Et fast m\u00e5nedligt bidrag er den bedste m\u00e5de at st\u00f8tte Greenpeace p\u00e5. Det giver os mulighed for at have en fast indkomst, som vi kan budgettere og planl\u00e6gge mere effektivt og langsigtet ud fra. Desuden sparer det tid og administrationsarbejde, s\u00e5 mere af st\u00f8tten g\u00e5r direkte til vores milj\u00f8- og klimaarbejde. Som bidragyder kan du give et m\u00e5nedligt bidrag p\u00e5 det bel\u00f8b, der passer dig &#8211; og spille en stor rolle i at beskytte milj\u00f8et.<\/p><\/div><\/div><div class=\"accordion-content\"><div class=\"accordion-headline\" name=\"Hvordan kan jeg \u00e6ndre p\u00e5 mine donationer, kontaktoplysninger eller andet?\">Hvordan kan jeg \u00e6ndre p\u00e5 mine donationer, kontaktoplysninger eller andet?<\/div><div class=\"panel panel-hidden\"><p class=\"accordion-text\">Du er altid velkommen til at ringe til os p\u00e5 33 93 53 44, sende os en email p\u00e5 <a href=\"mailto:info.dk@greenpeace.org\">info.dk@greenpeace.org<\/a><\/p><\/div><\/div><div class=\"accordion-content\"><div class=\"accordion-headline\" name=\"Hvad bruger Greenpeace min st\u00f8tte til?\">Hvad bruger Greenpeace min st\u00f8tte til?<\/div><div class=\"panel panel-hidden\"><p class=\"accordion-text\">Din st\u00f8tte g\u00e5r b\u00e5de til vores langsigtede kampagnearbejde og vores igangv\u00e6rende projekter. Vi bruger vores midler, hvor det er n\u00f8dvendigt, og vi kan derfor ikke \u00f8rem\u00e6rke dem. Det g\u00f8r os i stand til hurtigt at agere, n\u00e5r milj\u00f8problemer opst\u00e5r. I \u00f8jeblikket g\u00e5r over 79% af vores budget til vores internationale og nordiske kampagnearbejde. 21% g\u00e5r til administration og\u00a0 fundraising.<\/p><\/div><\/div><div class=\"accordion-content\"><div class=\"accordion-headline\" name=\"Hvordan ved jeg, om det er Greenpeace, som har ringet til mig?\">Hvordan ved jeg, om det er Greenpeace, som har ringet til mig?<\/div><div class=\"panel panel-hidden\"><p class=\"accordion-text\">Hvis du er tvivl om det er os, som har ringet til dig, kan du altid kontakte vores support service enten p\u00e5 tlf. 33 93 53 44 eller skrive til os p\u00e5 mail <a href=\"mailto:info.dk@greenpeace.org\">info.dk@greenpeace.org<\/a>.<\/p><\/div><\/div><div class=\"accordion-content\"><div class=\"accordion-headline\" name=\"Hvor kan jeg finde info om Greenpeaces persondatapolitik?\">Hvor kan jeg finde info om Greenpeaces persondatapolitik?<\/div><div class=\"panel panel-hidden\"><p class=\"accordion-text\">Greenpeace er af den overbevisning, at du har en grundl\u00e6ggende ret til dit privatliv p\u00e5 nettet, og vi arbejder konstant p\u00e5 at beskytte din sikkerhed online. <a rel=\"noreferrer noopener\" href=\"https:\/\/www.greenpeace.org\/denmark\/om-os\/persondatapolitik\/\" target=\"_blank\">L\u00e6s mere om vores persondatapolitik her<\/a>.<br><\/p><\/div><\/div><div class=\"accordion-content\"><div class=\"accordion-headline\" name=\"Kan jeg tr\u00e6kke mine donationer fra i skat?\">Kan jeg tr\u00e6kke mine donationer fra i skat?<\/div><div class=\"panel panel-hidden\"><p class=\"accordion-text\">Du kan desv\u00e6rre ikke tr\u00e6kke bidrag til Greenpeace fra i skat. Det skyldes, at vi p\u00e5 nuv\u00e6rende tidspunkt ikke er godkendt i henhold til Ligningslovens \u00a7 8 A. Har du yderligere sp\u00f8rgsm\u00e5l, kan du kontakte vores support service p\u00e5 tlf: 33 93 53 44 eller ved at sende en mail til: <a href=\"mailto:info.dk@greenpeace.org\">info.dk@greenpeace.org<\/a>.<br><\/p><\/div><\/div><\/section>\n\n<div style=\"height:30px\" aria-hidden=\"true\" class=\"wp-block-spacer\"><\/div>\n\n<h2 class=\"wp-block-heading mb-1\"><strong><strong>Seneste \u00e5rsrapporter fra Greenpeace Nordic<\/strong><\/strong><\/h2>\n\n<p>Greenpeace Nordics arbejde opsummeres hvert \u00e5r i \u00e5rsrapporten. Du kan finde \u00e5rsrapporterne her.<\/p>\n\n<div class=\"wp-block-group is-layout-flow wp-block-group-is-layout-flow\">\n<div style=\"height:30px\" aria-hidden=\"true\" class=\"wp-block-spacer\"><\/div>\n\n\n\n<div class=\"wp-block-group is-layout-flex wp-block-group-is-layout-flex\">\n<figure class=\"wp-block-image size-large is-resized\"><a href=\"https:\/\/www.greenpeace.org\/static\/planet4-denmark-stateless\/2025\/05\/d35a2fcc-greenpeace-glossy-report-2024-7-may-2025.pdf\" target=\"_blank\" rel=\"noreferrer noopener\"><img loading=\"lazy\" decoding=\"async\" width=\"724\" height=\"1024\" src=\"https:\/\/www.greenpeace.org\/static\/planet4-denmark-stateless\/2025\/05\/d4028df0-greenpeace-glossy-report-2024-7-may-2025_cover-724x1024.jpg\" alt=\"\" class=\"wp-image-64785\" style=\"width:210px;height:auto\" srcset=\"https:\/\/www.greenpeace.org\/static\/planet4-denmark-stateless\/2025\/05\/d4028df0-greenpeace-glossy-report-2024-7-may-2025_cover-724x1024.jpg 724w, https:\/\/www.greenpeace.org\/static\/planet4-denmark-stateless\/2025\/05\/d4028df0-greenpeace-glossy-report-2024-7-may-2025_cover-212x300.jpg 212w, https:\/\/www.greenpeace.org\/static\/planet4-denmark-stateless\/2025\/05\/d4028df0-greenpeace-glossy-report-2024-7-may-2025_cover-768x1086.jpg 768w, https:\/\/www.greenpeace.org\/static\/planet4-denmark-stateless\/2025\/05\/d4028df0-greenpeace-glossy-report-2024-7-may-2025_cover-1086x1536.jpg 1086w, https:\/\/www.greenpeace.org\/static\/planet4-denmark-stateless\/2025\/05\/d4028df0-greenpeace-glossy-report-2024-7-may-2025_cover-1448x2048.jpg 1448w, https:\/\/www.greenpeace.org\/static\/planet4-denmark-stateless\/2025\/05\/d4028df0-greenpeace-glossy-report-2024-7-may-2025_cover-966x1366.jpg 966w, https:\/\/www.greenpeace.org\/static\/planet4-denmark-stateless\/2025\/05\/d4028df0-greenpeace-glossy-report-2024-7-may-2025_cover-240x340.jpg 240w, https:\/\/www.greenpeace.org\/static\/planet4-denmark-stateless\/2025\/05\/d4028df0-greenpeace-glossy-report-2024-7-may-2025_cover-scaled.jpg 1810w\" sizes=\"auto, (max-width: 724px) 100vw, 724px\" \/><\/a><\/figure>\n\n\n\n<figure class=\"wp-block-image size-large is-resized\"><a href=\"https:\/\/www.greenpeace.org\/static\/planet4-sweden-stateless\/2024\/10\/f5bc5de8-greenpeace-glossy-report-2023-version-final.pdf\" target=\"_blank\" rel=\"noreferrer noopener\"><img decoding=\"async\" src=\"https:\/\/www.greenpeace.org\/static\/planet4-sweden-stateless\/2024\/10\/cb94d05b-annualreport-2023-screenshot.png\" alt=\"\" style=\"width:210px;height:auto\"\/><\/a><\/figure>\n\n\n\n<figure class=\"wp-block-image\"><a href=\"https:\/\/www.greenpeace.org\/static\/planet4-sweden-stateless\/2023\/05\/57a51c6c-greenpeace-glossy-report-2022.pdf\" target=\"_blank\" rel=\"noreferrer noopener\"><img loading=\"lazy\" decoding=\"async\" width=\"212\" height=\"300\" src=\"https:\/\/www.greenpeace.org\/static\/planet4-denmark-stateless\/2023\/06\/86060d3f-greenpeace-annual-report-2022-1-scaled-1-212x300.jpg\" alt=\"\" class=\"wp-image-56799\" srcset=\"https:\/\/www.greenpeace.org\/static\/planet4-denmark-stateless\/2023\/06\/86060d3f-greenpeace-annual-report-2022-1-scaled-1-212x300.jpg 212w, https:\/\/www.greenpeace.org\/static\/planet4-denmark-stateless\/2023\/06\/86060d3f-greenpeace-annual-report-2022-1-scaled-1-724x1024.jpg 724w, https:\/\/www.greenpeace.org\/static\/planet4-denmark-stateless\/2023\/06\/86060d3f-greenpeace-annual-report-2022-1-scaled-1-768x1086.jpg 768w, https:\/\/www.greenpeace.org\/static\/planet4-denmark-stateless\/2023\/06\/86060d3f-greenpeace-annual-report-2022-1-scaled-1-1086x1536.jpg 1086w, https:\/\/www.greenpeace.org\/static\/planet4-denmark-stateless\/2023\/06\/86060d3f-greenpeace-annual-report-2022-1-scaled-1-1448x2048.jpg 1448w, https:\/\/www.greenpeace.org\/static\/planet4-denmark-stateless\/2023\/06\/86060d3f-greenpeace-annual-report-2022-1-scaled-1-966x1366.jpg 966w, https:\/\/www.greenpeace.org\/static\/planet4-denmark-stateless\/2023\/06\/86060d3f-greenpeace-annual-report-2022-1-scaled-1-240x340.jpg 240w, https:\/\/www.greenpeace.org\/static\/planet4-denmark-stateless\/2023\/06\/86060d3f-greenpeace-annual-report-2022-1-scaled-1.jpg 1810w\" sizes=\"auto, (max-width: 212px) 100vw, 212px\" \/><\/a><\/figure>\n\n\n\n<figure class=\"wp-block-image is-resized\"><a href=\"https:\/\/www.greenpeace.org\/static\/planet4-denmark-stateless\/2018\/10\/42366f36-greenpeace_annual_report_2013.pdf\" target=\"_blank\" rel=\"noreferrer noopener\"><img decoding=\"async\" src=\"https:\/\/www.greenpeace.org\/static\/planet4-denmark-stateless\/2023\/01\/355cc040-gp-nordic-2021-report-e1674478090816-212x300.png\" alt=\"Greenpeace Nordic annual report 2021\" style=\"width:212px;height:auto\"\/><\/a><\/figure>\n\n\n\n<figure class=\"wp-block-image size-medium\"><a href=\"https:\/\/www.greenpeace.org\/static\/planet4-denmark-stateless\/2021\/05\/0b631389-green-peace-annual-report-2020_web.pdf\" target=\"_blank\" rel=\"noreferrer noopener\"><img loading=\"lazy\" decoding=\"async\" width=\"212\" height=\"300\" src=\"https:\/\/www.greenpeace.org\/static\/planet4-denmark-stateless\/2021\/05\/fc1b034d-green-peace-annual-report-2020_web-1-212x300.png\" title=\"Greenpeace annual report 2020 front cover\" alt=\"Greenpeace annual report 2020 front cover\" class=\"wp-image-13283\" srcset=\"https:\/\/www.greenpeace.org\/static\/planet4-denmark-stateless\/2021\/05\/fc1b034d-green-peace-annual-report-2020_web-1-212x300.png 212w, https:\/\/www.greenpeace.org\/static\/planet4-denmark-stateless\/2021\/05\/fc1b034d-green-peace-annual-report-2020_web-1-724x1024.png 724w, https:\/\/www.greenpeace.org\/static\/planet4-denmark-stateless\/2021\/05\/fc1b034d-green-peace-annual-report-2020_web-1-768x1086.png 768w, https:\/\/www.greenpeace.org\/static\/planet4-denmark-stateless\/2021\/05\/fc1b034d-green-peace-annual-report-2020_web-1-1086x1536.png 1086w, https:\/\/www.greenpeace.org\/static\/planet4-denmark-stateless\/2021\/05\/fc1b034d-green-peace-annual-report-2020_web-1-966x1366.png 966w, https:\/\/www.greenpeace.org\/static\/planet4-denmark-stateless\/2021\/05\/fc1b034d-green-peace-annual-report-2020_web-1-240x340.png 240w, https:\/\/www.greenpeace.org\/static\/planet4-denmark-stateless\/2021\/05\/fc1b034d-green-peace-annual-report-2020_web-1.png 1240w\" sizes=\"auto, (max-width: 212px) 100vw, 212px\" \/><\/a><\/figure>\n\n\n\n<figure class=\"wp-block-image\"><a href=\"https:\/\/www.greenpeace.org\/static\/planet4-denmark-stateless\/2020\/09\/1243cc13-greenpeace_annual_report_2019.pdf\" target=\"_blank\" rel=\"noreferrer noopener\"><img loading=\"lazy\" decoding=\"async\" width=\"212\" height=\"300\" src=\"https:\/\/www.greenpeace.org\/static\/planet4-denmark-stateless\/2020\/09\/d74295df-annualr-2019-firstpage-212x300.jpg\" alt=\"\" class=\"wp-image-11035\" srcset=\"https:\/\/www.greenpeace.org\/static\/planet4-denmark-stateless\/2020\/09\/d74295df-annualr-2019-firstpage-212x300.jpg 212w, https:\/\/www.greenpeace.org\/static\/planet4-denmark-stateless\/2020\/09\/d74295df-annualr-2019-firstpage-240x340.jpg 240w, https:\/\/www.greenpeace.org\/static\/planet4-denmark-stateless\/2020\/09\/d74295df-annualr-2019-firstpage.jpg 474w\" sizes=\"auto, (max-width: 212px) 100vw, 212px\" \/><\/a><\/figure>\n\n\n\n<figure class=\"wp-block-image\"><a href=\"https:\/\/www.greenpeace.org\/static\/planet4-denmark-stateless\/2023\/01\/1813395e-greenpeace_nordic_annual_report_2018_web.pdf\" target=\"_blank\" rel=\"noreferrer noopener\"><img loading=\"lazy\" decoding=\"async\" width=\"212\" height=\"300\" src=\"https:\/\/www.greenpeace.org\/static\/planet4-denmark-stateless\/2019\/08\/c2f6f238-e5103386-screenshot-2019-05-16-at-08.52.08-212x300.png\" alt=\"\" class=\"wp-image-3227\" srcset=\"https:\/\/www.greenpeace.org\/static\/planet4-denmark-stateless\/2019\/08\/c2f6f238-e5103386-screenshot-2019-05-16-at-08.52.08-212x300.png 212w, https:\/\/www.greenpeace.org\/static\/planet4-denmark-stateless\/2019\/08\/c2f6f238-e5103386-screenshot-2019-05-16-at-08.52.08-768x1086.png 768w, https:\/\/www.greenpeace.org\/static\/planet4-denmark-stateless\/2019\/08\/c2f6f238-e5103386-screenshot-2019-05-16-at-08.52.08-724x1024.png 724w, https:\/\/www.greenpeace.org\/static\/planet4-denmark-stateless\/2019\/08\/c2f6f238-e5103386-screenshot-2019-05-16-at-08.52.08-966x1366.png 966w, https:\/\/www.greenpeace.org\/static\/planet4-denmark-stateless\/2019\/08\/c2f6f238-e5103386-screenshot-2019-05-16-at-08.52.08-240x340.png 240w, https:\/\/www.greenpeace.org\/static\/planet4-denmark-stateless\/2019\/08\/c2f6f238-e5103386-screenshot-2019-05-16-at-08.52.08.png 1148w\" sizes=\"auto, (max-width: 212px) 100vw, 212px\" \/><\/a><\/figure>\n\n\n\n<figure class=\"wp-block-image\"><a href=\"https:\/\/www.greenpeace.org\/static\/planet4-denmark-stateless\/2018\/10\/2283f542-thumbnail_annual_report_2017.png\" target=\"_blank\" rel=\"noopener noreferrer\"><img loading=\"lazy\" decoding=\"async\" width=\"210\" height=\"300\" src=\"https:\/\/www.greenpeace.org\/static\/planet4-denmark-stateless\/2018\/10\/2283f542-thumbnail_annual_report_2017-210x300.png\" alt=\"\" class=\"wp-image-1875\" srcset=\"https:\/\/www.greenpeace.org\/static\/planet4-denmark-stateless\/2018\/10\/2283f542-thumbnail_annual_report_2017-210x300.png 210w, https:\/\/www.greenpeace.org\/static\/planet4-denmark-stateless\/2018\/10\/2283f542-thumbnail_annual_report_2017-768x1100.png 768w, https:\/\/www.greenpeace.org\/static\/planet4-denmark-stateless\/2018\/10\/2283f542-thumbnail_annual_report_2017-715x1024.png 715w, https:\/\/www.greenpeace.org\/static\/planet4-denmark-stateless\/2018\/10\/2283f542-thumbnail_annual_report_2017-954x1366.png 954w, https:\/\/www.greenpeace.org\/static\/planet4-denmark-stateless\/2018\/10\/2283f542-thumbnail_annual_report_2017-237x340.png 237w, https:\/\/www.greenpeace.org\/static\/planet4-denmark-stateless\/2018\/10\/2283f542-thumbnail_annual_report_2017.png 1200w\" sizes=\"auto, (max-width: 210px) 100vw, 210px\" \/><\/a><\/figure>\n\n\n\n<figure class=\"wp-block-image\"><a href=\"https:\/\/www.greenpeace.org\/static\/planet4-denmark-stateless\/2018\/10\/4c1c39e4-thumbnail_annual_report_2016.png\" target=\"_blank\" rel=\"noopener noreferrer\"><img loading=\"lazy\" decoding=\"async\" width=\"209\" height=\"300\" src=\"https:\/\/www.greenpeace.org\/static\/planet4-denmark-stateless\/2018\/10\/4c1c39e4-thumbnail_annual_report_2016-209x300.png\" alt=\"\" class=\"wp-image-1876\" srcset=\"https:\/\/www.greenpeace.org\/static\/planet4-denmark-stateless\/2018\/10\/4c1c39e4-thumbnail_annual_report_2016-209x300.png 209w, https:\/\/www.greenpeace.org\/static\/planet4-denmark-stateless\/2018\/10\/4c1c39e4-thumbnail_annual_report_2016-768x1100.png 768w, https:\/\/www.greenpeace.org\/static\/planet4-denmark-stateless\/2018\/10\/4c1c39e4-thumbnail_annual_report_2016-715x1024.png 715w, https:\/\/www.greenpeace.org\/static\/planet4-denmark-stateless\/2018\/10\/4c1c39e4-thumbnail_annual_report_2016-954x1366.png 954w, https:\/\/www.greenpeace.org\/static\/planet4-denmark-stateless\/2018\/10\/4c1c39e4-thumbnail_annual_report_2016-237x340.png 237w, https:\/\/www.greenpeace.org\/static\/planet4-denmark-stateless\/2018\/10\/4c1c39e4-thumbnail_annual_report_2016.png 1198w\" sizes=\"auto, (max-width: 209px) 100vw, 209px\" \/><\/a><\/figure>\n\n\n\n<figure class=\"wp-block-image\"><img loading=\"lazy\" decoding=\"async\" width=\"211\" height=\"300\" src=\"https:\/\/www.greenpeace.org\/static\/planet4-denmark-stateless\/2018\/10\/5249969c-thumbnail_annual_report_2015-211x300.png\" alt=\"\" class=\"wp-image-1877\" srcset=\"https:\/\/www.greenpeace.org\/static\/planet4-denmark-stateless\/2018\/10\/5249969c-thumbnail_annual_report_2015-211x300.png 211w, https:\/\/www.greenpeace.org\/static\/planet4-denmark-stateless\/2018\/10\/5249969c-thumbnail_annual_report_2015-768x1094.png 768w, https:\/\/www.greenpeace.org\/static\/planet4-denmark-stateless\/2018\/10\/5249969c-thumbnail_annual_report_2015-719x1024.png 719w, https:\/\/www.greenpeace.org\/static\/planet4-denmark-stateless\/2018\/10\/5249969c-thumbnail_annual_report_2015-959x1366.png 959w, https:\/\/www.greenpeace.org\/static\/planet4-denmark-stateless\/2018\/10\/5249969c-thumbnail_annual_report_2015-239x340.png 239w, https:\/\/www.greenpeace.org\/static\/planet4-denmark-stateless\/2018\/10\/5249969c-thumbnail_annual_report_2015.png 1202w\" sizes=\"auto, (max-width: 211px) 100vw, 211px\" \/><\/figure>\n\n\n\n<figure class=\"wp-block-image\"><a href=\"https:\/\/www.greenpeace.org\/static\/planet4-denmark-stateless\/2018\/10\/9eba4508-greenpeace_annual_report_2014.pdf\"><img loading=\"lazy\" decoding=\"async\" width=\"212\" height=\"300\" src=\"https:\/\/www.greenpeace.org\/static\/planet4-denmark-stateless\/2018\/10\/c6526f97-thumbnail_annual_report_2014-212x300.png\" alt=\"\" class=\"wp-image-1878\" srcset=\"https:\/\/www.greenpeace.org\/static\/planet4-denmark-stateless\/2018\/10\/c6526f97-thumbnail_annual_report_2014-212x300.png 212w, https:\/\/www.greenpeace.org\/static\/planet4-denmark-stateless\/2018\/10\/c6526f97-thumbnail_annual_report_2014-768x1087.png 768w, https:\/\/www.greenpeace.org\/static\/planet4-denmark-stateless\/2018\/10\/c6526f97-thumbnail_annual_report_2014-724x1024.png 724w, https:\/\/www.greenpeace.org\/static\/planet4-denmark-stateless\/2018\/10\/c6526f97-thumbnail_annual_report_2014-966x1366.png 966w, https:\/\/www.greenpeace.org\/static\/planet4-denmark-stateless\/2018\/10\/c6526f97-thumbnail_annual_report_2014-240x340.png 240w, https:\/\/www.greenpeace.org\/static\/planet4-denmark-stateless\/2018\/10\/c6526f97-thumbnail_annual_report_2014.png 1244w\" sizes=\"auto, (max-width: 212px) 100vw, 212px\" \/><\/a><\/figure>\n\n\n\n<figure class=\"wp-block-image\"><a href=\"https:\/\/www.greenpeace.org\/static\/planet4-denmark-stateless\/2018\/10\/42366f36-greenpeace_annual_report_2013.pdf\"><img loading=\"lazy\" decoding=\"async\" width=\"211\" height=\"300\" src=\"https:\/\/www.greenpeace.org\/static\/planet4-denmark-stateless\/2018\/10\/8ae1f67d-thumbnail_annual_report_2013-211x300.png\" title=\"Greenpeace annual report 2013\" alt=\"Greenpeace annual report 2013\" class=\"wp-image-1880\" srcset=\"https:\/\/www.greenpeace.org\/static\/planet4-denmark-stateless\/2018\/10\/8ae1f67d-thumbnail_annual_report_2013-211x300.png 211w, https:\/\/www.greenpeace.org\/static\/planet4-denmark-stateless\/2018\/10\/8ae1f67d-thumbnail_annual_report_2013-768x1089.png 768w, https:\/\/www.greenpeace.org\/static\/planet4-denmark-stateless\/2018\/10\/8ae1f67d-thumbnail_annual_report_2013-722x1024.png 722w, https:\/\/www.greenpeace.org\/static\/planet4-denmark-stateless\/2018\/10\/8ae1f67d-thumbnail_annual_report_2013-963x1366.png 963w, https:\/\/www.greenpeace.org\/static\/planet4-denmark-stateless\/2018\/10\/8ae1f67d-thumbnail_annual_report_2013-240x340.png 240w, https:\/\/www.greenpeace.org\/static\/planet4-denmark-stateless\/2018\/10\/8ae1f67d-thumbnail_annual_report_2013.png 1252w\" sizes=\"auto, (max-width: 211px) 100vw, 211px\" \/><\/a><\/figure>\n\n\n\n<p>      <a href=\"https:\/\/www.greenpeace.org\/static\/planet4-denmark-stateless\/2018\/10\/2d246fab-greenpeace_annual_report_2015.pdf\"> <\/a> <\/p>\n<\/div>\n\n\n\n<div style=\"height:30px\" aria-hidden=\"true\" class=\"wp-block-spacer\"><\/div>\n<\/div>\n\n<div style=\"height:30px\" aria-hidden=\"true\" class=\"wp-block-spacer\"><\/div>\n\n\n<div class=\"wp-block-group alignfull block mb-0 has-grey-05-background-color has-background is-layout-flow wp-block-group-is-layout-flow\" style=\"padding-top:80px;padding-bottom:80px\">\n<div class=\"wp-block-group container is-layout-flow wp-block-group-is-layout-flow\">\n<h2 class=\"wp-block-heading has-text-align-center\" style=\"font-size:1.5rem\"><strong>En tidslinje over vigtige, gr\u00f8nne sejre<\/strong><\/h2>\n\n\n\n<p class=\"has-text-align-center has-medium-font-size\"><strong> <\/strong>\u2013 <strong>takket v\u00e6re mennesker som dig!<\/strong><\/p>\n\n\n\n<div style=\"height:15px\" aria-hidden=\"true\" class=\"wp-block-spacer\"><\/div>\n\n\n\n<p class=\"has-text-align-center\"><a href=\"http:\/\/www.tiki-toki.com\/timeline\/entry\/594418\/Greenpeace\/\">Se denne tidslinje i fuld sk\u00e6rm<\/a><\/p>\n\n\n\n<div style=\"height:30px\" aria-hidden=\"true\" class=\"wp-block-spacer\"><\/div>\n\n\n\n<figure><iframe loading=\"lazy\" width=\"100%\" height=\"400\" src=\"https:\/\/www.tiki-toki.com\/timeline\/embed\/594418\/1707364907\/\"><\/iframe><\/figure>\n<\/div>\n<\/div>\n\n\n<div class=\"wp-block-cover alignfull has-parallax mt-0\" style=\"min-height:500px;aspect-ratio:unset;\"><div class=\"wp-block-cover__image-background wp-image-51685 has-parallax\" style=\"background-position:50% 50%;background-image:url(https:\/\/www.greenpeace.org\/static\/planet4-denmark-stateless\/2022\/06\/37f313b1-sammen-er-vi-greenpeace-e1656506059413.jpg)\"><\/div><span aria-hidden=\"true\" class=\"wp-block-cover__background has-background-dim-0 has-background-dim\"><\/span><div class=\"wp-block-cover__inner-container is-layout-flow wp-block-cover-is-layout-flow\">\n<p class=\"has-text-align-center has-large-font-size\"><\/p>\n<\/div><\/div>\n\n\n<div class=\"wp-block-group alignfull block mb-0 pb-0 is-pattern-p4-issues has-beige-100-background-color has-background is-layout-flow wp-block-group-is-layout-flow\" style=\"padding-top:80px;padding-bottom:80px\">\n<div class=\"wp-block-group container mb-0 pb-0 is-layout-flow wp-block-group-is-layout-flow\">\n<h4 class=\"wp-block-heading has-text-align-left has-medium-font-size\" style=\"margin-bottom:0px\">L\u00e6r mere om Greenpeace<\/h4>\n\n\n\n<div class=\"wp-block-group is-style-space-evenly mb-3 is-layout-flex wp-block-group-is-layout-flex\" style=\"padding-top:40px;padding-bottom:56px\">\n<div class=\"wp-block-group has-white-background-color has-background is-horizontal is-content-justification-left is-nowrap is-layout-flex wp-container-core-group-is-layout-fa0cf24f wp-block-group-is-layout-flex\" style=\"border-radius:4px;padding-top:32px;padding-right:16px;padding-bottom:32px;padding-left:16px\">\n<figure class=\"wp-block-image size-full is-resized force-no-lightbox force-no-caption my-0 square-40\"><img loading=\"lazy\" decoding=\"async\" width=\"263\" height=\"232\" src=\"https:\/\/www.greenpeace.org\/static\/planet4-denmark-stateless\/2023\/07\/8c85dd01-asset-23@2x.png\" alt=\"\" class=\"wp-image-57103\" style=\"width:40px;height:40px\"\/><\/figure>\n\n\n\n<h5 class=\"wp-block-heading has-text-align-left w-auto is-style-chevron\" style=\"margin-top:0px;margin-bottom:0px;margin-left:16px;font-size:1rem\"><a href=\"https:\/\/www.greenpeace.org\/denmark\/?page_id=56715\">Hvem er vi<\/a><\/h5>\n<\/div>\n\n\n\n<div class=\"wp-block-group has-white-background-color has-background is-horizontal is-content-justification-left is-nowrap is-layout-flex wp-container-core-group-is-layout-fa0cf24f wp-block-group-is-layout-flex\" style=\"border-radius:4px;padding-top:32px;padding-right:16px;padding-bottom:32px;padding-left:16px\">\n<figure class=\"wp-block-image size-full is-resized force-no-lightbox force-no-caption my-0 square-40\"><img loading=\"lazy\" decoding=\"async\" width=\"252\" height=\"256\" src=\"https:\/\/www.greenpeace.org\/static\/planet4-denmark-stateless\/2023\/07\/2be44819-asset-22@2x.png\" alt=\"\" class=\"wp-image-57104\" style=\"width:40px;height:40px\"\/><\/figure>\n\n\n\n<h5 class=\"wp-block-heading has-text-align-left w-auto is-style-chevron\" style=\"margin-top:0px;margin-bottom:0px;margin-left:16px;font-size:1rem\"><a href=\"https:\/\/www.greenpeace.org\/denmark\/?page_id=56803\">Vores organisation<\/a><\/h5>\n<\/div>\n\n\n\n<div class=\"wp-block-group has-white-background-color has-background is-horizontal is-content-justification-left is-nowrap is-layout-flex wp-container-core-group-is-layout-fa0cf24f wp-block-group-is-layout-flex\" style=\"border-radius:4px;padding-top:32px;padding-right:16px;padding-bottom:32px;padding-left:16px\">\n<figure class=\"wp-block-image size-full is-resized force-no-lightbox force-no-caption my-0 square-40 caption-alignment-left is-style-default\"><img loading=\"lazy\" decoding=\"async\" width=\"121\" height=\"121\" src=\"https:\/\/storage.googleapis.com\/planet4-denmark-stateless-develop\/2018\/05\/125cf4b5-history.png\" alt=\"\" class=\"wp-image-20\" style=\"width:40px;height:40px\"\/><\/figure>\n\n\n\n<h5 class=\"wp-block-heading has-text-align-left w-auto is-style-chevron\" style=\"margin-top:0px;margin-bottom:0px;margin-left:16px;font-size:1rem\"><a href=\"https:\/\/www.greenpeace.org\/denmark\/om-os\/civil-ulydighed-og-vores-aktioner\/\">Civil ulydighed<\/a><\/h5>\n<\/div>\n\n\n\n<div class=\"wp-block-group has-white-background-color has-background is-horizontal is-content-justification-left is-nowrap is-layout-flex wp-container-core-group-is-layout-fa0cf24f wp-block-group-is-layout-flex\" style=\"border-radius:4px;padding-top:32px;padding-right:16px;padding-bottom:32px;padding-left:16px\">\n<figure class=\"wp-block-image size-full is-resized force-no-lightbox force-no-caption my-0 square-40\"><img loading=\"lazy\" decoding=\"async\" width=\"252\" height=\"249\" src=\"https:\/\/www.greenpeace.org\/static\/planet4-denmark-stateless\/2023\/07\/5c9401ab-asset-21@2x.png\" alt=\"\" class=\"wp-image-57105\" style=\"width:40px;height:40px\"\/><\/figure>\n\n\n\n<h5 class=\"wp-block-heading has-text-align-left w-auto is-style-chevron\" style=\"margin-top:0px;margin-bottom:0px;margin-left:16px;font-size:1rem\"><a href=\"https:\/\/www.greenpeace.org\/denmark\/vaer-med\/frivillig\/\">Frivilligt arbejde<\/a><\/h5>\n<\/div>\n<\/div>\n<\/div>\n<\/div>\n\n","protected":false},"excerpt":{"rendered":"<p>Greenpeace er verdens st\u00f8rste uafh\u00e6ngige milj\u00f8bev\u00e6gelse og har i snart 50 \u00e5r arbejdet for at give vores fantastiske planet en stemme. Vi accepterer hverken penge fra stater eller virksomheder, hvilket g\u00f8r os i stand til at v\u00e6re en uafh\u00e6ngig stemme, der alene taler for milj\u00f8ets interesser. Derfor er \u00f8konomiske bidrag fra mennesker som dig ogs\u00e5 helt uundv\u00e6rlige.<\/p>\n","protected":false},"author":39,"featured_media":2241,"parent":9,"menu_order":0,"comment_status":"closed","ping_status":"closed","template":"","meta":{"ep_exclude_from_search":false,"p4_hide_page_title_checkbox":"on","p4_title":"","p4_subtitle":"","p4_description":"","background_image_id":"","background_image":"","p4_button_title":"","p4_button_link":"","p4_button_link_checkbox":"","p4_og_title":"","p4_og_description":"","p4_og_image":"","p4_og_image_id":"","p4_seo_canonical_url":"","p4_campaign_name":"not set","p4_local_project":"not set","p4_basket_name":"not set","p4_department":"","footnotes":""},"categories":[4],"tags":[29],"class_list":["post-5230","page","type-page","status-publish","has-post-thumbnail","hentry","category-greenpeace","tag-stot-os"],"_links":{"self":[{"href":"https:\/\/www.greenpeace.org\/denmark\/wp-json\/wp\/v2\/pages\/5230","targetHints":{"allow":["GET"]}}],"collection":[{"href":"https:\/\/www.greenpeace.org\/denmark\/wp-json\/wp\/v2\/pages"}],"about":[{"href":"https:\/\/www.greenpeace.org\/denmark\/wp-json\/wp\/v2\/types\/page"}],"author":[{"embeddable":true,"href":"https:\/\/www.greenpeace.org\/denmark\/wp-json\/wp\/v2\/users\/39"}],"replies":[{"embeddable":true,"href":"https:\/\/www.greenpeace.org\/denmark\/wp-json\/wp\/v2\/comments?post=5230"}],"version-history":[{"count":20,"href":"https:\/\/www.greenpeace.org\/denmark\/wp-json\/wp\/v2\/pages\/5230\/revisions"}],"predecessor-version":[{"id":81469,"href":"https:\/\/www.greenpeace.org\/denmark\/wp-json\/wp\/v2\/pages\/5230\/revisions\/81469"}],"up":[{"embeddable":true,"href":"https:\/\/www.greenpeace.org\/denmark\/wp-json\/wp\/v2\/pages\/9"}],"wp:featuredmedia":[{"embeddable":true,"href":"https:\/\/www.greenpeace.org\/denmark\/wp-json\/wp\/v2\/media\/2241"}],"wp:attachment":[{"href":"https:\/\/www.greenpeace.org\/denmark\/wp-json\/wp\/v2\/media?parent=5230"}],"wp:term":[{"taxonomy":"category","embeddable":true,"href":"https:\/\/www.greenpeace.org\/denmark\/wp-json\/wp\/v2\/categories?post=5230"},{"taxonomy":"post_tag","embeddable":true,"href":"https:\/\/www.greenpeace.org\/denmark\/wp-json\/wp\/v2\/tags?post=5230"}],"curies":[{"name":"wp","href":"https:\/\/api.w.org\/{rel}","templated":true}]}}