{"id":5409,"date":"2020-04-23T12:49:16","date_gmt":"2020-04-23T10:49:16","guid":{"rendered":"https:\/\/www.greenpeace.org\/denmark\/?page_id=5409"},"modified":"2026-04-02T11:29:01","modified_gmt":"2026-04-02T09:29:01","slug":"testamenter-en-gave","status":"publish","type":"page","link":"https:\/\/www.greenpeace.org\/denmark\/vaer-med\/testamenter-en-gave\/","title":{"rendered":"Testamenter en gave"},"content":{"rendered":"\n\n<div class=\"wp-block-group alignfull has-beige-100-background-color has-background is-layout-flow wp-block-group-is-layout-flow\" style=\"padding-top:56px;padding-bottom:56px\">\n<div class=\"wp-block-group container is-layout-flow wp-block-group-is-layout-flow\">\n<div class=\"wp-block-media-text alignfull has-media-on-the-right is-stacked-on-mobile is-pattern-p4-page-header is-style-parallax\"><div class=\"wp-block-media-text__content\">\n<div class=\"wp-block-group is-layout-flow wp-block-group-is-layout-flow\">\n<h1 class=\"wp-block-heading has-beige-100-background-color has-background\">Lad din stemme leve videre i Greenpeace<\/h1>\n<\/div>\n\n\n\n<p class=\"has-black-color has-text-color\" style=\"font-size:22px\">Ved at inkludere en gave til Greenpeace i dit testamente kan du v\u00e6re med til at sikre, at kampen for en sund planet kan forts\u00e6tte i fremtiden. <\/p>\n\n\n\n<p class=\"has-medium-font-size\">Stil sp\u00f8rgsm\u00e5l ved at maile til <a href=\"mailto:info.dk@greenpeace.org\">info.dk@greenpeace.org<\/a><\/p>\n\n\n\n<div class=\"wp-block-buttons is-layout-flex wp-block-buttons-is-layout-flex\">\n<div class=\"wp-block-button is-style-cta\"><a class=\"wp-block-button__link has-medium-font-size has-custom-font-size wp-element-button\" href=\"https:\/\/forms.gle\/fnqXdLz5Yy1S1jrb7\" target=\"_blank\" rel=\"noreferrer noopener\"><strong>Bestil testamentefolderen<\/strong><\/a><\/div>\n<\/div>\n<\/div><figure class=\"wp-block-media-text__media\"><img loading=\"lazy\" decoding=\"async\" width=\"1024\" height=\"768\" src=\"https:\/\/www.greenpeace.org\/static\/planet4-denmark-stateless\/2020\/03\/3a968ab1-ship-1024x768.jpg\" alt=\"\" sizes=\"auto, (min-width: 601px) 50vw, 100vw\" srcset=\"\" class=\"wp-image-5040 size-full\"\/><\/figure><\/div>\n<\/div>\n<\/div>\n\n\n<h2 class=\"wp-block-heading has-grey-900-color has-text-color\">Vi lever i en verden v\u00e6rd at k\u00e6mpe for! Hvad efterlader du? <\/h2>\n\n<p class=\"has-black-color has-text-color\" style=\"font-size:22px\">Greenpeace arbejder med at kortl\u00e6gge trusler mod vores milj\u00f8, fremh\u00e6ver l\u00f8sninger, driver uvildig forskning, p\u00e5virker politiske beslutngstagere og laver aktioner for at g\u00e5 fra ord til handling for at beskytte milj\u00f8et. Vores kampagner kan tage lang tid at vinde, og det kr\u00e6ver store investeringer. Testamente-gaver, store og sm\u00e5, er meget v\u00e6rdifulde bidrag til disse kampagner. Vidste du, at 1 ud af 10 globale Greenpeace-kampagner er finansieret med testamente-gaver?  <\/p>\n\n<h3 class=\"wp-block-heading\">Efterlad et gr\u00f8nt aftryk &#8211; opret dit testamente online her <\/h3>\n\n<p class=\"has-black-color has-text-color has-link-color wp-elements-6bae52326610fbfde65627278437ea9c\" style=\"font-size:22px\">Gennem vores samarbejde med advokatfirmaet Lawly kan du nemt g\u00e5 fra en god tanke til en god handling.<strong> <\/strong>Skriv dit testamente direkte p\u00e5 Lawly\u2019s hjemmeside og v\u00e6r tryg ved, at vi forvalter din gave p\u00e5 den bedst mulige m\u00e5de.<br><br>Lawly er et digitalt advokatfirma, der er specialiseret i familieret og testamenter. Med deres tjeneste kan du nemt og hurtigt oprette et personligt og juridisk korrekt testamente p\u00e5 din computer, tablet eller mobil.<br>Hvis du har sp\u00f8rgsm\u00e5l undervejs, mens du udfylder dit testamente, er deres jurister tilg\u00e6ngelige via chat eller telefon.Du bliver guidet hele vejen og f\u00e5r instruktioner om underskrift, vidner og opbevaring. Er du usikker p\u00e5 noget, kan du altid booke et gratis indledende m\u00f8de, hvor du f\u00e5r 15 minutters juridisk r\u00e5dgivning.<\/p>\n\n<h5 class=\"wp-block-heading is-style-chevron has-black-color has-text-color has-link-color wp-elements-fb79bea1ed5fcbe5236d5a2f0c44b334\" style=\"font-size:22px\"><a href=\"https:\/\/lawly.eu\/da-dk\" target=\"_blank\" rel=\"noreferrer noopener\">L\u00e6s mere om Lawly her<\/a><\/h5>\n\n<div style=\"height:30px\" aria-hidden=\"true\" class=\"wp-block-spacer\"><\/div>\n\n<div class=\"wp-block-media-text is-stacked-on-mobile is-image-fill-element\"><figure class=\"wp-block-media-text__media\"><img loading=\"lazy\" decoding=\"async\" width=\"1024\" height=\"683\" src=\"https:\/\/www.greenpeace.org\/static\/planet4-denmark-stateless\/2025\/05\/605d5027-image-22-1024x683.jpg\" alt=\"\" sizes=\"auto, (min-width: 1600px) calc((1320px - 24px) \/ 2),(min-width: 1200px) calc((1140px - 24px) \/ 2),(min-width: 992px) calc((960px - 24px) \/ 2),(min-width: 768px) calc((720px - 24px) \/ 2),(min-width: 601px) calc((540px - 24px) \/ 2),(min-width: 577px) calc((540px - 24px) \/ 1), calc(100vw - 24px)\" srcset=\"https:\/\/www.greenpeace.org\/static\/planet4-denmark-stateless\/2025\/05\/605d5027-image-22-scaled.jpg 2560w, https:\/\/www.greenpeace.org\/static\/planet4-denmark-stateless\/2025\/05\/605d5027-image-22-300x200.jpg 300w, https:\/\/www.greenpeace.org\/static\/planet4-denmark-stateless\/2025\/05\/605d5027-image-22-1024x683.jpg 1024w, https:\/\/www.greenpeace.org\/static\/planet4-denmark-stateless\/2025\/05\/605d5027-image-22-768x512.jpg 768w, https:\/\/www.greenpeace.org\/static\/planet4-denmark-stateless\/2025\/05\/605d5027-image-22-1536x1024.jpg 1536w, https:\/\/www.greenpeace.org\/static\/planet4-denmark-stateless\/2025\/05\/605d5027-image-22-2048x1366.jpg 2048w, https:\/\/www.greenpeace.org\/static\/planet4-denmark-stateless\/2025\/05\/605d5027-image-22-510x340.jpg 510w\" class=\"wp-image-64887 size-full\" style=\"object-position:50% 50%\"\/><\/figure><div class=\"wp-block-media-text__content\">\n<p><\/p>\n\n\n\n<h3 class=\"wp-block-heading has-black-color has-text-color has-link-color wp-elements-21ad3305475505854f9ad8f5cb07a205\" style=\"font-size:22px\">Sp\u00f8rg juristen<\/h3>\n\n\n\n<p><\/p>\n\n\n\n<p class=\"has-black-color has-text-color has-link-color wp-elements-47248b740bc886fd27470c21b02cc5d9\" style=\"font-size:22px\">Malene Lund Olesen<br>Lawly \/ Codex Advokate<br>Mail:&nbsp;<a href=\"mailto:advokat-dk@lawly.eu\" target=\"_blank\" rel=\"noreferrer noopener\">advokat-dk@lawly.eu<\/a><\/p>\n\n\n\n<p class=\"has-black-color has-text-color has-link-color wp-elements-dd7290d80bd5e01c726a2717ceb01946\" style=\"font-size:22px\">Telefon: +45 32 24 99 51&nbsp;<\/p>\n\n\n\n<p><\/p>\n\n\n\n<h3 class=\"wp-block-heading has-black-color has-text-color has-link-color wp-elements-73b19e7b5571921df18d10ea2fd1b633\" style=\"font-size:22px\">Book et gratis m\u00f8de<\/h3>\n\n\n\n<p class=\"has-black-color has-text-color has-link-color wp-elements-168e2d9aa560ad4a5d9ddff2fd16b86d\" style=\"font-size:22px\">F\u00e5 svar p\u00e5 dine sp\u00f8rgsm\u00e5l f\u00f8rst. Book en indledende samtale og f\u00e5 15 minutters gratis juridisk r\u00e5dgivning fra en af Lawlys jurister. <\/p>\n\n\n\n<div class=\"wp-block-buttons is-layout-flex wp-block-buttons-is-layout-flex\">\n<div class=\"wp-block-button is-style-cta\"><a class=\"wp-block-button__link has-medium-font-size has-custom-font-size wp-element-button\" href=\"https:\/\/r.lawly.io\/FtZ\" target=\"_blank\" rel=\"noreferrer noopener\"><strong><strong>Book samtale hos Lawly he<\/strong>r<\/strong><\/a><\/div>\n<\/div>\n\n\n\n<p><\/p>\n\n\n\n<p><\/p>\n<\/div><\/div>\n\n<div style=\"height:30px\" aria-hidden=\"true\" class=\"wp-block-spacer\"><\/div>\n\n<h3 class=\"wp-block-heading has-black-color has-text-color has-link-color wp-elements-3a017666d230bf13809ea959a1a1c95b\" style=\"font-size:22px\"><strong>Opret testamente online i 3 enkle trin<\/strong>:<\/h3>\n\n<ol class=\"wp-block-list\">\n<li class=\"has-black-color has-text-color has-link-color wp-elements-b9b10b2e482d21d81f4a656c36370ef5\" style=\"font-size:22px\">Svar p\u00e5 sp\u00f8rgsm\u00e5l<br>Besvar 15\u201320 enkle sp\u00f8rgsm\u00e5l om din situation og dine \u00f8nsker. Lawlys jurister er tilg\u00e6ngelige via chat eller telefon.<br><\/li>\n\n\n\n<li class=\"has-black-color has-text-color has-link-color wp-elements-273741c86abec08a9aa0e2eef874f7f2\" style=\"font-size:22px\">Dit testamente oprettes med det samme<br>Baseret p\u00e5 dine svar oprettes et personligt tilpasset og juridisk korrekt testamente.<br><\/li>\n\n\n\n<li class=\"has-black-color has-text-color has-link-color wp-elements-f5fd467664c2b2fa205516557a798b78\" style=\"font-size:22px\">V\u00e6lg, hvordan du vil modtage det<br>Download testamentet med det samme, eller f\u00e5 det tilsendt med posten.<br>Underskriv og f\u00e5 det bevidnet i henhold til vejledningen \u2013 f\u00e6rdigt!<\/li>\n<\/ol>\n\n<p><\/p>\n\n<h3 class=\"wp-block-heading has-black-color has-text-color has-link-color wp-elements-ba89ca8240f5938eabf3a06a7bcdd42c\" style=\"font-size:22px\">Skriv testamente online<\/h3>\n\n<p class=\"has-black-color has-text-color has-link-color wp-elements-05a302f89c9891f4d883ee958281459a\" style=\"font-size:22px\">Skriv et personligt og juridisk korrekt testamente gratis med Lawlys digitale l\u00f8sning. <\/p>\n\n<div class=\"wp-block-buttons is-layout-flex wp-block-buttons-is-layout-flex\">\n<div class=\"wp-block-button is-style-cta\"><a class=\"wp-block-button__link has-medium-font-size has-custom-font-size wp-element-button\" href=\"https:\/\/r.lawly.io\/Fua\"><strong><strong>Opret testamente nu<\/strong><\/strong><\/a><\/div>\n<\/div>\n\n<div style=\"height:30px\" aria-hidden=\"true\" class=\"wp-block-spacer\"><\/div>\n\n<div class=\"wp-block-group is-layout-flow wp-block-group-is-layout-flow\">\n<hr class=\"wp-block-separator has-alpha-channel-opacity is-style-wide\"\/>\n\n\n\n<div style=\"height:30px\" aria-hidden=\"true\" class=\"wp-block-spacer\"><\/div>\n\n\n\n<h2 class=\"wp-block-heading has-text-align-left has-black-color has-text-color\">Vores GreenGuardians fort\u00e6ller os<\/h2>\n\n\n\n<p class=\"has-black-color has-text-color\" style=\"font-size:22px\">GreenGuardians er dem, der efterlader en gave til Greenpeaces arbejde for en levende gr\u00f8n og fredelig planet.<\/p>\n\n\n\n<div style=\"height:30px\" aria-hidden=\"true\" class=\"wp-block-spacer\"><\/div>\n\n\n\n<div class=\"wp-block-columns are-vertically-aligned-center is-layout-flex wp-container-core-columns-is-layout-9d6595d7 wp-block-columns-is-layout-flex\">\n<div class=\"wp-block-column is-vertically-aligned-center is-layout-flow wp-block-column-is-layout-flow\">\n<figure class=\"wp-block-embed is-type-video is-provider-youtube wp-block-embed-youtube wp-embed-aspect-16-9 wp-has-aspect-ratio\"><div class=\"wp-block-embed__wrapper\">\n<iframe loading=\"lazy\" title=\"Henny og Jakob: Om at lade sin omsorg for planeten leve videre\" width=\"500\" height=\"281\" src=\"https:\/\/www.youtube.com\/embed\/kAFhLI7j73o?feature=oembed\" frameborder=\"0\" allow=\"accelerometer; autoplay; clipboard-write; encrypted-media; gyroscope; picture-in-picture; web-share\" referrerpolicy=\"strict-origin-when-cross-origin\" allowfullscreen><\/iframe>\n<\/div><\/figure>\n<\/div>\n\n\n\n<div class=\"wp-block-column is-vertically-aligned-center is-layout-flow wp-block-column-is-layout-flow\">\n<blockquote class=\"wp-block-quote is-layout-flow wp-block-quote-is-layout-flow\">\n<p><strong>Om at lade sin omsorg for planeten leve videre<\/strong><\/p>\n<cite><strong>Henny og Jakob<\/strong><\/cite><\/blockquote>\n<\/div>\n<\/div>\n\n\n\n<hr class=\"wp-block-separator has-text-color has-grey-300-color has-alpha-channel-opacity has-grey-300-background-color has-background is-style-wide\"\/>\n\n\n\n<div class=\"wp-block-columns are-vertically-aligned-center is-layout-flex wp-container-core-columns-is-layout-9d6595d7 wp-block-columns-is-layout-flex\">\n<div class=\"wp-block-column is-vertically-aligned-center is-layout-flow wp-block-column-is-layout-flow\">\n<blockquote class=\"wp-block-quote is-layout-flow wp-block-quote-is-layout-flow\">\n<p>&#8220;<strong>Fingrene v\u00e6k fra vores planet<\/strong><\/p>\n<cite>Greenpeace film created by Vivian Awuku &amp; Niklas Kimber\/ Animation by Lucky Coin Films<\/cite><\/blockquote>\n<\/div>\n\n\n\n<div class=\"wp-block-column is-vertically-aligned-center is-layout-flow wp-block-column-is-layout-flow\">\n<figure class=\"wp-block-embed is-type-video is-provider-youtube wp-block-embed-youtube wp-embed-aspect-16-9 wp-has-aspect-ratio\"><div class=\"wp-block-embed__wrapper\">\n<iframe loading=\"lazy\" title=\"Fingrene v\u00e6k fra vores planet\" width=\"500\" height=\"281\" src=\"https:\/\/www.youtube.com\/embed\/0qf7RifTK-Y?feature=oembed\" frameborder=\"0\" allow=\"accelerometer; autoplay; clipboard-write; encrypted-media; gyroscope; picture-in-picture; web-share\" referrerpolicy=\"strict-origin-when-cross-origin\" allowfullscreen><\/iframe>\n<\/div><\/figure>\n<\/div>\n<\/div>\n\n\n\n<hr class=\"wp-block-separator has-text-color has-grey-300-color has-alpha-channel-opacity has-grey-300-background-color has-background is-style-wide\"\/>\n\n\n\n<div style=\"height:30px\" aria-hidden=\"true\" class=\"wp-block-spacer\"><\/div>\n<\/div>\n\n<div class=\"wp-block-media-text is-stacked-on-mobile is-image-fill-element\"><figure class=\"wp-block-media-text__media\"><img loading=\"lazy\" decoding=\"async\" width=\"1024\" height=\"686\" src=\"https:\/\/www.greenpeace.org\/static\/planet4-denmark-stateless\/2018\/10\/c01247bf-gp019id-1024x686.jpg\" alt=\"Crew of the Greenpeace - Voyage Documentation (Vancouver to Amchitka: 1971). \u00a9 Robert Keziere\" sizes=\"auto, (min-width: 1600px) calc((1320px - 24px) \/ 2),(min-width: 1200px) calc((1140px - 24px) \/ 2),(min-width: 992px) calc((960px - 24px) \/ 2),(min-width: 768px) calc((720px - 24px) \/ 2),(min-width: 601px) calc((540px - 24px) \/ 2),(min-width: 577px) calc((540px - 24px) \/ 1), calc(100vw - 24px)\" srcset=\"https:\/\/www.greenpeace.org\/static\/planet4-denmark-stateless\/2018\/10\/c01247bf-gp019id.jpg 1200w, https:\/\/www.greenpeace.org\/static\/planet4-denmark-stateless\/2018\/10\/c01247bf-gp019id-300x201.jpg 300w, https:\/\/www.greenpeace.org\/static\/planet4-denmark-stateless\/2018\/10\/c01247bf-gp019id-768x515.jpg 768w, https:\/\/www.greenpeace.org\/static\/planet4-denmark-stateless\/2018\/10\/c01247bf-gp019id-1024x686.jpg 1024w, https:\/\/www.greenpeace.org\/static\/planet4-denmark-stateless\/2018\/10\/c01247bf-gp019id-507x340.jpg 507w\" class=\"wp-image-706 size-full\" style=\"object-position:50% 58%\"\/><\/figure><div class=\"wp-block-media-text__content\">\n<div style=\"height:30px\" aria-hidden=\"true\" class=\"wp-block-spacer\"><\/div>\n\n\n\n<p style=\"font-size:22px\">&#8220;<em><strong>En rejse for liv og fred<\/strong>&#8221; &#8211; <\/em>det var s\u00e5dan, Irving Stowe, en af grundl\u00e6ggerne af Greenpeace, beskrev planen om at sejle en b\u00e5d til Arktis for at prostere imod atompr\u00f8vespr\u00e6ngninger. Irving vidste det ikke dengang, men Greenpeace-turen skulle vare i \u00e5rtier. Og det ville \u00e6ndre verden!<\/p>\n\n\n\n<div style=\"height:30px\" aria-hidden=\"true\" class=\"wp-block-spacer\"><\/div>\n<\/div><\/div>\n\n<div style=\"height:30px\" aria-hidden=\"true\" class=\"wp-block-spacer\"><\/div>\n\n<h3 class=\"wp-block-heading has-black-color has-text-color\" style=\"font-size:22px\">Takket v\u00e6re din st\u00f8tte kan Greenpeace arbejde langsigtet p\u00e5 at skabe en b\u00e6redygtig fremtid&#8230;<\/h3>\n\n<p style=\"font-size:22px\">&#8230;og s\u00e5 l\u00e6nge kortsigtede interesser kolliderer med det, der er b\u00e6redygtigt p\u00e5 sigt, vil der v\u00e6re behov for Greenpeace. <\/p>\n\n<p style=\"font-size:22px\"><strong>Se en interaktiv tidslinje over Greenpeaces historie, sejre og&nbsp;<a href=\"https:\/\/www.tiki-toki.com\/timeline\/entry\/594418\/Greenpeace\/#vars!date=2049-09-14_20:24:51!\" target=\"_blank\" rel=\"noreferrer noopener\">gr\u00f8nne fremskridt her<\/a>!<\/strong><\/p>\n\n<p><\/p>\n\n<p class=\"pt-1 has-black-color has-text-color\" style=\"font-size:22px\"><strong>F\u00e5 styr p\u00e5 hvem der er dine tvangsarvinger og hvad du selv kan bestemme.<\/strong> Hvis du ikke har skrevet testamente er det arveloven, der bestemmer, hvem der arver efter dig. Det kan derfor v\u00e6re en rigtig god ide at overveje, om det er <strong>relevant for dig at oprette testamente<\/strong>. Har du ingen arvinger efter loven, arver staten. <\/p>\n\n<p class=\"pt-1 has-black-color has-text-color\" style=\"font-size:22px\">F\u00e5 testamentet <strong>registreret hos notaren i skifteretten<\/strong>. N\u00e5r dit testamente er formuleret, som du \u00f8nsker det, skal det underskrives af to vidner (vidnetestamente) eller af notaren (notartestamente) for at opn\u00e5 gyldighed. Vi anbefaler altid, at testamentet bliver underskrevet og registreret hos notaren i din lokale skifteret. <\/p>\n\n<div style=\"height:30px\" aria-hidden=\"true\" class=\"wp-block-spacer\"><\/div>\n\n<div class=\"wp-block-cover alignfull is-light has-parallax\"><div class=\"wp-block-cover__image-background wp-image-5188 has-parallax\" style=\"background-position:50% 50%;background-image:url(https:\/\/www.greenpeace.org\/static\/planet4-denmark-stateless\/2020\/03\/c73a1ef9-gr\u00f8n.jpg)\"><\/div><span aria-hidden=\"true\" class=\"wp-block-cover__background has-background-dim\"><\/span><div class=\"wp-block-cover__inner-container is-layout-flow wp-block-cover-is-layout-flow\">\n<div class=\"wp-block-group is-layout-constrained wp-block-group-is-layout-constrained\">\n<div style=\"height:30px\" aria-hidden=\"true\" class=\"wp-block-spacer\"><\/div>\n\n\n\n<h3 class=\"wp-block-heading has-text-align-center has-white-color has-text-color\">Bestil vores testamente folder i dag. \u201cEn verden v\u00e6rd at k\u00e6mpe for!\u201d (gratis) ved at klikke her<\/h3>\n\n\n\n<div style=\"height:30px\" aria-hidden=\"true\" class=\"wp-block-spacer\"><\/div>\n\n\n\n<div class=\"wp-block-group is-content-justification-center is-layout-flex wp-container-core-group-is-layout-6274c98b wp-block-group-is-layout-flex\">\n<div class=\"wp-block-button aligncenter is-style-cta\"><a class=\"wp-block-button__link has-green-500-background-color has-background has-medium-font-size has-custom-font-size wp-element-button\" href=\"https:\/\/forms.gle\/fnqXdLz5Yy1S1jrb7\" target=\"_blank\" rel=\"noopener noreferrer noreferrer noopener\">Bestil testamentefolderen<\/a><\/div>\n<\/div>\n\n\n\n<div style=\"height:20px\" aria-hidden=\"true\" class=\"wp-block-spacer\"><\/div>\n<\/div>\n<\/div><\/div>\n\n<div style=\"height:30px\" aria-hidden=\"true\" class=\"wp-block-spacer\"><\/div>\n\n<div class=\"wp-block-media-text alignwide is-stacked-on-mobile\" style=\"grid-template-columns:30% auto\"><figure class=\"wp-block-media-text__media\"><img loading=\"lazy\" decoding=\"async\" width=\"512\" height=\"512\" src=\"https:\/\/www.greenpeace.org\/static\/planet4-denmark-stateless\/2026\/04\/0a38d8ce-image.png\" alt=\"\" sizes=\"auto, (min-width: 1600px) calc((1320px - 24px) \/ 3.3333),(min-width: 1200px) calc((1140px - 24px) \/ 3.3333),(min-width: 992px) calc((960px - 24px) \/ 3.3333),(min-width: 768px) calc((720px - 24px) \/ 3.3333),(min-width: 601px) calc((540px - 24px) \/ 3.3333),(min-width: 577px) calc((540px - 24px) \/ 1), calc(100vw - 24px)\" srcset=\"https:\/\/www.greenpeace.org\/static\/planet4-denmark-stateless\/2026\/04\/0a38d8ce-image.png 512w, https:\/\/www.greenpeace.org\/static\/planet4-denmark-stateless\/2026\/04\/0a38d8ce-image-300x300.png 300w, https:\/\/www.greenpeace.org\/static\/planet4-denmark-stateless\/2026\/04\/0a38d8ce-image-150x150.png 150w, https:\/\/www.greenpeace.org\/static\/planet4-denmark-stateless\/2026\/04\/0a38d8ce-image-340x340.png 340w\" class=\"wp-image-68042 size-full\"\/><\/figure><div class=\"wp-block-media-text__content\">\n<p class=\"ml-5 has-grey-900-color has-text-color\" style=\"font-size:22px\"><strong>Meik Br\u00fcsch<\/strong><\/p>\n\n\n\n<p class=\"ml-5 has-black-color has-text-color\" style=\"font-size:22px\">Du er selvf\u00f8lgelig meget velkommen til at kontakte os, hvis du har sp\u00f8rgsm\u00e5l. <\/p>\n\n\n\n<p class=\"ml-5 has-grey-900-color has-text-color\" style=\"font-size:22px\"><strong>Telefon:<\/strong> +45 33 93 53 44<br><strong>E-mail: <\/strong><a href=\"mailto:info.dk@greenpeace.org\">info.dk@greenpeace.org <\/a><\/p>\n<\/div><\/div>\n<div data-render=\"planet4-blocks\/columns\" data-attributes=\"{&quot;attributes&quot;:{&quot;columns_block_style&quot;:&quot;image&quot;,&quot;columns_title&quot;:&quot;Vores historier&quot;,&quot;columns&quot;:[{&quot;title&quot;:&quot;Det er altid for tidligt at give op!&lt;br&gt;&quot;,&quot;description&quot;:&quot;&lt;p style=\\&quot;font-size:20px;\\&quot;&gt;L\\u00e6s mere om hvorfor Eva siger \\&quot;det er altid for tidligt at give op !!\\&quot; Vil du ogs\\u00e5 dele din oplevelse, kontakt os p\\u00e5: &lt;a style=\\&quot;font-size:20px;\\&quot; href=\\&quot;mailto:vawuku@greenpeace.org\\&quot;&gt; &lt;\\\/a&gt;&lt;a href=\\&quot;mailto:emelie.eldridge@greenpeace.org\\&quot; target=\\&quot;_blank\\&quot; rel=\\&quot;noreferrer noopener\\&quot;&gt;info.dk@greenpeace.org&lt;\\\/a&gt;&lt;\\\/p&gt;&quot;,&quot;attachment&quot;:&quot;https:\\\/\\\/www.greenpeace.org\\\/static\\\/planet4-denmark-stateless\\\/2020\\\/04\\\/2dff6c86-action2020-cover-510x239.png&quot;,&quot;cta_link&quot;:&quot;https:\\\/\\\/www.greenpeace.org\\\/static\\\/planet4-denmark-stateless\\\/2020\\\/04\\\/02de5983-dkaction2020.pdf&quot;,&quot;cta_text&quot;:&quot;L\\u00e6s mere her&quot;,&quot;link_new_tab&quot;:true,&quot;attachment_srcset&quot;:&quot;https:\\\/\\\/www.greenpeace.org\\\/static\\\/planet4-denmark-stateless\\\/2020\\\/04\\\/2dff6c86-action2020-cover-510x239.png 510w, https:\\\/\\\/www.greenpeace.org\\\/static\\\/planet4-denmark-stateless\\\/2020\\\/04\\\/2dff6c86-action2020-cover-300x140.png 300w, https:\\\/\\\/www.greenpeace.org\\\/static\\\/planet4-denmark-stateless\\\/2020\\\/04\\\/2dff6c86-action2020-cover-768x359.png 768w, https:\\\/\\\/www.greenpeace.org\\\/static\\\/planet4-denmark-stateless\\\/2020\\\/04\\\/2dff6c86-action2020-cover.png 934w&quot;},{&quot;title&quot;:&quot;Man kan ikke spise penge!&lt;br&gt;&quot;,&quot;description&quot;:&quot;&lt;p style=\\&quot;font-size:20px;\\&quot;&gt;Bosse deler hvorfor han synes, det er vigtigt at efterlade en testament. Vil du ogs\\u00e5 dele din oplevelse, kontakt os p\\u00e5:&lt;a href=\\&quot;mailto:emelie.eldridge@greenpeace.org\\&quot; target=\\&quot;_blank\\&quot; rel=\\&quot;noreferrer noopener\\&quot;&gt; info.dk@greenpeace.org&lt;\\\/a&gt;&lt;\\\/p&gt;&quot;,&quot;attachment&quot;:&quot;https:\\\/\\\/www.greenpeace.org\\\/static\\\/planet4-denmark-stateless\\\/2020\\\/04\\\/9fa58096-actionh\\u00f6st2019-cover-510x274.png&quot;,&quot;cta_link&quot;:&quot;https:\\\/\\\/www.greenpeace.org\\\/static\\\/planet4-denmark-stateless\\\/2020\\\/04\\\/b68fe40b-dkaction2019e\\u00c5.pdf&quot;,&quot;cta_text&quot;:&quot;L\\u00e6s mere her&quot;,&quot;link_new_tab&quot;:true,&quot;attachment_srcset&quot;:&quot;https:\\\/\\\/www.greenpeace.org\\\/static\\\/planet4-denmark-stateless\\\/2020\\\/04\\\/9fa58096-actionh\\u00f6st2019-cover-510x274.png 510w, https:\\\/\\\/www.greenpeace.org\\\/static\\\/planet4-denmark-stateless\\\/2020\\\/04\\\/9fa58096-actionh\\u00f6st2019-cover-300x161.png 300w, https:\\\/\\\/www.greenpeace.org\\\/static\\\/planet4-denmark-stateless\\\/2020\\\/04\\\/9fa58096-actionh\\u00f6st2019-cover-768x413.png 768w, https:\\\/\\\/www.greenpeace.org\\\/static\\\/planet4-denmark-stateless\\\/2020\\\/04\\\/9fa58096-actionh\\u00f6st2019-cover.png 812w&quot;}],&quot;className&quot;:&quot;mt-5 pt-5&quot;}}\"><\/div><div data-render=\"planet4-blocks\/columns\" data-attributes=\"{&quot;attributes&quot;:{&quot;columns_block_style&quot;:&quot;image&quot;,&quot;columns_title&quot;:&quot;&quot;,&quot;columns&quot;:[{&quot;title&quot;:&quot;Vi har ikke ret til at \\u00f8del\\u00e6gge milj\\u00f8et!&lt;br&gt;&quot;,&quot;description&quot;:&quot;&lt;p style=\\&quot;font-size:20px;\\&quot;&gt; Yvonne Nilsson svarer p\\u00e5 sp\\u00f8rgsm\\u00e5let om, hvor hendes st\\u00e6rke k\\u00e6rlighed til naturen stammer fra. Del gjerne dine egen historie fra Greenpeace med os ved \\u00e5 sende e-post til:  &lt;a style=\\&quot;font-size:20px;\\&quot; href=\\&quot;mailto:vawuku@greenpeace.org\\&quot;&gt; &lt;\\\/a&gt;&lt;a href=\\&quot;mailto:emelie.eldridge@greenpeace.org\\&quot; target=\\&quot;_blank\\&quot; rel=\\&quot;noreferrer noopener\\&quot;&gt;info.dk@greenpeace.org&lt;\\\/a&gt;&lt;a&gt;.&lt;\\\/a&gt;&lt;\\\/p&gt;&quot;,&quot;attachment&quot;:&quot;https:\\\/\\\/www.greenpeace.org\\\/static\\\/planet4-denmark-stateless\\\/2020\\\/06\\\/45675c13-capture-510x288.jpg&quot;,&quot;cta_link&quot;:&quot;https:\\\/\\\/storage.googleapis.com\\\/planet4-norway-stateless\\\/2020\\\/06\\\/f122b33f-noaction2019v.pdf&quot;,&quot;cta_text&quot;:&quot;&quot;,&quot;link_new_tab&quot;:true,&quot;attachment_srcset&quot;:&quot;https:\\\/\\\/www.greenpeace.org\\\/static\\\/planet4-denmark-stateless\\\/2020\\\/06\\\/45675c13-capture-510x288.jpg 510w, https:\\\/\\\/www.greenpeace.org\\\/static\\\/planet4-denmark-stateless\\\/2020\\\/06\\\/45675c13-capture-300x169.jpg 300w, https:\\\/\\\/www.greenpeace.org\\\/static\\\/planet4-denmark-stateless\\\/2020\\\/06\\\/45675c13-capture-1024x578.jpg 1024w, https:\\\/\\\/www.greenpeace.org\\\/static\\\/planet4-denmark-stateless\\\/2020\\\/06\\\/45675c13-capture-768x434.jpg 768w, https:\\\/\\\/www.greenpeace.org\\\/static\\\/planet4-denmark-stateless\\\/2020\\\/06\\\/45675c13-capture.jpg 1135w&quot;},{&quot;title&quot;:&quot;Vores skibe&lt;br&gt;&quot;,&quot;description&quot;:&quot;&lt;p style=\\&quot;font-size:20px;\\&quot;&gt;Vores skibe er forrest i den aktive kamp for at beskytte planeten. Ofte i fjerne egne for at b\\u00e6re vidnesbyrd eller tage aktion imod milj\\u00f8destruktion. &lt;\\\/p&gt;&quot;,&quot;attachment&quot;:&quot;https:\\\/\\\/www.greenpeace.org\\\/static\\\/planet4-denmark-stateless\\\/2018\\\/10\\\/b1bd413f-gp1storu-510x340.jpg&quot;,&quot;cta_link&quot;:&quot;https:\\\/\\\/www.greenpeace.org\\\/denmark\\\/om-os\\\/skibe\\\/&quot;,&quot;cta_text&quot;:&quot;L\\u00e6s mere om vores skibe her&quot;,&quot;link_new_tab&quot;:true,&quot;attachment_srcset&quot;:&quot;https:\\\/\\\/www.greenpeace.org\\\/static\\\/planet4-denmark-stateless\\\/2018\\\/10\\\/b1bd413f-gp1storu-510x340.jpg 510w, https:\\\/\\\/www.greenpeace.org\\\/static\\\/planet4-denmark-stateless\\\/2018\\\/10\\\/b1bd413f-gp1storu-300x200.jpg 300w, https:\\\/\\\/www.greenpeace.org\\\/static\\\/planet4-denmark-stateless\\\/2018\\\/10\\\/b1bd413f-gp1storu-768x512.jpg 768w, https:\\\/\\\/www.greenpeace.org\\\/static\\\/planet4-denmark-stateless\\\/2018\\\/10\\\/b1bd413f-gp1storu-1024x683.jpg 1024w, https:\\\/\\\/www.greenpeace.org\\\/static\\\/planet4-denmark-stateless\\\/2018\\\/10\\\/b1bd413f-gp1storu.jpg 1200w&quot;}],&quot;className&quot;:&quot;mt-5 pt-5 has-medium-font-size&quot;}}\"><\/div>\n<div style=\"height:30px\" aria-hidden=\"true\" class=\"wp-block-spacer\"><\/div>\n\n<div class=\"wp-block-cover\"><span aria-hidden=\"true\" class=\"wp-block-cover__background has-black-background-color has-background-dim-30 has-background-dim\"><\/span><img loading=\"lazy\" decoding=\"async\" width=\"800\" height=\"533\" src=\"https:\/\/www.greenpeace.org\/static\/planet4-denmark-stateless\/2020\/06\/adff9583-gp0sttv2q_web_size.jpg\" class=\"wp-block-cover__image-background wp-post-image wp-stateless-item\" alt=\"Aktion for at bremse klimekrisen\" data-object-fit=\"cover\" srcset=\"https:\/\/www.greenpeace.org\/static\/planet4-denmark-stateless\/2020\/06\/adff9583-gp0sttv2q_web_size.jpg 800w, https:\/\/www.greenpeace.org\/static\/planet4-denmark-stateless\/2020\/06\/adff9583-gp0sttv2q_web_size-300x200.jpg 300w, https:\/\/www.greenpeace.org\/static\/planet4-denmark-stateless\/2020\/06\/adff9583-gp0sttv2q_web_size-768x512.jpg 768w, https:\/\/www.greenpeace.org\/static\/planet4-denmark-stateless\/2020\/06\/adff9583-gp0sttv2q_web_size-510x340.jpg 510w\" sizes=\"auto, (max-width: 800px) 100vw, 800px\" data-image-size=\"post-thumbnail\" data-stateless-media-bucket=\"planet4-denmark-stateless\" data-stateless-media-name=\"2020\/06\/adff9583-gp0sttv2q_web_size.jpg\" \/><div class=\"wp-block-cover__inner-container is-layout-constrained wp-block-cover-is-layout-constrained\">\n<p><\/p>\n\n\n\n<p><\/p>\n\n\n\n<p><\/p>\n\n\n\n<p><\/p>\n\n\n\n<p><\/p>\n\n\n\n<p><\/p>\n\n\n\n<h2 class=\"wp-block-heading has-text-align-center has-white-color has-text-color\">Tak fordi du er dig! Sammen er vi Greenpeace!<\/h2>\n<\/div><\/div>\n\n<div style=\"height:30px\" aria-hidden=\"true\" class=\"wp-block-spacer\"><\/div>\n\n<h3 class=\"wp-block-heading has-black-color has-text-color\"><strong>Greenpeace Nordens seneste \u00e5rsrapporter<\/strong><\/h3>\n\n<div class=\"wp-block-group is-layout-flow wp-block-group-is-layout-flow\">\n<div style=\"height:30px\" aria-hidden=\"true\" class=\"wp-block-spacer\"><\/div>\n\n\n\n<div class=\"wp-block-group is-layout-flex wp-block-group-is-layout-flex\">\n<figure class=\"wp-block-image size-large is-resized\"><a href=\"https:\/\/www.greenpeace.org\/static\/planet4-denmark-stateless\/2025\/05\/d35a2fcc-greenpeace-glossy-report-2024-7-may-2025.pdf\" target=\"_blank\" rel=\"noreferrer noopener\"><img loading=\"lazy\" decoding=\"async\" width=\"724\" height=\"1024\" src=\"https:\/\/www.greenpeace.org\/static\/planet4-denmark-stateless\/2025\/05\/d4028df0-greenpeace-glossy-report-2024-7-may-2025_cover-724x1024.jpg\" alt=\"\" class=\"wp-image-64785\" style=\"width:210px;height:auto\" srcset=\"https:\/\/www.greenpeace.org\/static\/planet4-denmark-stateless\/2025\/05\/d4028df0-greenpeace-glossy-report-2024-7-may-2025_cover-724x1024.jpg 724w, https:\/\/www.greenpeace.org\/static\/planet4-denmark-stateless\/2025\/05\/d4028df0-greenpeace-glossy-report-2024-7-may-2025_cover-212x300.jpg 212w, https:\/\/www.greenpeace.org\/static\/planet4-denmark-stateless\/2025\/05\/d4028df0-greenpeace-glossy-report-2024-7-may-2025_cover-768x1086.jpg 768w, https:\/\/www.greenpeace.org\/static\/planet4-denmark-stateless\/2025\/05\/d4028df0-greenpeace-glossy-report-2024-7-may-2025_cover-1086x1536.jpg 1086w, https:\/\/www.greenpeace.org\/static\/planet4-denmark-stateless\/2025\/05\/d4028df0-greenpeace-glossy-report-2024-7-may-2025_cover-1448x2048.jpg 1448w, https:\/\/www.greenpeace.org\/static\/planet4-denmark-stateless\/2025\/05\/d4028df0-greenpeace-glossy-report-2024-7-may-2025_cover-966x1366.jpg 966w, https:\/\/www.greenpeace.org\/static\/planet4-denmark-stateless\/2025\/05\/d4028df0-greenpeace-glossy-report-2024-7-may-2025_cover-240x340.jpg 240w, https:\/\/www.greenpeace.org\/static\/planet4-denmark-stateless\/2025\/05\/d4028df0-greenpeace-glossy-report-2024-7-may-2025_cover-scaled.jpg 1810w\" sizes=\"auto, (max-width: 724px) 100vw, 724px\" \/><\/a><\/figure>\n\n\n\n<figure class=\"wp-block-image size-large is-resized\"><a href=\"https:\/\/www.greenpeace.org\/static\/planet4-sweden-stateless\/2024\/10\/f5bc5de8-greenpeace-glossy-report-2023-version-final.pdf\" target=\"_blank\" rel=\"noreferrer noopener\"><img decoding=\"async\" src=\"https:\/\/www.greenpeace.org\/static\/planet4-sweden-stateless\/2024\/10\/cb94d05b-annualreport-2023-screenshot.png\" alt=\"\" style=\"width:210px;height:auto\"\/><\/a><\/figure>\n\n\n\n<figure class=\"wp-block-image\"><a href=\"https:\/\/www.greenpeace.org\/static\/planet4-sweden-stateless\/2023\/05\/57a51c6c-greenpeace-glossy-report-2022.pdf\" target=\"_blank\" rel=\"noreferrer noopener\"><img loading=\"lazy\" decoding=\"async\" width=\"212\" height=\"300\" src=\"https:\/\/www.greenpeace.org\/static\/planet4-denmark-stateless\/2023\/06\/86060d3f-greenpeace-annual-report-2022-1-scaled-1-212x300.jpg\" alt=\"\" class=\"wp-image-56799\" srcset=\"https:\/\/www.greenpeace.org\/static\/planet4-denmark-stateless\/2023\/06\/86060d3f-greenpeace-annual-report-2022-1-scaled-1-212x300.jpg 212w, https:\/\/www.greenpeace.org\/static\/planet4-denmark-stateless\/2023\/06\/86060d3f-greenpeace-annual-report-2022-1-scaled-1-724x1024.jpg 724w, https:\/\/www.greenpeace.org\/static\/planet4-denmark-stateless\/2023\/06\/86060d3f-greenpeace-annual-report-2022-1-scaled-1-768x1086.jpg 768w, https:\/\/www.greenpeace.org\/static\/planet4-denmark-stateless\/2023\/06\/86060d3f-greenpeace-annual-report-2022-1-scaled-1-1086x1536.jpg 1086w, https:\/\/www.greenpeace.org\/static\/planet4-denmark-stateless\/2023\/06\/86060d3f-greenpeace-annual-report-2022-1-scaled-1-1448x2048.jpg 1448w, https:\/\/www.greenpeace.org\/static\/planet4-denmark-stateless\/2023\/06\/86060d3f-greenpeace-annual-report-2022-1-scaled-1-966x1366.jpg 966w, https:\/\/www.greenpeace.org\/static\/planet4-denmark-stateless\/2023\/06\/86060d3f-greenpeace-annual-report-2022-1-scaled-1-240x340.jpg 240w, https:\/\/www.greenpeace.org\/static\/planet4-denmark-stateless\/2023\/06\/86060d3f-greenpeace-annual-report-2022-1-scaled-1.jpg 1810w\" sizes=\"auto, (max-width: 212px) 100vw, 212px\" \/><\/a><\/figure>\n\n\n\n<figure class=\"wp-block-image is-resized\"><a href=\"https:\/\/www.greenpeace.org\/static\/planet4-denmark-stateless\/2018\/10\/42366f36-greenpeace_annual_report_2013.pdf\" target=\"_blank\" rel=\"noreferrer noopener\"><img decoding=\"async\" src=\"https:\/\/www.greenpeace.org\/static\/planet4-denmark-stateless\/2023\/01\/355cc040-gp-nordic-2021-report-e1674478090816-212x300.png\" alt=\"Greenpeace Nordic annual report 2021\" style=\"width:212px;height:auto\"\/><\/a><\/figure>\n\n\n\n<figure class=\"wp-block-image size-medium\"><a href=\"https:\/\/www.greenpeace.org\/static\/planet4-denmark-stateless\/2021\/05\/0b631389-green-peace-annual-report-2020_web.pdf\" target=\"_blank\" rel=\"noreferrer noopener\"><img loading=\"lazy\" decoding=\"async\" width=\"212\" height=\"300\" src=\"https:\/\/www.greenpeace.org\/static\/planet4-denmark-stateless\/2021\/05\/fc1b034d-green-peace-annual-report-2020_web-1-212x300.png\" title=\"Greenpeace annual report 2020 front cover\" alt=\"Greenpeace annual report 2020 front cover\" class=\"wp-image-13283\" srcset=\"https:\/\/www.greenpeace.org\/static\/planet4-denmark-stateless\/2021\/05\/fc1b034d-green-peace-annual-report-2020_web-1-212x300.png 212w, https:\/\/www.greenpeace.org\/static\/planet4-denmark-stateless\/2021\/05\/fc1b034d-green-peace-annual-report-2020_web-1-724x1024.png 724w, https:\/\/www.greenpeace.org\/static\/planet4-denmark-stateless\/2021\/05\/fc1b034d-green-peace-annual-report-2020_web-1-768x1086.png 768w, https:\/\/www.greenpeace.org\/static\/planet4-denmark-stateless\/2021\/05\/fc1b034d-green-peace-annual-report-2020_web-1-1086x1536.png 1086w, https:\/\/www.greenpeace.org\/static\/planet4-denmark-stateless\/2021\/05\/fc1b034d-green-peace-annual-report-2020_web-1-966x1366.png 966w, https:\/\/www.greenpeace.org\/static\/planet4-denmark-stateless\/2021\/05\/fc1b034d-green-peace-annual-report-2020_web-1-240x340.png 240w, https:\/\/www.greenpeace.org\/static\/planet4-denmark-stateless\/2021\/05\/fc1b034d-green-peace-annual-report-2020_web-1.png 1240w\" sizes=\"auto, (max-width: 212px) 100vw, 212px\" \/><\/a><\/figure>\n\n\n\n<figure class=\"wp-block-image\"><a href=\"https:\/\/www.greenpeace.org\/static\/planet4-denmark-stateless\/2020\/09\/1243cc13-greenpeace_annual_report_2019.pdf\" target=\"_blank\" rel=\"noreferrer noopener\"><img loading=\"lazy\" decoding=\"async\" width=\"212\" height=\"300\" src=\"https:\/\/www.greenpeace.org\/static\/planet4-denmark-stateless\/2020\/09\/d74295df-annualr-2019-firstpage-212x300.jpg\" alt=\"\" class=\"wp-image-11035\" srcset=\"https:\/\/www.greenpeace.org\/static\/planet4-denmark-stateless\/2020\/09\/d74295df-annualr-2019-firstpage-212x300.jpg 212w, https:\/\/www.greenpeace.org\/static\/planet4-denmark-stateless\/2020\/09\/d74295df-annualr-2019-firstpage-240x340.jpg 240w, https:\/\/www.greenpeace.org\/static\/planet4-denmark-stateless\/2020\/09\/d74295df-annualr-2019-firstpage.jpg 474w\" sizes=\"auto, (max-width: 212px) 100vw, 212px\" \/><\/a><\/figure>\n\n\n\n<figure class=\"wp-block-image\"><a href=\"https:\/\/www.greenpeace.org\/static\/planet4-denmark-stateless\/2023\/01\/1813395e-greenpeace_nordic_annual_report_2018_web.pdf\" target=\"_blank\" rel=\"noreferrer noopener\"><img loading=\"lazy\" decoding=\"async\" width=\"212\" height=\"300\" src=\"https:\/\/www.greenpeace.org\/static\/planet4-denmark-stateless\/2019\/08\/c2f6f238-e5103386-screenshot-2019-05-16-at-08.52.08-212x300.png\" alt=\"\" class=\"wp-image-3227\" srcset=\"https:\/\/www.greenpeace.org\/static\/planet4-denmark-stateless\/2019\/08\/c2f6f238-e5103386-screenshot-2019-05-16-at-08.52.08-212x300.png 212w, https:\/\/www.greenpeace.org\/static\/planet4-denmark-stateless\/2019\/08\/c2f6f238-e5103386-screenshot-2019-05-16-at-08.52.08-768x1086.png 768w, https:\/\/www.greenpeace.org\/static\/planet4-denmark-stateless\/2019\/08\/c2f6f238-e5103386-screenshot-2019-05-16-at-08.52.08-724x1024.png 724w, https:\/\/www.greenpeace.org\/static\/planet4-denmark-stateless\/2019\/08\/c2f6f238-e5103386-screenshot-2019-05-16-at-08.52.08-966x1366.png 966w, https:\/\/www.greenpeace.org\/static\/planet4-denmark-stateless\/2019\/08\/c2f6f238-e5103386-screenshot-2019-05-16-at-08.52.08-240x340.png 240w, https:\/\/www.greenpeace.org\/static\/planet4-denmark-stateless\/2019\/08\/c2f6f238-e5103386-screenshot-2019-05-16-at-08.52.08.png 1148w\" sizes=\"auto, (max-width: 212px) 100vw, 212px\" \/><\/a><\/figure>\n\n\n\n<figure class=\"wp-block-image\"><a href=\"https:\/\/www.greenpeace.org\/static\/planet4-denmark-stateless\/2018\/10\/2283f542-thumbnail_annual_report_2017.png\" target=\"_blank\" rel=\"noopener noreferrer\"><img loading=\"lazy\" decoding=\"async\" width=\"210\" height=\"300\" src=\"https:\/\/www.greenpeace.org\/static\/planet4-denmark-stateless\/2018\/10\/2283f542-thumbnail_annual_report_2017-210x300.png\" alt=\"\" class=\"wp-image-1875\" srcset=\"https:\/\/www.greenpeace.org\/static\/planet4-denmark-stateless\/2018\/10\/2283f542-thumbnail_annual_report_2017-210x300.png 210w, https:\/\/www.greenpeace.org\/static\/planet4-denmark-stateless\/2018\/10\/2283f542-thumbnail_annual_report_2017-768x1100.png 768w, https:\/\/www.greenpeace.org\/static\/planet4-denmark-stateless\/2018\/10\/2283f542-thumbnail_annual_report_2017-715x1024.png 715w, https:\/\/www.greenpeace.org\/static\/planet4-denmark-stateless\/2018\/10\/2283f542-thumbnail_annual_report_2017-954x1366.png 954w, https:\/\/www.greenpeace.org\/static\/planet4-denmark-stateless\/2018\/10\/2283f542-thumbnail_annual_report_2017-237x340.png 237w, https:\/\/www.greenpeace.org\/static\/planet4-denmark-stateless\/2018\/10\/2283f542-thumbnail_annual_report_2017.png 1200w\" sizes=\"auto, (max-width: 210px) 100vw, 210px\" \/><\/a><\/figure>\n\n\n\n<figure class=\"wp-block-image\"><a href=\"https:\/\/www.greenpeace.org\/static\/planet4-denmark-stateless\/2018\/10\/4c1c39e4-thumbnail_annual_report_2016.png\" target=\"_blank\" rel=\"noopener noreferrer\"><img loading=\"lazy\" decoding=\"async\" width=\"209\" height=\"300\" src=\"https:\/\/www.greenpeace.org\/static\/planet4-denmark-stateless\/2018\/10\/4c1c39e4-thumbnail_annual_report_2016-209x300.png\" alt=\"\" class=\"wp-image-1876\" srcset=\"https:\/\/www.greenpeace.org\/static\/planet4-denmark-stateless\/2018\/10\/4c1c39e4-thumbnail_annual_report_2016-209x300.png 209w, https:\/\/www.greenpeace.org\/static\/planet4-denmark-stateless\/2018\/10\/4c1c39e4-thumbnail_annual_report_2016-768x1100.png 768w, https:\/\/www.greenpeace.org\/static\/planet4-denmark-stateless\/2018\/10\/4c1c39e4-thumbnail_annual_report_2016-715x1024.png 715w, https:\/\/www.greenpeace.org\/static\/planet4-denmark-stateless\/2018\/10\/4c1c39e4-thumbnail_annual_report_2016-954x1366.png 954w, https:\/\/www.greenpeace.org\/static\/planet4-denmark-stateless\/2018\/10\/4c1c39e4-thumbnail_annual_report_2016-237x340.png 237w, https:\/\/www.greenpeace.org\/static\/planet4-denmark-stateless\/2018\/10\/4c1c39e4-thumbnail_annual_report_2016.png 1198w\" sizes=\"auto, (max-width: 209px) 100vw, 209px\" \/><\/a><\/figure>\n\n\n\n<figure class=\"wp-block-image\"><img loading=\"lazy\" decoding=\"async\" width=\"211\" height=\"300\" src=\"https:\/\/www.greenpeace.org\/static\/planet4-denmark-stateless\/2018\/10\/5249969c-thumbnail_annual_report_2015-211x300.png\" alt=\"\" class=\"wp-image-1877\" srcset=\"https:\/\/www.greenpeace.org\/static\/planet4-denmark-stateless\/2018\/10\/5249969c-thumbnail_annual_report_2015-211x300.png 211w, https:\/\/www.greenpeace.org\/static\/planet4-denmark-stateless\/2018\/10\/5249969c-thumbnail_annual_report_2015-768x1094.png 768w, https:\/\/www.greenpeace.org\/static\/planet4-denmark-stateless\/2018\/10\/5249969c-thumbnail_annual_report_2015-719x1024.png 719w, https:\/\/www.greenpeace.org\/static\/planet4-denmark-stateless\/2018\/10\/5249969c-thumbnail_annual_report_2015-959x1366.png 959w, https:\/\/www.greenpeace.org\/static\/planet4-denmark-stateless\/2018\/10\/5249969c-thumbnail_annual_report_2015-239x340.png 239w, https:\/\/www.greenpeace.org\/static\/planet4-denmark-stateless\/2018\/10\/5249969c-thumbnail_annual_report_2015.png 1202w\" sizes=\"auto, (max-width: 211px) 100vw, 211px\" \/><\/figure>\n\n\n\n<figure class=\"wp-block-image\"><a href=\"https:\/\/www.greenpeace.org\/static\/planet4-denmark-stateless\/2018\/10\/9eba4508-greenpeace_annual_report_2014.pdf\"><img loading=\"lazy\" decoding=\"async\" width=\"212\" height=\"300\" src=\"https:\/\/www.greenpeace.org\/static\/planet4-denmark-stateless\/2018\/10\/c6526f97-thumbnail_annual_report_2014-212x300.png\" alt=\"\" class=\"wp-image-1878\" srcset=\"https:\/\/www.greenpeace.org\/static\/planet4-denmark-stateless\/2018\/10\/c6526f97-thumbnail_annual_report_2014-212x300.png 212w, https:\/\/www.greenpeace.org\/static\/planet4-denmark-stateless\/2018\/10\/c6526f97-thumbnail_annual_report_2014-768x1087.png 768w, https:\/\/www.greenpeace.org\/static\/planet4-denmark-stateless\/2018\/10\/c6526f97-thumbnail_annual_report_2014-724x1024.png 724w, https:\/\/www.greenpeace.org\/static\/planet4-denmark-stateless\/2018\/10\/c6526f97-thumbnail_annual_report_2014-966x1366.png 966w, https:\/\/www.greenpeace.org\/static\/planet4-denmark-stateless\/2018\/10\/c6526f97-thumbnail_annual_report_2014-240x340.png 240w, https:\/\/www.greenpeace.org\/static\/planet4-denmark-stateless\/2018\/10\/c6526f97-thumbnail_annual_report_2014.png 1244w\" sizes=\"auto, (max-width: 212px) 100vw, 212px\" \/><\/a><\/figure>\n\n\n\n<figure class=\"wp-block-image\"><a href=\"https:\/\/www.greenpeace.org\/static\/planet4-denmark-stateless\/2018\/10\/42366f36-greenpeace_annual_report_2013.pdf\"><img loading=\"lazy\" decoding=\"async\" width=\"211\" height=\"300\" src=\"https:\/\/www.greenpeace.org\/static\/planet4-denmark-stateless\/2018\/10\/8ae1f67d-thumbnail_annual_report_2013-211x300.png\" title=\"Greenpeace annual report 2013\" alt=\"Greenpeace annual report 2013\" class=\"wp-image-1880\" srcset=\"https:\/\/www.greenpeace.org\/static\/planet4-denmark-stateless\/2018\/10\/8ae1f67d-thumbnail_annual_report_2013-211x300.png 211w, https:\/\/www.greenpeace.org\/static\/planet4-denmark-stateless\/2018\/10\/8ae1f67d-thumbnail_annual_report_2013-768x1089.png 768w, https:\/\/www.greenpeace.org\/static\/planet4-denmark-stateless\/2018\/10\/8ae1f67d-thumbnail_annual_report_2013-722x1024.png 722w, https:\/\/www.greenpeace.org\/static\/planet4-denmark-stateless\/2018\/10\/8ae1f67d-thumbnail_annual_report_2013-963x1366.png 963w, https:\/\/www.greenpeace.org\/static\/planet4-denmark-stateless\/2018\/10\/8ae1f67d-thumbnail_annual_report_2013-240x340.png 240w, https:\/\/www.greenpeace.org\/static\/planet4-denmark-stateless\/2018\/10\/8ae1f67d-thumbnail_annual_report_2013.png 1252w\" sizes=\"auto, (max-width: 211px) 100vw, 211px\" \/><\/a><\/figure>\n\n\n\n<p>      <a href=\"https:\/\/www.greenpeace.org\/static\/planet4-denmark-stateless\/2018\/10\/2d246fab-greenpeace_annual_report_2015.pdf\"> <\/a> <\/p>\n<\/div>\n\n\n\n<div style=\"height:30px\" aria-hidden=\"true\" class=\"wp-block-spacer\"><\/div>\n<\/div>\n\n<div style=\"height:70px\" aria-hidden=\"true\" class=\"wp-block-spacer\"><\/div>\n<div data-render=\"planet4-blocks\/columns\" data-attributes=\"{&quot;attributes&quot;:{&quot;columns_block_style&quot;:&quot;icons&quot;,&quot;columns_title&quot;:&quot;Vil du vide mere?&quot;,&quot;columns&quot;:[{&quot;title&quot;:&quot;Hvad g\\u00e5r dine penge til?&quot;,&quot;description&quot;:&quot;&lt;p style=\\&quot;font-size:18px;\\&quot;&gt;Herunder kan du l\\u00e6se mere om, hvordan vi forvalter din st\\u00f8tte. Din st\\u00f8tte g\\u00e5r b\\u00e5de til vores langsigtede kampagnearbejde og vores igangv\\u00e6rende projekter. Vi bruger vores midler, hvor det er n\\u00f8dvendigt, og vi kan derfor ikke \\u00f8rem\\u00e6rke dem. Det g\\u00f8r os i stand til hurtigt at agere, n\\u00e5r milj\\u00f8problemer opst\\u00e5r&lt;\\\/p&gt;&quot;,&quot;attachment&quot;:&quot;https:\\\/\\\/storage.googleapis.com\\\/planet4-denmark-stateless-develop\\\/2018\\\/06\\\/ebfa5ed4-organisation-2.png&quot;,&quot;cta_link&quot;:&quot;https:\\\/\\\/stoet.greenpeace.org\\\/d\\\/hvad-gaar-dine-penge-til&quot;,&quot;link_new_tab&quot;:true,&quot;attachment_srcset&quot;:false},{&quot;title&quot;:&quot;Vores v\\u00e6rdier&quot;,&quot;description&quot;:&quot;&lt;p style=\\&quot;font-size:18px;\\&quot;&gt;Handling siger mere end ord. Politikere og forretningsledere taler alt for ofte om milj\\u00f8et, mens de handler alt for sj\\u00e6ldent. Greenpeace bekender sig til de fire principper, der indg\\u00e5r i civil ulydighed. Greenpeace er politisk og \\u00f8konomisk uafh\\u00e6ngig. Vi tager ikke imod bidrag fra hverken erhvervsliv, stater eller mellemstatslige organer s\\u00e5som EU eller FN.&lt;\\\/p&gt;&quot;,&quot;attachment&quot;:&quot;https:\\\/\\\/storage.googleapis.com\\\/planet4-denmark-stateless-develop\\\/2018\\\/06\\\/e42569b2-values.png&quot;,&quot;cta_link&quot;:&quot;https:\\\/\\\/www.greenpeace.org\\\/denmark\\\/om-os\\\/vaerdier\\\/&quot;,&quot;link_new_tab&quot;:true,&quot;cta_text&quot;:&quot;&quot;,&quot;attachment_srcset&quot;:false},{&quot;title&quot;:&quot;Bes\\u00f8g vores nordiske familie&quot;,&quot;description&quot;:&quot;&lt;p style=\\&quot;font-size:20px;\\&quot;&gt;Greenpeace Norden har fire kontorer, du kan l\\u00e6se mere om vores naboer her:&lt;span style=\\&quot;background-color: var(--body--background-color, #ffffff); color: var(--body--color, #020202); font-family: var(--body--font-family, Lora, serif); font-weight: var(--bs-body-font-weight); text-align: var(--bs-body-text-align);\\&quot;&gt; &lt;\\\/span&gt;&lt;a style=\\&quot;background-color: var(--body--background-color, #ffffff); font-family: var(--body--font-family, Lora, serif); font-weight: var(--bs-body-font-weight); text-align: var(--bs-body-text-align);\\&quot; href=\\&quot;https:\\\/\\\/www.greenpeace.org\\\/sweden\\\/\\&quot; target=\\&quot;_blank\\&quot;&gt;Bes\\u00f8g Greenpeace Sverige&lt;\\\/a&gt;&lt;span style=\\&quot;background-color: var(--body--background-color, #ffffff); color: var(--body--color, #020202); font-family: var(--body--font-family, Lora, serif); font-weight: var(--bs-body-font-weight); text-align: var(--bs-body-text-align);\\&quot;&gt;, &lt;\\\/span&gt;&lt;a style=\\&quot;background-color: var(--body--background-color, #ffffff); font-family: var(--body--font-family, Lora, serif); font-weight: var(--bs-body-font-weight); text-align: var(--bs-body-text-align);\\&quot; href=\\&quot;https:\\\/\\\/www.greenpeace.org\\\/norway\\\/\\&quot; target=\\&quot;_blank\\&quot;&gt;Greenpeace Norge&lt;\\\/a&gt;&lt;span style=\\&quot;background-color: var(--body--background-color, #ffffff); color: var(--body--color, #020202); font-family: var(--body--font-family, Lora, serif); font-weight: var(--bs-body-font-weight); text-align: var(--bs-body-text-align);\\&quot;&gt;, &lt;\\\/span&gt;&lt;a style=\\&quot;background-color: var(--body--background-color, #ffffff); font-family: var(--body--font-family, Lora, serif); font-weight: var(--bs-body-font-weight); text-align: var(--bs-body-text-align);\\&quot; href=\\&quot;https:\\\/\\\/www.greenpeace.org\\\/finland\\\/\\&quot; target=\\&quot;_blank\\&quot;&gt;Greenpeace Finland&lt;\\\/a&gt;&lt;span style=\\&quot;background-color: var(--body--background-color, #ffffff); color: var(--body--color, #020202); font-family: var(--body--font-family, Lora, serif); font-weight: var(--bs-body-font-weight); text-align: var(--bs-body-text-align);\\&quot;&gt;  &lt;\\\/span&gt;&lt;\\\/p&gt;&quot;,&quot;attachment&quot;:&quot;https:\\\/\\\/www.greenpeace.org\\\/static\\\/planet4-denmark-stateless\\\/2020\\\/04\\\/24ef8336-offices-150x150-1-150x150.png&quot;,&quot;cta_link&quot;:&quot;&quot;,&quot;link_new_tab&quot;:false,&quot;attachment_srcset&quot;:false},{&quot;title&quot;:&quot;Ofte stillede sp\\u00f8rgsm\\u00e5l&quot;,&quot;description&quot;:&quot;&lt;p style=\\&quot;font-size:20px;\\&quot;&gt;Du kan kontakte os p\\u00e5 &lt;span style=\\&quot;font-size: var(--text--x-large-and-up--font-size,1.25rem); color: var(--body--color, #020202); font-family: var(--body--font-family, Lora, serif); font-weight: var(--bs-body-font-weight); text-align: var(--bs-body-text-align); background-color: var(--body--background-color, #ffffff);\\&quot;&gt;tlf. 33 93 53 44 (\\u00e5bent man-tor 9-16 &amp;amp; fre 9-15) eller ved at sende en mail til: &lt;\\\/span&gt;&lt;a style=\\&quot;font-size: var(--text--x-large-and-up--font-size,1.25rem); font-family: var(--body--font-family, Lora, serif); font-weight: var(--bs-body-font-weight); text-align: var(--bs-body-text-align); background-color: var(--body--background-color, #ffffff);\\&quot; href=\\&quot;mailto:info.dk@greenpeace.org\\&quot;&gt;info.dk@greenpeace.org &lt;\\\/a&gt;&lt;\\\/p&gt;&quot;,&quot;attachment&quot;:&quot;https:\\\/\\\/storage.googleapis.com\\\/planet4-denmark-stateless-develop\\\/2018\\\/06\\\/2638fccd-gp-ships.png&quot;,&quot;cta_link&quot;:&quot;https:\\\/\\\/stoet.greenpeace.org\\\/ofte-stillede-spoergsmaal&quot;,&quot;cta_text&quot;:&quot;&quot;,&quot;link_new_tab&quot;:true,&quot;attachment_srcset&quot;:false}],&quot;className&quot;:&quot;align-text-top&quot;}}\"><\/div>\n<div style=\"height:50px\" aria-hidden=\"true\" class=\"wp-block-spacer\"><\/div>\n<div data-render=\"planet4-blocks\/columns\" data-attributes=\"{&quot;attributes&quot;:{&quot;columns_block_style&quot;:&quot;icons&quot;,&quot;columns_title&quot;:&quot;En uafh\\u00e6ngig organisation&quot;,&quot;columns&quot;:[{&quot;title&quot;:&quot;Vores historie&quot;,&quot;description&quot;:&quot;&lt;p style=\\&quot;font-size: 20px;\\&quot;&gt;Greenpeaces f\\u00f8rste aktion i 1971 markerede begyndelsen p\\u00e5 en til tider dramatisk historie, der nu har varet i over 45 \\u00e5r. Det er en historie om mennesker, der ved f\\u00e6lles indsats arbejder m\\u00e5lrettet for at beskytte milj\\u00f8et. Verden over er Greenpeace kendt for at v\\u00e6re mennesker, der taler milj\\u00f8ets sag. &lt;\\\/p&gt;&quot;,&quot;attachment&quot;:&quot;https:\\\/\\\/storage.googleapis.com\\\/planet4-denmark-stateless-develop\\\/2018\\\/06\\\/e42569b2-values.png&quot;,&quot;cta_link&quot;:&quot;https:\\\/\\\/www.greenpeace.org\\\/denmark\\\/om-os\\\/vores-historie\\\/&quot;,&quot;link_new_tab&quot;:false,&quot;attachment_srcset&quot;:false},{&quot;title&quot;:&quot;Donorpolitik&quot;,&quot;description&quot;:&quot;&lt;p style=\\&quot;font-size: 20px;\\&quot;&gt;Jo flere vi er, desto mere kan vi g\\u00f8re! Din st\\u00f8tte g\\u00f8r det muligt for os at unders\\u00f8ge, dokumentere og gennemf\\u00f8re aktioner og kampagner for at beskytte milj\\u00f8et. Greenpeace modtager ikke penge fra stat eller erhvervsliv, og det g\\u00f8r os i stand til at v\\u00e6re en uafh\\u00e6ngig stemme.  &lt;\\\/p&gt;&quot;,&quot;attachment&quot;:&quot;https:\\\/\\\/storage.googleapis.com\\\/planet4-denmark-stateless-develop\\\/2018\\\/06\\\/5e74800c-support-us.png&quot;,&quot;cta_link&quot;:&quot;https:\\\/\\\/stoet.greenpeace.org\\\/betingelser&quot;,&quot;link_new_tab&quot;:false,&quot;cta_text&quot;:&quot;&quot;,&quot;attachment_srcset&quot;:false},{&quot;title&quot;:&quot;Vi beskytter dine personoplysninger&quot;,&quot;description&quot;:&quot;&lt;p style=\\&quot;font-size: 20px;\\&quot;&gt;Hos Greenpeace har vi en grundl\\u00e6ggende pligt til at beskytte dine personoplysninger, s\\u00e5 du ikke skal bekymre dig, n\\u00e5r du giver os din st\\u00f8tte og deltager i vores kampagner. Her kan du l\\u00e6se om, hvordan vi h\\u00e5ndterer dine personoplysninger. &lt;\\\/p&gt;&quot;,&quot;attachment&quot;:&quot;https:\\\/\\\/storage.googleapis.com\\\/planet4-denmark-stateless-develop\\\/2018\\\/06\\\/47a0b301-organisation.png&quot;,&quot;cta_link&quot;:&quot;https:\\\/\\\/stoet.greenpeace.org\\\/betingelser#qa-question-2&quot;,&quot;cta_text&quot;:&quot;&quot;,&quot;link_new_tab&quot;:false,&quot;attachment_srcset&quot;:false}],&quot;className&quot;:&quot;is-style-icons&quot;}}\"><\/div>\n<div style=\"height:50px\" aria-hidden=\"true\" class=\"wp-block-spacer\"><\/div>\n\n<div class=\"wp-block-cover alignfull is-light has-parallax\"><div class=\"wp-block-cover__image-background wp-image-57443 has-parallax\" style=\"background-position:50% 50%;background-image:url(https:\/\/www.greenpeace.org\/static\/planet4-denmark-stateless\/2023\/08\/2de92e7f-bos_demo-scaled.jpg)\"><\/div><span aria-hidden=\"true\" class=\"wp-block-cover__background has-background-dim\"><\/span><div class=\"wp-block-cover__inner-container is-layout-flow wp-block-cover-is-layout-flow\">\n<div class=\"wp-block-group is-layout-constrained wp-block-group-is-layout-constrained\">\n<div style=\"height:30px\" aria-hidden=\"true\" class=\"wp-block-spacer\"><\/div>\n\n\n\n<h3 class=\"wp-block-heading has-text-align-center has-white-color has-text-color\">Bestil vores testamente folder i dag. \u201cEn verden v\u00e6rd at k\u00e6mpe for!\u201d (gratis) ved at klikke her.<\/h3>\n\n\n\n<div style=\"height:30px\" aria-hidden=\"true\" class=\"wp-block-spacer\"><\/div>\n\n\n\n<div class=\"wp-block-group is-content-justification-center is-layout-flex wp-container-core-group-is-layout-6274c98b wp-block-group-is-layout-flex\">\n<div class=\"wp-block-button aligncenter is-style-cta\"><a class=\"wp-block-button__link has-green-500-background-color has-background has-medium-font-size has-custom-font-size wp-element-button\" href=\"https:\/\/forms.gle\/fnqXdLz5Yy1S1jrb7\" target=\"_blank\" rel=\"noopener noreferrer noreferrer noopener\">Bestil testamentefolderen<\/a><\/div>\n<\/div>\n\n\n\n<div style=\"height:20px\" aria-hidden=\"true\" class=\"wp-block-spacer\"><\/div>\n<\/div>\n<\/div><\/div>\n\n<script src=\"https:\/\/embed.lawly.io\/shim.js\" data-app=\"80\" data-product=\"1\" async><\/script>\n","protected":false},"excerpt":{"rendered":"<p>Greenpeace arbejder med at kortl\u00e6gge trusler mod vores milj\u00f8, fremh\u00e6ver l\u00f8sninger, driver uvildig forskning, p\u00e5virker politiske beslutngstagere og laver aktioner for at g\u00e5 fra ord til handling for at beskytte milj\u00f8et Testamentariske gaver, store som sm\u00e5, er meget v\u00e6rdifulde bidrag til vores arbejde. Da Greenpeace ikke modtager penge fra virksomheder eller stater, kan en stor gave i et testamente v\u00e6re grundlaget for en hel kampagne.<\/p>\n","protected":false},"author":45,"featured_media":10477,"parent":9,"menu_order":0,"comment_status":"closed","ping_status":"closed","template":"","meta":{"ep_exclude_from_search":false,"p4_hide_page_title_checkbox":"on","p4_title":"","p4_subtitle":"","p4_description":"","background_image_id":"","background_image":"","p4_button_title":"","p4_button_link":"","p4_button_link_checkbox":"","p4_og_title":"","p4_og_description":"","p4_og_image":"","p4_og_image_id":"","p4_seo_canonical_url":"","p4_campaign_name":"not set","p4_local_project":"not set","p4_basket_name":"not set","p4_department":"","footnotes":""},"categories":[4],"tags":[29],"class_list":["post-5409","page","type-page","status-publish","has-post-thumbnail","hentry","category-greenpeace","tag-stot-os"],"_links":{"self":[{"href":"https:\/\/www.greenpeace.org\/denmark\/wp-json\/wp\/v2\/pages\/5409","targetHints":{"allow":["GET"]}}],"collection":[{"href":"https:\/\/www.greenpeace.org\/denmark\/wp-json\/wp\/v2\/pages"}],"about":[{"href":"https:\/\/www.greenpeace.org\/denmark\/wp-json\/wp\/v2\/types\/page"}],"author":[{"embeddable":true,"href":"https:\/\/www.greenpeace.org\/denmark\/wp-json\/wp\/v2\/users\/45"}],"replies":[{"embeddable":true,"href":"https:\/\/www.greenpeace.org\/denmark\/wp-json\/wp\/v2\/comments?post=5409"}],"version-history":[{"count":20,"href":"https:\/\/www.greenpeace.org\/denmark\/wp-json\/wp\/v2\/pages\/5409\/revisions"}],"predecessor-version":[{"id":68050,"href":"https:\/\/www.greenpeace.org\/denmark\/wp-json\/wp\/v2\/pages\/5409\/revisions\/68050"}],"up":[{"embeddable":true,"href":"https:\/\/www.greenpeace.org\/denmark\/wp-json\/wp\/v2\/pages\/9"}],"wp:featuredmedia":[{"embeddable":true,"href":"https:\/\/www.greenpeace.org\/denmark\/wp-json\/wp\/v2\/media\/10477"}],"wp:attachment":[{"href":"https:\/\/www.greenpeace.org\/denmark\/wp-json\/wp\/v2\/media?parent=5409"}],"wp:term":[{"taxonomy":"category","embeddable":true,"href":"https:\/\/www.greenpeace.org\/denmark\/wp-json\/wp\/v2\/categories?post=5409"},{"taxonomy":"post_tag","embeddable":true,"href":"https:\/\/www.greenpeace.org\/denmark\/wp-json\/wp\/v2\/tags?post=5409"}],"curies":[{"name":"wp","href":"https:\/\/api.w.org\/{rel}","templated":true}]}}