{"id":54185,"date":"2023-01-13T15:09:42","date_gmt":"2023-01-13T14:09:42","guid":{"rendered":"https:\/\/www.greenpeace.org\/denmark\/?page_id=54185"},"modified":"2026-04-08T10:43:29","modified_gmt":"2026-04-08T08:43:29","slug":"klimakrisen","status":"publish","type":"page","link":"https:\/\/www.greenpeace.org\/denmark\/klimaforandringer\/klimakrisen\/","title":{"rendered":"Klimakrisen"},"content":{"rendered":"\n<div class=\"wp-block-group is-pattern-p4-deep-dive-topic-pattern-layout mb-0 is-layout-flow wp-block-group-is-layout-flow\">\n<div class=\"wp-block-group alignfull has-grey-100-background-color has-background is-layout-flow wp-block-group-is-layout-flow\" style=\"padding-top:56px;padding-bottom:56px\">\n<div class=\"wp-block-group container is-layout-flow wp-block-group-is-layout-flow\">\n<div class=\"wp-block-media-text alignfull has-media-on-the-right is-stacked-on-mobile is-pattern-p4-page-header is-style-parallax\"><div class=\"wp-block-media-text__content\">\n<div class=\"wp-block-group is-layout-flow wp-block-group-is-layout-flow\">\n<h1 class=\"wp-block-heading has-grey-100-background-color has-background\">Klimakrisen<\/h1>\n<\/div>\n\n\n\n<p style=\"font-size:1.25rem\"><strong>Klimaforandringer<\/strong> er de \u00e6ndringer, der sker med vores klima over l\u00e6ngere tid i forhold tiltemperatur og vejrforhold. Det er is\u00e6r menneskets afbr\u00e6nding af fossile br\u00e6ndsler siden industrialiseringen, der nu betyder, at klimakrisen truer livet p\u00e5 jorden.<\/p>\n\n\n\n<div class=\"wp-block-buttons is-layout-flex wp-block-buttons-is-layout-flex\">\n<div class=\"wp-block-button is-style-cta\"><a class=\"wp-block-button__link wp-element-button\" href=\"https:\/\/www.greenpeace.org\/denmark\/vaer-med\/ikkemintilladelse\/\" target=\"_blank\" rel=\"noreferrer noopener\">Kr\u00e6v klimaretf\u00e6rdighed nu<\/a><\/div>\n<\/div>\n<\/div><figure class=\"wp-block-media-text__media\"><img loading=\"lazy\" decoding=\"async\" width=\"800\" height=\"533\" src=\"https:\/\/www.greenpeace.org\/static\/planet4-denmark-stateless\/2023\/01\/d6246909-gp1swkop_web_size.jpg\" alt=\"To b\u00f8rn sv\u00f8mmer i vandmasserne ved oversv\u00f8mmelse i Palangka Raya i Indonesien.\" sizes=\"auto, (min-width: 601px) 50vw, 100vw\" srcset=\"https:\/\/www.greenpeace.org\/static\/planet4-denmark-stateless\/2023\/01\/d6246909-gp1swkop_web_size.jpg 800w, https:\/\/www.greenpeace.org\/static\/planet4-denmark-stateless\/2023\/01\/d6246909-gp1swkop_web_size-300x200.jpg 300w, https:\/\/www.greenpeace.org\/static\/planet4-denmark-stateless\/2023\/01\/d6246909-gp1swkop_web_size-768x512.jpg 768w, https:\/\/www.greenpeace.org\/static\/planet4-denmark-stateless\/2023\/01\/d6246909-gp1swkop_web_size-510x340.jpg 510w\" class=\"wp-image-54685 size-full\"\/><\/figure><\/div>\n<\/div>\n<\/div>\n\n\n<style>.wp-block-group.alignfull.has-background.is-layout-flow{padding:0!important;}<\/style>\n\n<div style=\"height:15px\" aria-hidden=\"true\" class=\"wp-block-spacer\"><\/div>\n\n<div class=\"wp-block-columns is-style-mobile-carousel secondary-menu is-layout-flex wp-container-core-columns-is-layout-9d6595d7 wp-block-columns-is-layout-flex\">\n<div class=\"wp-block-column is-layout-flow wp-block-column-is-layout-flow\" style=\"flex-basis:15%\"><\/div>\n\n\n\n<div class=\"wp-block-column brdr-bottom is-layout-flow wp-block-column-is-layout-flow\">\n<div class=\"wp-block-group is-style-reset-margin flex-wrap is-content-justification-center is-nowrap is-layout-flex wp-container-core-group-is-layout-499140ed wp-block-group-is-layout-flex\">\n<p class=\"has-text-align-center is-style-roboto-font-family nav-link\" style=\"font-size:16px\"><a href=\"#problemet\"><strong>Problemet<\/strong><\/a><\/p>\n\n\n\n<div style=\"height:30px;width:0px\" aria-hidden=\"true\" class=\"wp-block-spacer wp-container-content-b0b89ccb\"><\/div>\n\n\n\n<p>\u2022<\/p>\n\n\n\n<div style=\"height:30px;width:0px\" aria-hidden=\"true\" class=\"wp-block-spacer wp-container-content-b0b89ccb\"><\/div>\n\n\n\n<p class=\"has-text-align-center is-style-roboto-font-family nav-link\" style=\"font-size:16px\"><a href=\"#hvad-vi-goer\"><strong>Hvad vi g\u00f8r<\/strong><\/a><\/p>\n\n\n\n<div style=\"height:30px;width:0px\" aria-hidden=\"true\" class=\"wp-block-spacer wp-container-content-b0b89ccb\"><\/div>\n\n\n\n<p>\u2022<\/p>\n\n\n\n<div style=\"height:30px;width:0px\" aria-hidden=\"true\" class=\"wp-block-spacer wp-container-content-b0b89ccb\"><\/div>\n\n\n\n<p class=\"has-text-align-center is-style-roboto-font-family nav-link\" style=\"font-size:16px\"><a href=\"#hvad-kan-du-goere\"><strong>Hvad kan du g\u00f8re<\/strong><\/a><\/p>\n\n\n\n<div style=\"height:30px;width:0px\" aria-hidden=\"true\" class=\"wp-block-spacer wp-container-content-b0b89ccb\"><\/div>\n\n\n\n<p>\u2022<\/p>\n\n\n\n<div style=\"height:30px;width:0px\" aria-hidden=\"true\" class=\"wp-block-spacer wp-container-content-b0b89ccb\"><\/div>\n\n\n\n<p class=\"is-style-roboto-font-family nav-link\" style=\"font-size:16px\"><a href=\"#seneste-nyt\"><strong>Seneste nyt<\/strong><\/a><\/p>\n\n\n\n<div style=\"height:30px;width:0px\" aria-hidden=\"true\" class=\"wp-block-spacer wp-container-content-cf2db169\"><\/div>\n<\/div>\n<\/div>\n\n\n\n<div class=\"wp-block-column is-layout-flow wp-block-column-is-layout-flow\" style=\"flex-basis:15%\"><\/div>\n<\/div>\n\n\n\n<div style=\"height:64px\" aria-hidden=\"true\" class=\"wp-block-spacer\"><\/div>\n\n\n\n\n<div class=\"wp-block-media-text alignwide is-stacked-on-mobile is-image-fill-element\" id=\"problemet\"><figure class=\"wp-block-media-text__media\"><img loading=\"lazy\" decoding=\"async\" width=\"800\" height=\"533\" src=\"https:\/\/www.greenpeace.org\/static\/planet4-denmark-stateless\/2023\/01\/35f4d3f4-gp0stpoua_web_size.jpg\" alt=\"Kvinde b\u00e6rer br\u00e6nde under t\u00f8rke i Khomnal Village i Maharashtra i Indien.\" sizes=\"auto, (min-width: 1600px) calc((1320px - 24px) \/ 2),(min-width: 1200px) calc((1140px - 24px) \/ 2),(min-width: 992px) calc((960px - 24px) \/ 2),(min-width: 768px) calc((720px - 24px) \/ 2),(min-width: 601px) calc((540px - 24px) \/ 2),(min-width: 577px) calc((540px - 24px) \/ 1), calc(100vw - 24px)\" srcset=\"https:\/\/www.greenpeace.org\/static\/planet4-denmark-stateless\/2023\/01\/35f4d3f4-gp0stpoua_web_size.jpg 800w, https:\/\/www.greenpeace.org\/static\/planet4-denmark-stateless\/2023\/01\/35f4d3f4-gp0stpoua_web_size-300x200.jpg 300w, https:\/\/www.greenpeace.org\/static\/planet4-denmark-stateless\/2023\/01\/35f4d3f4-gp0stpoua_web_size-768x512.jpg 768w, https:\/\/www.greenpeace.org\/static\/planet4-denmark-stateless\/2023\/01\/35f4d3f4-gp0stpoua_web_size-510x340.jpg 510w\" class=\"wp-image-54699 size-full\" style=\"object-position:80% 39%\"\/><\/figure><div class=\"wp-block-media-text__content\">\n<div style=\"height:30px\" aria-hidden=\"true\" class=\"wp-block-spacer\"><\/div>\n\n\n\n<h2 class=\"wp-block-heading\">Hvad er problemet med klimakrisen?<\/h2>\n\n\n\n<p>Det er dyrelivet og de mest udsatte og s\u00e5rbare mennesker i vores samfund som b\u00f8rn, \u00e6ldre og marginaliserede befolkningsgrupper, der bliver ramt h\u00e5rdest af <strong>klimaforandringerne<\/strong> og ekstremt vejr. Det er ikke retf\u00e6rdigt, for det er samtidig dem, der har bidraget mindst til klimaets tilstand.<\/p>\n\n\n\n<p>Klimakrisen er dog en trussel for alt liv p\u00e5 kloden. Vi m\u00e6rker dem p\u00e5 forskellige m\u00e5der. For eksempel som ekstrem t\u00f8rke og hedeb\u00f8lger, der skaber mangel p\u00e5 drikkevand, f\u00e5r landbrugets h\u00f8st til at sl\u00e5 fejl, og f\u00f8rer til skovbrande ude af kontrol, der h\u00e6rger store landomr\u00e5der og s\u00e6tter planter, dyr og folks hjem i flammer. Andre steder m\u00e6rkes det i form af hyppigere oversv\u00f8mmelser p\u00e5 grund af mere voldsomme regnskyl eller stormflod p\u00e5 grund af stigninger i vandstanden.<\/p>\n\n\n\n<p>Hvis vi ikke sk\u00e6rer ned i udledningen af drivhusgasser som CO2, ansl\u00e5r forskere, at kloden er p\u00e5 vej mod en temperaturstigning p\u00e5 omkring 3 grader. FN\u2019s klimapanel sl\u00e5r fast, at katastrofen vil ramme hurtigere og med st\u00f8rre styrke, end vi hidtil har troet.<\/p>\n\n\n\n<div class=\"wp-block-buttons is-layout-flex wp-block-buttons-is-layout-flex\"><\/div>\n\n\n\n<div style=\"height:30px\" aria-hidden=\"true\" class=\"wp-block-spacer\"><\/div>\n<\/div><\/div>\n\n\n\n\n\n<div class=\"wp-block-media-text alignwide has-media-on-the-right is-stacked-on-mobile is-image-fill-element mb-4\" id=\"hvad-vi-goer\"><div class=\"wp-block-media-text__content\">\n<div style=\"height:30px\" aria-hidden=\"true\" class=\"wp-block-spacer\"><\/div>\n\n\n\n<h2 class=\"wp-block-heading\">Greenpeace arbejder for klimaet<\/h2>\n\n\n\n<p>Klimakrisen er alvorlig, men vi ved, hvad der skal g\u00f8res ved det. Derfor arbejder Greenpeace b\u00e5de i Danmark og globalt for at nedbringe udledningen af CO2 og andre drivhusgasser.<\/p>\n\n\n\n<p>Det er afg\u00f8rende for, at verdens lande kan indfri l\u00f8ftet i Parisaftelen fra 2015 om at holde stigningen i den globale temperatur s\u00e5 langt under 1.5 grader, som muligt.<\/p>\n\n\n\n<p>Det er ogs\u00e5 afg\u00f8rende for at indfri forpligtelsen i den danske klimalov om at reducere drivhusgasudledningen med 70 procent i 2030.<\/p>\n\n\n\n<p>Gennem aktioner, debatter, kampagner, informationsdeling og m\u00f8der presser vi politikere og industrier til at:<\/p>\n\n\n\n<p><strong>&#8211; Udfase olie, kul og gas <\/strong>hurtigst muligt og omstille til 100 pct. vedvarende energi.<br>&#8211;<strong> Alle sektorer leverer markant reduktion af drivhusgasser.<\/strong> Det g\u00e6lder b\u00e5de transport, energiproduktion, landbrug og industri mm.<br><strong>&#8211; Omstille landbruget til en mere klimavenlig produktion<\/strong> med flere planter og mindre dyrehold.<br><strong>&#8211; Indf\u00f8re klimaafgifter<\/strong> og retvisende priser p\u00e5 forurening.<br><strong>&#8211; Stoppe massiv f\u00e6ldning af verdens skove.<\/strong> For Danmark betyder det, at al import at soja skal stoppes senest i 2030. Produktion af soja sker p\u00e5 bekostning af verdens regnskove.<\/p>\n\n\n\n<div class=\"wp-block-buttons is-layout-flex wp-block-buttons-is-layout-flex\"><\/div>\n\n\n\n<div style=\"height:30px\" aria-hidden=\"true\" class=\"wp-block-spacer\"><\/div>\n<\/div><figure class=\"wp-block-media-text__media\"><img loading=\"lazy\" decoding=\"async\" width=\"800\" height=\"534\" src=\"https:\/\/www.greenpeace.org\/static\/planet4-denmark-stateless\/2023\/01\/c512efc2-gp1t51ej_web_size.jpg\" alt=\"To kvinder holder banner til klimaprotest i London\" sizes=\"auto, (min-width: 1600px) calc((1320px - 24px) \/ 2),(min-width: 1200px) calc((1140px - 24px) \/ 2),(min-width: 992px) calc((960px - 24px) \/ 2),(min-width: 768px) calc((720px - 24px) \/ 2),(min-width: 601px) calc((540px - 24px) \/ 2),(min-width: 577px) calc((540px - 24px) \/ 1), calc(100vw - 24px)\" srcset=\"https:\/\/www.greenpeace.org\/static\/planet4-denmark-stateless\/2023\/01\/c512efc2-gp1t51ej_web_size.jpg 800w, https:\/\/www.greenpeace.org\/static\/planet4-denmark-stateless\/2023\/01\/c512efc2-gp1t51ej_web_size-300x200.jpg 300w, https:\/\/www.greenpeace.org\/static\/planet4-denmark-stateless\/2023\/01\/c512efc2-gp1t51ej_web_size-768x513.jpg 768w, https:\/\/www.greenpeace.org\/static\/planet4-denmark-stateless\/2023\/01\/c512efc2-gp1t51ej_web_size-510x340.jpg 510w\" class=\"wp-image-54730 size-full\" style=\"object-position:54% 52%\"\/><\/figure><\/div>\n\n\n\n\n<div style=\"height:30px\" aria-hidden=\"true\" id=\"hvad-kan-du-goere\" class=\"wp-block-spacer\"><\/div>\n\n\n\n<div class=\"wp-block-query mb-0 actions-list p4-query-loop is-custom-layout-carousel is-layout-flex wp-block-query-is-layout-flex\">\n<h2 class=\"wp-block-heading\">Hvad kan du g\u00f8re for klimaet<\/h2>\n\n\n\n<p style=\"margin-top: 24px; margin-bottom: 32px;\">Det er vigtigt, at vi alle sammen bidrager for at nedbringe <strong>klimaforandringerne<\/strong> og skabe mere klimaretf\u00e6rdighed. Det kan du bedst g\u00f8re ved at:<br><br>1. <strong>Sk\u00e6re ned for din egen brug af fossile br\u00e6ndsler.<\/strong> <br>Begr\u00e6ns flyvning, opf\u00f8r vedvarende energi som solceller eller solpaneler i hjemmet, k\u00f8r i elbil, delebil eller mere i tog.<br><br>2. <strong>Sk\u00e6re ned p\u00e5 k\u00f8dforbruget og spis flere planter.<\/strong> <br>Det er mere klimavenligt, fordi produktion af k\u00f8d er forbundet med stor udledning af drivhusgasser som lattergas og metan.<br><br>3. <strong>Bruge mindre plastic.<\/strong> <br>Hvis vi ikke sk\u00e6rer ned vil produktion og afskaffelse af plastic st\u00e5 for 17 % af det globale CO2 regnskab i 2050.<br><br>4. <strong><a rel=u0022noreferrer noopeneru0022 href=u0022https:\/\/stoet.greenpeace.org\/d\/~min-donationu0022 target=u0022_blanku0022>St\u00f8t Greenpeace med et fast m\u00e5nedligt bidrag<\/a>.<\/strong><\/p>\n\n\n\n\n<ul class=\"wp-block-post-template is-layout-flow wp-block-post-template-is-layout-flow\"><li class=\"wp-block-post post-67635 page type-page status-publish has-post-thumbnail hentry category-greenpeace category-klimaforandringer tag-fossilenergi tag-klima\">\n<figure class=\"wp-block-post-featured-image\"><img loading=\"lazy\" decoding=\"async\" width=\"2190\" height=\"1643\" src=\"https:\/\/www.greenpeace.org\/static\/planet4-denmark-stateless\/2024\/05\/21f23796-helene-og-marianne.jpg\" class=\"attachment-post-thumbnail size-post-thumbnail wp-post-image wp-stateless-item\" alt=\"\" style=\"object-fit:cover;\" srcset=\"https:\/\/www.greenpeace.org\/static\/planet4-denmark-stateless\/2024\/05\/21f23796-helene-og-marianne.jpg 2190w, https:\/\/www.greenpeace.org\/static\/planet4-denmark-stateless\/2024\/05\/21f23796-helene-og-marianne-300x225.jpg 300w, https:\/\/www.greenpeace.org\/static\/planet4-denmark-stateless\/2024\/05\/21f23796-helene-og-marianne-1024x768.jpg 1024w, https:\/\/www.greenpeace.org\/static\/planet4-denmark-stateless\/2024\/05\/21f23796-helene-og-marianne-768x576.jpg 768w, https:\/\/www.greenpeace.org\/static\/planet4-denmark-stateless\/2024\/05\/21f23796-helene-og-marianne-1536x1152.jpg 1536w, https:\/\/www.greenpeace.org\/static\/planet4-denmark-stateless\/2024\/05\/21f23796-helene-og-marianne-2048x1536.jpg 2048w, https:\/\/www.greenpeace.org\/static\/planet4-denmark-stateless\/2024\/05\/21f23796-helene-og-marianne-1821x1366.jpg 1821w, https:\/\/www.greenpeace.org\/static\/planet4-denmark-stateless\/2024\/05\/21f23796-helene-og-marianne-453x340.jpg 453w\" sizes=\"auto, (max-width: 2190px) 100vw, 2190px\" data-image-size=\"post-thumbnail\" data-stateless-media-bucket=\"planet4-denmark-stateless\" data-stateless-media-name=\"2024\/05\/21f23796-helene-og-marianne.jpg\" \/><\/figure>\n\n\n                <div class=\"wp-block-group group-stretched-link is-layout-flow wp-block-group-is-layout-flow\"><div class=\"wp-block-post-terms\">Greenpeace<\/div>\n                <h3 class=\"wp-block-post-title\"><a href=\"https:\/\/www.greenpeace.org\/denmark\/vaer-med\/horingssvar-hejre\/\" target=\"_self\" >Stop Hejrefeltet &#8211; h\u00f8ringssvar<\/a><\/h3>\n                <div class=\"wp-block-post-excerpt\"><p class=\"wp-block-post-excerpt__excerpt\">Er du enig i at planerne om at \u00e5bne et nyt oliefelt skal stoppes? S\u00e5 skriv dit eget h\u00f8ringssvar nedenfor <\/p><\/div><\/div>\n                \n\n\n<div class=\"wp-block-group read-more-nav is-layout-flow wp-block-group-is-layout-flow\"><a href=\"https:\/\/www.greenpeace.org\/denmark\/vaer-med\/horingssvar-hejre\/\" class=\"btn btn-primary btn-small\" aria-label=\"V\u00e6r med\">V\u00e6r med<\/a><\/div>\n\n<\/li><li class=\"wp-block-post post-67444 page type-page status-publish has-post-thumbnail hentry category-klimaforandringer tag-menneskerettigheder tag-arktis\">\n<figure class=\"wp-block-post-featured-image\"><img loading=\"lazy\" decoding=\"async\" width=\"800\" height=\"600\" src=\"https:\/\/www.greenpeace.org\/static\/planet4-denmark-stateless\/2026\/01\/8739a6bd-design-uden-navn-8.png\" class=\"attachment-post-thumbnail size-post-thumbnail wp-post-image wp-stateless-item\" alt=\"\" style=\"object-fit:cover;\" srcset=\"https:\/\/www.greenpeace.org\/static\/planet4-denmark-stateless\/2026\/01\/8739a6bd-design-uden-navn-8.png 800w, https:\/\/www.greenpeace.org\/static\/planet4-denmark-stateless\/2026\/01\/8739a6bd-design-uden-navn-8-300x225.png 300w, https:\/\/www.greenpeace.org\/static\/planet4-denmark-stateless\/2026\/01\/8739a6bd-design-uden-navn-8-768x576.png 768w, https:\/\/www.greenpeace.org\/static\/planet4-denmark-stateless\/2026\/01\/8739a6bd-design-uden-navn-8-453x340.png 453w\" sizes=\"auto, (max-width: 800px) 100vw, 800px\" data-image-size=\"post-thumbnail\" data-stateless-media-bucket=\"planet4-denmark-stateless\" data-stateless-media-name=\"2026\/01\/8739a6bd-design-uden-navn-8.png\" \/><\/figure>\n\n\n                <div class=\"wp-block-group group-stretched-link is-layout-flow wp-block-group-is-layout-flow\"><div class=\"wp-block-post-terms\">Klimaforandringer<\/div>\n                <h3 class=\"wp-block-post-title\"><a href=\"https:\/\/www.greenpeace.org\/denmark\/vaer-med\/foelg-det-faelles-moralske-kompas\/\" target=\"_self\" >Kr\u00e6v modigt lederskab og solidaritet<\/a><\/h3>\n                <div class=\"wp-block-post-excerpt\"><p class=\"wp-block-post-excerpt__excerpt\">Skriv under p\u00e5 det \u00e5bne brev \ud83d\udce9 V\u00e6r med i det globale opr\u00e5b, og sig tydeligt fra. <\/p><\/div><\/div>\n                \n\n\n<div class=\"wp-block-group read-more-nav is-layout-flow wp-block-group-is-layout-flow\"><a href=\"https:\/\/www.greenpeace.org\/denmark\/vaer-med\/foelg-det-faelles-moralske-kompas\/\" class=\"btn btn-primary btn-small\" aria-label=\"V\u00e6r med\">V\u00e6r med<\/a><\/div>\n\n<\/li><li class=\"wp-block-post post-64535 page type-page status-publish has-post-thumbnail hentry category-greenpeace category-klimaforandringer tag-aktivisme tag-menneskerettigheder\">\n<figure class=\"wp-block-post-featured-image\"><img loading=\"lazy\" decoding=\"async\" width=\"1500\" height=\"898\" src=\"https:\/\/www.greenpeace.org\/static\/planet4-denmark-stateless\/2025\/05\/573a016d-trump-time-to-resist.jpg\" class=\"attachment-post-thumbnail size-post-thumbnail wp-post-image wp-stateless-item\" alt=\"\" style=\"object-fit:cover;\" srcset=\"https:\/\/www.greenpeace.org\/static\/planet4-denmark-stateless\/2025\/05\/573a016d-trump-time-to-resist.jpg 1500w, https:\/\/www.greenpeace.org\/static\/planet4-denmark-stateless\/2025\/05\/573a016d-trump-time-to-resist-300x180.jpg 300w, https:\/\/www.greenpeace.org\/static\/planet4-denmark-stateless\/2025\/05\/573a016d-trump-time-to-resist-1024x613.jpg 1024w, https:\/\/www.greenpeace.org\/static\/planet4-denmark-stateless\/2025\/05\/573a016d-trump-time-to-resist-768x460.jpg 768w, https:\/\/www.greenpeace.org\/static\/planet4-denmark-stateless\/2025\/05\/573a016d-trump-time-to-resist-510x305.jpg 510w\" sizes=\"auto, (max-width: 1500px) 100vw, 1500px\" data-image-size=\"post-thumbnail\" data-stateless-media-bucket=\"planet4-denmark-stateless\" data-stateless-media-name=\"2025\/05\/573a016d-trump-time-to-resist.jpg\" \/><\/figure>\n\n\n                <div class=\"wp-block-group group-stretched-link is-layout-flow wp-block-group-is-layout-flow\"><div class=\"wp-block-post-terms\">Greenpeace<\/div>\n                <h3 class=\"wp-block-post-title\"><a href=\"https:\/\/www.greenpeace.org\/denmark\/vaer-med\/vores-demokrati-er-under-angreb\/\" target=\"_self\" >Vores demokrati er under angreb\ud83d\ude36<\/a><\/h3>\n                <div class=\"wp-block-post-excerpt\"><p class=\"wp-block-post-excerpt__excerpt\">De fleste danskere er vokset op i en tid med demokrati, lighed og frihed. Men lige nu er de v\u00e6rdier, vi s\u00e6tter s\u00e5 h\u00f8jt, under angreb over hele verden. #TimeToResist <\/p><\/div><\/div>\n                \n\n\n<div class=\"wp-block-group read-more-nav is-layout-flow wp-block-group-is-layout-flow\"><a href=\"https:\/\/www.greenpeace.org\/denmark\/vaer-med\/vores-demokrati-er-under-angreb\/\" class=\"btn btn-primary btn-small\" aria-label=\"V\u00e6r med\">V\u00e6r med<\/a><\/div>\n\n<\/li><li class=\"wp-block-post post-56456 page type-page status-publish has-post-thumbnail hentry category-klimaforandringer category-natur tag-okosystem tag-truededyrearter tag-skovrydning tag-klima\">\n<figure class=\"wp-block-post-featured-image\"><img loading=\"lazy\" decoding=\"async\" width=\"6912\" height=\"3456\" src=\"https:\/\/www.greenpeace.org\/static\/planet4-denmark-stateless\/2023\/06\/5faa8f7a-traeer.png\" class=\"attachment-post-thumbnail size-post-thumbnail wp-post-image wp-stateless-item\" alt=\"\" style=\"object-fit:cover;\" srcset=\"https:\/\/www.greenpeace.org\/static\/planet4-denmark-stateless\/2023\/06\/5faa8f7a-traeer.png 6912w, https:\/\/www.greenpeace.org\/static\/planet4-denmark-stateless\/2023\/06\/5faa8f7a-traeer-300x150.png 300w, https:\/\/www.greenpeace.org\/static\/planet4-denmark-stateless\/2023\/06\/5faa8f7a-traeer-1024x512.png 1024w, https:\/\/www.greenpeace.org\/static\/planet4-denmark-stateless\/2023\/06\/5faa8f7a-traeer-768x384.png 768w, https:\/\/www.greenpeace.org\/static\/planet4-denmark-stateless\/2023\/06\/5faa8f7a-traeer-1536x768.png 1536w, https:\/\/www.greenpeace.org\/static\/planet4-denmark-stateless\/2023\/06\/5faa8f7a-traeer-2048x1024.png 2048w, https:\/\/www.greenpeace.org\/static\/planet4-denmark-stateless\/2023\/06\/5faa8f7a-traeer-510x255.png 510w\" sizes=\"auto, (max-width: 6912px) 100vw, 6912px\" data-image-size=\"post-thumbnail\" data-stateless-media-bucket=\"planet4-denmark-stateless\" data-stateless-media-name=\"2023\/06\/5faa8f7a-traeer.png\" \/><\/figure>\n\n\n                <div class=\"wp-block-group group-stretched-link is-layout-flow wp-block-group-is-layout-flow\"><div class=\"wp-block-post-terms\">Klimaforandringer<\/div>\n                <h3 class=\"wp-block-post-title\"><a href=\"https:\/\/www.greenpeace.org\/denmark\/vaer-med\/biodiversitetskrise\/\" target=\"_self\" >Fremtiden er det, vi g\u00f8r nu<\/a><\/h3>\n                <div class=\"wp-block-post-excerpt\"><p class=\"wp-block-post-excerpt__excerpt\">Biodiversitet er en foruds\u00e6tning for alt liv p\u00e5 jorden. Men i dag er mere end 31.000 forskellige dyrearter udrydningstruede. <\/p><\/div><\/div>\n                \n\n\n<div class=\"wp-block-group read-more-nav is-layout-flow wp-block-group-is-layout-flow\"><a href=\"https:\/\/www.greenpeace.org\/denmark\/vaer-med\/biodiversitetskrise\/\" class=\"btn btn-primary btn-small\" aria-label=\"V\u00e6r med\">V\u00e6r med<\/a><\/div>\n\n<\/li><li class=\"wp-block-post post-50793 page type-page status-publish has-post-thumbnail hentry category-klimaforandringer tag-klima tag-menneskerettigheder\">\n<figure class=\"wp-block-post-featured-image\"><img loading=\"lazy\" decoding=\"async\" width=\"600\" height=\"400\" src=\"https:\/\/www.greenpeace.org\/static\/planet4-denmark-stateless\/2022\/03\/109950ce-gp0sttxay_low_res_with_credit_line.jpg\" class=\"attachment-post-thumbnail size-post-thumbnail wp-post-image wp-stateless-item\" alt=\"\" style=\"object-fit:cover;\" srcset=\"https:\/\/www.greenpeace.org\/static\/planet4-denmark-stateless\/2022\/03\/109950ce-gp0sttxay_low_res_with_credit_line.jpg 600w, https:\/\/www.greenpeace.org\/static\/planet4-denmark-stateless\/2022\/03\/109950ce-gp0sttxay_low_res_with_credit_line-300x200.jpg 300w, https:\/\/www.greenpeace.org\/static\/planet4-denmark-stateless\/2022\/03\/109950ce-gp0sttxay_low_res_with_credit_line-510x340.jpg 510w\" sizes=\"auto, (max-width: 600px) 100vw, 600px\" data-image-size=\"post-thumbnail\" data-stateless-media-bucket=\"planet4-denmark-stateless\" data-stateless-media-name=\"2022\/03\/109950ce-gp0sttxay_low_res_with_credit_line.jpg\" \/><\/figure>\n\n\n                <div class=\"wp-block-group group-stretched-link is-layout-flow wp-block-group-is-layout-flow\"><div class=\"wp-block-post-terms\">Klimaforandringer<\/div>\n                <h3 class=\"wp-block-post-title\"><a href=\"https:\/\/www.greenpeace.org\/denmark\/vaer-med\/klimaretfaerdighed\/\" target=\"_self\" >Klimaretf\u00e6rdighed<\/a><\/h3>\n                <div class=\"wp-block-post-excerpt\"><p class=\"wp-block-post-excerpt__excerpt\">Klimakrisen rammer sk\u00e6vt og det er is\u00e6r er verdens fattigste der lider store tab &#8211; d\u00f8deligheden er 15 gange h\u00f8jere i de mest klimas\u00e5rbare regioner det seneste \u00e5rti end i de mindst s\u00e5rbare regioner. <\/p><\/div><\/div>\n                \n\n\n<div class=\"wp-block-group read-more-nav is-layout-flow wp-block-group-is-layout-flow\"><a href=\"https:\/\/www.greenpeace.org\/denmark\/vaer-med\/klimaretfaerdighed\/\" class=\"btn btn-primary btn-small\" aria-label=\"V\u00e6r med\">V\u00e6r med<\/a><\/div>\n\n<\/li><li class=\"wp-block-post post-5141 page type-page status-publish has-post-thumbnail hentry category-klimaforandringer category-natur tag-klima tag-klimalosninger tag-okosystem tag-energilosninger tag-atomkraftnejtak tag-fossilenergi tag-gronmad\">\n<figure class=\"wp-block-post-featured-image\"><img loading=\"lazy\" decoding=\"async\" width=\"1048\" height=\"697\" src=\"https:\/\/www.greenpeace.org\/static\/planet4-denmark-stateless\/2021\/08\/d0757f13-gettyimages-1234407019.jpg\" class=\"attachment-post-thumbnail size-post-thumbnail wp-post-image wp-stateless-item\" alt=\"Klimaforandringer for\u00e5rsager brande\" style=\"object-fit:cover;\" srcset=\"https:\/\/www.greenpeace.org\/static\/planet4-denmark-stateless\/2021\/08\/d0757f13-gettyimages-1234407019.jpg 1048w, https:\/\/www.greenpeace.org\/static\/planet4-denmark-stateless\/2021\/08\/d0757f13-gettyimages-1234407019-300x200.jpg 300w, https:\/\/www.greenpeace.org\/static\/planet4-denmark-stateless\/2021\/08\/d0757f13-gettyimages-1234407019-1024x681.jpg 1024w, https:\/\/www.greenpeace.org\/static\/planet4-denmark-stateless\/2021\/08\/d0757f13-gettyimages-1234407019-768x511.jpg 768w, https:\/\/www.greenpeace.org\/static\/planet4-denmark-stateless\/2021\/08\/d0757f13-gettyimages-1234407019-510x340.jpg 510w\" sizes=\"auto, (max-width: 1048px) 100vw, 1048px\" data-image-size=\"post-thumbnail\" data-stateless-media-bucket=\"planet4-denmark-stateless\" data-stateless-media-name=\"2021\/08\/d0757f13-gettyimages-1234407019.jpg\" \/><\/figure>\n\n\n                <div class=\"wp-block-group group-stretched-link is-layout-flow wp-block-group-is-layout-flow\"><div class=\"wp-block-post-terms\">Klimaforandringer<\/div>\n                <h3 class=\"wp-block-post-title\"><a href=\"https:\/\/www.greenpeace.org\/denmark\/vaer-med\/klimakrise-er-her-nu\/\" target=\"_self\" >Stop klimakrisen<\/a><\/h3>\n                <div class=\"wp-block-post-excerpt\"><p class=\"wp-block-post-excerpt__excerpt\">Ny klimarapport afsl\u00f8rer, klimakrisen rammer os hurtigere og h\u00e5rdere, end hidtil troet. L\u00e6s mere om hvad der skal til for at bremse klimaforandringer. <\/p><\/div><\/div>\n                \n\n\n<div class=\"wp-block-group read-more-nav is-layout-flow wp-block-group-is-layout-flow\"><a href=\"https:\/\/www.greenpeace.org\/denmark\/vaer-med\/klimakrise-er-her-nu\/\" class=\"btn btn-primary btn-small\" aria-label=\"V\u00e6r med\">V\u00e6r med<\/a><\/div>\n\n<\/li><li class=\"wp-block-post post-3816 page type-page status-publish has-post-thumbnail hentry category-klimaforandringer category-landbrug tag-klima tag-koedproduktion tag-skovrydning tag-truededyrearter\">\n<figure class=\"wp-block-post-featured-image\"><img loading=\"lazy\" decoding=\"async\" width=\"560\" height=\"560\" src=\"https:\/\/www.greenpeace.org\/static\/planet4-denmark-stateless\/2019\/11\/b9ec001e-before-after-square.jpg\" class=\"attachment-post-thumbnail size-post-thumbnail wp-post-image wp-stateless-item\" alt=\"Amazonas regnskov before-after-square\" style=\"object-fit:cover;\" srcset=\"https:\/\/www.greenpeace.org\/static\/planet4-denmark-stateless\/2019\/11\/b9ec001e-before-after-square.jpg 560w, https:\/\/www.greenpeace.org\/static\/planet4-denmark-stateless\/2019\/11\/b9ec001e-before-after-square-300x300.jpg 300w, https:\/\/www.greenpeace.org\/static\/planet4-denmark-stateless\/2019\/11\/b9ec001e-before-after-square-150x150.jpg 150w, https:\/\/www.greenpeace.org\/static\/planet4-denmark-stateless\/2019\/11\/b9ec001e-before-after-square-340x340.jpg 340w\" sizes=\"auto, (max-width: 560px) 100vw, 560px\" data-image-size=\"post-thumbnail\" data-stateless-media-bucket=\"planet4-denmark-stateless\" data-stateless-media-name=\"2019\/11\/b9ec001e-before-after-square.jpg\" \/><\/figure>\n\n\n                <div class=\"wp-block-group group-stretched-link is-layout-flow wp-block-group-is-layout-flow\"><div class=\"wp-block-post-terms\">Klimaforandringer<\/div>\n                <h3 class=\"wp-block-post-title\"><a href=\"https:\/\/www.greenpeace.org\/denmark\/vaer-med\/amazonas\/\" target=\"_self\" >Beskyt Amazonas nu<\/a><\/h3>\n                <div class=\"wp-block-post-excerpt\"><p class=\"wp-block-post-excerpt__excerpt\">Amazonas er under voldsomt pres fra en voksende sojaindustri, kv\u00e6gopdr\u00e6t, d\u00e6mningsbyggerier og industriel skovhugst. <\/p><\/div><\/div>\n                \n\n\n<div class=\"wp-block-group read-more-nav is-layout-flow wp-block-group-is-layout-flow\"><a href=\"https:\/\/www.greenpeace.org\/denmark\/vaer-med\/amazonas\/\" class=\"btn btn-primary btn-small\" aria-label=\"V\u00e6r med\">V\u00e6r med<\/a><\/div>\n\n<\/li><\/ul>\n\n\n<div class=\"wp-block-buttons carousel-controls is-horizontal is-content-justification-space-between is-nowrap is-layout-flex wp-container-core-buttons-is-layout-044bd602 wp-block-buttons-is-layout-flex\">\n<div class=\"wp-block-button carousel-control-prev\"><button type=\"button\" class=\"wp-block-button__link wp-element-button\">Prev<\/button><\/div>\n\n\n\n<div class=\"wp-block-button carousel-control-next\"><button type=\"button\" class=\"wp-block-button__link wp-element-button\">Next<\/button><\/div>\n<\/div>\n\n\n\n<div class=\"wp-block-buttons load-more-actions-container is-content-justification-center is-layout-flex wp-container-core-buttons-is-layout-16018d1d wp-block-buttons-is-layout-flex\">\n<div class=\"wp-block-button is-style-secondary\"><button type=\"button\" class=\"wp-block-button__link wp-element-button\">Load more<\/button><\/div>\n<\/div>\n<\/div>\n\n\n\n<div style=\"height:10px\" aria-hidden=\"true\" id=\"seneste-nyt\" class=\"wp-block-spacer\"><\/div>\n\n\n\n<div class=\"wp-block-query posts-list mt-0 p4-query-loop is-custom-layout-list is-layout-flow wp-block-query-is-layout-flow\">\n<div class=\"wp-block-group is-content-justification-space-between is-layout-flex wp-container-core-group-is-layout-3d213aab wp-block-group-is-layout-flex\">\n<h2 class=\"wp-block-heading\">Seneste nyt<\/h2>\n\n\n<li class=\" wp-block-navigation-item see-all-link wp-block-navigation-link\"><a class=\"wp-block-navigation-item__content\"  href=\"http:\/\/www.greenpeace.org\/denmark\/nyhed\/?tag=klima&#038;post-type=nyhed\"><span class=\"wp-block-navigation-item__label\">See all stories<\/span><\/a><\/li><\/div>\n\n\n\n<p style=\"margin-top:24px;margin-bottom:36px\">Hold dig opdateret om vores klimaarbejde her<\/p>\n\n\n\n\n<ul class=\"wp-block-post-template is-layout-flow wp-block-post-template-is-layout-flow\"><li class=\"wp-block-post post-81599 post type-post status-publish format-standard has-post-thumbnail hentry category-hav category-klimaforandringer tag-fossilenergi tag-klima tag-aktivisme tag-olie p4-page-type-nyhed\">\n\n<div class=\"wp-block-columns is-layout-flex wp-container-core-columns-is-layout-9d6595d7 wp-block-columns-is-layout-flex\"><figure class=\"wp-block-post-featured-image\"><a href=\"https:\/\/www.greenpeace.org\/denmark\/nyhed\/klimaforandringer\/aktion-med-lys-og-vand-til-christiansborg-goer-os-fri-af-olie-og-gas\/\" target=\"_self\"  ><img loading=\"lazy\" decoding=\"async\" width=\"2048\" height=\"1365\" src=\"https:\/\/www.greenpeace.org\/static\/planet4-denmark-stateless\/2026\/04\/e18e5190-26-04-23_oil-is-war_0148_web.jpg\" class=\"attachment-post-thumbnail size-post-thumbnail wp-post-image wp-stateless-item\" alt=\"Aktion med lys og vand til Christiansborg: G\u00f8r os fri af olie og gas\" style=\"object-fit:cover;\" srcset=\"https:\/\/www.greenpeace.org\/static\/planet4-denmark-stateless\/2026\/04\/e18e5190-26-04-23_oil-is-war_0148_web.jpg 2048w, https:\/\/www.greenpeace.org\/static\/planet4-denmark-stateless\/2026\/04\/e18e5190-26-04-23_oil-is-war_0148_web-300x200.jpg 300w, https:\/\/www.greenpeace.org\/static\/planet4-denmark-stateless\/2026\/04\/e18e5190-26-04-23_oil-is-war_0148_web-1024x683.jpg 1024w, https:\/\/www.greenpeace.org\/static\/planet4-denmark-stateless\/2026\/04\/e18e5190-26-04-23_oil-is-war_0148_web-768x512.jpg 768w, https:\/\/www.greenpeace.org\/static\/planet4-denmark-stateless\/2026\/04\/e18e5190-26-04-23_oil-is-war_0148_web-1536x1024.jpg 1536w, https:\/\/www.greenpeace.org\/static\/planet4-denmark-stateless\/2026\/04\/e18e5190-26-04-23_oil-is-war_0148_web-510x340.jpg 510w\" sizes=\"auto, (max-width: 2048px) 100vw, 2048px\" data-image-size=\"post-thumbnail\" data-stateless-media-bucket=\"planet4-denmark-stateless\" data-stateless-media-name=\"2026\/04\/e18e5190-26-04-23_oil-is-war_0148_web.jpg\" \/><\/a><\/figure>\n\n\n<div class=\"wp-block-group is-layout-flow wp-block-group-is-layout-flow\">\n<div class=\"wp-block-group is-layout-flex wp-block-group-is-layout-flex\"><div class=\"wp-block-post-terms\"><a href=\"https:\/\/www.greenpeace.org\/denmark\/kategori\/hav\/\">Hav<\/a><\/div>\n\n<div class=\"taxonomy-post_tag wp-block-post-terms\"><a href=\"https:\/\/www.greenpeace.org\/denmark\/tag\/fossilenergi\/\" rel=\"tag\">fossilenergi<\/a><span class=\"wp-block-post-terms__separator\"> <\/span><a href=\"https:\/\/www.greenpeace.org\/denmark\/tag\/klima\/\" rel=\"tag\">klima<\/a><span class=\"wp-block-post-terms__separator\"> <\/span><a href=\"https:\/\/www.greenpeace.org\/denmark\/tag\/aktivisme\/\" rel=\"tag\">aktivisme<\/a><span class=\"wp-block-post-terms__separator\"> <\/span><a href=\"https:\/\/www.greenpeace.org\/denmark\/tag\/olie\/\" rel=\"tag\">olie<\/a><\/div><\/div>\n\n\n<h3 class=\"wp-block-post-title\"><a href=\"https:\/\/www.greenpeace.org\/denmark\/nyhed\/klimaforandringer\/aktion-med-lys-og-vand-til-christiansborg-goer-os-fri-af-olie-og-gas\/\" target=\"_self\" >Aktion med lys og vand til Christiansborg: G\u00f8r os fri af olie og gas<\/a><\/h3>\n\n<div class=\"wp-block-post-excerpt\"><p class=\"wp-block-post-excerpt__excerpt\">Afh\u00e6ngigheden af olie f\u00f8rer til krig, klimakaos og utryghed. Ogs\u00e5 i Danmark, hvor den russiske skyggefl\u00e5de fragter farlig olie gennem farvandet. Politikerne og den kommende regering har igen et valg. <\/p><\/div>\n\n\n<div class=\"wp-block-group posts-list-meta is-layout-flow wp-block-group-is-layout-flow\"><span class='article-list-item-author'><a href='https:\/\/www.greenpeace.org\/denmark\/author\/pjustese\/'>Poul Bonke Justesen<\/a><\/span>\n\n<div class=\"wp-block-post-date\"><time datetime=\"2026-04-24T15:03:00+02:00\">24. april 2026<\/time><\/div><\/div>\n<\/div>\n<\/div>\n\n<\/li><li class=\"wp-block-post post-81473 post type-post status-publish format-standard has-post-thumbnail hentry category-greenpeace tag-omgreenpeace tag-menneskerettigheder tag-skibe p4-page-type-nyhed\">\n\n<div class=\"wp-block-columns is-layout-flex wp-container-core-columns-is-layout-9d6595d7 wp-block-columns-is-layout-flex\"><figure class=\"wp-block-post-featured-image\"><a href=\"https:\/\/www.greenpeace.org\/denmark\/nyhed\/greenpeace\/arctic-sunrise-sejler-med-i-global-sumud-flotilla\/\" target=\"_self\"  ><img loading=\"lazy\" decoding=\"async\" width=\"1200\" height=\"800\" src=\"https:\/\/www.greenpeace.org\/static\/planet4-denmark-stateless\/2026\/04\/4528e675-gp0stznha.jpg\" class=\"attachment-post-thumbnail size-post-thumbnail wp-post-image wp-stateless-item\" alt=\"Greenpeace-skibet Arctic Sunrise sejler med i Global Sumud Flotilla for at st\u00f8tte Gaza\" style=\"object-fit:cover;\" srcset=\"https:\/\/www.greenpeace.org\/static\/planet4-denmark-stateless\/2026\/04\/4528e675-gp0stznha.jpg 1200w, https:\/\/www.greenpeace.org\/static\/planet4-denmark-stateless\/2026\/04\/4528e675-gp0stznha-300x200.jpg 300w, https:\/\/www.greenpeace.org\/static\/planet4-denmark-stateless\/2026\/04\/4528e675-gp0stznha-1024x683.jpg 1024w, https:\/\/www.greenpeace.org\/static\/planet4-denmark-stateless\/2026\/04\/4528e675-gp0stznha-768x512.jpg 768w, https:\/\/www.greenpeace.org\/static\/planet4-denmark-stateless\/2026\/04\/4528e675-gp0stznha-510x340.jpg 510w\" sizes=\"auto, (max-width: 1200px) 100vw, 1200px\" data-image-size=\"post-thumbnail\" data-stateless-media-bucket=\"planet4-denmark-stateless\" data-stateless-media-name=\"2026\/04\/4528e675-gp0stznha.jpg\" \/><\/a><\/figure>\n\n\n<div class=\"wp-block-group is-layout-flow wp-block-group-is-layout-flow\">\n<div class=\"wp-block-group is-layout-flex wp-block-group-is-layout-flex\"><div class=\"wp-block-post-terms\"><a href=\"https:\/\/www.greenpeace.org\/denmark\/kategori\/greenpeace\/\">Greenpeace<\/a><\/div>\n\n<div class=\"taxonomy-post_tag wp-block-post-terms\"><a href=\"https:\/\/www.greenpeace.org\/denmark\/tag\/omgreenpeace\/\" rel=\"tag\">omgreenpeace<\/a><span class=\"wp-block-post-terms__separator\"> <\/span><a href=\"https:\/\/www.greenpeace.org\/denmark\/tag\/menneskerettigheder\/\" rel=\"tag\">menneskerettigheder<\/a><span class=\"wp-block-post-terms__separator\"> <\/span><a href=\"https:\/\/www.greenpeace.org\/denmark\/tag\/skibe\/\" rel=\"tag\">skibe<\/a><\/div><\/div>\n\n\n<h3 class=\"wp-block-post-title\"><a href=\"https:\/\/www.greenpeace.org\/denmark\/nyhed\/greenpeace\/arctic-sunrise-sejler-med-i-global-sumud-flotilla\/\" target=\"_self\" >Greenpeace-skibet Arctic Sunrise sejler med i Global Sumud Flotilla for at st\u00f8tte Gaza<\/a><\/h3>\n\n<div class=\"wp-block-post-excerpt\"><p class=\"wp-block-post-excerpt__excerpt\">Greenpeace-skibet Arctic Sunrise st\u00e6vner ud fra Barcelona med Global Sumud Flotilla for at hj\u00e6lpe med at bryde Israels ulovlige blokade af Gaza og skabe vej for n\u00f8dhj\u00e6lp. <\/p><\/div>\n\n\n<div class=\"wp-block-group posts-list-meta is-layout-flow wp-block-group-is-layout-flow\"><span class='article-list-item-author'><a href='https:\/\/www.greenpeace.org\/denmark\/author\/pjustese\/'>Poul Bonke Justesen<\/a><\/span>\n\n<div class=\"wp-block-post-date\"><time datetime=\"2026-04-10T17:30:15+02:00\">10. april 2026<\/time><\/div><\/div>\n<\/div>\n<\/div>\n\n<\/li><li class=\"wp-block-post post-67876 post type-post status-publish format-standard has-post-thumbnail hentry category-klimaforandringer tag-fossilenergi tag-klima p4-page-type-nyhed\">\n\n<div class=\"wp-block-columns is-layout-flex wp-container-core-columns-is-layout-9d6595d7 wp-block-columns-is-layout-flex\"><figure class=\"wp-block-post-featured-image\"><a href=\"https:\/\/www.greenpeace.org\/denmark\/nyhed\/klimaforandringer\/rekordmange-danskere-har-skrevet-hoeringssvar-mod-ny-oliejagt-i-nordsoeen-nu-skal-politikerne-paa-banen\/\" target=\"_self\"  ><img loading=\"lazy\" decoding=\"async\" width=\"1669\" height=\"1252\" src=\"https:\/\/www.greenpeace.org\/static\/planet4-denmark-stateless\/2026\/03\/6f0be678-67281cc8-3b80-475c-b25d-c1e962fadcd6_1_201_a.jpeg\" class=\"attachment-post-thumbnail size-post-thumbnail wp-post-image wp-stateless-item\" alt=\"Rekordmange danskere har skrevet h\u00f8ringssvar mod ny oliejagt i Nords\u00f8en. Nu skal politikerne p\u00e5 banen\" style=\"object-fit:cover;\" srcset=\"https:\/\/www.greenpeace.org\/static\/planet4-denmark-stateless\/2026\/03\/6f0be678-67281cc8-3b80-475c-b25d-c1e962fadcd6_1_201_a.jpeg 1669w, https:\/\/www.greenpeace.org\/static\/planet4-denmark-stateless\/2026\/03\/6f0be678-67281cc8-3b80-475c-b25d-c1e962fadcd6_1_201_a-300x225.jpeg 300w, https:\/\/www.greenpeace.org\/static\/planet4-denmark-stateless\/2026\/03\/6f0be678-67281cc8-3b80-475c-b25d-c1e962fadcd6_1_201_a-1024x768.jpeg 1024w, https:\/\/www.greenpeace.org\/static\/planet4-denmark-stateless\/2026\/03\/6f0be678-67281cc8-3b80-475c-b25d-c1e962fadcd6_1_201_a-768x576.jpeg 768w, https:\/\/www.greenpeace.org\/static\/planet4-denmark-stateless\/2026\/03\/6f0be678-67281cc8-3b80-475c-b25d-c1e962fadcd6_1_201_a-1536x1152.jpeg 1536w, https:\/\/www.greenpeace.org\/static\/planet4-denmark-stateless\/2026\/03\/6f0be678-67281cc8-3b80-475c-b25d-c1e962fadcd6_1_201_a-453x340.jpeg 453w\" sizes=\"auto, (max-width: 1669px) 100vw, 1669px\" data-image-size=\"post-thumbnail\" data-stateless-media-bucket=\"planet4-denmark-stateless\" data-stateless-media-name=\"2026\/03\/6f0be678-67281cc8-3b80-475c-b25d-c1e962fadcd6_1_201_a.jpeg\" \/><\/a><\/figure>\n\n\n<div class=\"wp-block-group is-layout-flow wp-block-group-is-layout-flow\">\n<div class=\"wp-block-group is-layout-flex wp-block-group-is-layout-flex\"><div class=\"wp-block-post-terms\"><a href=\"https:\/\/www.greenpeace.org\/denmark\/kategori\/klimaforandringer\/\">Klimaforandringer<\/a><\/div>\n\n<div class=\"taxonomy-post_tag wp-block-post-terms\"><a href=\"https:\/\/www.greenpeace.org\/denmark\/tag\/fossilenergi\/\" rel=\"tag\">fossilenergi<\/a><span class=\"wp-block-post-terms__separator\"> <\/span><a href=\"https:\/\/www.greenpeace.org\/denmark\/tag\/klima\/\" rel=\"tag\">klima<\/a><\/div><\/div>\n\n\n<h3 class=\"wp-block-post-title\"><a href=\"https:\/\/www.greenpeace.org\/denmark\/nyhed\/klimaforandringer\/rekordmange-danskere-har-skrevet-hoeringssvar-mod-ny-oliejagt-i-nordsoeen-nu-skal-politikerne-paa-banen\/\" target=\"_self\" >Rekordmange danskere har skrevet h\u00f8ringssvar mod ny oliejagt i Nords\u00f8en. Nu skal politikerne p\u00e5 banen<\/a><\/h3>\n\n<div class=\"wp-block-post-excerpt\"><p class=\"wp-block-post-excerpt__excerpt\">Da h\u00f8ringsfristen for Hejre-feltet udl\u00f8b mandag den 2. marts, havde mere end 2.313 borgere indsendt deres eget personlige h\u00f8ringssvar til Energistyrelsen. Det er rekord for et dansk energiprojekt. Budskabet er klart: Ny oliejagt i Nords\u00f8en er et politisk sp\u00f8rgsm\u00e5l. <\/p><\/div>\n\n\n<div class=\"wp-block-group posts-list-meta is-layout-flow wp-block-group-is-layout-flow\"><span class='article-list-item-author'><a href='https:\/\/www.greenpeace.org\/denmark\/author\/cfromber\/'>Christian Fromberg<\/a><\/span>\n\n<div class=\"wp-block-post-date\"><time datetime=\"2026-03-04T14:55:13+01:00\">4. marts 2026<\/time><\/div><\/div>\n<\/div>\n<\/div>\n\n<\/li><\/ul>\n\n\n<div class=\"wp-block-buttons carousel-controls is-horizontal is-content-justification-space-between is-nowrap is-layout-flex wp-container-core-buttons-is-layout-044bd602 wp-block-buttons-is-layout-flex\">\n<div class=\"wp-block-button carousel-control-prev\"><button type=\"button\" class=\"wp-block-button__link wp-element-button\">Prev<\/button><\/div>\n\n\n\n<div class=\"wp-block-button carousel-control-next\"><button type=\"button\" class=\"wp-block-button__link wp-element-button\">Next<\/button><\/div>\n<\/div>\n\n\n<li class=\" wp-block-navigation-item see-all-link wp-block-navigation-link\"><a class=\"wp-block-navigation-item__content\"  href=\"http:\/\/www.greenpeace.org\/denmark\/nyhed\/?tag=klima&#038;post-type=nyhed\"><span class=\"wp-block-navigation-item__label\">L\u00e6s mere<\/span><\/a><\/li><\/div>\n\n\n\n\n<div class=\"wp-block-group alignfull block mb-0 pb-0 has-grey-100-background-color has-background is-layout-flow wp-block-group-is-layout-flow\">\n<div class=\"wp-block-group container is-layout-flow wp-block-group-is-layout-flow\">\n<div style=\"height:24px\" aria-hidden=\"true\" class=\"wp-block-spacer\"><\/div>\n\n\n\n<h2 class=\"wp-block-heading has-text-align-center\">L\u00e6r mere om dette emne<\/h2>\n\n\n\n<div class=\"wp-block-columns is-layout-flex wp-container-core-columns-is-layout-9d6595d7 wp-block-columns-is-layout-flex\">\n<div class=\"wp-block-column is-layout-flow wp-block-column-is-layout-flow\">\n<div class=\"wp-block-group group-stretched-link is-layout-flow wp-block-group-is-layout-flow\">\n<figure class=\"wp-block-image aligncenter size-full is-resized force-no-lightbox force-no-caption is-style-rounded-180\"><img loading=\"lazy\" decoding=\"async\" width=\"800\" height=\"533\" src=\"https:\/\/www.greenpeace.org\/static\/planet4-denmark-stateless\/2023\/01\/3b30a009-gp1t2pvi_web_size_with_credit_line.jpg\" alt=\"Stor menneskem\u00e6ngde samlet til demonstration, hvor de kr\u00e6ver gr\u00f8n omstilling\" class=\"wp-image-54711\" srcset=\"https:\/\/www.greenpeace.org\/static\/planet4-denmark-stateless\/2023\/01\/3b30a009-gp1t2pvi_web_size_with_credit_line.jpg 800w, https:\/\/www.greenpeace.org\/static\/planet4-denmark-stateless\/2023\/01\/3b30a009-gp1t2pvi_web_size_with_credit_line-300x200.jpg 300w, https:\/\/www.greenpeace.org\/static\/planet4-denmark-stateless\/2023\/01\/3b30a009-gp1t2pvi_web_size_with_credit_line-768x512.jpg 768w, https:\/\/www.greenpeace.org\/static\/planet4-denmark-stateless\/2023\/01\/3b30a009-gp1t2pvi_web_size_with_credit_line-510x340.jpg 510w\" sizes=\"auto, (max-width: 800px) 100vw, 800px\" \/><figcaption class=\"wp-element-caption\">Two days before a general election in Denmark more than 50.000 people marched for climate action in Copenhagen, making it the biggest climate protest ever in the country. Marches also took place at 12 other Danish cities on that same day. Before the last general election in 2019 about 40.000 people took part in a similar march demanding that a new government impose ambitous climate policies in the country. This time the expectation was that about 10.000 to 25.000 people would march behind climate demands across the country, but instead a historic number of people showed up to send a clear message that acute climate action has to be front and center for the new government and that transforming Denmarks agricultural sector must be top of the list.\nFolkets Klimamarch 25.000-30.000 mennesker marcherer for et klimavalg!<\/figcaption><\/figure>\n\n\n\n<h5 class=\"wp-block-heading has-text-align-center is-style-chevron\" style=\"font-size:1rem\"><a href=\"https:\/\/www.greenpeace.org\/denmark\/?page_id=54195\">Gr\u00f8n omstilling<\/a><\/h5>\n\n\n\n<div style=\"height:16px\" aria-hidden=\"true\" class=\"wp-block-spacer\"><\/div>\n<\/div>\n<\/div>\n\n\n\n<div class=\"wp-block-column is-layout-flow wp-block-column-is-layout-flow\">\n<div class=\"wp-block-group group-stretched-link is-layout-flow wp-block-group-is-layout-flow\">\n<figure class=\"wp-block-image aligncenter size-large is-resized force-no-lightbox force-no-caption is-style-rounded-180\"><img loading=\"lazy\" decoding=\"async\" width=\"1024\" height=\"559\" src=\"https:\/\/www.greenpeace.org\/static\/planet4-denmark-stateless\/2021\/06\/e2d0a9da-dansk-gris-er-mere-klimavenligt-end-du-tror-1024x559.png\" title=\"GREENWASHING: Dansk gris er mere klimavenligt end du tror\" alt=\"Grafik med Danish Crowns markedsf\u00f8ring af svin, hvor der er sat en gul advarselsbj\u00e6lke over. Bj\u00e6lken advarer mod greeenwashing\" class=\"wp-image-13613\" srcset=\"https:\/\/www.greenpeace.org\/static\/planet4-denmark-stateless\/2021\/06\/e2d0a9da-dansk-gris-er-mere-klimavenligt-end-du-tror-1024x559.png 1024w, https:\/\/www.greenpeace.org\/static\/planet4-denmark-stateless\/2021\/06\/e2d0a9da-dansk-gris-er-mere-klimavenligt-end-du-tror-300x164.png 300w, https:\/\/www.greenpeace.org\/static\/planet4-denmark-stateless\/2021\/06\/e2d0a9da-dansk-gris-er-mere-klimavenligt-end-du-tror-768x419.png 768w, https:\/\/www.greenpeace.org\/static\/planet4-denmark-stateless\/2021\/06\/e2d0a9da-dansk-gris-er-mere-klimavenligt-end-du-tror-1536x838.png 1536w, https:\/\/www.greenpeace.org\/static\/planet4-denmark-stateless\/2021\/06\/e2d0a9da-dansk-gris-er-mere-klimavenligt-end-du-tror-510x278.png 510w, https:\/\/www.greenpeace.org\/static\/planet4-denmark-stateless\/2021\/06\/e2d0a9da-dansk-gris-er-mere-klimavenligt-end-du-tror.png 1920w\" sizes=\"auto, (max-width: 1024px) 100vw, 1024px\" \/><figcaption class=\"wp-element-caption\">Svinek\u00f8d er ikke et klimavenligt produkt, og det var vildledning af den danske befolkning, da Danish Crown sidste sommer plastrede gadebilledet til med budskaber, der efterlod det indtryk.<div class=\"credit icon-left\"> \u00a9 Greenpeace<\/div><\/figcaption><\/figure>\n\n\n\n<h5 class=\"wp-block-heading has-text-align-center is-style-chevron\" style=\"font-size:1rem\"><a href=\"https:\/\/www.greenpeace.org\/denmark\/?page_id=54197\">Greenwashing<\/a><\/h5>\n\n\n\n<div style=\"height:16px\" aria-hidden=\"true\" class=\"wp-block-spacer\"><\/div>\n<\/div>\n<\/div>\n\n\n\n<div class=\"wp-block-column is-layout-flow wp-block-column-is-layout-flow\">\n<div class=\"wp-block-group group-stretched-link is-layout-flow wp-block-group-is-layout-flow\">\n<figure class=\"wp-block-image aligncenter size-large is-resized force-no-lightbox force-no-caption is-style-rounded-180\"><img loading=\"lazy\" decoding=\"async\" width=\"1024\" height=\"682\" src=\"https:\/\/www.greenpeace.org\/static\/planet4-denmark-stateless\/2020\/02\/0ad47ac7-webpagebanner-1024x682.jpg\" alt=\"En gruppe af mennesker rejser en vindm\u00f8lle.\" class=\"wp-image-4761\" srcset=\"https:\/\/www.greenpeace.org\/static\/planet4-denmark-stateless\/2020\/02\/0ad47ac7-webpagebanner-1024x682.jpg 1024w, https:\/\/www.greenpeace.org\/static\/planet4-denmark-stateless\/2020\/02\/0ad47ac7-webpagebanner-300x200.jpg 300w, https:\/\/www.greenpeace.org\/static\/planet4-denmark-stateless\/2020\/02\/0ad47ac7-webpagebanner-768x511.jpg 768w, https:\/\/www.greenpeace.org\/static\/planet4-denmark-stateless\/2020\/02\/0ad47ac7-webpagebanner-510x340.jpg 510w, https:\/\/www.greenpeace.org\/static\/planet4-denmark-stateless\/2020\/02\/0ad47ac7-webpagebanner.jpg 1199w\" sizes=\"auto, (max-width: 1024px) 100vw, 1024px\" \/><figcaption class=\"wp-element-caption\">PS10 solar power tower is a 11 MW plant produces electricity with 624 large heliostats. Each of these mirrors has a surface measuring 120 square meters (1,290 square feet) that concentrates the Sun&#8217;s rays to the top of a 115 meter (377 feet) high tower where a solar receiver and a steam turbine are located. The turbine drives a generator, producing electricity. It is located in Sanlucar la Mayor, near Seville, and it is owned by Abengoa Solar.<\/figcaption><\/figure>\n\n\n\n<h5 class=\"wp-block-heading has-text-align-center is-style-chevron\" style=\"font-size:1rem\"><a href=\"https:\/\/www.greenpeace.org\/denmark\/?page_id=54200\">Vedvarende energi<\/a><\/h5>\n\n\n\n<div style=\"height:16px\" aria-hidden=\"true\" class=\"wp-block-spacer\"><\/div>\n<\/div>\n<\/div>\n\n\n\n<div class=\"wp-block-column is-layout-flow wp-block-column-is-layout-flow\">\n<div class=\"wp-block-group group-stretched-link is-layout-flow wp-block-group-is-layout-flow\">\n<figure class=\"wp-block-image aligncenter size-full is-resized force-no-lightbox force-no-caption is-style-rounded-180\"><img loading=\"lazy\" decoding=\"async\" width=\"600\" height=\"600\" src=\"https:\/\/www.greenpeace.org\/static\/planet4-denmark-stateless\/2018\/10\/42e81d3f-atomkraft_nej_tak.jpg\" title=\"Atomkraft nej tak\" alt=\"Ber\u00f8mt 'Atomkraft Nej Tak logo\" class=\"wp-image-1823\" srcset=\"https:\/\/www.greenpeace.org\/static\/planet4-denmark-stateless\/2018\/10\/42e81d3f-atomkraft_nej_tak.jpg 600w, https:\/\/www.greenpeace.org\/static\/planet4-denmark-stateless\/2018\/10\/42e81d3f-atomkraft_nej_tak-150x150.jpg 150w, https:\/\/www.greenpeace.org\/static\/planet4-denmark-stateless\/2018\/10\/42e81d3f-atomkraft_nej_tak-300x300.jpg 300w, https:\/\/www.greenpeace.org\/static\/planet4-denmark-stateless\/2018\/10\/42e81d3f-atomkraft_nej_tak-340x340.jpg 340w\" sizes=\"auto, (max-width: 600px) 100vw, 600px\" \/><\/figure>\n\n\n\n<h5 class=\"wp-block-heading has-text-align-center is-style-chevron\" style=\"font-size:1rem\"><a href=\"https:\/\/www.greenpeace.org\/denmark\/?page_id=54203\">Atomkraft<\/a><\/h5>\n\n\n\n<div style=\"height:16px\" aria-hidden=\"true\" class=\"wp-block-spacer\"><\/div>\n<\/div>\n<\/div>\n\n\n\n<div class=\"wp-block-column is-layout-flow wp-block-column-is-layout-flow\">\n<div class=\"wp-block-group group-stretched-link is-layout-flow wp-block-group-is-layout-flow\">\n<figure class=\"wp-block-image aligncenter size-large is-resized force-no-lightbox force-no-caption is-style-rounded-180\"><img loading=\"lazy\" decoding=\"async\" width=\"1024\" height=\"683\" src=\"https:\/\/www.greenpeace.org\/static\/planet4-denmark-stateless\/2020\/11\/a372137c-lukketid-for-nords\u00f8olien-1-1024x683.jpg\" alt=\"Olie boreplatform i tusm\u00f8rke, hvor der er projekteret &quot;lukketid&quot; p\u00e5 siden af platformen.\" class=\"wp-image-11456\" srcset=\"https:\/\/www.greenpeace.org\/static\/planet4-denmark-stateless\/2020\/11\/a372137c-lukketid-for-nords\u00f8olien-1-1024x683.jpg 1024w, https:\/\/www.greenpeace.org\/static\/planet4-denmark-stateless\/2020\/11\/a372137c-lukketid-for-nords\u00f8olien-1-300x200.jpg 300w, https:\/\/www.greenpeace.org\/static\/planet4-denmark-stateless\/2020\/11\/a372137c-lukketid-for-nords\u00f8olien-1-768x512.jpg 768w, https:\/\/www.greenpeace.org\/static\/planet4-denmark-stateless\/2020\/11\/a372137c-lukketid-for-nords\u00f8olien-1-1536x1024.jpg 1536w, https:\/\/www.greenpeace.org\/static\/planet4-denmark-stateless\/2020\/11\/a372137c-lukketid-for-nords\u00f8olien-1-2048x1366.jpg 2048w, https:\/\/www.greenpeace.org\/static\/planet4-denmark-stateless\/2020\/11\/a372137c-lukketid-for-nords\u00f8olien-1-510x340.jpg 510w\" sizes=\"auto, (max-width: 1024px) 100vw, 1024px\" \/><figcaption class=\"wp-element-caption\">Aktivister fra Greenpeace projekterer budskabet \u201cLUKKETID\u201d p\u00e5 boreriggen Maersk Resolute i Esbjerg Havn. Den fredelige happening fandt sted i forbindelse med lanceringen af et nyt borgerforslag, der kr\u00e6ver at regeringen og Folketinget aflyser den 8. udbudsrunde i Nords\u00f8en samt at det eksisterende forbud mod at udstede tilladelser til efterforskning efter fossile br\u00e6ndsler p\u00e5 land og i indre danske farvande udvides til at omfatte den danske del af Nords\u00f8en.<\/figcaption><\/figure>\n\n\n\n<h5 class=\"wp-block-heading has-text-align-center is-style-chevron\" style=\"font-size:1rem\"><a href=\"https:\/\/www.greenpeace.org\/denmark\/?page_id=54205\">Fossile br\u00e6ndstoffer<\/a><\/h5>\n\n\n\n<div style=\"height:16px\" aria-hidden=\"true\" class=\"wp-block-spacer\"><\/div>\n<\/div>\n<\/div>\n<\/div>\n<\/div>\n<\/div>\n\n\n\n\n\n<div class=\"wp-block-group alignfull block my-0 py-0 has-white-background-color has-background is-layout-flow wp-block-group-is-layout-flow\">\n<div class=\"wp-block-group container is-layout-flow wp-block-group-is-layout-flow\">\n<div style=\"height:35px\" aria-hidden=\"true\" class=\"wp-block-spacer\"><\/div>\n\n\n\n<h4 class=\"wp-block-heading has-text-align-center\">Udforsk andre emner<\/h4>\n\n\n\n<div style=\"height:15px\" aria-hidden=\"true\" class=\"wp-block-spacer\"><\/div>\n\n\n\n<div class=\"wp-block-columns is-not-stacked-on-mobile is-style-mobile-carousel is-layout-flex wp-container-core-columns-is-layout-9d6595d7 wp-block-columns-is-layout-flex\">\n<div class=\"wp-block-column is-layout-flow wp-block-column-is-layout-flow\"><\/div>\n\n\n\n<div class=\"wp-block-column is-layout-flow wp-block-column-is-layout-flow\">\n<div class=\"wp-block-group group-stretched-link is-layout-flow wp-block-group-is-layout-flow\">\n<figure class=\"wp-block-image aligncenter size-full is-resized is-style-rounded-90 force-no-lightbox force-no-caption mb-0\"><img loading=\"lazy\" decoding=\"async\" width=\"800\" height=\"533\" src=\"https:\/\/www.greenpeace.org\/static\/planet4-denmark-stateless\/2019\/06\/0b0e4813-svineproduktion-4.jpg\" title=\"Danske svin i en af landbrugets k\u00f8dprodutktioner.\" alt=\"Svin bag tremmer i en stald.\" class=\"wp-image-3051\" srcset=\"https:\/\/www.greenpeace.org\/static\/planet4-denmark-stateless\/2019\/06\/0b0e4813-svineproduktion-4.jpg 800w, https:\/\/www.greenpeace.org\/static\/planet4-denmark-stateless\/2019\/06\/0b0e4813-svineproduktion-4-300x200.jpg 300w, https:\/\/www.greenpeace.org\/static\/planet4-denmark-stateless\/2019\/06\/0b0e4813-svineproduktion-4-768x512.jpg 768w, https:\/\/www.greenpeace.org\/static\/planet4-denmark-stateless\/2019\/06\/0b0e4813-svineproduktion-4-510x340.jpg 510w\" sizes=\"auto, (max-width: 800px) 100vw, 800px\" \/><\/figure>\n\n\n\n<div style=\"height:16px\" aria-hidden=\"true\" class=\"wp-block-spacer\"><\/div>\n\n\n\n<h5 class=\"wp-block-heading has-text-align-center\" style=\"font-size:1rem\"><a href=\"https:\/\/www.greenpeace.org\/denmark\/?page_id=54170\">Landbrug<\/a><\/h5>\n<\/div>\n<\/div>\n\n\n\n<div class=\"wp-block-column is-layout-flow wp-block-column-is-layout-flow\">\n<div class=\"wp-block-group group-stretched-link is-layout-flow wp-block-group-is-layout-flow\">\n<figure class=\"wp-block-image aligncenter size-full is-resized is-style-rounded-90 force-no-lightbox force-no-caption mb-0\"><img loading=\"lazy\" decoding=\"async\" width=\"800\" height=\"534\" src=\"https:\/\/www.greenpeace.org\/static\/planet4-denmark-stateless\/cec7c7c4-gp0stpa99_web_size.jpg\" alt=\"En humlebi sv\u00e6ver mellem lilla blomster\" class=\"wp-image-11917\"\/><figcaption class=\"wp-element-caption\">Zuzana Pastorkov\u00e1 owns an eco-farm in a small village in the municipality in \u0160ala District, in the Nitra Region of southwestern Slovakia. She grows all kinds of fruits, vegetables and medical plants. Everything is done with love to the nature and environment, without using chemicals.<\/figcaption><\/figure>\n\n\n\n<div style=\"height:16px\" aria-hidden=\"true\" class=\"wp-block-spacer\"><\/div>\n\n\n\n<h5 class=\"wp-block-heading has-text-align-center\" style=\"font-size:1rem\"><a href=\"https:\/\/www.greenpeace.org\/denmark\/?page_id=54171\">Natur<\/a><\/h5>\n<\/div>\n<\/div>\n\n\n\n<div class=\"wp-block-column is-layout-flow wp-block-column-is-layout-flow\"><\/div>\n<\/div>\n<\/div>\n<\/div>\n\n<\/div>\n","protected":false},"excerpt":{"rendered":"<p>Stigende temperatur og mere ekstremt vejr. Klimaforandringerne er en realitet og den prim\u00e6re \u00e5rsag er menneskets afbr\u00e6nding af fossile br\u00e6ndsler. <\/p>\n","protected":false},"author":45,"featured_media":54685,"parent":53056,"menu_order":0,"comment_status":"closed","ping_status":"closed","template":"","meta":{"ep_exclude_from_search":false,"p4_hide_page_title_checkbox":"on","p4_title":"","p4_subtitle":"","p4_description":"","background_image_id":"","background_image":"","p4_button_title":"","p4_button_link":"","p4_button_link_checkbox":"","p4_og_title":"","p4_og_description":"","p4_og_image":"","p4_og_image_id":"","p4_seo_canonical_url":"","p4_campaign_name":"not set","p4_local_project":"not set","p4_basket_name":"not set","p4_department":"","footnotes":""},"categories":[1],"tags":[24,61],"class_list":["post-54185","page","type-page","status-publish","has-post-thumbnail","hentry","category-klimaforandringer","tag-klima","tag-menneskerettigheder"],"_links":{"self":[{"href":"https:\/\/www.greenpeace.org\/denmark\/wp-json\/wp\/v2\/pages\/54185","targetHints":{"allow":["GET"]}}],"collection":[{"href":"https:\/\/www.greenpeace.org\/denmark\/wp-json\/wp\/v2\/pages"}],"about":[{"href":"https:\/\/www.greenpeace.org\/denmark\/wp-json\/wp\/v2\/types\/page"}],"author":[{"embeddable":true,"href":"https:\/\/www.greenpeace.org\/denmark\/wp-json\/wp\/v2\/users\/45"}],"replies":[{"embeddable":true,"href":"https:\/\/www.greenpeace.org\/denmark\/wp-json\/wp\/v2\/comments?post=54185"}],"version-history":[{"count":20,"href":"https:\/\/www.greenpeace.org\/denmark\/wp-json\/wp\/v2\/pages\/54185\/revisions"}],"predecessor-version":[{"id":81463,"href":"https:\/\/www.greenpeace.org\/denmark\/wp-json\/wp\/v2\/pages\/54185\/revisions\/81463"}],"up":[{"embeddable":true,"href":"https:\/\/www.greenpeace.org\/denmark\/wp-json\/wp\/v2\/pages\/53056"}],"wp:featuredmedia":[{"embeddable":true,"href":"https:\/\/www.greenpeace.org\/denmark\/wp-json\/wp\/v2\/media\/54685"}],"wp:attachment":[{"href":"https:\/\/www.greenpeace.org\/denmark\/wp-json\/wp\/v2\/media?parent=54185"}],"wp:term":[{"taxonomy":"category","embeddable":true,"href":"https:\/\/www.greenpeace.org\/denmark\/wp-json\/wp\/v2\/categories?post=54185"},{"taxonomy":"post_tag","embeddable":true,"href":"https:\/\/www.greenpeace.org\/denmark\/wp-json\/wp\/v2\/tags?post=54185"}],"curies":[{"name":"wp","href":"https:\/\/api.w.org\/{rel}","templated":true}]}}