{"id":54203,"date":"2023-01-20T12:26:45","date_gmt":"2023-01-20T11:26:45","guid":{"rendered":"https:\/\/www.greenpeace.org\/denmark\/?page_id=54203"},"modified":"2026-04-08T10:43:16","modified_gmt":"2026-04-08T08:43:16","slug":"atomkraft","status":"publish","type":"page","link":"https:\/\/www.greenpeace.org\/denmark\/klimaforandringer\/atomkraft\/","title":{"rendered":"Atomkraft"},"content":{"rendered":"\n<div class=\"wp-block-group is-pattern-p4-deep-dive-topic-pattern-layout mb-0 is-layout-flow wp-block-group-is-layout-flow\">\n<div class=\"wp-block-group alignfull has-grey-100-background-color has-background is-layout-flow wp-block-group-is-layout-flow\" style=\"padding-top:56px;padding-bottom:56px\">\n<div class=\"wp-block-group container is-layout-flow wp-block-group-is-layout-flow\">\n<div class=\"wp-block-media-text alignfull has-media-on-the-right is-stacked-on-mobile is-pattern-p4-page-header is-style-parallax\"><div class=\"wp-block-media-text__content\">\n<div class=\"wp-block-group is-layout-flow wp-block-group-is-layout-flow\">\n<h1 class=\"wp-block-heading has-grey-100-background-color has-background\">Atomkraft &#8211; nej tak<\/h1>\n<\/div>\n\n\n\n<p style=\"font-size:1.25rem\">Atomkraft er energi produceret ved spaltning af atomkerner. N\u00e5r uran spaltes i en atomreaktor frigives store m\u00e6ngder energi i form af varme. Varmen bruges til at producere damp, der driver en str\u00f8mproducerende turbine.<\/p>\n\n\n\n<div class=\"wp-block-buttons is-layout-flex wp-block-buttons-is-layout-flex\"><\/div>\n<\/div><figure class=\"wp-block-media-text__media\"><img loading=\"lazy\" decoding=\"async\" width=\"800\" height=\"532\" src=\"https:\/\/www.greenpeace.org\/static\/planet4-denmark-stateless\/2023\/01\/acfeafce-gp049h3_web_size.jpg\" alt=\"K\u00f8let\u00e5rne p\u00e5 Mochovce atomkraftv\u00e6rk i  Slovakiet.\" sizes=\"auto, (min-width: 601px) 50vw, 100vw\" srcset=\"https:\/\/www.greenpeace.org\/static\/planet4-denmark-stateless\/2023\/01\/acfeafce-gp049h3_web_size.jpg 800w, https:\/\/www.greenpeace.org\/static\/planet4-denmark-stateless\/2023\/01\/acfeafce-gp049h3_web_size-300x200.jpg 300w, https:\/\/www.greenpeace.org\/static\/planet4-denmark-stateless\/2023\/01\/acfeafce-gp049h3_web_size-768x511.jpg 768w, https:\/\/www.greenpeace.org\/static\/planet4-denmark-stateless\/2023\/01\/acfeafce-gp049h3_web_size-510x340.jpg 510w\" class=\"wp-image-54739 size-full\"\/><\/figure><\/div>\n<\/div>\n<\/div>\n\n\n<style>.wp-block-group.alignfull.has-background.is-layout-flow{padding:0!important;}<\/style>\n\n<div style=\"height:15px\" aria-hidden=\"true\" class=\"wp-block-spacer\"><\/div>\n\n<div class=\"wp-block-columns is-style-mobile-carousel secondary-menu is-layout-flex wp-container-core-columns-is-layout-9d6595d7 wp-block-columns-is-layout-flex\">\n<div class=\"wp-block-column is-layout-flow wp-block-column-is-layout-flow\" style=\"flex-basis:15%\"><\/div>\n\n\n\n<div class=\"wp-block-column brdr-bottom is-layout-flow wp-block-column-is-layout-flow\">\n<div class=\"wp-block-group is-style-reset-margin flex-wrap is-content-justification-center is-nowrap is-layout-flex wp-container-core-group-is-layout-499140ed wp-block-group-is-layout-flex\">\n<p class=\"has-text-align-center is-style-roboto-font-family nav-link\" style=\"font-size:16px\"><a href=\"#problemet\"><strong>Problemet<\/strong><\/a><\/p>\n\n\n\n<div style=\"height:30px;width:0px\" aria-hidden=\"true\" class=\"wp-block-spacer wp-container-content-b0b89ccb\"><\/div>\n\n\n\n<p>\u2022<\/p>\n\n\n\n<div style=\"height:30px;width:0px\" aria-hidden=\"true\" class=\"wp-block-spacer wp-container-content-b0b89ccb\"><\/div>\n\n\n\n<p class=\"has-text-align-center is-style-roboto-font-family nav-link\" style=\"font-size:16px\"><a href=\"#hvad-vi-goer\"><strong>Hvad vi g\u00f8r<\/strong><\/a><\/p>\n\n\n\n<div style=\"height:30px;width:0px\" aria-hidden=\"true\" class=\"wp-block-spacer wp-container-content-b0b89ccb\"><\/div>\n\n\n\n<p>\u2022<\/p>\n\n\n\n<div style=\"height:30px;width:0px\" aria-hidden=\"true\" class=\"wp-block-spacer wp-container-content-b0b89ccb\"><\/div>\n\n\n\n<p class=\"has-text-align-center is-style-roboto-font-family nav-link\" style=\"font-size:16px\"><a href=\"#hvad-kan-du-goere\"><strong>Hvad kan du g\u00f8re<\/strong><\/a><\/p>\n\n\n\n<div style=\"height:30px;width:0px\" aria-hidden=\"true\" class=\"wp-block-spacer wp-container-content-b0b89ccb\"><\/div>\n\n\n\n<p>\u2022<\/p>\n\n\n\n<div style=\"height:30px;width:0px\" aria-hidden=\"true\" class=\"wp-block-spacer wp-container-content-b0b89ccb\"><\/div>\n\n\n\n<p class=\"is-style-roboto-font-family nav-link\" style=\"font-size:16px\"><a href=\"#seneste-nyt\"><strong>Seneste nyt<\/strong><\/a><\/p>\n\n\n\n<div style=\"height:30px;width:0px\" aria-hidden=\"true\" class=\"wp-block-spacer wp-container-content-cf2db169\"><\/div>\n<\/div>\n<\/div>\n\n\n\n<div class=\"wp-block-column is-layout-flow wp-block-column-is-layout-flow\" style=\"flex-basis:15%\"><\/div>\n<\/div>\n\n\n\n<div style=\"height:64px\" aria-hidden=\"true\" class=\"wp-block-spacer\"><\/div>\n\n\n\n\n<div class=\"wp-block-media-text alignwide is-stacked-on-mobile is-image-fill-element my-0 py-0\" id=\"problemet\"><figure class=\"wp-block-media-text__media\"><img loading=\"lazy\" decoding=\"async\" width=\"800\" height=\"529\" src=\"https:\/\/www.greenpeace.org\/static\/planet4-denmark-stateless\/2023\/01\/48542381-gp02voi_web_size.jpg\" alt=\"T\u00f8nder med radioaktivt affald p\u00e5 det midlertidige opbevaringslager Morsleben i Tyskland.\" sizes=\"auto, (min-width: 1600px) calc((1320px - 24px) \/ 2),(min-width: 1200px) calc((1140px - 24px) \/ 2),(min-width: 992px) calc((960px - 24px) \/ 2),(min-width: 768px) calc((720px - 24px) \/ 2),(min-width: 601px) calc((540px - 24px) \/ 2),(min-width: 577px) calc((540px - 24px) \/ 1), calc(100vw - 24px)\" srcset=\"https:\/\/www.greenpeace.org\/static\/planet4-denmark-stateless\/2023\/01\/48542381-gp02voi_web_size.jpg 800w, https:\/\/www.greenpeace.org\/static\/planet4-denmark-stateless\/2023\/01\/48542381-gp02voi_web_size-300x198.jpg 300w, https:\/\/www.greenpeace.org\/static\/planet4-denmark-stateless\/2023\/01\/48542381-gp02voi_web_size-768x508.jpg 768w, https:\/\/www.greenpeace.org\/static\/planet4-denmark-stateless\/2023\/01\/48542381-gp02voi_web_size-510x337.jpg 510w\" class=\"wp-image-54755 size-full\" style=\"object-position:61% 48%\"\/><\/figure><div class=\"wp-block-media-text__content\">\n<div style=\"height:30px\" aria-hidden=\"true\" class=\"wp-block-spacer\"><\/div>\n\n\n\n<h2 class=\"wp-block-heading\">Problemer med atomkraft<\/h2>\n\n\n\n<p>Atomkraft skader ikke klimaet med udledning af CO2, men til geng\u00e6ld er teknologien forbundet med en lang r\u00e6kke udfordringer. Derimod kan vi erstatte fossile br\u00e6ndstoffer med vedvarende energikilder.<\/p>\n\n\n\n<p>Det er m\u00e5ske ikke overraskende, at Greenpeace er af den overbevisning, men s\u00e5 tag det fra den danske <a href=\"https:\/\/www.altinget.dk\/forsyning\/artikel\/seaborg-dan-joergensen-har-ret-det-giver-ingen-mening-at-diskutere-a-kraft-i-danmark\">atomteknologi-startup Seaborg<\/a>, <a href=\"https:\/\/www.altinget.dk\/klima\/artikel\/klimaraadet-har-for-foerste-gang-analyseret-atomkraft-i-danmark-derfor-er-det-en-daarlig-ide\">Klimar\u00e5det<\/a>, professor i energiplanl\u00e6gning <a href=\"https:\/\/politiken.dk\/debat\/art8441974\/Snakken-om-at-have-atomkraftv%C3%A6rker-i-Danmark-er-et-fatamorgana\">Brian Vad Mathiessen<\/a>, dav\u00e6rende energi- og klimaminister <a href=\"https:\/\/www.information.dk\/debat\/2022\/02\/dan-joergensen-atomkraft-maa-aldrig-del-loesningen-danmark\">Dan J\u00f8rgensen<\/a>, nuv\u00e6rende energi- og klimaminister <a href=\"https:\/\/borsen.dk\/nyheder\/politik\/lars-aagaard-afskriver-planer-om-atomkraft-i-danmark?b_source=borsen&amp;b_medium=row_4&amp;b_campaign=six_seven_1\">Lars Aagard<\/a> eller <a href=\"https:\/\/www.altinget.dk\/forsyning\/artikel\/dansk-energi-atomkraft-giver-ingen-mening\">Green Power Denmark<\/a> (tidligere Dansk Energi).<\/p>\n\n\n\n<p class=\"has-medium-font-size\"><strong>Fem grundproblemer med atomkraft<\/strong><\/p>\n\n\n\n<p><strong>Atomkraft tager for lang tid at opf\u00f8re.<\/strong> Selv hvis Danmark besluttede sig for at etablere atomkraft i dag, s\u00e5 vil det formodentlig ikke st\u00e5 f\u00e6rdigt de f\u00f8rste 15-20 \u00e5r. Klimaforandringerne skal bremses nu. Det kan vores klima ikke vente p\u00e5.<\/p>\n\n\n\n<p><strong>Atomkraft er dyrt. <\/strong>Sammenlignet med vind- og solenergi er det i grove tr\u00e6k <a href=\"https:\/\/videnskab.dk\/teknologi\/ny-rapport-atomkraft-er-for-dyrt-og-for-langsomt\/\">dobbelt s\u00e5 dyrt<\/a> at opf\u00f8re ny atomkraft i Danmark. En prisforskel der forventes at \u00f8ges yderligere de kommende \u00e5r.<\/p>\n\n\n\n<p><strong>Atomkraft er ikke sikkert.<\/strong> Nyere v\u00e6rker har i dag bedre sikkerhed end de \u00e6ldre generationer af atomkraft. Sandsynligheden for ulykker er blevet mindre, men konsekvenserne kan i v\u00e6rste fald fortsat blive katastrofale.<\/p>\n\n\n\n<p><strong>Atomkraft sviner. <\/strong>Slutdeponering af det radioaktive affald er fortsat et ul\u00f8st problem. H\u00f8jradioaktivt affald i form af udbr\u00e6ndt uranbr\u00e6ndsel fra nuv\u00e6rende og tidligere atomkraftv\u00e6rker er farligt p\u00e5 grund af str\u00e5ling fra plutonium og andre radioaktive stoffer. Derfor skal det opbevares i hundredetusinder af \u00e5r under ekstremt sikre forhold. Det er fundamentalt ub\u00e6redygtigt.<\/p>\n\n\n\n<p><strong>Atomkraft \u00f8ger risikoen for spredning af atomv\u00e5ben. <\/strong>Historisk set har den civile atomindustri og udbredelsen af atomv\u00e5ben v\u00e6ret t\u00e6t forbundet. P\u00e5 berigningsanl\u00e6g og oparbejdningsanl\u00e6g kan der produceres h\u00f8jt beriget uran og plutonium egnet til atomv\u00e5ben. Det g\u00e6lder b\u00e5de i vesten, og lande som Pakistan, Indien, Iran og Nordkorea. Desuden er terrorisme og atomkraft en farlig kombination.<\/p>\n\n\n\n<p><a href=\"https:\/\/www.zetland.dk\/historie\/sOLEkWJa-ae6XddK5-c5c74\">Atomkraft er ikke n\u00f8dvendigt<\/a> for en sikker og stabil energiforsyning i Danmark. B\u00e5de dansk og international forskning, at andre energikilder kan fungere bedre og billigere. Der er brug for vedvarende energikilder som sol, vind og geotermi. Det kan du l\u00e6se mere mere om under vores afsnit om vedvarende energikilder.<\/p>\n\n\n\n<p>L\u00e6s mere i vores dybdeg\u00e5ende: <a href=\"https:\/\/www.greenpeace.org\/denmark\/udgivelse\/klimaforandringer\/briefing-atomkraft-nej-tak\/\" data-type=\"post\" data-id=\"54552\">Briefing &#8211; atomkraft nej tak<\/a><\/p>\n\n\n\n<div class=\"wp-block-buttons is-layout-flex wp-block-buttons-is-layout-flex\"><\/div>\n\n\n\n<div style=\"height:30px\" aria-hidden=\"true\" class=\"wp-block-spacer\"><\/div>\n<\/div><\/div>\n\n\n\n\n\n<div class=\"wp-block-media-text alignwide has-media-on-the-right is-stacked-on-mobile is-image-fill-element my-0 py-0\" id=\"hvad-vi-goer\"><div class=\"wp-block-media-text__content\">\n<div style=\"height:50px\" aria-hidden=\"true\" class=\"wp-block-spacer\"><\/div>\n\n\n\n<h2 class=\"wp-block-heading\">Hvad vi g\u00f8r<\/h2>\n\n\n\n<p>Greenpeace arbejder for, at nye investeringer i energi ikke bliver brugt p\u00e5 opf\u00f8relsen af ny atomkraft. Atomkraft er hovedsageligt en energikilde, der bruges til at producere str\u00f8m. I Danmark har vi heldigvis gode m\u00e5ls\u00e6tninger og konkrete planer for, hvordan vores elektricitetsproduktion udbygges med vedvarende energi i form af sol og vind. Men vi er ikke i m\u00e5l og vi har travlt.<\/p>\n\n\n\n<p>Derfor k\u00e6mper vi for:<br><\/p>\n\n\n\n<ul class=\"wp-block-list\">\n<li>Omstilling til 100 pct. vedvarende energi hurtigst muligt.<\/li>\n\n\n\n<li>At Danmarks h\u00f8je forbrug af ub\u00e6redygtig biomasse udfases i vores kraftvarmev\u00e6rker.<\/li>\n\n\n\n<li>At der ikke opf\u00f8res ny atomkraft.<\/li>\n<\/ul>\n\n\n\n<div class=\"wp-block-buttons is-layout-flex wp-block-buttons-is-layout-flex\"><\/div>\n\n\n\n<div style=\"height:50px\" aria-hidden=\"true\" class=\"wp-block-spacer\"><\/div>\n<\/div><figure class=\"wp-block-media-text__media\"><img loading=\"lazy\" decoding=\"async\" width=\"800\" height=\"526\" src=\"https:\/\/www.greenpeace.org\/static\/planet4-denmark-stateless\/2023\/01\/d198c9a2-gp04bp3_web_size.jpg\" alt=\"Protestmarch mod udvidelsen af atomkraft i Sydafrika\" sizes=\"auto, (min-width: 1600px) calc((1320px - 24px) \/ 2),(min-width: 1200px) calc((1140px - 24px) \/ 2),(min-width: 992px) calc((960px - 24px) \/ 2),(min-width: 768px) calc((720px - 24px) \/ 2),(min-width: 601px) calc((540px - 24px) \/ 2),(min-width: 577px) calc((540px - 24px) \/ 1), calc(100vw - 24px)\" srcset=\"https:\/\/www.greenpeace.org\/static\/planet4-denmark-stateless\/2023\/01\/d198c9a2-gp04bp3_web_size.jpg 800w, https:\/\/www.greenpeace.org\/static\/planet4-denmark-stateless\/2023\/01\/d198c9a2-gp04bp3_web_size-300x197.jpg 300w, https:\/\/www.greenpeace.org\/static\/planet4-denmark-stateless\/2023\/01\/d198c9a2-gp04bp3_web_size-768x505.jpg 768w, https:\/\/www.greenpeace.org\/static\/planet4-denmark-stateless\/2023\/01\/d198c9a2-gp04bp3_web_size-510x335.jpg 510w\" class=\"wp-image-54760 size-full\" style=\"object-position:43% 50%\"\/><\/figure><\/div>\n\n\n\n\n<div style=\"height:10px\" aria-hidden=\"true\" id=\"hvad-kan-du-goere\" class=\"wp-block-spacer\"><\/div>\n\n\n\n<div class=\"wp-block-query mb-0 actions-list p4-query-loop is-custom-layout-carousel is-layout-flex wp-block-query-is-layout-flex\">\n<h2 class=\"wp-block-heading\">Hvad kan du g\u00f8re<\/h2>\n\n\n\n<p style=\"margin-top:24px;margin-bottom:32px\">At undg\u00e5 atomkraft er blot en lille men vigtig del af den gr\u00f8nne omstilling. Der er meget du kan g\u00f8re for at hj\u00e6lpe omstillingen p\u00e5 vej og samtidig undg\u00e5 atomkraft. <br>Du kan hj\u00e6lpe hele den gr\u00f8nne omstilling ved at:<br><br>1.<strong> Presse p\u00e5 for at politikerne<\/strong> udbygger vedvarende energi og ikke atomkraft og biomasse.<br>2. <strong>Undlade at flyve mere end h\u00f8jest n\u00f8dvendigt.<\/strong><br>3. <strong>Sk\u00e6re ned p\u00e5 dit k\u00f8dforbrug<\/strong> og spise flere planter.<br>4. <strong>Tag din cykel eller g\u00e5 i stedet for at k\u00f8re i din bil<\/strong>.<br>5. <strong>Forlang bedre offentlig transport<\/strong>.<br>6. <strong>V\u00e6r med i en delebilsordning <\/strong>eller k\u00f8b en elbil n\u00e6ste gang du skifter bil (hvis du ikke kan undv\u00e6re).<br>7. <strong>Lave energirenoveringer i dit hjem<\/strong>, skifte olie- eller gasfyret ud med varmepumpe eller fjernvarme.<br>8. <strong>Deltag i kampagner<\/strong> eller underskriftsindsamlinger for den gr\u00f8nne omstilling og udfasning af fossile br\u00e6ndstoffer og atomkraft.<br>9. <a rel=\"noreferrer noopener\" href=\"https:\/\/stoet.greenpeace.org\/d\/~min-donation\" target=\"_blank\">St\u00f8t Greenpeace med et fast m\u00e5nedligt bidrag<\/a>.<\/p>\n\n\n\n\n<ul class=\"wp-block-post-template is-layout-flow wp-block-post-template-is-layout-flow\"><li class=\"wp-block-post post-5141 page type-page status-publish has-post-thumbnail hentry category-klimaforandringer category-natur tag-klima tag-klimalosninger tag-okosystem tag-energilosninger tag-atomkraftnejtak tag-fossilenergi tag-gronmad\">\n<figure class=\"wp-block-post-featured-image\"><img loading=\"lazy\" decoding=\"async\" width=\"1048\" height=\"697\" src=\"https:\/\/www.greenpeace.org\/static\/planet4-denmark-stateless\/2021\/08\/d0757f13-gettyimages-1234407019.jpg\" class=\"attachment-post-thumbnail size-post-thumbnail wp-post-image wp-stateless-item\" alt=\"Klimaforandringer for\u00e5rsager brande\" style=\"object-fit:cover;\" srcset=\"https:\/\/www.greenpeace.org\/static\/planet4-denmark-stateless\/2021\/08\/d0757f13-gettyimages-1234407019.jpg 1048w, https:\/\/www.greenpeace.org\/static\/planet4-denmark-stateless\/2021\/08\/d0757f13-gettyimages-1234407019-300x200.jpg 300w, https:\/\/www.greenpeace.org\/static\/planet4-denmark-stateless\/2021\/08\/d0757f13-gettyimages-1234407019-1024x681.jpg 1024w, https:\/\/www.greenpeace.org\/static\/planet4-denmark-stateless\/2021\/08\/d0757f13-gettyimages-1234407019-768x511.jpg 768w, https:\/\/www.greenpeace.org\/static\/planet4-denmark-stateless\/2021\/08\/d0757f13-gettyimages-1234407019-510x340.jpg 510w\" sizes=\"auto, (max-width: 1048px) 100vw, 1048px\" data-image-size=\"post-thumbnail\" data-stateless-media-bucket=\"planet4-denmark-stateless\" data-stateless-media-name=\"2021\/08\/d0757f13-gettyimages-1234407019.jpg\" \/><\/figure>\n\n\n                <div class=\"wp-block-group group-stretched-link is-layout-flow wp-block-group-is-layout-flow\"><div class=\"wp-block-post-terms\">Klimaforandringer<\/div>\n                <h3 class=\"wp-block-post-title\"><a href=\"https:\/\/www.greenpeace.org\/denmark\/vaer-med\/klimakrise-er-her-nu\/\" target=\"_self\" >Stop klimakrisen<\/a><\/h3>\n                <div class=\"wp-block-post-excerpt\"><p class=\"wp-block-post-excerpt__excerpt\">Ny klimarapport afsl\u00f8rer, klimakrisen rammer os hurtigere og h\u00e5rdere, end hidtil troet. L\u00e6s mere om hvad der skal til for at bremse klimaforandringer. <\/p><\/div><\/div>\n                \n\n\n<div class=\"wp-block-group read-more-nav is-layout-flow wp-block-group-is-layout-flow\"><a href=\"https:\/\/www.greenpeace.org\/denmark\/vaer-med\/klimakrise-er-her-nu\/\" class=\"btn btn-primary btn-small\" aria-label=\"V\u00e6r med\">V\u00e6r med<\/a><\/div>\n\n<\/li><\/ul>\n\n\n<div class=\"wp-block-buttons carousel-controls is-horizontal is-content-justification-space-between is-nowrap is-layout-flex wp-container-core-buttons-is-layout-044bd602 wp-block-buttons-is-layout-flex\">\n<div class=\"wp-block-button carousel-control-prev\"><button type=\"button\" class=\"wp-block-button__link wp-element-button\">Prev<\/button><\/div>\n\n\n\n<div class=\"wp-block-button carousel-control-next\"><button type=\"button\" class=\"wp-block-button__link wp-element-button\">Next<\/button><\/div>\n<\/div>\n\n\n\n<div class=\"wp-block-buttons load-more-actions-container is-content-justification-center is-layout-flex wp-container-core-buttons-is-layout-16018d1d wp-block-buttons-is-layout-flex\">\n<div class=\"wp-block-button is-style-secondary\"><button type=\"button\" class=\"wp-block-button__link wp-element-button\">Load more<\/button><\/div>\n<\/div>\n<\/div>\n\n\n\n<div style=\"height:30px\" aria-hidden=\"true\" id=\"seneste-nyt\" class=\"wp-block-spacer\"><\/div>\n\n\n\n<div class=\"wp-block-query posts-list p4-query-loop is-custom-layout-list is-layout-flow wp-block-query-is-layout-flow\">\n<div class=\"wp-block-group is-content-justification-space-between is-layout-flex wp-container-core-group-is-layout-3d213aab wp-block-group-is-layout-flex\">\n<h2 class=\"wp-block-heading\">Seneste nyt<\/h2>\n\n\n<li class=\" wp-block-navigation-item see-all-link wp-block-navigation-link\"><a class=\"wp-block-navigation-item__content\"  href=\"http:\/\/www.greenpeace.org\/denmark\/nyhed\/?tag=atomkraftnejtak&#038;post-type=nyhed\"><span class=\"wp-block-navigation-item__label\">See all stories<\/span><\/a><\/li><\/div>\n\n\n\n<p style=\"margin-top:24px;margin-bottom:36px\"><\/p>\n\n\n\n\n<ul class=\"wp-block-post-template is-layout-flow wp-block-post-template-is-layout-flow\"><li class=\"wp-block-post post-52622 post type-post status-publish format-standard has-post-thumbnail hentry category-klimaforandringer tag-atomkraftnejtak p4-page-type-nyhed\">\n\n<div class=\"wp-block-columns is-layout-flex wp-container-core-columns-is-layout-9d6595d7 wp-block-columns-is-layout-flex\"><figure class=\"wp-block-post-featured-image\"><a href=\"https:\/\/www.greenpeace.org\/denmark\/nyhed\/klimaforandringer\/stadig-nej-tak-til-atomkraft-6-nye-artikler-forklarer-hvorfor\/\" target=\"_self\"  ><img loading=\"lazy\" decoding=\"async\" width=\"600\" height=\"600\" src=\"https:\/\/www.greenpeace.org\/static\/planet4-denmark-stateless\/2018\/10\/42e81d3f-atomkraft_nej_tak.jpg\" class=\"attachment-post-thumbnail size-post-thumbnail wp-post-image wp-stateless-item\" alt=\"Stadig nej tak til atomkraft: 6 nye artikler forklarer hvorfor\" style=\"object-fit:cover;\" srcset=\"https:\/\/www.greenpeace.org\/static\/planet4-denmark-stateless\/2018\/10\/42e81d3f-atomkraft_nej_tak.jpg 600w, https:\/\/www.greenpeace.org\/static\/planet4-denmark-stateless\/2018\/10\/42e81d3f-atomkraft_nej_tak-150x150.jpg 150w, https:\/\/www.greenpeace.org\/static\/planet4-denmark-stateless\/2018\/10\/42e81d3f-atomkraft_nej_tak-300x300.jpg 300w, https:\/\/www.greenpeace.org\/static\/planet4-denmark-stateless\/2018\/10\/42e81d3f-atomkraft_nej_tak-340x340.jpg 340w\" sizes=\"auto, (max-width: 600px) 100vw, 600px\" data-image-size=\"post-thumbnail\" data-stateless-media-bucket=\"planet4-denmark-stateless\" data-stateless-media-name=\"2018\/10\/42e81d3f-atomkraft_nej_tak.jpg\" \/><\/a><\/figure>\n\n\n<div class=\"wp-block-group is-layout-flow wp-block-group-is-layout-flow\">\n<div class=\"wp-block-group is-layout-flex wp-block-group-is-layout-flex\"><div class=\"wp-block-post-terms\"><a href=\"https:\/\/www.greenpeace.org\/denmark\/kategori\/klimaforandringer\/\">Klimaforandringer<\/a><\/div>\n\n<div class=\"taxonomy-post_tag wp-block-post-terms\"><a href=\"https:\/\/www.greenpeace.org\/denmark\/tag\/atomkraftnejtak\/\" rel=\"tag\">atomkraftnejtak<\/a><\/div><\/div>\n\n\n<h3 class=\"wp-block-post-title\"><a href=\"https:\/\/www.greenpeace.org\/denmark\/nyhed\/klimaforandringer\/stadig-nej-tak-til-atomkraft-6-nye-artikler-forklarer-hvorfor\/\" target=\"_self\" >Stadig nej tak til atomkraft: 6 nye artikler forklarer hvorfor<\/a><\/h3>\n\n<div class=\"wp-block-post-excerpt\"><p class=\"wp-block-post-excerpt__excerpt\">Debatten om atomkraft er tilbage. Derfor er det tid til at gentage de mange og uomg\u00e6ngelige argumenter i mod, at vi s\u00e5 meget som overvejer atomkraft her i Danmark. <\/p><\/div>\n\n\n<div class=\"wp-block-group posts-list-meta is-layout-flow wp-block-group-is-layout-flow\"><span class='article-list-item-author'><a href='https:\/\/www.greenpeace.org\/denmark\/author\/eoehlens\/'>Emma Oehlenschlager<\/a><\/span>\n\n<div class=\"wp-block-post-date\"><time datetime=\"2022-11-03T15:09:32+01:00\">3. november 2022<\/time><\/div><\/div>\n<\/div>\n<\/div>\n\n<\/li><li class=\"wp-block-post post-1822 post type-post status-publish format-standard has-post-thumbnail hentry category-klimaforandringer tag-atomkraftnejtak p4-page-type-nyhed\">\n\n<div class=\"wp-block-columns is-layout-flex wp-container-core-columns-is-layout-9d6595d7 wp-block-columns-is-layout-flex\"><figure class=\"wp-block-post-featured-image\"><a href=\"https:\/\/www.greenpeace.org\/denmark\/nyhed\/klimaforandringer\/atomkraft-er-farlig-dyr-og-langsom-og-ikke-loesningen-paa-klimakrisen\/\" target=\"_self\"  ><img loading=\"lazy\" decoding=\"async\" width=\"1200\" height=\"801\" src=\"https:\/\/www.greenpeace.org\/static\/planet4-denmark-stateless\/2018\/10\/ec3a3a19-gp0stowuv.jpg\" class=\"attachment-post-thumbnail size-post-thumbnail wp-post-image wp-stateless-item\" alt=\"Atomkraft er farlig, dyr og langsom &#8211; og ikke l\u00f8sningen p\u00e5 klimakrisen\" style=\"object-fit:cover;\" srcset=\"https:\/\/www.greenpeace.org\/static\/planet4-denmark-stateless\/2018\/10\/ec3a3a19-gp0stowuv.jpg 1200w, https:\/\/www.greenpeace.org\/static\/planet4-denmark-stateless\/2018\/10\/ec3a3a19-gp0stowuv-300x200.jpg 300w, https:\/\/www.greenpeace.org\/static\/planet4-denmark-stateless\/2018\/10\/ec3a3a19-gp0stowuv-768x513.jpg 768w, https:\/\/www.greenpeace.org\/static\/planet4-denmark-stateless\/2018\/10\/ec3a3a19-gp0stowuv-1024x684.jpg 1024w, https:\/\/www.greenpeace.org\/static\/planet4-denmark-stateless\/2018\/10\/ec3a3a19-gp0stowuv-510x340.jpg 510w\" sizes=\"auto, (max-width: 1200px) 100vw, 1200px\" data-image-size=\"post-thumbnail\" data-stateless-media-bucket=\"planet4-denmark-stateless\" data-stateless-media-name=\"2018\/10\/ec3a3a19-gp0stowuv.jpg\" \/><\/a><\/figure>\n\n\n<div class=\"wp-block-group is-layout-flow wp-block-group-is-layout-flow\">\n<div class=\"wp-block-group is-layout-flex wp-block-group-is-layout-flex\"><div class=\"wp-block-post-terms\"><a href=\"https:\/\/www.greenpeace.org\/denmark\/kategori\/klimaforandringer\/\">Klimaforandringer<\/a><\/div>\n\n<div class=\"taxonomy-post_tag wp-block-post-terms\"><a href=\"https:\/\/www.greenpeace.org\/denmark\/tag\/atomkraftnejtak\/\" rel=\"tag\">atomkraftnejtak<\/a><\/div><\/div>\n\n\n<h3 class=\"wp-block-post-title\"><a href=\"https:\/\/www.greenpeace.org\/denmark\/nyhed\/klimaforandringer\/atomkraft-er-farlig-dyr-og-langsom-og-ikke-loesningen-paa-klimakrisen\/\" target=\"_self\" >Atomkraft er farlig, dyr og langsom &#8211; og ikke l\u00f8sningen p\u00e5 klimakrisen<\/a><\/h3>\n\n<div class=\"wp-block-post-excerpt\"><p class=\"wp-block-post-excerpt__excerpt\">Atomkraft er en dyr, farlig og ikke-b\u00e6redygtig teknologi med ricisi for milj\u00f8et og mennesker. Greenpeace arbejder i hele verden for, at vi kan stille hurtigere om til 100 procent vedvarende&hellip; <\/p><\/div>\n\n\n<div class=\"wp-block-group posts-list-meta is-layout-flow wp-block-group-is-layout-flow\"><span class='article-list-item-author'>Greenpeace Danmark<\/span>\n\n<div class=\"wp-block-post-date\"><time datetime=\"2018-10-15T08:00:32+02:00\">15. oktober 2018<\/time><\/div><\/div>\n<\/div>\n<\/div>\n\n<\/li><li class=\"wp-block-post post-1107 post type-post status-publish format-standard has-post-thumbnail hentry category-klimaforandringer tag-atomkraftnejtak p4-page-type-nyhed\">\n\n<div class=\"wp-block-columns is-layout-flex wp-container-core-columns-is-layout-9d6595d7 wp-block-columns-is-layout-flex\"><figure class=\"wp-block-post-featured-image\"><a href=\"https:\/\/www.greenpeace.org\/denmark\/nyhed\/klimaforandringer\/atomkraft-er-en-doed-sild\/\" target=\"_self\"  ><img loading=\"lazy\" decoding=\"async\" width=\"605\" height=\"397\" src=\"https:\/\/www.greenpeace.org\/static\/planet4-denmark-stateless\/2018\/10\/8060ba91-8060ba91-barseb\u00e4ck.jpg\" class=\"attachment-post-thumbnail size-post-thumbnail wp-post-image wp-stateless-item\" alt=\"Atomkraft er en d\u00f8d sild\" style=\"object-fit:cover;\" srcset=\"https:\/\/www.greenpeace.org\/static\/planet4-denmark-stateless\/2018\/10\/8060ba91-8060ba91-barseb\u00e4ck.jpg 605w, https:\/\/www.greenpeace.org\/static\/planet4-denmark-stateless\/2018\/10\/8060ba91-8060ba91-barseb\u00e4ck-300x197.jpg 300w, https:\/\/www.greenpeace.org\/static\/planet4-denmark-stateless\/2018\/10\/8060ba91-8060ba91-barseb\u00e4ck-510x335.jpg 510w\" sizes=\"auto, (max-width: 605px) 100vw, 605px\" data-image-size=\"post-thumbnail\" data-stateless-media-bucket=\"planet4-denmark-stateless\" data-stateless-media-name=\"2018\/10\/8060ba91-8060ba91-barseb\u00e4ck.jpg\" \/><\/a><\/figure>\n\n\n<div class=\"wp-block-group is-layout-flow wp-block-group-is-layout-flow\">\n<div class=\"wp-block-group is-layout-flex wp-block-group-is-layout-flex\"><div class=\"wp-block-post-terms\"><a href=\"https:\/\/www.greenpeace.org\/denmark\/kategori\/klimaforandringer\/\">Klimaforandringer<\/a><\/div>\n\n<div class=\"taxonomy-post_tag wp-block-post-terms\"><a href=\"https:\/\/www.greenpeace.org\/denmark\/tag\/atomkraftnejtak\/\" rel=\"tag\">atomkraftnejtak<\/a><\/div><\/div>\n\n\n<h3 class=\"wp-block-post-title\"><a href=\"https:\/\/www.greenpeace.org\/denmark\/nyhed\/klimaforandringer\/atomkraft-er-en-doed-sild\/\" target=\"_self\" >Atomkraft er en d\u00f8d sild<\/a><\/h3>\n\n<div class=\"wp-block-post-excerpt\"><p class=\"wp-block-post-excerpt__excerpt\">Atomkraft er en farlig og un\u00f8dvendig energiteknologi med et fortsat ul\u00f8st affaldsproblem. Det er med andre ord en d\u00f8d sild. <\/p><\/div>\n\n\n<div class=\"wp-block-group posts-list-meta is-layout-flow wp-block-group-is-layout-flow\"><span class='article-list-item-author'><a href='https:\/\/www.greenpeace.org\/denmark\/author\/thaaland\/'>Tarjei Haaland<\/a><\/span>\n\n<div class=\"wp-block-post-date\"><time datetime=\"2016-06-03T16:16:00+02:00\">3. juni 2016<\/time><\/div><\/div>\n<\/div>\n<\/div>\n\n<\/li><\/ul>\n\n\n<div class=\"wp-block-buttons carousel-controls is-horizontal is-content-justification-space-between is-nowrap is-layout-flex wp-container-core-buttons-is-layout-044bd602 wp-block-buttons-is-layout-flex\">\n<div class=\"wp-block-button carousel-control-prev\"><button type=\"button\" class=\"wp-block-button__link wp-element-button\">Prev<\/button><\/div>\n\n\n\n<div class=\"wp-block-button carousel-control-next\"><button type=\"button\" class=\"wp-block-button__link wp-element-button\">Next<\/button><\/div>\n<\/div>\n\n\n<li class=\" wp-block-navigation-item see-all-link wp-block-navigation-link\"><a class=\"wp-block-navigation-item__content\"  href=\"http:\/\/www.greenpeace.org\/denmark\/nyhed\/?tag=atomkraftnejtak&#038;post-type=nyhed\"><span class=\"wp-block-navigation-item__label\">Indl\u00e6s flere<\/span><\/a><\/li><\/div>\n\n\n\n\n<div class=\"wp-block-group alignfull block mb-0 pb-0 has-grey-100-background-color has-background is-layout-flow wp-block-group-is-layout-flow\">\n<div class=\"wp-block-group container is-layout-flow wp-block-group-is-layout-flow\">\n<div style=\"height:24px\" aria-hidden=\"true\" class=\"wp-block-spacer\"><\/div>\n\n\n\n<h2 class=\"wp-block-heading has-text-align-center\">L\u00e6r mere om dette emne<\/h2>\n\n\n\n<div class=\"wp-block-columns is-layout-flex wp-container-core-columns-is-layout-9d6595d7 wp-block-columns-is-layout-flex\">\n<div class=\"wp-block-column is-layout-flow wp-block-column-is-layout-flow\">\n<div class=\"wp-block-group group-stretched-link is-layout-flow wp-block-group-is-layout-flow\">\n<figure class=\"wp-block-image aligncenter size-large is-resized force-no-lightbox force-no-caption is-style-rounded-180\"><img loading=\"lazy\" decoding=\"async\" src=\"https:\/\/www.greenpeace.org\/static\/planet4-denmark-stateless\/2021\/08\/d0757f13-gettyimages-1234407019-1024x681.jpg\" title=\"Klimaforandringer for\u00e5rsager brande\" alt=\"Klimakrise\" class=\"wp-image-14076\" width=\"180\" height=\"180\"\/><figcaption class=\"wp-element-caption\">En mand flygter fra en voldsom skovbrand med sine f\u00e5r den 2. august 2021 i Tyrkiet <div class=\"credit icon-left\"> \u00a9  Yasin AKGUL \/ AFP via Getty Images<\/div><\/figcaption><\/figure>\n\n\n\n<h5 class=\"wp-block-heading has-text-align-center is-style-chevron\" style=\"font-size:1rem\"><a href=\"https:\/\/www.greenpeace.org\/denmark\/?page_id=54185\">Klimakrisen<\/a><\/h5>\n\n\n\n<div style=\"height:16px\" aria-hidden=\"true\" class=\"wp-block-spacer\"><\/div>\n<\/div>\n<\/div>\n\n\n\n<div class=\"wp-block-column is-layout-flow wp-block-column-is-layout-flow\">\n<div class=\"wp-block-group group-stretched-link is-layout-flow wp-block-group-is-layout-flow\">\n<figure class=\"wp-block-image aligncenter size-full is-resized force-no-lightbox force-no-caption is-style-rounded-180\"><img loading=\"lazy\" decoding=\"async\" src=\"https:\/\/www.greenpeace.org\/static\/planet4-denmark-stateless\/2023\/01\/3b30a009-gp1t2pvi_web_size_with_credit_line.jpg\" alt=\"Stor menneskem\u00e6ngde samlet til demonstration, hvor de kr\u00e6ver gr\u00f8n omstilling\" class=\"wp-image-54711\" width=\"180\" height=\"180\"\/><figcaption class=\"wp-element-caption\">Two days before a general election in Denmark more than 50.000 people marched for climate action in Copenhagen, making it the biggest climate protest ever in the country. Marches also took place at 12 other Danish cities on that same day. Before the last general election in 2019 about 40.000 people took part in a similar march demanding that a new government impose ambitous climate policies in the country. This time the expectation was that about 10.000 to 25.000 people would march behind climate demands across the country, but instead a historic number of people showed up to send a clear message that acute climate action has to be front and center for the new government and that transforming Denmarks agricultural sector must be top of the list.\nFolkets Klimamarch 25.000-30.000 mennesker marcherer for et klimavalg!<\/figcaption><\/figure>\n\n\n\n<h5 class=\"wp-block-heading has-text-align-center is-style-chevron\" style=\"font-size:1rem\"><a href=\"https:\/\/www.greenpeace.org\/denmark\/?page_id=54195\">Gr\u00f8n omstilling<\/a><\/h5>\n\n\n\n<div style=\"height:16px\" aria-hidden=\"true\" class=\"wp-block-spacer\"><\/div>\n<\/div>\n<\/div>\n\n\n\n<div class=\"wp-block-column is-layout-flow wp-block-column-is-layout-flow\">\n<div class=\"wp-block-group group-stretched-link is-layout-flow wp-block-group-is-layout-flow\">\n<figure class=\"wp-block-image aligncenter size-large is-resized force-no-lightbox force-no-caption is-style-rounded-180\"><img loading=\"lazy\" decoding=\"async\" src=\"https:\/\/www.greenpeace.org\/static\/planet4-denmark-stateless\/2021\/06\/e2d0a9da-dansk-gris-er-mere-klimavenligt-end-du-tror-1024x559.png\" title=\"GREENWASHING: Dansk gris er mere klimavenligt end du tror\" alt=\"Grafik med Danish Crowns markedsf\u00f8ring af svin, hvor der er sat en gul advarselsbj\u00e6lke over. Bj\u00e6lken advarer mod greeenwashing\" class=\"wp-image-13613\" width=\"180\" height=\"180\"\/><figcaption class=\"wp-element-caption\">Svinek\u00f8d er ikke et klimavenligt produkt, og det var vildledning af den danske befolkning, da Danish Crown sidste sommer plastrede gadebilledet til med budskaber, der efterlod det indtryk.<div class=\"credit icon-left\"> \u00a9 Greenpeace<\/div><\/figcaption><\/figure>\n\n\n\n<h5 class=\"wp-block-heading has-text-align-center is-style-chevron\" style=\"font-size:1rem\"><a href=\"https:\/\/www.greenpeace.org\/denmark\/?page_id=54197\">Greenwashing<\/a><\/h5>\n\n\n\n<div style=\"height:16px\" aria-hidden=\"true\" class=\"wp-block-spacer\"><\/div>\n<\/div>\n<\/div>\n\n\n\n<div class=\"wp-block-column is-layout-flow wp-block-column-is-layout-flow\">\n<div class=\"wp-block-group group-stretched-link is-layout-flow wp-block-group-is-layout-flow\">\n<figure class=\"wp-block-image aligncenter size-large is-resized force-no-lightbox force-no-caption is-style-rounded-180\"><img loading=\"lazy\" decoding=\"async\" src=\"https:\/\/www.greenpeace.org\/static\/planet4-denmark-stateless\/2020\/02\/0ad47ac7-webpagebanner-1024x682.jpg\" alt=\"En gruppe af mennesker rejser en vindm\u00f8lle.\" class=\"wp-image-4761\" width=\"180\" height=\"180\"\/><figcaption class=\"wp-element-caption\">PS10 solar power tower is a 11 MW plant produces electricity with 624 large heliostats. Each of these mirrors has a surface measuring 120 square meters (1,290 square feet) that concentrates the Sun&#8217;s rays to the top of a 115 meter (377 feet) high tower where a solar receiver and a steam turbine are located. The turbine drives a generator, producing electricity. It is located in Sanlucar la Mayor, near Seville, and it is owned by Abengoa Solar.<\/figcaption><\/figure>\n\n\n\n<h5 class=\"wp-block-heading has-text-align-center is-style-chevron\" style=\"font-size:1rem\"><a href=\"https:\/\/www.greenpeace.org\/denmark\/?page_id=54200\">Vedvarende energi<\/a><\/h5>\n\n\n\n<div style=\"height:16px\" aria-hidden=\"true\" class=\"wp-block-spacer\"><\/div>\n<\/div>\n<\/div>\n\n\n\n<div class=\"wp-block-column is-layout-flow wp-block-column-is-layout-flow\">\n<div class=\"wp-block-group group-stretched-link is-layout-flow wp-block-group-is-layout-flow\">\n<figure class=\"wp-block-image aligncenter size-large is-resized force-no-lightbox force-no-caption is-style-rounded-180\"><img loading=\"lazy\" decoding=\"async\" src=\"https:\/\/www.greenpeace.org\/static\/planet4-denmark-stateless\/2020\/11\/a372137c-lukketid-for-nords\u00f8olien-1-1024x683.jpg\" alt=\"Olie boreplatform i tusm\u00f8rke, hvor der er projekteret &quot;lukketid&quot; p\u00e5 siden af platformen.\" class=\"wp-image-11456\" width=\"180\" height=\"180\"\/><figcaption class=\"wp-element-caption\">Aktivister fra Greenpeace projekterer budskabet \u201cLUKKETID\u201d p\u00e5 boreriggen Maersk Resolute i Esbjerg Havn. Den fredelige happening fandt sted i forbindelse med lanceringen af et nyt borgerforslag, der kr\u00e6ver at regeringen og Folketinget aflyser den 8. udbudsrunde i Nords\u00f8en samt at det eksisterende forbud mod at udstede tilladelser til efterforskning efter fossile br\u00e6ndsler p\u00e5 land og i indre danske farvande udvides til at omfatte den danske del af Nords\u00f8en.<\/figcaption><\/figure>\n\n\n\n<h5 class=\"wp-block-heading has-text-align-center is-style-chevron\" style=\"font-size:1rem\"><a href=\"https:\/\/www.greenpeace.org\/denmark\/?page_id=54205\">Fossile br\u00e6ndstoffer<\/a><\/h5>\n\n\n\n<div style=\"height:16px\" aria-hidden=\"true\" class=\"wp-block-spacer\"><\/div>\n<\/div>\n<\/div>\n<\/div>\n<\/div>\n<\/div>\n\n\n\n\n\n<div class=\"wp-block-group alignfull block my-0 py-0 has-white-background-color has-background is-layout-flow wp-block-group-is-layout-flow\">\n<div class=\"wp-block-group container is-layout-flow wp-block-group-is-layout-flow\">\n<div style=\"height:35px\" aria-hidden=\"true\" class=\"wp-block-spacer\"><\/div>\n\n\n\n<h4 class=\"wp-block-heading has-text-align-center\">Udforsk andre emner<\/h4>\n\n\n\n<div style=\"height:15px\" aria-hidden=\"true\" class=\"wp-block-spacer\"><\/div>\n\n\n\n<div class=\"wp-block-columns is-not-stacked-on-mobile is-style-mobile-carousel is-layout-flex wp-container-core-columns-is-layout-9d6595d7 wp-block-columns-is-layout-flex\">\n<div class=\"wp-block-column is-layout-flow wp-block-column-is-layout-flow\"><\/div>\n\n\n\n<div class=\"wp-block-column is-layout-flow wp-block-column-is-layout-flow\">\n<div class=\"wp-block-group group-stretched-link is-layout-flow wp-block-group-is-layout-flow\">\n<figure class=\"wp-block-image aligncenter size-full is-resized is-style-rounded-90 force-no-lightbox force-no-caption mb-0\"><img loading=\"lazy\" decoding=\"async\" width=\"800\" height=\"533\" src=\"https:\/\/www.greenpeace.org\/static\/planet4-denmark-stateless\/2019\/06\/0b0e4813-svineproduktion-4.jpg\" title=\"Danske svin i en af landbrugets k\u00f8dprodutktioner.\" alt=\"Svin bag tremmer i en stald.\" class=\"wp-image-3051\" srcset=\"https:\/\/www.greenpeace.org\/static\/planet4-denmark-stateless\/2019\/06\/0b0e4813-svineproduktion-4.jpg 800w, https:\/\/www.greenpeace.org\/static\/planet4-denmark-stateless\/2019\/06\/0b0e4813-svineproduktion-4-300x200.jpg 300w, https:\/\/www.greenpeace.org\/static\/planet4-denmark-stateless\/2019\/06\/0b0e4813-svineproduktion-4-768x512.jpg 768w, https:\/\/www.greenpeace.org\/static\/planet4-denmark-stateless\/2019\/06\/0b0e4813-svineproduktion-4-510x340.jpg 510w\" sizes=\"auto, (max-width: 800px) 100vw, 800px\" \/><\/figure>\n\n\n\n<div style=\"height:16px\" aria-hidden=\"true\" class=\"wp-block-spacer\"><\/div>\n\n\n\n<h5 class=\"wp-block-heading has-text-align-center\" style=\"font-size:1rem\"><a href=\"https:\/\/www.greenpeace.org\/denmark\/?page_id=54170\">Landbrug<\/a><\/h5>\n<\/div>\n<\/div>\n\n\n\n<div class=\"wp-block-column is-layout-flow wp-block-column-is-layout-flow\">\n<div class=\"wp-block-group group-stretched-link is-layout-flow wp-block-group-is-layout-flow\">\n<figure class=\"wp-block-image aligncenter size-full is-resized is-style-rounded-90 force-no-lightbox force-no-caption mb-0\"><img loading=\"lazy\" decoding=\"async\" width=\"800\" height=\"534\" src=\"https:\/\/www.greenpeace.org\/static\/planet4-denmark-stateless\/cec7c7c4-gp0stpa99_web_size.jpg\" alt=\"En humlebi sv\u00e6ver mellem lilla blomster\" class=\"wp-image-11917\"\/><figcaption class=\"wp-element-caption\">Zuzana Pastorkov\u00e1 owns an eco-farm in a small village in the municipality in \u0160ala District, in the Nitra Region of southwestern Slovakia. She grows all kinds of fruits, vegetables and medical plants. Everything is done with love to the nature and environment, without using chemicals.<\/figcaption><\/figure>\n\n\n\n<div style=\"height:16px\" aria-hidden=\"true\" class=\"wp-block-spacer\"><\/div>\n\n\n\n<h5 class=\"wp-block-heading has-text-align-center\" style=\"font-size:1rem\"><a href=\"https:\/\/www.greenpeace.org\/denmark\/?page_id=54171\">Natur<\/a><\/h5>\n<\/div>\n<\/div>\n\n\n\n<div class=\"wp-block-column is-layout-flow wp-block-column-is-layout-flow\"><\/div>\n<\/div>\n<\/div>\n<\/div>\n\n<\/div>\n","protected":false},"excerpt":{"rendered":"<p>L\u00f8sningen p\u00e5 klimakrisen og vore afh\u00e6ngighed af fossile br\u00e6ndsler findes ikke i dyr og affaldstung atomkraft men i vedvarende energi. Atomkraft? Nej tak.<\/p>\n","protected":false},"author":45,"featured_media":54739,"parent":53056,"menu_order":0,"comment_status":"closed","ping_status":"closed","template":"","meta":{"ep_exclude_from_search":false,"p4_hide_page_title_checkbox":"on","p4_title":"","p4_subtitle":"","p4_description":"","background_image_id":"","background_image":"","p4_button_title":"","p4_button_link":"","p4_button_link_checkbox":"","p4_og_title":"","p4_og_description":"","p4_og_image":"","p4_og_image_id":"","p4_seo_canonical_url":"","p4_campaign_name":"not set","p4_local_project":"not set","p4_basket_name":"not set","p4_department":"","footnotes":""},"categories":[1],"tags":[63],"class_list":["post-54203","page","type-page","status-publish","has-post-thumbnail","hentry","category-klimaforandringer","tag-atomkraftnejtak"],"_links":{"self":[{"href":"https:\/\/www.greenpeace.org\/denmark\/wp-json\/wp\/v2\/pages\/54203","targetHints":{"allow":["GET"]}}],"collection":[{"href":"https:\/\/www.greenpeace.org\/denmark\/wp-json\/wp\/v2\/pages"}],"about":[{"href":"https:\/\/www.greenpeace.org\/denmark\/wp-json\/wp\/v2\/types\/page"}],"author":[{"embeddable":true,"href":"https:\/\/www.greenpeace.org\/denmark\/wp-json\/wp\/v2\/users\/45"}],"replies":[{"embeddable":true,"href":"https:\/\/www.greenpeace.org\/denmark\/wp-json\/wp\/v2\/comments?post=54203"}],"version-history":[{"count":20,"href":"https:\/\/www.greenpeace.org\/denmark\/wp-json\/wp\/v2\/pages\/54203\/revisions"}],"predecessor-version":[{"id":81456,"href":"https:\/\/www.greenpeace.org\/denmark\/wp-json\/wp\/v2\/pages\/54203\/revisions\/81456"}],"up":[{"embeddable":true,"href":"https:\/\/www.greenpeace.org\/denmark\/wp-json\/wp\/v2\/pages\/53056"}],"wp:featuredmedia":[{"embeddable":true,"href":"https:\/\/www.greenpeace.org\/denmark\/wp-json\/wp\/v2\/media\/54739"}],"wp:attachment":[{"href":"https:\/\/www.greenpeace.org\/denmark\/wp-json\/wp\/v2\/media?parent=54203"}],"wp:term":[{"taxonomy":"category","embeddable":true,"href":"https:\/\/www.greenpeace.org\/denmark\/wp-json\/wp\/v2\/categories?post=54203"},{"taxonomy":"post_tag","embeddable":true,"href":"https:\/\/www.greenpeace.org\/denmark\/wp-json\/wp\/v2\/tags?post=54203"}],"curies":[{"name":"wp","href":"https:\/\/api.w.org\/{rel}","templated":true}]}}