{"id":54224,"date":"2023-01-20T12:50:19","date_gmt":"2023-01-20T11:50:19","guid":{"rendered":"https:\/\/www.greenpeace.org\/denmark\/?page_id=54224"},"modified":"2026-04-08T10:43:07","modified_gmt":"2026-04-08T08:43:07","slug":"skov","status":"publish","type":"page","link":"https:\/\/www.greenpeace.org\/denmark\/natur\/skov\/","title":{"rendered":"Skov"},"content":{"rendered":"\n<div class=\"wp-block-group is-pattern-p4-deep-dive-topic-pattern-layout mb-0 is-layout-flow wp-block-group-is-layout-flow\">\n<div class=\"wp-block-group alignfull has-grey-100-background-color has-background is-layout-flow wp-block-group-is-layout-flow\" style=\"padding-top:56px;padding-bottom:56px\">\n<div class=\"wp-block-group container is-layout-flow wp-block-group-is-layout-flow\">\n<div class=\"wp-block-media-text alignfull has-media-on-the-right is-stacked-on-mobile is-pattern-p4-page-header is-style-parallax\"><div class=\"wp-block-media-text__content\">\n<div class=\"wp-block-group is-layout-flow wp-block-group-is-layout-flow\">\n<h1 class=\"wp-block-heading has-grey-100-background-color has-background\">Skovrydning truer skovene globalt &#8211; ikke mindst i Amazonas<\/h1>\n<\/div>\n\n\n\n<p style=\"font-size:1.25rem\">I verdens st\u00f8rste regnskov Amazonas har skovrydning de seneste \u00e5r sat kedelige rekorder. Hvis ikke vi f\u00e5r stoppet skovrydning, giver vi en fattigere og mere usikker verden videre til vores b\u00f8rn. Eksperter advarer om, at Amazonas n\u00e6rmer sig et tipping point,<\/p>\n\n\n\n<div class=\"wp-block-buttons is-layout-flex wp-block-buttons-is-layout-flex\">\n<div class=\"wp-block-button is-style-cta\"><a class=\"wp-block-button__link wp-element-button\" href=\"https:\/\/www.greenpeace.org\/denmark\/vaer-med\/amazonas\/\" target=\"_blank\" rel=\"noreferrer noopener\">Beskyt Amazonas<\/a><\/div>\n<\/div>\n<\/div><figure class=\"wp-block-media-text__media\"><img loading=\"lazy\" decoding=\"async\" width=\"799\" height=\"532\" src=\"https:\/\/www.greenpeace.org\/static\/planet4-denmark-stateless\/2023\/01\/ae83a7a2-amazonas-regnskoven-ved-tapajos-floden.jpg\" alt=\"Tr\u00e6 i Amazonas regnskov\" sizes=\"auto, (min-width: 601px) 50vw, 100vw\" srcset=\"https:\/\/www.greenpeace.org\/static\/planet4-denmark-stateless\/2023\/01\/ae83a7a2-amazonas-regnskoven-ved-tapajos-floden.jpg 799w, https:\/\/www.greenpeace.org\/static\/planet4-denmark-stateless\/2023\/01\/ae83a7a2-amazonas-regnskoven-ved-tapajos-floden-300x200.jpg 300w, https:\/\/www.greenpeace.org\/static\/planet4-denmark-stateless\/2023\/01\/ae83a7a2-amazonas-regnskoven-ved-tapajos-floden-768x511.jpg 768w, https:\/\/www.greenpeace.org\/static\/planet4-denmark-stateless\/2023\/01\/ae83a7a2-amazonas-regnskoven-ved-tapajos-floden-510x340.jpg 510w\" class=\"wp-image-54728 size-full\"\/><\/figure><\/div>\n<\/div>\n<\/div>\n\n\n<style>.wp-block-group.alignfull.has-background.is-layout-flow{padding:0!important;}<\/style>\n\n<div style=\"height:15px\" aria-hidden=\"true\" class=\"wp-block-spacer\"><\/div>\n\n<div class=\"wp-block-columns is-style-mobile-carousel secondary-menu is-layout-flex wp-container-core-columns-is-layout-9d6595d7 wp-block-columns-is-layout-flex\">\n<div class=\"wp-block-column is-layout-flow wp-block-column-is-layout-flow\" style=\"flex-basis:15%\"><\/div>\n\n\n\n<div class=\"wp-block-column brdr-bottom is-layout-flow wp-block-column-is-layout-flow\">\n<div class=\"wp-block-group is-style-reset-margin flex-wrap is-content-justification-center is-nowrap is-layout-flex wp-container-core-group-is-layout-499140ed wp-block-group-is-layout-flex\">\n<p class=\"has-text-align-center is-style-roboto-font-family nav-link\" style=\"font-size:16px\"><a href=\"#problemet\"><strong>Problemet<\/strong><\/a><\/p>\n\n\n\n<div style=\"height:30px;width:0px\" aria-hidden=\"true\" class=\"wp-block-spacer wp-container-content-b0b89ccb\"><\/div>\n\n\n\n<p>\u2022<\/p>\n\n\n\n<div style=\"height:30px;width:0px\" aria-hidden=\"true\" class=\"wp-block-spacer wp-container-content-b0b89ccb\"><\/div>\n\n\n\n<p class=\"has-text-align-center is-style-roboto-font-family nav-link\" style=\"font-size:16px\"><a href=\"#hvad-vi-goer\"><strong>Hvad vi g\u00f8r<\/strong><\/a><\/p>\n\n\n\n<div style=\"height:30px;width:0px\" aria-hidden=\"true\" class=\"wp-block-spacer wp-container-content-b0b89ccb\"><\/div>\n\n\n\n<p>\u2022<\/p>\n\n\n\n<div style=\"height:30px;width:0px\" aria-hidden=\"true\" class=\"wp-block-spacer wp-container-content-b0b89ccb\"><\/div>\n\n\n\n<p class=\"has-text-align-center is-style-roboto-font-family nav-link\" style=\"font-size:16px\"><a href=\"#hvad-kan-du-goere\"><strong>Hvad kan du g\u00f8re<\/strong><\/a><\/p>\n\n\n\n<div style=\"height:30px;width:0px\" aria-hidden=\"true\" class=\"wp-block-spacer wp-container-content-b0b89ccb\"><\/div>\n\n\n\n<p>\u2022<\/p>\n\n\n\n<div style=\"height:30px;width:0px\" aria-hidden=\"true\" class=\"wp-block-spacer wp-container-content-b0b89ccb\"><\/div>\n\n\n\n<p class=\"is-style-roboto-font-family nav-link\" style=\"font-size:16px\"><a href=\"#seneste-nyt\"><strong>Seneste nyt<\/strong><\/a><\/p>\n\n\n\n<div style=\"height:30px;width:0px\" aria-hidden=\"true\" class=\"wp-block-spacer wp-container-content-cf2db169\"><\/div>\n<\/div>\n<\/div>\n\n\n\n<div class=\"wp-block-column is-layout-flow wp-block-column-is-layout-flow\" style=\"flex-basis:15%\"><\/div>\n<\/div>\n\n\n\n<div style=\"height:64px\" aria-hidden=\"true\" class=\"wp-block-spacer\"><\/div>\n\n\n\n\n<div class=\"wp-block-media-text alignwide is-stacked-on-mobile is-image-fill my-0 py-0\" id=\"problemet\"><figure class=\"wp-block-media-text__media\" style=\"background-image:url(https:\/\/www.greenpeace.org\/static\/planet4-denmark-stateless\/2023\/01\/5ddcd3ef-jaguaren-er-blandt-amazonas-regnskovens-mest-ikoniske-dyr.jpg);background-position:52% 25%\"><img loading=\"lazy\" decoding=\"async\" width=\"521\" height=\"799\" src=\"https:\/\/www.greenpeace.org\/static\/planet4-denmark-stateless\/2023\/01\/5ddcd3ef-jaguaren-er-blandt-amazonas-regnskovens-mest-ikoniske-dyr.jpg\" alt=\"En jaguar, der er der er truet af skovrydning.\" sizes=\"auto, (min-width: 1600px) calc((1320px - 24px) \/ 2),(min-width: 1200px) calc((1140px - 24px) \/ 2),(min-width: 992px) calc((960px - 24px) \/ 2),(min-width: 768px) calc((720px - 24px) \/ 2),(min-width: 601px) calc((540px - 24px) \/ 2),(min-width: 577px) calc((540px - 24px) \/ 1), calc(100vw - 24px)\" srcset=\"https:\/\/www.greenpeace.org\/static\/planet4-denmark-stateless\/2023\/01\/5ddcd3ef-jaguaren-er-blandt-amazonas-regnskovens-mest-ikoniske-dyr.jpg 521w, https:\/\/www.greenpeace.org\/static\/planet4-denmark-stateless\/2023\/01\/5ddcd3ef-jaguaren-er-blandt-amazonas-regnskovens-mest-ikoniske-dyr-196x300.jpg 196w, https:\/\/www.greenpeace.org\/static\/planet4-denmark-stateless\/2023\/01\/5ddcd3ef-jaguaren-er-blandt-amazonas-regnskovens-mest-ikoniske-dyr-222x340.jpg 222w\" class=\"wp-image-54723 size-full\"\/><\/figure><div class=\"wp-block-media-text__content\">\n<div style=\"height:30px\" aria-hidden=\"true\" class=\"wp-block-spacer\"><\/div>\n\n\n\n<h2 class=\"wp-block-heading\">Hvad er problemet med skovrydning?<\/h2>\n\n\n\n<p>Skove er vidunderlige, eventyrlige og livsn\u00f8dvendige, b\u00e5de p\u00e5 vores egne breddegrader, og i helt s\u00e6rlig grad, n\u00e5r det handler om tropisk regnskov. Jordens regnskove er hjem for den st\u00f8rste mangfoldigheder af arter p\u00e5 landjorden. Mere end halvdelen af alle dyrearter er regnskov dyr, og alene i Sydamerikas Amazonas regnskov er der omkring 80.000 forskellige plantearter.<\/p>\n\n\n\n<p>Regnskovene er ogs\u00e5 nogle af de f\u00e5 steder i verden, hvor oprindelige folk har v\u00e6ret i stand til at bibeholde og stadig lever i overensstemmelse med deres kultur, spiritualitet og natursyn.<\/p>\n\n\n\n<p>Samtidig spiller verdens skove en uvurderlig rolle i forhold til klimakrisen, fordi skov lagrer enorme m\u00e6ngder kulstof fra atmosf\u00e6ren i tr\u00e6erne og i jorden. Skovene er vores bedste h\u00e5b, hvis vi skal n\u00e5 m\u00e5let, om et klimaneutralt samfund i 2050. At stoppe skovrydning og bevare alle eksisterende skove er b\u00e5de den nemmeste, billigste og en af de smarteste l\u00f8sninger p\u00e5 klimakrisen.<\/p>\n\n\n\n<p>Desv\u00e6rre ser situationen for skovene alt andet end lys ud. I 2014-2018 mistede verden \u00e5rligt tropisk skov med et samlet areal p\u00e5 st\u00f8rrelse med Storbritannien. Det gav en \u00e5rlig klimagasudledning p\u00e5 4,7 gigaton CO2\u00e6kvivalenter \u2013 mere end EU-landenes samlede udledning i 2017.<\/p>\n\n\n\n<div class=\"wp-block-buttons is-layout-flex wp-block-buttons-is-layout-flex\"><\/div>\n\n\n\n<div style=\"height:30px\" aria-hidden=\"true\" class=\"wp-block-spacer\"><\/div>\n<\/div><\/div>\n\n\n\n\n\n<div class=\"wp-block-media-text alignwide has-media-on-the-right is-stacked-on-mobile is-image-fill my-0 py-0\" id=\"hvad-vi-goer\"><div class=\"wp-block-media-text__content\">\n<div style=\"height:30px\" aria-hidden=\"true\" class=\"wp-block-spacer\"><\/div>\n\n\n\n<h2 class=\"wp-block-heading\">Hvad g\u00f8r vi for at stoppe skovrydning?<\/h2>\n\n\n\n<p><strong>Der er langt til Amazonas, men Danmark og Europa er desv\u00e6rre en stor del af problemet. Vi er nemlig storimport\u00f8rer af de varer, der driver skovrydning globalt.<br><br><\/strong>Faktisk er EU ansvarlig for op mod 10% af al skovrydning globalt \u2013 via de varer, vi importerer. Derfor har vi de seneste \u00e5r arbejdet intensivt for at f\u00e5 en EU-lovgivning p\u00e5 plads, der stiller de virksomheder, som importerer og handler r\u00e5varer, til ansvar for at kunne dokumentere, at de ikke handler med varer, der har forbindelse til skovrydning.<\/p>\n\n\n\n<p>Bedre lovgivning og strengere h\u00e5ndh\u00e6velse af eksisterende lovgivning er blandt de vigtige l\u00f8sninger, der kan hj\u00e6lpe med at redde skovene. Men det m\u00e5ske allervigtigste, vi kan g\u00f8re for at stoppe skovrydning, at s\u00e6tte ind imod drivkr\u00e6fterne bag skovrydning. Landbrugets produktion af k\u00f8d og m\u00e6lk er blandt de st\u00f8rste drivkr\u00e6fter. Derfor arbejder Greenpeace for at omstille landbruget og vores spisevaner til mindre k\u00f8d og m\u00e6lk, flere plantebaserede f\u00f8devarer til mennesker og mere \u00f8kologi.<\/p>\n\n\n\n<p>S\u00e6rligt produktionen af oksek\u00f8d og sojafoder l\u00e6gger pres p\u00e5 Amazonas og andre v\u00e6rdifulde skov- og naturomr\u00e5der i Sydamerika. Og Danmark har en kedelig rekord som det land i EU, der har den st\u00f8rste import af soja til foder i forhold til indbyggertal. Den danske import af sojafoder l\u00e6gger beslag p\u00e5 et omr\u00e5de st\u00f8rre end Sj\u00e6lland i s\u00e6rligt Brasilien og Argentina.<\/p>\n\n\n\n<p>Derudover arbejder vi for at stoppe EU\u2019s planlagte handelsaftale med Brasilien og tre andre sydamerikanske lande, fordi den vil \u00f8ge problemet med skovrydning ved at \u00f8ge handlen med varer som oksek\u00f8d og soja. Handelsaftalen er kendt under navnet Mercosur-aftalen.<\/p>\n\n\n\n<div class=\"wp-block-buttons is-layout-flex wp-block-buttons-is-layout-flex\"><\/div>\n\n\n\n<div style=\"height:30px\" aria-hidden=\"true\" class=\"wp-block-spacer\"><\/div>\n<\/div><figure class=\"wp-block-media-text__media\" style=\"background-image:url(https:\/\/www.greenpeace.org\/static\/planet4-denmark-stateless\/2023\/01\/a256c2db-marker-med-soja-til-foder-fortraenger-regnskoven-i-amazonas.jpg);background-position:28% 53%\"><img loading=\"lazy\" decoding=\"async\" width=\"800\" height=\"533\" src=\"https:\/\/www.greenpeace.org\/static\/planet4-denmark-stateless\/2023\/01\/a256c2db-marker-med-soja-til-foder-fortraenger-regnskoven-i-amazonas.jpg\" alt=\"Billede af mark p\u00e5 gr\u00e6nsen til regnskoven\" sizes=\"auto, (min-width: 1600px) calc((1320px - 24px) \/ 2),(min-width: 1200px) calc((1140px - 24px) \/ 2),(min-width: 992px) calc((960px - 24px) \/ 2),(min-width: 768px) calc((720px - 24px) \/ 2),(min-width: 601px) calc((540px - 24px) \/ 2),(min-width: 577px) calc((540px - 24px) \/ 1), calc(100vw - 24px)\" srcset=\"https:\/\/www.greenpeace.org\/static\/planet4-denmark-stateless\/2023\/01\/a256c2db-marker-med-soja-til-foder-fortraenger-regnskoven-i-amazonas.jpg 800w, https:\/\/www.greenpeace.org\/static\/planet4-denmark-stateless\/2023\/01\/a256c2db-marker-med-soja-til-foder-fortraenger-regnskoven-i-amazonas-300x200.jpg 300w, https:\/\/www.greenpeace.org\/static\/planet4-denmark-stateless\/2023\/01\/a256c2db-marker-med-soja-til-foder-fortraenger-regnskoven-i-amazonas-768x512.jpg 768w, https:\/\/www.greenpeace.org\/static\/planet4-denmark-stateless\/2023\/01\/a256c2db-marker-med-soja-til-foder-fortraenger-regnskoven-i-amazonas-510x340.jpg 510w\" class=\"wp-image-54710 size-full\"\/><\/figure><\/div>\n\n\n\n\n<div style=\"height:10px\" aria-hidden=\"true\" id=\"hvad-kan-du-goere\" class=\"wp-block-spacer\"><\/div>\n\n\n\n        <div class=\"wp-block-query actions-list p4-query-loop is-custom-layout-actions-list is-custom-layout-grid is-layout-flex wp-block-query-is-layout-flex\"><h2 class=\"wp-block-heading\">Hvad kan du g\u00f8re<\/h2>\n        <p style=\"margin-top: 24px; margin-bottom: 32px;\"><strong>1. Spis mindre k\u00f8d og m\u00e6lk <\/strong><br>Du kan g\u00f8re en vigtig forskel for b\u00e5de skovene og klimaet ved at sk\u00e6re ned p\u00e5 k\u00f8d og m\u00e6lk og spise flere planter. Hvis alle i verden fulgte anbefalingerne til en sund og b\u00e6redygtig kost, som kaldes \u201cThe Planetary Health Diet\u201d, kunne vi frigive hele 60 procent af verdens landbrugsareal og give pladsen tilbage til skove og anden vild natur. <br><br><strong>2. Genbrug og giv dine m\u00f8bler et langt liv <\/strong><br>Tr\u00e6nger du til nye havem\u00f8bler, eller har du lyst til at omm\u00f8blere din stue? S\u00e5 findes der masser af genbrugsbutikker, loppemarkeder og hjemmesider, hvor du kan finde brugte m\u00f8bler i fin stand, og videres\u00e6lge dine egne. Er du til g\u00f8r det selv-projekter, kan du ogs\u00e5 bygge flotte b\u00e6nke, hylder og borde ud af genbrugstr\u00e6 eller paller. Der er mange gode tips at finde p\u00e5 internettet, s\u00e5 du kan undg\u00e5 at k\u00f8be nyt. <br><br><strong>3. Sig nej til handelsaftalen med Brasilien &#8211; skriv under <\/strong><br>En EU-handelsaftale med Brasilien og de \u00f8vrige Mercosur-lande vil f\u00f8re til \u00f8get skovrydning, men vi kan stadig n\u00e5 at stoppe den. Det er p\u00e5 tide, at regeringen melder klart ud, at Danmark v\u00e6lger Amazonas frem for handel. Skriv under og kr\u00e6v, at Danmark siger nej til handelsaftalen med Brasilien.<br><\/p>\n        \n        <ul class=\"wp-block-post-template is-layout-flow wp-block-post-template-is-layout-flow\"><li class=\"wp-block-post post-60910 page type-page status-publish has-post-thumbnail hentry category-landbrug tag-forbrug tag-falskmarkedsfoering tag-skovrydning\">\n                <figure class=\"wp-block-post-featured-image\"><img loading=\"lazy\" decoding=\"async\" width=\"1000\" height=\"800\" src=\"https:\/\/www.greenpeace.org\/static\/planet4-denmark-stateless\/2024\/04\/bbf4ba5c-1000x800_ikea_split-deforestation_logo.jpg\" class=\"attachment-post-thumbnail size-post-thumbnail wp-post-image wp-stateless-item\" alt=\"\" style=\"object-fit:cover;\" srcset=\"https:\/\/www.greenpeace.org\/static\/planet4-denmark-stateless\/2024\/04\/bbf4ba5c-1000x800_ikea_split-deforestation_logo.jpg 1000w, https:\/\/www.greenpeace.org\/static\/planet4-denmark-stateless\/2024\/04\/bbf4ba5c-1000x800_ikea_split-deforestation_logo-300x240.jpg 300w, https:\/\/www.greenpeace.org\/static\/planet4-denmark-stateless\/2024\/04\/bbf4ba5c-1000x800_ikea_split-deforestation_logo-768x614.jpg 768w, https:\/\/www.greenpeace.org\/static\/planet4-denmark-stateless\/2024\/04\/bbf4ba5c-1000x800_ikea_split-deforestation_logo-425x340.jpg 425w\" sizes=\"auto, (max-width: 1000px) 100vw, 1000px\" data-image-size=\"post-thumbnail\" data-stateless-media-bucket=\"planet4-denmark-stateless\" data-stateless-media-name=\"2024\/04\/bbf4ba5c-1000x800_ikea_split-deforestation_logo.jpg\" \/><\/figure>\n                \n                <div class=\"wp-block-group group-stretched-link is-layout-flow wp-block-group-is-layout-flow\"><div class=\"wp-block-post-terms\">Landbrug<\/div>\n                <h3 class=\"wp-block-post-title\"><a href=\"https:\/\/www.greenpeace.org\/denmark\/vaer-med\/ikea\/\" target=\"_self\" >IKEA lover ansvarlighed &#8211; men s\u00e6lger \u00f8delagt skov<\/a><\/h3>\n                <div class=\"wp-block-post-excerpt\"><p class=\"wp-block-post-excerpt__excerpt\">IKEA lukker \u00f8jnene for alvorlige advarsler om, at deres leverand\u00f8rer i Rum\u00e6nien medvirker til \u00f8del\u00e6ggelsen af nogle af Europas sidste og mest v\u00e6rdifulde gamle skove. Den nye Greenpeace-rapport \u201cFelling the Future\u201d afsl\u00f8rer, hvordan gamle naturskove f\u00e6ldes \u2013 og ender som IKEA-m\u00f8bler. <\/p><\/div><\/div>\n                \n                \n        <div class=\"wp-block-group read-more-nav is-layout-flow wp-block-group-is-layout-flow\"><a href=\"https:\/\/www.greenpeace.org\/denmark\/vaer-med\/ikea\/\" class=\"btn btn-primary btn-small\" aria-label=\"V\u00e6r med\">V\u00e6r med<\/a>\n        \n        \n        <\/div>\n        \n                <\/li><li class=\"wp-block-post post-56456 page type-page status-publish has-post-thumbnail hentry category-klimaforandringer category-natur tag-okosystem tag-truededyrearter tag-skovrydning tag-klima\">\n                <figure class=\"wp-block-post-featured-image\"><img loading=\"lazy\" decoding=\"async\" width=\"6912\" height=\"3456\" src=\"https:\/\/www.greenpeace.org\/static\/planet4-denmark-stateless\/2023\/06\/5faa8f7a-traeer.png\" class=\"attachment-post-thumbnail size-post-thumbnail wp-post-image wp-stateless-item\" alt=\"\" style=\"object-fit:cover;\" srcset=\"https:\/\/www.greenpeace.org\/static\/planet4-denmark-stateless\/2023\/06\/5faa8f7a-traeer.png 6912w, https:\/\/www.greenpeace.org\/static\/planet4-denmark-stateless\/2023\/06\/5faa8f7a-traeer-300x150.png 300w, https:\/\/www.greenpeace.org\/static\/planet4-denmark-stateless\/2023\/06\/5faa8f7a-traeer-1024x512.png 1024w, https:\/\/www.greenpeace.org\/static\/planet4-denmark-stateless\/2023\/06\/5faa8f7a-traeer-768x384.png 768w, https:\/\/www.greenpeace.org\/static\/planet4-denmark-stateless\/2023\/06\/5faa8f7a-traeer-1536x768.png 1536w, https:\/\/www.greenpeace.org\/static\/planet4-denmark-stateless\/2023\/06\/5faa8f7a-traeer-2048x1024.png 2048w, https:\/\/www.greenpeace.org\/static\/planet4-denmark-stateless\/2023\/06\/5faa8f7a-traeer-510x255.png 510w\" sizes=\"auto, (max-width: 6912px) 100vw, 6912px\" data-image-size=\"post-thumbnail\" data-stateless-media-bucket=\"planet4-denmark-stateless\" data-stateless-media-name=\"2023\/06\/5faa8f7a-traeer.png\" \/><\/figure>\n                \n                <div class=\"wp-block-group group-stretched-link is-layout-flow wp-block-group-is-layout-flow\"><div class=\"wp-block-post-terms\">Klimaforandringer<\/div>\n                <h3 class=\"wp-block-post-title\"><a href=\"https:\/\/www.greenpeace.org\/denmark\/vaer-med\/biodiversitetskrise\/\" target=\"_self\" >Fremtiden er det, vi g\u00f8r nu<\/a><\/h3>\n                <div class=\"wp-block-post-excerpt\"><p class=\"wp-block-post-excerpt__excerpt\">Biodiversitet er en foruds\u00e6tning for alt liv p\u00e5 jorden. Men i dag er mere end 31.000 forskellige dyrearter udrydningstruede. <\/p><\/div><\/div>\n                \n                \n        <div class=\"wp-block-group read-more-nav is-layout-flow wp-block-group-is-layout-flow\"><a href=\"https:\/\/www.greenpeace.org\/denmark\/vaer-med\/biodiversitetskrise\/\" class=\"btn btn-primary btn-small\" aria-label=\"V\u00e6r med\">V\u00e6r med<\/a>\n        \n        \n        <\/div>\n        \n                <\/li><li class=\"wp-block-post post-5487 page type-page status-publish has-post-thumbnail hentry category-landbrug category-natur tag-koedproduktion tag-soja tag-amazonas tag-skovrydning tag-truededyrearter tag-okosystem\">\n                <figure class=\"wp-block-post-featured-image\"><img loading=\"lazy\" decoding=\"async\" width=\"800\" height=\"534\" src=\"https:\/\/www.greenpeace.org\/static\/planet4-denmark-stateless\/2020\/06\/d18e3a98-backgroundimageallquestins.jpg\" class=\"attachment-post-thumbnail size-post-thumbnail wp-post-image wp-stateless-item\" alt=\"\" style=\"object-fit:cover;\" srcset=\"https:\/\/www.greenpeace.org\/static\/planet4-denmark-stateless\/2020\/06\/d18e3a98-backgroundimageallquestins.jpg 800w, https:\/\/www.greenpeace.org\/static\/planet4-denmark-stateless\/2020\/06\/d18e3a98-backgroundimageallquestins-300x200.jpg 300w, https:\/\/www.greenpeace.org\/static\/planet4-denmark-stateless\/2020\/06\/d18e3a98-backgroundimageallquestins-768x513.jpg 768w, https:\/\/www.greenpeace.org\/static\/planet4-denmark-stateless\/2020\/06\/d18e3a98-backgroundimageallquestins-510x340.jpg 510w\" sizes=\"auto, (max-width: 800px) 100vw, 800px\" data-image-size=\"post-thumbnail\" data-stateless-media-bucket=\"planet4-denmark-stateless\" data-stateless-media-name=\"2020\/06\/d18e3a98-backgroundimageallquestins.jpg\" \/><\/figure>\n                \n                <div class=\"wp-block-group group-stretched-link is-layout-flow wp-block-group-is-layout-flow\"><div class=\"wp-block-post-terms\">Landbrug<\/div>\n                <h3 class=\"wp-block-post-title\"><a href=\"https:\/\/www.greenpeace.org\/denmark\/vaer-med\/soja-kampagne\/\" target=\"_self\" >Stop dansk import af soja, som truer skovene\ud83c\udf33<\/a><\/h3>\n                <div class=\"wp-block-post-excerpt\"><p class=\"wp-block-post-excerpt__excerpt\">Landbrugsdyr bliver fodret med soja fra Sydamerika. <\/p><\/div><\/div>\n                \n                \n        <div class=\"wp-block-group read-more-nav is-layout-flow wp-block-group-is-layout-flow\"><a href=\"https:\/\/www.greenpeace.org\/denmark\/vaer-med\/soja-kampagne\/\" class=\"btn btn-primary btn-small\" aria-label=\"V\u00e6r med\">V\u00e6r med<\/a>\n        \n        \n        <\/div>\n        \n                <\/li><li class=\"wp-block-post post-3816 page type-page status-publish has-post-thumbnail hentry category-klimaforandringer category-landbrug tag-klima tag-koedproduktion tag-skovrydning tag-truededyrearter\">\n                <figure class=\"wp-block-post-featured-image\"><img loading=\"lazy\" decoding=\"async\" width=\"560\" height=\"560\" src=\"https:\/\/www.greenpeace.org\/static\/planet4-denmark-stateless\/2019\/11\/b9ec001e-before-after-square.jpg\" class=\"attachment-post-thumbnail size-post-thumbnail wp-post-image wp-stateless-item\" alt=\"Amazonas regnskov before-after-square\" style=\"object-fit:cover;\" srcset=\"https:\/\/www.greenpeace.org\/static\/planet4-denmark-stateless\/2019\/11\/b9ec001e-before-after-square.jpg 560w, https:\/\/www.greenpeace.org\/static\/planet4-denmark-stateless\/2019\/11\/b9ec001e-before-after-square-300x300.jpg 300w, https:\/\/www.greenpeace.org\/static\/planet4-denmark-stateless\/2019\/11\/b9ec001e-before-after-square-150x150.jpg 150w, https:\/\/www.greenpeace.org\/static\/planet4-denmark-stateless\/2019\/11\/b9ec001e-before-after-square-340x340.jpg 340w\" sizes=\"auto, (max-width: 560px) 100vw, 560px\" data-image-size=\"post-thumbnail\" data-stateless-media-bucket=\"planet4-denmark-stateless\" data-stateless-media-name=\"2019\/11\/b9ec001e-before-after-square.jpg\" \/><\/figure>\n                \n                <div class=\"wp-block-group group-stretched-link is-layout-flow wp-block-group-is-layout-flow\"><div class=\"wp-block-post-terms\">Klimaforandringer<\/div>\n                <h3 class=\"wp-block-post-title\"><a href=\"https:\/\/www.greenpeace.org\/denmark\/vaer-med\/amazonas\/\" target=\"_self\" >Beskyt Amazonas nu<\/a><\/h3>\n                <div class=\"wp-block-post-excerpt\"><p class=\"wp-block-post-excerpt__excerpt\">Amazonas er under voldsomt pres fra en voksende sojaindustri, kv\u00e6gopdr\u00e6t, d\u00e6mningsbyggerier og industriel skovhugst. <\/p><\/div><\/div>\n                \n                \n        <div class=\"wp-block-group read-more-nav is-layout-flow wp-block-group-is-layout-flow\"><a href=\"https:\/\/www.greenpeace.org\/denmark\/vaer-med\/amazonas\/\" class=\"btn btn-primary btn-small\" aria-label=\"V\u00e6r med\">V\u00e6r med<\/a>\n        \n        \n        <\/div>\n        \n                <\/li><\/ul>\n        \n<div class=\"wp-block-buttons carousel-controls is-horizontal is-content-justification-space-between is-nowrap is-layout-flex wp-container-core-buttons-is-layout-044bd602 wp-block-buttons-is-layout-flex\">\n            <div class=\"wp-block-button carousel-control-prev\"><button type=\"button\" class=\"wp-block-button__link wp-element-button\">Prev<\/button><\/div>\n        \n\n            <div class=\"wp-block-button carousel-control-next\"><button type=\"button\" class=\"wp-block-button__link wp-element-button\">Next<\/button><\/div>\n        <\/div>\n\n        \n<div class=\"wp-block-buttons load-more-actions-container is-content-justification-center is-layout-flex wp-container-core-buttons-is-layout-16018d1d wp-block-buttons-is-layout-flex\">\n                <div class=\"wp-block-button is-style-secondary\"><button type=\"button\" class=\"wp-block-button__link wp-element-button\">Load more<\/button><\/div>\n            \n<\/div>\n<\/div>\n        \n\n\n<div style=\"height:30px\" aria-hidden=\"true\" id=\"seneste-nyt\" class=\"wp-block-spacer\"><\/div>\n\n\n\n    <div class=\"wp-block-query posts-list p4-query-loop is-custom-layout-list is-layout-flow wp-block-query-is-layout-flow\">\n        <div class=\"wp-block-group is-content-justification-space-between is-layout-flex wp-container-core-group-is-layout-3d213aab wp-block-group-is-layout-flex\"><h2 class=\"wp-block-heading\">Seneste nyt<\/h2>\n        <li class=\" wp-block-navigation-item see-all-link wp-block-navigation-link\"><a class=\"wp-block-navigation-item__content\"  href=\"http:\/\/www.greenpeace.org\/denmark\/nyhed\/?tag=amazonas&#038;post-type=nyhed\"><span class=\"wp-block-navigation-item__label\">See all stories<\/span><\/a><\/li>\n        \n        <\/div>\n        \n\n    <p style=\"margin-top: 24px; margin-bottom: 36px;\">Hold dig opdateret om vores arbejde her<\/p>\n\n    \n\n    <ul class=\"wp-block-post-template is-layout-flow wp-block-post-template-is-layout-flow\"><li class=\"wp-block-post post-67135 post type-post status-publish format-standard has-post-thumbnail hentry category-klimaforandringer tag-klimalosninger tag-klima tag-amazonas p4-page-type-nyhed\">\n            \n<div class=\"wp-block-columns is-layout-flex wp-container-core-columns-is-layout-9d6595d7 wp-block-columns-is-layout-flex\"><figure class=\"wp-block-post-featured-image\"><a href=\"https:\/\/www.greenpeace.org\/denmark\/nyhed\/klimaforandringer\/cop30-fem-ting-du-boer-vide-om-klimatopmoedet-i-belem\/\" target=\"_self\"  ><img loading=\"lazy\" decoding=\"async\" width=\"800\" height=\"534\" src=\"https:\/\/www.greenpeace.org\/static\/planet4-denmark-stateless\/2025\/11\/bab2c1dc-gp0su6q7s_low-res-800px.jpg\" class=\"attachment-post-thumbnail size-post-thumbnail wp-post-image wp-stateless-item\" alt=\"COP30: Fem ting du b\u00f8r vide om klimatopm\u00f8det i Bel\u00e9m\" style=\"object-fit:cover;\" srcset=\"https:\/\/www.greenpeace.org\/static\/planet4-denmark-stateless\/2025\/11\/bab2c1dc-gp0su6q7s_low-res-800px.jpg 800w, https:\/\/www.greenpeace.org\/static\/planet4-denmark-stateless\/2025\/11\/bab2c1dc-gp0su6q7s_low-res-800px-300x200.jpg 300w, https:\/\/www.greenpeace.org\/static\/planet4-denmark-stateless\/2025\/11\/bab2c1dc-gp0su6q7s_low-res-800px-768x513.jpg 768w, https:\/\/www.greenpeace.org\/static\/planet4-denmark-stateless\/2025\/11\/bab2c1dc-gp0su6q7s_low-res-800px-510x340.jpg 510w\" sizes=\"auto, (max-width: 800px) 100vw, 800px\" data-image-size=\"post-thumbnail\" data-stateless-media-bucket=\"planet4-denmark-stateless\" data-stateless-media-name=\"2025\/11\/bab2c1dc-gp0su6q7s_low-res-800px.jpg\" \/><\/a><\/figure>\n\n        <div class=\"wp-block-group is-layout-flow wp-block-group-is-layout-flow\">\n                <div class=\"wp-block-group is-layout-flex wp-block-group-is-layout-flex\"><div class=\"wp-block-post-terms\"><a href=\"https:\/\/www.greenpeace.org\/denmark\/kategori\/klimaforandringer\/\">Klimaforandringer<\/a><\/div>\n                <div class=\"taxonomy-post_tag wp-block-post-terms\"><a href=\"https:\/\/www.greenpeace.org\/denmark\/tag\/klimalosninger\/\" rel=\"tag\">klimal\u00f8sninger<\/a><span class=\"wp-block-post-terms__separator\"> <\/span><a href=\"https:\/\/www.greenpeace.org\/denmark\/tag\/klima\/\" rel=\"tag\">klima<\/a><span class=\"wp-block-post-terms__separator\"> <\/span><a href=\"https:\/\/www.greenpeace.org\/denmark\/tag\/amazonas\/\" rel=\"tag\">amazonas<\/a><\/div>\n                \n                <\/div>\n                \n        <h3 class=\"wp-block-post-title\"><a href=\"https:\/\/www.greenpeace.org\/denmark\/nyhed\/klimaforandringer\/cop30-fem-ting-du-boer-vide-om-klimatopmoedet-i-belem\/\" target=\"_self\" >COP30: Fem ting du b\u00f8r vide om klimatopm\u00f8det i Bel\u00e9m<\/a><\/h3>\n        <div class=\"wp-block-post-excerpt\"><p class=\"wp-block-post-excerpt__excerpt\">COP30 i Bel\u00e9m, Brasilien, bliver historisk. Find ud af, hvad COP er, og hvorfor klimatopm\u00f8det i 2025 er afg\u00f8rende for verden, Amazonas og kampen mod klimaforandringer. <\/p><\/div>\n        \n        <div class=\"wp-block-group posts-list-meta is-layout-flow wp-block-group-is-layout-flow\"><span class='article-list-item-author'>Greenpeace Danmark<\/span>\n        <div class=\"wp-block-post-date\"><time datetime=\"2025-11-14T08:54:00+01:00\">14. november 2025<\/time><\/div>\n        \n        <\/div>\n        <\/div>\n        <\/div>\n\n            <\/li><li class=\"wp-block-post post-66581 post type-post status-publish format-standard has-post-thumbnail hentry category-natur tag-amazonas p4-page-type-nyhed\">\n            \n<div class=\"wp-block-columns is-layout-flex wp-container-core-columns-is-layout-9d6595d7 wp-block-columns-is-layout-flex\"><figure class=\"wp-block-post-featured-image\"><a href=\"https:\/\/www.greenpeace.org\/denmark\/nyhed\/natur\/kender-du-de-her-ikoniske-og-truede-dyr-i-amazonas\/\" target=\"_self\"  ><img loading=\"lazy\" decoding=\"async\" width=\"1200\" height=\"899\" src=\"https:\/\/www.greenpeace.org\/static\/planet4-denmark-stateless\/2025\/09\/8dfee2d0-gp1sw6ag.jpg\" class=\"attachment-post-thumbnail size-post-thumbnail wp-post-image wp-stateless-item\" alt=\"Kender du de her ikoniske (og truede) dyr i Amazonas?\" style=\"object-fit:cover;\" srcset=\"https:\/\/www.greenpeace.org\/static\/planet4-denmark-stateless\/2025\/09\/8dfee2d0-gp1sw6ag.jpg 1200w, https:\/\/www.greenpeace.org\/static\/planet4-denmark-stateless\/2025\/09\/8dfee2d0-gp1sw6ag-300x225.jpg 300w, https:\/\/www.greenpeace.org\/static\/planet4-denmark-stateless\/2025\/09\/8dfee2d0-gp1sw6ag-1024x767.jpg 1024w, https:\/\/www.greenpeace.org\/static\/planet4-denmark-stateless\/2025\/09\/8dfee2d0-gp1sw6ag-768x575.jpg 768w, https:\/\/www.greenpeace.org\/static\/planet4-denmark-stateless\/2025\/09\/8dfee2d0-gp1sw6ag-454x340.jpg 454w\" sizes=\"auto, (max-width: 1200px) 100vw, 1200px\" data-image-size=\"post-thumbnail\" data-stateless-media-bucket=\"planet4-denmark-stateless\" data-stateless-media-name=\"2025\/09\/8dfee2d0-gp1sw6ag.jpg\" \/><\/a><\/figure>\n\n        <div class=\"wp-block-group is-layout-flow wp-block-group-is-layout-flow\">\n                <div class=\"wp-block-group is-layout-flex wp-block-group-is-layout-flex\"><div class=\"wp-block-post-terms\"><a href=\"https:\/\/www.greenpeace.org\/denmark\/kategori\/natur\/\">Natur<\/a><\/div>\n                <div class=\"taxonomy-post_tag wp-block-post-terms\"><a href=\"https:\/\/www.greenpeace.org\/denmark\/tag\/amazonas\/\" rel=\"tag\">amazonas<\/a><\/div>\n                \n                <\/div>\n                \n        <h3 class=\"wp-block-post-title\"><a href=\"https:\/\/www.greenpeace.org\/denmark\/nyhed\/natur\/kender-du-de-her-ikoniske-og-truede-dyr-i-amazonas\/\" target=\"_self\" >Kender du de her ikoniske (og truede) dyr i Amazonas?<\/a><\/h3>\n        <div class=\"wp-block-post-excerpt\"><p class=\"wp-block-post-excerpt__excerpt\">Amazonas-regnskoven er et skattekammer af artsrigdom. Her lever flere arter end noget andet sted i verden. L\u00e6s om nogle af de sj\u00e6ldne dyr, der lever i og af regnskoven, og&hellip; <\/p><\/div>\n        \n        <div class=\"wp-block-group posts-list-meta is-layout-flow wp-block-group-is-layout-flow\"><span class='article-list-item-author'><a href='https:\/\/www.greenpeace.org\/denmark\/author\/lisbeth\/'>Lisbeth Dina<\/a><\/span>\n        <div class=\"wp-block-post-date\"><time datetime=\"2025-09-15T14:38:38+02:00\">15. september 2025<\/time><\/div>\n        \n        <\/div>\n        <\/div>\n        <\/div>\n\n            <\/li><li class=\"wp-block-post post-66558 post type-post status-publish format-standard has-post-thumbnail hentry category-natur tag-okosystem tag-skovrydning p4-page-type-nyhed\">\n            \n<div class=\"wp-block-columns is-layout-flex wp-container-core-columns-is-layout-9d6595d7 wp-block-columns-is-layout-flex\"><figure class=\"wp-block-post-featured-image\"><a href=\"https:\/\/www.greenpeace.org\/denmark\/nyhed\/natur\/ikea-saelger-traevarer-fra-rumaeniens-gamle-skove\/\" target=\"_self\"  ><img loading=\"lazy\" decoding=\"async\" width=\"800\" height=\"533\" src=\"https:\/\/www.greenpeace.org\/static\/planet4-denmark-stateless\/2025\/09\/2c054cea-gp0su6o5n_low-res-800px.jpg\" class=\"attachment-post-thumbnail size-post-thumbnail wp-post-image wp-stateless-item\" alt=\"IKEA lover b\u00e6redygtighed, men s\u00e6lger m\u00f8bler fra Rum\u00e6niens gamle skove\" style=\"object-fit:cover;\" srcset=\"https:\/\/www.greenpeace.org\/static\/planet4-denmark-stateless\/2025\/09\/2c054cea-gp0su6o5n_low-res-800px.jpg 800w, https:\/\/www.greenpeace.org\/static\/planet4-denmark-stateless\/2025\/09\/2c054cea-gp0su6o5n_low-res-800px-300x200.jpg 300w, https:\/\/www.greenpeace.org\/static\/planet4-denmark-stateless\/2025\/09\/2c054cea-gp0su6o5n_low-res-800px-768x512.jpg 768w, https:\/\/www.greenpeace.org\/static\/planet4-denmark-stateless\/2025\/09\/2c054cea-gp0su6o5n_low-res-800px-510x340.jpg 510w\" sizes=\"auto, (max-width: 800px) 100vw, 800px\" data-image-size=\"post-thumbnail\" data-stateless-media-bucket=\"planet4-denmark-stateless\" data-stateless-media-name=\"2025\/09\/2c054cea-gp0su6o5n_low-res-800px.jpg\" \/><\/a><\/figure>\n\n        <div class=\"wp-block-group is-layout-flow wp-block-group-is-layout-flow\">\n                <div class=\"wp-block-group is-layout-flex wp-block-group-is-layout-flex\"><div class=\"wp-block-post-terms\"><a href=\"https:\/\/www.greenpeace.org\/denmark\/kategori\/natur\/\">Natur<\/a><\/div>\n                <div class=\"taxonomy-post_tag wp-block-post-terms\"><a href=\"https:\/\/www.greenpeace.org\/denmark\/tag\/okosystem\/\" rel=\"tag\">\u00f8kosystem<\/a><span class=\"wp-block-post-terms__separator\"> <\/span><a href=\"https:\/\/www.greenpeace.org\/denmark\/tag\/skovrydning\/\" rel=\"tag\">skovrydning<\/a><\/div>\n                \n                <\/div>\n                \n        <h3 class=\"wp-block-post-title\"><a href=\"https:\/\/www.greenpeace.org\/denmark\/nyhed\/natur\/ikea-saelger-traevarer-fra-rumaeniens-gamle-skove\/\" target=\"_self\" >IKEA lover b\u00e6redygtighed, men s\u00e6lger m\u00f8bler fra Rum\u00e6niens gamle skove<\/a><\/h3>\n        <div class=\"wp-block-post-excerpt\"><p class=\"wp-block-post-excerpt__excerpt\">Der er ikke sammenh\u00e6ng mellem IKEAs ord og l\u00f8fter om b\u00e6redygtighed og hvad de s\u00e6lger. Ny rapport fra Greenpeace i Central- og \u00d8steeuropa viser forbindelser til Rum\u00e6niens gamle skove. <\/p><\/div>\n        \n        <div class=\"wp-block-group posts-list-meta is-layout-flow wp-block-group-is-layout-flow\"><span class='article-list-item-author'><a href='https:\/\/www.greenpeace.org\/denmark\/author\/pjustese\/'>Poul Bonke Justesen<\/a><\/span>\n        <div class=\"wp-block-post-date\"><time datetime=\"2025-09-12T13:45:05+02:00\">12. september 2025<\/time><\/div>\n        \n        <\/div>\n        <\/div>\n        <\/div>\n\n            <\/li><\/ul>\n\n    \n<div class=\"wp-block-buttons carousel-controls is-horizontal is-content-justification-space-between is-nowrap is-layout-flex wp-container-core-buttons-is-layout-044bd602 wp-block-buttons-is-layout-flex\">\n            <div class=\"wp-block-button carousel-control-prev\"><button type=\"button\" class=\"wp-block-button__link wp-element-button\">Prev<\/button><\/div>\n        \n\n            <div class=\"wp-block-button carousel-control-next\"><button type=\"button\" class=\"wp-block-button__link wp-element-button\">Next<\/button><\/div>\n        <\/div>\n\n\n    <li class=\" wp-block-navigation-item see-all-link wp-block-navigation-link\"><a class=\"wp-block-navigation-item__content\"  href=\"http:\/\/www.greenpeace.org\/denmark\/nyhed\/?tag=amazonas&#038;post-type=nyhed\"><span class=\"wp-block-navigation-item__label\">See all stories<\/span><\/a><\/li><\/div>\n    \n\n\n\n<div class=\"wp-block-group alignfull block mb-0 pb-0 has-grey-100-background-color has-background is-layout-flow wp-block-group-is-layout-flow\">\n<div class=\"wp-block-group container is-layout-flow wp-block-group-is-layout-flow\">\n<div style=\"height:24px\" aria-hidden=\"true\" class=\"wp-block-spacer\"><\/div>\n\n\n\n<h2 class=\"wp-block-heading has-text-align-center\">L\u00e6r mere om dette emne<\/h2>\n\n\n\n<div class=\"wp-block-columns is-layout-flex wp-container-core-columns-is-layout-9d6595d7 wp-block-columns-is-layout-flex\">\n<div class=\"wp-block-column is-layout-flow wp-block-column-is-layout-flow\">\n<div class=\"wp-block-group group-stretched-link is-layout-flow wp-block-group-is-layout-flow\">\n<figure class=\"wp-block-image aligncenter size-full is-resized force-no-lightbox force-no-caption is-style-rounded-180\"><img loading=\"lazy\" decoding=\"async\" src=\"https:\/\/www.greenpeace.org\/static\/planet4-denmark-stateless\/2023\/01\/af22a557-gp0stozql_web_size.jpg\" title=\"Billede af bi, der suger nektar af gul blomst\" alt=\"Bi i en gul blomst. Bier er vigtige for best\u00f8vning af planter og del af vores biodiversitet, men er h\u00e5rdt presset af fx brugen af pesticider i landbruget\" class=\"wp-image-54483\" width=\"180\" height=\"180\"\/><figcaption class=\"wp-element-caption\">Bees sitting on blossoms.\nBienen auf Blueten im Botanischen Garten Hamburg Wandsbek.<\/figcaption><\/figure>\n\n\n\n<h5 class=\"wp-block-heading has-text-align-center is-style-chevron\" style=\"font-size:1rem\"><a href=\"https:\/\/www.greenpeace.org\/denmark\/?page_id=54221\">Biodiversitet<\/a><\/h5>\n\n\n\n<div style=\"height:16px\" aria-hidden=\"true\" class=\"wp-block-spacer\"><\/div>\n<\/div>\n<\/div>\n\n\n\n<div class=\"wp-block-column is-layout-flow wp-block-column-is-layout-flow\">\n<div class=\"wp-block-group group-stretched-link is-layout-flow wp-block-group-is-layout-flow\">\n<figure class=\"wp-block-image aligncenter size-large is-resized force-no-lightbox force-no-caption is-style-rounded-180\"><img loading=\"lazy\" decoding=\"async\" src=\"https:\/\/www.greenpeace.org\/static\/planet4-denmark-stateless\/2019\/02\/85bd6b9a-blog_headerimage-1024x709.jpg\" alt=\"Farverigt og tropisk koralrev med mange forskellige fisk\" class=\"wp-image-2418\" width=\"180\" height=\"180\"\/><figcaption class=\"wp-element-caption\">Schooling fish swim over a coral reef. Once having the highest income per capita in the Pacific, Nauru&#8217;s economy and environment collapsed after decades of phosphate mining had been depleted. With virtually nothing more to trade, the island nation is staking its hopes on protection of fisheries in its waters and the nearby international waters.<\/figcaption><\/figure>\n\n\n\n<h5 class=\"wp-block-heading has-text-align-center is-style-chevron\" style=\"font-size:1rem\"><a href=\"https:\/\/www.greenpeace.org\/denmark\/?page_id=54229\">Hav<\/a><\/h5>\n\n\n\n<div style=\"height:16px\" aria-hidden=\"true\" class=\"wp-block-spacer\"><\/div>\n<\/div>\n<\/div>\n\n\n\n<div class=\"wp-block-column is-layout-flow wp-block-column-is-layout-flow\">\n<div class=\"wp-block-group group-stretched-link is-layout-flow wp-block-group-is-layout-flow\">\n<figure class=\"wp-block-image aligncenter size-large is-resized force-no-lightbox force-no-caption is-style-rounded-180\"><img loading=\"lazy\" decoding=\"async\" src=\"https:\/\/www.greenpeace.org\/static\/planet4-denmark-stateless\/2019\/10\/53b4cc58-dk-map-1024x576.png\" title=\"Her plages danskerne af svinefabrikker\" alt=\"Danmarkskort i grafik lagt oven p\u00e5 et satellitbillede af landbrugsland\" class=\"wp-image-3599\" width=\"180\" height=\"180\"\/><figcaption class=\"wp-element-caption\">I kommuner over hele landet plages naboer af gener fra svinefabrikkerne.<div class=\"credit icon-left\"> \u00a9 Greenpeace<\/div><\/figcaption><\/figure>\n\n\n\n<h5 class=\"wp-block-heading has-text-align-center is-style-chevron\" style=\"font-size:1rem\"><a href=\"https:\/\/www.greenpeace.org\/denmark\/?page_id=54231\">Dansk natur<\/a><\/h5>\n\n\n\n<div style=\"height:16px\" aria-hidden=\"true\" class=\"wp-block-spacer\"><\/div>\n<\/div>\n<\/div>\n\n\n\n<div class=\"wp-block-column is-layout-flow wp-block-column-is-layout-flow\">\n<div class=\"wp-block-group group-stretched-link is-layout-flow wp-block-group-is-layout-flow\">\n<figure class=\"wp-block-image aligncenter size-full is-resized force-no-lightbox force-no-caption is-style-rounded-180\"><img loading=\"lazy\" decoding=\"async\" src=\"https:\/\/www.greenpeace.org\/static\/planet4-denmark-stateless\/2022\/03\/441c9035-gp1swmlz_low_res_with_credit_line.jpg\" alt=\"Mange h\u00e6nder med budskaber for bedre klima skrevet med tusch.\" class=\"wp-image-50837\" width=\"180\" height=\"180\"\/><figcaption class=\"wp-element-caption\">Greenpeace volunteers organize the Make Smthng Day as a day of workshops, talks and work stations with a focus on swapping, upcycling, making, DIY (Do it yourself), veganism and minimalism. Here they organize screen printing,  repair stations with sewing machines and make bracelets and lanterns.\nThe MAKE SMTHNG Week is a worldwide initiative by Greenpeace about taking action to minimize consume &#8211; instead of buying: make something!\nGreenpeace Ehrenamtliche gestalten einen kreativen Ort rund um das Thema Nachhaltigkeit , alternativer Konsum und Selbermachen (DIY &#8211; Do it yourself). Hier mit Sioebdruck, Reparaturstationen mit N\u00e4hmaschinen, sie basteln Armb\u00e4nder und Windlichter.\nDie &#8220;Make Smthng Week&#8221; wird international von Greenpeace-Ehrenamtlichen veranstaltet, um in der Vorweihnachtszeit und rund um den &#8220;Black Friday&#8221; auf Konsumalternativen aufmerksam zu machen.<\/figcaption><\/figure>\n\n\n\n<h5 class=\"wp-block-heading has-text-align-center is-style-chevron\" style=\"font-size:1rem\"><a href=\"https:\/\/www.greenpeace.org\/denmark\/?page_id=53058\">B\u00e6redygtigt forbrug<\/a><\/h5>\n\n\n\n<div style=\"height:16px\" aria-hidden=\"true\" class=\"wp-block-spacer\"><\/div>\n<\/div>\n<\/div>\n<\/div>\n<\/div>\n<\/div>\n\n\n\n\n\n<div class=\"wp-block-group alignfull block my-0 py-0 has-white-background-color has-background is-layout-flow wp-block-group-is-layout-flow\">\n<div class=\"wp-block-group container is-layout-flow wp-block-group-is-layout-flow\">\n<div style=\"height:35px\" aria-hidden=\"true\" class=\"wp-block-spacer\"><\/div>\n\n\n\n<h4 class=\"wp-block-heading has-text-align-center\">Udforsk andre emner<\/h4>\n\n\n\n<div style=\"height:15px\" aria-hidden=\"true\" class=\"wp-block-spacer\"><\/div>\n\n\n\n<div class=\"wp-block-columns is-not-stacked-on-mobile is-style-mobile-carousel is-layout-flex wp-container-core-columns-is-layout-9d6595d7 wp-block-columns-is-layout-flex\">\n<div class=\"wp-block-column is-layout-flow wp-block-column-is-layout-flow\"><\/div>\n\n\n\n<div class=\"wp-block-column is-layout-flow wp-block-column-is-layout-flow\">\n<div class=\"wp-block-group group-stretched-link is-layout-flow wp-block-group-is-layout-flow\">\n<figure class=\"wp-block-image aligncenter size-full is-resized is-style-rounded-90 force-no-lightbox force-no-caption mb-0\"><img loading=\"lazy\" decoding=\"async\" width=\"800\" height=\"600\" src=\"https:\/\/www.greenpeace.org\/static\/planet4-denmark-stateless\/2023\/01\/fe7e9edc-gp1t2py9_web_size_with_credit_line.jpg\" title=\"En mand b\u00e6rer resterne af sit hjem p\u00e5 skulderen, efter Filippinerne blev ramt af ekstremt vejr og voldsomme mudderskred\" alt=\"En mand b\u00e6rer resterne af sit hjem p\u00e5 skulderen, efter en ekstremt vejr har h\u00e6rget Filippinerne.\" class=\"wp-image-54735\" srcset=\"https:\/\/www.greenpeace.org\/static\/planet4-denmark-stateless\/2023\/01\/fe7e9edc-gp1t2py9_web_size_with_credit_line.jpg 800w, https:\/\/www.greenpeace.org\/static\/planet4-denmark-stateless\/2023\/01\/fe7e9edc-gp1t2py9_web_size_with_credit_line-300x225.jpg 300w, https:\/\/www.greenpeace.org\/static\/planet4-denmark-stateless\/2023\/01\/fe7e9edc-gp1t2py9_web_size_with_credit_line-768x576.jpg 768w, https:\/\/www.greenpeace.org\/static\/planet4-denmark-stateless\/2023\/01\/fe7e9edc-gp1t2py9_web_size_with_credit_line-453x340.jpg 453w\" sizes=\"auto, (max-width: 800px) 100vw, 800px\" \/><figcaption class=\"wp-element-caption\">A man carries what was left recovered from his landslide devastated house in a relocation village in Barangay Kusiong, Datu Odin Sinsuat, Maguindanao after Typhoon Paeng hit their community.<\/figcaption><\/figure>\n\n\n\n<div style=\"height:16px\" aria-hidden=\"true\" class=\"wp-block-spacer\"><\/div>\n\n\n\n<h5 class=\"wp-block-heading has-text-align-center\" style=\"font-size:1rem\"><strong><a href=\"https:\/\/www.greenpeace.org\/denmark\/?page_id=53056\">Klimaforandringer<\/a><\/strong><\/h5>\n<\/div>\n<\/div>\n\n\n\n<div class=\"wp-block-column is-layout-flow wp-block-column-is-layout-flow\">\n<div class=\"wp-block-group group-stretched-link is-layout-flow wp-block-group-is-layout-flow\">\n<figure class=\"wp-block-image aligncenter size-full is-resized is-style-rounded-90 force-no-lightbox force-no-caption mb-0\"><img loading=\"lazy\" decoding=\"async\" width=\"800\" height=\"533\" src=\"https:\/\/www.greenpeace.org\/static\/planet4-denmark-stateless\/2019\/06\/0b0e4813-svineproduktion-4.jpg\" title=\"Danske svin i en af landbrugets k\u00f8dprodutktioner.\" alt=\"Svin bag tremmer i en stald.\" class=\"wp-image-3051\" srcset=\"https:\/\/www.greenpeace.org\/static\/planet4-denmark-stateless\/2019\/06\/0b0e4813-svineproduktion-4.jpg 800w, https:\/\/www.greenpeace.org\/static\/planet4-denmark-stateless\/2019\/06\/0b0e4813-svineproduktion-4-300x200.jpg 300w, https:\/\/www.greenpeace.org\/static\/planet4-denmark-stateless\/2019\/06\/0b0e4813-svineproduktion-4-768x512.jpg 768w, https:\/\/www.greenpeace.org\/static\/planet4-denmark-stateless\/2019\/06\/0b0e4813-svineproduktion-4-510x340.jpg 510w\" sizes=\"auto, (max-width: 800px) 100vw, 800px\" \/><\/figure>\n\n\n\n<div style=\"height:16px\" aria-hidden=\"true\" class=\"wp-block-spacer\"><\/div>\n\n\n\n<h5 class=\"wp-block-heading has-text-align-center\" style=\"font-size:1rem\"><strong><a href=\"https:\/\/www.greenpeace.org\/denmark\/?page_id=54170\">Landbrug<\/a><\/strong><\/h5>\n<\/div>\n<\/div>\n\n\n\n<div class=\"wp-block-column is-layout-flow wp-block-column-is-layout-flow\"><\/div>\n<\/div>\n<\/div>\n<\/div>\n\n<\/div>\n","protected":false},"excerpt":{"rendered":"<p>Det er afg\u00f8rende, at vi f\u00e5r stoppet skovrydning. Verdens st\u00f8rste regnskov Amazonas n\u00e6rmer sig et tragisk tipping point.<\/p>\n","protected":false},"author":45,"featured_media":428,"parent":54171,"menu_order":0,"comment_status":"closed","ping_status":"closed","template":"","meta":{"ep_exclude_from_search":false,"p4_hide_page_title_checkbox":"on","p4_title":"","p4_subtitle":"","p4_description":"","background_image_id":"","background_image":"","p4_button_title":"","p4_button_link":"","p4_button_link_checkbox":"","p4_og_title":"","p4_og_description":"","p4_og_image":"","p4_og_image_id":"","p4_seo_canonical_url":"","p4_campaign_name":"not set","p4_local_project":"not set","p4_basket_name":"not set","p4_department":"","footnotes":""},"categories":[18],"tags":[28,52,56],"class_list":["post-54224","page","type-page","status-publish","has-post-thumbnail","hentry","category-natur","tag-skovrydning","tag-palmeolie","tag-amazonas"],"_links":{"self":[{"href":"https:\/\/www.greenpeace.org\/denmark\/wp-json\/wp\/v2\/pages\/54224","targetHints":{"allow":["GET"]}}],"collection":[{"href":"https:\/\/www.greenpeace.org\/denmark\/wp-json\/wp\/v2\/pages"}],"about":[{"href":"https:\/\/www.greenpeace.org\/denmark\/wp-json\/wp\/v2\/types\/page"}],"author":[{"embeddable":true,"href":"https:\/\/www.greenpeace.org\/denmark\/wp-json\/wp\/v2\/users\/45"}],"replies":[{"embeddable":true,"href":"https:\/\/www.greenpeace.org\/denmark\/wp-json\/wp\/v2\/comments?post=54224"}],"version-history":[{"count":21,"href":"https:\/\/www.greenpeace.org\/denmark\/wp-json\/wp\/v2\/pages\/54224\/revisions"}],"predecessor-version":[{"id":81452,"href":"https:\/\/www.greenpeace.org\/denmark\/wp-json\/wp\/v2\/pages\/54224\/revisions\/81452"}],"up":[{"embeddable":true,"href":"https:\/\/www.greenpeace.org\/denmark\/wp-json\/wp\/v2\/pages\/54171"}],"wp:featuredmedia":[{"embeddable":true,"href":"https:\/\/www.greenpeace.org\/denmark\/wp-json\/wp\/v2\/media\/428"}],"wp:attachment":[{"href":"https:\/\/www.greenpeace.org\/denmark\/wp-json\/wp\/v2\/media?parent=54224"}],"wp:term":[{"taxonomy":"category","embeddable":true,"href":"https:\/\/www.greenpeace.org\/denmark\/wp-json\/wp\/v2\/categories?post=54224"},{"taxonomy":"post_tag","embeddable":true,"href":"https:\/\/www.greenpeace.org\/denmark\/wp-json\/wp\/v2\/tags?post=54224"}],"curies":[{"name":"wp","href":"https:\/\/api.w.org\/{rel}","templated":true}]}}