{"id":82013,"date":"2026-06-11T10:34:40","date_gmt":"2026-06-11T08:34:40","guid":{"rendered":"https:\/\/www.greenpeace.org\/denmark\/?page_id=82013"},"modified":"2026-09-01T09:33:04","modified_gmt":"2026-09-01T07:33:04","slug":"tag-handling","status":"publish","type":"page","link":"https:\/\/www.greenpeace.org\/denmark\/vaer-med\/tag-handling\/","title":{"rendered":"V\u00e6r en kreativ aktivist. S\u00e5dan kan du tage handling."},"content":{"rendered":"\n<style>\nbody{background-color:#339E00;} \n.wp-block-heading, p, .is-style-three-columns h2 {color: white;}\n.inner a:not(.actions-list a, a.has-orange-2-background-color){color: #339e00!important;} .btn.btn-primary[data-ga-action=\"Call to Action\"]{background: #EE9D02!important; color: black!important;} .inner p{color: black;} .actions-list .wp-block-post-featured-image {border-radius: 16px 16px 0 0;} a.site-logo>img {height: 45px;}\n<\/style>\n<script>window.addEventListener('DOMContentLoaded',()=>{document.querySelector('a.site-logo').href='https:\/\/www.greenpeace.org\/denmark\/vaer-med\/tag-handling\/';document.querySelector('a.site-logo>img').src='https:\/\/www.greenpeace.org\/static\/planet4-norway-stateless-release\/2026\/05\/88794311-timetoresistlogo2.png';});<\/script>\n\n\n<div data-hydrate=\"planet4-blocks\/carousel-header\" data-attributes=\"{&quot;carousel_autoplay&quot;:false,&quot;slides&quot;:[{&quot;image&quot;:82760,&quot;focal_points&quot;:{&quot;x&quot;:0.49,&quot;y&quot;:0.41},&quot;header&quot;:&quot;V\u00e6r en kreativ aktivist&quot;,&quot;description&quot;:&quot;Med kreativ aktivisme udfordrer vi selskaber og oliemilliard\u00e6rer, der truer demokratiet og klimaet.&quot;,&quot;link_text&quot;:&quot;Find inspiration&quot;,&quot;link_url&quot;:&quot;#actions&quot;,&quot;link_url_new_tab&quot;:false,&quot;image_url&quot;:&quot;https:\/\/www.greenpeace.org\/static\/planet4-denmark-stateless\/2026\/08\/970c951d-dscf6960-1-1024x683.jpg&quot;,&quot;image_srcset&quot;:&quot;https:\/\/www.greenpeace.org\/static\/planet4-denmark-stateless\/2026\/08\/970c951d-dscf6960-1-150x150.jpg 150w,https:\/\/www.greenpeace.org\/static\/planet4-denmark-stateless\/2026\/08\/970c951d-dscf6960-1-300x200.jpg 300w,https:\/\/www.greenpeace.org\/static\/planet4-denmark-stateless\/2026\/08\/970c951d-dscf6960-1-1024x683.jpg 1024w,https:\/\/www.greenpeace.org\/static\/planet4-denmark-stateless\/2026\/08\/970c951d-dscf6960-1.jpg 2048w&quot;}],&quot;currentImageIndex&quot;:0}\"><section class=\"block block-header alignfull carousel-header \" aria-label=\"Greenpeace highlights\" aria-roledescription=\"carousel\"><div class=\"carousel-wrapper-header\"><ul class=\"carousel-inner\" role=\"listbox\"><li class=\"carousel-item active\" tabindex=\"0\" role=\"tabpanel\"><div class=\"carousel-item-mask\"><div class=\"background-holder\"><img decoding=\"async\" src=\"https:\/\/www.greenpeace.org\/static\/planet4-denmark-stateless\/2026\/08\/970c951d-dscf6960-1-1024x683.jpg\" style=\"object-position:49% 41%\" srcSet=\"https:\/\/www.greenpeace.org\/static\/planet4-denmark-stateless\/2026\/08\/970c951d-dscf6960-1-150x150.jpg 150w,https:\/\/www.greenpeace.org\/static\/planet4-denmark-stateless\/2026\/08\/970c951d-dscf6960-1-300x200.jpg 300w,https:\/\/www.greenpeace.org\/static\/planet4-denmark-stateless\/2026\/08\/970c951d-dscf6960-1-1024x683.jpg 1024w,https:\/\/www.greenpeace.org\/static\/planet4-denmark-stateless\/2026\/08\/970c951d-dscf6960-1.jpg 2048w\"\/><\/div><div class=\"carousel-caption\"><div class=\"caption-overlay\"><\/div><div class=\"container main-header\"><div class=\"carousel-captions-wrapper\"><h2 tabindex=\"0\">V\u00e6r en kreativ aktivist<\/h2><p>Med kreativ aktivisme udfordrer vi selskaber og oliemilliard\u00e6rer, der truer demokratiet og klimaet.<\/p><\/div><div class=\"col-xs-12 col-sm-8 col-md-4 action-button\"><a href=\"#actions\" class=\"btn btn-primary\" data-ga-category=\"Carousel Header\" data-ga-action=\"Call to Action\" tabindex=\"0\"><span>Find inspiration<\/span><\/a><\/div><\/div><\/div><\/div><\/li><\/ul><\/div><\/section><\/div>\n\n\n\n<div class=\"wp-block-group inner has-gp-green-70-background-color has-background is-layout-flow wp-block-group-is-layout-flow\">\n<div style=\"height:30px\" aria-hidden=\"true\" class=\"wp-block-spacer\"><\/div>\n\n\n\n<h2 class=\"wp-block-heading has-white-color has-text-color has-link-color wp-elements-2fa292983bc83a3a026b7875d21b40e3\"><strong>S\u00e5dan kan du tage handling<\/strong><\/h2>\n\n\n\n<p class=\"has-white-color has-text-color has-link-color wp-elements-e6e3fca68a2e2700c8f044fecf076a1b wp-block-paragraph\">M\u00e5ske har du \u00e9t billede af, hvad \u201caktivisme\u201d er? P\u00e5 barrikaderne. M\u00e5ske noget voldsomt radikalt? Aktivisme betyder \u201cm\u00e5lrettet handling\u201d, og du kan v\u00e6re aktivist p\u00e5 mange m\u00e5der. Hos Greenpeace er \u201cfredelig\u201d aktivisme en del af dna\u2019et.<\/p>\n\n\n\n<p class=\"has-white-color has-text-color has-link-color wp-elements-1282a116a89e871831c433a947e7b0f4 wp-block-paragraph\">Men hvad vi kalder det, er ikke det afg\u00f8rende \u2013 det er handlingen! Du kan g\u00f8re stor forskel som \u201chverdagsaktivist\u201d og i f\u00e6llesskab. N\u00e5r vi er mange sammen, er ingen magt eller udfordring for stor. Mange sm\u00e5 handlinger kan tilsammen give et stort pres for forandring.<\/p>\n\n\n\n<p class=\"has-white-color has-text-color has-link-color wp-elements-d96808086ae05a2cb0df7ee3bc6d95ce wp-block-paragraph\">Med kreative aktioner og handlinger kan vi sammen udfordre olieselskaberne, der g\u00f8r planeten usikker og ulige. Vi kan presse politikerne til at s\u00e6tte natur og mennesker over gr\u00e5dighed og profit til de rigeste. Vi kan bruge civil ulydighed og st\u00e5 fast p\u00e5 vores rettigheder overfor tech-moguler.<\/p>\n\n\n\n<div style=\"height:30px\" aria-hidden=\"true\" class=\"wp-block-spacer\"><\/div>\n<\/div>\n\n\n<div class=\"wp-block-group is-layout-flow wp-block-group-is-layout-flow\" style=\"padding-right:var(--wp--preset--spacing--40);padding-left:var(--wp--preset--spacing--40)\">\n<h2 class=\"wp-block-heading\">Aktuel begivenhed<\/h2>\n\n\n\n<div class=\"wp-block-media-text is-stacked-on-mobile\"><figure class=\"wp-block-media-text__media\"><img loading=\"lazy\" decoding=\"async\" width=\"1024\" height=\"538\" src=\"https:\/\/www.greenpeace.org\/static\/planet4-denmark-stateless\/2026\/09\/6fb83906-voxfest-1024x538.jpg\" alt=\"vox fest bild\" sizes=\"auto, (min-width: 1600px) calc((1320px - 24px) \/ 2),(min-width: 1200px) calc((1140px - 24px) \/ 2),(min-width: 992px) calc((960px - 24px) \/ 2),(min-width: 768px) calc((720px - 24px) \/ 2),(min-width: 601px) calc((540px - 24px) \/ 2),(min-width: 577px) calc((540px - 24px) \/ 1), calc(100vw - 24px)\" srcset=\"https:\/\/www.greenpeace.org\/static\/planet4-denmark-stateless\/2026\/09\/6fb83906-voxfest.jpg 1200w, https:\/\/www.greenpeace.org\/static\/planet4-denmark-stateless\/2026\/09\/6fb83906-voxfest-300x158.jpg 300w, https:\/\/www.greenpeace.org\/static\/planet4-denmark-stateless\/2026\/09\/6fb83906-voxfest-1024x538.jpg 1024w, https:\/\/www.greenpeace.org\/static\/planet4-denmark-stateless\/2026\/09\/6fb83906-voxfest-768x403.jpg 768w, https:\/\/www.greenpeace.org\/static\/planet4-denmark-stateless\/2026\/09\/6fb83906-voxfest-510x268.jpg 510w\" class=\"wp-image-83032 size-full\"\/><\/figure><div class=\"wp-block-media-text__content\">\n<div style=\"height:10px\" aria-hidden=\"true\" class=\"wp-block-spacer\"><\/div>\n\n\n\n<h3 id=\"mt-5\" class=\"wp-block-heading\"><strong>VOXEV\u00c6RK &#8211; AKTIVISMEFESTIVAL 2026<\/strong><\/h3>\n\n\n\n<p class=\"wp-block-paragraph\">Festivalen samler aktivister, kunstnere, politikere, organisationer og borgere fra hele landet til en l\u00f8rdag med talks, debatter, workshops, mad, kreative indslag og musik. Alt sammen med det form\u00e5l at s\u00e6tte en h\u00e5befuld og futuristisk dagsorden: Lad os genopfinde og genopdage, hvad aktivisme kan v\u00e6re.<\/p>\n\n\n\n<div class=\"wp-block-buttons is-layout-flex wp-block-buttons-is-layout-flex\">\n<div class=\"wp-block-button is-style-cta my-3\"><a class=\"wp-block-button__link has-white-color has-crimson-background-color has-text-color has-background has-link-color wp-element-button\" href=\"https:\/\/www.greenpeace.org\/denmark\/begivenheder\/voxevaerk-aktivismefestival-2026\/\">L\u00e6s mere og f\u00f8lg med her\u00a0\u00a0<\/a><\/div>\n<\/div>\n\n\n\n<div style=\"height:30px\" aria-hidden=\"true\" class=\"wp-block-spacer\"><\/div>\n<\/div><\/div>\n<\/div>\n<div data-hydrate=\"planet4-blocks\/gallery\" data-attributes=\"{&quot;attributes&quot;:{&quot;gallery_block_title&quot;:&quot;Vi kan skabe s\\u00e5 meget forandring \\u2013 sammen&quot;,&quot;multiple_image&quot;:&quot;82761,82759,82758&quot;,&quot;image_data&quot;:[{&quot;url&quot;:&quot;https:\\\/\\\/www.greenpeace.org\\\/static\\\/planet4-denmark-stateless\\\/2026\\\/08\\\/2e88be34-03_demogreenpeace-scaled.jpg&quot;,&quot;focalPoint&quot;:{&quot;x&quot;:0.5,&quot;y&quot;:0.5},&quot;id&quot;:82761},{&quot;url&quot;:&quot;https:\\\/\\\/www.greenpeace.org\\\/static\\\/planet4-denmark-stateless\\\/2026\\\/08\\\/3f0e6974-gp0su9g15-1.jpg&quot;,&quot;focalPoint&quot;:{&quot;x&quot;:0.5,&quot;y&quot;:0.5},&quot;id&quot;:82759},{&quot;url&quot;:&quot;https:\\\/\\\/www.greenpeace.org\\\/static\\\/planet4-denmark-stateless\\\/2026\\\/08\\\/b6294a9d-dscf6822-1.jpg&quot;,&quot;focalPoint&quot;:{&quot;x&quot;:0.5,&quot;y&quot;:0.5},&quot;id&quot;:82758}],&quot;className&quot;:&quot;is-style-three-columns&quot;,&quot;gallery_block_style&quot;:0,&quot;gallery_block_description&quot;:&quot;&quot;,&quot;gallery_block_focus_points&quot;:&quot;&quot;,&quot;images&quot;:[{&quot;image_src&quot;:&quot;https:\\\/\\\/www.greenpeace.org\\\/static\\\/planet4-denmark-stateless\\\/2026\\\/08\\\/2e88be34-03_demogreenpeace-scaled.jpg&quot;,&quot;image_srcset&quot;:&quot;https:\\\/\\\/www.greenpeace.org\\\/static\\\/planet4-denmark-stateless\\\/2026\\\/08\\\/2e88be34-03_demogreenpeace-scaled.jpg 2560w, https:\\\/\\\/www.greenpeace.org\\\/static\\\/planet4-denmark-stateless\\\/2026\\\/08\\\/2e88be34-03_demogreenpeace-300x200.jpg 300w, https:\\\/\\\/www.greenpeace.org\\\/static\\\/planet4-denmark-stateless\\\/2026\\\/08\\\/2e88be34-03_demogreenpeace-1024x683.jpg 1024w, https:\\\/\\\/www.greenpeace.org\\\/static\\\/planet4-denmark-stateless\\\/2026\\\/08\\\/2e88be34-03_demogreenpeace-768x512.jpg 768w, https:\\\/\\\/www.greenpeace.org\\\/static\\\/planet4-denmark-stateless\\\/2026\\\/08\\\/2e88be34-03_demogreenpeace-1536x1025.jpg 1536w, https:\\\/\\\/www.greenpeace.org\\\/static\\\/planet4-denmark-stateless\\\/2026\\\/08\\\/2e88be34-03_demogreenpeace-2048x1366.jpg 2048w, https:\\\/\\\/www.greenpeace.org\\\/static\\\/planet4-denmark-stateless\\\/2026\\\/08\\\/2e88be34-03_demogreenpeace-510x340.jpg 510w&quot;,&quot;image_sizes&quot;:false,&quot;alt_text&quot;:&quot;&quot;,&quot;caption&quot;:&quot;&quot;,&quot;focus_image&quot;:&quot;&quot;,&quot;credits&quot;:&quot;&quot;},{&quot;image_src&quot;:&quot;https:\\\/\\\/www.greenpeace.org\\\/static\\\/planet4-denmark-stateless\\\/2026\\\/08\\\/3f0e6974-gp0su9g15-1.jpg&quot;,&quot;image_srcset&quot;:&quot;https:\\\/\\\/www.greenpeace.org\\\/static\\\/planet4-denmark-stateless\\\/2026\\\/08\\\/3f0e6974-gp0su9g15-1.jpg 1200w, https:\\\/\\\/www.greenpeace.org\\\/static\\\/planet4-denmark-stateless\\\/2026\\\/08\\\/3f0e6974-gp0su9g15-1-300x200.jpg 300w, https:\\\/\\\/www.greenpeace.org\\\/static\\\/planet4-denmark-stateless\\\/2026\\\/08\\\/3f0e6974-gp0su9g15-1-1024x683.jpg 1024w, https:\\\/\\\/www.greenpeace.org\\\/static\\\/planet4-denmark-stateless\\\/2026\\\/08\\\/3f0e6974-gp0su9g15-1-768x512.jpg 768w, https:\\\/\\\/www.greenpeace.org\\\/static\\\/planet4-denmark-stateless\\\/2026\\\/08\\\/3f0e6974-gp0su9g15-1-510x340.jpg 510w&quot;,&quot;image_sizes&quot;:false,&quot;alt_text&quot;:&quot;&quot;,&quot;caption&quot;:&quot;&quot;,&quot;focus_image&quot;:&quot;&quot;,&quot;credits&quot;:&quot;&quot;},{&quot;image_src&quot;:&quot;https:\\\/\\\/www.greenpeace.org\\\/static\\\/planet4-denmark-stateless\\\/2026\\\/08\\\/b6294a9d-dscf6822-1.jpg&quot;,&quot;image_srcset&quot;:&quot;https:\\\/\\\/www.greenpeace.org\\\/static\\\/planet4-denmark-stateless\\\/2026\\\/08\\\/b6294a9d-dscf6822-1.jpg 1365w, https:\\\/\\\/www.greenpeace.org\\\/static\\\/planet4-denmark-stateless\\\/2026\\\/08\\\/b6294a9d-dscf6822-1-200x300.jpg 200w, https:\\\/\\\/www.greenpeace.org\\\/static\\\/planet4-denmark-stateless\\\/2026\\\/08\\\/b6294a9d-dscf6822-1-683x1024.jpg 683w, https:\\\/\\\/www.greenpeace.org\\\/static\\\/planet4-denmark-stateless\\\/2026\\\/08\\\/b6294a9d-dscf6822-1-768x1152.jpg 768w, https:\\\/\\\/www.greenpeace.org\\\/static\\\/planet4-denmark-stateless\\\/2026\\\/08\\\/b6294a9d-dscf6822-1-1024x1536.jpg 1024w, https:\\\/\\\/www.greenpeace.org\\\/static\\\/planet4-denmark-stateless\\\/2026\\\/08\\\/b6294a9d-dscf6822-1-910x1366.jpg 910w, https:\\\/\\\/www.greenpeace.org\\\/static\\\/planet4-denmark-stateless\\\/2026\\\/08\\\/b6294a9d-dscf6822-1-227x340.jpg 227w&quot;,&quot;image_sizes&quot;:false,&quot;alt_text&quot;:&quot;&quot;,&quot;caption&quot;:&quot;&quot;,&quot;focus_image&quot;:&quot;&quot;,&quot;credits&quot;:&quot;&quot;}]}}\">\n<\/div>\n<div style=\"height:30px\" aria-hidden=\"true\" id=\"actions\" class=\"wp-block-spacer\"><\/div>\n\n<div class=\"wp-block-query actions-list p4-query-loop is-custom-layout-grid is-layout-grid wp-container-core-query-is-layout-0fed8f92 wp-block-query-is-layout-grid\">\n<h2 class=\"wp-block-heading\">V\u00e6r med<\/h2>\n\n\n\n<p class=\"wp-block-paragraph\" style=\"margin-top:24px;margin-bottom:32px\"><\/p>\n\n\n\n\n<ul class=\"wp-block-post-template is-layout-flow wp-block-post-template-is-layout-flow\"><li class=\"wp-block-post post-398 page type-page status-publish has-post-thumbnail hentry category-greenpeace tag-omgreenpeace tag-frivillig\">\n<figure class=\"wp-block-post-featured-image\"><img loading=\"lazy\" decoding=\"async\" width=\"1200\" height=\"800\" src=\"https:\/\/www.greenpeace.org\/static\/planet4-denmark-stateless\/2018\/09\/4a05e9c4-gp0stqq7j.jpg\" class=\"attachment-post-thumbnail size-post-thumbnail wp-post-image wp-stateless-item\" alt=\"RESIST Climate March in Copenhagen. \u00a9 Will Rose\" style=\"object-fit:cover;\" srcset=\"https:\/\/www.greenpeace.org\/static\/planet4-denmark-stateless\/2018\/09\/4a05e9c4-gp0stqq7j.jpg 1200w, https:\/\/www.greenpeace.org\/static\/planet4-denmark-stateless\/2018\/09\/4a05e9c4-gp0stqq7j-300x200.jpg 300w, https:\/\/www.greenpeace.org\/static\/planet4-denmark-stateless\/2018\/09\/4a05e9c4-gp0stqq7j-768x512.jpg 768w, https:\/\/www.greenpeace.org\/static\/planet4-denmark-stateless\/2018\/09\/4a05e9c4-gp0stqq7j-1024x683.jpg 1024w, https:\/\/www.greenpeace.org\/static\/planet4-denmark-stateless\/2018\/09\/4a05e9c4-gp0stqq7j-510x340.jpg 510w\" sizes=\"auto, (max-width: 1200px) 100vw, 1200px\" data-image-size=\"post-thumbnail\" data-stateless-media-bucket=\"planet4-denmark-stateless\" data-stateless-media-name=\"2018\/09\/4a05e9c4-gp0stqq7j.jpg\" \/><\/figure>\n\n\n<div class=\"wp-block-group group-stretched-link is-layout-flow wp-block-group-is-layout-flow\"><div class=\"wp-block-post-terms\">Greenpeace<\/div>\n\n<h3 class=\"wp-block-post-title\"><a data-ga-action=\"Call to Action\" data-ga-category=\"Actions List\" data-ga-label=\"n\/a\" href=\"https:\/\/www.greenpeace.org\/denmark\/vaer-med\/frivillig\/\" target=\"_self\" >Bliv frivillig<\/a><\/h3>\n\n<div class=\"wp-block-post-excerpt\"><p class=\"wp-block-post-excerpt__excerpt\">Meld dig som frivillig i Greenpeace og v\u00e6r med til at g\u00f8re en forskel! Du bliver en del af et internationalt f\u00e6lleskab, der k\u00e6mper for at f\u00e5 klimaet og milj\u00f8et i balance. <\/p><\/div><\/div>\n\n\n\n<div class=\"wp-block-group read-more-nav is-layout-flow wp-block-group-is-layout-flow\"><a data-ga-action=\"Call to Action\" data-ga-category=\"Actions List\" data-ga-label=\"n\/a\" href=\"https:\/\/www.greenpeace.org\/denmark\/vaer-med\/frivillig\/\" class=\"btn btn-primary btn-small\" aria-label=\"V\u00e6r med\">V\u00e6r med<\/a><\/div>\n\n<\/li><li class=\"wp-block-post post-82067 page type-page status-publish has-post-thumbnail hentry category-greenpeace tag-fossilenergi tag-menneskerettigheder tag-olie tag-aktivisme\">\n<figure class=\"wp-block-post-featured-image\"><img loading=\"lazy\" decoding=\"async\" width=\"1024\" height=\"683\" src=\"https:\/\/www.greenpeace.org\/static\/planet4-denmark-stateless\/2026\/06\/e3a078c2-skriv-til-avisen.jpg\" class=\"attachment-post-thumbnail size-post-thumbnail wp-post-image wp-stateless-item\" alt=\"\" style=\"object-fit:cover;\" srcset=\"https:\/\/www.greenpeace.org\/static\/planet4-denmark-stateless\/2026\/06\/e3a078c2-skriv-til-avisen.jpg 1024w, https:\/\/www.greenpeace.org\/static\/planet4-denmark-stateless\/2026\/06\/e3a078c2-skriv-til-avisen-300x200.jpg 300w, https:\/\/www.greenpeace.org\/static\/planet4-denmark-stateless\/2026\/06\/e3a078c2-skriv-til-avisen-768x512.jpg 768w, https:\/\/www.greenpeace.org\/static\/planet4-denmark-stateless\/2026\/06\/e3a078c2-skriv-til-avisen-510x340.jpg 510w\" sizes=\"auto, (max-width: 1024px) 100vw, 1024px\" data-image-size=\"post-thumbnail\" data-stateless-media-bucket=\"planet4-denmark-stateless\" data-stateless-media-name=\"2026\/06\/e3a078c2-skriv-til-avisen.jpg\" \/><\/figure>\n\n\n<div class=\"wp-block-group group-stretched-link is-layout-flow wp-block-group-is-layout-flow\"><div class=\"wp-block-post-terms\">Greenpeace<\/div>\n\n<h3 class=\"wp-block-post-title\"><a data-ga-action=\"Call to Action\" data-ga-category=\"Actions List\" data-ga-label=\"n\/a\" href=\"https:\/\/www.greenpeace.org\/denmark\/vaer-med\/skriv-til-avisen-og-bland-dig-i-debatten\/\" target=\"_self\" >Skriv til avisen og bland dig i debatten<\/a><\/h3>\n\n<div class=\"wp-block-post-excerpt\"><p class=\"wp-block-post-excerpt__excerpt\">Vil du blive h\u00f8rt? Et indl\u00e6g til en avis \u2013 til print og digitalt \u2013 er en st\u00e6rk m\u00e5de at f\u00e5 et budskab ud p\u00e5 og skabe debat. Her f\u00e5r du tips til at det lykkes. <\/p><\/div><\/div>\n\n\n\n<div class=\"wp-block-group read-more-nav is-layout-flow wp-block-group-is-layout-flow\"><a data-ga-action=\"Call to Action\" data-ga-category=\"Actions List\" data-ga-label=\"n\/a\" href=\"https:\/\/www.greenpeace.org\/denmark\/vaer-med\/skriv-til-avisen-og-bland-dig-i-debatten\/\" class=\"btn btn-primary btn-small\" aria-label=\"V\u00e6r med\">V\u00e6r med<\/a><\/div>\n\n<\/li><li class=\"wp-block-post post-3198 page type-page status-publish has-post-thumbnail hentry category-greenpeace tag-omgreenpeace tag-frivillig\">\n<figure class=\"wp-block-post-featured-image\"><img loading=\"lazy\" decoding=\"async\" width=\"800\" height=\"533\" src=\"https:\/\/www.greenpeace.org\/static\/planet4-denmark-stateless\/2022\/06\/177fb53c-greenpeaker.jpg\" class=\"attachment-post-thumbnail size-post-thumbnail wp-post-image wp-stateless-item\" alt=\"\" style=\"object-fit:cover;\" srcset=\"https:\/\/www.greenpeace.org\/static\/planet4-denmark-stateless\/2022\/06\/177fb53c-greenpeaker.jpg 800w, https:\/\/www.greenpeace.org\/static\/planet4-denmark-stateless\/2022\/06\/177fb53c-greenpeaker-300x200.jpg 300w, https:\/\/www.greenpeace.org\/static\/planet4-denmark-stateless\/2022\/06\/177fb53c-greenpeaker-768x512.jpg 768w, https:\/\/www.greenpeace.org\/static\/planet4-denmark-stateless\/2022\/06\/177fb53c-greenpeaker-510x340.jpg 510w\" sizes=\"auto, (max-width: 800px) 100vw, 800px\" data-image-size=\"post-thumbnail\" data-stateless-media-bucket=\"planet4-denmark-stateless\" data-stateless-media-name=\"2022\/06\/177fb53c-greenpeaker.jpg\" \/><\/figure>\n\n\n<div class=\"wp-block-group group-stretched-link is-layout-flow wp-block-group-is-layout-flow\"><div class=\"wp-block-post-terms\">Greenpeace<\/div>\n\n<h3 class=\"wp-block-post-title\"><a data-ga-action=\"Call to Action\" data-ga-category=\"Actions List\" data-ga-label=\"n\/a\" href=\"https:\/\/www.greenpeace.org\/denmark\/vaer-med\/faa-et-gratis-foredrag-med-greenpeace\/\" target=\"_self\" >F\u00e5 et gratis foredrag med Greenpeace<\/a><\/h3>\n\n<div class=\"wp-block-post-excerpt\"><p class=\"wp-block-post-excerpt__excerpt\">Kunne du t\u00e6nke dig at f\u00e5 et gratis foredrag med Greenpeace? Book en greenspeaker, der kan holde et foredrag om netop det, der kunne v\u00e6re relevant for jer. <\/p><\/div><\/div>\n\n\n\n<div class=\"wp-block-group read-more-nav is-layout-flow wp-block-group-is-layout-flow\"><a data-ga-action=\"Call to Action\" data-ga-category=\"Actions List\" data-ga-label=\"n\/a\" href=\"https:\/\/www.greenpeace.org\/denmark\/vaer-med\/faa-et-gratis-foredrag-med-greenpeace\/\" class=\"btn btn-primary btn-small\" aria-label=\"V\u00e6r med\">V\u00e6r med<\/a><\/div>\n\n<\/li><li class=\"wp-block-post post-57182 page type-page status-publish has-post-thumbnail hentry category-greenpeace tag-aktivisme\">\n<figure class=\"wp-block-post-featured-image\"><img loading=\"lazy\" decoding=\"async\" width=\"800\" height=\"450\" src=\"https:\/\/www.greenpeace.org\/static\/planet4-denmark-stateless\/2023\/07\/ff64498d-09_topten_gp1sx8x8.webp\" class=\"attachment-post-thumbnail size-post-thumbnail wp-post-image wp-stateless-item\" alt=\"\" style=\"object-fit:cover;\" srcset=\"https:\/\/www.greenpeace.org\/static\/planet4-denmark-stateless\/2023\/07\/ff64498d-09_topten_gp1sx8x8.webp 800w, https:\/\/www.greenpeace.org\/static\/planet4-denmark-stateless\/2023\/07\/ff64498d-09_topten_gp1sx8x8-300x169.webp 300w, https:\/\/www.greenpeace.org\/static\/planet4-denmark-stateless\/2023\/07\/ff64498d-09_topten_gp1sx8x8-768x432.webp 768w, https:\/\/www.greenpeace.org\/static\/planet4-denmark-stateless\/2023\/07\/ff64498d-09_topten_gp1sx8x8-510x287.webp 510w\" sizes=\"auto, (max-width: 800px) 100vw, 800px\" data-image-size=\"post-thumbnail\" data-stateless-media-bucket=\"planet4-denmark-stateless\" data-stateless-media-name=\"2023\/07\/ff64498d-09_topten_gp1sx8x8.webp\" \/><\/figure>\n\n\n<div class=\"wp-block-group group-stretched-link is-layout-flow wp-block-group-is-layout-flow\"><div class=\"wp-block-post-terms\">Greenpeace<\/div>\n\n<h3 class=\"wp-block-post-title\"><a data-ga-action=\"Call to Action\" data-ga-category=\"Actions List\" data-ga-label=\"n\/a\" href=\"https:\/\/www.greenpeace.org\/denmark\/vaer-med\/bliv-greenpeace-aktivist\/\" target=\"_self\" >Bliv Greenpeace-aktivist<\/a><\/h3>\n\n<div class=\"wp-block-post-excerpt\"><p class=\"wp-block-post-excerpt__excerpt\">Civil ulydighed er en del af Greenpeace&#8217;s DNA. I over 50 \u00e5r har Greenpeace-aktivister brugt fredelige taktikker og civil ulydighed for at k\u00e6mpe imod forurenende virksomheder, der \u00f8del\u00e6gger fremtiden for os alle. Vi er altid fredelige, og vi tager altid personligt ansvar for vores handlinger. <\/p><\/div><\/div>\n\n\n\n<div class=\"wp-block-group read-more-nav is-layout-flow wp-block-group-is-layout-flow\"><a data-ga-action=\"Call to Action\" data-ga-category=\"Actions List\" data-ga-label=\"n\/a\" href=\"https:\/\/www.greenpeace.org\/denmark\/vaer-med\/bliv-greenpeace-aktivist\/\" class=\"btn btn-primary btn-small\" aria-label=\"V\u00e6r med\">V\u00e6r med<\/a><\/div>\n\n<\/li><li class=\"wp-block-post post-82272 page type-page status-publish has-post-thumbnail hentry category-greenpeace\">\n<figure class=\"wp-block-post-featured-image\"><img loading=\"lazy\" decoding=\"async\" width=\"1200\" height=\"800\" src=\"https:\/\/www.greenpeace.org\/static\/planet4-denmark-stateless\/2026\/06\/606e0bce-gp0stsm90.jpg\" class=\"attachment-post-thumbnail size-post-thumbnail wp-post-image wp-stateless-item\" alt=\"Greenpeace er med i front til stor klimademonstration i K\u00f8benhavn \u00a9 Jesper Edvardsen \/ Greenpeace\" style=\"object-fit:cover;\" srcset=\"https:\/\/www.greenpeace.org\/static\/planet4-denmark-stateless\/2026\/06\/606e0bce-gp0stsm90.jpg 1200w, https:\/\/www.greenpeace.org\/static\/planet4-denmark-stateless\/2026\/06\/606e0bce-gp0stsm90-300x200.jpg 300w, https:\/\/www.greenpeace.org\/static\/planet4-denmark-stateless\/2026\/06\/606e0bce-gp0stsm90-1024x683.jpg 1024w, https:\/\/www.greenpeace.org\/static\/planet4-denmark-stateless\/2026\/06\/606e0bce-gp0stsm90-768x512.jpg 768w, https:\/\/www.greenpeace.org\/static\/planet4-denmark-stateless\/2026\/06\/606e0bce-gp0stsm90-510x340.jpg 510w\" sizes=\"auto, (max-width: 1200px) 100vw, 1200px\" data-image-size=\"post-thumbnail\" data-stateless-media-bucket=\"planet4-denmark-stateless\" data-stateless-media-name=\"2026\/06\/606e0bce-gp0stsm90.jpg\" \/><\/figure>\n\n\n<div class=\"wp-block-group group-stretched-link is-layout-flow wp-block-group-is-layout-flow\"><div class=\"wp-block-post-terms\">Greenpeace<\/div>\n\n<h3 class=\"wp-block-post-title\"><a data-ga-action=\"Call to Action\" data-ga-category=\"Actions List\" data-ga-label=\"n\/a\" href=\"https:\/\/www.greenpeace.org\/denmark\/vaer-med\/stoet-greenpeace-som-maanedlig-donor\/\" target=\"_self\" >St\u00f8t Greenpeace som m\u00e5nedlig donor<\/a><\/h3>\n\n<div class=\"wp-block-post-excerpt\"><p class=\"wp-block-post-excerpt__excerpt\">Hver dag arbejder Greenpeace dedikeret for klimaet, naturen, fred og retf\u00e6rdighed. Vi har skabt gr\u00f8nne sejre i over 50 \u00e5r. Og med din st\u00f8tte kan vi forts\u00e6tte <\/p><\/div><\/div>\n\n\n\n<div class=\"wp-block-group read-more-nav is-layout-flow wp-block-group-is-layout-flow\"><a data-ga-action=\"Call to Action\" data-ga-category=\"Actions List\" data-ga-label=\"n\/a\" href=\"https:\/\/www.greenpeace.org\/denmark\/vaer-med\/stoet-greenpeace-som-maanedlig-donor\/\" class=\"btn btn-primary btn-small\" aria-label=\"V\u00e6r med\">V\u00e6r med<\/a><\/div>\n\n<\/li><li class=\"wp-block-post post-58349 page type-page status-publish has-post-thumbnail hentry category-greenpeace tag-omgreenpeace\">\n<figure class=\"wp-block-post-featured-image\"><img loading=\"lazy\" decoding=\"async\" width=\"2560\" height=\"1816\" src=\"https:\/\/www.greenpeace.org\/static\/planet4-denmark-stateless\/2023\/11\/a1a00def-rasmusstills_001-scaled.jpg\" class=\"attachment-post-thumbnail size-post-thumbnail wp-post-image wp-stateless-item\" alt=\"\" style=\"object-fit:cover;\" srcset=\"https:\/\/www.greenpeace.org\/static\/planet4-denmark-stateless\/2023\/11\/a1a00def-rasmusstills_001-scaled.jpg 2560w, https:\/\/www.greenpeace.org\/static\/planet4-denmark-stateless\/2023\/11\/a1a00def-rasmusstills_001-300x213.jpg 300w, https:\/\/www.greenpeace.org\/static\/planet4-denmark-stateless\/2023\/11\/a1a00def-rasmusstills_001-1024x726.jpg 1024w, https:\/\/www.greenpeace.org\/static\/planet4-denmark-stateless\/2023\/11\/a1a00def-rasmusstills_001-768x545.jpg 768w, https:\/\/www.greenpeace.org\/static\/planet4-denmark-stateless\/2023\/11\/a1a00def-rasmusstills_001-1536x1089.jpg 1536w, https:\/\/www.greenpeace.org\/static\/planet4-denmark-stateless\/2023\/11\/a1a00def-rasmusstills_001-2048x1453.jpg 2048w, https:\/\/www.greenpeace.org\/static\/planet4-denmark-stateless\/2023\/11\/a1a00def-rasmusstills_001-1926x1366.jpg 1926w, https:\/\/www.greenpeace.org\/static\/planet4-denmark-stateless\/2023\/11\/a1a00def-rasmusstills_001-479x340.jpg 479w\" sizes=\"auto, (max-width: 2560px) 100vw, 2560px\" data-image-size=\"post-thumbnail\" data-stateless-media-bucket=\"planet4-denmark-stateless\" data-stateless-media-name=\"2023\/11\/a1a00def-rasmusstills_001-scaled.jpg\" \/><\/figure>\n\n\n<div class=\"wp-block-group group-stretched-link is-layout-flow wp-block-group-is-layout-flow\"><div class=\"wp-block-post-terms\">Greenpeace<\/div>\n\n<h3 class=\"wp-block-post-title\"><a data-ga-action=\"Call to Action\" data-ga-category=\"Actions List\" data-ga-label=\"n\/a\" href=\"https:\/\/www.greenpeace.org\/denmark\/vaer-med\/tilmeld-dig-greenpeace-danmarks-nyhedsbrev\/\" target=\"_self\" >Tilmeld dig Greenpeace Danmarks nyhedsbrev<\/a><\/h3>\n\n<div class=\"wp-block-post-excerpt\"><p class=\"wp-block-post-excerpt__excerpt\">Du kan skrive dig op til at modtage e-mails fra Greenpeace her. S\u00e5 modtager du opdateringer om vores arbejde, muligheder for at engagere dig og meget andet. <\/p><\/div><\/div>\n\n\n\n<div class=\"wp-block-group read-more-nav is-layout-flow wp-block-group-is-layout-flow\"><a data-ga-action=\"Call to Action\" data-ga-category=\"Actions List\" data-ga-label=\"n\/a\" href=\"https:\/\/www.greenpeace.org\/denmark\/vaer-med\/tilmeld-dig-greenpeace-danmarks-nyhedsbrev\/\" class=\"btn btn-primary btn-small\" aria-label=\"V\u00e6r med\">V\u00e6r med<\/a><\/div>\n\n<\/li><li class=\"wp-block-post post-64535 page type-page status-publish has-post-thumbnail hentry category-greenpeace category-klimaforandringer tag-aktivisme tag-menneskerettigheder\">\n<figure class=\"wp-block-post-featured-image\"><img loading=\"lazy\" decoding=\"async\" width=\"1500\" height=\"898\" src=\"https:\/\/www.greenpeace.org\/static\/planet4-denmark-stateless\/2025\/05\/573a016d-trump-time-to-resist.jpg\" class=\"attachment-post-thumbnail size-post-thumbnail wp-post-image wp-stateless-item\" alt=\"\" style=\"object-fit:cover;\" srcset=\"https:\/\/www.greenpeace.org\/static\/planet4-denmark-stateless\/2025\/05\/573a016d-trump-time-to-resist.jpg 1500w, https:\/\/www.greenpeace.org\/static\/planet4-denmark-stateless\/2025\/05\/573a016d-trump-time-to-resist-300x180.jpg 300w, https:\/\/www.greenpeace.org\/static\/planet4-denmark-stateless\/2025\/05\/573a016d-trump-time-to-resist-1024x613.jpg 1024w, https:\/\/www.greenpeace.org\/static\/planet4-denmark-stateless\/2025\/05\/573a016d-trump-time-to-resist-768x460.jpg 768w, https:\/\/www.greenpeace.org\/static\/planet4-denmark-stateless\/2025\/05\/573a016d-trump-time-to-resist-510x305.jpg 510w\" sizes=\"auto, (max-width: 1500px) 100vw, 1500px\" data-image-size=\"post-thumbnail\" data-stateless-media-bucket=\"planet4-denmark-stateless\" data-stateless-media-name=\"2025\/05\/573a016d-trump-time-to-resist.jpg\" \/><\/figure>\n\n\n<div class=\"wp-block-group group-stretched-link is-layout-flow wp-block-group-is-layout-flow\"><div class=\"wp-block-post-terms\">Greenpeace<\/div>\n\n<h3 class=\"wp-block-post-title\"><a data-ga-action=\"Call to Action\" data-ga-category=\"Actions List\" data-ga-label=\"n\/a\" href=\"https:\/\/www.greenpeace.org\/denmark\/vaer-med\/vores-demokrati-er-under-angreb\/\" target=\"_self\" >Vores demokrati er under angreb\ud83d\ude36<\/a><\/h3>\n\n<div class=\"wp-block-post-excerpt\"><p class=\"wp-block-post-excerpt__excerpt\">De fleste danskere er vokset op i en tid med demokrati, lighed og frihed. Men lige nu er de v\u00e6rdier, vi s\u00e6tter s\u00e5 h\u00f8jt, under angreb over hele verden. #TimeToResist <\/p><\/div><\/div>\n\n\n\n<div class=\"wp-block-group read-more-nav is-layout-flow wp-block-group-is-layout-flow\"><a data-ga-action=\"Call to Action\" data-ga-category=\"Actions List\" data-ga-label=\"n\/a\" href=\"https:\/\/www.greenpeace.org\/denmark\/vaer-med\/vores-demokrati-er-under-angreb\/\" class=\"btn btn-primary btn-small\" aria-label=\"V\u00e6r med\">V\u00e6r med<\/a><\/div>\n\n<\/li><\/ul>\n\n\n<nav aria-label=\"Actions List carousel controls\" class=\"wp-block-group carousel-controls is-layout-flow wp-block-group-is-layout-flow\">\n<div class=\"wp-block-buttons is-horizontal is-content-justification-space-between is-nowrap is-layout-flex wp-container-core-buttons-is-layout-358af4b1 wp-block-buttons-is-layout-flex\">\n<div class=\"wp-block-button carousel-control-prev\"><button type=\"button\" class=\"wp-block-button__link wp-element-button\">Previous carousel slide<\/button><\/div>\n\n\n\n<div class=\"wp-block-button carousel-control-next\"><button type=\"button\" class=\"wp-block-button__link wp-element-button\">Next carousel slide<\/button><\/div>\n<\/div>\n<\/nav>\n\n\n\n<div class=\"wp-block-buttons load-more-actions-container is-content-justification-center is-layout-flex wp-container-core-buttons-is-layout-fe48e5de wp-block-buttons-is-layout-flex\">\n<div class=\"wp-block-button is-style-secondary\"><button type=\"button\" class=\"wp-block-button__link wp-element-button\">Indl\u00e6s mere<\/button><\/div>\n<\/div>\n<\/div>\n\n<div style=\"height:30px\" aria-hidden=\"true\" class=\"wp-block-spacer\"><\/div>\n\n<div class=\"wp-block-group is-layout-flow wp-block-group-is-layout-flow\">\n<h2 class=\"wp-block-heading\">Tidligere begivenheder<\/h2>\n\n\n\n<div class=\"wp-block-media-text is-stacked-on-mobile is-image-fill-element has-white-background-color has-background\"><figure class=\"wp-block-media-text__media\"><img loading=\"lazy\" decoding=\"async\" width=\"1024\" height=\"768\" src=\"https:\/\/www.greenpeace.org\/static\/planet4-denmark-stateless\/2026\/07\/0d16bf38-360f040b-71cf-4a15-82c6-37fc89d0b7e8_1_201_a-1024x768.jpeg\" alt=\"\" sizes=\"auto, (min-width: 1600px) calc((1320px - 24px) \/ 2),(min-width: 1200px) calc((1140px - 24px) \/ 2),(min-width: 992px) calc((960px - 24px) \/ 2),(min-width: 768px) calc((720px - 24px) \/ 2),(min-width: 601px) calc((540px - 24px) \/ 2),(min-width: 577px) calc((540px - 24px) \/ 1), calc(100vw - 24px)\" srcset=\"https:\/\/www.greenpeace.org\/static\/planet4-denmark-stateless\/2026\/07\/0d16bf38-360f040b-71cf-4a15-82c6-37fc89d0b7e8_1_201_a.jpeg 1112w, https:\/\/www.greenpeace.org\/static\/planet4-denmark-stateless\/2026\/07\/0d16bf38-360f040b-71cf-4a15-82c6-37fc89d0b7e8_1_201_a-300x225.jpeg 300w, https:\/\/www.greenpeace.org\/static\/planet4-denmark-stateless\/2026\/07\/0d16bf38-360f040b-71cf-4a15-82c6-37fc89d0b7e8_1_201_a-1024x768.jpeg 1024w, https:\/\/www.greenpeace.org\/static\/planet4-denmark-stateless\/2026\/07\/0d16bf38-360f040b-71cf-4a15-82c6-37fc89d0b7e8_1_201_a-768x576.jpeg 768w, https:\/\/www.greenpeace.org\/static\/planet4-denmark-stateless\/2026\/07\/0d16bf38-360f040b-71cf-4a15-82c6-37fc89d0b7e8_1_201_a-453x340.jpeg 453w\" class=\"wp-image-82339 size-full\" style=\"object-position:50% 50%\"\/><\/figure><div class=\"wp-block-media-text__content\">\n<h3 class=\"wp-block-heading my-5 has-orange-1-color has-text-color has-link-color wp-elements-cdfd9bedd5506448e28a4d23c0a89e31\"><strong>M\u00f8d os p\u00e5 Roskilde Festival \ud83e\udde1<\/strong><\/h3>\n\n\n\n<p class=\"has-black-color has-text-color has-link-color wp-elements-3bf2287ea1a5b3a1cb061c159f80979b wp-block-paragraph\">P\u00e5 Roskilde Festival har vi lavet en Greenpeace Village for at skabe et rum til at inspirere hinanden &#8211; og have det sjovt! Det er \u00e9t sted at starte fra. P\u00e5 siden her kan du dykke ned i den aktivistiske v\u00e6rkt\u00f8jskasse og f\u00e5 masser af inspiration til at tage handling. Online som offline. Der er noget for alle.<\/p>\n\n\n\n<div class=\"wp-block-buttons is-layout-flex wp-block-buttons-is-layout-flex\">\n<div class=\"wp-block-button is-style-cta my-3\"><a class=\"wp-block-button__link has-white-color has-orange-2-background-color has-text-color has-background has-link-color wp-element-button\" href=\"https:\/\/www.greenpeace.org\/denmark\/vaer-med\/greenpeace-aktivisme-pa-roskilde\/\">L\u00e6s mere i Roskilde-programmet &#8211; og f\u00f8lg med&nbsp;&nbsp;<\/a><\/div>\n<\/div>\n\n\n\n<div style=\"height:30px\" aria-hidden=\"true\" class=\"wp-block-spacer\"><\/div>\n<\/div><\/div>\n<\/div>\n","protected":false},"excerpt":{"rendered":"<p>Med kreativ aktivisme udfordrer vi gr\u00e5dige selskaber og oliemilliard\u00e6rer, der truer demokratiet og klimaet.<\/p>\n","protected":false},"author":45,"featured_media":82760,"parent":9,"menu_order":0,"comment_status":"closed","ping_status":"closed","template":"","meta":{"_acf_changed":false,"ep_exclude_from_search":false,"p4_hide_page_title_checkbox":"on","p4_title":"","p4_subtitle":"","p4_description":"","background_image_id":"","background_image":"","p4_button_title":"","p4_button_link":"","p4_button_link_checkbox":"","p4_og_title":"V\u00e6r en kreativ aktivist. S\u00e5dan kan du tage handling.","p4_og_description":"P\u00e5 Roskilde Festival styrker vi bev\u00e6gelsen i Greenpeace Village. Med kreativ aktivisme udfordrer vi gr\u00e5dige selskaber og oliemilliard\u00e6rer, der truer demokratiet og klimaet.","p4_og_image":"https:\/\/www.greenpeace.org\/static\/planet4-denmark-stateless\/2026\/04\/e2c75965-roskilde-festival-x-greenpeace.jpg","p4_og_image_id":"81670","p4_seo_canonical_url":"","p4_campaign_name":"","p4_local_project":"","p4_basket_name":"","p4_department":"","footnotes":""},"categories":[4],"tags":[30,61,24,66],"class_list":["post-82013","page","type-page","status-publish","has-post-thumbnail","hentry","category-greenpeace","tag-aktivisme","tag-menneskerettigheder","tag-klima","tag-olie"],"acf":[],"_links":{"self":[{"href":"https:\/\/www.greenpeace.org\/denmark\/wp-json\/wp\/v2\/pages\/82013","targetHints":{"allow":["GET"]}}],"collection":[{"href":"https:\/\/www.greenpeace.org\/denmark\/wp-json\/wp\/v2\/pages"}],"about":[{"href":"https:\/\/www.greenpeace.org\/denmark\/wp-json\/wp\/v2\/types\/page"}],"author":[{"embeddable":true,"href":"https:\/\/www.greenpeace.org\/denmark\/wp-json\/wp\/v2\/users\/45"}],"replies":[{"embeddable":true,"href":"https:\/\/www.greenpeace.org\/denmark\/wp-json\/wp\/v2\/comments?post=82013"}],"version-history":[{"count":20,"href":"https:\/\/www.greenpeace.org\/denmark\/wp-json\/wp\/v2\/pages\/82013\/revisions"}],"predecessor-version":[{"id":83044,"href":"https:\/\/www.greenpeace.org\/denmark\/wp-json\/wp\/v2\/pages\/82013\/revisions\/83044"}],"up":[{"embeddable":true,"href":"https:\/\/www.greenpeace.org\/denmark\/wp-json\/wp\/v2\/pages\/9"}],"wp:featuredmedia":[{"embeddable":true,"href":"https:\/\/www.greenpeace.org\/denmark\/wp-json\/wp\/v2\/media\/82760"}],"wp:attachment":[{"href":"https:\/\/www.greenpeace.org\/denmark\/wp-json\/wp\/v2\/media?parent=82013"}],"wp:term":[{"taxonomy":"category","embeddable":true,"href":"https:\/\/www.greenpeace.org\/denmark\/wp-json\/wp\/v2\/categories?post=82013"},{"taxonomy":"post_tag","embeddable":true,"href":"https:\/\/www.greenpeace.org\/denmark\/wp-json\/wp\/v2\/tags?post=82013"}],"curies":[{"name":"wp","href":"https:\/\/api.w.org\/{rel}","templated":true}]}}