{"id":82132,"date":"2026-06-11T10:11:01","date_gmt":"2026-06-11T08:11:01","guid":{"rendered":"https:\/\/www.greenpeace.org\/denmark\/?page_id=82132"},"modified":"2026-08-10T15:24:37","modified_gmt":"2026-08-10T13:24:37","slug":"greenpeace-aktivisme-pa-roskilde","status":"publish","type":"page","link":"https:\/\/www.greenpeace.org\/denmark\/vaer-med\/greenpeace-aktivisme-pa-roskilde\/","title":{"rendered":"Handling, kreativitet og aktivisme p\u00e5 Roskilde Festival"},"content":{"rendered":"\n<style>.btn.btn-primary[data-ga-action=\"Call to Action\"]{background: #f36d3a!important;} a.site-logo>img {height: 45px;}<\/style><script>window.addEventListener('DOMContentLoaded',()=>{document.querySelector('a.site-logo').href='https:\/\/www-stage.greenpeace.org\/norway\/?page_id=67404';document.querySelector('a.site-logo>img').src='https:\/\/www.greenpeace.org\/static\/planet4-norway-stateless-release\/2026\/05\/88794311-timetoresistlogo2.png';});<\/script>\n<script>window.addEventListener('DOMContentLoaded',()=>{document.querySelector('a.site-logo').href='https:\/\/www.greenpeace.org\/denmark\/vaer-med\/tag-handling\/';document.querySelector('a.site-logo>img').src='https:\/\/www.greenpeace.org\/static\/planet4-norway-stateless-release\/2026\/05\/88794311-timetoresistlogo2.png';});<\/script>\n\n<div data-hydrate=\"planet4-blocks\/carousel-header\" data-attributes=\"{&quot;carousel_autoplay&quot;:false,&quot;slides&quot;:[{&quot;image&quot;:82111,&quot;focal_points&quot;:[],&quot;header&quot;:&quot;Handling, kreativitet og aktivisme p\u00e5 Roskilde Festival&quot;,&quot;description&quot;:&quot;M\u00f8d os i Greenpeace Village p\u00e5 Roskilde Festival, hvor vi skaber forandring sammen. Tag udfordringen p\u00e5 store klatrev\u00e6g, v\u00e6r med i workshops og pr\u00f8v den aktivistiske v\u00e6rkt\u00f8jskasse.&quot;,&quot;link_text&quot;:&quot;L\u00e6s programmet her&quot;,&quot;link_url&quot;:&quot;https:\/\/www.roskilde-festival.dk\/program\/aktiviteter\/greenpeace&quot;,&quot;link_url_new_tab&quot;:true,&quot;image_url&quot;:&quot;https:\/\/www.greenpeace.org\/static\/planet4-denmark-stateless\/2026\/06\/5aee1406-greenpeace-paa-roskilde-festival-2026-time-to-resist-plakat-jpg.jpeg&quot;,&quot;image_srcset&quot;:&quot;https:\/\/www.greenpeace.org\/static\/planet4-denmark-stateless\/2026\/06\/5aee1406-greenpeace-paa-roskilde-festival-2026-time-to-resist-plakat-jpg.jpeg 13062w&quot;}],&quot;currentImageIndex&quot;:0}\"><section class=\"block block-header alignfull carousel-header \" aria-label=\"Greenpeace highlights\" aria-roledescription=\"carousel\"><div class=\"carousel-wrapper-header\"><ul class=\"carousel-inner\" role=\"listbox\"><li class=\"carousel-item active\" tabindex=\"0\" role=\"tabpanel\" alt=\"\"><div class=\"carousel-item-mask\"><div class=\"background-holder\"><img decoding=\"async\" src=\"https:\/\/www.greenpeace.org\/static\/planet4-denmark-stateless\/2026\/06\/5aee1406-greenpeace-paa-roskilde-festival-2026-time-to-resist-plakat-jpg.jpeg\" style=\"object-position:50% 50%\" srcSet=\"https:\/\/www.greenpeace.org\/static\/planet4-denmark-stateless\/2026\/06\/5aee1406-greenpeace-paa-roskilde-festival-2026-time-to-resist-plakat-jpg.jpeg 13062w\"\/><\/div><div class=\"carousel-caption\"><div class=\"caption-overlay\"><\/div><div class=\"container main-header\"><div class=\"carousel-captions-wrapper\"><h2>Handling, kreativitet og aktivisme p\u00e5 Roskilde Festival<\/h2><p>M\u00f8d os i Greenpeace Village p\u00e5 Roskilde Festival, hvor vi skaber forandring sammen. Tag udfordringen p\u00e5 store klatrev\u00e6g, v\u00e6r med i workshops og pr\u00f8v den aktivistiske v\u00e6rkt\u00f8jskasse.<\/p><\/div><div class=\"col-xs-12 col-sm-8 col-md-4 action-button\"><a href=\"https:\/\/www.roskilde-festival.dk\/program\/aktiviteter\/greenpeace\" class=\"btn btn-primary\" data-ga-category=\"Carousel Header\" data-ga-action=\"Call to Action\" rel=\"noreferrer noopener\" target=\"_blank\" tabindex=\"0\"><span>L\u00e6s programmet her<\/span><\/a><\/div><\/div><\/div><\/div><\/li><\/ul><\/div><\/section><\/div>\n\n<div style=\"height:30px\" aria-hidden=\"true\" class=\"wp-block-spacer\"><\/div>\n\n\n<div class=\"wp-block-media-text is-stacked-on-mobile is-image-fill-element\"><figure class=\"wp-block-media-text__media\"><img loading=\"lazy\" decoding=\"async\" width=\"310\" height=\"163\" src=\"https:\/\/www.greenpeace.org\/static\/planet4-denmark-stateless\/2026\/06\/e63cd799-roskilde-fest-26.jpg\" alt=\"\" sizes=\"auto, (min-width: 1600px) calc((1320px - 24px) \/ 2),(min-width: 1200px) calc((1140px - 24px) \/ 2),(min-width: 992px) calc((960px - 24px) \/ 2),(min-width: 768px) calc((720px - 24px) \/ 2),(min-width: 601px) calc((540px - 24px) \/ 2),(min-width: 577px) calc((540px - 24px) \/ 1), calc(100vw - 24px)\" srcset=\"https:\/\/www.greenpeace.org\/static\/planet4-denmark-stateless\/2026\/06\/e63cd799-roskilde-fest-26.jpg 310w, https:\/\/www.greenpeace.org\/static\/planet4-denmark-stateless\/2026\/06\/e63cd799-roskilde-fest-26-300x158.jpg 300w\" class=\"wp-image-82153 size-full\" style=\"object-position:50% 50%\"\/><\/figure><div class=\"wp-block-media-text__content\">\n<h2 class=\"wp-block-heading\">Yay! Greenpeace er i \u00e5r p\u00e5 Roskilde Festival!<\/h2>\n\n\n\n<p class=\"wp-block-paragraph\">Greenpeace er blevet partner med Roskilde Festival, og vi f\u00e5et tildelt et omr\u00e5de, vi har d\u00f8bt \u201c<strong>Greenpeace Village<\/strong>\u201d \u2013 et aktivistisk kraftcenter. Kom forbi vores omr\u00e5de, h\u00e6ng ud og pr\u00f8v den aktivistiske v\u00e6rkt\u00f8jskasse.<\/p>\n\n\n\n<p class=\"wp-block-paragraph\">Det vil l\u00f8bende v\u00e6re muligt at lave <em>craftivism<\/em> og stencil-tryk som et led i at udfordre store selskaber, der truer demokratiet i jagten efter profit og olie.&nbsp;<\/p>\n\n\n\n<p class=\"wp-block-paragraph\">I Greenpeace Village vil vi omdanne h\u00e5b til handling, skabe kreative workshops og inspirere til alt fra hverdagsaktivisme til modstand mod store forurenende virksomheder. Og s\u00e5 f\u00e5r du mulighed for at pr\u00f8ve kr\u00e6fter med aktivistisk klatring p\u00e5 vores 6 meter h\u00f8je klatrev\u00e6g.&nbsp;<\/p>\n\n\n\n<p class=\"wp-block-paragraph\">Alle er velkomne til at komme forbi og v\u00e6re med i vores \u201cvillage\u201d til festivalens First Days (<strong>d. 28-30. juni<\/strong>) op til det store musikprogram.&nbsp;<\/p>\n\n\n\n<div style=\"height:30px\" aria-hidden=\"true\" class=\"wp-block-spacer\"><\/div>\n<\/div><\/div>\n\n\n\n<div class=\"wp-block-media-text has-media-on-the-right is-stacked-on-mobile is-image-fill-element\"><div class=\"wp-block-media-text__content\">\n<h2 class=\"wp-block-heading\"><strong>Craftivism workshop: Kreativitet som modstand<\/strong><\/h2>\n\n\n\n<p class=\"wp-block-paragraph\">Kom til Greenpeaces Craftivism Workshop<\/p>\n\n\n\n<p class=\"wp-block-paragraph\">Vi blander h\u00e5ndv\u00e6rk og aktivisme, s\u00e5 du kan tage gadekunsten p\u00e5 t\u00f8jet eller male et banner. Vi inspirerer til genbrug og upcycling. Har du et par bukser eller andet, der kan bruge noget kunstnerisk kant? Tag det med!&nbsp;<\/p>\n\n\n\n<p class=\"wp-block-paragraph\">Lav et unikt stencil-tryk p\u00e5 dit t\u00f8j &#8211; designet af Bambi, (<strong><a href=\"https:\/\/www.instagram.com\/THEREALBAMBISTREETARTIST\/\" data-type=\"link\" data-id=\"https:\/\/www.instagram.com\/THEREALBAMBISTREETARTIST\/\" target=\"_blank\" rel=\"noreferrer noopener\"><mark style=\"background-color:rgba(0, 0, 0, 0)\" class=\"has-inline-color has-gp-green-70-color\">@therealbambistreetartist<\/mark><\/a><\/strong>). Hun er en anonym, britisk street artist-komet, der har skabt et unikt stencil-v\u00e6rk til Roskilde Festival.<\/p>\n\n\n\n<p class=\"wp-block-paragraph\">&nbsp;<\/p>\n\n\n\n<div class=\"wp-block-buttons is-layout-flex wp-block-buttons-is-layout-flex\">\n<div class=\"wp-block-button is-style-cta\"><a class=\"wp-block-button__link has-orange-2-background-color has-background wp-element-button\" href=\"https:\/\/www.roskilde-festival.dk\/program\/aktiviteter\/greenpeace\"><strong>L\u00e6s mere i Roskilde-programmet &#8211; og f\u00f8lg med&nbsp;<\/strong><\/a><\/div>\n<\/div>\n<\/div><figure class=\"wp-block-media-text__media\"><img loading=\"lazy\" decoding=\"async\" width=\"1024\" height=\"768\" src=\"https:\/\/www.greenpeace.org\/static\/planet4-denmark-stateless\/2026\/06\/7fabfe6f-workshop-roskilde-1024x768.jpg\" alt=\"\" sizes=\"auto, (min-width: 1600px) calc((1320px - 24px) \/ 2),(min-width: 1200px) calc((1140px - 24px) \/ 2),(min-width: 992px) calc((960px - 24px) \/ 2),(min-width: 768px) calc((720px - 24px) \/ 2),(min-width: 601px) calc((540px - 24px) \/ 2),(min-width: 577px) calc((540px - 24px) \/ 1), calc(100vw - 24px)\" srcset=\"https:\/\/www.greenpeace.org\/static\/planet4-denmark-stateless\/2026\/06\/7fabfe6f-workshop-roskilde-scaled.jpg 2560w, https:\/\/www.greenpeace.org\/static\/planet4-denmark-stateless\/2026\/06\/7fabfe6f-workshop-roskilde-300x225.jpg 300w, https:\/\/www.greenpeace.org\/static\/planet4-denmark-stateless\/2026\/06\/7fabfe6f-workshop-roskilde-1024x768.jpg 1024w, https:\/\/www.greenpeace.org\/static\/planet4-denmark-stateless\/2026\/06\/7fabfe6f-workshop-roskilde-768x576.jpg 768w, https:\/\/www.greenpeace.org\/static\/planet4-denmark-stateless\/2026\/06\/7fabfe6f-workshop-roskilde-1536x1152.jpg 1536w, https:\/\/www.greenpeace.org\/static\/planet4-denmark-stateless\/2026\/06\/7fabfe6f-workshop-roskilde-2048x1536.jpg 2048w, https:\/\/www.greenpeace.org\/static\/planet4-denmark-stateless\/2026\/06\/7fabfe6f-workshop-roskilde-1821x1366.jpg 1821w, https:\/\/www.greenpeace.org\/static\/planet4-denmark-stateless\/2026\/06\/7fabfe6f-workshop-roskilde-453x340.jpg 453w\" class=\"wp-image-82148 size-full\" style=\"object-position:83% 47%\"\/><\/figure><\/div>\n\n\n<div style=\"height:0px\" aria-hidden=\"true\" class=\"wp-block-spacer\"><\/div>\n\n<div class=\"wp-block-query posts-list p4-query-loop is-custom-layout-list is-layout-flow wp-block-query-is-layout-flow\">\n<div class=\"wp-block-group is-content-justification-space-between is-layout-flex wp-container-core-group-is-layout-cfe5ce44 wp-block-group-is-layout-flex\">\n<h2 class=\"wp-block-heading\">L\u00e6s mere<\/h2>\n\n\n<li class=\"wp-block-navigation-item see-all-link wp-block-navigation-link\"><a class=\"wp-block-navigation-item__content\"  href=\"https:\/\/www.greenpeace.org\/denmark\/nyheder\/\"><span data-ga-category=\"Posts List\" data-ga-action=\"See More Link\" data-ga-label=\"n\/a\" class=\"wp-block-navigation-item__label\">See all posts<\/span><\/a><\/li><\/div>\n\n\n\n<p class=\"wp-block-paragraph\" style=\"margin-top:24px;margin-bottom:32px\"><\/p>\n\n\n\n\n<ul class=\"wp-block-post-template is-layout-flow wp-block-post-template-is-layout-flow\"><li class=\"wp-block-post post-82335 post type-post status-publish format-standard has-post-thumbnail hentry category-greenpeace tag-aktivisme tag-frivillig p4-page-type-nyhed\">\n\n<div class=\"wp-block-columns is-layout-flex wp-container-core-columns-is-layout-8f761849 wp-block-columns-is-layout-flex\"><figure class=\"wp-block-post-featured-image\"><a href=\"https:\/\/www.greenpeace.org\/denmark\/nyhed\/greenpeace\/den-bedste-dag-nogensinde\/\" target=\"_self\"  ><img loading=\"lazy\" decoding=\"async\" data-ga-category=\"Posts List\" data-ga-action=\"Image\" data-ga-label=\"n\/a\" width=\"2560\" height=\"1707\" src=\"https:\/\/www.greenpeace.org\/static\/planet4-denmark-stateless\/2026\/07\/340d40bd-greenpeace_roskilde-115-scaled.jpg\" class=\"attachment-post-thumbnail size-post-thumbnail wp-post-image wp-stateless-item\" alt=\"\u201cDen bedste dag nogensinde\u201d\" style=\"object-fit:cover;\" srcset=\"https:\/\/www.greenpeace.org\/static\/planet4-denmark-stateless\/2026\/07\/340d40bd-greenpeace_roskilde-115-scaled.jpg 2560w, https:\/\/www.greenpeace.org\/static\/planet4-denmark-stateless\/2026\/07\/340d40bd-greenpeace_roskilde-115-300x200.jpg 300w, https:\/\/www.greenpeace.org\/static\/planet4-denmark-stateless\/2026\/07\/340d40bd-greenpeace_roskilde-115-1024x683.jpg 1024w, https:\/\/www.greenpeace.org\/static\/planet4-denmark-stateless\/2026\/07\/340d40bd-greenpeace_roskilde-115-768x512.jpg 768w, https:\/\/www.greenpeace.org\/static\/planet4-denmark-stateless\/2026\/07\/340d40bd-greenpeace_roskilde-115-1536x1024.jpg 1536w, https:\/\/www.greenpeace.org\/static\/planet4-denmark-stateless\/2026\/07\/340d40bd-greenpeace_roskilde-115-2048x1366.jpg 2048w, https:\/\/www.greenpeace.org\/static\/planet4-denmark-stateless\/2026\/07\/340d40bd-greenpeace_roskilde-115-510x340.jpg 510w\" sizes=\"auto, (max-width: 2560px) 100vw, 2560px\" data-image-size=\"post-thumbnail\" data-stateless-media-bucket=\"planet4-denmark-stateless\" data-stateless-media-name=\"2026\/07\/340d40bd-greenpeace_roskilde-115-scaled.jpg\" \/><\/a><\/figure>\n\n\n<div class=\"wp-block-group is-layout-flow wp-block-group-is-layout-flow\">\n<div class=\"wp-block-group is-layout-flex wp-block-group-is-layout-flex\"><div class=\"wp-block-post-terms\"><a data-ga-category=\"Posts List\" data-ga-action=\"Post Type Tag\" data-ga-label=\"n\/a\" href=\"https:\/\/www.greenpeace.org\/denmark\/kategori\/greenpeace\/\">Greenpeace<\/a><\/div>\n\n<div class=\"taxonomy-post_tag wp-block-post-terms\"><a data-ga-category=\"Posts List\" data-ga-action=\"Navigation Tag\" data-ga-label=\"n\/a\" href=\"https:\/\/www.greenpeace.org\/denmark\/tag\/aktivisme\/\" rel=\"tag\">aktivisme<\/a><span class=\"wp-block-post-terms__separator\"> <\/span><a data-ga-category=\"Posts List\" data-ga-action=\"Navigation Tag\" data-ga-label=\"n\/a\" href=\"https:\/\/www.greenpeace.org\/denmark\/tag\/frivillig\/\" rel=\"tag\">frivillig<\/a><\/div><\/div>\n\n\n<h3 class=\"wp-block-post-title\"><a data-ga-category=\"Posts List\" data-ga-action=\"Title\" data-ga-label=\"n\/a\" href=\"https:\/\/www.greenpeace.org\/denmark\/nyhed\/greenpeace\/den-bedste-dag-nogensinde\/\" target=\"_self\" >\u201cDen bedste dag nogensinde\u201d<\/a><\/h3>\n\n<div class=\"wp-block-post-excerpt\"><p class=\"wp-block-post-excerpt__excerpt\">Tusindvis af unge engagerede mennesker var i Roskilde Festivals first days forbi den nye Greenpeace Village for at h\u00f8re lidt om aktivisme eller rappelle ned af en 6 meter h\u00f8j v\u00e6g ligesom en Greenpeace-aktivist. <\/p><\/div>\n\n\n<div class=\"wp-block-group posts-list-meta is-layout-flow wp-block-group-is-layout-flow\"><span class='article-list-item-author'><a data-ga-category=\"Posts List\" data-ga-action=\"Author\" data-ga-label=\"n\/a\" href='https:\/\/www.greenpeace.org\/denmark\/author\/ragerbae\/'>Rikke Agerb\u00e6k<\/a><\/span>\n\n<div class=\"wp-block-post-date\"><time datetime=\"2026-07-02T14:25:26+02:00\">2. juli 2026<\/time><\/div><\/div>\n<\/div>\n<\/div>\n\n<\/li><li class=\"wp-block-post post-82313 post type-post status-publish format-standard has-post-thumbnail hentry category-greenpeace category-klimaforandringer tag-omgreenpeace tag-aktivisme tag-menneskerettigheder p4-page-type-nyhed\">\n\n<div class=\"wp-block-columns is-layout-flex wp-container-core-columns-is-layout-8f761849 wp-block-columns-is-layout-flex\"><figure class=\"wp-block-post-featured-image\"><a href=\"https:\/\/www.greenpeace.org\/denmark\/nyhed\/klimaforandringer\/greenpeace-aabner-for-3-dages-aktivisme-for-fuld-skrue-paa-roskilde-festival\/\" target=\"_self\"  ><img loading=\"lazy\" decoding=\"async\" data-ga-category=\"Posts List\" data-ga-action=\"Image\" data-ga-label=\"n\/a\" width=\"13062\" height=\"8504\" src=\"https:\/\/www.greenpeace.org\/static\/planet4-denmark-stateless\/2026\/06\/5aee1406-greenpeace-paa-roskilde-festival-2026-time-to-resist-plakat-jpg.jpeg\" class=\"attachment-post-thumbnail size-post-thumbnail wp-post-image wp-stateless-item\" alt=\"Greenpeace \u00e5bner for 3 dages aktivisme for fuld skrue p\u00e5 Roskilde Festival\" style=\"object-fit:cover;\" data-image-size=\"post-thumbnail\" data-stateless-media-bucket=\"planet4-denmark-stateless\" data-stateless-media-name=\"2026\/06\/5aee1406-greenpeace-paa-roskilde-festival-2026-time-to-resist-plakat-jpg.jpeg\" \/><\/a><\/figure>\n\n\n<div class=\"wp-block-group is-layout-flow wp-block-group-is-layout-flow\">\n<div class=\"wp-block-group is-layout-flex wp-block-group-is-layout-flex\"><div class=\"wp-block-post-terms\"><a data-ga-category=\"Posts List\" data-ga-action=\"Post Type Tag\" data-ga-label=\"n\/a\" href=\"https:\/\/www.greenpeace.org\/denmark\/kategori\/greenpeace\/\">Greenpeace<\/a><\/div>\n\n<div class=\"taxonomy-post_tag wp-block-post-terms\"><a data-ga-category=\"Posts List\" data-ga-action=\"Navigation Tag\" data-ga-label=\"n\/a\" href=\"https:\/\/www.greenpeace.org\/denmark\/tag\/omgreenpeace\/\" rel=\"tag\">omgreenpeace<\/a><span class=\"wp-block-post-terms__separator\"> <\/span><a data-ga-category=\"Posts List\" data-ga-action=\"Navigation Tag\" data-ga-label=\"n\/a\" href=\"https:\/\/www.greenpeace.org\/denmark\/tag\/aktivisme\/\" rel=\"tag\">aktivisme<\/a><span class=\"wp-block-post-terms__separator\"> <\/span><a data-ga-category=\"Posts List\" data-ga-action=\"Navigation Tag\" data-ga-label=\"n\/a\" href=\"https:\/\/www.greenpeace.org\/denmark\/tag\/menneskerettigheder\/\" rel=\"tag\">menneskerettigheder<\/a><\/div><\/div>\n\n\n<h3 class=\"wp-block-post-title\"><a data-ga-category=\"Posts List\" data-ga-action=\"Title\" data-ga-label=\"n\/a\" href=\"https:\/\/www.greenpeace.org\/denmark\/nyhed\/klimaforandringer\/greenpeace-aabner-for-3-dages-aktivisme-for-fuld-skrue-paa-roskilde-festival\/\" target=\"_self\" >Greenpeace \u00e5bner for 3 dages aktivisme for fuld skrue p\u00e5 Roskilde Festival<\/a><\/h3>\n\n<div class=\"wp-block-post-excerpt\"><p class=\"wp-block-post-excerpt__excerpt\">Greenpeace er blevet partner med Roskilde Festival, og I \u201cGreenpeace Village\u201d skaber vi et aktivistisk kraftcenter p\u00e5 festivalen. Kom forbi og v\u00e6r med til at g\u00e5 fra h\u00e5b til handling. <\/p><\/div>\n\n\n<div class=\"wp-block-group posts-list-meta is-layout-flow wp-block-group-is-layout-flow\"><span class='article-list-item-author'><a data-ga-category=\"Posts List\" data-ga-action=\"Author\" data-ga-label=\"n\/a\" href='https:\/\/www.greenpeace.org\/denmark\/author\/gp_denmark\/'>Greenpeace Danmark<\/a><\/span>\n\n<div class=\"wp-block-post-date\"><time datetime=\"2026-06-26T13:10:00+02:00\">26. juni 2026<\/time><\/div><\/div>\n<\/div>\n<\/div>\n\n<\/li><li class=\"wp-block-post post-81669 post type-post status-publish format-standard has-post-thumbnail hentry category-greenpeace tag-omgreenpeace tag-frivillig tag-aktivisme p4-page-type-nyhed\">\n\n<div class=\"wp-block-columns is-layout-flex wp-container-core-columns-is-layout-8f761849 wp-block-columns-is-layout-flex\"><figure class=\"wp-block-post-featured-image\"><a href=\"https:\/\/www.greenpeace.org\/denmark\/nyhed\/greenpeace\/greenpeace-indgar-partnerskab-med-roskilde-festival-og-skaber-et-aktivistisk-kraftcenter\/\" target=\"_self\"  ><img loading=\"lazy\" decoding=\"async\" data-ga-category=\"Posts List\" data-ga-action=\"Image\" data-ga-label=\"n\/a\" width=\"1080\" height=\"1440\" src=\"https:\/\/www.greenpeace.org\/static\/planet4-denmark-stateless\/2026\/04\/e2c75965-roskilde-festival-x-greenpeace.jpg\" class=\"attachment-post-thumbnail size-post-thumbnail wp-post-image wp-stateless-item\" alt=\"En dr\u00f8m er blevet virkelig: Greenpeace indg\u00e5r partnerskab med Roskilde Festival og skaber et aktivistisk kraftcenter\" style=\"object-fit:cover;\" srcset=\"https:\/\/www.greenpeace.org\/static\/planet4-denmark-stateless\/2026\/04\/e2c75965-roskilde-festival-x-greenpeace.jpg 1080w, https:\/\/www.greenpeace.org\/static\/planet4-denmark-stateless\/2026\/04\/e2c75965-roskilde-festival-x-greenpeace-225x300.jpg 225w, https:\/\/www.greenpeace.org\/static\/planet4-denmark-stateless\/2026\/04\/e2c75965-roskilde-festival-x-greenpeace-768x1024.jpg 768w, https:\/\/www.greenpeace.org\/static\/planet4-denmark-stateless\/2026\/04\/e2c75965-roskilde-festival-x-greenpeace-1025x1366.jpg 1025w, https:\/\/www.greenpeace.org\/static\/planet4-denmark-stateless\/2026\/04\/e2c75965-roskilde-festival-x-greenpeace-255x340.jpg 255w\" sizes=\"auto, (max-width: 1080px) 100vw, 1080px\" data-image-size=\"post-thumbnail\" data-stateless-media-bucket=\"planet4-denmark-stateless\" data-stateless-media-name=\"2026\/04\/e2c75965-roskilde-festival-x-greenpeace.jpg\" \/><\/a><\/figure>\n\n\n<div class=\"wp-block-group is-layout-flow wp-block-group-is-layout-flow\">\n<div class=\"wp-block-group is-layout-flex wp-block-group-is-layout-flex\"><div class=\"wp-block-post-terms\"><a data-ga-category=\"Posts List\" data-ga-action=\"Post Type Tag\" data-ga-label=\"n\/a\" href=\"https:\/\/www.greenpeace.org\/denmark\/kategori\/greenpeace\/\">Greenpeace<\/a><\/div>\n\n<div class=\"taxonomy-post_tag wp-block-post-terms\"><a data-ga-category=\"Posts List\" data-ga-action=\"Navigation Tag\" data-ga-label=\"n\/a\" href=\"https:\/\/www.greenpeace.org\/denmark\/tag\/omgreenpeace\/\" rel=\"tag\">omgreenpeace<\/a><span class=\"wp-block-post-terms__separator\"> <\/span><a data-ga-category=\"Posts List\" data-ga-action=\"Navigation Tag\" data-ga-label=\"n\/a\" href=\"https:\/\/www.greenpeace.org\/denmark\/tag\/frivillig\/\" rel=\"tag\">frivillig<\/a><span class=\"wp-block-post-terms__separator\"> <\/span><a data-ga-category=\"Posts List\" data-ga-action=\"Navigation Tag\" data-ga-label=\"n\/a\" href=\"https:\/\/www.greenpeace.org\/denmark\/tag\/aktivisme\/\" rel=\"tag\">aktivisme<\/a><\/div><\/div>\n\n\n<h3 class=\"wp-block-post-title\"><a data-ga-category=\"Posts List\" data-ga-action=\"Title\" data-ga-label=\"n\/a\" href=\"https:\/\/www.greenpeace.org\/denmark\/nyhed\/greenpeace\/greenpeace-indgar-partnerskab-med-roskilde-festival-og-skaber-et-aktivistisk-kraftcenter\/\" target=\"_self\" >En dr\u00f8m er blevet virkelig: Greenpeace indg\u00e5r partnerskab med Roskilde Festival og skaber et aktivistisk kraftcenter<\/a><\/h3>\n\n<div class=\"wp-block-post-excerpt\"><p class=\"wp-block-post-excerpt__excerpt\">Roskilde Festival 2026 bliver helt speciel. Greenpeace er i \u00e5r blevet partner med Roskilde Festival, hvor vi inviterer til \u201cGreenpeace Village\u201d for at omdanne h\u00e5b til handling med kreativitet, workshops og aktivisme. <\/p><\/div>\n\n\n<div class=\"wp-block-group posts-list-meta is-layout-flow wp-block-group-is-layout-flow\"><span class='article-list-item-author'><a data-ga-category=\"Posts List\" data-ga-action=\"Author\" data-ga-label=\"n\/a\" href='https:\/\/www.greenpeace.org\/denmark\/author\/pjustese\/'>Poul Bonke Justesen<\/a><\/span>\n\n<div class=\"wp-block-post-date\"><time datetime=\"2026-04-30T11:03:12+02:00\">30. april 2026<\/time><\/div><\/div>\n<\/div>\n<\/div>\n\n<\/li><\/ul>\n\n\n<div class=\"wp-block-buttons carousel-controls is-horizontal is-content-justification-space-between is-nowrap is-layout-flex wp-container-core-buttons-is-layout-358af4b1 wp-block-buttons-is-layout-flex\">\n<div class=\"wp-block-button carousel-control-prev\"><button type=\"button\" class=\"wp-block-button__link wp-element-button\">Previous Carousel Slide<\/button><\/div>\n\n\n\n<div class=\"wp-block-button carousel-control-next\"><button type=\"button\" class=\"wp-block-button__link wp-element-button\">Next Carousel Slide<\/button><\/div>\n<\/div>\n\n\n<li class=\"wp-block-navigation-item see-all-link wp-block-navigation-link\"><a class=\"wp-block-navigation-item__content\"  href=\"https:\/\/www.greenpeace.org\/denmark\/nyheder\/\"><span data-ga-category=\"Posts List\" data-ga-action=\"See More Link\" data-ga-label=\"n\/a\" class=\"wp-block-navigation-item__label\">L\u00e6s mere<\/span><\/a><\/li><\/div>\n\n<div class=\"wp-block-cover alignfull mb-0\"><span aria-hidden=\"true\" class=\"wp-block-cover__background has-black-background-color has-background-dim-60 has-background-dim\"><\/span><img loading=\"lazy\" decoding=\"async\" width=\"13062\" height=\"8504\" src=\"https:\/\/www.greenpeace.org\/static\/planet4-denmark-stateless\/2026\/06\/5aee1406-greenpeace-paa-roskilde-festival-2026-time-to-resist-plakat-jpg.jpeg\" class=\"wp-block-cover__image-background wp-post-image wp-stateless-item\" alt=\"Greenpeace Time to resist plakat p\u00e5 Roskilde Festival 2026\" data-object-fit=\"cover\" data-image-size=\"post-thumbnail\" data-stateless-media-bucket=\"planet4-denmark-stateless\" data-stateless-media-name=\"2026\/06\/5aee1406-greenpeace-paa-roskilde-festival-2026-time-to-resist-plakat-jpg.jpeg\" \/><div class=\"wp-block-cover__inner-container is-layout-constrained wp-block-cover-is-layout-constrained\">\n<h2 class=\"wp-block-heading has-text-align-center\">Brug <mark style=\"background-color:rgba(0, 0, 0, 0)\" class=\"has-inline-color has-orange-2-color\">#TimeToResist<\/mark> og tag <mark style=\"background-color:rgba(0, 0, 0, 0)\" class=\"has-inline-color has-orange-2-color\">@greenpeacedk<\/mark> on Instagram<\/h2>\n<\/div><\/div>\n","protected":false},"excerpt":{"rendered":"<p>M\u00f8d os p\u00e5 Roskilde Festival og pr\u00f8v kr\u00e6fter med  aktivisme. Pr\u00f8v den store klatrev\u00e6g, deltag i workshops og f\u00e5 indblik i den aktivistiske v\u00e6rkt\u00f8jskasse.<\/p>\n","protected":false},"author":45,"featured_media":82111,"parent":9,"menu_order":0,"comment_status":"closed","ping_status":"closed","template":"","meta":{"_acf_changed":false,"ep_exclude_from_search":false,"p4_hide_page_title_checkbox":"on","p4_title":"","p4_subtitle":"","p4_description":"","background_image_id":"","background_image":"","p4_button_title":"","p4_button_link":"","p4_button_link_checkbox":"","p4_og_title":"","p4_og_description":"","p4_og_image":"","p4_og_image_id":"","p4_seo_canonical_url":"","p4_campaign_name":"","p4_local_project":"","p4_basket_name":"","p4_department":"","footnotes":""},"categories":[4],"tags":[30,39,66],"class_list":["post-82132","page","type-page","status-publish","has-post-thumbnail","hentry","category-greenpeace","tag-aktivisme","tag-frivillig","tag-olie"],"acf":[],"_links":{"self":[{"href":"https:\/\/www.greenpeace.org\/denmark\/wp-json\/wp\/v2\/pages\/82132","targetHints":{"allow":["GET"]}}],"collection":[{"href":"https:\/\/www.greenpeace.org\/denmark\/wp-json\/wp\/v2\/pages"}],"about":[{"href":"https:\/\/www.greenpeace.org\/denmark\/wp-json\/wp\/v2\/types\/page"}],"author":[{"embeddable":true,"href":"https:\/\/www.greenpeace.org\/denmark\/wp-json\/wp\/v2\/users\/45"}],"replies":[{"embeddable":true,"href":"https:\/\/www.greenpeace.org\/denmark\/wp-json\/wp\/v2\/comments?post=82132"}],"version-history":[{"count":20,"href":"https:\/\/www.greenpeace.org\/denmark\/wp-json\/wp\/v2\/pages\/82132\/revisions"}],"predecessor-version":[{"id":82781,"href":"https:\/\/www.greenpeace.org\/denmark\/wp-json\/wp\/v2\/pages\/82132\/revisions\/82781"}],"up":[{"embeddable":true,"href":"https:\/\/www.greenpeace.org\/denmark\/wp-json\/wp\/v2\/pages\/9"}],"wp:featuredmedia":[{"embeddable":true,"href":"https:\/\/www.greenpeace.org\/denmark\/wp-json\/wp\/v2\/media\/82111"}],"wp:attachment":[{"href":"https:\/\/www.greenpeace.org\/denmark\/wp-json\/wp\/v2\/media?parent=82132"}],"wp:term":[{"taxonomy":"category","embeddable":true,"href":"https:\/\/www.greenpeace.org\/denmark\/wp-json\/wp\/v2\/categories?post=82132"},{"taxonomy":"post_tag","embeddable":true,"href":"https:\/\/www.greenpeace.org\/denmark\/wp-json\/wp\/v2\/tags?post=82132"}],"curies":[{"name":"wp","href":"https:\/\/api.w.org\/{rel}","templated":true}]}}