{"id":9,"date":"2018-09-19T10:00:38","date_gmt":"2018-09-19T08:00:38","guid":{"rendered":"https:\/\/k8s.p4.greenpeace.org\/defaultcontent\/?page_id=9"},"modified":"2026-04-23T15:08:36","modified_gmt":"2026-04-23T13:08:36","slug":"vaer-med","status":"publish","type":"page","link":"https:\/\/www.greenpeace.org\/denmark\/vaer-med\/","title":{"rendered":"Tag handling"},"content":{"rendered":"\n<div data-hydrate=\"planet4-blocks\/carousel-header\" data-attributes=\"{&quot;carousel_autoplay&quot;:false,&quot;slides&quot;:[{&quot;image&quot;:60140,&quot;focal_points&quot;:{&quot;x&quot;:0.93,&quot;y&quot;:0.82},&quot;header&quot;:&quot;V\u00e6r med til at skabe en gr\u00f8n fremtid!&quot;,&quot;description&quot;:&quot;Der er mange m\u00e5der at v\u00e6re en del af kampen for en b\u00e6redygtig fremtid. Har du overvejet at st\u00f8tte os \u00f8konomisk? Kunne du t\u00e6nke dig at blive frivillig eller aktivist? &lt;br&gt;Eller er du m\u00e5ske p\u00e5 udkig efter en anden m\u00e5de, hvor du kan hj\u00e6lpe vores arbejde, fx ved at skrive under p\u00e5 en af vores underskriftindsamlinger?&quot;,&quot;link_text&quot;:&quot;&quot;,&quot;link_url&quot;:&quot;&quot;,&quot;link_url_new_tab&quot;:false,&quot;image_url&quot;:&quot;https:\/\/www.greenpeace.org\/static\/planet4-denmark-stateless\/2024\/02\/633fac1e-gp0stvc66_low_res.jpg&quot;,&quot;image_srcset&quot;:&quot;https:\/\/www.greenpeace.org\/static\/planet4-denmark-stateless\/2024\/02\/633fac1e-gp0stvc66_low_res-150x150.jpg 150w,https:\/\/www.greenpeace.org\/static\/planet4-denmark-stateless\/2024\/02\/633fac1e-gp0stvc66_low_res-300x200.jpg 300w,https:\/\/www.greenpeace.org\/static\/planet4-denmark-stateless\/2024\/02\/633fac1e-gp0stvc66_low_res-510x340.jpg 510w,https:\/\/www.greenpeace.org\/static\/planet4-denmark-stateless\/2024\/02\/633fac1e-gp0stvc66_low_res.jpg 800w&quot;}],&quot;currentImageIndex&quot;:0,&quot;className&quot;:&quot;wp-block-planet4-blocks-carousel-header&quot;}\"><section class=\"block block-header alignfull carousel-header wp-block-planet4-blocks-carousel-header\"><div class=\"carousel-wrapper-header\"><ul class=\"carousel-inner\" role=\"listbox\"><li class=\"carousel-item active\" tabindex=\"0\" role=\"tabpanel\" alt=\"\"><div class=\"carousel-item-mask\"><div class=\"background-holder\"><img decoding=\"async\" src=\"https:\/\/www.greenpeace.org\/static\/planet4-denmark-stateless\/2024\/02\/633fac1e-gp0stvc66_low_res.jpg\" style=\"object-position:93% 82%\" srcSet=\"https:\/\/www.greenpeace.org\/static\/planet4-denmark-stateless\/2024\/02\/633fac1e-gp0stvc66_low_res-150x150.jpg 150w,https:\/\/www.greenpeace.org\/static\/planet4-denmark-stateless\/2024\/02\/633fac1e-gp0stvc66_low_res-300x200.jpg 300w,https:\/\/www.greenpeace.org\/static\/planet4-denmark-stateless\/2024\/02\/633fac1e-gp0stvc66_low_res-510x340.jpg 510w,https:\/\/www.greenpeace.org\/static\/planet4-denmark-stateless\/2024\/02\/633fac1e-gp0stvc66_low_res.jpg 800w\"\/><\/div><div class=\"carousel-caption\"><div class=\"caption-overlay\"><\/div><div class=\"container main-header\"><div class=\"carousel-captions-wrapper\"><h2>V\u00e6r med til at skabe en gr\u00f8n fremtid!<\/h2><p>Der er mange m\u00e5der at v\u00e6re en del af kampen for en b\u00e6redygtig fremtid. Har du overvejet at st\u00f8tte os \u00f8konomisk? Kunne du t\u00e6nke dig at blive frivillig eller aktivist? <br>Eller er du m\u00e5ske p\u00e5 udkig efter en anden m\u00e5de, hvor du kan hj\u00e6lpe vores arbejde, fx ved at skrive under p\u00e5 en af vores underskriftindsamlinger?<\/p><\/div><\/div><\/div><\/div><\/li><\/ul><\/div><\/section><\/div>\n\n<div style=\"height:10px\" aria-hidden=\"true\" id=\"underskriftsindsamling\" class=\"wp-block-spacer\"><\/div>\n\n<div class=\"wp-block-query mb-0 actions-list p4-query-loop is-custom-layout-grid is-layout-grid wp-container-core-query-is-layout-29f43435 wp-block-query-is-layout-grid\">\n<h2 class=\"wp-block-heading\">V\u00e6r med her \u2013 skriv under!<\/h2>\n\n\n\n<p style=\"margin-top:24px;margin-bottom:32px\">En underskrift kan m\u00e5ske virke lille og ubetydelig, men vi har gang p\u00e5 gang erfaret, at underskriftsindsamlinger kan f\u00e5 politikere til at handle. For politikere interesserer sig naturligvis om folks meninger. N\u00e5r vi konfronterer eller m\u00f8der en politiker, har vi st\u00f8rre indflydelse, hvis vi har tusindvis af underskrifter med os.<br><br>Politikere lytter desv\u00e6rre ofte alt for meget til virksomheder, der har blikket stift rettet mod profit og udnyttelse. T\u00e6nk blot p\u00e5 det konventionelle landbrug, der har smadret de danske kystomr\u00e5der med kv\u00e6lstof og iltsvind. Olie- og gasselskaber, der har forurenet atmosf\u00e6ren med CO2, og aktivt modarbejder gr\u00f8nne l\u00f8sninger. Eller det industrielle fiskeri der pl\u00f8jer s\u00e5rbar havbund op og sl\u00e5r dyr- og planteliv ihjel. I Greenpeace k\u00e6mper vi hver dag for de gr\u00f8nne l\u00f8sninger, der kan sikre en b\u00e6redygtig og fredelig fremtid, men vi kan ikke g\u00f8re det alene. <br><br>Greenpeace har brug for mennesker som dig. Mennesker, som vil v\u00e6re med til at skabe fremskridt for vores milj\u00f8 og klima og beskytte vores fantastiske jord. Find en kampagne herunder og v\u00e6r med!<\/p>\n\n\n\n\n<ul class=\"wp-block-post-template is-layout-flow wp-block-post-template-is-layout-flow\"><li class=\"wp-block-post post-66837 page type-page status-publish has-post-thumbnail hentry category-landbrug category-natur tag-sundhed tag-vildnaturidanmark tag-fremtidenslandbrug\">\n<figure class=\"wp-block-post-featured-image\"><img loading=\"lazy\" decoding=\"async\" width=\"1600\" height=\"1063\" src=\"https:\/\/www.greenpeace.org\/static\/planet4-denmark-stateless\/2025\/10\/4337697c-untitled-design.jpg\" class=\"attachment-post-thumbnail size-post-thumbnail wp-post-image wp-stateless-item\" alt=\"\" style=\"object-fit:cover;\" srcset=\"https:\/\/www.greenpeace.org\/static\/planet4-denmark-stateless\/2025\/10\/4337697c-untitled-design.jpg 1600w, https:\/\/www.greenpeace.org\/static\/planet4-denmark-stateless\/2025\/10\/4337697c-untitled-design-300x199.jpg 300w, https:\/\/www.greenpeace.org\/static\/planet4-denmark-stateless\/2025\/10\/4337697c-untitled-design-1024x680.jpg 1024w, https:\/\/www.greenpeace.org\/static\/planet4-denmark-stateless\/2025\/10\/4337697c-untitled-design-768x510.jpg 768w, https:\/\/www.greenpeace.org\/static\/planet4-denmark-stateless\/2025\/10\/4337697c-untitled-design-1536x1020.jpg 1536w, https:\/\/www.greenpeace.org\/static\/planet4-denmark-stateless\/2025\/10\/4337697c-untitled-design-510x340.jpg 510w\" sizes=\"auto, (max-width: 1600px) 100vw, 1600px\" data-image-size=\"post-thumbnail\" data-stateless-media-bucket=\"planet4-denmark-stateless\" data-stateless-media-name=\"2025\/10\/4337697c-untitled-design.jpg\" \/><\/figure>\n\n\n<div class=\"wp-block-group group-stretched-link is-layout-flow wp-block-group-is-layout-flow\"><div class=\"wp-block-post-terms\">Landbrug<\/div>\n\n<h3 class=\"wp-block-post-title\"><a href=\"https:\/\/www.greenpeace.org\/denmark\/vaer-med\/rent-drikkevand\/\" target=\"_self\" >Beskyt drikkevandet med en redningsplan\ud83d\udca7<\/a><\/h3>\n\n<div class=\"wp-block-post-excerpt\"><p class=\"wp-block-post-excerpt__excerpt\">Adgangen til rent vand er en rettighed, og det er et f\u00e6lles ansvar at passe p\u00e5 det. <\/p><\/div><\/div>\n\n\n\n<div class=\"wp-block-group read-more-nav is-layout-flow wp-block-group-is-layout-flow\"><a href=\"https:\/\/www.greenpeace.org\/denmark\/vaer-med\/rent-drikkevand\/\" class=\"btn btn-primary btn-small\" aria-label=\"V\u00e6r med\">V\u00e6r med<\/a><\/div>\n\n<\/li><li class=\"wp-block-post post-81498 page type-page status-publish has-post-thumbnail hentry category-greenpeace category-hav tag-redhavet tag-energilosninger tag-olie\">\n<figure class=\"wp-block-post-featured-image\"><img loading=\"lazy\" decoding=\"async\" width=\"1920\" height=\"1269\" src=\"https:\/\/www.greenpeace.org\/static\/planet4-denmark-stateless\/2026\/04\/6f72c17b-pexels-windmills-1838788_1920.jpg\" class=\"attachment-post-thumbnail size-post-thumbnail wp-post-image wp-stateless-item\" alt=\"\" style=\"object-fit:cover;\" srcset=\"https:\/\/www.greenpeace.org\/static\/planet4-denmark-stateless\/2026\/04\/6f72c17b-pexels-windmills-1838788_1920.jpg 1920w, https:\/\/www.greenpeace.org\/static\/planet4-denmark-stateless\/2026\/04\/6f72c17b-pexels-windmills-1838788_1920-300x198.jpg 300w, https:\/\/www.greenpeace.org\/static\/planet4-denmark-stateless\/2026\/04\/6f72c17b-pexels-windmills-1838788_1920-1024x677.jpg 1024w, https:\/\/www.greenpeace.org\/static\/planet4-denmark-stateless\/2026\/04\/6f72c17b-pexels-windmills-1838788_1920-768x508.jpg 768w, https:\/\/www.greenpeace.org\/static\/planet4-denmark-stateless\/2026\/04\/6f72c17b-pexels-windmills-1838788_1920-1536x1015.jpg 1536w, https:\/\/www.greenpeace.org\/static\/planet4-denmark-stateless\/2026\/04\/6f72c17b-pexels-windmills-1838788_1920-510x337.jpg 510w\" sizes=\"auto, (max-width: 1920px) 100vw, 1920px\" data-image-size=\"post-thumbnail\" data-stateless-media-bucket=\"planet4-denmark-stateless\" data-stateless-media-name=\"2026\/04\/6f72c17b-pexels-windmills-1838788_1920.jpg\" \/><\/figure>\n\n\n<div class=\"wp-block-group group-stretched-link is-layout-flow wp-block-group-is-layout-flow\"><div class=\"wp-block-post-terms\">Greenpeace<\/div>\n\n<h3 class=\"wp-block-post-title\"><a href=\"https:\/\/www.greenpeace.org\/denmark\/vaer-med\/skriv-under-gron-energi-nu\/\" target=\"_self\" >Fri os fra olie og gas<\/a><\/h3>\n\n<div class=\"wp-block-post-excerpt\"><p class=\"wp-block-post-excerpt__excerpt\">Verden bliver ikke sikker, s\u00e5 l\u00e6nge vi er afh\u00e6ngige af olie og gas. <\/p><\/div><\/div>\n\n\n\n<div class=\"wp-block-group read-more-nav is-layout-flow wp-block-group-is-layout-flow\"><a href=\"https:\/\/www.greenpeace.org\/denmark\/vaer-med\/skriv-under-gron-energi-nu\/\" class=\"btn btn-primary btn-small\" aria-label=\"V\u00e6r med\">V\u00e6r med<\/a><\/div>\n\n<\/li><li class=\"wp-block-post post-64577 page type-page status-publish has-post-thumbnail hentry category-landbrug tag-koedproduktion tag-forbrug\">\n<figure class=\"wp-block-post-featured-image\"><img loading=\"lazy\" decoding=\"async\" width=\"1000\" height=\"660\" src=\"https:\/\/www.greenpeace.org\/static\/planet4-denmark-stateless\/2025\/05\/94f961cb-feat-image.png\" class=\"attachment-post-thumbnail size-post-thumbnail wp-post-image wp-stateless-item\" alt=\"Greenpeace-kampagnen Tourism Denmark viser den pressede natur i vandet med en dreng, der bader i alger og en mor, der holder sig for n\u00e6sen.\" style=\"object-fit:cover;\" srcset=\"https:\/\/www.greenpeace.org\/static\/planet4-denmark-stateless\/2025\/05\/94f961cb-feat-image.png 1000w, https:\/\/www.greenpeace.org\/static\/planet4-denmark-stateless\/2025\/05\/94f961cb-feat-image-300x198.png 300w, https:\/\/www.greenpeace.org\/static\/planet4-denmark-stateless\/2025\/05\/94f961cb-feat-image-768x507.png 768w, https:\/\/www.greenpeace.org\/static\/planet4-denmark-stateless\/2025\/05\/94f961cb-feat-image-510x337.png 510w\" sizes=\"auto, (max-width: 1000px) 100vw, 1000px\" data-image-size=\"post-thumbnail\" data-stateless-media-bucket=\"planet4-denmark-stateless\" data-stateless-media-name=\"2025\/05\/94f961cb-feat-image.png\" \/><\/figure>\n\n\n<div class=\"wp-block-group group-stretched-link is-layout-flow wp-block-group-is-layout-flow\"><div class=\"wp-block-post-terms\">Landbrug<\/div>\n\n<h3 class=\"wp-block-post-title\"><a href=\"https:\/\/www.greenpeace.org\/denmark\/vaer-med\/en-fremtid-med-et-groent-landbrug-i-balance\/\" target=\"_self\" >En fremtid med et gr\u00f8nt landbrug i balance \ud83d\udc9a<\/a><\/h3>\n\n<div class=\"wp-block-post-excerpt\"><p class=\"wp-block-post-excerpt__excerpt\">Vi har mulighed for sammen at skabe et landbrug, der beskytter vores sundhed, naturen og klimaet. <\/p><\/div><\/div>\n\n\n\n<div class=\"wp-block-group read-more-nav is-layout-flow wp-block-group-is-layout-flow\"><a href=\"https:\/\/www.greenpeace.org\/denmark\/vaer-med\/en-fremtid-med-et-groent-landbrug-i-balance\/\" class=\"btn btn-primary btn-small\" aria-label=\"V\u00e6r med\">V\u00e6r med<\/a><\/div>\n\n<\/li><li class=\"wp-block-post post-64353 page type-page status-publish has-post-thumbnail hentry category-klimaforandringer category-natur tag-forbrug tag-plastik\">\n<figure class=\"wp-block-post-featured-image\"><img loading=\"lazy\" decoding=\"async\" width=\"800\" height=\"533\" src=\"https:\/\/www.greenpeace.org\/static\/planet4-denmark-stateless\/2025\/04\/f16fdb27-gp0stpn0t_low-res-800px.jpg\" class=\"attachment-post-thumbnail size-post-thumbnail wp-post-image wp-stateless-item\" alt=\"\" style=\"object-fit:cover;\" srcset=\"https:\/\/www.greenpeace.org\/static\/planet4-denmark-stateless\/2025\/04\/f16fdb27-gp0stpn0t_low-res-800px.jpg 800w, https:\/\/www.greenpeace.org\/static\/planet4-denmark-stateless\/2025\/04\/f16fdb27-gp0stpn0t_low-res-800px-300x200.jpg 300w, https:\/\/www.greenpeace.org\/static\/planet4-denmark-stateless\/2025\/04\/f16fdb27-gp0stpn0t_low-res-800px-768x512.jpg 768w, https:\/\/www.greenpeace.org\/static\/planet4-denmark-stateless\/2025\/04\/f16fdb27-gp0stpn0t_low-res-800px-510x340.jpg 510w\" sizes=\"auto, (max-width: 800px) 100vw, 800px\" data-image-size=\"post-thumbnail\" data-stateless-media-bucket=\"planet4-denmark-stateless\" data-stateless-media-name=\"2025\/04\/f16fdb27-gp0stpn0t_low-res-800px.jpg\" \/><\/figure>\n\n\n<div class=\"wp-block-group group-stretched-link is-layout-flow wp-block-group-is-layout-flow\"><div class=\"wp-block-post-terms\">Klimaforandringer<\/div>\n\n<h3 class=\"wp-block-post-title\"><a href=\"https:\/\/www.greenpeace.org\/denmark\/vaer-med\/undgaa-plastikforurening-plastispice\/\" target=\"_self\" >Kr\u00e6v en global plastikaftale\ud83e\udd1d<\/a><\/h3>\n\n<div class=\"wp-block-post-excerpt\"><p class=\"wp-block-post-excerpt__excerpt\">Plastik indeholder 16.000 potentielt sundheds- og milj\u00f8skadelige kemikalier. <\/p><\/div><\/div>\n\n\n\n<div class=\"wp-block-group read-more-nav is-layout-flow wp-block-group-is-layout-flow\"><a href=\"https:\/\/www.greenpeace.org\/denmark\/vaer-med\/undgaa-plastikforurening-plastispice\/\" class=\"btn btn-primary btn-small\" aria-label=\"V\u00e6r med\">V\u00e6r med<\/a><\/div>\n\n<\/li><li class=\"wp-block-post post-55899 page type-page status-publish has-post-thumbnail hentry category-klimaforandringer category-natur tag-fiskeri tag-redhavet tag-dybhavet\">\n<figure class=\"wp-block-post-featured-image\"><img loading=\"lazy\" decoding=\"async\" width=\"800\" height=\"533\" src=\"https:\/\/www.greenpeace.org\/static\/planet4-denmark-stateless\/2025\/11\/ee2305ee-gp0stvonr_low-res-800px-1.jpg\" class=\"attachment-post-thumbnail size-post-thumbnail wp-post-image wp-stateless-item\" alt=\"Pancaka fish\" style=\"object-fit:cover;\" srcset=\"https:\/\/www.greenpeace.org\/static\/planet4-denmark-stateless\/2025\/11\/ee2305ee-gp0stvonr_low-res-800px-1.jpg 800w, https:\/\/www.greenpeace.org\/static\/planet4-denmark-stateless\/2025\/11\/ee2305ee-gp0stvonr_low-res-800px-1-300x200.jpg 300w, https:\/\/www.greenpeace.org\/static\/planet4-denmark-stateless\/2025\/11\/ee2305ee-gp0stvonr_low-res-800px-1-768x512.jpg 768w, https:\/\/www.greenpeace.org\/static\/planet4-denmark-stateless\/2025\/11\/ee2305ee-gp0stvonr_low-res-800px-1-510x340.jpg 510w\" sizes=\"auto, (max-width: 800px) 100vw, 800px\" data-image-size=\"post-thumbnail\" data-stateless-media-bucket=\"planet4-denmark-stateless\" data-stateless-media-name=\"2025\/11\/ee2305ee-gp0stvonr_low-res-800px-1.jpg\" \/><\/figure>\n\n\n<div class=\"wp-block-group group-stretched-link is-layout-flow wp-block-group-is-layout-flow\"><div class=\"wp-block-post-terms\">Klimaforandringer<\/div>\n\n<h3 class=\"wp-block-post-title\"><a href=\"https:\/\/www.greenpeace.org\/denmark\/vaer-med\/stop-minedrift-paa-havbunden-foer-det-er-for-sent\/\" target=\"_self\" >Stop dybhavsminedrift, f\u00f8r det er for sent \ud83d\udc99<\/a><\/h3>\n\n<div class=\"wp-block-post-excerpt\"><p class=\"wp-block-post-excerpt__excerpt\">Dybhavsminedrift er en ny trussel mod havene. <\/p><\/div><\/div>\n\n\n\n<div class=\"wp-block-group read-more-nav is-layout-flow wp-block-group-is-layout-flow\"><a href=\"https:\/\/www.greenpeace.org\/denmark\/vaer-med\/stop-minedrift-paa-havbunden-foer-det-er-for-sent\/\" class=\"btn btn-primary btn-small\" aria-label=\"V\u00e6r med\">V\u00e6r med<\/a><\/div>\n\n<\/li><li class=\"wp-block-post post-5487 page type-page status-publish has-post-thumbnail hentry category-landbrug category-natur tag-koedproduktion tag-soja tag-amazonas tag-skovrydning tag-truededyrearter tag-okosystem\">\n<figure class=\"wp-block-post-featured-image\"><img loading=\"lazy\" decoding=\"async\" width=\"800\" height=\"534\" src=\"https:\/\/www.greenpeace.org\/static\/planet4-denmark-stateless\/2020\/06\/d18e3a98-backgroundimageallquestins.jpg\" class=\"attachment-post-thumbnail size-post-thumbnail wp-post-image wp-stateless-item\" alt=\"\" style=\"object-fit:cover;\" srcset=\"https:\/\/www.greenpeace.org\/static\/planet4-denmark-stateless\/2020\/06\/d18e3a98-backgroundimageallquestins.jpg 800w, https:\/\/www.greenpeace.org\/static\/planet4-denmark-stateless\/2020\/06\/d18e3a98-backgroundimageallquestins-300x200.jpg 300w, https:\/\/www.greenpeace.org\/static\/planet4-denmark-stateless\/2020\/06\/d18e3a98-backgroundimageallquestins-768x513.jpg 768w, https:\/\/www.greenpeace.org\/static\/planet4-denmark-stateless\/2020\/06\/d18e3a98-backgroundimageallquestins-510x340.jpg 510w\" sizes=\"auto, (max-width: 800px) 100vw, 800px\" data-image-size=\"post-thumbnail\" data-stateless-media-bucket=\"planet4-denmark-stateless\" data-stateless-media-name=\"2020\/06\/d18e3a98-backgroundimageallquestins.jpg\" \/><\/figure>\n\n\n<div class=\"wp-block-group group-stretched-link is-layout-flow wp-block-group-is-layout-flow\"><div class=\"wp-block-post-terms\">Landbrug<\/div>\n\n<h3 class=\"wp-block-post-title\"><a href=\"https:\/\/www.greenpeace.org\/denmark\/vaer-med\/soja-kampagne\/\" target=\"_self\" >Stop dansk import af soja, som truer skovene\ud83c\udf33<\/a><\/h3>\n\n<div class=\"wp-block-post-excerpt\"><p class=\"wp-block-post-excerpt__excerpt\">Landbrugsdyr bliver fodret med soja fra Sydamerika. <\/p><\/div><\/div>\n\n\n\n<div class=\"wp-block-group read-more-nav is-layout-flow wp-block-group-is-layout-flow\"><a href=\"https:\/\/www.greenpeace.org\/denmark\/vaer-med\/soja-kampagne\/\" class=\"btn btn-primary btn-small\" aria-label=\"V\u00e6r med\">V\u00e6r med<\/a><\/div>\n\n<\/li><li class=\"wp-block-post post-3892 page type-page status-publish has-post-thumbnail hentry category-natur tag-redhavet tag-fiskeri tag-okosystem tag-truededyrearter\">\n<figure class=\"wp-block-post-featured-image\"><img loading=\"lazy\" decoding=\"async\" width=\"1200\" height=\"794\" src=\"https:\/\/www.greenpeace.org\/static\/planet4-denmark-stateless\/2026\/01\/afac1893-gp0lse.jpg\" class=\"attachment-post-thumbnail size-post-thumbnail wp-post-image wp-stateless-item\" alt=\"Baby sperm whale in Portugal. \u00a9 Doug Perrine \/ SeaPics.com\" style=\"object-fit:cover;\" srcset=\"https:\/\/www.greenpeace.org\/static\/planet4-denmark-stateless\/2026\/01\/afac1893-gp0lse.jpg 1200w, https:\/\/www.greenpeace.org\/static\/planet4-denmark-stateless\/2026\/01\/afac1893-gp0lse-300x199.jpg 300w, https:\/\/www.greenpeace.org\/static\/planet4-denmark-stateless\/2026\/01\/afac1893-gp0lse-1024x678.jpg 1024w, https:\/\/www.greenpeace.org\/static\/planet4-denmark-stateless\/2026\/01\/afac1893-gp0lse-768x508.jpg 768w, https:\/\/www.greenpeace.org\/static\/planet4-denmark-stateless\/2026\/01\/afac1893-gp0lse-510x337.jpg 510w\" sizes=\"auto, (max-width: 1200px) 100vw, 1200px\" data-image-size=\"post-thumbnail\" data-stateless-media-bucket=\"planet4-denmark-stateless\" data-stateless-media-name=\"2026\/01\/afac1893-gp0lse.jpg\" \/><\/figure>\n\n\n<div class=\"wp-block-group group-stretched-link is-layout-flow wp-block-group-is-layout-flow\"><div class=\"wp-block-post-terms\">Natur<\/div>\n\n<h3 class=\"wp-block-post-title\"><a href=\"https:\/\/www.greenpeace.org\/denmark\/vaer-med\/beskyt-verdenshavene\/\" target=\"_self\" >Beskyt verdenshavene \ud83d\udc99<\/a><\/h3>\n\n<div class=\"wp-block-post-excerpt\"><p class=\"wp-block-post-excerpt__excerpt\">Vi kr\u00e6ver beskyttede havomr\u00e5der, der kan skabe oceaner fuld af liv. <\/p><\/div><\/div>\n\n\n\n<div class=\"wp-block-group read-more-nav is-layout-flow wp-block-group-is-layout-flow\"><a href=\"https:\/\/www.greenpeace.org\/denmark\/vaer-med\/beskyt-verdenshavene\/\" class=\"btn btn-primary btn-small\" aria-label=\"V\u00e6r med\">V\u00e6r med<\/a><\/div>\n\n<\/li><li class=\"wp-block-post post-50337 page type-page status-publish has-post-thumbnail hentry category-landbrug category-natur tag-redhavet tag-koedproduktion tag-vildnaturidanmark\">\n<figure class=\"wp-block-post-featured-image\"><img loading=\"lazy\" decoding=\"async\" width=\"800\" height=\"533\" src=\"https:\/\/www.greenpeace.org\/static\/planet4-denmark-stateless\/2024\/11\/138ef2f1-gp1szxdz_low-res-800px.jpg\" class=\"attachment-post-thumbnail size-post-thumbnail wp-post-image wp-stateless-item\" alt=\"\" style=\"object-fit:cover;\" srcset=\"https:\/\/www.greenpeace.org\/static\/planet4-denmark-stateless\/2024\/11\/138ef2f1-gp1szxdz_low-res-800px.jpg 800w, https:\/\/www.greenpeace.org\/static\/planet4-denmark-stateless\/2024\/11\/138ef2f1-gp1szxdz_low-res-800px-300x200.jpg 300w, https:\/\/www.greenpeace.org\/static\/planet4-denmark-stateless\/2024\/11\/138ef2f1-gp1szxdz_low-res-800px-768x512.jpg 768w, https:\/\/www.greenpeace.org\/static\/planet4-denmark-stateless\/2024\/11\/138ef2f1-gp1szxdz_low-res-800px-510x340.jpg 510w\" sizes=\"auto, (max-width: 800px) 100vw, 800px\" data-image-size=\"post-thumbnail\" data-stateless-media-bucket=\"planet4-denmark-stateless\" data-stateless-media-name=\"2024\/11\/138ef2f1-gp1szxdz_low-res-800px.jpg\" \/><\/figure>\n\n\n<div class=\"wp-block-group group-stretched-link is-layout-flow wp-block-group-is-layout-flow\"><div class=\"wp-block-post-terms\">Landbrug<\/div>\n\n<h3 class=\"wp-block-post-title\"><a href=\"https:\/\/www.greenpeace.org\/denmark\/vaer-med\/oerken-under-vandet\/\" target=\"_self\" >Beskyt vores have mod iltsvind\ud83d\udc94<\/a><\/h3>\n\n<div class=\"wp-block-post-excerpt\"><p class=\"wp-block-post-excerpt__excerpt\">Landbrugets udledninger af kv\u00e6lstof er \u00e5rsagen til iltsvind i Danmarks havmilj\u00f8. <\/p><\/div><\/div>\n\n\n\n<div class=\"wp-block-group read-more-nav is-layout-flow wp-block-group-is-layout-flow\"><a href=\"https:\/\/www.greenpeace.org\/denmark\/vaer-med\/oerken-under-vandet\/\" class=\"btn btn-primary btn-small\" aria-label=\"V\u00e6r med\">V\u00e6r med<\/a><\/div>\n\n<\/li><li class=\"wp-block-post post-64535 page type-page status-publish has-post-thumbnail hentry category-greenpeace category-klimaforandringer tag-aktivisme tag-menneskerettigheder\">\n<figure class=\"wp-block-post-featured-image\"><img loading=\"lazy\" decoding=\"async\" width=\"1500\" height=\"898\" src=\"https:\/\/www.greenpeace.org\/static\/planet4-denmark-stateless\/2025\/05\/573a016d-trump-time-to-resist.jpg\" class=\"attachment-post-thumbnail size-post-thumbnail wp-post-image wp-stateless-item\" alt=\"\" style=\"object-fit:cover;\" srcset=\"https:\/\/www.greenpeace.org\/static\/planet4-denmark-stateless\/2025\/05\/573a016d-trump-time-to-resist.jpg 1500w, https:\/\/www.greenpeace.org\/static\/planet4-denmark-stateless\/2025\/05\/573a016d-trump-time-to-resist-300x180.jpg 300w, https:\/\/www.greenpeace.org\/static\/planet4-denmark-stateless\/2025\/05\/573a016d-trump-time-to-resist-1024x613.jpg 1024w, https:\/\/www.greenpeace.org\/static\/planet4-denmark-stateless\/2025\/05\/573a016d-trump-time-to-resist-768x460.jpg 768w, https:\/\/www.greenpeace.org\/static\/planet4-denmark-stateless\/2025\/05\/573a016d-trump-time-to-resist-510x305.jpg 510w\" sizes=\"auto, (max-width: 1500px) 100vw, 1500px\" data-image-size=\"post-thumbnail\" data-stateless-media-bucket=\"planet4-denmark-stateless\" data-stateless-media-name=\"2025\/05\/573a016d-trump-time-to-resist.jpg\" \/><\/figure>\n\n\n<div class=\"wp-block-group group-stretched-link is-layout-flow wp-block-group-is-layout-flow\"><div class=\"wp-block-post-terms\">Greenpeace<\/div>\n\n<h3 class=\"wp-block-post-title\"><a href=\"https:\/\/www.greenpeace.org\/denmark\/vaer-med\/vores-demokrati-er-under-angreb\/\" target=\"_self\" >Vores demokrati er under angreb\ud83d\ude36<\/a><\/h3>\n\n<div class=\"wp-block-post-excerpt\"><p class=\"wp-block-post-excerpt__excerpt\">De fleste danskere er vokset op i en tid med demokrati, lighed og frihed. Men lige nu er de v\u00e6rdier, vi s\u00e6tter s\u00e5 h\u00f8jt, under angreb over hele verden. #TimeToResist <\/p><\/div><\/div>\n\n\n\n<div class=\"wp-block-group read-more-nav is-layout-flow wp-block-group-is-layout-flow\"><a href=\"https:\/\/www.greenpeace.org\/denmark\/vaer-med\/vores-demokrati-er-under-angreb\/\" class=\"btn btn-primary btn-small\" aria-label=\"V\u00e6r med\">V\u00e6r med<\/a><\/div>\n\n<\/li><\/ul>\n\n\n<div class=\"wp-block-buttons carousel-controls is-horizontal is-content-justification-space-between is-nowrap is-layout-flex wp-container-core-buttons-is-layout-044bd602 wp-block-buttons-is-layout-flex\">\n<div class=\"wp-block-button carousel-control-prev\"><button type=\"button\" class=\"wp-block-button__link wp-element-button\">Prev<\/button><\/div>\n\n\n\n<div class=\"wp-block-button carousel-control-next\"><button type=\"button\" class=\"wp-block-button__link wp-element-button\">Next<\/button><\/div>\n<\/div>\n\n\n\n<div class=\"wp-block-buttons load-more-actions-container is-content-justification-center is-layout-flex wp-container-core-buttons-is-layout-16018d1d wp-block-buttons-is-layout-flex\">\n<div class=\"wp-block-button is-style-secondary\"><button type=\"button\" class=\"wp-block-button__link wp-element-button\">Indl\u00e6s flere<\/button><\/div>\n<\/div>\n<\/div>\n\n<div style=\"height:50px\" aria-hidden=\"true\" id=\"stoet-os\" class=\"wp-block-spacer\"><\/div>\n\n<div class=\"wp-block-query mb-0 actions-list p4-query-loop is-custom-layout-grid is-layout-grid wp-container-core-query-is-layout-29f43435 wp-block-query-is-layout-grid\">\n<h2 class=\"wp-block-heading\"><strong>M\u00e5der du kan st\u00f8tte vores arbejde<\/strong><\/h2>\n\n\n\n<p style=\"margin-top:24px;margin-bottom:32px\">Greenpeace er verdens st\u00f8rste uafh\u00e6ngige milj\u00f8bev\u00e6gelse og har i over 50 \u00e5r arbejdet for at give vores fantastiske planet en stemme. Vi accepterer hverken penge fra stater eller virksomheder, hvilket g\u00f8r os i stand til at v\u00e6re en uafh\u00e6ngig stemme, der alene taler for milj\u00f8ets interesser. Derfor er \u00f8konomiske bidrag fra mennesker som dig ogs\u00e5 helt uundv\u00e6rlige.<\/p>\n\n\n\n\n<ul class=\"wp-block-post-template is-layout-flow wp-block-post-template-is-layout-flow\"><li class=\"wp-block-post post-51267 page type-page status-publish has-post-thumbnail hentry category-greenpeace tag-stot-os\">\n<figure class=\"wp-block-post-featured-image\"><img loading=\"lazy\" decoding=\"async\" width=\"800\" height=\"1200\" src=\"https:\/\/www.greenpeace.org\/static\/planet4-denmark-stateless\/2022\/05\/6a92f3d3-97087079_10156918439625706_8975877037503807488_n.jpg\" class=\"attachment-post-thumbnail size-post-thumbnail wp-post-image wp-stateless-item\" alt=\"\" style=\"object-fit:cover;\" srcset=\"https:\/\/www.greenpeace.org\/static\/planet4-denmark-stateless\/2022\/05\/6a92f3d3-97087079_10156918439625706_8975877037503807488_n.jpg 800w, https:\/\/www.greenpeace.org\/static\/planet4-denmark-stateless\/2022\/05\/6a92f3d3-97087079_10156918439625706_8975877037503807488_n-200x300.jpg 200w, https:\/\/www.greenpeace.org\/static\/planet4-denmark-stateless\/2022\/05\/6a92f3d3-97087079_10156918439625706_8975877037503807488_n-683x1024.jpg 683w, https:\/\/www.greenpeace.org\/static\/planet4-denmark-stateless\/2022\/05\/6a92f3d3-97087079_10156918439625706_8975877037503807488_n-768x1152.jpg 768w, https:\/\/www.greenpeace.org\/static\/planet4-denmark-stateless\/2022\/05\/6a92f3d3-97087079_10156918439625706_8975877037503807488_n-227x340.jpg 227w\" sizes=\"auto, (max-width: 800px) 100vw, 800px\" data-image-size=\"post-thumbnail\" data-stateless-media-bucket=\"planet4-denmark-stateless\" data-stateless-media-name=\"2022\/05\/6a92f3d3-97087079_10156918439625706_8975877037503807488_n.jpg\" \/><\/figure>\n\n\n<div class=\"wp-block-group group-stretched-link is-layout-flow wp-block-group-is-layout-flow\"><div class=\"wp-block-post-terms\">Greenpeace<\/div>\n\n<h3 class=\"wp-block-post-title\"><a href=\"https:\/\/www.greenpeace.org\/denmark\/vaer-med\/stoet-greenpeace\/bliv-manedlig-donor-mobilepay\/\" target=\"_self\" >Bliv m\u00e5nedlig donor med MobilePay<\/a><\/h3>\n\n<div class=\"wp-block-post-excerpt\"><p class=\"wp-block-post-excerpt__excerpt\">Bliv m\u00e5nedlig donor hos Greenpeace via MobilePay og v\u00e6r med til at bek\u00e6mpe klimaforandringerne og beskytte vores smukke planet. <\/p><\/div><\/div>\n\n\n\n<div class=\"wp-block-group read-more-nav is-layout-flow wp-block-group-is-layout-flow\"><a href=\"https:\/\/www.greenpeace.org\/denmark\/vaer-med\/stoet-greenpeace\/bliv-manedlig-donor-mobilepay\/\" class=\"btn btn-primary btn-small\" aria-label=\"V\u00e6r med\">V\u00e6r med<\/a><\/div>\n\n<\/li><li class=\"wp-block-post post-56863 page type-page status-publish has-post-thumbnail hentry category-greenpeace tag-stot-os\">\n<figure class=\"wp-block-post-featured-image\"><img loading=\"lazy\" decoding=\"async\" width=\"800\" height=\"450\" src=\"https:\/\/www.greenpeace.org\/static\/planet4-denmark-stateless\/2023\/06\/1bf6693b-gp0stwpvh_web_size.jpg\" class=\"attachment-post-thumbnail size-post-thumbnail wp-post-image wp-stateless-item\" alt=\"\" style=\"object-fit:cover;\" srcset=\"https:\/\/www.greenpeace.org\/static\/planet4-denmark-stateless\/2023\/06\/1bf6693b-gp0stwpvh_web_size.jpg 800w, https:\/\/www.greenpeace.org\/static\/planet4-denmark-stateless\/2023\/06\/1bf6693b-gp0stwpvh_web_size-300x169.jpg 300w, https:\/\/www.greenpeace.org\/static\/planet4-denmark-stateless\/2023\/06\/1bf6693b-gp0stwpvh_web_size-768x432.jpg 768w, https:\/\/www.greenpeace.org\/static\/planet4-denmark-stateless\/2023\/06\/1bf6693b-gp0stwpvh_web_size-510x287.jpg 510w\" sizes=\"auto, (max-width: 800px) 100vw, 800px\" data-image-size=\"post-thumbnail\" data-stateless-media-bucket=\"planet4-denmark-stateless\" data-stateless-media-name=\"2023\/06\/1bf6693b-gp0stwpvh_web_size.jpg\" \/><\/figure>\n\n\n<div class=\"wp-block-group group-stretched-link is-layout-flow wp-block-group-is-layout-flow\"><div class=\"wp-block-post-terms\">Greenpeace<\/div>\n\n<h3 class=\"wp-block-post-title\"><a href=\"https:\/\/www.greenpeace.org\/denmark\/vaer-med\/stoet-greenpeace\/giv-et-engangsbidrag\/\" target=\"_self\" >Giv et engangsbidrag<\/a><\/h3>\n\n<div class=\"wp-block-post-excerpt\"><p class=\"wp-block-post-excerpt__excerpt\">Engangsbidrag st\u00f8tter vores arbejde over hele verden, og kommer specielt til nytte, n\u00e5r vi m\u00e5 handle hurtigt og i tilf\u00e6lde af akutte klimakriser s\u00e5som skovbrande og olieudslip. <\/p><\/div><\/div>\n\n\n\n<div class=\"wp-block-group read-more-nav is-layout-flow wp-block-group-is-layout-flow\"><a href=\"https:\/\/www.greenpeace.org\/denmark\/vaer-med\/stoet-greenpeace\/giv-et-engangsbidrag\/\" class=\"btn btn-primary btn-small\" aria-label=\"V\u00e6r med\">V\u00e6r med<\/a><\/div>\n\n<\/li><li class=\"wp-block-post post-5409 page type-page status-publish has-post-thumbnail hentry category-greenpeace tag-stot-os\">\n<figure class=\"wp-block-post-featured-image\"><img loading=\"lazy\" decoding=\"async\" width=\"800\" height=\"533\" src=\"https:\/\/www.greenpeace.org\/static\/planet4-denmark-stateless\/2020\/06\/adff9583-gp0sttv2q_web_size.jpg\" class=\"attachment-post-thumbnail size-post-thumbnail wp-post-image wp-stateless-item\" alt=\"Aktion for at bremse klimekrisen\" style=\"object-fit:cover;\" srcset=\"https:\/\/www.greenpeace.org\/static\/planet4-denmark-stateless\/2020\/06\/adff9583-gp0sttv2q_web_size.jpg 800w, https:\/\/www.greenpeace.org\/static\/planet4-denmark-stateless\/2020\/06\/adff9583-gp0sttv2q_web_size-300x200.jpg 300w, https:\/\/www.greenpeace.org\/static\/planet4-denmark-stateless\/2020\/06\/adff9583-gp0sttv2q_web_size-768x512.jpg 768w, https:\/\/www.greenpeace.org\/static\/planet4-denmark-stateless\/2020\/06\/adff9583-gp0sttv2q_web_size-510x340.jpg 510w\" sizes=\"auto, (max-width: 800px) 100vw, 800px\" data-image-size=\"post-thumbnail\" data-stateless-media-bucket=\"planet4-denmark-stateless\" data-stateless-media-name=\"2020\/06\/adff9583-gp0sttv2q_web_size.jpg\" \/><\/figure>\n\n\n<div class=\"wp-block-group group-stretched-link is-layout-flow wp-block-group-is-layout-flow\"><div class=\"wp-block-post-terms\">Greenpeace<\/div>\n\n<h3 class=\"wp-block-post-title\"><a href=\"https:\/\/www.greenpeace.org\/denmark\/vaer-med\/testamenter-en-gave\/\" target=\"_self\" >Testamenter en gave<\/a><\/h3>\n\n<div class=\"wp-block-post-excerpt\"><p class=\"wp-block-post-excerpt__excerpt\">Greenpeace arbejder med at kortl\u00e6gge trusler mod vores milj\u00f8, fremh\u00e6ver l\u00f8sninger, driver uvildig forskning, p\u00e5virker politiske beslutngstagere og laver aktioner for at g\u00e5 fra ord til handling for at beskytte milj\u00f8et Testamentariske gaver, store som sm\u00e5, er meget v\u00e6rdifulde bidrag til vores arbejde. Da Greenpeace ikke modtager penge fra virksomheder eller stater, kan en stor&hellip; <\/p><\/div><\/div>\n\n\n\n<div class=\"wp-block-group read-more-nav is-layout-flow wp-block-group-is-layout-flow\"><a href=\"https:\/\/www.greenpeace.org\/denmark\/vaer-med\/testamenter-en-gave\/\" class=\"btn btn-primary btn-small\" aria-label=\"V\u00e6r med\">V\u00e6r med<\/a><\/div>\n\n<\/li><li class=\"wp-block-post post-56868 page type-page status-publish has-post-thumbnail hentry category-greenpeace tag-stot-os\">\n<figure class=\"wp-block-post-featured-image\"><img loading=\"lazy\" decoding=\"async\" width=\"1536\" height=\"768\" src=\"https:\/\/www.greenpeace.org\/static\/planet4-denmark-stateless\/2023\/06\/4f3d58d8-dk-congrats.png\" class=\"attachment-post-thumbnail size-post-thumbnail wp-post-image wp-stateless-item\" alt=\"\" style=\"object-fit:cover;\" srcset=\"https:\/\/www.greenpeace.org\/static\/planet4-denmark-stateless\/2023\/06\/4f3d58d8-dk-congrats.png 1536w, https:\/\/www.greenpeace.org\/static\/planet4-denmark-stateless\/2023\/06\/4f3d58d8-dk-congrats-300x150.png 300w, https:\/\/www.greenpeace.org\/static\/planet4-denmark-stateless\/2023\/06\/4f3d58d8-dk-congrats-1024x512.png 1024w, https:\/\/www.greenpeace.org\/static\/planet4-denmark-stateless\/2023\/06\/4f3d58d8-dk-congrats-768x384.png 768w, https:\/\/www.greenpeace.org\/static\/planet4-denmark-stateless\/2023\/06\/4f3d58d8-dk-congrats-510x255.png 510w\" sizes=\"auto, (max-width: 1536px) 100vw, 1536px\" data-image-size=\"post-thumbnail\" data-stateless-media-bucket=\"planet4-denmark-stateless\" data-stateless-media-name=\"2023\/06\/4f3d58d8-dk-congrats.png\" \/><\/figure>\n\n\n<div class=\"wp-block-group group-stretched-link is-layout-flow wp-block-group-is-layout-flow\"><div class=\"wp-block-post-terms\">Greenpeace<\/div>\n\n<h3 class=\"wp-block-post-title\"><a href=\"https:\/\/www.greenpeace.org\/denmark\/vaer-med\/stoet-greenpeace\/giv-en-lykoenskningsgave\/\" target=\"_self\" >Giv en lyk\u00f8nskningsgave<\/a><\/h3>\n\n<div class=\"wp-block-post-excerpt\"><p class=\"wp-block-post-excerpt__excerpt\">Giv et smukt kort til en person, du holder af, og v\u00e6r med til at st\u00f8tte vores arbejde for at beskytte vores fantastiske planet nu og for fremtiden. Du har mulighed for at v\u00e6lge mellem flere smukke motiver og tilf\u00f8je en personlig og k\u00e6rlig hilsen. L\u00e6s mere nedenfor. <\/p><\/div><\/div>\n\n\n\n<div class=\"wp-block-group read-more-nav is-layout-flow wp-block-group-is-layout-flow\"><a href=\"https:\/\/www.greenpeace.org\/denmark\/vaer-med\/stoet-greenpeace\/giv-en-lykoenskningsgave\/\" class=\"btn btn-primary btn-small\" aria-label=\"V\u00e6r med\">V\u00e6r med<\/a><\/div>\n\n<\/li><li class=\"wp-block-post post-58049 page type-page status-publish has-post-thumbnail hentry category-greenpeace tag-stot-os\">\n<figure class=\"wp-block-post-featured-image\"><img loading=\"lazy\" decoding=\"async\" width=\"784\" height=\"460\" src=\"https:\/\/www.greenpeace.org\/static\/planet4-denmark-stateless\/2023\/10\/33fad4c1-width_1440_cf5570ed3ea56f73b0ff21e75f3c7bb4320626d5-e1698748229458.webp\" class=\"attachment-post-thumbnail size-post-thumbnail wp-post-image wp-stateless-item\" alt=\"\" style=\"object-fit:cover;\" srcset=\"https:\/\/www.greenpeace.org\/static\/planet4-denmark-stateless\/2023\/10\/33fad4c1-width_1440_cf5570ed3ea56f73b0ff21e75f3c7bb4320626d5-e1698748229458.webp 784w, https:\/\/www.greenpeace.org\/static\/planet4-denmark-stateless\/2023\/10\/33fad4c1-width_1440_cf5570ed3ea56f73b0ff21e75f3c7bb4320626d5-e1698748229458-300x176.webp 300w, https:\/\/www.greenpeace.org\/static\/planet4-denmark-stateless\/2023\/10\/33fad4c1-width_1440_cf5570ed3ea56f73b0ff21e75f3c7bb4320626d5-e1698748229458-768x451.webp 768w, https:\/\/www.greenpeace.org\/static\/planet4-denmark-stateless\/2023\/10\/33fad4c1-width_1440_cf5570ed3ea56f73b0ff21e75f3c7bb4320626d5-e1698748229458-510x299.webp 510w\" sizes=\"auto, (max-width: 784px) 100vw, 784px\" data-image-size=\"post-thumbnail\" data-stateless-media-bucket=\"planet4-denmark-stateless\" data-stateless-media-name=\"2023\/10\/33fad4c1-width_1440_cf5570ed3ea56f73b0ff21e75f3c7bb4320626d5-e1698748229458.webp\" \/><\/figure>\n\n\n<div class=\"wp-block-group group-stretched-link is-layout-flow wp-block-group-is-layout-flow\"><div class=\"wp-block-post-terms\">Greenpeace<\/div>\n\n<h3 class=\"wp-block-post-title\"><a href=\"https:\/\/www.greenpeace.org\/denmark\/vaer-med\/stoet-greenpeace\/start-din-egen-indsamling\/\" target=\"_self\" >Start din egen indsamling<\/a><\/h3>\n\n<div class=\"wp-block-post-excerpt\"><p class=\"wp-block-post-excerpt__excerpt\">Beskyt vores fantastiske planet sammen med dit netv\u00e6rk ved at starte din egen indsamling for Greenpeace. <\/p><\/div><\/div>\n\n\n\n<div class=\"wp-block-group read-more-nav is-layout-flow wp-block-group-is-layout-flow\"><a href=\"https:\/\/www.greenpeace.org\/denmark\/vaer-med\/stoet-greenpeace\/start-din-egen-indsamling\/\" class=\"btn btn-primary btn-small\" aria-label=\"V\u00e6r med\">V\u00e6r med<\/a><\/div>\n\n<\/li><li class=\"wp-block-post post-56871 page type-page status-publish has-post-thumbnail hentry category-greenpeace tag-stot-os\">\n<figure class=\"wp-block-post-featured-image\"><img loading=\"lazy\" decoding=\"async\" width=\"1536\" height=\"768\" src=\"https:\/\/www.greenpeace.org\/static\/planet4-denmark-stateless\/2023\/06\/bb81dc94-dkmemorial.png\" class=\"attachment-post-thumbnail size-post-thumbnail wp-post-image wp-stateless-item\" alt=\"\" style=\"object-fit:cover;\" srcset=\"https:\/\/www.greenpeace.org\/static\/planet4-denmark-stateless\/2023\/06\/bb81dc94-dkmemorial.png 1536w, https:\/\/www.greenpeace.org\/static\/planet4-denmark-stateless\/2023\/06\/bb81dc94-dkmemorial-300x150.png 300w, https:\/\/www.greenpeace.org\/static\/planet4-denmark-stateless\/2023\/06\/bb81dc94-dkmemorial-1024x512.png 1024w, https:\/\/www.greenpeace.org\/static\/planet4-denmark-stateless\/2023\/06\/bb81dc94-dkmemorial-768x384.png 768w, https:\/\/www.greenpeace.org\/static\/planet4-denmark-stateless\/2023\/06\/bb81dc94-dkmemorial-510x255.png 510w\" sizes=\"auto, (max-width: 1536px) 100vw, 1536px\" data-image-size=\"post-thumbnail\" data-stateless-media-bucket=\"planet4-denmark-stateless\" data-stateless-media-name=\"2023\/06\/bb81dc94-dkmemorial.png\" \/><\/figure>\n\n\n<div class=\"wp-block-group group-stretched-link is-layout-flow wp-block-group-is-layout-flow\"><div class=\"wp-block-post-terms\">Greenpeace<\/div>\n\n<h3 class=\"wp-block-post-title\"><a href=\"https:\/\/www.greenpeace.org\/denmark\/vaer-med\/stoet-greenpeace\/giv-en-mindegave\/\" target=\"_self\" >Giv en mindegave<\/a><\/h3>\n\n<div class=\"wp-block-post-excerpt\"><p class=\"wp-block-post-excerpt__excerpt\">Et mindekort er en k\u00e6rlig tanke til den afd\u00f8de og en velg\u00f8rende donation, der g\u00e5r til vores arbejde for at beskytte vores fantastiske planet nu og for kommende generationer. Du har mulighed for at v\u00e6lge mellem flere smukke motiver og tilf\u00f8je en personlig hilsen. N\u00e5r du giver en donation, sender vi mindekortet afsted med det&hellip; <\/p><\/div><\/div>\n\n\n\n<div class=\"wp-block-group read-more-nav is-layout-flow wp-block-group-is-layout-flow\"><a href=\"https:\/\/www.greenpeace.org\/denmark\/vaer-med\/stoet-greenpeace\/giv-en-mindegave\/\" class=\"btn btn-primary btn-small\" aria-label=\"V\u00e6r med\">V\u00e6r med<\/a><\/div>\n\n<\/li><\/ul>\n\n\n<div class=\"wp-block-buttons carousel-controls is-horizontal is-content-justification-space-between is-nowrap is-layout-flex wp-container-core-buttons-is-layout-044bd602 wp-block-buttons-is-layout-flex\">\n<div class=\"wp-block-button carousel-control-prev\"><button type=\"button\" class=\"wp-block-button__link wp-element-button\">Prev<\/button><\/div>\n\n\n\n<div class=\"wp-block-button carousel-control-next\"><button type=\"button\" class=\"wp-block-button__link wp-element-button\">Next<\/button><\/div>\n<\/div>\n\n\n\n<div class=\"wp-block-buttons load-more-actions-container is-content-justification-center is-layout-flex wp-container-core-buttons-is-layout-16018d1d wp-block-buttons-is-layout-flex\">\n<div class=\"wp-block-button is-style-secondary\"><button type=\"button\" class=\"wp-block-button__link wp-element-button\">Indl\u00e6s flere<\/button><\/div>\n<\/div>\n<\/div>\n\n<div style=\"height:50px\" aria-hidden=\"true\" id=\"vaer-med\" class=\"wp-block-spacer\"><\/div>\n\n<div class=\"wp-block-query mb-0 actions-list p4-query-loop is-custom-layout-grid is-layout-grid wp-container-core-query-is-layout-29f43435 wp-block-query-is-layout-grid\">\n<h2 class=\"wp-block-heading\">Andre m\u00e5der at v\u00e6re med<\/h2>\n\n\n\n<p style=\"margin-top:24px;margin-bottom:32px\">Du kan v\u00e6re med til at skabe en mere gr\u00f8n fremtid p\u00e5 mange m\u00e5der. Bliv frivillig i Greenpeace, book en Greenpeace speaker eller st\u00f8t vores arbejde.<\/p>\n\n\n\n\n<ul class=\"wp-block-post-template is-layout-flow wp-block-post-template-is-layout-flow\"><li class=\"wp-block-post post-3198 page type-page status-publish has-post-thumbnail hentry category-greenpeace tag-omgreenpeace tag-frivillig\">\n<figure class=\"wp-block-post-featured-image\"><img loading=\"lazy\" decoding=\"async\" width=\"800\" height=\"533\" src=\"https:\/\/www.greenpeace.org\/static\/planet4-denmark-stateless\/2022\/06\/177fb53c-greenpeaker.jpg\" class=\"attachment-post-thumbnail size-post-thumbnail wp-post-image wp-stateless-item\" alt=\"\" style=\"object-fit:cover;\" srcset=\"https:\/\/www.greenpeace.org\/static\/planet4-denmark-stateless\/2022\/06\/177fb53c-greenpeaker.jpg 800w, https:\/\/www.greenpeace.org\/static\/planet4-denmark-stateless\/2022\/06\/177fb53c-greenpeaker-300x200.jpg 300w, https:\/\/www.greenpeace.org\/static\/planet4-denmark-stateless\/2022\/06\/177fb53c-greenpeaker-768x512.jpg 768w, https:\/\/www.greenpeace.org\/static\/planet4-denmark-stateless\/2022\/06\/177fb53c-greenpeaker-510x340.jpg 510w\" sizes=\"auto, (max-width: 800px) 100vw, 800px\" data-image-size=\"post-thumbnail\" data-stateless-media-bucket=\"planet4-denmark-stateless\" data-stateless-media-name=\"2022\/06\/177fb53c-greenpeaker.jpg\" \/><\/figure>\n\n\n<div class=\"wp-block-group group-stretched-link is-layout-flow wp-block-group-is-layout-flow\"><div class=\"wp-block-post-terms\">Greenpeace<\/div>\n\n<h3 class=\"wp-block-post-title\"><a href=\"https:\/\/www.greenpeace.org\/denmark\/vaer-med\/faa-et-gratis-foredrag-med-greenpeace\/\" target=\"_self\" >F\u00e5 et gratis foredrag med Greenpeace<\/a><\/h3>\n\n<div class=\"wp-block-post-excerpt\"><p class=\"wp-block-post-excerpt__excerpt\">Kunne du t\u00e6nke dig at f\u00e5 et gratis foredrag med Greenpeace? Book en greenspeaker, der kan holde et foredrag om netop det, der kunne v\u00e6re relevant for jer. <\/p><\/div><\/div>\n\n\n\n<div class=\"wp-block-group read-more-nav is-layout-flow wp-block-group-is-layout-flow\"><a href=\"https:\/\/www.greenpeace.org\/denmark\/vaer-med\/faa-et-gratis-foredrag-med-greenpeace\/\" class=\"btn btn-primary btn-small\" aria-label=\"V\u00e6r med\">V\u00e6r med<\/a><\/div>\n\n<\/li><li class=\"wp-block-post post-58349 page type-page status-publish has-post-thumbnail hentry category-greenpeace tag-omgreenpeace\">\n<figure class=\"wp-block-post-featured-image\"><img loading=\"lazy\" decoding=\"async\" width=\"2560\" height=\"1816\" src=\"https:\/\/www.greenpeace.org\/static\/planet4-denmark-stateless\/2023\/11\/a1a00def-rasmusstills_001-scaled.jpg\" class=\"attachment-post-thumbnail size-post-thumbnail wp-post-image wp-stateless-item\" alt=\"\" style=\"object-fit:cover;\" srcset=\"https:\/\/www.greenpeace.org\/static\/planet4-denmark-stateless\/2023\/11\/a1a00def-rasmusstills_001-scaled.jpg 2560w, https:\/\/www.greenpeace.org\/static\/planet4-denmark-stateless\/2023\/11\/a1a00def-rasmusstills_001-300x213.jpg 300w, https:\/\/www.greenpeace.org\/static\/planet4-denmark-stateless\/2023\/11\/a1a00def-rasmusstills_001-1024x726.jpg 1024w, https:\/\/www.greenpeace.org\/static\/planet4-denmark-stateless\/2023\/11\/a1a00def-rasmusstills_001-768x545.jpg 768w, https:\/\/www.greenpeace.org\/static\/planet4-denmark-stateless\/2023\/11\/a1a00def-rasmusstills_001-1536x1089.jpg 1536w, https:\/\/www.greenpeace.org\/static\/planet4-denmark-stateless\/2023\/11\/a1a00def-rasmusstills_001-2048x1453.jpg 2048w, https:\/\/www.greenpeace.org\/static\/planet4-denmark-stateless\/2023\/11\/a1a00def-rasmusstills_001-1926x1366.jpg 1926w, https:\/\/www.greenpeace.org\/static\/planet4-denmark-stateless\/2023\/11\/a1a00def-rasmusstills_001-479x340.jpg 479w\" sizes=\"auto, (max-width: 2560px) 100vw, 2560px\" data-image-size=\"post-thumbnail\" data-stateless-media-bucket=\"planet4-denmark-stateless\" data-stateless-media-name=\"2023\/11\/a1a00def-rasmusstills_001-scaled.jpg\" \/><\/figure>\n\n\n<div class=\"wp-block-group group-stretched-link is-layout-flow wp-block-group-is-layout-flow\"><div class=\"wp-block-post-terms\">Greenpeace<\/div>\n\n<h3 class=\"wp-block-post-title\"><a href=\"https:\/\/www.greenpeace.org\/denmark\/vaer-med\/tilmeld-dig-greenpeace-danmarks-nyhedsbrev\/\" target=\"_self\" >Tilmeld dig Greenpeace Danmarks nyhedsbrev<\/a><\/h3>\n\n<div class=\"wp-block-post-excerpt\"><p class=\"wp-block-post-excerpt__excerpt\">Du kan skrive dig op til at modtage e-mails fra Greenpeace her. S\u00e5 modtager du opdateringer om vores arbejde, muligheder for at engagere dig og meget andet. <\/p><\/div><\/div>\n\n\n\n<div class=\"wp-block-group read-more-nav is-layout-flow wp-block-group-is-layout-flow\"><a href=\"https:\/\/www.greenpeace.org\/denmark\/vaer-med\/tilmeld-dig-greenpeace-danmarks-nyhedsbrev\/\" class=\"btn btn-primary btn-small\" aria-label=\"V\u00e6r med\">V\u00e6r med<\/a><\/div>\n\n<\/li><li class=\"wp-block-post post-398 page type-page status-publish has-post-thumbnail hentry category-greenpeace tag-omgreenpeace tag-frivillig\">\n<figure class=\"wp-block-post-featured-image\"><img loading=\"lazy\" decoding=\"async\" width=\"1200\" height=\"800\" src=\"https:\/\/www.greenpeace.org\/static\/planet4-denmark-stateless\/2018\/09\/4a05e9c4-gp0stqq7j.jpg\" class=\"attachment-post-thumbnail size-post-thumbnail wp-post-image wp-stateless-item\" alt=\"RESIST Climate March in Copenhagen. \u00a9 Will Rose\" style=\"object-fit:cover;\" srcset=\"https:\/\/www.greenpeace.org\/static\/planet4-denmark-stateless\/2018\/09\/4a05e9c4-gp0stqq7j.jpg 1200w, https:\/\/www.greenpeace.org\/static\/planet4-denmark-stateless\/2018\/09\/4a05e9c4-gp0stqq7j-300x200.jpg 300w, https:\/\/www.greenpeace.org\/static\/planet4-denmark-stateless\/2018\/09\/4a05e9c4-gp0stqq7j-768x512.jpg 768w, https:\/\/www.greenpeace.org\/static\/planet4-denmark-stateless\/2018\/09\/4a05e9c4-gp0stqq7j-1024x683.jpg 1024w, https:\/\/www.greenpeace.org\/static\/planet4-denmark-stateless\/2018\/09\/4a05e9c4-gp0stqq7j-510x340.jpg 510w\" sizes=\"auto, (max-width: 1200px) 100vw, 1200px\" data-image-size=\"post-thumbnail\" data-stateless-media-bucket=\"planet4-denmark-stateless\" data-stateless-media-name=\"2018\/09\/4a05e9c4-gp0stqq7j.jpg\" \/><\/figure>\n\n\n<div class=\"wp-block-group group-stretched-link is-layout-flow wp-block-group-is-layout-flow\"><div class=\"wp-block-post-terms\">Greenpeace<\/div>\n\n<h3 class=\"wp-block-post-title\"><a href=\"https:\/\/www.greenpeace.org\/denmark\/vaer-med\/frivillig\/\" target=\"_self\" >Bliv frivillig<\/a><\/h3>\n\n<div class=\"wp-block-post-excerpt\"><p class=\"wp-block-post-excerpt__excerpt\">Meld dig som frivillig i Greenpeace og v\u00e6r med til at g\u00f8re en forskel! Du bliver en del af et internationalt f\u00e6lleskab, der k\u00e6mper for at f\u00e5 klimaet og milj\u00f8et i balance. <\/p><\/div><\/div>\n\n\n\n<div class=\"wp-block-group read-more-nav is-layout-flow wp-block-group-is-layout-flow\"><a href=\"https:\/\/www.greenpeace.org\/denmark\/vaer-med\/frivillig\/\" class=\"btn btn-primary btn-small\" aria-label=\"V\u00e6r med\">V\u00e6r med<\/a><\/div>\n\n<\/li><li class=\"wp-block-post post-57182 page type-page status-publish has-post-thumbnail hentry category-greenpeace tag-aktivisme\">\n<figure class=\"wp-block-post-featured-image\"><img loading=\"lazy\" decoding=\"async\" width=\"800\" height=\"450\" src=\"https:\/\/www.greenpeace.org\/static\/planet4-denmark-stateless\/2023\/07\/ff64498d-09_topten_gp1sx8x8.webp\" class=\"attachment-post-thumbnail size-post-thumbnail wp-post-image wp-stateless-item\" alt=\"\" style=\"object-fit:cover;\" srcset=\"https:\/\/www.greenpeace.org\/static\/planet4-denmark-stateless\/2023\/07\/ff64498d-09_topten_gp1sx8x8.webp 800w, https:\/\/www.greenpeace.org\/static\/planet4-denmark-stateless\/2023\/07\/ff64498d-09_topten_gp1sx8x8-300x169.webp 300w, https:\/\/www.greenpeace.org\/static\/planet4-denmark-stateless\/2023\/07\/ff64498d-09_topten_gp1sx8x8-768x432.webp 768w, https:\/\/www.greenpeace.org\/static\/planet4-denmark-stateless\/2023\/07\/ff64498d-09_topten_gp1sx8x8-510x287.webp 510w\" sizes=\"auto, (max-width: 800px) 100vw, 800px\" data-image-size=\"post-thumbnail\" data-stateless-media-bucket=\"planet4-denmark-stateless\" data-stateless-media-name=\"2023\/07\/ff64498d-09_topten_gp1sx8x8.webp\" \/><\/figure>\n\n\n<div class=\"wp-block-group group-stretched-link is-layout-flow wp-block-group-is-layout-flow\"><div class=\"wp-block-post-terms\">Greenpeace<\/div>\n\n<h3 class=\"wp-block-post-title\"><a href=\"https:\/\/www.greenpeace.org\/denmark\/vaer-med\/bliv-greenpeace-aktivist\/\" target=\"_self\" >Bliv Greenpeace-aktivist<\/a><\/h3>\n\n<div class=\"wp-block-post-excerpt\"><p class=\"wp-block-post-excerpt__excerpt\">Civil ulydighed er en del af Greenpeace&#8217;s DNA. I over 50 \u00e5r har Greenpeace-aktivister brugt fredelige taktikker og civil ulydighed for at k\u00e6mpe imod forurenende virksomheder, der \u00f8del\u00e6gger fremtiden for os alle. Vi er altid fredelige, og vi tager altid personligt ansvar for vores handlinger. <\/p><\/div><\/div>\n\n\n\n<div class=\"wp-block-group read-more-nav is-layout-flow wp-block-group-is-layout-flow\"><a href=\"https:\/\/www.greenpeace.org\/denmark\/vaer-med\/bliv-greenpeace-aktivist\/\" class=\"btn btn-primary btn-small\" aria-label=\"V\u00e6r med\">V\u00e6r med<\/a><\/div>\n\n<\/li><li class=\"wp-block-post post-55048 page type-page status-publish has-post-thumbnail hentry category-greenpeace category-klimaforandringer tag-klimalosninger tag-energilosninger tag-finans tag-fremtidenslandbrug tag-okologi tag-vildnaturidanmark tag-omgreenpeace tag-fossilenergi tag-forbrug tag-aktivisme\">\n<figure class=\"wp-block-post-featured-image\"><img loading=\"lazy\" decoding=\"async\" width=\"1920\" height=\"1080\" src=\"https:\/\/www.greenpeace.org\/static\/planet4-denmark-stateless\/2022\/10\/a5dfce24-sussi-og-helene-8.jpg\" class=\"attachment-post-thumbnail size-post-thumbnail wp-post-image wp-stateless-item\" alt=\"\" style=\"object-fit:cover;\" srcset=\"https:\/\/www.greenpeace.org\/static\/planet4-denmark-stateless\/2022\/10\/a5dfce24-sussi-og-helene-8.jpg 1920w, https:\/\/www.greenpeace.org\/static\/planet4-denmark-stateless\/2022\/10\/a5dfce24-sussi-og-helene-8-300x169.jpg 300w, https:\/\/www.greenpeace.org\/static\/planet4-denmark-stateless\/2022\/10\/a5dfce24-sussi-og-helene-8-1024x576.jpg 1024w, https:\/\/www.greenpeace.org\/static\/planet4-denmark-stateless\/2022\/10\/a5dfce24-sussi-og-helene-8-768x432.jpg 768w, https:\/\/www.greenpeace.org\/static\/planet4-denmark-stateless\/2022\/10\/a5dfce24-sussi-og-helene-8-1536x864.jpg 1536w, https:\/\/www.greenpeace.org\/static\/planet4-denmark-stateless\/2022\/10\/a5dfce24-sussi-og-helene-8-510x287.jpg 510w\" sizes=\"auto, (max-width: 1920px) 100vw, 1920px\" data-image-size=\"post-thumbnail\" data-stateless-media-bucket=\"planet4-denmark-stateless\" data-stateless-media-name=\"2022\/10\/a5dfce24-sussi-og-helene-8.jpg\" \/><\/figure>\n\n\n<div class=\"wp-block-group group-stretched-link is-layout-flow wp-block-group-is-layout-flow\"><div class=\"wp-block-post-terms\">Greenpeace<\/div>\n\n<h3 class=\"wp-block-post-title\"><a href=\"https:\/\/www.greenpeace.org\/denmark\/vaer-med\/lyt-til-alle-seneste-greenpeace-podcasts-paa-spotify-og-apple-podcasts\/\" target=\"_self\" >Lyt til alle seneste Greenpeace-podcasts p\u00e5 Spotify og Apple Podcasts<\/a><\/h3>\n\n<div class=\"wp-block-post-excerpt\"><p class=\"wp-block-post-excerpt__excerpt\">F\u00f8lg de seneste afsnit af vores podcasts om klimaforandringer, Danmarks klimapolitik og gr\u00f8nne omstilling og andre emner med vores klimahelte og deres g\u00e6ster. <\/p><\/div><\/div>\n\n\n\n<div class=\"wp-block-group read-more-nav is-layout-flow wp-block-group-is-layout-flow\"><a href=\"https:\/\/www.greenpeace.org\/denmark\/vaer-med\/lyt-til-alle-seneste-greenpeace-podcasts-paa-spotify-og-apple-podcasts\/\" class=\"btn btn-primary btn-small\" aria-label=\"V\u00e6r med\">V\u00e6r med<\/a><\/div>\n\n<\/li><li class=\"wp-block-post post-13713 page type-page status-publish has-post-thumbnail hentry category-klimaforandringer tag-job\">\n<figure class=\"wp-block-post-featured-image\"><img loading=\"lazy\" decoding=\"async\" width=\"800\" height=\"358\" src=\"https:\/\/www.greenpeace.org\/static\/planet4-denmark-stateless\/2020\/07\/baf57da9-jobopslag-e1595245148896.jpg\" class=\"attachment-post-thumbnail size-post-thumbnail wp-post-image wp-stateless-item\" alt=\"\" style=\"object-fit:cover;\" srcset=\"https:\/\/www.greenpeace.org\/static\/planet4-denmark-stateless\/2020\/07\/baf57da9-jobopslag-e1595245148896.jpg 800w, https:\/\/www.greenpeace.org\/static\/planet4-denmark-stateless\/2020\/07\/baf57da9-jobopslag-e1595245148896-300x134.jpg 300w, https:\/\/www.greenpeace.org\/static\/planet4-denmark-stateless\/2020\/07\/baf57da9-jobopslag-e1595245148896-768x344.jpg 768w, https:\/\/www.greenpeace.org\/static\/planet4-denmark-stateless\/2020\/07\/baf57da9-jobopslag-e1595245148896-510x228.jpg 510w\" sizes=\"auto, (max-width: 800px) 100vw, 800px\" data-image-size=\"post-thumbnail\" data-stateless-media-bucket=\"planet4-denmark-stateless\" data-stateless-media-name=\"2020\/07\/baf57da9-jobopslag-e1595245148896.jpg\" \/><\/figure>\n\n\n<div class=\"wp-block-group group-stretched-link is-layout-flow wp-block-group-is-layout-flow\"><div class=\"wp-block-post-terms\">Klimaforandringer<\/div>\n\n<h3 class=\"wp-block-post-title\"><a href=\"https:\/\/www.greenpeace.org\/denmark\/vaer-med\/job-og-andre-muligheder-i-greenpeace\/\" target=\"_self\" >Job og andre muligheder i Greenpeace<\/a><\/h3>\n\n<div class=\"wp-block-post-excerpt\"><p class=\"wp-block-post-excerpt__excerpt\">Vi leder altid efter passionerede medarbejdere til forskellige job i Greenpeace. Det kan v\u00e6re som ansat for Greenpeace International eller p\u00e5 et af de lokale kontorer, som f.eks. Greenpeace Danmark i K\u00f8benhavn. <\/p><\/div><\/div>\n\n\n\n<div class=\"wp-block-group read-more-nav is-layout-flow wp-block-group-is-layout-flow\"><a href=\"https:\/\/www.greenpeace.org\/denmark\/vaer-med\/job-og-andre-muligheder-i-greenpeace\/\" class=\"btn btn-primary btn-small\" aria-label=\"V\u00e6r med\">V\u00e6r med<\/a><\/div>\n\n<\/li><\/ul>\n\n\n<div class=\"wp-block-buttons carousel-controls is-horizontal is-content-justification-space-between is-nowrap is-layout-flex wp-container-core-buttons-is-layout-044bd602 wp-block-buttons-is-layout-flex\">\n<div class=\"wp-block-button carousel-control-prev\"><button type=\"button\" class=\"wp-block-button__link wp-element-button\">Prev<\/button><\/div>\n\n\n\n<div class=\"wp-block-button carousel-control-next\"><button type=\"button\" class=\"wp-block-button__link wp-element-button\">Next<\/button><\/div>\n<\/div>\n\n\n\n<div class=\"wp-block-buttons load-more-actions-container is-content-justification-center is-layout-flex wp-container-core-buttons-is-layout-16018d1d wp-block-buttons-is-layout-flex\">\n<div class=\"wp-block-button is-style-secondary\"><button type=\"button\" class=\"wp-block-button__link wp-element-button\">Indl\u00e6s flere<\/button><\/div>\n<\/div>\n<\/div>\n\n<div style=\"height:50px\" aria-hidden=\"true\" class=\"wp-block-spacer\"><\/div>\n\n<p><\/p>\n","protected":false},"excerpt":{"rendered":"<p>Greenpeace har brug for mennesker, som vil v\u00e6re med til at skabe fremskridt for vores milj\u00f8 og klima. Find en kampagne her og v\u00e6r med!<\/p>\n","protected":false},"author":20,"featured_media":52531,"parent":0,"menu_order":0,"comment_status":"closed","ping_status":"closed","template":"","meta":{"ep_exclude_from_search":false,"p4_hide_page_title_checkbox":"on","p4_title":"","p4_subtitle":"","p4_description":"","background_image_id":"","background_image":"","p4_button_title":"","p4_button_link":"","p4_button_link_checkbox":"","p4_og_title":"","p4_og_description":"","p4_og_image":"https:\/\/www.greenpeace.org\/static\/planet4-denmark-stateless\/2022\/06\/177fb53c-greenpeaker.jpg","p4_og_image_id":"51356","p4_seo_canonical_url":"","p4_campaign_name":"not set","p4_local_project":"not set","p4_basket_name":"not set","p4_department":"","footnotes":""},"categories":[1],"tags":[],"class_list":["post-9","page","type-page","status-publish","has-post-thumbnail","hentry","category-klimaforandringer"],"_links":{"self":[{"href":"https:\/\/www.greenpeace.org\/denmark\/wp-json\/wp\/v2\/pages\/9","targetHints":{"allow":["GET"]}}],"collection":[{"href":"https:\/\/www.greenpeace.org\/denmark\/wp-json\/wp\/v2\/pages"}],"about":[{"href":"https:\/\/www.greenpeace.org\/denmark\/wp-json\/wp\/v2\/types\/page"}],"author":[{"embeddable":true,"href":"https:\/\/www.greenpeace.org\/denmark\/wp-json\/wp\/v2\/users\/20"}],"replies":[{"embeddable":true,"href":"https:\/\/www.greenpeace.org\/denmark\/wp-json\/wp\/v2\/comments?post=9"}],"version-history":[{"count":19,"href":"https:\/\/www.greenpeace.org\/denmark\/wp-json\/wp\/v2\/pages\/9\/revisions"}],"predecessor-version":[{"id":81598,"href":"https:\/\/www.greenpeace.org\/denmark\/wp-json\/wp\/v2\/pages\/9\/revisions\/81598"}],"wp:featuredmedia":[{"embeddable":true,"href":"https:\/\/www.greenpeace.org\/denmark\/wp-json\/wp\/v2\/media\/52531"}],"wp:attachment":[{"href":"https:\/\/www.greenpeace.org\/denmark\/wp-json\/wp\/v2\/media?parent=9"}],"wp:term":[{"taxonomy":"category","embeddable":true,"href":"https:\/\/www.greenpeace.org\/denmark\/wp-json\/wp\/v2\/categories?post=9"},{"taxonomy":"post_tag","embeddable":true,"href":"https:\/\/www.greenpeace.org\/denmark\/wp-json\/wp\/v2\/tags?post=9"}],"curies":[{"name":"wp","href":"https:\/\/api.w.org\/{rel}","templated":true}]}}