{"id":51820,"date":"2022-11-25T16:19:03","date_gmt":"2022-11-25T13:19:03","guid":{"rendered":"https:\/\/www.greenpeace.org\/finland\/?page_id=51820"},"modified":"2026-04-08T11:45:15","modified_gmt":"2026-04-08T08:45:15","slug":"ilmastonmuutoksen-syyt","status":"publish","type":"page","link":"https:\/\/www.greenpeace.org\/finland\/ilmastonmuutos\/ilmastonmuutoksen-syyt\/","title":{"rendered":"Ilmastonmuutoksen syyt"},"content":{"rendered":"\n<div class=\"wp-block-group is-pattern-p4-deep-dive-topic-pattern-layout is-layout-flow wp-block-group-is-layout-flow\">\n<div class=\"wp-block-group alignfull has-grey-100-background-color has-background is-layout-flow wp-block-group-is-layout-flow\" style=\"padding-top:56px;padding-bottom:56px\">\n<div class=\"wp-block-group container is-layout-flow wp-block-group-is-layout-flow\">\n<div class=\"wp-block-media-text alignfull has-media-on-the-right is-stacked-on-mobile is-pattern-p4-page-header is-style-parallax\"><div class=\"wp-block-media-text__content\">\n<div class=\"wp-block-group is-layout-flow wp-block-group-is-layout-flow\">\n<h1 class=\"wp-block-heading has-grey-100-background-color has-background\">Mist\u00e4 ilmastonmuutos johtuu?<\/h1>\n<\/div>\n\n\n\n<p style=\"font-size:1.25rem\">Fossiilisten polttoaineiden k\u00e4ytt\u00f6, metsien tuhoaminen ja teollinen maatalous tuottavat p\u00e4\u00e4st\u00f6j\u00e4, jotka kiihdytt\u00e4v\u00e4t maapallon l\u00e4mpenemist\u00e4. Nykyiset p\u00e4\u00e4st\u00f6t pysyv\u00e4t ilmakeh\u00e4ss\u00e4 eritt\u00e4in pitk\u00e4\u00e4n. T\u00e4n\u00e4\u00e4n tekem\u00e4mme p\u00e4\u00e4t\u00f6kset eiv\u00e4t vaikuta vain omiin vaan my\u00f6s tulevien sukupolvien elinoloihin.<\/p>\n\n\n\n<div class=\"wp-block-buttons is-layout-flex wp-block-buttons-is-layout-flex\"><\/div>\n<\/div><figure class=\"wp-block-media-text__media\"><img loading=\"lazy\" decoding=\"async\" width=\"1024\" height=\"597\" src=\"https:\/\/www.greenpeace.org\/static\/planet4-finland-stateless\/2022\/02\/2932675c-gp0strm1x_medium_res-1024x597.jpg\" alt=\"\" sizes=\"auto, (min-width: 601px) 50vw, 100vw\" srcset=\"https:\/\/www.greenpeace.org\/static\/planet4-finland-stateless\/2022\/02\/2932675c-gp0strm1x_medium_res.jpg 1200w, https:\/\/www.greenpeace.org\/static\/planet4-finland-stateless\/2022\/02\/2932675c-gp0strm1x_medium_res-300x175.jpg 300w, https:\/\/www.greenpeace.org\/static\/planet4-finland-stateless\/2022\/02\/2932675c-gp0strm1x_medium_res-1024x597.jpg 1024w, https:\/\/www.greenpeace.org\/static\/planet4-finland-stateless\/2022\/02\/2932675c-gp0strm1x_medium_res-768x448.jpg 768w, https:\/\/www.greenpeace.org\/static\/planet4-finland-stateless\/2022\/02\/2932675c-gp0strm1x_medium_res-510x298.jpg 510w\" class=\"wp-image-50031 size-full\"\/><\/figure><\/div>\n<\/div>\n<\/div>\n\n\n\n<style>.wp-block-group.alignfull.has-background.is-layout-flow{padding:0!important;}<\/style>\n\n<div style=\"height:15px\" aria-hidden=\"true\" class=\"wp-block-spacer\"><\/div>\n\n<div class=\"wp-block-columns is-style-mobile-carousel secondary-menu is-layout-flex wp-container-core-columns-is-layout-9d6595d7 wp-block-columns-is-layout-flex\">\n<div class=\"wp-block-column is-layout-flow wp-block-column-is-layout-flow\" style=\"flex-basis:10%\"><\/div>\n\n\n\n<div class=\"wp-block-column brdr-bottom is-layout-flow wp-block-column-is-layout-flow\" style=\"flex-basis:80%\">\n<div class=\"wp-block-group is-style-reset-margin flex-wrap is-content-justification-center is-nowrap is-layout-flex wp-container-core-group-is-layout-499140ed wp-block-group-is-layout-flex\">\n<p class=\"has-text-align-center is-style-roboto-font-family nav-link\" style=\"font-size:16px\"><a href=\"#ongelma\"><strong>Ongelma<\/strong><\/a><\/p>\n\n\n\n<div style=\"height:30px;width:0px\" aria-hidden=\"true\" class=\"wp-block-spacer wp-container-content-b0b89ccb\"><\/div>\n\n\n\n<p>\u2022<\/p>\n\n\n\n<div style=\"height:30px;width:0px\" aria-hidden=\"true\" class=\"wp-block-spacer wp-container-content-b0b89ccb\"><\/div>\n\n\n\n<p class=\"has-text-align-center is-style-roboto-font-family nav-link\" style=\"font-size:16px\"><a href=\"#mita-teemme\"><strong>Mit\u00e4 teemme<\/strong><\/a><\/p>\n\n\n\n<div style=\"height:30px;width:0px\" aria-hidden=\"true\" class=\"wp-block-spacer wp-container-content-b0b89ccb\"><\/div>\n\n\n\n<p>\u2022<\/p>\n\n\n\n<div style=\"height:30px;width:0px\" aria-hidden=\"true\" class=\"wp-block-spacer wp-container-content-b0b89ccb\"><\/div>\n\n\n\n<p class=\"has-text-align-center is-style-roboto-font-family nav-link\" style=\"font-size:16px\"><a href=\"#mita-voit-tehda\"><strong>Mit\u00e4 voit tehd\u00e4<\/strong><\/a><\/p>\n\n\n\n<div style=\"height:30px;width:0px\" aria-hidden=\"true\" class=\"wp-block-spacer wp-container-content-b0b89ccb\"><\/div>\n\n\n\n<p>\u2022<\/p>\n\n\n\n<div style=\"height:30px;width:0px\" aria-hidden=\"true\" class=\"wp-block-spacer wp-container-content-b0b89ccb\"><\/div>\n\n\n\n<p class=\"is-style-roboto-font-family nav-link\" style=\"font-size:16px\"><a href=\"#ajankohtaista\"><strong>Ajankohtaista<\/strong><\/a><\/p>\n\n\n\n<div style=\"height:30px;width:0px\" aria-hidden=\"true\" class=\"wp-block-spacer wp-container-content-b0b89ccb\"><\/div>\n<\/div>\n<\/div>\n\n\n\n<div class=\"wp-block-column is-layout-flow wp-block-column-is-layout-flow\" style=\"flex-basis:10%\"><\/div>\n<\/div>\n\n\n\n<div style=\"height:64px\" aria-hidden=\"true\" class=\"wp-block-spacer\"><\/div>\n\n\n\n<div class=\"wp-block-media-text alignwide is-stacked-on-mobile block is-style-default\"><figure class=\"wp-block-media-text__media\"><img loading=\"lazy\" decoding=\"async\" width=\"800\" height=\"533\" src=\"https:\/\/www.greenpeace.org\/static\/planet4-finland-stateless\/2022\/11\/af4812bd-gp0sturp5_web_size.jpg\" alt=\"\" sizes=\"auto, (min-width: 1600px) calc((1320px - 24px) \/ 2),(min-width: 1200px) calc((1140px - 24px) \/ 2),(min-width: 992px) calc((960px - 24px) \/ 2),(min-width: 768px) calc((720px - 24px) \/ 2),(min-width: 601px) calc((540px - 24px) \/ 2),(min-width: 577px) calc((540px - 24px) \/ 1), calc(100vw - 24px)\" srcset=\"https:\/\/www.greenpeace.org\/static\/planet4-finland-stateless\/2022\/11\/af4812bd-gp0sturp5_web_size.jpg 800w, https:\/\/www.greenpeace.org\/static\/planet4-finland-stateless\/2022\/11\/af4812bd-gp0sturp5_web_size-300x200.jpg 300w, https:\/\/www.greenpeace.org\/static\/planet4-finland-stateless\/2022\/11\/af4812bd-gp0sturp5_web_size-768x512.jpg 768w, https:\/\/www.greenpeace.org\/static\/planet4-finland-stateless\/2022\/11\/af4812bd-gp0sturp5_web_size-510x340.jpg 510w\" class=\"wp-image-52063 size-full\"\/><\/figure><div class=\"wp-block-media-text__content\">\n<div style=\"height:20px\" aria-hidden=\"true\" id=\"ongelma\" class=\"wp-block-spacer\"><\/div>\n\n\n\n<h2 class=\"wp-block-heading\">Ilmastokriisi kiihtyy<\/h2>\n\n\n\n<p>Fossiilisten polttoaineiden k\u00e4ytt\u00f6, metsien tuhoaminen ja teollinen maatalous kiihdytt\u00e4v\u00e4t maapallon l\u00e4mpenemist\u00e4. Ilmastokriisi on k\u00e4\u00e4nnekohta, joka m\u00e4\u00e4ritt\u00e4\u00e4 koko planeettamme tulevaisuuden. Maapallon keskil\u00e4mp\u00f6tila on noussut jo noussut yli yhden asteen. Jotta ihmiskunnalle ja ekosysteemeille ei aiheutuisi tuhoisia vaikutuksia, meid\u00e4n on pys\u00e4ytett\u00e4v\u00e4 ilmaston l\u00e4mpeneminen 1,5 asteeseen.<\/p>\n\n\n\n<div class=\"wp-block-buttons is-layout-flex wp-block-buttons-is-layout-flex\"><\/div>\n\n\n\n<div style=\"height:10px\" aria-hidden=\"true\" class=\"wp-block-spacer\"><\/div>\n<\/div><\/div>\n\n\n\n<div class=\"wp-block-media-text alignwide has-media-on-the-right is-stacked-on-mobile block is-style-default\"><div class=\"wp-block-media-text__content\">\n<div style=\"height:20px\" aria-hidden=\"true\" id=\"mita-teemme\" class=\"wp-block-spacer\"><\/div>\n\n\n\n<h2 class=\"wp-block-heading\">Toimintaa ilmaston puolesta<\/h2>\n\n\n\n<p>Suojelemme metsien hiilinieluja, vaadimme valtioita ja yrityksi\u00e4 luopumaan fossiilisista, ja tuemme liikkeit\u00e4, jotka rakentavat kest\u00e4v\u00e4mp\u00e4\u00e4 yhteiskuntaa. Toimimme suoraan silloin kun puhe ei riit\u00e4.<\/p>\n\n\n\n<div class=\"wp-block-buttons is-layout-flex wp-block-buttons-is-layout-flex\"><\/div>\n\n\n\n<div style=\"height:10px\" aria-hidden=\"true\" class=\"wp-block-spacer\"><\/div>\n<\/div><figure class=\"wp-block-media-text__media\"><img loading=\"lazy\" decoding=\"async\" width=\"800\" height=\"534\" src=\"https:\/\/www.greenpeace.org\/static\/planet4-finland-stateless\/2022\/11\/389a6822-gp1szthd_web_size.jpg\" alt=\"\" sizes=\"auto, (min-width: 1600px) calc((1320px - 24px) \/ 2),(min-width: 1200px) calc((1140px - 24px) \/ 2),(min-width: 992px) calc((960px - 24px) \/ 2),(min-width: 768px) calc((720px - 24px) \/ 2),(min-width: 601px) calc((540px - 24px) \/ 2),(min-width: 577px) calc((540px - 24px) \/ 1), calc(100vw - 24px)\" srcset=\"https:\/\/www.greenpeace.org\/static\/planet4-finland-stateless\/2022\/11\/389a6822-gp1szthd_web_size.jpg 800w, https:\/\/www.greenpeace.org\/static\/planet4-finland-stateless\/2022\/11\/389a6822-gp1szthd_web_size-300x200.jpg 300w, https:\/\/www.greenpeace.org\/static\/planet4-finland-stateless\/2022\/11\/389a6822-gp1szthd_web_size-768x513.jpg 768w, https:\/\/www.greenpeace.org\/static\/planet4-finland-stateless\/2022\/11\/389a6822-gp1szthd_web_size-510x340.jpg 510w\" class=\"wp-image-52065 size-full\"\/><\/figure><\/div>\n\n\n\n<div style=\"height:10px\" aria-hidden=\"true\" id=\"mita-voit-tehda\" class=\"wp-block-spacer\"><\/div>\n\n\n\n<div class=\"wp-block-query actions-list p4-query-loop is-custom-layout-carousel is-layout-flex wp-block-query-is-layout-flex\">\n<h2 class=\"wp-block-heading\">Mit\u00e4 voit tehd\u00e4<\/h2>\n\n\n\n<p style=\"margin-top:24px;margin-bottom:32px\">Voit tulla mukaan toimintaamme vapaaehtoisena, jotta saamme ilmastop\u00e4\u00e4st\u00f6mme kuriin ja hiilinielumme pelastettua. T\u00e4ss\u00e4 my\u00f6s ajankohtaisia vetoomuksia ilmastoon liittyen:<\/p>\n\n\n\n\n<ul class=\"wp-block-post-template is-layout-flow wp-block-post-template-is-layout-flow\"><li class=\"wp-block-post post-58623 page type-page status-publish has-post-thumbnail hentry category-ilmastonmuutos tag-ilmastopolitiikka tag-maatalous\">\n<figure class=\"wp-block-post-featured-image\"><img loading=\"lazy\" decoding=\"async\" width=\"2813\" height=\"2250\" src=\"https:\/\/www.greenpeace.org\/static\/planet4-finland-stateless\/2025\/03\/56f9c939-gp_pp_kuvituskuvat_piglets1350x10804.png\" class=\"attachment-post-thumbnail size-post-thumbnail wp-post-image wp-stateless-item\" alt=\"\" style=\"object-fit:cover;\" srcset=\"https:\/\/www.greenpeace.org\/static\/planet4-finland-stateless\/2025\/03\/56f9c939-gp_pp_kuvituskuvat_piglets1350x10804.png 2813w, https:\/\/www.greenpeace.org\/static\/planet4-finland-stateless\/2025\/03\/56f9c939-gp_pp_kuvituskuvat_piglets1350x10804-300x240.png 300w, https:\/\/www.greenpeace.org\/static\/planet4-finland-stateless\/2025\/03\/56f9c939-gp_pp_kuvituskuvat_piglets1350x10804-1024x819.png 1024w, https:\/\/www.greenpeace.org\/static\/planet4-finland-stateless\/2025\/03\/56f9c939-gp_pp_kuvituskuvat_piglets1350x10804-768x614.png 768w, https:\/\/www.greenpeace.org\/static\/planet4-finland-stateless\/2025\/03\/56f9c939-gp_pp_kuvituskuvat_piglets1350x10804-1536x1229.png 1536w, https:\/\/www.greenpeace.org\/static\/planet4-finland-stateless\/2025\/03\/56f9c939-gp_pp_kuvituskuvat_piglets1350x10804-2048x1638.png 2048w, https:\/\/www.greenpeace.org\/static\/planet4-finland-stateless\/2025\/03\/56f9c939-gp_pp_kuvituskuvat_piglets1350x10804-1708x1366.png 1708w, https:\/\/www.greenpeace.org\/static\/planet4-finland-stateless\/2025\/03\/56f9c939-gp_pp_kuvituskuvat_piglets1350x10804-425x340.png 425w\" sizes=\"auto, (max-width: 2813px) 100vw, 2813px\" data-image-size=\"post-thumbnail\" data-stateless-media-bucket=\"planet4-finland-stateless\" data-stateless-media-name=\"2025\/03\/56f9c939-gp_pp_kuvituskuvat_piglets1350x10804.png\" \/><\/figure>\n\n\n                <div class=\"wp-block-group group-stretched-link is-layout-flow wp-block-group-is-layout-flow\"><div class=\"wp-block-post-terms\">Ilmastonmuutos<\/div>\n                <h3 class=\"wp-block-post-title\"><a href=\"https:\/\/www.greenpeace.org\/finland\/toimi\/kuntatalous-kuntoon-laskuri\/\" target=\"_self\" >Kuntatalous kuntoon kasvisruoalla<\/a><\/h3>\n                <div class=\"wp-block-post-excerpt\"><p class=\"wp-block-post-excerpt__excerpt\">Tarkista kuinka paljon oma kotikuntasi voisi s\u00e4\u00e4st\u00e4\u00e4 korvaamalla puolet lihasta kasviproteiineilla! <\/p><\/div><\/div>\n                \n\n\n<div class=\"wp-block-group read-more-nav is-layout-flow wp-block-group-is-layout-flow\"><a href=\"https:\/\/www.greenpeace.org\/finland\/toimi\/kuntatalous-kuntoon-laskuri\/\" class=\"btn btn-primary btn-small\" aria-label=\"Tule mukaan\">Tule mukaan<\/a><\/div>\n\n<\/li><li class=\"wp-block-post post-58242 page type-page status-publish has-post-thumbnail hentry category-ilmastonmuutos tag-ilmastopolitiikka tag-maatalous\">\n<figure class=\"wp-block-post-featured-image\"><img loading=\"lazy\" decoding=\"async\" width=\"1365\" height=\"1024\" src=\"https:\/\/www.greenpeace.org\/static\/planet4-finland-stateless\/2025\/02\/7b49d832-pp-aanestajalle-artikkelikuva.png\" class=\"attachment-post-thumbnail size-post-thumbnail wp-post-image wp-stateless-item\" alt=\"\" style=\"object-fit:cover;\" srcset=\"https:\/\/www.greenpeace.org\/static\/planet4-finland-stateless\/2025\/02\/7b49d832-pp-aanestajalle-artikkelikuva.png 1365w, https:\/\/www.greenpeace.org\/static\/planet4-finland-stateless\/2025\/02\/7b49d832-pp-aanestajalle-artikkelikuva-300x225.png 300w, https:\/\/www.greenpeace.org\/static\/planet4-finland-stateless\/2025\/02\/7b49d832-pp-aanestajalle-artikkelikuva-1024x768.png 1024w, https:\/\/www.greenpeace.org\/static\/planet4-finland-stateless\/2025\/02\/7b49d832-pp-aanestajalle-artikkelikuva-768x576.png 768w, https:\/\/www.greenpeace.org\/static\/planet4-finland-stateless\/2025\/02\/7b49d832-pp-aanestajalle-artikkelikuva-453x340.png 453w\" sizes=\"auto, (max-width: 1365px) 100vw, 1365px\" data-image-size=\"post-thumbnail\" data-stateless-media-bucket=\"planet4-finland-stateless\" data-stateless-media-name=\"2025\/02\/7b49d832-pp-aanestajalle-artikkelikuva.png\" \/><\/figure>\n\n\n                <div class=\"wp-block-group group-stretched-link is-layout-flow wp-block-group-is-layout-flow\"><div class=\"wp-block-post-terms\">Ilmastonmuutos<\/div>\n                <h3 class=\"wp-block-post-title\"><a href=\"https:\/\/www.greenpeace.org\/finland\/toimi\/puolet-parempaa-aanestajalle\/\" target=\"_self\" >Puolet parempaa \u00e4\u00e4nest\u00e4j\u00e4n sitoumus: kuntavaalit 2025<\/a><\/h3>\n                <div class=\"wp-block-post-excerpt\"><p class=\"wp-block-post-excerpt__excerpt\">Etsi kev\u00e4\u00e4n alue- ja kuntavaaleihin itsellesi ehdokas, joka kannattaa kasvisruoan lis\u00e4\u00e4mist\u00e4 julkisessa ruokailussa! <\/p><\/div><\/div>\n                \n\n\n<div class=\"wp-block-group read-more-nav is-layout-flow wp-block-group-is-layout-flow\"><a href=\"https:\/\/www.greenpeace.org\/finland\/toimi\/puolet-parempaa-aanestajalle\/\" class=\"btn btn-primary btn-small\" aria-label=\"Tule mukaan\">Tule mukaan<\/a><\/div>\n\n<\/li><li class=\"wp-block-post post-57522 page type-page status-publish has-post-thumbnail hentry category-ilmastonmuutos tag-maatalous tag-ilmastokriisinsyyt tag-osallistu\">\n<figure class=\"wp-block-post-featured-image\"><img loading=\"lazy\" decoding=\"async\" width=\"1400\" height=\"1080\" src=\"https:\/\/www.greenpeace.org\/static\/planet4-finland-stateless\/2024\/10\/decd860d-kansikuva-metaani-2.png\" class=\"attachment-post-thumbnail size-post-thumbnail wp-post-image wp-stateless-item\" alt=\"\" style=\"object-fit:cover;\" srcset=\"https:\/\/www.greenpeace.org\/static\/planet4-finland-stateless\/2024\/10\/decd860d-kansikuva-metaani-2.png 1400w, https:\/\/www.greenpeace.org\/static\/planet4-finland-stateless\/2024\/10\/decd860d-kansikuva-metaani-2-300x231.png 300w, https:\/\/www.greenpeace.org\/static\/planet4-finland-stateless\/2024\/10\/decd860d-kansikuva-metaani-2-1024x790.png 1024w, https:\/\/www.greenpeace.org\/static\/planet4-finland-stateless\/2024\/10\/decd860d-kansikuva-metaani-2-768x592.png 768w, https:\/\/www.greenpeace.org\/static\/planet4-finland-stateless\/2024\/10\/decd860d-kansikuva-metaani-2-441x340.png 441w\" sizes=\"auto, (max-width: 1400px) 100vw, 1400px\" data-image-size=\"post-thumbnail\" data-stateless-media-bucket=\"planet4-finland-stateless\" data-stateless-media-name=\"2024\/10\/decd860d-kansikuva-metaani-2.png\" \/><\/figure>\n\n\n                <div class=\"wp-block-group group-stretched-link is-layout-flow wp-block-group-is-layout-flow\"><div class=\"wp-block-post-terms\">Ilmastonmuutos<\/div>\n                <h3 class=\"wp-block-post-title\"><a href=\"https:\/\/www.greenpeace.org\/finland\/toimi\/metaani-ilmaston-vaiettu-vihollinen\/\" target=\"_self\" >Metaani: ilmaston vaiettu vihollinen<\/a><\/h3>\n                <div class=\"wp-block-post-excerpt\"><p class=\"wp-block-post-excerpt__excerpt\">Metaani on vahva kasvihuonekaasu, jota syntyy erityisesti maito- ja lihataloudessa. On aika vet\u00e4\u00e4 ilmastoh\u00e4t\u00e4jarrusta. <\/p><\/div><\/div>\n                \n\n\n<div class=\"wp-block-group read-more-nav is-layout-flow wp-block-group-is-layout-flow\"><a href=\"https:\/\/www.greenpeace.org\/finland\/toimi\/metaani-ilmaston-vaiettu-vihollinen\/\" class=\"btn btn-primary btn-small\" aria-label=\"Tule mukaan\">Tule mukaan<\/a><\/div>\n\n<\/li><li class=\"wp-block-post post-56905 page type-page status-publish has-post-thumbnail hentry category-energia category-ilmastonmuutos tag-fossiiliset tag-ilmastokriisinsyyt tag-osallistu tag-ilmastokriisinvaikutukset\">\n<figure class=\"wp-block-post-featured-image\"><img loading=\"lazy\" decoding=\"async\" width=\"1200\" height=\"900\" src=\"https:\/\/www.greenpeace.org\/static\/planet4-finland-stateless\/2024\/06\/8ab02713-gp0stvcqj_medium-res-1200px.jpg\" class=\"attachment-post-thumbnail size-post-thumbnail wp-post-image wp-stateless-item\" alt=\"Protestoijat ovat kiivenneet leve\u00e4lle puomille ja pitelev\u00e4t suurta keltaista kangasta, jossa lukee &quot; Lopettakaa poraus. Alkakaa maksaa.&quot;.\" style=\"object-fit:cover;\" srcset=\"https:\/\/www.greenpeace.org\/static\/planet4-finland-stateless\/2024\/06\/8ab02713-gp0stvcqj_medium-res-1200px.jpg 1200w, https:\/\/www.greenpeace.org\/static\/planet4-finland-stateless\/2024\/06\/8ab02713-gp0stvcqj_medium-res-1200px-300x225.jpg 300w, https:\/\/www.greenpeace.org\/static\/planet4-finland-stateless\/2024\/06\/8ab02713-gp0stvcqj_medium-res-1200px-1024x768.jpg 1024w, https:\/\/www.greenpeace.org\/static\/planet4-finland-stateless\/2024\/06\/8ab02713-gp0stvcqj_medium-res-1200px-768x576.jpg 768w, https:\/\/www.greenpeace.org\/static\/planet4-finland-stateless\/2024\/06\/8ab02713-gp0stvcqj_medium-res-1200px-453x340.jpg 453w\" sizes=\"auto, (max-width: 1200px) 100vw, 1200px\" data-image-size=\"post-thumbnail\" data-stateless-media-bucket=\"planet4-finland-stateless\" data-stateless-media-name=\"2024\/06\/8ab02713-gp0stvcqj_medium-res-1200px.jpg\" \/><\/figure>\n\n\n                <div class=\"wp-block-group group-stretched-link is-layout-flow wp-block-group-is-layout-flow\"><div class=\"wp-block-post-terms\">Energia<\/div>\n                <h3 class=\"wp-block-post-title\"><a href=\"https:\/\/www.greenpeace.org\/finland\/toimi\/kuka-maksaa-fossiilituhot\/\" target=\"_self\" >Kuka maksaa fossiilituhot?<\/a><\/h3>\n                <div class=\"wp-block-post-excerpt\"><p class=\"wp-block-post-excerpt__excerpt\">Fossiilifirmat k\u00e4\u00e4riv\u00e4t miljardien voittoja, kun maapallo palaa. Saastuttaja maksakoon, allekirjoita vetoomus! <\/p><\/div><\/div>\n                \n\n\n<div class=\"wp-block-group read-more-nav is-layout-flow wp-block-group-is-layout-flow\"><a href=\"https:\/\/www.greenpeace.org\/finland\/toimi\/kuka-maksaa-fossiilituhot\/\" class=\"btn btn-primary btn-small\" aria-label=\"Tule mukaan\">Tule mukaan<\/a><\/div>\n\n<\/li><li class=\"wp-block-post post-56379 page type-page status-publish has-post-thumbnail hentry category-ilmastonmuutos tag-maatalous tag-ilmastokriisinsyyt tag-ilmastopolitiikka tag-osallistu\">\n<figure class=\"wp-block-post-featured-image\"><img loading=\"lazy\" decoding=\"async\" width=\"1067\" height=\"667\" src=\"https:\/\/www.greenpeace.org\/static\/planet4-finland-stateless\/2024\/03\/04feec11-gp_pp_kuva_reunoilla16_9.png\" class=\"attachment-post-thumbnail size-post-thumbnail wp-post-image wp-stateless-item\" alt=\"\" style=\"object-fit:cover;\" srcset=\"https:\/\/www.greenpeace.org\/static\/planet4-finland-stateless\/2024\/03\/04feec11-gp_pp_kuva_reunoilla16_9.png 1067w, https:\/\/www.greenpeace.org\/static\/planet4-finland-stateless\/2024\/03\/04feec11-gp_pp_kuva_reunoilla16_9-300x188.png 300w, https:\/\/www.greenpeace.org\/static\/planet4-finland-stateless\/2024\/03\/04feec11-gp_pp_kuva_reunoilla16_9-1024x640.png 1024w, https:\/\/www.greenpeace.org\/static\/planet4-finland-stateless\/2024\/03\/04feec11-gp_pp_kuva_reunoilla16_9-768x480.png 768w, https:\/\/www.greenpeace.org\/static\/planet4-finland-stateless\/2024\/03\/04feec11-gp_pp_kuva_reunoilla16_9-510x319.png 510w\" sizes=\"auto, (max-width: 1067px) 100vw, 1067px\" data-image-size=\"post-thumbnail\" data-stateless-media-bucket=\"planet4-finland-stateless\" data-stateless-media-name=\"2024\/03\/04feec11-gp_pp_kuva_reunoilla16_9.png\" \/><\/figure>\n\n\n                <div class=\"wp-block-group group-stretched-link is-layout-flow wp-block-group-is-layout-flow\"><div class=\"wp-block-post-terms\">Ilmastonmuutos<\/div>\n                <h3 class=\"wp-block-post-title\"><a href=\"https:\/\/www.greenpeace.org\/finland\/toimi\/puolet-parempaa\/\" target=\"_self\" >Puolet parempaa<\/a><\/h3>\n                <div class=\"wp-block-post-excerpt\"><p class=\"wp-block-post-excerpt__excerpt\">Tule tekem\u00e4\u00e4n kanssamme vallankumousta, joka muuttaa tavan, jolla suomalaisissa kunnissa hankitaan ja tarjotaan ruokaa. <\/p><\/div><\/div>\n                \n\n\n<div class=\"wp-block-group read-more-nav is-layout-flow wp-block-group-is-layout-flow\"><a href=\"https:\/\/www.greenpeace.org\/finland\/toimi\/puolet-parempaa\/\" class=\"btn btn-primary btn-small\" aria-label=\"Tule mukaan\">Tule mukaan<\/a><\/div>\n\n<\/li><li class=\"wp-block-post post-53244 page type-page status-publish has-post-thumbnail hentry category-ilmastonmuutos tag-ilmastopolitiikka tag-ilmastokriisinvaikutukset tag-ilmastokriisinsyyt tag-viherpesu tag-osallistu\">\n<figure class=\"wp-block-post-featured-image\"><img loading=\"lazy\" decoding=\"async\" width=\"2560\" height=\"1732\" src=\"https:\/\/www.greenpeace.org\/static\/planet4-finland-stateless\/2023\/02\/4fc2353e-gp1swjx2-scaled.jpg\" class=\"attachment-post-thumbnail size-post-thumbnail wp-post-image wp-stateless-item\" alt=\"COP26 ilmastomielenosoitus Amsterdamissa.\" style=\"object-fit:cover;\" srcset=\"https:\/\/www.greenpeace.org\/static\/planet4-finland-stateless\/2023\/02\/4fc2353e-gp1swjx2-scaled.jpg 2560w, https:\/\/www.greenpeace.org\/static\/planet4-finland-stateless\/2023\/02\/4fc2353e-gp1swjx2-300x203.jpg 300w, https:\/\/www.greenpeace.org\/static\/planet4-finland-stateless\/2023\/02\/4fc2353e-gp1swjx2-1024x693.jpg 1024w, https:\/\/www.greenpeace.org\/static\/planet4-finland-stateless\/2023\/02\/4fc2353e-gp1swjx2-768x519.jpg 768w, https:\/\/www.greenpeace.org\/static\/planet4-finland-stateless\/2023\/02\/4fc2353e-gp1swjx2-1536x1039.jpg 1536w, https:\/\/www.greenpeace.org\/static\/planet4-finland-stateless\/2023\/02\/4fc2353e-gp1swjx2-2048x1385.jpg 2048w, https:\/\/www.greenpeace.org\/static\/planet4-finland-stateless\/2023\/02\/4fc2353e-gp1swjx2-2020x1366.jpg 2020w, https:\/\/www.greenpeace.org\/static\/planet4-finland-stateless\/2023\/02\/4fc2353e-gp1swjx2-503x340.jpg 503w\" sizes=\"auto, (max-width: 2560px) 100vw, 2560px\" data-image-size=\"post-thumbnail\" data-stateless-media-bucket=\"planet4-finland-stateless\" data-stateless-media-name=\"2023\/02\/4fc2353e-gp1swjx2-scaled.jpg\" \/><\/figure>\n\n\n                <div class=\"wp-block-group group-stretched-link is-layout-flow wp-block-group-is-layout-flow\"><div class=\"wp-block-post-terms\">Ilmastonmuutos<\/div>\n                <h3 class=\"wp-block-post-title\"><a href=\"https:\/\/www.greenpeace.org\/finland\/toimi\/ilmastolupaukset-teoiksi\/\" target=\"_self\" >Ilmastolupaukset teoiksi<\/a><\/h3>\n                <div class=\"wp-block-post-excerpt\"><p class=\"wp-block-post-excerpt__excerpt\">Ilmastokriisi kiihtyy, eik\u00e4 meill\u00e4 ole aikaa odottaa. Vaaditaan p\u00e4\u00e4tt\u00e4jilt\u00e4, ett\u00e4 meille annetut ilmastolupaukset muuttuvat teoiksi. <\/p><\/div><\/div>\n                \n\n\n<div class=\"wp-block-group read-more-nav is-layout-flow wp-block-group-is-layout-flow\"><a href=\"https:\/\/www.greenpeace.org\/finland\/toimi\/ilmastolupaukset-teoiksi\/\" class=\"btn btn-primary btn-small\" aria-label=\"Tule mukaan\">Tule mukaan<\/a><\/div>\n\n<\/li><\/ul>\n\n\n<div class=\"wp-block-buttons carousel-controls is-horizontal is-content-justification-space-between is-nowrap is-layout-flex wp-container-core-buttons-is-layout-044bd602 wp-block-buttons-is-layout-flex\">\n<div class=\"wp-block-button carousel-control-prev\"><button type=\"button\" class=\"wp-block-button__link wp-element-button\">Prev<\/button><\/div>\n\n\n\n<div class=\"wp-block-button carousel-control-next\"><button type=\"button\" class=\"wp-block-button__link wp-element-button\">Seuraava<\/button><\/div>\n<\/div>\n\n\n\n<div class=\"wp-block-buttons load-more-actions-container is-content-justification-center is-layout-flex wp-container-core-buttons-is-layout-16018d1d wp-block-buttons-is-layout-flex\">\n<div class=\"wp-block-button is-style-secondary\"><button type=\"button\" class=\"wp-block-button__link wp-element-button\">Load more<\/button><\/div>\n<\/div>\n<\/div>\n\n\n\n<div style=\"height:10px\" aria-hidden=\"true\" id=\"ajankohtaista\" class=\"wp-block-spacer\"><\/div>\n\n\n\n<div class=\"wp-block-query posts-list p4-query-loop is-custom-layout-list is-layout-flow wp-block-query-is-layout-flow\">\n<div class=\"wp-block-group is-content-justification-space-between is-layout-flex wp-container-core-group-is-layout-3d213aab wp-block-group-is-layout-flex\">\n<h2 class=\"wp-block-heading\">Ajankohtaista<\/h2>\n<\/div>\n\n\n\n<p style=\"margin-top:24px;margin-bottom:36px\">Viimeisimm\u00e4t ilmastoon ja ilmastotoimintaan liittyv\u00e4t uutiset ja julkaisut l\u00f6yd\u00e4t t\u00e4\u00e4lt\u00e4. Lue, jaa ja anna meille palautetta.<\/p>\n\n\n\n\n<ul class=\"wp-block-post-template is-layout-flow wp-block-post-template-is-layout-flow\"><li class=\"wp-block-post post-61565 post type-post status-publish format-standard has-post-thumbnail hentry category-energia category-ilmastonmuutos tag-ilmastokriisinsyyt tag-fossiiliset tag-viherpesu p4-page-type-blogit\">\n\n<div class=\"wp-block-columns is-layout-flex wp-container-core-columns-is-layout-9d6595d7 wp-block-columns-is-layout-flex\"><figure class=\"wp-block-post-featured-image\"><a href=\"https:\/\/www.greenpeace.org\/finland\/blogit\/ilmastonmuutos\/talviolympialaiset-viherpesua-ilmastokriisin-varjossa\/\" target=\"_self\"  ><img loading=\"lazy\" decoding=\"async\" width=\"1200\" height=\"800\" src=\"https:\/\/www.greenpeace.org\/static\/planet4-finland-stateless\/2026\/02\/583fe31b-gp0su874d_medium-res-1200px.jpg\" class=\"attachment-post-thumbnail size-post-thumbnail wp-post-image wp-stateless-item\" alt=\"Talviolympialaiset\u00a0\u2013 viherpesua ilmastokriisin varjossa?\" style=\"object-fit:cover;\" srcset=\"https:\/\/www.greenpeace.org\/static\/planet4-finland-stateless\/2026\/02\/583fe31b-gp0su874d_medium-res-1200px.jpg 1200w, https:\/\/www.greenpeace.org\/static\/planet4-finland-stateless\/2026\/02\/583fe31b-gp0su874d_medium-res-1200px-300x200.jpg 300w, https:\/\/www.greenpeace.org\/static\/planet4-finland-stateless\/2026\/02\/583fe31b-gp0su874d_medium-res-1200px-1024x683.jpg 1024w, https:\/\/www.greenpeace.org\/static\/planet4-finland-stateless\/2026\/02\/583fe31b-gp0su874d_medium-res-1200px-768x512.jpg 768w, https:\/\/www.greenpeace.org\/static\/planet4-finland-stateless\/2026\/02\/583fe31b-gp0su874d_medium-res-1200px-510x340.jpg 510w\" sizes=\"auto, (max-width: 1200px) 100vw, 1200px\" data-image-size=\"post-thumbnail\" data-stateless-media-bucket=\"planet4-finland-stateless\" data-stateless-media-name=\"2026\/02\/583fe31b-gp0su874d_medium-res-1200px.jpg\" \/><\/a><\/figure>\n\n\n<div class=\"wp-block-group is-layout-flow wp-block-group-is-layout-flow\">\n<div class=\"wp-block-group is-layout-flex wp-block-group-is-layout-flex\"><div class=\"wp-block-post-terms\"><a href=\"https:\/\/www.greenpeace.org\/finland\/luokka\/energia\/\">Energia<\/a><\/div>\n\n<div class=\"taxonomy-post_tag wp-block-post-terms\"><a href=\"https:\/\/www.greenpeace.org\/finland\/tag\/ilmastokriisinsyyt\/\" rel=\"tag\">ilmastokriisinsyyt<\/a><span class=\"wp-block-post-terms__separator\"> <\/span><a href=\"https:\/\/www.greenpeace.org\/finland\/tag\/fossiiliset\/\" rel=\"tag\">fossiiliset<\/a><span class=\"wp-block-post-terms__separator\"> <\/span><a href=\"https:\/\/www.greenpeace.org\/finland\/tag\/viherpesu\/\" rel=\"tag\">viherpesu<\/a><\/div><\/div>\n\n\n<h3 class=\"wp-block-post-title\"><a href=\"https:\/\/www.greenpeace.org\/finland\/blogit\/ilmastonmuutos\/talviolympialaiset-viherpesua-ilmastokriisin-varjossa\/\" target=\"_self\" >Talviolympialaiset\u00a0\u2013 viherpesua ilmastokriisin varjossa?<\/a><\/h3>\n\n<div class=\"wp-block-post-excerpt\"><p class=\"wp-block-post-excerpt__excerpt\">Tiesitk\u00f6, ett\u00e4 yli puolet t\u00e4ll\u00e4 hetkell\u00e4 talviolympialaisten is\u00e4nt\u00e4kaupungeiksi sopivista kaupungeista ovat 2080-lukuun menness\u00e4 s\u00e4\u00e4oloiltaan siihen kelvottomia? T\u00e4m\u00e4 on Kansainv\u00e4lisen olympiakomitean (KOK) rahoittaman, vuonna 2024 valmistuneen tieteellisen arvion lopputulos. Tulos vahvistaa&hellip; <\/p><\/div>\n\n\n<div class=\"wp-block-group posts-list-meta is-layout-flow wp-block-group-is-layout-flow\"><span class='article-list-item-author'><a href='https:\/\/www.greenpeace.org\/finland\/author\/gp_finland\/'>Greenpeace Suomi<\/a><\/span>\n\n<div class=\"wp-block-post-date\"><time datetime=\"2026-02-06T11:35:43+03:00\">06\/02\/2026<\/time><\/div><\/div>\n<\/div>\n<\/div>\n\n<\/li><li class=\"wp-block-post post-60919 post type-post status-publish format-standard has-post-thumbnail hentry category-ilmastonmuutos tag-ilmastokriisinsyyt tag-luontokato tag-viherpesu p4-page-type-blogit\">\n\n<div class=\"wp-block-columns is-layout-flex wp-container-core-columns-is-layout-9d6595d7 wp-block-columns-is-layout-flex\"><figure class=\"wp-block-post-featured-image\"><a href=\"https:\/\/www.greenpeace.org\/finland\/blogit\/ilmastonmuutos\/aktivistien-black-friday-terveiset-kauppakeskus-jumbon-seinalla-ala-osta-turhaa-pskaa\/\" target=\"_self\"  ><img loading=\"lazy\" decoding=\"async\" width=\"1170\" height=\"878\" src=\"https:\/\/www.greenpeace.org\/static\/planet4-finland-stateless\/2025\/11\/c7280704-img_5180.jpg\" class=\"attachment-post-thumbnail size-post-thumbnail wp-post-image wp-stateless-item\" alt=\"Aktivistien Black Friday-terveiset kauppakeskus Jumbon sein\u00e4ll\u00e4: \u201c\u00c4l\u00e4 osta turhaa p*skaa\u201d!\" style=\"object-fit:cover;\" srcset=\"https:\/\/www.greenpeace.org\/static\/planet4-finland-stateless\/2025\/11\/c7280704-img_5180.jpg 1170w, https:\/\/www.greenpeace.org\/static\/planet4-finland-stateless\/2025\/11\/c7280704-img_5180-300x225.jpg 300w, https:\/\/www.greenpeace.org\/static\/planet4-finland-stateless\/2025\/11\/c7280704-img_5180-1024x768.jpg 1024w, https:\/\/www.greenpeace.org\/static\/planet4-finland-stateless\/2025\/11\/c7280704-img_5180-768x576.jpg 768w, https:\/\/www.greenpeace.org\/static\/planet4-finland-stateless\/2025\/11\/c7280704-img_5180-453x340.jpg 453w\" sizes=\"auto, (max-width: 1170px) 100vw, 1170px\" data-image-size=\"post-thumbnail\" data-stateless-media-bucket=\"planet4-finland-stateless\" data-stateless-media-name=\"2025\/11\/c7280704-img_5180.jpg\" \/><\/a><\/figure>\n\n\n<div class=\"wp-block-group is-layout-flow wp-block-group-is-layout-flow\">\n<div class=\"wp-block-group is-layout-flex wp-block-group-is-layout-flex\"><div class=\"wp-block-post-terms\"><a href=\"https:\/\/www.greenpeace.org\/finland\/luokka\/ilmastonmuutos\/\">Ilmastonmuutos<\/a><\/div>\n\n<div class=\"taxonomy-post_tag wp-block-post-terms\"><a href=\"https:\/\/www.greenpeace.org\/finland\/tag\/ilmastokriisinsyyt\/\" rel=\"tag\">ilmastokriisinsyyt<\/a><span class=\"wp-block-post-terms__separator\"> <\/span><a href=\"https:\/\/www.greenpeace.org\/finland\/tag\/luontokato\/\" rel=\"tag\">luontokato<\/a><span class=\"wp-block-post-terms__separator\"> <\/span><a href=\"https:\/\/www.greenpeace.org\/finland\/tag\/viherpesu\/\" rel=\"tag\">viherpesu<\/a><\/div><\/div>\n\n\n<h3 class=\"wp-block-post-title\"><a href=\"https:\/\/www.greenpeace.org\/finland\/blogit\/ilmastonmuutos\/aktivistien-black-friday-terveiset-kauppakeskus-jumbon-seinalla-ala-osta-turhaa-pskaa\/\" target=\"_self\" >Aktivistien Black Friday-terveiset kauppakeskus Jumbon sein\u00e4ll\u00e4: \u201c\u00c4l\u00e4 osta turhaa p*skaa\u201d!<\/a><\/h3>\n\n<div class=\"wp-block-post-excerpt\"><p class=\"wp-block-post-excerpt__excerpt\">Greenpeacen aktivistit heijastivat torstai-iltana Suomen suurimman kauppakeskuksen, Jumbon, sein\u00e4\u00e4n j\u00e4ttikokoisen Black Fridayn holtitonta kulutushurmosta kritisoivan viestin. Tempauksellaan aktivistit haluavat muistuttaa, ett\u00e4 Black Friday ruokkii ylikulutusta, joka puolestaan kiihdytt\u00e4\u00e4 yh\u00e4 pahenevaa&hellip; <\/p><\/div>\n\n\n<div class=\"wp-block-group posts-list-meta is-layout-flow wp-block-group-is-layout-flow\"><span class='article-list-item-author'><a href='https:\/\/www.greenpeace.org\/finland\/author\/gp_finland\/'>Greenpeace Suomi<\/a><\/span>\n\n<div class=\"wp-block-post-date\"><time datetime=\"2025-11-27T21:50:57+03:00\">27\/11\/2025<\/time><\/div><\/div>\n<\/div>\n<\/div>\n\n<\/li><li class=\"wp-block-post post-60905 post type-post status-publish format-standard has-post-thumbnail hentry category-ilmastonmuutos tag-ilmastokriisinsyyt tag-osallistu tag-vinkit p4-page-type-blogit\">\n\n<div class=\"wp-block-columns is-layout-flex wp-container-core-columns-is-layout-9d6595d7 wp-block-columns-is-layout-flex\"><figure class=\"wp-block-post-featured-image\"><a href=\"https:\/\/www.greenpeace.org\/finland\/blogit\/ilmastonmuutos\/ala-osta-turhaa-pskaa\/\" target=\"_self\"  ><img loading=\"lazy\" decoding=\"async\" width=\"1200\" height=\"800\" src=\"https:\/\/www.greenpeace.org\/static\/planet4-finland-stateless\/2025\/11\/84730885-gp1suncj.jpg\" class=\"attachment-post-thumbnail size-post-thumbnail wp-post-image wp-stateless-item\" alt=\"\u00c4l\u00e4 osta turhaa p*skaa\" style=\"object-fit:cover;\" srcset=\"https:\/\/www.greenpeace.org\/static\/planet4-finland-stateless\/2025\/11\/84730885-gp1suncj.jpg 1200w, https:\/\/www.greenpeace.org\/static\/planet4-finland-stateless\/2025\/11\/84730885-gp1suncj-300x200.jpg 300w, https:\/\/www.greenpeace.org\/static\/planet4-finland-stateless\/2025\/11\/84730885-gp1suncj-1024x683.jpg 1024w, https:\/\/www.greenpeace.org\/static\/planet4-finland-stateless\/2025\/11\/84730885-gp1suncj-768x512.jpg 768w, https:\/\/www.greenpeace.org\/static\/planet4-finland-stateless\/2025\/11\/84730885-gp1suncj-510x340.jpg 510w\" sizes=\"auto, (max-width: 1200px) 100vw, 1200px\" data-image-size=\"post-thumbnail\" data-stateless-media-bucket=\"planet4-finland-stateless\" data-stateless-media-name=\"2025\/11\/84730885-gp1suncj.jpg\" \/><\/a><\/figure>\n\n\n<div class=\"wp-block-group is-layout-flow wp-block-group-is-layout-flow\">\n<div class=\"wp-block-group is-layout-flex wp-block-group-is-layout-flex\"><div class=\"wp-block-post-terms\"><a href=\"https:\/\/www.greenpeace.org\/finland\/luokka\/ilmastonmuutos\/\">Ilmastonmuutos<\/a><\/div>\n\n<div class=\"taxonomy-post_tag wp-block-post-terms\"><a href=\"https:\/\/www.greenpeace.org\/finland\/tag\/ilmastokriisinsyyt\/\" rel=\"tag\">ilmastokriisinsyyt<\/a><span class=\"wp-block-post-terms__separator\"> <\/span><a href=\"https:\/\/www.greenpeace.org\/finland\/tag\/osallistu\/\" rel=\"tag\">osallistu<\/a><span class=\"wp-block-post-terms__separator\"> <\/span><a href=\"https:\/\/www.greenpeace.org\/finland\/tag\/vinkit\/\" rel=\"tag\">vinkit<\/a><\/div><\/div>\n\n\n<h3 class=\"wp-block-post-title\"><a href=\"https:\/\/www.greenpeace.org\/finland\/blogit\/ilmastonmuutos\/ala-osta-turhaa-pskaa\/\" target=\"_self\" >\u00c4l\u00e4 osta turhaa p*skaa<\/a><\/h3>\n\n<div class=\"wp-block-post-excerpt\"><p class=\"wp-block-post-excerpt__excerpt\">Black Friday on vuoden suurin ylikulutusjuhla, jonka aikana eteemme heitell\u00e4\u00e4n ostokehotuksia ja n\u00e4ytt\u00e4vi\u00e4 alennusprosentteja. Black Fridayn takana piilee kuitenkin my\u00f6s karu todellisuus: ylikulutamme vuosi vuodelta enemm\u00e4n maapallon resursseja. Suomessa ylikulutusp\u00e4iv\u00e4\u00e4&hellip; <\/p><\/div>\n\n\n<div class=\"wp-block-group posts-list-meta is-layout-flow wp-block-group-is-layout-flow\"><span class='article-list-item-author'><a href='https:\/\/www.greenpeace.org\/finland\/author\/rforsman\/'>Ron Forsman<\/a><\/span>\n\n<div class=\"wp-block-post-date\"><time datetime=\"2025-11-27T12:26:36+03:00\">27\/11\/2025<\/time><\/div><\/div>\n<\/div>\n<\/div>\n\n<\/li><\/ul>\n\n\n<div class=\"wp-block-buttons carousel-controls is-horizontal is-content-justification-space-between is-nowrap is-layout-flex wp-container-core-buttons-is-layout-044bd602 wp-block-buttons-is-layout-flex\">\n<div class=\"wp-block-button carousel-control-prev\"><button type=\"button\" class=\"wp-block-button__link wp-element-button\">Prev<\/button><\/div>\n\n\n\n<div class=\"wp-block-button carousel-control-next\"><button type=\"button\" class=\"wp-block-button__link wp-element-button\">Seuraava<\/button><\/div>\n<\/div>\n\n\n<li class=\" wp-block-navigation-item see-all-link wp-block-navigation-link\"><a class=\"wp-block-navigation-item__content\"  href=\"https:\/\/www.greenpeace.org\/finland\/uutisia-ja-tarinoita\/?tag=ilmastokriisinsyyt&#038;post-type=blogit\"><span class=\"wp-block-navigation-item__label\">Lue lis\u00e4\u00e4<\/span><\/a><\/li><\/div>\n\n\n\n<div style=\"height:30px\" aria-hidden=\"true\" class=\"wp-block-spacer\"><\/div>\n\n\n\n<div class=\"wp-block-query posts-list p4-query-loop is-custom-layout-list is-layout-flow wp-block-query-is-layout-flow\">\n<div class=\"wp-block-group is-content-justification-space-between is-layout-flex wp-container-core-group-is-layout-3d213aab wp-block-group-is-layout-flex\">\n<h2 class=\"wp-block-heading\">Maatalous<\/h2>\n<\/div>\n\n\n\n<p style=\"margin-top:24px;margin-bottom:36px\"><\/p>\n\n\n\n\n<ul class=\"wp-block-post-template is-layout-flow wp-block-post-template-is-layout-flow\"><li class=\"wp-block-post post-60649 post type-post status-publish format-standard has-post-thumbnail hentry category-metsat tag-amazon tag-metsakato tag-luontokato tag-maatalous tag-sademetsat p4-page-type-blogit\">\n\n<div class=\"wp-block-columns is-layout-flex wp-container-core-columns-is-layout-9d6595d7 wp-block-columns-is-layout-flex\"><figure class=\"wp-block-post-featured-image\"><a href=\"https:\/\/www.greenpeace.org\/finland\/blogit\/metsat\/amazon-romahtaa-jos-emme-toimi-yhdessa-olemme-voittaneet-ennenkin\/\" target=\"_self\"  ><img loading=\"lazy\" decoding=\"async\" width=\"800\" height=\"533\" src=\"https:\/\/www.greenpeace.org\/static\/planet4-finland-stateless\/2022\/11\/891efbfb-gp1sueho_web_size.jpg\" class=\"attachment-post-thumbnail size-post-thumbnail wp-post-image wp-stateless-item\" alt=\"Amazon romahtaa, jos emme toimi \u2013 yhdess\u00e4 olemme voittaneet ennenkin!\" style=\"object-fit:cover;\" srcset=\"https:\/\/www.greenpeace.org\/static\/planet4-finland-stateless\/2022\/11\/891efbfb-gp1sueho_web_size.jpg 800w, https:\/\/www.greenpeace.org\/static\/planet4-finland-stateless\/2022\/11\/891efbfb-gp1sueho_web_size-300x200.jpg 300w, https:\/\/www.greenpeace.org\/static\/planet4-finland-stateless\/2022\/11\/891efbfb-gp1sueho_web_size-768x512.jpg 768w, https:\/\/www.greenpeace.org\/static\/planet4-finland-stateless\/2022\/11\/891efbfb-gp1sueho_web_size-510x340.jpg 510w\" sizes=\"auto, (max-width: 800px) 100vw, 800px\" data-image-size=\"post-thumbnail\" data-stateless-media-bucket=\"planet4-finland-stateless\" data-stateless-media-name=\"2022\/11\/891efbfb-gp1sueho_web_size.jpg\" \/><\/a><\/figure>\n\n\n<div class=\"wp-block-group is-layout-flow wp-block-group-is-layout-flow\">\n<div class=\"wp-block-group is-layout-flex wp-block-group-is-layout-flex\"><div class=\"wp-block-post-terms\"><a href=\"https:\/\/www.greenpeace.org\/finland\/luokka\/metsat\/\">Mets\u00e4t<\/a><\/div>\n\n<div class=\"taxonomy-post_tag wp-block-post-terms\"><a href=\"https:\/\/www.greenpeace.org\/finland\/tag\/amazon\/\" rel=\"tag\">amazon<\/a><span class=\"wp-block-post-terms__separator\"> <\/span><a href=\"https:\/\/www.greenpeace.org\/finland\/tag\/metsakato\/\" rel=\"tag\">mets\u00e4kato<\/a><span class=\"wp-block-post-terms__separator\"> <\/span><a href=\"https:\/\/www.greenpeace.org\/finland\/tag\/luontokato\/\" rel=\"tag\">luontokato<\/a><span class=\"wp-block-post-terms__separator\"> <\/span><a href=\"https:\/\/www.greenpeace.org\/finland\/tag\/maatalous\/\" rel=\"tag\">maatalous<\/a><span class=\"wp-block-post-terms__separator\"> <\/span><a href=\"https:\/\/www.greenpeace.org\/finland\/tag\/sademetsat\/\" rel=\"tag\">sademets\u00e4t<\/a><\/div><\/div>\n\n\n<h3 class=\"wp-block-post-title\"><a href=\"https:\/\/www.greenpeace.org\/finland\/blogit\/metsat\/amazon-romahtaa-jos-emme-toimi-yhdessa-olemme-voittaneet-ennenkin\/\" target=\"_self\" >Amazon romahtaa, jos emme toimi \u2013 yhdess\u00e4 olemme voittaneet ennenkin!<\/a><\/h3>\n\n<div class=\"wp-block-post-excerpt\"><p class=\"wp-block-post-excerpt__excerpt\">Samalla kun luet t\u00e4t\u00e4 blogia, osa Amazonin korvaamattomasta sademets\u00e4st\u00e4 tuhotaan lopullisesti. Tilanne on huolestuttava \u2013 mutta yhdess\u00e4 olemme voittaneet ennenkin. <\/p><\/div>\n\n\n<div class=\"wp-block-group posts-list-meta is-layout-flow wp-block-group-is-layout-flow\"><span class='article-list-item-author'><a href='https:\/\/www.greenpeace.org\/finland\/author\/otiainen\/'>Olli Tiainen<\/a><\/span>\n\n<div class=\"wp-block-post-date\"><time datetime=\"2025-09-15T12:06:19+03:00\">15\/09\/2025<\/time><\/div><\/div>\n<\/div>\n<\/div>\n\n<\/li><li class=\"wp-block-post post-59341 post type-post status-publish format-standard has-post-thumbnail hentry category-metsat tag-alkuperaiskansojenoikeudet tag-amazon tag-ilmastokriisinsyyt tag-maatalous p4-page-type-blogit\">\n\n<div class=\"wp-block-columns is-layout-flex wp-container-core-columns-is-layout-9d6595d7 wp-block-columns-is-layout-flex\"><figure class=\"wp-block-post-featured-image\"><a href=\"https:\/\/www.greenpeace.org\/finland\/blogit\/metsat\/elakoon-amazon\/\" target=\"_self\"  ><img loading=\"lazy\" decoding=\"async\" width=\"1200\" height=\"802\" src=\"https:\/\/www.greenpeace.org\/static\/planet4-finland-stateless\/2025\/05\/5591befe-gp0stq160.jpg\" class=\"attachment-post-thumbnail size-post-thumbnail wp-post-image wp-stateless-item\" alt=\"El\u00e4k\u00f6\u00f6n Amazon.\" style=\"object-fit:cover;\" srcset=\"https:\/\/www.greenpeace.org\/static\/planet4-finland-stateless\/2025\/05\/5591befe-gp0stq160.jpg 1200w, https:\/\/www.greenpeace.org\/static\/planet4-finland-stateless\/2025\/05\/5591befe-gp0stq160-300x201.jpg 300w, https:\/\/www.greenpeace.org\/static\/planet4-finland-stateless\/2025\/05\/5591befe-gp0stq160-1024x684.jpg 1024w, https:\/\/www.greenpeace.org\/static\/planet4-finland-stateless\/2025\/05\/5591befe-gp0stq160-768x513.jpg 768w, https:\/\/www.greenpeace.org\/static\/planet4-finland-stateless\/2025\/05\/5591befe-gp0stq160-510x340.jpg 510w\" sizes=\"auto, (max-width: 1200px) 100vw, 1200px\" data-image-size=\"post-thumbnail\" data-stateless-media-bucket=\"planet4-finland-stateless\" data-stateless-media-name=\"2025\/05\/5591befe-gp0stq160.jpg\" \/><\/a><\/figure>\n\n\n<div class=\"wp-block-group is-layout-flow wp-block-group-is-layout-flow\">\n<div class=\"wp-block-group is-layout-flex wp-block-group-is-layout-flex\"><div class=\"wp-block-post-terms\"><a href=\"https:\/\/www.greenpeace.org\/finland\/luokka\/metsat\/\">Mets\u00e4t<\/a><\/div>\n\n<div class=\"taxonomy-post_tag wp-block-post-terms\"><a href=\"https:\/\/www.greenpeace.org\/finland\/tag\/alkuperaiskansojenoikeudet\/\" rel=\"tag\">alkuper\u00e4iskansojenoikeudet<\/a><span class=\"wp-block-post-terms__separator\"> <\/span><a href=\"https:\/\/www.greenpeace.org\/finland\/tag\/amazon\/\" rel=\"tag\">amazon<\/a><span class=\"wp-block-post-terms__separator\"> <\/span><a href=\"https:\/\/www.greenpeace.org\/finland\/tag\/ilmastokriisinsyyt\/\" rel=\"tag\">ilmastokriisinsyyt<\/a><span class=\"wp-block-post-terms__separator\"> <\/span><a href=\"https:\/\/www.greenpeace.org\/finland\/tag\/maatalous\/\" rel=\"tag\">maatalous<\/a><\/div><\/div>\n\n\n<h3 class=\"wp-block-post-title\"><a href=\"https:\/\/www.greenpeace.org\/finland\/blogit\/metsat\/elakoon-amazon\/\" target=\"_self\" >El\u00e4k\u00f6\u00f6n Amazon.<\/a><\/h3>\n\n<div class=\"wp-block-post-excerpt\"><p class=\"wp-block-post-excerpt__excerpt\">Maailman suurin sademets\u00e4, monimuotoisuuden kulmakivi ja kymmenien miljoonien ihmisten koti on suuressa vaarassa. Alueen uskomattoman rikasta luontoa tuhotaan tehomaatalouden laajenemisen, laittoman kaivostoiminnan ja hakkuiden tielt\u00e4. <\/p><\/div>\n\n\n<div class=\"wp-block-group posts-list-meta is-layout-flow wp-block-group-is-layout-flow\"><span class='article-list-item-author'><a href='https:\/\/www.greenpeace.org\/finland\/author\/oporanen\/'>Oona Poranen<\/a><\/span>\n\n<div class=\"wp-block-post-date\"><time datetime=\"2025-05-06T12:32:11+03:00\">06\/05\/2025<\/time><\/div><\/div>\n<\/div>\n<\/div>\n\n<\/li><li class=\"wp-block-post post-59232 post type-post status-publish format-standard has-post-thumbnail hentry category-ilmastonmuutos tag-maatalous tag-vapaaehtoiset tag-voitto p4-page-type-blogit\">\n\n<div class=\"wp-block-columns is-layout-flex wp-container-core-columns-is-layout-9d6595d7 wp-block-columns-is-layout-flex\"><figure class=\"wp-block-post-featured-image\"><a href=\"https:\/\/www.greenpeace.org\/finland\/blogit\/ilmastonmuutos\/kasvisruoasta-tuli-kuntavaalien-hitti-kiitos-vapaaehtoisille-ja-ehdokkaille\/\" target=\"_self\"  ><img loading=\"lazy\" decoding=\"async\" width=\"1365\" height=\"1024\" src=\"https:\/\/www.greenpeace.org\/static\/planet4-finland-stateless\/2025\/03\/4a722c37-pp_vaalikuvitus.jpeg\" class=\"attachment-post-thumbnail size-post-thumbnail wp-post-image wp-stateless-item\" alt=\"Kasvisruoasta tuli kuntavaalien hitti \u2013 kiitos vapaaehtoisille ja ehdokkaille!\" style=\"object-fit:cover;\" srcset=\"https:\/\/www.greenpeace.org\/static\/planet4-finland-stateless\/2025\/03\/4a722c37-pp_vaalikuvitus.jpeg 1365w, https:\/\/www.greenpeace.org\/static\/planet4-finland-stateless\/2025\/03\/4a722c37-pp_vaalikuvitus-300x225.jpeg 300w, https:\/\/www.greenpeace.org\/static\/planet4-finland-stateless\/2025\/03\/4a722c37-pp_vaalikuvitus-1024x768.jpeg 1024w, https:\/\/www.greenpeace.org\/static\/planet4-finland-stateless\/2025\/03\/4a722c37-pp_vaalikuvitus-768x576.jpeg 768w, https:\/\/www.greenpeace.org\/static\/planet4-finland-stateless\/2025\/03\/4a722c37-pp_vaalikuvitus-453x340.jpeg 453w\" sizes=\"auto, (max-width: 1365px) 100vw, 1365px\" data-image-size=\"post-thumbnail\" data-stateless-media-bucket=\"planet4-finland-stateless\" data-stateless-media-name=\"2025\/03\/4a722c37-pp_vaalikuvitus.jpeg\" \/><\/a><\/figure>\n\n\n<div class=\"wp-block-group is-layout-flow wp-block-group-is-layout-flow\">\n<div class=\"wp-block-group is-layout-flex wp-block-group-is-layout-flex\"><div class=\"wp-block-post-terms\"><a href=\"https:\/\/www.greenpeace.org\/finland\/luokka\/ilmastonmuutos\/\">Ilmastonmuutos<\/a><\/div>\n\n<div class=\"taxonomy-post_tag wp-block-post-terms\"><a href=\"https:\/\/www.greenpeace.org\/finland\/tag\/maatalous\/\" rel=\"tag\">maatalous<\/a><span class=\"wp-block-post-terms__separator\"> <\/span><a href=\"https:\/\/www.greenpeace.org\/finland\/tag\/vapaaehtoiset\/\" rel=\"tag\">vapaaehtoiset<\/a><span class=\"wp-block-post-terms__separator\"> <\/span><a href=\"https:\/\/www.greenpeace.org\/finland\/tag\/voitto\/\" rel=\"tag\">voitto<\/a><\/div><\/div>\n\n\n<h3 class=\"wp-block-post-title\"><a href=\"https:\/\/www.greenpeace.org\/finland\/blogit\/ilmastonmuutos\/kasvisruoasta-tuli-kuntavaalien-hitti-kiitos-vapaaehtoisille-ja-ehdokkaille\/\" target=\"_self\" >Kasvisruoasta tuli kuntavaalien hitti \u2013 kiitos vapaaehtoisille ja ehdokkaille!<\/a><\/h3>\n\n<div class=\"wp-block-post-excerpt\"><p class=\"wp-block-post-excerpt__excerpt\">Vaalien alla yhteens\u00e4 1125 ehdokasta sitoutui edist\u00e4m\u00e4\u00e4n kasvisruoan lis\u00e4\u00e4mist\u00e4 omassa kotikunnassaan. N\u00e4ist\u00e4 valituksi tuli 281 ehdokasta 71 kunnasta ja l\u00e4hes kaikista puolueista. Lis\u00e4ksi varasijalle valittiin 220 ehdokasta. Se on uskomattoman hieno tulos, joten kiitos kaikille sen puolesta toimineille! <\/p><\/div>\n\n\n<div class=\"wp-block-group posts-list-meta is-layout-flow wp-block-group-is-layout-flow\"><span class='article-list-item-author'><a href='https:\/\/www.greenpeace.org\/finland\/author\/oporanen\/'>Oona Poranen<\/a><\/span>\n\n<div class=\"wp-block-post-date\"><time datetime=\"2025-04-25T08:32:03+03:00\">25\/04\/2025<\/time><\/div><\/div>\n<\/div>\n<\/div>\n\n<\/li><\/ul>\n\n\n<div class=\"wp-block-buttons carousel-controls is-horizontal is-content-justification-space-between is-nowrap is-layout-flex wp-container-core-buttons-is-layout-044bd602 wp-block-buttons-is-layout-flex\">\n<div class=\"wp-block-button carousel-control-prev\"><button type=\"button\" class=\"wp-block-button__link wp-element-button\">Prev<\/button><\/div>\n\n\n\n<div class=\"wp-block-button carousel-control-next\"><button type=\"button\" class=\"wp-block-button__link wp-element-button\">Seuraava<\/button><\/div>\n<\/div>\n\n\n<li class=\" wp-block-navigation-item see-all-link wp-block-navigation-link\"><a class=\"wp-block-navigation-item__content\"  href=\"https:\/\/www.greenpeace.org\/finland\/uutisia-ja-tarinoita\/?tag=maatalous&#038;post-type=blogit\"><span class=\"wp-block-navigation-item__label\">Lue lis\u00e4\u00e4<\/span><\/a><\/li><\/div>\n\n\n\n<div style=\"height:30px\" aria-hidden=\"true\" class=\"wp-block-spacer\"><\/div>\n\n\n\n<div class=\"wp-block-query posts-list p4-query-loop is-custom-layout-list is-layout-flow wp-block-query-is-layout-flow\">\n<div class=\"wp-block-group is-content-justification-space-between is-layout-flex wp-container-core-group-is-layout-3d213aab wp-block-group-is-layout-flex\">\n<h2 class=\"wp-block-heading\">Viherpesu<\/h2>\n<\/div>\n\n\n\n<p style=\"margin-top:24px;margin-bottom:36px\"><\/p>\n\n\n\n\n<ul class=\"wp-block-post-template is-layout-flow wp-block-post-template-is-layout-flow\"><li class=\"wp-block-post post-61565 post type-post status-publish format-standard has-post-thumbnail hentry category-energia category-ilmastonmuutos tag-ilmastokriisinsyyt tag-fossiiliset tag-viherpesu p4-page-type-blogit\">\n\n<div class=\"wp-block-columns is-layout-flex wp-container-core-columns-is-layout-9d6595d7 wp-block-columns-is-layout-flex\"><figure class=\"wp-block-post-featured-image\"><a href=\"https:\/\/www.greenpeace.org\/finland\/blogit\/ilmastonmuutos\/talviolympialaiset-viherpesua-ilmastokriisin-varjossa\/\" target=\"_self\"  ><img loading=\"lazy\" decoding=\"async\" width=\"1200\" height=\"800\" src=\"https:\/\/www.greenpeace.org\/static\/planet4-finland-stateless\/2026\/02\/583fe31b-gp0su874d_medium-res-1200px.jpg\" class=\"attachment-post-thumbnail size-post-thumbnail wp-post-image wp-stateless-item\" alt=\"Talviolympialaiset\u00a0\u2013 viherpesua ilmastokriisin varjossa?\" style=\"object-fit:cover;\" srcset=\"https:\/\/www.greenpeace.org\/static\/planet4-finland-stateless\/2026\/02\/583fe31b-gp0su874d_medium-res-1200px.jpg 1200w, https:\/\/www.greenpeace.org\/static\/planet4-finland-stateless\/2026\/02\/583fe31b-gp0su874d_medium-res-1200px-300x200.jpg 300w, https:\/\/www.greenpeace.org\/static\/planet4-finland-stateless\/2026\/02\/583fe31b-gp0su874d_medium-res-1200px-1024x683.jpg 1024w, https:\/\/www.greenpeace.org\/static\/planet4-finland-stateless\/2026\/02\/583fe31b-gp0su874d_medium-res-1200px-768x512.jpg 768w, https:\/\/www.greenpeace.org\/static\/planet4-finland-stateless\/2026\/02\/583fe31b-gp0su874d_medium-res-1200px-510x340.jpg 510w\" sizes=\"auto, (max-width: 1200px) 100vw, 1200px\" data-image-size=\"post-thumbnail\" data-stateless-media-bucket=\"planet4-finland-stateless\" data-stateless-media-name=\"2026\/02\/583fe31b-gp0su874d_medium-res-1200px.jpg\" \/><\/a><\/figure>\n\n\n<div class=\"wp-block-group is-layout-flow wp-block-group-is-layout-flow\">\n<div class=\"wp-block-group is-layout-flex wp-block-group-is-layout-flex\"><div class=\"wp-block-post-terms\"><a href=\"https:\/\/www.greenpeace.org\/finland\/luokka\/energia\/\">Energia<\/a><\/div>\n\n<div class=\"taxonomy-post_tag wp-block-post-terms\"><a href=\"https:\/\/www.greenpeace.org\/finland\/tag\/ilmastokriisinsyyt\/\" rel=\"tag\">ilmastokriisinsyyt<\/a><span class=\"wp-block-post-terms__separator\"> <\/span><a href=\"https:\/\/www.greenpeace.org\/finland\/tag\/fossiiliset\/\" rel=\"tag\">fossiiliset<\/a><span class=\"wp-block-post-terms__separator\"> <\/span><a href=\"https:\/\/www.greenpeace.org\/finland\/tag\/viherpesu\/\" rel=\"tag\">viherpesu<\/a><\/div><\/div>\n\n\n<h3 class=\"wp-block-post-title\"><a href=\"https:\/\/www.greenpeace.org\/finland\/blogit\/ilmastonmuutos\/talviolympialaiset-viherpesua-ilmastokriisin-varjossa\/\" target=\"_self\" >Talviolympialaiset\u00a0\u2013 viherpesua ilmastokriisin varjossa?<\/a><\/h3>\n\n<div class=\"wp-block-post-excerpt\"><p class=\"wp-block-post-excerpt__excerpt\">Tiesitk\u00f6, ett\u00e4 yli puolet t\u00e4ll\u00e4 hetkell\u00e4 talviolympialaisten is\u00e4nt\u00e4kaupungeiksi sopivista kaupungeista ovat 2080-lukuun menness\u00e4 s\u00e4\u00e4oloiltaan siihen kelvottomia? T\u00e4m\u00e4 on Kansainv\u00e4lisen olympiakomitean (KOK) rahoittaman, vuonna 2024 valmistuneen tieteellisen arvion lopputulos. Tulos vahvistaa&hellip; <\/p><\/div>\n\n\n<div class=\"wp-block-group posts-list-meta is-layout-flow wp-block-group-is-layout-flow\"><span class='article-list-item-author'><a href='https:\/\/www.greenpeace.org\/finland\/author\/gp_finland\/'>Greenpeace Suomi<\/a><\/span>\n\n<div class=\"wp-block-post-date\"><time datetime=\"2026-02-06T11:35:43+03:00\">06\/02\/2026<\/time><\/div><\/div>\n<\/div>\n<\/div>\n\n<\/li><li class=\"wp-block-post post-60919 post type-post status-publish format-standard has-post-thumbnail hentry category-ilmastonmuutos tag-ilmastokriisinsyyt tag-luontokato tag-viherpesu p4-page-type-blogit\">\n\n<div class=\"wp-block-columns is-layout-flex wp-container-core-columns-is-layout-9d6595d7 wp-block-columns-is-layout-flex\"><figure class=\"wp-block-post-featured-image\"><a href=\"https:\/\/www.greenpeace.org\/finland\/blogit\/ilmastonmuutos\/aktivistien-black-friday-terveiset-kauppakeskus-jumbon-seinalla-ala-osta-turhaa-pskaa\/\" target=\"_self\"  ><img loading=\"lazy\" decoding=\"async\" width=\"1170\" height=\"878\" src=\"https:\/\/www.greenpeace.org\/static\/planet4-finland-stateless\/2025\/11\/c7280704-img_5180.jpg\" class=\"attachment-post-thumbnail size-post-thumbnail wp-post-image wp-stateless-item\" alt=\"Aktivistien Black Friday-terveiset kauppakeskus Jumbon sein\u00e4ll\u00e4: \u201c\u00c4l\u00e4 osta turhaa p*skaa\u201d!\" style=\"object-fit:cover;\" srcset=\"https:\/\/www.greenpeace.org\/static\/planet4-finland-stateless\/2025\/11\/c7280704-img_5180.jpg 1170w, https:\/\/www.greenpeace.org\/static\/planet4-finland-stateless\/2025\/11\/c7280704-img_5180-300x225.jpg 300w, https:\/\/www.greenpeace.org\/static\/planet4-finland-stateless\/2025\/11\/c7280704-img_5180-1024x768.jpg 1024w, https:\/\/www.greenpeace.org\/static\/planet4-finland-stateless\/2025\/11\/c7280704-img_5180-768x576.jpg 768w, https:\/\/www.greenpeace.org\/static\/planet4-finland-stateless\/2025\/11\/c7280704-img_5180-453x340.jpg 453w\" sizes=\"auto, (max-width: 1170px) 100vw, 1170px\" data-image-size=\"post-thumbnail\" data-stateless-media-bucket=\"planet4-finland-stateless\" data-stateless-media-name=\"2025\/11\/c7280704-img_5180.jpg\" \/><\/a><\/figure>\n\n\n<div class=\"wp-block-group is-layout-flow wp-block-group-is-layout-flow\">\n<div class=\"wp-block-group is-layout-flex wp-block-group-is-layout-flex\"><div class=\"wp-block-post-terms\"><a href=\"https:\/\/www.greenpeace.org\/finland\/luokka\/ilmastonmuutos\/\">Ilmastonmuutos<\/a><\/div>\n\n<div class=\"taxonomy-post_tag wp-block-post-terms\"><a href=\"https:\/\/www.greenpeace.org\/finland\/tag\/ilmastokriisinsyyt\/\" rel=\"tag\">ilmastokriisinsyyt<\/a><span class=\"wp-block-post-terms__separator\"> <\/span><a href=\"https:\/\/www.greenpeace.org\/finland\/tag\/luontokato\/\" rel=\"tag\">luontokato<\/a><span class=\"wp-block-post-terms__separator\"> <\/span><a href=\"https:\/\/www.greenpeace.org\/finland\/tag\/viherpesu\/\" rel=\"tag\">viherpesu<\/a><\/div><\/div>\n\n\n<h3 class=\"wp-block-post-title\"><a href=\"https:\/\/www.greenpeace.org\/finland\/blogit\/ilmastonmuutos\/aktivistien-black-friday-terveiset-kauppakeskus-jumbon-seinalla-ala-osta-turhaa-pskaa\/\" target=\"_self\" >Aktivistien Black Friday-terveiset kauppakeskus Jumbon sein\u00e4ll\u00e4: \u201c\u00c4l\u00e4 osta turhaa p*skaa\u201d!<\/a><\/h3>\n\n<div class=\"wp-block-post-excerpt\"><p class=\"wp-block-post-excerpt__excerpt\">Greenpeacen aktivistit heijastivat torstai-iltana Suomen suurimman kauppakeskuksen, Jumbon, sein\u00e4\u00e4n j\u00e4ttikokoisen Black Fridayn holtitonta kulutushurmosta kritisoivan viestin. Tempauksellaan aktivistit haluavat muistuttaa, ett\u00e4 Black Friday ruokkii ylikulutusta, joka puolestaan kiihdytt\u00e4\u00e4 yh\u00e4 pahenevaa&hellip; <\/p><\/div>\n\n\n<div class=\"wp-block-group posts-list-meta is-layout-flow wp-block-group-is-layout-flow\"><span class='article-list-item-author'><a href='https:\/\/www.greenpeace.org\/finland\/author\/gp_finland\/'>Greenpeace Suomi<\/a><\/span>\n\n<div class=\"wp-block-post-date\"><time datetime=\"2025-11-27T21:50:57+03:00\">27\/11\/2025<\/time><\/div><\/div>\n<\/div>\n<\/div>\n\n<\/li><li class=\"wp-block-post post-60796 post type-post status-publish format-standard has-post-thumbnail hentry category-metsat tag-luonnonmetsa tag-suojellaanmetsat tag-metsateollisuus tag-viherpesu p4-page-type-blogit\">\n\n<div class=\"wp-block-columns is-layout-flex wp-container-core-columns-is-layout-9d6595d7 wp-block-columns-is-layout-flex\"><figure class=\"wp-block-post-featured-image\"><a href=\"https:\/\/www.greenpeace.org\/finland\/blogit\/metsat\/lambi-ja-serla-paperit-saattavat-sisaltaa-luonnonmetsaa-tassa-perustelumme\/\" target=\"_self\"  ><img loading=\"lazy\" decoding=\"async\" width=\"900\" height=\"804\" src=\"https:\/\/www.greenpeace.org\/static\/planet4-finland-stateless\/2025\/10\/5acf570a-serla_orava_pieni.jpg\" class=\"attachment-post-thumbnail size-post-thumbnail wp-post-image wp-stateless-item\" alt=\"Lambi- ja Serla-paperit saattavat sis\u00e4lt\u00e4\u00e4 luonnonmets\u00e4\u00e4 \u2013 t\u00e4ss\u00e4 perustelumme\" style=\"object-fit:cover;\" srcset=\"https:\/\/www.greenpeace.org\/static\/planet4-finland-stateless\/2025\/10\/5acf570a-serla_orava_pieni.jpg 900w, https:\/\/www.greenpeace.org\/static\/planet4-finland-stateless\/2025\/10\/5acf570a-serla_orava_pieni-300x268.jpg 300w, https:\/\/www.greenpeace.org\/static\/planet4-finland-stateless\/2025\/10\/5acf570a-serla_orava_pieni-768x686.jpg 768w, https:\/\/www.greenpeace.org\/static\/planet4-finland-stateless\/2025\/10\/5acf570a-serla_orava_pieni-381x340.jpg 381w\" sizes=\"auto, (max-width: 900px) 100vw, 900px\" data-image-size=\"post-thumbnail\" data-stateless-media-bucket=\"planet4-finland-stateless\" data-stateless-media-name=\"2025\/10\/5acf570a-serla_orava_pieni.jpg\" \/><\/a><\/figure>\n\n\n<div class=\"wp-block-group is-layout-flow wp-block-group-is-layout-flow\">\n<div class=\"wp-block-group is-layout-flex wp-block-group-is-layout-flex\"><div class=\"wp-block-post-terms\"><a href=\"https:\/\/www.greenpeace.org\/finland\/luokka\/metsat\/\">Mets\u00e4t<\/a><\/div>\n\n<div class=\"taxonomy-post_tag wp-block-post-terms\"><a href=\"https:\/\/www.greenpeace.org\/finland\/tag\/luonnonmetsa\/\" rel=\"tag\">luonnonmets\u00e4<\/a><span class=\"wp-block-post-terms__separator\"> <\/span><a href=\"https:\/\/www.greenpeace.org\/finland\/tag\/suojellaanmetsat\/\" rel=\"tag\">suojellaanmets\u00e4t<\/a><span class=\"wp-block-post-terms__separator\"> <\/span><a href=\"https:\/\/www.greenpeace.org\/finland\/tag\/metsateollisuus\/\" rel=\"tag\">mets\u00e4teollisuus<\/a><span class=\"wp-block-post-terms__separator\"> <\/span><a href=\"https:\/\/www.greenpeace.org\/finland\/tag\/viherpesu\/\" rel=\"tag\">viherpesu<\/a><\/div><\/div>\n\n\n<h3 class=\"wp-block-post-title\"><a href=\"https:\/\/www.greenpeace.org\/finland\/blogit\/metsat\/lambi-ja-serla-paperit-saattavat-sisaltaa-luonnonmetsaa-tassa-perustelumme\/\" target=\"_self\" >Lambi- ja Serla-paperit saattavat sis\u00e4lt\u00e4\u00e4 luonnonmets\u00e4\u00e4 \u2013 t\u00e4ss\u00e4 perustelumme<\/a><\/h3>\n\n<div class=\"wp-block-post-excerpt\"><p class=\"wp-block-post-excerpt__excerpt\">Suomalaisten tuntemat Lambi- ja Serla-paperit ovat riskiostos vastuullisuutta arvostavalle kuluttajalle, sill\u00e4 ne saattavat sis\u00e4lt\u00e4\u00e4 luonnonmets\u00e4\u00e4. T\u00e4ss\u00e4 perustelumme ja vastauksemme Mets\u00e4 Groupin v\u00e4itteisiin. <\/p><\/div>\n\n\n<div class=\"wp-block-group posts-list-meta is-layout-flow wp-block-group-is-layout-flow\"><span class='article-list-item-author'><a href='https:\/\/www.greenpeace.org\/finland\/author\/gp_finland\/'>Greenpeace Suomi<\/a><\/span>\n\n<div class=\"wp-block-post-date\"><time datetime=\"2025-10-21T08:08:17+03:00\">21\/10\/2025<\/time><\/div><\/div>\n<\/div>\n<\/div>\n\n<\/li><\/ul>\n\n\n<div class=\"wp-block-buttons carousel-controls is-horizontal is-content-justification-space-between is-nowrap is-layout-flex wp-container-core-buttons-is-layout-044bd602 wp-block-buttons-is-layout-flex\">\n<div class=\"wp-block-button carousel-control-prev\"><button type=\"button\" class=\"wp-block-button__link wp-element-button\">Prev<\/button><\/div>\n\n\n\n<div class=\"wp-block-button carousel-control-next\"><button type=\"button\" class=\"wp-block-button__link wp-element-button\">Seuraava<\/button><\/div>\n<\/div>\n\n\n<li class=\" wp-block-navigation-item see-all-link wp-block-navigation-link\"><a class=\"wp-block-navigation-item__content\"  href=\"https:\/\/www.greenpeace.org\/finland\/uutisia-ja-tarinoita\/?tag=viherpesu&#038;post-type=blogit\"><span class=\"wp-block-navigation-item__label\">Lue lis\u00e4\u00e4<\/span><\/a><\/li><\/div>\n\n\n\n<div class=\"wp-block-group alignfull block is-pattern-p4-deep-dive has-grey-100-background-color has-background is-layout-flow wp-block-group-is-layout-flow\">\n<div class=\"wp-block-group container is-layout-flow wp-block-group-is-layout-flow\">\n<div style=\"height:24px\" aria-hidden=\"true\" class=\"wp-block-spacer\"><\/div>\n\n\n\n<h2 class=\"wp-block-heading has-text-align-center\">Lis\u00e4\u00e4 aiheesta<\/h2>\n\n\n\n<div class=\"wp-block-columns is-layout-flex wp-container-core-columns-is-layout-9d6595d7 wp-block-columns-is-layout-flex\">\n<div class=\"wp-block-column is-layout-flow wp-block-column-is-layout-flow\">\n<div class=\"wp-block-group group-stretched-link is-layout-flow wp-block-group-is-layout-flow\">\n<figure class=\"wp-block-image aligncenter size-full is-resized force-no-lightbox force-no-caption is-style-rounded-180\"><img loading=\"lazy\" decoding=\"async\" width=\"800\" height=\"534\" src=\"https:\/\/www.greenpeace.org\/static\/planet4-finland-stateless\/2022\/11\/71386a95-gp0stswx4_web_size.jpg\" title=\"Drought in Basilicata, ItalyImpatti dei cambiamenti climatici in Italia\" alt=\"Drought in Basilicata, ItalyImpatti dei cambiamenti climatici in Italia\" class=\"wp-image-51976\" srcset=\"https:\/\/www.greenpeace.org\/static\/planet4-finland-stateless\/2022\/11\/71386a95-gp0stswx4_web_size.jpg 800w, https:\/\/www.greenpeace.org\/static\/planet4-finland-stateless\/2022\/11\/71386a95-gp0stswx4_web_size-300x200.jpg 300w, https:\/\/www.greenpeace.org\/static\/planet4-finland-stateless\/2022\/11\/71386a95-gp0stswx4_web_size-768x513.jpg 768w, https:\/\/www.greenpeace.org\/static\/planet4-finland-stateless\/2022\/11\/71386a95-gp0stswx4_web_size-510x340.jpg 510w\" sizes=\"auto, (max-width: 800px) 100vw, 800px\" \/><figcaption class=\"wp-element-caption\">Along the side roads through St Giuliano district hills, abandoned farms are frequently found.  \nMost probably due to poor soil conditions caused by alkalinisation and salinization. Drier fields unsuitable for agriculture and pastures are another consequence of climate change.\nQuel che resta di alcune tamerici lungo le sponde del Lago di San Giuliano: dove prima si trovava una ricca vegetazione, ora non restano che scheletrici tronchi, a testimoniare la desertificazione causata dai cambiamenti climatici.<\/figcaption><\/figure>\n\n\n\n<h5 class=\"wp-block-heading has-text-align-center is-style-chevron\" style=\"font-size:1rem\"><a href=\"https:\/\/www.greenpeace.org\/finland\/?page_id=51824\">Ilmastonmuutoksen vaikutukset<\/a><\/h5>\n\n\n\n<div style=\"height:16px\" aria-hidden=\"true\" class=\"wp-block-spacer\"><\/div>\n<\/div>\n<\/div>\n\n\n\n<div class=\"wp-block-column is-layout-flow wp-block-column-is-layout-flow\">\n<div class=\"wp-block-group group-stretched-link is-layout-flow wp-block-group-is-layout-flow\">\n<figure class=\"wp-block-image aligncenter size-full is-resized force-no-lightbox force-no-caption is-style-rounded-180\"><img loading=\"lazy\" decoding=\"async\" width=\"800\" height=\"533\" src=\"https:\/\/www.greenpeace.org\/static\/planet4-finland-stateless\/2022\/11\/d896b089-gp1suwwg_web_size.jpg\" title=\"Sukeltaja pitelem\u00e4ss\u00e4 kyltti\u00e4 &quot;Youth strike for climate&quot;\" alt=\"\" class=\"wp-image-52349\" srcset=\"https:\/\/www.greenpeace.org\/static\/planet4-finland-stateless\/2022\/11\/d896b089-gp1suwwg_web_size.jpg 800w, https:\/\/www.greenpeace.org\/static\/planet4-finland-stateless\/2022\/11\/d896b089-gp1suwwg_web_size-300x200.jpg 300w, https:\/\/www.greenpeace.org\/static\/planet4-finland-stateless\/2022\/11\/d896b089-gp1suwwg_web_size-768x512.jpg 768w, https:\/\/www.greenpeace.org\/static\/planet4-finland-stateless\/2022\/11\/d896b089-gp1suwwg_web_size-510x340.jpg 510w\" sizes=\"auto, (max-width: 800px) 100vw, 800px\" \/><figcaption class=\"wp-element-caption\">Climate advocate and scientist Shaama Sandooyea holds a placard reading &#8217;Youth Strike For Climate&#8217; in support of the climate strike movement. During an underwater protest in the Saya de Malha bank in the Indian Ocean.\n\nThe Saya de Malha Bank is part of the Mascarene Plateau and located between Mauritius and Seychelles in the Indian Ocean. It is the largest seagrass meadow in the world and one of the biggest carbon sinks in the high seas. A team aboard the Greenpeace ship, Arctic Sunrise are on an expedition to the bank to contribute to a better understanding of the wildlife and diversity of the region and make the case for this area to be protected.<\/figcaption><\/figure>\n\n\n\n<h5 class=\"wp-block-heading has-text-align-center is-style-chevron\" style=\"font-size:1rem\"><a href=\"https:\/\/www.greenpeace.org\/finland\/?page_id=51828\">Ilmastop\u00e4\u00e4t\u00f6kset<\/a><\/h5>\n\n\n\n<div style=\"height:16px\" aria-hidden=\"true\" class=\"wp-block-spacer\"><\/div>\n<\/div>\n<\/div>\n<\/div>\n<\/div>\n<\/div>\n\n\n\n<div class=\"wp-block-group alignfull block is-pattern-p4-quick-links has-white-background-color has-background is-layout-flow wp-block-group-is-layout-flow\">\n<div class=\"wp-block-group container is-layout-flow wp-block-group-is-layout-flow\">\n<div style=\"height:24px\" aria-hidden=\"true\" class=\"wp-block-spacer\"><\/div>\n\n\n\n<h4 class=\"wp-block-heading has-text-align-center\">Lis\u00e4\u00e4 ilmastoon liittyv\u00e4\u00e4<\/h4>\n\n\n\n<div class=\"wp-block-columns is-not-stacked-on-mobile is-style-mobile-carousel is-layout-flex wp-container-core-columns-is-layout-9d6595d7 wp-block-columns-is-layout-flex\">\n<div class=\"wp-block-column is-layout-flow wp-block-column-is-layout-flow\">\n<div class=\"wp-block-group group-stretched-link is-layout-flow wp-block-group-is-layout-flow\">\n<figure class=\"wp-block-image aligncenter size-large is-resized is-style-rounded-90 force-no-lightbox force-no-caption mb-0\"><img loading=\"lazy\" decoding=\"async\" width=\"1024\" height=\"683\" src=\"https:\/\/www.greenpeace.org\/static\/planet4-finland-stateless\/2022\/09\/0e87ed2f-gp1sx7gu_-1024x683.jpg\" alt=\"\" class=\"wp-image-51120\" srcset=\"https:\/\/www.greenpeace.org\/static\/planet4-finland-stateless\/2022\/09\/0e87ed2f-gp1sx7gu_-1024x683.jpg 1024w, https:\/\/www.greenpeace.org\/static\/planet4-finland-stateless\/2022\/09\/0e87ed2f-gp1sx7gu_-300x200.jpg 300w, https:\/\/www.greenpeace.org\/static\/planet4-finland-stateless\/2022\/09\/0e87ed2f-gp1sx7gu_-768x512.jpg 768w, https:\/\/www.greenpeace.org\/static\/planet4-finland-stateless\/2022\/09\/0e87ed2f-gp1sx7gu_-510x340.jpg 510w, https:\/\/www.greenpeace.org\/static\/planet4-finland-stateless\/2022\/09\/0e87ed2f-gp1sx7gu_.jpg 1200w\" sizes=\"auto, (max-width: 1024px) 100vw, 1024px\" \/><figcaption class=\"wp-element-caption\">Greenpeace activists protest at the Nord Stream 1 Baltic Sea pipeline in Lubmin to call for a halt to imports of Russian gas as soon as possible. Nord Stream 1 is one of three gas pipelines that transport Russian gas to Germany. The underwater pipeline is the only direct connection between Russia and Germany. On a 45 x 38 meter banner, activists at the landfall of the gas pipelines demand: &#8221;Stop Gas! End War!&#8221;. A red X symbolically blocks the Baltic Sea pipeline in the dunes.\nF\u00fcr einen schnellstm\u00f6glichen Importstopp von russischem Gas protestieren Greenpeace-Aktivist:innen an der Ostseepipeline Nord Stream 1 in Lubmin. Nord Stream 1 ist eine von drei Gaspipelines, die russisches Gas nach Deutschland leitet. Die Unterwasserpipeline ist die einzige direkte Verbindung zwischen Russland und Deutschland. Auf einem 45 x 38 Meter gro\u00dfen Banner fordern die Aktivist:innen am Anlandungspunkt der Gasleitungen: \u201cStop Gas! End War!\u201d. Ein rotes X blockiert in den D\u00fcnen symbolisch die Ostseepipeline.<\/figcaption><\/figure>\n\n\n\n<div style=\"height:16px\" aria-hidden=\"true\" class=\"wp-block-spacer\"><\/div>\n\n\n\n<h5 class=\"wp-block-heading has-text-align-center\" style=\"font-size:1rem\"><a href=\"https:\/\/www.greenpeace.org\/finland\/?page_id=51787\">Energia<\/a><\/h5>\n<\/div>\n<\/div>\n\n\n\n<div class=\"wp-block-column is-layout-flow wp-block-column-is-layout-flow\">\n<div class=\"wp-block-group group-stretched-link is-layout-flow wp-block-group-is-layout-flow\">\n<figure class=\"wp-block-image aligncenter size-full is-resized is-style-rounded-90 force-no-lightbox force-no-caption mb-0\"><img loading=\"lazy\" decoding=\"async\" width=\"800\" height=\"535\" src=\"https:\/\/www.greenpeace.org\/static\/planet4-finland-stateless\/2020\/05\/33f5df2a-gp034ks_web_size.jpg\" alt=\"\" class=\"wp-image-4280\" srcset=\"https:\/\/www.greenpeace.org\/static\/planet4-finland-stateless\/2020\/05\/33f5df2a-gp034ks_web_size.jpg 800w, https:\/\/www.greenpeace.org\/static\/planet4-finland-stateless\/2020\/05\/33f5df2a-gp034ks_web_size-300x201.jpg 300w, https:\/\/www.greenpeace.org\/static\/planet4-finland-stateless\/2020\/05\/33f5df2a-gp034ks_web_size-768x514.jpg 768w, https:\/\/www.greenpeace.org\/static\/planet4-finland-stateless\/2020\/05\/33f5df2a-gp034ks_web_size-508x340.jpg 508w\" sizes=\"auto, (max-width: 800px) 100vw, 800px\" \/><figcaption class=\"wp-element-caption\">Young Orangutans hugging in Nyaru Menteng Orangutan reintroduction project  near Palangka Raya, Central Kalimantan.\nNyaru Menteng Orang-Utan Auswilderungsprojekt bei Palangka Raya in Kalimantan auf Borneo. Auffangstation der Organisation BOSF (Borneo Orangutan Survival Foundation). Junge Orang-Utans (Pongo pygmaeus) umarmen sich.<\/figcaption><\/figure>\n\n\n\n<div style=\"height:16px\" aria-hidden=\"true\" class=\"wp-block-spacer\"><\/div>\n\n\n\n<h5 class=\"wp-block-heading has-text-align-center\" style=\"font-size:1rem\"><a href=\"https:\/\/www.greenpeace.org\/finland\/?page_id=51792\">Mets\u00e4t<\/a><\/h5>\n<\/div>\n<\/div>\n\n\n\n<div class=\"wp-block-column is-layout-flow wp-block-column-is-layout-flow\">\n<div class=\"wp-block-group group-stretched-link is-layout-flow wp-block-group-is-layout-flow\">\n<figure class=\"wp-block-image aligncenter size-full is-resized is-style-rounded-90 force-no-lightbox force-no-caption mb-0\"><img loading=\"lazy\" decoding=\"async\" width=\"800\" height=\"533\" src=\"https:\/\/www.greenpeace.org\/static\/planet4-finland-stateless\/2022\/11\/a05a004c-gp0sttfkt_web_size.jpg\" title=\"Kalaparvi Sardiniassa.\" alt=\"\" class=\"wp-image-52342\" srcset=\"https:\/\/www.greenpeace.org\/static\/planet4-finland-stateless\/2022\/11\/a05a004c-gp0sttfkt_web_size.jpg 800w, https:\/\/www.greenpeace.org\/static\/planet4-finland-stateless\/2022\/11\/a05a004c-gp0sttfkt_web_size-300x200.jpg 300w, https:\/\/www.greenpeace.org\/static\/planet4-finland-stateless\/2022\/11\/a05a004c-gp0sttfkt_web_size-768x512.jpg 768w, https:\/\/www.greenpeace.org\/static\/planet4-finland-stateless\/2022\/11\/a05a004c-gp0sttfkt_web_size-510x340.jpg 510w\" sizes=\"auto, (max-width: 800px) 100vw, 800px\" \/><figcaption class=\"wp-element-caption\">Greenpeace together with the CNR-IAS and the University of the Marche region carry out a tour in the Tyrrhenian Sea to document the plastic and microplastics pollution in the marine ecosystem.<\/figcaption><\/figure>\n\n\n\n<div style=\"height:16px\" aria-hidden=\"true\" class=\"wp-block-spacer\"><\/div>\n\n\n\n<h5 class=\"wp-block-heading has-text-align-center\" style=\"font-size:1rem\"><a href=\"https:\/\/www.greenpeace.org\/finland\/?page_id=51796\">Meret<\/a><\/h5>\n<\/div>\n<\/div>\n<\/div>\n<\/div>\n<\/div>\n<\/div>\n","protected":false},"excerpt":{"rendered":"<p>Fossiiliset polttoaineet, metsien tuhoaminen ja teollinen maatalous kiihdytt\u00e4v\u00e4t l\u00e4mpenemist\u00e4, jonka seurauksena voi pahimmillaan olla elinkelvoton planeetta.<\/p>\n","protected":false},"author":41,"featured_media":50638,"parent":51777,"menu_order":0,"comment_status":"closed","ping_status":"closed","template":"","meta":{"_improvement_type_select":"improve_an_existing","_thumb_yes_seoaic":false,"_frame_yes_seoaic":false,"seoaic_generate_description":"","seoaic_improve_instructions_prompt":"","seoaic_rollback_content_improvement":"","seoaic_idea_thumbnail_generator":"","thumbnail_generated":false,"thumbnail_generate_prompt":"","seoaic_article_description":"","ep_exclude_from_search":false,"p4_hide_page_title_checkbox":"on","p4_title":"","p4_subtitle":"","p4_description":"","background_image_id":"","background_image":"","p4_button_title":"","p4_button_link":"","p4_button_link_checkbox":"","p4_og_title":"","p4_og_description":"","p4_og_image":"","p4_og_image_id":"","p4_seo_canonical_url":"","p4_campaign_name":"Climate and Justice","p4_local_project":"not set","p4_basket_name":"not set","p4_department":"","footnotes":""},"categories":[1],"tags":[58],"class_list":["post-51820","page","type-page","status-publish","has-post-thumbnail","hentry","category-ilmastonmuutos","tag-ilmastokriisinsyyt"],"_links":{"self":[{"href":"https:\/\/www.greenpeace.org\/finland\/wp-json\/wp\/v2\/pages\/51820","targetHints":{"allow":["GET"]}}],"collection":[{"href":"https:\/\/www.greenpeace.org\/finland\/wp-json\/wp\/v2\/pages"}],"about":[{"href":"https:\/\/www.greenpeace.org\/finland\/wp-json\/wp\/v2\/types\/page"}],"author":[{"embeddable":true,"href":"https:\/\/www.greenpeace.org\/finland\/wp-json\/wp\/v2\/users\/41"}],"replies":[{"embeddable":true,"href":"https:\/\/www.greenpeace.org\/finland\/wp-json\/wp\/v2\/comments?post=51820"}],"version-history":[{"count":21,"href":"https:\/\/www.greenpeace.org\/finland\/wp-json\/wp\/v2\/pages\/51820\/revisions"}],"predecessor-version":[{"id":61964,"href":"https:\/\/www.greenpeace.org\/finland\/wp-json\/wp\/v2\/pages\/51820\/revisions\/61964"}],"up":[{"embeddable":true,"href":"https:\/\/www.greenpeace.org\/finland\/wp-json\/wp\/v2\/pages\/51777"}],"wp:featuredmedia":[{"embeddable":true,"href":"https:\/\/www.greenpeace.org\/finland\/wp-json\/wp\/v2\/media\/50638"}],"wp:attachment":[{"href":"https:\/\/www.greenpeace.org\/finland\/wp-json\/wp\/v2\/media?parent=51820"}],"wp:term":[{"taxonomy":"category","embeddable":true,"href":"https:\/\/www.greenpeace.org\/finland\/wp-json\/wp\/v2\/categories?post=51820"},{"taxonomy":"post_tag","embeddable":true,"href":"https:\/\/www.greenpeace.org\/finland\/wp-json\/wp\/v2\/tags?post=51820"}],"curies":[{"name":"wp","href":"https:\/\/api.w.org\/{rel}","templated":true}]}}