{"id":51887,"date":"2022-11-25T16:45:47","date_gmt":"2022-11-25T13:45:47","guid":{"rendered":"https:\/\/www.greenpeace.org\/finland\/?page_id=51887"},"modified":"2026-04-08T11:44:48","modified_gmt":"2026-04-08T08:44:48","slug":"liikakalastus","status":"publish","type":"page","link":"https:\/\/www.greenpeace.org\/finland\/meret\/liikakalastus\/","title":{"rendered":"Liikakalastus"},"content":{"rendered":"\n<div class=\"wp-block-group is-pattern-p4-deep-dive-topic-pattern-layout is-layout-flow wp-block-group-is-layout-flow\">\n<div class=\"wp-block-group alignfull has-grey-100-background-color has-background is-layout-flow wp-block-group-is-layout-flow\" style=\"padding-top:56px;padding-bottom:56px\">\n<div class=\"wp-block-group container is-layout-flow wp-block-group-is-layout-flow\">\n<div class=\"wp-block-media-text alignfull has-media-on-the-right is-stacked-on-mobile is-pattern-p4-page-header is-style-parallax\"><div class=\"wp-block-media-text__content\">\n<div class=\"wp-block-group is-layout-flow wp-block-group-is-layout-flow\">\n<h1 class=\"wp-block-heading has-grey-100-background-color has-background\">Liikakalastus uhkaa merten monimuotoisuutta<\/h1>\n<\/div>\n\n\n\n<p style=\"font-size:1.25rem\">Liikakalastus tuhoaa merten ekosysteemej\u00e4. Merten hyvinvointi ja pienkalastajien toimeentulo ovat uhattuna. Kala, joka kuuluisi ihmisten lautasille, p\u00e4\u00e4tyy rehuksi. Liikakalastuksen rajoittaminen edist\u00e4isi ymp\u00e4rist\u00f6n, el\u00e4inten, kuin ihmistenkin hyvinvointia.<\/p>\n\n\n\n<div class=\"wp-block-buttons is-layout-flex wp-block-buttons-is-layout-flex\"><\/div>\n<\/div><figure class=\"wp-block-media-text__media\"><img loading=\"lazy\" decoding=\"async\" width=\"800\" height=\"533\" src=\"https:\/\/www.greenpeace.org\/static\/planet4-finland-stateless\/2022\/11\/6fba4ea5-gp04bs8_web_size.jpg\" alt=\"\" sizes=\"auto, (min-width: 601px) 50vw, 100vw\" srcset=\"https:\/\/www.greenpeace.org\/static\/planet4-finland-stateless\/2022\/11\/6fba4ea5-gp04bs8_web_size.jpg 800w, https:\/\/www.greenpeace.org\/static\/planet4-finland-stateless\/2022\/11\/6fba4ea5-gp04bs8_web_size-300x200.jpg 300w, https:\/\/www.greenpeace.org\/static\/planet4-finland-stateless\/2022\/11\/6fba4ea5-gp04bs8_web_size-768x512.jpg 768w, https:\/\/www.greenpeace.org\/static\/planet4-finland-stateless\/2022\/11\/6fba4ea5-gp04bs8_web_size-510x340.jpg 510w\" class=\"wp-image-52328 size-full\"\/><\/figure><\/div>\n<\/div>\n<\/div>\n\n\n\n<style>.wp-block-group.alignfull.has-background.is-layout-flow{padding:0!important;}<\/style>\n\n<div style=\"height:15px\" aria-hidden=\"true\" class=\"wp-block-spacer\"><\/div>\n\n<div class=\"wp-block-columns is-style-mobile-carousel secondary-menu is-layout-flex wp-container-core-columns-is-layout-9d6595d7 wp-block-columns-is-layout-flex\">\n<div class=\"wp-block-column is-layout-flow wp-block-column-is-layout-flow\" style=\"flex-basis:10%\"><\/div>\n\n\n\n<div class=\"wp-block-column brdr-bottom is-layout-flow wp-block-column-is-layout-flow\" style=\"flex-basis:80%\">\n<div class=\"wp-block-group is-style-reset-margin flex-wrap is-content-justification-center is-nowrap is-layout-flex wp-container-core-group-is-layout-499140ed wp-block-group-is-layout-flex\">\n<p class=\"has-text-align-center is-style-roboto-font-family nav-link\" style=\"font-size:16px\"><a href=\"#ongelma\"><strong>Ongelma<\/strong><\/a><\/p>\n\n\n\n<div style=\"height:30px;width:0px\" aria-hidden=\"true\" class=\"wp-block-spacer wp-container-content-b0b89ccb\"><\/div>\n\n\n\n<p>\u2022<\/p>\n\n\n\n<div style=\"height:30px;width:0px\" aria-hidden=\"true\" class=\"wp-block-spacer wp-container-content-b0b89ccb\"><\/div>\n\n\n\n<p class=\"has-text-align-center is-style-roboto-font-family nav-link\" style=\"font-size:16px\"><a href=\"#mita-teemme\"><strong>Mit\u00e4 teemme<\/strong><\/a><\/p>\n\n\n\n<div style=\"height:30px;width:0px\" aria-hidden=\"true\" class=\"wp-block-spacer wp-container-content-b0b89ccb\"><\/div>\n\n\n\n<p>\u2022<\/p>\n\n\n\n<div style=\"height:30px;width:0px\" aria-hidden=\"true\" class=\"wp-block-spacer wp-container-content-b0b89ccb\"><\/div>\n\n\n\n<p class=\"has-text-align-center is-style-roboto-font-family nav-link\" style=\"font-size:16px\"><a href=\"#mita-voit-tehda\"><strong>Mit\u00e4 voit tehd\u00e4<\/strong><\/a><\/p>\n\n\n\n<div style=\"height:30px;width:0px\" aria-hidden=\"true\" class=\"wp-block-spacer wp-container-content-b0b89ccb\"><\/div>\n\n\n\n<p>\u2022<\/p>\n\n\n\n<div style=\"height:30px;width:0px\" aria-hidden=\"true\" class=\"wp-block-spacer wp-container-content-b0b89ccb\"><\/div>\n\n\n\n<p class=\"is-style-roboto-font-family nav-link\" style=\"font-size:16px\"><a href=\"#ajankohtaista\"><strong>Ajankohtaista<\/strong><\/a><\/p>\n\n\n\n<div style=\"height:30px;width:0px\" aria-hidden=\"true\" class=\"wp-block-spacer wp-container-content-b0b89ccb\"><\/div>\n<\/div>\n<\/div>\n\n\n\n<div class=\"wp-block-column is-layout-flow wp-block-column-is-layout-flow\" style=\"flex-basis:10%\"><\/div>\n<\/div>\n\n\n\n<div style=\"height:64px\" aria-hidden=\"true\" class=\"wp-block-spacer\"><\/div>\n\n\n\n<div class=\"wp-block-media-text alignwide is-stacked-on-mobile is-image-fill-element block my-0 py-0 is-style-default\"><figure class=\"wp-block-media-text__media\"><img loading=\"lazy\" decoding=\"async\" width=\"800\" height=\"532\" src=\"https:\/\/www.greenpeace.org\/static\/planet4-finland-stateless\/2022\/11\/ec92304d-gp03qpm_web_size.jpg\" alt=\"The Afrika Super Trawler in Mauritania\" sizes=\"auto, (min-width: 1600px) calc((1320px - 24px) \/ 2),(min-width: 1200px) calc((1140px - 24px) \/ 2),(min-width: 992px) calc((960px - 24px) \/ 2),(min-width: 768px) calc((720px - 24px) \/ 2),(min-width: 601px) calc((540px - 24px) \/ 2),(min-width: 577px) calc((540px - 24px) \/ 1), calc(100vw - 24px)\" srcset=\"https:\/\/www.greenpeace.org\/static\/planet4-finland-stateless\/2022\/11\/ec92304d-gp03qpm_web_size.jpg 800w, https:\/\/www.greenpeace.org\/static\/planet4-finland-stateless\/2022\/11\/ec92304d-gp03qpm_web_size-300x200.jpg 300w, https:\/\/www.greenpeace.org\/static\/planet4-finland-stateless\/2022\/11\/ec92304d-gp03qpm_web_size-768x511.jpg 768w, https:\/\/www.greenpeace.org\/static\/planet4-finland-stateless\/2022\/11\/ec92304d-gp03qpm_web_size-510x340.jpg 510w\" class=\"wp-image-52340 size-full\" style=\"object-position:50% 50%\"\/><\/figure><div class=\"wp-block-media-text__content\">\n<div style=\"height:20px\" aria-hidden=\"true\" id=\"ongelma\" class=\"wp-block-spacer\"><\/div>\n\n\n\n<h2 class=\"wp-block-heading\">Ongelma<\/h2>\n\n\n\n<p>Liikakalastus uhkaa merten tasapainoa. Kalastus on t\u00e4rke\u00e4 elinkeino miljoonille ihmisille ja elinehto monille rannikkoyhteis\u00f6ille, mutta teollinen liikakalastus kuitenkin k\u00f6yhdytt\u00e4\u00e4 merten el\u00e4m\u00e4\u00e4 ja sen sivusaaliina k\u00e4rsiv\u00e4t my\u00f6s esimerkiksi ravintoketjujen huippusaalistajat. Ihmisen toiminnan seurauksena \u00e4\u00e4rimm\u00e4isten herkkien ekosysteemien tasapaino k\u00e4rsii, mik\u00e4 vaikuttaa my\u00f6s kalastuksesta riippuvaisten yhteis\u00f6jen el\u00e4m\u00e4\u00e4n. Tehokalastus tuhoaa &#8211; niin meret kuin ihmistenkin hyvinvoinnin.<\/p>\n\n\n\n<p>Liikakalastus ja esimerkiksi pohjatroolaus on \u00e4\u00e4rimm\u00e4isen haitallista merten hyvinvoinnille, ja siksi merten hy\u00f6tyk\u00e4ytt\u00f6 olisi saatava kest\u00e4v\u00e4lle tasolle. Teollinen liikakalastus on saatava aisoihin, sill\u00e4 meret kuuluvat kaikille. Siksi 30 prosenttia valtamerist\u00e4 on saatava suojelun alaiseksi vuoteen 2030 menness\u00e4.<\/p>\n\n\n\n<div class=\"wp-block-buttons is-layout-flex wp-block-buttons-is-layout-flex\"><\/div>\n\n\n\n<div style=\"height:10px\" aria-hidden=\"true\" class=\"wp-block-spacer\"><\/div>\n<\/div><\/div>\n\n\n\n<div class=\"wp-block-media-text alignwide has-media-on-the-right is-stacked-on-mobile is-image-fill-element block my-0 py-0\"><div class=\"wp-block-media-text__content\">\n<div style=\"height:20px\" aria-hidden=\"true\" id=\"mita-teemme\" class=\"wp-block-spacer\"><\/div>\n\n\n\n<h2 class=\"wp-block-heading\">Mit\u00e4 teemme<\/h2>\n\n\n\n<p>Merten liikakalastus uhkaa herkkien ekosysteemien tasapainoa ja kalakantoja. My\u00f6s ruokaturva ymp\u00e4ri maailman on uhattuna liikakalastuksen my\u00f6t\u00e4. Monet pienet kalastajayhteis\u00f6t ovat vaarassa menett\u00e4\u00e4 elinkeinonsa, kun meret liikakalastetaan tyhj\u00e4ksi.<\/p>\n\n\n\n<p>Seuraamme kalastusalusten toimintaa ja raportoimme ep\u00e4ilytt\u00e4v\u00e4\u00e4 toimintaa. <\/p>\n\n\n\n<div class=\"wp-block-buttons is-layout-flex wp-block-buttons-is-layout-flex\"><\/div>\n\n\n\n<div style=\"height:10px\" aria-hidden=\"true\" class=\"wp-block-spacer\"><\/div>\n<\/div><figure class=\"wp-block-media-text__media\"><img decoding=\"async\" src=\"https:\/\/www.greenpeace.org\/static\/planet4-finland-stateless\/2022\/11\/c517a4ad-gp03bd8_web_size.jpg\" alt=\"\" sizes=\"(min-width: 1600px) calc((1320px - 24px) \/ 2),(min-width: 1200px) calc((1140px - 24px) \/ 2),(min-width: 992px) calc((960px - 24px) \/ 2),(min-width: 768px) calc((720px - 24px) \/ 2),(min-width: 601px) calc((540px - 24px) \/ 2),(min-width: 577px) calc((540px - 24px) \/ 1), calc(100vw - 24px)\" srcset=\"https:\/\/www.greenpeace.org\/static\/planet4-finland-stateless\/2023\/07\/c517a4ad-gp03bd8_web_size-e1690793948277.jpg 798w, https:\/\/www.greenpeace.org\/static\/planet4-finland-stateless\/2023\/07\/c517a4ad-gp03bd8_web_size-e1690793948277-300x168.jpg 300w, https:\/\/www.greenpeace.org\/static\/planet4-finland-stateless\/2023\/07\/c517a4ad-gp03bd8_web_size-e1690793948277-768x431.jpg 768w, https:\/\/www.greenpeace.org\/static\/planet4-finland-stateless\/2023\/07\/c517a4ad-gp03bd8_web_size-e1690793948277-510x286.jpg 510w\" class=\"wp-image-52329 size-full\" style=\"object-position:50% 50%\"\/><\/figure><\/div>\n\n\n\n<div style=\"height:50px\" aria-hidden=\"true\" id=\"mita-voit-tehda\" class=\"wp-block-spacer\"><\/div>\n\n\n\n<div class=\"wp-block-query actions-list p4-query-loop is-custom-layout-carousel is-layout-flex wp-block-query-is-layout-flex\">\n<h2 class=\"wp-block-heading\">Mit\u00e4 voit tehd\u00e4<\/h2>\n\n\n\n<p style=\"margin-top:24px;margin-bottom:32px\"><\/p>\n\n\n\n\n<ul class=\"wp-block-post-template is-layout-flow wp-block-post-template-is-layout-flow\"><li class=\"wp-block-post post-56246 page type-page status-publish has-post-thumbnail hentry category-meret tag-maailmanmeret tag-suojellaanmeret tag-teollinenkalastus tag-greenpeacenlaivat tag-osallistu\">\n<figure class=\"wp-block-post-featured-image\"><img loading=\"lazy\" decoding=\"async\" width=\"1200\" height=\"801\" src=\"https:\/\/www.greenpeace.org\/static\/planet4-finland-stateless\/2024\/03\/4a0953b2-gp0stznhq_medium_res.jpg\" class=\"attachment-post-thumbnail size-post-thumbnail wp-post-image wp-stateless-item\" alt=\"Henkil\u00f6 pitelee banneria, jossa lukee ratifioikaa valtamerisopimus.\" style=\"object-fit:cover;\" srcset=\"https:\/\/www.greenpeace.org\/static\/planet4-finland-stateless\/2024\/03\/4a0953b2-gp0stznhq_medium_res.jpg 1200w, https:\/\/www.greenpeace.org\/static\/planet4-finland-stateless\/2024\/03\/4a0953b2-gp0stznhq_medium_res-300x200.jpg 300w, https:\/\/www.greenpeace.org\/static\/planet4-finland-stateless\/2024\/03\/4a0953b2-gp0stznhq_medium_res-1024x684.jpg 1024w, https:\/\/www.greenpeace.org\/static\/planet4-finland-stateless\/2024\/03\/4a0953b2-gp0stznhq_medium_res-768x513.jpg 768w, https:\/\/www.greenpeace.org\/static\/planet4-finland-stateless\/2024\/03\/4a0953b2-gp0stznhq_medium_res-510x340.jpg 510w\" sizes=\"auto, (max-width: 1200px) 100vw, 1200px\" data-image-size=\"post-thumbnail\" data-stateless-media-bucket=\"planet4-finland-stateless\" data-stateless-media-name=\"2024\/03\/4a0953b2-gp0stznhq_medium_res.jpg\" \/><\/figure>\n\n\n                <div class=\"wp-block-group group-stretched-link is-layout-flow wp-block-group-is-layout-flow\"><div class=\"wp-block-post-terms\">Meret<\/div>\n                <h3 class=\"wp-block-post-title\"><a href=\"https:\/\/www.greenpeace.org\/finland\/toimi\/mertensuojelualueet-todeksi\/\" target=\"_self\" >Mertensuojelualueet todeksi<\/a><\/h3>\n                <div class=\"wp-block-post-excerpt\"><p class=\"wp-block-post-excerpt__excerpt\">Olemme tutkimusmatkalla tehd\u00e4ksemme mertensuojelualueista vihdoin totta. Tule mukaan! <\/p><\/div><\/div>\n                \n\n\n<div class=\"wp-block-group read-more-nav is-layout-flow wp-block-group-is-layout-flow\"><a href=\"https:\/\/www.greenpeace.org\/finland\/toimi\/mertensuojelualueet-todeksi\/\" class=\"btn btn-primary btn-small\" aria-label=\"Tule mukaan\">Tule mukaan<\/a><\/div>\n\n<\/li><li class=\"wp-block-post post-53690 page type-page status-publish has-post-thumbnail hentry category-meret tag-suojellaanmeret tag-osallistu tag-maailmanmeret tag-teollinenkalastus\">\n<figure class=\"wp-block-post-featured-image\"><img loading=\"lazy\" decoding=\"async\" width=\"904\" height=\"784\" src=\"https:\/\/www.greenpeace.org\/static\/planet4-finland-stateless\/2023\/03\/1cdad03b-dsm-cover-image-e1680266570931.png\" class=\"attachment-post-thumbnail size-post-thumbnail wp-post-image wp-stateless-item\" alt=\"Mustekala sukeltajan ottamassa kuvassa, ja sen vieress\u00e4 teksti &quot;Stop deep sea mining&quot;.\" style=\"object-fit:cover;\" srcset=\"https:\/\/www.greenpeace.org\/static\/planet4-finland-stateless\/2023\/03\/1cdad03b-dsm-cover-image-e1680266570931.png 904w, https:\/\/www.greenpeace.org\/static\/planet4-finland-stateless\/2023\/03\/1cdad03b-dsm-cover-image-e1680266570931-300x260.png 300w, https:\/\/www.greenpeace.org\/static\/planet4-finland-stateless\/2023\/03\/1cdad03b-dsm-cover-image-e1680266570931-768x666.png 768w, https:\/\/www.greenpeace.org\/static\/planet4-finland-stateless\/2023\/03\/1cdad03b-dsm-cover-image-e1680266570931-392x340.png 392w\" sizes=\"auto, (max-width: 904px) 100vw, 904px\" data-image-size=\"post-thumbnail\" data-stateless-media-bucket=\"planet4-finland-stateless\" data-stateless-media-name=\"2023\/03\/1cdad03b-dsm-cover-image-e1680266570931.png\" \/><\/figure>\n\n\n                <div class=\"wp-block-group group-stretched-link is-layout-flow wp-block-group-is-layout-flow\"><div class=\"wp-block-post-terms\">Meret<\/div>\n                <h3 class=\"wp-block-post-title\"><a href=\"https:\/\/www.greenpeace.org\/finland\/toimi\/seis-syvanmeren-kaivuulle\/\" target=\"_self\" >Seis syv\u00e4nmeren kaivuulle!<\/a><\/h3>\n                <div class=\"wp-block-post-excerpt\"><p class=\"wp-block-post-excerpt__excerpt\">Syv\u00e4nmeren kaivostoiminta uhkaa merten el\u00e4m\u00e4\u00e4. T\u00e4m\u00e4 tuhoisa teollisuudenala on pys\u00e4ytett\u00e4v\u00e4. Allekirjoita vetoomus! <\/p><\/div><\/div>\n                \n\n\n<div class=\"wp-block-group read-more-nav is-layout-flow wp-block-group-is-layout-flow\"><a href=\"https:\/\/www.greenpeace.org\/finland\/toimi\/seis-syvanmeren-kaivuulle\/\" class=\"btn btn-primary btn-small\" aria-label=\"Tule mukaan\">Tule mukaan<\/a><\/div>\n\n<\/li><\/ul>\n\n\n<div class=\"wp-block-buttons carousel-controls is-horizontal is-content-justification-space-between is-nowrap is-layout-flex wp-container-core-buttons-is-layout-044bd602 wp-block-buttons-is-layout-flex\">\n<div class=\"wp-block-button carousel-control-prev\"><button type=\"button\" class=\"wp-block-button__link wp-element-button\">Prev<\/button><\/div>\n\n\n\n<div class=\"wp-block-button carousel-control-next\"><button type=\"button\" class=\"wp-block-button__link wp-element-button\">Seuraava<\/button><\/div>\n<\/div>\n\n\n\n<div class=\"wp-block-buttons load-more-actions-container is-content-justification-center is-layout-flex wp-container-core-buttons-is-layout-16018d1d wp-block-buttons-is-layout-flex\">\n<div class=\"wp-block-button is-style-secondary\"><button type=\"button\" class=\"wp-block-button__link wp-element-button\">Load more<\/button><\/div>\n<\/div>\n<\/div>\n\n\n\n<div style=\"height:10px\" aria-hidden=\"true\" id=\"ajankohtaista\" class=\"wp-block-spacer\"><\/div>\n\n\n\n<div class=\"wp-block-query posts-list p4-query-loop is-custom-layout-list is-layout-flow wp-block-query-is-layout-flow\">\n<div class=\"wp-block-group is-content-justification-space-between is-layout-flex wp-container-core-group-is-layout-3d213aab wp-block-group-is-layout-flex\">\n<h2 class=\"wp-block-heading\">Ajankohtaista<\/h2>\n\n\n<li class=\" wp-block-navigation-item see-all-link wp-block-navigation-link\"><a class=\"wp-block-navigation-item__content\"  href=\"https:\/\/www.greenpeace.org\/finland\/uutisia-ja-tarinoita\/?tag=teollinenkalastus&#038;post-type=blogit\"><span class=\"wp-block-navigation-item__label\">See all posts<\/span><\/a><\/li><\/div>\n\n\n\n<p style=\"margin-top:24px;margin-bottom:36px\"><\/p>\n\n\n\n\n<ul class=\"wp-block-post-template is-layout-flow wp-block-post-template-is-layout-flow\"><li class=\"wp-block-post post-60997 post type-post status-publish format-standard has-post-thumbnail hentry category-meret tag-suojellaanmeret tag-muovisaaste tag-teollinenkalastus tag-maailmanmeret p4-page-type-blogit\">\n\n<div class=\"wp-block-columns is-layout-flex wp-container-core-columns-is-layout-9d6595d7 wp-block-columns-is-layout-flex\"><figure class=\"wp-block-post-featured-image\"><a href=\"https:\/\/www.greenpeace.org\/finland\/blogit\/meret\/tyomme-merilla-mita-mertensuojelun-parissa-tapahtui-vuonna-2025\/\" target=\"_self\"  ><img loading=\"lazy\" decoding=\"async\" width=\"1200\" height=\"675\" src=\"https:\/\/www.greenpeace.org\/static\/planet4-finland-stateless\/2025\/12\/d4732529-gp0su655l.jpg\" class=\"attachment-post-thumbnail size-post-thumbnail wp-post-image wp-stateless-item\" alt=\"Ty\u00f6mme merill\u00e4: mit\u00e4 mertensuojelun parissa tapahtui vuonna 2025?\" style=\"object-fit:cover;\" srcset=\"https:\/\/www.greenpeace.org\/static\/planet4-finland-stateless\/2025\/12\/d4732529-gp0su655l.jpg 1200w, https:\/\/www.greenpeace.org\/static\/planet4-finland-stateless\/2025\/12\/d4732529-gp0su655l-300x169.jpg 300w, https:\/\/www.greenpeace.org\/static\/planet4-finland-stateless\/2025\/12\/d4732529-gp0su655l-1024x576.jpg 1024w, https:\/\/www.greenpeace.org\/static\/planet4-finland-stateless\/2025\/12\/d4732529-gp0su655l-768x432.jpg 768w, https:\/\/www.greenpeace.org\/static\/planet4-finland-stateless\/2025\/12\/d4732529-gp0su655l-510x287.jpg 510w\" sizes=\"auto, (max-width: 1200px) 100vw, 1200px\" data-image-size=\"post-thumbnail\" data-stateless-media-bucket=\"planet4-finland-stateless\" data-stateless-media-name=\"2025\/12\/d4732529-gp0su655l.jpg\" \/><\/a><\/figure>\n\n\n<div class=\"wp-block-group is-layout-flow wp-block-group-is-layout-flow\">\n<div class=\"wp-block-group is-layout-flex wp-block-group-is-layout-flex\"><div class=\"wp-block-post-terms\"><a href=\"https:\/\/www.greenpeace.org\/finland\/luokka\/meret\/\">Meret<\/a><\/div>\n\n<div class=\"taxonomy-post_tag wp-block-post-terms\"><a href=\"https:\/\/www.greenpeace.org\/finland\/tag\/suojellaanmeret\/\" rel=\"tag\">suojellaanmeret<\/a><span class=\"wp-block-post-terms__separator\"> <\/span><a href=\"https:\/\/www.greenpeace.org\/finland\/tag\/muovisaaste\/\" rel=\"tag\">muovisaaste<\/a><span class=\"wp-block-post-terms__separator\"> <\/span><a href=\"https:\/\/www.greenpeace.org\/finland\/tag\/teollinenkalastus\/\" rel=\"tag\">teollinenkalastus<\/a><span class=\"wp-block-post-terms__separator\"> <\/span><a href=\"https:\/\/www.greenpeace.org\/finland\/tag\/maailmanmeret\/\" rel=\"tag\">maailmanmeret<\/a><\/div><\/div>\n\n\n<h3 class=\"wp-block-post-title\"><a href=\"https:\/\/www.greenpeace.org\/finland\/blogit\/meret\/tyomme-merilla-mita-mertensuojelun-parissa-tapahtui-vuonna-2025\/\" target=\"_self\" >Ty\u00f6mme merill\u00e4: mit\u00e4 mertensuojelun parissa tapahtui vuonna 2025?<\/a><\/h3>\n\n<div class=\"wp-block-post-excerpt\"><p class=\"wp-block-post-excerpt__excerpt\">Mertensuojelu on ollut Greenpeacen ty\u00f6n keski\u00f6ss\u00e4 aina. Merten herkk\u00e4\u00e4 tasapainoa uhkaavat t\u00e4ll\u00e4 hetkell\u00e4 esimerkiksi syv\u00e4nmeren kaivuu, vesist\u00f6ihin p\u00e4\u00e4tyv\u00e4 muovij\u00e4te, sek\u00e4 teollinen kalastus ja eritoten tuhoisa pohjatroolaus. Mit\u00e4 n\u00e4iden aiheiden parissa&hellip; <\/p><\/div>\n\n\n<div class=\"wp-block-group posts-list-meta is-layout-flow wp-block-group-is-layout-flow\"><span class='article-list-item-author'><a href='https:\/\/www.greenpeace.org\/finland\/author\/gp_finland\/'>Greenpeace Suomi<\/a><\/span>\n\n<div class=\"wp-block-post-date\"><time datetime=\"2025-12-08T13:46:15+03:00\">08\/12\/2025<\/time><\/div><\/div>\n<\/div>\n<\/div>\n\n<\/li><li class=\"wp-block-post post-50358 post type-post status-publish format-standard has-post-thumbnail hentry category-meret tag-suojellaanmeret tag-teollinenkalastus p4-page-type-blogit\">\n\n<div class=\"wp-block-columns is-layout-flex wp-container-core-columns-is-layout-9d6595d7 wp-block-columns-is-layout-flex\"><figure class=\"wp-block-post-featured-image\"><a href=\"https:\/\/www.greenpeace.org\/finland\/blogit\/meret\/5-syyta-sille-miksi-kansainvalista-mertensuojelusopimusta-tarvitaan-nyt\/\" target=\"_self\"  ><img loading=\"lazy\" decoding=\"async\" width=\"1200\" height=\"675\" src=\"https:\/\/www.greenpeace.org\/static\/planet4-finland-stateless\/2022\/03\/9b79d24b-gp1sx1z6_medium_res.jpg\" class=\"attachment-post-thumbnail size-post-thumbnail wp-post-image wp-stateless-item\" alt=\"5 syyt\u00e4 sille, miksi kansainv\u00e4list\u00e4 mertensuojelusopimusta tarvitaan NYT\" style=\"object-fit:cover;\" srcset=\"https:\/\/www.greenpeace.org\/static\/planet4-finland-stateless\/2022\/03\/9b79d24b-gp1sx1z6_medium_res.jpg 1200w, https:\/\/www.greenpeace.org\/static\/planet4-finland-stateless\/2022\/03\/9b79d24b-gp1sx1z6_medium_res-300x169.jpg 300w, https:\/\/www.greenpeace.org\/static\/planet4-finland-stateless\/2022\/03\/9b79d24b-gp1sx1z6_medium_res-1024x576.jpg 1024w, https:\/\/www.greenpeace.org\/static\/planet4-finland-stateless\/2022\/03\/9b79d24b-gp1sx1z6_medium_res-768x432.jpg 768w, https:\/\/www.greenpeace.org\/static\/planet4-finland-stateless\/2022\/03\/9b79d24b-gp1sx1z6_medium_res-510x287.jpg 510w\" sizes=\"auto, (max-width: 1200px) 100vw, 1200px\" data-image-size=\"post-thumbnail\" data-stateless-media-bucket=\"planet4-finland-stateless\" data-stateless-media-name=\"2022\/03\/9b79d24b-gp1sx1z6_medium_res.jpg\" \/><\/a><\/figure>\n\n\n<div class=\"wp-block-group is-layout-flow wp-block-group-is-layout-flow\">\n<div class=\"wp-block-group is-layout-flex wp-block-group-is-layout-flex\"><div class=\"wp-block-post-terms\"><a href=\"https:\/\/www.greenpeace.org\/finland\/luokka\/meret\/\">Meret<\/a><\/div>\n\n<div class=\"taxonomy-post_tag wp-block-post-terms\"><a href=\"https:\/\/www.greenpeace.org\/finland\/tag\/suojellaanmeret\/\" rel=\"tag\">suojellaanmeret<\/a><span class=\"wp-block-post-terms__separator\"> <\/span><a href=\"https:\/\/www.greenpeace.org\/finland\/tag\/teollinenkalastus\/\" rel=\"tag\">teollinenkalastus<\/a><\/div><\/div>\n\n\n<h3 class=\"wp-block-post-title\"><a href=\"https:\/\/www.greenpeace.org\/finland\/blogit\/meret\/5-syyta-sille-miksi-kansainvalista-mertensuojelusopimusta-tarvitaan-nyt\/\" target=\"_self\" >5 syyt\u00e4 sille, miksi kansainv\u00e4list\u00e4 mertensuojelusopimusta tarvitaan NYT<\/a><\/h3>\n\n<div class=\"wp-block-post-excerpt\"><p class=\"wp-block-post-excerpt__excerpt\">YK:n neuvottelut kansainv\u00e4lisest\u00e4 mertensuojelusopimuksesta (Global Ocean Treaty) p\u00e4\u00e4ttyiv\u00e4t perjantaina 18.3. Sopimus j\u00e4i aivan kesken. Neuvotteluja on jatkettava pian ja ne on viet\u00e4v\u00e4 p\u00e4\u00e4t\u00f6kseen, sill\u00e4 hyvinvoivat meret ovat paitsi merieli\u00f6iden, my\u00f6s ihmisten elinehto. <\/p><\/div>\n\n\n<div class=\"wp-block-group posts-list-meta is-layout-flow wp-block-group-is-layout-flow\"><span class='article-list-item-author'>Greenpeace Suomi<\/span>\n\n<div class=\"wp-block-post-date\"><time datetime=\"2022-03-23T21:26:45+03:00\">23\/03\/2022<\/time><\/div><\/div>\n<\/div>\n<\/div>\n\n<\/li><li class=\"wp-block-post post-6790 post type-post status-publish format-standard has-post-thumbnail hentry category-meret tag-greenpeacenlaivat tag-maailmanmeret tag-suojellaanmeret tag-teollinenkalastus p4-page-type-blogit\">\n\n<div class=\"wp-block-columns is-layout-flex wp-container-core-columns-is-layout-9d6595d7 wp-block-columns-is-layout-flex\"><figure class=\"wp-block-post-featured-image\"><a href=\"https:\/\/www.greenpeace.org\/finland\/blogit\/meret\/matka-intian-valtamerella\/\" target=\"_self\"  ><img loading=\"lazy\" decoding=\"async\" width=\"2560\" height=\"1969\" src=\"https:\/\/www.greenpeace.org\/static\/planet4-finland-stateless\/2021\/03\/558e9dd2-pto_intian_valtameri_kartta-scaled.jpg\" class=\"attachment-post-thumbnail size-post-thumbnail wp-post-image wp-stateless-item\" alt=\"Matka Intian valtamerell\u00e4\" style=\"object-fit:cover;\" srcset=\"https:\/\/www.greenpeace.org\/static\/planet4-finland-stateless\/2021\/03\/558e9dd2-pto_intian_valtameri_kartta-scaled.jpg 2560w, https:\/\/www.greenpeace.org\/static\/planet4-finland-stateless\/2021\/03\/558e9dd2-pto_intian_valtameri_kartta-300x231.jpg 300w, https:\/\/www.greenpeace.org\/static\/planet4-finland-stateless\/2021\/03\/558e9dd2-pto_intian_valtameri_kartta-1024x788.jpg 1024w, https:\/\/www.greenpeace.org\/static\/planet4-finland-stateless\/2021\/03\/558e9dd2-pto_intian_valtameri_kartta-768x591.jpg 768w, https:\/\/www.greenpeace.org\/static\/planet4-finland-stateless\/2021\/03\/558e9dd2-pto_intian_valtameri_kartta-1536x1182.jpg 1536w, https:\/\/www.greenpeace.org\/static\/planet4-finland-stateless\/2021\/03\/558e9dd2-pto_intian_valtameri_kartta-2048x1575.jpg 2048w, https:\/\/www.greenpeace.org\/static\/planet4-finland-stateless\/2021\/03\/558e9dd2-pto_intian_valtameri_kartta-1776x1366.jpg 1776w, https:\/\/www.greenpeace.org\/static\/planet4-finland-stateless\/2021\/03\/558e9dd2-pto_intian_valtameri_kartta-442x340.jpg 442w\" sizes=\"auto, (max-width: 2560px) 100vw, 2560px\" data-image-size=\"post-thumbnail\" data-stateless-media-bucket=\"planet4-finland-stateless\" data-stateless-media-name=\"2021\/03\/558e9dd2-pto_intian_valtameri_kartta-scaled.jpg\" \/><\/a><\/figure>\n\n\n<div class=\"wp-block-group is-layout-flow wp-block-group-is-layout-flow\">\n<div class=\"wp-block-group is-layout-flex wp-block-group-is-layout-flex\"><div class=\"wp-block-post-terms\"><a href=\"https:\/\/www.greenpeace.org\/finland\/luokka\/meret\/\">Meret<\/a><\/div>\n\n<div class=\"taxonomy-post_tag wp-block-post-terms\"><a href=\"https:\/\/www.greenpeace.org\/finland\/tag\/greenpeacenlaivat\/\" rel=\"tag\">greenpeacenlaivat<\/a><span class=\"wp-block-post-terms__separator\"> <\/span><a href=\"https:\/\/www.greenpeace.org\/finland\/tag\/maailmanmeret\/\" rel=\"tag\">maailmanmeret<\/a><span class=\"wp-block-post-terms__separator\"> <\/span><a href=\"https:\/\/www.greenpeace.org\/finland\/tag\/suojellaanmeret\/\" rel=\"tag\">suojellaanmeret<\/a><span class=\"wp-block-post-terms__separator\"> <\/span><a href=\"https:\/\/www.greenpeace.org\/finland\/tag\/teollinenkalastus\/\" rel=\"tag\">teollinenkalastus<\/a><\/div><\/div>\n\n\n<h3 class=\"wp-block-post-title\"><a href=\"https:\/\/www.greenpeace.org\/finland\/blogit\/meret\/matka-intian-valtamerella\/\" target=\"_self\" >Matka Intian valtamerell\u00e4<\/a><\/h3>\n\n<div class=\"wp-block-post-excerpt\"><p class=\"wp-block-post-excerpt__excerpt\">Matka Intian valtamerell\u00e4 alkoi maaliskuussa 2021. Matkalta voimme n\u00e4ytt\u00e4\u00e4 maailmalle, miksi vahva mertensuojelusopimus on ratkaisevan t\u00e4rke\u00e4. Lue lis\u00e4\u00e4. <\/p><\/div>\n\n\n<div class=\"wp-block-group posts-list-meta is-layout-flow wp-block-group-is-layout-flow\"><span class='article-list-item-author'>Greenpeace Suomi<\/span>\n\n<div class=\"wp-block-post-date\"><time datetime=\"2021-03-31T09:00:00+03:00\">31\/03\/2021<\/time><\/div><\/div>\n<\/div>\n<\/div>\n\n<\/li><\/ul>\n\n\n<div class=\"wp-block-buttons carousel-controls is-horizontal is-content-justification-space-between is-nowrap is-layout-flex wp-container-core-buttons-is-layout-044bd602 wp-block-buttons-is-layout-flex\">\n<div class=\"wp-block-button carousel-control-prev\"><button type=\"button\" class=\"wp-block-button__link wp-element-button\">Previous Carousel Slide<\/button><\/div>\n\n\n\n<div class=\"wp-block-button carousel-control-next\"><button type=\"button\" class=\"wp-block-button__link wp-element-button\">Next Carousel Slide<\/button><\/div>\n<\/div>\n\n\n<li class=\" wp-block-navigation-item see-all-link wp-block-navigation-link\"><a class=\"wp-block-navigation-item__content\"  href=\"https:\/\/www.greenpeace.org\/finland\/uutisia-ja-tarinoita\/?tag=teollinenkalastus&#038;post-type=blogit\"><span class=\"wp-block-navigation-item__label\">Lue lis\u00e4\u00e4<\/span><\/a><\/li><\/div>\n\n\n\n<div class=\"wp-block-group alignfull block is-pattern-p4-deep-dive has-grey-100-background-color has-background is-layout-flow wp-block-group-is-layout-flow\">\n<div class=\"wp-block-group container is-layout-flow wp-block-group-is-layout-flow\">\n<div style=\"height:24px\" aria-hidden=\"true\" class=\"wp-block-spacer\"><\/div>\n\n\n\n<h2 class=\"wp-block-heading has-text-align-center\">Lue lis\u00e4\u00e4 merist\u00e4<\/h2>\n\n\n\n<div class=\"wp-block-columns is-layout-flex wp-container-core-columns-is-layout-9d6595d7 wp-block-columns-is-layout-flex\">\n<div class=\"wp-block-column is-layout-flow wp-block-column-is-layout-flow\">\n<div class=\"wp-block-group group-stretched-link is-layout-flow wp-block-group-is-layout-flow\">\n<figure class=\"wp-block-image aligncenter size-full is-resized force-no-lightbox force-no-caption is-style-rounded-180\"><img loading=\"lazy\" decoding=\"async\" src=\"https:\/\/www.greenpeace.org\/static\/planet4-finland-stateless\/2022\/11\/a05a004c-gp0sttfkt_web_size.jpg\" title=\"Kalaparvi Sardiniassa.\" alt=\"\" class=\"wp-image-52342\" width=\"180\" height=\"180\"\/><figcaption class=\"wp-element-caption\">Greenpeace together with the CNR-IAS and the University of the Marche region carry out a tour in the Tyrrhenian Sea to document the plastic and microplastics pollution in the marine ecosystem.<\/figcaption><\/figure>\n\n\n\n<h5 class=\"wp-block-heading has-text-align-center is-style-chevron\" style=\"font-size:1rem\"><a href=\"https:\/\/www.greenpeace.org\/finland\/?page_id=51883\">Merten el\u00e4m\u00e4<\/a><\/h5>\n\n\n\n<div style=\"height:16px\" aria-hidden=\"true\" class=\"wp-block-spacer\"><\/div>\n<\/div>\n<\/div>\n\n\n\n<div class=\"wp-block-column is-layout-flow wp-block-column-is-layout-flow\">\n<div class=\"wp-block-group group-stretched-link is-layout-flow wp-block-group-is-layout-flow\">\n<figure class=\"wp-block-image aligncenter size-full is-resized force-no-lightbox force-no-caption is-style-rounded-180\"><img loading=\"lazy\" decoding=\"async\" src=\"https:\/\/www.greenpeace.org\/static\/planet4-finland-stateless\/2019\/01\/d65bb503-mljet-hrvatska-suncana-paro-vidolin-16-september-2017.jpg\" alt=\"\" class=\"wp-image-1275\" width=\"180\" height=\"180\"\/><figcaption class=\"wp-element-caption\">Muoviroskaa Mljetin saaren rannalla Kroatiassa 16. syyskuuta 2017. \u00a9 Suncana Paro Vidolin \/ Greenpeace<\/figcaption><\/figure>\n\n\n\n<h5 class=\"wp-block-heading has-text-align-center is-style-chevron\" style=\"font-size:1rem\"><a href=\"https:\/\/www.greenpeace.org\/finland\/?page_id=51889\">Muovi<\/a><\/h5>\n\n\n\n<div style=\"height:16px\" aria-hidden=\"true\" class=\"wp-block-spacer\"><\/div>\n<\/div>\n<\/div>\n\n\n\n<div class=\"wp-block-column is-layout-flow wp-block-column-is-layout-flow\">\n<div class=\"wp-block-group group-stretched-link is-layout-flow wp-block-group-is-layout-flow\">\n<figure class=\"wp-block-image aligncenter size-full is-resized force-no-lightbox force-no-caption is-style-rounded-180\"><img loading=\"lazy\" decoding=\"async\" src=\"https:\/\/www.greenpeace.org\/static\/planet4-finland-stateless\/2019\/11\/e047a68d-javier-bardem.jpg\" alt=\"\" class=\"wp-image-2695\" width=\"180\" height=\"180\"\/><figcaption class=\"wp-element-caption\">Spanish actor and Oscar-winner Javier Bardem is surrounded by ocean billboards in New York&#8217;s Times Square.  Bardem is in New York to address world governments at the United Nations headquarters discussing the future of our seas in a historic negotiation toward a Global Ocean Treaty, which has been more than a decade in the making.<\/figcaption><\/figure>\n\n\n\n<h5 class=\"wp-block-heading has-text-align-center is-style-chevron\" style=\"font-size:1rem\"><a href=\"https:\/\/www.greenpeace.org\/finland\/?page_id=51891\">Mertensuojelu<\/a><\/h5>\n\n\n\n<div style=\"height:16px\" aria-hidden=\"true\" class=\"wp-block-spacer\"><\/div>\n<\/div>\n<\/div>\n<\/div>\n<\/div>\n<\/div>\n\n\n\n<div class=\"wp-block-group alignfull block is-pattern-p4-quick-links has-white-background-color has-background is-layout-flow wp-block-group-is-layout-flow\">\n<div class=\"wp-block-group container is-layout-flow wp-block-group-is-layout-flow\">\n<div style=\"height:24px\" aria-hidden=\"true\" class=\"wp-block-spacer\"><\/div>\n\n\n\n<h4 class=\"wp-block-heading has-text-align-center\">Tutustu muihin aiheisiin<\/h4>\n\n\n\n<div class=\"wp-block-columns is-not-stacked-on-mobile is-style-mobile-carousel is-layout-flex wp-container-core-columns-is-layout-9d6595d7 wp-block-columns-is-layout-flex\">\n<div class=\"wp-block-column is-layout-flow wp-block-column-is-layout-flow\">\n<div class=\"wp-block-group group-stretched-link is-layout-flow wp-block-group-is-layout-flow\">\n<figure class=\"wp-block-image aligncenter size-large is-resized is-style-rounded-90 force-no-lightbox force-no-caption mb-0\"><img loading=\"lazy\" decoding=\"async\" width=\"1024\" height=\"681\" src=\"https:\/\/www.greenpeace.org\/static\/planet4-finland-stateless\/2021\/08\/1a6e6e19-gettyimages-1234407019newturkey-1024x681.jpg\" alt=\"Ilmastonmuutos photo by YASIN AKGUL\/AFP via GettyImages\" class=\"wp-image-7497\" srcset=\"https:\/\/www.greenpeace.org\/static\/planet4-finland-stateless\/2021\/08\/1a6e6e19-gettyimages-1234407019newturkey-1024x681.jpg 1024w, https:\/\/www.greenpeace.org\/static\/planet4-finland-stateless\/2021\/08\/1a6e6e19-gettyimages-1234407019newturkey-300x200.jpg 300w, https:\/\/www.greenpeace.org\/static\/planet4-finland-stateless\/2021\/08\/1a6e6e19-gettyimages-1234407019newturkey-768x511.jpg 768w, https:\/\/www.greenpeace.org\/static\/planet4-finland-stateless\/2021\/08\/1a6e6e19-gettyimages-1234407019newturkey-510x340.jpg 510w, https:\/\/www.greenpeace.org\/static\/planet4-finland-stateless\/2021\/08\/1a6e6e19-gettyimages-1234407019newturkey.jpg 1048w\" sizes=\"auto, (max-width: 1024px) 100vw, 1024px\" \/><figcaption class=\"wp-element-caption\">Gentoo penguins play in Paradise Harbour, Antarctica.  \n\nGreenpeace is back in the Antarctic on the last stage of the &#8217;Protect The Oceans&#8217; Expedition. We have teamed up with a group of scientists to investigate and document the impacts the climate crisis is already having in this area.\n\n*This picture was taken in 2020 during the Antarctic leg of the Pole to Pole expedition under the Dutch permit number RWS-2019\/40813.<\/figcaption><\/figure>\n\n\n\n<div style=\"height:16px\" aria-hidden=\"true\" class=\"wp-block-spacer\"><\/div>\n\n\n\n<h5 class=\"wp-block-heading has-text-align-center\" style=\"font-size:1rem\"><a href=\"https:\/\/www.greenpeace.org\/finland\/?page_id=51777\">Ilmastonmuutos<\/a><\/h5>\n<\/div>\n<\/div>\n\n\n\n<div class=\"wp-block-column is-layout-flow wp-block-column-is-layout-flow\">\n<div class=\"wp-block-group group-stretched-link is-layout-flow wp-block-group-is-layout-flow\">\n<figure class=\"wp-block-image aligncenter size-full is-resized is-style-rounded-90 force-no-lightbox force-no-caption mb-0\"><img loading=\"lazy\" decoding=\"async\" width=\"800\" height=\"533\" src=\"https:\/\/www.greenpeace.org\/static\/planet4-finland-stateless\/2022\/11\/af4812bd-gp0sturp5_web_size.jpg\" title=\"\u00d6ljynporauslautta Cormorant\" alt=\"\" class=\"wp-image-52063\" srcset=\"https:\/\/www.greenpeace.org\/static\/planet4-finland-stateless\/2022\/11\/af4812bd-gp0sturp5_web_size.jpg 800w, https:\/\/www.greenpeace.org\/static\/planet4-finland-stateless\/2022\/11\/af4812bd-gp0sturp5_web_size-300x200.jpg 300w, https:\/\/www.greenpeace.org\/static\/planet4-finland-stateless\/2022\/11\/af4812bd-gp0sturp5_web_size-768x512.jpg 768w, https:\/\/www.greenpeace.org\/static\/planet4-finland-stateless\/2022\/11\/af4812bd-gp0sturp5_web_size-510x340.jpg 510w\" sizes=\"auto, (max-width: 800px) 100vw, 800px\" \/><\/figure>\n\n\n\n<div style=\"height:16px\" aria-hidden=\"true\" class=\"wp-block-spacer\"><\/div>\n\n\n\n<h5 class=\"wp-block-heading has-text-align-center\" style=\"font-size:1rem\"><a href=\"https:\/\/www.greenpeace.org\/finland\/wp-admin\/post.php?post=51792&amp;action=edit\"><\/a><strong><a href=\"https:\/\/www.greenpeace.org\/finland\/?page_id=51787\">Energia<\/a><\/strong><\/h5>\n<\/div>\n<\/div>\n\n\n\n<div class=\"wp-block-column is-layout-flow wp-block-column-is-layout-flow\">\n<div class=\"wp-block-group group-stretched-link is-layout-flow wp-block-group-is-layout-flow\">\n<figure class=\"wp-block-image aligncenter size-full is-resized is-style-rounded-90 force-no-lightbox force-no-caption mb-0\"><img loading=\"lazy\" decoding=\"async\" width=\"618\" height=\"600\" src=\"https:\/\/www.greenpeace.org\/static\/planet4-finland-stateless\/2022\/11\/75116c83-gp0sttlla_web_size-e1669128577329.jpg\" alt=\"\" class=\"wp-image-51980\" srcset=\"https:\/\/www.greenpeace.org\/static\/planet4-finland-stateless\/2022\/11\/75116c83-gp0sttlla_web_size-e1669128577329.jpg 618w, https:\/\/www.greenpeace.org\/static\/planet4-finland-stateless\/2022\/11\/75116c83-gp0sttlla_web_size-e1669128577329-300x291.jpg 300w, https:\/\/www.greenpeace.org\/static\/planet4-finland-stateless\/2022\/11\/75116c83-gp0sttlla_web_size-e1669128577329-350x340.jpg 350w\" sizes=\"auto, (max-width: 618px) 100vw, 618px\" \/><figcaption class=\"wp-element-caption\">An area of forest in southern Finland which was logged by UPM, a Finnish forest industry company, in 2018 and later burned. \nEvery year thousands of square kilometres of forests are fragmented, degraded or destroyed. \nThe logging rates in Finland are on the rise as new pulp mills are being built.<\/figcaption><\/figure>\n\n\n\n<div style=\"height:16px\" aria-hidden=\"true\" class=\"wp-block-spacer\"><\/div>\n\n\n\n<h5 class=\"wp-block-heading has-text-align-center\" style=\"font-size:1rem\"><strong><a href=\"https:\/\/www.greenpeace.org\/finland\/?page_id=51792\">Mets\u00e4t<\/a><\/strong><\/h5>\n<\/div>\n<\/div>\n<\/div>\n<\/div>\n<\/div>\n<\/div>\n","protected":false},"excerpt":{"rendered":"<p>Liikakalastus tuhoaa merten ekosysteemej\u00e4 ja vie ihmisilt\u00e4 elinkeinon sek\u00e4 ruoan p\u00f6yd\u00e4st\u00e4. Merten hyvinvointi ja pienkalastajien toimeentulo ovat uhattuna. <\/p>\n","protected":false},"author":41,"featured_media":52328,"parent":51796,"menu_order":0,"comment_status":"closed","ping_status":"closed","template":"","meta":{"_improvement_type_select":"improve_an_existing","_thumb_yes_seoaic":false,"_frame_yes_seoaic":false,"seoaic_generate_description":"","seoaic_improve_instructions_prompt":"","seoaic_rollback_content_improvement":"","seoaic_idea_thumbnail_generator":"","thumbnail_generated":false,"thumbnail_generate_prompt":"","seoaic_article_description":"","ep_exclude_from_search":false,"p4_hide_page_title_checkbox":"on","p4_title":"","p4_subtitle":"","p4_description":"","background_image_id":"","background_image":"","p4_button_title":"","p4_button_link":"","p4_button_link_checkbox":"","p4_og_title":"","p4_og_description":"","p4_og_image":"","p4_og_image_id":"","p4_seo_canonical_url":"","p4_campaign_name":"Protect the Oceans","p4_local_project":"not set","p4_basket_name":"not set","p4_department":"","footnotes":""},"categories":[4],"tags":[74],"class_list":["post-51887","page","type-page","status-publish","has-post-thumbnail","hentry","category-meret","tag-teollinenkalastus"],"_links":{"self":[{"href":"https:\/\/www.greenpeace.org\/finland\/wp-json\/wp\/v2\/pages\/51887","targetHints":{"allow":["GET"]}}],"collection":[{"href":"https:\/\/www.greenpeace.org\/finland\/wp-json\/wp\/v2\/pages"}],"about":[{"href":"https:\/\/www.greenpeace.org\/finland\/wp-json\/wp\/v2\/types\/page"}],"author":[{"embeddable":true,"href":"https:\/\/www.greenpeace.org\/finland\/wp-json\/wp\/v2\/users\/41"}],"replies":[{"embeddable":true,"href":"https:\/\/www.greenpeace.org\/finland\/wp-json\/wp\/v2\/comments?post=51887"}],"version-history":[{"count":20,"href":"https:\/\/www.greenpeace.org\/finland\/wp-json\/wp\/v2\/pages\/51887\/revisions"}],"predecessor-version":[{"id":61953,"href":"https:\/\/www.greenpeace.org\/finland\/wp-json\/wp\/v2\/pages\/51887\/revisions\/61953"}],"up":[{"embeddable":true,"href":"https:\/\/www.greenpeace.org\/finland\/wp-json\/wp\/v2\/pages\/51796"}],"wp:featuredmedia":[{"embeddable":true,"href":"https:\/\/www.greenpeace.org\/finland\/wp-json\/wp\/v2\/media\/52328"}],"wp:attachment":[{"href":"https:\/\/www.greenpeace.org\/finland\/wp-json\/wp\/v2\/media?parent=51887"}],"wp:term":[{"taxonomy":"category","embeddable":true,"href":"https:\/\/www.greenpeace.org\/finland\/wp-json\/wp\/v2\/categories?post=51887"},{"taxonomy":"post_tag","embeddable":true,"href":"https:\/\/www.greenpeace.org\/finland\/wp-json\/wp\/v2\/tags?post=51887"}],"curies":[{"name":"wp","href":"https:\/\/api.w.org\/{rel}","templated":true}]}}