{"id":51891,"date":"2022-11-25T16:55:56","date_gmt":"2022-11-25T13:55:56","guid":{"rendered":"https:\/\/www.greenpeace.org\/finland\/?page_id=51891"},"modified":"2026-04-08T11:44:45","modified_gmt":"2026-04-08T08:44:45","slug":"mertensuojelu","status":"publish","type":"page","link":"https:\/\/www.greenpeace.org\/finland\/meret\/mertensuojelu\/","title":{"rendered":"Mertensuojelu"},"content":{"rendered":"\n<div class=\"wp-block-group is-pattern-p4-deep-dive-topic-pattern-layout is-layout-flow wp-block-group-is-layout-flow\">\n<div class=\"wp-block-group alignfull has-grey-100-background-color has-background is-layout-flow wp-block-group-is-layout-flow\" style=\"padding-top:56px;padding-bottom:56px\">\n<div class=\"wp-block-group container is-layout-flow wp-block-group-is-layout-flow\">\n<div class=\"wp-block-media-text alignfull has-media-on-the-right is-stacked-on-mobile is-pattern-p4-page-header is-style-parallax\"><div class=\"wp-block-media-text__content\">\n<div class=\"wp-block-group is-layout-flow wp-block-group-is-layout-flow\">\n<h1 class=\"wp-block-heading has-grey-100-background-color has-background\">Suojellaan maailman meret<\/h1>\n<\/div>\n\n\n\n<p style=\"font-size:1.25rem\">Meret ovat ilmaston l\u00e4mpenemisen ja ihmisten toiminnan my\u00f6t\u00e4 muutosten kourissa. V\u00e4hint\u00e4\u00e4n 30 prosenttia merist\u00e4 on rauhoitettava vuoteen 2030 menness\u00e4. Merten ekosysteemeill\u00e4 on valtava vaikutus planeetallemme, eik\u00e4 meill\u00e4 ole aikaa odottaa.<\/p>\n\n\n\n<div class=\"wp-block-buttons is-layout-flex wp-block-buttons-is-layout-flex\"><\/div>\n<\/div><figure class=\"wp-block-media-text__media\"><img loading=\"lazy\" decoding=\"async\" width=\"800\" height=\"533\" src=\"https:\/\/www.greenpeace.org\/static\/planet4-finland-stateless\/2022\/11\/067e5d2d-gp0sttovg_web_size.jpg\" alt=\"\" sizes=\"auto, (min-width: 601px) 50vw, 100vw\" srcset=\"https:\/\/www.greenpeace.org\/static\/planet4-finland-stateless\/2022\/11\/067e5d2d-gp0sttovg_web_size.jpg 800w, https:\/\/www.greenpeace.org\/static\/planet4-finland-stateless\/2022\/11\/067e5d2d-gp0sttovg_web_size-300x200.jpg 300w, https:\/\/www.greenpeace.org\/static\/planet4-finland-stateless\/2022\/11\/067e5d2d-gp0sttovg_web_size-768x512.jpg 768w, https:\/\/www.greenpeace.org\/static\/planet4-finland-stateless\/2022\/11\/067e5d2d-gp0sttovg_web_size-510x340.jpg 510w\" class=\"wp-image-52346 size-full\"\/><\/figure><\/div>\n<\/div>\n<\/div>\n\n\n\n<style>.wp-block-group.alignfull.has-background.is-layout-flow{padding:0!important;}<\/style>\n\n<div style=\"height:15px\" aria-hidden=\"true\" class=\"wp-block-spacer\"><\/div>\n\n<div class=\"wp-block-columns is-style-mobile-carousel secondary-menu is-layout-flex wp-container-core-columns-is-layout-9d6595d7 wp-block-columns-is-layout-flex\">\n<div class=\"wp-block-column is-layout-flow wp-block-column-is-layout-flow\" style=\"flex-basis:10%\"><\/div>\n\n\n\n<div class=\"wp-block-column brdr-bottom is-layout-flow wp-block-column-is-layout-flow\" style=\"flex-basis:80%\">\n<div class=\"wp-block-group is-style-reset-margin flex-wrap is-content-justification-center is-nowrap is-layout-flex wp-container-core-group-is-layout-499140ed wp-block-group-is-layout-flex\">\n<p class=\"has-text-align-center is-style-roboto-font-family nav-link\" style=\"font-size:16px\"><a href=\"#ongelma\"><strong>Ongelma<\/strong><\/a><\/p>\n\n\n\n<div style=\"height:30px;width:0px\" aria-hidden=\"true\" class=\"wp-block-spacer wp-container-content-b0b89ccb\"><\/div>\n\n\n\n<p>\u2022<\/p>\n\n\n\n<div style=\"height:30px;width:0px\" aria-hidden=\"true\" class=\"wp-block-spacer wp-container-content-b0b89ccb\"><\/div>\n\n\n\n<p class=\"has-text-align-center is-style-roboto-font-family nav-link\" style=\"font-size:16px\"><a href=\"#mita-teemme\"><strong>Mit\u00e4 teemme<\/strong><\/a><\/p>\n\n\n\n<div style=\"height:30px;width:0px\" aria-hidden=\"true\" class=\"wp-block-spacer wp-container-content-b0b89ccb\"><\/div>\n\n\n\n<p>\u2022<\/p>\n\n\n\n<div style=\"height:30px;width:0px\" aria-hidden=\"true\" class=\"wp-block-spacer wp-container-content-b0b89ccb\"><\/div>\n\n\n\n<p class=\"has-text-align-center is-style-roboto-font-family nav-link\" style=\"font-size:16px\"><a href=\"#mita-voit-tehda\"><strong>Mit\u00e4 voit tehd\u00e4<\/strong><\/a><\/p>\n\n\n\n<div style=\"height:30px;width:0px\" aria-hidden=\"true\" class=\"wp-block-spacer wp-container-content-b0b89ccb\"><\/div>\n\n\n\n<p>\u2022<\/p>\n\n\n\n<div style=\"height:30px;width:0px\" aria-hidden=\"true\" class=\"wp-block-spacer wp-container-content-b0b89ccb\"><\/div>\n\n\n\n<p class=\"is-style-roboto-font-family nav-link\" style=\"font-size:16px\"><a href=\"#ajankohtaista\"><strong>Ajankohtaista<\/strong><\/a><\/p>\n\n\n\n<div style=\"height:30px;width:0px\" aria-hidden=\"true\" class=\"wp-block-spacer wp-container-content-b0b89ccb\"><\/div>\n<\/div>\n<\/div>\n\n\n\n<div class=\"wp-block-column is-layout-flow wp-block-column-is-layout-flow\" style=\"flex-basis:10%\"><\/div>\n<\/div>\n\n\n\n<div style=\"height:64px\" aria-hidden=\"true\" class=\"wp-block-spacer\"><\/div>\n\n\n\n<div class=\"wp-block-media-text alignwide is-stacked-on-mobile is-image-fill-element block is-style-default my-0\"><figure class=\"wp-block-media-text__media\"><img loading=\"lazy\" decoding=\"async\" width=\"800\" height=\"533\" src=\"https:\/\/www.greenpeace.org\/static\/planet4-finland-stateless\/2022\/11\/1347eb75-gp1sz4rz_web_size.jpg\" alt=\"\" sizes=\"auto, (min-width: 1600px) calc((1320px - 24px) \/ 2),(min-width: 1200px) calc((1140px - 24px) \/ 2),(min-width: 992px) calc((960px - 24px) \/ 2),(min-width: 768px) calc((720px - 24px) \/ 2),(min-width: 601px) calc((540px - 24px) \/ 2),(min-width: 577px) calc((540px - 24px) \/ 1), calc(100vw - 24px)\" srcset=\"https:\/\/www.greenpeace.org\/static\/planet4-finland-stateless\/2022\/11\/1347eb75-gp1sz4rz_web_size.jpg 800w, https:\/\/www.greenpeace.org\/static\/planet4-finland-stateless\/2022\/11\/1347eb75-gp1sz4rz_web_size-300x200.jpg 300w, https:\/\/www.greenpeace.org\/static\/planet4-finland-stateless\/2022\/11\/1347eb75-gp1sz4rz_web_size-768x512.jpg 768w, https:\/\/www.greenpeace.org\/static\/planet4-finland-stateless\/2022\/11\/1347eb75-gp1sz4rz_web_size-510x340.jpg 510w\" class=\"wp-image-52322 size-full\" style=\"object-position:50% 50%\"\/><\/figure><div class=\"wp-block-media-text__content\">\n<div style=\"height:20px\" aria-hidden=\"true\" id=\"ongelma\" class=\"wp-block-spacer\"><\/div>\n\n\n\n<h2 class=\"wp-block-heading\">Ongelma<\/h2>\n\n\n\n<p>Maailman meret ovat vailla suojelua. Tiesitk\u00f6, ett\u00e4 joka toinen henk\u00e4yksemme on meriss\u00e4 kuhisevan el\u00e4m\u00e4n ansiota? Meret my\u00f6s imev\u00e4t p\u00e4\u00e4st\u00f6j\u00e4 itseens\u00e4 ja hidastavat ilmastokriisi\u00e4. Nyt merten ihmeellinen el\u00e4m\u00e4 tarvitsee kuitenkin apuamme. Me voimme suojella maailman meri\u00e4 yhdess\u00e4. Melkein puolet maapallon pinta-alasta peitt\u00e4\u00e4 meri, joka ei kuulu yhdellek\u00e4\u00e4n valtiolle ja joka on ollut l\u00e4hes t\u00e4ysin vailla suojelua.<\/p>\n\n\n\n<p>Merikampanjoitsijamme ja asiantuntijamme ovat tehneet v\u00e4sym\u00e4t\u00f6nt\u00e4 ty\u00f6t\u00e4 mertensuojelusopimuksen parissa, ja olemme painostaneet p\u00e4\u00e4tt\u00e4ji\u00e4 sitoutumaan vahvaan sopimukseen. Sopuun suojelusopimuksesta on vihdoin p\u00e4\u00e4sty, mutta seuraavaksi se on ratifioitava ja pantava t\u00e4yt\u00e4nt\u00f6\u00f6n pikimmiten. Merill\u00e4 ei ole aikaa odottaa byrokratian rattaita!<\/p>\n\n\n\n<div class=\"wp-block-buttons is-layout-flex wp-block-buttons-is-layout-flex\"><\/div>\n\n\n\n<div style=\"height:10px\" aria-hidden=\"true\" class=\"wp-block-spacer\"><\/div>\n<\/div><\/div>\n\n\n\n<div class=\"wp-block-media-text alignwide has-media-on-the-right is-stacked-on-mobile is-image-fill-element my-0 block is-style-parallax\"><div class=\"wp-block-media-text__content\">\n<div style=\"height:20px\" aria-hidden=\"true\" id=\"mita-teemme\" class=\"wp-block-spacer\"><\/div>\n\n\n\n<h2 class=\"wp-block-heading\">Mit\u00e4 teemme<\/h2>\n\n\n\n<p>Mertensuojelusopimuksen tavoitteena on saada 30 prosenttia maailman valtamerist\u00e4 suojelun alaisiksi vuoteen 2030 menness\u00e4, mutta pelkk\u00e4 sopimus ei riit\u00e4. Todellisiin suojelutoimiin on ryhdytt\u00e4v\u00e4 ja pian.<\/p>\n\n\n\n<p>Samaan aikaan kun mertensuojelusopimus odottaa etenemist\u00e4\u00e4n, maailman meri\u00e4 uhkaa uusi vaara: syv\u00e4nmeren kaivostoiminta. T\u00e4m\u00e4 verrattain uusi teollisuudenala uhkaa \u00e4\u00e4rimm\u00e4isen hauraita ja tuntemattomia syv\u00e4nmeren pohjien ekosysteemej\u00e4. Kampanjoimme kiivaasti sen puolesta, ett\u00e4 merenpohjat j\u00e4tet\u00e4\u00e4n rauhaan.<\/p>\n\n\n\n<div class=\"wp-block-buttons is-layout-flex wp-block-buttons-is-layout-flex\">\n<div class=\"wp-block-button\"><a class=\"wp-block-button__link wp-element-button\" href=\"https:\/\/www.greenpeace.org\/finland\/toimi\/seis-syvanmeren-kaivuulle\/\" target=\"_blank\" rel=\"noreferrer noopener\">Lue lis\u00e4\u00e4 syv\u00e4nmeren kaivuusta<\/a><\/div>\n<\/div>\n\n\n\n<div style=\"height:10px\" aria-hidden=\"true\" class=\"wp-block-spacer\"><\/div>\n<\/div><figure class=\"wp-block-media-text__media\"><img decoding=\"async\" src=\"https:\/\/www.greenpeace.org\/static\/planet4-finland-stateless\/2022\/11\/c517a4ad-gp03bd8_web_size.jpg\" alt=\"\" sizes=\"(min-width: 1600px) calc((1320px - 24px) \/ 2),(min-width: 1200px) calc((1140px - 24px) \/ 2),(min-width: 992px) calc((960px - 24px) \/ 2),(min-width: 768px) calc((720px - 24px) \/ 2),(min-width: 601px) calc((540px - 24px) \/ 2),(min-width: 577px) calc((540px - 24px) \/ 1), calc(100vw - 24px)\" srcset=\"https:\/\/www.greenpeace.org\/static\/planet4-finland-stateless\/2023\/07\/c517a4ad-gp03bd8_web_size-e1690793948277.jpg 798w, https:\/\/www.greenpeace.org\/static\/planet4-finland-stateless\/2023\/07\/c517a4ad-gp03bd8_web_size-e1690793948277-300x168.jpg 300w, https:\/\/www.greenpeace.org\/static\/planet4-finland-stateless\/2023\/07\/c517a4ad-gp03bd8_web_size-e1690793948277-768x431.jpg 768w, https:\/\/www.greenpeace.org\/static\/planet4-finland-stateless\/2023\/07\/c517a4ad-gp03bd8_web_size-e1690793948277-510x286.jpg 510w\" class=\"wp-image-52329 size-full\" style=\"object-position:50% 50%\"\/><\/figure><\/div>\n\n\n\n<div style=\"height:50px\" aria-hidden=\"true\" id=\"mita-voit-tehda\" class=\"wp-block-spacer\"><\/div>\n\n\n\n<div class=\"wp-block-query mb-0 actions-list p4-query-loop is-custom-layout-carousel is-layout-flex wp-block-query-is-layout-flex\">\n<h2 class=\"wp-block-heading\">Mit\u00e4 voit tehd\u00e4<\/h2>\n\n\n\n<p style=\"margin-top:24px;margin-bottom:32px\"><\/p>\n\n\n\n\n<ul class=\"wp-block-post-template is-layout-flow wp-block-post-template-is-layout-flow\"><li class=\"wp-block-post post-56246 page type-page status-publish has-post-thumbnail hentry category-meret tag-maailmanmeret tag-suojellaanmeret tag-teollinenkalastus tag-greenpeacenlaivat tag-osallistu\">\n<figure class=\"wp-block-post-featured-image\"><img loading=\"lazy\" decoding=\"async\" width=\"1200\" height=\"801\" src=\"https:\/\/www.greenpeace.org\/static\/planet4-finland-stateless\/2024\/03\/4a0953b2-gp0stznhq_medium_res.jpg\" class=\"attachment-post-thumbnail size-post-thumbnail wp-post-image wp-stateless-item\" alt=\"Henkil\u00f6 pitelee banneria, jossa lukee ratifioikaa valtamerisopimus.\" style=\"object-fit:cover;\" srcset=\"https:\/\/www.greenpeace.org\/static\/planet4-finland-stateless\/2024\/03\/4a0953b2-gp0stznhq_medium_res.jpg 1200w, https:\/\/www.greenpeace.org\/static\/planet4-finland-stateless\/2024\/03\/4a0953b2-gp0stznhq_medium_res-300x200.jpg 300w, https:\/\/www.greenpeace.org\/static\/planet4-finland-stateless\/2024\/03\/4a0953b2-gp0stznhq_medium_res-1024x684.jpg 1024w, https:\/\/www.greenpeace.org\/static\/planet4-finland-stateless\/2024\/03\/4a0953b2-gp0stznhq_medium_res-768x513.jpg 768w, https:\/\/www.greenpeace.org\/static\/planet4-finland-stateless\/2024\/03\/4a0953b2-gp0stznhq_medium_res-510x340.jpg 510w\" sizes=\"auto, (max-width: 1200px) 100vw, 1200px\" data-image-size=\"post-thumbnail\" data-stateless-media-bucket=\"planet4-finland-stateless\" data-stateless-media-name=\"2024\/03\/4a0953b2-gp0stznhq_medium_res.jpg\" \/><\/figure>\n\n\n                <div class=\"wp-block-group group-stretched-link is-layout-flow wp-block-group-is-layout-flow\"><div class=\"wp-block-post-terms\">Meret<\/div>\n                <h3 class=\"wp-block-post-title\"><a href=\"https:\/\/www.greenpeace.org\/finland\/toimi\/mertensuojelualueet-todeksi\/\" target=\"_self\" >Mertensuojelualueet todeksi<\/a><\/h3>\n                <div class=\"wp-block-post-excerpt\"><p class=\"wp-block-post-excerpt__excerpt\">Olemme tutkimusmatkalla tehd\u00e4ksemme mertensuojelualueista vihdoin totta. Tule mukaan! <\/p><\/div><\/div>\n                \n\n\n<div class=\"wp-block-group read-more-nav is-layout-flow wp-block-group-is-layout-flow\"><a href=\"https:\/\/www.greenpeace.org\/finland\/toimi\/mertensuojelualueet-todeksi\/\" class=\"btn btn-primary btn-small\" aria-label=\"Tule mukaan\">Tule mukaan<\/a><\/div>\n\n<\/li><li class=\"wp-block-post post-53690 page type-page status-publish has-post-thumbnail hentry category-meret tag-suojellaanmeret tag-osallistu tag-maailmanmeret tag-teollinenkalastus\">\n<figure class=\"wp-block-post-featured-image\"><img loading=\"lazy\" decoding=\"async\" width=\"904\" height=\"784\" src=\"https:\/\/www.greenpeace.org\/static\/planet4-finland-stateless\/2023\/03\/1cdad03b-dsm-cover-image-e1680266570931.png\" class=\"attachment-post-thumbnail size-post-thumbnail wp-post-image wp-stateless-item\" alt=\"Mustekala sukeltajan ottamassa kuvassa, ja sen vieress\u00e4 teksti &quot;Stop deep sea mining&quot;.\" style=\"object-fit:cover;\" srcset=\"https:\/\/www.greenpeace.org\/static\/planet4-finland-stateless\/2023\/03\/1cdad03b-dsm-cover-image-e1680266570931.png 904w, https:\/\/www.greenpeace.org\/static\/planet4-finland-stateless\/2023\/03\/1cdad03b-dsm-cover-image-e1680266570931-300x260.png 300w, https:\/\/www.greenpeace.org\/static\/planet4-finland-stateless\/2023\/03\/1cdad03b-dsm-cover-image-e1680266570931-768x666.png 768w, https:\/\/www.greenpeace.org\/static\/planet4-finland-stateless\/2023\/03\/1cdad03b-dsm-cover-image-e1680266570931-392x340.png 392w\" sizes=\"auto, (max-width: 904px) 100vw, 904px\" data-image-size=\"post-thumbnail\" data-stateless-media-bucket=\"planet4-finland-stateless\" data-stateless-media-name=\"2023\/03\/1cdad03b-dsm-cover-image-e1680266570931.png\" \/><\/figure>\n\n\n                <div class=\"wp-block-group group-stretched-link is-layout-flow wp-block-group-is-layout-flow\"><div class=\"wp-block-post-terms\">Meret<\/div>\n                <h3 class=\"wp-block-post-title\"><a href=\"https:\/\/www.greenpeace.org\/finland\/toimi\/seis-syvanmeren-kaivuulle\/\" target=\"_self\" >Seis syv\u00e4nmeren kaivuulle!<\/a><\/h3>\n                <div class=\"wp-block-post-excerpt\"><p class=\"wp-block-post-excerpt__excerpt\">Syv\u00e4nmeren kaivostoiminta uhkaa merten el\u00e4m\u00e4\u00e4. T\u00e4m\u00e4 tuhoisa teollisuudenala on pys\u00e4ytett\u00e4v\u00e4. Allekirjoita vetoomus! <\/p><\/div><\/div>\n                \n\n\n<div class=\"wp-block-group read-more-nav is-layout-flow wp-block-group-is-layout-flow\"><a href=\"https:\/\/www.greenpeace.org\/finland\/toimi\/seis-syvanmeren-kaivuulle\/\" class=\"btn btn-primary btn-small\" aria-label=\"Tule mukaan\">Tule mukaan<\/a><\/div>\n\n<\/li><li class=\"wp-block-post post-1864 page type-page status-publish has-post-thumbnail hentry category-meret tag-suojellaanmeret\">\n<figure class=\"wp-block-post-featured-image\"><img loading=\"lazy\" decoding=\"async\" width=\"800\" height=\"533\" src=\"https:\/\/www.greenpeace.org\/static\/planet4-finland-stateless\/2022\/06\/d1813a37-gp0stoe38_web_size.jpg\" class=\"attachment-post-thumbnail size-post-thumbnail wp-post-image wp-stateless-item\" alt=\"Karettikilpikonna\" style=\"object-fit:cover;\" srcset=\"https:\/\/www.greenpeace.org\/static\/planet4-finland-stateless\/2022\/06\/d1813a37-gp0stoe38_web_size.jpg 800w, https:\/\/www.greenpeace.org\/static\/planet4-finland-stateless\/2022\/06\/d1813a37-gp0stoe38_web_size-300x200.jpg 300w, https:\/\/www.greenpeace.org\/static\/planet4-finland-stateless\/2022\/06\/d1813a37-gp0stoe38_web_size-768x512.jpg 768w, https:\/\/www.greenpeace.org\/static\/planet4-finland-stateless\/2022\/06\/d1813a37-gp0stoe38_web_size-510x340.jpg 510w\" sizes=\"auto, (max-width: 800px) 100vw, 800px\" data-image-size=\"post-thumbnail\" data-stateless-media-bucket=\"planet4-finland-stateless\" data-stateless-media-name=\"2022\/06\/d1813a37-gp0stoe38_web_size.jpg\" \/><\/figure>\n\n\n                <div class=\"wp-block-group group-stretched-link is-layout-flow wp-block-group-is-layout-flow\"><div class=\"wp-block-post-terms\">Meret<\/div>\n                <h3 class=\"wp-block-post-title\"><a href=\"https:\/\/www.greenpeace.org\/finland\/toimi\/suojellaan-maailman-meria\/\" target=\"_self\" >Suojellaan maailman meri\u00e4<\/a><\/h3>\n                <div class=\"wp-block-post-excerpt\"><p class=\"wp-block-post-excerpt__excerpt\">Merten ihmeellinen maailma tarvitsee apuamme. Pidet\u00e4\u00e4n yhdess\u00e4 huolta, ett\u00e4 merten el\u00e4m\u00e4 saa ansaitsemansa suojelun. <\/p><\/div><\/div>\n                \n\n\n<div class=\"wp-block-group read-more-nav is-layout-flow wp-block-group-is-layout-flow\"><a href=\"https:\/\/www.greenpeace.org\/finland\/toimi\/suojellaan-maailman-meria\/\" class=\"btn btn-primary btn-small\" aria-label=\"Tule mukaan\">Tule mukaan<\/a><\/div>\n\n<\/li><\/ul>\n\n\n<div class=\"wp-block-buttons carousel-controls is-horizontal is-content-justification-space-between is-nowrap is-layout-flex wp-container-core-buttons-is-layout-044bd602 wp-block-buttons-is-layout-flex\">\n<div class=\"wp-block-button carousel-control-prev\"><button type=\"button\" class=\"wp-block-button__link wp-element-button\">Prev<\/button><\/div>\n\n\n\n<div class=\"wp-block-button carousel-control-next\"><button type=\"button\" class=\"wp-block-button__link wp-element-button\">Seuraava<\/button><\/div>\n<\/div>\n\n\n\n<div class=\"wp-block-buttons load-more-actions-container is-content-justification-center is-layout-flex wp-container-core-buttons-is-layout-16018d1d wp-block-buttons-is-layout-flex\">\n<div class=\"wp-block-button is-style-secondary\"><button type=\"button\" class=\"wp-block-button__link wp-element-button\">Load more<\/button><\/div>\n<\/div>\n<\/div>\n\n\n\n<div style=\"height:10px\" aria-hidden=\"true\" id=\"ajankohtaista\" class=\"wp-block-spacer\"><\/div>\n\n\n\n<div class=\"wp-block-query posts-list p4-query-loop is-custom-layout-list is-layout-flow wp-block-query-is-layout-flow\">\n<div class=\"wp-block-group is-content-justification-space-between is-layout-flex wp-container-core-group-is-layout-3d213aab wp-block-group-is-layout-flex\">\n<h2 class=\"wp-block-heading\">Ajankohtaista<\/h2>\n<\/div>\n\n\n\n<p style=\"margin-top:24px;margin-bottom:36px\"><\/p>\n\n\n\n\n<ul class=\"wp-block-post-template is-layout-flow wp-block-post-template-is-layout-flow\"><li class=\"wp-block-post post-61980 post type-post status-publish format-standard has-post-thumbnail hentry category-meret tag-suojellaanmeret tag-greenpeacenlaivat tag-maailmanmeret p4-page-type-blogit\">\n\n<div class=\"wp-block-columns is-layout-flex wp-container-core-columns-is-layout-9d6595d7 wp-block-columns-is-layout-flex\"><figure class=\"wp-block-post-featured-image\"><a href=\"https:\/\/www.greenpeace.org\/finland\/blogit\/meret\/syvameri-on-selvinnyt-miljoonia-vuosia-mutta-trumpista-se-ei-valttamatta-selvia\/\" target=\"_self\"  ><img loading=\"lazy\" decoding=\"async\" width=\"1200\" height=\"793\" src=\"https:\/\/www.greenpeace.org\/static\/planet4-finland-stateless\/2026\/04\/1a4a5830-gp0stsjum.jpg\" class=\"attachment-post-thumbnail size-post-thumbnail wp-post-image wp-stateless-item\" alt=\"Syv\u00e4meri on selvinnyt miljoonia vuosia, mutta Trumpista se ei v\u00e4ltt\u00e4m\u00e4tt\u00e4 selvi\u00e4\" style=\"object-fit:cover;\" srcset=\"https:\/\/www.greenpeace.org\/static\/planet4-finland-stateless\/2026\/04\/1a4a5830-gp0stsjum.jpg 1200w, https:\/\/www.greenpeace.org\/static\/planet4-finland-stateless\/2026\/04\/1a4a5830-gp0stsjum-300x198.jpg 300w, https:\/\/www.greenpeace.org\/static\/planet4-finland-stateless\/2026\/04\/1a4a5830-gp0stsjum-1024x677.jpg 1024w, https:\/\/www.greenpeace.org\/static\/planet4-finland-stateless\/2026\/04\/1a4a5830-gp0stsjum-768x508.jpg 768w, https:\/\/www.greenpeace.org\/static\/planet4-finland-stateless\/2026\/04\/1a4a5830-gp0stsjum-510x337.jpg 510w\" sizes=\"auto, (max-width: 1200px) 100vw, 1200px\" data-image-size=\"post-thumbnail\" data-stateless-media-bucket=\"planet4-finland-stateless\" data-stateless-media-name=\"2026\/04\/1a4a5830-gp0stsjum.jpg\" \/><\/a><\/figure>\n\n\n<div class=\"wp-block-group is-layout-flow wp-block-group-is-layout-flow\">\n<div class=\"wp-block-group is-layout-flex wp-block-group-is-layout-flex\"><div class=\"wp-block-post-terms\"><a href=\"https:\/\/www.greenpeace.org\/finland\/luokka\/meret\/\">Meret<\/a><\/div>\n\n<div class=\"taxonomy-post_tag wp-block-post-terms\"><a href=\"https:\/\/www.greenpeace.org\/finland\/tag\/suojellaanmeret\/\" rel=\"tag\">suojellaanmeret<\/a><span class=\"wp-block-post-terms__separator\"> <\/span><a href=\"https:\/\/www.greenpeace.org\/finland\/tag\/greenpeacenlaivat\/\" rel=\"tag\">greenpeacenlaivat<\/a><span class=\"wp-block-post-terms__separator\"> <\/span><a href=\"https:\/\/www.greenpeace.org\/finland\/tag\/maailmanmeret\/\" rel=\"tag\">maailmanmeret<\/a><\/div><\/div>\n\n\n<h3 class=\"wp-block-post-title\"><a href=\"https:\/\/www.greenpeace.org\/finland\/blogit\/meret\/syvameri-on-selvinnyt-miljoonia-vuosia-mutta-trumpista-se-ei-valttamatta-selvia\/\" target=\"_self\" >Syv\u00e4meri on selvinnyt miljoonia vuosia, mutta Trumpista se ei v\u00e4ltt\u00e4m\u00e4tt\u00e4 selvi\u00e4<\/a><\/h3>\n\n<div class=\"wp-block-post-excerpt\"><p class=\"wp-block-post-excerpt__excerpt\">YK:n mertensuojelusopimus astui vihdoin voimaan tammikussa. Ensimm\u00e4ist\u00e4 kertaa historiassa valtiot voivat perustaa suojelualueita kansainv\u00e4lisille vesille. Mutta kaikki eiv\u00e4t toivo suojelua, siksi on toimittava. <\/p><\/div>\n\n\n<div class=\"wp-block-group posts-list-meta is-layout-flow wp-block-group-is-layout-flow\"><span class='article-list-item-author'><a href='https:\/\/www.greenpeace.org\/finland\/author\/lmeller\/'>Laura Meller<\/a><\/span>\n\n<div class=\"wp-block-post-date\"><time datetime=\"2026-04-09T18:34:32+03:00\">09\/04\/2026<\/time><\/div><\/div>\n<\/div>\n<\/div>\n\n<\/li><li class=\"wp-block-post post-60997 post type-post status-publish format-standard has-post-thumbnail hentry category-meret tag-suojellaanmeret tag-muovisaaste tag-teollinenkalastus tag-maailmanmeret p4-page-type-blogit\">\n\n<div class=\"wp-block-columns is-layout-flex wp-container-core-columns-is-layout-9d6595d7 wp-block-columns-is-layout-flex\"><figure class=\"wp-block-post-featured-image\"><a href=\"https:\/\/www.greenpeace.org\/finland\/blogit\/meret\/tyomme-merilla-mita-mertensuojelun-parissa-tapahtui-vuonna-2025\/\" target=\"_self\"  ><img loading=\"lazy\" decoding=\"async\" width=\"1200\" height=\"675\" src=\"https:\/\/www.greenpeace.org\/static\/planet4-finland-stateless\/2025\/12\/d4732529-gp0su655l.jpg\" class=\"attachment-post-thumbnail size-post-thumbnail wp-post-image wp-stateless-item\" alt=\"Ty\u00f6mme merill\u00e4: mit\u00e4 mertensuojelun parissa tapahtui vuonna 2025?\" style=\"object-fit:cover;\" srcset=\"https:\/\/www.greenpeace.org\/static\/planet4-finland-stateless\/2025\/12\/d4732529-gp0su655l.jpg 1200w, https:\/\/www.greenpeace.org\/static\/planet4-finland-stateless\/2025\/12\/d4732529-gp0su655l-300x169.jpg 300w, https:\/\/www.greenpeace.org\/static\/planet4-finland-stateless\/2025\/12\/d4732529-gp0su655l-1024x576.jpg 1024w, https:\/\/www.greenpeace.org\/static\/planet4-finland-stateless\/2025\/12\/d4732529-gp0su655l-768x432.jpg 768w, https:\/\/www.greenpeace.org\/static\/planet4-finland-stateless\/2025\/12\/d4732529-gp0su655l-510x287.jpg 510w\" sizes=\"auto, (max-width: 1200px) 100vw, 1200px\" data-image-size=\"post-thumbnail\" data-stateless-media-bucket=\"planet4-finland-stateless\" data-stateless-media-name=\"2025\/12\/d4732529-gp0su655l.jpg\" \/><\/a><\/figure>\n\n\n<div class=\"wp-block-group is-layout-flow wp-block-group-is-layout-flow\">\n<div class=\"wp-block-group is-layout-flex wp-block-group-is-layout-flex\"><div class=\"wp-block-post-terms\"><a href=\"https:\/\/www.greenpeace.org\/finland\/luokka\/meret\/\">Meret<\/a><\/div>\n\n<div class=\"taxonomy-post_tag wp-block-post-terms\"><a href=\"https:\/\/www.greenpeace.org\/finland\/tag\/suojellaanmeret\/\" rel=\"tag\">suojellaanmeret<\/a><span class=\"wp-block-post-terms__separator\"> <\/span><a href=\"https:\/\/www.greenpeace.org\/finland\/tag\/muovisaaste\/\" rel=\"tag\">muovisaaste<\/a><span class=\"wp-block-post-terms__separator\"> <\/span><a href=\"https:\/\/www.greenpeace.org\/finland\/tag\/teollinenkalastus\/\" rel=\"tag\">teollinenkalastus<\/a><span class=\"wp-block-post-terms__separator\"> <\/span><a href=\"https:\/\/www.greenpeace.org\/finland\/tag\/maailmanmeret\/\" rel=\"tag\">maailmanmeret<\/a><\/div><\/div>\n\n\n<h3 class=\"wp-block-post-title\"><a href=\"https:\/\/www.greenpeace.org\/finland\/blogit\/meret\/tyomme-merilla-mita-mertensuojelun-parissa-tapahtui-vuonna-2025\/\" target=\"_self\" >Ty\u00f6mme merill\u00e4: mit\u00e4 mertensuojelun parissa tapahtui vuonna 2025?<\/a><\/h3>\n\n<div class=\"wp-block-post-excerpt\"><p class=\"wp-block-post-excerpt__excerpt\">Mertensuojelu on ollut Greenpeacen ty\u00f6n keski\u00f6ss\u00e4 aina. Merten herkk\u00e4\u00e4 tasapainoa uhkaavat t\u00e4ll\u00e4 hetkell\u00e4 esimerkiksi syv\u00e4nmeren kaivuu, vesist\u00f6ihin p\u00e4\u00e4tyv\u00e4 muovij\u00e4te, sek\u00e4 teollinen kalastus ja eritoten tuhoisa pohjatroolaus. Mit\u00e4 n\u00e4iden aiheiden parissa&hellip; <\/p><\/div>\n\n\n<div class=\"wp-block-group posts-list-meta is-layout-flow wp-block-group-is-layout-flow\"><span class='article-list-item-author'><a href='https:\/\/www.greenpeace.org\/finland\/author\/gp_finland\/'>Greenpeace Suomi<\/a><\/span>\n\n<div class=\"wp-block-post-date\"><time datetime=\"2025-12-08T13:46:15+03:00\">08\/12\/2025<\/time><\/div><\/div>\n<\/div>\n<\/div>\n\n<\/li><li class=\"wp-block-post post-59217 post type-post status-publish format-standard has-post-thumbnail hentry category-greenpeace tag-fossiiliset tag-suojellaanmeret tag-suojellaanmetsat tag-tietoameista tag-voitto tag-ilmastokriisinsyyt p4-page-type-blogit\">\n\n<div class=\"wp-block-columns is-layout-flex wp-container-core-columns-is-layout-9d6595d7 wp-block-columns-is-layout-flex\"><figure class=\"wp-block-post-featured-image\"><a href=\"https:\/\/www.greenpeace.org\/finland\/blogit\/greenpeace\/mihin-panostimme-yhdessa-lahjoitusten-vaikutus-vuonna-2024\/\" target=\"_self\"  ><img loading=\"lazy\" decoding=\"async\" width=\"1200\" height=\"800\" src=\"https:\/\/www.greenpeace.org\/static\/planet4-finland-stateless\/2024\/02\/abf2c25a-gp0stznhb_medium_res.jpg\" class=\"attachment-post-thumbnail size-post-thumbnail wp-post-image wp-stateless-item\" alt=\"Mihin panostimme yhdess\u00e4? Lahjoitusten vaikutus vuonna 2024\" style=\"object-fit:cover;\" srcset=\"https:\/\/www.greenpeace.org\/static\/planet4-finland-stateless\/2024\/02\/abf2c25a-gp0stznhb_medium_res.jpg 1200w, https:\/\/www.greenpeace.org\/static\/planet4-finland-stateless\/2024\/02\/abf2c25a-gp0stznhb_medium_res-300x200.jpg 300w, https:\/\/www.greenpeace.org\/static\/planet4-finland-stateless\/2024\/02\/abf2c25a-gp0stznhb_medium_res-1024x683.jpg 1024w, https:\/\/www.greenpeace.org\/static\/planet4-finland-stateless\/2024\/02\/abf2c25a-gp0stznhb_medium_res-768x512.jpg 768w, https:\/\/www.greenpeace.org\/static\/planet4-finland-stateless\/2024\/02\/abf2c25a-gp0stznhb_medium_res-510x340.jpg 510w\" sizes=\"auto, (max-width: 1200px) 100vw, 1200px\" data-image-size=\"post-thumbnail\" data-stateless-media-bucket=\"planet4-finland-stateless\" data-stateless-media-name=\"2024\/02\/abf2c25a-gp0stznhb_medium_res.jpg\" \/><\/a><\/figure>\n\n\n<div class=\"wp-block-group is-layout-flow wp-block-group-is-layout-flow\">\n<div class=\"wp-block-group is-layout-flex wp-block-group-is-layout-flex\"><div class=\"wp-block-post-terms\"><a href=\"https:\/\/www.greenpeace.org\/finland\/luokka\/greenpeace\/\">Greenpeace<\/a><\/div>\n\n<div class=\"taxonomy-post_tag wp-block-post-terms\"><a href=\"https:\/\/www.greenpeace.org\/finland\/tag\/fossiiliset\/\" rel=\"tag\">fossiiliset<\/a><span class=\"wp-block-post-terms__separator\"> <\/span><a href=\"https:\/\/www.greenpeace.org\/finland\/tag\/suojellaanmeret\/\" rel=\"tag\">suojellaanmeret<\/a><span class=\"wp-block-post-terms__separator\"> <\/span><a href=\"https:\/\/www.greenpeace.org\/finland\/tag\/suojellaanmetsat\/\" rel=\"tag\">suojellaanmets\u00e4t<\/a><span class=\"wp-block-post-terms__separator\"> <\/span><a href=\"https:\/\/www.greenpeace.org\/finland\/tag\/tietoameista\/\" rel=\"tag\">tietoameist\u00e4<\/a><span class=\"wp-block-post-terms__separator\"> <\/span><a href=\"https:\/\/www.greenpeace.org\/finland\/tag\/voitto\/\" rel=\"tag\">voitto<\/a><span class=\"wp-block-post-terms__separator\"> <\/span><a href=\"https:\/\/www.greenpeace.org\/finland\/tag\/ilmastokriisinsyyt\/\" rel=\"tag\">ilmastokriisinsyyt<\/a><\/div><\/div>\n\n\n<h3 class=\"wp-block-post-title\"><a href=\"https:\/\/www.greenpeace.org\/finland\/blogit\/greenpeace\/mihin-panostimme-yhdessa-lahjoitusten-vaikutus-vuonna-2024\/\" target=\"_self\" >Mihin panostimme yhdess\u00e4? Lahjoitusten vaikutus vuonna 2024<\/a><\/h3>\n\n<div class=\"wp-block-post-excerpt\"><p class=\"wp-block-post-excerpt__excerpt\">Greenpeacea tukee Pohjoismaissa yli 100 000 ymp\u00e4rist\u00f6nsuojelijaa. Heid\u00e4n tukensa on vaikuttanut siihen, ett\u00e4 uskomattomat elinymp\u00e4rist\u00f6t ja lajit ymp\u00e4ri maailmaa ovat pelastuneet h\u00e4vitykselt\u00e4. Syd\u00e4mellinen kiitos kaikille teille, jotka suojelette rakasta planeettaamme. <\/p><\/div>\n\n\n<div class=\"wp-block-group posts-list-meta is-layout-flow wp-block-group-is-layout-flow\"><span class='article-list-item-author'><a href='https:\/\/www.greenpeace.org\/finland\/author\/hpirhone\/'>Helena Pirhonen<\/a><\/span>\n\n<div class=\"wp-block-post-date\"><time datetime=\"2025-05-19T09:48:05+03:00\">19\/05\/2025<\/time><\/div><\/div>\n<\/div>\n<\/div>\n\n<\/li><\/ul>\n\n\n<div class=\"wp-block-buttons carousel-controls is-horizontal is-content-justification-space-between is-nowrap is-layout-flex wp-container-core-buttons-is-layout-044bd602 wp-block-buttons-is-layout-flex\">\n<div class=\"wp-block-button carousel-control-prev\"><button type=\"button\" class=\"wp-block-button__link wp-element-button\">Previous Carousel Slide<\/button><\/div>\n\n\n\n<div class=\"wp-block-button carousel-control-next\"><button type=\"button\" class=\"wp-block-button__link wp-element-button\">Next Carousel Slide<\/button><\/div>\n<\/div>\n\n\n<li class=\" wp-block-navigation-item see-all-link wp-block-navigation-link\"><a class=\"wp-block-navigation-item__content\"  href=\"https:\/\/www.greenpeace.org\/finland\/uutisia-ja-tarinoita\/?tag=suojellaanmeret&#038;post-type=blogit\"><span class=\"wp-block-navigation-item__label\">Lue lis\u00e4\u00e4<\/span><\/a><\/li><\/div>\n\n\n\n<div class=\"wp-block-group alignfull block is-pattern-p4-deep-dive has-grey-100-background-color has-background is-layout-flow wp-block-group-is-layout-flow\">\n<div class=\"wp-block-group container is-layout-flow wp-block-group-is-layout-flow\">\n<div style=\"height:24px\" aria-hidden=\"true\" class=\"wp-block-spacer\"><\/div>\n\n\n\n<h2 class=\"wp-block-heading has-text-align-center\">Lue lis\u00e4\u00e4 merist\u00e4<\/h2>\n\n\n\n<div class=\"wp-block-columns is-layout-flex wp-container-core-columns-is-layout-9d6595d7 wp-block-columns-is-layout-flex\">\n<div class=\"wp-block-column is-layout-flow wp-block-column-is-layout-flow\">\n<div class=\"wp-block-group group-stretched-link is-layout-flow wp-block-group-is-layout-flow\">\n<figure class=\"wp-block-image aligncenter size-full is-resized force-no-lightbox force-no-caption is-style-rounded-180\"><img loading=\"lazy\" decoding=\"async\" src=\"https:\/\/www.greenpeace.org\/static\/planet4-finland-stateless\/2022\/11\/a05a004c-gp0sttfkt_web_size.jpg\" title=\"Kalaparvi Sardiniassa.\" alt=\"\" class=\"wp-image-52342\" width=\"180\" height=\"180\"\/><figcaption class=\"wp-element-caption\">Greenpeace together with the CNR-IAS and the University of the Marche region carry out a tour in the Tyrrhenian Sea to document the plastic and microplastics pollution in the marine ecosystem.<\/figcaption><\/figure>\n\n\n\n<h5 class=\"wp-block-heading has-text-align-center is-style-chevron\" style=\"font-size:1rem\"><a href=\"https:\/\/www.greenpeace.org\/finland\/?page_id=51883\">Merten el\u00e4m\u00e4<\/a><\/h5>\n\n\n\n<div style=\"height:16px\" aria-hidden=\"true\" class=\"wp-block-spacer\"><\/div>\n<\/div>\n<\/div>\n\n\n\n<div class=\"wp-block-column is-layout-flow wp-block-column-is-layout-flow\">\n<div class=\"wp-block-group group-stretched-link is-layout-flow wp-block-group-is-layout-flow\">\n<figure class=\"wp-block-image aligncenter size-full is-resized force-no-lightbox force-no-caption is-style-rounded-180\"><img loading=\"lazy\" decoding=\"async\" src=\"https:\/\/www.greenpeace.org\/static\/planet4-finland-stateless\/2022\/11\/e21e7364-gp0stqo6l_web_size.jpg\" title=\"Catch on Board Chinese Fishing Vessel in Guinea\" alt=\"Catch on Board Chinese Fishing Vessel in Guinea\" class=\"wp-image-52323\" width=\"180\" height=\"180\"\/><figcaption class=\"wp-element-caption\">Fisherman on board the FU YUANG YU 380 Chinese fishing boat hauling the net.\nGreenpeace is on tour in West African waters to address the problem of overfishing in the region.<\/figcaption><\/figure>\n\n\n\n<h5 class=\"wp-block-heading has-text-align-center is-style-chevron\" style=\"font-size:1rem\"><a href=\"https:\/\/www.greenpeace.org\/finland\/?page_id=51887\">Liikakalastus<\/a><\/h5>\n\n\n\n<div style=\"height:16px\" aria-hidden=\"true\" class=\"wp-block-spacer\"><\/div>\n<\/div>\n<\/div>\n\n\n\n<div class=\"wp-block-column is-layout-flow wp-block-column-is-layout-flow\">\n<div class=\"wp-block-group group-stretched-link is-layout-flow wp-block-group-is-layout-flow\">\n<figure class=\"wp-block-image aligncenter size-full is-resized force-no-lightbox force-no-caption is-style-rounded-180\"><img loading=\"lazy\" decoding=\"async\" src=\"https:\/\/www.greenpeace.org\/static\/planet4-finland-stateless\/2022\/11\/7f0147dc-gp1swpkh_web_size.jpg\" title=\"Turisti k\u00e4velee rannalla, joka on roskan ja romun peitossa.\" alt=\"\" class=\"wp-image-52344\" width=\"180\" height=\"180\"\/><figcaption class=\"wp-element-caption\">A tourist walks along a beach covered in piles of debris and plastic waste in Canggu, Bali, Indonesia.<\/figcaption><\/figure>\n\n\n\n<h5 class=\"wp-block-heading has-text-align-center is-style-chevron\" style=\"font-size:1rem\"><a href=\"https:\/\/www.greenpeace.org\/finland\/?page_id=51889\">Muovi<\/a><\/h5>\n\n\n\n<div style=\"height:16px\" aria-hidden=\"true\" class=\"wp-block-spacer\"><\/div>\n<\/div>\n<\/div>\n<\/div>\n<\/div>\n<\/div>\n\n\n\n<div class=\"wp-block-group alignfull block is-pattern-p4-quick-links has-white-background-color has-background is-layout-flow wp-block-group-is-layout-flow\">\n<div class=\"wp-block-group container is-layout-flow wp-block-group-is-layout-flow\">\n<div style=\"height:24px\" aria-hidden=\"true\" class=\"wp-block-spacer\"><\/div>\n\n\n\n<h4 class=\"wp-block-heading has-text-align-center\">Tutustu muihin aiheisiin<\/h4>\n\n\n\n<div class=\"wp-block-columns is-not-stacked-on-mobile is-style-mobile-carousel is-layout-flex wp-container-core-columns-is-layout-9d6595d7 wp-block-columns-is-layout-flex\">\n<div class=\"wp-block-column is-layout-flow wp-block-column-is-layout-flow\">\n<div class=\"wp-block-group group-stretched-link is-layout-flow wp-block-group-is-layout-flow\">\n<figure class=\"wp-block-image aligncenter size-full is-resized is-style-rounded-90 force-no-lightbox force-no-caption mb-0\"><img loading=\"lazy\" decoding=\"async\" width=\"1000\" height=\"667\" src=\"https:\/\/www.greenpeace.org\/static\/planet4-finland-stateless\/2021\/08\/9afef055-gettyimages-1233949526.jpg\" title=\"Tytt\u00f6\u00e4 evakuoidaan Dazhoun kyl\u00e4st\u00e4 Kiinan Lounais-Sichuanin maakunnassa rankkasateiden j\u00e4lkeen \u00a9 STR \/ AFP via Getty Images\" alt=\"Tytt\u00f6\u00e4 evakuoidaan Dazhoun kyl\u00e4st\u00e4 Kiinan Lounais-Sichuanin maakunnassa rankkasateiden j\u00e4lkeen \u00a9 STR \/ AFP via Getty Images\" class=\"wp-image-7500\" srcset=\"https:\/\/www.greenpeace.org\/static\/planet4-finland-stateless\/2021\/08\/9afef055-gettyimages-1233949526.jpg 1000w, https:\/\/www.greenpeace.org\/static\/planet4-finland-stateless\/2021\/08\/9afef055-gettyimages-1233949526-300x200.jpg 300w, https:\/\/www.greenpeace.org\/static\/planet4-finland-stateless\/2021\/08\/9afef055-gettyimages-1233949526-768x512.jpg 768w, https:\/\/www.greenpeace.org\/static\/planet4-finland-stateless\/2021\/08\/9afef055-gettyimages-1233949526-510x340.jpg 510w\" sizes=\"auto, (max-width: 1000px) 100vw, 1000px\" \/><figcaption class=\"wp-element-caption\">Tytt\u00f6\u00e4 evakuoidaan Dazhoun kyl\u00e4st\u00e4 Kiinan Lounais-Sichuanin maakunnassa rankkasateiden j\u00e4lkeen 12.7.2021 \u00a9 STR \/ AFP via Getty Images<\/figcaption><\/figure>\n\n\n\n<div style=\"height:16px\" aria-hidden=\"true\" class=\"wp-block-spacer\"><\/div>\n\n\n\n<h5 class=\"wp-block-heading has-text-align-center\" style=\"font-size:1rem\"><a href=\"https:\/\/www.greenpeace.org\/finland\/?page_id=51777\">Ilmastonmuutos<\/a><\/h5>\n<\/div>\n<\/div>\n\n\n\n<div class=\"wp-block-column is-layout-flow wp-block-column-is-layout-flow\">\n<div class=\"wp-block-group group-stretched-link is-layout-flow wp-block-group-is-layout-flow\">\n<figure class=\"wp-block-image aligncenter size-full is-resized is-style-rounded-90 force-no-lightbox force-no-caption mb-0\"><img loading=\"lazy\" decoding=\"async\" width=\"800\" height=\"533\" src=\"https:\/\/www.greenpeace.org\/static\/planet4-finland-stateless\/2022\/11\/e455aba5-gp0stulp3_web_size.jpg\" title=\"Uniperin hiilivoimala Saksassa.\" alt=\"\" class=\"wp-image-52357\" srcset=\"https:\/\/www.greenpeace.org\/static\/planet4-finland-stateless\/2022\/11\/e455aba5-gp0stulp3_web_size.jpg 800w, https:\/\/www.greenpeace.org\/static\/planet4-finland-stateless\/2022\/11\/e455aba5-gp0stulp3_web_size-300x200.jpg 300w, https:\/\/www.greenpeace.org\/static\/planet4-finland-stateless\/2022\/11\/e455aba5-gp0stulp3_web_size-768x512.jpg 768w, https:\/\/www.greenpeace.org\/static\/planet4-finland-stateless\/2022\/11\/e455aba5-gp0stulp3_web_size-510x340.jpg 510w\" sizes=\"auto, (max-width: 800px) 100vw, 800px\" \/><figcaption class=\"wp-element-caption\">Greenpeace activists project some messages onto the 180-meter-high cooling tower of the Datteln 4 coal-fired power plant, using an animated light show to protest against the commissioning of the coal-fired station planned for this summer. The protest against Datteln 4 is also growing in Finland. The Finnish state-owned company Fortum just increased its share in the German Datteln operator Uniper to 70.5 percent. Uniper operates its power plant park with almost 90 percent fossil fuels.\nGreenpeace Aktivisten projizieren eine Botschaft auf den 180 Meter hohen Kuehlturm des Kohlekraftwerks Datteln 4. Mit der animierten Lichtshow protestieren sie gegen die f\u00fcr diesen Sommer geplante Inbetriebnahme des Steinkohlemeilers. Auch in Finnland waechst der Protest gegen Datteln 4. Der finnische Staatskonzern Fortum stockt gerade seinen Anteil am deutschen Datteln-Betreiber Uniper auf 70,5 Prozent auf. Uniper betreibt seinen Kraftwerkspark mit fast 90 Prozent fossilen Brennstoffen.<\/figcaption><\/figure>\n\n\n\n<div style=\"height:16px\" aria-hidden=\"true\" class=\"wp-block-spacer\"><\/div>\n\n\n\n<h5 class=\"wp-block-heading has-text-align-center\" style=\"font-size:1rem\"><a href=\"https:\/\/www.greenpeace.org\/finland\/wp-admin\/post.php?post=51792&amp;action=edit\"><\/a><strong><a href=\"https:\/\/www.greenpeace.org\/finland\/?page_id=51787\">Energia<\/a><\/strong><\/h5>\n<\/div>\n<\/div>\n\n\n\n<div class=\"wp-block-column is-layout-flow wp-block-column-is-layout-flow\">\n<div class=\"wp-block-group group-stretched-link is-layout-flow wp-block-group-is-layout-flow\">\n<figure class=\"wp-block-image aligncenter size-full is-resized is-style-rounded-90 force-no-lightbox force-no-caption mb-0\"><img loading=\"lazy\" decoding=\"async\" width=\"606\" height=\"432\" src=\"https:\/\/www.greenpeace.org\/static\/planet4-finland-stateless\/2022\/03\/6bed2638-huminakangas-ari-aalto_pieni.jpg\" alt=\"\" class=\"wp-image-50399\" srcset=\"https:\/\/www.greenpeace.org\/static\/planet4-finland-stateless\/2022\/03\/6bed2638-huminakangas-ari-aalto_pieni.jpg 606w, https:\/\/www.greenpeace.org\/static\/planet4-finland-stateless\/2022\/03\/6bed2638-huminakangas-ari-aalto_pieni-300x214.jpg 300w, https:\/\/www.greenpeace.org\/static\/planet4-finland-stateless\/2022\/03\/6bed2638-huminakangas-ari-aalto_pieni-477x340.jpg 477w\" sizes=\"auto, (max-width: 606px) 100vw, 606px\" \/><\/figure>\n\n\n\n<div style=\"height:16px\" aria-hidden=\"true\" class=\"wp-block-spacer\"><\/div>\n\n\n\n<h5 class=\"wp-block-heading has-text-align-center\" style=\"font-size:1rem\"><strong><a href=\"https:\/\/www.greenpeace.org\/finland\/?page_id=51792\">Mets\u00e4t<\/a><\/strong><\/h5>\n<\/div>\n<\/div>\n<\/div>\n<\/div>\n<\/div>\n<\/div>\n","protected":false},"excerpt":{"rendered":"<p>Tiedeyhteis\u00f6n mukaan v\u00e4hint\u00e4\u00e4n 30 prosenttia merist\u00e4 on suojeltava vuoteen 2030 menness\u00e4, jotta niiden el\u00e4m\u00e4 voi kukoistaa, toipua ja sopeutua muutoksiin.<\/p>\n","protected":false},"author":41,"featured_media":52322,"parent":51796,"menu_order":0,"comment_status":"closed","ping_status":"closed","template":"","meta":{"_improvement_type_select":"improve_an_existing","_thumb_yes_seoaic":false,"_frame_yes_seoaic":false,"seoaic_generate_description":"","seoaic_improve_instructions_prompt":"","seoaic_rollback_content_improvement":"","seoaic_idea_thumbnail_generator":"","thumbnail_generated":false,"thumbnail_generate_prompt":"","seoaic_article_description":"","ep_exclude_from_search":false,"p4_hide_page_title_checkbox":"on","p4_title":"","p4_subtitle":"","p4_description":"","background_image_id":"","background_image":"","p4_button_title":"","p4_button_link":"","p4_button_link_checkbox":"","p4_og_title":"","p4_og_description":"","p4_og_image":"","p4_og_image_id":"","p4_seo_canonical_url":"","p4_campaign_name":"Protect the Oceans","p4_local_project":"not set","p4_basket_name":"not set","p4_department":"","footnotes":""},"categories":[4],"tags":[25],"class_list":["post-51891","page","type-page","status-publish","has-post-thumbnail","hentry","category-meret","tag-suojellaanmeret"],"_links":{"self":[{"href":"https:\/\/www.greenpeace.org\/finland\/wp-json\/wp\/v2\/pages\/51891","targetHints":{"allow":["GET"]}}],"collection":[{"href":"https:\/\/www.greenpeace.org\/finland\/wp-json\/wp\/v2\/pages"}],"about":[{"href":"https:\/\/www.greenpeace.org\/finland\/wp-json\/wp\/v2\/types\/page"}],"author":[{"embeddable":true,"href":"https:\/\/www.greenpeace.org\/finland\/wp-json\/wp\/v2\/users\/41"}],"replies":[{"embeddable":true,"href":"https:\/\/www.greenpeace.org\/finland\/wp-json\/wp\/v2\/comments?post=51891"}],"version-history":[{"count":20,"href":"https:\/\/www.greenpeace.org\/finland\/wp-json\/wp\/v2\/pages\/51891\/revisions"}],"predecessor-version":[{"id":61951,"href":"https:\/\/www.greenpeace.org\/finland\/wp-json\/wp\/v2\/pages\/51891\/revisions\/61951"}],"up":[{"embeddable":true,"href":"https:\/\/www.greenpeace.org\/finland\/wp-json\/wp\/v2\/pages\/51796"}],"wp:featuredmedia":[{"embeddable":true,"href":"https:\/\/www.greenpeace.org\/finland\/wp-json\/wp\/v2\/media\/52322"}],"wp:attachment":[{"href":"https:\/\/www.greenpeace.org\/finland\/wp-json\/wp\/v2\/media?parent=51891"}],"wp:term":[{"taxonomy":"category","embeddable":true,"href":"https:\/\/www.greenpeace.org\/finland\/wp-json\/wp\/v2\/categories?post=51891"},{"taxonomy":"post_tag","embeddable":true,"href":"https:\/\/www.greenpeace.org\/finland\/wp-json\/wp\/v2\/tags?post=51891"}],"curies":[{"name":"wp","href":"https:\/\/api.w.org\/{rel}","templated":true}]}}