{"id":522,"date":"2019-01-09T09:10:19","date_gmt":"2019-01-09T09:10:19","guid":{"rendered":"https:\/\/www.greenpeace.org\/finland\/?page_id=522"},"modified":"2026-02-18T16:56:18","modified_gmt":"2026-02-18T13:56:18","slug":"medialle","status":"publish","type":"page","link":"https:\/\/www.greenpeace.org\/finland\/meista\/medialle\/","title":{"rendered":"Medialle"},"content":{"rendered":"\n\n<div class=\"wp-block-group alignfull has-grey-100-background-color has-background is-layout-flow wp-block-group-is-layout-flow\" style=\"padding-top:56px;padding-bottom:56px\">\n<div class=\"wp-block-group container is-layout-flow wp-block-group-is-layout-flow\">\n<div class=\"wp-block-media-text alignfull has-media-on-the-right is-stacked-on-mobile is-pattern-p4-page-header is-style-parallax has-grey-900-color has-grey-100-background-color has-text-color has-background\"><div class=\"wp-block-media-text__content\">\n<div class=\"wp-block-group is-layout-flow wp-block-group-is-layout-flow\">\n<h1 class=\"wp-block-heading has-grey-100-background-color has-background\">Medialle<\/h1>\n<\/div>\n\n\n\n<p class=\"wp-block-paragraph\">T\u00e4\u00e4lt\u00e4 l\u00f6yd\u00e4t yhteystiedot medialle, uusimmat lehdist\u00f6tiedotteet, julkaisut ja kuvia toiminnastamme ymp\u00e4ri maailmaa. <\/p>\n\n\n\n<div class=\"wp-block-buttons is-layout-flex wp-block-buttons-is-layout-flex\">\n<div class=\"wp-block-button is-style-cta\"><a class=\"wp-block-button__link wp-element-button\" href=\"mailto:viestinta@greenpeace.org\">viestinta@greenpeace.org<\/a><\/div>\n<\/div>\n<\/div><figure class=\"wp-block-media-text__media\"><img loading=\"lazy\" decoding=\"async\" width=\"1024\" height=\"683\" src=\"https:\/\/www.greenpeace.org\/static\/planet4-finland-stateless\/2023\/12\/20230301-gp-karttimonjoki-pyry-kantonen-048-1024x683.jpg\" alt=\"\" sizes=\"auto, (min-width: 601px) 50vw, 100vw\" srcset=\"https:\/\/www.greenpeace.org\/static\/planet4-finland-stateless\/2023\/12\/20230301-gp-karttimonjoki-pyry-kantonen-048-scaled-e1702979769352.jpg 800w, https:\/\/www.greenpeace.org\/static\/planet4-finland-stateless\/2023\/12\/20230301-gp-karttimonjoki-pyry-kantonen-048-scaled-e1702979769352-300x200.jpg 300w, https:\/\/www.greenpeace.org\/static\/planet4-finland-stateless\/2023\/12\/20230301-gp-karttimonjoki-pyry-kantonen-048-scaled-e1702979769352-768x512.jpg 768w, https:\/\/www.greenpeace.org\/static\/planet4-finland-stateless\/2023\/12\/20230301-gp-karttimonjoki-pyry-kantonen-048-scaled-e1702979769352-510x340.jpg 510w\" class=\"wp-image-55912 size-full\"\/><\/figure><\/div>\n<\/div>\n<\/div>\n\n\n<div class=\"wp-block-columns is-layout-flex wp-container-core-columns-is-layout-8f761849 wp-block-columns-is-layout-flex\">\n<div class=\"wp-block-column is-layout-flow wp-block-column-is-layout-flow\" style=\"flex-basis:100%\">\n\n<div class=\"wp-block-group block has-white-background-color has-background is-layout-flow wp-block-group-is-layout-flow\">\n<h2 class=\"wp-block-heading has-text-align-left\">Ota yhteytt\u00e4 viestint\u00e4\u00e4mme<\/h2>\n\n\n\n<div style=\"height:30px;width:0px\" aria-hidden=\"true\" class=\"wp-block-spacer\"><\/div>\n\n\n\n<div class=\"wp-block-columns is-layout-flex wp-container-core-columns-is-layout-8f761849 wp-block-columns-is-layout-flex\">\n<div class=\"wp-block-column is-layout-flow wp-block-column-is-layout-flow\">\n<div class=\"wp-block-media-text is-stacked-on-mobile\" style=\"grid-template-columns:38% auto\"><figure class=\"wp-block-media-text__media\"><img loading=\"lazy\" decoding=\"async\" width=\"400\" height=\"400\" src=\"https:\/\/www.greenpeace.org\/static\/planet4-finland-stateless\/2019\/01\/82b362d0-juuso.png\" alt=\"\" sizes=\"auto, (min-width: 1600px) calc((1320px - 24px) \/ 2.6316),(min-width: 1200px) calc((1140px - 24px) \/ 2.6316),(min-width: 992px) calc((960px - 24px) \/ 2.6316),(min-width: 768px) calc((720px - 24px) \/ 2.6316),(min-width: 601px) calc((540px - 24px) \/ 2.6316),(min-width: 577px) calc((540px - 24px) \/ 1), calc(100vw - 24px)\" srcset=\"https:\/\/www.greenpeace.org\/static\/planet4-finland-stateless\/2019\/01\/82b362d0-juuso.png 400w, https:\/\/www.greenpeace.org\/static\/planet4-finland-stateless\/2019\/01\/82b362d0-juuso-150x150.png 150w, https:\/\/www.greenpeace.org\/static\/planet4-finland-stateless\/2019\/01\/82b362d0-juuso-300x300.png 300w, https:\/\/www.greenpeace.org\/static\/planet4-finland-stateless\/2019\/01\/82b362d0-juuso-340x340.png 340w\" class=\"wp-image-1121 size-full\"\/><\/figure><div class=\"wp-block-media-text__content\">\n<div class=\"wp-block-group is-vertical is-layout-flex wp-container-core-group-is-layout-4fc3f8e1 wp-block-group-is-layout-flex\">\n<h3 class=\"wp-block-heading has-text-align-left\">Juuso Janhunen<\/h3>\n\n\n\n<p class=\"has-text-align-left wp-block-paragraph\">Viestint\u00e4asiantuntija \/ Communications Specialist<\/p>\n\n\n\n<p class=\"has-text-align-left wp-block-paragraph\"><br>+358 040 482 55 41<\/p>\n\n\n\n<p class=\"has-text-align-left is-style-chevron has-gp-green-80-color has-text-color has-link-color wp-elements-a89a2b5141d77b20d2e7881a55a184c5 wp-block-paragraph\"><a href=\"mailto:juuso.janhunen@greenpeace.org\">juuso.janhunen@greenpeace.org<\/a><\/p>\n\n\n\n<div style=\"height:16px;width:0px\" aria-hidden=\"true\" class=\"wp-block-spacer wp-container-content-f9bd05ee\"><\/div>\n<\/div>\n<\/div><\/div>\n<\/div>\n\n\n\n<div class=\"wp-block-column is-layout-flow wp-block-column-is-layout-flow\">\n<div class=\"wp-block-media-text is-stacked-on-mobile\" style=\"grid-template-columns:38% auto\"><figure class=\"wp-block-media-text__media\"><img loading=\"lazy\" decoding=\"async\" width=\"800\" height=\"754\" src=\"https:\/\/www.greenpeace.org\/static\/planet4-finland-stateless\/2019\/09\/38aa062f-marivaara1.png\" alt=\"\" sizes=\"auto, (min-width: 1600px) calc((1320px - 24px) \/ 2.6316),(min-width: 1200px) calc((1140px - 24px) \/ 2.6316),(min-width: 992px) calc((960px - 24px) \/ 2.6316),(min-width: 768px) calc((720px - 24px) \/ 2.6316),(min-width: 601px) calc((540px - 24px) \/ 2.6316),(min-width: 577px) calc((540px - 24px) \/ 1), calc(100vw - 24px)\" srcset=\"https:\/\/www.greenpeace.org\/static\/planet4-finland-stateless\/2019\/09\/38aa062f-marivaara1.png 800w, https:\/\/www.greenpeace.org\/static\/planet4-finland-stateless\/2019\/09\/38aa062f-marivaara1-300x283.png 300w, https:\/\/www.greenpeace.org\/static\/planet4-finland-stateless\/2019\/09\/38aa062f-marivaara1-768x724.png 768w, https:\/\/www.greenpeace.org\/static\/planet4-finland-stateless\/2019\/09\/38aa062f-marivaara1-361x340.png 361w\" class=\"wp-image-2381 size-full\"\/><\/figure><div class=\"wp-block-media-text__content\">\n<div class=\"wp-block-group is-vertical is-layout-flex wp-container-core-group-is-layout-4fc3f8e1 wp-block-group-is-layout-flex\">\n<h3 class=\"wp-block-heading has-text-align-left wp-container-content-f9bd05ee\">Mari Vaara<\/h3>\n\n\n\n<p class=\"has-text-align-left wp-container-content-f9bd05ee wp-block-paragraph\">Tiedottaja \/ <br>Press Officer<\/p>\n\n\n\n<p class=\"has-text-align-left wp-container-content-f9bd05ee wp-block-paragraph\"><br>+358 040 751 7957<\/p>\n\n\n\n<p class=\"has-text-align-left is-style-chevron has-gp-green-80-color has-text-color has-link-color wp-elements-126c0f7bc6d0d0ee3cd8aa93707ccb6b wp-block-paragraph\"><a href=\"mailto:sanni.lahtinen@greenpeace.org\">mari.vaara@greenpeace.org<\/a><a href=\"mailto:juuso.janhunen@greenpeace.org\"><\/a><\/p>\n\n\n\n<div style=\"height:0px\" aria-hidden=\"true\" class=\"wp-block-spacer wp-container-content-f9bd05ee\"><\/div>\n<\/div>\n<\/div><\/div>\n<\/div>\n<\/div>\n<\/div>\n\n<\/div>\n<\/div>\n\n\n<div class=\"wp-block-group alignfull block mb-0 has-grey-100-background-color has-background is-layout-flow wp-block-group-is-layout-flow\">\n<div style=\"height:30px\" aria-hidden=\"true\" class=\"wp-block-spacer\"><\/div>\n\n\n\n<div class=\"wp-block-group container mb-0 is-layout-flow wp-block-group-is-layout-flow\">\n<div style=\"height:50px\" aria-hidden=\"true\" class=\"wp-block-spacer\"><\/div>\n\n\n<div data-render=\"planet4-blocks\/columns\" data-attributes=\"{&quot;attributes&quot;:{&quot;columns&quot;:[{&quot;title&quot;:&quot;Seuraa meit\\u00e4 Instagramissa&quot;,&quot;description&quot;:&quot;Pysy ajantasalla toiminnastamme ja viime aikaisista tapahtumista seuraamalla meit\\u00e4 Instagramissa.&quot;,&quot;cta_text&quot;:&quot;Seuraa&quot;,&quot;cta_link&quot;:&quot;https:\\\/\\\/www.instagram.com\\\/greenpeacesuomi\\\/&quot;,&quot;link_new_tab&quot;:true,&quot;attachment&quot;:58198},{&quot;title&quot;:&quot;Seuraa meit\\u00e4 Linkediniss\\u00e4&quot;,&quot;description&quot;:&quot;Ajankohtaisia p\\u00e4ivityksi\\u00e4 ja tietoa my\\u00f6s LinkedIniss\\u00e4.&quot;,&quot;cta_text&quot;:&quot;Osallistu keskusteluun&quot;,&quot;cta_link&quot;:&quot;https:\\\/\\\/www.linkedin.com\\\/company\\\/greenpeace-fi\\\/&quot;,&quot;link_new_tab&quot;:true,&quot;attachment&quot;:58196},{&quot;title&quot;:&quot;Kuvat ja videot&quot;,&quot;description&quot;:&quot;Maailmanlaajuinen kuva- ja videopankkimme on my\\u00f6s median k\\u00e4ytett\\u00e4viss\\u00e4.&quot;,&quot;cta_text&quot;:&quot;Siirry kuvapankkiimme&quot;,&quot;cta_link&quot;:&quot;https:\\\/\\\/media.greenpeace.org\\\/&quot;,&quot;attachment&quot;:58203,&quot;link_new_tab&quot;:true},{&quot;title&quot;:&quot;For the media&quot;,&quot;description&quot;:&quot;The latest images can be found in our media library. Are you looking for an expert or have any questions?&lt;br&gt;Please reach out at: &lt;a href=u0022mailto:viestinta@greenpeace.orgu0022&gt;viestinta@greenpeace.org&lt;\\\/a&gt;&quot;,&quot;attachment&quot;:58203,&quot;cta_link&quot;:&quot;https:\\\/\\\/media.greenpeace.org\\\/&quot;,&quot;cta_text&quot;:&quot;See the media library&quot;,&quot;link_new_tab&quot;:true}],&quot;className&quot;:&quot;is-style-no_image&quot;,&quot;columns_block_style&quot;:&quot;no_image&quot;}}\"><\/div>\n\n\n<div style=\"height:50px\" aria-hidden=\"true\" class=\"wp-block-spacer\"><\/div>\n<\/div>\n<\/div>\n\n\n<div style=\"height:30px\" aria-hidden=\"true\" class=\"wp-block-spacer\"><\/div>\n\n<div class=\"wp-block-query posts-list p4-query-loop is-custom-layout-list is-layout-flow wp-block-query-is-layout-flow\">\n<div class=\"wp-block-group is-content-justification-space-between is-layout-flex wp-container-core-group-is-layout-cfe5ce44 wp-block-group-is-layout-flex\">\n<h2 class=\"wp-block-heading\">Uusimmat lehdist\u00f6tiedotteet<\/h2>\n\n\n<li class=\"wp-block-navigation-item see-all-link wp-block-navigation-link\"><a class=\"wp-block-navigation-item__content\"  href=\"https:\/\/www.greenpeace.org\/finland\/uutisia-ja-tarinoita\/?post-type=tiedotteet\"><span data-ga-category=\"Posts List\" data-ga-action=\"See More Link\" data-ga-label=\"n\/a\" class=\"wp-block-navigation-item__label\">See all posts<\/span><\/a><\/li><\/div>\n\n\n\n<p class=\"wp-block-paragraph\" style=\"margin-top:24px;margin-bottom:36px\"><\/p>\n\n\n\n\n<ul class=\"wp-block-post-template is-layout-flow wp-block-post-template-is-layout-flow\"><li class=\"wp-block-post post-63162 post type-post status-publish format-standard has-post-thumbnail hentry category-metsat tag-luonnonmetsa tag-luontokato tag-metsateollisuus p4-page-type-tiedotteet\">\n\n<div class=\"wp-block-columns is-layout-flex wp-container-core-columns-is-layout-8f761849 wp-block-columns-is-layout-flex\"><figure class=\"wp-block-post-featured-image\"><a href=\"https:\/\/www.greenpeace.org\/finland\/tiedotteet\/metsat\/greenpeace-ennallistamissuunnitelmasta-taloushyotyja-ei-ole-selvitetty-metsista-neuvotellaan-piilossa\/\" target=\"_self\"  ><img loading=\"lazy\" decoding=\"async\" data-ga-category=\"Posts List\" data-ga-action=\"Image\" data-ga-label=\"n\/a\" width=\"2000\" height=\"1240\" src=\"https:\/\/www.greenpeace.org\/static\/planet4-finland-stateless\/2023\/12\/213cee3f-homotiainen_2_channu_siitonen.jpg\" class=\"attachment-post-thumbnail size-post-thumbnail wp-post-image wp-stateless-item\" alt=\"Greenpeace ennallistamissuunnitelmasta: Taloushy\u00f6tyj\u00e4 ei ole selvitetty, metsist\u00e4 neuvotellaan piilossa\" style=\"object-fit:cover;\" srcset=\"https:\/\/www.greenpeace.org\/static\/planet4-finland-stateless\/2023\/12\/213cee3f-homotiainen_2_channu_siitonen.jpg 2000w, https:\/\/www.greenpeace.org\/static\/planet4-finland-stateless\/2023\/12\/213cee3f-homotiainen_2_channu_siitonen-300x186.jpg 300w, https:\/\/www.greenpeace.org\/static\/planet4-finland-stateless\/2023\/12\/213cee3f-homotiainen_2_channu_siitonen-1024x635.jpg 1024w, https:\/\/www.greenpeace.org\/static\/planet4-finland-stateless\/2023\/12\/213cee3f-homotiainen_2_channu_siitonen-768x476.jpg 768w, https:\/\/www.greenpeace.org\/static\/planet4-finland-stateless\/2023\/12\/213cee3f-homotiainen_2_channu_siitonen-1536x952.jpg 1536w, https:\/\/www.greenpeace.org\/static\/planet4-finland-stateless\/2023\/12\/213cee3f-homotiainen_2_channu_siitonen-510x316.jpg 510w\" sizes=\"auto, (max-width: 2000px) 100vw, 2000px\" data-image-size=\"post-thumbnail\" data-stateless-media-bucket=\"planet4-finland-stateless\" data-stateless-media-name=\"2023\/12\/213cee3f-homotiainen_2_channu_siitonen.jpg\" \/><\/a><\/figure>\n\n\n<div class=\"wp-block-group is-layout-flow wp-block-group-is-layout-flow\">\n<div class=\"wp-block-group is-layout-flex wp-block-group-is-layout-flex\"><div class=\"wp-block-post-terms\"><a data-ga-category=\"Posts List\" data-ga-action=\"Post Type Tag\" data-ga-label=\"n\/a\" href=\"https:\/\/www.greenpeace.org\/finland\/luokka\/metsat\/\">Mets\u00e4t<\/a><\/div>\n\n<div class=\"taxonomy-post_tag wp-block-post-terms\"><a data-ga-category=\"Posts List\" data-ga-action=\"Navigation Tag\" data-ga-label=\"n\/a\" href=\"https:\/\/www.greenpeace.org\/finland\/tag\/luonnonmetsa\/\" rel=\"tag\">luonnonmets\u00e4<\/a><span class=\"wp-block-post-terms__separator\"> <\/span><a data-ga-category=\"Posts List\" data-ga-action=\"Navigation Tag\" data-ga-label=\"n\/a\" href=\"https:\/\/www.greenpeace.org\/finland\/tag\/luontokato\/\" rel=\"tag\">luontokato<\/a><span class=\"wp-block-post-terms__separator\"> <\/span><a data-ga-category=\"Posts List\" data-ga-action=\"Navigation Tag\" data-ga-label=\"n\/a\" href=\"https:\/\/www.greenpeace.org\/finland\/tag\/metsateollisuus\/\" rel=\"tag\">mets\u00e4teollisuus<\/a><\/div><\/div>\n\n\n<h3 class=\"wp-block-post-title\"><a data-ga-category=\"Posts List\" data-ga-action=\"Title\" data-ga-label=\"n\/a\" href=\"https:\/\/www.greenpeace.org\/finland\/tiedotteet\/metsat\/greenpeace-ennallistamissuunnitelmasta-taloushyotyja-ei-ole-selvitetty-metsista-neuvotellaan-piilossa\/\" target=\"_self\" >Greenpeace ennallistamissuunnitelmasta: Taloushy\u00f6tyj\u00e4 ei ole selvitetty, metsist\u00e4 neuvotellaan piilossa<\/a><\/h3>\n\n<div class=\"wp-block-post-excerpt\"><p class=\"wp-block-post-excerpt__excerpt\">Greenpeacen mukaan ennallistamistoimet luovat luontohy\u00f6tyjen lis\u00e4ksi taloudellista toimeliaisuutta ja ty\u00f6llisyytt\u00e4 harvaan asutuille seuduille. Kustannuskeskeisyys ja taloudellisten hy\u00f6tyjen selvitt\u00e4m\u00e4tt\u00e4 j\u00e4tt\u00e4minen viittaavat siihen, ett\u00e4 valmistelun tavoitteena on ollut heikent\u00e4\u00e4 julkista tukea ennallistamiselle. <\/p><\/div>\n\n\n<div class=\"wp-block-group posts-list-meta is-layout-flow wp-block-group-is-layout-flow\"><span class='article-list-item-author'><a data-ga-category=\"Posts List\" data-ga-action=\"Author\" data-ga-label=\"n\/a\" href='https:\/\/www.greenpeace.org\/finland\/author\/gp_finland\/'>Greenpeace Suomi<\/a><\/span>\n\n<div class=\"wp-block-post-date\"><time datetime=\"2026-08-27T16:08:42+03:00\">27\/08\/2026<\/time><\/div><\/div>\n<\/div>\n<\/div>\n\n<\/li><li class=\"wp-block-post post-62973 post type-post status-publish format-standard has-post-thumbnail hentry category-ilmastonmuutos tag-ilmastokriisinvaikutukset tag-ilmastokriisinsyyt p4-page-type-tiedotteet\">\n\n<div class=\"wp-block-columns is-layout-flex wp-container-core-columns-is-layout-8f761849 wp-block-columns-is-layout-flex\"><figure class=\"wp-block-post-featured-image\"><a href=\"https:\/\/www.greenpeace.org\/finland\/tiedotteet\/ilmastonmuutos\/raportti-maailman-rikkaimmalla-001-prosentilla-arviolta-lahes-biljoonan-dollarin-vuotuinen-ilmastovelka\/\" target=\"_self\"  ><img loading=\"lazy\" decoding=\"async\" data-ga-category=\"Posts List\" data-ga-action=\"Image\" data-ga-label=\"n\/a\" width=\"2560\" height=\"1707\" src=\"https:\/\/www.greenpeace.org\/static\/planet4-finland-stateless\/2026\/06\/1f31fc78-gp0su6a0v-scaled.jpg\" class=\"attachment-post-thumbnail size-post-thumbnail wp-post-image wp-stateless-item\" alt=\"Raportti: Maailman rikkaimmalla 0,01 prosentilla arviolta l\u00e4hes biljoonan dollarin vuotuinen ilmastovelka\" style=\"object-fit:cover;\" srcset=\"https:\/\/www.greenpeace.org\/static\/planet4-finland-stateless\/2026\/06\/1f31fc78-gp0su6a0v-scaled.jpg 2560w, https:\/\/www.greenpeace.org\/static\/planet4-finland-stateless\/2026\/06\/1f31fc78-gp0su6a0v-300x200.jpg 300w, https:\/\/www.greenpeace.org\/static\/planet4-finland-stateless\/2026\/06\/1f31fc78-gp0su6a0v-1024x683.jpg 1024w, https:\/\/www.greenpeace.org\/static\/planet4-finland-stateless\/2026\/06\/1f31fc78-gp0su6a0v-768x512.jpg 768w, https:\/\/www.greenpeace.org\/static\/planet4-finland-stateless\/2026\/06\/1f31fc78-gp0su6a0v-1536x1024.jpg 1536w, https:\/\/www.greenpeace.org\/static\/planet4-finland-stateless\/2026\/06\/1f31fc78-gp0su6a0v-2048x1366.jpg 2048w, https:\/\/www.greenpeace.org\/static\/planet4-finland-stateless\/2026\/06\/1f31fc78-gp0su6a0v-510x340.jpg 510w\" sizes=\"auto, (max-width: 2560px) 100vw, 2560px\" data-image-size=\"post-thumbnail\" data-stateless-media-bucket=\"planet4-finland-stateless\" data-stateless-media-name=\"2026\/06\/1f31fc78-gp0su6a0v-scaled.jpg\" \/><\/a><\/figure>\n\n\n<div class=\"wp-block-group is-layout-flow wp-block-group-is-layout-flow\">\n<div class=\"wp-block-group is-layout-flex wp-block-group-is-layout-flex\"><div class=\"wp-block-post-terms\"><a data-ga-category=\"Posts List\" data-ga-action=\"Post Type Tag\" data-ga-label=\"n\/a\" href=\"https:\/\/www.greenpeace.org\/finland\/luokka\/ilmastonmuutos\/\">Ilmastonmuutos<\/a><\/div>\n\n<div class=\"taxonomy-post_tag wp-block-post-terms\"><a data-ga-category=\"Posts List\" data-ga-action=\"Navigation Tag\" data-ga-label=\"n\/a\" href=\"https:\/\/www.greenpeace.org\/finland\/tag\/ilmastokriisinvaikutukset\/\" rel=\"tag\">ilmastokriisinvaikutukset<\/a><span class=\"wp-block-post-terms__separator\"> <\/span><a data-ga-category=\"Posts List\" data-ga-action=\"Navigation Tag\" data-ga-label=\"n\/a\" href=\"https:\/\/www.greenpeace.org\/finland\/tag\/ilmastokriisinsyyt\/\" rel=\"tag\">ilmastokriisinsyyt<\/a><\/div><\/div>\n\n\n<h3 class=\"wp-block-post-title\"><a data-ga-category=\"Posts List\" data-ga-action=\"Title\" data-ga-label=\"n\/a\" href=\"https:\/\/www.greenpeace.org\/finland\/tiedotteet\/ilmastonmuutos\/raportti-maailman-rikkaimmalla-001-prosentilla-arviolta-lahes-biljoonan-dollarin-vuotuinen-ilmastovelka\/\" target=\"_self\" >Raportti: Maailman rikkaimmalla 0,01 prosentilla arviolta l\u00e4hes biljoonan dollarin vuotuinen ilmastovelka<\/a><\/h3>\n\n<div class=\"wp-block-post-excerpt\"><p class=\"wp-block-post-excerpt__excerpt\">Eritt\u00e4in pienen upporikkaiden joukon toiminta kytkeytyy suhteettoman suureen ilmastohaittaan. Ilmi\u00f6t\u00e4 paisuttavat omistukset ja sijoitukset runsaasti p\u00e4\u00e4st\u00f6j\u00e4 tuottavaan toimintaan sek\u00e4 hiili-intensiivinen el\u00e4m\u00e4ntapa, paljastaa tuore kansainv\u00e4linen raportti. <\/p><\/div>\n\n\n<div class=\"wp-block-group posts-list-meta is-layout-flow wp-block-group-is-layout-flow\"><span class='article-list-item-author'><a data-ga-category=\"Posts List\" data-ga-action=\"Author\" data-ga-label=\"n\/a\" href='https:\/\/www.greenpeace.org\/finland\/author\/anlileh\/'>Greenpeace<\/a><\/span>\n\n<div class=\"wp-block-post-date\"><time datetime=\"2026-06-11T12:26:18+03:00\">11\/06\/2026<\/time><\/div><\/div>\n<\/div>\n<\/div>\n\n<\/li><li class=\"wp-block-post post-62843 post type-post status-publish format-standard has-post-thumbnail hentry category-greenpeace tag-viherpesu tag-metsateollisuus tag-maatalous tag-fossiiliset p4-page-type-tiedotteet\">\n\n<div class=\"wp-block-columns is-layout-flex wp-container-core-columns-is-layout-8f761849 wp-block-columns-is-layout-flex\"><figure class=\"wp-block-post-featured-image\"><a href=\"https:\/\/www.greenpeace.org\/finland\/tiedotteet\/greenpeace\/vuoden-huiputus-kilpailun-ylivoimaiseksi-voittajaksi-atrian-ja-arman-alizadin-lihantuotantoa-markkinoiva-sarja-oodi-suomalaiselle-ruoalle\/\" target=\"_self\"  ><img loading=\"lazy\" decoding=\"async\" data-ga-category=\"Posts List\" data-ga-action=\"Image\" data-ga-label=\"n\/a\" width=\"2560\" height=\"1705\" src=\"https:\/\/www.greenpeace.org\/static\/planet4-finland-stateless\/2026\/06\/2366d878-vuoden_huiputus_touko_nousu-festivaali_2026-1-2-scaled.jpg\" class=\"attachment-post-thumbnail size-post-thumbnail wp-post-image wp-stateless-item\" alt=\"Vuoden huiputus -kilpailun ylivoimaiseksi voittajaksi Atrian ja Arman Alizadin lihantuotantoa markkinoiva sarja \u201cOodi suomalaiselle ruoalle\u201d\" style=\"object-fit:cover;\" srcset=\"https:\/\/www.greenpeace.org\/static\/planet4-finland-stateless\/2026\/06\/2366d878-vuoden_huiputus_touko_nousu-festivaali_2026-1-2-scaled.jpg 2560w, https:\/\/www.greenpeace.org\/static\/planet4-finland-stateless\/2026\/06\/2366d878-vuoden_huiputus_touko_nousu-festivaali_2026-1-2-300x200.jpg 300w, https:\/\/www.greenpeace.org\/static\/planet4-finland-stateless\/2026\/06\/2366d878-vuoden_huiputus_touko_nousu-festivaali_2026-1-2-1024x682.jpg 1024w, https:\/\/www.greenpeace.org\/static\/planet4-finland-stateless\/2026\/06\/2366d878-vuoden_huiputus_touko_nousu-festivaali_2026-1-2-768x512.jpg 768w, https:\/\/www.greenpeace.org\/static\/planet4-finland-stateless\/2026\/06\/2366d878-vuoden_huiputus_touko_nousu-festivaali_2026-1-2-1536x1023.jpg 1536w, https:\/\/www.greenpeace.org\/static\/planet4-finland-stateless\/2026\/06\/2366d878-vuoden_huiputus_touko_nousu-festivaali_2026-1-2-2048x1364.jpg 2048w, https:\/\/www.greenpeace.org\/static\/planet4-finland-stateless\/2026\/06\/2366d878-vuoden_huiputus_touko_nousu-festivaali_2026-1-2-510x340.jpg 510w\" sizes=\"auto, (max-width: 2560px) 100vw, 2560px\" data-image-size=\"post-thumbnail\" data-stateless-media-bucket=\"planet4-finland-stateless\" data-stateless-media-name=\"2026\/06\/2366d878-vuoden_huiputus_touko_nousu-festivaali_2026-1-2-scaled.jpg\" \/><\/a><\/figure>\n\n\n<div class=\"wp-block-group is-layout-flow wp-block-group-is-layout-flow\">\n<div class=\"wp-block-group is-layout-flex wp-block-group-is-layout-flex\"><div class=\"wp-block-post-terms\"><a data-ga-category=\"Posts List\" data-ga-action=\"Post Type Tag\" data-ga-label=\"n\/a\" href=\"https:\/\/www.greenpeace.org\/finland\/luokka\/greenpeace\/\">Greenpeace<\/a><\/div>\n\n<div class=\"taxonomy-post_tag wp-block-post-terms\"><a data-ga-category=\"Posts List\" data-ga-action=\"Navigation Tag\" data-ga-label=\"n\/a\" href=\"https:\/\/www.greenpeace.org\/finland\/tag\/viherpesu\/\" rel=\"tag\">viherpesu<\/a><span class=\"wp-block-post-terms__separator\"> <\/span><a data-ga-category=\"Posts List\" data-ga-action=\"Navigation Tag\" data-ga-label=\"n\/a\" href=\"https:\/\/www.greenpeace.org\/finland\/tag\/metsateollisuus\/\" rel=\"tag\">mets\u00e4teollisuus<\/a><span class=\"wp-block-post-terms__separator\"> <\/span><a data-ga-category=\"Posts List\" data-ga-action=\"Navigation Tag\" data-ga-label=\"n\/a\" href=\"https:\/\/www.greenpeace.org\/finland\/tag\/maatalous\/\" rel=\"tag\">maatalous<\/a><span class=\"wp-block-post-terms__separator\"> <\/span><a data-ga-category=\"Posts List\" data-ga-action=\"Navigation Tag\" data-ga-label=\"n\/a\" href=\"https:\/\/www.greenpeace.org\/finland\/tag\/fossiiliset\/\" rel=\"tag\">fossiiliset<\/a><\/div><\/div>\n\n\n<h3 class=\"wp-block-post-title\"><a data-ga-category=\"Posts List\" data-ga-action=\"Title\" data-ga-label=\"n\/a\" href=\"https:\/\/www.greenpeace.org\/finland\/tiedotteet\/greenpeace\/vuoden-huiputus-kilpailun-ylivoimaiseksi-voittajaksi-atrian-ja-arman-alizadin-lihantuotantoa-markkinoiva-sarja-oodi-suomalaiselle-ruoalle\/\" target=\"_self\" >Vuoden huiputus -kilpailun ylivoimaiseksi voittajaksi Atrian ja Arman Alizadin lihantuotantoa markkinoiva sarja \u201cOodi suomalaiselle ruoalle\u201d<\/a><\/h3>\n\n<div class=\"wp-block-post-excerpt\"><p class=\"wp-block-post-excerpt__excerpt\">Vuoden t\u00f6rkeimm\u00e4st\u00e4 viherpesuteosta jaettavan Vuoden Huiputus -palkinnon voittaja on Atrian ja tv-kasvo Arman Alizadin sarja \u201cOodi suomalaiselle ruoalle\u201d. Voittaja julkistettiin lauantaina 6.6. Greenpeacen Nousu-festivaalien yhteydess\u00e4 Helsingin Tekstin talolla. Greenpeacen j\u00e4rjest\u00e4m\u00e4ss\u00e4&hellip; <\/p><\/div>\n\n\n<div class=\"wp-block-group posts-list-meta is-layout-flow wp-block-group-is-layout-flow\"><span class='article-list-item-author'><a data-ga-category=\"Posts List\" data-ga-action=\"Author\" data-ga-label=\"n\/a\" href='https:\/\/www.greenpeace.org\/finland\/author\/anlileh\/'>Greenpeace<\/a><\/span>\n\n<div class=\"wp-block-post-date\"><time datetime=\"2026-06-06T21:37:57+03:00\">06\/06\/2026<\/time><\/div><\/div>\n<\/div>\n<\/div>\n\n<\/li><\/ul>\n\n\n<div class=\"wp-block-buttons carousel-controls is-horizontal is-content-justification-space-between is-nowrap is-layout-flex wp-container-core-buttons-is-layout-358af4b1 wp-block-buttons-is-layout-flex\">\n<div class=\"wp-block-button carousel-control-prev\"><button type=\"button\" class=\"wp-block-button__link wp-element-button\">Previous Carousel Slide<\/button><\/div>\n\n\n\n<div class=\"wp-block-button carousel-control-next\"><button type=\"button\" class=\"wp-block-button__link wp-element-button\">Next Carousel Slide<\/button><\/div>\n<\/div>\n\n\n<li class=\"wp-block-navigation-item see-all-link wp-block-navigation-link\"><a class=\"wp-block-navigation-item__content\"  href=\"https:\/\/www.greenpeace.org\/finland\/uutisia-ja-tarinoita\/?post-type=tiedotteet\"><span data-ga-category=\"Posts List\" data-ga-action=\"See More Link\" data-ga-label=\"n\/a\" class=\"wp-block-navigation-item__label\">Lue lis\u00e4\u00e4<\/span><\/a><\/li><\/div>\n\n<div style=\"height:30px\" aria-hidden=\"true\" class=\"wp-block-spacer\"><\/div>\n","protected":false},"excerpt":{"rendered":"<p>T\u00e4\u00e4lt\u00e4 l\u00f6yd\u00e4t uusimmat lehdist\u00f6tiedotteet, julkaisut ja kuvia toiminnastamme ymp\u00e4ri maailmaa.<\/p>\n","protected":false},"author":23,"featured_media":55912,"parent":234,"menu_order":0,"comment_status":"closed","ping_status":"closed","template":"","meta":{"_acf_changed":false,"ep_exclude_from_search":false,"p4_hide_page_title_checkbox":"on","p4_title":"","p4_subtitle":"","p4_description":"","background_image_id":"","background_image":"","p4_button_title":"","p4_button_link":"","p4_button_link_checkbox":"","p4_og_title":"","p4_og_description":"","p4_og_image":"","p4_og_image_id":"","p4_seo_canonical_url":"","p4_campaign_name":"not set","p4_local_project":"not set","p4_basket_name":"not set","p4_department":"","footnotes":""},"categories":[31],"tags":[13],"class_list":["post-522","page","type-page","status-publish","has-post-thumbnail","hentry","category-greenpeace","tag-tietoameista"],"acf":[],"_links":{"self":[{"href":"https:\/\/www.greenpeace.org\/finland\/wp-json\/wp\/v2\/pages\/522","targetHints":{"allow":["GET"]}}],"collection":[{"href":"https:\/\/www.greenpeace.org\/finland\/wp-json\/wp\/v2\/pages"}],"about":[{"href":"https:\/\/www.greenpeace.org\/finland\/wp-json\/wp\/v2\/types\/page"}],"author":[{"embeddable":true,"href":"https:\/\/www.greenpeace.org\/finland\/wp-json\/wp\/v2\/users\/23"}],"replies":[{"embeddable":true,"href":"https:\/\/www.greenpeace.org\/finland\/wp-json\/wp\/v2\/comments?post=522"}],"version-history":[{"count":20,"href":"https:\/\/www.greenpeace.org\/finland\/wp-json\/wp\/v2\/pages\/522\/revisions"}],"predecessor-version":[{"id":61661,"href":"https:\/\/www.greenpeace.org\/finland\/wp-json\/wp\/v2\/pages\/522\/revisions\/61661"}],"up":[{"embeddable":true,"href":"https:\/\/www.greenpeace.org\/finland\/wp-json\/wp\/v2\/pages\/234"}],"wp:featuredmedia":[{"embeddable":true,"href":"https:\/\/www.greenpeace.org\/finland\/wp-json\/wp\/v2\/media\/55912"}],"wp:attachment":[{"href":"https:\/\/www.greenpeace.org\/finland\/wp-json\/wp\/v2\/media?parent=522"}],"wp:term":[{"taxonomy":"category","embeddable":true,"href":"https:\/\/www.greenpeace.org\/finland\/wp-json\/wp\/v2\/categories?post=522"},{"taxonomy":"post_tag","embeddable":true,"href":"https:\/\/www.greenpeace.org\/finland\/wp-json\/wp\/v2\/tags?post=522"}],"curies":[{"name":"wp","href":"https:\/\/api.w.org\/{rel}","templated":true}]}}