{"id":53250,"date":"2023-02-16T12:54:37","date_gmt":"2023-02-16T09:54:37","guid":{"rendered":"https:\/\/www.greenpeace.org\/finland\/?page_id=53250"},"modified":"2025-07-02T10:17:08","modified_gmt":"2025-07-02T07:17:08","slug":"podcast","status":"publish","type":"page","link":"https:\/\/www.greenpeace.org\/finland\/toimi\/podcast\/","title":{"rendered":"Greenpeacen podcastit"},"content":{"rendered":"\n<p class=\"has-text-align-left has-medium-font-size\">Kuuntele t\u00e4\u00e4lt\u00e4 Greenpeacen podcastit! Greenpeacen uusi podcast Luonnon tietotoimisto on nyt ulkona. Ota kuunteluun.<\/p>\n\n\n<div class=\"wp-block-media-text alignwide is-stacked-on-mobile\"><figure class=\"wp-block-media-text__media\"><img loading=\"lazy\" decoding=\"async\" width=\"1024\" height=\"1024\" src=\"https:\/\/www.greenpeace.org\/static\/planet4-finland-stateless\/2023\/02\/afd4a65b-luonnon_tietotoimisto_kansikuva-1024x1024.jpg\" alt=\"\" sizes=\"auto, (min-width: 1600px) calc((1320px - 24px) \/ 2),(min-width: 1200px) calc((1140px - 24px) \/ 2),(min-width: 992px) calc((960px - 24px) \/ 2),(min-width: 768px) calc((720px - 24px) \/ 2),(min-width: 601px) calc((540px - 24px) \/ 2),(min-width: 577px) calc((540px - 24px) \/ 1), calc(100vw - 24px)\" srcset=\"https:\/\/www.greenpeace.org\/static\/planet4-finland-stateless\/2023\/02\/afd4a65b-luonnon_tietotoimisto_kansikuva-scaled.jpg 2560w, https:\/\/www.greenpeace.org\/static\/planet4-finland-stateless\/2023\/02\/afd4a65b-luonnon_tietotoimisto_kansikuva-300x300.jpg 300w, https:\/\/www.greenpeace.org\/static\/planet4-finland-stateless\/2023\/02\/afd4a65b-luonnon_tietotoimisto_kansikuva-1024x1024.jpg 1024w, https:\/\/www.greenpeace.org\/static\/planet4-finland-stateless\/2023\/02\/afd4a65b-luonnon_tietotoimisto_kansikuva-150x150.jpg 150w, https:\/\/www.greenpeace.org\/static\/planet4-finland-stateless\/2023\/02\/afd4a65b-luonnon_tietotoimisto_kansikuva-768x768.jpg 768w, https:\/\/www.greenpeace.org\/static\/planet4-finland-stateless\/2023\/02\/afd4a65b-luonnon_tietotoimisto_kansikuva-1536x1536.jpg 1536w, https:\/\/www.greenpeace.org\/static\/planet4-finland-stateless\/2023\/02\/afd4a65b-luonnon_tietotoimisto_kansikuva-2048x2048.jpg 2048w, https:\/\/www.greenpeace.org\/static\/planet4-finland-stateless\/2023\/02\/afd4a65b-luonnon_tietotoimisto_kansikuva-1366x1366.jpg 1366w, https:\/\/www.greenpeace.org\/static\/planet4-finland-stateless\/2023\/02\/afd4a65b-luonnon_tietotoimisto_kansikuva-340x340.jpg 340w\" class=\"wp-image-53275 size-full\"\/><\/figure><div class=\"wp-block-media-text__content\">\n<h2 class=\"wp-block-heading\">Luonnon tietotoimisto -podcast<\/h2>\n\n\n\n<p>Luontokato kiihtyy ja ilmastokriisi huutaa ratkaisuja. Viikon kuumat luontoaiheet ja ymp\u00e4rist\u00f6poliittiset palopuheet Greenpeacen asiantuntijoiden ja vaihtuvien vieraiden kanssa. Uusi jakso joka torstai.<\/p>\n\n\n\n<div class=\"wp-block-buttons is-layout-flex wp-block-buttons-is-layout-flex\"><\/div>\n<\/div><\/div>\n\n\n<h2 class=\"wp-block-heading\">Uusin jakso<\/h2>\n\n<p><strong>Viherpesu on vallank\u00e4ytt\u00f6\u00e4 ja dialogihuttua \u2013 meneek\u00f6 se l\u00e4pi?<\/strong><br>Syksyn viimeinen LTT kysyy, kuka ottaa iskut kun yrityksen vastuullisuusmarkkinointi paljastuu viherpesuksi &#8211; somevaikuttaja vai yritys? Miksi yritykset k\u00e4ytt\u00e4v\u00e4t valtavat rahat dialogiin, joka ei johda mihink\u00e4\u00e4n? Studiossa somevaikuttaja Jenni Rotonen ja v\u00e4it\u00f6skirjatutkija Otto Snellman, juontajana Juuso Janhunen.<\/p>\n\n<p>Kuuntele jakso:<br><strong><a href=\"https:\/\/open.spotify.com\/episode\/46vmYZRBxClGRpHDyuA1Fb?si=a477ce9c5abe4032\">Spotify<\/a><br><a href=\"https:\/\/podcasts.apple.com\/us\/podcast\/viherpesu-on-vallank%C3%A4ytt%C3%B6%C3%A4-ja-dialogihuttua-meneek%C3%B6\/id1596445621?i=1000638520195\">Apple Podcast<\/a><a href=\"https:\/\/podcasts.apple.com\/fi\/podcast\/ilmastokokous-alkaa-p%C3%A4%C3%A4st%C3%A4%C3%A4nk%C3%B6-fossiilisista-eroon\/id1596445621?i=1000637010998\"><br><\/a><a href=\"https:\/\/podcasts.google.com\/feed\/aHR0cHM6Ly9hbmNob3IuZm0vcy83NGQ3YmQxNC9wb2RjYXN0L3Jzcw\/episode\/MzYwNDBkNzUtOTY3Zi00MDZmLWFlYzktMjRhMjU0ZWJlMzNi?sa=X&amp;ved=0CAUQkfYCahcKEwio4JLcx46DAxUAAAAAHQAAAAAQCg\">Google Podcasts<\/a><\/strong><\/p>\n\n<figure class=\"wp-block-embed is-type-rich is-provider-spotify wp-block-embed-spotify wp-embed-aspect-21-9 wp-has-aspect-ratio\"><div class=\"wp-block-embed__wrapper\">\n<iframe title=\"Spotify Embed: Viherpesu on vallank\u00e4ytt\u00f6\u00e4 ja dialogihuttua \u2013 meneek\u00f6 se l\u00e4pi?\" style=\"border-radius: 12px\" width=\"100%\" height=\"152\" frameborder=\"0\" allowfullscreen allow=\"autoplay; clipboard-write; encrypted-media; fullscreen; picture-in-picture\" loading=\"lazy\" src=\"https:\/\/open.spotify.com\/embed\/episode\/46vmYZRBxClGRpHDyuA1Fb?si=JJawNELZR7iiBEWFDPFUkw&#038;utm_source=oembed\"><\/iframe>\n<\/div><\/figure>\n\n<p><strong>Ilmastokokous alkaa \u2013 P\u00e4\u00e4st\u00e4\u00e4nk\u00f6 fossiilisista eroon?<\/strong><br>YK:n ilmastokokous COP28 alkaa Arabiemiirikuntien Dubaissa. Tuleeko siit\u00e4 fossiilisten polttoaineiden joutsenlaulu ja mik\u00e4 on Suomen rooli kansainv\u00e4lisill\u00e4 ilmastoareenoilla nyt, kun hallituksessa istuu my\u00f6s ilmastotoimiin pense\u00e4sti suhtautuva puolue? Studiossa Greenpeacen kansainv\u00e4lisen ilmastokokousvaltuuskunnan johtaja Kaisa Kosonen ja Suomen luonnonsuojeluliiton ilmastoasiantuntija Hanna Aho.<\/p>\n\n<p>Kuuntele jakso:<br><strong><a href=\"https:\/\/open.spotify.com\/episode\/0oFLqjR7bXiEI87WLL8Qll?si=016b5dbe1aa943e8\">Spotify<\/a><br><a href=\"https:\/\/podcasts.apple.com\/fi\/podcast\/ilmastokokous-alkaa-p%C3%A4%C3%A4st%C3%A4%C3%A4nk%C3%B6-fossiilisista-eroon\/id1596445621?i=1000637010998\">Apple Podcast<br><\/a><a href=\"https:\/\/podcasts.google.com\/feed\/aHR0cHM6Ly9hbmNob3IuZm0vcy83NGQ3YmQxNC9wb2RjYXN0L3Jzcw\/episode\/ZGQxZDg1MGMtMTNhMi00MTE5LTllYWEtMWZlZjVhMDkwNWUy?sa=X&amp;ved=0CAUQkfYCahcKEwjIwPvC2eyCAxUAAAAAHQAAAAAQAQ\">Google Podcasts<\/a><\/strong><\/p>\n\n<figure class=\"wp-block-embed is-type-rich is-provider-spotify wp-block-embed-spotify wp-embed-aspect-21-9 wp-has-aspect-ratio\"><div class=\"wp-block-embed__wrapper\">\n<iframe title=\"Spotify Embed: Ilmastokokous alkaa \u2013 P\u00e4\u00e4st\u00e4\u00e4nk\u00f6 fossiilisista eroon?\" style=\"border-radius: 12px\" width=\"100%\" height=\"152\" frameborder=\"0\" allowfullscreen allow=\"autoplay; clipboard-write; encrypted-media; fullscreen; picture-in-picture\" loading=\"lazy\" src=\"https:\/\/open.spotify.com\/embed\/episode\/0oFLqjR7bXiEI87WLL8Qll?utm_source=oembed\"><\/iframe>\n<\/div><\/figure>\n\n<p><strong>Ly\u00f6d\u00e4\u00e4nk\u00f6 luonnonmetsien kriteerit l\u00e4skiksi?<br><\/strong>16.11.2023 &#8211; Satumetsi\u00e4 vai aitoa suojelua? Suomen luonnonmetsien kriteereit\u00e4 m\u00e4\u00e4ritet\u00e4\u00e4n juuri ty\u00f6ryhm\u00e4ss\u00e4, jonka ty\u00f6 on joutunut poliittisen ohjauksen kohteeksi. Mit\u00e4 tapahtuu luontokatotoimille ja luonnonmetsien suojelulle, jos Maa- ja Mets\u00e4talousministeri\u00f6 ja teollisuus saavat tahtonsa l\u00e4pi? Studiossa mets\u00e4asiantuntijat Oona K\u00e4yhk\u00f6 ja Matti Liimatainen. Haastattelijana Juuso Janhunen.<\/p>\n\n<p>Kuuntele jakso:<br><a href=\"https:\/\/open.spotify.com\/episode\/4GoIo6TixVg6nP7uecNAuG?si=IWet2iQMRfiCHAPXkKzjoQ\"><strong>Spotify<br><\/strong><\/a><a href=\"https:\/\/podcasts.apple.com\/fi\/podcast\/ly%C3%B6d%C3%A4%C3%A4nk%C3%B6-luonnonmetsien-kriteerit-l%C3%A4skiksi\/id1596445621?i=1000635764387\"><strong>Apple Podcast<br><\/strong><\/a><a href=\"https:\/\/podcasts.google.com\/feed\/aHR0cHM6Ly9hbmNob3IuZm0vcy83NGQ3YmQxNC9wb2RjYXN0L3Jzcw\/episode\/MjZhZTlmZDItNWFlNi00ODNlLTlkYTgtOTQ1MzYwZjlkMGZm?sa=X&amp;ved=0CAUQkfYCahcKEwjIwPvC2eyCAxUAAAAAHQAAAAAQAQ\"><strong>Google Podcasts<\/strong><\/a><\/p>\n\n<figure class=\"wp-block-embed is-type-rich is-provider-spotify wp-block-embed-spotify wp-embed-aspect-21-9 wp-has-aspect-ratio\"><div class=\"wp-block-embed__wrapper\">\n<iframe title=\"Spotify Embed: Ly\u00f6d\u00e4\u00e4nk\u00f6 luonnonmetsien kriteerit l\u00e4skiksi?\" style=\"border-radius: 12px\" width=\"100%\" height=\"152\" frameborder=\"0\" allowfullscreen allow=\"autoplay; clipboard-write; encrypted-media; fullscreen; picture-in-picture\" loading=\"lazy\" src=\"https:\/\/open.spotify.com\/embed\/episode\/4GoIo6TixVg6nP7uecNAuG?utm_source=oembed\"><\/iframe>\n<\/div><\/figure>\n\n<p><strong>H\u00f6m\u00f6tiaisen kohtalo kertoo metsien myllerryksest\u00e4 \u2013 kuinka Suomen mets\u00e4linnuilla menee?<br><\/strong>9.11.2023 &#8211; Viel\u00e4 1960-luvulla h\u00f6m\u00f6tiainen oli Suomen nelj\u00e4nneksi runsain lintulaji, mutta nyky\u00e4\u00e4n sen kannat ovat kutistuneet ja laji on eritt\u00e4in uhanalainen. Miten metsiemme linnuilla menee ja millaisia vaikutuksia avohakkuilla ja puuston nuorenemisella on lintuihin? Luonnon Tietotoimiston vieraana Birdlife Suomen suojeluasiantuntija Tero Toivanen.<\/p>\n\n<p>Kuuntele jakso:<br><strong><a href=\"https:\/\/open.spotify.com\/episode\/7aRQvnx2V2WM2F0xz8umJB?si=L9GObno0QpetbmhYeRNvww\">Spotify<\/a><br><a href=\"https:\/\/podcasts.apple.com\/fi\/podcast\/h%C3%B6m%C3%B6tiaisen-kohtalo-kertoo-metsien-myllerryksest%C3%A4-kuinka\/id1596445621?i=1000634230030\">Apple Podcast<br><\/a><a href=\"https:\/\/podcasts.google.com\/feed\/aHR0cHM6Ly9hbmNob3IuZm0vcy83NGQ3YmQxNC9wb2RjYXN0L3Jzcw\/episode\/Y2ExOGE0M2EtNTAyYS00ZWQ0LTk1ZjUtNzgxMzdkY2RmNGIz?sa=X&amp;ved=0CAUQkfYCahcKEwjonb602eyCAxUAAAAAHQAAAAAQNA\">Google Podcasts<\/a><\/strong><\/p>\n\n<figure class=\"wp-block-embed is-type-rich is-provider-spotify wp-block-embed-spotify wp-embed-aspect-21-9 wp-has-aspect-ratio\"><div class=\"wp-block-embed__wrapper\">\n<iframe title=\"Spotify Embed: H\u00f6m\u00f6tiaisen kohtalo kertoo metsien myllerryksest\u00e4 \u2013 kuinka Suomen mets\u00e4linnuilla menee?\" style=\"border-radius: 12px\" width=\"100%\" height=\"152\" frameborder=\"0\" allowfullscreen allow=\"autoplay; clipboard-write; encrypted-media; fullscreen; picture-in-picture\" loading=\"lazy\" src=\"https:\/\/open.spotify.com\/embed\/episode\/7aRQvnx2V2WM2F0xz8umJB?utm_source=oembed\"><\/iframe>\n<\/div><\/figure>\n\n<p><strong>Muotia metsist\u00e4 &#8211; kaatuvatko tekstiilikuidut luontokatoon?<\/strong><br>19.10.2023 &#8211; Mets\u00e4teollisuus on vuosia hehkuttanut tekstiili- ja muotialan selluinnovaatioita, joita ei kuitenkaan n\u00e4y kauppojen hyllyill\u00e4. Ovatko puuper\u00e4iset tekstiilit pelkk\u00e4\u00e4 viherpesua? Lis\u00e4\u00e4v\u00e4tk\u00f6 ne metsien k\u00e4ytt\u00f6\u00e4? Vieraana muotialan kriitikko ja somevaikuttaja, vastuullisuusjohtaja Outi Pyy.<\/p>\n\n<p>Kuuntele jakso:<br><strong><a rel=\"noreferrer noopener\" href=\"https:\/\/open.spotify.com\/episode\/0j8bSQTnKEwMlV6KxZP88w?si=qGu60VX_SM6U_XW4a8hWCQ\" target=\"_blank\">Spotify<\/a><\/strong><br><strong><a rel=\"noreferrer noopener\" href=\"https:\/\/podcasts.apple.com\/us\/podcast\/muotia-metsist%C3%A4-kaatuvatko-tekstiilikuidut-luontokatoon\/id1596445621?i=1000631828857\" target=\"_blank\">Apple Podcast<\/a><\/strong><br><a rel=\"noreferrer noopener\" href=\"https:\/\/podcasts.google.com\/feed\/aHR0cHM6Ly9hbmNob3IuZm0vcy83NGQ3YmQxNC9wb2RjYXN0L3Jzcw\/episode\/NWE0NGEzZTMtNzdmMC00ZGVjLThlNmItNjYwYmVmMzY2YzU4?sa=X&amp;ved=0CAUQkfYCahgKEwiozPa2y4GCAxUAAAAAHQAAAAAQrgE\" target=\"_blank\"><strong>Google Podcasts<\/strong><\/a><\/p>\n\n<figure class=\"wp-block-embed is-type-rich is-provider-spotify wp-block-embed-spotify wp-embed-aspect-21-9 wp-has-aspect-ratio\"><div class=\"wp-block-embed__wrapper\">\n<iframe title=\"Spotify Embed: Muotia metsist\u00e4 \u2013 kaatuvatko tekstiilikuidut luontokatoon?\" style=\"border-radius: 12px\" width=\"100%\" height=\"152\" frameborder=\"0\" allowfullscreen allow=\"autoplay; clipboard-write; encrypted-media; fullscreen; picture-in-picture\" loading=\"lazy\" src=\"https:\/\/open.spotify.com\/embed\/episode\/0j8bSQTnKEwMlV6KxZP88w?si=qGu60VX_SM6U_XW4a8hWCQ&#038;utm_source=oembed\"><\/iframe>\n<\/div><\/figure>\n\n<p><strong>Uusi sellutehdas ajaa pohjoisen mets\u00e4t ahtaalle<\/strong><br>5.10.2023 &#8211; Mets\u00e4yhti\u00f6t myyv\u00e4t, luonto maksaa? Kemin uusi biotuote eli sellutehdas, kiihdytt\u00e4\u00e4 puun kysynt\u00e4\u00e4 ja asettaa Mets\u00e4Groupin kest\u00e4vyyspuheet outoon valoon. Miten k\u00e4y luontokadon ja hiilinielujen korjaamisen kun sellukattila porisee? Lis\u00e4ksi kansainv\u00e4lisen mertensuojelusopimuksen viimeisimm\u00e4t k\u00e4\u00e4nteet. Studiossa Juuso Janhunen, mets\u00e4asiantuntija Matti Liimatainen ja meriasiantuntija Laura Meller.<\/p>\n\n<p>Kuuntele jakso:<br><strong><a rel=\"noreferrer noopener\" href=\"https:\/\/open.spotify.com\/episode\/2lDMyPA3uf3Ti3r174JtIw?si=BnpiCS0QSz2UpP_mNIeT3w\" target=\"_blank\">Spotify<\/a><\/strong><br><strong><a rel=\"noreferrer noopener\" href=\"https:\/\/podcasts.apple.com\/us\/podcast\/uusi-sellutehdas-ajaa-pohjoisen-mets%C3%A4t-ahtaalle\/id1596445621?i=1000630267055\" target=\"_blank\">Apple Podcast<\/a><\/strong><br><a rel=\"noreferrer noopener\" href=\"https:\/\/podcasts.google.com\/feed\/aHR0cHM6Ly9hbmNob3IuZm0vcy83NGQ3YmQxNC9wb2RjYXN0L3Jzcw\/episode\/MmUzMDFlYTItODhlNC00ZmMyLWE0YmMtNGY0YThlODU1ZjY5?sa=X&amp;ved=0CAgQuIEEahcKEwiozPa2y4GCAxUAAAAAHQAAAAAQLA\" target=\"_blank\"><strong>Google Podcasts<\/strong><\/a><br><\/p>\n\n<figure class=\"wp-block-embed is-type-rich is-provider-spotify wp-block-embed-spotify wp-embed-aspect-21-9 wp-has-aspect-ratio\"><div class=\"wp-block-embed__wrapper\">\n<iframe title=\"Spotify Embed: Uusi sellutehdas ajaa pohjoisen mets\u00e4t ahtaalle\" style=\"border-radius: 12px\" width=\"100%\" height=\"152\" frameborder=\"0\" allowfullscreen allow=\"autoplay; clipboard-write; encrypted-media; fullscreen; picture-in-picture\" loading=\"lazy\" src=\"https:\/\/open.spotify.com\/embed\/episode\/2lDMyPA3uf3Ti3r174JtIw?si=_5Hp-xB4TpOOxjxHJZP1Mw&#038;utm_source=oembed\"><\/iframe>\n<\/div><\/figure>\n\n<p><strong>Bensankatkuinen budjettiriih<\/strong>i<br>21.9.2023 &#8211; LTT on palannut! Uuden kauden alkajaisiksi arvioimme hallituksen budjettisopua luonnon ja ilmaston n\u00e4k\u00f6kulmasta: miten k\u00e4vi luonnon ja ilmaston, kun p\u00e4\u00e4tt\u00e4j\u00e4t keskittyv\u00e4t symbolisiin bensap\u00e4\u00e4t\u00f6ksiin? Teemme my\u00f6s pikakatsauksen Rokansaaren metsien suojelukampanjaan ja \u00c4\u00e4nekosken sellutehtaalle. Studiossa viestint\u00e4asiantuntija Juuso Janhunen, Greenpeacen maajohtaja Touko Sipil\u00e4inen ja mets\u00e4asiantuntija Oona K\u00e4yhk\u00f6.<\/p>\n\n<p>Kuuntele jakso:<br><strong><a href=\"https:\/\/open.spotify.com\/episode\/4WCIQfBtIzlHmSLLIwOvRh?si=azYlPyr1QfSVqFVzajHlsw\" target=\"_blank\" rel=\"noreferrer noopener\">Spotify<\/a><\/strong><br><strong><a href=\"https:\/\/podcasts.apple.com\/us\/podcast\/bensankatkuinen-budjettiriihi-miten-k%C3%A4vi-luonnon\/id1596445621?i=1000628699925\" target=\"_blank\" rel=\"noreferrer noopener\">Apple Podcast<\/a><\/strong><br><strong><a href=\"https:\/\/podcasts.google.com\/?feed=aHR0cHM6Ly9hbmNob3IuZm0vcy83NGQ3YmQxNC9wb2RjYXN0L3Jzcw%3D%3D&amp;episode=M2Y5NGE0NWUtNTM3MC00ZGNjLTlmMmQtMDQzMjlkY2NhMDMy\" target=\"_blank\" rel=\"noreferrer noopener\">Google Podcasts<\/a><\/strong><\/p>\n\n<figure class=\"wp-block-embed is-type-rich is-provider-spotify wp-block-embed-spotify wp-embed-aspect-21-9 wp-has-aspect-ratio\"><div class=\"wp-block-embed__wrapper\">\n<iframe title=\"Spotify Embed: Bensankatkuinen budjettiriihi \u2013 miten k\u00e4vi luonnon?\" style=\"border-radius: 12px\" width=\"100%\" height=\"152\" frameborder=\"0\" allowfullscreen allow=\"autoplay; clipboard-write; encrypted-media; fullscreen; picture-in-picture\" loading=\"lazy\" src=\"https:\/\/open.spotify.com\/embed\/episode\/4WCIQfBtIzlHmSLLIwOvRh?si=wwqv36yRSmShBIx4huhlXQ&#038;utm_source=oembed\"><\/iframe>\n<\/div><\/figure>\n\n<p><strong>Valta vaihtuu, miten k\u00e4y luonto- ja ilmastotoimien?<\/strong><br>6.4.2023 &#8211; Vaalit on k\u00e4yty, ja valta vaihtuu. Luonnon Tietotoimistossa pohditaan, miksi puhe vihre\u00e4st\u00e4 siirtym\u00e4st\u00e4 ja kest\u00e4v\u00e4mm\u00e4st\u00e4 huomisesta ei k\u00e4\u00e4nny \u00e4\u00e4niksi? K\u00e4visik\u00f6 seuraavalle hallitukselle tiedepohjainen tulevaisuuden suunnittelu? Studiossa tutkimusyksikk\u00f6 BIOSin Paavo J\u00e4rvensivu ja Greenpeacen Pohjoismaiden ohjelmajohtaja Sini Harkki. Hallitusneuvottelujen kiemuroita avaa maajohtajamme Touko Sipil\u00e4inen.<\/p>\n\n<figure class=\"wp-block-embed is-type-rich is-provider-spotify wp-block-embed-spotify wp-embed-aspect-21-9 wp-has-aspect-ratio\"><div class=\"wp-block-embed__wrapper\">\n<iframe title=\"Spotify Embed: Valta vaihtuu, miten k\u00e4y luonto- ja ilmastotoimien?\" style=\"border-radius: 12px\" width=\"100%\" height=\"152\" frameborder=\"0\" allowfullscreen allow=\"autoplay; clipboard-write; encrypted-media; fullscreen; picture-in-picture\" loading=\"lazy\" src=\"https:\/\/open.spotify.com\/embed\/episode\/7F47kbfeDa57NEIz6P0Nn0?si=YgALzIt9RnCEm977NgXRaw&#038;utm_source=oembed\"><\/iframe>\n<\/div><\/figure>\n\n<p>Kuuntele kahdeksas jakso:<br><strong><a rel=\"noreferrer noopener\" href=\"https:\/\/open.spotify.com\/episode\/7oMYEvYiU9AgKv0p00LZsG\" target=\"_blank\">Spotify<\/a><\/strong><br><a rel=\"noreferrer noopener\" href=\"https:\/\/podcasts.apple.com\/us\/podcast\/valta-vaihtuu-miten-k%C3%A4y-luonto-ja-ilmastotoimien\/id1596445621?i=1000607609096\" target=\"_blank\"><strong>Apple Podcast<\/strong><\/a><br><strong><a rel=\"noreferrer noopener\" href=\"https:\/\/cms.megaphone.fm\/channel\/JKSO4100014446?selected=JKSO5930000957\" target=\"_blank\">Megaphone<\/a><\/strong><\/p>\n\n<p><strong>Vaaliviikko! Onko k\u00e4rkikolmikon luontosuhde kunnossa?<br><\/strong>30.3.2023 &#8211; Vaalip\u00e4iv\u00e4 l\u00e4hestyy! Onko SDP:ll\u00e4 ev\u00e4it\u00e4 lunastaa vaalimainontansa vihre\u00e4t lupaukset? Voiko luonto voittaa kokoomuksen, perussuomalaisten ja SDP:n kisassa ja miksi Suomen ilmastotavoitteet ovat kuumaa valuuttaa maailmalla? Vaaliviikon analyysin suorittavat studiossa Greenpeacen maajohtaja Touko Sipil\u00e4inen ja ilmasto- ja energia-asiantuntija Kaisa Kosonen.<\/p>\n\n<figure class=\"wp-block-embed is-type-rich is-provider-spotify wp-block-embed-spotify wp-embed-aspect-21-9 wp-has-aspect-ratio\"><div class=\"wp-block-embed__wrapper\">\n<iframe title=\"Spotify Embed: Vaaliviikko! Onko k\u00e4rkikolmikon luontosuhde kunnossa?\" style=\"border-radius: 12px\" width=\"100%\" height=\"152\" frameborder=\"0\" allowfullscreen allow=\"autoplay; clipboard-write; encrypted-media; fullscreen; picture-in-picture\" loading=\"lazy\" src=\"https:\/\/open.spotify.com\/embed\/episode\/5rvU63aGpZtj2asBH5bZGv?si=NVlRZMPtQCKj0vewJ0Cy0g&#038;utm_source=oembed\"><\/iframe>\n<\/div><\/figure>\n\n<p>Kuuntele seitsem\u00e4s jakso:<br><strong><a rel=\"noreferrer noopener\" href=\"https:\/\/open.spotify.com\/episode\/7I6JdZwTGHgnX5iIZqwfBH?si=MdqSpi6ST-yOBRI82NXBxA\" data-type=\"URL\" target=\"_blank\">Spotify<\/a><\/strong><br><strong><a href=\"https:\/\/podcasts.apple.com\/us\/podcast\/vaaliviikko-onko-k%C3%A4rkikolmikon-luontosuhde-kunnossa\/id1596445621?i=1000606514718\">Apple Podcast<\/a><br><a rel=\"noreferrer noopener\" href=\"https:\/\/cms.megaphone.fm\/channel\/JKSO4100014446?selected=JKSO5930000957\" data-type=\"URL\" target=\"_blank\">Megaphone<\/a><\/strong><\/p>\n\n<p><strong>Bambuharjalla ilmastokriisin kimppuun?<br><\/strong>23.3.2023 &#8211; Luonnon tietotoimisto sukeltaa t\u00e4ll\u00e4 viikolla ilmastoraportin tilannekuvaan: keinoja ilmastokriisin ehk\u00e4isemiseen on, mutta miss\u00e4 asennossa yritysmaailma on ilmaston suhteen, mit\u00e4 p\u00e4\u00e4st\u00f6jen hyvitt\u00e4minen todella on ja miksi viherpesu huvittaa? N\u00e4ist\u00e4 teemoista keskustelemassa Compensaten Niklas Kaskeala.<\/p>\n\n<figure class=\"wp-block-embed is-type-rich is-provider-spotify wp-block-embed-spotify wp-embed-aspect-21-9 wp-has-aspect-ratio\"><div class=\"wp-block-embed__wrapper\">\n<iframe title=\"Spotify Embed: Bambuhammasharjalla ilmastokriisin kimppuun?\" style=\"border-radius: 12px\" width=\"100%\" height=\"152\" frameborder=\"0\" allowfullscreen allow=\"autoplay; clipboard-write; encrypted-media; fullscreen; picture-in-picture\" loading=\"lazy\" src=\"https:\/\/open.spotify.com\/embed\/episode\/63FedlPMLT3agFlQ5dXgXh?si=wqJt3NxwSD69dU1oVVUjsg&#038;utm_source=oembed\"><\/iframe>\n<\/div><\/figure>\n\n<p>Kuuntele kuudes jakso:<br><a rel=\"noreferrer noopener\" href=\"https:\/\/open.spotify.com\/episode\/71s2fgql7F7Am88JHX7BQN?si=aM3QLKSXTi6PuN58zy5d9Q\" data-type=\"URL\" data-id=\"https:\/\/open.spotify.com\/episode\/71s2fgql7F7Am88JHX7BQN?si=aM3QLKSXTi6PuN58zy5d9Q\" target=\"_blank\"><strong>Spotify<\/strong><\/a><br><strong><a href=\"https:\/\/t.co\/764Z6hlVPu\">Apple Podcast<\/a><br><a href=\"https:\/\/t.co\/k7aEcoW9bJ\" data-type=\"URL\" data-id=\"https:\/\/t.co\/k7aEcoW9bJ\" target=\"_blank\" rel=\"noreferrer noopener\">Megaphone<\/a><\/strong><\/p>\n\n<p><strong>Mets\u00e4hallituksen olkiukko, sertifikaatit ja iloisia uutisia!<br><\/strong>15.3.2023 &#8211; Mets\u00e4hallitus \u00e4ityi somessa julistamaan mets\u00e4talouden loppua valtion mailla \u2013 mit\u00e4 kummaa? Puhumme my\u00f6s mets\u00e4alan sertifikaattien k\u00e4m\u00e4isyydest\u00e4 ja juhlistamme mertensuojelusopimusta! Studiossa mets\u00e4liikkeen aktivisti Ida Korhonen ja mets\u00e4asiantuntijamme Matti Liimatainen, sek\u00e4 iloisten meriuutisten l\u00e4hettil\u00e4s, Laura Meller.<\/p>\n\n<figure class=\"wp-block-embed is-type-rich is-provider-spotify wp-block-embed-spotify wp-embed-aspect-21-9 wp-has-aspect-ratio\"><div class=\"wp-block-embed__wrapper\">\n<iframe title=\"Spotify Embed: Mets\u00e4hallituksen olkiukko, sertifikaatit ja iloisia uutisia!\" style=\"border-radius: 12px\" width=\"100%\" height=\"152\" frameborder=\"0\" allowfullscreen allow=\"autoplay; clipboard-write; encrypted-media; fullscreen; picture-in-picture\" loading=\"lazy\" src=\"https:\/\/open.spotify.com\/embed\/episode\/1hxwsklUui8JOytqYGrZI9?si=7rpvfxJyS1W0cjoVNRwVqQ&#038;utm_source=oembed\"><\/iframe>\n<\/div><\/figure>\n\n<p>Kuuntele viides jakso:<br><strong><a href=\"https:\/\/open.spotify.com\/episode\/1hxwsklUui8JOytqYGrZI9?go=1&amp;sp_cid=5ea5da3f728be5309ab070bab342cac9&amp;utm_source=embed_player_p&amp;utm_medium=desktop\">Spotify<\/a><br><a href=\"https:\/\/t.co\/fwkbrvnE9C\">Apple Podcast<\/a><\/strong><a href=\"https:\/\/podcasts.apple.com\/fi\/podcast\/vaalit-tulee-kest%C3%A4%C3%A4k%C3%B6-luonto\/id1596445621?i=1000599844957&amp;l=fi\"><strong><br><\/strong><\/a><strong><a href=\"https:\/\/t.co\/VMt5Dm8JAQ\">Megaphone<\/a><\/strong><\/p>\n\n<p><strong>Leikkauspuheista luontomarssille &#8211; nyt tarvitaan \u00e4\u00e4nt\u00e4!<br><\/strong>8.3.2023 &#8211; Kun leikkauslistoja vilautellaan, on aika l\u00e4hte\u00e4 luontomarssille! T\u00e4m\u00e4n viikon Luonnon tietotoimistossa aiheena suojelurahat, puolueiden luontokatokannat ja kansalaisaktivismi. Studiossa vieraina Sini Harkki ja Touko Sipil\u00e4inen.<\/p>\n\n<figure class=\"wp-block-embed is-type-rich is-provider-spotify wp-block-embed-spotify wp-embed-aspect-21-9 wp-has-aspect-ratio\"><div class=\"wp-block-embed__wrapper\">\n<iframe title=\"Spotify Embed: Leikkauspuheista luontomarssille \u2013 nyt tarvitaan \u00e4\u00e4nt\u00e4!\" style=\"border-radius: 12px\" width=\"100%\" height=\"152\" frameborder=\"0\" allowfullscreen allow=\"autoplay; clipboard-write; encrypted-media; fullscreen; picture-in-picture\" loading=\"lazy\" src=\"https:\/\/open.spotify.com\/embed\/episode\/5Uyxp1AozUW9AzviK1lDIt?si=Wfq_lBqXQRuzhuAvKVu9-g&#038;utm_source=oembed\"><\/iframe>\n<\/div><\/figure>\n\n<p>Kuuntele nelj\u00e4s jakso:<br><strong><a href=\"https:\/\/open.spotify.com\/episode\/5Uyxp1AozUW9AzviK1lDIt?si=Wfq_lBqXQRuzhuAvKVu9-g\">Spotify<\/a><br><a href=\"https:\/\/podcasts.apple.com\/us\/podcast\/leikkauspuheista-luontomarssille-nyt-tarvitaan-%C3%A4%C3%A4nt%C3%A4\/id1596445621?i=1000603365066\">Apple Podcast<\/a><\/strong><a href=\"https:\/\/podcasts.apple.com\/fi\/podcast\/vaalit-tulee-kest%C3%A4%C3%A4k%C3%B6-luonto\/id1596445621?i=1000599844957&amp;l=fi\"><strong><br><\/strong><\/a><strong><a href=\"https:\/\/cms.megaphone.fm\/channel\/JKSO4100014446?selected=JKSO5798996849\">Megaphone<\/a><\/strong><\/p>\n\n<p><strong>Ilmasto-oikeus, Ven\u00e4j\u00e4 ja fossiilisten vienti<br><\/strong>2.3.2023 &#8211; Sota Ukrainassa on jatkunut jo vuoden, mutta ven\u00e4l\u00e4inen kaasu virtaa silti Eurooppaan. Sit\u00e4 rahtaa my\u00f6s valtionyhti\u00f6mme Gasum. Ilmastoasiantuntijamme Olli Tiainen kertaa sotaa rahoittavan fossiilikaupan vaiheita. Studiossa my\u00f6s Suomen ensimm\u00e4isen ilmasto-oikeudenk\u00e4ynnit kuulumiset. <\/p>\n\n<figure class=\"wp-block-embed is-type-rich is-provider-spotify wp-block-embed-spotify wp-embed-aspect-21-9 wp-has-aspect-ratio\"><div class=\"wp-block-embed__wrapper\">\n<iframe title=\"Spotify Embed: Ilmasto-oikeus, Ven\u00e4j\u00e4 ja fossiilisten vienti\" style=\"border-radius: 12px\" width=\"100%\" height=\"152\" frameborder=\"0\" allowfullscreen allow=\"autoplay; clipboard-write; encrypted-media; fullscreen; picture-in-picture\" loading=\"lazy\" src=\"https:\/\/open.spotify.com\/embed\/episode\/3kFvgTQPcQfhh0w0FhBV8y?si=CfvxulqvSdmbPBv0D4HKqA&#038;utm_source=oembed\"><\/iframe>\n<\/div><\/figure>\n\n<p>Kuuntele kolmas jakso:<br><span style=\"text-decoration: underline;\"><strong><a href=\"https:\/\/open.spotify.com\/episode\/5DCONtvLMLo8fas34OjMML?si=f86853467563418f\">Spotify<\/a><br><a href=\"https:\/\/act.gp\/LTT-spotify\">Apple Podcast<\/a><\/strong><\/span><a href=\"https:\/\/podcasts.apple.com\/fi\/podcast\/vaalit-tulee-kest%C3%A4%C3%A4k%C3%B6-luonto\/id1596445621?i=1000599844957&amp;l=fi\"><span style=\"text-decoration: underline;\"><strong><br><\/strong><\/span><\/a><span style=\"text-decoration: underline;\"><strong><a href=\"https:\/\/act.gp\/LTT-megaphone\">Megaphone<\/a><\/strong><\/span><br><br><strong>Seuraava jakso tulossa torstaina 9. maaliskuuta<\/strong><\/p>\n\n<p><strong>Suojelevatko poliitikot valtion mets\u00e4t ja maailman meret?<br><\/strong>23.2.2023 &#8211; Puolueet ovat v\u00e4l\u00e4ytelleet vaalitenteiss\u00e4 valtion metsien suojelua ja Mets\u00e4hallituksen tulostavoitteen alentamista. Miten pitk\u00e4lle n\u00e4ill\u00e4 toimilla p\u00e4\u00e4st\u00e4\u00e4n, kun luontokatoa on torjuttava entist\u00e4 rivakammin? Ent\u00e4 miten etenee maailmanlaajuinen mertensuojelusopimus? Studiossa Greenpeacen maajohtaja Touko Sipil\u00e4inen, mets\u00e4asiantuntija Matti Liimatainen, ja terveiset my\u00f6s meriasiantuntija Laura Mellerilt\u00e4.<\/p>\n\n<figure class=\"wp-block-embed is-type-rich is-provider-spotify wp-block-embed-spotify wp-embed-aspect-21-9 wp-has-aspect-ratio\"><div class=\"wp-block-embed__wrapper\">\n<iframe title=\"Spotify Embed: Suojelevatko poliitikot valtion mets\u00e4t ja maailman meret?\" style=\"border-radius: 12px\" width=\"100%\" height=\"152\" frameborder=\"0\" allowfullscreen allow=\"autoplay; clipboard-write; encrypted-media; fullscreen; picture-in-picture\" loading=\"lazy\" src=\"https:\/\/open.spotify.com\/embed\/episode\/07MLwPbKwJEYcC8toCkH1Z?si=ejJocL-vRFm7CKIdYOi6cg&#038;utm_source=oembed\"><\/iframe>\n<\/div><\/figure>\n\n<p>Kuuntele toinen jakso:<br><span style=\"text-decoration: underline;\"><strong><a href=\"https:\/\/open.spotify.com\/episode\/2aLotaU4dXwuFZbK3nB7Fd?si=0088cda1d3f2461a\">Spotify<\/a><br><\/strong><\/span><a href=\"https:\/\/podcasts.apple.com\/fi\/podcast\/vaalit-tulee-kest%C3%A4%C3%A4k%C3%B6-luonto\/id1596445621?i=1000599844957&amp;l=fi\"><span style=\"text-decoration: underline;\"><strong>Apple Podcast<br><\/strong><\/span><\/a><a href=\"https:\/\/dcs.megaphone.fm\/JKSO3895796926.mp3?key=34c1a1ca3525a63440f5ea51915569ce&amp;request_event_id=fdc062c0-5608-4d1b-bff9-c753b02e5945\"><span style=\"text-decoration: underline;\"><strong>Megaphone<\/strong><\/span><\/a><\/p>\n\n<p><strong>Seuraava jakso tulossa torstaina 2. maaliskuuta<\/strong><\/p>\n\n<p><strong>Vaalit tulee, kest\u00e4\u00e4k\u00f6 luonto?<br><\/strong>16.2.2023 &#8211; Luonnon tietotoimiston ensimm\u00e4isess\u00e4 jaksossa sukelletaan vaalikev\u00e4\u00e4n kuumiin teemoihin. Miten puolueiden luontokannat osuvat yksiin? Onko gallup-johtaja kokoomuksen mets\u00e4paketti lev\u00e4ll\u00e4\u00e4n? Studiossa Greenpeacen maajohtaja Touko Sipil\u00e4inen ja ilmasto- ja energia-asiantuntija Kaisa Kosonen, juontajana viestint\u00e4asiantuntija Juuso Janhunen.<\/p>\n\n<figure class=\"wp-block-embed is-type-rich is-provider-spotify wp-block-embed-spotify wp-embed-aspect-21-9 wp-has-aspect-ratio\"><div class=\"wp-block-embed__wrapper\">\n<iframe title=\"Spotify Embed: Vaalit tulee, kest\u00e4\u00e4k\u00f6 luonto?\" style=\"border-radius: 12px\" width=\"100%\" height=\"152\" frameborder=\"0\" allowfullscreen allow=\"autoplay; clipboard-write; encrypted-media; fullscreen; picture-in-picture\" loading=\"lazy\" src=\"https:\/\/open.spotify.com\/embed\/episode\/49DR34hYB4p60UTIa9uf4C?si=pnfnQ_xMQV-fonwcIVysVA&#038;utm_source=oembed\"><\/iframe>\n<\/div><\/figure>\n\n<p>Kuuntele ensimm\u00e4inen jakso:<br><span style=\"text-decoration: underline;\"><strong><a href=\"https:\/\/open.spotify.com\/episode\/2aLotaU4dXwuFZbK3nB7Fd?si=0088cda1d3f2461a\">Spotify<\/a><br><\/strong><\/span><a href=\"https:\/\/podcasts.apple.com\/fi\/podcast\/vaalit-tulee-kest%C3%A4%C3%A4k%C3%B6-luonto\/id1596445621?i=1000599844957&amp;l=fi\"><span style=\"text-decoration: underline;\"><strong>Apple Podcast<br><\/strong><\/span><\/a><a href=\"https:\/\/dcs.megaphone.fm\/JKSO3895796926.mp3?key=34c1a1ca3525a63440f5ea51915569ce&amp;request_event_id=fdc062c0-5608-4d1b-bff9-c753b02e5945\"><span style=\"text-decoration: underline;\"><strong>Megaphone<\/strong><\/span><\/a><\/p>\n\n<p><strong>Seuraava jakso tulossa torstaina 23. helmikuuta<\/strong><\/p>\n\n<hr class=\"wp-block-separator has-alpha-channel-opacity is-style-wide\"\/>\n\n\n<div class=\"wp-block-media-text alignwide is-stacked-on-mobile\"><figure class=\"wp-block-media-text__media\"><img loading=\"lazy\" decoding=\"async\" width=\"1024\" height=\"1024\" src=\"https:\/\/www.greenpeace.org\/static\/planet4-finland-stateless\/2023\/02\/e85de601-metsapodi_kansi-1024x1024.jpg\" alt=\"\" sizes=\"auto, (min-width: 1600px) calc((1320px - 24px) \/ 2),(min-width: 1200px) calc((1140px - 24px) \/ 2),(min-width: 992px) calc((960px - 24px) \/ 2),(min-width: 768px) calc((720px - 24px) \/ 2),(min-width: 601px) calc((540px - 24px) \/ 2),(min-width: 577px) calc((540px - 24px) \/ 1), calc(100vw - 24px)\" srcset=\"https:\/\/www.greenpeace.org\/static\/planet4-finland-stateless\/2023\/02\/e85de601-metsapodi_kansi.jpg 1080w, https:\/\/www.greenpeace.org\/static\/planet4-finland-stateless\/2023\/02\/e85de601-metsapodi_kansi-300x300.jpg 300w, https:\/\/www.greenpeace.org\/static\/planet4-finland-stateless\/2023\/02\/e85de601-metsapodi_kansi-1024x1024.jpg 1024w, https:\/\/www.greenpeace.org\/static\/planet4-finland-stateless\/2023\/02\/e85de601-metsapodi_kansi-150x150.jpg 150w, https:\/\/www.greenpeace.org\/static\/planet4-finland-stateless\/2023\/02\/e85de601-metsapodi_kansi-768x768.jpg 768w, https:\/\/www.greenpeace.org\/static\/planet4-finland-stateless\/2023\/02\/e85de601-metsapodi_kansi-340x340.jpg 340w\" class=\"wp-image-53272 size-full\"\/><\/figure><div class=\"wp-block-media-text__content\">\n<h2 class=\"wp-block-heading\">Mets\u00e4podi<\/h2>\n\n\n\n<p>Mets\u00e4podissa sukelletaan Suomen metsien suojeluun ja tutustutaan luonnon monimuotoisuuden puolustajiin.<\/p>\n\n\n\n<div class=\"wp-block-buttons is-layout-flex wp-block-buttons-is-layout-flex\"><\/div>\n<\/div><\/div>\n\n\n<h2 class=\"wp-block-heading\">Mets\u00e4podin jaksot<\/h2>\n\n<p><strong>Mets\u00e4podi #4: Kartoittajat<\/strong><br>T\u00e4ll\u00e4 kertaa menemme mets\u00e4\u00e4n. Siell\u00e4 tapaamme luontokartoittajan, joka etsii valtion mailta suojelemisen arvoisia luonnonmetsi\u00e4. Suomen Mets\u00e4hallitus ei aktiivisesti kartoita yhteisist\u00e4 metsist\u00e4mme suojelukohteita, joten ty\u00f6 j\u00e4\u00e4 vapaaehtoisille. Miksi n\u00e4in on? T\u00e4m\u00e4 on Mets\u00e4podin toistaiseksi viimeinen osa, jos pidit kuulemastasi, jaa se kavereillesi.<\/p>\n\n<figure class=\"wp-block-embed is-type-rich is-provider-spotify wp-block-embed-spotify wp-embed-aspect-21-9 wp-has-aspect-ratio\"><div class=\"wp-block-embed__wrapper\">\n<iframe title=\"Spotify Embed: 4: Kartoittajat\" style=\"border-radius: 12px\" width=\"100%\" height=\"152\" frameborder=\"0\" allowfullscreen allow=\"autoplay; clipboard-write; encrypted-media; fullscreen; picture-in-picture\" loading=\"lazy\" src=\"https:\/\/open.spotify.com\/embed\/episode\/4LrqXpLbVkhHxRoczQGtQq?utm_source=oembed\"><\/iframe>\n<\/div><\/figure>\n\n<p><strong>Mets\u00e4podi #3: Aktivismi<\/strong><br>Suomalainen mets\u00e4aktivismi on viimeisen nelj\u00e4nkymmenen vuoden aikana onnistunut suojelemaan valtavia mets\u00e4alueita ja mittaamattoman arvokasta luontoa. Se on vaatinut kovaa ty\u00f6t\u00e4, paksua nahkaa ja mielikuvitusta. Millaista on laittaa itsens\u00e4 likoon \u2013 jopa hengenvaaraan \u2013 metsien puolesta?<\/p>\n\n<figure class=\"wp-block-embed is-type-rich is-provider-spotify wp-block-embed-spotify wp-embed-aspect-21-9 wp-has-aspect-ratio\"><div class=\"wp-block-embed__wrapper\">\n<iframe title=\"Spotify Embed: 3: Aktivismi\" style=\"border-radius: 12px\" width=\"100%\" height=\"152\" frameborder=\"0\" allowfullscreen allow=\"autoplay; clipboard-write; encrypted-media; fullscreen; picture-in-picture\" loading=\"lazy\" src=\"https:\/\/open.spotify.com\/embed\/episode\/5JlIJMNB3fqKHcBBHbZR7T?utm_source=oembed\"><\/iframe>\n<\/div><\/figure>\n\n<p><strong>Mets\u00e4podi #2: Mets\u00e4teollisuuden j\u00e4ljet<\/strong><br>Luontokato kiihtyy ja monimuotoisuus kapenee. Miten t\u00e4h\u00e4n tultiin? T\u00e4ss\u00e4 jaksossa mets\u00e4teollisuuden historiaa ja muutoksen hitautta. Samalla selvi\u00e4\u00e4, mit\u00e4 ovat aihkit ja miksi ne ovat niin mahtavia. Mukana Helsingin Yliopiston mets\u00e4nhoitotieteen yliopistolehtori, dosentti Timo Kuuluvainen.<\/p>\n\n<figure class=\"wp-block-embed is-type-rich is-provider-spotify wp-block-embed-spotify wp-embed-aspect-21-9 wp-has-aspect-ratio\"><div class=\"wp-block-embed__wrapper\">\n<iframe title=\"Spotify Embed: 2: Mets\u00e4teollisuuden j\u00e4ljet\" style=\"border-radius: 12px\" width=\"100%\" height=\"152\" frameborder=\"0\" allowfullscreen allow=\"autoplay; clipboard-write; encrypted-media; fullscreen; picture-in-picture\" loading=\"lazy\" src=\"https:\/\/open.spotify.com\/embed\/episode\/04uHDk6eZUwNZBsPbzu6Xy?utm_source=oembed\"><\/iframe>\n<\/div><\/figure>\n\n<p><strong>Mets\u00e4podi #1: Monimuotoisuus<\/strong><br>Luontokato kiihtyy ja monimuotoisuus kapenee. Miten t\u00e4h\u00e4n tultiin? T\u00e4ss\u00e4 jaksossa mets\u00e4teollisuuden historiaa ja muutoksen hitautta. Samalla selvi\u00e4\u00e4, mit\u00e4 ovat aihkit ja miksi ne ovat niin mahtavia. Mukana Helsingin Yliopiston mets\u00e4nhoitotieteen yliopistolehtori, dosentti Timo Kuuluvainen.<\/p>\n\n<figure class=\"wp-block-embed is-type-rich is-provider-spotify wp-block-embed-spotify wp-embed-aspect-21-9 wp-has-aspect-ratio\"><div class=\"wp-block-embed__wrapper\">\n<iframe title=\"Spotify Embed: 1: Monimuotoisuus\" style=\"border-radius: 12px\" width=\"100%\" height=\"152\" frameborder=\"0\" allowfullscreen allow=\"autoplay; clipboard-write; encrypted-media; fullscreen; picture-in-picture\" loading=\"lazy\" src=\"https:\/\/open.spotify.com\/embed\/episode\/1Bm0oyLzFN0zQouDizKbLw?utm_source=oembed\"><\/iframe>\n<\/div><\/figure>\n","protected":false},"excerpt":{"rendered":"<p>Kuuntele t\u00e4\u00e4lt\u00e4 Greenpeacen podcastit! Greenpeacen uusi podcast Luonnon tietotoimisto on nyt ulkona. Ota kuunteluun.<\/p>\n","protected":false},"author":23,"featured_media":53275,"parent":9,"menu_order":0,"comment_status":"closed","ping_status":"closed","template":"page-templates\/evergreen.php","meta":{"_improvement_type_select":"improve_an_existing","_thumb_yes_seoaic":false,"_frame_yes_seoaic":false,"seoaic_generate_description":"","seoaic_improve_instructions_prompt":"","seoaic_rollback_content_improvement":"","seoaic_idea_thumbnail_generator":"","thumbnail_generated":false,"thumbnail_generate_prompt":"","seoaic_article_description":"","ep_exclude_from_search":false,"p4_hide_page_title_checkbox":"","p4_title":"","p4_subtitle":"","p4_description":"","background_image_id":"","background_image":"","p4_button_title":"","p4_button_link":"","p4_button_link_checkbox":"","p4_og_title":"Greenpeace podcastit","p4_og_description":"P\u00e4iv\u00e4n polttavat luontoaiheet ja ymp\u00e4rist\u00f6politiikan viimeisimm\u00e4t k\u00e4\u00e4nteet. Greenpeacen podcasteista saat ajankohtaista tietoa ja asiantuntijoidemme n\u00e4kemyksi\u00e4 niin Suomen kuin maailman luontotapahtumiin. Kuuntele ja jaa!","p4_og_image":"https:\/\/www.greenpeace.org\/static\/planet4-finland-stateless\/2023\/02\/afd4a65b-luonnon_tietotoimisto_kansikuva-scaled.jpg","p4_og_image_id":"53275","p4_seo_canonical_url":"","p4_campaign_name":"Local Campaign","p4_local_project":"Finnish Forests","p4_basket_name":"not set","p4_department":"","footnotes":""},"categories":[],"tags":[],"class_list":["post-53250","page","type-page","status-publish","has-post-thumbnail","hentry"],"_links":{"self":[{"href":"https:\/\/www.greenpeace.org\/finland\/wp-json\/wp\/v2\/pages\/53250","targetHints":{"allow":["GET"]}}],"collection":[{"href":"https:\/\/www.greenpeace.org\/finland\/wp-json\/wp\/v2\/pages"}],"about":[{"href":"https:\/\/www.greenpeace.org\/finland\/wp-json\/wp\/v2\/types\/page"}],"author":[{"embeddable":true,"href":"https:\/\/www.greenpeace.org\/finland\/wp-json\/wp\/v2\/users\/23"}],"replies":[{"embeddable":true,"href":"https:\/\/www.greenpeace.org\/finland\/wp-json\/wp\/v2\/comments?post=53250"}],"version-history":[{"count":20,"href":"https:\/\/www.greenpeace.org\/finland\/wp-json\/wp\/v2\/pages\/53250\/revisions"}],"predecessor-version":[{"id":60138,"href":"https:\/\/www.greenpeace.org\/finland\/wp-json\/wp\/v2\/pages\/53250\/revisions\/60138"}],"up":[{"embeddable":true,"href":"https:\/\/www.greenpeace.org\/finland\/wp-json\/wp\/v2\/pages\/9"}],"wp:featuredmedia":[{"embeddable":true,"href":"https:\/\/www.greenpeace.org\/finland\/wp-json\/wp\/v2\/media\/53275"}],"wp:attachment":[{"href":"https:\/\/www.greenpeace.org\/finland\/wp-json\/wp\/v2\/media?parent=53250"}],"wp:term":[{"taxonomy":"category","embeddable":true,"href":"https:\/\/www.greenpeace.org\/finland\/wp-json\/wp\/v2\/categories?post=53250"},{"taxonomy":"post_tag","embeddable":true,"href":"https:\/\/www.greenpeace.org\/finland\/wp-json\/wp\/v2\/tags?post=53250"}],"curies":[{"name":"wp","href":"https:\/\/api.w.org\/{rel}","templated":true}]}}