{"id":54842,"date":"2023-07-19T15:03:19","date_gmt":"2023-07-19T12:03:19","guid":{"rendered":"https:\/\/www.greenpeace.org\/finland\/?page_id=54842"},"modified":"2026-04-01T17:57:53","modified_gmt":"2026-04-01T14:57:53","slug":"civil-disobedience-what-it-is-and-how-we-use-it","status":"publish","type":"page","link":"https:\/\/www.greenpeace.org\/finland\/meista\/civil-disobedience-what-it-is-and-how-we-use-it\/","title":{"rendered":"Civil disobedience: What it is and how we use it"},"content":{"rendered":"\n<div class=\"wp-block-planet4-blocks-carousel-header\"><div data-hydrate=\"planet4-blocks\/carousel-header\" data-attributes=\"{&quot;carousel_autoplay&quot;:false,&quot;slides&quot;:[{&quot;image&quot;:55401,&quot;focal_points&quot;:{&quot;x&quot;:0.93,&quot;y&quot;:0.15},&quot;header&quot;:&quot;Civil disobedience&quot;,&quot;description&quot;:&quot;Civil Disobedience is part of Greenpeace\u2019s DNA. For more than 50 years, Greenpeace activists have been using peaceful tactics and Civil Disobedience to campaign against dirty corporations who are ruining the future for all of us. We are always peaceful and we always take personal responsibility for our actions.&quot;,&quot;link_text&quot;:&quot;Join us&quot;,&quot;link_url&quot;:&quot;https:\/\/greenpeace.community\/page\/introduction-to-civil-disobedience&quot;,&quot;link_url_new_tab&quot;:true,&quot;image_url&quot;:&quot;https:\/\/www.greenpeace.org\/static\/planet4-sweden-stateless\/2023\/02\/ff64498d-09_topten_gp1sx8x8.jpg&quot;,&quot;image_srcset&quot;:&quot;https:\/\/www.greenpeace.org\/static\/planet4-sweden-stateless\/2023\/02\/ff64498d-09_topten_gp1sx8x8-150x150.jpg 150w,https:\/\/www.greenpeace.org\/static\/planet4-sweden-stateless\/2023\/02\/ff64498d-09_topten_gp1sx8x8-300x169.jpg 300w,https:\/\/www.greenpeace.org\/static\/planet4-sweden-stateless\/2023\/02\/ff64498d-09_topten_gp1sx8x8-510x287.jpg 510w,https:\/\/www.greenpeace.org\/static\/planet4-sweden-stateless\/2023\/02\/ff64498d-09_topten_gp1sx8x8.jpg 800w&quot;}],&quot;currentImageIndex&quot;:0}\"><section class=\"block block-header alignfull carousel-header \"><div class=\"carousel-wrapper-header\"><div class=\"carousel-inner\" role=\"listbox\"><div class=\"carousel-item active\"><div class=\"carousel-item-mask\"><div class=\"background-holder\"><img decoding=\"async\" src=\"https:\/\/www.greenpeace.org\/static\/planet4-sweden-stateless\/2023\/02\/ff64498d-09_topten_gp1sx8x8.jpg\" style=\"object-position:93% 15%\" srcSet=\"https:\/\/www.greenpeace.org\/static\/planet4-sweden-stateless\/2023\/02\/ff64498d-09_topten_gp1sx8x8-150x150.jpg 150w,https:\/\/www.greenpeace.org\/static\/planet4-sweden-stateless\/2023\/02\/ff64498d-09_topten_gp1sx8x8-300x169.jpg 300w,https:\/\/www.greenpeace.org\/static\/planet4-sweden-stateless\/2023\/02\/ff64498d-09_topten_gp1sx8x8-510x287.jpg 510w,https:\/\/www.greenpeace.org\/static\/planet4-sweden-stateless\/2023\/02\/ff64498d-09_topten_gp1sx8x8.jpg 800w\"\/><\/div><div class=\"carousel-caption\"><div class=\"caption-overlay\"><\/div><div class=\"container main-header\"><div class=\"carousel-captions-wrapper\"><h2>Civil disobedience<\/h2><p>Civil Disobedience is part of Greenpeace\u2019s DNA. For more than 50 years, Greenpeace activists have been using peaceful tactics and Civil Disobedience to campaign against dirty corporations who are ruining the future for all of us. We are always peaceful and we always take personal responsibility for our actions.<\/p><\/div><div class=\"col-xs-12 col-sm-8 col-md-4 action-button\"><a href=\"https:\/\/greenpeace.community\/page\/introduction-to-civil-disobedience\" class=\"btn btn-primary\" data-ga-category=\"Carousel Header\" data-ga-action=\"Call to Action\" rel=\"noreferrer noopener\" target=\"_blank\"><span>Join us<\/span><\/a><\/div><\/div><\/div><\/div><\/div><\/div><\/div><\/section><\/div><\/div>\n\n<p>\ud83c\uddeb\ud83c\uddee <a href=\"https:\/\/www.greenpeace.org\/finland\/toimi\/kansalaistottelemattomuus-mita-se-on-ja-miten-kaytamme-sita\/\" data-type=\"link\" data-id=\"https:\/\/www.greenpeace.org\/finland\/toimi\/kutsu-greenpeace-puhumaan\/\"><em>Read the page in Finnish here*<\/em><\/a><\/p>\n\n<p><strong>Many of us are feeling more and more desperate about our leaders&#8217; lack of action and denial of climate science. Our planet is cooking while emissions continue to rise. A million species are now at risk of extinction, and thousands have been lost before them. Our leaders\u2019 empty words will not save nature and our climate. We believe civil disobedience is an important tool to bring the change we so desperately need.&nbsp;<\/strong><\/p>\n\n<div style=\"height:30px\" aria-hidden=\"true\" class=\"wp-block-spacer\"><\/div>\n\n<h2 class=\"wp-block-heading\">What is civil disobedience and why do we do it?<\/h2>\n\n<p><strong>Civil disobedience i<\/strong>s a selfless and morally motivated act of breaking the law or social norms in order to prevent harm or create positive change for fellow human beings and society. Greenpeace uses civil disobedience because we believe, along with many others, that it is our moral duty to act to protect our planet, the only home we have.<\/p>\n\n<p>Our legal system is not always in line with our moral consciousness, what is legal is not always morally justifiable and what is illegal is sometimes morally justifiable. For example, the oil companies that drill for oil and make billions in profits knowing that it is escalating an already burning climate crisis where people, especially in the global south, are forced to flee their homes and houses due to drought, floods or other extreme weather. They may act legally, but it is not morally justifiable. In a democracy, it is important that citizens are independent thinking and acting individuals with their own moral compass, sometimes this means that we become disobedient citizens. <\/p>\n\n<p>Greenpeace uses civil disobedience as a last resort. Before we even consider direct action, we spend a lot of time gathering evidence, investigating the problem and finding solutions. We work to be constructive, we don&#8217;t just point the finger at the problems but also at the solutions that exist. Greenpeace&#8217;s thorough preparatory work means that we can confidently stand behind our actions.<\/p>\n\n<p><strong>Civil disobedience<\/strong> is a safety valve in a democratic society. The willingness of ordinary people to carry out civil disobedience to fight against unjust and nature-destroying companies and leaders shows how serious the issue is. Greenpeace activists are willing to take risks to stand up for the planet we all depend on.<\/p>\n\n<div style=\"height:30px\" aria-hidden=\"true\" class=\"wp-block-spacer\"><\/div>\n<div data-hydrate=\"planet4-blocks\/gallery\" data-attributes=\"{&quot;attributes&quot;:{&quot;gallery_block_title&quot;:&quot;What is it like to be an activist with Greenpeace?&quot;,&quot;multiple_image&quot;:&quot;54595,54383,53209&quot;,&quot;gallery_block_focus_points&quot;:&quot;{u002253209u0022:u002234% 55%u0022,u002254383u0022:u002243% 60%u0022,u002254595u0022:u002230% 41%u0022}&quot;,&quot;image_data&quot;:[{&quot;url&quot;:&quot;https:\\\/\\\/www.greenpeace.org\\\/static\\\/planet4-finland-stateless\\\/2023\\\/06\\\/20230301-gp-karttimonjoki-pyry-kantonen-141-scaled.jpg&quot;,&quot;focalPoint&quot;:{&quot;x&quot;:&quot;0.30&quot;,&quot;y&quot;:&quot;0.41&quot;},&quot;id&quot;:54595},{&quot;url&quot;:&quot;https:\\\/\\\/www.greenpeace.org\\\/static\\\/planet4-finland-stateless\\\/2023\\\/06\\\/9ce09708-dsm-action.jpg&quot;,&quot;focalPoint&quot;:{&quot;x&quot;:&quot;0.43&quot;,&quot;y&quot;:&quot;0.60&quot;},&quot;id&quot;:54383},{&quot;url&quot;:&quot;https:\\\/\\\/www.greenpeace.org\\\/static\\\/planet4-finland-stateless\\\/2023\\\/02\\\/a0c6bd55-oulujarven-saaret.jpg&quot;,&quot;focalPoint&quot;:{&quot;x&quot;:&quot;0.34&quot;,&quot;y&quot;:&quot;0.55&quot;},&quot;id&quot;:53209}],&quot;className&quot;:&quot;wp-block-planet4-blocks-gallery is-style-three-columns&quot;,&quot;gallery_block_style&quot;:0,&quot;gallery_block_description&quot;:&quot;&quot;,&quot;images&quot;:[{&quot;image_src&quot;:&quot;https:\\\/\\\/www.greenpeace.org\\\/static\\\/planet4-finland-stateless\\\/2023\\\/06\\\/20230301-gp-karttimonjoki-pyry-kantonen-141-scaled.jpg&quot;,&quot;image_srcset&quot;:&quot;https:\\\/\\\/www.greenpeace.org\\\/static\\\/planet4-finland-stateless\\\/2023\\\/06\\\/20230301-gp-karttimonjoki-pyry-kantonen-141-scaled.jpg 2560w, https:\\\/\\\/www.greenpeace.org\\\/static\\\/planet4-finland-stateless\\\/2023\\\/06\\\/20230301-gp-karttimonjoki-pyry-kantonen-141-300x200.jpg 300w, https:\\\/\\\/www.greenpeace.org\\\/static\\\/planet4-finland-stateless\\\/2023\\\/06\\\/20230301-gp-karttimonjoki-pyry-kantonen-141-1024x683.jpg 1024w, https:\\\/\\\/www.greenpeace.org\\\/static\\\/planet4-finland-stateless\\\/2023\\\/06\\\/20230301-gp-karttimonjoki-pyry-kantonen-141-768x512.jpg 768w, https:\\\/\\\/www.greenpeace.org\\\/static\\\/planet4-finland-stateless\\\/2023\\\/06\\\/20230301-gp-karttimonjoki-pyry-kantonen-141-1536x1024.jpg 1536w, https:\\\/\\\/www.greenpeace.org\\\/static\\\/planet4-finland-stateless\\\/2023\\\/06\\\/20230301-gp-karttimonjoki-pyry-kantonen-141-2048x1366.jpg 2048w, https:\\\/\\\/www.greenpeace.org\\\/static\\\/planet4-finland-stateless\\\/2023\\\/06\\\/20230301-gp-karttimonjoki-pyry-kantonen-141-510x340.jpg 510w&quot;,&quot;image_sizes&quot;:false,&quot;alt_text&quot;:&quot;Greenpeacen aktivisti kiipe\\u00e4m\\u00e4ss\\u00e4 puussa Karttimon luonnonmets\\u00e4ss\\u00e4.&quot;,&quot;caption&quot;:&quot;Kiipeilij\\u00e4 Karttimon luonnonmets\\u00e4ss\\u00e4&quot;,&quot;focus_image&quot;:&quot;&quot;,&quot;credits&quot;:&quot;&quot;},{&quot;image_src&quot;:&quot;https:\\\/\\\/www.greenpeace.org\\\/static\\\/planet4-finland-stateless\\\/2023\\\/06\\\/9ce09708-dsm-action.jpg&quot;,&quot;image_srcset&quot;:&quot;https:\\\/\\\/www.greenpeace.org\\\/static\\\/planet4-finland-stateless\\\/2023\\\/06\\\/9ce09708-dsm-action.jpg 800w, https:\\\/\\\/www.greenpeace.org\\\/static\\\/planet4-finland-stateless\\\/2023\\\/06\\\/9ce09708-dsm-action-300x195.jpg 300w, https:\\\/\\\/www.greenpeace.org\\\/static\\\/planet4-finland-stateless\\\/2023\\\/06\\\/9ce09708-dsm-action-768x499.jpg 768w, https:\\\/\\\/www.greenpeace.org\\\/static\\\/planet4-finland-stateless\\\/2023\\\/06\\\/9ce09708-dsm-action-510x332.jpg 510w&quot;,&quot;image_sizes&quot;:false,&quot;alt_text&quot;:&quot;Greenpeacen aktivisti pitelee kyltti\\u00e4, jossa lukee \\&quot;Lopettakaa syv\\u00e4nmeren aivostoiminta\\&quot;. Taustalla n\\u00e4kyy suuri punainen alus.&quot;,&quot;caption&quot;:&quot;Greenpeace International activists from the Rainbow Warrior attach a flag reading &#039;Stop Deep Sea Mining&#039;&#039; to the cable holding the prototype robot, Patania II. In an action to disturb a new deep sea mining impact test carried out by the company Global Sea Mineral Resources (GSR) after a recent major failure that resulted in a 25-tonne mining robot left stuck on the Pacific Ocean seafloor for days. An activist also holds a banner reading &#039;Stop Deep Sea Mining&#039;.\\nThe Greenpeace ship is in the Clarion Clipperton Zone in the Pacific to bear witness to the deep sea mining industry. Part of the ongoing &#039;Protect the Oceans&#039; campaign.&quot;,&quot;focus_image&quot;:&quot;&quot;,&quot;credits&quot;:&quot;&quot;},{&quot;image_src&quot;:&quot;https:\\\/\\\/www.greenpeace.org\\\/static\\\/planet4-finland-stateless\\\/2023\\\/02\\\/a0c6bd55-oulujarven-saaret.jpg&quot;,&quot;image_srcset&quot;:&quot;https:\\\/\\\/www.greenpeace.org\\\/static\\\/planet4-finland-stateless\\\/2023\\\/02\\\/a0c6bd55-oulujarven-saaret.jpg 2000w, https:\\\/\\\/www.greenpeace.org\\\/static\\\/planet4-finland-stateless\\\/2023\\\/02\\\/a0c6bd55-oulujarven-saaret-300x200.jpg 300w, https:\\\/\\\/www.greenpeace.org\\\/static\\\/planet4-finland-stateless\\\/2023\\\/02\\\/a0c6bd55-oulujarven-saaret-1024x682.jpg 1024w, https:\\\/\\\/www.greenpeace.org\\\/static\\\/planet4-finland-stateless\\\/2023\\\/02\\\/a0c6bd55-oulujarven-saaret-768x512.jpg 768w, https:\\\/\\\/www.greenpeace.org\\\/static\\\/planet4-finland-stateless\\\/2023\\\/02\\\/a0c6bd55-oulujarven-saaret-1536x1024.jpg 1536w, https:\\\/\\\/www.greenpeace.org\\\/static\\\/planet4-finland-stateless\\\/2023\\\/02\\\/a0c6bd55-oulujarven-saaret-510x340.jpg 510w&quot;,&quot;image_sizes&quot;:false,&quot;alt_text&quot;:&quot;Aktivisteja, joista kaksi ovat kajakeissa rantavedess\\u00e4, ja loput rannalla, Ouluj\\u00e4rven saarella puolustamassa hakkuu-uhan alla ollutta mets\\u00e4\\u00e4.&quot;,&quot;caption&quot;:&quot;&quot;,&quot;focus_image&quot;:&quot;&quot;,&quot;credits&quot;:&quot;&quot;}]}}\">\n<\/div>\n<p><strong>Greenpeace activists<\/strong> are trained, committed and courageous. But they are also just ordinary people doing extraordinary things to safeguard our future.<br>Our activists work together and have each other\u2019s backs, and future activists should be prepared to commit to this strong sense of team spirit.&nbsp;<\/p>\n\n<p>Activism can be tough, there are highs and lows and being involved in an action is both exhilarating and exhausting. Yet you can also be guaranteed a safe environment, many laughs along the way plus new skills, new friendships and big adventures.&nbsp;&nbsp;&nbsp;<\/p>\n\n<p>The safety of the activists is always the number one priority during activities, and Greenpeace provides an extensive Duty of Care package for activists and volunteers who engage with Greenpeace. We ensure, to the highest reasonable level, the physical and psychological well-being and security of our people before, during and after involvement in an activity. Greenpeace also offers first aid training for all activists.&nbsp;<\/p>\n\n<div style=\"height:40px\" aria-hidden=\"true\" class=\"wp-block-spacer\"><\/div>\n\n\n<div class=\"wp-block-group block mb-0 has-grey-100-background-color has-background is-layout-flow wp-block-group-is-layout-flow\">\n<div class=\"wp-block-group container is-layout-flow wp-block-group-is-layout-flow\">\n<div style=\"height:24px\" aria-hidden=\"true\" class=\"wp-block-spacer\"><\/div>\n\n\n\n<div class=\"wp-block-columns is-layout-flex wp-container-core-columns-is-layout-9d6595d7 wp-block-columns-is-layout-flex\">\n<div class=\"wp-block-column is-vertically-aligned-center is-layout-flow wp-block-column-is-layout-flow\" style=\"flex-basis:5%\"><\/div>\n\n\n\n<div class=\"wp-block-column is-vertically-aligned-center is-layout-flow wp-block-column-is-layout-flow\" style=\"flex-basis:70%\">\n<p class=\"has-grey-900-color has-text-color has-medium-font-size\">I always feel a sense of community and camaraderie when we get together and prepare for actions &#8211; it feels like a family gathering!<\/p>\n\n\n\n<p class=\"has-gp-nor-green-color has-text-color\" style=\"font-size:14px\">Pattie, Greenpeace activist<\/p>\n<\/div>\n\n\n\n<div class=\"wp-block-column is-vertically-aligned-center is-layout-flow wp-block-column-is-layout-flow\" style=\"flex-basis:20%\">\n<figure class=\"wp-block-image aligncenter size-full is-resized is-style-rounded-180\"><img decoding=\"async\" src=\"https:\/\/www.greenpeace.org\/static\/planet4-sweden-stateless\/2023\/06\/2e5a399a-pattie-kitchen.jpg\" alt=\"\" class=\"wp-image-56789\"\/><\/figure>\n<\/div>\n<\/div>\n<\/div>\n<\/div>\n\n\n<div style=\"height:50px\" aria-hidden=\"true\" class=\"wp-block-spacer\"><\/div>\n\n<h2 class=\"wp-block-heading\">Who can be a Greenpeace activist?<\/h2>\n\n<p>In short &#8211; everyone (as long as you are over 18 years old)! You don\u2019t have to be extra brave or super fit to be a Greenpeace activist. At Greenpeace, we believe that there are many ways to be an activist &#8211; climbing oil rigs or blocking a huge ship in a kayak isn\u2019t for everyone. Greenpeace\u2019s volunteers are also activists who do amazing work to spread awareness. Activism is also about painting banners, lobbying politicians through letter writing, doing talks at schools, or helping with research at the Greenpeace offices or out in the field.&nbsp;&nbsp;<\/p>\n\n<p>Being an activist is about dedication and willingness to stand up for our future and create change. And the more we are, the more powerful we\u2019ll be.&nbsp;<\/p>\n\n<p>We\u2019re committed to help with any practical or financial barriers that might stop you being able to join us. Wherever possible, we\u2019ll accommodate your access needs.<\/p>\n\n<p>All you need to be an activist is a commitment to protecting our planet and the people on it. Does that sound like something for you? <a href=\"https:\/\/greenpeace.community\/page\/introduction-to-civil-disobedience\" target=\"_blank\" rel=\"noreferrer noopener\">Register your interest here<\/a>!<\/p>\n\n<div style=\"height:30px\" aria-hidden=\"true\" class=\"wp-block-spacer\"><\/div>\n\n<h2 class=\"wp-block-heading\">How do I become an activist for Greenpeace?<\/h2>\n\n<p>The first step towards becoming an activist with us is to attend our full-day Introduction to civil disobedience training. In that training, you will learn more about peaceful civil disobedience and how Greenpeace uses the method. <strong><a rel=\"noreferrer noopener\" href=\"https:\/\/docs.google.com\/forms\/d\/e\/1FAIpQLSc4MFNmbmGFCo3tWlsRECOeNxe_yedPDEYNhYwsSWRpl57Jkg\/viewform?usp=sf_link\" target=\"_blank\">Sign up here<\/a>!<\/strong><\/p>\n\n<p>The next step is a weekend-long <strong>Nonviolent Direct Action<\/strong> (NVDA) training course. This course teaches you how to take action safely and efficiently. During the weekend, you have the chance to connect with other activists and challenge yourself in a safe environment. The training covers everything from how to physically and mentally prepare for taking action, to de-escalation tactics, safety, legal procedures, blocking techniques, media training and much much more. People who successfully complete this course are ready to take action with Greenpeace.<\/p>\n\n<p>Greenpeace activists can then choose to sign up to one of our specialist action teams, e.g. the climbing team, the kayak team or the boat team, all of which have extensive and thorough training. The action teams meet several weekends a year to maintain their knowledge and skills, weekends which are also perfect opportunities to socialize with fellow activists!<\/p>\n\n<p class=\"has-medium-font-size\"><strong>Greenpeace also provides other training programs for volunteers,<a href=\"https:\/\/www.greenpeace.org\/sweden\/agera\/bli-volontar\/\"> <\/a><a href=\"https:\/\/www.greenpeace.org\/finland\/toimi\/vapaaehtoiset\/volunteer-with-greenpeace-and-make-a-difference\/\">learn more about volunteering here<\/a><\/strong>. <\/p>\n\n<p>All training programs are free and Greenpeace covers all expenses for activists during training and activities, such as travel, food, accommodation etc.<\/p>\n\n<div style=\"height:30px\" aria-hidden=\"true\" class=\"wp-block-spacer\"><\/div>\n\n<div class=\"wp-block-cover has-parallax\"><div class=\"wp-block-cover__image-background wp-image-271 has-parallax\" style=\"background-position:50% 50%;background-image:url(https:\/\/storage.googleapis.com\/planet4-sweden-stateless-develop\/2018\/05\/6f53772c-act-now.jpg)\"><\/div><span aria-hidden=\"true\" class=\"wp-block-cover__background has-background-dim-60 has-background-dim\"><\/span><div class=\"wp-block-cover__inner-container is-layout-flow wp-block-cover-is-layout-flow\">\n<h2 class=\"wp-block-heading has-text-align-center\" style=\"font-size:30px\"><strong>Become a climate and environmental activist <\/strong>and make a difference!<\/h2>\n\n\n\n<p class=\"has-text-align-center has-medium-font-size\">The more we are, the stronger we become! We look forward to hearing from you.<\/p>\n\n\n\n<div style=\"height:20px\" aria-hidden=\"true\" class=\"wp-block-spacer\"><\/div>\n\n\n\n<div class=\"wp-block-buttons is-content-justification-center is-layout-flex wp-container-core-buttons-is-layout-16018d1d wp-block-buttons-is-layout-flex\">\n<div class=\"wp-block-button is-style-cta\"><a class=\"wp-block-button__link wp-element-button\" href=\"https:\/\/greenpeace.community\/page\/introduction-to-civil-disobedience\" target=\"_blank\" rel=\"noreferrer noopener\"><strong>Join the fight<\/strong>!<\/a><\/div>\n<\/div>\n<\/div><\/div>\n\n<div style=\"height:30px\" aria-hidden=\"true\" class=\"wp-block-spacer\"><\/div>\n\n\n<div class=\"wp-block-group alignfull block has-grey-100-background-color has-background is-layout-flow wp-block-group-is-layout-flow\">\n<div class=\"wp-block-group container is-layout-flow wp-block-group-is-layout-flow\">\n<div style=\"height:24px\" aria-hidden=\"true\" class=\"wp-block-spacer\"><\/div>\n\n\n\n<h2 class=\"wp-block-heading has-text-align-center\">Annual Nordic volunteer reports<\/h2>\n\n\n\n<p class=\"has-text-align-center\">Find out more about what Greenpeace volunteers have achieved over the years in our annual volunteer reports.<\/p>\n<\/div>\n\n\n\n<div class=\"wp-block-group container is-layout-flow wp-block-group-is-layout-flow\">\n<div style=\"height:24px\" aria-hidden=\"true\" class=\"wp-block-spacer\"><\/div>\n\n\n\n<div class=\"wp-block-columns is-layout-flex wp-container-core-columns-is-layout-9d6595d7 wp-block-columns-is-layout-flex\">\n<div class=\"wp-block-column is-layout-flow wp-block-column-is-layout-flow\">\n<div class=\"wp-block-group group-stretched-link is-layout-flow wp-block-group-is-layout-flow\">\n<figure class=\"wp-block-image aligncenter size-full force-no-lightbox force-no-caption is-style-default\"><img loading=\"lazy\" decoding=\"async\" width=\"240\" height=\"340\" src=\"https:\/\/www.greenpeace.org\/static\/planet4-finland-stateless\/2024\/03\/54910648-vol2023.jpg\" title=\"nordic volunteer activities 2023 report cover, depicting crowd of people in helsinki\" alt=\"nordic volunteer activities 2023 report cover, depicting crowd of people in helsinki\" class=\"wp-image-56420\" srcset=\"https:\/\/www.greenpeace.org\/static\/planet4-finland-stateless\/2024\/03\/54910648-vol2023.jpg 240w, https:\/\/www.greenpeace.org\/static\/planet4-finland-stateless\/2024\/03\/54910648-vol2023-212x300.jpg 212w\" sizes=\"auto, (max-width: 240px) 100vw, 240px\" \/><\/figure>\n\n\n\n<h5 class=\"wp-block-heading has-text-align-center is-style-chevron\" style=\"font-size:1rem\"><a href=\"https:\/\/www.greenpeace.org\/static\/planet4-finland-stateless\/2024\/03\/22bb2cef-2023-volunteer-activities-report.pdf\" target=\"_blank\" rel=\"noreferrer noopener\">Lue koko vuoden 2023 raportti t\u00e4\u00e4lt\u00e4<\/a><\/h5>\n\n\n\n<div style=\"height:16px\" aria-hidden=\"true\" class=\"wp-block-spacer\"><\/div>\n<\/div>\n<\/div>\n\n\n\n<div class=\"wp-block-column is-layout-flow wp-block-column-is-layout-flow\">\n<div class=\"wp-block-group group-stretched-link is-layout-flow wp-block-group-is-layout-flow\">\n<figure class=\"wp-block-image aligncenter size-articles-medium-large force-no-lightbox force-no-caption is-style-default\"><img loading=\"lazy\" decoding=\"async\" width=\"240\" height=\"340\" src=\"https:\/\/www.greenpeace.org\/static\/planet4-finland-stateless\/2023\/04\/2dadb550-vol-2022-cover-240x340.jpg\" title=\"Nordic volunteer report 2022 cover\" alt=\"Nordic volunteer report 2022 cover\" class=\"wp-image-54009\" srcset=\"https:\/\/www.greenpeace.org\/static\/planet4-finland-stateless\/2023\/04\/2dadb550-vol-2022-cover-240x340.jpg 240w, https:\/\/www.greenpeace.org\/static\/planet4-finland-stateless\/2023\/04\/2dadb550-vol-2022-cover-212x300.jpg 212w, https:\/\/www.greenpeace.org\/static\/planet4-finland-stateless\/2023\/04\/2dadb550-vol-2022-cover-724x1024.jpg 724w, https:\/\/www.greenpeace.org\/static\/planet4-finland-stateless\/2023\/04\/2dadb550-vol-2022-cover-768x1086.jpg 768w, https:\/\/www.greenpeace.org\/static\/planet4-finland-stateless\/2023\/04\/2dadb550-vol-2022-cover-966x1366.jpg 966w, https:\/\/www.greenpeace.org\/static\/planet4-finland-stateless\/2023\/04\/2dadb550-vol-2022-cover.jpg 992w\" sizes=\"auto, (max-width: 240px) 100vw, 240px\" \/><\/figure>\n\n\n\n<h5 class=\"wp-block-heading has-text-align-center is-style-chevron\" style=\"font-size:1rem\"><a href=\"https:\/\/www.greenpeace.org\/static\/planet4-finland-stateless\/2023\/04\/9bb6834b-nordic-volunteer-activities-2022_final-version.pdf\">Lue koko vuoden 2022 raportti t\u00e4\u00e4lt\u00e4<\/a><\/h5>\n\n\n\n<div style=\"height:16px\" aria-hidden=\"true\" class=\"wp-block-spacer\"><\/div>\n<\/div>\n<\/div>\n\n\n\n<div class=\"wp-block-column is-layout-flow wp-block-column-is-layout-flow\">\n<div class=\"wp-block-group group-stretched-link is-layout-flow wp-block-group-is-layout-flow\">\n<figure class=\"wp-block-image aligncenter size-articles-medium-large force-no-lightbox force-no-caption is-style-default\"><img loading=\"lazy\" decoding=\"async\" width=\"240\" height=\"340\" src=\"https:\/\/www.greenpeace.org\/static\/planet4-finland-stateless\/2022\/08\/9fa7ab0f-nordic-volunteer-report-2021-240x340.jpg\" title=\"Kansikuva Nordic Volunteer Report 2021 -raportista\" alt=\"Kansikuva Greenpeacen pohjoismaisen vapaaehtoistoiminnan raportista vuodelle 2021\" class=\"wp-image-50929\" srcset=\"https:\/\/www.greenpeace.org\/static\/planet4-finland-stateless\/2022\/08\/9fa7ab0f-nordic-volunteer-report-2021-240x340.jpg 240w, https:\/\/www.greenpeace.org\/static\/planet4-finland-stateless\/2022\/08\/9fa7ab0f-nordic-volunteer-report-2021-212x300.jpg 212w, https:\/\/www.greenpeace.org\/static\/planet4-finland-stateless\/2022\/08\/9fa7ab0f-nordic-volunteer-report-2021-724x1024.jpg 724w, https:\/\/www.greenpeace.org\/static\/planet4-finland-stateless\/2022\/08\/9fa7ab0f-nordic-volunteer-report-2021-768x1086.jpg 768w, https:\/\/www.greenpeace.org\/static\/planet4-finland-stateless\/2022\/08\/9fa7ab0f-nordic-volunteer-report-2021-966x1366.jpg 966w, https:\/\/www.greenpeace.org\/static\/planet4-finland-stateless\/2022\/08\/9fa7ab0f-nordic-volunteer-report-2021.jpg 1042w\" sizes=\"auto, (max-width: 240px) 100vw, 240px\" \/><figcaption><div class=\"credit icon-left\"> \u00a9 Greenpeace Nordic Volunteer Unit<\/div><\/figcaption><\/figure>\n\n\n\n<h5 class=\"wp-block-heading has-text-align-center is-style-chevron\" style=\"font-size:1rem\"><a href=\"https:\/\/www.greenpeace.org\/static\/planet4-finland-stateless\/2022\/08\/3d7a8b65-nordic-volunteer-report-2021.pdf\" target=\"_blank\" rel=\"noreferrer noopener\">Lue koko vuoden 2021 raportti t\u00e4\u00e4lt\u00e4<\/a><\/h5>\n\n\n\n<div style=\"height:16px\" aria-hidden=\"true\" class=\"wp-block-spacer\"><\/div>\n<\/div>\n<\/div>\n\n\n\n<div class=\"wp-block-column is-layout-flow wp-block-column-is-layout-flow\">\n<div class=\"wp-block-group group-stretched-link is-layout-flow wp-block-group-is-layout-flow\">\n<figure class=\"wp-block-image aligncenter size-articles-medium-large force-no-lightbox force-no-caption is-style-default\"><img loading=\"lazy\" decoding=\"async\" width=\"240\" height=\"340\" src=\"https:\/\/www.greenpeace.org\/static\/planet4-finland-stateless\/2022\/08\/518742f3-nordic-volunteer-report-2020-240x340.jpg\" title=\"Kansikuva Nordic Volunteer Report 2020 -raportista\" alt=\"Kansikuva Greenpeacen pohjoismaisen vapaaehtoistoiminnan raportista vuodelle 2020\" class=\"wp-image-50928\" srcset=\"https:\/\/www.greenpeace.org\/static\/planet4-finland-stateless\/2022\/08\/518742f3-nordic-volunteer-report-2020-240x340.jpg 240w, https:\/\/www.greenpeace.org\/static\/planet4-finland-stateless\/2022\/08\/518742f3-nordic-volunteer-report-2020-212x300.jpg 212w, https:\/\/www.greenpeace.org\/static\/planet4-finland-stateless\/2022\/08\/518742f3-nordic-volunteer-report-2020.jpg 514w\" sizes=\"auto, (max-width: 240px) 100vw, 240px\" \/><figcaption><div class=\"credit icon-left\"> \u00a9 Greenpeace Nordic Volunteer Unit<\/div><\/figcaption><\/figure>\n\n\n\n<h5 class=\"wp-block-heading has-text-align-center is-style-chevron\" style=\"font-size:1rem\"><a href=\"https:\/\/www.greenpeace.org\/static\/planet4-finland-stateless\/2022\/08\/014ce526-nordic-volunteer-report-2020.pdf\" target=\"_blank\" rel=\"noreferrer noopener\">Lue koko vuoden 2020 raportti t\u00e4\u00e4lt\u00e4<\/a><\/h5>\n\n\n\n<div style=\"height:16px\" aria-hidden=\"true\" class=\"wp-block-spacer\"><\/div>\n<\/div>\n<\/div>\n\n\n\n<div class=\"wp-block-column is-layout-flow wp-block-column-is-layout-flow\">\n<div class=\"wp-block-group group-stretched-link is-layout-flow wp-block-group-is-layout-flow\">\n<figure class=\"wp-block-image aligncenter size-articles-medium-large force-no-lightbox force-no-caption is-style-default\"><img loading=\"lazy\" decoding=\"async\" width=\"239\" height=\"340\" src=\"https:\/\/www.greenpeace.org\/static\/planet4-finland-stateless\/2022\/08\/2d63adcf-nordic-volunteer-report-2019-239x340.jpg\" title=\"Kansikuva Nordic Volunteer Report 2019 -raportista\" alt=\"Kansikuva Greenpeacen pohjoismaisen vapaaehtoistoiminnan raportista vuodelle 2019\" class=\"wp-image-50927\" srcset=\"https:\/\/www.greenpeace.org\/static\/planet4-finland-stateless\/2022\/08\/2d63adcf-nordic-volunteer-report-2019-239x340.jpg 239w, https:\/\/www.greenpeace.org\/static\/planet4-finland-stateless\/2022\/08\/2d63adcf-nordic-volunteer-report-2019-211x300.jpg 211w, https:\/\/www.greenpeace.org\/static\/planet4-finland-stateless\/2022\/08\/2d63adcf-nordic-volunteer-report-2019-719x1024.jpg 719w, https:\/\/www.greenpeace.org\/static\/planet4-finland-stateless\/2022\/08\/2d63adcf-nordic-volunteer-report-2019.jpg 744w\" sizes=\"auto, (max-width: 239px) 100vw, 239px\" \/><figcaption><div class=\"credit icon-left\"> \u00a9 Greenpeace Nordic Volunteer Unit<\/div><\/figcaption><\/figure>\n\n\n\n<h5 class=\"wp-block-heading has-text-align-center is-style-chevron\" style=\"font-size:1rem\"><a href=\"https:\/\/www.greenpeace.org\/static\/planet4-finland-stateless\/2022\/08\/8658bf25-nordic-volunteer-report-2019.pdf\" target=\"_blank\" rel=\"noreferrer noopener\">Lue koko vuoden 2019 raportti t\u00e4\u00e4lt\u00e4<\/a><\/h5>\n\n\n\n<div style=\"height:16px\" aria-hidden=\"true\" class=\"wp-block-spacer\"><\/div>\n<\/div>\n<\/div>\n<\/div>\n<\/div>\n\n\n\n<div style=\"height:20px\" aria-hidden=\"true\" class=\"wp-block-spacer\"><\/div>\n<\/div>\n\n\n<div class=\"wp-block-query posts-list p4-query-loop is-custom-layout-list is-layout-flow wp-block-query-is-layout-flow\">\n<div class=\"wp-block-group is-content-justification-space-between is-layout-flex wp-container-core-group-is-layout-3d213aab wp-block-group-is-layout-flex\">\n<h2 class=\"wp-block-heading\">Further reading (in Finnish)<\/h2>\n<\/div>\n\n\n\n<p style=\"margin-top:24px;margin-bottom:36px\"><\/p>\n\n\n\n\n<ul class=\"wp-block-post-template is-layout-flow wp-block-post-template-is-layout-flow\"><li class=\"wp-block-post post-60229 post type-post status-publish format-standard has-post-thumbnail hentry category-greenpeace category-ilmastonmuutos tag-kansalaistottelemattomuus tag-vapaaehtoiset tag-ilmastokriisinsyyt p4-page-type-blogit\">\n\n<div class=\"wp-block-columns is-layout-flex wp-container-core-columns-is-layout-9d6595d7 wp-block-columns-is-layout-flex\"><figure class=\"wp-block-post-featured-image\"><a href=\"https:\/\/www.greenpeace.org\/finland\/blogit\/ilmastonmuutos\/vastarintaa-tarvitaan-myos-huomenna\/\" target=\"_self\"  ><img loading=\"lazy\" decoding=\"async\" width=\"1180\" height=\"665\" src=\"https:\/\/www.greenpeace.org\/static\/planet4-finland-stateless\/2025\/07\/d7ef630d-hlg9269-copy-e1752583711300.jpg\" class=\"attachment-post-thumbnail size-post-thumbnail wp-post-image wp-stateless-item\" alt=\"Vastarintaa tarvitaan my\u00f6s huomenna!\" style=\"object-fit:cover;\" srcset=\"https:\/\/www.greenpeace.org\/static\/planet4-finland-stateless\/2025\/07\/d7ef630d-hlg9269-copy-e1752583711300.jpg 1180w, https:\/\/www.greenpeace.org\/static\/planet4-finland-stateless\/2025\/07\/d7ef630d-hlg9269-copy-e1752583711300-300x169.jpg 300w, https:\/\/www.greenpeace.org\/static\/planet4-finland-stateless\/2025\/07\/d7ef630d-hlg9269-copy-e1752583711300-1024x577.jpg 1024w, https:\/\/www.greenpeace.org\/static\/planet4-finland-stateless\/2025\/07\/d7ef630d-hlg9269-copy-e1752583711300-768x433.jpg 768w, https:\/\/www.greenpeace.org\/static\/planet4-finland-stateless\/2025\/07\/d7ef630d-hlg9269-copy-e1752583711300-510x287.jpg 510w\" sizes=\"auto, (max-width: 1180px) 100vw, 1180px\" data-image-size=\"post-thumbnail\" data-stateless-media-bucket=\"planet4-finland-stateless\" data-stateless-media-name=\"2025\/07\/d7ef630d-hlg9269-copy-e1752583711300.jpg\" \/><\/a><\/figure>\n\n\n<div class=\"wp-block-group is-layout-flow wp-block-group-is-layout-flow\">\n<div class=\"wp-block-group is-layout-flex wp-block-group-is-layout-flex\"><div class=\"wp-block-post-terms\"><a href=\"https:\/\/www.greenpeace.org\/finland\/luokka\/greenpeace\/\">Greenpeace<\/a><\/div>\n\n<div class=\"taxonomy-post_tag wp-block-post-terms\"><a href=\"https:\/\/www.greenpeace.org\/finland\/tag\/kansalaistottelemattomuus\/\" rel=\"tag\">kansalaistottelemattomuus<\/a><span class=\"wp-block-post-terms__separator\"> <\/span><a href=\"https:\/\/www.greenpeace.org\/finland\/tag\/vapaaehtoiset\/\" rel=\"tag\">vapaaehtoiset<\/a><span class=\"wp-block-post-terms__separator\"> <\/span><a href=\"https:\/\/www.greenpeace.org\/finland\/tag\/ilmastokriisinsyyt\/\" rel=\"tag\">ilmastokriisinsyyt<\/a><\/div><\/div>\n\n\n<h3 class=\"wp-block-post-title\"><a href=\"https:\/\/www.greenpeace.org\/finland\/blogit\/ilmastonmuutos\/vastarintaa-tarvitaan-myos-huomenna\/\" target=\"_self\" >Vastarintaa tarvitaan my\u00f6s huomenna!<\/a><\/h3>\n\n<div class=\"wp-block-post-excerpt\"><p class=\"wp-block-post-excerpt__excerpt\">Miten luodaan parempi maailma? Ainakin siihen tarvitaan vastarintaa vallitsevia ep\u00e4kohtia vastaan. <\/p><\/div>\n\n\n<div class=\"wp-block-group posts-list-meta is-layout-flow wp-block-group-is-layout-flow\"><span class='article-list-item-author'><a href='https:\/\/www.greenpeace.org\/finland\/author\/oporanen\/'>Oona Poranen<\/a><\/span>\n\n<div class=\"wp-block-post-date\"><time datetime=\"2025-07-15T14:51:04+03:00\">15\/07\/2025<\/time><\/div><\/div>\n<\/div>\n<\/div>\n\n<\/li><li class=\"wp-block-post post-60215 post type-post status-publish format-standard has-post-thumbnail hentry category-greenpeace tag-greenpeacenlaivat tag-kansalaistottelemattomuus p4-page-type-tiedotteet\">\n\n<div class=\"wp-block-columns is-layout-flex wp-container-core-columns-is-layout-9d6595d7 wp-block-columns-is-layout-flex\"><figure class=\"wp-block-post-featured-image\"><a href=\"https:\/\/www.greenpeace.org\/finland\/tiedotteet\/greenpeace\/pommit-upottivat-greenpeacen-lippulaivan-40-vuotta-sitten-hyokkaykset-aktivismia-vastaan-jatkuvat-yha\/\" target=\"_self\"  ><img loading=\"lazy\" decoding=\"async\" width=\"1200\" height=\"787\" src=\"https:\/\/www.greenpeace.org\/static\/planet4-finland-stateless\/2025\/07\/4446f8cd-gp01ers.jpg\" class=\"attachment-post-thumbnail size-post-thumbnail wp-post-image wp-stateless-item\" alt=\"Pommit upottivat Greenpeacen lippulaivan 40 vuotta sitten \u2013 Hy\u00f6kk\u00e4ykset aktivismia vastaan jatkuvat yh\u00e4\" style=\"object-fit:cover;\" srcset=\"https:\/\/www.greenpeace.org\/static\/planet4-finland-stateless\/2025\/07\/4446f8cd-gp01ers.jpg 1200w, https:\/\/www.greenpeace.org\/static\/planet4-finland-stateless\/2025\/07\/4446f8cd-gp01ers-300x197.jpg 300w, https:\/\/www.greenpeace.org\/static\/planet4-finland-stateless\/2025\/07\/4446f8cd-gp01ers-1024x672.jpg 1024w, https:\/\/www.greenpeace.org\/static\/planet4-finland-stateless\/2025\/07\/4446f8cd-gp01ers-768x504.jpg 768w, https:\/\/www.greenpeace.org\/static\/planet4-finland-stateless\/2025\/07\/4446f8cd-gp01ers-510x334.jpg 510w\" sizes=\"auto, (max-width: 1200px) 100vw, 1200px\" data-image-size=\"post-thumbnail\" data-stateless-media-bucket=\"planet4-finland-stateless\" data-stateless-media-name=\"2025\/07\/4446f8cd-gp01ers.jpg\" \/><\/a><\/figure>\n\n\n<div class=\"wp-block-group is-layout-flow wp-block-group-is-layout-flow\">\n<div class=\"wp-block-group is-layout-flex wp-block-group-is-layout-flex\"><div class=\"wp-block-post-terms\"><a href=\"https:\/\/www.greenpeace.org\/finland\/luokka\/greenpeace\/\">Greenpeace<\/a><\/div>\n\n<div class=\"taxonomy-post_tag wp-block-post-terms\"><a href=\"https:\/\/www.greenpeace.org\/finland\/tag\/greenpeacenlaivat\/\" rel=\"tag\">greenpeacenlaivat<\/a><span class=\"wp-block-post-terms__separator\"> <\/span><a href=\"https:\/\/www.greenpeace.org\/finland\/tag\/kansalaistottelemattomuus\/\" rel=\"tag\">kansalaistottelemattomuus<\/a><\/div><\/div>\n\n\n<h3 class=\"wp-block-post-title\"><a href=\"https:\/\/www.greenpeace.org\/finland\/tiedotteet\/greenpeace\/pommit-upottivat-greenpeacen-lippulaivan-40-vuotta-sitten-hyokkaykset-aktivismia-vastaan-jatkuvat-yha\/\" target=\"_self\" >Pommit upottivat Greenpeacen lippulaivan 40 vuotta sitten \u2013 Hy\u00f6kk\u00e4ykset aktivismia vastaan jatkuvat yh\u00e4<\/a><\/h3>\n\n<div class=\"wp-block-post-excerpt\"><p class=\"wp-block-post-excerpt__excerpt\">Nelj\u00e4kymment\u00e4 vuotta sitten Ranskan tiedustelupalvelu upotti Greenpeacen aluksen Aucklandin satamassa tappaen valokuvaaja Fernando Pereiran. Pommi-isku her\u00e4tti maailmanlaajuisen raivon ja vahvisti ymp\u00e4rist\u00f6liikett\u00e4. <\/p><\/div>\n\n\n<div class=\"wp-block-group posts-list-meta is-layout-flow wp-block-group-is-layout-flow\"><span class='article-list-item-author'><a href='https:\/\/www.greenpeace.org\/finland\/author\/gp_finland\/'>Greenpeace Suomi<\/a><\/span>\n\n<div class=\"wp-block-post-date\"><time datetime=\"2025-07-09T16:06:36+03:00\">09\/07\/2025<\/time><\/div><\/div>\n<\/div>\n<\/div>\n\n<\/li><li class=\"wp-block-post post-60169 post type-post status-publish format-standard has-post-thumbnail hentry category-energia category-greenpeace tag-kansalaistottelemattomuus tag-fossiiliset tag-alkuperaiskansojenoikeudet p4-page-type-tiedotteet\">\n\n<div class=\"wp-block-columns is-layout-flex wp-container-core-columns-is-layout-9d6595d7 wp-block-columns-is-layout-flex\"><figure class=\"wp-block-post-featured-image\"><a href=\"https:\/\/www.greenpeace.org\/finland\/tiedotteet\/greenpeace\/uusi-eu-direktiivi-ensimmaista-kertaa-koetuksella-greenpeace-kohtaa-fossiilijatin-tanaan-oikeudessa-alankomaissa\/\" target=\"_self\"  ><img loading=\"lazy\" decoding=\"async\" width=\"1200\" height=\"800\" src=\"https:\/\/www.greenpeace.org\/static\/planet4-finland-stateless\/2025\/07\/d1f248f1-gp0su62n1.jpg\" class=\"attachment-post-thumbnail size-post-thumbnail wp-post-image wp-stateless-item\" alt=\"Uusi EU-direktiivi ensimm\u00e4ist\u00e4 kertaa koetuksella \u2013 Greenpeace kohtaa fossiilij\u00e4tin t\u00e4n\u00e4\u00e4n oikeudessa Alankomaissa\" style=\"object-fit:cover;\" srcset=\"https:\/\/www.greenpeace.org\/static\/planet4-finland-stateless\/2025\/07\/d1f248f1-gp0su62n1.jpg 1200w, https:\/\/www.greenpeace.org\/static\/planet4-finland-stateless\/2025\/07\/d1f248f1-gp0su62n1-300x200.jpg 300w, https:\/\/www.greenpeace.org\/static\/planet4-finland-stateless\/2025\/07\/d1f248f1-gp0su62n1-1024x683.jpg 1024w, https:\/\/www.greenpeace.org\/static\/planet4-finland-stateless\/2025\/07\/d1f248f1-gp0su62n1-768x512.jpg 768w, https:\/\/www.greenpeace.org\/static\/planet4-finland-stateless\/2025\/07\/d1f248f1-gp0su62n1-510x340.jpg 510w\" sizes=\"auto, (max-width: 1200px) 100vw, 1200px\" data-image-size=\"post-thumbnail\" data-stateless-media-bucket=\"planet4-finland-stateless\" data-stateless-media-name=\"2025\/07\/d1f248f1-gp0su62n1.jpg\" \/><\/a><\/figure>\n\n\n<div class=\"wp-block-group is-layout-flow wp-block-group-is-layout-flow\">\n<div class=\"wp-block-group is-layout-flex wp-block-group-is-layout-flex\"><div class=\"wp-block-post-terms\"><a href=\"https:\/\/www.greenpeace.org\/finland\/luokka\/energia\/\">Energia<\/a><\/div>\n\n<div class=\"taxonomy-post_tag wp-block-post-terms\"><a href=\"https:\/\/www.greenpeace.org\/finland\/tag\/kansalaistottelemattomuus\/\" rel=\"tag\">kansalaistottelemattomuus<\/a><span class=\"wp-block-post-terms__separator\"> <\/span><a href=\"https:\/\/www.greenpeace.org\/finland\/tag\/fossiiliset\/\" rel=\"tag\">fossiiliset<\/a><span class=\"wp-block-post-terms__separator\"> <\/span><a href=\"https:\/\/www.greenpeace.org\/finland\/tag\/alkuperaiskansojenoikeudet\/\" rel=\"tag\">alkuper\u00e4iskansojenoikeudet<\/a><\/div><\/div>\n\n\n<h3 class=\"wp-block-post-title\"><a href=\"https:\/\/www.greenpeace.org\/finland\/tiedotteet\/greenpeace\/uusi-eu-direktiivi-ensimmaista-kertaa-koetuksella-greenpeace-kohtaa-fossiilijatin-tanaan-oikeudessa-alankomaissa\/\" target=\"_self\" >Uusi EU-direktiivi ensimm\u00e4ist\u00e4 kertaa koetuksella \u2013 Greenpeace kohtaa fossiilij\u00e4tin t\u00e4n\u00e4\u00e4n oikeudessa Alankomaissa<\/a><\/h3>\n\n<div class=\"wp-block-post-excerpt\"><p class=\"wp-block-post-excerpt__excerpt\">Greenpeace International kohtaa yhdysvaltalaisen Energy Transfer -energiayhti\u00f6n t\u00e4n\u00e4\u00e4n Alankomaiden tuomioistuimessa. Ymp\u00e4rist\u00f6j\u00e4rjest\u00f6 vaatii miljardiyhti\u00f6lt\u00e4 korvauksia toistuvista ja perusteettomista syyt\u00f6ksist\u00e4 vedoten ensimm\u00e4isen\u00e4 EU:n uuteen anti-SLAPP-direktiiviin, jonka tarkoitus on suojella kansalaisyhteiskunnan sananvapautta suuryritysten&hellip; <\/p><\/div>\n\n\n<div class=\"wp-block-group posts-list-meta is-layout-flow wp-block-group-is-layout-flow\"><span class='article-list-item-author'><a href='https:\/\/www.greenpeace.org\/finland\/author\/gp_finland\/'>Greenpeace Suomi<\/a><\/span>\n\n<div class=\"wp-block-post-date\"><time datetime=\"2025-07-02T12:09:47+03:00\">02\/07\/2025<\/time><\/div><\/div>\n<\/div>\n<\/div>\n\n<\/li><\/ul>\n\n\n<div class=\"wp-block-buttons carousel-controls is-horizontal is-content-justification-space-between is-nowrap is-layout-flex wp-container-core-buttons-is-layout-044bd602 wp-block-buttons-is-layout-flex\">\n<div class=\"wp-block-button carousel-control-prev\"><button type=\"button\" class=\"wp-block-button__link wp-element-button\">Prev<\/button><\/div>\n\n\n\n<div class=\"wp-block-button carousel-control-next\"><button type=\"button\" class=\"wp-block-button__link wp-element-button\">Seuraava<\/button><\/div>\n<\/div>\n<\/div>\n","protected":false},"excerpt":{"rendered":"<p>Civil disobedience is part of Greenpeace\u2019s DNA. For more than 50 years, Greenpeace activists have been using peaceful actions and civil disobedience for the climate and environment.<\/p>\n","protected":false},"author":41,"featured_media":54845,"parent":234,"menu_order":0,"comment_status":"closed","ping_status":"closed","template":"","meta":{"_improvement_type_select":"improve_an_existing","_thumb_yes_seoaic":false,"_frame_yes_seoaic":false,"seoaic_generate_description":"","seoaic_improve_instructions_prompt":"","seoaic_rollback_content_improvement":"","seoaic_idea_thumbnail_generator":"","thumbnail_generated":false,"thumbnail_generate_prompt":"","seoaic_article_description":"","ep_exclude_from_search":false,"p4_hide_page_title_checkbox":"on","p4_title":"","p4_subtitle":"","p4_description":"","background_image_id":"","background_image":"","p4_button_title":"","p4_button_link":"","p4_button_link_checkbox":"","p4_og_title":"","p4_og_description":"","p4_og_image":"","p4_og_image_id":"","p4_seo_canonical_url":"https:\/\/www.greenpeace.org\/finland\/toimi\/kansalaistottelemattomuus-mita-se-on-ja-miten-kaytamme-sita\/","p4_campaign_name":"Collective Climate Action","p4_local_project":"","p4_basket_name":"","p4_department":"","footnotes":""},"categories":[31],"tags":[38],"class_list":["post-54842","page","type-page","status-publish","has-post-thumbnail","hentry","category-greenpeace","tag-kansalaistottelemattomuus"],"_links":{"self":[{"href":"https:\/\/www.greenpeace.org\/finland\/wp-json\/wp\/v2\/pages\/54842","targetHints":{"allow":["GET"]}}],"collection":[{"href":"https:\/\/www.greenpeace.org\/finland\/wp-json\/wp\/v2\/pages"}],"about":[{"href":"https:\/\/www.greenpeace.org\/finland\/wp-json\/wp\/v2\/types\/page"}],"author":[{"embeddable":true,"href":"https:\/\/www.greenpeace.org\/finland\/wp-json\/wp\/v2\/users\/41"}],"replies":[{"embeddable":true,"href":"https:\/\/www.greenpeace.org\/finland\/wp-json\/wp\/v2\/comments?post=54842"}],"version-history":[{"count":20,"href":"https:\/\/www.greenpeace.org\/finland\/wp-json\/wp\/v2\/pages\/54842\/revisions"}],"predecessor-version":[{"id":61920,"href":"https:\/\/www.greenpeace.org\/finland\/wp-json\/wp\/v2\/pages\/54842\/revisions\/61920"}],"up":[{"embeddable":true,"href":"https:\/\/www.greenpeace.org\/finland\/wp-json\/wp\/v2\/pages\/234"}],"wp:featuredmedia":[{"embeddable":true,"href":"https:\/\/www.greenpeace.org\/finland\/wp-json\/wp\/v2\/media\/54845"}],"wp:attachment":[{"href":"https:\/\/www.greenpeace.org\/finland\/wp-json\/wp\/v2\/media?parent=54842"}],"wp:term":[{"taxonomy":"category","embeddable":true,"href":"https:\/\/www.greenpeace.org\/finland\/wp-json\/wp\/v2\/categories?post=54842"},{"taxonomy":"post_tag","embeddable":true,"href":"https:\/\/www.greenpeace.org\/finland\/wp-json\/wp\/v2\/tags?post=54842"}],"curies":[{"name":"wp","href":"https:\/\/api.w.org\/{rel}","templated":true}]}}