{"id":54951,"date":"2023-07-20T14:37:32","date_gmt":"2023-07-20T11:37:32","guid":{"rendered":"https:\/\/www.greenpeace.org\/finland\/?page_id=54951"},"modified":"2025-05-05T14:14:01","modified_gmt":"2025-05-05T11:14:01","slug":"kutsu-greenpeace-puhumaan","status":"publish","type":"page","link":"https:\/\/www.greenpeace.org\/finland\/toimi\/kutsu-greenpeace-puhumaan\/","title":{"rendered":"Kutsu Greenpeace puhumaan"},"content":{"rendered":"\n\n<div class=\"wp-block-group alignfull has-grey-050-background-color has-background is-layout-flow wp-block-group-is-layout-flow\">\n<div class=\"wp-block-group container is-layout-flow wp-block-group-is-layout-flow\">\n<div class=\"wp-block-media-text alignfull has-media-on-the-right is-stacked-on-mobile is-pattern-p4-page-header is-style-parallax\"><div class=\"wp-block-media-text__content\">\n<div class=\"wp-block-group is-layout-flow wp-block-group-is-layout-flow\">\n<h1 class=\"wp-block-heading has-grey-050-background-color has-background\"><strong><strong>Kutsu Greenpeace puhumaan \u2013 opit uutta, ilmaiseksi<\/strong><\/strong><\/h1>\n<\/div>\n\n\n\n<p style=\"font-size:1.1rem\">Mik\u00e4 on Greenpeace? Miten voit toimia luonnon puolesta ja sen tuhoajia vastaan?<br><br>Greenpeacen koulutetut ja innostuneet vapaaehtoiset tekev\u00e4t kouluille, yrityksille ja muille yhteis\u00f6ille vierailuja, esitelmi\u00e4 ja workshoppeja. Kutsu meid\u00e4t kyl\u00e4\u00e4n!<\/p>\n<\/div><figure class=\"wp-block-media-text__media\"><img loading=\"lazy\" decoding=\"async\" width=\"800\" height=\"533\" src=\"https:\/\/www.greenpeace.org\/static\/planet4-finland-stateless\/2023\/07\/1b407ab5-gp0stto4u_web_size.jpg\" alt=\"\" sizes=\"auto, (min-width: 601px) 50vw, 100vw\" srcset=\"https:\/\/www.greenpeace.org\/static\/planet4-finland-stateless\/2023\/07\/1b407ab5-gp0stto4u_web_size.jpg 800w, https:\/\/www.greenpeace.org\/static\/planet4-finland-stateless\/2023\/07\/1b407ab5-gp0stto4u_web_size-300x200.jpg 300w, https:\/\/www.greenpeace.org\/static\/planet4-finland-stateless\/2023\/07\/1b407ab5-gp0stto4u_web_size-768x512.jpg 768w, https:\/\/www.greenpeace.org\/static\/planet4-finland-stateless\/2023\/07\/1b407ab5-gp0stto4u_web_size-510x340.jpg 510w\" class=\"wp-image-54952 size-full\"\/><\/figure><\/div>\n<\/div>\n<\/div>\n\n\n<p>\ud83c\uddec\ud83c\udde7 <a href=\"https:\/\/www.greenpeace.org\/finland\/toimi\/vapaaehtoiset\/volunteer-with-greenpeace-and-make-a-difference\/\"><em>Read the page in English here*<\/em><\/a><\/p>\n\n<div class=\"wp-block-media-text is-stacked-on-mobile is-style-default\"><figure class=\"wp-block-media-text__media\"><img decoding=\"async\" src=\"https:\/\/www.greenpeace.org\/static\/planet4-denmark-stateless\/2024\/03\/dbd58d87-gp1sxds8-1024x732.jpg\" alt=\"\" sizes=\"(min-width: 1600px) calc((1320px - 24px) \/ 2),(min-width: 1200px) calc((1140px - 24px) \/ 2),(min-width: 992px) calc((960px - 24px) \/ 2),(min-width: 768px) calc((720px - 24px) \/ 2),(min-width: 601px) calc((540px - 24px) \/ 2),(min-width: 577px) calc((540px - 24px) \/ 1), calc(100vw - 24px)\" srcset=\"\" class=\"wp-image-60275 size-full\"\/><\/figure><div class=\"wp-block-media-text__content\">\n<h2 class=\"wp-block-heading\"><strong>Esitykset ja vierailut<\/strong><\/h2>\n\n\n\n<p>Greenpeacen loistavat Greenspeaker -vapaaehtoiset j\u00e4rjest\u00e4v\u00e4t offline- ja online-koulutuksia, esityksi\u00e4 ja workshoppeja Greenpeacesta ja eri kampanjoistamme \u2013 suomeksi, ruotsiksi ja englanniksi.<\/p>\n\n\n\n<p>He tulevat mielell\u00e4\u00e4n keskustelemaan koulullasi, yhdistyksess\u00e4si tai ty\u00f6paikallasi siit\u00e4, miten meist\u00e4 jokainen toimia luonnon puolesta \u2013 paikallisesti ja kansainv\u00e4lisesti. Ota yhteytt\u00e4 vapaaehtoiskoordinaattori <a href=\"mailto:valtteri.moilanen@greenpeace.org\" data-type=\"mailto\" data-id=\"mailto:valtteri.moilanen@greenpeace.org\">Valtteriin ja kutsu Greenspeaker kyl\u00e4\u00e4n<\/a>!<\/p>\n<\/div><\/div>\n\n<div style=\"height:10px\" aria-hidden=\"true\" class=\"wp-block-spacer\"><\/div>\n\n<div class=\"wp-block-group has-beige-100-background-color has-background is-content-justification-center is-layout-constrained wp-container-core-group-is-layout-42edfff7 wp-block-group-is-layout-constrained\" style=\"border-top-left-radius:0px;border-top-right-radius:23px;border-bottom-left-radius:23px;border-bottom-right-radius:0px;padding-top:var(--wp--preset--spacing--50);padding-right:var(--wp--preset--spacing--30);padding-bottom:var(--wp--preset--spacing--30);padding-left:var(--wp--preset--spacing--30)\">\n<div class=\"wp-block-group is-nowrap is-layout-flex wp-container-core-group-is-layout-ad2f72ca wp-block-group-is-layout-flex\">\n<div class=\"wp-block-columns is-layout-flex wp-container-core-columns-is-layout-9d6595d7 wp-block-columns-is-layout-flex\">\n<div class=\"wp-block-column is-vertically-aligned-center is-layout-flow wp-block-column-is-layout-flow\" style=\"flex-basis:20%\">\n<figure class=\"wp-block-image alignleft size-thumbnail is-resized is-style-default\"><img decoding=\"async\" src=\"https:\/\/www.greenpeace.org\/static\/planet4-denmark-stateless\/2024\/03\/558bc509-7_climate_justice-1_icon-150x150.png\" alt=\"\" class=\"wp-image-60283\" style=\"aspect-ratio:1.3333333333333333;object-fit:cover;width:148px;height:auto\"\/><\/figure>\n<\/div>\n\n\n\n<div class=\"wp-block-column is-vertically-aligned-center is-layout-flow wp-block-column-is-layout-flow\" style=\"flex-basis:80%\">\n<h4 class=\"wp-block-heading\">T\u00e4ll\u00e4 hetkell\u00e4 Greenspeakerimme ovat innokkaita keskustelemaan n\u00e4ist\u00e4 teemoista:<\/h4>\n<\/div>\n<\/div>\n<\/div>\n<\/div>\n\n<div class=\"wp-block-media-text has-media-on-the-right is-stacked-on-mobile is-style-default\"><div class=\"wp-block-media-text__content\">\n<h2 class=\"wp-block-heading\"><a href=\"https:\/\/www.greenpeace.org\/finland\/metsat\/\" data-type=\"link\" data-id=\"https:\/\/www.greenpeace.org\/finland\/metsat\/\">Mets\u00e4t<\/a><\/h2>\n\n\n\n<p>Mets\u00e4t ovat keskeinen osa el\u00e4m\u00e4\u00e4 \u2013 rikas, elinvoimainen mets\u00e4luonto on v\u00e4ltt\u00e4m\u00e4tt\u00f6myys niin ilmastolle kuin ihmisen hyvinvoinnille. T\u00e4st\u00e4 huolimatta etenkin luonnonmets\u00e4t ovat Suomessa uhattuna ja mets\u00e4teollisuuden toiminta kiihdytt\u00e4\u00e4 edelleen luontokatoa. Jopa kolmannes Suomen uhanalaisista lajeista el\u00e4\u00e4 metsiss\u00e4, ja aiemmin tavalliset lajit, kuten h\u00f6m\u00f6tiainen, ovat uhanalaistuneet. Etel\u00e4-Suomen metsist\u00e4 tiukan suojelun piiriss\u00e4 on alle 3% ja koko maassa 6%. Kutsu Greenspeaker puhumaan metsien suojelemisesta ja siit\u00e4, miten Suomen mets\u00e4t saadaan pelastettua yhdess\u00e4!<\/p>\n\n\n\n<h5 class=\"wp-block-heading is-style-chevron\"><a href=\"https:\/\/www.greenpeace.org\/finland\/metsat\/\" data-type=\"link\" data-id=\"https:\/\/www.greenpeace.org\/finland\/metsat\/\">Lue lis\u00e4\u00e4 aiheesta<\/a><\/h5>\n<\/div><figure class=\"wp-block-media-text__media\"><img decoding=\"async\" src=\"https:\/\/www.greenpeace.org\/static\/planet4-denmark-stateless\/2024\/03\/0b88e509-gp1sxb7v-1024x683.jpg\" alt=\"\" sizes=\"(min-width: 1600px) calc((1320px - 24px) \/ 2),(min-width: 1200px) calc((1140px - 24px) \/ 2),(min-width: 992px) calc((960px - 24px) \/ 2),(min-width: 768px) calc((720px - 24px) \/ 2),(min-width: 601px) calc((540px - 24px) \/ 2),(min-width: 577px) calc((540px - 24px) \/ 1), calc(100vw - 24px)\" srcset=\"https:\/\/www.greenpeace.org\/static\/planet4-finland-stateless\/2025\/07\/bf8e2fbc-hlg9186-copy.jpg 1772w, https:\/\/www.greenpeace.org\/static\/planet4-finland-stateless\/2025\/07\/bf8e2fbc-hlg9186-copy-300x200.jpg 300w, https:\/\/www.greenpeace.org\/static\/planet4-finland-stateless\/2025\/07\/bf8e2fbc-hlg9186-copy-1024x683.jpg 1024w, https:\/\/www.greenpeace.org\/static\/planet4-finland-stateless\/2025\/07\/bf8e2fbc-hlg9186-copy-768x512.jpg 768w, https:\/\/www.greenpeace.org\/static\/planet4-finland-stateless\/2025\/07\/bf8e2fbc-hlg9186-copy-1536x1025.jpg 1536w, https:\/\/www.greenpeace.org\/static\/planet4-finland-stateless\/2025\/07\/bf8e2fbc-hlg9186-copy-510x340.jpg 510w\" class=\"wp-image-60271 size-full\"\/><\/figure><\/div>\n\n<div class=\"wp-block-media-text is-stacked-on-mobile is-style-default\"><figure class=\"wp-block-media-text__media\"><img decoding=\"async\" src=\"https:\/\/www.greenpeace.org\/static\/planet4-denmark-stateless\/2024\/03\/2e4b8fa7-gp1sx0h2-1024x732.jpg\" alt=\"\" sizes=\"(min-width: 1600px) calc((1320px - 24px) \/ 2),(min-width: 1200px) calc((1140px - 24px) \/ 2),(min-width: 992px) calc((960px - 24px) \/ 2),(min-width: 768px) calc((720px - 24px) \/ 2),(min-width: 601px) calc((540px - 24px) \/ 2),(min-width: 577px) calc((540px - 24px) \/ 1), calc(100vw - 24px)\" srcset=\"\" class=\"wp-image-60274 size-full\"\/><\/figure><div class=\"wp-block-media-text__content\">\n<h2 class=\"wp-block-heading\"><a href=\"https:\/\/www.greenpeace.org\/finland\/ilmastonmuutos\/\" data-type=\"link\" data-id=\"https:\/\/www.greenpeace.org\/finland\/ilmastonmuutos\/\">Ruoantuotanto ja ilmasto<\/a><\/h2>\n\n\n\n<p>Kuvittele, ett\u00e4 ruokamme olisi sek\u00e4 terveellist\u00e4 ett\u00e4 hyv\u00e4ksi luonnolle ja ilmastolle. Suomessa sy\u00f6d\u00e4\u00e4n niin paljon lihaa ja maitotuotteita, ettei ilmasto kest\u00e4. Maatalouden p\u00e4\u00e4st\u00f6t eiv\u00e4t ole laskeneet vuosikymmeniin. Liike kohti fiksumpaa ruoantuotantoa l\u00e4htee sielt\u00e4 miss\u00e4 ruokaa tarjotaan: kunnista ja kaupungeista. Vaaditaan kuntia puolittamaan lihan ja maidon hankinnat vuoteen 2030 menness\u00e4 ja laittamaan puolet parempaa tilalle. Kutsu Greenspeaker kyl\u00e4\u00e4n, ja opit enemm\u00e4n siit\u00e4, miten sin\u00e4 voit olla mukana muuttamassa kotikuntasi ruokahankintoja!<\/p>\n\n\n\n<h5 class=\"wp-block-heading is-style-chevron\"><a href=\"https:\/\/www.greenpeace.org\/finland\/ilmastonmuutos\/\" data-type=\"link\" data-id=\"https:\/\/www.greenpeace.org\/finland\/ilmastonmuutos\/\">Lue lis\u00e4\u00e4 aiheesta<\/a><\/h5>\n<\/div><\/div>\n\n<div class=\"wp-block-media-text has-media-on-the-right is-stacked-on-mobile is-style-default\"><div class=\"wp-block-media-text__content\">\n<h2 class=\"wp-block-heading\"><a href=\"https:\/\/www.greenpeace.org\/finland\/toimi\/kansalaistottelemattomuus-mita-se-on-ja-miten-kaytamme-sita\/\">Kansalaistottelemattomuus<\/a><\/h2>\n\n\n\n<p>V\u00e4kivallaton kansalaistottelemattomuus on keskeinen osa toimintaamme. Yli 50 vuoden ajan olemme k\u00e4ytt\u00e4neet v\u00e4kivallatonta suoraa toimintaa silloin, kun muut keinot luontoa tuhoavien ja ilmastolle haitallisten toimijoiden vastuuseen saattamiseksi eiv\u00e4t ole riitt\u00e4neet. Kansalaistottelemattomuuden avulla on suojeltu tuhansia hehtaareja Suomalaista luontoa ja haastettu yrityksi\u00e4 ja valtioita toimimaan ilmastokriisin torjumiseksi. Se on t\u00e4rke\u00e4 osa demokraattista yhteiskuntaa ja sananvapautta. Jos haluat oppia lis\u00e4\u00e4, kutsu Greenspeaker keskustelemaan aiheesta!<\/p>\n\n\n\n<h5 class=\"wp-block-heading is-style-chevron\"><a href=\"https:\/\/www.greenpeace.org\/finland\/toimi\/kansalaistottelemattomuus-mita-se-on-ja-miten-kaytamme-sita\/\" data-type=\"link\" data-id=\"https:\/\/www.greenpeace.org\/finland\/toimi\/kansalaistottelemattomuus-mita-se-on-ja-miten-kaytamme-sita\/\">Lue lis\u00e4\u00e4 <\/a><\/h5>\n<\/div><figure class=\"wp-block-media-text__media\"><img loading=\"lazy\" decoding=\"async\" width=\"1024\" height=\"683\" src=\"https:\/\/www.greenpeace.org\/static\/planet4-finland-stateless\/2024\/09\/7affe11c-joinus2-1024x683.png\" alt=\"\" sizes=\"auto, (min-width: 1600px) calc((1320px - 24px) \/ 2),(min-width: 1200px) calc((1140px - 24px) \/ 2),(min-width: 992px) calc((960px - 24px) \/ 2),(min-width: 768px) calc((720px - 24px) \/ 2),(min-width: 601px) calc((540px - 24px) \/ 2),(min-width: 577px) calc((540px - 24px) \/ 1), calc(100vw - 24px)\" srcset=\"https:\/\/www.greenpeace.org\/static\/planet4-finland-stateless\/2024\/09\/7affe11c-joinus2.png 2048w, https:\/\/www.greenpeace.org\/static\/planet4-finland-stateless\/2024\/09\/7affe11c-joinus2-300x200.png 300w, https:\/\/www.greenpeace.org\/static\/planet4-finland-stateless\/2024\/09\/7affe11c-joinus2-1024x683.png 1024w, https:\/\/www.greenpeace.org\/static\/planet4-finland-stateless\/2024\/09\/7affe11c-joinus2-768x512.png 768w, https:\/\/www.greenpeace.org\/static\/planet4-finland-stateless\/2024\/09\/7affe11c-joinus2-1536x1024.png 1536w, https:\/\/www.greenpeace.org\/static\/planet4-finland-stateless\/2024\/09\/7affe11c-joinus2-510x340.png 510w\" class=\"wp-image-57418 size-full\"\/><\/figure><\/div>\n\n<div class=\"wp-block-media-text is-stacked-on-mobile is-style-default\"><figure class=\"wp-block-media-text__media\"><img decoding=\"async\" src=\"https:\/\/www.greenpeace.org\/static\/planet4-denmark-stateless\/2024\/03\/9a6b74ca-gp1sxb7a-1024x731.jpg\" alt=\"\" sizes=\"(min-width: 1600px) calc((1320px - 24px) \/ 2),(min-width: 1200px) calc((1140px - 24px) \/ 2),(min-width: 992px) calc((960px - 24px) \/ 2),(min-width: 768px) calc((720px - 24px) \/ 2),(min-width: 601px) calc((540px - 24px) \/ 2),(min-width: 577px) calc((540px - 24px) \/ 1), calc(100vw - 24px)\" srcset=\"\" class=\"wp-image-60273 size-full\"\/><\/figure><div class=\"wp-block-media-text__content\">\n<h2 class=\"wp-block-heading\"><strong>Valitse aihe<\/strong><\/h2>\n\n\n\n<p>Mist\u00e4 sin\u00e4 haluaisit keskustella ja oppia lis\u00e4\u00e4? Greenspeakerimme haluavat kuulla, mik\u00e4 sinua kiinnostaa. Esitelmi\u00e4 ja workshoppeja on mahdollista mukauttaa eri yleis\u00f6jen tarpeiden mukaan.<\/p>\n<\/div><\/div>\n\n<div class=\"wp-block-group has-beige-100-background-color has-background is-content-justification-center is-layout-constrained wp-container-core-group-is-layout-42edfff7 wp-block-group-is-layout-constrained\" style=\"border-top-left-radius:0px;border-top-right-radius:23px;border-bottom-left-radius:23px;border-bottom-right-radius:0px;padding-top:var(--wp--preset--spacing--50);padding-right:var(--wp--preset--spacing--30);padding-bottom:var(--wp--preset--spacing--30);padding-left:var(--wp--preset--spacing--30)\">\n<div class=\"wp-block-group is-nowrap is-layout-flex wp-container-core-group-is-layout-ad2f72ca wp-block-group-is-layout-flex\">\n<div class=\"wp-block-columns is-layout-flex wp-container-core-columns-is-layout-9d6595d7 wp-block-columns-is-layout-flex\">\n<div class=\"wp-block-column is-vertically-aligned-center is-layout-flow wp-block-column-is-layout-flow\" style=\"flex-basis:20%\">\n<figure class=\"wp-block-image alignleft size-thumbnail is-resized is-style-default\"><img decoding=\"async\" src=\"https:\/\/www.greenpeace.org\/static\/planet4-denmark-stateless\/2024\/03\/0dcad776-24_greenpeace_ships-1_icon-150x150.png\" alt=\"\" class=\"wp-image-60299\" style=\"aspect-ratio:1.3333333333333333;object-fit:cover;width:148px;height:auto\"\/><\/figure>\n<\/div>\n\n\n\n<div class=\"wp-block-column is-vertically-aligned-center is-layout-flow wp-block-column-is-layout-flow\" style=\"flex-basis:80%\">\n<h4 class=\"wp-block-heading\"><strong>Greenpeacen asiantuntijat ja vapaaehtoiset sopivat vieraaksi:<\/strong><\/h4>\n\n\n\n<p style=\"font-size:19px\">Kouluihin, lukioihin, ty\u00f6paikalle, poliittisten puolueiden nuorisoj\u00e4rjest\u00f6ille, yhdistyksiin ja muihin yhteis\u00f6ihin.<\/p>\n<\/div>\n<\/div>\n<\/div>\n<\/div>\n\n<div class=\"wp-block-media-text is-stacked-on-mobile is-image-fill-element\"><figure class=\"wp-block-media-text__media\"><img decoding=\"async\" src=\"https:\/\/www.greenpeace.org\/static\/planet4-denmark-stateless\/2024\/04\/4e816bdd-dsc00965-2-1024x576.jpg\" alt=\"Greenpeace speaker\" sizes=\"(min-width: 1600px) calc((1320px - 24px) \/ 2),(min-width: 1200px) calc((1140px - 24px) \/ 2),(min-width: 992px) calc((960px - 24px) \/ 2),(min-width: 768px) calc((720px - 24px) \/ 2),(min-width: 601px) calc((540px - 24px) \/ 2),(min-width: 577px) calc((540px - 24px) \/ 1), calc(100vw - 24px)\" srcset=\"\" class=\"wp-image-60885 size-full\" style=\"object-position:50% 59%\"\/><\/figure><div class=\"wp-block-media-text__content\">\n<div style=\"height:30px\" aria-hidden=\"true\" class=\"wp-block-spacer\"><\/div>\n\n\n\n<h2 class=\"wp-block-heading\"><strong>Ryhdy Greenspeakeriksi!<\/strong><\/h2>\n\n\n\n<p>Oletko innostunut toimimaan yhdess\u00e4 ja kutsumaan lis\u00e4\u00e4 ihmisi\u00e4 mukaan puolustamaan luontoamme? Jos ihmisten edess\u00e4 puhuminen ja esiintyminen eiv\u00e4t j\u00e4nnit\u00e4 ja haluat toimia kanssamme paremman tulevaisuuden puolesta, olet eritt\u00e4in tervetullut mukaan! Greenspeaker-tiimi kehitt\u00e4\u00e4 esitysmateriaaleja ja harjoittelee esiintymist\u00e4 yhdess\u00e4, sek\u00e4 tukee sinua erilaisten esitysten ja workshoppien pit\u00e4misess\u00e4.&nbsp;<\/p>\n\n\n\n<p>Greenpeace j\u00e4rjest\u00e4\u00e4 Greenspeakereille koulutuksen kahdesti vuodessa. Teemme parhaamme, ett\u00e4 jokainen mukaan haluava p\u00e4\u00e4see osallistumaan, mutta emme voi taata paikkaa koulutuksessa.<\/p>\n\n\n\n<p>Saat lis\u00e4tietoa Greenspeaker -ohjelmasta ja muusta vapaaehtoistoiminnastamme rekister\u00f6itym\u00e4ll\u00e4 seuraavaan vapaaehtoisten alkutapaamiseen.<\/p>\n\n\n\n<div class=\"wp-block-buttons is-layout-flex wp-block-buttons-is-layout-flex\">\n<div class=\"wp-block-button is-style-secondary\"><a class=\"wp-block-button__link wp-element-button\" href=\"https:\/\/greenpeace.community\/page\/finland\">Ryhdy vapaaehtoiseksi<\/a><\/div>\n<\/div>\n\n\n\n<div style=\"height:30px\" aria-hidden=\"true\" class=\"wp-block-spacer\"><\/div>\n<\/div><\/div>\n\n<p><\/p>\n","protected":false},"excerpt":{"rendered":"<p>Tarjoamme kouluille, yrityksille ja muille tahoille maksuttomia vierailuja, luentoja ja ty\u00f6pajoja Greenpeacen toiminnasta ja ymp\u00e4rist\u00f6aiheista.<\/p>\n","protected":false},"author":41,"featured_media":54952,"parent":9,"menu_order":0,"comment_status":"closed","ping_status":"closed","template":"","meta":{"_improvement_type_select":"improve_an_existing","_thumb_yes_seoaic":false,"_frame_yes_seoaic":false,"seoaic_generate_description":"","seoaic_improve_instructions_prompt":"","seoaic_rollback_content_improvement":"","seoaic_idea_thumbnail_generator":"","thumbnail_generated":false,"thumbnail_generate_prompt":"","seoaic_article_description":"","ep_exclude_from_search":false,"p4_hide_page_title_checkbox":"on","p4_title":"","p4_subtitle":"","p4_description":"","background_image_id":"","background_image":"","p4_button_title":"","p4_button_link":"","p4_button_link_checkbox":"","p4_og_title":"","p4_og_description":"","p4_og_image":"","p4_og_image_id":"","p4_seo_canonical_url":"","p4_campaign_name":"","p4_local_project":"","p4_basket_name":"","p4_department":"","footnotes":""},"categories":[31],"tags":[29],"class_list":["post-54951","page","type-page","status-publish","has-post-thumbnail","hentry","category-greenpeace","tag-vapaaehtoiset"],"_links":{"self":[{"href":"https:\/\/www.greenpeace.org\/finland\/wp-json\/wp\/v2\/pages\/54951","targetHints":{"allow":["GET"]}}],"collection":[{"href":"https:\/\/www.greenpeace.org\/finland\/wp-json\/wp\/v2\/pages"}],"about":[{"href":"https:\/\/www.greenpeace.org\/finland\/wp-json\/wp\/v2\/types\/page"}],"author":[{"embeddable":true,"href":"https:\/\/www.greenpeace.org\/finland\/wp-json\/wp\/v2\/users\/41"}],"replies":[{"embeddable":true,"href":"https:\/\/www.greenpeace.org\/finland\/wp-json\/wp\/v2\/comments?post=54951"}],"version-history":[{"count":14,"href":"https:\/\/www.greenpeace.org\/finland\/wp-json\/wp\/v2\/pages\/54951\/revisions"}],"predecessor-version":[{"id":59335,"href":"https:\/\/www.greenpeace.org\/finland\/wp-json\/wp\/v2\/pages\/54951\/revisions\/59335"}],"up":[{"embeddable":true,"href":"https:\/\/www.greenpeace.org\/finland\/wp-json\/wp\/v2\/pages\/9"}],"wp:featuredmedia":[{"embeddable":true,"href":"https:\/\/www.greenpeace.org\/finland\/wp-json\/wp\/v2\/media\/54952"}],"wp:attachment":[{"href":"https:\/\/www.greenpeace.org\/finland\/wp-json\/wp\/v2\/media?parent=54951"}],"wp:term":[{"taxonomy":"category","embeddable":true,"href":"https:\/\/www.greenpeace.org\/finland\/wp-json\/wp\/v2\/categories?post=54951"},{"taxonomy":"post_tag","embeddable":true,"href":"https:\/\/www.greenpeace.org\/finland\/wp-json\/wp\/v2\/tags?post=54951"}],"curies":[{"name":"wp","href":"https:\/\/api.w.org\/{rel}","templated":true}]}}