{"id":11,"date":"2018-05-08T14:32:52","date_gmt":"2018-05-08T14:32:52","guid":{"rendered":"https:\/\/k8s.p4.greenpeace.org\/defaultcontent\/?page_id=11"},"modified":"2026-01-15T11:13:02","modified_gmt":"2026-01-15T10:13:02","slug":"fedezd-fel","status":"publish","type":"page","link":"https:\/\/www.greenpeace.org\/hungary\/fedezd-fel\/","title":{"rendered":"Fedezd fel"},"content":{"rendered":"\n\n<div class=\"wp-block-group alignfull is-layout-flow wp-block-group-is-layout-flow\">\n<div class=\"wp-block-group container is-layout-flow wp-block-group-is-layout-flow\">\n<div class=\"wp-block-media-text alignfull has-media-on-the-right is-stacked-on-mobile is-pattern-p4-page-header is-style-parallax\"><div class=\"wp-block-media-text__content\">\n<div class=\"wp-block-group is-layout-flow wp-block-group-is-layout-flow\">\n<h1 class=\"wp-block-heading has-white-background-color has-background\">Megv\u00e9dj\u00fck a F\u00f6ldet! <\/h1>\n<\/div>\n\n\n\n<p style=\"font-size:1.25rem\">Egyre t\u00f6bben mondunk nemet bolyg\u00f3nk elszennyez\u00e9s\u00e9re. Egyre t\u00f6bben \u00e1llunk ki a tiszta v\u00edz, a leveg\u0151 \u00e9s a talaj v\u00e9delm\u00e9ben. Egyre t\u00f6bben vagyunk, akik b\u00e1tran \u00e9s kitart\u00f3an k\u00fczd\u00fcnk, hogy meg\u00f3vjuk otthonunkat, a F\u00f6ldet saj\u00e1t magunk \u00e9s a minket k\u00f6vet\u0151 gener\u00e1ci\u00f3k \u00e9rdek\u00e9ben. A Greenpeace megalakul\u00e1sa \u00f3ta felel\u0151ss\u00e9gre vonja a k\u00f6rnyezetszennyez\u0151 v\u00e1llalatokat \u00e9s a term\u00e9szeti kincseinket elt\u00e9kozl\u00f3 korm\u00e1nyokat. Egyre t\u00f6bben vagyunk, \u00e9s egyre er\u0151sebbek. Veled egy\u00fctt m\u00e9g t\u00f6bbre vagyunk k\u00e9pesek! <\/p>\n\n\n\n<div class=\"wp-block-buttons is-layout-flex wp-block-buttons-is-layout-flex\">\n<div class=\"wp-block-button is-style-cta\"><a class=\"wp-block-button__link wp-element-button\" href=\"https:\/\/www.greenpeace.org\/hungary\/cselekedj\/kovesd-a-munkankat\/\">Csatlakozz hozz\u00e1nk<\/a><\/div>\n<\/div>\n<\/div><figure class=\"wp-block-media-text__media\"><img loading=\"lazy\" decoding=\"async\" width=\"1024\" height=\"683\" src=\"https:\/\/storage.googleapis.com\/planet4-hungary-stateless-develop\/2018\/05\/63675cec-preparing-the-22planet-earth-first22-hot-air-balloon-in-hamburg-1024x683.jpg\" alt=\"A Planet Earth First h\u0151l\u00e9gballon el\u0151k\u00e9sz\u00edt\u00e9se Hamburgban\" sizes=\"auto, (min-width: 601px) 50vw, 100vw\" srcset=\"https:\/\/storage.googleapis.com\/planet4-hungary-stateless-develop\/2018\/05\/63675cec-preparing-the-22planet-earth-first22-hot-air-balloon-in-hamburg.jpg 1024w, https:\/\/storage.googleapis.com\/planet4-hungary-stateless-develop\/2018\/05\/63675cec-preparing-the-22planet-earth-first22-hot-air-balloon-in-hamburg-300x200.jpg 300w, https:\/\/storage.googleapis.com\/planet4-hungary-stateless-develop\/2018\/05\/63675cec-preparing-the-22planet-earth-first22-hot-air-balloon-in-hamburg-768x512.jpg 768w, https:\/\/storage.googleapis.com\/planet4-hungary-stateless-develop\/2018\/05\/63675cec-preparing-the-22planet-earth-first22-hot-air-balloon-in-hamburg-510x340.jpg 510w\" class=\"wp-image-66 size-full\"\/><\/figure><\/div>\n<\/div>\n<\/div>\n\n\n<h2 class=\"wp-block-heading\">Ismerd meg, milyen ter\u00fcleteken dolgozunk:<\/h2>\n\n<div class=\"wp-block-columns is-layout-flex wp-container-core-columns-is-layout-9d6595d7 wp-block-columns-is-layout-flex\">\n<div class=\"wp-block-column is-vertically-aligned-center is-layout-flow wp-block-column-is-layout-flow\">\n<div class=\"wp-block-media-text is-stacked-on-mobile\"><figure class=\"wp-block-media-text__media\"><img loading=\"lazy\" decoding=\"async\" width=\"1200\" height=\"799\" src=\"https:\/\/www.greenpeace.org\/static\/planet4-hungary-stateless\/2018\/10\/6079a4d4-gp0stowod.jpg\" alt=\"\" sizes=\"auto, (min-width: 1600px) calc((1320px - 24px) \/ 2),(min-width: 1200px) calc((1140px - 24px) \/ 2),(min-width: 992px) calc((960px - 24px) \/ 2),(min-width: 768px) calc((720px - 24px) \/ 2),(min-width: 601px) calc((540px - 24px) \/ 2),(min-width: 577px) calc((540px - 24px) \/ 1), calc(100vw - 24px)\" srcset=\"https:\/\/www.greenpeace.org\/static\/planet4-hungary-stateless\/2018\/10\/6079a4d4-gp0stowod.jpg 1200w, https:\/\/www.greenpeace.org\/static\/planet4-hungary-stateless\/2018\/10\/6079a4d4-gp0stowod-300x200.jpg 300w, https:\/\/www.greenpeace.org\/static\/planet4-hungary-stateless\/2018\/10\/6079a4d4-gp0stowod-768x511.jpg 768w, https:\/\/www.greenpeace.org\/static\/planet4-hungary-stateless\/2018\/10\/6079a4d4-gp0stowod-1024x682.jpg 1024w, https:\/\/www.greenpeace.org\/static\/planet4-hungary-stateless\/2018\/10\/6079a4d4-gp0stowod-510x340.jpg 510w\" class=\"wp-image-354 size-full\"\/><\/figure><div class=\"wp-block-media-text__content\">\n<h3 class=\"wp-block-heading\">Kl\u00edma &amp; Energia<\/h3>\n\n\n\n<p>A kl\u00edmav\u00e1ltoz\u00e1s\u00e9rt els\u0151sorban mi, emberek vagyunk a felel\u0151sek. Meg kell el\u0151zn\u00fcnk a\u2026<\/p>\n\n\n\n<p><a href=\"https:\/\/www.greenpeace.org\/hungary\/fedezd-fel\/klima-energia\/\">Tudj meg t\u00f6bbet err\u0151l a k\u00e9rd\u00e9sr\u0151l<\/a><\/p>\n<\/div><\/div>\n<\/div>\n\n\n\n<div class=\"wp-block-column is-vertically-aligned-center is-layout-flow wp-block-column-is-layout-flow\">\n<div class=\"wp-block-media-text is-stacked-on-mobile\"><figure class=\"wp-block-media-text__media\"><img loading=\"lazy\" decoding=\"async\" width=\"1199\" height=\"798\" src=\"https:\/\/www.greenpeace.org\/static\/planet4-hungary-stateless\/2018\/10\/015186c5-gp03bmg.jpg\" alt=\"\" sizes=\"auto, (min-width: 1600px) calc((1320px - 24px) \/ 2),(min-width: 1200px) calc((1140px - 24px) \/ 2),(min-width: 992px) calc((960px - 24px) \/ 2),(min-width: 768px) calc((720px - 24px) \/ 2),(min-width: 601px) calc((540px - 24px) \/ 2),(min-width: 577px) calc((540px - 24px) \/ 1), calc(100vw - 24px)\" srcset=\"https:\/\/www.greenpeace.org\/static\/planet4-hungary-stateless\/2018\/10\/015186c5-gp03bmg.jpg 1199w, https:\/\/www.greenpeace.org\/static\/planet4-hungary-stateless\/2018\/10\/015186c5-gp03bmg-300x200.jpg 300w, https:\/\/www.greenpeace.org\/static\/planet4-hungary-stateless\/2018\/10\/015186c5-gp03bmg-768x511.jpg 768w, https:\/\/www.greenpeace.org\/static\/planet4-hungary-stateless\/2018\/10\/015186c5-gp03bmg-1024x682.jpg 1024w, https:\/\/www.greenpeace.org\/static\/planet4-hungary-stateless\/2018\/10\/015186c5-gp03bmg-510x340.jpg 510w\" class=\"wp-image-343 size-full\"\/><\/figure><div class=\"wp-block-media-text__content\">\n<h3 class=\"wp-block-heading\">#Kl\u00edmav\u00e9delem<\/h3>\n\n\n\n<p>A F\u00f6ld kl\u00edm\u00e1ja v\u00e1ltozik. Egyre gyakoribbak a sz\u00e9ls\u0151s\u00e9ges id\u0151j\u00e1r\u00e1si esem\u00e9nyek. Egy\u00fctt kell\u2026<\/p>\n\n\n\n<div class=\"wp-block-buttons carousel-controls is-layout-flex wp-block-buttons-is-layout-flex\">\n<div class=\"wp-block-button is-style-cta\"><a class=\"wp-block-button__link wp-element-button\" href=\"https:\/\/www.greenpeace.org\/hungary\/tag\/klimavedelem\/\" target=\"_self\" rel=\"noopener\">Vegy\u00e9l r\u00e9szt<\/a><\/div>\n<\/div>\n<\/div><\/div>\n<\/div>\n<\/div>\n\n<div class=\"wp-block-columns is-layout-flex wp-container-core-columns-is-layout-9d6595d7 wp-block-columns-is-layout-flex\">\n<div class=\"wp-block-column is-vertically-aligned-center is-layout-flow wp-block-column-is-layout-flow\">\n<div class=\"wp-block-media-text is-stacked-on-mobile\"><figure class=\"wp-block-media-text__media\"><img loading=\"lazy\" decoding=\"async\" width=\"1200\" height=\"800\" src=\"https:\/\/www.greenpeace.org\/static\/planet4-hungary-stateless\/2018\/10\/1f91347a-gp0strcbf.jpg\" alt=\"\" sizes=\"auto, (min-width: 1600px) calc((1320px - 24px) \/ 2),(min-width: 1200px) calc((1140px - 24px) \/ 2),(min-width: 992px) calc((960px - 24px) \/ 2),(min-width: 768px) calc((720px - 24px) \/ 2),(min-width: 601px) calc((540px - 24px) \/ 2),(min-width: 577px) calc((540px - 24px) \/ 1), calc(100vw - 24px)\" srcset=\"https:\/\/www.greenpeace.org\/static\/planet4-hungary-stateless\/2018\/10\/1f91347a-gp0strcbf.jpg 1200w, https:\/\/www.greenpeace.org\/static\/planet4-hungary-stateless\/2018\/10\/1f91347a-gp0strcbf-300x200.jpg 300w, https:\/\/www.greenpeace.org\/static\/planet4-hungary-stateless\/2018\/10\/1f91347a-gp0strcbf-768x512.jpg 768w, https:\/\/www.greenpeace.org\/static\/planet4-hungary-stateless\/2018\/10\/1f91347a-gp0strcbf-1024x683.jpg 1024w, https:\/\/www.greenpeace.org\/static\/planet4-hungary-stateless\/2018\/10\/1f91347a-gp0strcbf-510x340.jpg 510w\" class=\"wp-image-361 size-full\"\/><\/figure><div class=\"wp-block-media-text__content\">\n<h3 class=\"wp-block-heading\">Term\u00e9szet &amp; K\u00f6rnyezet<\/h3>\n\n\n\n<p>Sz\u00fcks\u00e9g\u00fcnk van a F\u00f6ld\u00fcnkre. Az \u00e9letet ad\u00f3 talajra, a vizekre, a leveg\u0151re.\u2026<\/p>\n\n\n\n<p><a href=\"https:\/\/www.greenpeace.org\/hungary\/fedezd-fel\/termeszet-kornyezet\/\">Tudj meg t\u00f6bbet err\u0151l a k\u00e9rd\u00e9sr\u0151l<\/a><\/p>\n<\/div><\/div>\n<\/div>\n\n\n\n<div class=\"wp-block-column is-vertically-aligned-center is-layout-flow wp-block-column-is-layout-flow\">\n<div class=\"wp-block-media-text is-stacked-on-mobile\"><figure class=\"wp-block-media-text__media\"><img loading=\"lazy\" decoding=\"async\" width=\"1199\" height=\"800\" src=\"https:\/\/www.greenpeace.org\/static\/planet4-hungary-stateless\/2018\/10\/95965e3f-gp0stsjh8.jpg\" alt=\"\" sizes=\"auto, (min-width: 1600px) calc((1320px - 24px) \/ 2),(min-width: 1200px) calc((1140px - 24px) \/ 2),(min-width: 992px) calc((960px - 24px) \/ 2),(min-width: 768px) calc((720px - 24px) \/ 2),(min-width: 601px) calc((540px - 24px) \/ 2),(min-width: 577px) calc((540px - 24px) \/ 1), calc(100vw - 24px)\" srcset=\"https:\/\/www.greenpeace.org\/static\/planet4-hungary-stateless\/2018\/10\/95965e3f-gp0stsjh8.jpg 1199w, https:\/\/www.greenpeace.org\/static\/planet4-hungary-stateless\/2018\/10\/95965e3f-gp0stsjh8-300x200.jpg 300w, https:\/\/www.greenpeace.org\/static\/planet4-hungary-stateless\/2018\/10\/95965e3f-gp0stsjh8-768x512.jpg 768w, https:\/\/www.greenpeace.org\/static\/planet4-hungary-stateless\/2018\/10\/95965e3f-gp0stsjh8-1024x683.jpg 1024w, https:\/\/www.greenpeace.org\/static\/planet4-hungary-stateless\/2018\/10\/95965e3f-gp0stsjh8-510x340.jpg 510w\" class=\"wp-image-351 size-full\"\/><\/figure><div class=\"wp-block-media-text__content\">\n<h3 class=\"wp-block-heading\">#M\u0171anyag<\/h3>\n\n\n\n<p>A vil\u00e1g belefullad az eldobhat\u00f3 m\u0171anyagokba. Meg kell \u00e1ll\u00edtanunk a m\u0171anyagszennyez\u00e9st. Nem\u2026<\/p>\n\n\n\n<div class=\"wp-block-buttons carousel-controls is-layout-flex wp-block-buttons-is-layout-flex\">\n<div class=\"wp-block-button is-style-cta\"><a class=\"wp-block-button__link wp-element-button\" href=\"https:\/\/www.greenpeace.org\/hungary\/tag\/muanyag\/\" target=\"_self\" rel=\"noopener\">Vegy\u00e9l r\u00e9szt<\/a><\/div>\n<\/div>\n<\/div><\/div>\n<\/div>\n<\/div>\n\n<div class=\"wp-block-columns is-layout-flex wp-container-core-columns-is-layout-9d6595d7 wp-block-columns-is-layout-flex\">\n<div class=\"wp-block-column is-vertically-aligned-center is-layout-flow wp-block-column-is-layout-flow\">\n<div class=\"wp-block-media-text is-stacked-on-mobile\"><figure class=\"wp-block-media-text__media\"><img loading=\"lazy\" decoding=\"async\" width=\"2048\" height=\"1365\" src=\"https:\/\/www.greenpeace.org\/static\/planet4-hungary-stateless\/2018\/10\/48e6c0b9-34394116290_618815009e_k.jpg\" alt=\"\" sizes=\"auto, (min-width: 1600px) calc((1320px - 24px) \/ 2),(min-width: 1200px) calc((1140px - 24px) \/ 2),(min-width: 992px) calc((960px - 24px) \/ 2),(min-width: 768px) calc((720px - 24px) \/ 2),(min-width: 601px) calc((540px - 24px) \/ 2),(min-width: 577px) calc((540px - 24px) \/ 1), calc(100vw - 24px)\" srcset=\"https:\/\/www.greenpeace.org\/static\/planet4-hungary-stateless\/2018\/10\/48e6c0b9-34394116290_618815009e_k.jpg 2048w, https:\/\/www.greenpeace.org\/static\/planet4-hungary-stateless\/2018\/10\/48e6c0b9-34394116290_618815009e_k-300x200.jpg 300w, https:\/\/www.greenpeace.org\/static\/planet4-hungary-stateless\/2018\/10\/48e6c0b9-34394116290_618815009e_k-768x512.jpg 768w, https:\/\/www.greenpeace.org\/static\/planet4-hungary-stateless\/2018\/10\/48e6c0b9-34394116290_618815009e_k-1024x683.jpg 1024w, https:\/\/www.greenpeace.org\/static\/planet4-hungary-stateless\/2018\/10\/48e6c0b9-34394116290_618815009e_k-510x340.jpg 510w\" class=\"wp-image-367 size-full\"\/><\/figure><div class=\"wp-block-media-text__content\">\n<h3 class=\"wp-block-heading\">Ember &amp; T\u00e1rsadalom<\/h3>\n\n\n\n<p>Nem hagyhatjuk, hogy v\u00e1llalatok \u00e9s korm\u00e1nyok profit- \u00e9s hatalom\u00e9hs\u00e9ge tov\u00e1bb puszt\u00edtsa F\u00f6ld\u00fcnk\u2026<\/p>\n\n\n\n<p><a href=\"https:\/\/www.greenpeace.org\/hungary\/fedezd-fel\/ember-tarsadalom\/\">Tudj meg t\u00f6bbet err\u0151l a k\u00e9rd\u00e9sr\u0151l<\/a><\/p>\n<\/div><\/div>\n<\/div>\n\n\n\n<div class=\"wp-block-column is-vertically-aligned-center is-layout-flow wp-block-column-is-layout-flow\">\n<div class=\"wp-block-media-text is-stacked-on-mobile\"><figure class=\"wp-block-media-text__media\"><img loading=\"lazy\" decoding=\"async\" width=\"1199\" height=\"798\" src=\"https:\/\/www.greenpeace.org\/static\/planet4-hungary-stateless\/2018\/10\/e4f6a7c4-gp0stp8oj.jpg\" alt=\"\" sizes=\"auto, (min-width: 1600px) calc((1320px - 24px) \/ 2),(min-width: 1200px) calc((1140px - 24px) \/ 2),(min-width: 992px) calc((960px - 24px) \/ 2),(min-width: 768px) calc((720px - 24px) \/ 2),(min-width: 601px) calc((540px - 24px) \/ 2),(min-width: 577px) calc((540px - 24px) \/ 1), calc(100vw - 24px)\" srcset=\"https:\/\/www.greenpeace.org\/static\/planet4-hungary-stateless\/2018\/10\/e4f6a7c4-gp0stp8oj.jpg 1199w, https:\/\/www.greenpeace.org\/static\/planet4-hungary-stateless\/2018\/10\/e4f6a7c4-gp0stp8oj-300x200.jpg 300w, https:\/\/www.greenpeace.org\/static\/planet4-hungary-stateless\/2018\/10\/e4f6a7c4-gp0stp8oj-768x511.jpg 768w, https:\/\/www.greenpeace.org\/static\/planet4-hungary-stateless\/2018\/10\/e4f6a7c4-gp0stp8oj-1024x682.jpg 1024w, https:\/\/www.greenpeace.org\/static\/planet4-hungary-stateless\/2018\/10\/e4f6a7c4-gp0stp8oj-510x340.jpg 510w\" class=\"wp-image-349 size-full\"\/><\/figure><div class=\"wp-block-media-text__content\">\n<h3 class=\"wp-block-heading\">#\u00c9tkez\u00e9s<\/h3>\n\n\n\n<p>\u00c9lelmiszereink z\u00f6m\u00e9t nagy\u00fczemi gazd\u00e1lkod\u00e1sokban, k\u00f6rnyezet- \u00e9s eg\u00e9szs\u00e9gk\u00e1ros\u00edt\u00f3 m\u00f3don termelik. Mi a term\u00e9szettel\u2026<\/p>\n\n\n\n<div class=\"wp-block-buttons carousel-controls is-layout-flex wp-block-buttons-is-layout-flex\">\n<div class=\"wp-block-button is-style-cta\"><a class=\"wp-block-button__link wp-element-button\" href=\"https:\/\/www.greenpeace.org\/hungary\/tag\/etkezes\/\" target=\"_self\" rel=\"noopener\">Vegy\u00e9l r\u00e9szt<\/a><\/div>\n<\/div>\n<\/div><\/div>\n<\/div>\n<\/div>\n\n<div class=\"wp-block-query posts-list p4-query-loop is-custom-layout-list is-layout-flow wp-block-query-is-layout-flow\">\n<div class=\"wp-block-group is-content-justification-space-between is-layout-flex wp-container-core-group-is-layout-3d213aab wp-block-group-is-layout-flex\">\n<h2 class=\"wp-block-heading\">Legfrissebb cikkek<\/h2>\n\n\n<li class=\" wp-block-navigation-item see-all-link wp-block-navigation-link\"><a class=\"wp-block-navigation-item__content\"  href=\"http:\/\/www.greenpeace.org\/hungary\/news-stories\/?post-type=blog\"><span class=\"wp-block-navigation-item__label\">See all stories<\/span><\/a><\/li><\/div>\n\n\n\n<p style=\"margin-top:24px;margin-bottom:36px\"><\/p>\n\n\n\n\n<ul class=\"wp-block-post-template is-layout-flow wp-block-post-template-is-layout-flow\"><li class=\"wp-block-post post-13622 post type-post status-publish format-standard has-post-thumbnail hentry category-termeszet-kornyezet tag-elovilag p4-page-type-blog\">\n\n<div class=\"wp-block-columns is-layout-flex wp-container-core-columns-is-layout-9d6595d7 wp-block-columns-is-layout-flex\"><figure class=\"wp-block-post-featured-image\"><a href=\"https:\/\/www.greenpeace.org\/hungary\/blog\/13622\/a-melytenger-kulonleges-vilaga-evmilliokon-at-fennmaradt-de-lehet-hogy-trumpot-nem-eli-tul\/\" target=\"_self\"  ><img loading=\"lazy\" decoding=\"async\" width=\"1600\" height=\"1101\" src=\"https:\/\/www.greenpeace.org\/static\/planet4-hungary-stateless\/2026\/04\/73dd4ea0-gp0su3sim-1600x1101-1.jpg\" class=\"attachment-post-thumbnail size-post-thumbnail wp-post-image wp-stateless-item\" alt=\"A m\u00e9lytenger k\u00fcl\u00f6nleges vil\u00e1ga \u00e9vmilli\u00f3kon \u00e1t fennmaradt \u2013 de lehet, hogy Trumpot nem \u00e9li t\u00fal\" style=\"object-fit:cover;\" srcset=\"https:\/\/www.greenpeace.org\/static\/planet4-hungary-stateless\/2026\/04\/73dd4ea0-gp0su3sim-1600x1101-1.jpg 1600w, https:\/\/www.greenpeace.org\/static\/planet4-hungary-stateless\/2026\/04\/73dd4ea0-gp0su3sim-1600x1101-1-300x206.jpg 300w, https:\/\/www.greenpeace.org\/static\/planet4-hungary-stateless\/2026\/04\/73dd4ea0-gp0su3sim-1600x1101-1-1024x705.jpg 1024w, https:\/\/www.greenpeace.org\/static\/planet4-hungary-stateless\/2026\/04\/73dd4ea0-gp0su3sim-1600x1101-1-768x528.jpg 768w, https:\/\/www.greenpeace.org\/static\/planet4-hungary-stateless\/2026\/04\/73dd4ea0-gp0su3sim-1600x1101-1-1536x1057.jpg 1536w, https:\/\/www.greenpeace.org\/static\/planet4-hungary-stateless\/2026\/04\/73dd4ea0-gp0su3sim-1600x1101-1-494x340.jpg 494w\" sizes=\"auto, (max-width: 1600px) 100vw, 1600px\" data-image-size=\"post-thumbnail\" data-stateless-media-bucket=\"planet4-hungary-stateless\" data-stateless-media-name=\"2026\/04\/73dd4ea0-gp0su3sim-1600x1101-1.jpg\" \/><\/a><\/figure>\n\n\n<div class=\"wp-block-group is-layout-flow wp-block-group-is-layout-flow\">\n<div class=\"wp-block-group is-layout-flex wp-block-group-is-layout-flex\"><div class=\"wp-block-post-terms\"><a href=\"https:\/\/www.greenpeace.org\/hungary\/category\/ugyek\/termeszet-kornyezet\/\">Term\u00e9szet &amp; K\u00f6rnyezet<\/a><\/div>\n\n<div class=\"taxonomy-post_tag wp-block-post-terms\"><a href=\"https:\/\/www.greenpeace.org\/hungary\/tag\/elovilag\/\" rel=\"tag\">\u00c9l\u0151vil\u00e1g<\/a><\/div><\/div>\n\n\n<h3 class=\"wp-block-post-title\"><a href=\"https:\/\/www.greenpeace.org\/hungary\/blog\/13622\/a-melytenger-kulonleges-vilaga-evmilliokon-at-fennmaradt-de-lehet-hogy-trumpot-nem-eli-tul\/\" target=\"_self\" >A m\u00e9lytenger k\u00fcl\u00f6nleges vil\u00e1ga \u00e9vmilli\u00f3kon \u00e1t fennmaradt \u2013 de lehet, hogy Trumpot nem \u00e9li t\u00fal<\/a><\/h3>\n\n<div class=\"wp-block-post-excerpt\"><p class=\"wp-block-post-excerpt__excerpt\">Janu\u00e1r 17-\u00e9n j\u00f3 h\u00edr \u00e9rkezett a vil\u00e1g \u00f3ce\u00e1njai sz\u00e1m\u00e1ra: t\u00f6bb mint hatvan orsz\u00e1g ratifik\u00e1lta az ENSZ \u00d3ce\u00e1nv\u00e9delmi Egyezm\u00e9ny\u00e9t, amely v\u00e9gre hat\u00e1lyba is l\u00e9pett. A t\u00f6rt\u00e9nelemben el\u0151sz\u00f6r a korm\u00e1nyok tengeri v\u00e9dett&hellip; <\/p><\/div>\n\n\n<div class=\"wp-block-group posts-list-meta is-layout-flow wp-block-group-is-layout-flow\"><span class='article-list-item-author'><a href='https:\/\/www.greenpeace.org\/hungary\/author\/greenpeacehu\/'>Greenpeace Magyarorsz\u00e1g<\/a><\/span>\n\n<div class=\"wp-block-post-date\"><time datetime=\"2026-04-28T10:48:38+02:00\">2026. \u00e1prilis 28.<\/time><\/div><\/div>\n<\/div>\n<\/div>\n\n<\/li><li class=\"wp-block-post post-13613 post type-post status-publish format-standard has-post-thumbnail hentry category-ember-tarsadalom tag-szennyezes p4-page-type-sajtokozlemeny\">\n\n<div class=\"wp-block-columns is-layout-flex wp-container-core-columns-is-layout-9d6595d7 wp-block-columns-is-layout-flex\"><figure class=\"wp-block-post-featured-image\"><a href=\"https:\/\/www.greenpeace.org\/hungary\/sajtokozlemeny\/13613\/jogi-lepeseket-tesz-a-greenpeace-a-meresi-eredmenyeit-kiforgato-szerkesztosegekkel-szemben\/\" target=\"_self\"  ><img loading=\"lazy\" decoding=\"async\" width=\"2560\" height=\"1707\" src=\"https:\/\/www.greenpeace.org\/static\/planet4-hungary-stateless\/2026\/04\/673533d3-mg_4881-1-scaled.jpg\" class=\"attachment-post-thumbnail size-post-thumbnail wp-post-image wp-stateless-item\" alt=\"Jogi l\u00e9p\u00e9seket tesz a Greenpeace a m\u00e9r\u00e9si eredm\u00e9nyeit kiforgat\u00f3 szerkeszt\u0151s\u00e9gekkel szemben\" style=\"object-fit:cover;\" srcset=\"https:\/\/www.greenpeace.org\/static\/planet4-hungary-stateless\/2026\/04\/673533d3-mg_4881-1-scaled.jpg 2560w, https:\/\/www.greenpeace.org\/static\/planet4-hungary-stateless\/2026\/04\/673533d3-mg_4881-1-300x200.jpg 300w, https:\/\/www.greenpeace.org\/static\/planet4-hungary-stateless\/2026\/04\/673533d3-mg_4881-1-1024x683.jpg 1024w, https:\/\/www.greenpeace.org\/static\/planet4-hungary-stateless\/2026\/04\/673533d3-mg_4881-1-768x512.jpg 768w, https:\/\/www.greenpeace.org\/static\/planet4-hungary-stateless\/2026\/04\/673533d3-mg_4881-1-1536x1024.jpg 1536w, https:\/\/www.greenpeace.org\/static\/planet4-hungary-stateless\/2026\/04\/673533d3-mg_4881-1-2048x1366.jpg 2048w, https:\/\/www.greenpeace.org\/static\/planet4-hungary-stateless\/2026\/04\/673533d3-mg_4881-1-510x340.jpg 510w\" sizes=\"auto, (max-width: 2560px) 100vw, 2560px\" data-image-size=\"post-thumbnail\" data-stateless-media-bucket=\"planet4-hungary-stateless\" data-stateless-media-name=\"2026\/04\/673533d3-mg_4881-1-scaled.jpg\" \/><\/a><\/figure>\n\n\n<div class=\"wp-block-group is-layout-flow wp-block-group-is-layout-flow\">\n<div class=\"wp-block-group is-layout-flex wp-block-group-is-layout-flex\"><div class=\"wp-block-post-terms\"><a href=\"https:\/\/www.greenpeace.org\/hungary\/category\/ugyek\/ember-tarsadalom\/\">Ember &amp; T\u00e1rsadalom<\/a><\/div>\n\n<div class=\"taxonomy-post_tag wp-block-post-terms\"><a href=\"https:\/\/www.greenpeace.org\/hungary\/tag\/szennyezes\/\" rel=\"tag\">Szennyez\u00e9s<\/a><\/div><\/div>\n\n\n<h3 class=\"wp-block-post-title\"><a href=\"https:\/\/www.greenpeace.org\/hungary\/sajtokozlemeny\/13613\/jogi-lepeseket-tesz-a-greenpeace-a-meresi-eredmenyeit-kiforgato-szerkesztosegekkel-szemben\/\" target=\"_self\" >Jogi l\u00e9p\u00e9seket tesz a Greenpeace a m\u00e9r\u00e9si eredm\u00e9nyeit kiforgat\u00f3 szerkeszt\u0151s\u00e9gekkel szemben<\/a><\/h3>\n\n<div class=\"wp-block-post-excerpt\"><p class=\"wp-block-post-excerpt__excerpt\">A Greenpeace Magyarorsz\u00e1g \u00e1prilis 16-\u00e1n nyilv\u00e1noss\u00e1gra hozott, m\u00e1rciusi g\u00f6di, kom\u00e1romi \u00e9s s\u00f3sk\u00fati m\u00e9r\u00e9seivel kapcsolatban s\u00falyos cs\u00fasztat\u00e1sokat, egyes esetekben pedig a j\u00f3h\u00edr\u00e9t s\u00e9rt\u0151 \u00e1ll\u00edt\u00e1sokat k\u00f6z\u00f6lt n\u00e9h\u00e1ny szerkeszt\u0151s\u00e9g, ez\u00e9rt a szervezet jogi&hellip; <\/p><\/div>\n\n\n<div class=\"wp-block-group posts-list-meta is-layout-flow wp-block-group-is-layout-flow\"><span class='article-list-item-author'><a href='https:\/\/www.greenpeace.org\/hungary\/author\/greenpeacehu\/'>Greenpeace Magyarorsz\u00e1g<\/a><\/span>\n\n<div class=\"wp-block-post-date\"><time datetime=\"2026-04-24T10:08:24+02:00\">2026. \u00e1prilis 24.<\/time><\/div><\/div>\n<\/div>\n<\/div>\n\n<\/li><li class=\"wp-block-post post-13601 post type-post status-publish format-standard has-post-thumbnail hentry category-ember-tarsadalom tag-szennyezes p4-page-type-sajtokozlemeny\">\n\n<div class=\"wp-block-columns is-layout-flex wp-container-core-columns-is-layout-9d6595d7 wp-block-columns-is-layout-flex\"><figure class=\"wp-block-post-featured-image\"><a href=\"https:\/\/www.greenpeace.org\/hungary\/sajtokozlemeny\/13601\/a-greenpeace-ausztria-feljelentest-tett-a-vas-varmegyeben-is-azbesztszennyezest-okozo-osztrak-kobanyakkal-kapcsolatban\/\" target=\"_self\"  ><img loading=\"lazy\" decoding=\"async\" width=\"1097\" height=\"771\" src=\"https:\/\/www.greenpeace.org\/static\/planet4-hungary-stateless\/2026\/04\/ee7213aa-\u00a9vanessa-wittmann_steinbruch_pilgersdorf_khd.png\" class=\"attachment-post-thumbnail size-post-thumbnail wp-post-image wp-stateless-item\" alt=\"A Greenpeace Ausztria feljelent\u00e9st tett a Vas v\u00e1rmegy\u00e9ben is azbesztszennyez\u00e9st okoz\u00f3 osztr\u00e1k k\u0151b\u00e1ny\u00e1kkal kapcsolatban\" style=\"object-fit:cover;\" srcset=\"https:\/\/www.greenpeace.org\/static\/planet4-hungary-stateless\/2026\/04\/ee7213aa-\u00a9vanessa-wittmann_steinbruch_pilgersdorf_khd.png 1097w, https:\/\/www.greenpeace.org\/static\/planet4-hungary-stateless\/2026\/04\/ee7213aa-\u00a9vanessa-wittmann_steinbruch_pilgersdorf_khd-300x211.png 300w, https:\/\/www.greenpeace.org\/static\/planet4-hungary-stateless\/2026\/04\/ee7213aa-\u00a9vanessa-wittmann_steinbruch_pilgersdorf_khd-1024x720.png 1024w, https:\/\/www.greenpeace.org\/static\/planet4-hungary-stateless\/2026\/04\/ee7213aa-\u00a9vanessa-wittmann_steinbruch_pilgersdorf_khd-768x540.png 768w, https:\/\/www.greenpeace.org\/static\/planet4-hungary-stateless\/2026\/04\/ee7213aa-\u00a9vanessa-wittmann_steinbruch_pilgersdorf_khd-484x340.png 484w\" sizes=\"auto, (max-width: 1097px) 100vw, 1097px\" data-image-size=\"post-thumbnail\" data-stateless-media-bucket=\"planet4-hungary-stateless\" data-stateless-media-name=\"2026\/04\/ee7213aa-\u00a9vanessa-wittmann_steinbruch_pilgersdorf_khd.png\" \/><\/a><\/figure>\n\n\n<div class=\"wp-block-group is-layout-flow wp-block-group-is-layout-flow\">\n<div class=\"wp-block-group is-layout-flex wp-block-group-is-layout-flex\"><div class=\"wp-block-post-terms\"><a href=\"https:\/\/www.greenpeace.org\/hungary\/category\/ugyek\/ember-tarsadalom\/\">Ember &amp; T\u00e1rsadalom<\/a><\/div>\n\n<div class=\"taxonomy-post_tag wp-block-post-terms\"><a href=\"https:\/\/www.greenpeace.org\/hungary\/tag\/szennyezes\/\" rel=\"tag\">Szennyez\u00e9s<\/a><\/div><\/div>\n\n\n<h3 class=\"wp-block-post-title\"><a href=\"https:\/\/www.greenpeace.org\/hungary\/sajtokozlemeny\/13601\/a-greenpeace-ausztria-feljelentest-tett-a-vas-varmegyeben-is-azbesztszennyezest-okozo-osztrak-kobanyakkal-kapcsolatban\/\" target=\"_self\" >A Greenpeace Ausztria feljelent\u00e9st tett a Vas v\u00e1rmegy\u00e9ben is azbesztszennyez\u00e9st okoz\u00f3 osztr\u00e1k k\u0151b\u00e1ny\u00e1kkal kapcsolatban<\/a><\/h3>\n\n<div class=\"wp-block-post-excerpt\"><p class=\"wp-block-post-excerpt__excerpt\">Eisenstadt\/B\u00e9cs 2026.04.22\u2013 B\u0171ncselekm\u00e9ny gyan\u00faja miatt tett feljelent\u00e9st a Greenpeace Ausztria az azbeszttel terhelt pilgersdorfi k\u0151b\u00e1nya \u00fczemeltet\u0151i ellen. Hab\u00e1r a hat\u00f3s\u00e1goknak legk\u00e9s\u0151bb 2011 \u00f3ta volt tudom\u00e1suk a k\u0151b\u00e1nya azbesztterhel\u00e9s\u00e9r\u0151l, alig n\u00e9h\u00e1ny&hellip; <\/p><\/div>\n\n\n<div class=\"wp-block-group posts-list-meta is-layout-flow wp-block-group-is-layout-flow\"><span class='article-list-item-author'><a href='https:\/\/www.greenpeace.org\/hungary\/author\/greenpeacehu\/'>Greenpeace Magyarorsz\u00e1g<\/a><\/span>\n\n<div class=\"wp-block-post-date\"><time datetime=\"2026-04-22T14:58:08+02:00\">2026. \u00e1prilis 22.<\/time><\/div><\/div>\n<\/div>\n<\/div>\n\n<\/li><\/ul>\n\n\n<div class=\"wp-block-buttons carousel-controls is-horizontal is-content-justification-space-between is-nowrap is-layout-flex wp-container-core-buttons-is-layout-044bd602 wp-block-buttons-is-layout-flex\">\n<div class=\"wp-block-button carousel-control-prev\"><button type=\"button\" class=\"wp-block-button__link wp-element-button\">El\u0151z\u0151<\/button><\/div>\n\n\n\n<div class=\"wp-block-button carousel-control-next\"><button type=\"button\" class=\"wp-block-button__link wp-element-button\">K\u00f6vetkez\u0151<\/button><\/div>\n<\/div>\n\n\n<li class=\" wp-block-navigation-item see-all-link wp-block-navigation-link\"><a class=\"wp-block-navigation-item__content\"  href=\"http:\/\/www.greenpeace.org\/hungary\/news-stories\/?post-type=blog\"><span class=\"wp-block-navigation-item__label\">N\u00e9zd meg mindet<\/span><\/a><\/li><\/div>\n\n<hr class=\"wp-block-separator has-text-color has-green-800-color has-alpha-channel-opacity has-green-800-background-color has-background\"\/>\n\n<h2 class=\"wp-block-heading has-text-align-center\">K\u00f6vesd munk\u00e1nkat, iratkozz fel leveleinkre!<\/h2>\n\n<div class=\"wp-block-group is-style-reset-margin has-beige-100-background-color has-background is-layout-flow wp-block-group-is-layout-flow\" style=\"padding-top:0px;padding-right:0px;padding-bottom:0px;padding-left:0px\">\n<div class=\"wp-block-columns are-vertically-aligned-center is-not-stacked-on-mobile is-style-mobile-carousel is-layout-flex wp-container-core-columns-is-layout-9d6595d7 wp-block-columns-is-layout-flex\">\n<div class=\"wp-block-column is-vertically-aligned-center is-layout-flow wp-block-column-is-layout-flow\">\n<div class=\"wp-block-cover aligncenter is-light\"><img loading=\"lazy\" decoding=\"async\" width=\"1024\" height=\"683\" class=\"wp-block-cover__image-background wp-image-12324\" alt=\"\" src=\"https:\/\/www.greenpeace.org\/static\/planet4-hungary-stateless\/2025\/07\/90b1ed17-vadmeh-faj_pribeli-levente-1024x683.jpg\" data-object-fit=\"cover\" srcset=\"https:\/\/www.greenpeace.org\/static\/planet4-hungary-stateless\/2025\/07\/90b1ed17-vadmeh-faj_pribeli-levente-1024x683.jpg 1024w, https:\/\/www.greenpeace.org\/static\/planet4-hungary-stateless\/2025\/07\/90b1ed17-vadmeh-faj_pribeli-levente-300x200.jpg 300w, https:\/\/www.greenpeace.org\/static\/planet4-hungary-stateless\/2025\/07\/90b1ed17-vadmeh-faj_pribeli-levente-768x512.jpg 768w, https:\/\/www.greenpeace.org\/static\/planet4-hungary-stateless\/2025\/07\/90b1ed17-vadmeh-faj_pribeli-levente-510x340.jpg 510w, https:\/\/www.greenpeace.org\/static\/planet4-hungary-stateless\/2025\/07\/90b1ed17-vadmeh-faj_pribeli-levente.jpg 1200w\" sizes=\"auto, (max-width: 1024px) 100vw, 1024px\" \/><span aria-hidden=\"true\" class=\"wp-block-cover__background has-background-dim-0 has-background-dim\"><\/span><div class=\"wp-block-cover__inner-container is-layout-flow wp-block-cover-is-layout-flow\">\n<h3 class=\"wp-block-heading has-text-align-right is-style-chevron has-beige-100-color has-text-color has-link-color has-large-font-size wp-elements-f9becb29f0685ad7d79cdb647ca03866\">H\u00edrlev\u00e9l<\/h3>\n<\/div><\/div>\n<\/div>\n\n\n\n<div class=\"wp-block-column is-vertically-aligned-center has-beige-100-background-color has-background is-layout-flow wp-block-column-is-layout-flow\">\n<div class=\"wp-block-group is-style-default is-vertical is-content-justification-center is-layout-flex wp-container-core-group-is-layout-d4d0c5bc wp-block-group-is-layout-flex\" style=\"padding-top:20px;padding-right:20px;padding-bottom:20px;padding-left:20px\"><script type=\"text\/javascript\">\n\/* <![CDATA[ *\/\nvar gform;gform||(document.addEventListener(\"gform_main_scripts_loaded\",function(){gform.scriptsLoaded=!0}),document.addEventListener(\"gform\/theme\/scripts_loaded\",function(){gform.themeScriptsLoaded=!0}),window.addEventListener(\"DOMContentLoaded\",function(){gform.domLoaded=!0}),gform={domLoaded:!1,scriptsLoaded:!1,themeScriptsLoaded:!1,isFormEditor:()=>\"function\"==typeof InitializeEditor,callIfLoaded:function(o){return!(!gform.domLoaded||!gform.scriptsLoaded||!gform.themeScriptsLoaded&&!gform.isFormEditor()||(gform.isFormEditor()&&console.warn(\"The use of gform.initializeOnLoaded() is deprecated in the form editor context and will be removed in Gravity Forms 3.1.\"),o(),0))},initializeOnLoaded:function(o){gform.callIfLoaded(o)||(document.addEventListener(\"gform_main_scripts_loaded\",()=>{gform.scriptsLoaded=!0,gform.callIfLoaded(o)}),document.addEventListener(\"gform\/theme\/scripts_loaded\",()=>{gform.themeScriptsLoaded=!0,gform.callIfLoaded(o)}),window.addEventListener(\"DOMContentLoaded\",()=>{gform.domLoaded=!0,gform.callIfLoaded(o)}))},hooks:{action:{},filter:{}},addAction:function(o,r,e,t){gform.addHook(\"action\",o,r,e,t)},addFilter:function(o,r,e,t){gform.addHook(\"filter\",o,r,e,t)},doAction:function(o){gform.doHook(\"action\",o,arguments)},applyFilters:function(o){return gform.doHook(\"filter\",o,arguments)},removeAction:function(o,r){gform.removeHook(\"action\",o,r)},removeFilter:function(o,r,e){gform.removeHook(\"filter\",o,r,e)},addHook:function(o,r,e,t,n){null==gform.hooks[o][r]&&(gform.hooks[o][r]=[]);var d=gform.hooks[o][r];null==n&&(n=r+\"_\"+d.length),gform.hooks[o][r].push({tag:n,callable:e,priority:t=null==t?10:t})},doHook:function(r,o,e){var t;if(e=Array.prototype.slice.call(e,1),null!=gform.hooks[r][o]&&((o=gform.hooks[r][o]).sort(function(o,r){return o.priority-r.priority}),o.forEach(function(o){\"function\"!=typeof(t=o.callable)&&(t=window[t]),\"action\"==r?t.apply(null,e):e[0]=t.apply(null,e)})),\"filter\"==r)return e[0]},removeHook:function(o,r,t,n){var e;null!=gform.hooks[o][r]&&(e=(e=gform.hooks[o][r]).filter(function(o,r,e){return!!(null!=n&&n!=o.tag||null!=t&&t!=o.priority)}),gform.hooks[o][r]=e)}});\n\/* ]]> *\/\n<\/script>\n\n                <div class='gf_browser_gecko gform_wrapper gravity-theme gform-theme--no-framework' data-form-theme='gravity-theme' data-form-index='0' id='gform_wrapper_2' ><div id='gf_2' class='gform_anchor' tabindex='-1'><\/div><form method='post' enctype='multipart\/form-data' target='gform_ajax_frame_2' id='gform_2'  action='\/hungary\/wp-json\/wp\/v2\/pages\/11#gf_2' data-formid='2' novalidate>\n                        <div class='gform-body gform_body'><div id='gform_fields_2' class='gform_fields top_label form_sublabel_below description_below validation_below'><div id=\"field_2_11\" class=\"gfield gfield--type-honeypot gform_validation_container field_sublabel_below gfield--has-description field_description_below field_validation_below gfield_visibility_visible\"  ><label class='gfield_label gform-field-label' for='input_2_11'>Name<\/label><div class='ginput_container'><input name='input_11' id='input_2_11' type='text' value='' autocomplete='new-password'\/><\/div><div class='gfield_description' id='gfield_description_2_11'>Ez a mez\u0151 az \u00e9rv\u00e9nyes\u00edt\u00e9shez van \u00e9s \u00fcresen kell hagyni.<\/div><\/div><div id=\"field_2_1\" class=\"gfield gfield--type-text gfield--input-type-text gfield--width-half gfield_contains_required field_sublabel_below gfield--no-description field_description_below hidden_label field_validation_below gfield_visibility_visible\"  ><label class='gfield_label gform-field-label' for='input_2_1'>Vezet\u00e9kn\u00e9v*<span class=\"gfield_required\"><span class=\"gfield_required gfield_required_text\">(K\u00f6telez\u0151)<\/span><\/span><\/label><div class='ginput_container ginput_container_text'><input name='input_1' id='input_2_1' type='text' value='' class='large'    placeholder='Vezet\u00e9kn\u00e9v*' aria-required=\"true\" aria-invalid=\"false\"   \/><\/div><\/div><div id=\"field_2_3\" class=\"gfield gfield--type-text gfield--input-type-text gfield--width-half gfield_contains_required field_sublabel_below gfield--no-description field_description_below hidden_label field_validation_below gfield_visibility_visible\"  ><label class='gfield_label gform-field-label' for='input_2_3'>Keresztn\u00e9v*<span class=\"gfield_required\"><span class=\"gfield_required gfield_required_text\">(K\u00f6telez\u0151)<\/span><\/span><\/label><div class='ginput_container ginput_container_text'><input name='input_3' id='input_2_3' type='text' value='' class='large'    placeholder='Keresztn\u00e9v*' aria-required=\"true\" aria-invalid=\"false\"   \/><\/div><\/div><div id=\"field_2_4\" class=\"gfield gfield--type-email gfield--input-type-email gfield--width-full gfield_contains_required field_sublabel_below gfield--no-description field_description_below hidden_label field_validation_below gfield_visibility_visible\"  ><label class='gfield_label gform-field-label' for='input_2_4'>E-mail-c\u00edm*<span class=\"gfield_required\"><span class=\"gfield_required gfield_required_text\">(K\u00f6telez\u0151)<\/span><\/span><\/label><div class='ginput_container ginput_container_email'>\n                            <input name='input_4' id='input_2_4' type='email' value='' class='large'   placeholder='E-mail-c\u00edm*' aria-required=\"true\" aria-invalid=\"false\"  \/>\n                        <\/div><\/div><div id=\"field_2_5\" class=\"gfield gfield--type-phone gfield--input-type-phone gfield--width-full field_sublabel_below gfield--no-description field_description_below hidden_label field_validation_below gfield_visibility_visible\"  ><label class='gfield_label gform-field-label' for='input_2_5'>Telefonsz\u00e1m<\/label><div class='ginput_container ginput_container_phone'><input name='input_5' id='input_2_5' type='tel' value='' class='large'  placeholder='Telefonsz\u00e1m'  aria-invalid=\"false\"   \/><\/div><\/div><fieldset id=\"field_2_6\" class=\"gfield gfield--type-checkbox gfield--type-choice gfield--input-type-checkbox gfield--width-full gfield_contains_required field_sublabel_below gfield--no-description field_description_below hidden_label field_validation_below gfield_visibility_visible custom-control\"  data-field-class=\"custom-control\" ><legend class='gfield_label gform-field-label gfield_label_before_complex' >Adatkezel\u00e9s<span class=\"gfield_required\"><span class=\"gfield_required gfield_required_text\">(K\u00f6telez\u0151)<\/span><\/span><\/legend><div class='ginput_container ginput_container_checkbox'><div class='gfield_checkbox ' id='input_2_6'><div class='gchoice gchoice_2_6_1'>\n\t\t\t\t\t\t\t\t<input class='gfield-choice-input' name='input_6.1' type='checkbox'  value='true'  id='choice_2_6_1'   \/>\n\t\t\t\t\t\t\t\t<label for='choice_2_6_1' id='label_2_6_1' class='gform-field-label gform-field-label--type-inline'>Elfogadom az <a href=\"https:\/\/www.greenpeace.org\/hungary\/adatkezeles\" target=\"_blank\">adatkezel\u00e9si t\u00e1j\u00e9koztat\u00f3t<\/a>, \u00e9s hozz\u00e1j\u00e1rulok adataim kezel\u00e9s\u00e9hez.*<\/label>\n\t\t\t\t\t\t\t<\/div><\/div><\/div><\/fieldset><fieldset id=\"field_2_8\" class=\"gfield gfield--type-multi_choice gfield--type-choice gfield--input-type-radio gfield--width-full field_sublabel_below gfield--no-description field_description_below field_validation_below gfield_visibility_hidden gfield--choice-align-vertical\"  ><div class=\"admin-hidden-markup\"><i class=\"gform-icon gform-icon--hidden\" aria-hidden=\"true\" title=\"This field is hidden when viewing the form\"><\/i><span>This field is hidden when viewing the form<\/span><\/div><legend class='gfield_label gform-field-label gfield_label_before_complex' >Enged\u00e9lyezed, hogy a Greenpeace Magyarorsz\u00e1g megadott el\u00e9rhet\u0151s\u00e9geiden \u00e9rtes\u00edtsen a kamp\u00e1nyokr\u00f3l, \u00e9s az azokban val\u00f3 r\u00e9szv\u00e9tel lehet\u0151s\u00e9geir\u0151l?<\/legend><div class='ginput_container ginput_container_radio'><div class='gfield_radio' id='input_2_8'>\n\t\t\t<div class='gchoice gchoice_2_8_0'>\n\t\t\t\t\t<input class='gfield-choice-input' name='input_8' type='radio' value='true' checked='checked' id='choice_2_8_0' onchange='gformToggleRadioOther( this )'    \/>\n\t\t\t\t\t<label for='choice_2_8_0' id='label_2_8_0' class='gform-field-label gform-field-label--type-inline'>Igen, k\u00e9rek \u00e9rtes\u00edt\u00e9st<\/label>\n\t\t\t<\/div><\/div><\/div><\/fieldset><div id=\"field_2_7\" class=\"gfield gfield--type-text gfield--input-type-text gfield--width-full field_sublabel_below gfield--no-description field_description_below field_validation_below gfield_visibility_hidden\"  ><div class=\"admin-hidden-markup\"><i class=\"gform-icon gform-icon--hidden\" aria-hidden=\"true\" title=\"This field is hidden when viewing the form\"><\/i><span>This field is hidden when viewing the form<\/span><\/div><label class='gfield_label gform-field-label' for='input_2_7'>Source<\/label><div class='ginput_container ginput_container_text'><input name='input_7' id='input_2_7' type='text' value='' class='large'      aria-invalid=\"false\"   \/><\/div><\/div><div id=\"field_2_9\" class=\"gfield gfield--type-text gfield--input-type-text gfield--width-full field_sublabel_below gfield--no-description field_description_below field_validation_below gfield_visibility_hidden\"  ><div class=\"admin-hidden-markup\"><i class=\"gform-icon gform-icon--hidden\" aria-hidden=\"true\" title=\"This field is hidden when viewing the form\"><\/i><span>This field is hidden when viewing the form<\/span><\/div><label class='gfield_label gform-field-label' for='input_2_9'>Orsz\u00e1g\/r\u00e9gi\u00f3<\/label><div class='ginput_container ginput_container_text'><input name='input_9' id='input_2_9' type='text' value='HU' class='large'      aria-invalid=\"false\"   \/><\/div><\/div><fieldset id=\"field_2_10\" class=\"gfield gfield--type-checkbox gfield--type-choice gfield--input-type-checkbox gfield--width-full field_sublabel_below gfield--no-description field_description_below field_validation_below gfield_visibility_hidden custom-control\"  data-field-class=\"custom-control\" ><div class=\"admin-hidden-markup\"><i class=\"gform-icon gform-icon--hidden\" aria-hidden=\"true\" title=\"This field is hidden when viewing the form\"><\/i><span>This field is hidden when viewing the form<\/span><\/div><legend class='gfield_label gform-field-label gfield_label_before_complex' >Owned HU<\/legend><div class='ginput_container ginput_container_checkbox'><div class='gfield_checkbox ' id='input_2_10'><div class='gchoice gchoice_2_10_1'>\n\t\t\t\t\t\t\t\t<input class='gfield-choice-input' name='input_10.1' type='checkbox'  value='Yes' checked='checked' id='choice_2_10_1'   \/>\n\t\t\t\t\t\t\t\t<label for='choice_2_10_1' id='label_2_10_1' class='gform-field-label gform-field-label--type-inline'>Yes<\/label>\n\t\t\t\t\t\t\t<\/div><\/div><\/div><\/fieldset><\/div><\/div>\n        <div class='gform-footer gform_footer top_label'> <input type='submit' id='gform_submit_button_2' class='gform_button button' onclick='gform.submission.handleButtonClick(this);' data-submission-type='submit' value='Feliratkozom'  \/> <input type='hidden' name='gform_ajax' value='form_id=2&amp;title=&amp;description=&amp;tabindex=0&amp;theme=gravity-theme&amp;styles={&quot;theme&quot;:&quot;gravity-theme&quot;,&quot;inputPrimaryColor&quot;:&quot;#204ce5&quot;}&amp;hash=9388b77ec7b9e553f445ee2f7d0af39a' \/>\n            <input type='hidden' class='gform_hidden' name='gform_submission_method' data-js='gform_submission_method_2' value='iframe' \/>\n            <input type='hidden' class='gform_hidden' name='gform_theme' data-js='gform_theme_2' id='gform_theme_2' value='gravity-theme' \/>\n            <input type='hidden' class='gform_hidden' name='gform_style_settings' data-js='gform_style_settings_2' id='gform_style_settings_2' value='{&quot;theme&quot;:&quot;gravity-theme&quot;,&quot;inputPrimaryColor&quot;:&quot;#204ce5&quot;}' \/>\n            <input type='hidden' class='gform_hidden' name='is_submit_2' value='1' \/>\n            <input type='hidden' class='gform_hidden' name='gform_submit' value='2' \/>\n            \n            <input type='hidden' class='gform_hidden' name='gform_currency' data-currency='USD' value='S5M5GkLNLG89bdwQLB9AgyEtBLBPJ6Am4IHZ0bJ\/0xDuv2Ll9q8axgqygJkZfb5o1\/Zy2xjmWVMaA+PCfLP753R6Iv54xjCgVPKQrDJjvd8uwFQ=' \/>\n            <input type='hidden' class='gform_hidden' name='gform_unique_id' value='' \/>\n            <input type='hidden' class='gform_hidden' name='state_2' value='WyJ7XCI2LjFcIjpcImExYTFiZjViZDA3YThmOTQ0YmMwY2ZiYWQyYWNiZDRmXCIsXCI4XCI6W1wiYTFhMWJmNWJkMDdhOGY5NDRiYzBjZmJhZDJhY2JkNGZcIl0sXCIxMC4xXCI6XCI4NmE3MTIzYzhiOTY5ZDYzYWRjZDI3OGUxYjFmYzYwM1wifSIsIjJiOWRhNjUwMjBhMzI2NTJiZGRhNzE4ZjU4OGZkMDEzIl0=' \/>\n            <input type='hidden' autocomplete='off' class='gform_hidden' name='gform_target_page_number_2' id='gform_target_page_number_2' value='0' \/>\n            <input type='hidden' autocomplete='off' class='gform_hidden' name='gform_source_page_number_2' id='gform_source_page_number_2' value='1' \/>\n            <input type='hidden' name='gform_field_values' value='' \/>\n            \n        <\/div>\n                        <p style=\"display: none !important;\" class=\"akismet-fields-container\" data-prefix=\"ak_\"><label>&#916;<textarea name=\"ak_hp_textarea\" cols=\"45\" rows=\"8\" maxlength=\"100\"><\/textarea><\/label><input type=\"hidden\" id=\"ak_js_1\" name=\"ak_js\" value=\"220\"\/><script>document.getElementById( \"ak_js_1\" ).setAttribute( \"value\", ( new Date() ).getTime() );<\/script><\/p><\/form>\n                        <\/div>\n\t\t                <iframe style='display:none;width:0px;height:0px;' src='about:blank' name='gform_ajax_frame_2' id='gform_ajax_frame_2' title='This iframe contains the logic required to handle Ajax powered Gravity Forms.'><\/iframe>\n\t\t                <script type=\"text\/javascript\">\n\/* <![CDATA[ *\/\n gform.initializeOnLoaded( function() {gformInitSpinner( 2, 'https:\/\/www.greenpeace.org\/hungary\/wp-content\/plugins\/gravityforms\/images\/spinner.svg', true );jQuery('#gform_ajax_frame_2').on('load',function(){var contents = jQuery(this).contents().find('*').html();var is_postback = contents.indexOf('GF_AJAX_POSTBACK') >= 0;if(!is_postback){return;}var form_content = jQuery(this).contents().find('#gform_wrapper_2');var is_confirmation = jQuery(this).contents().find('#gform_confirmation_wrapper_2').length > 0;var is_redirect = contents.indexOf('gformRedirect(){') >= 0;var is_form = form_content.length > 0 && ! is_redirect && ! is_confirmation;var mt = parseInt(jQuery('html').css('margin-top'), 10) + parseInt(jQuery('body').css('margin-top'), 10) + 100;if(is_form){jQuery('#gform_wrapper_2').html(form_content.html());if(form_content.hasClass('gform_validation_error')){jQuery('#gform_wrapper_2').addClass('gform_validation_error');} else {jQuery('#gform_wrapper_2').removeClass('gform_validation_error');}setTimeout( function() { \/* delay the scroll by 50 milliseconds to fix a bug in chrome *\/ jQuery(document).scrollTop(jQuery('#gform_wrapper_2').offset().top - mt); }, 50 );if(window['gformInitDatepicker']) {gformInitDatepicker();}if(window['gformInitPriceFields']) {gformInitPriceFields();}var current_page = jQuery('#gform_source_page_number_2').val();gformInitSpinner( 2, 'https:\/\/www.greenpeace.org\/hungary\/wp-content\/plugins\/gravityforms\/images\/spinner.svg', true );jQuery(document).trigger('gform_page_loaded', [2, current_page]);window['gf_submitting_2'] = false;}else if(!is_redirect){var confirmation_content = jQuery(this).contents().find('.GF_AJAX_POSTBACK').html();if(!confirmation_content){confirmation_content = contents;}jQuery('#gform_wrapper_2').replaceWith(confirmation_content);jQuery(document).scrollTop(jQuery('#gf_2').offset().top - mt);jQuery(document).trigger('gform_confirmation_loaded', [2]);window['gf_submitting_2'] = false;wp.a11y.speak(jQuery('#gform_confirmation_message_2').text());}else{jQuery('#gform_2').append(contents);if(window['gformRedirect']) {gformRedirect();}}jQuery(document).trigger(\"gform_pre_post_render\", [{ formId: \"2\", currentPage: \"current_page\", abort: function() { this.preventDefault(); } }]);        if (event && event.defaultPrevented) {                return;        }        const gformWrapperDiv = document.getElementById( \"gform_wrapper_2\" );        if ( gformWrapperDiv ) {            const visibilitySpan = document.createElement( \"span\" );            visibilitySpan.id = \"gform_visibility_test_2\";            gformWrapperDiv.insertAdjacentElement( \"afterend\", visibilitySpan );        }        const visibilityTestDiv = document.getElementById( \"gform_visibility_test_2\" );        let postRenderFired = false;        function triggerPostRender() {            if ( postRenderFired ) {                return;            }            postRenderFired = true;            gform.core.triggerPostRenderEvents( 2, current_page );            if ( visibilityTestDiv ) {                visibilityTestDiv.parentNode.removeChild( visibilityTestDiv );            }        }        function debounce( func, wait, immediate ) {            var timeout;            return function() {                var context = this, args = arguments;                var later = function() {                    timeout = null;                    if ( !immediate ) func.apply( context, args );                };                var callNow = immediate && !timeout;                clearTimeout( timeout );                timeout = setTimeout( later, wait );                if ( callNow ) func.apply( context, args );            };        }        const debouncedTriggerPostRender = debounce( function() {            triggerPostRender();        }, 200 );        if ( visibilityTestDiv && visibilityTestDiv.offsetParent === null ) {            const observer = new MutationObserver( ( mutations ) => {                mutations.forEach( ( mutation ) => {                    if ( mutation.type === 'attributes' && visibilityTestDiv.offsetParent !== null ) {                        debouncedTriggerPostRender();                        observer.disconnect();                    }                });            });            observer.observe( document.body, {                attributes: true,                childList: false,                subtree: true,                attributeFilter: [ 'style', 'class' ],            });        } else {            triggerPostRender();        }    } );} ); \n\/* ]]> *\/\n<\/script>\n<\/div>\n<\/div>\n<\/div>\n<\/div>\n\n<hr class=\"wp-block-separator has-text-color has-green-800-color has-alpha-channel-opacity has-green-800-background-color has-background\"\/>\n","protected":false},"excerpt":{"rendered":"<p>Ismerd meg, milyen ter\u00fcleteken dolgozunk: Kl\u00edma &amp; Energia A kl\u00edmav\u00e1ltoz\u00e1s\u00e9rt els\u0151sorban mi, emberek vagyunk a felel\u0151sek. Meg kell el\u0151zn\u00fcnk a\u2026 Tudj meg t\u00f6bbet err\u0151l a k\u00e9rd\u00e9sr\u0151l #Kl\u00edmav\u00e9delem A F\u00f6ld kl\u00edm\u00e1ja v\u00e1ltozik. Egyre gyakoribbak a sz\u00e9ls\u0151s\u00e9ges id\u0151j\u00e1r\u00e1si esem\u00e9nyek. Egy\u00fctt kell\u2026 Term\u00e9szet &amp; K\u00f6rnyezet Sz\u00fcks\u00e9g\u00fcnk van a F\u00f6ld\u00fcnkre. Az \u00e9letet ad\u00f3 talajra, a vizekre, a leveg\u0151re.\u2026 Tudj [&hellip;]<\/p>\n","protected":false},"author":1,"featured_media":66,"parent":0,"menu_order":0,"comment_status":"closed","ping_status":"closed","template":"","meta":{"ep_exclude_from_search":false,"p4_hide_page_title_checkbox":"on","p4_title":"","p4_subtitle":"","p4_description":"","background_image_id":"","background_image":"","p4_button_title":"","p4_button_link":"","p4_button_link_checkbox":"","p4_og_title":"","p4_og_description":"","p4_og_image":"","p4_og_image_id":"","p4_seo_canonical_url":"","p4_campaign_name":"not set","p4_local_project":"not set","p4_basket_name":"not set","p4_department":"","footnotes":""},"categories":[],"tags":[],"class_list":["post-11","page","type-page","status-publish","has-post-thumbnail","hentry"],"_links":{"self":[{"href":"https:\/\/www.greenpeace.org\/hungary\/wp-json\/wp\/v2\/pages\/11","targetHints":{"allow":["GET"]}}],"collection":[{"href":"https:\/\/www.greenpeace.org\/hungary\/wp-json\/wp\/v2\/pages"}],"about":[{"href":"https:\/\/www.greenpeace.org\/hungary\/wp-json\/wp\/v2\/types\/page"}],"author":[{"embeddable":true,"href":"https:\/\/www.greenpeace.org\/hungary\/wp-json\/wp\/v2\/users\/1"}],"replies":[{"embeddable":true,"href":"https:\/\/www.greenpeace.org\/hungary\/wp-json\/wp\/v2\/comments?post=11"}],"version-history":[{"count":20,"href":"https:\/\/www.greenpeace.org\/hungary\/wp-json\/wp\/v2\/pages\/11\/revisions"}],"predecessor-version":[{"id":13265,"href":"https:\/\/www.greenpeace.org\/hungary\/wp-json\/wp\/v2\/pages\/11\/revisions\/13265"}],"wp:featuredmedia":[{"embeddable":true,"href":"https:\/\/www.greenpeace.org\/hungary\/wp-json\/wp\/v2\/media\/66"}],"wp:attachment":[{"href":"https:\/\/www.greenpeace.org\/hungary\/wp-json\/wp\/v2\/media?parent=11"}],"wp:term":[{"taxonomy":"category","embeddable":true,"href":"https:\/\/www.greenpeace.org\/hungary\/wp-json\/wp\/v2\/categories?post=11"},{"taxonomy":"post_tag","embeddable":true,"href":"https:\/\/www.greenpeace.org\/hungary\/wp-json\/wp\/v2\/tags?post=11"}],"curies":[{"name":"wp","href":"https:\/\/api.w.org\/{rel}","templated":true}]}}