{"id":54,"date":"2018-05-09T13:34:31","date_gmt":"2018-05-09T13:34:31","guid":{"rendered":"https:\/\/k8s.p4.greenpeace.org\/defaultcontent\/?page_id=54"},"modified":"2026-04-08T10:45:37","modified_gmt":"2026-04-08T08:45:37","slug":"termeszet-kornyezet","status":"publish","type":"page","link":"https:\/\/www.greenpeace.org\/hungary\/fedezd-fel\/termeszet-kornyezet\/","title":{"rendered":"Term\u00e9szet &#038; K\u00f6rnyezet"},"content":{"rendered":"\n<div class=\"wp-block-group is-vertical is-layout-flex wp-container-core-group-is-layout-8cf370e7 wp-block-group-is-layout-flex\">\n<p><span style=\"font-weight: 400\">Sz\u00fcks\u00e9g\u00fcnk van a F\u00f6ld\u00fcnkre. Az \u00e9letet ad\u00f3 talajra, a vizekre, a leveg\u0151re. A F\u00f6ld otthona soksz\u00edn\u0171 \u00e9l\u0151vil\u00e1gunknak. A csod\u00e1latos erd\u0151knek, \u00f3ce\u00e1noknak \u00e9s a leny\u0171g\u00f6z\u0151 \u00e1llatoknak. Nem engedhetj\u00fck, hogy kevesek kisaj\u00e1t\u00edts\u00e1k vagy elpuszt\u00edts\u00e1k term\u00e9szeti kincseinket. V\u00e9delm\u00fcnkbe kell venn\u00fcnk a bolyg\u00f3nkat!<\/span><\/p>\n<\/div>\n<div data-hydrate=\"planet4-blocks\/gallery\" data-attributes=\"{&quot;attributes&quot;:{&quot;gallery_block_style&quot;:2,&quot;gallery_block_title&quot;:&quot;Mi\\u00e9rt dolgozunk?&quot;,&quot;gallery_block_description&quot;:&quot;Term\\u00e9szeti kincseink v\\u00e9delme egyenl\\u0151 az \\u00e9let v\\u00e9delm\\u00e9vel. Amikor a k\\u00f6rnyezet\\u00fcnket v\\u00e9dj\\u00fck a saj\\u00e1t \\u00e9letfelt\\u00e9teleink meg\\u00f3v\\u00e1s\\u00e1\\u00e9rt k\\u00fczd\\u00fcnk. Tiszta leveg\\u0151t akarunk sz\\u00edvni, eg\\u00e9szs\\u00e9ges talajban akarjuk megtermelni az \\u00e9lelmiszereinket, \\u00e9letet ad\\u00f3 erd\\u0151kben szeretn\\u00e9nk gy\\u00f6ny\\u00f6rk\\u00f6dni \\u00e9s krist\\u00e1lytiszta vizekb\\u0151l szeretn\\u00e9nk oltani a szomjunkat. A bolyg\\u00f3nk az otthonunk, vigy\\u00e1znunk kell r\\u00e1!&quot;,&quot;multiple_image&quot;:&quot;362,364,363&quot;,&quot;gallery_block_focus_points&quot;:&quot;&quot;,&quot;image_data&quot;:[],&quot;images&quot;:[{&quot;image_src&quot;:&quot;https:\\\/\\\/www.greenpeace.org\\\/static\\\/planet4-hungary-stateless\\\/2018\\\/10\\\/6b656d6e-gp0stoe2u-768x529.jpg&quot;,&quot;image_srcset&quot;:&quot;https:\\\/\\\/www.greenpeace.org\\\/static\\\/planet4-hungary-stateless\\\/2018\\\/10\\\/6b656d6e-gp0stoe2u-768x529.jpg 768w, https:\\\/\\\/www.greenpeace.org\\\/static\\\/planet4-hungary-stateless\\\/2018\\\/10\\\/6b656d6e-gp0stoe2u-300x207.jpg 300w, https:\\\/\\\/www.greenpeace.org\\\/static\\\/planet4-hungary-stateless\\\/2018\\\/10\\\/6b656d6e-gp0stoe2u-1024x706.jpg 1024w, https:\\\/\\\/www.greenpeace.org\\\/static\\\/planet4-hungary-stateless\\\/2018\\\/10\\\/6b656d6e-gp0stoe2u-493x340.jpg 493w, https:\\\/\\\/www.greenpeace.org\\\/static\\\/planet4-hungary-stateless\\\/2018\\\/10\\\/6b656d6e-gp0stoe2u.jpg 1200w&quot;,&quot;image_sizes&quot;:&quot;(max-width: 768px) 100vw, 768px&quot;,&quot;alt_text&quot;:&quot;Sunrise Over Reef in Komodo National Park. \\u00a9 Paul Hilton&quot;,&quot;caption&quot;:&quot;Sunrise over the reef at Kanawa Island near Flores, Indonesia.  The island is located in the Komodo National Park.&quot;,&quot;focus_image&quot;:&quot;&quot;,&quot;credits&quot;:&quot;\\u00a9 Paul Hilton&quot;},{&quot;image_src&quot;:&quot;https:\\\/\\\/www.greenpeace.org\\\/static\\\/planet4-hungary-stateless\\\/2018\\\/10\\\/c7cfe0d5-gp0stpnl0-768x512.jpg&quot;,&quot;image_srcset&quot;:&quot;https:\\\/\\\/www.greenpeace.org\\\/static\\\/planet4-hungary-stateless\\\/2018\\\/10\\\/c7cfe0d5-gp0stpnl0-768x512.jpg 768w, https:\\\/\\\/www.greenpeace.org\\\/static\\\/planet4-hungary-stateless\\\/2018\\\/10\\\/c7cfe0d5-gp0stpnl0-300x200.jpg 300w, https:\\\/\\\/www.greenpeace.org\\\/static\\\/planet4-hungary-stateless\\\/2018\\\/10\\\/c7cfe0d5-gp0stpnl0-1024x683.jpg 1024w, https:\\\/\\\/www.greenpeace.org\\\/static\\\/planet4-hungary-stateless\\\/2018\\\/10\\\/c7cfe0d5-gp0stpnl0-510x340.jpg 510w, https:\\\/\\\/www.greenpeace.org\\\/static\\\/planet4-hungary-stateless\\\/2018\\\/10\\\/c7cfe0d5-gp0stpnl0.jpg 1200w&quot;,&quot;image_sizes&quot;:&quot;(max-width: 768px) 100vw, 768px&quot;,&quot;alt_text&quot;:&quot;Tapaj\\u00f3s River in Par\\u00e1. \\u00a9 F\\u00e1bio Nascimento&quot;,&quot;caption&quot;:&quot;Tapaj\\u00f3s river, which lays threatened by the constructions of dams along its course. Itaituba, Par\\u00e1, Brazil.&quot;,&quot;focus_image&quot;:&quot;&quot;,&quot;credits&quot;:&quot;\\u00a9 F\\u00e1bio Nascimento&quot;},{&quot;image_src&quot;:&quot;https:\\\/\\\/www.greenpeace.org\\\/static\\\/planet4-hungary-stateless\\\/2018\\\/10\\\/666b5130-gp025b3-768x512.jpg&quot;,&quot;image_srcset&quot;:&quot;https:\\\/\\\/www.greenpeace.org\\\/static\\\/planet4-hungary-stateless\\\/2018\\\/10\\\/666b5130-gp025b3-768x512.jpg 768w, https:\\\/\\\/www.greenpeace.org\\\/static\\\/planet4-hungary-stateless\\\/2018\\\/10\\\/666b5130-gp025b3-300x200.jpg 300w, https:\\\/\\\/www.greenpeace.org\\\/static\\\/planet4-hungary-stateless\\\/2018\\\/10\\\/666b5130-gp025b3-1024x683.jpg 1024w, https:\\\/\\\/www.greenpeace.org\\\/static\\\/planet4-hungary-stateless\\\/2018\\\/10\\\/666b5130-gp025b3-510x340.jpg 510w, https:\\\/\\\/www.greenpeace.org\\\/static\\\/planet4-hungary-stateless\\\/2018\\\/10\\\/666b5130-gp025b3.jpg 1200w&quot;,&quot;image_sizes&quot;:&quot;(max-width: 768px) 100vw, 768px&quot;,&quot;alt_text&quot;:&quot;Water Sample Collection in Thailand. \\u00a9 Athit Perawongmetha&quot;,&quot;caption&quot;:&quot;Greenpeace Water Patrol activists, wearing protective suits, collect samples of sediments from Samrong canal, which is located in an industrial district in Samutprakan province, 40 kilometres south of Bangkok. The activists warn local communities of the dangerous chemical poisons lurking in their water. This action follows the release of a Greenpeace report early last month that exposed the presence of heavy metals, hormone disrupting chemicals, and human carcinogens \\u2013 all greatly exceeding safety standards \\u2013 in Chao Phraya\\u2019s factory-lined canals.\\nGreenpeace is putting the pressure on Thailand\\u2019s government and industry to immediately implement a mandatory chemical disclosure system for industries to ensure that there are no more harmful waste-waters from factories through a \\u2018zero discharge\\u2019 policy.&quot;,&quot;focus_image&quot;:&quot;&quot;,&quot;credits&quot;:&quot;\\u00a9 Athit Perawongmetha&quot;}]}}\"><section class=\"block split-three-column \"><header><h2 class=\"page-section-header\">Mi\u00e9rt dolgozunk?<\/h2><\/header><p class=\"page-section-description\">Term\u00e9szeti kincseink v\u00e9delme egyenl\u0151 az \u00e9let v\u00e9delm\u00e9vel. Amikor a k\u00f6rnyezet\u00fcnket v\u00e9dj\u00fck a saj\u00e1t \u00e9letfelt\u00e9teleink meg\u00f3v\u00e1s\u00e1\u00e9rt k\u00fczd\u00fcnk. Tiszta leveg\u0151t akarunk sz\u00edvni, eg\u00e9szs\u00e9ges talajban akarjuk megtermelni az \u00e9lelmiszereinket, \u00e9letet ad\u00f3 erd\u0151kben szeretn\u00e9nk gy\u00f6ny\u00f6rk\u00f6dni \u00e9s krist\u00e1lytiszta vizekb\u0151l szeretn\u00e9nk oltani a szomjunkat. A bolyg\u00f3nk az otthonunk, vigy\u00e1znunk kell r\u00e1!<\/p><\/section><\/div><div data-render=\"planet4-blocks\/columns\" data-attributes=\"{&quot;attributes&quot;:{&quot;columns_block_style&quot;:&quot;image&quot;,&quot;columns_title&quot;:&quot;Kamp\\u00e1nyaink&quot;,&quot;columns_description&quot;:&quot;&quot;,&quot;columns&quot;:[{&quot;attachment&quot;:&quot;https:\\\/\\\/www.greenpeace.org\\\/static\\\/planet4-hungary-stateless\\\/2018\\\/10\\\/3579c959-2014-01-09-mintav\\u00e9telez\\u00e9s-a-hortob\\u00e1gyi-nemzeti-park-k\\u00f6zel\\u00e9ben-510x340.jpg&quot;,&quot;title&quot;:&quot;#Szennyez\\u00e9s&quot;,&quot;cta_link&quot;:&quot;http:\\\/\\\/www.greenpeace.org\\\/hungary\\\/tag\\\/szennyezes\\\/&quot;,&quot;attachment_srcset&quot;:&quot;https:\\\/\\\/www.greenpeace.org\\\/static\\\/planet4-hungary-stateless\\\/2018\\\/10\\\/3579c959-2014-01-09-mintav\\u00e9telez\\u00e9s-a-hortob\\u00e1gyi-nemzeti-park-k\\u00f6zel\\u00e9ben-510x340.jpg 510w, https:\\\/\\\/www.greenpeace.org\\\/static\\\/planet4-hungary-stateless\\\/2018\\\/10\\\/3579c959-2014-01-09-mintav\\u00e9telez\\u00e9s-a-hortob\\u00e1gyi-nemzeti-park-k\\u00f6zel\\u00e9ben-768x512.jpg 768w, https:\\\/\\\/www.greenpeace.org\\\/static\\\/planet4-hungary-stateless\\\/2018\\\/10\\\/3579c959-2014-01-09-mintav\\u00e9telez\\u00e9s-a-hortob\\u00e1gyi-nemzeti-park-k\\u00f6zel\\u00e9ben-1024x682.jpg 1024w, https:\\\/\\\/www.greenpeace.org\\\/static\\\/planet4-hungary-stateless\\\/2018\\\/10\\\/3579c959-2014-01-09-mintav\\u00e9telez\\u00e9s-a-hortob\\u00e1gyi-nemzeti-park-k\\u00f6zel\\u00e9ben.jpg 2000w&quot;},{&quot;attachment&quot;:&quot;https:\\\/\\\/www.greenpeace.org\\\/static\\\/planet4-hungary-stateless\\\/2018\\\/10\\\/95965e3f-gp0stsjh8-510x340.jpg&quot;,&quot;title&quot;:&quot;#M\\u0171anyag&quot;,&quot;cta_link&quot;:&quot;http:\\\/\\\/www.greenpeace.org\\\/hungary\\\/tag\\\/muanyag\\\/&quot;,&quot;attachment_srcset&quot;:&quot;https:\\\/\\\/www.greenpeace.org\\\/static\\\/planet4-hungary-stateless\\\/2018\\\/10\\\/95965e3f-gp0stsjh8-510x340.jpg 510w, https:\\\/\\\/www.greenpeace.org\\\/static\\\/planet4-hungary-stateless\\\/2018\\\/10\\\/95965e3f-gp0stsjh8-300x200.jpg 300w, https:\\\/\\\/www.greenpeace.org\\\/static\\\/planet4-hungary-stateless\\\/2018\\\/10\\\/95965e3f-gp0stsjh8-768x512.jpg 768w, https:\\\/\\\/www.greenpeace.org\\\/static\\\/planet4-hungary-stateless\\\/2018\\\/10\\\/95965e3f-gp0stsjh8-1024x683.jpg 1024w, https:\\\/\\\/www.greenpeace.org\\\/static\\\/planet4-hungary-stateless\\\/2018\\\/10\\\/95965e3f-gp0stsjh8.jpg 1199w&quot;},{&quot;attachment&quot;:&quot;https:\\\/\\\/www.greenpeace.org\\\/static\\\/planet4-hungary-stateless\\\/2018\\\/10\\\/cd2c8e66-gp0sto5dc-483x340.jpg&quot;,&quot;title&quot;:&quot;#\\u00c9l\\u0151vil\\u00e1g&quot;,&quot;cta_link&quot;:&quot;http:\\\/\\\/www.greenpeace.org\\\/hungary\\\/tag\\\/elovilag\\\/&quot;,&quot;attachment_srcset&quot;:&quot;https:\\\/\\\/www.greenpeace.org\\\/static\\\/planet4-hungary-stateless\\\/2018\\\/10\\\/cd2c8e66-gp0sto5dc-483x340.jpg 483w, https:\\\/\\\/www.greenpeace.org\\\/static\\\/planet4-hungary-stateless\\\/2018\\\/10\\\/cd2c8e66-gp0sto5dc-300x211.jpg 300w, https:\\\/\\\/www.greenpeace.org\\\/static\\\/planet4-hungary-stateless\\\/2018\\\/10\\\/cd2c8e66-gp0sto5dc-768x540.jpg 768w, https:\\\/\\\/www.greenpeace.org\\\/static\\\/planet4-hungary-stateless\\\/2018\\\/10\\\/cd2c8e66-gp0sto5dc-1024x720.jpg 1024w, https:\\\/\\\/www.greenpeace.org\\\/static\\\/planet4-hungary-stateless\\\/2018\\\/10\\\/cd2c8e66-gp0sto5dc.jpg 1200w&quot;}],&quot;className&quot;:&quot;is-style-image&quot;}}\"><\/div>\n<div class=\"wp-block-query actions-list p4-query-loop is-custom-layout-actions-list is-custom-layout-grid is-layout-grid wp-container-core-query-is-layout-29f43435 wp-block-query-is-layout-grid\">\n<h2 class=\"wp-block-heading\">Mit tehetsz?<\/h2>\n\n\n\n<p style=\"margin-top:24px;margin-bottom:32px\"><\/p>\n\n\n\n\n<ul class=\"wp-block-post-template is-layout-flow wp-block-post-template-is-layout-flow\"><li class=\"wp-block-post post-10078 page type-page status-publish has-post-thumbnail hentry category-termeszet-kornyezet tag-fogyasztas tag-muanyag\">\n<figure class=\"wp-block-post-featured-image\"><img loading=\"lazy\" decoding=\"async\" width=\"1200\" height=\"766\" src=\"https:\/\/www.greenpeace.org\/static\/planet4-hungary-stateless\/2022\/12\/d7139d08-gp0stqbda_high_res.jpg\" class=\"attachment-post-thumbnail size-post-thumbnail wp-post-image wp-stateless-item\" alt=\"\" style=\"object-fit:cover;\" srcset=\"https:\/\/www.greenpeace.org\/static\/planet4-hungary-stateless\/2022\/12\/d7139d08-gp0stqbda_high_res.jpg 1200w, https:\/\/www.greenpeace.org\/static\/planet4-hungary-stateless\/2022\/12\/d7139d08-gp0stqbda_high_res-300x192.jpg 300w, https:\/\/www.greenpeace.org\/static\/planet4-hungary-stateless\/2022\/12\/d7139d08-gp0stqbda_high_res-1024x654.jpg 1024w, https:\/\/www.greenpeace.org\/static\/planet4-hungary-stateless\/2022\/12\/d7139d08-gp0stqbda_high_res-768x490.jpg 768w, https:\/\/www.greenpeace.org\/static\/planet4-hungary-stateless\/2022\/12\/d7139d08-gp0stqbda_high_res-510x326.jpg 510w\" sizes=\"auto, (max-width: 1200px) 100vw, 1200px\" data-image-size=\"post-thumbnail\" data-stateless-media-bucket=\"planet4-hungary-stateless\" data-stateless-media-name=\"2022\/12\/d7139d08-gp0stqbda_high_res.jpg\" \/><\/figure>\n\n\n                <div class=\"wp-block-group group-stretched-link is-layout-flow wp-block-group-is-layout-flow\"><div class=\"wp-block-post-terms\">Term\u00e9szet &amp; K\u00f6rnyezet<\/div>\n                <h3 class=\"wp-block-post-title\"><a href=\"https:\/\/www.greenpeace.org\/hungary\/cselekedj\/szupermarketek-stop-muanyag\/\" target=\"_self\" >Szupermarketek \u2013 stop m\u0171anyag!<\/a><\/h3>\n                <div class=\"wp-block-post-excerpt\"><p class=\"wp-block-post-excerpt__excerpt\">\u00cdrd al\u00e1 a pet\u00edci\u00f3t, hogy a hazai \u00e9lelmiszerboltok radik\u00e1lisan cs\u00f6kkents\u00e9k az egyszer haszn\u00e1latos m\u0171anyagok haszn\u00e1lat\u00e1t. <\/p><\/div><\/div>\n                \n\n\n<div class=\"wp-block-group read-more-nav is-layout-flow wp-block-group-is-layout-flow\"><a href=\"https:\/\/www.greenpeace.org\/hungary\/cselekedj\/szupermarketek-stop-muanyag\/\" class=\"btn btn-primary btn-small\" aria-label=\"Cselekszem\">Cselekszem<\/a><\/div>\n\n<\/li><li class=\"wp-block-post post-13109 page type-page status-publish has-post-thumbnail hentry category-termeszet-kornyezet tag-elovilag\">\n<figure class=\"wp-block-post-featured-image\"><img loading=\"lazy\" decoding=\"async\" width=\"1400\" height=\"933\" src=\"https:\/\/www.greenpeace.org\/static\/planet4-hungary-stateless\/2025\/12\/42e9bfff-vedjuk-meg-a-vedett-erdeinket-sm.jpg\" class=\"attachment-post-thumbnail size-post-thumbnail wp-post-image wp-stateless-item\" alt=\"V\u00e9dj\u00fck meg a v\u00e9dett erdeinket!\" style=\"object-fit:cover;\" srcset=\"https:\/\/www.greenpeace.org\/static\/planet4-hungary-stateless\/2025\/12\/42e9bfff-vedjuk-meg-a-vedett-erdeinket-sm.jpg 1400w, https:\/\/www.greenpeace.org\/static\/planet4-hungary-stateless\/2025\/12\/42e9bfff-vedjuk-meg-a-vedett-erdeinket-sm-300x200.jpg 300w, https:\/\/www.greenpeace.org\/static\/planet4-hungary-stateless\/2025\/12\/42e9bfff-vedjuk-meg-a-vedett-erdeinket-sm-1024x682.jpg 1024w, https:\/\/www.greenpeace.org\/static\/planet4-hungary-stateless\/2025\/12\/42e9bfff-vedjuk-meg-a-vedett-erdeinket-sm-768x512.jpg 768w, https:\/\/www.greenpeace.org\/static\/planet4-hungary-stateless\/2025\/12\/42e9bfff-vedjuk-meg-a-vedett-erdeinket-sm-510x340.jpg 510w\" sizes=\"auto, (max-width: 1400px) 100vw, 1400px\" data-image-size=\"post-thumbnail\" data-stateless-media-bucket=\"planet4-hungary-stateless\" data-stateless-media-name=\"2025\/12\/42e9bfff-vedjuk-meg-a-vedett-erdeinket-sm.jpg\" \/><\/figure>\n\n\n                <div class=\"wp-block-group group-stretched-link is-layout-flow wp-block-group-is-layout-flow\"><div class=\"wp-block-post-terms\">Term\u00e9szet &amp; K\u00f6rnyezet<\/div>\n                <h3 class=\"wp-block-post-title\"><a href=\"https:\/\/www.greenpeace.org\/hungary\/cselekedj\/vedjuk-meg-a-vedett-erdeinket\/\" target=\"_self\" >V\u00e9dj\u00fck meg a v\u00e9dett erdeinket!<\/a><\/h3>\n                <div class=\"wp-block-post-excerpt\"><p class=\"wp-block-post-excerpt__excerpt\">Igen, j\u00f3l olvastad: ha szerinted is bizarr, hogy a v\u00e9dett erd\u0151k szorulnak v\u00e9delemre, akkor nem vagy egyed\u00fcl. A v\u00e9dett ter\u00fcleteknek mened\u00e9ket kellene jelenteni az \u00e9l\u0151vil\u00e1g sz\u00e1m\u00e1ra egy olyan vil\u00e1gban, ahol t\u00e1jaink nagy r\u00e9sz\u00e9t az emberi tev\u00e9kenys\u00e9g uralja. Olyan helyeknek kellene lenni\u00fck, ahol az \u00e9l\u0151vil\u00e1g \u00e9rdekei, a term\u00e9szetv\u00e9delem szempontjai \u00e9rv\u00e9nyes\u00fclnek. <\/p><\/div><\/div>\n                \n\n\n<div class=\"wp-block-group read-more-nav is-layout-flow wp-block-group-is-layout-flow\"><a href=\"https:\/\/www.greenpeace.org\/hungary\/cselekedj\/vedjuk-meg-a-vedett-erdeinket\/\" class=\"btn btn-primary btn-small\" aria-label=\"Cselekszem\">Cselekszem<\/a><\/div>\n\n<\/li><li class=\"wp-block-post post-12907 page type-page status-publish has-post-thumbnail hentry category-termeszet-kornyezet tag-fosszilis tag-szennyezes\">\n<figure class=\"wp-block-post-featured-image\"><img loading=\"lazy\" decoding=\"async\" width=\"1600\" height=\"1068\" src=\"https:\/\/www.greenpeace.org\/static\/planet4-hungary-stateless\/2025\/11\/502e8b73-gp0styi00-sm.jpg\" class=\"attachment-post-thumbnail size-post-thumbnail wp-post-image wp-stateless-item\" alt=\"A Greenpeace International aktivist\u00e1i vil\u00e1gszerte eveztek \u00e9s tiltakoztak az MV COCO k\u00f6r\u00fcl, egy speci\u00e1lis tengeri f\u00far\u00f3haj\u00f3 k\u00f6r\u00fcl, amely jelenleg adatokat gy\u0171jt a m\u00e9lytengeri b\u00e1ny\u00e1szat \u00e9llovasa, a The Metals Company sz\u00e1m\u00e1ra, utols\u00f3 exped\u00edci\u00f3j\u00e1n, miel\u0151tt a vil\u00e1g els\u0151 tengeri f\u00far\u00e1si enged\u00e9lyk\u00e9relm\u00e9t beny\u00fajtan\u00e1 a Csendes-\u00f3ce\u00e1nban.\" style=\"object-fit:cover;\" srcset=\"https:\/\/www.greenpeace.org\/static\/planet4-hungary-stateless\/2025\/11\/502e8b73-gp0styi00-sm.jpg 1600w, https:\/\/www.greenpeace.org\/static\/planet4-hungary-stateless\/2025\/11\/502e8b73-gp0styi00-sm-300x200.jpg 300w, https:\/\/www.greenpeace.org\/static\/planet4-hungary-stateless\/2025\/11\/502e8b73-gp0styi00-sm-1024x684.jpg 1024w, https:\/\/www.greenpeace.org\/static\/planet4-hungary-stateless\/2025\/11\/502e8b73-gp0styi00-sm-768x513.jpg 768w, https:\/\/www.greenpeace.org\/static\/planet4-hungary-stateless\/2025\/11\/502e8b73-gp0styi00-sm-1536x1025.jpg 1536w, https:\/\/www.greenpeace.org\/static\/planet4-hungary-stateless\/2025\/11\/502e8b73-gp0styi00-sm-510x340.jpg 510w\" sizes=\"auto, (max-width: 1600px) 100vw, 1600px\" data-image-size=\"post-thumbnail\" data-stateless-media-bucket=\"planet4-hungary-stateless\" data-stateless-media-name=\"2025\/11\/502e8b73-gp0styi00-sm.jpg\" \/><\/figure>\n\n\n                <div class=\"wp-block-group group-stretched-link is-layout-flow wp-block-group-is-layout-flow\"><div class=\"wp-block-post-terms\">Term\u00e9szet &amp; K\u00f6rnyezet<\/div>\n                <h3 class=\"wp-block-post-title\"><a href=\"https:\/\/www.greenpeace.org\/hungary\/cselekedj\/ne-engedjuk-hogy-elkezdodjon-a-melytengeri-banyaszat\/\" target=\"_self\" >Ne engedj\u00fck, hogy elkezd\u0151dj\u00f6n a m\u00e9lytengeri b\u00e1ny\u00e1szat!<\/a><\/h3>\n                <div class=\"wp-block-post-excerpt\"><p class=\"wp-block-post-excerpt__excerpt\">A m\u00e9lytengerek a biol\u00f3giai sokf\u00e9les\u00e9g p\u00e1ratlan t\u00e1rh\u00e1zai, melyek sz\u00e1mtalan csod\u00e1nak \u00e9s lehet\u0151s\u00e9gnek adnak otthont. Egyben az egyik legjobb sz\u00f6vets\u00e9geseink a kl\u00edmav\u00e1ltoz\u00e1s ellen. Az \u00f3ce\u00e1nok eg\u00e9szs\u00e9ge ez\u00e9rt minket is \u00e9rint, ahogy minden embert a vil\u00e1gon. Azonban k\u00f6zeledik egy, az eg\u00e9sz vil\u00e1got \u00e9rint\u0151 fenyeget\u00e9s: a m\u00e9lytengeri b\u00e1ny\u00e1szat. A j\u00f3 h\u00edr, hogy meg tudjuk akad\u00e1lyozni ennek az ipar\u00e1gnak&hellip; <\/p><\/div><\/div>\n                \n\n\n<div class=\"wp-block-group read-more-nav is-layout-flow wp-block-group-is-layout-flow\"><a href=\"https:\/\/www.greenpeace.org\/hungary\/cselekedj\/ne-engedjuk-hogy-elkezdodjon-a-melytengeri-banyaszat\/\" class=\"btn btn-primary btn-small\" aria-label=\"Cselekszem\">Cselekszem<\/a><\/div>\n\n<\/li><li class=\"wp-block-post post-12575 page type-page status-publish has-post-thumbnail hentry category-termeszet-kornyezet tag-szennyezes\">\n<figure class=\"wp-block-post-featured-image\"><img loading=\"lazy\" decoding=\"async\" width=\"1200\" height=\"808\" src=\"https:\/\/www.greenpeace.org\/static\/planet4-hungary-stateless\/2024\/11\/43b14b69-mg_4944_1200_v2.jpg\" class=\"attachment-post-thumbnail size-post-thumbnail wp-post-image wp-stateless-item\" alt=\"\u00c1ll\u00edtsuk meg az akkumul\u00e1torgy\u00e1rak szennyez\u00e9s\u00e9t!\" style=\"object-fit:cover;\" srcset=\"https:\/\/www.greenpeace.org\/static\/planet4-hungary-stateless\/2024\/11\/43b14b69-mg_4944_1200_v2.jpg 1200w, https:\/\/www.greenpeace.org\/static\/planet4-hungary-stateless\/2024\/11\/43b14b69-mg_4944_1200_v2-300x202.jpg 300w, https:\/\/www.greenpeace.org\/static\/planet4-hungary-stateless\/2024\/11\/43b14b69-mg_4944_1200_v2-1024x689.jpg 1024w, https:\/\/www.greenpeace.org\/static\/planet4-hungary-stateless\/2024\/11\/43b14b69-mg_4944_1200_v2-768x517.jpg 768w, https:\/\/www.greenpeace.org\/static\/planet4-hungary-stateless\/2024\/11\/43b14b69-mg_4944_1200_v2-505x340.jpg 505w\" sizes=\"auto, (max-width: 1200px) 100vw, 1200px\" data-image-size=\"post-thumbnail\" data-stateless-media-bucket=\"planet4-hungary-stateless\" data-stateless-media-name=\"2024\/11\/43b14b69-mg_4944_1200_v2.jpg\" \/><\/figure>\n\n\n                <div class=\"wp-block-group group-stretched-link is-layout-flow wp-block-group-is-layout-flow\"><div class=\"wp-block-post-terms\">Term\u00e9szet &amp; K\u00f6rnyezet<\/div>\n                <h3 class=\"wp-block-post-title\"><a href=\"https:\/\/www.greenpeace.org\/hungary\/cselekedj\/allitsuk-meg-az-akkumulatorgyarak-szennyezeset\/\" target=\"_self\" >\u00c1ll\u00edtsuk meg az akkumul\u00e1torgy\u00e1rak szennyez\u00e9s\u00e9t!<\/a><\/h3>\n                <div class=\"wp-block-post-excerpt\"><p class=\"wp-block-post-excerpt__excerpt\">K\u00f6vetelj\u00fck egy\u00fctt, hogy a korm\u00e1ny garant\u00e1lja az akkumul\u00e1toripari l\u00e9tes\u00edtm\u00e9nyekben dolgoz\u00f3k, a k\u00f6rny\u00e9ken lak\u00f3k eg\u00e9szs\u00e9g\u00e9nek, valamint a k\u00f6rnyezet \u00e9s \u00e9l\u0151vil\u00e1gunk v\u00e9delm\u00e9t. <\/p><\/div><\/div>\n                \n\n\n<div class=\"wp-block-group read-more-nav is-layout-flow wp-block-group-is-layout-flow\"><a href=\"https:\/\/www.greenpeace.org\/hungary\/cselekedj\/allitsuk-meg-az-akkumulatorgyarak-szennyezeset\/\" class=\"btn btn-primary btn-small\" aria-label=\"Cselekszem\">Cselekszem<\/a><\/div>\n\n<\/li><li class=\"wp-block-post post-11346 page type-page status-publish has-post-thumbnail hentry tag-elovilag\">\n<figure class=\"wp-block-post-featured-image\"><img loading=\"lazy\" decoding=\"async\" width=\"1920\" height=\"1080\" src=\"https:\/\/www.greenpeace.org\/static\/planet4-hungary-stateless\/2024\/11\/e4ddc754-mo50_1_1920.jpg\" class=\"attachment-post-thumbnail size-post-thumbnail wp-post-image wp-stateless-item\" alt=\"Magyarorsz\u00e1g 2050 - Greenpeace\" style=\"object-fit:cover;\" srcset=\"https:\/\/www.greenpeace.org\/static\/planet4-hungary-stateless\/2024\/11\/e4ddc754-mo50_1_1920.jpg 1920w, https:\/\/www.greenpeace.org\/static\/planet4-hungary-stateless\/2024\/11\/e4ddc754-mo50_1_1920-300x169.jpg 300w, https:\/\/www.greenpeace.org\/static\/planet4-hungary-stateless\/2024\/11\/e4ddc754-mo50_1_1920-1024x576.jpg 1024w, https:\/\/www.greenpeace.org\/static\/planet4-hungary-stateless\/2024\/11\/e4ddc754-mo50_1_1920-768x432.jpg 768w, https:\/\/www.greenpeace.org\/static\/planet4-hungary-stateless\/2024\/11\/e4ddc754-mo50_1_1920-1536x864.jpg 1536w, https:\/\/www.greenpeace.org\/static\/planet4-hungary-stateless\/2024\/11\/e4ddc754-mo50_1_1920-510x287.jpg 510w\" sizes=\"auto, (max-width: 1920px) 100vw, 1920px\" data-image-size=\"post-thumbnail\" data-stateless-media-bucket=\"planet4-hungary-stateless\" data-stateless-media-name=\"2024\/11\/e4ddc754-mo50_1_1920.jpg\" \/><\/figure>\n\n\n                <div class=\"wp-block-group group-stretched-link is-layout-flow wp-block-group-is-layout-flow\">\n                <h3 class=\"wp-block-post-title\"><a href=\"https:\/\/www.greenpeace.org\/hungary\/cselekedj\/magyarorszag-2050\/\" target=\"_self\" >\u00daj kl\u00edmat\u00f6rv\u00e9nyt Magyarorsz\u00e1gnak!<\/a><\/h3>\n                <div class=\"wp-block-post-excerpt\"><p class=\"wp-block-post-excerpt__excerpt\">\u00cdrjunk egy\u00fctt egy m\u00e1sik t\u00f6rt\u00e9netet: legyen \u00faj kl\u00edmat\u00f6rv\u00e9nye Magyarorsz\u00e1gnak! <\/p><\/div><\/div>\n                \n\n\n<div class=\"wp-block-group read-more-nav is-layout-flow wp-block-group-is-layout-flow\"><a href=\"https:\/\/www.greenpeace.org\/hungary\/cselekedj\/magyarorszag-2050\/\" class=\"btn btn-primary btn-small\" aria-label=\"Cselekszem\">Cselekszem<\/a><\/div>\n\n<\/li><li class=\"wp-block-post post-10647 page type-page status-publish has-post-thumbnail hentry category-termeszet-kornyezet tag-elovilag tag-viz\">\n<figure class=\"wp-block-post-featured-image\"><img loading=\"lazy\" decoding=\"async\" width=\"1200\" height=\"800\" src=\"https:\/\/www.greenpeace.org\/static\/planet4-hungary-stateless\/2023\/10\/97c82476-gp1suy5q.jpg\" class=\"attachment-post-thumbnail size-post-thumbnail wp-post-image wp-stateless-item\" alt=\"Tengeri f\u0171 a Saya De Malha Bankn\u00e1l az Indiai-\u00f3ce\u00e1non.\" style=\"object-fit:cover;\" srcset=\"https:\/\/www.greenpeace.org\/static\/planet4-hungary-stateless\/2023\/10\/97c82476-gp1suy5q.jpg 1200w, https:\/\/www.greenpeace.org\/static\/planet4-hungary-stateless\/2023\/10\/97c82476-gp1suy5q-300x200.jpg 300w, https:\/\/www.greenpeace.org\/static\/planet4-hungary-stateless\/2023\/10\/97c82476-gp1suy5q-1024x683.jpg 1024w, https:\/\/www.greenpeace.org\/static\/planet4-hungary-stateless\/2023\/10\/97c82476-gp1suy5q-768x512.jpg 768w, https:\/\/www.greenpeace.org\/static\/planet4-hungary-stateless\/2023\/10\/97c82476-gp1suy5q-510x340.jpg 510w\" sizes=\"auto, (max-width: 1200px) 100vw, 1200px\" data-image-size=\"post-thumbnail\" data-stateless-media-bucket=\"planet4-hungary-stateless\" data-stateless-media-name=\"2023\/10\/97c82476-gp1suy5q.jpg\" \/><\/figure>\n\n\n                <div class=\"wp-block-group group-stretched-link is-layout-flow wp-block-group-is-layout-flow\"><div class=\"wp-block-post-terms\">Term\u00e9szet &amp; K\u00f6rnyezet<\/div>\n                <h3 class=\"wp-block-post-title\"><a href=\"https:\/\/www.greenpeace.org\/hungary\/cselekedj\/valodi-vedelmet-az-oceanoknak\/\" target=\"_self\" >Val\u00f3di v\u00e9delmet az \u00f3ce\u00e1noknak!<\/a><\/h3>\n                <div class=\"wp-block-post-excerpt\"><p class=\"wp-block-post-excerpt__excerpt\">\u00cdrd al\u00e1 a pet\u00edci\u00f3t, \u00e9s k\u00e9rd a d\u00f6nt\u00e9shoz\u00f3kat, hogy ratifik\u00e1lj\u00e1k az ENSZ \u00f3ce\u00e1nv\u00e9delmi egyezm\u00e9ny\u00e9t, valamint jel\u00f6ljenek ki v\u00e9dett tengeri \u00f6vezeteket. <\/p><\/div><\/div>\n                \n\n\n<div class=\"wp-block-group read-more-nav is-layout-flow wp-block-group-is-layout-flow\"><a href=\"https:\/\/www.greenpeace.org\/hungary\/cselekedj\/valodi-vedelmet-az-oceanoknak\/\" class=\"btn btn-primary btn-small\" aria-label=\"Cselekszem\">Cselekszem<\/a><\/div>\n\n<\/li><li class=\"wp-block-post post-10039 page type-page status-publish has-post-thumbnail hentry category-termeszet-kornyezet tag-elovilag tag-erdo\">\n<figure class=\"wp-block-post-featured-image\"><img loading=\"lazy\" decoding=\"async\" width=\"1920\" height=\"1000\" src=\"https:\/\/www.greenpeace.org\/static\/planet4-hungary-stateless\/2022\/11\/e6eead4b-carpathian_petition_head_tomashulik_v2.jpg\" class=\"attachment-post-thumbnail size-post-thumbnail wp-post-image wp-stateless-item\" alt=\"\" style=\"object-fit:cover;\" srcset=\"https:\/\/www.greenpeace.org\/static\/planet4-hungary-stateless\/2022\/11\/e6eead4b-carpathian_petition_head_tomashulik_v2.jpg 1920w, https:\/\/www.greenpeace.org\/static\/planet4-hungary-stateless\/2022\/11\/e6eead4b-carpathian_petition_head_tomashulik_v2-300x156.jpg 300w, https:\/\/www.greenpeace.org\/static\/planet4-hungary-stateless\/2022\/11\/e6eead4b-carpathian_petition_head_tomashulik_v2-1024x533.jpg 1024w, https:\/\/www.greenpeace.org\/static\/planet4-hungary-stateless\/2022\/11\/e6eead4b-carpathian_petition_head_tomashulik_v2-768x400.jpg 768w, https:\/\/www.greenpeace.org\/static\/planet4-hungary-stateless\/2022\/11\/e6eead4b-carpathian_petition_head_tomashulik_v2-1536x800.jpg 1536w, https:\/\/www.greenpeace.org\/static\/planet4-hungary-stateless\/2022\/11\/e6eead4b-carpathian_petition_head_tomashulik_v2-510x266.jpg 510w\" sizes=\"auto, (max-width: 1920px) 100vw, 1920px\" data-image-size=\"post-thumbnail\" data-stateless-media-bucket=\"planet4-hungary-stateless\" data-stateless-media-name=\"2022\/11\/e6eead4b-carpathian_petition_head_tomashulik_v2.jpg\" \/><\/figure>\n\n\n                <div class=\"wp-block-group group-stretched-link is-layout-flow wp-block-group-is-layout-flow\"><div class=\"wp-block-post-terms\">Term\u00e9szet &amp; K\u00f6rnyezet<\/div>\n                <h3 class=\"wp-block-post-title\"><a href=\"https:\/\/www.greenpeace.org\/hungary\/cselekedj\/mentsuk-meg-a-karpatok-erdeit\/\" target=\"_self\" >Ments\u00fck meg a K\u00e1rp\u00e1tok erdeit!<\/a><\/h3>\n                <div class=\"wp-block-post-excerpt\"><p class=\"wp-block-post-excerpt__excerpt\">V\u00e9dj\u00fck meg a K\u00e1rp\u00e1tok erdeit, Eur\u00f3pa vadvil\u00e1g\u00e1nak utols\u00f3 mened\u00e9k\u00e9t. \u00c1llj ki az\u00e9rt, hogy betilts\u00e1k a felel\u0151tlen fakitermel\u00e9st \u00e9s az \u00faj erd\u00e9szeti utak l\u00e9tes\u00edt\u00e9s\u00e9t a K\u00e1rp\u00e1tok erdeiben! <\/p><\/div><\/div>\n                \n\n\n<div class=\"wp-block-group read-more-nav is-layout-flow wp-block-group-is-layout-flow\"><a href=\"https:\/\/www.greenpeace.org\/hungary\/cselekedj\/mentsuk-meg-a-karpatok-erdeit\/\" class=\"btn btn-primary btn-small\" aria-label=\"Cselekszem\">Cselekszem<\/a><\/div>\n\n<\/li><li class=\"wp-block-post post-8330 page type-page status-publish has-post-thumbnail hentry category-termeszet-kornyezet tag-elovilag\">\n<figure class=\"wp-block-post-featured-image\"><img loading=\"lazy\" decoding=\"async\" width=\"1024\" height=\"683\" src=\"https:\/\/www.greenpeace.org\/static\/planet4-hungary-stateless\/2021\/04\/d2cea2ab-termeszet_dzs.jpg\" class=\"attachment-post-thumbnail size-post-thumbnail wp-post-image wp-stateless-item\" alt=\"\" style=\"object-fit:cover;\" srcset=\"https:\/\/www.greenpeace.org\/static\/planet4-hungary-stateless\/2021\/04\/d2cea2ab-termeszet_dzs.jpg 1024w, https:\/\/www.greenpeace.org\/static\/planet4-hungary-stateless\/2021\/04\/d2cea2ab-termeszet_dzs-300x200.jpg 300w, https:\/\/www.greenpeace.org\/static\/planet4-hungary-stateless\/2021\/04\/d2cea2ab-termeszet_dzs-768x512.jpg 768w, https:\/\/www.greenpeace.org\/static\/planet4-hungary-stateless\/2021\/04\/d2cea2ab-termeszet_dzs-510x340.jpg 510w\" sizes=\"auto, (max-width: 1024px) 100vw, 1024px\" data-image-size=\"post-thumbnail\" data-stateless-media-bucket=\"planet4-hungary-stateless\" data-stateless-media-name=\"2021\/04\/d2cea2ab-termeszet_dzs.jpg\" \/><\/figure>\n\n\n                <div class=\"wp-block-group group-stretched-link is-layout-flow wp-block-group-is-layout-flow\"><div class=\"wp-block-post-terms\">Term\u00e9szet &amp; K\u00f6rnyezet<\/div>\n                <h3 class=\"wp-block-post-title\"><a href=\"https:\/\/www.greenpeace.org\/hungary\/cselekedj\/vedjuk-meg-a-termeszet-sokszinuseget\/\" target=\"_self\" >V\u00e9dj\u00fck meg a term\u00e9szet soksz\u00edn\u0171s\u00e9g\u00e9t!<\/a><\/h3>\n                <div class=\"wp-block-post-excerpt\"><p class=\"wp-block-post-excerpt__excerpt\">Nem engedhetj\u00fck, hogy kevesek gazdas\u00e1gi \u00e9rdekei miatt kisaj\u00e1t\u00edts\u00e1k, elpuszt\u00edts\u00e1k k\u00f6z\u00f6s term\u00e9szeti kincseinket. V\u00e9delm\u00fcnkbe kell venn\u00fcnk haz\u00e1nk \u00e9l\u0151vil\u00e1g\u00e1t! <\/p><\/div><\/div>\n                \n\n\n<div class=\"wp-block-group read-more-nav is-layout-flow wp-block-group-is-layout-flow\"><a href=\"https:\/\/www.greenpeace.org\/hungary\/cselekedj\/vedjuk-meg-a-termeszet-sokszinuseget\/\" class=\"btn btn-primary btn-small\" aria-label=\"Cselekszem\">Cselekszem<\/a><\/div>\n\n<\/li><li class=\"wp-block-post post-7447 page type-page status-publish has-post-thumbnail hentry category-ember-tarsadalom category-termeszet-kornyezet tag-muanyag\">\n<figure class=\"wp-block-post-featured-image\"><img loading=\"lazy\" decoding=\"async\" width=\"1500\" height=\"1002\" src=\"https:\/\/www.greenpeace.org\/static\/planet4-hungary-stateless\/2020\/09\/2f8b3ed9-gphu_pet_peti_background_1.jpg\" class=\"attachment-post-thumbnail size-post-thumbnail wp-post-image wp-stateless-item\" alt=\"\" style=\"object-fit:cover;\" srcset=\"https:\/\/www.greenpeace.org\/static\/planet4-hungary-stateless\/2020\/09\/2f8b3ed9-gphu_pet_peti_background_1.jpg 1500w, https:\/\/www.greenpeace.org\/static\/planet4-hungary-stateless\/2020\/09\/2f8b3ed9-gphu_pet_peti_background_1-300x200.jpg 300w, https:\/\/www.greenpeace.org\/static\/planet4-hungary-stateless\/2020\/09\/2f8b3ed9-gphu_pet_peti_background_1-1024x684.jpg 1024w, https:\/\/www.greenpeace.org\/static\/planet4-hungary-stateless\/2020\/09\/2f8b3ed9-gphu_pet_peti_background_1-768x513.jpg 768w, https:\/\/www.greenpeace.org\/static\/planet4-hungary-stateless\/2020\/09\/2f8b3ed9-gphu_pet_peti_background_1-510x340.jpg 510w\" sizes=\"auto, (max-width: 1500px) 100vw, 1500px\" data-image-size=\"post-thumbnail\" data-stateless-media-bucket=\"planet4-hungary-stateless\" data-stateless-media-name=\"2020\/09\/2f8b3ed9-gphu_pet_peti_background_1.jpg\" \/><\/figure>\n\n\n                <div class=\"wp-block-group group-stretched-link is-layout-flow wp-block-group-is-layout-flow\"><div class=\"wp-block-post-terms\">Ember &amp; T\u00e1rsadalom<\/div>\n                <h3 class=\"wp-block-post-title\"><a href=\"https:\/\/www.greenpeace.org\/hungary\/cselekedj\/vegyunk-bucsut-az-egyszer-hasznalatos-pet-palackoktol\/\" target=\"_self\" >Vegy\u00fcnk b\u00facs\u00fat az egyszer haszn\u00e1latos PET-palackokt\u00f3l!<\/a><\/h3>\n                <div class=\"wp-block-post-excerpt\"><p class=\"wp-block-post-excerpt__excerpt\">\u00cdrd al\u00e1 a pet\u00edci\u00f3t, k\u00f6veteld vel\u00fcnk egy\u00fctt, hogy az egyszeri haszn\u00e1lat ut\u00e1n kidob\u00e1sra \u00edt\u00e9lt eldobhat\u00f3 ital-csomagol\u00f3anyagok helyett legyenek visszav\u00e1lthat\u00f3 palackok! <\/p><\/div><\/div>\n                \n\n\n<div class=\"wp-block-group read-more-nav is-layout-flow wp-block-group-is-layout-flow\"><a href=\"https:\/\/www.greenpeace.org\/hungary\/cselekedj\/vegyunk-bucsut-az-egyszer-hasznalatos-pet-palackoktol\/\" class=\"btn btn-primary btn-small\" aria-label=\"Cselekszem\">Cselekszem<\/a><\/div>\n\n<\/li><li class=\"wp-block-post post-4565 page type-page status-publish has-post-thumbnail hentry category-termeszet-kornyezet tag-elovilag tag-viz\">\n<figure class=\"wp-block-post-featured-image\"><img loading=\"lazy\" decoding=\"async\" width=\"1200\" height=\"800\" src=\"https:\/\/www.greenpeace.org\/static\/planet4-hungary-stateless\/2019\/06\/52a52a09-gp0stoe38.jpg\" class=\"attachment-post-thumbnail size-post-thumbnail wp-post-image wp-stateless-item\" alt=\"Hawksbill Turtle in Komodo National Park. \u00a9 Paul Hilton \/ Greenpeace\" style=\"object-fit:cover;\" srcset=\"https:\/\/www.greenpeace.org\/static\/planet4-hungary-stateless\/2019\/06\/52a52a09-gp0stoe38.jpg 1200w, https:\/\/www.greenpeace.org\/static\/planet4-hungary-stateless\/2019\/06\/52a52a09-gp0stoe38-300x200.jpg 300w, https:\/\/www.greenpeace.org\/static\/planet4-hungary-stateless\/2019\/06\/52a52a09-gp0stoe38-768x512.jpg 768w, https:\/\/www.greenpeace.org\/static\/planet4-hungary-stateless\/2019\/06\/52a52a09-gp0stoe38-1024x683.jpg 1024w, https:\/\/www.greenpeace.org\/static\/planet4-hungary-stateless\/2019\/06\/52a52a09-gp0stoe38-510x340.jpg 510w\" sizes=\"auto, (max-width: 1200px) 100vw, 1200px\" data-image-size=\"post-thumbnail\" data-stateless-media-bucket=\"planet4-hungary-stateless\" data-stateless-media-name=\"2019\/06\/52a52a09-gp0stoe38.jpg\" \/><\/figure>\n\n\n                <div class=\"wp-block-group group-stretched-link is-layout-flow wp-block-group-is-layout-flow\"><div class=\"wp-block-post-terms\">Term\u00e9szet &amp; K\u00f6rnyezet<\/div>\n                <h3 class=\"wp-block-post-title\"><a href=\"https:\/\/www.greenpeace.org\/hungary\/cselekedj\/vedjuk-meg-az-oceanokat\/\" target=\"_self\" >V\u00e9dj\u00fck meg az \u00f3ce\u00e1nokat!<\/a><\/h3>\n                <div class=\"wp-block-post-excerpt\"><p class=\"wp-block-post-excerpt__excerpt\">Kl\u00edmav\u00e1ltoz\u00e1s, m\u0171anyagszennyez\u00e9s, m\u00e9lytengeri b\u00e1ny\u00e1szat, t\u00falhal\u00e1szat: az \u00f3ce\u00e1nokat fenyeget\u0151 vesz\u00e9lyek napr\u00f3l napra s\u00falyosabbak. MOST KELL CSELEKEDN\u00dcNK! <\/p><\/div><\/div>\n                \n\n\n<div class=\"wp-block-group read-more-nav is-layout-flow wp-block-group-is-layout-flow\"><a href=\"https:\/\/www.greenpeace.org\/hungary\/cselekedj\/vedjuk-meg-az-oceanokat\/\" class=\"btn btn-primary btn-small\" aria-label=\"Cselekszem\">Cselekszem<\/a><\/div>\n\n<\/li><li class=\"wp-block-post post-3219 page type-page status-publish has-post-thumbnail hentry category-ember-tarsadalom category-termeszet-kornyezet tag-egeszseg tag-szennyezes tag-levego\">\n<figure class=\"wp-block-post-featured-image\"><img loading=\"lazy\" decoding=\"async\" width=\"1200\" height=\"800\" src=\"https:\/\/www.greenpeace.org\/static\/planet4-hungary-stateless\/2018\/12\/78595adb-gp0strhwn.jpg\" class=\"attachment-post-thumbnail size-post-thumbnail wp-post-image wp-stateless-item\" alt=\"Photomontage for Children and Air Pollution Initiative in Mexico. \u00a9 Aar\u00f3n Borr\u00e1s\" style=\"object-fit:cover;\" srcset=\"https:\/\/www.greenpeace.org\/static\/planet4-hungary-stateless\/2018\/12\/78595adb-gp0strhwn.jpg 1200w, https:\/\/www.greenpeace.org\/static\/planet4-hungary-stateless\/2018\/12\/78595adb-gp0strhwn-300x200.jpg 300w, https:\/\/www.greenpeace.org\/static\/planet4-hungary-stateless\/2018\/12\/78595adb-gp0strhwn-768x512.jpg 768w, https:\/\/www.greenpeace.org\/static\/planet4-hungary-stateless\/2018\/12\/78595adb-gp0strhwn-1024x683.jpg 1024w, https:\/\/www.greenpeace.org\/static\/planet4-hungary-stateless\/2018\/12\/78595adb-gp0strhwn-510x340.jpg 510w\" sizes=\"auto, (max-width: 1200px) 100vw, 1200px\" data-image-size=\"post-thumbnail\" data-stateless-media-bucket=\"planet4-hungary-stateless\" data-stateless-media-name=\"2018\/12\/78595adb-gp0strhwn.jpg\" \/><\/figure>\n\n\n                <div class=\"wp-block-group group-stretched-link is-layout-flow wp-block-group-is-layout-flow\"><div class=\"wp-block-post-terms\">Ember &amp; T\u00e1rsadalom<\/div>\n                <h3 class=\"wp-block-post-title\"><a href=\"https:\/\/www.greenpeace.org\/hungary\/cselekedj\/tiszta-levegot\/\" target=\"_self\" >Tiszta leveg\u0151t!<\/a><\/h3>\n                <div class=\"wp-block-post-excerpt\"><p class=\"wp-block-post-excerpt__excerpt\">\u00c9vente k\u00f6zel 13 ezer magyar ember hal meg a s\u00falyosan szennyezett leveg\u0151 miatt. K\u00f6vetelj\u00fcnk eg\u00e9szs\u00e9g\u00fcnk \u00e9rdek\u00e9ben komoly l\u00e9p\u00e9seket a d\u00f6nt\u00e9shoz\u00f3kt\u00f3l! <\/p><\/div><\/div>\n                \n\n\n<div class=\"wp-block-group read-more-nav is-layout-flow wp-block-group-is-layout-flow\"><a href=\"https:\/\/www.greenpeace.org\/hungary\/cselekedj\/tiszta-levegot\/\" class=\"btn btn-primary btn-small\" aria-label=\"Cselekszem\">Cselekszem<\/a><\/div>\n\n<\/li><li class=\"wp-block-post post-854 page type-page status-publish has-post-thumbnail hentry category-ember-tarsadalom category-klima-energia category-termeszet-kornyezet tag-klimavedelem tag-egeszseg tag-elovilag tag-etkezes tag-szennyezes tag-okogazdalkodas\">\n<figure class=\"wp-block-post-featured-image\"><img loading=\"lazy\" decoding=\"async\" width=\"1200\" height=\"800\" src=\"https:\/\/www.greenpeace.org\/static\/planet4-hungary-stateless\/2018\/10\/ebbb871d-gp0strfu4.jpg\" class=\"attachment-post-thumbnail size-post-thumbnail wp-post-image wp-stateless-item\" alt=\"Organic Vegetables in Hungary. \u00a9 Bence Jardany\" style=\"object-fit:cover;\" srcset=\"https:\/\/www.greenpeace.org\/static\/planet4-hungary-stateless\/2018\/10\/ebbb871d-gp0strfu4.jpg 1200w, https:\/\/www.greenpeace.org\/static\/planet4-hungary-stateless\/2018\/10\/ebbb871d-gp0strfu4-300x200.jpg 300w, https:\/\/www.greenpeace.org\/static\/planet4-hungary-stateless\/2018\/10\/ebbb871d-gp0strfu4-768x512.jpg 768w, https:\/\/www.greenpeace.org\/static\/planet4-hungary-stateless\/2018\/10\/ebbb871d-gp0strfu4-1024x683.jpg 1024w, https:\/\/www.greenpeace.org\/static\/planet4-hungary-stateless\/2018\/10\/ebbb871d-gp0strfu4-510x340.jpg 510w\" sizes=\"auto, (max-width: 1200px) 100vw, 1200px\" data-image-size=\"post-thumbnail\" data-stateless-media-bucket=\"planet4-hungary-stateless\" data-stateless-media-name=\"2018\/10\/ebbb871d-gp0strfu4.jpg\" \/><\/figure>\n\n\n                <div class=\"wp-block-group group-stretched-link is-layout-flow wp-block-group-is-layout-flow\"><div class=\"wp-block-post-terms\">Ember &amp; T\u00e1rsadalom<\/div>\n                <h3 class=\"wp-block-post-title\"><a href=\"https:\/\/www.greenpeace.org\/hungary\/cselekedj\/valaszd-az-okogazdalkodast\/\" target=\"_self\" >V\u00e1laszd az \u00f6kogazd\u00e1lkod\u00e1st<\/a><\/h3>\n                <div class=\"wp-block-post-excerpt\"><p class=\"wp-block-post-excerpt__excerpt\">N\u00e9zz ut\u00e1na annak, hogy mit eszel! Keresd az \u00f6kol\u00f3giai gazd\u00e1lkod\u00e1sb\u00f3l sz\u00e1rmaz\u00f3 term\u00e9keket, \u00e9s v\u00e1laszd a helyi, szezon\u00e1lis \u00e9lelmiszereket. <\/p><\/div><\/div>\n                \n\n\n<div class=\"wp-block-group read-more-nav is-layout-flow wp-block-group-is-layout-flow\"><a href=\"https:\/\/www.greenpeace.org\/hungary\/cselekedj\/valaszd-az-okogazdalkodast\/\" class=\"btn btn-primary btn-small\" aria-label=\"Cselekszem\">Cselekszem<\/a><\/div>\n\n<\/li><li class=\"wp-block-post post-851 page type-page status-publish has-post-thumbnail hentry category-ember-tarsadalom category-termeszet-kornyezet tag-egeszseg tag-elovilag\">\n<figure class=\"wp-block-post-featured-image\"><img loading=\"lazy\" decoding=\"async\" width=\"2048\" height=\"1365\" src=\"https:\/\/www.greenpeace.org\/static\/planet4-hungary-stateless\/2018\/10\/5650a28b-30119695362_6f6549c62c_k.jpg\" class=\"attachment-post-thumbnail size-post-thumbnail wp-post-image wp-stateless-item\" alt=\"\u00a9 J\u00c1RD\u00c1NY Bence\" style=\"object-fit:cover;\" srcset=\"https:\/\/www.greenpeace.org\/static\/planet4-hungary-stateless\/2018\/10\/5650a28b-30119695362_6f6549c62c_k.jpg 2048w, https:\/\/www.greenpeace.org\/static\/planet4-hungary-stateless\/2018\/10\/5650a28b-30119695362_6f6549c62c_k-300x200.jpg 300w, https:\/\/www.greenpeace.org\/static\/planet4-hungary-stateless\/2018\/10\/5650a28b-30119695362_6f6549c62c_k-768x512.jpg 768w, https:\/\/www.greenpeace.org\/static\/planet4-hungary-stateless\/2018\/10\/5650a28b-30119695362_6f6549c62c_k-1024x683.jpg 1024w, https:\/\/www.greenpeace.org\/static\/planet4-hungary-stateless\/2018\/10\/5650a28b-30119695362_6f6549c62c_k-510x340.jpg 510w\" sizes=\"auto, (max-width: 2048px) 100vw, 2048px\" data-image-size=\"post-thumbnail\" data-stateless-media-bucket=\"planet4-hungary-stateless\" data-stateless-media-name=\"2018\/10\/5650a28b-30119695362_6f6549c62c_k.jpg\" \/><\/figure>\n\n\n                <div class=\"wp-block-group group-stretched-link is-layout-flow wp-block-group-is-layout-flow\"><div class=\"wp-block-post-terms\">Ember &amp; T\u00e1rsadalom<\/div>\n                <h3 class=\"wp-block-post-title\"><a href=\"https:\/\/www.greenpeace.org\/hungary\/cselekedj\/vedd-meg-a-varosi-fakat-es-parkokat\/\" target=\"_self\" >V\u00e9dd meg a v\u00e1rosi f\u00e1kat \u00e9s parkokat<\/a><\/h3>\n                <div class=\"wp-block-post-excerpt\"><p class=\"wp-block-post-excerpt__excerpt\">A v\u00e1rosi f\u00e1k l\u00e9tfontoss\u00e1g\u00faak: tiszt\u00edtj\u00e1k a leveg\u0151t \u00e9s jav\u00edtj\u00e1k az eg\u00e9szs\u00e9g\u00fcnket, k\u00f6z\u00e9rzet\u00fcnket. <\/p><\/div><\/div>\n                \n\n\n<div class=\"wp-block-group read-more-nav is-layout-flow wp-block-group-is-layout-flow\"><a href=\"https:\/\/www.greenpeace.org\/hungary\/cselekedj\/vedd-meg-a-varosi-fakat-es-parkokat\/\" class=\"btn btn-primary btn-small\" aria-label=\"Cselekszem\">Cselekszem<\/a><\/div>\n\n<\/li><li class=\"wp-block-post post-831 page type-page status-publish has-post-thumbnail hentry category-termeszet-kornyezet tag-szennyezes\">\n<figure class=\"wp-block-post-featured-image\"><img loading=\"lazy\" decoding=\"async\" width=\"2000\" height=\"1398\" src=\"https:\/\/www.greenpeace.org\/static\/planet4-hungary-stateless\/2018\/10\/8a96859d-kisokos.png\" class=\"attachment-post-thumbnail size-post-thumbnail wp-post-image wp-stateless-item\" alt=\"\" style=\"object-fit:cover;\" srcset=\"https:\/\/www.greenpeace.org\/static\/planet4-hungary-stateless\/2018\/10\/8a96859d-kisokos.png 2000w, https:\/\/www.greenpeace.org\/static\/planet4-hungary-stateless\/2018\/10\/8a96859d-kisokos-300x210.png 300w, https:\/\/www.greenpeace.org\/static\/planet4-hungary-stateless\/2018\/10\/8a96859d-kisokos-768x537.png 768w, https:\/\/www.greenpeace.org\/static\/planet4-hungary-stateless\/2018\/10\/8a96859d-kisokos-1024x716.png 1024w, https:\/\/www.greenpeace.org\/static\/planet4-hungary-stateless\/2018\/10\/8a96859d-kisokos-1954x1366.png 1954w, https:\/\/www.greenpeace.org\/static\/planet4-hungary-stateless\/2018\/10\/8a96859d-kisokos-486x340.png 486w\" sizes=\"auto, (max-width: 2000px) 100vw, 2000px\" data-image-size=\"post-thumbnail\" data-stateless-media-bucket=\"planet4-hungary-stateless\" data-stateless-media-name=\"2018\/10\/8a96859d-kisokos.png\" \/><\/figure>\n\n\n                <div class=\"wp-block-group group-stretched-link is-layout-flow wp-block-group-is-layout-flow\"><div class=\"wp-block-post-terms\">Term\u00e9szet &amp; K\u00f6rnyezet<\/div>\n                <h3 class=\"wp-block-post-title\"><a href=\"https:\/\/www.greenpeace.org\/hungary\/cselekedj\/lepj-fel-a-helyben-tapasztalt-kornyezetkarositas-ellen\/\" target=\"_self\" >L\u00e9pj fel a helyben tapasztalt k\u00f6rnyezetk\u00e1ros\u00edt\u00e1s ellen<\/a><\/h3>\n                <div class=\"wp-block-post-excerpt\"><p class=\"wp-block-post-excerpt__excerpt\">Mit tehetsz, ha k\u00f6rnyezetk\u00e1ros\u00edt\u00e1st \u00e9szlelsz? <\/p><\/div><\/div>\n                \n\n\n<div class=\"wp-block-group read-more-nav is-layout-flow wp-block-group-is-layout-flow\"><a href=\"https:\/\/www.greenpeace.org\/hungary\/cselekedj\/lepj-fel-a-helyben-tapasztalt-kornyezetkarositas-ellen\/\" class=\"btn btn-primary btn-small\" aria-label=\"Cselekszem\">Cselekszem<\/a><\/div>\n\n<\/li><li class=\"wp-block-post post-826 page type-page status-publish has-post-thumbnail hentry category-ember-tarsadalom category-termeszet-kornyezet tag-fogyasztas tag-szennyezes\">\n<figure class=\"wp-block-post-featured-image\"><img loading=\"lazy\" decoding=\"async\" width=\"1200\" height=\"799\" src=\"https:\/\/www.greenpeace.org\/static\/planet4-hungary-stateless\/2018\/10\/3210c77a-gp04cpy.jpg\" class=\"attachment-post-thumbnail size-post-thumbnail wp-post-image wp-stateless-item\" alt=\"Zara &#039;Detox&#039; Day of Action in Taipei. \u00a9 Steven Vigar\" style=\"object-fit:cover;\" srcset=\"https:\/\/www.greenpeace.org\/static\/planet4-hungary-stateless\/2018\/10\/3210c77a-gp04cpy.jpg 1200w, https:\/\/www.greenpeace.org\/static\/planet4-hungary-stateless\/2018\/10\/3210c77a-gp04cpy-300x200.jpg 300w, https:\/\/www.greenpeace.org\/static\/planet4-hungary-stateless\/2018\/10\/3210c77a-gp04cpy-768x511.jpg 768w, https:\/\/www.greenpeace.org\/static\/planet4-hungary-stateless\/2018\/10\/3210c77a-gp04cpy-1024x682.jpg 1024w, https:\/\/www.greenpeace.org\/static\/planet4-hungary-stateless\/2018\/10\/3210c77a-gp04cpy-510x340.jpg 510w\" sizes=\"auto, (max-width: 1200px) 100vw, 1200px\" data-image-size=\"post-thumbnail\" data-stateless-media-bucket=\"planet4-hungary-stateless\" data-stateless-media-name=\"2018\/10\/3210c77a-gp04cpy.jpg\" \/><\/figure>\n\n\n                <div class=\"wp-block-group group-stretched-link is-layout-flow wp-block-group-is-layout-flow\"><div class=\"wp-block-post-terms\">Ember &amp; T\u00e1rsadalom<\/div>\n                <h3 class=\"wp-block-post-title\"><a href=\"https:\/\/www.greenpeace.org\/hungary\/cselekedj\/valaszd-a-mergezo-anyagoktol-mentes-ruhakat\/\" target=\"_self\" >V\u00e1laszd a m\u00e9rgez\u0151 anyagokt\u00f3l mentes ruh\u00e1kat<\/a><\/h3>\n                <div class=\"wp-block-post-excerpt\"><p class=\"wp-block-post-excerpt__excerpt\">A sokmilli\u00e1rd doll\u00e1rt termel\u0151 ruhaipari v\u00e1llalatok a vil\u00e1g legnagyobb k\u00f6rnyezetszennyez\u0151i k\u00f6z\u00e9 tartoznak. <\/p><\/div><\/div>\n                \n\n\n<div class=\"wp-block-group read-more-nav is-layout-flow wp-block-group-is-layout-flow\"><a href=\"https:\/\/www.greenpeace.org\/hungary\/cselekedj\/valaszd-a-mergezo-anyagoktol-mentes-ruhakat\/\" class=\"btn btn-primary btn-small\" aria-label=\"Cselekszem\">Cselekszem<\/a><\/div>\n\n<\/li><li class=\"wp-block-post post-426 page type-page status-publish has-post-thumbnail hentry category-ember-tarsadalom category-termeszet-kornyezet tag-egeszseg tag-elovilag tag-etkezes\">\n<figure class=\"wp-block-post-featured-image\"><img loading=\"lazy\" decoding=\"async\" width=\"1200\" height=\"800\" src=\"https:\/\/www.greenpeace.org\/static\/planet4-hungary-stateless\/2018\/10\/0693625b-gp0strjhw.jpg\" class=\"attachment-post-thumbnail size-post-thumbnail wp-post-image wp-stateless-item\" alt=\"Children Eating Ecological Food in a School Canteen in Hungary. \u00a9 Bence Jardany\" style=\"object-fit:cover;\" srcset=\"https:\/\/www.greenpeace.org\/static\/planet4-hungary-stateless\/2018\/10\/0693625b-gp0strjhw.jpg 1200w, https:\/\/www.greenpeace.org\/static\/planet4-hungary-stateless\/2018\/10\/0693625b-gp0strjhw-300x200.jpg 300w, https:\/\/www.greenpeace.org\/static\/planet4-hungary-stateless\/2018\/10\/0693625b-gp0strjhw-768x512.jpg 768w, https:\/\/www.greenpeace.org\/static\/planet4-hungary-stateless\/2018\/10\/0693625b-gp0strjhw-1024x683.jpg 1024w, https:\/\/www.greenpeace.org\/static\/planet4-hungary-stateless\/2018\/10\/0693625b-gp0strjhw-510x340.jpg 510w\" sizes=\"auto, (max-width: 1200px) 100vw, 1200px\" data-image-size=\"post-thumbnail\" data-stateless-media-bucket=\"planet4-hungary-stateless\" data-stateless-media-name=\"2018\/10\/0693625b-gp0strjhw.jpg\" \/><\/figure>\n\n\n                <div class=\"wp-block-group group-stretched-link is-layout-flow wp-block-group-is-layout-flow\"><div class=\"wp-block-post-terms\">Ember &amp; T\u00e1rsadalom<\/div>\n                <h3 class=\"wp-block-post-title\"><a href=\"https:\/\/www.greenpeace.org\/hungary\/cselekedj\/tegyuk-egeszsegesebbe-a-gyermeketkeztetest\/\" target=\"_self\" >Tegy\u00fck eg\u00e9szs\u00e9gesebb\u00e9 a gyermek\u00e9tkeztet\u00e9st<\/a><\/h3>\n                <div class=\"wp-block-post-excerpt\"><p class=\"wp-block-post-excerpt__excerpt\">Tegy\u00fck eg\u00e9szs\u00e9gesebb\u00e9 az \u00f3vodai \u00e9s iskolai k\u00f6z\u00e9tkeztet\u00e9st! <\/p><\/div><\/div>\n                \n\n\n<div class=\"wp-block-group read-more-nav is-layout-flow wp-block-group-is-layout-flow\"><a href=\"https:\/\/www.greenpeace.org\/hungary\/cselekedj\/tegyuk-egeszsegesebbe-a-gyermeketkeztetest\/\" class=\"btn btn-primary btn-small\" aria-label=\"Cselekszem\">Cselekszem<\/a><\/div>\n\n<\/li><li class=\"wp-block-post post-413 page type-page status-publish has-post-thumbnail hentry category-ember-tarsadalom category-klima-energia category-termeszet-kornyezet tag-klimavedelem tag-fogyasztas tag-egeszseg tag-elovilag tag-etkezes\">\n<figure class=\"wp-block-post-featured-image\"><img loading=\"lazy\" decoding=\"async\" width=\"1200\" height=\"800\" src=\"https:\/\/www.greenpeace.org\/static\/planet4-hungary-stateless\/2018\/10\/487399fd-gp0stqeq9.jpg\" class=\"attachment-post-thumbnail size-post-thumbnail wp-post-image wp-stateless-item\" alt=\"Food Shoot in Germany. \u00a9 DENNIS REHER\" style=\"object-fit:cover;\" srcset=\"https:\/\/www.greenpeace.org\/static\/planet4-hungary-stateless\/2018\/10\/487399fd-gp0stqeq9.jpg 1200w, https:\/\/www.greenpeace.org\/static\/planet4-hungary-stateless\/2018\/10\/487399fd-gp0stqeq9-300x200.jpg 300w, https:\/\/www.greenpeace.org\/static\/planet4-hungary-stateless\/2018\/10\/487399fd-gp0stqeq9-768x512.jpg 768w, https:\/\/www.greenpeace.org\/static\/planet4-hungary-stateless\/2018\/10\/487399fd-gp0stqeq9-1024x683.jpg 1024w, https:\/\/www.greenpeace.org\/static\/planet4-hungary-stateless\/2018\/10\/487399fd-gp0stqeq9-510x340.jpg 510w\" sizes=\"auto, (max-width: 1200px) 100vw, 1200px\" data-image-size=\"post-thumbnail\" data-stateless-media-bucket=\"planet4-hungary-stateless\" data-stateless-media-name=\"2018\/10\/487399fd-gp0stqeq9.jpg\" \/><\/figure>\n\n\n                <div class=\"wp-block-group group-stretched-link is-layout-flow wp-block-group-is-layout-flow\"><div class=\"wp-block-post-terms\">Ember &amp; T\u00e1rsadalom<\/div>\n                <h3 class=\"wp-block-post-title\"><a href=\"https:\/\/www.greenpeace.org\/hungary\/cselekedj\/fogyassz-tobb-zoldseget-es-kevesebb-hust\/\" target=\"_self\" >Fogyassz t\u00f6bb z\u00f6lds\u00e9get \u00e9s kevesebb h\u00fast<\/a><\/h3>\n                <div class=\"wp-block-post-excerpt\"><p class=\"wp-block-post-excerpt__excerpt\">A hatalmas gy\u00e1rakk\u00e9nt m\u0171k\u00f6d\u0151 \u00e1llattart\u00f3 telepek t\u00f6nkreteszik F\u00f6ld\u00fcnk \u00e9l\u0151vil\u00e1g\u00e1t, mik\u00f6zben olcs\u00f3 \u00e9s eg\u00e9szs\u00e9gk\u00e1ros\u00edt\u00f3 term\u00e9kekkel \u00e1rasztj\u00e1k el a boltokat, t\u00e1ny\u00e9rjainkat. <\/p><\/div><\/div>\n                \n\n\n<div class=\"wp-block-group read-more-nav is-layout-flow wp-block-group-is-layout-flow\"><a href=\"https:\/\/www.greenpeace.org\/hungary\/cselekedj\/fogyassz-tobb-zoldseget-es-kevesebb-hust\/\" class=\"btn btn-primary btn-small\" aria-label=\"Cselekszem\">Cselekszem<\/a><\/div>\n\n<\/li><li class=\"wp-block-post post-409 page type-page status-publish has-post-thumbnail hentry category-ember-tarsadalom category-termeszet-kornyezet tag-egeszseg tag-szennyezes\">\n<figure class=\"wp-block-post-featured-image\"><img loading=\"lazy\" decoding=\"async\" width=\"1200\" height=\"800\" src=\"https:\/\/www.greenpeace.org\/static\/planet4-hungary-stateless\/2018\/10\/a10e57a9-gp0stq1tw.jpg\" class=\"attachment-post-thumbnail size-post-thumbnail wp-post-image wp-stateless-item\" alt=\"Abandoned Toxic Waste Dumps in Hungary. \u00a9 Bence Jardany\" style=\"object-fit:cover;\" srcset=\"https:\/\/www.greenpeace.org\/static\/planet4-hungary-stateless\/2018\/10\/a10e57a9-gp0stq1tw.jpg 1200w, https:\/\/www.greenpeace.org\/static\/planet4-hungary-stateless\/2018\/10\/a10e57a9-gp0stq1tw-300x200.jpg 300w, https:\/\/www.greenpeace.org\/static\/planet4-hungary-stateless\/2018\/10\/a10e57a9-gp0stq1tw-768x512.jpg 768w, https:\/\/www.greenpeace.org\/static\/planet4-hungary-stateless\/2018\/10\/a10e57a9-gp0stq1tw-1024x683.jpg 1024w, https:\/\/www.greenpeace.org\/static\/planet4-hungary-stateless\/2018\/10\/a10e57a9-gp0stq1tw-510x340.jpg 510w\" sizes=\"auto, (max-width: 1200px) 100vw, 1200px\" data-image-size=\"post-thumbnail\" data-stateless-media-bucket=\"planet4-hungary-stateless\" data-stateless-media-name=\"2018\/10\/a10e57a9-gp0stq1tw.jpg\" \/><\/figure>\n\n\n                <div class=\"wp-block-group group-stretched-link is-layout-flow wp-block-group-is-layout-flow\"><div class=\"wp-block-post-terms\">Ember &amp; T\u00e1rsadalom<\/div>\n                <h3 class=\"wp-block-post-title\"><a href=\"https:\/\/www.greenpeace.org\/hungary\/cselekedj\/allj-ki-a-legveszelyesebb-hazai-meregtelepek-felszamolasaert\/\" target=\"_self\" >\u00c1llj ki a legvesz\u00e9lyesebb hazai m\u00e9regtelepek felsz\u00e1mol\u00e1s\u00e1\u00e9rt<\/a><\/h3>\n                <div class=\"wp-block-post-excerpt\"><p class=\"wp-block-post-excerpt__excerpt\">K\u00fczdj\u00fcnk egy\u00fctt az\u00e9rt, hogy m\u00e9rgekt\u0151l mentes k\u00f6rnyezetet hagyjunk gyermekeinkre. <\/p><\/div><\/div>\n                \n\n\n<div class=\"wp-block-group read-more-nav is-layout-flow wp-block-group-is-layout-flow\"><a href=\"https:\/\/www.greenpeace.org\/hungary\/cselekedj\/allj-ki-a-legveszelyesebb-hazai-meregtelepek-felszamolasaert\/\" class=\"btn btn-primary btn-small\" aria-label=\"Cselekszem\">Cselekszem<\/a><\/div>\n\n<\/li><\/ul>\n\n\n<div class=\"wp-block-buttons carousel-controls is-horizontal is-content-justification-space-between is-nowrap is-layout-flex wp-container-core-buttons-is-layout-044bd602 wp-block-buttons-is-layout-flex\">\n<div class=\"wp-block-button carousel-control-prev\"><button type=\"button\" class=\"wp-block-button__link wp-element-button\">El\u0151z\u0151<\/button><\/div>\n\n\n\n<div class=\"wp-block-button carousel-control-next\"><button type=\"button\" class=\"wp-block-button__link wp-element-button\">K\u00f6vetkez\u0151<\/button><\/div>\n<\/div>\n\n\n\n<div style=\"height:21px\" aria-hidden=\"true\" class=\"wp-block-spacer\"><\/div>\n\n\n\n<div class=\"wp-block-buttons load-more-actions-container is-content-justification-center is-layout-flex wp-container-core-buttons-is-layout-16018d1d wp-block-buttons-is-layout-flex\">\n<div class=\"wp-block-button is-style-secondary\"><button type=\"button\" class=\"wp-block-button__link wp-element-button\">T\u00f6bbet szeretn\u00e9k l\u00e1tni<\/button><\/div>\n<\/div>\n<\/div>\n\n<div class=\"wp-block-query posts-list p4-query-loop is-custom-layout-grid is-layout-grid wp-container-core-query-is-layout-b8bb0bd1 wp-block-query-is-layout-grid\">\n<div class=\"wp-block-group is-content-justification-space-between is-layout-flex wp-container-core-group-is-layout-3d213aab wp-block-group-is-layout-flex\">\n<h2 class=\"wp-block-heading\">Kiadv\u00e1nyok<\/h2>\n\n\n<li class=\" wp-block-navigation-item see-all-link wp-block-navigation-link\"><a class=\"wp-block-navigation-item__content\"  href=\"http:\/\/www.greenpeace.org\/hungary\/news-stories\/?tag=muanyag&#038;post-type=kiadvany\"><span class=\"wp-block-navigation-item__label\">See all stories<\/span><\/a><\/li><\/div>\n\n\n\n<p style=\"margin-top:24px;margin-bottom:36px\"><\/p>\n\n\n\n\n<ul class=\"wp-block-post-template is-layout-flow wp-block-post-template-is-layout-flow\"><li class=\"wp-block-post post-8215 post type-post status-publish format-standard has-post-thumbnail hentry category-ember-tarsadalom tag-klimavedelem tag-fogyasztas tag-elovilag tag-etkezes tag-megujulok tag-muanyag tag-fosszilis tag-erdo tag-mehek tag-levego tag-okogazdalkodas tag-tippek p4-page-type-kiadvany\">\n\n<div class=\"wp-block-columns is-layout-flex wp-container-core-columns-is-layout-9d6595d7 wp-block-columns-is-layout-flex\"><figure class=\"wp-block-post-featured-image\"><a href=\"https:\/\/www.greenpeace.org\/hungary\/kiadvany\/8215\/30-dolog-amit-megtehetsz-a-fold-vedelmeert\/\" target=\"_self\"  ><img loading=\"lazy\" decoding=\"async\" width=\"2560\" height=\"1847\" src=\"https:\/\/www.greenpeace.org\/static\/planet4-hungary-stateless\/2021\/04\/1389c0a0-amikezunkben-bloghoz-scaled.jpg\" class=\"attachment-post-thumbnail size-post-thumbnail wp-post-image wp-stateless-item\" alt=\"30 dolog, amit megtehetsz a F\u00f6ld v\u00e9delm\u00e9\u00e9rt\" style=\"object-fit:cover;\" srcset=\"https:\/\/www.greenpeace.org\/static\/planet4-hungary-stateless\/2021\/04\/1389c0a0-amikezunkben-bloghoz-scaled.jpg 2560w, https:\/\/www.greenpeace.org\/static\/planet4-hungary-stateless\/2021\/04\/1389c0a0-amikezunkben-bloghoz-300x216.jpg 300w, https:\/\/www.greenpeace.org\/static\/planet4-hungary-stateless\/2021\/04\/1389c0a0-amikezunkben-bloghoz-1024x739.jpg 1024w, https:\/\/www.greenpeace.org\/static\/planet4-hungary-stateless\/2021\/04\/1389c0a0-amikezunkben-bloghoz-768x554.jpg 768w, https:\/\/www.greenpeace.org\/static\/planet4-hungary-stateless\/2021\/04\/1389c0a0-amikezunkben-bloghoz-1536x1108.jpg 1536w, https:\/\/www.greenpeace.org\/static\/planet4-hungary-stateless\/2021\/04\/1389c0a0-amikezunkben-bloghoz-2048x1478.jpg 2048w, https:\/\/www.greenpeace.org\/static\/planet4-hungary-stateless\/2021\/04\/1389c0a0-amikezunkben-bloghoz-1893x1366.jpg 1893w, https:\/\/www.greenpeace.org\/static\/planet4-hungary-stateless\/2021\/04\/1389c0a0-amikezunkben-bloghoz-471x340.jpg 471w\" sizes=\"auto, (max-width: 2560px) 100vw, 2560px\" data-image-size=\"post-thumbnail\" data-stateless-media-bucket=\"planet4-hungary-stateless\" data-stateless-media-name=\"2021\/04\/1389c0a0-amikezunkben-bloghoz-scaled.jpg\" \/><\/a><\/figure>\n\n\n<div class=\"wp-block-group is-layout-flow wp-block-group-is-layout-flow\">\n<div class=\"wp-block-group is-layout-flow wp-block-group-is-layout-flow\"><div class=\"wp-block-post-terms\"><a href=\"https:\/\/www.greenpeace.org\/hungary\/category\/ugyek\/ember-tarsadalom\/\">Ember &amp; T\u00e1rsadalom<\/a><\/div>\n\n<div class=\"taxonomy-post_tag wp-block-post-terms\"><a href=\"https:\/\/www.greenpeace.org\/hungary\/tag\/klimavedelem\/\" rel=\"tag\">Kl\u00edmav\u00e9delem<\/a><span class=\"wp-block-post-terms__separator\"> <\/span><a href=\"https:\/\/www.greenpeace.org\/hungary\/tag\/fogyasztas\/\" rel=\"tag\">Fogyaszt\u00e1s<\/a><span class=\"wp-block-post-terms__separator\"> <\/span><a href=\"https:\/\/www.greenpeace.org\/hungary\/tag\/elovilag\/\" rel=\"tag\">\u00c9l\u0151vil\u00e1g<\/a><span class=\"wp-block-post-terms__separator\"> <\/span><a href=\"https:\/\/www.greenpeace.org\/hungary\/tag\/etkezes\/\" rel=\"tag\">\u00c9tkez\u00e9s<\/a><span class=\"wp-block-post-terms__separator\"> <\/span><a href=\"https:\/\/www.greenpeace.org\/hungary\/tag\/megujulok\/\" rel=\"tag\">Meg\u00fajul\u00f3k<\/a><span class=\"wp-block-post-terms__separator\"> <\/span><a href=\"https:\/\/www.greenpeace.org\/hungary\/tag\/muanyag\/\" rel=\"tag\">M\u0171anyag<\/a><span class=\"wp-block-post-terms__separator\"> <\/span><a href=\"https:\/\/www.greenpeace.org\/hungary\/tag\/fosszilis\/\" rel=\"tag\">Fosszilis<\/a><span class=\"wp-block-post-terms__separator\"> <\/span><a href=\"https:\/\/www.greenpeace.org\/hungary\/tag\/erdo\/\" rel=\"tag\">Erd\u0151<\/a><span class=\"wp-block-post-terms__separator\"> <\/span><a href=\"https:\/\/www.greenpeace.org\/hungary\/tag\/mehek\/\" rel=\"tag\">M\u00e9hek<\/a><span class=\"wp-block-post-terms__separator\"> <\/span><a href=\"https:\/\/www.greenpeace.org\/hungary\/tag\/levego\/\" rel=\"tag\">Leveg\u0151<\/a><span class=\"wp-block-post-terms__separator\"> <\/span><a href=\"https:\/\/www.greenpeace.org\/hungary\/tag\/okogazdalkodas\/\" rel=\"tag\">\u00d6kogazd\u00e1lkod\u00e1s<\/a><span class=\"wp-block-post-terms__separator\"> <\/span><a href=\"https:\/\/www.greenpeace.org\/hungary\/tag\/tippek\/\" rel=\"tag\">Tippek<\/a><\/div><\/div>\n\n\n<h3 class=\"wp-block-post-title\"><a href=\"https:\/\/www.greenpeace.org\/hungary\/kiadvany\/8215\/30-dolog-amit-megtehetsz-a-fold-vedelmeert\/\" target=\"_self\" >30 dolog, amit megtehetsz a F\u00f6ld v\u00e9delm\u00e9\u00e9rt<\/a><\/h3>\n\n<div class=\"wp-block-post-excerpt\"><p class=\"wp-block-post-excerpt__excerpt\">\u00c1prilis 22. a F\u00f6ld napja. Ha a kl\u00edmav\u00e1ltoz\u00e1sr\u00f3l, erdeink rohamos \u00fctem\u0171 pusztul\u00e1s\u00e1r\u00f3l \u00e9s a fajok t\u00f6meges kihal\u00e1s\u00e1r\u00f3l sz\u00f3l\u00f3 h\u00edrek t\u00e9ged sem hagynak nyugodni, akkor ezen a napon m\u00e9g jobban feler\u0151s\u00f6dhet&hellip; <\/p><\/div>\n\n\n<div class=\"wp-block-group posts-list-meta is-layout-flow wp-block-group-is-layout-flow\"><span class='article-list-item-author'>Greenpeace Magyarorsz\u00e1g<\/span>\n\n<div class=\"wp-block-post-date\"><time datetime=\"2021-04-22T09:48:55+02:00\">2021. \u00e1prilis 22.<\/time><\/div><\/div>\n<\/div>\n<\/div>\n\n<\/li><li class=\"wp-block-post post-13567 post type-post status-publish format-standard has-post-thumbnail hentry category-termeszet-kornyezet tag-egeszseg tag-elovilag tag-zoldterulet tag-tippek p4-page-type-kiadvany\">\n\n<div class=\"wp-block-columns is-layout-flex wp-container-core-columns-is-layout-9d6595d7 wp-block-columns-is-layout-flex\"><figure class=\"wp-block-post-featured-image\"><a href=\"https:\/\/www.greenpeace.org\/hungary\/kiadvany\/13567\/tizenegy-pont-egy-elhetobb-varosert\/\" target=\"_self\"  ><img loading=\"lazy\" decoding=\"async\" width=\"1000\" height=\"667\" src=\"https:\/\/www.greenpeace.org\/static\/planet4-hungary-stateless\/2019\/02\/ffaf22e0-mg_7739.jpg\" class=\"attachment-post-thumbnail size-post-thumbnail wp-post-image wp-stateless-item\" alt=\"Tizenegy pont egy \u00e9lhet\u0151bb v\u00e1ros\u00e9rt\" style=\"object-fit:cover;\" srcset=\"https:\/\/www.greenpeace.org\/static\/planet4-hungary-stateless\/2019\/02\/ffaf22e0-mg_7739.jpg 1000w, https:\/\/www.greenpeace.org\/static\/planet4-hungary-stateless\/2019\/02\/ffaf22e0-mg_7739-300x200.jpg 300w, https:\/\/www.greenpeace.org\/static\/planet4-hungary-stateless\/2019\/02\/ffaf22e0-mg_7739-768x512.jpg 768w, https:\/\/www.greenpeace.org\/static\/planet4-hungary-stateless\/2019\/02\/ffaf22e0-mg_7739-510x340.jpg 510w\" sizes=\"auto, (max-width: 1000px) 100vw, 1000px\" data-image-size=\"post-thumbnail\" data-stateless-media-bucket=\"planet4-hungary-stateless\" data-stateless-media-name=\"2019\/02\/ffaf22e0-mg_7739.jpg\" \/><\/a><\/figure>\n\n\n<div class=\"wp-block-group is-layout-flow wp-block-group-is-layout-flow\">\n<div class=\"wp-block-group is-layout-flow wp-block-group-is-layout-flow\"><div class=\"wp-block-post-terms\"><a href=\"https:\/\/www.greenpeace.org\/hungary\/category\/ugyek\/termeszet-kornyezet\/\">Term\u00e9szet &amp; K\u00f6rnyezet<\/a><\/div>\n\n<div class=\"taxonomy-post_tag wp-block-post-terms\"><a href=\"https:\/\/www.greenpeace.org\/hungary\/tag\/egeszseg\/\" rel=\"tag\">Eg\u00e9szs\u00e9g<\/a><span class=\"wp-block-post-terms__separator\"> <\/span><a href=\"https:\/\/www.greenpeace.org\/hungary\/tag\/elovilag\/\" rel=\"tag\">\u00c9l\u0151vil\u00e1g<\/a><span class=\"wp-block-post-terms__separator\"> <\/span><a href=\"https:\/\/www.greenpeace.org\/hungary\/tag\/zoldterulet\/\" rel=\"tag\">Z\u00f6ldter\u00fclet<\/a><span class=\"wp-block-post-terms__separator\"> <\/span><a href=\"https:\/\/www.greenpeace.org\/hungary\/tag\/tippek\/\" rel=\"tag\">Tippek<\/a><\/div><\/div>\n\n\n<h3 class=\"wp-block-post-title\"><a href=\"https:\/\/www.greenpeace.org\/hungary\/kiadvany\/13567\/tizenegy-pont-egy-elhetobb-varosert\/\" target=\"_self\" >Tizenegy pont egy \u00e9lhet\u0151bb v\u00e1ros\u00e9rt<\/a><\/h3>\n\n<div class=\"wp-block-post-excerpt\"><p class=\"wp-block-post-excerpt__excerpt\">Ezt a r\u00f6vid \u00fatmutat\u00f3t az\u00e9rt k\u00e9sz\u00edtette a Greenpeace Magyarorsz\u00e1g a hazai telep\u00fcl\u00e9si \u00f6nkorm\u00e1nyzatok r\u00e9sz\u00e9re, hogy bemutassa: a jelenlegi t\u00f6rv\u00e9nyi keretek k\u00f6zt is sz\u00e1mos olyan lehet\u0151s\u00e9g \u00e1ll az \u00f6nkorm\u00e1nyzati vezet\u0151k el\u0151tt,&hellip; <\/p><\/div>\n\n\n<div class=\"wp-block-group posts-list-meta is-layout-flow wp-block-group-is-layout-flow\"><span class='article-list-item-author'><a href='https:\/\/www.greenpeace.org\/hungary\/author\/greenpeacehu\/'>Greenpeace Magyarorsz\u00e1g<\/a><\/span>\n\n<div class=\"wp-block-post-date\"><time datetime=\"2019-09-26T12:19:00+02:00\">2019. szeptember 26.<\/time><\/div><\/div>\n<\/div>\n<\/div>\n\n<\/li><li class=\"wp-block-post post-2674 post type-post status-publish format-standard has-post-thumbnail hentry category-ember-tarsadalom tag-okogazdalkodas tag-fogyasztas tag-elovilag p4-page-type-kiadvany\">\n\n<div class=\"wp-block-columns is-layout-flex wp-container-core-columns-is-layout-9d6595d7 wp-block-columns-is-layout-flex\"><figure class=\"wp-block-post-featured-image\"><a href=\"https:\/\/www.greenpeace.org\/hungary\/kiadvany\/2674\/a-neonikotinoid-novenyvedo-szerek-veszelyei-a-kornyezetunkre\/\" target=\"_self\"  ><img loading=\"lazy\" decoding=\"async\" width=\"827\" height=\"1181\" src=\"https:\/\/www.greenpeace.org\/static\/planet4-hungary-stateless\/2017\/03\/45a576fe-neonikotinoid_szerek_veszelyei_page_01.jpg\" class=\"attachment-post-thumbnail size-post-thumbnail wp-post-image wp-stateless-item\" alt=\"A neonikotinoid n\u00f6v\u00e9nyv\u00e9d\u0151 szerek vesz\u00e9lyei a k\u00f6rnyezet\u00fcnkre\" style=\"object-fit:cover;\" srcset=\"https:\/\/www.greenpeace.org\/static\/planet4-hungary-stateless\/2017\/03\/45a576fe-neonikotinoid_szerek_veszelyei_page_01.jpg 827w, https:\/\/www.greenpeace.org\/static\/planet4-hungary-stateless\/2017\/03\/45a576fe-neonikotinoid_szerek_veszelyei_page_01-210x300.jpg 210w, https:\/\/www.greenpeace.org\/static\/planet4-hungary-stateless\/2017\/03\/45a576fe-neonikotinoid_szerek_veszelyei_page_01-768x1097.jpg 768w, https:\/\/www.greenpeace.org\/static\/planet4-hungary-stateless\/2017\/03\/45a576fe-neonikotinoid_szerek_veszelyei_page_01-717x1024.jpg 717w, https:\/\/www.greenpeace.org\/static\/planet4-hungary-stateless\/2017\/03\/45a576fe-neonikotinoid_szerek_veszelyei_page_01-238x340.jpg 238w\" sizes=\"auto, (max-width: 827px) 100vw, 827px\" data-image-size=\"post-thumbnail\" data-stateless-media-bucket=\"planet4-hungary-stateless\" data-stateless-media-name=\"2017\/03\/45a576fe-neonikotinoid_szerek_veszelyei_page_01.jpg\" \/><\/a><\/figure>\n\n\n<div class=\"wp-block-group is-layout-flow wp-block-group-is-layout-flow\">\n<div class=\"wp-block-group is-layout-flow wp-block-group-is-layout-flow\"><div class=\"wp-block-post-terms\"><a href=\"https:\/\/www.greenpeace.org\/hungary\/category\/ugyek\/ember-tarsadalom\/\">Ember &amp; T\u00e1rsadalom<\/a><\/div>\n\n<div class=\"taxonomy-post_tag wp-block-post-terms\"><a href=\"https:\/\/www.greenpeace.org\/hungary\/tag\/okogazdalkodas\/\" rel=\"tag\">\u00d6kogazd\u00e1lkod\u00e1s<\/a><span class=\"wp-block-post-terms__separator\"> <\/span><a href=\"https:\/\/www.greenpeace.org\/hungary\/tag\/fogyasztas\/\" rel=\"tag\">Fogyaszt\u00e1s<\/a><span class=\"wp-block-post-terms__separator\"> <\/span><a href=\"https:\/\/www.greenpeace.org\/hungary\/tag\/elovilag\/\" rel=\"tag\">\u00c9l\u0151vil\u00e1g<\/a><\/div><\/div>\n\n\n<h3 class=\"wp-block-post-title\"><a href=\"https:\/\/www.greenpeace.org\/hungary\/kiadvany\/2674\/a-neonikotinoid-novenyvedo-szerek-veszelyei-a-kornyezetunkre\/\" target=\"_self\" >A neonikotinoid n\u00f6v\u00e9nyv\u00e9d\u0151 szerek vesz\u00e9lyei a k\u00f6rnyezet\u00fcnkre<\/a><\/h3>\n\n<div class=\"wp-block-post-excerpt\"><p class=\"wp-block-post-excerpt__excerpt\">A beporz\u00f3k, k\u00f6zt\u00fck a h\u00e1zi m\u00e9hek, a vadm\u00e9hek \u00e9s m\u00e1s rovarfajok kulcsszerepet j\u00e1tszanak \u00e9lelmiszer-termel\u00e9s\u00fcnkben \u00e9s a mez\u0151gazdas\u00e1gban. A vil\u00e1gpiacon \u00e9rt\u00e9kes\u00edtett \u00e1run\u00f6v\u00e9nyek h\u00e1romnegyede f\u00fcgg t\u0151l\u00fck valamilyen m\u00e9rt\u00e9kben. Ennek ellen\u00e9re ezek a n\u00e9lk\u00fcl\u00f6zhetetlen rovarok komoly bajban vannak. Egyes vadon \u00e9l\u0151 poszm\u00e9hfajok egyedsz\u00e1ma p\u00e9ld\u00e1ul olyan drasztikusan megfogyatkozott, hogy az region\u00e1lis vagy glob\u00e1lis kihal\u00e1sukhoz vezetett. A m\u00e1s beporz\u00f3kr\u00f3l rendelkez\u00e9sre&hellip; <\/p><\/div>\n\n\n<div class=\"wp-block-group posts-list-meta is-layout-flow wp-block-group-is-layout-flow\"><span class='article-list-item-author'>Greenpeace Magyarorsz\u00e1g<\/span>\n\n<div class=\"wp-block-post-date\"><time datetime=\"2017-03-02T00:00:00+01:00\">2017. m\u00e1rcius 2.<\/time><\/div><\/div>\n<\/div>\n<\/div>\n\n<\/li><li class=\"wp-block-post post-2634 post type-post status-publish format-standard has-post-thumbnail hentry category-termeszet-kornyezet tag-okogazdalkodas tag-szennyezes tag-egeszseg p4-page-type-kiadvany\">\n\n<div class=\"wp-block-columns is-layout-flex wp-container-core-columns-is-layout-9d6595d7 wp-block-columns-is-layout-flex\"><figure class=\"wp-block-post-featured-image\"><a href=\"https:\/\/www.greenpeace.org\/hungary\/kiadvany\/2634\/europa-novenyvedoszer-fuggosege\/\" target=\"_self\"  ><img loading=\"lazy\" decoding=\"async\" width=\"1241\" height=\"1754\" src=\"https:\/\/www.greenpeace.org\/static\/planet4-hungary-stateless\/2016\/05\/0d09554e-europa_novenyvedoszer-fuggosege_web_page_001.jpg\" class=\"attachment-post-thumbnail size-post-thumbnail wp-post-image wp-stateless-item\" alt=\"Eur\u00f3pa n\u00f6v\u00e9nyv\u00e9d\u0151szer-f\u00fcgg\u0151s\u00e9ge\" style=\"object-fit:cover;\" srcset=\"https:\/\/www.greenpeace.org\/static\/planet4-hungary-stateless\/2016\/05\/0d09554e-europa_novenyvedoszer-fuggosege_web_page_001.jpg 1241w, https:\/\/www.greenpeace.org\/static\/planet4-hungary-stateless\/2016\/05\/0d09554e-europa_novenyvedoszer-fuggosege_web_page_001-212x300.jpg 212w, https:\/\/www.greenpeace.org\/static\/planet4-hungary-stateless\/2016\/05\/0d09554e-europa_novenyvedoszer-fuggosege_web_page_001-768x1085.jpg 768w, https:\/\/www.greenpeace.org\/static\/planet4-hungary-stateless\/2016\/05\/0d09554e-europa_novenyvedoszer-fuggosege_web_page_001-725x1024.jpg 725w, https:\/\/www.greenpeace.org\/static\/planet4-hungary-stateless\/2016\/05\/0d09554e-europa_novenyvedoszer-fuggosege_web_page_001-966x1366.jpg 966w, https:\/\/www.greenpeace.org\/static\/planet4-hungary-stateless\/2016\/05\/0d09554e-europa_novenyvedoszer-fuggosege_web_page_001-241x340.jpg 241w\" sizes=\"auto, (max-width: 1241px) 100vw, 1241px\" data-image-size=\"post-thumbnail\" data-stateless-media-bucket=\"planet4-hungary-stateless\" data-stateless-media-name=\"2016\/05\/0d09554e-europa_novenyvedoszer-fuggosege_web_page_001.jpg\" \/><\/a><\/figure>\n\n\n<div class=\"wp-block-group is-layout-flow wp-block-group-is-layout-flow\">\n<div class=\"wp-block-group is-layout-flow wp-block-group-is-layout-flow\"><div class=\"wp-block-post-terms\"><a href=\"https:\/\/www.greenpeace.org\/hungary\/category\/ugyek\/termeszet-kornyezet\/\">Term\u00e9szet &amp; K\u00f6rnyezet<\/a><\/div>\n\n<div class=\"taxonomy-post_tag wp-block-post-terms\"><a href=\"https:\/\/www.greenpeace.org\/hungary\/tag\/okogazdalkodas\/\" rel=\"tag\">\u00d6kogazd\u00e1lkod\u00e1s<\/a><span class=\"wp-block-post-terms__separator\"> <\/span><a href=\"https:\/\/www.greenpeace.org\/hungary\/tag\/szennyezes\/\" rel=\"tag\">Szennyez\u00e9s<\/a><span class=\"wp-block-post-terms__separator\"> <\/span><a href=\"https:\/\/www.greenpeace.org\/hungary\/tag\/egeszseg\/\" rel=\"tag\">Eg\u00e9szs\u00e9g<\/a><\/div><\/div>\n\n\n<h3 class=\"wp-block-post-title\"><a href=\"https:\/\/www.greenpeace.org\/hungary\/kiadvany\/2634\/europa-novenyvedoszer-fuggosege\/\" target=\"_self\" >Eur\u00f3pa n\u00f6v\u00e9nyv\u00e9d\u0151szer-f\u00fcgg\u0151s\u00e9ge<\/a><\/h3>\n\n<div class=\"wp-block-post-excerpt\"><p class=\"wp-block-post-excerpt__excerpt\">Itt az ideje, hogy kit\u00f6rj\u00fcnk a n\u00f6v\u00e9nyv\u00e9d\u0151szer-haszn\u00e1lat \u00f6rd\u00f6gi k\u00f6r\u00e9b\u0151l. Az ut\u00f3bbi csaknem f\u00e9l \u00e9vsz\u00e1zadban a mez\u0151gazdas\u00e1g az eg\u00e9sz vil\u00e1gon sok milli\u00f3 tonna \u00e9s t\u00f6bb sz\u00e1z fajta n\u00f6v\u00e9nyv\u00e9d\u0151 szert haszn\u00e1lt annak \u00e9rdek\u00e9ben, hogy cs\u00f6kkentse a term\u00e9svesztes\u00e9get. A legt\u00f6bb gazd\u00e1lkod\u00f3 haszonn\u00f6v\u00e9nyeit ma is rutinszer\u0171en kezeli t\u00f6bbf\u00e9le n\u00f6v\u00e9nyv\u00e9d\u0151 szerrel ahelyett, hogy a vegyszereket utols\u00f3 lehet\u0151s\u00e9gk\u00e9nt, csak ritk\u00e1n el\u0151fordul\u00f3&hellip; <\/p><\/div>\n\n\n<div class=\"wp-block-group posts-list-meta is-layout-flow wp-block-group-is-layout-flow\"><span class='article-list-item-author'>Greenpeace Magyarorsz\u00e1g<\/span>\n\n<div class=\"wp-block-post-date\"><time datetime=\"2016-05-23T00:00:00+02:00\">2016. m\u00e1jus 23.<\/time><\/div><\/div>\n<\/div>\n<\/div>\n\n<\/li><\/ul>\n\n\n<div class=\"wp-block-buttons carousel-controls is-horizontal is-content-justification-space-between is-nowrap is-layout-flex wp-container-core-buttons-is-layout-044bd602 wp-block-buttons-is-layout-flex\">\n<div class=\"wp-block-button carousel-control-prev\"><button type=\"button\" class=\"wp-block-button__link wp-element-button\">El\u0151z\u0151<\/button><\/div>\n\n\n\n<div class=\"wp-block-button carousel-control-next\"><button type=\"button\" class=\"wp-block-button__link wp-element-button\">K\u00f6vetkez\u0151<\/button><\/div>\n<\/div>\n\n\n<li class=\" wp-block-navigation-item see-all-link wp-block-navigation-link\"><a class=\"wp-block-navigation-item__content\"  href=\"http:\/\/www.greenpeace.org\/hungary\/news-stories\/?tag=muanyag&#038;post-type=kiadvany\"><span class=\"wp-block-navigation-item__label\">Minden kiadv\u00e1ny<\/span><\/a><\/li><\/div>\n\n<div class=\"wp-block-query posts-list p4-query-loop is-custom-layout-list is-layout-flow wp-block-query-is-layout-flow\">\n<div class=\"wp-block-group is-content-justification-space-between is-layout-flex wp-container-core-group-is-layout-3d213aab wp-block-group-is-layout-flex\">\n<h2 class=\"wp-block-heading\">Legfrissebb cikkek<\/h2>\n\n\n<li class=\" wp-block-navigation-item see-all-link wp-block-navigation-link\"><a class=\"wp-block-navigation-item__content\"  href=\"http:\/\/www.greenpeace.org\/hungary\/news-stories\/?tag=muanyag\"><span class=\"wp-block-navigation-item__label\">See all stories<\/span><\/a><\/li><\/div>\n\n\n\n<p style=\"margin-top:24px;margin-bottom:36px\"><\/p>\n\n\n\n\n<ul class=\"wp-block-post-template is-layout-flow wp-block-post-template-is-layout-flow\"><li class=\"wp-block-post post-13622 post type-post status-publish format-standard has-post-thumbnail hentry category-termeszet-kornyezet tag-elovilag p4-page-type-blog\">\n\n<div class=\"wp-block-columns is-layout-flex wp-container-core-columns-is-layout-9d6595d7 wp-block-columns-is-layout-flex\"><figure class=\"wp-block-post-featured-image\"><a href=\"https:\/\/www.greenpeace.org\/hungary\/blog\/13622\/a-melytenger-kulonleges-vilaga-evmilliokon-at-fennmaradt-de-lehet-hogy-trumpot-nem-eli-tul\/\" target=\"_self\"  ><img loading=\"lazy\" decoding=\"async\" width=\"1600\" height=\"1101\" src=\"https:\/\/www.greenpeace.org\/static\/planet4-hungary-stateless\/2026\/04\/73dd4ea0-gp0su3sim-1600x1101-1.jpg\" class=\"attachment-post-thumbnail size-post-thumbnail wp-post-image wp-stateless-item\" alt=\"A m\u00e9lytenger k\u00fcl\u00f6nleges vil\u00e1ga \u00e9vmilli\u00f3kon \u00e1t fennmaradt \u2013 de lehet, hogy Trumpot nem \u00e9li t\u00fal\" style=\"object-fit:cover;\" srcset=\"https:\/\/www.greenpeace.org\/static\/planet4-hungary-stateless\/2026\/04\/73dd4ea0-gp0su3sim-1600x1101-1.jpg 1600w, https:\/\/www.greenpeace.org\/static\/planet4-hungary-stateless\/2026\/04\/73dd4ea0-gp0su3sim-1600x1101-1-300x206.jpg 300w, https:\/\/www.greenpeace.org\/static\/planet4-hungary-stateless\/2026\/04\/73dd4ea0-gp0su3sim-1600x1101-1-1024x705.jpg 1024w, https:\/\/www.greenpeace.org\/static\/planet4-hungary-stateless\/2026\/04\/73dd4ea0-gp0su3sim-1600x1101-1-768x528.jpg 768w, https:\/\/www.greenpeace.org\/static\/planet4-hungary-stateless\/2026\/04\/73dd4ea0-gp0su3sim-1600x1101-1-1536x1057.jpg 1536w, https:\/\/www.greenpeace.org\/static\/planet4-hungary-stateless\/2026\/04\/73dd4ea0-gp0su3sim-1600x1101-1-494x340.jpg 494w\" sizes=\"auto, (max-width: 1600px) 100vw, 1600px\" data-image-size=\"post-thumbnail\" data-stateless-media-bucket=\"planet4-hungary-stateless\" data-stateless-media-name=\"2026\/04\/73dd4ea0-gp0su3sim-1600x1101-1.jpg\" \/><\/a><\/figure>\n\n\n<div class=\"wp-block-group is-layout-flow wp-block-group-is-layout-flow\">\n<div class=\"wp-block-group is-layout-flex wp-block-group-is-layout-flex\"><div class=\"wp-block-post-terms\"><a href=\"https:\/\/www.greenpeace.org\/hungary\/category\/ugyek\/termeszet-kornyezet\/\">Term\u00e9szet &amp; K\u00f6rnyezet<\/a><\/div>\n\n<div class=\"taxonomy-post_tag wp-block-post-terms\"><a href=\"https:\/\/www.greenpeace.org\/hungary\/tag\/elovilag\/\" rel=\"tag\">\u00c9l\u0151vil\u00e1g<\/a><\/div><\/div>\n\n\n<h3 class=\"wp-block-post-title\"><a href=\"https:\/\/www.greenpeace.org\/hungary\/blog\/13622\/a-melytenger-kulonleges-vilaga-evmilliokon-at-fennmaradt-de-lehet-hogy-trumpot-nem-eli-tul\/\" target=\"_self\" >A m\u00e9lytenger k\u00fcl\u00f6nleges vil\u00e1ga \u00e9vmilli\u00f3kon \u00e1t fennmaradt \u2013 de lehet, hogy Trumpot nem \u00e9li t\u00fal<\/a><\/h3>\n\n<div class=\"wp-block-post-excerpt\"><p class=\"wp-block-post-excerpt__excerpt\">Janu\u00e1r 17-\u00e9n j\u00f3 h\u00edr \u00e9rkezett a vil\u00e1g \u00f3ce\u00e1njai sz\u00e1m\u00e1ra: t\u00f6bb mint hatvan orsz\u00e1g ratifik\u00e1lta az ENSZ \u00d3ce\u00e1nv\u00e9delmi Egyezm\u00e9ny\u00e9t, amely v\u00e9gre hat\u00e1lyba is l\u00e9pett. A t\u00f6rt\u00e9nelemben el\u0151sz\u00f6r a korm\u00e1nyok tengeri v\u00e9dett&hellip; <\/p><\/div>\n\n\n<div class=\"wp-block-group posts-list-meta is-layout-flow wp-block-group-is-layout-flow\"><span class='article-list-item-author'><a href='https:\/\/www.greenpeace.org\/hungary\/author\/greenpeacehu\/'>Greenpeace Magyarorsz\u00e1g<\/a><\/span>\n\n<div class=\"wp-block-post-date\"><time datetime=\"2026-04-28T10:48:38+02:00\">2026. \u00e1prilis 28.<\/time><\/div><\/div>\n<\/div>\n<\/div>\n\n<\/li><li class=\"wp-block-post post-13613 post type-post status-publish format-standard has-post-thumbnail hentry category-ember-tarsadalom tag-szennyezes p4-page-type-sajtokozlemeny\">\n\n<div class=\"wp-block-columns is-layout-flex wp-container-core-columns-is-layout-9d6595d7 wp-block-columns-is-layout-flex\"><figure class=\"wp-block-post-featured-image\"><a href=\"https:\/\/www.greenpeace.org\/hungary\/sajtokozlemeny\/13613\/jogi-lepeseket-tesz-a-greenpeace-a-meresi-eredmenyeit-kiforgato-szerkesztosegekkel-szemben\/\" target=\"_self\"  ><img loading=\"lazy\" decoding=\"async\" width=\"2560\" height=\"1707\" src=\"https:\/\/www.greenpeace.org\/static\/planet4-hungary-stateless\/2026\/04\/673533d3-mg_4881-1-scaled.jpg\" class=\"attachment-post-thumbnail size-post-thumbnail wp-post-image wp-stateless-item\" alt=\"Jogi l\u00e9p\u00e9seket tesz a Greenpeace a m\u00e9r\u00e9si eredm\u00e9nyeit kiforgat\u00f3 szerkeszt\u0151s\u00e9gekkel szemben\" style=\"object-fit:cover;\" srcset=\"https:\/\/www.greenpeace.org\/static\/planet4-hungary-stateless\/2026\/04\/673533d3-mg_4881-1-scaled.jpg 2560w, https:\/\/www.greenpeace.org\/static\/planet4-hungary-stateless\/2026\/04\/673533d3-mg_4881-1-300x200.jpg 300w, https:\/\/www.greenpeace.org\/static\/planet4-hungary-stateless\/2026\/04\/673533d3-mg_4881-1-1024x683.jpg 1024w, https:\/\/www.greenpeace.org\/static\/planet4-hungary-stateless\/2026\/04\/673533d3-mg_4881-1-768x512.jpg 768w, https:\/\/www.greenpeace.org\/static\/planet4-hungary-stateless\/2026\/04\/673533d3-mg_4881-1-1536x1024.jpg 1536w, https:\/\/www.greenpeace.org\/static\/planet4-hungary-stateless\/2026\/04\/673533d3-mg_4881-1-2048x1366.jpg 2048w, https:\/\/www.greenpeace.org\/static\/planet4-hungary-stateless\/2026\/04\/673533d3-mg_4881-1-510x340.jpg 510w\" sizes=\"auto, (max-width: 2560px) 100vw, 2560px\" data-image-size=\"post-thumbnail\" data-stateless-media-bucket=\"planet4-hungary-stateless\" data-stateless-media-name=\"2026\/04\/673533d3-mg_4881-1-scaled.jpg\" \/><\/a><\/figure>\n\n\n<div class=\"wp-block-group is-layout-flow wp-block-group-is-layout-flow\">\n<div class=\"wp-block-group is-layout-flex wp-block-group-is-layout-flex\"><div class=\"wp-block-post-terms\"><a href=\"https:\/\/www.greenpeace.org\/hungary\/category\/ugyek\/ember-tarsadalom\/\">Ember &amp; T\u00e1rsadalom<\/a><\/div>\n\n<div class=\"taxonomy-post_tag wp-block-post-terms\"><a href=\"https:\/\/www.greenpeace.org\/hungary\/tag\/szennyezes\/\" rel=\"tag\">Szennyez\u00e9s<\/a><\/div><\/div>\n\n\n<h3 class=\"wp-block-post-title\"><a href=\"https:\/\/www.greenpeace.org\/hungary\/sajtokozlemeny\/13613\/jogi-lepeseket-tesz-a-greenpeace-a-meresi-eredmenyeit-kiforgato-szerkesztosegekkel-szemben\/\" target=\"_self\" >Jogi l\u00e9p\u00e9seket tesz a Greenpeace a m\u00e9r\u00e9si eredm\u00e9nyeit kiforgat\u00f3 szerkeszt\u0151s\u00e9gekkel szemben<\/a><\/h3>\n\n<div class=\"wp-block-post-excerpt\"><p class=\"wp-block-post-excerpt__excerpt\">A Greenpeace Magyarorsz\u00e1g \u00e1prilis 16-\u00e1n nyilv\u00e1noss\u00e1gra hozott, m\u00e1rciusi g\u00f6di, kom\u00e1romi \u00e9s s\u00f3sk\u00fati m\u00e9r\u00e9seivel kapcsolatban s\u00falyos cs\u00fasztat\u00e1sokat, egyes esetekben pedig a j\u00f3h\u00edr\u00e9t s\u00e9rt\u0151 \u00e1ll\u00edt\u00e1sokat k\u00f6z\u00f6lt n\u00e9h\u00e1ny szerkeszt\u0151s\u00e9g, ez\u00e9rt a szervezet jogi&hellip; <\/p><\/div>\n\n\n<div class=\"wp-block-group posts-list-meta is-layout-flow wp-block-group-is-layout-flow\"><span class='article-list-item-author'><a href='https:\/\/www.greenpeace.org\/hungary\/author\/greenpeacehu\/'>Greenpeace Magyarorsz\u00e1g<\/a><\/span>\n\n<div class=\"wp-block-post-date\"><time datetime=\"2026-04-24T10:08:24+02:00\">2026. \u00e1prilis 24.<\/time><\/div><\/div>\n<\/div>\n<\/div>\n\n<\/li><li class=\"wp-block-post post-13601 post type-post status-publish format-standard has-post-thumbnail hentry category-ember-tarsadalom tag-szennyezes p4-page-type-sajtokozlemeny\">\n\n<div class=\"wp-block-columns is-layout-flex wp-container-core-columns-is-layout-9d6595d7 wp-block-columns-is-layout-flex\"><figure class=\"wp-block-post-featured-image\"><a href=\"https:\/\/www.greenpeace.org\/hungary\/sajtokozlemeny\/13601\/a-greenpeace-ausztria-feljelentest-tett-a-vas-varmegyeben-is-azbesztszennyezest-okozo-osztrak-kobanyakkal-kapcsolatban\/\" target=\"_self\"  ><img loading=\"lazy\" decoding=\"async\" width=\"1097\" height=\"771\" src=\"https:\/\/www.greenpeace.org\/static\/planet4-hungary-stateless\/2026\/04\/ee7213aa-\u00a9vanessa-wittmann_steinbruch_pilgersdorf_khd.png\" class=\"attachment-post-thumbnail size-post-thumbnail wp-post-image wp-stateless-item\" alt=\"A Greenpeace Ausztria feljelent\u00e9st tett a Vas v\u00e1rmegy\u00e9ben is azbesztszennyez\u00e9st okoz\u00f3 osztr\u00e1k k\u0151b\u00e1ny\u00e1kkal kapcsolatban\" style=\"object-fit:cover;\" srcset=\"https:\/\/www.greenpeace.org\/static\/planet4-hungary-stateless\/2026\/04\/ee7213aa-\u00a9vanessa-wittmann_steinbruch_pilgersdorf_khd.png 1097w, https:\/\/www.greenpeace.org\/static\/planet4-hungary-stateless\/2026\/04\/ee7213aa-\u00a9vanessa-wittmann_steinbruch_pilgersdorf_khd-300x211.png 300w, https:\/\/www.greenpeace.org\/static\/planet4-hungary-stateless\/2026\/04\/ee7213aa-\u00a9vanessa-wittmann_steinbruch_pilgersdorf_khd-1024x720.png 1024w, https:\/\/www.greenpeace.org\/static\/planet4-hungary-stateless\/2026\/04\/ee7213aa-\u00a9vanessa-wittmann_steinbruch_pilgersdorf_khd-768x540.png 768w, https:\/\/www.greenpeace.org\/static\/planet4-hungary-stateless\/2026\/04\/ee7213aa-\u00a9vanessa-wittmann_steinbruch_pilgersdorf_khd-484x340.png 484w\" sizes=\"auto, (max-width: 1097px) 100vw, 1097px\" data-image-size=\"post-thumbnail\" data-stateless-media-bucket=\"planet4-hungary-stateless\" data-stateless-media-name=\"2026\/04\/ee7213aa-\u00a9vanessa-wittmann_steinbruch_pilgersdorf_khd.png\" \/><\/a><\/figure>\n\n\n<div class=\"wp-block-group is-layout-flow wp-block-group-is-layout-flow\">\n<div class=\"wp-block-group is-layout-flex wp-block-group-is-layout-flex\"><div class=\"wp-block-post-terms\"><a href=\"https:\/\/www.greenpeace.org\/hungary\/category\/ugyek\/ember-tarsadalom\/\">Ember &amp; T\u00e1rsadalom<\/a><\/div>\n\n<div class=\"taxonomy-post_tag wp-block-post-terms\"><a href=\"https:\/\/www.greenpeace.org\/hungary\/tag\/szennyezes\/\" rel=\"tag\">Szennyez\u00e9s<\/a><\/div><\/div>\n\n\n<h3 class=\"wp-block-post-title\"><a href=\"https:\/\/www.greenpeace.org\/hungary\/sajtokozlemeny\/13601\/a-greenpeace-ausztria-feljelentest-tett-a-vas-varmegyeben-is-azbesztszennyezest-okozo-osztrak-kobanyakkal-kapcsolatban\/\" target=\"_self\" >A Greenpeace Ausztria feljelent\u00e9st tett a Vas v\u00e1rmegy\u00e9ben is azbesztszennyez\u00e9st okoz\u00f3 osztr\u00e1k k\u0151b\u00e1ny\u00e1kkal kapcsolatban<\/a><\/h3>\n\n<div class=\"wp-block-post-excerpt\"><p class=\"wp-block-post-excerpt__excerpt\">Eisenstadt\/B\u00e9cs 2026.04.22\u2013 B\u0171ncselekm\u00e9ny gyan\u00faja miatt tett feljelent\u00e9st a Greenpeace Ausztria az azbeszttel terhelt pilgersdorfi k\u0151b\u00e1nya \u00fczemeltet\u0151i ellen. Hab\u00e1r a hat\u00f3s\u00e1goknak legk\u00e9s\u0151bb 2011 \u00f3ta volt tudom\u00e1suk a k\u0151b\u00e1nya azbesztterhel\u00e9s\u00e9r\u0151l, alig n\u00e9h\u00e1ny&hellip; <\/p><\/div>\n\n\n<div class=\"wp-block-group posts-list-meta is-layout-flow wp-block-group-is-layout-flow\"><span class='article-list-item-author'><a href='https:\/\/www.greenpeace.org\/hungary\/author\/greenpeacehu\/'>Greenpeace Magyarorsz\u00e1g<\/a><\/span>\n\n<div class=\"wp-block-post-date\"><time datetime=\"2026-04-22T14:58:08+02:00\">2026. \u00e1prilis 22.<\/time><\/div><\/div>\n<\/div>\n<\/div>\n\n<\/li><\/ul>\n\n\n<div class=\"wp-block-buttons carousel-controls is-horizontal is-content-justification-space-between is-nowrap is-layout-flex wp-container-core-buttons-is-layout-044bd602 wp-block-buttons-is-layout-flex\">\n<div class=\"wp-block-button carousel-control-prev\"><button type=\"button\" class=\"wp-block-button__link wp-element-button\">El\u0151z\u0151<\/button><\/div>\n\n\n\n<div class=\"wp-block-button carousel-control-next\"><button type=\"button\" class=\"wp-block-button__link wp-element-button\">K\u00f6vetkez\u0151<\/button><\/div>\n<\/div>\n\n\n<li class=\" wp-block-navigation-item see-all-link wp-block-navigation-link\"><a class=\"wp-block-navigation-item__content\"  href=\"http:\/\/www.greenpeace.org\/hungary\/news-stories\/?tag=muanyag\"><span class=\"wp-block-navigation-item__label\">Minden cikk<\/span><\/a><\/li><\/div>\n\n<hr class=\"wp-block-separator has-text-color has-green-800-color has-alpha-channel-opacity has-green-800-background-color has-background\"\/>\n\n<h2 class=\"wp-block-heading has-text-align-center\">K\u00f6vesd munk\u00e1nkat, iratkozz fel leveleinkre!<\/h2>\n\n<div class=\"wp-block-group is-style-reset-margin has-beige-100-background-color has-background is-layout-flow wp-block-group-is-layout-flow\" style=\"padding-top:0px;padding-right:0px;padding-bottom:0px;padding-left:0px\">\n<div class=\"wp-block-columns are-vertically-aligned-center is-layout-flex wp-container-core-columns-is-layout-9d6595d7 wp-block-columns-is-layout-flex\">\n<div class=\"wp-block-column is-vertically-aligned-center is-layout-flow wp-block-column-is-layout-flow\">\n<div class=\"wp-block-cover aligncenter is-light\"><img loading=\"lazy\" decoding=\"async\" width=\"1024\" height=\"683\" class=\"wp-block-cover__image-background wp-image-12324\" alt=\"\" src=\"https:\/\/www.greenpeace.org\/static\/planet4-hungary-stateless\/2025\/07\/90b1ed17-vadmeh-faj_pribeli-levente-1024x683.jpg\" data-object-fit=\"cover\" srcset=\"https:\/\/www.greenpeace.org\/static\/planet4-hungary-stateless\/2025\/07\/90b1ed17-vadmeh-faj_pribeli-levente-1024x683.jpg 1024w, https:\/\/www.greenpeace.org\/static\/planet4-hungary-stateless\/2025\/07\/90b1ed17-vadmeh-faj_pribeli-levente-300x200.jpg 300w, https:\/\/www.greenpeace.org\/static\/planet4-hungary-stateless\/2025\/07\/90b1ed17-vadmeh-faj_pribeli-levente-768x512.jpg 768w, https:\/\/www.greenpeace.org\/static\/planet4-hungary-stateless\/2025\/07\/90b1ed17-vadmeh-faj_pribeli-levente-510x340.jpg 510w, https:\/\/www.greenpeace.org\/static\/planet4-hungary-stateless\/2025\/07\/90b1ed17-vadmeh-faj_pribeli-levente.jpg 1200w\" sizes=\"auto, (max-width: 1024px) 100vw, 1024px\" \/><span aria-hidden=\"true\" class=\"wp-block-cover__background has-background-dim-0 has-background-dim\"><\/span><div class=\"wp-block-cover__inner-container is-layout-flow wp-block-cover-is-layout-flow\">\n<p class=\"has-text-align-center has-large-font-size\"><\/p>\n<\/div><\/div>\n<\/div>\n\n\n\n<div class=\"wp-block-column is-vertically-aligned-center has-beige-100-background-color has-background is-layout-flow wp-block-column-is-layout-flow\">\n<div class=\"wp-block-group is-style-default is-vertical is-content-justification-center is-layout-flex wp-container-core-group-is-layout-d4d0c5bc wp-block-group-is-layout-flex\" style=\"padding-top:20px;padding-right:20px;padding-bottom:20px;padding-left:20px\"><script type=\"text\/javascript\">\n\/* <![CDATA[ *\/\nvar gform;gform||(document.addEventListener(\"gform_main_scripts_loaded\",function(){gform.scriptsLoaded=!0}),document.addEventListener(\"gform\/theme\/scripts_loaded\",function(){gform.themeScriptsLoaded=!0}),window.addEventListener(\"DOMContentLoaded\",function(){gform.domLoaded=!0}),gform={domLoaded:!1,scriptsLoaded:!1,themeScriptsLoaded:!1,isFormEditor:()=>\"function\"==typeof InitializeEditor,callIfLoaded:function(o){return!(!gform.domLoaded||!gform.scriptsLoaded||!gform.themeScriptsLoaded&&!gform.isFormEditor()||(gform.isFormEditor()&&console.warn(\"The use of gform.initializeOnLoaded() is deprecated in the form editor context and will be removed in Gravity Forms 3.1.\"),o(),0))},initializeOnLoaded:function(o){gform.callIfLoaded(o)||(document.addEventListener(\"gform_main_scripts_loaded\",()=>{gform.scriptsLoaded=!0,gform.callIfLoaded(o)}),document.addEventListener(\"gform\/theme\/scripts_loaded\",()=>{gform.themeScriptsLoaded=!0,gform.callIfLoaded(o)}),window.addEventListener(\"DOMContentLoaded\",()=>{gform.domLoaded=!0,gform.callIfLoaded(o)}))},hooks:{action:{},filter:{}},addAction:function(o,r,e,t){gform.addHook(\"action\",o,r,e,t)},addFilter:function(o,r,e,t){gform.addHook(\"filter\",o,r,e,t)},doAction:function(o){gform.doHook(\"action\",o,arguments)},applyFilters:function(o){return gform.doHook(\"filter\",o,arguments)},removeAction:function(o,r){gform.removeHook(\"action\",o,r)},removeFilter:function(o,r,e){gform.removeHook(\"filter\",o,r,e)},addHook:function(o,r,e,t,n){null==gform.hooks[o][r]&&(gform.hooks[o][r]=[]);var d=gform.hooks[o][r];null==n&&(n=r+\"_\"+d.length),gform.hooks[o][r].push({tag:n,callable:e,priority:t=null==t?10:t})},doHook:function(r,o,e){var t;if(e=Array.prototype.slice.call(e,1),null!=gform.hooks[r][o]&&((o=gform.hooks[r][o]).sort(function(o,r){return o.priority-r.priority}),o.forEach(function(o){\"function\"!=typeof(t=o.callable)&&(t=window[t]),\"action\"==r?t.apply(null,e):e[0]=t.apply(null,e)})),\"filter\"==r)return e[0]},removeHook:function(o,r,t,n){var e;null!=gform.hooks[o][r]&&(e=(e=gform.hooks[o][r]).filter(function(o,r,e){return!!(null!=n&&n!=o.tag||null!=t&&t!=o.priority)}),gform.hooks[o][r]=e)}});\n\/* ]]> *\/\n<\/script>\n\n                <div class='gf_browser_gecko gform_wrapper gravity-theme gform-theme--no-framework' data-form-theme='gravity-theme' data-form-index='0' id='gform_wrapper_2' ><div id='gf_2' class='gform_anchor' tabindex='-1'><\/div><form method='post' enctype='multipart\/form-data' target='gform_ajax_frame_2' id='gform_2'  action='\/hungary\/wp-json\/wp\/v2\/pages\/54#gf_2' data-formid='2' novalidate>\n                        <div class='gform-body gform_body'><div id='gform_fields_2' class='gform_fields top_label form_sublabel_below description_below validation_below'><div id=\"field_2_11\" class=\"gfield gfield--type-honeypot gform_validation_container field_sublabel_below gfield--has-description field_description_below field_validation_below gfield_visibility_visible\"  ><label class='gfield_label gform-field-label' for='input_2_11'>LinkedIn<\/label><div class='ginput_container'><input name='input_11' id='input_2_11' type='text' value='' autocomplete='new-password'\/><\/div><div class='gfield_description' id='gfield_description_2_11'>Ez a mez\u0151 az \u00e9rv\u00e9nyes\u00edt\u00e9shez van \u00e9s \u00fcresen kell hagyni.<\/div><\/div><div id=\"field_2_1\" class=\"gfield gfield--type-text gfield--input-type-text gfield--width-half gfield_contains_required field_sublabel_below gfield--no-description field_description_below hidden_label field_validation_below gfield_visibility_visible\"  ><label class='gfield_label gform-field-label' for='input_2_1'>Vezet\u00e9kn\u00e9v*<span class=\"gfield_required\"><span class=\"gfield_required gfield_required_text\">(K\u00f6telez\u0151)<\/span><\/span><\/label><div class='ginput_container ginput_container_text'><input name='input_1' id='input_2_1' type='text' value='' class='large'    placeholder='Vezet\u00e9kn\u00e9v*' aria-required=\"true\" aria-invalid=\"false\"   \/><\/div><\/div><div id=\"field_2_3\" class=\"gfield gfield--type-text gfield--input-type-text gfield--width-half gfield_contains_required field_sublabel_below gfield--no-description field_description_below hidden_label field_validation_below gfield_visibility_visible\"  ><label class='gfield_label gform-field-label' for='input_2_3'>Keresztn\u00e9v*<span class=\"gfield_required\"><span class=\"gfield_required gfield_required_text\">(K\u00f6telez\u0151)<\/span><\/span><\/label><div class='ginput_container ginput_container_text'><input name='input_3' id='input_2_3' type='text' value='' class='large'    placeholder='Keresztn\u00e9v*' aria-required=\"true\" aria-invalid=\"false\"   \/><\/div><\/div><div id=\"field_2_4\" class=\"gfield gfield--type-email gfield--input-type-email gfield--width-full gfield_contains_required field_sublabel_below gfield--no-description field_description_below hidden_label field_validation_below gfield_visibility_visible\"  ><label class='gfield_label gform-field-label' for='input_2_4'>E-mail-c\u00edm*<span class=\"gfield_required\"><span class=\"gfield_required gfield_required_text\">(K\u00f6telez\u0151)<\/span><\/span><\/label><div class='ginput_container ginput_container_email'>\n                            <input name='input_4' id='input_2_4' type='email' value='' class='large'   placeholder='E-mail-c\u00edm*' aria-required=\"true\" aria-invalid=\"false\"  \/>\n                        <\/div><\/div><div id=\"field_2_5\" class=\"gfield gfield--type-phone gfield--input-type-phone gfield--width-full field_sublabel_below gfield--no-description field_description_below hidden_label field_validation_below gfield_visibility_visible\"  ><label class='gfield_label gform-field-label' for='input_2_5'>Telefonsz\u00e1m<\/label><div class='ginput_container ginput_container_phone'><input name='input_5' id='input_2_5' type='tel' value='' class='large'  placeholder='Telefonsz\u00e1m'  aria-invalid=\"false\"   \/><\/div><\/div><fieldset id=\"field_2_6\" class=\"gfield gfield--type-checkbox gfield--type-choice gfield--input-type-checkbox gfield--width-full gfield_contains_required field_sublabel_below gfield--no-description field_description_below hidden_label field_validation_below gfield_visibility_visible custom-control\"  data-field-class=\"custom-control\" ><legend class='gfield_label gform-field-label gfield_label_before_complex' >Adatkezel\u00e9s<span class=\"gfield_required\"><span class=\"gfield_required gfield_required_text\">(K\u00f6telez\u0151)<\/span><\/span><\/legend><div class='ginput_container ginput_container_checkbox'><div class='gfield_checkbox ' id='input_2_6'><div class='gchoice gchoice_2_6_1'>\n\t\t\t\t\t\t\t\t<input class='gfield-choice-input' name='input_6.1' type='checkbox'  value='true'  id='choice_2_6_1'   \/>\n\t\t\t\t\t\t\t\t<label for='choice_2_6_1' id='label_2_6_1' class='gform-field-label gform-field-label--type-inline'>Elfogadom az <a href=\"https:\/\/www.greenpeace.org\/hungary\/adatkezeles\" target=\"_blank\">adatkezel\u00e9si t\u00e1j\u00e9koztat\u00f3t<\/a>, \u00e9s hozz\u00e1j\u00e1rulok adataim kezel\u00e9s\u00e9hez.*<\/label>\n\t\t\t\t\t\t\t<\/div><\/div><\/div><\/fieldset><fieldset id=\"field_2_8\" class=\"gfield gfield--type-multi_choice gfield--type-choice gfield--input-type-radio gfield--width-full field_sublabel_below gfield--no-description field_description_below field_validation_below gfield_visibility_hidden gfield--choice-align-vertical\"  ><div class=\"admin-hidden-markup\"><i class=\"gform-icon gform-icon--hidden\" aria-hidden=\"true\" title=\"This field is hidden when viewing the form\"><\/i><span>This field is hidden when viewing the form<\/span><\/div><legend class='gfield_label gform-field-label gfield_label_before_complex' >Enged\u00e9lyezed, hogy a Greenpeace Magyarorsz\u00e1g megadott el\u00e9rhet\u0151s\u00e9geiden \u00e9rtes\u00edtsen a kamp\u00e1nyokr\u00f3l, \u00e9s az azokban val\u00f3 r\u00e9szv\u00e9tel lehet\u0151s\u00e9geir\u0151l?<\/legend><div class='ginput_container ginput_container_radio'><div class='gfield_radio' id='input_2_8'>\n\t\t\t<div class='gchoice gchoice_2_8_0'>\n\t\t\t\t\t<input class='gfield-choice-input' name='input_8' type='radio' value='true' checked='checked' id='choice_2_8_0' onchange='gformToggleRadioOther( this )'    \/>\n\t\t\t\t\t<label for='choice_2_8_0' id='label_2_8_0' class='gform-field-label gform-field-label--type-inline'>Igen, k\u00e9rek \u00e9rtes\u00edt\u00e9st<\/label>\n\t\t\t<\/div><\/div><\/div><\/fieldset><div id=\"field_2_7\" class=\"gfield gfield--type-text gfield--input-type-text gfield--width-full field_sublabel_below gfield--no-description field_description_below field_validation_below gfield_visibility_hidden\"  ><div class=\"admin-hidden-markup\"><i class=\"gform-icon gform-icon--hidden\" aria-hidden=\"true\" title=\"This field is hidden when viewing the form\"><\/i><span>This field is hidden when viewing the form<\/span><\/div><label class='gfield_label gform-field-label' for='input_2_7'>Source<\/label><div class='ginput_container ginput_container_text'><input name='input_7' id='input_2_7' type='text' value='' class='large'      aria-invalid=\"false\"   \/><\/div><\/div><div id=\"field_2_9\" class=\"gfield gfield--type-text gfield--input-type-text gfield--width-full field_sublabel_below gfield--no-description field_description_below field_validation_below gfield_visibility_hidden\"  ><div class=\"admin-hidden-markup\"><i class=\"gform-icon gform-icon--hidden\" aria-hidden=\"true\" title=\"This field is hidden when viewing the form\"><\/i><span>This field is hidden when viewing the form<\/span><\/div><label class='gfield_label gform-field-label' for='input_2_9'>Orsz\u00e1g\/r\u00e9gi\u00f3<\/label><div class='ginput_container ginput_container_text'><input name='input_9' id='input_2_9' type='text' value='HU' class='large'      aria-invalid=\"false\"   \/><\/div><\/div><fieldset id=\"field_2_10\" class=\"gfield gfield--type-checkbox gfield--type-choice gfield--input-type-checkbox gfield--width-full field_sublabel_below gfield--no-description field_description_below field_validation_below gfield_visibility_hidden custom-control\"  data-field-class=\"custom-control\" ><div class=\"admin-hidden-markup\"><i class=\"gform-icon gform-icon--hidden\" aria-hidden=\"true\" title=\"This field is hidden when viewing the form\"><\/i><span>This field is hidden when viewing the form<\/span><\/div><legend class='gfield_label gform-field-label gfield_label_before_complex' >Owned HU<\/legend><div class='ginput_container ginput_container_checkbox'><div class='gfield_checkbox ' id='input_2_10'><div class='gchoice gchoice_2_10_1'>\n\t\t\t\t\t\t\t\t<input class='gfield-choice-input' name='input_10.1' type='checkbox'  value='Yes' checked='checked' id='choice_2_10_1'   \/>\n\t\t\t\t\t\t\t\t<label for='choice_2_10_1' id='label_2_10_1' class='gform-field-label gform-field-label--type-inline'>Yes<\/label>\n\t\t\t\t\t\t\t<\/div><\/div><\/div><\/fieldset><\/div><\/div>\n        <div class='gform-footer gform_footer top_label'> <input type='submit' id='gform_submit_button_2' class='gform_button button' onclick='gform.submission.handleButtonClick(this);' data-submission-type='submit' value='Feliratkozom'  \/> <input type='hidden' name='gform_ajax' value='form_id=2&amp;title=&amp;description=&amp;tabindex=0&amp;theme=gravity-theme&amp;styles={&quot;theme&quot;:&quot;gravity-theme&quot;,&quot;inputPrimaryColor&quot;:&quot;#204ce5&quot;}&amp;hash=9388b77ec7b9e553f445ee2f7d0af39a' \/>\n            <input type='hidden' class='gform_hidden' name='gform_submission_method' data-js='gform_submission_method_2' value='iframe' \/>\n            <input type='hidden' class='gform_hidden' name='gform_theme' data-js='gform_theme_2' id='gform_theme_2' value='gravity-theme' \/>\n            <input type='hidden' class='gform_hidden' name='gform_style_settings' data-js='gform_style_settings_2' id='gform_style_settings_2' value='{&quot;theme&quot;:&quot;gravity-theme&quot;,&quot;inputPrimaryColor&quot;:&quot;#204ce5&quot;}' \/>\n            <input type='hidden' class='gform_hidden' name='is_submit_2' value='1' \/>\n            <input type='hidden' class='gform_hidden' name='gform_submit' value='2' \/>\n            \n            <input type='hidden' class='gform_hidden' name='gform_currency' data-currency='USD' value='uY0O6tblX2fN0NlfOA3bJVDMh0KORcP\/VsVlDrCw\/Fkl\/r7Cjbs+Tn0CoYOtspmkUbtwy\/+Ra0AyURZaJhjJQpNiRys2+pc1RIvKvFEsm2aFNCE=' \/>\n            <input type='hidden' class='gform_hidden' name='gform_unique_id' value='' \/>\n            <input type='hidden' class='gform_hidden' name='state_2' value='WyJ7XCI2LjFcIjpcImExYTFiZjViZDA3YThmOTQ0YmMwY2ZiYWQyYWNiZDRmXCIsXCI4XCI6W1wiYTFhMWJmNWJkMDdhOGY5NDRiYzBjZmJhZDJhY2JkNGZcIl0sXCIxMC4xXCI6XCI4NmE3MTIzYzhiOTY5ZDYzYWRjZDI3OGUxYjFmYzYwM1wifSIsIjJiOWRhNjUwMjBhMzI2NTJiZGRhNzE4ZjU4OGZkMDEzIl0=' \/>\n            <input type='hidden' autocomplete='off' class='gform_hidden' name='gform_target_page_number_2' id='gform_target_page_number_2' value='0' \/>\n            <input type='hidden' autocomplete='off' class='gform_hidden' name='gform_source_page_number_2' id='gform_source_page_number_2' value='1' \/>\n            <input type='hidden' name='gform_field_values' value='' \/>\n            \n        <\/div>\n                        <p style=\"display: none !important;\" class=\"akismet-fields-container\" data-prefix=\"ak_\"><label>&#916;<textarea name=\"ak_hp_textarea\" cols=\"45\" rows=\"8\" maxlength=\"100\"><\/textarea><\/label><input type=\"hidden\" id=\"ak_js_1\" name=\"ak_js\" value=\"141\"\/><script>document.getElementById( \"ak_js_1\" ).setAttribute( \"value\", ( new Date() ).getTime() );<\/script><\/p><\/form>\n                        <\/div>\n\t\t                <iframe style='display:none;width:0px;height:0px;' src='about:blank' name='gform_ajax_frame_2' id='gform_ajax_frame_2' title='This iframe contains the logic required to handle Ajax powered Gravity Forms.'><\/iframe>\n\t\t                <script type=\"text\/javascript\">\n\/* <![CDATA[ *\/\n gform.initializeOnLoaded( function() {gformInitSpinner( 2, 'https:\/\/www.greenpeace.org\/hungary\/wp-content\/plugins\/gravityforms\/images\/spinner.svg', true );jQuery('#gform_ajax_frame_2').on('load',function(){var contents = jQuery(this).contents().find('*').html();var is_postback = contents.indexOf('GF_AJAX_POSTBACK') >= 0;if(!is_postback){return;}var form_content = jQuery(this).contents().find('#gform_wrapper_2');var is_confirmation = jQuery(this).contents().find('#gform_confirmation_wrapper_2').length > 0;var is_redirect = contents.indexOf('gformRedirect(){') >= 0;var is_form = form_content.length > 0 && ! is_redirect && ! is_confirmation;var mt = parseInt(jQuery('html').css('margin-top'), 10) + parseInt(jQuery('body').css('margin-top'), 10) + 100;if(is_form){jQuery('#gform_wrapper_2').html(form_content.html());if(form_content.hasClass('gform_validation_error')){jQuery('#gform_wrapper_2').addClass('gform_validation_error');} else {jQuery('#gform_wrapper_2').removeClass('gform_validation_error');}setTimeout( function() { \/* delay the scroll by 50 milliseconds to fix a bug in chrome *\/ jQuery(document).scrollTop(jQuery('#gform_wrapper_2').offset().top - mt); }, 50 );if(window['gformInitDatepicker']) {gformInitDatepicker();}if(window['gformInitPriceFields']) {gformInitPriceFields();}var current_page = jQuery('#gform_source_page_number_2').val();gformInitSpinner( 2, 'https:\/\/www.greenpeace.org\/hungary\/wp-content\/plugins\/gravityforms\/images\/spinner.svg', true );jQuery(document).trigger('gform_page_loaded', [2, current_page]);window['gf_submitting_2'] = false;}else if(!is_redirect){var confirmation_content = jQuery(this).contents().find('.GF_AJAX_POSTBACK').html();if(!confirmation_content){confirmation_content = contents;}jQuery('#gform_wrapper_2').replaceWith(confirmation_content);jQuery(document).scrollTop(jQuery('#gf_2').offset().top - mt);jQuery(document).trigger('gform_confirmation_loaded', [2]);window['gf_submitting_2'] = false;wp.a11y.speak(jQuery('#gform_confirmation_message_2').text());}else{jQuery('#gform_2').append(contents);if(window['gformRedirect']) {gformRedirect();}}jQuery(document).trigger(\"gform_pre_post_render\", [{ formId: \"2\", currentPage: \"current_page\", abort: function() { this.preventDefault(); } }]);        if (event && event.defaultPrevented) {                return;        }        const gformWrapperDiv = document.getElementById( \"gform_wrapper_2\" );        if ( gformWrapperDiv ) {            const visibilitySpan = document.createElement( \"span\" );            visibilitySpan.id = \"gform_visibility_test_2\";            gformWrapperDiv.insertAdjacentElement( \"afterend\", visibilitySpan );        }        const visibilityTestDiv = document.getElementById( \"gform_visibility_test_2\" );        let postRenderFired = false;        function triggerPostRender() {            if ( postRenderFired ) {                return;            }            postRenderFired = true;            gform.core.triggerPostRenderEvents( 2, current_page );            if ( visibilityTestDiv ) {                visibilityTestDiv.parentNode.removeChild( visibilityTestDiv );            }        }        function debounce( func, wait, immediate ) {            var timeout;            return function() {                var context = this, args = arguments;                var later = function() {                    timeout = null;                    if ( !immediate ) func.apply( context, args );                };                var callNow = immediate && !timeout;                clearTimeout( timeout );                timeout = setTimeout( later, wait );                if ( callNow ) func.apply( context, args );            };        }        const debouncedTriggerPostRender = debounce( function() {            triggerPostRender();        }, 200 );        if ( visibilityTestDiv && visibilityTestDiv.offsetParent === null ) {            const observer = new MutationObserver( ( mutations ) => {                mutations.forEach( ( mutation ) => {                    if ( mutation.type === 'attributes' && visibilityTestDiv.offsetParent !== null ) {                        debouncedTriggerPostRender();                        observer.disconnect();                    }                });            });            observer.observe( document.body, {                attributes: true,                childList: false,                subtree: true,                attributeFilter: [ 'style', 'class' ],            });        } else {            triggerPostRender();        }    } );} ); \n\/* ]]> *\/\n<\/script>\n<\/div>\n<\/div>\n<\/div>\n<\/div>\n\n<hr class=\"wp-block-separator has-text-color has-green-800-color has-alpha-channel-opacity has-green-800-background-color has-background\"\/>\n","protected":false},"excerpt":{"rendered":"<p>Sz\u00fcks\u00e9g\u00fcnk van a F\u00f6ld\u00fcnkre. Az \u00e9letet ad\u00f3 talajra, a vizekre, a leveg\u0151re. A F\u00f6ld otthona soksz\u00edn\u0171 \u00e9l\u0151vil\u00e1gunknak. A csod\u00e1latos erd\u0151knek, \u00f3ce\u00e1noknak \u00e9s a leny\u0171g\u00f6z\u0151 \u00e1llatoknak. Nem engedhetj\u00fck, hogy kevesek kisaj\u00e1t\u00edts\u00e1k vagy elpuszt\u00edts\u00e1k term\u00e9szeti kincseinket. V\u00e9delm\u00fcnkbe kell venn\u00fcnk a bolyg\u00f3nkat!<\/p>\n","protected":false},"author":1,"featured_media":361,"parent":11,"menu_order":0,"comment_status":"closed","ping_status":"closed","template":"","meta":{"ep_exclude_from_search":false,"p4_hide_page_title_checkbox":"","p4_title":"","p4_subtitle":"","p4_description":"","background_image_id":"","background_image":"","p4_button_title":"","p4_button_link":"","p4_button_link_checkbox":"","p4_og_title":"","p4_og_description":"","p4_og_image":"","p4_og_image_id":"","p4_seo_canonical_url":"","p4_campaign_name":"not set","p4_local_project":"not set","p4_basket_name":"not set","p4_department":"","footnotes":""},"categories":[3],"tags":[20,23,24],"class_list":["post-54","page","type-page","status-publish","has-post-thumbnail","hentry","category-termeszet-kornyezet","tag-elovilag","tag-muanyag","tag-szennyezes"],"_links":{"self":[{"href":"https:\/\/www.greenpeace.org\/hungary\/wp-json\/wp\/v2\/pages\/54","targetHints":{"allow":["GET"]}}],"collection":[{"href":"https:\/\/www.greenpeace.org\/hungary\/wp-json\/wp\/v2\/pages"}],"about":[{"href":"https:\/\/www.greenpeace.org\/hungary\/wp-json\/wp\/v2\/types\/page"}],"author":[{"embeddable":true,"href":"https:\/\/www.greenpeace.org\/hungary\/wp-json\/wp\/v2\/users\/1"}],"replies":[{"embeddable":true,"href":"https:\/\/www.greenpeace.org\/hungary\/wp-json\/wp\/v2\/comments?post=54"}],"version-history":[{"count":20,"href":"https:\/\/www.greenpeace.org\/hungary\/wp-json\/wp\/v2\/pages\/54\/revisions"}],"predecessor-version":[{"id":13527,"href":"https:\/\/www.greenpeace.org\/hungary\/wp-json\/wp\/v2\/pages\/54\/revisions\/13527"}],"up":[{"embeddable":true,"href":"https:\/\/www.greenpeace.org\/hungary\/wp-json\/wp\/v2\/pages\/11"}],"wp:featuredmedia":[{"embeddable":true,"href":"https:\/\/www.greenpeace.org\/hungary\/wp-json\/wp\/v2\/media\/361"}],"wp:attachment":[{"href":"https:\/\/www.greenpeace.org\/hungary\/wp-json\/wp\/v2\/media?parent=54"}],"wp:term":[{"taxonomy":"category","embeddable":true,"href":"https:\/\/www.greenpeace.org\/hungary\/wp-json\/wp\/v2\/categories?post=54"},{"taxonomy":"post_tag","embeddable":true,"href":"https:\/\/www.greenpeace.org\/hungary\/wp-json\/wp\/v2\/tags?post=54"}],"curies":[{"name":"wp","href":"https:\/\/api.w.org\/{rel}","templated":true}]}}