{"id":8320,"date":"2021-05-20T09:24:29","date_gmt":"2021-05-20T07:24:29","guid":{"rendered":"https:\/\/www.greenpeace.org\/hungary\/?page_id=8320"},"modified":"2026-01-08T14:11:05","modified_gmt":"2026-01-08T13:11:05","slug":"lepj-fel-a-termeszetkarositas-ellen","status":"publish","type":"page","link":"https:\/\/www.greenpeace.org\/hungary\/cselekedj\/vedjuk-meg-a-termeszet-sokszinuseget\/lepj-fel-a-termeszetkarositas-ellen\/","title":{"rendered":"L\u00e9pj fel a term\u00e9szetk\u00e1ros\u00edt\u00e1s ellen!"},"content":{"rendered":"\n\n<div class=\"wp-block-group alignfull is-layout-flow wp-block-group-is-layout-flow\">\n<div class=\"wp-block-group container is-layout-flow wp-block-group-is-layout-flow\">\n<div class=\"wp-block-media-text alignfull has-media-on-the-right is-stacked-on-mobile is-pattern-p4-page-header is-style-parallax\"><div class=\"wp-block-media-text__content\">\n<div class=\"wp-block-group is-layout-flow wp-block-group-is-layout-flow\">\n<h1 class=\"wp-block-heading has-white-background-color has-background\">L\u00e9pj fel a term\u00e9szetk\u00e1ros\u00edt\u00e1s ellen!<\/h1>\n<\/div>\n\n\n\n<p style=\"font-size:1.25rem\"><\/p>\n\n\n\n<div class=\"wp-block-buttons is-layout-flex wp-block-buttons-is-layout-flex\"><\/div>\n<\/div><figure class=\"wp-block-media-text__media\"><img loading=\"lazy\" decoding=\"async\" width=\"1024\" height=\"576\" src=\"https:\/\/www.greenpeace.org\/static\/planet4-hungary-stateless\/2021\/05\/addd603e-gphu-20200503053639-db-006-1024x576.jpg\" alt=\"L\u00e9pj fel a term\u00e9szetk\u00e1ros\u00edt\u00e1s ellen - Greenpeace kisokos\" sizes=\"auto, (min-width: 601px) 50vw, 100vw\" srcset=\"https:\/\/www.greenpeace.org\/static\/planet4-hungary-stateless\/2021\/05\/addd603e-gphu-20200503053639-db-006.jpg 1600w, https:\/\/www.greenpeace.org\/static\/planet4-hungary-stateless\/2021\/05\/addd603e-gphu-20200503053639-db-006-300x169.jpg 300w, https:\/\/www.greenpeace.org\/static\/planet4-hungary-stateless\/2021\/05\/addd603e-gphu-20200503053639-db-006-1024x576.jpg 1024w, https:\/\/www.greenpeace.org\/static\/planet4-hungary-stateless\/2021\/05\/addd603e-gphu-20200503053639-db-006-768x432.jpg 768w, https:\/\/www.greenpeace.org\/static\/planet4-hungary-stateless\/2021\/05\/addd603e-gphu-20200503053639-db-006-1536x864.jpg 1536w, https:\/\/www.greenpeace.org\/static\/planet4-hungary-stateless\/2021\/05\/addd603e-gphu-20200503053639-db-006-510x287.jpg 510w\" class=\"wp-image-8312 size-full\"\/><\/figure><\/div>\n<\/div>\n<\/div>\n\n\n<div class=\"wp-block-columns is-not-stacked-on-mobile is-style-mobile-carousel is-layout-flex wp-container-core-columns-is-layout-9d6595d7 wp-block-columns-is-layout-flex\">\n<div class=\"wp-block-column is-layout-flow wp-block-column-is-layout-flow\">\n<div class=\"wp-block-buttons is-vertical is-content-justification-center is-nowrap is-layout-flex wp-container-core-buttons-is-layout-f22fa84d wp-block-buttons-is-layout-flex\">\n<div class=\"wp-block-button is-style-secondary\"><a class=\"wp-block-button__link wp-element-button\" href=\"#termeszetkarositas-bejelentese\">Term\u00e9szetk\u00e1ros\u00edt\u00e1s bejelent\u00e9se<\/a><\/div>\n<\/div>\n<\/div>\n\n\n\n<div class=\"wp-block-column is-layout-flow wp-block-column-is-layout-flow\">\n<div class=\"wp-block-buttons is-vertical is-content-justification-center is-nowrap is-layout-flex wp-container-core-buttons-is-layout-534da0b3 wp-block-buttons-is-layout-flex\">\n<div class=\"wp-block-button is-style-secondary\"><a class=\"wp-block-button__link wp-element-button\" href=\"#informaciok-kerese-hatosagoktol\">Inform\u00e1ci\u00f3k k\u00e9r\u00e9se hat\u00f3s\u00e1gokt\u00f3l<\/a><\/div>\n<\/div>\n<\/div>\n\n\n\n<div class=\"wp-block-column is-layout-flow wp-block-column-is-layout-flow\">\n<div class=\"wp-block-buttons is-vertical is-content-justification-center is-nowrap is-layout-flex wp-container-core-buttons-is-layout-534da0b3 wp-block-buttons-is-layout-flex\">\n<div class=\"wp-block-button is-style-secondary\"><a class=\"wp-block-button__link wp-element-button\" href=\"#gyeu\">Gyakori \u00fcgyek<\/a><\/div>\n<\/div>\n<\/div>\n<\/div>\n\n<div style=\"height:42px\" aria-hidden=\"true\" class=\"wp-block-spacer\"><\/div>\n\n<div id=\"termeszetkarositas-bejelentese\"><\/div>\n\n<hr class=\"wp-block-separator has-text-color has-green-400-color has-alpha-channel-opacity has-green-400-background-color has-background\"\/>\n\n<h2 class=\"wp-block-heading has-large-font-size\">Term\u00e9szetk\u00e1ros\u00edt\u00e1sok bejelent\u00e9se<\/h2>\n\n<section class=\"block accordion-block wp-block-planet4-blocks-accordion gphu-smaller-headline-below-500px is-style-light\"><div class=\"accordion-content\"><div class=\"accordion-headline\" name=\"Term\u00e9szetk\u00e1ros\u00edt\u00e1st (erd\u0151irt\u00e1st, gyepek felt\u00f6r\u00e9s\u00e9t, v\u00e9dett \u00e1llat- \u00e9s n\u00f6v\u00e9nyfajok elpuszt\u00edt\u00e1s\u00e1t vagy m\u00e1s hasonl\u00f3t) \u00e9szleltem. Hova forduljak?\">Term\u00e9szetk\u00e1ros\u00edt\u00e1st (erd\u0151irt\u00e1st, gyepek felt\u00f6r\u00e9s\u00e9t, v\u00e9dett \u00e1llat- \u00e9s n\u00f6v\u00e9nyfajok elpuszt\u00edt\u00e1s\u00e1t vagy m\u00e1s hasonl\u00f3t) \u00e9szleltem. Hova forduljak?<\/div><div class=\"panel panel-hidden\"><p class=\"accordion-text\">Ez els\u0151sorban att\u00f3l f\u00fcgg, hogy mi a konkr\u00e9t probl\u00e9ma, \u00e9s milyen ter\u00fcleten t\u00f6rt\u00e9nt az eset.\u00a0<br><br><strong>Honnan tudhatod, hogy milyen ter\u00fcleten vagy?\u00a0<br><\/strong><br>Szigor\u00fabbak a szab\u00e1lyok, ha <strong>v\u00e9dett ter\u00fclet<\/strong> \u00e9rintett. <strong>Orsz\u00e1gos jelent\u0151s\u00e9g\u0171<\/strong> v\u00e9dett ter\u00fcletek lehetnek nemzeti parkok, t\u00e1jv\u00e9delmi k\u00f6rzetek, term\u00e9szetv\u00e9delmi ter\u00fcletek \u00e9s term\u00e9szeti eml\u00e9kek. <strong>Helyi jelent\u0151s\u00e9g\u0171<\/strong> v\u00e9dett ter\u00fcletek lehetnek term\u00e9szetv\u00e9delmi ter\u00fcletek \u00e9s term\u00e9szeti eml\u00e9kek. Ezeket t\u00e1bl\u00e1k jelzik a megk\u00f6zel\u00edt\u0151 utak ment\u00e9n, illetve a ter\u00fcleten bel\u00fcl t\u00f6bb helyen, tov\u00e1bb\u00e1 az ingatlan-nyilv\u00e1ntart\u00e1sba is feljegyzik. L\u00e9teznek internetes keres\u0151k is, pl. itt: <a href=\"http:\/\/www.termeszetvedelem.hu\/index.php?pg=pl\">http:\/\/www.termeszetvedelem.hu\/index.php?pg=pl<\/a><br>\u00a0<br><strong>K\u00f6z\u00f6ss\u00e9gi jelent\u0151s\u00e9g\u0171<\/strong> v\u00e9dett ter\u00fcletek a Natura 2000 ter\u00fcletek. Ezeket itt lehet megtal\u00e1lni t\u00e9rk\u00e9pes keres\u0151vel: <a href=\"https:\/\/natura2000.eea.europa.eu\/\">https:\/\/natura2000.eea.europa.eu\/<\/a>.<br>Valamennyi v\u00e9dett ter\u00fclet eset\u00e9n hasznos t\u00e9rk\u00e9pes keres\u0151 tal\u00e1lhat\u00f3 itt is: <a href=\"http:\/\/web.okir.hu\/map\/?config=TIR&amp;lang=hu\">http:\/\/web.okir.hu\/map\/?config=TIR&amp;lang=hu<\/a>.<br><br>J\u00f3 tudni, hogy haz\u00e1nkban k\u00fcl\u00f6n v\u00e9dett\u00e9 nyilv\u00e1n\u00edt\u00e1s n\u00e9lk\u00fcl, a t\u00f6rv\u00e9ny erej\u00e9n\u00e9l fogva orsz\u00e1gos jelent\u0151s\u00e9g\u0171 v\u00e9delem alatt \u00e1ll valamennyi <strong>forr\u00e1s, l\u00e1p, barlang, v\u00edznyel\u0151, szikes t\u00f3, kunhalom \u00e9s f\u00f6ldv\u00e1r<\/strong>. Ezeket az \u00fan. \u201eex lege\u201d v\u00e9dett ter\u00fcleteket is nyilv\u00e1ntartj\u00e1k, itt tal\u00e1lod: <a href=\"http:\/\/www.termeszetvedelem.hu\/index.php?pg=menu_2771\">http:\/\/www.termeszetvedelem.hu\/index.php?pg=menu_2771<\/a>.<br><br>A <strong>v\u00e9dett \u00e9l\u0151 szervezeteket, <\/strong>\u00e9l\u0151l\u00e9nyeket term\u00e9szetesen akkor is kiemelten v\u00e9dik a jogszab\u00e1lyok, ha <strong>nem v\u00e9dett ter\u00fcleten<\/strong> t\u00f6rt\u00e9nik a term\u00e9szetk\u00e1ros\u00edt\u00e1s. S\u0151t, ha nem v\u00e9dett ter\u00fcleten vagyunk \u00e9s az \u00e9l\u0151l\u00e9ny maga sem v\u00e9dett, akkor sem lehet p\u00e9ld\u00e1ul t\u00f6megesen vagy k\u00ednszenved\u00e9st, s\u00e9r\u00fcl\u00e9st okoz\u00f3 m\u00f3don elpuszt\u00edtani. L\u00e9nyeges az is, hogy az emberi tev\u00e9kenys\u00e9gek v\u00e9gz\u00e9se (gazd\u00e1lkod\u00e1s, vad\u00e1szat, hal\u00e1szat, horg\u00e1szat stb.) sor\u00e1n is biztos\u00edtani kell a biol\u00f3giai sokf\u00e9les\u00e9g fennmarad\u00e1s\u00e1t \u00e9s a term\u00e9szeti \u00e9rt\u00e9kek v\u00e9delm\u00e9t.<br><br>T\u00f6rv\u00e9nyi v\u00e9delem illeti meg a<strong> t\u00e1jat<\/strong> is. A t\u00e1jk\u00e9p a maga teljess\u00e9g\u00e9ben \u00e9s az egy adott helyre jellemz\u0151 egyedi t\u00e1j\u00e9rt\u00e9kek egyar\u00e1nt v\u00e9dend\u0151ek, b\u00e1rmilyen v\u00e1ltoztat\u00e1s (\u00e9p\u00fcletek, utak elhelyez\u00e9se, m\u0171vel\u00e9si\u00e1g-v\u00e1ltoztat\u00e1s stb.) eset\u00e9n a t\u00e1j fennmarad\u00e1s\u00e1ra is figyelni kell, a t\u00e1jk\u00e9pet s\u00e9rt\u0151, t\u00e1jsebet okoz\u00f3 beruh\u00e1z\u00e1sokat nem lehet enged\u00e9lyezni (pl. nemr\u00e9giben a term\u00e9szetv\u00e9delmi hat\u00f3s\u00e1g a t\u00e1jk\u00e9p s\u00e9relme miatt utas\u00edtotta el egy, a Budai-hegyekbe tervezett sokemeletes lak\u00f3h\u00e1z enged\u00e9lyez\u00e9s\u00e9t).<br><br>Fontos, hogy b\u00e1rmilyen term\u00e9szetk\u00e1ros\u00edt\u00f3 cselekm\u00e9nyt l\u00e1tsz, ha \u00e9ppen folyamatban van, \u00e9s vesz\u00e9lyben sem \u00e9rzed magad, akkor el\u0151sz\u00f6r pr\u00f3b\u00e1ld <strong>elmondani az elk\u00f6vet\u0151knek, hogy amit tesznek, az k\u00e1ros \u00e9s jogellenes<\/strong>. Sok esetben az emberek nem sz\u00e1nd\u00e9kosan, hanem ismerethi\u00e1ny vagy a felel\u0151tlens\u00e9g miatt tesznek k\u00e1ros dolgokat, \u00e9s ez\u00e9rt m\u00e1r az udvarias figyelmeztet\u00e9s eredm\u00e9nyre vezethet. R\u00e1ad\u00e1sul \u00edgy esetleg meg is el\u0151zhet\u0151 a baj, menthet\u0151 n\u00e9h\u00e1ny sz\u00e1l v\u00e9dett vadvir\u00e1g, vagy visszaker\u00fclhet a h\u00e1tizs\u00e1kba a ki\u00fcr\u00fclt s\u00f6r\u00f6sdoboz, \u00e9s a hat\u00f3s\u00e1gokat sem k\u00f6t\u00f6d le az \u00fcggyel. Persze ez nem mindig haszn\u00e1l, vagy egy\u00e1ltal\u00e1n nincs \u00e9rtelme (pl. ipari m\u00e9ret\u0171 fakiv\u00e1g\u00e1sn\u00e1l), ekkor az al\u00e1bbiakat teheted:<br><br>A term\u00e9szeti \u00e9rt\u00e9kek, \u00e9l\u0151helyek, \u00e9l\u0151l\u00e9nyek k\u00e1ros\u00edt\u00e1s\u00e1t a term\u00e9szetv\u00e9delmi hat\u00f3s\u00e1ghoz lehet bejelenteni. Az <strong>orsz\u00e1gos jelent\u0151s\u00e9g\u0171<\/strong> v\u00e9dett ter\u00fcleteken \u00e9s a Natura 2000 ter\u00fcleteken ez a hat\u00f3s\u00e1g a ter\u00fcletileg <strong>illet\u00e9kes megyei korm\u00e1nyhivatal k\u00f6rnyezetv\u00e9delmi \u00e9s term\u00e9szetv\u00e9delmi f\u0151oszt\u00e1lya <\/strong>(oda kell figyelni, mert a f\u0151oszt\u00e1ly pontos megnevez\u00e9se nem minden megy\u00e9ben egyforma). A korm\u00e1nyhivatalok el\u00e9rhet\u0151s\u00e9gei itt tal\u00e1lhat\u00f3k: <a href=\"https:\/\/www.kormanyhivatal.hu\/hu\">https:\/\/www.kormanyhivatal.hu\/hu<\/a>.<br><br>A <strong>term\u00e9szetv\u00e9delmi hat\u00f3s\u00e1g:<\/strong><br>&#8211; Kivizsg\u00e1lja a term\u00e9szetv\u00e9delmi szab\u00e1lyokat \u00e9s \u00e9rdekeket s\u00e9rt\u0151 cselekedeteket, a jogs\u00e9rt\u00e9s meg\u00e1llap\u00edt\u00e1sa eset\u00e9n term\u00e9szetv\u00e9delmi b\u00edrs\u00e1got szabhat ki, az elk\u00f6vet\u0151t eltilthatja a jogs\u00e9rt\u0151 magatart\u00e1st\u00f3l \u00e9s k\u00f6telezheti az eredeti \u00e1llapot helyre\u00e1ll\u00edt\u00e1s\u00e1ra.<br>&#8211; Fogadja a lakoss\u00e1gi panaszokat term\u00e9szetk\u00e1ros\u00edt\u00e1si \u00fcgyekben.<br>&#8211; Enged\u00e9lyezheti a v\u00e9dett ter\u00fcleteken, illetve a v\u00e9dett \u00e9l\u0151l\u00e9nyekkel kapcsolatos tev\u00e9kenys\u00e9geket, de term\u00e9szetesen az enged\u00e9lyt meg is tagadhatja.<br>&#8211; Szakhat\u00f3s\u00e1gk\u00e9nt r\u00e9szt vesz nagyberuh\u00e1z\u00e1sok enged\u00e9lyez\u00e9s\u00e9ben.<br><br>Szem el\u0151tt kell tartani viszont, hogy nem a ter\u00fcleti, hanem az <strong>orsz\u00e1gos term\u00e9szetv\u00e9delmi hat\u00f3s\u00e1g<\/strong> (Pest Megyei Korm\u00e1nyhivatal Orsz\u00e1gos K\u00f6rnyezetv\u00e9delmi, Term\u00e9szetv\u00e9delmi \u00e9s Hullad\u00e9kgazd\u00e1lkod\u00e1si F\u0151oszt\u00e1ly) j\u00e1r el els\u0151fok\u00fa hat\u00f3s\u00e1gk\u00e9nt, ha a term\u00e9szetv\u00e9delmi enged\u00e9lyt az orsz\u00e1g eg\u00e9sz ter\u00fclet\u00e9re vagy t\u00f6bb ter\u00fcletre k\u00e9relmezik, valamint, ha fokozottan v\u00e9dett \u00e1llat-, vagy n\u00f6v\u00e9nyfajjal kapcsolatos tev\u00e9kenys\u00e9get kell enged\u00e9lyezni.\u00a0<br><br>A <strong>helyi jelent\u0151s\u00e9g\u0171 term\u00e9szetv\u00e9delmi<\/strong> ter\u00fcletekkel kapcsolatban a term\u00e9szetv\u00e9delmi hat\u00f3s\u00e1g a <strong>telep\u00fcl\u00e9s jegyz\u0151je, <\/strong>akinek a munk\u00e1j\u00e1t az \u00f6nkorm\u00e1nyzat hivatala seg\u00edti. Hozz\u00e1 tartozik:<br>&#8211; a helyi v\u00e9detts\u00e9g al\u00e1 es\u0151 ter\u00fcletek kezel\u00e9se, a ter\u00fcletekkel kapcsolatos panaszok elb\u00edr\u00e1l\u00e1sa;<br>&#8211; a k\u00f6zter\u00fcleti f\u00e1k kiv\u00e1g\u00e1sa, csonk\u00edt\u00e1sa, \u00fcltet\u00e9se \u00e9s p\u00f3tl\u00e1sa, illetve az ezzel kapcsolatos panaszok kezel\u00e9se.<br><br><strong>Mit tehet a term\u00e9szetv\u00e9delmi hat\u00f3s\u00e1g term\u00e9szetk\u00e1ros\u00edt\u00e1s eset\u00e9n?<br><\/strong>\u00a0<br>A leg\u00e1ltal\u00e1nosabb szankci\u00f3 a <strong>term\u00e9szetv\u00e9delmi b\u00edrs\u00e1g<\/strong>, amely szinte minden term\u00e9szetv\u00e9delmi el\u0151\u00edr\u00e1s megszeg\u00e9se eset\u00e9n kiszabhat\u00f3 (v\u00e9dett \u00e9l\u0151helyek k\u00e1ros\u00edt\u00e1sa, megv\u00e1ltoztat\u00e1sa, enged\u00e9ly n\u00e9lk\u00fcli tev\u00e9kenys\u00e9gek, enged\u00e9lyek el\u0151\u00edr\u00e1sainak megs\u00e9rt\u00e9se, \u00e9l\u0151l\u00e9nyek elpuszt\u00edt\u00e1sa, vesz\u00e9lyeztet\u00e9se, zavar\u00e1sa stb.) A b\u00edrs\u00e1g akkor is kiszabhat\u00f3, ha a konkr\u00e9t elk\u00f6vet\u0151 nem meg\u00e1llap\u00edthat\u00f3, ekkor annak az ingatlannak a tulajdonos\u00e1t \u00e9s birtokos\u00e1t terheli, akinek \u00e9rdek\u00e9ben a jogs\u00e9rt\u0151 magatart\u00e1st folytatt\u00e1k. A b\u00edrs\u00e1gol\u00e1s helyett vagy ak\u00e1r amellett a hat\u00f3s\u00e1g <strong>eltilthatja<\/strong> a nemk\u00edv\u00e1natos magatart\u00e1st\u00f3l a tettest vagy <strong>korl\u00e1tozhatja<\/strong> a tev\u00e9kenys\u00e9g\u00e9t. Emellett el\u0151 lehet \u00edrni az <strong>eredeti \u00e1llapot helyre\u00e1ll\u00edt\u00e1s\u00e1t<\/strong> is, s\u00falyosabb esetekben pedig a hat\u00f3s\u00e1g <strong>feljelent\u00e9st<\/strong> tehet a rend\u0151rs\u00e9gen vagy a k\u00e1rok megt\u00e9r\u00edt\u00e9se \u00e9rdek\u00e9ben jelezheti az \u00fcgy\u00e9szs\u00e9gnek a perind\u00edt\u00e1s lehet\u0151s\u00e9g\u00e9t.<br><br><strong>A term\u00e9szetv\u00e9delmi hat\u00f3s\u00e1gon k\u00edv\u00fcl ki seg\u00edthet m\u00e9g az \u00fcgyben?<br><\/strong><br>B\u00e1r jelenleg m\u00e1r nem hat\u00f3s\u00e1g, de az <strong>illet\u00e9kes nemzetipark-igazgat\u00f3s\u00e1goknak<\/strong> is fontos szerepe van. M\u0171k\u00f6d\u00e9si ter\u00fclet\u00fcket itt tal\u00e1lod: <a href=\"http:\/\/magyarnemzetiparkok.hu\/a-np-igazgatosagok-mukodesi-terulete\/\">http:\/\/magyarnemzetiparkok.hu\/a-np-igazgatosagok-mukodesi-terulete\/<\/a>.<br><br>Az igazgat\u00f3s\u00e1gok szerepe:<br>&#8211; V\u00e9dett ter\u00fcleteken, barlangokban bizonyos tev\u00e9kenys\u00e9gekhez <strong>vagyonkezel\u0151i hozz\u00e1j\u00e1rul\u00e1st <\/strong>ad (pl. filmforgat\u00e1s, b\u00fav\u00e1rmer\u00fcl\u00e9s).<br>&#8211; Vagyonkezel\u0151i, term\u00e9szetmeg\u0151rz\u00e9si tev\u00e9kenys\u00e9ge keret\u00e9ben <strong>k\u00e1rmegel\u0151z\u00e9si, helyre\u00e1ll\u00edt\u00e1si munk\u00e1kat<\/strong> v\u00e9gez (ak\u00e1r egy konkr\u00e9t k\u00e1rokoz\u00e1si esetben lakoss\u00e1gi bejelent\u00e9sre).<br><strong>&#8211; T\u00e1j\u00e9koztat\u00e1st<\/strong> ny\u00fajt a ter\u00fcletr\u0151l, a term\u00e9szeti \u00e9rt\u00e9kekr\u0151l.<br>&#8211; Seg\u00edthet egy k\u00e1ros beruh\u00e1z\u00e1s vagy tev\u00e9kenys\u00e9g ellen fell\u00e9pni, mert <strong>szakmai egy\u00fcttm\u0171k\u00f6d\u0151k\u00e9nt, szak\u00e9rt\u0151k\u00e9nt<\/strong> r\u00e9szt vesz az enged\u00e9lyez\u00e9si elj\u00e1r\u00e1sokban, \u00e9s v\u00e9lem\u00e9ny\u00e9t \u00e1ltal\u00e1ban figyelembe is veszik a hat\u00f3s\u00e1gok.<br><strong>&#8211; Term\u00e9szetv\u00e9delmi \u0151rszolg\u00e1latot<\/strong> m\u0171k\u00f6dtet. A term\u00e9szetv\u00e9delmi \u0151r\u00f6k k\u00e9pzettek, j\u00f3l felszereltek \u00e9s komoly hat\u00e1sk\u00f6r\u00f6kkel rendelkeznek. Sok szab\u00e1lys\u00e9rt\u00e9s eset\u00e9n (term\u00e9szetv\u00e9delmi szab\u00e1lys\u00e9rt\u00e9s, csendh\u00e1bor\u00edt\u00e1s, tiltott f\u00fcrd\u00e9s, v\u00edzszennyez\u00e9s stb.) szab\u00e1lys\u00e9rt\u00e9si hat\u00f3s\u00e1gk\u00e9nt is m\u0171k\u00f6dnek, ez\u00e9rt gyors seg\u00edts\u00e9get tudnak ny\u00fajtani egy folyamatban l\u00e9v\u0151 term\u00e9szetk\u00e1ros\u00edt\u00e1s eset\u00e9n. R\u00e9szleteket itt tal\u00e1lsz: http:\/\/www.termeszetvedelem.hu\/orszolgalat.<br><br>A nemzetipark-igazgat\u00f3s\u00e1gok, \u00f6nkorm\u00e1nyzatok term\u00e9szetv\u00e9delmi tev\u00e9kenys\u00e9g\u00e9t <strong>polg\u00e1ri term\u00e9szet\u0151r\u00f6k<\/strong> seg\u00edthetik, akiv\u00e9 ak\u00e1r te is v\u00e1lhatsz, ha m\u00e9g akt\u00edvabban szeretn\u00e9d v\u00e9deni az \u00e9rt\u00e9keket. Ha ez nem f\u00e9r bele az id\u0151dbe, akkor is j\u00f3 tudni r\u00f3luk, hiszen ak\u00e1r hozz\u00e1juk is fordulhatsz seg\u00edts\u00e9g\u00e9rt.<br><br>A term\u0151f\u00f6ldek v\u00e9delme \u00e9rdek\u00e9ben sok \u00f6nkorm\u00e1nyzat alkalmaz <strong>mez\u0151\u0151r\u00f6ket<\/strong>, akik folyamatosan j\u00e1rj\u00e1k a hat\u00e1rt \u00e9s fel tudnak l\u00e9pni a jogs\u00e9rt\u0151 magatart\u00e1sokkal szemben, illetve \u00e9rtes\u00edteni tudj\u00e1k a megfelel\u0151 hat\u00f3s\u00e1got, ha maguk nem tudnak semmit tenni. Ha erd\u0151ben j\u00e1rsz \u00e9s ott \u00e9szlelsz szab\u00e1lytalans\u00e1got, <strong>erd\u00e9szekt\u0151l<\/strong> vagy ak\u00e1r <strong>vad\u00e1szokt\u00f3l<\/strong> is k\u00e9rhetsz seg\u00edts\u00e9get, gyakran \u0151k vannak a legk\u00f6zelebb, \u00e9s \u00e1ltal\u00e1ban egyeznek az \u00e9rdekeik a term\u00e9szetv\u00e9d\u0151k\u00e9vel.<br><br>S\u00falyosabb term\u00e9szetk\u00e1ros\u00edt\u00e1sok eset\u00e9n a <strong>rend\u0151rs\u00e9gen<\/strong> is bejelent\u00e9st tehetsz, hiszen ezek szab\u00e1lys\u00e9rt\u00e9snek, s\u0151t ak\u00e1r b\u0171ncselekm\u00e9nynek is min\u0151s\u00fclhetnek.<br><br><strong>Term\u00e9szetv\u00e9delmi szab\u00e1lys\u00e9rt\u00e9s<\/strong> lehet:<br>&#8211; enged\u00e9ly n\u00e9lk\u00fcl vagy az enged\u00e9lyt\u0151l elt\u00e9r\u0151 m\u00f3don v\u00e9gez olyan tev\u00e9kenys\u00e9get, amelyhez a term\u00e9szetv\u00e9delmi hat\u00f3s\u00e1g enged\u00e9lye kell;<br>&#8211; a term\u00e9szetv\u00e9delmi c\u00e9lokkal \u00f6ssze nem egyeztethet\u0151 tev\u00e9kenys\u00e9get folytat, szemetel, a ter\u00fcletet m\u00e1s m\u00f3don szennyezi, tiltott helyen tart\u00f3zkodik, enged\u00e9ly n\u00e9lk\u00fcl rak t\u00fczet;<br>&#8211; v\u00e9dett \u00e9l\u0151 szervezet egyed\u00e9t, barlangi k\u00e9pz\u0151dm\u00e9nyt jogellenesen megrong\u00e1l, elvisz vagy elpuszt\u00edt;<br>&#8211; fokozottan v\u00e9dett \u00e1llatfaj egyed\u00e9t jelent\u0151s m\u00e9rt\u00e9kben zavar.<br><br>Fontos tudni r\u00f3la, hogy emellett sz\u00e1mos m\u00e1s szab\u00e1lys\u00e9rt\u00e9s szerepel a szab\u00e1lyokban, amely \u00f6sszef\u00fcgg a term\u00e9szetv\u00e9delemmel (tiltott helyen t\u00f6rt\u00e9n\u0151 f\u00fcrd\u0151z\u00e9s, szemetel\u00e9s, csendh\u00e1bor\u00edt\u00e1s, motoroz\u00e1s stb.)<br><br>A term\u00e9szetv\u00e9delmi szab\u00e1lys\u00e9rt\u00e9si \u00fcgyekben a rend\u0151rs\u00e9g mellett a term\u00e9szetv\u00e9delmi \u0151r\u00f6k is hat\u00f3s\u00e1gk\u00e9nt j\u00e1rhatnak el.<br><br><strong>Term\u00e9szetk\u00e1ros\u00edt\u00e1s<\/strong> b\u0171ncselekm\u00e9nye lehet<br>&#8211; v\u00e9dett \u00e9l\u0151l\u00e9nyek elpuszt\u00edt\u00e1sa, k\u00fcl\u00f6n\u00f6sen, ha fokozottan v\u00e9dett egyedekr\u0151l vagy jelent\u0151s mennyis\u00e9gr\u0151l van sz\u00f3;<br>&#8211; v\u00e9dett \u00e9l\u0151helyek jelent\u0151s m\u00e9rt\u00e9k\u0171 elpuszt\u00edt\u00e1sa;<br>&#8211; vadon \u00e9l\u0151 \u00e1llat- \u00e9s n\u00f6v\u00e9nyfajok kereskedelmi szab\u00e1lyainak megs\u00e9rt\u00e9se.<br><br><strong>K\u00f6rnyezetk\u00e1ros\u00edt\u00e1s<\/strong> b\u0171ncselekm\u00e9nye lehet, ha valaki az \u00e9l\u0151vil\u00e1got jelent\u0151s m\u00e9rt\u00e9k\u0171 szennyez\u00e9ssel vesz\u00e9lyezteti vagy k\u00e1ros\u00edtja (pl. m\u00e9rgez\u0151 \u00e9s halpusztul\u00e1st okoz\u00f3 vegyszereket juttat \u00e9l\u0151vizekbe).<br><br>Egyes k\u00fcl\u00f6nleges esetekben <strong>m\u00e1s hat\u00f3s\u00e1goknak<\/strong> is szerepe lehet a term\u00e9szetv\u00e9delmi k\u00e9rd\u00e9sekben: p\u00e9ld\u00e1ul tarl\u00f3\u00e9get\u00e9s eset\u00e9n a megyei katasztr\u00f3fav\u00e9delmi igazgat\u00f3s\u00e1g a felel\u0151s (mivel hozz\u00e1juk tartoznak a t\u0171zv\u00e9delmi \u00fcgyek).<br><br>Ha \u00e1ltal\u00e1noss\u00e1gban \u00fagy \u00e9rzed, hogy fontos \u00e9s hasznos lenne, ha r\u00e9szt venn\u00e9l a sz\u0171kebb \u00e9s t\u00e1gabb k\u00f6z\u00f6ss\u00e9g \u00fcgyeiben, akkor \u00e1ltal\u00e1nos tan\u00e1csokat \u00e9s \u00fatmutat\u00f3t tal\u00e1lsz a TASZ honlapj\u00e1n: <a href=\"https:\/\/tasz.hu\/cikkek\/vegyel-reszt-a-kozugyekben-utmutatonk-helyi-aktivistaknak\">https:\/\/tasz.hu\/cikkek\/vegyel-reszt-a-kozugyekben-utmutatonk-helyi-aktivistaknak<\/a><\/p><\/div><\/div><div class=\"accordion-content\"><div class=\"accordion-headline\" name=\"Hogyan terelhetem jogi \u00fatra az \u00fcgyet?\">Hogyan terelhetem jogi \u00fatra az \u00fcgyet?<\/div><div class=\"panel panel-hidden\"><p class=\"accordion-text\">A konkr\u00e9t esett\u0151l \u00e9s a k\u00f6r\u00fclm\u00e9nyekt\u0151l f\u00fcgg\u0151en t\u00f6bbf\u00e9le jogi eszk\u00f6zt is ig\u00e9nybe vehetsz.<br><br>Jogodban \u00e1ll <strong>term\u00e9szetv\u00e9delmi inform\u00e1ci\u00f3kat k\u00e9rni<\/strong> az \u00e1llami, \u00f6nkorm\u00e1nyzati szervekt\u0151l. \u00cdgy megismerheted az eset pontos k\u00f6r\u00fclm\u00e9nyeit, \u00e9s azt, hogy a hat\u00f3s\u00e1gok mit tettek vagy mit terveznek tenni az \u00fcgyben.<br><br><strong>Panasszal <\/strong>vagy<strong> k\u00f6z\u00e9rdek\u0171 bejelent\u00e9ssel<\/strong> fordulhatsz a ter\u00fcleti term\u00e9szetv\u00e9delmi hat\u00f3s\u00e1ghoz. Term\u00e9szetv\u00e9delmi \u00fcgyekben alapvet\u0151en a megyei korm\u00e1nyhivatalok k\u00f6rnyezet- \u00e9s term\u00e9szetv\u00e9delmi f\u0151oszt\u00e1lyaihoz kell fordulni. El\u00e9rhet\u0151s\u00e9geik <a href=\"https:\/\/www.levego.hu\/tanacsado-iroda\/intezmenyek\/kormanyhivatalok\/\">ezen a linken tal\u00e1lhat\u00f3ak<\/a>. Fontos, hogy \u00edr\u00e1sban add be a panaszt, mert sz\u00f3beli jelz\u00e9sre a legt\u00f6bb hat\u00f3s\u00e1g nem int\u00e9zkedik.<br><br>A hat\u00f3s\u00e1g a panasz alapj\u00e1n kivizsg\u00e1lhatja az \u00fcgyet, ellen\u0151rz\u00e9st v\u00e9gezhet \u00e9s elj\u00e1r\u00e1st ind\u00edthat. Egyes esetben az elj\u00e1r\u00e1sban \u00fcgyf\u00e9lk\u00e9nt is r\u00e9szt vehetsz, ezt a sz\u00e1nd\u00e9kodat j\u00f3, ha jelzed is a hat\u00f3s\u00e1gnak, \u00e9s \u0151k eld\u00f6ntik, hogy megillet-e az \u00fcgyf\u00e9l jog\u00e1ll\u00e1sa. \u00dcgyf\u00e9lk\u00e9nt nyomon k\u00f6vetheted a t\u00f6rt\u00e9n\u00e9seket, \u00e9szrev\u00e9teleket tehetsz, s\u0151t jogorvoslatot is ig\u00e9nybe vehetsz. Ak\u00e1r \u00fcgyf\u00e9l vagy, ak\u00e1r nem, \u00e9rdemes a hat\u00f3s\u00e1gi \u00fcgyint\u00e9z\u0151vel telefonon is tartani a kapcsolatot \u00e9s t\u00e1j\u00e9koz\u00f3dni az \u00fcgy \u00e1ll\u00e1s\u00e1r\u00f3l. Kicsit r\u00e9szletesebb le\u00edr\u00e1st itt tal\u00e1lsz a panaszokr\u00f3l: http:\/\/kormanyablak.hu\/hu\/feladatkorok\/5\/JEGYZ00401.<br><br>Az \u00fcgyet bejelentheted az illet\u00e9kes <strong>nemzeti park igazgat\u00f3s\u00e1g\u00e1nak<\/strong> is, akik szak\u00e9rtelm\u00fckkel, szakmai tekint\u00e9ly\u00fckkel seg\u00edthetnek az \u00fcgy elint\u00e9z\u00e9s\u00e9ben. Benn\u00fck k\u00f6nnyen sz\u00f6vets\u00e9gesre tal\u00e1lhatsz, hiszen els\u0151dleges feladatuk a term\u00e9szeti \u00e9rt\u00e9kek meg\u0151rz\u00e9se.<br><br>Term\u00e9szetk\u00e1ros\u00edt\u00e1s eset\u00e9n a <strong>term\u00e9szetv\u00e9delmi \u0151r\u00f6kn\u00e9l<\/strong> vagy a <strong>rend\u0151rs\u00e9gen<\/strong> is bejelent\u00e9st tehetsz, hiszen ezek szab\u00e1lys\u00e9rt\u00e9snek, s\u00falyosabb esetben b\u0171ncselekm\u00e9nynek is min\u0151s\u00fclhetnek.<br><br><strong>Helyi vagy orsz\u00e1gos term\u00e9szetv\u00e9delmi civil szervezetekhez<\/strong> is fordulhatsz. A jogszab\u00e1lyok nekik m\u00e9g t\u00f6bb jogot biztos\u00edtanak term\u00e9szetv\u00e9delmi \u00fcgyekben, \u00e9s a szakmai tud\u00e1suk, kapcsolatrendszer\u00fck is megvan. A civil szervezetek p\u00e9ld\u00e1ul int\u00e9zked\u00e9st k\u00e9rhetnek az \u00e1llami szervekt\u0151l, de ind\u00edthatnak k\u00f6z\u00f6ss\u00e9gi \u00e9rdek\u0171 pert is a term\u00e9szeti \u00e9rt\u00e9k vagy ter\u00fclet k\u00e1ros\u00edt\u00f3ja, vesz\u00e9lyeztet\u0151je ellen. A k\u00f6rnyezet- \u00e9s term\u00e9szetv\u00e9delmi civil szervezetek m\u0171k\u00f6d\u00e9si ter\u00fclet\u00fck\u00f6n \u00fcgyf\u00e9lk\u00e9nt vehetnek r\u00e9szt a k\u00f6zigazgat\u00e1si elj\u00e1r\u00e1sokban is. Sok seg\u00edts\u00e9get kaphatsz p\u00e9ld\u00e1ul a Magyar Mad\u00e1rtani \u00e9s Term\u00e9szetv\u00e9delmi Egyes\u00fclett\u0151l (MME) itt: <a href=\"http:\/\/www.mme.hu\/\">www.mme.hu<\/a>. Terepi seg\u00edts\u00e9get tud ny\u00fajtani t\u00f6bbek k\u00f6z\u00f6tt az Orsz\u00e1gos Term\u00e9szet\u0151r Egyes\u00fclet is: <a href=\"http:\/\/www.termeszetor.hu\/\">http:\/\/www.termeszetor.hu\/<\/a>.<br><br>Bizonyos esetekben a <strong>polg\u00e1ri jogi eszk\u00f6z\u00f6k<\/strong> is hat\u00e9konyak lehetnek, b\u00e1r ezeket k\u00f6zvetlen\u00fcl csak ritk\u00e1n tudod ig\u00e9nybe venni. Ennek ellen\u00e9re j\u00f3 tudni, hogy a term\u00e9szetv\u00e9delmi szab\u00e1lyok, hat\u00f3s\u00e1gi el\u0151\u00edr\u00e1sok megszeg\u00e9s\u00e9vel okozott k\u00e1r miatt a k\u00e1rokoz\u00f3t fokozott felel\u0151ss\u00e9g terheli. Els\u0151sorban az eredeti \u00e1llapotot kell helyre\u00e1ll\u00edtania. <strong>K\u00e1rt\u00e9r\u00edt\u00e9si pert<\/strong> alapvet\u0151en a k\u00e1rosult ind\u00edthat, \u00edgy csak akkor teheted ezt meg, ha p\u00e9ld\u00e1ul v\u00e9dett ter\u00fcleten van erd\u0151d, sz\u00e1nt\u00f3d. A t\u00e1rsadalmat \u00e9rt k\u00e1r megt\u00e9r\u00edt\u00e9se \u00e9rdek\u00e9ben azonban az <strong>\u00fcgy\u00e9sz is<\/strong> pert ind\u00edthat, \u00e9s ezt a l\u00e9p\u00e9st b\u00e1rki kezdem\u00e9nyezheti.<\/p><\/div><\/div><div class=\"accordion-content\"><div class=\"accordion-headline\" name=\"Bejelent\u00e9st tettem, de a hivatal szerint minden rendben. Hov\u00e1 fordulhatok m\u00e9g?\">Bejelent\u00e9st tettem, de a hivatal szerint minden rendben. Hov\u00e1 fordulhatok m\u00e9g?<\/div><div class=\"panel panel-hidden\"><p class=\"accordion-text\">Ha ismert a hat\u00f3s\u00e1gi <strong>\u00fcgyint\u00e9z\u0151<\/strong>, aki a panaszunkat kezelte, akkor \u00e9rdemes vele telefonon is besz\u00e9lni, hogy mi\u00e9rt nem t\u00f6rt\u00e9nt \u00e9rdemi l\u00e9p\u00e9s az \u00fcgyben. Sok esetben m\u00e1r ez tov\u00e1bblend\u00edti a megrekedt \u00fcgyet. Arra is j\u00f3 egy ilyen besz\u00e9lget\u00e9s, hogy esetleg tov\u00e1bbi inform\u00e1ci\u00f3t ny\u00fajthassunk a hat\u00f3s\u00e1gnak az esetr\u0151l.<br><br>A term\u00e9szetv\u00e9delmi \u00fcgyekben nincs fellebbez\u00e9s m\u00e1sodfok\u00fa hat\u00f3s\u00e1ghoz. A ter\u00fcleti \u00e9s az orsz\u00e1gos term\u00e9szetv\u00e9delmi hat\u00f3s\u00e1gok felett azonban szakmai fel\u00fcgyeletet l\u00e1t el az <strong>Agr\u00e1rminiszt\u00e9rium<\/strong>, hozz\u00e1juk lehet esetleg fordulni fel\u00fcgyeleti int\u00e9zked\u00e9s\u00e9rt, ha a hat\u00f3s\u00e1g nem v\u00e9gzi jogszer\u0171en a munk\u00e1j\u00e1t. A miniszt\u00e9rium utas\u00edthatja a hat\u00f3s\u00e1got a helyes elj\u00e1r\u00e1s k\u00f6vet\u00e9s\u00e9re.<br><br>A term\u00e9szetv\u00e9delmi t\u00e1rgy\u00fa hat\u00e1rozatokkal szemben a b\u00edr\u00f3s\u00e1gi \u00fat maradt mint jogorvoslat. A k\u00f6zigazgat\u00e1si elj\u00e1r\u00e1sban r\u00e9szt vett \u00fcgyfelek <strong>b\u00edr\u00f3s\u00e1gi fel\u00fclvizsg\u00e1latot<\/strong> k\u00e9rhetnek. A t\u00e9m\u00e1val foglalkoz\u00f3 \u00e9s a ter\u00fcleten m\u0171k\u00f6d\u0151 vagy orsz\u00e1gos civil szervezetek \u00fcgyf\u00e9lk\u00e9nt bejelentkezhetnek az ilyen elj\u00e1r\u00e1sokba, \u00e9s \u00edgy pert is tudnak ind\u00edtani a jogs\u00e9rt\u0151 hat\u00e1rozat ellen.<br><br>Az <strong>\u00fcgy\u00e9szs\u00e9ghez <\/strong>is fordulhatsz akkor, ha a term\u00e9szetv\u00e9delmi hat\u00f3s\u00e1g jogs\u00e9rt\u0151 hat\u00e1rozatot hoz vagy elj\u00e1r\u00e1si gyakorlata nem megfelel\u0151. Ebben az esetben a megyei f\u0151\u00fcgy\u00e9szs\u00e9gek k\u00f6zigazgat\u00e1si jogi egys\u00e9geit kell megkeresned, hogy a <strong>hat\u00f3s\u00e1gi gyakorlat t\u00f6rv\u00e9nyess\u00e9g\u00e9t<\/strong> megvizsg\u00e1lja. Szint\u00e9n az \u00fcgy\u00e9szs\u00e9ghez fordulhatsz <strong>panasszal<\/strong>, ha az \u00e1ltalad tett rend\u0151rs\u00e9gi feljelent\u00e9s nyom\u00e1n nem t\u00f6rt\u00e9nt int\u00e9zked\u00e9s, esetleg nem indult vagy eredm\u00e9ny n\u00e9lk\u00fcl sz\u0171nt meg a nyomoz\u00e1s.<br>Term\u00e9szeti \u00e9rt\u00e9k, ter\u00fclet, valamint v\u00e9dett term\u00e9szeti ter\u00fclet vesz\u00e9lyeztet\u00e9se, k\u00e1ros\u00edt\u00e1sa eset\u00e9n az <strong>\u00fcgy\u00e9sz<\/strong> polg\u00e1ri jogi keresetet ind\u00edthat a <strong>tev\u00e9kenys\u00e9gt\u0151l val\u00f3 eltilt\u00e1s<\/strong>, illet\u0151leg a tev\u00e9kenys\u00e9ggel <strong>okozott k\u00e1r megt\u00e9r\u00edt\u00e9se<\/strong> ir\u00e1nt. Ilyen l\u00e9p\u00e9st b\u00e1rki kezdem\u00e9nyezhet az \u00fcgy\u00e9szs\u00e9gn\u00e9l, de hat\u00e9konyabb, ha egy civil szervezettel vagy nemzetipark-igazgat\u00f3s\u00e1ggal kar\u00f6ltve fordulsz hozz\u00e1juk.<br><br>Ha a hat\u00f3s\u00e1gok nem tartj\u00e1k vagy nem tartatj\u00e1k be kell\u0151 hat\u00e9konys\u00e1ggal a term\u00e9szetv\u00e9delmi jogszab\u00e1lyokat, fordulhatsz az Alapvet\u0151 Jogok Biztos\u00e1nak a <strong>j\u00f6v\u0151 nemzed\u00e9kek \u00e9rdekeinek v\u00e9delm\u00e9t ell\u00e1t\u00f3 biztoshelyettes\u00e9hez<\/strong> is. Hossz\u00fa t\u00e1von a \u201esz\u00f3sz\u00f3l\u00f3\u201d k\u00f6zbel\u00e9p\u00e9se, \u00e1ll\u00e1sfoglal\u00e1sai seg\u00edthetnek az \u00fcgy kezel\u00e9s\u00e9ben. Nincs k\u00fcl\u00f6n\u00f6sebb formai k\u00f6vetelm\u00e9ny, de itt is lehet panaszt beny\u00fajtani hozz\u00e1: <a href=\"https:\/\/www.ajbh.hu\/en\/forduljon-a-biztoshoz\">https:\/\/www.ajbh.hu\/en\/forduljon-a-biztoshoz<\/a>.<\/p><\/div><\/div><div class=\"accordion-content\"><div class=\"accordion-headline\" name=\"Bejelent\u00e9si formanyomtatv\u00e1nyok\">Bejelent\u00e9si formanyomtatv\u00e1nyok<\/div><div class=\"panel panel-hidden\"><p class=\"accordion-text\">\u00c1ltal\u00e1ban a term\u00e9szetv\u00e9delmi \u00fcgyekben tett panaszoknak, bejelent\u00e9seknek nincsenek k\u00fcl\u00f6n\u00f6sebb formai k\u00f6vetelm\u00e9nyeik. A hat\u00f3s\u00e1gnak \u00edrt lev\u00e9lr\u0151l van sz\u00f3, amely<br>&#8211; t\u00f6m\u00f6ren, t\u00e9nyszer\u0171en \u00e9s konkr\u00e9tan \u00f6sszefoglalja a bejelenteni k\u00edv\u00e1nt esem\u00e9nyt;<br>&#8211; pontosan megjel\u00f6li a hat\u00f3s\u00e1gi elj\u00e1r\u00e1shoz sz\u00fcks\u00e9ges alapvet\u0151 t\u00e9nyeket (lehet\u0151 legpontosabb helysz\u00edn, id\u0151pont stb.); tov\u00e1bb\u00e1<br>&#8211; utal\u00e1st tesz a lehets\u00e9ges bizony\u00edt\u00e1si eszk\u00f6z\u00f6kre, vagy ak\u00e1r csatol is ilyeneket (pl. f\u00e9nyk\u00e9pek, tan\u00fak vallom\u00e1sai).<br><br>Az interneten b\u00f6ng\u00e9szve kifejezetten term\u00e9szetv\u00e9delmi jelleg\u0171 iratmint\u00e1t nehezen tal\u00e1lni, de l\u00e9teznek olyan mint\u00e1k, amiket megfelel\u0151en \u00e1talak\u00edtva, felfriss\u00edtve felhaszn\u00e1lhatsz a panaszod vagy adatk\u00e9r\u00e9sed megfogalmaz\u00e1s\u00e1hoz.<br><a href=\"http:\/\/emla.hu\/en\/node\/109\">&#8211; Az EMLA Egyes\u00fclet iratmint\u00e1i<\/a><br><a href=\"https:\/\/www.levego.hu\/tanacsado-iroda\/formanyomtatvanyok\">&#8211; A Leveg\u0151 Munkacsoport iratmint\u00e1i<\/a><br><a href=\"https:\/\/tasz.hu\/cikkek\/kisokos-kozerdeku-adatot-kero-levelek\">&#8211; A TASZ k\u00f6z\u00e9rdek\u0171 adatk\u00e9r\u00e9ssel kapcsolatos iratmint\u00e1i<\/a><br><\/p><\/div><\/div><\/section>\n\n<div id=\"informaciok-kerese-hatosagoktol\"><\/div>\n\n<hr class=\"wp-block-separator has-text-color has-green-400-color has-alpha-channel-opacity has-green-400-background-color has-background\"\/>\n\n<h2 class=\"wp-block-heading has-large-font-size\">Inform\u00e1ci\u00f3k k\u00e9r\u00e9se hat\u00f3s\u00e1gokt\u00f3l<\/h2>\n\n<section class=\"block accordion-block wp-block-planet4-blocks-accordion is-style-light\"><div class=\"accordion-content\"><div class=\"accordion-headline\" name=\"Hogyan kaphatok k\u00f6z\u00e9rdek\u0171 inform\u00e1ci\u00f3t p\u00e9ld\u00e1ul egy term\u00e9szetet vesz\u00e9lyeztet\u0151 beruh\u00e1z\u00e1sr\u00f3l vagy az \u00e9l\u0151vil\u00e1got \u00e9rint\u0151 m\u00e1s adatr\u00f3l?\">Hogyan kaphatok k\u00f6z\u00e9rdek\u0171 inform\u00e1ci\u00f3t p\u00e9ld\u00e1ul egy term\u00e9szetet vesz\u00e9lyeztet\u0151 beruh\u00e1z\u00e1sr\u00f3l vagy az \u00e9l\u0151vil\u00e1got \u00e9rint\u0151 m\u00e1s adatr\u00f3l?<\/div><div class=\"panel panel-hidden\"><p class=\"accordion-text\">Az \u00e9l\u0151vil\u00e1ggal kapcsolatos adatok k\u00f6z\u00e9rdek\u0171 adatnak sz\u00e1m\u00edtanak, \u00edgy a nyilv\u00e1noss\u00e1gnak joga van ezeket megismerni.<br><br>Vannak olyan adatb\u00e1zisok, honlapok, ahol k\u00e9r\u00e9s n\u00e9lk\u00fcl is tal\u00e1lsz inform\u00e1ci\u00f3kat. A term\u00e9szetv\u00e9delmi <strong>hat\u00f3s\u00e1gok<\/strong> p\u00e9ld\u00e1ul honlapjukon nyilv\u00e1noss\u00e1gra hozz\u00e1k a megindult elj\u00e1r\u00e1sokat \u00e9s a meghozott hat\u00e1rozatokat is, <strong>a nemzeti parkok igazgat\u00f3s\u00e1gai<\/strong> pedig sz\u00e9lesk\u00f6r\u0171 inform\u00e1ci\u00f3kat tesznek k\u00f6zz\u00e9 a term\u00e9szeti \u00e9rt\u00e9kek le\u00edr\u00e1s\u00e1t\u00f3l a term\u00e9szetv\u00e9delmi \u0151rszolg\u00e1lat el\u00e9rhet\u0151s\u00e9g\u00e9ig.<br><br>Term\u00e9szetv\u00e9delmi adatokr\u00f3l lehet t\u00e1j\u00e9koz\u00f3dni az \u00e1llami Term\u00e9szetv\u00e9delmi Inform\u00e1ci\u00f3s Rendszerben (<strong>TIR<\/strong>) is. Itt: <a href=\"http:\/\/web.okir.hu\/hu\/tir\">http:\/\/web.okir.hu\/hu\/tir<\/a>.<br><br>Ha egy term\u00e9szetv\u00e9delmi k\u00f6zigazgat\u00e1si \u00fcgyben <strong>\u00fcgyf\u00e9lk\u00e9nt<\/strong> jelentkezel be (ezt legink\u00e1bb egy civil szervezettel kar\u00f6ltve tudod megtenni), akkor betekinthetsz a teljes dokument\u00e1ci\u00f3ba, valamennyi iratba, \u00e9s azokr\u00f3l m\u00e1solatot is k\u00e9sz\u00edttethetsz.<br><br>Ha nem vagy \u00fcgyf\u00e9l az elj\u00e1r\u00e1sban \u00e9s olyan term\u00e9szetv\u00e9delmi adatot, inform\u00e1ci\u00f3t szeretn\u00e9l megtudni, amelyet akt\u00edvan nem hoznak nyilv\u00e1noss\u00e1gra, akkor azt <strong>k\u00f6z\u00e9rdek\u0171 adatk\u00e9r\u00e9ssel <\/strong>k\u00e9rheted ki.<br><br>Az adatk\u00e9r\u00e9s a k\u00f6vetkez\u0151 l\u00e9p\u00e9sekb\u0151l \u00e1ll (r\u00e9szletes t\u00e1j\u00e9koztat\u00f3 pl. itt: https:\/\/www.naih.hu\/informacioszabadsag\/kozerdeku-adatigenyles-menete):<br>&#8211; Formai k\u00f6t\u00f6tts\u00e9gek n\u00e9lk\u00fcl (postai lev\u00e9lben, e-mailben vagy ak\u00e1r sz\u00f3ban) jelezd az \u00e9rintett adatkezel\u0151 szervnek, hogy milyen k\u00f6z\u00e9rdek\u0171 adatot szeretn\u00e9l megismerni.<br>&#8211; Neked el\u00e9g a nevedet \u00e9s azt el\u00e9rhet\u0151s\u00e9gedet (pl. e-mail-c\u00edm) megadnod, ahov\u00e1 a t\u00e1j\u00e9koztat\u00e1st k\u00e9red.<br>&#8211; A k\u00e9rt adatot halad\u00e9ktalanul, de legfeljebb 15 napon bel\u00fcl (nagy mennyis\u00e9g\u0171 adat k\u00e9r\u00e9se eset\u00e9n 30 napon bel\u00fcl) meg kell kapnod.<br>&#8211; A f\u00e9nym\u00e1sol\u00e1ssal kapcsolatos k\u00f6lts\u00e9get \u2013 ha sok adatot k\u00e9rt\u00e9l, akkor esetleg a pluszmunka k\u00f6lts\u00e9geit is \u2013 \u00e1th\u00e1r\u00edthatj\u00e1k r\u00e1d. Ennek \u00f6sszeg\u00e9r\u0151l el\u0151zetesen t\u00e1j\u00e9koztatniuk kell t\u00e9ged. Az \u00e1th\u00e1r\u00edthat\u00f3 k\u00f6lts\u00e9get <a href=\"http:\/\/net.jogtar.hu\/jr\/gen\/hjegy_doc.cgi?docid=A1600301.KOR\">korm\u00e1nyrendelet szab\u00e1lyozza<\/a>.<br><br>Vannak olyan okok, amelyek alapj\u00e1n az ig\u00e9nyl\u00e9st elutas\u00edthatj\u00e1k. Ha \u00edgy t\u00f6rt\u00e9nik, az \u00edr\u00e1sbeli elutas\u00edt\u00e1sban meg kell jel\u00f6lni annak indokait, \u00e9s t\u00e1j\u00e9koztat\u00e1st kell adni a jogorvoslati lehet\u0151s\u00e9gekr\u0151l.<br><br>Nem ismerhet\u0151k meg<br>&#8211; a szem\u00e9lyes adatok;<br>&#8211; a titkosnak (\u00e1llamtitok, ad\u00f3titok, szolg\u00e1lati titok stb.) min\u0151s\u00edtett adatok;<br>&#8211; az olyan adatok, amelyek megismerhet\u0151s\u00e9g\u00e9t t\u00f6rv\u00e9ny vagy az uni\u00f3s jog korl\u00e1tozza;<br>&#8211; az \u00fczleti titkok (azonban a b\u00edr\u00f3s\u00e1gi gyakorlat alapj\u00e1n nem lehet \u00fczleti titokk\u00e9nt \u00e9rtelmezni a k\u00f6zvagyonnal kapcsolatos szerz\u0151d\u00e9sek adatait);<br>&#8211; a d\u00f6nt\u00e9sel\u0151k\u00e9sz\u00edt\u0151 adatok.<br><br>Amennyiben egy d\u00f6nt\u00e9si elj\u00e1r\u00e1s m\u00e9g folyamatban van (pl. egy tev\u00e9kenys\u00e9g vagy beruh\u00e1z\u00e1s a tervez\u00e9s szakasz\u00e1ban), a d\u00f6nt\u00e9s megalapoz\u00e1s\u00e1t szolg\u00e1l\u00f3 adat nem nyilv\u00e1nos. Az adatot kezel\u0151 szerv vezet\u0151je azonban m\u00e1r ekkor is enged\u00e9lyezheti a nyilv\u00e1noss\u00e1gra hozatalt. Ha viszont egy d\u00f6nt\u00e9s m\u00e1r megsz\u00fcletett, akkor az el\u0151k\u00e9sz\u00edt\u0151 anyagok is nyilv\u00e1nosak, \u00e9s ezek bemutat\u00e1sa csak indokolt esetekben tagadhat\u00f3 meg.<br><br>Ha vita mer\u00fcl fel p\u00e9ld\u00e1ul az \u00fczleti titok vagy a d\u00f6nt\u00e9sel\u0151k\u00e9sz\u00edt\u0151 anyag \u00e9rtelmez\u00e9s\u00e9vel kapcsolatban, vagy m\u00e1s okb\u00f3l nem kaptad meg a k\u00e9rt adatokat, adatk\u00e9r\u00e9sedet elutas\u00edtj\u00e1k, esetleg t\u00falzottnak tal\u00e1lod a k\u00e9rt k\u00f6lts\u00e9gt\u00e9r\u00edt\u00e9st, akkor az adatkezel\u0151re vonatkoz\u00f3 hat\u00e1rid\u0151k lej\u00e1rat\u00e1t k\u00f6vet\u0151 30 napon bel\u00fcl a b\u00edr\u00f3s\u00e1gon pert ind\u00edthatsz.<br><br>A pert a k\u00f6vetkez\u0151 b\u00edr\u00f3s\u00e1gokon ind\u00edthatod meg, keresetlev\u00e9l beny\u00fajt\u00e1s\u00e1val:<br>&#8211; ha egy orsz\u00e1gos illet\u00e9kess\u00e9g\u0171 adatkezel\u0151 nem adja ki az adatot, akkor a megyei t\u00f6rv\u00e9nysz\u00e9ken (ahol az adatk\u00e9r\u00e9st elutas\u00edt\u00f3 szerv sz\u00e9khelye van),<br>&#8211; m\u00e1s szervek ellen a megyei b\u00edr\u00f3s\u00e1g sz\u00e9khely\u00e9n l\u00e9v\u0151 j\u00e1r\u00e1sb\u00edr\u00f3s\u00e1gon (szint\u00e9n az adatkezel\u0151 sz\u00e9khelye szerint),<br>&#8211; budapesti sz\u00e9khely\u0171 szerv eset\u00e9n pedig a Pesti K\u00f6zponti Ker\u00fcleti B\u00edr\u00f3s\u00e1gon, vagy budapesti sz\u00e9khely\u0171 orsz\u00e1gos hat\u00e1sk\u00f6r\u0171 szerv eset\u00e9n a F\u0151v\u00e1rosi T\u00f6rv\u00e9nysz\u00e9ken.<br><br>D\u00f6nthetsz \u00fagy is, hogy az adatkezel\u0151 jogs\u00e9rt\u0151 elj\u00e1r\u00e1sa miatt a Nemzeti Adatv\u00e9delmi \u00e9s Inform\u00e1ci\u00f3szabads\u00e1g Hat\u00f3s\u00e1g (NAIH) vizsg\u00e1lat\u00e1t kezdem\u00e9nyezed.\u00a0<br><br>A TASZ <a href=\"https:\/\/tasz.hu\/cikkek\/kisokos-kozerdeku-adatot-kero-levelek\">k\u00f6z\u00e9rdek\u0171 adatk\u00e9r\u00e9ssel kapcsolatos iratmint\u00e1i<\/a> a seg\u00edts\u00e9gedre lehetnek.<\/p><\/div><\/div><div class=\"accordion-content\"><div class=\"accordion-headline\" name=\"Milyen jogszab\u00e1lyok alapj\u00e1n, mire hivatkozva kaphatok inform\u00e1ci\u00f3t?\">Milyen jogszab\u00e1lyok alapj\u00e1n, mire hivatkozva kaphatok inform\u00e1ci\u00f3t?<\/div><div class=\"panel panel-hidden\"><p class=\"accordion-text\"><strong>Inf\u00f3t\u00f6rv\u00e9ny:<\/strong>\u00a0teljes nev\u00e9n az\u00a0<a rel=\"noreferrer noopener\" href=\"http:\/\/net.jogtar.hu\/jr\/gen\/hjegy_doc.cgi?docid=A1100112.TV\" target=\"_blank\">inform\u00e1ci\u00f3s \u00f6nrendelkez\u00e9si jogr\u00f3l \u00e9s az inform\u00e1ci\u00f3szabads\u00e1gr\u00f3l sz\u00f3l\u00f3 2011. \u00e9vi CXII. t\u00f6rv\u00e9ny<\/a>, amelynek 28. \u00a7 (1) bekezd\u00e9se alapj\u00e1n lehet adatig\u00e9nyl\u00e9st el\u0151terjeszteni. Ez a jogszab\u00e1ly \u00edrja le a legfontosabb elj\u00e1r\u00e1si szab\u00e1lyokat is.<br><br><strong>Aarhusi egyezm\u00e9ny:<\/strong>\u00a0a k\u00f6rnyezeti \u00fcgyekben az inform\u00e1ci\u00f3hoz val\u00f3 hozz\u00e1f\u00e9r\u00e9sr\u0151l, a nyilv\u00e1noss\u00e1gnak a d\u00f6nt\u00e9shozatalban t\u00f6rt\u00e9n\u0151 r\u00e9szv\u00e9tel\u00e9r\u0151l \u00e9s az igazs\u00e1gszolg\u00e1ltat\u00e1shoz val\u00f3 jogr\u00f3l sz\u00f3l\u00f3 nemzetk\u00f6zi meg\u00e1llapod\u00e1s. Magyarorsz\u00e1g 2001-ben ratifik\u00e1lta, \u00e9s a\u00a0<a rel=\"noreferrer noopener\" href=\"https:\/\/net.jogtar.hu\/jr\/gen\/hjegy_doc.cgi?docid=A0100081.TV\" target=\"_blank\">2001. \u00e9vi LXXXI. t\u00f6rv\u00e9nyben<\/a>\u00a0hirdette ki.<br><br>Az adatk\u00e9r\u00e9sek esetleges k\u00f6lts\u00e9geinek meg\u00e1llap\u00edt\u00e1s\u00e1t a 3<a rel=\"noreferrer noopener\" href=\"http:\/\/net.jogtar.hu\/jr\/gen\/hjegy_doc.cgi?docid=A1600301.KOR\" target=\"_blank\">01\/2016. (IX. 30.) korm\u00e1nyrendelet<\/a> szab\u00e1lyozza.<\/p><\/div><\/div><\/section>\n\n<div id=\"gyeu\"><\/div>\n\n<hr class=\"wp-block-separator has-text-color has-green-400-color has-alpha-channel-opacity has-green-400-background-color has-background\"\/>\n\n<h2 class=\"wp-block-heading has-large-font-size\">Gyakran el\u0151fordul\u00f3 \u00fcgyek<\/h2>\n\n<section class=\"block accordion-block wp-block-planet4-blocks-accordion is-style-light\"><div class=\"accordion-content\"><div class=\"accordion-headline\" name=\"V\u00e1gj\u00e1k a f\u00e1kat, cserj\u00e9ket az utc\u00e1ban, parkban, egy \u00fat ment\u00e9n, a szomsz\u00e9dos erd\u0151ben. Mit tehetek ellene?\">V\u00e1gj\u00e1k a f\u00e1kat, cserj\u00e9ket az utc\u00e1ban, parkban, egy \u00fat ment\u00e9n, a szomsz\u00e9dos erd\u0151ben. Mit tehetek ellene?<\/div><div class=\"panel panel-hidden\"><p class=\"accordion-text\">Sok m\u00falik azon, hogy pontosan hol t\u00f6rt\u00e9nik a fakiv\u00e1g\u00e1s.\u00a0<br><br><strong>Utc\u00e1ban, parkban:<\/strong><br><br>Az orsz\u00e1gos fav\u00e9delmi szab\u00e1lyoz\u00e1s szerint jelenleg csak a telep\u00fcl\u00e9sek <strong>k\u00f6zter\u00fclet\u00e9n<\/strong> \u00e1ll\u00f3 f\u00e1k, cserj\u00e9k kiv\u00e1g\u00e1s\u00e1hoz kell enged\u00e9lyt k\u00e9rni. Az enged\u00e9lyez\u00e9s a fa helye szerinti telep\u00fcl\u00e9s <strong>jegyz\u0151j\u00e9nek<\/strong> a feladata, akinek a munk\u00e1j\u00e1t term\u00e9szetesen az \u00f6nkorm\u00e1nyzati hivatal, sok helyen k\u00fcl\u00f6n fav\u00e9delmi referens seg\u00edti. Fontos, hogy a fa kiv\u00e1g\u00e1s\u00e1nak enged\u00e9lyez\u00e9s\u00e9vel egy\u00fctt annak <strong>p\u00f3tl\u00e1s\u00e1r\u00f3l<\/strong> is gondoskodnia kell a hivatalnak. A fakiv\u00e1g\u00e1si k\u00e9relmeket a jegyz\u0151nek helyben szok\u00e1sos m\u00f3don (azaz \u00e1ltal\u00e1ban az \u00f6nkorm\u00e1nyzat hirdet\u0151t\u00e1bl\u00e1j\u00e1n val\u00f3 kif\u00fcggeszt\u00e9ssel, ritk\u00e1bban az \u00f6nkorm\u00e1nyzat honlapj\u00e1n) ki kell hirdetnie.<br><br>Kiemelt \u00e9rt\u00e9k\u0171 fa kiv\u00e1g\u00e1s\u00e1nak k\u00e9relmez\u00e9se eset\u00e9n az enged\u00e9lyez\u00e9si elj\u00e1r\u00e1sr\u00f3l sz\u00f3l\u00f3 hirdetm\u00e9nyt is hasonl\u00f3 m\u00f3don hirdeti ki a jegyz\u0151. A helyi \u00e9s orsz\u00e1gos civil szervezetek vagy a k\u00f6zvetlen\u00fcl \u00e9rintett szem\u00e9lyek (pl. telekszomsz\u00e9dok) \u00fcgyf\u00e9lk\u00e9nt bejelentkezhetnek az elj\u00e1r\u00e1sba, \u00e9szrev\u00e9teleket tehetnek, illetve ak\u00e1r fellebbezhetnek is a kiv\u00e1g\u00e1s enged\u00e9lyez\u00e9se ellen. Persze \u00e9rdemes el\u0151sz\u00f6r t\u00e1j\u00e9koztat\u00e1st k\u00e9rni a fakiv\u00e1g\u00e1s okair\u00f3l, mert sajnos el\u0151fordul, hogy v\u00e1rosi k\u00f6rnyezetben a f\u00e1k eg\u00e9szs\u00e9ge gyorsabban megromlik \u00e9s \u00e9let- vagy balesetvesz\u00e9lyess\u00e9 v\u00e1lnak.<br><br>Az egyes \u00f6nkorm\u00e1nyzatok helyi rendeletei az orsz\u00e1gos szab\u00e1lyokn\u00e1l szigor\u00fabbak is lehetnek, p\u00e9ld\u00e1ul ak\u00e1r <strong>mag\u00e1nter\u00fcleten<\/strong> \u00e1ll\u00f3 f\u00e1k kiv\u00e1g\u00e1s\u00e1t is enged\u00e9lyhez k\u00f6thetik vagy m\u00e1shogy korl\u00e1tozhatj\u00e1k. A f\u0151v\u00e1ros t\u00f6bb ker\u00fclet\u00e9ben l\u00e9tezik ilyen szab\u00e1ly, de azt, hogy ez pontosan mit tartalmaz, mindig a fa helye szerinti telep\u00fcl\u00e9s (ker\u00fclet) fav\u00e9delmi referens\u00e9n\u00e9l \u00e9rdemes megk\u00e9rdezni.<br><br>A k\u00f6zter\u00fcleten \u00e1ll\u00f3 f\u00e1k kiv\u00e1g\u00e1sa, csonkol\u00e1sa vagy kipusztul\u00e1sa eset\u00e9n teh\u00e1t a helyi jegyz\u0151n\u00e9l lehet inform\u00e1ci\u00f3t k\u00e9rni (ak\u00e1r telefonon, ak\u00e1r szem\u00e9lyesen, ak\u00e1r lev\u00e9lben, ak\u00e1r e-mailben, ak\u00e1r k\u00f6z\u00e9rdek\u0171 adatk\u00e9r\u00e9ssel), illetve panaszt tenni. Az enged\u00e9ly n\u00e9lk\u00fcli kiv\u00e1g\u00e1st, a p\u00f3tl\u00e1si k\u00f6telezetts\u00e9g elmulaszt\u00e1s\u00e1t vagy a szakszer\u0171tlen kezel\u00e9st, csonkol\u00e1st a jegyz\u0151, illetve az \u00f6nkorm\u00e1nyzati rend\u00e9szet\/k\u00f6zter\u00fclet-fel\u00fcgyelet szankcion\u00e1lhatja, ezek szab\u00e1lys\u00e9rt\u00e9snek sz\u00e1m\u00edtanak.<br>A legnagyobb probl\u00e9ma, hogy \u00e1ltal\u00e1ban a f\u00e1k sors\u00e1r\u00f3l a lakosok m\u00e1r csak akkor \u00e9rtes\u00fclnek, amikor dolgoznak a l\u00e1ncf\u0171r\u00e9szek. Ezt sajnos jelenleg legfeljebb csak \u00fagy el\u0151zheted meg, ha rendszeresen figyeled az <strong>\u00f6nkorm\u00e1nyzat hirdet\u0151t\u00e1bl\u00e1j\u00e1t<\/strong>, mert a kiv\u00e1g\u00e1sok tervei a legt\u00f6bb esetben el\u0151sz\u00f6r ott ker\u00fclnek nyilv\u00e1noss\u00e1gra.<br><br><strong>K\u00f6zutak ment\u00e9n:<\/strong><br><br>A telep\u00fcl\u00e9sek k\u00f6zter\u00fcleteit\u0151l elt\u00e9r\u0151 szab\u00e1lyok vonatkoznak a k\u00fclter\u00fcleti utak (vagyis a telep\u00fcl\u00e9seken k\u00edv\u00fcl fut\u00f3 \u00fatszakaszok, p\u00e9ld\u00e1ul orsz\u00e1gutak v\u00e1roson k\u00edv\u00fcli r\u00e9szei) ment\u00e9n \u00e1ll\u00f3 fasorokra, amelyekr\u0151l a <strong>k\u00f6z\u00fatkezel\u0151<\/strong> rendelkezik: ilyen esetekben n\u00e1luk lehet tiltakozni a kiv\u00e1g\u00e1s ellen.<br><br>A k\u00fcl\u00f6nf\u00e9le vezet\u00e9kek (elektromos \u00e1ram, g\u00e1z stb.) \u00fatj\u00e1ban \u00e1ll\u00f3 f\u00e1k csonk\u00edt\u00e1s\u00e1t, ak\u00e1r kiv\u00e1g\u00e1s\u00e1t maguk a <strong>szolg\u00e1ltat\u00f3k<\/strong> v\u00e9gzik, az ezzel kapcsolatos panaszokat is \u0151k fogadj\u00e1k. A k\u00f6z\u00fatkezel\u0151k \u00e9s a k\u00f6zm\u0171szolg\u00e1ltat\u00f3k jogk\u00f6rei nagyon sz\u00e9lesek az utak \u00e9s a vezet\u00e9kek ment\u00e9n \u00e9l\u0151 n\u00f6v\u00e9nyzet kiv\u00e1g\u00e1sa kapcs\u00e1n, ehhez jegyz\u0151i enged\u00e9lyre sincs sz\u00fcks\u00e9g\u00fck. \u00cdgy amennyiben a hozz\u00e1juk int\u00e9zett panasz nem vezet eredm\u00e9nyre, a <strong>birtokv\u00e9delmi elj\u00e1r\u00e1s<\/strong> (l\u00e1sd itt: <a href=\"http:\/\/kormanyablak.hu\/hu\/feladatkorok\/27\/JEGYZ00501\">http:\/\/kormanyablak.hu\/hu\/feladatkorok\/27\/JEGYZ00501<\/a>) megind\u00edt\u00e1sa az egyetlen elm\u00e9leti lehet\u0151s\u00e9g, amelyet azonban egyr\u00e9szt csak a birtok\u00e1ban megs\u00e9rtett szem\u00e9ly ind\u00edthat (bele\u00e9rtve azt is, akinek ingatlan\u00e1t a fakiv\u00e1g\u00e1s h\u00e1tr\u00e1nyosan \u00e9rinti), m\u00e1sr\u00e9szt a legt\u00f6bbsz\u00f6r m\u00e1r csak a fa kiv\u00e1g\u00e1sa ut\u00e1n tud megindulni, illetve lez\u00e1rulni. \u00cdgy legfeljebb a kiv\u00e1gott f\u00e1k p\u00f3tl\u00e1sa \u00e9rhet\u0151 el. Hasonl\u00f3 korl\u00e1tokkal, de <strong>polg\u00e1ri per <\/strong>is ind\u00edthat\u00f3 a f\u00e1kat kiv\u00e1g\u00f3 szerv ellen, ha az sz\u00e1modra k\u00e1rt okoz vagy szem\u00e9lyis\u00e9gi jogaidat s\u00e9rti.\u00a0<br><br><strong>Erd\u0151kben, term\u00e9szeti ter\u00fcleteken:<\/strong><br><br>Erdeinkben \u2013 egyes kiv\u00e9teles, kiemelten v\u00e9dett magter\u00fcletekt\u0151l eltekintve \u2013 <strong>erd\u0151gazd\u00e1lkod\u00e1s<\/strong> folyik, ami f\u00e1k kiv\u00e1g\u00e1s\u00e1val j\u00e1r. A term\u00e9szetv\u00e9delmi szab\u00e1lyok szerint persze enn\u00e9l a tev\u00e9kenys\u00e9gn\u00e9l is biztos\u00edtani kell a fenntarthat\u00f3 haszn\u00e1latot, a term\u00e9szetk\u00edm\u00e9l\u0151 m\u00f3dszerek alkalmaz\u00e1s\u00e1t \u00e9s a biol\u00f3giai sokf\u00e9les\u00e9g v\u00e9delm\u00e9t. Sajnos azonban sok esetben lehet szab\u00e1lytalan vagy t\u00falz\u00f3 fakitermel\u00e9ssel tal\u00e1lkozni.<br><br>Az Orsz\u00e1gos Erd\u0151\u00e1llom\u00e1ny Adatt\u00e1r t\u00e9rk\u00e9pes keres\u0151j\u00e9n t\u00e1j\u00e9koz\u00f3dhatsz, hogy mely ter\u00fcletek min\u0151s\u00fclnek erd\u0151nek: <a href=\"https:\/\/erdoterkep.nebih.gov.hu\/\">https:\/\/erdoterkep.nebih.gov.hu\/<\/a>. A nyilv\u00e1ntartott erd\u0151ter\u00fcleten jogszer\u0171en csak a regisztr\u00e1lt erd\u0151gazd\u00e1lkod\u00f3 (vagy az \u0151 nev\u00e9ben m\u00e1s) v\u00e9gezhet fakitermel\u00e9st. Az ilyen tev\u00e9kenys\u00e9geket az \u00e9ves erd\u0151terv alapj\u00e1n kell v\u00e9gezni \u00e9s be kell jelenteni az <strong>erd\u00e9szeti hat\u00f3s\u00e1gnak <\/strong>(a megyei korm\u00e1nyhivatalok erd\u0151fel\u00fcgyeleti oszt\u00e1lyainak), amely megtilthatja vagy korl\u00e1tozhatja a fakiv\u00e1g\u00e1st. Az erd\u0151 m\u00e1s c\u00e9l\u00fa ig\u00e9nybev\u00e9tel\u00e9t is az erd\u00e9szeti hat\u00f3s\u00e1g enged\u00e9lyezheti. Ha nem nyilv\u00e1ntartott erd\u0151r\u0151l, csak \u00fan. \u201ef\u00e1s\u00edt\u00e1sr\u00f3l\u201d van sz\u00f3, akkor a ter\u00fclet haszn\u00e1l\u00f3ja enged\u00e9ly alapj\u00e1n jogosult f\u00e1k kiv\u00e1g\u00e1s\u00e1ra.<br><br><strong>V\u00e9dett ter\u00fcleten<\/strong> (bele\u00e9rtve a Natura 2000 ter\u00fcleteket is) j\u00f3val szigor\u00fabb szab\u00e1lyok vonatkoznak a fakiv\u00e1g\u00e1sra. Ezek betart\u00e1s\u00e1t a <strong>term\u00e9szetv\u00e9delmi hat\u00f3s\u00e1g<\/strong> biztos\u00edtja: v\u00e9lem\u00e9nyezi az erd\u0151terveket \u00e9s belesz\u00f3lhat a fakitermel\u00e9sek enged\u00e9lyez\u00e9s\u00e9be is.<br><br>Illeg\u00e1lis fakitermel\u00e9s vagy az erd\u0151k m\u00e1s m\u00f3don val\u00f3 k\u00e1ros\u00edt\u00e1sa eset\u00e9n teh\u00e1t alapvet\u0151en az erd\u00e9szeti hat\u00f3s\u00e1got kell megkeresned, de v\u00e9dett ter\u00fcleten vagy v\u00e9dett \u00e9l\u0151l\u00e9nyek \u00e9rintetts\u00e9ge eset\u00e9n a <strong>term\u00e9szetv\u00e9delmi hat\u00f3s\u00e1ghoz, nemzetipark-igazgat\u00f3s\u00e1ghoz, term\u00e9szetv\u00e9delmi \u0151rszolg\u00e1lathoz<\/strong> vagy s\u00falyosabb esetben ak\u00e1r a <strong>rend\u0151rs\u00e9ghez<\/strong> is fordulhatsz.<\/p><\/div><\/div><div class=\"accordion-content\"><div class=\"accordion-headline\" name=\"Belter\u00fcleten vagy a telep\u00fcl\u00e9s hat\u00e1r\u00e1ban l\u00e9v\u0151 kisebb- nagyobb vizes ter\u00fcleteket, foltokat \u00e9p\u00edt\u00e9si t\u00f6rmel\u00e9kkel t\u00f6ltenek fel. Mit tehetek?\">Belter\u00fcleten vagy a telep\u00fcl\u00e9s hat\u00e1r\u00e1ban l\u00e9v\u0151 kisebb- nagyobb vizes ter\u00fcleteket, foltokat \u00e9p\u00edt\u00e9si t\u00f6rmel\u00e9kkel t\u00f6ltenek fel. Mit tehetek?<\/div><div class=\"panel panel-hidden\"><p class=\"accordion-text\">El\u0151sz\u00f6r is \u00e9rdemes megn\u00e9zni, hogy a ter\u00fclet v\u00e9dett-e, hiszen v\u00e9dett ter\u00fcletek belter\u00fcleten is vannak (p\u00e9ld\u00e1ul a Merzse-mocs\u00e1r Budapesten). Ezt internetes t\u00e9rk\u00e9pes keres\u0151k seg\u00edts\u00e9g\u00e9vel tudod ellen\u0151rizni, p\u00e9ld\u00e1ul itt: <a href=\"http:\/\/web.okir.hu\/map\/?config=TIR&amp;lang=hu\">http:\/\/web.okir.hu\/map\/?config=TIR&amp;lang=hu<\/a>.\u00a0 Az is l\u00e9nyeges, hogy ha l\u00e1pr\u00f3l van sz\u00f3, akkor a ter\u00fclet k\u00fcl\u00f6n v\u00e9dett\u00e9 nyilv\u00e1n\u00edt\u00e1s n\u00e9lk\u00fcl, a t\u00f6rv\u00e9ny erej\u00e9n\u00e9l fogva v\u00e9dett.<br><br>Ha <strong>v\u00e9dett ter\u00fcletr\u0151l<\/strong> van sz\u00f3, akkor nagyon szigor\u00faak a szab\u00e1lyok, \u00e9s ez s\u00falyos jogs\u00e9rt\u00e9s \u2013 a term\u00e9szetv\u00e9delmi hat\u00f3s\u00e1gnak (az illet\u00e9kes megyei korm\u00e1nyhivatal k\u00f6rnyezet- \u00e9s term\u00e9szetv\u00e9delmi f\u0151oszt\u00e1ly\u00e1nak vagy helyi v\u00e9detts\u00e9g eset\u00e9n a jegyz\u0151nek), a nemzeti park igazgat\u00f3s\u00e1g\u00e1nak, a term\u00e9szetv\u00e9delmi \u0151r\u00f6knek, de ak\u00e1r a rend\u0151rs\u00e9gnek is bejelentheted, hiszen feltehet\u0151en ez m\u00e1r a term\u00e9szetk\u00e1ros\u00edt\u00e1s b\u0171ncselekm\u00e9ny\u00e9nek gyan\u00faj\u00e1t is felveti.<br><br>Ha a ter\u00fclet <strong>nem v\u00e9dett<\/strong>, ez a tev\u00e9kenys\u00e9g nagy val\u00f3sz\u00edn\u0171s\u00e9ggel akkor is jogs\u00e9rt\u0151. Egyr\u00e9szt az\u00e9rt, mert a kisebb vizes \u00e9l\u0151helyeken gyakran el\u0151fordulnak <strong>v\u00e9dett v\u00edzi szervezetek<\/strong>, amelyeket ez a tev\u00e9kenys\u00e9g k\u00e1ros\u00edt (pl. b\u00e9k\u00e1k szaporulat\u00e1t puszt\u00edtja el vagy v\u00edzimadarak f\u00e9szkeit teszi t\u00f6nkre). Emiatt szint\u00e9n a term\u00e9szetv\u00e9delmi hat\u00f3s\u00e1ghoz \u00e9s a rend\u0151rs\u00e9ghez lehet fordulni.<br><br>M\u00e1sr\u00e9szt azonban nemcsak a term\u00e9szetv\u00e9delmi szab\u00e1lyok tiltj\u00e1k a hasonl\u00f3 cselekedeteket, hanem \u2013 ha nincs r\u00e1 enged\u00e9ly \u2013 a <strong>hullad\u00e9kgazd\u00e1lkod\u00e1si el\u0151\u00edr\u00e1sok<\/strong> is, hiszen az \u00e9p\u00edt\u00e9si t\u00f6rmel\u00e9ket \u201eak\u00e1rhov\u00e1\u201d nem lehet lerakni. Belter\u00fcleten a jegyz\u0151t, \u00f6nkorm\u00e1nyzati rend\u00e9szetet, k\u00f6zter\u00fclet-fel\u00fcgyel\u0151ket lehet megkeresni, k\u00fclter\u00fcleten pedig a <strong>hullad\u00e9kgazd\u00e1lkod\u00e1si hat\u00f3s\u00e1got<\/strong>, amely a term\u00e9szetv\u00e9delmi hat\u00f3s\u00e1gt\u00f3l elk\u00fcl\u00f6n\u00edtve, de a megyei korm\u00e1nyhivatalok ugyanazon f\u0151oszt\u00e1ly\u00e1n bel\u00fcl m\u0171k\u00f6dik.\u00a0<\/p><\/div><\/div><div class=\"accordion-content\"><div class=\"accordion-headline\" name=\"A szomsz\u00e9ds\u00e1gomban leverik a fecskef\u00e9szkeket. Mit tehetek?\">A szomsz\u00e9ds\u00e1gomban leverik a fecskef\u00e9szkeket. Mit tehetek?<\/div><div class=\"panel panel-hidden\"><p class=\"accordion-text\">Fontos tudni, hogy Magyarorsz\u00e1gon jelenleg minden fecskefaj v\u00e9dett, r\u00e1ad\u00e1sul sajnos \u00e9vr\u0151l \u00e9vre cs\u00f6kken az egyedsz\u00e1muk. Sok t\u00e9vhit kering a fecskef\u00e9szkek elt\u00e1vol\u00edt\u00e1s\u00e1val kapcsolatban, de le kell sz\u00f6gezni, hogy a f\u00e9szek lever\u00e9se <strong>eg\u00e9sz \u00e9vben szigor\u00faan tilos<\/strong>: s\u00falyos b\u00edrs\u00e1g, s\u0151t b\u00fcntet\u0151 feljelent\u00e9s is j\u00e1rhat \u00e9rte. A k\u00f6lt\u00e9si id\u0151n k\u00edv\u00fcl, szeptember \u00e9s \u00e1prilis k\u00f6z\u00f6tt kiv\u00e9teles esetben, ha nagyon indokolt, akkor a term\u00e9szetv\u00e9delmi hat\u00f3s\u00e1g (a megyei korm\u00e1nyhivatal k\u00f6rnyezet- \u00e9s term\u00e9szetv\u00e9delmi f\u0151oszt\u00e1lya) enged\u00e9lyezheti a f\u00e9szek \u00e1thelyez\u00e9s\u00e9t, de <strong>k\u00f6lt\u00e9si id\u0151ben ilyen enged\u00e9ly sem adhat\u00f3<\/strong> ki.<br><br>Ha valahol gondot okozna a fecskef\u00e9szek, a <strong>\u201efecskepelenka\u201d<\/strong> haszn\u00e1lata javasolt. Ez egy f\u00e9szek al\u00e1 szerelt fa vagy m\u0171anyag lap, mely felfogja a fecskepiszkot, \u00edgy az k\u00f6nnyen eltakar\u00edthat\u00f3v\u00e1 v\u00e1lik. \u00c9rdemes <strong>mesters\u00e9ges f\u00e9szkeket<\/strong> is kihelyezni, mert ebben az esetben a fecsk\u00e9k itt fognak k\u00f6lteni \u00e9s nem egy esetlegesen az emberi tev\u00e9kenys\u00e9geket zavar\u00f3 helyen.<br><br>Ha fecskef\u00e9szkek lever\u00e9s\u00e9t l\u00e1tod, <strong>azonnal sz\u00f3lj az illet\u0151nek<\/strong>, hogy ezt hagyja abba, mert jogellenes \u00e9s term\u00e9szetpuszt\u00edt\u00f3 magatart\u00e1s. Ha nem hagyja abba, akkor a <strong>term\u00e9szetv\u00e9delmi hat\u00f3s\u00e1g, a term\u00e9szetv\u00e9delmi \u0151rszolg\u00e1lat<\/strong> seg\u00edthet, de a <strong>rend\u0151rs\u00e9get<\/strong> is \u00e9rdemes h\u00edvni, mert \u0151k gyorsan a helysz\u00ednre tudnak \u00e9rkezni \u00e9s meg tudj\u00e1k akad\u00e1lyozni a visszaford\u00edthatatlan k\u00e1rokat.<\/p><\/div><\/div><div class=\"accordion-content\"><div class=\"accordion-headline\" name=\"Az erdei utakon, a term\u00e9szetben egyesek quaddal, terepmotorral sz\u00e1guldoznak. Mit tehetek?\">Az erdei utakon, a term\u00e9szetben egyesek quaddal, terepmotorral sz\u00e1guldoznak. Mit tehetek?<\/div><div class=\"panel panel-hidden\"><p class=\"accordion-text\">Az erd\u0151ket, turistautakat j\u00e1rva gyakran tal\u00e1lkozunk a term\u00e9szetben motoroz\u00f3, a talajt, n\u00f6v\u00e9nyzetet er\u0151sen k\u00e1ros\u00edt\u00f3, az \u00e1llatok nyugalm\u00e1t megzavar\u00f3 motoroz\u00e1ssal. Fontos tudni, hogy a <strong>v\u00e9dett ter\u00fcleteken<\/strong> (bele\u00e9rtve a Natura 2000 ter\u00fcleteket is) <strong>minden j\u00e1rm\u0171vel tilos<\/strong>, illetve enged\u00e9lyk\u00f6teles a behajt\u00e1s, szabadid\u0151s jelleg\u0171 motoroz\u00e1sra pedig a term\u00e9szetv\u00e9delmi hat\u00f3s\u00e1g nem nagyon ad ki enged\u00e9lyt.\u00a0<br><br>A <strong>nem v\u00e9dett ter\u00fcleten<\/strong> l\u00e9v\u0151 f\u00f6ldutakon csak a k\u00f6zleked\u00e9si \u00e9s a term\u00e9szetv\u00e9delmi szab\u00e1lyok betart\u00e1s\u00e1val lehet j\u00e1rm\u0171vekkel k\u00f6zlekedni, b\u00e1rmilyen v\u00e9dett \u00e9l\u0151l\u00e9nyt k\u00e1ros\u00edtani, vesz\u00e9lyeztetni tilos. Ahol nincs kijel\u00f6lt \u00fat, ott egy\u00e1ltal\u00e1n nem szabad motorozni, de az erd\u0151t\u00f6rv\u00e9ny k\u00fcl\u00f6n kiemeli, hogy erd\u0151ben m\u00e9g az utakon sem lehet motorozni. A mag\u00e1nutakra sem szabad enged\u00e9ly n\u00e9lk\u00fcl behajtani, \u00edgy ki lehet jelenteni, hogy terepmotorozni legink\u00e1bb csak lez\u00e1rt, kijel\u00f6lt p\u00e1ly\u00e1kon lehet.\u00a0<br>Ha ilyen jelens\u00e9ggel tal\u00e1lkozunk a term\u00e9szetben, akkor az nagy val\u00f3sz\u00edn\u0171s\u00e9ggel illeg\u00e1lis. Bejelenthetj\u00fck <strong>a term\u00e9szetv\u00e9delmi hat\u00f3s\u00e1gnak, a term\u00e9szetv\u00e9delmi \u0151r\u00f6knek, a nemzeti parknak, a rend\u0151rs\u00e9gnek, vagy sz\u00f3lhatunk polg\u00e1ri term\u00e9szet\u0151r\u00f6knek, helyi term\u00e9szetv\u00e9d\u0151 szervezeteknek is.\u00a0<\/strong><br><\/p><\/div><\/div><\/section>\n\n<hr class=\"wp-block-separator has-alpha-channel-opacity\"\/>\n\n<div class=\"wp-block-group has-beige-100-background-color has-background is-vertical is-content-justification-center is-layout-flex wp-container-core-group-is-layout-c92b6fba wp-block-group-is-layout-flex\" style=\"padding-top:20px;padding-right:20px;padding-bottom:20px;padding-left:20px\">\n<p class=\"has-text-align-center\"><strong>Mit tehetsz m\u00e9g? N\u00e9zd meg, hogyan szervezhetsz k\u00f6z\u00f6ss\u00e9get, hogyan l\u00e9phettek fel m\u00e1sokkal egy\u00fctt m\u00e9g hat\u00e9konyabban a term\u00e9szetk\u00e1ros\u00edt\u00e1sok ellen.<\/strong><\/p>\n\n\n\n<div style=\"height:0px\" aria-hidden=\"true\" class=\"wp-block-spacer wp-container-content-83393143\"><\/div>\n\n\n\n<div class=\"wp-block-buttons is-content-justification-center is-layout-flex wp-container-core-buttons-is-layout-16018d1d wp-block-buttons-is-layout-flex\">\n<div class=\"wp-block-button is-style-secondary\"><a class=\"wp-block-button__link wp-element-button\" href=\"https:\/\/www.greenpeace.org\/hungary\/cselekedj\/vedjuk-meg-a-termeszet-sokszinuseget\/ne-maradj-csendben\/\">Megn\u00e9zem<\/a><\/div>\n<\/div>\n<\/div>\n\n<hr class=\"wp-block-separator has-text-color has-green-800-color has-alpha-channel-opacity has-green-800-background-color has-background\"\/>\n\n<h2 class=\"wp-block-heading has-text-align-center has-large-font-size\">K\u00f6vesd munk\u00e1nkat, iratkozz fel leveleinkre!<\/h2>\n\n<div class=\"wp-block-group is-style-reset-margin has-grey-100-background-color has-background is-layout-flow wp-block-group-is-layout-flow\" style=\"padding-top:0px;padding-right:0px;padding-bottom:0px;padding-left:0px\">\n<div class=\"wp-block-columns are-vertically-aligned-center is-not-stacked-on-mobile is-style-mobile-carousel is-layout-flex wp-container-core-columns-is-layout-9d6595d7 wp-block-columns-is-layout-flex\">\n<div class=\"wp-block-column is-vertically-aligned-center is-layout-flow wp-block-column-is-layout-flow\">\n<div class=\"wp-block-cover aligncenter is-light\"><img loading=\"lazy\" decoding=\"async\" width=\"1024\" height=\"683\" class=\"wp-block-cover__image-background wp-image-12324\" alt=\"\" src=\"https:\/\/www.greenpeace.org\/static\/planet4-hungary-stateless\/2025\/07\/90b1ed17-vadmeh-faj_pribeli-levente-1024x683.jpg\" data-object-fit=\"cover\" srcset=\"https:\/\/www.greenpeace.org\/static\/planet4-hungary-stateless\/2025\/07\/90b1ed17-vadmeh-faj_pribeli-levente-1024x683.jpg 1024w, https:\/\/www.greenpeace.org\/static\/planet4-hungary-stateless\/2025\/07\/90b1ed17-vadmeh-faj_pribeli-levente-300x200.jpg 300w, https:\/\/www.greenpeace.org\/static\/planet4-hungary-stateless\/2025\/07\/90b1ed17-vadmeh-faj_pribeli-levente-768x512.jpg 768w, https:\/\/www.greenpeace.org\/static\/planet4-hungary-stateless\/2025\/07\/90b1ed17-vadmeh-faj_pribeli-levente-510x340.jpg 510w, https:\/\/www.greenpeace.org\/static\/planet4-hungary-stateless\/2025\/07\/90b1ed17-vadmeh-faj_pribeli-levente.jpg 1200w\" sizes=\"auto, (max-width: 1024px) 100vw, 1024px\" \/><span aria-hidden=\"true\" class=\"wp-block-cover__background has-background-dim-0 has-background-dim\"><\/span><div class=\"wp-block-cover__inner-container is-layout-flow wp-block-cover-is-layout-flow\">\n<h2 class=\"wp-block-heading has-text-align-right is-style-chevron has-white-color has-text-color has-link-color has-large-font-size wp-elements-2624f3a7b945340ce46235cb8bbfba8b\">H\u00edrlev\u00e9l<\/h2>\n<\/div><\/div>\n<\/div>\n\n\n\n<div class=\"wp-block-column is-vertically-aligned-center has-beige-100-background-color has-background is-layout-flow wp-block-column-is-layout-flow\">\n<div class=\"wp-block-group is-style-default is-vertical is-content-justification-center is-layout-flex wp-container-core-group-is-layout-d4d0c5bc wp-block-group-is-layout-flex\" style=\"padding-top:20px;padding-right:20px;padding-bottom:20px;padding-left:20px\"><script type=\"text\/javascript\">\n\/* <![CDATA[ *\/\nvar gform;gform||(document.addEventListener(\"gform_main_scripts_loaded\",function(){gform.scriptsLoaded=!0}),document.addEventListener(\"gform\/theme\/scripts_loaded\",function(){gform.themeScriptsLoaded=!0}),window.addEventListener(\"DOMContentLoaded\",function(){gform.domLoaded=!0}),gform={domLoaded:!1,scriptsLoaded:!1,themeScriptsLoaded:!1,isFormEditor:()=>\"function\"==typeof InitializeEditor,callIfLoaded:function(o){return!(!gform.domLoaded||!gform.scriptsLoaded||!gform.themeScriptsLoaded&&!gform.isFormEditor()||(gform.isFormEditor()&&console.warn(\"The use of gform.initializeOnLoaded() is deprecated in the form editor context and will be removed in Gravity Forms 3.1.\"),o(),0))},initializeOnLoaded:function(o){gform.callIfLoaded(o)||(document.addEventListener(\"gform_main_scripts_loaded\",()=>{gform.scriptsLoaded=!0,gform.callIfLoaded(o)}),document.addEventListener(\"gform\/theme\/scripts_loaded\",()=>{gform.themeScriptsLoaded=!0,gform.callIfLoaded(o)}),window.addEventListener(\"DOMContentLoaded\",()=>{gform.domLoaded=!0,gform.callIfLoaded(o)}))},hooks:{action:{},filter:{}},addAction:function(o,r,e,t){gform.addHook(\"action\",o,r,e,t)},addFilter:function(o,r,e,t){gform.addHook(\"filter\",o,r,e,t)},doAction:function(o){gform.doHook(\"action\",o,arguments)},applyFilters:function(o){return gform.doHook(\"filter\",o,arguments)},removeAction:function(o,r){gform.removeHook(\"action\",o,r)},removeFilter:function(o,r,e){gform.removeHook(\"filter\",o,r,e)},addHook:function(o,r,e,t,n){null==gform.hooks[o][r]&&(gform.hooks[o][r]=[]);var d=gform.hooks[o][r];null==n&&(n=r+\"_\"+d.length),gform.hooks[o][r].push({tag:n,callable:e,priority:t=null==t?10:t})},doHook:function(r,o,e){var t;if(e=Array.prototype.slice.call(e,1),null!=gform.hooks[r][o]&&((o=gform.hooks[r][o]).sort(function(o,r){return o.priority-r.priority}),o.forEach(function(o){\"function\"!=typeof(t=o.callable)&&(t=window[t]),\"action\"==r?t.apply(null,e):e[0]=t.apply(null,e)})),\"filter\"==r)return e[0]},removeHook:function(o,r,t,n){var e;null!=gform.hooks[o][r]&&(e=(e=gform.hooks[o][r]).filter(function(o,r,e){return!!(null!=n&&n!=o.tag||null!=t&&t!=o.priority)}),gform.hooks[o][r]=e)}});\n\/* ]]> *\/\n<\/script>\n\n                <div class='gf_browser_gecko gform_wrapper gravity-theme gform-theme--no-framework' data-form-theme='gravity-theme' data-form-index='0' id='gform_wrapper_2' ><div id='gf_2' class='gform_anchor' tabindex='-1'><\/div><form method='post' enctype='multipart\/form-data' target='gform_ajax_frame_2' id='gform_2'  action='\/hungary\/wp-json\/wp\/v2\/pages\/8320#gf_2' data-formid='2' novalidate>\n                        <div class='gform-body gform_body'><div id='gform_fields_2' class='gform_fields top_label form_sublabel_below description_below validation_below'><div id=\"field_2_11\" class=\"gfield gfield--type-honeypot gform_validation_container field_sublabel_below gfield--has-description field_description_below field_validation_below gfield_visibility_visible\"  ><label class='gfield_label gform-field-label' for='input_2_11'>Name<\/label><div class='ginput_container'><input name='input_11' id='input_2_11' type='text' value='' autocomplete='new-password'\/><\/div><div class='gfield_description' id='gfield_description_2_11'>Ez a mez\u0151 az \u00e9rv\u00e9nyes\u00edt\u00e9shez van \u00e9s \u00fcresen kell hagyni.<\/div><\/div><div id=\"field_2_1\" class=\"gfield gfield--type-text gfield--input-type-text gfield--width-half gfield_contains_required field_sublabel_below gfield--no-description field_description_below hidden_label field_validation_below gfield_visibility_visible\"  ><label class='gfield_label gform-field-label' for='input_2_1'>Vezet\u00e9kn\u00e9v*<span class=\"gfield_required\"><span class=\"gfield_required gfield_required_text\">(K\u00f6telez\u0151)<\/span><\/span><\/label><div class='ginput_container ginput_container_text'><input name='input_1' id='input_2_1' type='text' value='' class='large'    placeholder='Vezet\u00e9kn\u00e9v*' aria-required=\"true\" aria-invalid=\"false\"   \/><\/div><\/div><div id=\"field_2_3\" class=\"gfield gfield--type-text gfield--input-type-text gfield--width-half gfield_contains_required field_sublabel_below gfield--no-description field_description_below hidden_label field_validation_below gfield_visibility_visible\"  ><label class='gfield_label gform-field-label' for='input_2_3'>Keresztn\u00e9v*<span class=\"gfield_required\"><span class=\"gfield_required gfield_required_text\">(K\u00f6telez\u0151)<\/span><\/span><\/label><div class='ginput_container ginput_container_text'><input name='input_3' id='input_2_3' type='text' value='' class='large'    placeholder='Keresztn\u00e9v*' aria-required=\"true\" aria-invalid=\"false\"   \/><\/div><\/div><div id=\"field_2_4\" class=\"gfield gfield--type-email gfield--input-type-email gfield--width-full gfield_contains_required field_sublabel_below gfield--no-description field_description_below hidden_label field_validation_below gfield_visibility_visible\"  ><label class='gfield_label gform-field-label' for='input_2_4'>E-mail-c\u00edm*<span class=\"gfield_required\"><span class=\"gfield_required gfield_required_text\">(K\u00f6telez\u0151)<\/span><\/span><\/label><div class='ginput_container ginput_container_email'>\n                            <input name='input_4' id='input_2_4' type='email' value='' class='large'   placeholder='E-mail-c\u00edm*' aria-required=\"true\" aria-invalid=\"false\"  \/>\n                        <\/div><\/div><div id=\"field_2_5\" class=\"gfield gfield--type-phone gfield--input-type-phone gfield--width-full field_sublabel_below gfield--no-description field_description_below hidden_label field_validation_below gfield_visibility_visible\"  ><label class='gfield_label gform-field-label' for='input_2_5'>Telefonsz\u00e1m<\/label><div class='ginput_container ginput_container_phone'><input name='input_5' id='input_2_5' type='tel' value='' class='large'  placeholder='Telefonsz\u00e1m'  aria-invalid=\"false\"   \/><\/div><\/div><fieldset id=\"field_2_6\" class=\"gfield gfield--type-checkbox gfield--type-choice gfield--input-type-checkbox gfield--width-full gfield_contains_required field_sublabel_below gfield--no-description field_description_below hidden_label field_validation_below gfield_visibility_visible custom-control\"  data-field-class=\"custom-control\" ><legend class='gfield_label gform-field-label gfield_label_before_complex' >Adatkezel\u00e9s<span class=\"gfield_required\"><span class=\"gfield_required gfield_required_text\">(K\u00f6telez\u0151)<\/span><\/span><\/legend><div class='ginput_container ginput_container_checkbox'><div class='gfield_checkbox ' id='input_2_6'><div class='gchoice gchoice_2_6_1'>\n\t\t\t\t\t\t\t\t<input class='gfield-choice-input' name='input_6.1' type='checkbox'  value='true'  id='choice_2_6_1'   \/>\n\t\t\t\t\t\t\t\t<label for='choice_2_6_1' id='label_2_6_1' class='gform-field-label gform-field-label--type-inline'>Elfogadom az <a href=\"https:\/\/www.greenpeace.org\/hungary\/adatkezeles\" target=\"_blank\">adatkezel\u00e9si t\u00e1j\u00e9koztat\u00f3t<\/a>, \u00e9s hozz\u00e1j\u00e1rulok adataim kezel\u00e9s\u00e9hez.*<\/label>\n\t\t\t\t\t\t\t<\/div><\/div><\/div><\/fieldset><fieldset id=\"field_2_8\" class=\"gfield gfield--type-multi_choice gfield--type-choice gfield--input-type-radio gfield--width-full field_sublabel_below gfield--no-description field_description_below field_validation_below gfield_visibility_hidden gfield--choice-align-vertical\"  ><div class=\"admin-hidden-markup\"><i class=\"gform-icon gform-icon--hidden\" aria-hidden=\"true\" title=\"This field is hidden when viewing the form\"><\/i><span>This field is hidden when viewing the form<\/span><\/div><legend class='gfield_label gform-field-label gfield_label_before_complex' >Enged\u00e9lyezed, hogy a Greenpeace Magyarorsz\u00e1g megadott el\u00e9rhet\u0151s\u00e9geiden \u00e9rtes\u00edtsen a kamp\u00e1nyokr\u00f3l, \u00e9s az azokban val\u00f3 r\u00e9szv\u00e9tel lehet\u0151s\u00e9geir\u0151l?<\/legend><div class='ginput_container ginput_container_radio'><div class='gfield_radio' id='input_2_8'>\n\t\t\t<div class='gchoice gchoice_2_8_0'>\n\t\t\t\t\t<input class='gfield-choice-input' name='input_8' type='radio' value='true' checked='checked' id='choice_2_8_0' onchange='gformToggleRadioOther( this )'    \/>\n\t\t\t\t\t<label for='choice_2_8_0' id='label_2_8_0' class='gform-field-label gform-field-label--type-inline'>Igen, k\u00e9rek \u00e9rtes\u00edt\u00e9st<\/label>\n\t\t\t<\/div><\/div><\/div><\/fieldset><div id=\"field_2_7\" class=\"gfield gfield--type-text gfield--input-type-text gfield--width-full field_sublabel_below gfield--no-description field_description_below field_validation_below gfield_visibility_hidden\"  ><div class=\"admin-hidden-markup\"><i class=\"gform-icon gform-icon--hidden\" aria-hidden=\"true\" title=\"This field is hidden when viewing the form\"><\/i><span>This field is hidden when viewing the form<\/span><\/div><label class='gfield_label gform-field-label' for='input_2_7'>Source<\/label><div class='ginput_container ginput_container_text'><input name='input_7' id='input_2_7' type='text' value='' class='large'      aria-invalid=\"false\"   \/><\/div><\/div><div id=\"field_2_9\" class=\"gfield gfield--type-text gfield--input-type-text gfield--width-full field_sublabel_below gfield--no-description field_description_below field_validation_below gfield_visibility_hidden\"  ><div class=\"admin-hidden-markup\"><i class=\"gform-icon gform-icon--hidden\" aria-hidden=\"true\" title=\"This field is hidden when viewing the form\"><\/i><span>This field is hidden when viewing the form<\/span><\/div><label class='gfield_label gform-field-label' for='input_2_9'>Orsz\u00e1g\/r\u00e9gi\u00f3<\/label><div class='ginput_container ginput_container_text'><input name='input_9' id='input_2_9' type='text' value='HU' class='large'      aria-invalid=\"false\"   \/><\/div><\/div><fieldset id=\"field_2_10\" class=\"gfield gfield--type-checkbox gfield--type-choice gfield--input-type-checkbox gfield--width-full field_sublabel_below gfield--no-description field_description_below field_validation_below gfield_visibility_hidden custom-control\"  data-field-class=\"custom-control\" ><div class=\"admin-hidden-markup\"><i class=\"gform-icon gform-icon--hidden\" aria-hidden=\"true\" title=\"This field is hidden when viewing the form\"><\/i><span>This field is hidden when viewing the form<\/span><\/div><legend class='gfield_label gform-field-label gfield_label_before_complex' >Owned HU<\/legend><div class='ginput_container ginput_container_checkbox'><div class='gfield_checkbox ' id='input_2_10'><div class='gchoice gchoice_2_10_1'>\n\t\t\t\t\t\t\t\t<input class='gfield-choice-input' name='input_10.1' type='checkbox'  value='Yes' checked='checked' id='choice_2_10_1'   \/>\n\t\t\t\t\t\t\t\t<label for='choice_2_10_1' id='label_2_10_1' class='gform-field-label gform-field-label--type-inline'>Yes<\/label>\n\t\t\t\t\t\t\t<\/div><\/div><\/div><\/fieldset><\/div><\/div>\n        <div class='gform-footer gform_footer top_label'> <input type='submit' id='gform_submit_button_2' class='gform_button button' onclick='gform.submission.handleButtonClick(this);' data-submission-type='submit' value='Feliratkozom'  \/> <input type='hidden' name='gform_ajax' value='form_id=2&amp;title=&amp;description=&amp;tabindex=0&amp;theme=gravity-theme&amp;styles={&quot;theme&quot;:&quot;gravity-theme&quot;,&quot;inputPrimaryColor&quot;:&quot;#204ce5&quot;}&amp;hash=9388b77ec7b9e553f445ee2f7d0af39a' \/>\n            <input type='hidden' class='gform_hidden' name='gform_submission_method' data-js='gform_submission_method_2' value='iframe' \/>\n            <input type='hidden' class='gform_hidden' name='gform_theme' data-js='gform_theme_2' id='gform_theme_2' value='gravity-theme' \/>\n            <input type='hidden' class='gform_hidden' name='gform_style_settings' data-js='gform_style_settings_2' id='gform_style_settings_2' value='{&quot;theme&quot;:&quot;gravity-theme&quot;,&quot;inputPrimaryColor&quot;:&quot;#204ce5&quot;}' \/>\n            <input type='hidden' class='gform_hidden' name='is_submit_2' value='1' \/>\n            <input type='hidden' class='gform_hidden' name='gform_submit' value='2' \/>\n            \n            <input type='hidden' class='gform_hidden' name='gform_currency' data-currency='USD' value='rScXnyt4hPjrsd7eXhnUy89SmswjN1kBOb1el4KknFyezq7WrXeNgoiOIlx4yf+cIM2+S37CtgokVuR1kcu3X0b5+YVcAbq+3kaJCobJuqGwB0M=' \/>\n            <input type='hidden' class='gform_hidden' name='gform_unique_id' value='' \/>\n            <input type='hidden' class='gform_hidden' name='state_2' value='WyJ7XCI2LjFcIjpcImExYTFiZjViZDA3YThmOTQ0YmMwY2ZiYWQyYWNiZDRmXCIsXCI4XCI6W1wiYTFhMWJmNWJkMDdhOGY5NDRiYzBjZmJhZDJhY2JkNGZcIl0sXCIxMC4xXCI6XCI4NmE3MTIzYzhiOTY5ZDYzYWRjZDI3OGUxYjFmYzYwM1wifSIsIjJiOWRhNjUwMjBhMzI2NTJiZGRhNzE4ZjU4OGZkMDEzIl0=' \/>\n            <input type='hidden' autocomplete='off' class='gform_hidden' name='gform_target_page_number_2' id='gform_target_page_number_2' value='0' \/>\n            <input type='hidden' autocomplete='off' class='gform_hidden' name='gform_source_page_number_2' id='gform_source_page_number_2' value='1' \/>\n            <input type='hidden' name='gform_field_values' value='' \/>\n            \n        <\/div>\n                        <p style=\"display: none !important;\" class=\"akismet-fields-container\" data-prefix=\"ak_\"><label>&#916;<textarea name=\"ak_hp_textarea\" cols=\"45\" rows=\"8\" maxlength=\"100\"><\/textarea><\/label><input type=\"hidden\" id=\"ak_js_1\" name=\"ak_js\" value=\"245\"\/><script>document.getElementById( \"ak_js_1\" ).setAttribute( \"value\", ( new Date() ).getTime() );<\/script><\/p><\/form>\n                        <\/div>\n\t\t                <iframe style='display:none;width:0px;height:0px;' src='about:blank' name='gform_ajax_frame_2' id='gform_ajax_frame_2' title='This iframe contains the logic required to handle Ajax powered Gravity Forms.'><\/iframe>\n\t\t                <script type=\"text\/javascript\">\n\/* <![CDATA[ *\/\n gform.initializeOnLoaded( function() {gformInitSpinner( 2, 'https:\/\/www.greenpeace.org\/hungary\/wp-content\/plugins\/gravityforms\/images\/spinner.svg', true );jQuery('#gform_ajax_frame_2').on('load',function(){var contents = jQuery(this).contents().find('*').html();var is_postback = contents.indexOf('GF_AJAX_POSTBACK') >= 0;if(!is_postback){return;}var form_content = jQuery(this).contents().find('#gform_wrapper_2');var is_confirmation = jQuery(this).contents().find('#gform_confirmation_wrapper_2').length > 0;var is_redirect = contents.indexOf('gformRedirect(){') >= 0;var is_form = form_content.length > 0 && ! is_redirect && ! is_confirmation;var mt = parseInt(jQuery('html').css('margin-top'), 10) + parseInt(jQuery('body').css('margin-top'), 10) + 100;if(is_form){jQuery('#gform_wrapper_2').html(form_content.html());if(form_content.hasClass('gform_validation_error')){jQuery('#gform_wrapper_2').addClass('gform_validation_error');} else {jQuery('#gform_wrapper_2').removeClass('gform_validation_error');}setTimeout( function() { \/* delay the scroll by 50 milliseconds to fix a bug in chrome *\/ jQuery(document).scrollTop(jQuery('#gform_wrapper_2').offset().top - mt); }, 50 );if(window['gformInitDatepicker']) {gformInitDatepicker();}if(window['gformInitPriceFields']) {gformInitPriceFields();}var current_page = jQuery('#gform_source_page_number_2').val();gformInitSpinner( 2, 'https:\/\/www.greenpeace.org\/hungary\/wp-content\/plugins\/gravityforms\/images\/spinner.svg', true );jQuery(document).trigger('gform_page_loaded', [2, current_page]);window['gf_submitting_2'] = false;}else if(!is_redirect){var confirmation_content = jQuery(this).contents().find('.GF_AJAX_POSTBACK').html();if(!confirmation_content){confirmation_content = contents;}jQuery('#gform_wrapper_2').replaceWith(confirmation_content);jQuery(document).scrollTop(jQuery('#gf_2').offset().top - mt);jQuery(document).trigger('gform_confirmation_loaded', [2]);window['gf_submitting_2'] = false;wp.a11y.speak(jQuery('#gform_confirmation_message_2').text());}else{jQuery('#gform_2').append(contents);if(window['gformRedirect']) {gformRedirect();}}jQuery(document).trigger(\"gform_pre_post_render\", [{ formId: \"2\", currentPage: \"current_page\", abort: function() { this.preventDefault(); } }]);        if (event && event.defaultPrevented) {                return;        }        const gformWrapperDiv = document.getElementById( \"gform_wrapper_2\" );        if ( gformWrapperDiv ) {            const visibilitySpan = document.createElement( \"span\" );            visibilitySpan.id = \"gform_visibility_test_2\";            gformWrapperDiv.insertAdjacentElement( \"afterend\", visibilitySpan );        }        const visibilityTestDiv = document.getElementById( \"gform_visibility_test_2\" );        let postRenderFired = false;        function triggerPostRender() {            if ( postRenderFired ) {                return;            }            postRenderFired = true;            gform.core.triggerPostRenderEvents( 2, current_page );            if ( visibilityTestDiv ) {                visibilityTestDiv.parentNode.removeChild( visibilityTestDiv );            }        }        function debounce( func, wait, immediate ) {            var timeout;            return function() {                var context = this, args = arguments;                var later = function() {                    timeout = null;                    if ( !immediate ) func.apply( context, args );                };                var callNow = immediate && !timeout;                clearTimeout( timeout );                timeout = setTimeout( later, wait );                if ( callNow ) func.apply( context, args );            };        }        const debouncedTriggerPostRender = debounce( function() {            triggerPostRender();        }, 200 );        if ( visibilityTestDiv && visibilityTestDiv.offsetParent === null ) {            const observer = new MutationObserver( ( mutations ) => {                mutations.forEach( ( mutation ) => {                    if ( mutation.type === 'attributes' && visibilityTestDiv.offsetParent !== null ) {                        debouncedTriggerPostRender();                        observer.disconnect();                    }                });            });            observer.observe( document.body, {                attributes: true,                childList: false,                subtree: true,                attributeFilter: [ 'style', 'class' ],            });        } else {            triggerPostRender();        }    } );} ); \n\/* ]]> *\/\n<\/script>\n<\/div>\n<\/div>\n<\/div>\n<\/div>\n\n<hr class=\"wp-block-separator has-text-color has-green-800-color has-alpha-channel-opacity has-green-800-background-color has-background\"\/>\n","protected":false},"excerpt":{"rendered":"<p>Mit tehetsz, ha term\u00e9szetk\u00e1ros\u00edt\u00e1st \u00e9szlelsz?<\/p>\n","protected":false},"author":25,"featured_media":8312,"parent":8330,"menu_order":0,"comment_status":"closed","ping_status":"closed","template":"","meta":{"ep_exclude_from_search":false,"p4_hide_page_title_checkbox":"on","p4_title":"","p4_subtitle":"","p4_description":"","background_image_id":"","background_image":"","p4_button_title":"","p4_button_link":"","p4_button_link_checkbox":"","p4_og_title":"","p4_og_description":"","p4_og_image":"","p4_og_image_id":"","p4_seo_canonical_url":"","p4_campaign_name":"not set","p4_local_project":"not set","p4_basket_name":"not set","p4_department":"","footnotes":""},"categories":[3],"tags":[20,24],"class_list":["post-8320","page","type-page","status-publish","has-post-thumbnail","hentry","category-termeszet-kornyezet","tag-elovilag","tag-szennyezes"],"_links":{"self":[{"href":"https:\/\/www.greenpeace.org\/hungary\/wp-json\/wp\/v2\/pages\/8320","targetHints":{"allow":["GET"]}}],"collection":[{"href":"https:\/\/www.greenpeace.org\/hungary\/wp-json\/wp\/v2\/pages"}],"about":[{"href":"https:\/\/www.greenpeace.org\/hungary\/wp-json\/wp\/v2\/types\/page"}],"author":[{"embeddable":true,"href":"https:\/\/www.greenpeace.org\/hungary\/wp-json\/wp\/v2\/users\/25"}],"replies":[{"embeddable":true,"href":"https:\/\/www.greenpeace.org\/hungary\/wp-json\/wp\/v2\/comments?post=8320"}],"version-history":[{"count":20,"href":"https:\/\/www.greenpeace.org\/hungary\/wp-json\/wp\/v2\/pages\/8320\/revisions"}],"predecessor-version":[{"id":13237,"href":"https:\/\/www.greenpeace.org\/hungary\/wp-json\/wp\/v2\/pages\/8320\/revisions\/13237"}],"up":[{"embeddable":true,"href":"https:\/\/www.greenpeace.org\/hungary\/wp-json\/wp\/v2\/pages\/8330"}],"wp:featuredmedia":[{"embeddable":true,"href":"https:\/\/www.greenpeace.org\/hungary\/wp-json\/wp\/v2\/media\/8312"}],"wp:attachment":[{"href":"https:\/\/www.greenpeace.org\/hungary\/wp-json\/wp\/v2\/media?parent=8320"}],"wp:term":[{"taxonomy":"category","embeddable":true,"href":"https:\/\/www.greenpeace.org\/hungary\/wp-json\/wp\/v2\/categories?post=8320"},{"taxonomy":"post_tag","embeddable":true,"href":"https:\/\/www.greenpeace.org\/hungary\/wp-json\/wp\/v2\/tags?post=8320"}],"curies":[{"name":"wp","href":"https:\/\/api.w.org\/{rel}","templated":true}]}}