{"id":8343,"date":"2021-05-20T11:06:07","date_gmt":"2021-05-20T09:06:07","guid":{"rendered":"https:\/\/www.greenpeace.org\/hungary\/?page_id=8343"},"modified":"2026-01-08T14:11:39","modified_gmt":"2026-01-08T13:11:39","slug":"ne-maradj-csendben","status":"publish","type":"page","link":"https:\/\/www.greenpeace.org\/hungary\/cselekedj\/vedjuk-meg-a-termeszet-sokszinuseget\/ne-maradj-csendben\/","title":{"rendered":"Ne maradj csendben!"},"content":{"rendered":"\n\n<div class=\"wp-block-group alignfull is-layout-flow wp-block-group-is-layout-flow\">\n<div class=\"wp-block-group container is-layout-flow wp-block-group-is-layout-flow\">\n<div class=\"wp-block-media-text alignfull has-media-on-the-right is-stacked-on-mobile is-pattern-p4-page-header is-style-parallax\"><div class=\"wp-block-media-text__content\">\n<div class=\"wp-block-group is-layout-flow wp-block-group-is-layout-flow\">\n<h1 class=\"wp-block-heading has-white-background-color has-background\">Ne maradj csendben!<\/h1>\n<\/div>\n\n\n\n<p style=\"font-size:1.25rem\"><\/p>\n\n\n\n<div class=\"wp-block-buttons is-layout-flex wp-block-buttons-is-layout-flex\"><\/div>\n<\/div><figure class=\"wp-block-media-text__media\"><img loading=\"lazy\" decoding=\"async\" width=\"1024\" height=\"782\" src=\"https:\/\/www.greenpeace.org\/static\/planet4-hungary-stateless\/2021\/07\/7a511fc9-2-1-1024x782.jpg\" alt=\"Civil sz\u00edv Budapesten a H\u0151s\u00f6k Ter\u00e9n 2017\" sizes=\"auto, (min-width: 601px) 50vw, 100vw\" srcset=\"https:\/\/www.greenpeace.org\/static\/planet4-hungary-stateless\/2021\/07\/7a511fc9-2-1-scaled.jpg 2560w, https:\/\/www.greenpeace.org\/static\/planet4-hungary-stateless\/2021\/07\/7a511fc9-2-1-300x229.jpg 300w, https:\/\/www.greenpeace.org\/static\/planet4-hungary-stateless\/2021\/07\/7a511fc9-2-1-1024x782.jpg 1024w, https:\/\/www.greenpeace.org\/static\/planet4-hungary-stateless\/2021\/07\/7a511fc9-2-1-768x587.jpg 768w, https:\/\/www.greenpeace.org\/static\/planet4-hungary-stateless\/2021\/07\/7a511fc9-2-1-1536x1173.jpg 1536w, https:\/\/www.greenpeace.org\/static\/planet4-hungary-stateless\/2021\/07\/7a511fc9-2-1-2048x1564.jpg 2048w, https:\/\/www.greenpeace.org\/static\/planet4-hungary-stateless\/2021\/07\/7a511fc9-2-1-1788x1366.jpg 1788w, https:\/\/www.greenpeace.org\/static\/planet4-hungary-stateless\/2021\/07\/7a511fc9-2-1-445x340.jpg 445w\" class=\"wp-image-8519 size-full\"\/><\/figure><\/div>\n<\/div>\n<\/div>\n\n<div data-render=\"planet4-blocks\/submenu\" data-attributes=\"{&quot;attributes&quot;:{&quot;title&quot;:&quot;Az oldal tartalma&quot;,&quot;levels&quot;:[{&quot;heading&quot;:2,&quot;link&quot;:true,&quot;style&quot;:&quot;bullet&quot;}],&quot;className&quot;:&quot;is-style-short&quot;,&quot;submenu_style&quot;:0}}\"><\/div>\n<h2 class=\"wp-block-heading\">Bevezet\u0151<\/h2>\n\n<p>Ma Magyarorsz\u00e1gon azt l\u00e1tjuk, hogy az elm\u00falt 10 \u00e9vben a term\u00e9szet- \u00e9s k\u00f6rnyezetv\u00e9delem f\u00e9l \u00e9vsz\u00e1zad alatt fel\u00e9p\u00edtett hat\u00e9kony rendszer\u00e9t, amely eddig g\u00e1tat tudott szabni a term\u00e9szetet puszt\u00edt\u00f3 r\u00f6vid t\u00e1v\u00fa gazdas\u00e1gi \u00e9rdekek t\u00falzott t\u00e9rnyer\u00e9s\u00e9nek, l\u00e9p\u00e9sr\u0151l l\u00e9p\u00e9sre ellehetetlen\u00edtik. A folyamat a K\u00f6rnyezetv\u00e9delmi Miniszt\u00e9rium megsz\u00fcntet\u00e9s\u00e9vel kezd\u0151d\u00f6tt, folytat\u00f3dott a szakemberg\u00e1rda jelent\u0151s r\u00e9sz\u00e9nek le\u00e9p\u00edt\u00e9s\u00e9vel, nemzeti parkjaink anyagi lehet\u0151s\u00e9geinek radik\u00e1lis cs\u00f6kkent\u00e9s\u00e9vel, a term\u00e9szet- \u00e9s k\u00f6rnyezetv\u00e9delmi hat\u00f3s\u00e1gi rendszer korm\u00e1nyhivatalokba val\u00f3 beolvaszt\u00e1s\u00e1val, amelyek \u00e9rdek\u00e9rv\u00e9nyes\u00edt\u0151 k\u00e9pess\u00e9ge \u00edgy minim\u00e1lisra cs\u00f6kkent. A term\u00e9szetv\u00e9delmet \u00f3v\u00f3 sz\u00e1mos jogszab\u00e1ly gazdas\u00e1gi \u00e9rdekek k\u00f6nnyebb \u00e9rv\u00e9nyes\u00edt\u00e9s\u00e9t lehet\u0151v\u00e9 tev\u0151 m\u00f3dos\u00edt\u00e1sa is megt\u00f6rt\u00e9nt. Ez\u00e9rt, ha term\u00e9szet- \u00e9s k\u00f6rnyezetk\u00e1ros\u00edt\u00e1st l\u00e1tunk, a jogszab\u00e1lyokban r\u00f6gz\u00edtett utakon egyre nehezebb eredm\u00e9nyt el\u00e9rni. R\u00e1ad\u00e1sul ezeknek a jogi lehet\u0151s\u00e9geknek az \u00e9rv\u00e9nyes\u00edt\u00e9se sokszor h\u00f3napokat, ak\u00e1r \u00e9veket is ig\u00e9nybe vehet, \u00edgy gyakran a c\u00e9l, az \u00e9rdemi int\u00e9zked\u00e9s nem is t\u00f6rt\u00e9nhet meg kell\u0151 id\u0151ben.<\/p>\n\n<p>Ez\u00e9rt ma m\u00e1r egy\u00e9rtelm\u0171v\u00e9 v\u00e1lt, hogy a civil t\u00e1rsadalomnak m\u00e1s, \u00faj, hat\u00e9kony, a k\u00f6z\u00f6ss\u00e9gi \u00e9rdekeket jobban \u00e9rv\u00e9nyes\u00edteni tud\u00f3 m\u00f3dszereket, utakat kell keresnie ahhoz, hogy a hazai \u00e9l\u0151vil\u00e1g puszt\u00edt\u00e1s\u00e1t meg\u00e1ll\u00edthassuk vagy legal\u00e1bbis lass\u00edthassuk. Erre k\u00edv\u00e1n a \u201eNe maradj csendben\u201d kisokosunk \u00f6tleteket, lehet\u0151s\u00e9geket mutatni.<\/p>\n\n<h2 class=\"wp-block-heading\">Gondolkodj taktikusan!<\/h2>\n\n<p>Id\u0151nk \u00e9s er\u0151forr\u00e1saink v\u00e9gesek, ez\u00e9rt csak alapos tervez\u00e9ssel tudunk igazi hat\u00e1st el\u00e9rni!<\/p>\n\n<p>El\u0151sz\u00f6r is tudnod kell, hogy mi a jelenlegi helyzet, \u00e9s ehhez k\u00e9pest Te milyen j\u00f6v\u0151t szeretn\u00e9l. Ez a Te v\u00edzi\u00f3d. Ezut\u00e1n j\u00f6n a h\u00e1zi feladat: mindent meg kell tudni az adott \u00fcgyr\u0151l, \u00e9s ki kell der\u00edteni, hogy kinek \u00e1ll m\u00f3dj\u00e1ban v\u00e1ltoztatni a helyzeten. Ez hat\u00e1rozza meg a kamp\u00e1nyc\u00e9lt, vagyis p\u00e9ld\u00e1ul azt, hogy melyik konkr\u00e9t jogszab\u00e1lyt, int\u00e9zked\u00e9st vagy k\u00f6r\u00fclm\u00e9nyt kell m\u00f3dos\u00edtani.<\/p>\n\n<p>Ha tudod, ki tudja el\u00e9rni a k\u00edv\u00e1nt v\u00e1ltoz\u00e1st, akkor m\u00e1r tudsz olyan strat\u00e9gi\u00e1t \u00e9s taktik\u00e1t v\u00e1lasztani, amely a helyes ir\u00e1nyba visz. A kommunik\u00e1ci\u00f3 a kamp\u00e1nystrat\u00e9gia kulcsfontoss\u00e1g\u00fa eleme. A megfelel\u0151 c\u00e9lk\u00f6z\u00f6ns\u00e9ghez kell eljuttatni az \u00fczenetet, hiszen az \u0151 nyom\u00e1suk k\u00e9nyszer\u00edti majd a k\u00edv\u00e1nt d\u00f6nt\u00e9sre a d\u00f6nt\u00e9shoz\u00f3t.<\/p>\n\n<h2 class=\"wp-block-heading\">Ir\u00e1ny az utca!<\/h2>\n\n<p>Mivel tudjuk a legnagyobb hat\u00e1st el\u00e9rni? Az utcai demonstr\u00e1ci\u00f3 az els\u0151 dolog, amely esz\u00fcnkbe jut. Sz\u00e1mtalan t\u00f6rt\u00e9nelmi p\u00e9lda van arra, amikor egy t\u00f6megmegmozdul\u00e1s alapjaiban r\u00e1zott meg egy rendszert. A demonstr\u00e1ci\u00f3 kiv\u00e1l\u00f3 m\u00f3dja lehet annak, hogy megmutasd az \u00fcgyed t\u00e1mogatotts\u00e1g\u00e1t. R\u00e1ad\u00e1sul egy utcai esem\u00e9nyen r\u00e9szt venni nem ig\u00e9nyel hatalmas elk\u00f6telez\u0151d\u00e9st, \u00edgy k\u00f6nnyen tudsz \u00faj embereket is bevonzani a mozgalomba.<\/p>\n\n<p>Az utcai demonstr\u00e1ci\u00f3 bevett, klasszikus megold\u00e1s, de \u00e9ppen ez\u00e9rt az a vesz\u00e9lye, hogy az emberek belef\u00e1radnak. A d\u00f6nt\u00e9shoz\u00f3knak \u00e9s a nagyv\u00e1llalatoknak komoly rutinja van abban, hogyan kezelj\u00e9k a t\u00fcntet\u00e9seket. A sajt\u00f3 figyelm\u00e9t sem mindig egyszer\u0171 felkelteni. Ez\u00e9rt semmik\u00e9pp ne szervezz olyan r\u00e9gim\u00f3di esem\u00e9nyeket, ahol passz\u00edv emberek rosszkedv\u0171en \u00e1lldog\u00e1lnak az es\u0151ben, mialatt egy sz\u00f3nok egy megafonba kiab\u00e1l. Ez nem azt jelenti, hogy el kell felejteni a t\u00fcntet\u00e9seket! Csak azt, hogy \u00e1t kell hangolni ezt a klasszikus megold\u00e1st a jelenkorra.<\/p>\n\n<p>A t\u00fcntet\u00e9sek sokf\u00e9l\u00e9k, de az igaz\u00e1n sikereseket mindig megk\u00fcl\u00f6nb\u00f6zteti a t\u00f6bbit\u0151l valami vibr\u00e1l\u00f3 kreativit\u00e1s. Ett\u0151l persze m\u00e9g nem kev\u00e9sb\u00e9 komolyak, csak \u00e9ppen szokatlanul keretezik az \u00fczenet\u00fcket. Ki kell t\u0171nni a modern h\u00edrd\u00f6mpingb\u0151l! Ha t\u00fcntet\u00e9st szervezel, fontold meg az al\u00e1bbi tan\u00e1csokat, \u00e9s ne habozz kipr\u00f3b\u00e1lni saj\u00e1t, \u00fajszer\u0171 megold\u00e1sokat sem!<\/p>\n\n<p>L\u00e9p\u00e9sek:<\/p>\n\n<ol class=\"wp-block-list\">\n<li><strong>Helysz\u00edn, helysz\u00edn, helysz\u00edn!<\/strong> A helysz\u00edn meghat\u00e1rozza az esem\u00e9nyedet. Seg\u00edt k\u00f6zvet\u00edteni az \u00fczenetet. Egy term\u00e9szetpuszt\u00edt\u00f3 nagyv\u00e1llalat k\u00f6zpontja el\u0151tt demonstr\u00e1lsz? Egy miniszt\u00e9riumt\u00f3l vonulsz egy korrupci\u00f3val v\u00e1dolt hivatal \u00e9p\u00fclet\u00e9hez? Mindig gy\u0151z\u0151dj meg arr\u00f3l, hogy sz\u00fcks\u00e9ges-e valamilyen enged\u00e9ly beszerz\u00e9se. Ne feledd, hogy a szab\u00e1lyoz\u00e1s orsz\u00e1gonk\u00e9nt elt\u00e9r\u0151.<\/li>\n\n\n\n<li><strong>Minden az id\u0151z\u00edt\u00e9sen m\u00falik!<\/strong> Egy szombati napon akarsz t\u00fcntetni, amikor j\u00f3 sokan el tudnak j\u00f6nni? Vagy h\u00e9tk\u00f6znap eb\u00e9dsz\u00fcnetben, hogy min\u00e9l nagyobb felt\u0171n\u00e9st kelts, \u00e9s kiz\u00f6kkentsd a v\u00e1rost, a telep\u00fcl\u00e9sedet a napi rutinb\u00f3l? V\u00e1laszd ki a megfelel\u0151 id\u0151pontot, tedd k\u00f6zz\u00e9, terjeszd a h\u00edr\u00e9t online, offline \u00e9s a sajt\u00f3n kereszt\u00fcl!<\/li>\n\n\n\n<li><strong>Vil\u00e1gos \u00fczenetek!<\/strong> T\u00f6rekedj az egy\u00e9rtelm\u0171s\u00e9gre, hogy b\u00e1rkinek, aki elmegy mellettetek, vil\u00e1gos legyen, mir\u0151l sz\u00f3l az esem\u00e9ny. Ma m\u00e1r az emberek csak a m\u00e1sodperc t\u00f6rtr\u00e9sz\u00e9ig id\u0151znek egy-egy k\u00e9pn\u00e9l vagy \u00fczenetn\u00e9l. Haszn\u00e1lj egyszer\u0171, \u00e9rthet\u0151 transzparenseket, vil\u00e1gos, t\u00f6m\u00f6r \u00fczeneteket! Alkoss j\u00f3l k\u00e1nt\u00e1lhat\u00f3, szellemes jelmondatokat \u00e9s indul\u00f3kat, legy\u00e9l kreat\u00edv! Nem nagy \u00fcgy betan\u00edtani egy egyszer\u0171 indul\u00f3t.<\/li>\n\n\n\n<li><strong>Kellenek egy\u00e1ltal\u00e1n besz\u00e9dek?<\/strong> Ne feledd, hogy akik elj\u00f6nnek, azok m\u00e1r egyet\u00e9rtenek veled. A legt\u00f6bben tudj\u00e1k, hogy mir\u0151l van sz\u00f3: ne vesztegesd az idej\u00fcket. Ha vannak besz\u00e9dek, legyenek r\u00f6videk, hat\u00e1sosak, er\u0151sek! Azt akarod, hogy az \u00e9ppen arra k\u00f3v\u00e1lyg\u00f3k is \u00e9rts\u00e9k, mir\u0151l van sz\u00f3? Osztogass sz\u00f3r\u00f3lapokat!<\/li>\n\n\n\n<li><strong>Keress sz\u00f6vets\u00e9geseket!<\/strong> Gondold v\u00e9gig, hogy melyik t\u00e1rsadalmi csoportokat \u00e9rinti legink\u00e1bb az \u00fcgy, \u00e9s sz\u00f3l\u00edtsd meg \u0151ket! K\u00e9rd meg \u0151ket, hogy szervezz\u00e9tek egy\u00fctt a megmozdul\u00e1st! Buzd\u00edtsd \u0151ket, hogy j\u00f6jjenek min\u00e9l t\u00f6bben!<\/li>\n\n\n\n<li><strong>\u00c9p\u00edts csapatot!<\/strong> Toborozz \u00f6nk\u00e9nteseket, akik a helysz\u00ednen biztos\u00edtj\u00e1k a t\u00f6meg biztons\u00e1gos mozg\u00e1s\u00e1t! Sz\u00fcks\u00e9ged lesz olyanokra is, akik a hangrendszert tudj\u00e1k kezelni: k\u00e9rdezz k\u00f6rbe, van-e ilyen a csapaton bel\u00fcl. Tal\u00e1lj m\u0171v\u00e9szeket, akik k\u00e9szek a kreativit\u00e1sukat a j\u00f3 \u00fcgy szolg\u00e1lat\u00e1ba \u00e1ll\u00edtani! Adj lehet\u0151s\u00e9get mindenkinek, hogy r\u00e9szt vegyen a szervez\u00e9sben \u00e9s a helysz\u00edni lebonyol\u00edt\u00e1sban! Meg fogsz lep\u0151dni, hogy h\u00e1nyan t\u00e1mogatnak majd.<\/li>\n\n\n\n<li><strong>F\u0151 a biztons\u00e1g!<\/strong> Ha fenn\u00e1ll a vesz\u00e9lye, hogy fesz\u00fclts\u00e9gre vagy er\u0151szakra ker\u00fclhet sor, alkalmazz k\u00e9pzett rendfenntart\u00f3kat! Az \u0151 feladatuk, hogy er\u0151szakmentesen elh\u00e1r\u00edts\u00e1k az esetleges probl\u00e9m\u00e1kat. Ide\u00e1lis esetben els\u0151seg\u00e9lyny\u00fajt\u00e1sban gyakorlott embereknek is helyet kell kapniuk a csapatodban. Az \u00f6rd\u00f6g nem alszik: apr\u00f3 s\u00e9r\u00fcl\u00e9sek, dehidrat\u00e1lts\u00e1g vagy b\u00e1rmilyen v\u00e1ratlan esem\u00e9ny is el\u0151fordulhat, amihez j\u00f3l j\u00f6het az orvosi seg\u00edts\u00e9g.<\/li>\n\n\n\n<li><strong>Rend a lelke mindennek!<\/strong> Amikor bejelented a demonstr\u00e1ci\u00f3dat, k\u00e9rd a rend\u0151rs\u00e9g seg\u00edts\u00e9g\u00e9t az esem\u00e9ny biztos\u00edt\u00e1s\u00e1ra. Ha olyan arcok jelennek meg a rendezv\u00e9nyeden, akik l\u00e1that\u00f3an csak balh\u00e9zni j\u00f6ttek, sz\u00f3lj a rend\u0151r\u00f6knek! Ne f\u00e9lj seg\u00edts\u00e9get k\u00e9rni t\u0151l\u00fck a helysz\u00ednen, hatalmas gyakorlatuk van a necces szitu\u00e1ci\u00f3k kezel\u00e9s\u00e9ben. \u0150k az\u00e9rt vannak ott, hogy mindenki \u00e9ps\u00e9g\u00e9t biztos\u00edts\u00e1k.<\/li>\n\n\n\n<li><strong>Legy\u00e9l kreat\u00edv!<\/strong> Egy t\u00f6megdemonstr\u00e1ci\u00f3 beker\u00fclhet a h\u00edrekbe. De egy figyelemfelkelt\u0151 \u00e9s kreat\u00edv tiltakoz\u00f3 akci\u00f3 m\u00e9g akkor is meg fogja ragadni az emberek figyelm\u00e9t, ha nincs ott hatalmas t\u00f6meg! Haszn\u00e1lj \u00e9l\u0151 zen\u00e9t, m\u0171v\u00e9szi megold\u00e1sokat, performanszt, szellemes szlogeneket \u00e9s transzparenseket, jelmezt, arcfest\u00e9st. Ha el\u00e9g ambici\u00f3zus vagy, haszn\u00e1ld mindet egyszerre! Ragadd meg m\u0171v\u00e9szi eszk\u00f6z\u00f6kkel azt, ami ellen tiltakozol.<\/li>\n<\/ol>\n\n<h2 class=\"wp-block-heading\">\u00c9rj el mindenkit!<\/h2>\n\n<p>Nem ideges\u00edt\u0151, amikor csom\u00f3 id\u0151t elt\u00f6ltesz egy \u00fct\u0151s Facebook-bejegyz\u00e9s meg\u00edr\u00e1s\u00e1val, de p\u00e1r haverodon k\u00edv\u00fcl v\u00e9g\u00fcl senki sem l\u00e1jkolja? Ugyanez igaz lehet a kamp\u00e1nyol\u00e1sra is. A k\u00f6z\u00f6ss\u00e9gi m\u00e9dia ma m\u00e1r szinte m\u0171v\u00e9szet. Nagyon hat\u00e1sos eszk\u00f6z, de iszony\u00fa neh\u00e9z igazi \u00e1tt\u00f6r\u00e9st el\u00e9rni benne. A platformok \u00e9s trendek sz\u00fcntelen v\u00e1ltoznak. Ez\u00e9rt itt van n\u00e9h\u00e1ny tipp, ami seg\u00edt az elindul\u00e1sban.<\/p>\n\n<p><strong>Nyomd \u00e9l\u0151ben!<\/strong><\/p>\n\n<p>Az emberek nem szeretnek lemaradni semmir\u0151l. A k\u00f6z\u00f6ss\u00e9gi m\u00e9dia egyik sz\u00e9ps\u00e9ge \u00e9ppen az, hogy val\u00f3s id\u0151ben lehet r\u00e9szt venni benne. Az akci\u00f3id k\u00f6zben jelentkezz be \u00e9l\u0151ben vagy tegy\u00e9l ki Instagram-sztorikat, mert ezek megragadj\u00e1k a pillanatot!<\/p>\n\n<p>Sokszor azt \u00e9rezz\u00fck, hogy a tartalomnak, amit posztolunk, t\u00f6k\u00e9letesnek kell lennie. Legyen kifog\u00e1stalan az adott k\u00e9p vagy profin v\u00e1gott a vide\u00f3. A helyzet az, hogy az embereket az \u0151szinte, emberi dolgok sz\u00f3l\u00edtj\u00e1k meg a legink\u00e1bb. A hiteless\u00e9g a legfontosabb. \u00c9pp ez\u00e9rt van, hogy egy rossz felbont\u00e1s\u00fa, fejjel lefel\u00e9 tartott \u00e9l\u0151 bejelentkez\u00e9s is sokkal t\u00f6bb n\u00e9zetts\u00e9get kaphat egy dr\u00e1ga, profin megv\u00e1gott anim\u00e1ci\u00f3n\u00e1l. Persze \u00e9rdemes t\u00f6rekedni a min\u0151s\u00e9gi tartalomra, de a hiteless\u00e9g a legfontosabb. \u00c9s persze j\u00f3 id\u0151ben, j\u00f3 helyen lenni.<\/p>\n\n<p>A fenti okok miatt haszn\u00e1lj\u00e1k egyre t\u00f6bben a vide\u00f3t. Vannak ingyenes, egyszer\u0171en kezelhet\u0151 v\u00e1g\u00f3szoftverek, az okostelefonok pedig j\u00f3 min\u0151s\u00e9g\u0171 vide\u00f3kat csin\u00e1lnak. Csak arra kell figyelni, hogy a kamera ne mozogjon t\u00fals\u00e1gosan, \u00e9s a besz\u00e9l\u0151 j\u00f3l hallhat\u00f3 legyen. Ha ez m\u00e9gse siker\u00fclne, ink\u00e1bb tegy\u00e9l ki fot\u00f3kat!<\/p>\n\n<p>Ha az \u00fczenettel a lehet\u0151 legnagyobb figyelmet akarod kelteni, k\u00f6vesd a k\u00f6vetkez\u0151 tan\u00e1csokat!<\/p>\n\n<ul class=\"wp-block-list\">\n<li><strong>Azt a k\u00f6z\u00f6ss\u00e9gim\u00e9dia-fel\u00fcletet haszn\u00e1ld, amely n\u00e1latok a legn\u00e9pszer\u0171bb.<\/strong> Nem biztos, hogy mindig a Facebook a legjobb v\u00e1laszt\u00e1s. Twitter, YouTube vagy Instagram? Vannak orsz\u00e1gok, ahol sok politikus \u00e9s \u00fajs\u00e1g\u00edr\u00f3 legink\u00e1bb twitterezik, de ha p\u00e9ld\u00e1ul a fiatalabb koroszt\u00e1lyt akarod el\u00e9rni, akkor az Instagram vagy TikTok jobb megold\u00e1s.<\/li>\n\n\n\n<li>Posztolj rendszeresen \u00e9s f\u0151leg olyankor, amikor a k\u00f6vet\u0151id a legakt\u00edvabbak<strong>.<\/strong> Val\u00f3s id\u0151ben reag\u00e1lj a k\u00fclvil\u00e1g t\u00f6rt\u00e9n\u00e9seire! Gyakran jobb egy azonnali r\u00f6vid reakci\u00f3, mint m\u00e1snap egy r\u00e9szletes komment\u00e1r.<\/li>\n\n\n\n<li>Olyan posztokat tegy\u00e9l ki, amelyek \u00e9rtelmes vit\u00e1t gener\u00e1lnak a hozz\u00e1sz\u00f3l\u00f3k k\u00f6z\u00f6tt, vagy azt az \u00e9rz\u00e9st keltik, hogy ezt meg kell osztani! Olyan <strong>fontos, hasznos, \u00e9rdekes<\/strong> tartalmakat ossz meg, amit Te is tov\u00e1bb osztan\u00e1l.<\/li>\n\n\n\n<li>Csatlakozz olyan <strong>Facebook-csoportok<\/strong>hoz, amelyek a Te t\u00e9m\u00e1iddal is foglalkoznak. \u00cdgy kapcsolatban leszel hasonl\u00f3an gondolkod\u00f3 emberekkel, \u00e9s azt is l\u00e1tod, hogy m\u00e1sok mire reag\u00e1lnak. Vagy \u00e9p\u00edts Te magad online k\u00f6z\u00f6ss\u00e9get, \u00e9s csin\u00e1lj Facebook-csoportot a t\u00e9m\u00e1d k\u00f6r\u00e9! Vonj be min\u00e9l t\u00f6bb embert, b\u00e1tor\u00edtsd \u0151ket hozz\u00e1sz\u00f3l\u00e1sra.<\/li>\n\n\n\n<li><strong>Ker\u00fcld az egyir\u00e1ny\u00fa kommunik\u00e1ci\u00f3t<\/strong>, \u00e9s tarts szoros online kapcsolatot a k\u00f6vet\u0151kkel. A k\u00f6z\u00f6ss\u00e9gi m\u00e9dia a p\u00e1rbesz\u00e9dr\u0151l, a v\u00e9lem\u00e9nyek \u00fctk\u00f6ztet\u00e9s\u00e9r\u0151l, a kommentel\u00e9sr\u0151l sz\u00f3l! Nyugodtan kommentelj az oldalad nev\u00e9ben m\u00e1sok posztjaihoz m\u00e9g akkor is, ha nem @taggelnek be T\u00e9ged. K\u00f6vesd a hasonl\u00f3, sz\u00f6vets\u00e9geseidnek sz\u00e1m\u00edt\u00f3 szervezeteket, \u00e9s oszd meg az \u0151 posztjaikat is.<\/li>\n<\/ul>\n\n<h2 class=\"wp-block-heading\">\u00c9p\u00edtsd fel a csapatod!<\/h2>\n\n<p>Ok\u00e9, most m\u00e1r van egy \u00fcgyed, \u00e9s k\u00e9sz vagy belev\u00e1gni. De egyed\u00fcl nem fog menni. M\u00e1sokra is sz\u00fcks\u00e9ged lesz. Ez azt jelenti, hogy k\u00e9t csoportra is figyelned kell: a saj\u00e1t csapatodra \u00e9s a t\u00e1mogat\u00f3kra, k\u00f6vet\u0151kre. Pr\u00f3b\u00e1ld megismerni azokat, akik \u00e9rdekl\u0151dnek az \u00fcgyed ir\u00e1nt! Legy\u00e9l k\u00f6zvetlen, \u00e9s teremtsetek egy\u00fctt egy olyan k\u00f6z\u00f6ss\u00e9get, amelyhez mindenki csatlakozni akar!<\/p>\n\n<p><strong>Konszenzus\u00e9p\u00edt\u00e9s.<\/strong> A k\u00f6z\u00f6s nevez\u0151 megtal\u00e1l\u00e1sa id\u0151ig\u00e9nyes, de kifizet\u0151dik, mert \u00edgy mindenki mag\u00e1\u00e9nak \u00e9rzi a projektet. Ha mindenr\u0151l csak mechanikusan szavaztok, akkor a terem fele elvesz\u00edti a motiv\u00e1ci\u00f3j\u00e1t. R\u00e1ad\u00e1sul megfosztod magad azokt\u00f3l a j\u00f3 \u00f6tletekt\u0151l, amik a konszenzus\u00e9p\u00edt\u0151 vit\u00e1kban felbukannak. Ez nem azt jelenti, hogy mindenki minden d\u00f6nt\u00e9snek \u00f6r\u00fclni fog. Mind\u00f6ssze azt, hogy mindenki el tudja majd fogadni a d\u00f6nt\u00e9seket.<\/p>\n\n<p>Kezdj olyan esem\u00e9nyekkel, amelyre az emberek alapb\u00f3l sz\u00edvesen mennek, nem nagy kih\u00edv\u00e1s sz\u00e1mukra a r\u00e9szv\u00e9tel: filmvet\u00edt\u00e9s, piknik, tanul\u00f3k\u00f6r, el\u0151ad\u00e1s vend\u00e9g el\u0151ad\u00f3val stb. B\u00e1rmit is csin\u00e1lsz, az legyen laza, k\u00f6tetlen. Mindenkinek adj lehet\u0151s\u00e9get arra, hogy k\u00e9rdezhessen, hozz\u00e1sz\u00f3lhasson, \u00edgy k\u00f6z\u00f6sen alak\u00edthatj\u00e1tok a besz\u00e9lget\u00e9st. Fontos, hogy mindenki bevon\u00f3djon. Minden esem\u00e9ny v\u00e9g\u00e9n, m\u00e9g a helysz\u00ednen hirdesd meg a k\u00f6vetkez\u0151t. \u00cdgy a r\u00e9sztvev\u0151k be tudj\u00e1k tervezni a napt\u00e1rukba. Mindenk\u00e9pp oszd meg vel\u00fck azt is, mik\u00e9nt tudj\u00e1k online k\u00f6vetni a csapatod munk\u00e1j\u00e1t. Tedd lehet\u0151v\u00e9, hogy aki akar, besz\u00e1llhasson seg\u00edteni. Ezzel elkezd form\u00e1t \u00f6lteni a csapatod.<\/p>\n\n<p>A csapatod azok alkotj\u00e1k, akik el\u00e9g motiv\u00e1ltak ahhoz, hogy elj\u00e1rjanak a tal\u00e1lkoz\u00f3kra, szervezz\u00e9k az akci\u00f3kat \u00e9s dolgozzanak a projekteken. Hisznek az \u00fcgyben \u00e9s a szabadidej\u00fcket \u00e1ldozz\u00e1k r\u00e1. A t\u00e1mogat\u00f3k vagy k\u00f6vet\u0151k pedig azok, akik elj\u00f6nnek a megmozdul\u00e1sokra, al\u00e1\u00edrj\u00e1k a pet\u00edci\u00f3kat \u00e9s megosztj\u00e1k az \u00fczeneted. Nekik nincs sok szabadidej\u00fck, de seg\u00edteni akarnak. \u00c1pold vel\u00fck is a kapcsolatot!<\/p>\n\n<p>Ahogy a mozgalmad egyre n\u00f6vekszik, tartsd \u00e9szben ezeket az ir\u00e1nyelveket. Seg\u00edtenek abban, hogy a csapat \u00e9s a t\u00e1mogat\u00f3k is elk\u00f6telezettek \u00e9s akt\u00edvak maradjanak.<\/p>\n\n<p>A csapatodnak is \u00e9s a t\u00e1mogat\u00f3knak is tudniuk kell, hogy pontosan <strong>HOGYAN fogtok v\u00e1ltoz\u00e1st el\u00e9rni<\/strong>. Mik az els\u0151 l\u00e9p\u00e9sek? Kiket c\u00e9lzol meg a maxim\u00e1lis hat\u00e1s \u00e9rdek\u00e9ben? Az emberek akkor csatlakoznak hozz\u00e1tok, ha \u0151k is elhiszik, hogy a v\u00e1ltoz\u00e1s lehets\u00e9ges.<\/p>\n\n<ul class=\"wp-block-list\">\n<li><strong>Alak\u00edts\u00e1tok k\u00f6z\u00f6sen a projektet!<\/strong> Engedd, hogy mindenki hozhassa a saj\u00e1t \u00f6tleteit. Amennyire csak lehets\u00e9ges, add \u00e1t az ir\u00e1ny\u00edt\u00e1st a t\u00e1mogat\u00f3knak, \u00e9s tedd lehet\u0151v\u00e9 sz\u00e1mukra, hogy veled egy\u00fctt form\u00e1lhass\u00e1k a kamp\u00e1nyt. Azok, akik r\u00e9szt vesznek az \u00fcgyek alak\u00edt\u00e1s\u00e1ban, sokkal elk\u00f6telezettebbek lesznek a megval\u00f3s\u00edt\u00e1sn\u00e1l is, hiszen a saj\u00e1tjuknak \u00e9rzik a c\u00e9lt.<\/li>\n\n\n\n<li>Ha nagyon bele\u00e1ssuk magunkat egy t\u00e9m\u00e1ba, hajlamosak vagyunk \u00fagy besz\u00e9lni r\u00f3la, hogy azt m\u00e1sok nem \u00e9rtik, vagy elvesztik ir\u00e1nta \u00e9rdekl\u0151d\u00e9s\u00fcket. Az nagyszer\u0171, hogy m\u00e9ly ismereteket szerezt\u00fcnk egy t\u00e9m\u00e1ban, de meg kell tudnunk fogalmazni \u00fagy az \u00fczeneteinket, hogy azokat mindenki meg\u00e9rtse. Az is, aki vel\u00fcnk ellent\u00e9tben most hall el\u0151sz\u00f6r a t\u00e9m\u00e1r\u00f3l. <strong>Olyan nyelvet haszn\u00e1lj, amely alkalmas arra, hogy el\u00e9rje<\/strong> azokat, akikhez besz\u00e9lni szeretn\u00e9l. Csak \u00edgy tudsz sz\u00e9les b\u00e1zist \u00e9p\u00edteni.<\/li>\n\n\n\n<li>Az el\u00e9rt eredm\u00e9nyekn\u00e9l hangs\u00falyozd: <strong>ez a t\u00e1mogat\u00f3itok sikere!<\/strong> \u0150k tett\u00e9k lehet\u0151v\u00e9, hogy el\u00e9rj\u00e9tek a c\u00e9lotokat. Mutass r\u00e1 az \u00fajonnan j\u00f6v\u0151k fontoss\u00e1g\u00e1ra is. \u00c9s ne feledjetek el k\u00f6z\u00f6sen kikapcsol\u00f3dni, sz\u00f3rakozni sem. A k\u00f6z\u00f6s buli \u00f6sszekov\u00e1csol. M\u0171k\u00f6dj egy\u00fctt m\u00e1s olyan csoportokkal, amelyek hasonl\u00f3 c\u00e9lok\u00e9rt k\u00fczdenek, mint Ti. Ismerd el az \u0151 eredm\u00e9nyeiket is. Menjetek el a megmozdul\u00e1saikra, seg\u00edtsd \u0151ket. A karma m\u0171k\u00f6dik!<\/li>\n\n\n\n<li><strong>Ismerd fel a csoportdinamik\u00e1t!<\/strong> Minden csoport k\u00fcl\u00f6nb\u00f6z\u0151 f\u00e1zisokon megy kereszt\u00fcl. Mindig tudnod kell, hogy \u00e9ppen hol tartotok \u00e9s milyen ig\u00e9nyek jelennek meg. K\u00f6nny\u0171 beleesni abba a csapd\u00e1ba, hogy a d\u00f6nt\u00e9s csak n\u00e9h\u00e1ny ember kez\u00e9ben \u00f6sszpontosul, \u00e9s \u00edgy nem mindenkihez jut el minden inform\u00e1ci\u00f3. Pr\u00f3b\u00e1lj a felel\u0151ss\u00e9ggel j\u00e1r\u00f3 posztokon valamilyen rot\u00e1ci\u00f3s rendszert kialak\u00edtani. Teremtsd meg a lehet\u0151s\u00e9g\u00e9t annak, hogy mindenki elmondhassa a v\u00e9lem\u00e9ny\u00e9t. M\u00e1sk\u00fcl\u00f6nben a projekt elveszti a k\u00f6z\u00f6ss\u00e9gi jelleg\u00e9t \u00e9s a legjobb \u00f6tletek el sem hangzanak.<\/li>\n\n\n\n<li><strong>Csak nyugodtan!<\/strong> Aki a vil\u00e1got akarja jobb\u00e1 tenni, az gyakran nem vigy\u00e1z el\u00e9gg\u00e9 saj\u00e1t mag\u00e1ra \u00e9s a k\u00f6r\u00fcl\u00f6tte l\u00e9v\u0151 emberekre. A v\u00e1ltoz\u00e1svez\u00e9rek (changemakerek) ki\u00e9g\u00e9se f\u00e1jdalmasan gyakori \u00e9s sokat \u00e1rt az \u00fcgy\u00fcnknek. Iktass be sz\u00fcneteket. Gondoskodj r\u00f3la, hogy ne csak p\u00e1r ember v\u00e9gezze a munka oroszl\u00e1nr\u00e9sz\u00e9t. Ne add fel a r\u00e9gi hobbijaidat, \u00e9s ne csak a mozgalmon bel\u00fcl bar\u00e1tkozz. F\u0151leg a r\u00e9gi bar\u00e1taidat ne hanyagold el!<\/li>\n<\/ul>\n\n<h2 class=\"wp-block-heading\">Molin\u00f3m\u0171v\u00e9szet<\/h2>\n\n<p>A transzparenssel val\u00f3 tiltakoz\u00e1s szinte m\u00e1r klis\u00e9. De vannak dolgok, amik okkal v\u00e1lnak klasszikuss\u00e1. A transzparensek l\u00e1tv\u00e1nyosan k\u00f6zvet\u00edtik az \u00fczenetet, f\u00fcggetlen\u00fcl att\u00f3l, hogy milyen \u00fcgy\u00e9rt harcoltok. \u00c1m a transzparens megfest\u00e9se csak az els\u0151 l\u00e9p\u00e9s: az udvaron l\u00f3gva nem fogja megv\u00e1ltani a vil\u00e1got. Gondolj\u00e1tok v\u00e9gig, hogy hol, mikor \u00e9s hogyan haszn\u00e1lj\u00e1tok!<\/p>\n\n<p><strong>Nem tudsz \u00fcgyesen festeni?<\/strong><\/p>\n\n<p>\u00dct\u0151s, profi transzparenst k\u00e9sz\u00edteni lehet olcs\u00f3n \u00e9s egyszer\u0171en is. Tervezd meg a grafik\u00e1t \u00e9s a sz\u00f6veget egy g\u00e9pen, majd egy projektorral vet\u00edtsd egy \u00fcres falfel\u00fcletre. Akaszd ki oda a v\u00e1sznat, \u00e9s voil\u00e1! Rajzold k\u00f6rbe a vonalakat, \u00e9s m\u00e1r lehet is festeni.<\/p>\n\n<p>Egy l\u00e1tv\u00e1nyos transzparens szuper\u00fcl keretezi a tiltakoz\u00f3 akci\u00f3t. Valahogy \u00fagy m\u0171k\u00f6dik, mint egy k\u00f6z\u00e9rdek\u0171 bejelent\u00e9s: felh\u00edvja a figyelmet valami \u00e9gbeki\u00e1lt\u00f3 igazs\u00e1gtalans\u00e1gra vagy s\u00falyos vesz\u00e9lyre. Transzparenst kifesz\u00edteni lehet viszonylag vesz\u00e9lytelen\u00fcl \u00e9s visszafogottan is, de igazi, \u00e1t\u00fct\u0151 hat\u00e1st akkor tudsz el\u00e9rni, ha gyakorlott m\u00e1sz\u00f3k nagy fel\u00fcletekkel, nagy magass\u00e1gokban dolgoznak.<\/p>\n\n<p>Egy hat\u00e1sos transzparensnek mindig egy\u00e9rtelm\u0171 c\u00e9lja kell legyen. Ez lehet <strong>kommunik\u00e1ci\u00f3s<\/strong> vagy <strong>konkr\u00e9t c\u00e9l<\/strong>. Az el\u0151bbi \u00e1ltal\u00e1ban egy t\u00f6m\u00f6r tiltakoz\u00f3 t\u00e9telmondat (statement), az ut\u00f3bbi pedig ink\u00e1bb a zavarkelt\u00e9st, figyelemfelh\u00edv\u00e1st szolg\u00e1lja: megzavarja, megszak\u00edtja valaminek a h\u00e9tk\u00f6znapi, megszokott m\u0171k\u00f6d\u00e9s\u00e9t. Legyetek kreat\u00edvak, tal\u00e1lj\u00e1tok meg a transzparensez\u00e9s nektek val\u00f3 m\u00f3dj\u00e1t! K\u00f6zben ne feledj\u00e9tek, hogy a transzparensfest\u00e9s fantasztikus csapat\u00e9p\u00edt\u0151 tev\u00e9kenys\u00e9g. Haszn\u00e1lj\u00e1tok erre is!<\/p>\n\n<ol class=\"wp-block-list\">\n<li><strong>Helysz\u00edn, helysz\u00edn, helysz\u00edn!<\/strong> Csak a megfelel\u0151 helyre kifesz\u00edtett transzparens \u00e9ri el a k\u00edv\u00e1nt hat\u00e1st. Egy titkos nagyv\u00e1llalati tal\u00e1lkoz\u00f3 helysz\u00edn\u00e9n felh\u00edvja a figyelmet arra, hogy mi folyik odabent \u2013 amennyiben siker\u00fcl r\u00f3la fot\u00f3t, vide\u00f3t k\u00e9sz\u00edtenetek, vagy oda tudtok h\u00edvni n\u00e9h\u00e1ny \u00fajs\u00e1g\u00edr\u00f3t titokban. Egy t\u00fcntet\u00e9sen feler\u0151s\u00edti a m\u00f6g\u00f6tte vonul\u00f3 t\u00f6meg \u00fczenet\u00e9t. Ha olyan helyre akartok transzparenst rakni, ahol ez tilos, akkor mindig sz\u00e1moljatok a jogi k\u00f6vetkezm\u00e9nyekkel.<\/li>\n\n\n\n<li><strong>Az id\u0151z\u00edt\u00e9s minden!<\/strong> A gondosan megv\u00e1lasztott id\u0151pont \u00e9ppen olyan fontos, mint a megfelel\u0151 helysz\u00edn. Ha egy konferenci\u00e1t akartok megzavarni, de t\u00fal kor\u00e1n fesz\u00edtitek ki a transzparenst, akkor id\u0151 el\u0151tt elviszik a rendez\u0151k. Ha egy nagy esem\u00e9ny m\u00e1snapj\u00e1n \u00e9ltek ezzel a lehet\u0151s\u00e9ggel, a sajt\u00f3t m\u00e1r nem fogja \u00e9rdekelni. Azt kell el\u00e9rni, hogy a transzparens maxim\u00e1lis figyelmet kapjon, ez\u00e9rt a megc\u00e9lzott d\u00f6nt\u00e9shoz\u00f3 \u00e9s a m\u00e9dia szempontj\u00e1b\u00f3l is t\u00f6k\u00e9letesen kell id\u0151z\u00edteni.<\/li>\n\n\n\n<li>Ne foglalkozzatok azzal, hogy m\u00e1sok milyen transzparenseket haszn\u00e1lnak. A transzparens <strong>k\u00e9sz\u00fclhet v\u00e1szonb\u00f3l, kartonb\u00f3l, l\u00e9trej\u00f6het f\u00e9nyfest\u00e9ssel<\/strong>, vagy lehet ak\u00e1r egy \u00e9l\u0151k\u00e9p is! A l\u00e9nyeg, hogy hat\u00e1sos legyen \u2013 de csak akkor lesz az, ha \u00fajszer\u0171en \u00e9s szokatlanul k\u00f6zvet\u00edti a mondand\u00f3t. Rendezzetek t\u00f6megperformanszt vagy vet\u00edtsetek a rosszban s\u00e1ntik\u00e1l\u00f3 nagyv\u00e1llalat sz\u00e9kh\u00e1z\u00e1ra! Ezer m\u00f3don keretezhetitek az \u00fczenetet.<\/li>\n\n\n\n<li><strong>\u00d6tleteljetek k\u00f6z\u00f6sen a szlogenr\u0151l!<\/strong> A j\u00f3 szlogen egyszer\u0171 \u00e9s \u00e9rthet\u0151. A c\u00e9lk\u00f6z\u00f6ns\u00e9gnek els\u0151 pillant\u00e1sra meg kell \u00e9rtenie, f\u00fcggetlen\u00fcl a konkr\u00e9t tartalomt\u00f3l. A r\u00f6vid \u00fczenetek \u00e1ltal\u00e1ban jobbak a hossz\u00fa mondatokn\u00e1l. Legyetek b\u00e1trak \u00e9s viccesek! \u00c9s \u00fcgyeljetek a helyes\u00edr\u00e1sra!<\/li>\n\n\n\n<li><strong>Tesztelj\u00e9tek az \u00fczenetet!<\/strong> \u00dagy tal\u00e1ltok r\u00e1 a legjobb megfogalmaz\u00e1sra, ha pr\u00f3b\u00e1lgatj\u00e1tok, \u00e9s \u00f6tleteltek r\u00f3la. Vonj\u00e1tok be a haverjaitokat is. Gy\u0171jtsetek javaslatokat a csapat tagjait\u00f3l, ezeket \u00edrj\u00e1tok le, de ne hozzatok v\u00e9gleges d\u00f6nt\u00e9st. Azt\u00e1n egy id\u0151 ut\u00e1n olvass\u00e1tok fel hangosan, \u00e9s v\u00e1lassz\u00e1tok azt, amelyik a legjobb reakci\u00f3t v\u00e1ltja ki.<\/li>\n\n\n\n<li><strong>A m\u00e9ret is l\u00e9nyeges!<\/strong> Egy hatalmas \u00e9p\u00fcletre kifesz\u00edtett kicsi transzparens nem l\u00e1tv\u00e1nyos \u00e9s nem is hat\u00e1sos. \u00c9l\u0151k\u00e9pet se lehet csup\u00e1n egy tucat lelkes emberrel csin\u00e1lni. Gondolj\u00e1tok v\u00e9gig, hogy mi a helysz\u00edn \u00e9s ehhez k\u00e9pest milyen kapacit\u00e1ssal dolgoztok. Csak \u00edgy tudj\u00e1tok a maximumot kihozni a dologb\u00f3l. Ugyanez ford\u00edtva is igaz lehet: egy kis m\u00e9ret\u0171, k\u00e9zben tartott t\u00e1bla a megc\u00e9lzott esem\u00e9ny h\u00e1tter\u00e9ben nagyobb figyelmet kelt, mint egy \u00f3ri\u00e1si transzparens ott, ahol senki nem l\u00e1tja.<\/li>\n\n\n\n<li><strong>Juss el mindenkihez!<\/strong> A k\u00e9pek, vide\u00f3k, live-streamek borzaszt\u00f3an fontosak. Ne csak a helysz\u00ednen l\u00e1ss\u00e1k a transzparenst! Csin\u00e1ljatok k\u00e9peket, \u00edrjatok hozz\u00e1juk sajt\u00f3k\u00f6zlem\u00e9nyt \u00e9s bomb\u00e1zz\u00e1tok azzal a szerkeszt\u0151s\u00e9geket \u2013 \u00edgy a kez\u00fck al\u00e1 dolgoztok egy j\u00f3 sztorival \u00e9s j\u00f3 fot\u00f3kkal. Vagy h\u00edvj\u00e1tok meg a sajt\u00f3t, hogy csin\u00e1ljanak \u0151k maguk k\u00e9peket. Streamelj\u00e9tek a transzparens kif\u00fcggeszt\u00e9s\u00e9t a k\u00f6z\u00f6ss\u00e9gi oldalatokon, vagy b\u00e9reljetek egy dr\u00f3nt, \u00e9s a leveg\u0151b\u0151l filmezz\u00e9tek az \u00e9l\u0151k\u00e9pet. A lehet\u0151s\u00e9gek hat\u00e1ra a csillagos \u00e9g!<\/li>\n<\/ol>\n\n<h2 class=\"wp-block-heading\">Pet\u00edci\u00f3k<\/h2>\n\n<p>A pet\u00edci\u00f3 bizonyos \u00e9rtelemben a civil aktivizmus alf\u00e1ja \u00e9s omeg\u00e1ja. Sok kamp\u00e1ny el\u0151sz\u00f6r ehhez ny\u00fal, s\u0151t eg\u00e9sz kamp\u00e1nyok \u00e9p\u00fclnek kiz\u00e1r\u00f3lag pet\u00edci\u00f3kra. A dolog egyre elterjedtebb\u00e9 \u00e9s az internet miatt egyre egyszer\u0171bb\u00e9 is v\u00e1lik. Ez azonban azt is jelenti, hogy rendhagy\u00f3, szokatlan m\u00f3don kell ezt az eszk\u00f6zt haszn\u00e1lnod. Csak \u00edgy tudsz kit\u0171nni a t\u00f6megb\u0151l \u00e9s \u00edgy lesz es\u00e9lyed megsz\u00f3l\u00edtani az embereket.<\/p>\n\n<p>Offline \u00fczemm\u00f3d. M\u00e9g ha a pet\u00edci\u00f3 al\u00e1\u00edr\u00e1sa online zajlik is, ne csak a k\u00f6z\u00f6ss\u00e9gi m\u00e9di\u00e1ra t\u00e1maszkodj! Menj ki az utc\u00e1ra, legy\u00e9l l\u00e1that\u00f3 azokon a helyeken, ahol a probl\u00e9ma legjobban \u00e9rz\u00e9kelhet\u0151. Ne z\u00e1rk\u00f3zz el a rendhagy\u00f3 helysz\u00ednekt\u0151l se. Gy\u0171jts al\u00e1\u00edr\u00e1st p\u00e9ld\u00e1ul koncerteken, fesztiv\u00e1lokon. Az \u00e9l\u0151 interakci\u00f3k sor\u00e1n sokkal er\u0151sebb kapcsolatot tudsz kialak\u00edtani azokkal, akiket megsz\u00f3l\u00edtasz. Lehet\u0151s\u00e9ged van a kamp\u00e1nyod szem\u00e9lyre szabott \u00e9s r\u00e9szletesebb bemutat\u00e1s\u00e1ra. Te is ink\u00e1bb be\u00e1llsz egy \u00fcgy m\u00f6g\u00e9, ha szem\u00e9lyesen meggy\u0151z\u0151dt\u00e9l arr\u00f3l, hogy j\u00f3 arcok \u00e1llnak m\u00f6g\u00f6tte, nem? Ha siker\u00fcl el\u00e9g meggy\u0151z\u0151nek lenned, tal\u00e1n nem csak az al\u00e1\u00edr\u00e1sukkal t\u00e1mogatnak majd!<\/p>\n\n<p>A pet\u00edci\u00f3 hat\u00e9kony eszk\u00f6z, mivel beemel egy \u00fcgyet a k\u00f6ztudatba, \u00e9s egy\u00fattal arra \u00f6szt\u00f6n\u00f6z, hogy \u00e1lljunk ki \u00e9rte \u00e9s k\u00f6vetelj\u00fcnk v\u00e1ltoz\u00e1st. Kev\u00e9s dolognak van akkora hat\u00e1sa, mint amikor egy kritikus t\u00f6meg t\u00e1mogat egy \u00fcgyet vagy fell\u00e9p valamilyen igazs\u00e1gtalans\u00e1g ellen. De azt is l\u00e1tni kell, hogy az al\u00e1\u00edr\u00f3k sz\u00e1ma nem minden. Sikeresebb egy j\u00f3l megszerkesztett \u00e9s c\u00e9lba juttatott pet\u00edci\u00f3 500 al\u00e1\u00edr\u00f3val, mint egy kev\u00e9sb\u00e9 \u00e1tgondolt kezdem\u00e9nyez\u00e9s sok t\u00e1mogat\u00f3val. Az a l\u00e9nyeg, hogy tudd, mi a c\u00e9lod, \u00e9s a sikeress\u00e9g \u00e9rdek\u00e9ben melyik d\u00f6nt\u00e9shoz\u00f3t kell megc\u00e9lozni. Ez nem mindig a minisztereln\u00f6k vagy a nagyv\u00e1llalat vez\u00e9rigazgat\u00f3ja.<\/p>\n\n<p>Sz\u00e1mtalan pet\u00edci\u00f3 kering az interneten. Ha azt akarod, hogy a Ti\u00e9d sikeres legyen, re\u00e1lis c\u00e9lt kell tal\u00e1lnod, \u00e9s okosan eljuttatni az \u00fczenetet a megfelel\u0151 c\u00e9lk\u00f6z\u00f6ns\u00e9ghez. \u00cdme n\u00e9h\u00e1ny tipp az indul\u00e1shoz!<\/p>\n\n<ol class=\"wp-block-list\">\n<li><strong>Fogalmazd meg a k\u00f6vetel\u00e9st!<\/strong> Miel\u0151tt belev\u00e1gsz, tudnod kell, hogy pontosan mit szeretn\u00e9l. Mi az, ami ellen tiltakozol? Milyen jogszab\u00e1lyi v\u00e1ltoztat\u00e1st akarsz el\u00e9rni? Olyan dolgot k\u00f6vetelj, ami re\u00e1lis, kivitelezhet\u0151, valamint \u00e9rthet\u0151 \u00e9s relev\u00e1ns a c\u00e9lk\u00f6z\u00f6ns\u00e9gednek.<\/li>\n\n\n\n<li><strong>Azonos\u00edtsd be a c\u00e9lt!<\/strong> Kinek \u00e1ll m\u00f3dj\u00e1ban el\u0151id\u00e9zni a k\u00edv\u00e1nt v\u00e1ltoz\u00e1st? Hajlamosak vagyunk azt hinni, hogy mindig a magas poz\u00edci\u00f3ban l\u00e9v\u0151, prominens figur\u00e1kat kell megc\u00e9lozni, egy vez\u00e9rigazgat\u00f3t vagy egy minisztert. Ez ak\u00e1r \u00edgy is lehet, de gondolj arra, hogy \u0151k mindig nagy nyom\u00e1snak vannak kit\u00e9ve, \u00e9s ez\u00e9rt immunisabbak is a nyom\u00e1sgyakorl\u00e1sra.<\/li>\n\n\n\n<li><strong>Fogalmazd meg a pet\u00edci\u00f3t!<\/strong> Tal\u00e1lj ki egy r\u00f6vid, \u00fct\u0151s c\u00edmet. Ez ne legyen t\u00f6bb hat sz\u00f3n\u00e1l! \u00cdrj egy bevezet\u0151 bekezd\u00e9st, amelyben kifejted, hogy az \u00fcgy mi\u00e9rt fontos \u00e9s mit k\u00f6vetelsz. Ez lesz a pet\u00edci\u00f3hoz \u00edrott k\u00eds\u00e9r\u0151sz\u00f6veg. Mag\u00e1t a pet\u00edci\u00f3t lev\u00e9lk\u00e9nt fogalmazd meg, c\u00edmzettel, megsz\u00f3l\u00edt\u00e1ssal stb. A lev\u00e9lben el\u0151sz\u00f6r \u00edrd le, hogy mi a helyzet, \u00e9s milyen \u00e9rvek sz\u00f3lnak a v\u00e1ltoztat\u00e1s mellett. V\u00e9g\u00fcl egy z\u00e1r\u00f3 bekezd\u00e9sben r\u00f6viden \u00e9s vil\u00e1gosan foglald \u00f6ssze, hogy mit k\u00f6vetelsz.<\/li>\n\n\n\n<li><strong>Online vagy offline?<\/strong> Az online megold\u00e1s egyszer\u0171bb, de kisebb a s\u00falya is. Ha az a c\u00e9l, hogy min\u00e9l t\u00f6bb al\u00e1\u00edr\u00e1sod legyen, akkor az online m\u00f3dszer j\u00f3 lehet. Egy csom\u00f3 honlap van, ahol ezt megcsin\u00e1lhatod. Az offline pet\u00edci\u00f3k nagyobb energiabefektet\u00e9st ig\u00e9nyelnek, de nagyobb a hat\u00e1suk is \u2013 mind az al\u00e1\u00edr\u00f3ra, mind a megc\u00e9lzott d\u00f6nt\u00e9shoz\u00f3ra. Rengeteg kreat\u00edv m\u00f3dja van annak, hogy egy offline pet\u00edci\u00f3s kamp\u00e1nyt megszervezz. Haszn\u00e1ld a fant\u00e1zi\u00e1d: csup\u00e1n a sz\u00f6veg \u00e9s az al\u00e1\u00edr\u00e1slista nem t\u00fal izgalmas. V\u00e9g\u00fcl az eg\u00e9szet olyan m\u00f3don juttasd el a c\u00edmzetthez, hogy azt ne lehessen les\u00f6p\u00f6rni az asztalr\u00f3l.<\/li>\n\n\n\n<li><strong>Jel\u00f6ld ki a c\u00e9lt!<\/strong> H\u00e1ny al\u00e1\u00edr\u00e1st akarsz \u00f6sszegy\u0171jteni \u00e9s mikorra? Ehhez fontos tudni, hogy mit k\u00f6vetelsz. Ha valami hatalmas v\u00e1ltoz\u00e1st szeretn\u00e9l el\u00e9rni, akkor bizony rengeteg al\u00e1\u00edr\u00e1st kell felmutatni, hogy meg tudd gy\u0151zni a c\u00e9lszem\u00e9lyt. Ne feledd, nemcsak az a fontos, hogy h\u00e1nyan t\u00e1mogatj\u00e1k a kezdem\u00e9nyez\u00e9sed, hanem az is, hogy kik, \u00e9s az is, hogy h\u00e1nyan tudnak r\u00f3la. Van, hogy nagy er\u0151t tud adni az is, ha egy bizonyos csoport, t\u00e1rsas\u00e1g vagy szervezet az al\u00e1\u00edr\u00e1sgy\u0171jt\u00e9s mell\u00e9 \u00e1ll. Szervezz sajt\u00f3t, nyilv\u00e1noss\u00e1got a kezdem\u00e9nyez\u00e9sednek, hogy m\u00e9g nagyobb es\u00e9llyel tudj nyom\u00e1st gyakorolni a pet\u00edci\u00f3val!<\/li>\n\n\n\n<li><strong>Hogyan add \u00e1t a pet\u00edci\u00f3t?<\/strong> A legegyszer\u0171bb nyilv\u00e1n e-mailen elk\u00fcldeni, de ez el\u00e9g s\u00falytalan. Ink\u00e1bb v\u00e1rd meg, am\u00edg \u00f6sszegy\u0171lik a kell\u0151 sz\u00e1m\u00fa al\u00e1\u00edr\u00e1s, \u00e9s azt\u00e1n valamilyen felt\u0171n\u0151 akci\u00f3 keret\u00e9ben add \u00e1t. \u00cdgy a dolog a sajt\u00f3 sz\u00e1m\u00e1ra is \u00e9rdekes lehet, \u00e9s tov\u00e1bbi figyelmet keltesz k\u00f6r\u00fcl\u00f6tte. Az al\u00e1\u00edr\u00e1sokat r\u00e1nyomtathatod egy nagy kreat\u00edv fel\u00fcletre (pl. egy \u00e9p\u00fcletre, l\u00e9pcs\u0151re stb. kifesz\u00edtett molin\u00f3ra), vagy m\u00e1s formabont\u00f3 megold\u00e1ssal teheted \u00e9rdekess\u00e9 az al\u00e1\u00edr\u00e1s\u00e1tad\u00e1st, hogy az esti h\u00edrekbe is beker\u00fclj\u00f6n az akci\u00f3.<\/li>\n<\/ol>\n\n<h2 class=\"wp-block-heading\">A sajt\u00f3k\u00f6zlem\u00e9ny<\/h2>\n\n<p>A c\u00edmlapra ker\u00fclni csak komoly h\u00edr\u00e9rt\u00e9kkel lehet. Ez\u00e9rt az a legfontosabb, hogy a kamp\u00e1nyod vagy megmozdul\u00e1sod k\u00fcl\u00f6nleges, \u00e9rdekes \u00e9s izgalmas legyen. T\u0171nj ki a t\u00f6bbiek k\u00f6z\u00fcl. Gondold \u00e1t, hogy a sztoridat milyen l\u00e1tv\u00e1nyelemmel, humorral, csavarral, esetleg egy ismert v\u00e9lem\u00e9nyform\u00e1l\u00f3 szem\u00e9lyes brandj\u00e9vel tudod legjobban megt\u00e1mogatni. Az \u00fajs\u00e1g\u00edr\u00f3k h\u00edrd\u00f6mpingben \u00e9lnek: a Te sztoridra sem lesz t\u00fal sok idej\u00fck. Amikor sajt\u00f3k\u00f6zlem\u00e9nyt \u00edrsz, k\u00e9pzeld magad az \u00fajs\u00e1g\u00edr\u00f3 hely\u00e9be. K\u00f6nny\u00edtsd meg a dolgukat: k\u00e9sz\u00edtsd el\u0151 a sztorit, amennyire csak tudod.<\/p>\n\n<p>A sajt\u00f3anyag \u00edr\u00e1sa k\u00f6zben soha ne feledkezz meg a c\u00e9lk\u00f6z\u00f6ns\u00e9gr\u0151l. Ker\u00fcld a nyakatekert fogalmaz\u00e1st: a siker kulcsa a t\u00f6m\u00f6rs\u00e9g \u00e9s az \u00e9rthet\u0151s\u00e9g. Tudd, hogy mi az \u00fczeneted \u2013 mi maga a \u201eh\u00edr\u201d \u2013, \u00e9s ek\u00f6r\u00e9 \u00e9p\u00edtsd fel a t\u00f6rt\u00e9neted. Mozgasd meg az olvas\u00f3id fant\u00e1zi\u00e1j\u00e1t szeml\u00e9letes le\u00edr\u00e1sokkal. \u00dagy t\u00e1lald a t\u00f6rt\u00e9neted, hogy bele tudj\u00e1k k\u00e9pzelni magukat, hogy \u00fagy \u00e9rezz\u00e9k, mintha \u0151k is ott lettek volna. Adj arcot a t\u00f6rt\u00e9netnek, amivel meg tudod szem\u00e9lyes\u00edteni az eg\u00e9sz sztorit. Mutasd meg, hogy az \u00fcgy nemcsak Neked fontos, hanem a sz\u00e9lesebb k\u00f6z\u00f6ns\u00e9gnek is.<\/p>\n\n<ol class=\"wp-block-list\">\n<li>Tal\u00e1lj ki egy <strong>figyelemfelkelt\u0151 c\u00edmet<\/strong>, amin megakad az \u00fajs\u00e1g\u00edr\u00f3 szeme. K\u00e9s\u0151bb ez legyen az \u00fajs\u00e1g\u00edr\u00f3knak c\u00edmzett e-mail t\u00e1rgya is. K\u00f6sd ezt valahogy a sz\u00f6veg els\u0151 sor\u00e1hoz, \u00e9s r\u00f6gt\u00f6n adj hozz\u00e1 valami \u00fct\u0151s t\u00e9nyt is: ez lehet a t\u00fcntet\u0151k sz\u00e1ma, egy ismert v\u00e9lem\u00e9nyform\u00e1l\u00f3 megnyilv\u00e1nul\u00e1sa vagy valamilyen sokkol\u00f3 t\u00e9ny, amin v\u00e1ltoztatni szeretn\u00e9l.<\/li>\n\n\n\n<li>Az els\u0151 bekezd\u00e9sben fejtsd ki a l\u00e9nyeget, \u00e9s \u00f6sszegezd a mondand\u00f3dat \u00fagy, hogy az v\u00e1laszt ad a <strong>Ki? Mit? Mikor? Hol? \u00e9s Mi\u00e9rt?<\/strong> k\u00e9rd\u00e9sekre. Ne \u00edrj t\u00f6bbet 2-3 mondatn\u00e1l, \u00e9s haszn\u00e1lj <strong>f\u00e9lk\u00f6v\u00e9r bet\u0171t<\/strong>. (Ezt h\u00edvj\u00e1k \u00fagynevezett lead-nek.)<\/li>\n\n\n\n<li>Szuper, ezzel most felkeltetted a figyelm\u00fcket. A <strong>m\u00e1sodik bekezd\u00e9sben \u00edgy m\u00e1r jobban belemehetsz a r\u00e9szletekbe<\/strong>. Van sz\u00f3viv\u0151d, aki nyilatkozni fog? Egy szak\u00e9rt\u0151, egy ismert v\u00e9lem\u00e9nyform\u00e1l\u00f3, aki az \u00fcgy m\u00f6g\u00e9 \u00e1llt, vagy az esem\u00e9ny f\u0151szervez\u0151je? <strong>Id\u00e9zz t\u0151le<\/strong> egy \u00f6n\u00e1ll\u00f3 bekezd\u00e9snyi sz\u00f6veget! Legyen ez egy er\u0151s, \u00e9rthet\u0151 id\u00e9zet, amely \u00f6nmag\u00e1ban is meg\u00e1llja a hely\u00e9t.<\/li>\n\n\n\n<li>Legyen letisztult \u00e9s <strong>k\u00f6nnyen olvashat\u00f3<\/strong> a sz\u00f6veg. Haszn\u00e1lj egyszer\u0171 bet\u0171t\u00edpust, oszd a sz\u00f6veget bekezd\u00e9sekre. Ha van log\u00f3tok, azt mindenk\u00e9pp haszn\u00e1ld a fejl\u00e9cben. <strong>Haszn\u00e1lj k\u00e9peket<\/strong>: ha vannak relev\u00e1ns fot\u00f3id vagy infografik\u00e1id, csatolj egy-k\u00e9t kism\u00e9ret\u0171 k\u00e9pet a sz\u00f6veghez, \u00e9s egy publikus linken tedd el\u00e9rhet\u0151v\u00e9 a magas felbont\u00e1s\u00fa k\u00e9peket \u00e9s\/vagy a j\u00f3 min\u0151s\u00e9g\u0171 vide\u00f3kat.<\/li>\n\n\n\n<li>Ne felejtsd el csatolni a sz\u00f3viv\u0151 f\u00e9nyk\u00e9p\u00e9t \u00e9s el\u00e9rhet\u0151s\u00e9g\u00e9t, h\u00e1tha a sajt\u00f3 t\u00f6bbet is meg akar majd tudni. Van honlapotok? Mindenk\u00e9pp linkeld be azt is!<\/li>\n\n\n\n<li>Az e-mailt olyan id\u0151pontban k\u00fcldd, amikor az \u00fajs\u00e1g\u00edr\u00f3k a legnagyobb es\u00e9llyel r\u00e1harapnak. Legjobb, ha m\u00e9g a szerkeszt\u0151s\u00e9gi \u00e9rtekezlet el\u0151tt, kora reggel el tudod k\u00fcldeni nekik a sajt\u00f3nyilatkozatod. Ugyanis ezen az \u00e9rtekezleten d\u0151l el, hogy az adott sajt\u00f3term\u00e9k aznap mivel foglalkozik. A m\u00e1sik opci\u00f3, hogy d\u00e9l k\u00f6r\u00fcl k\u00fcld\u00f6d, amikor az \u00fajs\u00e1g\u00edr\u00f3k visszaj\u00f6nnek eb\u00e9dsz\u00fcnetr\u0151l \u00e9s megn\u00e9zik az e-mailjeiket. Az esti id\u0151pont nem igaz\u00e1n j\u00f3, pr\u00f3b\u00e1lj\u00e1tok meg elker\u00fclni.<\/li>\n\n\n\n<li>A sajt\u00f3k\u00f6zlem\u00e9nyt nyomtasd is ki, ha esem\u00e9nyt szervezel, hogy a helysz\u00ednr\u0151l tud\u00f3s\u00edt\u00f3 \u00fajs\u00e1g\u00edr\u00f3knak odaadhasd. Az esem\u00e9ny el\u0151tt c\u00e9lszer\u0171 sajt\u00f3megh\u00edv\u00f3t is k\u00fcldeni, \u00e9s hogy biztosra menj, h\u00edvd is fel a legfontosabb sajt\u00f3kapcsolataidat. \u00c9rdekl\u0151dj, hogy megkapt\u00e1k-e az anyagot, \u00e9s sz\u00fcks\u00e9g\u00fck van-e tov\u00e1bbi inform\u00e1ci\u00f3ra.<\/li>\n<\/ol>\n\n<h2 class=\"wp-block-heading\">Hekkeld meg a t\u00f6rt\u00e9netet!<\/h2>\n\n<p>A vil\u00e1gunk t\u00f6rt\u00e9netekb\u0151l \u00e9p\u00fcl fel, de sajnos ezek a t\u00f6rt\u00e9netek nem mindig fedik a val\u00f3s\u00e1got. A hatalmasok gyakran vizet pr\u00e9dik\u00e1lnak \u00e9s bort isznak. Mondanak valamit, de valami eg\u00e9szen m\u00e1st csin\u00e1lnak. Ilyenkor r\u00e1nk h\u00e1rul a feladat, hogy meghekkelj\u00fck a t\u00f6rt\u00e9neteiket, a kamp\u00e1nyaikat, a rendezv\u00e9nyeiket, \u00e9s tudassuk a vil\u00e1ggal, hogy mi az igazs\u00e1g. Hogy mi a teljes igazs\u00e1g!<\/p>\n\n<p><strong>Kreat\u00edv szabads\u00e1g<\/strong><\/p>\n\n<p>Ha rekl\u00e1mokat vagy log\u00f3kat hekkeltek meg, vagy olyan rendezv\u00e9nyeken jelentek meg, amelyekre nem vagytok megh\u00edvva, sz\u00e1moljatok a jogi k\u00f6vetkezm\u00e9nyekkel. Fontolj\u00e1tok meg alaposan, miel\u0151tt ilyesmire v\u00e1llalkoztok, \u00e9s lehet\u0151leg besz\u00e9ljetek egy \u00fcgyv\u00e9ddel is. Egyik nagyv\u00e1llalat sem \u00f6r\u00fcl annak, ha kifigur\u00e1zz\u00e1k a log\u00f3j\u00e1t vagy megzavarj\u00e1k a rendezv\u00e9nyeit. Sokszor indul ilyen esetekben elj\u00e1r\u00e1s az aktivist\u00e1k ellen, b\u00e1r az is igaz, hogy ezek \u00e1ltal\u00e1ban felment\u00e9ssel v\u00e9gz\u0151dnek. A szabad v\u00e9lem\u00e9nynyilv\u00e1n\u00edt\u00e1s \u00e9s a tiltakoz\u00e1shoz val\u00f3 jog a legt\u00f6bb helyen tov\u00e1bbra is fontos, v\u00e9dett \u00e9rt\u00e9k, hiszen mi is ezeket k\u00e9pviselj\u00fck \u00e9s v\u00e9delmezz\u00fck azzal, amit csin\u00e1lunk.<\/p>\n\n<p><em>A v\u00e1llalatok a brandj\u00fckb\u0151l \u00e9lnek, valamint azokb\u00f3l a t\u00f6rt\u00e9netekb\u0151l, melyeket az \u00fcgyfeleik fel\u00e9 kommunik\u00e1lnak. A politikusok kamp\u00e1nyai is ezt a logik\u00e1t k\u00f6vetik: elmes\u00e9lik, kik \u0151k \u00e9s mit k\u00e9pviselnek. Mennyi igazs\u00e1g van ezekben a sztorikban? Mi mindent hallgatnak el vagy hagynak ki bel\u0151l\u00fck? Min\u00e9l t\u00f6bbsz\u00f6r ism\u00e9tlik \u0151ket, ann\u00e1l ink\u00e1bb r\u00e9sz\u00e9v\u00e9 v\u00e1lnak az adott politikus vagy nagyv\u00e1llalat identit\u00e1s\u00e1nak, ann\u00e1l \u00e9rt\u00e9kesebbek, fontosabbak lesznek sz\u00e1mukra. De \u00e9ppen ez\u00e9rt nagyon \u00e9rz\u00e9kenyek is a meghekkel\u00e9s\u00fckre!<\/em><\/p>\n\n<p><em>Sok v\u00e1llalat \u00e9s politikus pr\u00f3b\u00e1l z\u00f6ldebbnek l\u00e1tszani, mint amilyen \u2013 vagy \u00e9ppen liber\u00e1lisabbnak, esetleg konzervat\u00edvabbnak, mint val\u00f3j\u00e1ban. Az eltussol\u00e1sok, az elken\u00e9sek, a ny\u00edlt hazugs\u00e1gok mindennaposak napjaink m\u00e9diak\u00f6rnyezet\u00e9ben. Mi ler\u00e1nthatjuk a leplet ezekr\u0151l a hazugs\u00e1gokr\u00f3l, vagy hozz\u00e1tehetj\u00fck a t\u00f6rt\u00e9nethez a hi\u00e1nyz\u00f3 t\u00e9nyeket, melyekkel m\u00e1r teljes lesz a k\u00e9p.<\/em><\/p>\n\n<ol class=\"wp-block-list\">\n<li><strong>Helyezz\u00e9tek \u00faj megvil\u00e1g\u00edt\u00e1sba a sztorit!<\/strong> Hol s\u00e1nt\u00edt az eredeti t\u00f6rt\u00e9net? Mik a hi\u00e1nyz\u00f3 t\u00e9nyek? Milyen fontos szerepl\u0151ket hagytak ki? Hogyan lehet a t\u00f6rt\u00e9netet m\u00e1s szemsz\u00f6gb\u0151l elmes\u00e9lni? Szedj\u00e9tek \u00f6ssze ezeket az elemeket, \u00e9s alkossatok egy ellent\u00f6rt\u00e9netet! Vagy f\u00f3kusz\u00e1ljatok csak egy r\u00e9szletre, \u00e9s \u00e9p\u00edts\u00e9tek fel k\u00f6r\u00e9 az ellennarrat\u00edv\u00e1t.<\/li>\n\n\n\n<li><strong>Csapj\u00e1tok le a magas labd\u00e1t!<\/strong> A c\u00e9lpont t\u00e1lc\u00e1n k\u00edn\u00e1lja majd a lehet\u0151s\u00e9geket! Ez lehet egy besz\u00e9d, egy fell\u00e9p\u00e9s, egy konferencia vagy b\u00e1rmilyen nyilv\u00e1nos esem\u00e9ny. Folytassatok kutat\u00f3munk\u00e1t pl. a c\u00e9g honlapj\u00e1n, Facebookj\u00e1n vagy a sajt\u00f3ban, \u00e9s der\u00edts\u00e9tek ki, hogy mikor \u00e9s hol k\u00edn\u00e1lkozik a megfelel\u0151 pillanat. Elronthatj\u00e1tok a bulijukat egy transzparenssel, vagy elt\u00e9r\u00edthetitek a besz\u00e9dek \u00fczenet\u00e9t n\u00e9h\u00e1ny s\u00falyos, provokat\u00edv k\u00e9rd\u00e9ssel.<\/li>\n\n\n\n<li><strong>Hekkelj\u00e9tek meg a rekl\u00e1mjaikat!<\/strong> Fogalmazz\u00e1tok \u00e1t a szlogent vagy a rekl\u00e1msz\u00f6veget \u00fagy, hogy az a Ti ellensztoritokat k\u00f6zvet\u00edtse. Legyetek kreat\u00edvak, a megval\u00f3s\u00edt\u00e1sba pedig vonjatok be valakit, aki \u00e9rt a k\u00e9p- \u00e9s vide\u00f3szerkeszt\u00e9shez. A v\u00e9geredm\u00e9ny akkor \u00fct\u0151s, ha felfedezhet\u0151 az eredetihez val\u00f3 hasonl\u00f3s\u00e1g, de az is nyilv\u00e1nval\u00f3 a n\u00e9z\u0151k sz\u00e1m\u00e1ra, hogy par\u00f3di\u00e1r\u00f3l van sz\u00f3. A dolog abszurdit\u00e1sa \u00f6nmag\u00e1ban is el\u00e9gg\u00e9 figyelemfelkelt\u0151, \u00e9s \u00edgy jogilag is jobban v\u00e9dve vagytok.<\/li>\n\n\n\n<li><strong>Min\u00e9l viccesebben!<\/strong> A humort mindenki szereti, \u00e9s az abszurdit\u00e1s kiv\u00e1l\u00f3 j\u00e1t\u00e9kteret teremt. Az ir\u00f3nia az egyik legjobb eszk\u00f6z, amivel leleplezheted a f\u00e9ligazs\u00e1gokat, az eltitkolt vagy eltorz\u00edtott t\u00e9nyeket, \u00e9s azokat, akik ezeket terjesztik.<\/li>\n\n\n\n<li><strong>Haszn\u00e1lj\u00e1tok a sajt\u00f3t!<\/strong> A sajt\u00f3 im\u00e1dja azokat a sztorikat, amelyekben valami v\u00e1ratlan csavar van. Ez nagyon j\u00f3l j\u00f6n, amikor meghekkeltek egy rendezv\u00e9nyt, \u00e9s ezzel elhappolj\u00e1tok a figyelmet. De azt se felejts\u00e9tek el, hogy a hagyom\u00e1nyos m\u00e9dia gyakran \u00e9ppen azokkal az \u00fcgyekkel nem foglalkozik, amelyek sz\u00e1munkra a legfontosabbak. Ez\u00e9rt k\u00e9sz\u00fcljetek alternat\u00edv forgat\u00f3k\u00f6nyvvel is arra, hogy hogyan tudtok nyilv\u00e1noss\u00e1got teremteni az \u00fcgyeteknek, ha a sajt\u00f3 nem kapn\u00e1 fel a sztoritokat.<\/li>\n\n\n\n<li><strong>J\u00f3l v\u00e1lassz\u00e1tok meg a fel\u00fcletet!<\/strong> Egy j\u00f3l szervezett k\u00f6z\u00f6ss\u00e9gim\u00e9dia-kamp\u00e1ny nagyot tud sz\u00f3lni. De haszn\u00e1lhattok hagyom\u00e1nyos eszk\u00f6z\u00f6ket is, p\u00e9ld\u00e1ul plak\u00e1tkamp\u00e1nyt az \u00fcgyben legink\u00e1bb \u00e9rintett k\u00f6z\u00f6ss\u00e9g k\u00f6r\u00e9ben. Terjessz\u00e9tek a sztorit, ahol csak tudj\u00e1tok!<\/li>\n\n\n\n<li><strong>Meghat\u00e1rozott csoportokat c\u00e9lozzatok meg!<\/strong> A sz\u00e9lesebb k\u00f6zv\u00e9lem\u00e9nyen bel\u00fcl \u00e9rdemes k\u00fcl\u00f6n\u00f6sen azokra a csoportokra f\u00f3kusz\u00e1lni, amelyek \u00e9rdekeltek az \u00fcgyben, vagy valamilyen szoros kapcsolat f\u0171zi \u0151ket hozz\u00e1. Ilyenek lehetnek p\u00e9ld\u00e1ul egy v\u00e1llalat r\u00e9szv\u00e9nyesei vagy a k\u00e9pvisel\u0151 szavaz\u00f3i. A r\u00e9szv\u00e9nyesek d\u00f6nt\u00e9seit nem k\u00f6nny\u0171 befoly\u00e1solni, de Ti legal\u00e1bb tudatj\u00e1tok vel\u00fck \u00e9s a nyilv\u00e1noss\u00e1ggal, hogy mibe fektetik a p\u00e9nz\u00fcket. Volt m\u00e1r r\u00e1 p\u00e9lda, hogy ez hat\u00e1ssal tudott lenni egy c\u00e9g d\u00f6nt\u00e9seire.<\/li>\n<\/ol>\n\n<h2 class=\"wp-block-heading\">\u00c9l\u0151l\u00e1nc<\/h2>\n\n<p>\u00c1llj fizikailag is az igazs\u00e1gtalans\u00e1g \u00fatj\u00e1ba! Az \u00e9l\u0151l\u00e1ncok nagyon hat\u00e1sosak, mert egy egyszer\u0171, de ann\u00e1l er\u0151sebb logika hajtja \u0151ket: a test\u00fcnkkel \u00e1ll\u00edtjuk meg az igazs\u00e1gtalans\u00e1got vagy valamilyen puszt\u00edt\u00f3, rombol\u00f3 tev\u00e9kenys\u00e9get. Ez az eszk\u00f6z egyszerre b\u00e9k\u00e9s, nyugodt, er\u0151t sug\u00e1rz\u00f3 \u00e9s hat\u00e9kony. Egyr\u00e9szt konkr\u00e9t eredm\u00e9nyt hozhat, mivel megk\u00eds\u00e9rli \u00fatj\u00e1t \u00e1llni az igazs\u00e1gtalans\u00e1gnak, a term\u00e9szetpuszt\u00edt\u00e1snak, m\u00e1sr\u00e9szt szimbolikusan is m\u0171k\u00f6dik, mivel l\u00e1tv\u00e1nyoss\u00e1 teszi az igazs\u00e1g\u00e9rt, a term\u00e9szeti \u00e9rt\u00e9kek\u00e9rt val\u00f3 ki\u00e1ll\u00e1st.<\/p>\n\n<p><strong>M\u00e9rlegeld a kock\u00e1zatokat!<\/strong><\/p>\n\n<p>Az \u00e9l\u0151l\u00e1nc vagy \u00fcl\u0151sztr\u00e1jk kock\u00e1zatos is lehet, mivel jogi k\u00f6vetkezm\u00e9nyekkel j\u00e1rhat. Ez nem azt jelenti, hogy nem \u00e9rdemes \u00e9lni ezzel az eszk\u00f6zzel, de mindenk\u00e9pp fontos m\u00e9rlegelni. El\u0151zetesen egyeztessetek \u00fcgyv\u00e9ddel, \u00e9s ismerj\u00e9tek meg a jogszab\u00e1lyi k\u00f6rnyezetet. A csapat minden tagj\u00e1nak tudnia kell, hogy milyen kock\u00e1zatot v\u00e1llal. Tetteink\u00e9rt mindig v\u00e1llaljuk a felel\u0151ss\u00e9get.<\/p>\n\n<p>Nagy \u00e1ltal\u00e1noss\u00e1gban k\u00e9tfajta \u00e9l\u0151l\u00e1nc l\u00e9tezik. A k\u00f6nny\u0171 \u00e9l\u0151l\u00e1ncn\u00e1l, \u00fcl\u0151sztr\u00e1jkn\u00e1l az aktivist\u00e1k szorosan egym\u00e1s mellett \u00fclnek \u00e9s karjukat \u00f6sszef\u0171zik. Ezt k\u00f6nnyen \u00e9s gyorsan meg lehet csin\u00e1lni, \u00e9s nagy a szimbolikus ereje. A szil\u00e1rd vagy kem\u00e9ny blok\u00e1dban ezzel szemben felszerel\u00e9st, p\u00e9ld\u00e1ul bicikliz\u00e1rakat, z\u00e1rhat\u00f3 l\u00e1ncokat, s\u0151t ak\u00e1r j\u00e1rm\u0171veket is haszn\u00e1lnak. Az \u00e9l\u0151l\u00e1nc ezen form\u00e1ja teh\u00e1t anyagbeszerz\u00e9st, gyakorl\u00e1st \u00e9s komoly el\u0151k\u00e9sz\u00fcletet is ig\u00e9nyel. Vesz\u00e9lyesebb, viszont hosszabban, hat\u00e9konyabban ki tudtok benne tartani az igazs\u00e1gtalans\u00e1g ellen tiltakozva.<\/p>\n\n<p>B\u00e1rmelyiket v\u00e1lasztj\u00e1tok is, minden r\u00e9sztvev\u0151nek tiszt\u00e1ban kell lennie azzal, hogy mi a c\u00e9l \u00e9s mit akartok el\u00e9rni. A szimbolikus \u00e9l\u0151l\u00e1nc p\u00e9ld\u00e1ul j\u00f3l k\u00f6zvet\u00edti az \u00fczenetet \u00e9s nyom\u00e1st gyakorol a d\u00f6nt\u00e9shoz\u00f3ra, de val\u00f3sz\u00edn\u0171leg nem fogja t\u00e9nylegesen megakad\u00e1lyozni azt, ami ellen k\u00fczd\u00f6t\u00f6k. Ha viszont az a c\u00e9l, hogy val\u00f3ban \u00fatj\u00e1t \u00e1llj\u00e1tok annak, hogy megt\u00f6rt\u00e9njen valami, akkor alaposan gondolj\u00e1tok \u00e1t, mik\u00e9nt tudj\u00e1tok ezt hat\u00e9konyan el\u00e9rni.<\/p>\n\n<p>Amikor \u00e9l\u0151l\u00e1ncra, \u00fcl\u0151sztr\u00e1jkra vagy blok\u00e1dra k\u00e9sz\u00fclt\u00f6k, tarts\u00e1tok \u00e9szben az al\u00e1bbi l\u00e9p\u00e9seket.<\/p>\n\n<ol class=\"wp-block-list\">\n<li><strong>\u00c1ll\u00edts\u00e1tok \u00f6ssze a csapatot!<\/strong> Olyan emberekre lesz sz\u00fcks\u00e9g, akik v\u00e1llalj\u00e1k a jogi kock\u00e1zatot, ugyanakkor k\u00e9pesek meg\u0151rizni a nyugalmukat stresszhelyzetben. Legyen k\u00f6z\u00f6ttetek p\u00e1r ember, aki felk\u00e9sz\u00fclten \u00e9s j\u00f3l tud nyilatkozni a sajt\u00f3nak az esem\u00e9ny k\u00f6zben \u00e9s ut\u00e1n is. K\u00e9sz\u00fcljetek fel alaposan, \u00e9s besz\u00e9lj\u00e9tek \u00e1t, hogy mit csin\u00e1ltok majd a neh\u00e9z helyzetekben.<\/li>\n\n\n\n<li><strong>Helysz\u00edn, helysz\u00edn, helysz\u00edn!<\/strong> M\u00e9rj\u00e9tek fel a terepet \u00e9s tervezzetek meg mindent el\u0151re! Tal\u00e1lj\u00e1tok meg a sz\u00e1motokra strat\u00e9giailag fontos pontokat, amelyek vizu\u00e1lisan is \u00e9rdekesek \u00e9s a sajt\u00f3 munkat\u00e1rsai \u00e1ltal is megk\u00f6zel\u00edthet\u0151ek.<\/li>\n\n\n\n<li><strong>Tervez\u00e9s!<\/strong> Sz\u00fcks\u00e9getek lesz A, B, C, D, de m\u00e9g Z tervre is, mert sok minden k\u00f6zbej\u00f6het. Maga az \u00e9l\u0151l\u00e1nc nem a folyamat v\u00e9ge, ink\u00e1bb tal\u00e1n a k\u00f6zepe. Ezut\u00e1n \u00e9rzelmi, \u00e9s ha kell, jogi k\u00e9rd\u00e9sekben is t\u00e1mogatni kell egym\u00e1st a csapaton bel\u00fcl, valamint gondoskodnotok kell az akci\u00f3 j\u00f3 kommunik\u00e1ci\u00f3j\u00e1r\u00f3l is. Ezen k\u00edv\u00fcl az esem\u00e9nyt k\u00f6vet\u0151en is folytatni kell a nyom\u00e1sgyakorl\u00e1st \u2013 politikai \u00faton \u00e9s a sajt\u00f3n kereszt\u00fcl egyar\u00e1nt.<\/li>\n\n\n\n<li><strong>Gondolkodjatok vizu\u00e1lisan!<\/strong> Hogy n\u00e9z majd ki az esem\u00e9ny? Transzparenst haszn\u00e1ltok vagy net\u00e1n mindannyian egyforma ruh\u00e1t viseltek? Sug\u00e1rozzatok b\u00e1tors\u00e1got, hiteless\u00e9get \u00e9s er\u0151szakmentess\u00e9get. Legyen egy\u00e9rtelm\u0171 vizu\u00e1lisan is, mi az akci\u00f3 c\u00e9lja.<\/li>\n\n\n\n<li><strong>A ruha \u00fczenet\u00e9rt\u00e9k\u0171!<\/strong> A sajt\u00f3ban sokszor komolytalan hippiknek vagy \u00e9ppen er\u0151szakos zavarkelt\u0151knek t\u0171nnek az aktivist\u00e1k. Figyeljetek arra, hogy a ruh\u00e1tok ne er\u0151s\u00edtse ezeket a sztereot\u00edpi\u00e1kat. A nyilv\u00e1noss\u00e1g a megjelen\u00e9setek alapj\u00e1n \u00e9rtelmezi majd az esem\u00e9nyt. Ford\u00edts\u00e1tok ezt a javatokra! Nagyban befoly\u00e1solja az \u00f6sszk\u00e9pet a ruhaviselet. A hagyom\u00e1nyos \u00f6lt\u00f6z\u00e9k vagy az eleg\u00e1ns viselet (koszt\u00fcm, \u00f6lt\u00f6ny) mind jelent\u00e9ssel b\u00edr, \u00e9s a m\u00e9dia is ennek t\u00fckr\u00e9ben viszonyul majd hozz\u00e1tok.<\/li>\n\n\n\n<li><strong>Kommunik\u00e1ci\u00f3!<\/strong> Az \u00e9l\u0151l\u00e1ncoknak, \u00fcl\u0151sztr\u00e1jkoknak \u00e9s hasonl\u00f3, polg\u00e1ri engedetlens\u00e9gen alapul\u00f3 esem\u00e9nyeknek az lehet a vesz\u00e9lye, hogy az akci\u00f3 \u00e9rtelmez\u00e9se kics\u00faszik a kezeitek k\u00f6z\u00fcl, \u00e9s a m\u00e9dia egyoldal\u00faan mutatja be a t\u00f6rt\u00e9nteket. K\u00e9sz\u00fcljetek fel alaposan, \u00e9s el\u0151re gondolj\u00e1tok \u00e1t, mi a Ti mondanival\u00f3tok, mi a c\u00e9lotok \u00e9s mi\u00e9rt folyamodtok az \u00e1ltalatok v\u00e1lasztott tiltakoz\u00e1si form\u00e1hoz. K\u00f6zvet\u00edts\u00e9tek az akci\u00f3t \u00e9l\u0151ben, vagy k\u00fcldjetek el\u0151re sajt\u00f3anyagot az \u00fcgyetekkel szimpatiz\u00e1l\u00f3 \u00fajs\u00e1g\u00edr\u00f3knak, \u00e9s h\u00edvj\u00e1tok meg \u0151ket az akci\u00f3ra!<\/li>\n\n\n\n<li><strong>Vigy\u00e9tek v\u00e9gig!<\/strong> Ez csak a kezdet. Az akci\u00f3t k\u00f6vet\u0151en foglalkozzatok a sajt\u00f3val, kommunik\u00e1ljatok a nyilv\u00e1noss\u00e1g fel\u00e9, szervezzetek interj\u00fakat, \u00edrjatok cikket, posztoljatok a Facebookra \u2013 \u00e9s k\u00f6zben gondoskodjatok a csapatr\u00f3l is. Figyeljetek egym\u00e1sra \u00e9s t\u00e1mogass\u00e1tok egym\u00e1st: senkinek ne kelljen egyed\u00fcl, seg\u00edts\u00e9g n\u00e9lk\u00fcl megbirk\u00f3znia az esetleges jogi k\u00f6vetkezm\u00e9nyekkel.<\/li>\n<\/ol>\n\n<hr class=\"wp-block-separator has-css-opacity\"\/>\n\n<h2 class=\"wp-block-heading\">Jogi \u00fatmutat\u00f3 a polg\u00e1ri engedetlens\u00e9ghez  \u2013 tan\u00e1csok a TASZ-t\u00f3l<\/h2>\n\n<p>Jogi megk\u00f6zel\u00edt\u00e9sben polg\u00e1ri engedetlens\u00e9gnek nevezz\u00fck, ha egy ember vagy csoport sz\u00e1nd\u00e9kosan az\u00e9rt k\u00f6vet el t\u00f6rv\u00e9nys\u00e9rt\u00e9st, hogy igazs\u00e1gtalan, m\u00e9lt\u00e1nytalan, alapjogs\u00e9rt\u0151 szab\u00e1lyoz\u00e1sra vagy hat\u00f3s\u00e1gi gyakorlatra h\u00edvja fel a k\u00f6zfigyelmet. Ilyen tettre akkor ker\u00fcl sor, ha nincs m\u00e1s eszk\u00f6z az elfogadhatatlan helyzet megv\u00e1ltoztat\u00e1s\u00e1ra. A polg\u00e1ri engedetlens\u00e9g jellemz\u0151je, hogy nem j\u00e1r er\u0151szakkal, rong\u00e1l\u00e1ssal, \u00e9s nem s\u00e9rti m\u00e1sok alapvet\u0151 jogait. Az engedetlenked\u0151 tudja, hogy tette jogi felel\u0151ss\u00e9gre von\u00e1ssal j\u00e1rhat, \u00e9s v\u00e1llalja a h\u00e1tr\u00e1nyos k\u00f6vetkezm\u00e9nyek kock\u00e1zat\u00e1t.<\/p>\n\n<p>El\u0151fordul, hogy az engedetlenked\u0151k demonstrat\u00edv m\u00f3don direkt a kifog\u00e1solt szab\u00e1lyt s\u00e9rtik meg (pl. az\u00e9rt visel valaki bizonyos politikai jelk\u00e9peket, mert a t\u00f6rv\u00e9ny tiltja azt). Vannak esetek, amikor ez nem lehets\u00e9ges, ez\u00e9rt a r\u00e9sztvev\u0151k m\u00e1s jogszab\u00e1ly megs\u00e9rt\u00e9s\u00e9vel h\u00edvj\u00e1k fel a k\u00f6zfigyelmet a probl\u00e9m\u00e1ra (pl. megsz\u00e1llj\u00e1k az egyetem \u00e9p\u00fclet\u00e9t, mert diszkriminat\u00edv a felv\u00e9teli rendszer).<\/p>\n\n<p>A polg\u00e1ri engedetlenked\u0151 indokoltan v\u00e1rhat el t\u00e1rsadalmi szolidarit\u00e1st, \u00e9s b\u00edzhat a kifog\u00e1solt szab\u00e1lyoz\u00e1s vagy gyakorlat megv\u00e1ltoztat\u00e1s\u00e1ban, de ehhez el kell fogadnia, hogy cselekedete jogh\u00e1tr\u00e1nnyal j\u00e1rhat sz\u00e1m\u00e1ra. A jogrendszerben nem mag\u00e1\u00e9rt a polg\u00e1ri engedetlens\u00e9g\u00e9rt vagy a v\u00e9lem\u00e9ny tartalm\u00e1\u00e9rt j\u00e1rhat b\u00fcntet\u00e9s, hanem az engedetlens\u00e9g keret\u00e9ben elk\u00f6vetett jogszab\u00e1lys\u00e9rt\u00e9s\u00e9rt. B\u00e1r a magyar joggyakorlat ebben m\u00e9g bizonytalan, a TASZ szerint nem j\u00e1rhat b\u00fcntet\u00e9s a polg\u00e1ri engedetlens\u00e9g\u00e9rt akkor, ha a kifog\u00e1solt szab\u00e1ly alapvet\u0151 jogot s\u00e9rt.<\/p>\n\n<p><strong>A TASZ javaslatai:<\/strong><\/p>\n\n<ul class=\"wp-block-list\">\n<li>ha polg\u00e1ri engedetlens\u00e9g c\u00e9lj\u00e1b\u00f3l t\u00f6rv\u00e9nys\u00e9rt\u00e9sre k\u00e9sz\u00fclt\u00f6k, el\u0151zetesen t\u00e1j\u00e9koz\u00f3djatok a v\u00e1rhat\u00f3 jogh\u00e1tr\u00e1nyokr\u00f3l;<\/li>\n\n\n\n<li>t\u00f6rekedjetek arra, hogy a t\u00f6rv\u00e9nys\u00e9rt\u00e9s ne legyen ar\u00e1nytalanul nagyobb a kifog\u00e1solt jogtalans\u00e1gn\u00e1l;<\/li>\n\n\n\n<li>pr\u00f3b\u00e1lj\u00e1tok a nyilv\u00e1noss\u00e1g sz\u00e1m\u00e1ra vil\u00e1gosan megfogalmazni, mi a polg\u00e1ri engedetlens\u00e9g indoka;<\/li>\n\n\n\n<li>ha lehets\u00e9ges, ne akad\u00e1lyozz\u00e1tok a sz\u00fcks\u00e9gesn\u00e9l jobban a k\u00f6zint\u00e9zm\u00e9nyek m\u0171k\u00f6d\u00e9s\u00e9t;<\/li>\n\n\n\n<li>\u0151rizz\u00e9tek meg az engedetlens\u00e9g b\u00e9k\u00e9s jelleg\u00e9t, \u00e9s ker\u00fclj\u00e9tek az ellenszeg\u00fcl\u00e9st a rend\u0151ri vagy m\u00e1s hat\u00f3s\u00e1gi int\u00e9zked\u00e9ssel szemben.<\/li>\n<\/ul>\n\n<h3 class=\"wp-block-heading\">Sz\u00f3l\u00e1s \u00e9s gy\u00fclekez\u00e9s<\/h3>\n\n<p>Mindenki kinyilv\u00e1n\u00edthatja a v\u00e9lem\u00e9ny\u00e9t a k\u00f6zter\u00fcleten (utc\u00e1kon, tereken, parkokban, alulj\u00e1r\u00f3kban stb.) sz\u00f3ban, \u00edr\u00e1sban, szimb\u00f3lumokkal \u00e9s sok m\u00e1s m\u00f3don. A k\u00f6zter\u00fcleteken gy\u0171l\u00e9seket, demonstr\u00e1ci\u00f3kat is lehet szervezni, melyeken b\u00e1rki r\u00e9szt vehet. A k\u00f6zter\u00fcleti rendezv\u00e9nyeket \u2013 a spont\u00e1n gy\u0171l\u00e9sek kiv\u00e9tel\u00e9vel \u2013 el\u0151zetesen be kell jelenteni a rend\u0151rs\u00e9gnek.<\/p>\n\n<p>Gy\u00fclekez\u00e9si szempontb\u00f3l nem sz\u00e1m\u00edtanak k\u00f6zter\u00fcletnek a k\u00f6zhivatalok helyis\u00e9gei, az iskol\u00e1k, az egyetemi \u00e9p\u00fcletek, az eg\u00e9szs\u00e9g\u00fcgyi int\u00e9zm\u00e9nyek, a bev\u00e1s\u00e1rl\u00f3k\u00f6zpontok, ahol a nyitvatart\u00e1si id\u0151ben, a h\u00e1zirend betart\u00e1s\u00e1val tarthatnak v\u00e9lem\u00e9nynyilv\u00e1n\u00edt\u00f3 gy\u0171l\u00e9seket az egy\u00e9bk\u00e9nt is bel\u00e9p\u00e9sre jogosultak.<\/p>\n\n<p>A nem nyilv\u00e1nos mag\u00e1nter\u00fcleten a rendezv\u00e9nyek megtart\u00e1s\u00e1hoz a ter\u00fclet tulajdonos\u00e1nak vagy haszn\u00e1l\u00f3j\u00e1nak enged\u00e9lye sz\u00fcks\u00e9ges.<br>Bejelentett rendezv\u00e9nyen k\u00edv\u00fcl a k\u00f6zter\u00fclet birtokbav\u00e9tele (pl. h\u00eddfoglal\u00e1s) vagy \u00e9p\u00fcletek elfoglal\u00e1sa (pl. egyetemfoglal\u00e1s) jogszer\u0171tlen lehet, \u00e9s a tett s\u00faly\u00e1t\u00f3l \u00e9s k\u00f6vetkezm\u00e9nyeit\u0151l f\u00fcgg\u0151en ak\u00e1r b\u0171ncselekm\u00e9nynek vagy szab\u00e1lys\u00e9rt\u00e9snek is min\u0151s\u00fclhet.<\/p>\n\n<p><strong>A TASZ javaslatai:<\/strong><\/p>\n\n<ul class=\"wp-block-list\">\n<li>ha nincs elh\u00e1r\u00edthatatlan akad\u00e1lya, el\u0151zetesen jelents\u00e9tek be a k\u00f6zt\u00e9ri rendezv\u00e9nyeket;<\/li>\n\n\n\n<li>ha \u00e9p\u00fcletekben szeretn\u00e9tek demonstr\u00e1lni, el\u0151tte n\u00e9zz\u00e9tek \u00e1t az int\u00e9zm\u00e9ny bels\u0151 szab\u00e1lyait;<\/li>\n\n\n\n<li>pr\u00f3b\u00e1ljatok megegyezni az int\u00e9zm\u00e9ny vezet\u00e9s\u00e9vel, \u00e9s ne akad\u00e1lyozz\u00e1tok az int\u00e9zm\u00e9ny m\u0171k\u00f6d\u00e9s\u00e9t.<\/li>\n\n\n\n<li>tov\u00e1bbi inform\u00e1ci\u00f3k\u00e9rt olvass\u00e1tok el a TASZ gy\u00fclekez\u00e9si jogi kisokos\u00e1t.<\/li>\n<\/ul>\n\n<hr class=\"wp-block-separator has-css-opacity\"\/>\n\n<div class=\"wp-block-group has-beige-100-background-color has-background is-vertical is-content-justification-center is-layout-flex wp-container-core-group-is-layout-c92b6fba wp-block-group-is-layout-flex\" style=\"padding-top:20px;padding-right:20px;padding-bottom:20px;padding-left:20px\">\n<p><strong>Mit tehetsz m\u00e9g? N\u00e9zd meg, hogyan l\u00e9phetsz fel a term\u00e9szetk\u00e1ros\u00edt\u00e1sok ellen a hat\u00f3s\u00e1gokn\u00e1l.<\/strong><\/p>\n\n\n\n<div style=\"height:0px\" aria-hidden=\"true\" class=\"wp-block-spacer wp-container-content-16d1eb73\"><\/div>\n\n\n\n<div class=\"wp-block-buttons is-content-justification-center is-layout-flex wp-container-core-buttons-is-layout-16018d1d wp-block-buttons-is-layout-flex\">\n<div class=\"wp-block-button is-style-secondary\"><a class=\"wp-block-button__link wp-element-button\" href=\"https:\/\/www.greenpeace.org\/hungary\/cselekedj\/vedjuk-meg-a-termeszet-sokszinuseget\/lepj-fel-a-termeszetkarositas-ellen\/\">Megn\u00e9zem<\/a><\/div>\n<\/div>\n<\/div>\n\n<hr class=\"wp-block-separator has-text-color has-green-800-color has-alpha-channel-opacity has-green-800-background-color has-background\"\/>\n\n<h2 class=\"wp-block-heading has-text-align-center\">K\u00f6vesd munk\u00e1nkat, iratkozz fel leveleinkre!<\/h2>\n\n<div class=\"wp-block-group is-style-reset-margin has-beige-100-background-color has-background is-layout-flow wp-block-group-is-layout-flow\" style=\"padding-top:0px;padding-right:0px;padding-bottom:0px;padding-left:0px\">\n<div class=\"wp-block-columns are-vertically-aligned-center is-layout-flex wp-container-core-columns-is-layout-9d6595d7 wp-block-columns-is-layout-flex\">\n<div class=\"wp-block-column is-vertically-aligned-center is-layout-flow wp-block-column-is-layout-flow\">\n<div class=\"wp-block-cover aligncenter is-light\"><img loading=\"lazy\" decoding=\"async\" width=\"1024\" height=\"683\" class=\"wp-block-cover__image-background wp-image-12324\" alt=\"\" src=\"https:\/\/www.greenpeace.org\/static\/planet4-hungary-stateless\/2025\/07\/90b1ed17-vadmeh-faj_pribeli-levente-1024x683.jpg\" data-object-fit=\"cover\" srcset=\"https:\/\/www.greenpeace.org\/static\/planet4-hungary-stateless\/2025\/07\/90b1ed17-vadmeh-faj_pribeli-levente-1024x683.jpg 1024w, https:\/\/www.greenpeace.org\/static\/planet4-hungary-stateless\/2025\/07\/90b1ed17-vadmeh-faj_pribeli-levente-300x200.jpg 300w, https:\/\/www.greenpeace.org\/static\/planet4-hungary-stateless\/2025\/07\/90b1ed17-vadmeh-faj_pribeli-levente-768x512.jpg 768w, https:\/\/www.greenpeace.org\/static\/planet4-hungary-stateless\/2025\/07\/90b1ed17-vadmeh-faj_pribeli-levente-510x340.jpg 510w, https:\/\/www.greenpeace.org\/static\/planet4-hungary-stateless\/2025\/07\/90b1ed17-vadmeh-faj_pribeli-levente.jpg 1200w\" sizes=\"auto, (max-width: 1024px) 100vw, 1024px\" \/><span aria-hidden=\"true\" class=\"wp-block-cover__background has-background-dim-0 has-background-dim\"><\/span><div class=\"wp-block-cover__inner-container is-layout-flow wp-block-cover-is-layout-flow\">\n<p class=\"has-text-align-center has-large-font-size\"><\/p>\n<\/div><\/div>\n<\/div>\n\n\n\n<div class=\"wp-block-column is-vertically-aligned-center has-beige-100-background-color has-background is-layout-flow wp-block-column-is-layout-flow\">\n<div class=\"wp-block-group is-style-default is-vertical is-content-justification-center is-layout-flex wp-container-core-group-is-layout-d4d0c5bc wp-block-group-is-layout-flex\" style=\"padding-top:20px;padding-right:20px;padding-bottom:20px;padding-left:20px\"><script type=\"text\/javascript\">\n\/* <![CDATA[ *\/\nvar gform;gform||(document.addEventListener(\"gform_main_scripts_loaded\",function(){gform.scriptsLoaded=!0}),document.addEventListener(\"gform\/theme\/scripts_loaded\",function(){gform.themeScriptsLoaded=!0}),window.addEventListener(\"DOMContentLoaded\",function(){gform.domLoaded=!0}),gform={domLoaded:!1,scriptsLoaded:!1,themeScriptsLoaded:!1,isFormEditor:()=>\"function\"==typeof InitializeEditor,callIfLoaded:function(o){return!(!gform.domLoaded||!gform.scriptsLoaded||!gform.themeScriptsLoaded&&!gform.isFormEditor()||(gform.isFormEditor()&&console.warn(\"The use of gform.initializeOnLoaded() is deprecated in the form editor context and will be removed in Gravity Forms 3.1.\"),o(),0))},initializeOnLoaded:function(o){gform.callIfLoaded(o)||(document.addEventListener(\"gform_main_scripts_loaded\",()=>{gform.scriptsLoaded=!0,gform.callIfLoaded(o)}),document.addEventListener(\"gform\/theme\/scripts_loaded\",()=>{gform.themeScriptsLoaded=!0,gform.callIfLoaded(o)}),window.addEventListener(\"DOMContentLoaded\",()=>{gform.domLoaded=!0,gform.callIfLoaded(o)}))},hooks:{action:{},filter:{}},addAction:function(o,r,e,t){gform.addHook(\"action\",o,r,e,t)},addFilter:function(o,r,e,t){gform.addHook(\"filter\",o,r,e,t)},doAction:function(o){gform.doHook(\"action\",o,arguments)},applyFilters:function(o){return gform.doHook(\"filter\",o,arguments)},removeAction:function(o,r){gform.removeHook(\"action\",o,r)},removeFilter:function(o,r,e){gform.removeHook(\"filter\",o,r,e)},addHook:function(o,r,e,t,n){null==gform.hooks[o][r]&&(gform.hooks[o][r]=[]);var d=gform.hooks[o][r];null==n&&(n=r+\"_\"+d.length),gform.hooks[o][r].push({tag:n,callable:e,priority:t=null==t?10:t})},doHook:function(r,o,e){var t;if(e=Array.prototype.slice.call(e,1),null!=gform.hooks[r][o]&&((o=gform.hooks[r][o]).sort(function(o,r){return o.priority-r.priority}),o.forEach(function(o){\"function\"!=typeof(t=o.callable)&&(t=window[t]),\"action\"==r?t.apply(null,e):e[0]=t.apply(null,e)})),\"filter\"==r)return e[0]},removeHook:function(o,r,t,n){var e;null!=gform.hooks[o][r]&&(e=(e=gform.hooks[o][r]).filter(function(o,r,e){return!!(null!=n&&n!=o.tag||null!=t&&t!=o.priority)}),gform.hooks[o][r]=e)}});\n\/* ]]> *\/\n<\/script>\n\n                <div class='gf_browser_gecko gform_wrapper gravity-theme gform-theme--no-framework' data-form-theme='gravity-theme' data-form-index='0' id='gform_wrapper_2' ><div id='gf_2' class='gform_anchor' tabindex='-1'><\/div><form method='post' enctype='multipart\/form-data' target='gform_ajax_frame_2' id='gform_2'  action='\/hungary\/wp-json\/wp\/v2\/pages\/8343#gf_2' data-formid='2' novalidate>\n                        <div class='gform-body gform_body'><div id='gform_fields_2' class='gform_fields top_label form_sublabel_below description_below validation_below'><div id=\"field_2_11\" class=\"gfield gfield--type-honeypot gform_validation_container field_sublabel_below gfield--has-description field_description_below field_validation_below gfield_visibility_visible\"  ><label class='gfield_label gform-field-label' for='input_2_11'>Instagram<\/label><div class='ginput_container'><input name='input_11' id='input_2_11' type='text' value='' autocomplete='new-password'\/><\/div><div class='gfield_description' id='gfield_description_2_11'>Ez a mez\u0151 az \u00e9rv\u00e9nyes\u00edt\u00e9shez van \u00e9s \u00fcresen kell hagyni.<\/div><\/div><div id=\"field_2_1\" class=\"gfield gfield--type-text gfield--input-type-text gfield--width-half gfield_contains_required field_sublabel_below gfield--no-description field_description_below hidden_label field_validation_below gfield_visibility_visible\"  ><label class='gfield_label gform-field-label' for='input_2_1'>Vezet\u00e9kn\u00e9v*<span class=\"gfield_required\"><span class=\"gfield_required gfield_required_text\">(K\u00f6telez\u0151)<\/span><\/span><\/label><div class='ginput_container ginput_container_text'><input name='input_1' id='input_2_1' type='text' value='' class='large'    placeholder='Vezet\u00e9kn\u00e9v*' aria-required=\"true\" aria-invalid=\"false\"   \/><\/div><\/div><div id=\"field_2_3\" class=\"gfield gfield--type-text gfield--input-type-text gfield--width-half gfield_contains_required field_sublabel_below gfield--no-description field_description_below hidden_label field_validation_below gfield_visibility_visible\"  ><label class='gfield_label gform-field-label' for='input_2_3'>Keresztn\u00e9v*<span class=\"gfield_required\"><span class=\"gfield_required gfield_required_text\">(K\u00f6telez\u0151)<\/span><\/span><\/label><div class='ginput_container ginput_container_text'><input name='input_3' id='input_2_3' type='text' value='' class='large'    placeholder='Keresztn\u00e9v*' aria-required=\"true\" aria-invalid=\"false\"   \/><\/div><\/div><div id=\"field_2_4\" class=\"gfield gfield--type-email gfield--input-type-email gfield--width-full gfield_contains_required field_sublabel_below gfield--no-description field_description_below hidden_label field_validation_below gfield_visibility_visible\"  ><label class='gfield_label gform-field-label' for='input_2_4'>E-mail-c\u00edm*<span class=\"gfield_required\"><span class=\"gfield_required gfield_required_text\">(K\u00f6telez\u0151)<\/span><\/span><\/label><div class='ginput_container ginput_container_email'>\n                            <input name='input_4' id='input_2_4' type='email' value='' class='large'   placeholder='E-mail-c\u00edm*' aria-required=\"true\" aria-invalid=\"false\"  \/>\n                        <\/div><\/div><div id=\"field_2_5\" class=\"gfield gfield--type-phone gfield--input-type-phone gfield--width-full field_sublabel_below gfield--no-description field_description_below hidden_label field_validation_below gfield_visibility_visible\"  ><label class='gfield_label gform-field-label' for='input_2_5'>Telefonsz\u00e1m<\/label><div class='ginput_container ginput_container_phone'><input name='input_5' id='input_2_5' type='tel' value='' class='large'  placeholder='Telefonsz\u00e1m'  aria-invalid=\"false\"   \/><\/div><\/div><fieldset id=\"field_2_6\" class=\"gfield gfield--type-checkbox gfield--type-choice gfield--input-type-checkbox gfield--width-full gfield_contains_required field_sublabel_below gfield--no-description field_description_below hidden_label field_validation_below gfield_visibility_visible custom-control\"  data-field-class=\"custom-control\" ><legend class='gfield_label gform-field-label gfield_label_before_complex' >Adatkezel\u00e9s<span class=\"gfield_required\"><span class=\"gfield_required gfield_required_text\">(K\u00f6telez\u0151)<\/span><\/span><\/legend><div class='ginput_container ginput_container_checkbox'><div class='gfield_checkbox ' id='input_2_6'><div class='gchoice gchoice_2_6_1'>\n\t\t\t\t\t\t\t\t<input class='gfield-choice-input' name='input_6.1' type='checkbox'  value='true'  id='choice_2_6_1'   \/>\n\t\t\t\t\t\t\t\t<label for='choice_2_6_1' id='label_2_6_1' class='gform-field-label gform-field-label--type-inline'>Elfogadom az <a href=\"https:\/\/www.greenpeace.org\/hungary\/adatkezeles\" target=\"_blank\">adatkezel\u00e9si t\u00e1j\u00e9koztat\u00f3t<\/a>, \u00e9s hozz\u00e1j\u00e1rulok adataim kezel\u00e9s\u00e9hez.*<\/label>\n\t\t\t\t\t\t\t<\/div><\/div><\/div><\/fieldset><fieldset id=\"field_2_8\" class=\"gfield gfield--type-multi_choice gfield--type-choice gfield--input-type-radio gfield--width-full field_sublabel_below gfield--no-description field_description_below field_validation_below gfield_visibility_hidden gfield--choice-align-vertical\"  ><div class=\"admin-hidden-markup\"><i class=\"gform-icon gform-icon--hidden\" aria-hidden=\"true\" title=\"This field is hidden when viewing the form\"><\/i><span>This field is hidden when viewing the form<\/span><\/div><legend class='gfield_label gform-field-label gfield_label_before_complex' >Enged\u00e9lyezed, hogy a Greenpeace Magyarorsz\u00e1g megadott el\u00e9rhet\u0151s\u00e9geiden \u00e9rtes\u00edtsen a kamp\u00e1nyokr\u00f3l, \u00e9s az azokban val\u00f3 r\u00e9szv\u00e9tel lehet\u0151s\u00e9geir\u0151l?<\/legend><div class='ginput_container ginput_container_radio'><div class='gfield_radio' id='input_2_8'>\n\t\t\t<div class='gchoice gchoice_2_8_0'>\n\t\t\t\t\t<input class='gfield-choice-input' name='input_8' type='radio' value='true' checked='checked' id='choice_2_8_0' onchange='gformToggleRadioOther( this )'    \/>\n\t\t\t\t\t<label for='choice_2_8_0' id='label_2_8_0' class='gform-field-label gform-field-label--type-inline'>Igen, k\u00e9rek \u00e9rtes\u00edt\u00e9st<\/label>\n\t\t\t<\/div><\/div><\/div><\/fieldset><div id=\"field_2_7\" class=\"gfield gfield--type-text gfield--input-type-text gfield--width-full field_sublabel_below gfield--no-description field_description_below field_validation_below gfield_visibility_hidden\"  ><div class=\"admin-hidden-markup\"><i class=\"gform-icon gform-icon--hidden\" aria-hidden=\"true\" title=\"This field is hidden when viewing the form\"><\/i><span>This field is hidden when viewing the form<\/span><\/div><label class='gfield_label gform-field-label' for='input_2_7'>Source<\/label><div class='ginput_container ginput_container_text'><input name='input_7' id='input_2_7' type='text' value='' class='large'      aria-invalid=\"false\"   \/><\/div><\/div><div id=\"field_2_9\" class=\"gfield gfield--type-text gfield--input-type-text gfield--width-full field_sublabel_below gfield--no-description field_description_below field_validation_below gfield_visibility_hidden\"  ><div class=\"admin-hidden-markup\"><i class=\"gform-icon gform-icon--hidden\" aria-hidden=\"true\" title=\"This field is hidden when viewing the form\"><\/i><span>This field is hidden when viewing the form<\/span><\/div><label class='gfield_label gform-field-label' for='input_2_9'>Orsz\u00e1g\/r\u00e9gi\u00f3<\/label><div class='ginput_container ginput_container_text'><input name='input_9' id='input_2_9' type='text' value='HU' class='large'      aria-invalid=\"false\"   \/><\/div><\/div><fieldset id=\"field_2_10\" class=\"gfield gfield--type-checkbox gfield--type-choice gfield--input-type-checkbox gfield--width-full field_sublabel_below gfield--no-description field_description_below field_validation_below gfield_visibility_hidden custom-control\"  data-field-class=\"custom-control\" ><div class=\"admin-hidden-markup\"><i class=\"gform-icon gform-icon--hidden\" aria-hidden=\"true\" title=\"This field is hidden when viewing the form\"><\/i><span>This field is hidden when viewing the form<\/span><\/div><legend class='gfield_label gform-field-label gfield_label_before_complex' >Owned HU<\/legend><div class='ginput_container ginput_container_checkbox'><div class='gfield_checkbox ' id='input_2_10'><div class='gchoice gchoice_2_10_1'>\n\t\t\t\t\t\t\t\t<input class='gfield-choice-input' name='input_10.1' type='checkbox'  value='Yes' checked='checked' id='choice_2_10_1'   \/>\n\t\t\t\t\t\t\t\t<label for='choice_2_10_1' id='label_2_10_1' class='gform-field-label gform-field-label--type-inline'>Yes<\/label>\n\t\t\t\t\t\t\t<\/div><\/div><\/div><\/fieldset><\/div><\/div>\n        <div class='gform-footer gform_footer top_label'> <input type='submit' id='gform_submit_button_2' class='gform_button button' onclick='gform.submission.handleButtonClick(this);' data-submission-type='submit' value='Feliratkozom'  \/> <input type='hidden' name='gform_ajax' value='form_id=2&amp;title=&amp;description=&amp;tabindex=0&amp;theme=gravity-theme&amp;styles={&quot;theme&quot;:&quot;gravity-theme&quot;,&quot;inputPrimaryColor&quot;:&quot;#204ce5&quot;}&amp;hash=9388b77ec7b9e553f445ee2f7d0af39a' \/>\n            <input type='hidden' class='gform_hidden' name='gform_submission_method' data-js='gform_submission_method_2' value='iframe' \/>\n            <input type='hidden' class='gform_hidden' name='gform_theme' data-js='gform_theme_2' id='gform_theme_2' value='gravity-theme' \/>\n            <input type='hidden' class='gform_hidden' name='gform_style_settings' data-js='gform_style_settings_2' id='gform_style_settings_2' value='{&quot;theme&quot;:&quot;gravity-theme&quot;,&quot;inputPrimaryColor&quot;:&quot;#204ce5&quot;}' \/>\n            <input type='hidden' class='gform_hidden' name='is_submit_2' value='1' \/>\n            <input type='hidden' class='gform_hidden' name='gform_submit' value='2' \/>\n            \n            <input type='hidden' class='gform_hidden' name='gform_currency' data-currency='USD' value='1jXceiVBnTfmkHLwrh5JKPVyE5896KaFlwzyWgc\/UEfmplbkhInFi4ACz\/I62trcodWChqUJgIsKxtPYIuytgg0Faocn1JMcU55EO7KTcpkoa4A=' \/>\n            <input type='hidden' class='gform_hidden' name='gform_unique_id' value='' \/>\n            <input type='hidden' class='gform_hidden' name='state_2' value='WyJ7XCI2LjFcIjpcImExYTFiZjViZDA3YThmOTQ0YmMwY2ZiYWQyYWNiZDRmXCIsXCI4XCI6W1wiYTFhMWJmNWJkMDdhOGY5NDRiYzBjZmJhZDJhY2JkNGZcIl0sXCIxMC4xXCI6XCI4NmE3MTIzYzhiOTY5ZDYzYWRjZDI3OGUxYjFmYzYwM1wifSIsIjJiOWRhNjUwMjBhMzI2NTJiZGRhNzE4ZjU4OGZkMDEzIl0=' \/>\n            <input type='hidden' autocomplete='off' class='gform_hidden' name='gform_target_page_number_2' id='gform_target_page_number_2' value='0' \/>\n            <input type='hidden' autocomplete='off' class='gform_hidden' name='gform_source_page_number_2' id='gform_source_page_number_2' value='1' \/>\n            <input type='hidden' name='gform_field_values' value='' \/>\n            \n        <\/div>\n                        <p style=\"display: none !important;\" class=\"akismet-fields-container\" data-prefix=\"ak_\"><label>&#916;<textarea name=\"ak_hp_textarea\" cols=\"45\" rows=\"8\" maxlength=\"100\"><\/textarea><\/label><input type=\"hidden\" id=\"ak_js_1\" name=\"ak_js\" value=\"38\"\/><script>document.getElementById( \"ak_js_1\" ).setAttribute( \"value\", ( new Date() ).getTime() );<\/script><\/p><\/form>\n                        <\/div>\n\t\t                <iframe style='display:none;width:0px;height:0px;' src='about:blank' name='gform_ajax_frame_2' id='gform_ajax_frame_2' title='This iframe contains the logic required to handle Ajax powered Gravity Forms.'><\/iframe>\n\t\t                <script type=\"text\/javascript\">\n\/* <![CDATA[ *\/\n gform.initializeOnLoaded( function() {gformInitSpinner( 2, 'https:\/\/www.greenpeace.org\/hungary\/wp-content\/plugins\/gravityforms\/images\/spinner.svg', true );jQuery('#gform_ajax_frame_2').on('load',function(){var contents = jQuery(this).contents().find('*').html();var is_postback = contents.indexOf('GF_AJAX_POSTBACK') >= 0;if(!is_postback){return;}var form_content = jQuery(this).contents().find('#gform_wrapper_2');var is_confirmation = jQuery(this).contents().find('#gform_confirmation_wrapper_2').length > 0;var is_redirect = contents.indexOf('gformRedirect(){') >= 0;var is_form = form_content.length > 0 && ! is_redirect && ! is_confirmation;var mt = parseInt(jQuery('html').css('margin-top'), 10) + parseInt(jQuery('body').css('margin-top'), 10) + 100;if(is_form){jQuery('#gform_wrapper_2').html(form_content.html());if(form_content.hasClass('gform_validation_error')){jQuery('#gform_wrapper_2').addClass('gform_validation_error');} else {jQuery('#gform_wrapper_2').removeClass('gform_validation_error');}setTimeout( function() { \/* delay the scroll by 50 milliseconds to fix a bug in chrome *\/ jQuery(document).scrollTop(jQuery('#gform_wrapper_2').offset().top - mt); }, 50 );if(window['gformInitDatepicker']) {gformInitDatepicker();}if(window['gformInitPriceFields']) {gformInitPriceFields();}var current_page = jQuery('#gform_source_page_number_2').val();gformInitSpinner( 2, 'https:\/\/www.greenpeace.org\/hungary\/wp-content\/plugins\/gravityforms\/images\/spinner.svg', true );jQuery(document).trigger('gform_page_loaded', [2, current_page]);window['gf_submitting_2'] = false;}else if(!is_redirect){var confirmation_content = jQuery(this).contents().find('.GF_AJAX_POSTBACK').html();if(!confirmation_content){confirmation_content = contents;}jQuery('#gform_wrapper_2').replaceWith(confirmation_content);jQuery(document).scrollTop(jQuery('#gf_2').offset().top - mt);jQuery(document).trigger('gform_confirmation_loaded', [2]);window['gf_submitting_2'] = false;wp.a11y.speak(jQuery('#gform_confirmation_message_2').text());}else{jQuery('#gform_2').append(contents);if(window['gformRedirect']) {gformRedirect();}}jQuery(document).trigger(\"gform_pre_post_render\", [{ formId: \"2\", currentPage: \"current_page\", abort: function() { this.preventDefault(); } }]);        if (event && event.defaultPrevented) {                return;        }        const gformWrapperDiv = document.getElementById( \"gform_wrapper_2\" );        if ( gformWrapperDiv ) {            const visibilitySpan = document.createElement( \"span\" );            visibilitySpan.id = \"gform_visibility_test_2\";            gformWrapperDiv.insertAdjacentElement( \"afterend\", visibilitySpan );        }        const visibilityTestDiv = document.getElementById( \"gform_visibility_test_2\" );        let postRenderFired = false;        function triggerPostRender() {            if ( postRenderFired ) {                return;            }            postRenderFired = true;            gform.core.triggerPostRenderEvents( 2, current_page );            if ( visibilityTestDiv ) {                visibilityTestDiv.parentNode.removeChild( visibilityTestDiv );            }        }        function debounce( func, wait, immediate ) {            var timeout;            return function() {                var context = this, args = arguments;                var later = function() {                    timeout = null;                    if ( !immediate ) func.apply( context, args );                };                var callNow = immediate && !timeout;                clearTimeout( timeout );                timeout = setTimeout( later, wait );                if ( callNow ) func.apply( context, args );            };        }        const debouncedTriggerPostRender = debounce( function() {            triggerPostRender();        }, 200 );        if ( visibilityTestDiv && visibilityTestDiv.offsetParent === null ) {            const observer = new MutationObserver( ( mutations ) => {                mutations.forEach( ( mutation ) => {                    if ( mutation.type === 'attributes' && visibilityTestDiv.offsetParent !== null ) {                        debouncedTriggerPostRender();                        observer.disconnect();                    }                });            });            observer.observe( document.body, {                attributes: true,                childList: false,                subtree: true,                attributeFilter: [ 'style', 'class' ],            });        } else {            triggerPostRender();        }    } );} ); \n\/* ]]> *\/\n<\/script>\n<\/div>\n<\/div>\n<\/div>\n<\/div>\n\n<hr class=\"wp-block-separator has-text-color has-green-800-color has-alpha-channel-opacity has-green-800-background-color has-background\"\/>\n","protected":false},"excerpt":{"rendered":"<p>Mit tehetsz, ha term\u00e9szetk\u00e1ros\u00edt\u00e1st \u00e9szlelsz?<\/p>\n","protected":false},"author":25,"featured_media":8312,"parent":8330,"menu_order":0,"comment_status":"closed","ping_status":"closed","template":"","meta":{"ep_exclude_from_search":false,"p4_hide_page_title_checkbox":"on","p4_title":"","p4_subtitle":"","p4_description":"","background_image_id":"","background_image":"","p4_button_title":"","p4_button_link":"","p4_button_link_checkbox":"","p4_og_title":"","p4_og_description":"","p4_og_image":"","p4_og_image_id":"","p4_seo_canonical_url":"","p4_campaign_name":"not set","p4_local_project":"not set","p4_basket_name":"not set","p4_department":"","footnotes":""},"categories":[3],"tags":[20,24],"class_list":["post-8343","page","type-page","status-publish","has-post-thumbnail","hentry","category-termeszet-kornyezet","tag-elovilag","tag-szennyezes"],"_links":{"self":[{"href":"https:\/\/www.greenpeace.org\/hungary\/wp-json\/wp\/v2\/pages\/8343","targetHints":{"allow":["GET"]}}],"collection":[{"href":"https:\/\/www.greenpeace.org\/hungary\/wp-json\/wp\/v2\/pages"}],"about":[{"href":"https:\/\/www.greenpeace.org\/hungary\/wp-json\/wp\/v2\/types\/page"}],"author":[{"embeddable":true,"href":"https:\/\/www.greenpeace.org\/hungary\/wp-json\/wp\/v2\/users\/25"}],"replies":[{"embeddable":true,"href":"https:\/\/www.greenpeace.org\/hungary\/wp-json\/wp\/v2\/comments?post=8343"}],"version-history":[{"count":20,"href":"https:\/\/www.greenpeace.org\/hungary\/wp-json\/wp\/v2\/pages\/8343\/revisions"}],"predecessor-version":[{"id":13238,"href":"https:\/\/www.greenpeace.org\/hungary\/wp-json\/wp\/v2\/pages\/8343\/revisions\/13238"}],"up":[{"embeddable":true,"href":"https:\/\/www.greenpeace.org\/hungary\/wp-json\/wp\/v2\/pages\/8330"}],"wp:featuredmedia":[{"embeddable":true,"href":"https:\/\/www.greenpeace.org\/hungary\/wp-json\/wp\/v2\/media\/8312"}],"wp:attachment":[{"href":"https:\/\/www.greenpeace.org\/hungary\/wp-json\/wp\/v2\/media?parent=8343"}],"wp:term":[{"taxonomy":"category","embeddable":true,"href":"https:\/\/www.greenpeace.org\/hungary\/wp-json\/wp\/v2\/categories?post=8343"},{"taxonomy":"post_tag","embeddable":true,"href":"https:\/\/www.greenpeace.org\/hungary\/wp-json\/wp\/v2\/tags?post=8343"}],"curies":[{"name":"wp","href":"https:\/\/api.w.org\/{rel}","templated":true}]}}