{"id":9,"date":"2018-05-08T14:32:38","date_gmt":"2018-05-08T14:32:38","guid":{"rendered":"https:\/\/k8s.p4.greenpeace.org\/defaultcontent\/?page_id=9"},"modified":"2026-04-16T12:32:39","modified_gmt":"2026-04-16T10:32:39","slug":"cselekedj","status":"publish","type":"page","link":"https:\/\/www.greenpeace.org\/hungary\/cselekedj\/","title":{"rendered":"Cselekedj m\u00e9g ma"},"content":{"rendered":"\n<style>\n@media only screen and (max-width:992px) {.gp-tamogass-header h2, .gp-tamogass-header p {color:#000!important;}}\n<\/style>\n\n<div class=\"wp-block-group is-style-space-evenly is-layout-grid wp-container-core-group-is-layout-8d2db683 wp-block-group-is-layout-grid\">\n<p>A Greenpeace vil\u00e1gszerte b\u00e1tran \u00e9s hat\u00e1rozottan l\u00e9p fel a kl\u00edmav\u00e1ltoz\u00e1s, a term\u00e9szetv\u00e9delem \u00e9s a t\u00e1rsadalmi igazs\u00e1goss\u00e1g ter\u00fclet\u00e9n. A szervezet olyan emberekb\u0151l \u00e1ll, akik tudj\u00e1k, hogy egy\u00fctt m\u00e9g els\u0151re lehetetlennek t\u0171n\u0151 kih\u00edv\u00e1sok lek\u00fczd\u00e9s\u00e9re is k\u00e9pesek vagyunk. Milli\u00f3nyi apr\u00f3, de a j\u00f3 ir\u00e1nyba tett cselekedet bizony megv\u00e1ltoztatja a vil\u00e1got!<\/p>\n\n\n\n<p>Te is b\u00e1tran ki\u00e1lln\u00e1l az\u00e9rt, amiben hiszel? Akkor csak gyere! Az al\u00e1bbiakban \u00f6sszegy\u0171jt\u00f6tt\u00fck, milyen sokf\u00e9lek\u00e9ppen tehetsz a j\u00f3 \u00fcgyek \u00e9rdek\u00e9ben. Legyen az kisebb vagy nagyobb \u00e9letm\u00f3dv\u00e1lt\u00e1s, egy pet\u00edci\u00f3 al\u00e1\u00edr\u00e1sa, egy akci\u00f3ban val\u00f3 r\u00e9szv\u00e9tel, \u00f6nk\u00e9ntesked\u00e9s, anyagi t\u00e1mogat\u00e1s vagy az \u00fczeneteink megoszt\u00e1sa, minden apr\u00f3s\u00e1g sz\u00e1m\u00edt!<\/p>\n<\/div>\n\n<div style=\"height:42px\" aria-hidden=\"true\" class=\"wp-block-spacer\"><\/div>\n\n<div class=\"wp-block-columns is-not-stacked-on-mobile is-style-mobile-carousel is-layout-flex wp-container-core-columns-is-layout-9d6595d7 wp-block-columns-is-layout-flex\">\n<div class=\"wp-block-column is-layout-flow wp-block-column-is-layout-flow\">\n<div class=\"wp-block-buttons is-vertical is-content-justification-center is-nowrap is-layout-flex wp-container-core-buttons-is-layout-f22fa84d wp-block-buttons-is-layout-flex\">\n<div class=\"wp-block-button is-style-secondary\"><a class=\"wp-block-button__link wp-element-button\" href=\"#csatlakozz\">Csatlakozz<\/a><\/div>\n<\/div>\n<\/div>\n\n\n\n<div class=\"wp-block-column is-layout-flow wp-block-column-is-layout-flow\">\n<div class=\"wp-block-buttons is-vertical is-content-justification-center is-nowrap is-layout-flex wp-container-core-buttons-is-layout-534da0b3 wp-block-buttons-is-layout-flex\">\n<div class=\"wp-block-button is-style-secondary\"><a class=\"wp-block-button__link wp-element-button\" href=\"#tamogatas\">T\u00e1mogass<\/a><\/div>\n<\/div>\n<\/div>\n\n\n\n<div class=\"wp-block-column is-layout-flow wp-block-column-is-layout-flow\">\n<div class=\"wp-block-buttons is-vertical is-content-justification-center is-nowrap is-layout-flex wp-container-core-buttons-is-layout-534da0b3 wp-block-buttons-is-layout-flex\">\n<div class=\"wp-block-button is-style-secondary\"><a class=\"wp-block-button__link wp-element-button\" href=\"#vegyel-reszt\">Vegy\u00e9l r\u00e9szt<\/a><\/div>\n<\/div>\n<\/div>\n\n\n\n<div class=\"wp-block-column is-layout-flow wp-block-column-is-layout-flow\">\n<div class=\"wp-block-buttons is-vertical is-content-justification-center is-nowrap is-layout-flex wp-container-core-buttons-is-layout-534da0b3 wp-block-buttons-is-layout-flex\">\n<div class=\"wp-block-button is-style-secondary\"><a class=\"wp-block-button__link wp-element-button\" href=\"#legy-tudatos\">L\u00e9gy tudatos<\/a><\/div>\n<\/div>\n<\/div>\n<\/div>\n\n<div style=\"height:42px\" aria-hidden=\"true\" class=\"wp-block-spacer\"><\/div>\n\n<div id=\"csatlakozz\"><\/div>\n\n<div class=\"wp-block-query actions-list p4-query-loop is-custom-layout-carousel is-layout-flex wp-block-query-is-layout-flex\">\n<h2 class=\"wp-block-heading has-large-font-size\">Mi tehetsz?<\/h2>\n\n\n\n<p style=\"margin-top:24px;margin-bottom:32px\">H\u00e1la nektek, a Greenpeace glob\u00e1lis sk\u00e1l\u00e1n v\u00e9dheti term\u00e9szeti kincseinket \u00e9s \u00e9l\u0151vil\u00e1gunkat!<\/p>\n\n\n\n\n<ul class=\"wp-block-post-template is-layout-flow wp-block-post-template-is-layout-flow\"><li class=\"wp-block-post post-713 page type-page status-publish has-post-thumbnail hentry tag-greenpeace-magyarorszag\">\n<figure class=\"wp-block-post-featured-image\"><img loading=\"lazy\" decoding=\"async\" width=\"1600\" height=\"1067\" src=\"https:\/\/www.greenpeace.org\/static\/planet4-hungary-stateless\/2025\/11\/10a5374c-gphu-20220216073230-jardany-bence-026-sm.jpg\" class=\"attachment-post-thumbnail size-post-thumbnail wp-post-image wp-stateless-item\" alt=\"Greenpeace akci\u00f3\" style=\"object-fit:cover;\" srcset=\"https:\/\/www.greenpeace.org\/static\/planet4-hungary-stateless\/2025\/11\/10a5374c-gphu-20220216073230-jardany-bence-026-sm.jpg 1600w, https:\/\/www.greenpeace.org\/static\/planet4-hungary-stateless\/2025\/11\/10a5374c-gphu-20220216073230-jardany-bence-026-sm-300x200.jpg 300w, https:\/\/www.greenpeace.org\/static\/planet4-hungary-stateless\/2025\/11\/10a5374c-gphu-20220216073230-jardany-bence-026-sm-1024x683.jpg 1024w, https:\/\/www.greenpeace.org\/static\/planet4-hungary-stateless\/2025\/11\/10a5374c-gphu-20220216073230-jardany-bence-026-sm-768x512.jpg 768w, https:\/\/www.greenpeace.org\/static\/planet4-hungary-stateless\/2025\/11\/10a5374c-gphu-20220216073230-jardany-bence-026-sm-1536x1024.jpg 1536w, https:\/\/www.greenpeace.org\/static\/planet4-hungary-stateless\/2025\/11\/10a5374c-gphu-20220216073230-jardany-bence-026-sm-510x340.jpg 510w\" sizes=\"auto, (max-width: 1600px) 100vw, 1600px\" data-image-size=\"post-thumbnail\" data-stateless-media-bucket=\"planet4-hungary-stateless\" data-stateless-media-name=\"2025\/11\/10a5374c-gphu-20220216073230-jardany-bence-026-sm.jpg\" \/><\/figure>\n\n\n<div class=\"wp-block-group group-stretched-link is-layout-flow wp-block-group-is-layout-flow\">\n\n<h3 class=\"wp-block-post-title\"><a href=\"https:\/\/www.greenpeace.org\/hungary\/cselekedj\/legyel-az-onkentesunk\/\" target=\"_self\" >L\u00e9gy \u00f6nk\u00e9ntes\u00fcnk<\/a><\/h3>\n\n<div class=\"wp-block-post-excerpt\"><p class=\"wp-block-post-excerpt__excerpt\">Csatlakozz hozz\u00e1nk, \u00e9s fedezd fel, hogyan lehetsz akt\u00edv tagja a Greenpeace munk\u00e1j\u00e1nak! Egy\u00fctt val\u00f3di v\u00e1ltoz\u00e1st \u00e9rhet\u00fcnk el! <\/p><\/div><\/div>\n\n\n\n<div class=\"wp-block-group read-more-nav is-layout-flow wp-block-group-is-layout-flow\"><a href=\"https:\/\/www.greenpeace.org\/hungary\/cselekedj\/legyel-az-onkentesunk\/\" class=\"btn btn-primary btn-small\" aria-label=\"Cselekszem\">Cselekszem<\/a><\/div>\n\n<\/li><li class=\"wp-block-post post-13115 page type-page status-publish has-post-thumbnail hentry tag-greenpeace-magyarorszag\">\n<figure class=\"wp-block-post-featured-image\"><img loading=\"lazy\" decoding=\"async\" width=\"1200\" height=\"800\" src=\"https:\/\/www.greenpeace.org\/static\/planet4-hungary-stateless\/2025\/11\/b8432c5c-gp0stucdl-1.jpg\" class=\"attachment-post-thumbnail size-post-thumbnail wp-post-image wp-stateless-item\" alt=\"Kl\u00edmav\u00e9szhelyzet - fiatal aktivist\u00e1k\" style=\"object-fit:cover;\" srcset=\"https:\/\/www.greenpeace.org\/static\/planet4-hungary-stateless\/2025\/11\/b8432c5c-gp0stucdl-1.jpg 1200w, https:\/\/www.greenpeace.org\/static\/planet4-hungary-stateless\/2025\/11\/b8432c5c-gp0stucdl-1-300x200.jpg 300w, https:\/\/www.greenpeace.org\/static\/planet4-hungary-stateless\/2025\/11\/b8432c5c-gp0stucdl-1-1024x683.jpg 1024w, https:\/\/www.greenpeace.org\/static\/planet4-hungary-stateless\/2025\/11\/b8432c5c-gp0stucdl-1-768x512.jpg 768w, https:\/\/www.greenpeace.org\/static\/planet4-hungary-stateless\/2025\/11\/b8432c5c-gp0stucdl-1-510x340.jpg 510w\" sizes=\"auto, (max-width: 1200px) 100vw, 1200px\" data-image-size=\"post-thumbnail\" data-stateless-media-bucket=\"planet4-hungary-stateless\" data-stateless-media-name=\"2025\/11\/b8432c5c-gp0stucdl-1.jpg\" \/><\/figure>\n\n\n<div class=\"wp-block-group group-stretched-link is-layout-flow wp-block-group-is-layout-flow\">\n\n<h3 class=\"wp-block-post-title\"><a href=\"https:\/\/www.greenpeace.org\/hungary\/cselekedj\/iksz-ezz-a-greenpeace-nel\/\" target=\"_self\" >IKSZ-ezz a Greenpeace-n\u00e9l!<\/a><\/h3>\n\n<div class=\"wp-block-post-excerpt\"><p class=\"wp-block-post-excerpt__excerpt\">Di\u00e1kk\u00e9nt is sz\u00e1mtalan lehet\u0151s\u00e9g van arra, hogy bekapcsol\u00f3dj a z\u00f6ld \u00fcgyekbe. A k\u00f6z\u00f6ss\u00e9gi cselekv\u00e9s \u00e9lm\u00e9nye mellett IKSZ-es \u00f3r\u00e1kat is adunk. <\/p><\/div><\/div>\n\n\n\n<div class=\"wp-block-group read-more-nav is-layout-flow wp-block-group-is-layout-flow\"><a href=\"https:\/\/www.greenpeace.org\/hungary\/cselekedj\/iksz-ezz-a-greenpeace-nel\/\" class=\"btn btn-primary btn-small\" aria-label=\"Cselekszem\">Cselekszem<\/a><\/div>\n\n<\/li><li class=\"wp-block-post post-1912 page type-page status-publish has-post-thumbnail hentry tag-greenpeace-magyarorszag\">\n<figure class=\"wp-block-post-featured-image\"><img loading=\"lazy\" decoding=\"async\" width=\"1600\" height=\"1067\" src=\"https:\/\/www.greenpeace.org\/static\/planet4-hungary-stateless\/2025\/11\/7036e6dc-n49a1149-sm.jpg\" class=\"attachment-post-thumbnail size-post-thumbnail wp-post-image wp-stateless-item\" alt=\"Dolgozz n\u00e1lunk - Greenpeace\" style=\"object-fit:cover;\" srcset=\"https:\/\/www.greenpeace.org\/static\/planet4-hungary-stateless\/2025\/11\/7036e6dc-n49a1149-sm.jpg 1600w, https:\/\/www.greenpeace.org\/static\/planet4-hungary-stateless\/2025\/11\/7036e6dc-n49a1149-sm-300x200.jpg 300w, https:\/\/www.greenpeace.org\/static\/planet4-hungary-stateless\/2025\/11\/7036e6dc-n49a1149-sm-1024x683.jpg 1024w, https:\/\/www.greenpeace.org\/static\/planet4-hungary-stateless\/2025\/11\/7036e6dc-n49a1149-sm-768x512.jpg 768w, https:\/\/www.greenpeace.org\/static\/planet4-hungary-stateless\/2025\/11\/7036e6dc-n49a1149-sm-1536x1024.jpg 1536w, https:\/\/www.greenpeace.org\/static\/planet4-hungary-stateless\/2025\/11\/7036e6dc-n49a1149-sm-510x340.jpg 510w\" sizes=\"auto, (max-width: 1600px) 100vw, 1600px\" data-image-size=\"post-thumbnail\" data-stateless-media-bucket=\"planet4-hungary-stateless\" data-stateless-media-name=\"2025\/11\/7036e6dc-n49a1149-sm.jpg\" \/><\/figure>\n\n\n<div class=\"wp-block-group group-stretched-link is-layout-flow wp-block-group-is-layout-flow\">\n\n<h3 class=\"wp-block-post-title\"><a href=\"https:\/\/www.greenpeace.org\/hungary\/cselekedj\/dolgozz-nalunk\/\" target=\"_self\" >Dolgozz n\u00e1lunk<\/a><\/h3>\n\n<div class=\"wp-block-post-excerpt\"><p class=\"wp-block-post-excerpt__excerpt\">Fontos neked a bolyg\u00f3 v\u00e9delme? N\u00e9zd meg aktu\u00e1lis \u00e1ll\u00e1shirdet\u00e9seinket, h\u00e1tha \u00e9pp t\u00e9ged keres\u00fcnk! <\/p><\/div><\/div>\n\n\n\n<div class=\"wp-block-group read-more-nav is-layout-flow wp-block-group-is-layout-flow\"><a href=\"https:\/\/www.greenpeace.org\/hungary\/cselekedj\/dolgozz-nalunk\/\" class=\"btn btn-primary btn-small\" aria-label=\"Cselekszem\">Cselekszem<\/a><\/div>\n\n<\/li><li class=\"wp-block-post post-404 page type-page status-publish has-post-thumbnail hentry tag-greenpeace-magyarorszag\">\n<figure class=\"wp-block-post-featured-image\"><img loading=\"lazy\" decoding=\"async\" width=\"1200\" height=\"799\" src=\"https:\/\/www.greenpeace.org\/static\/planet4-hungary-stateless\/2018\/10\/e886ad10-gp02kqj.jpg\" class=\"attachment-post-thumbnail size-post-thumbnail wp-post-image wp-stateless-item\" alt=\"Rainbow Warrior Arrives in Amsterdam. \u00a9 Bas Beentjes\" style=\"object-fit:cover;\" srcset=\"https:\/\/www.greenpeace.org\/static\/planet4-hungary-stateless\/2018\/10\/e886ad10-gp02kqj.jpg 1200w, https:\/\/www.greenpeace.org\/static\/planet4-hungary-stateless\/2018\/10\/e886ad10-gp02kqj-300x200.jpg 300w, https:\/\/www.greenpeace.org\/static\/planet4-hungary-stateless\/2018\/10\/e886ad10-gp02kqj-768x511.jpg 768w, https:\/\/www.greenpeace.org\/static\/planet4-hungary-stateless\/2018\/10\/e886ad10-gp02kqj-1024x682.jpg 1024w, https:\/\/www.greenpeace.org\/static\/planet4-hungary-stateless\/2018\/10\/e886ad10-gp02kqj-510x340.jpg 510w\" sizes=\"auto, (max-width: 1200px) 100vw, 1200px\" data-image-size=\"post-thumbnail\" data-stateless-media-bucket=\"planet4-hungary-stateless\" data-stateless-media-name=\"2018\/10\/e886ad10-gp02kqj.jpg\" \/><\/figure>\n\n\n<div class=\"wp-block-group group-stretched-link is-layout-flow wp-block-group-is-layout-flow\">\n\n<h3 class=\"wp-block-post-title\"><a href=\"https:\/\/www.greenpeace.org\/hungary\/cselekedj\/kovesd-a-munkankat\/\" target=\"_self\" >K\u00f6vesd a munk\u00e1nkat<\/a><\/h3>\n\n<div class=\"wp-block-post-excerpt\"><p class=\"wp-block-post-excerpt__excerpt\">A legfontosabb h\u00edrekr\u0151l, esem\u00e9nyekr\u0151l \u00e9s sikereinkr\u0151l a h\u00edrlevel\u00fcnkb\u0151l \u00e9rtes\u00fclhetsz. Iratkozz fel! <\/p><\/div><\/div>\n\n\n\n<div class=\"wp-block-group read-more-nav is-layout-flow wp-block-group-is-layout-flow\"><a href=\"https:\/\/www.greenpeace.org\/hungary\/cselekedj\/kovesd-a-munkankat\/\" class=\"btn btn-primary btn-small\" aria-label=\"Cselekszem\">Cselekszem<\/a><\/div>\n\n<\/li><\/ul>\n\n\n<div class=\"wp-block-buttons carousel-controls is-horizontal is-content-justification-space-between is-nowrap is-layout-flex wp-container-core-buttons-is-layout-044bd602 wp-block-buttons-is-layout-flex\">\n<div class=\"wp-block-button carousel-control-prev\"><button type=\"button\" class=\"wp-block-button__link wp-element-button\">Previous Carousel Slide<\/button><\/div>\n\n\n\n<div class=\"wp-block-button carousel-control-next\"><button type=\"button\" class=\"wp-block-button__link wp-element-button\">Next Carousel Slide<\/button><\/div>\n<\/div>\n\n\n\n<div class=\"wp-block-buttons load-more-actions-container is-content-justification-center is-layout-flex wp-container-core-buttons-is-layout-16018d1d wp-block-buttons-is-layout-flex\">\n<div class=\"wp-block-button is-style-secondary\"><button type=\"button\" class=\"wp-block-button__link wp-element-button\">Load more<\/button><\/div>\n<\/div>\n<\/div>\n\n<div class=\"wp-block-cover\" id=\"tamogatas\"><img loading=\"lazy\" decoding=\"async\" width=\"1200\" height=\"798\" class=\"wp-block-cover__image-background wp-image-11879 size-full\" alt=\"K\u00e9k\u00fasz\u00f3j\u00fa tonhal \u00faszk\u00e1l egy sz\u00e1ll\u00edt\u00f3 ketrecben. A Rainbow Warrior h\u00e1rom h\u00f3napos haj\u00f3\u00fatja sor\u00e1n a F\u00f6ldk\u00f6zi-tengeren tart\u00f3zkodik, ahol fell\u00e9p a tengereket fenyeget\u0151 vesz\u00e9lyekkel szemben, \u00e9s nagyszab\u00e1s\u00fa tengeri rezerv\u00e1tumok h\u00e1l\u00f3zat\u00e1nak l\u00e9trehoz\u00e1s\u00e1ra sz\u00f3l\u00edt fel a F\u00f6ldk\u00f6zi-tenger eg\u00e9szs\u00e9g\u00e9nek \u00e9s termel\u00e9kenys\u00e9g\u00e9nek v\u00e9delme \u00e9rdek\u00e9ben.\" src=\"https:\/\/www.greenpeace.org\/static\/planet4-hungary-stateless\/2025\/04\/780582f4-gp0gdg.jpg\" data-object-fit=\"cover\" srcset=\"https:\/\/www.greenpeace.org\/static\/planet4-hungary-stateless\/2025\/04\/780582f4-gp0gdg.jpg 1200w, https:\/\/www.greenpeace.org\/static\/planet4-hungary-stateless\/2025\/04\/780582f4-gp0gdg-300x200.jpg 300w, https:\/\/www.greenpeace.org\/static\/planet4-hungary-stateless\/2025\/04\/780582f4-gp0gdg-1024x681.jpg 1024w, https:\/\/www.greenpeace.org\/static\/planet4-hungary-stateless\/2025\/04\/780582f4-gp0gdg-768x511.jpg 768w, https:\/\/www.greenpeace.org\/static\/planet4-hungary-stateless\/2025\/04\/780582f4-gp0gdg-510x340.jpg 510w\" sizes=\"auto, (max-width: 1200px) 100vw, 1200px\" \/><span aria-hidden=\"true\" class=\"wp-block-cover__background has-grey-900-background-color has-background-dim-30 has-background-dim\"><\/span><div class=\"wp-block-cover__inner-container is-layout-constrained wp-block-cover-is-layout-constrained\">\n<h2 class=\"wp-block-heading has-text-align-left has-large-font-size\">T\u00e1mogass minket, hogy k\u00fczdhess\u00fcnk a bolyg\u00f3nk\u00e9rt<\/h2>\n\n\n\n<p class=\"has-medium-font-size\">M\u0171k\u00f6d\u00e9s\u00fcnk olyan mag\u00e1nszem\u00e9lyek adom\u00e1nyainak k\u00f6sz\u00f6nhet\u0151, mint Te!<\/p>\n\n\n\n<div class=\"wp-block-buttons is-layout-flex wp-block-buttons-is-layout-flex\">\n<div class=\"wp-block-button is-style-cta\"><a class=\"wp-block-button__link wp-element-button\" href=\"https:\/\/www.greenpeace.org\/hungary\/cselekedj\/tamogass-minket-hogy-kuzdhessunk-a-bolygonkert\">T\u00e1mogatom<\/a><\/div>\n<\/div>\n<\/div><\/div>\n\n<div style=\"height:42px\" aria-hidden=\"true\" class=\"wp-block-spacer\"><\/div>\n\n<div id=\"vegyel-reszt\"><\/div>\n\n<hr class=\"wp-block-separator has-text-color has-green-400-color has-alpha-channel-opacity has-green-400-background-color has-background\"\/>\n\n<div class=\"wp-block-query actions-list p4-query-loop is-custom-layout-grid is-layout-grid wp-container-core-query-is-layout-29f43435 wp-block-query-is-layout-grid\">\n<h2 class=\"wp-block-heading has-large-font-size\">\u00cdrd al\u00e1 pet\u00edci\u00f3inkat!<\/h2>\n\n\n\n<p style=\"margin-top:24px;margin-bottom:32px\">A pet\u00edci\u00f3 hat\u00e1sos eszk\u00f6ze annak, hogy megmutassuk, milyen nagy t\u00f6meg \u00e1ll egy-egy \u00fcgy vagy k\u00f6vetel\u00e9s m\u00f6g\u00f6tt.<\/p>\n\n\n\n\n<ul class=\"wp-block-post-template is-layout-flow wp-block-post-template-is-layout-flow\"><li class=\"wp-block-post post-10078 page type-page status-publish has-post-thumbnail hentry category-termeszet-kornyezet tag-fogyasztas tag-muanyag\">\n<figure class=\"wp-block-post-featured-image\"><img loading=\"lazy\" decoding=\"async\" width=\"1200\" height=\"766\" src=\"https:\/\/www.greenpeace.org\/static\/planet4-hungary-stateless\/2022\/12\/d7139d08-gp0stqbda_high_res.jpg\" class=\"attachment-post-thumbnail size-post-thumbnail wp-post-image wp-stateless-item\" alt=\"\" style=\"object-fit:cover;\" srcset=\"https:\/\/www.greenpeace.org\/static\/planet4-hungary-stateless\/2022\/12\/d7139d08-gp0stqbda_high_res.jpg 1200w, https:\/\/www.greenpeace.org\/static\/planet4-hungary-stateless\/2022\/12\/d7139d08-gp0stqbda_high_res-300x192.jpg 300w, https:\/\/www.greenpeace.org\/static\/planet4-hungary-stateless\/2022\/12\/d7139d08-gp0stqbda_high_res-1024x654.jpg 1024w, https:\/\/www.greenpeace.org\/static\/planet4-hungary-stateless\/2022\/12\/d7139d08-gp0stqbda_high_res-768x490.jpg 768w, https:\/\/www.greenpeace.org\/static\/planet4-hungary-stateless\/2022\/12\/d7139d08-gp0stqbda_high_res-510x326.jpg 510w\" sizes=\"auto, (max-width: 1200px) 100vw, 1200px\" data-image-size=\"post-thumbnail\" data-stateless-media-bucket=\"planet4-hungary-stateless\" data-stateless-media-name=\"2022\/12\/d7139d08-gp0stqbda_high_res.jpg\" \/><\/figure>\n\n\n<div class=\"wp-block-group group-stretched-link is-layout-flow wp-block-group-is-layout-flow\"><div class=\"wp-block-post-terms\">Term\u00e9szet &amp; K\u00f6rnyezet<\/div>\n\n<h3 class=\"wp-block-post-title\"><a href=\"https:\/\/www.greenpeace.org\/hungary\/cselekedj\/szupermarketek-stop-muanyag\/\" target=\"_self\" >Szupermarketek \u2013 stop m\u0171anyag!<\/a><\/h3>\n\n<div class=\"wp-block-post-excerpt\"><p class=\"wp-block-post-excerpt__excerpt\">\u00cdrd al\u00e1 a pet\u00edci\u00f3t, hogy a hazai \u00e9lelmiszerboltok radik\u00e1lisan cs\u00f6kkents\u00e9k az egyszer haszn\u00e1latos m\u0171anyagok haszn\u00e1lat\u00e1t. <\/p><\/div><\/div>\n\n\n\n<div class=\"wp-block-group read-more-nav is-layout-flow wp-block-group-is-layout-flow\"><a href=\"https:\/\/www.greenpeace.org\/hungary\/cselekedj\/szupermarketek-stop-muanyag\/\" class=\"btn btn-primary btn-small\" aria-label=\"Cselekszem\">Cselekszem<\/a><\/div>\n\n<\/li><li class=\"wp-block-post post-13109 page type-page status-publish has-post-thumbnail hentry category-termeszet-kornyezet tag-elovilag\">\n<figure class=\"wp-block-post-featured-image\"><img loading=\"lazy\" decoding=\"async\" width=\"1400\" height=\"933\" src=\"https:\/\/www.greenpeace.org\/static\/planet4-hungary-stateless\/2025\/12\/42e9bfff-vedjuk-meg-a-vedett-erdeinket-sm.jpg\" class=\"attachment-post-thumbnail size-post-thumbnail wp-post-image wp-stateless-item\" alt=\"V\u00e9dj\u00fck meg a v\u00e9dett erdeinket!\" style=\"object-fit:cover;\" srcset=\"https:\/\/www.greenpeace.org\/static\/planet4-hungary-stateless\/2025\/12\/42e9bfff-vedjuk-meg-a-vedett-erdeinket-sm.jpg 1400w, https:\/\/www.greenpeace.org\/static\/planet4-hungary-stateless\/2025\/12\/42e9bfff-vedjuk-meg-a-vedett-erdeinket-sm-300x200.jpg 300w, https:\/\/www.greenpeace.org\/static\/planet4-hungary-stateless\/2025\/12\/42e9bfff-vedjuk-meg-a-vedett-erdeinket-sm-1024x682.jpg 1024w, https:\/\/www.greenpeace.org\/static\/planet4-hungary-stateless\/2025\/12\/42e9bfff-vedjuk-meg-a-vedett-erdeinket-sm-768x512.jpg 768w, https:\/\/www.greenpeace.org\/static\/planet4-hungary-stateless\/2025\/12\/42e9bfff-vedjuk-meg-a-vedett-erdeinket-sm-510x340.jpg 510w\" sizes=\"auto, (max-width: 1400px) 100vw, 1400px\" data-image-size=\"post-thumbnail\" data-stateless-media-bucket=\"planet4-hungary-stateless\" data-stateless-media-name=\"2025\/12\/42e9bfff-vedjuk-meg-a-vedett-erdeinket-sm.jpg\" \/><\/figure>\n\n\n<div class=\"wp-block-group group-stretched-link is-layout-flow wp-block-group-is-layout-flow\"><div class=\"wp-block-post-terms\">Term\u00e9szet &amp; K\u00f6rnyezet<\/div>\n\n<h3 class=\"wp-block-post-title\"><a href=\"https:\/\/www.greenpeace.org\/hungary\/cselekedj\/vedjuk-meg-a-vedett-erdeinket\/\" target=\"_self\" >V\u00e9dj\u00fck meg a v\u00e9dett erdeinket!<\/a><\/h3>\n\n<div class=\"wp-block-post-excerpt\"><p class=\"wp-block-post-excerpt__excerpt\">Igen, j\u00f3l olvastad: ha szerinted is bizarr, hogy a v\u00e9dett erd\u0151k szorulnak v\u00e9delemre, akkor nem vagy egyed\u00fcl. A v\u00e9dett ter\u00fcleteknek mened\u00e9ket kellene jelenteni az \u00e9l\u0151vil\u00e1g sz\u00e1m\u00e1ra egy olyan vil\u00e1gban, ahol t\u00e1jaink nagy r\u00e9sz\u00e9t az emberi tev\u00e9kenys\u00e9g uralja. Olyan helyeknek kellene lenni\u00fck, ahol az \u00e9l\u0151vil\u00e1g \u00e9rdekei, a term\u00e9szetv\u00e9delem szempontjai \u00e9rv\u00e9nyes\u00fclnek. <\/p><\/div><\/div>\n\n\n\n<div class=\"wp-block-group read-more-nav is-layout-flow wp-block-group-is-layout-flow\"><a href=\"https:\/\/www.greenpeace.org\/hungary\/cselekedj\/vedjuk-meg-a-vedett-erdeinket\/\" class=\"btn btn-primary btn-small\" aria-label=\"Cselekszem\">Cselekszem<\/a><\/div>\n\n<\/li><li class=\"wp-block-post post-12907 page type-page status-publish has-post-thumbnail hentry category-termeszet-kornyezet tag-fosszilis tag-szennyezes\">\n<figure class=\"wp-block-post-featured-image\"><img loading=\"lazy\" decoding=\"async\" width=\"1600\" height=\"1068\" src=\"https:\/\/www.greenpeace.org\/static\/planet4-hungary-stateless\/2025\/11\/502e8b73-gp0styi00-sm.jpg\" class=\"attachment-post-thumbnail size-post-thumbnail wp-post-image wp-stateless-item\" alt=\"A Greenpeace International aktivist\u00e1i vil\u00e1gszerte eveztek \u00e9s tiltakoztak az MV COCO k\u00f6r\u00fcl, egy speci\u00e1lis tengeri f\u00far\u00f3haj\u00f3 k\u00f6r\u00fcl, amely jelenleg adatokat gy\u0171jt a m\u00e9lytengeri b\u00e1ny\u00e1szat \u00e9llovasa, a The Metals Company sz\u00e1m\u00e1ra, utols\u00f3 exped\u00edci\u00f3j\u00e1n, miel\u0151tt a vil\u00e1g els\u0151 tengeri f\u00far\u00e1si enged\u00e9lyk\u00e9relm\u00e9t beny\u00fajtan\u00e1 a Csendes-\u00f3ce\u00e1nban.\" style=\"object-fit:cover;\" srcset=\"https:\/\/www.greenpeace.org\/static\/planet4-hungary-stateless\/2025\/11\/502e8b73-gp0styi00-sm.jpg 1600w, https:\/\/www.greenpeace.org\/static\/planet4-hungary-stateless\/2025\/11\/502e8b73-gp0styi00-sm-300x200.jpg 300w, https:\/\/www.greenpeace.org\/static\/planet4-hungary-stateless\/2025\/11\/502e8b73-gp0styi00-sm-1024x684.jpg 1024w, https:\/\/www.greenpeace.org\/static\/planet4-hungary-stateless\/2025\/11\/502e8b73-gp0styi00-sm-768x513.jpg 768w, https:\/\/www.greenpeace.org\/static\/planet4-hungary-stateless\/2025\/11\/502e8b73-gp0styi00-sm-1536x1025.jpg 1536w, https:\/\/www.greenpeace.org\/static\/planet4-hungary-stateless\/2025\/11\/502e8b73-gp0styi00-sm-510x340.jpg 510w\" sizes=\"auto, (max-width: 1600px) 100vw, 1600px\" data-image-size=\"post-thumbnail\" data-stateless-media-bucket=\"planet4-hungary-stateless\" data-stateless-media-name=\"2025\/11\/502e8b73-gp0styi00-sm.jpg\" \/><\/figure>\n\n\n<div class=\"wp-block-group group-stretched-link is-layout-flow wp-block-group-is-layout-flow\"><div class=\"wp-block-post-terms\">Term\u00e9szet &amp; K\u00f6rnyezet<\/div>\n\n<h3 class=\"wp-block-post-title\"><a href=\"https:\/\/www.greenpeace.org\/hungary\/cselekedj\/ne-engedjuk-hogy-elkezdodjon-a-melytengeri-banyaszat\/\" target=\"_self\" >Ne engedj\u00fck, hogy elkezd\u0151dj\u00f6n a m\u00e9lytengeri b\u00e1ny\u00e1szat!<\/a><\/h3>\n\n<div class=\"wp-block-post-excerpt\"><p class=\"wp-block-post-excerpt__excerpt\">A m\u00e9lytengerek a biol\u00f3giai sokf\u00e9les\u00e9g p\u00e1ratlan t\u00e1rh\u00e1zai, melyek sz\u00e1mtalan csod\u00e1nak \u00e9s lehet\u0151s\u00e9gnek adnak otthont. Egyben az egyik legjobb sz\u00f6vets\u00e9geseink a kl\u00edmav\u00e1ltoz\u00e1s ellen. Az \u00f3ce\u00e1nok eg\u00e9szs\u00e9ge ez\u00e9rt minket is \u00e9rint, ahogy minden embert a vil\u00e1gon. Azonban k\u00f6zeledik egy, az eg\u00e9sz vil\u00e1got \u00e9rint\u0151 fenyeget\u00e9s: a m\u00e9lytengeri b\u00e1ny\u00e1szat. A j\u00f3 h\u00edr, hogy meg tudjuk akad\u00e1lyozni ennek az ipar\u00e1gnak&hellip; <\/p><\/div><\/div>\n\n\n\n<div class=\"wp-block-group read-more-nav is-layout-flow wp-block-group-is-layout-flow\"><a href=\"https:\/\/www.greenpeace.org\/hungary\/cselekedj\/ne-engedjuk-hogy-elkezdodjon-a-melytengeri-banyaszat\/\" class=\"btn btn-primary btn-small\" aria-label=\"Cselekszem\">Cselekszem<\/a><\/div>\n\n<\/li><li class=\"wp-block-post post-12575 page type-page status-publish has-post-thumbnail hentry category-termeszet-kornyezet tag-szennyezes\">\n<figure class=\"wp-block-post-featured-image\"><img loading=\"lazy\" decoding=\"async\" width=\"1200\" height=\"808\" src=\"https:\/\/www.greenpeace.org\/static\/planet4-hungary-stateless\/2024\/11\/43b14b69-mg_4944_1200_v2.jpg\" class=\"attachment-post-thumbnail size-post-thumbnail wp-post-image wp-stateless-item\" alt=\"\u00c1ll\u00edtsuk meg az akkumul\u00e1torgy\u00e1rak szennyez\u00e9s\u00e9t!\" style=\"object-fit:cover;\" srcset=\"https:\/\/www.greenpeace.org\/static\/planet4-hungary-stateless\/2024\/11\/43b14b69-mg_4944_1200_v2.jpg 1200w, https:\/\/www.greenpeace.org\/static\/planet4-hungary-stateless\/2024\/11\/43b14b69-mg_4944_1200_v2-300x202.jpg 300w, https:\/\/www.greenpeace.org\/static\/planet4-hungary-stateless\/2024\/11\/43b14b69-mg_4944_1200_v2-1024x689.jpg 1024w, https:\/\/www.greenpeace.org\/static\/planet4-hungary-stateless\/2024\/11\/43b14b69-mg_4944_1200_v2-768x517.jpg 768w, https:\/\/www.greenpeace.org\/static\/planet4-hungary-stateless\/2024\/11\/43b14b69-mg_4944_1200_v2-505x340.jpg 505w\" sizes=\"auto, (max-width: 1200px) 100vw, 1200px\" data-image-size=\"post-thumbnail\" data-stateless-media-bucket=\"planet4-hungary-stateless\" data-stateless-media-name=\"2024\/11\/43b14b69-mg_4944_1200_v2.jpg\" \/><\/figure>\n\n\n<div class=\"wp-block-group group-stretched-link is-layout-flow wp-block-group-is-layout-flow\"><div class=\"wp-block-post-terms\">Term\u00e9szet &amp; K\u00f6rnyezet<\/div>\n\n<h3 class=\"wp-block-post-title\"><a href=\"https:\/\/www.greenpeace.org\/hungary\/cselekedj\/allitsuk-meg-az-akkumulatorgyarak-szennyezeset\/\" target=\"_self\" >\u00c1ll\u00edtsuk meg az akkumul\u00e1torgy\u00e1rak szennyez\u00e9s\u00e9t!<\/a><\/h3>\n\n<div class=\"wp-block-post-excerpt\"><p class=\"wp-block-post-excerpt__excerpt\">K\u00f6vetelj\u00fck egy\u00fctt, hogy a korm\u00e1ny garant\u00e1lja az akkumul\u00e1toripari l\u00e9tes\u00edtm\u00e9nyekben dolgoz\u00f3k, a k\u00f6rny\u00e9ken lak\u00f3k eg\u00e9szs\u00e9g\u00e9nek, valamint a k\u00f6rnyezet \u00e9s \u00e9l\u0151vil\u00e1gunk v\u00e9delm\u00e9t. <\/p><\/div><\/div>\n\n\n\n<div class=\"wp-block-group read-more-nav is-layout-flow wp-block-group-is-layout-flow\"><a href=\"https:\/\/www.greenpeace.org\/hungary\/cselekedj\/allitsuk-meg-az-akkumulatorgyarak-szennyezeset\/\" class=\"btn btn-primary btn-small\" aria-label=\"Cselekszem\">Cselekszem<\/a><\/div>\n\n<\/li><li class=\"wp-block-post post-11386 page type-page status-publish has-post-thumbnail hentry tag-fosszilis\">\n<figure class=\"wp-block-post-featured-image\"><img loading=\"lazy\" decoding=\"async\" width=\"1920\" height=\"1079\" src=\"https:\/\/www.greenpeace.org\/static\/planet4-hungary-stateless\/2024\/12\/ec68840a-dji_0023_1920.jpg\" class=\"attachment-post-thumbnail size-post-thumbnail wp-post-image wp-stateless-item\" alt=\"Tilts\u00e1k be a frackinget Magyarorsz\u00e1gon is!\" style=\"object-fit:cover;\" srcset=\"https:\/\/www.greenpeace.org\/static\/planet4-hungary-stateless\/2024\/12\/ec68840a-dji_0023_1920.jpg 1920w, https:\/\/www.greenpeace.org\/static\/planet4-hungary-stateless\/2024\/12\/ec68840a-dji_0023_1920-300x169.jpg 300w, https:\/\/www.greenpeace.org\/static\/planet4-hungary-stateless\/2024\/12\/ec68840a-dji_0023_1920-1024x575.jpg 1024w, https:\/\/www.greenpeace.org\/static\/planet4-hungary-stateless\/2024\/12\/ec68840a-dji_0023_1920-768x432.jpg 768w, https:\/\/www.greenpeace.org\/static\/planet4-hungary-stateless\/2024\/12\/ec68840a-dji_0023_1920-1536x863.jpg 1536w, https:\/\/www.greenpeace.org\/static\/planet4-hungary-stateless\/2024\/12\/ec68840a-dji_0023_1920-510x287.jpg 510w\" sizes=\"auto, (max-width: 1920px) 100vw, 1920px\" data-image-size=\"post-thumbnail\" data-stateless-media-bucket=\"planet4-hungary-stateless\" data-stateless-media-name=\"2024\/12\/ec68840a-dji_0023_1920.jpg\" \/><\/figure>\n\n\n<div class=\"wp-block-group group-stretched-link is-layout-flow wp-block-group-is-layout-flow\">\n\n<h3 class=\"wp-block-post-title\"><a href=\"https:\/\/www.greenpeace.org\/hungary\/cselekedj\/tiltsak-be-a-frackinget-magyarorszagon-is\/\" target=\"_self\" >Tilts\u00e1k be a frackinget Magyarorsz\u00e1gon is!<\/a><\/h3>\n\n<div class=\"wp-block-post-excerpt\"><p class=\"wp-block-post-excerpt__excerpt\">Cselekedj most, ne hagyd, hogy elf\u00farj\u00e1k a j\u00f6v\u0151nket. \u00cdrd al\u00e1 a pet\u00edci\u00f3t! <\/p><\/div><\/div>\n\n\n\n<div class=\"wp-block-group read-more-nav is-layout-flow wp-block-group-is-layout-flow\"><a href=\"https:\/\/www.greenpeace.org\/hungary\/cselekedj\/tiltsak-be-a-frackinget-magyarorszagon-is\/\" class=\"btn btn-primary btn-small\" aria-label=\"Cselekszem\">Cselekszem<\/a><\/div>\n\n<\/li><li class=\"wp-block-post post-11346 page type-page status-publish has-post-thumbnail hentry tag-elovilag\">\n<figure class=\"wp-block-post-featured-image\"><img loading=\"lazy\" decoding=\"async\" width=\"1920\" height=\"1080\" src=\"https:\/\/www.greenpeace.org\/static\/planet4-hungary-stateless\/2024\/11\/e4ddc754-mo50_1_1920.jpg\" class=\"attachment-post-thumbnail size-post-thumbnail wp-post-image wp-stateless-item\" alt=\"Magyarorsz\u00e1g 2050 - Greenpeace\" style=\"object-fit:cover;\" srcset=\"https:\/\/www.greenpeace.org\/static\/planet4-hungary-stateless\/2024\/11\/e4ddc754-mo50_1_1920.jpg 1920w, https:\/\/www.greenpeace.org\/static\/planet4-hungary-stateless\/2024\/11\/e4ddc754-mo50_1_1920-300x169.jpg 300w, https:\/\/www.greenpeace.org\/static\/planet4-hungary-stateless\/2024\/11\/e4ddc754-mo50_1_1920-1024x576.jpg 1024w, https:\/\/www.greenpeace.org\/static\/planet4-hungary-stateless\/2024\/11\/e4ddc754-mo50_1_1920-768x432.jpg 768w, https:\/\/www.greenpeace.org\/static\/planet4-hungary-stateless\/2024\/11\/e4ddc754-mo50_1_1920-1536x864.jpg 1536w, https:\/\/www.greenpeace.org\/static\/planet4-hungary-stateless\/2024\/11\/e4ddc754-mo50_1_1920-510x287.jpg 510w\" sizes=\"auto, (max-width: 1920px) 100vw, 1920px\" data-image-size=\"post-thumbnail\" data-stateless-media-bucket=\"planet4-hungary-stateless\" data-stateless-media-name=\"2024\/11\/e4ddc754-mo50_1_1920.jpg\" \/><\/figure>\n\n\n<div class=\"wp-block-group group-stretched-link is-layout-flow wp-block-group-is-layout-flow\">\n\n<h3 class=\"wp-block-post-title\"><a href=\"https:\/\/www.greenpeace.org\/hungary\/cselekedj\/magyarorszag-2050\/\" target=\"_self\" >\u00daj kl\u00edmat\u00f6rv\u00e9nyt Magyarorsz\u00e1gnak!<\/a><\/h3>\n\n<div class=\"wp-block-post-excerpt\"><p class=\"wp-block-post-excerpt__excerpt\">\u00cdrjunk egy\u00fctt egy m\u00e1sik t\u00f6rt\u00e9netet: legyen \u00faj kl\u00edmat\u00f6rv\u00e9nye Magyarorsz\u00e1gnak! <\/p><\/div><\/div>\n\n\n\n<div class=\"wp-block-group read-more-nav is-layout-flow wp-block-group-is-layout-flow\"><a href=\"https:\/\/www.greenpeace.org\/hungary\/cselekedj\/magyarorszag-2050\/\" class=\"btn btn-primary btn-small\" aria-label=\"Cselekszem\">Cselekszem<\/a><\/div>\n\n<\/li><li class=\"wp-block-post post-10647 page type-page status-publish has-post-thumbnail hentry category-termeszet-kornyezet tag-elovilag tag-viz\">\n<figure class=\"wp-block-post-featured-image\"><img loading=\"lazy\" decoding=\"async\" width=\"1200\" height=\"800\" src=\"https:\/\/www.greenpeace.org\/static\/planet4-hungary-stateless\/2023\/10\/97c82476-gp1suy5q.jpg\" class=\"attachment-post-thumbnail size-post-thumbnail wp-post-image wp-stateless-item\" alt=\"Tengeri f\u0171 a Saya De Malha Bankn\u00e1l az Indiai-\u00f3ce\u00e1non.\" style=\"object-fit:cover;\" srcset=\"https:\/\/www.greenpeace.org\/static\/planet4-hungary-stateless\/2023\/10\/97c82476-gp1suy5q.jpg 1200w, https:\/\/www.greenpeace.org\/static\/planet4-hungary-stateless\/2023\/10\/97c82476-gp1suy5q-300x200.jpg 300w, https:\/\/www.greenpeace.org\/static\/planet4-hungary-stateless\/2023\/10\/97c82476-gp1suy5q-1024x683.jpg 1024w, https:\/\/www.greenpeace.org\/static\/planet4-hungary-stateless\/2023\/10\/97c82476-gp1suy5q-768x512.jpg 768w, https:\/\/www.greenpeace.org\/static\/planet4-hungary-stateless\/2023\/10\/97c82476-gp1suy5q-510x340.jpg 510w\" sizes=\"auto, (max-width: 1200px) 100vw, 1200px\" data-image-size=\"post-thumbnail\" data-stateless-media-bucket=\"planet4-hungary-stateless\" data-stateless-media-name=\"2023\/10\/97c82476-gp1suy5q.jpg\" \/><\/figure>\n\n\n<div class=\"wp-block-group group-stretched-link is-layout-flow wp-block-group-is-layout-flow\"><div class=\"wp-block-post-terms\">Term\u00e9szet &amp; K\u00f6rnyezet<\/div>\n\n<h3 class=\"wp-block-post-title\"><a href=\"https:\/\/www.greenpeace.org\/hungary\/cselekedj\/valodi-vedelmet-az-oceanoknak\/\" target=\"_self\" >Val\u00f3di v\u00e9delmet az \u00f3ce\u00e1noknak!<\/a><\/h3>\n\n<div class=\"wp-block-post-excerpt\"><p class=\"wp-block-post-excerpt__excerpt\">\u00cdrd al\u00e1 a pet\u00edci\u00f3t, \u00e9s k\u00e9rd a d\u00f6nt\u00e9shoz\u00f3kat, hogy ratifik\u00e1lj\u00e1k az ENSZ \u00f3ce\u00e1nv\u00e9delmi egyezm\u00e9ny\u00e9t, valamint jel\u00f6ljenek ki v\u00e9dett tengeri \u00f6vezeteket. <\/p><\/div><\/div>\n\n\n\n<div class=\"wp-block-group read-more-nav is-layout-flow wp-block-group-is-layout-flow\"><a href=\"https:\/\/www.greenpeace.org\/hungary\/cselekedj\/valodi-vedelmet-az-oceanoknak\/\" class=\"btn btn-primary btn-small\" aria-label=\"Cselekszem\">Cselekszem<\/a><\/div>\n\n<\/li><li class=\"wp-block-post post-10039 page type-page status-publish has-post-thumbnail hentry category-termeszet-kornyezet tag-elovilag tag-erdo\">\n<figure class=\"wp-block-post-featured-image\"><img loading=\"lazy\" decoding=\"async\" width=\"1920\" height=\"1000\" src=\"https:\/\/www.greenpeace.org\/static\/planet4-hungary-stateless\/2022\/11\/e6eead4b-carpathian_petition_head_tomashulik_v2.jpg\" class=\"attachment-post-thumbnail size-post-thumbnail wp-post-image wp-stateless-item\" alt=\"\" style=\"object-fit:cover;\" srcset=\"https:\/\/www.greenpeace.org\/static\/planet4-hungary-stateless\/2022\/11\/e6eead4b-carpathian_petition_head_tomashulik_v2.jpg 1920w, https:\/\/www.greenpeace.org\/static\/planet4-hungary-stateless\/2022\/11\/e6eead4b-carpathian_petition_head_tomashulik_v2-300x156.jpg 300w, https:\/\/www.greenpeace.org\/static\/planet4-hungary-stateless\/2022\/11\/e6eead4b-carpathian_petition_head_tomashulik_v2-1024x533.jpg 1024w, https:\/\/www.greenpeace.org\/static\/planet4-hungary-stateless\/2022\/11\/e6eead4b-carpathian_petition_head_tomashulik_v2-768x400.jpg 768w, https:\/\/www.greenpeace.org\/static\/planet4-hungary-stateless\/2022\/11\/e6eead4b-carpathian_petition_head_tomashulik_v2-1536x800.jpg 1536w, https:\/\/www.greenpeace.org\/static\/planet4-hungary-stateless\/2022\/11\/e6eead4b-carpathian_petition_head_tomashulik_v2-510x266.jpg 510w\" sizes=\"auto, (max-width: 1920px) 100vw, 1920px\" data-image-size=\"post-thumbnail\" data-stateless-media-bucket=\"planet4-hungary-stateless\" data-stateless-media-name=\"2022\/11\/e6eead4b-carpathian_petition_head_tomashulik_v2.jpg\" \/><\/figure>\n\n\n<div class=\"wp-block-group group-stretched-link is-layout-flow wp-block-group-is-layout-flow\"><div class=\"wp-block-post-terms\">Term\u00e9szet &amp; K\u00f6rnyezet<\/div>\n\n<h3 class=\"wp-block-post-title\"><a href=\"https:\/\/www.greenpeace.org\/hungary\/cselekedj\/mentsuk-meg-a-karpatok-erdeit\/\" target=\"_self\" >Ments\u00fck meg a K\u00e1rp\u00e1tok erdeit!<\/a><\/h3>\n\n<div class=\"wp-block-post-excerpt\"><p class=\"wp-block-post-excerpt__excerpt\">V\u00e9dj\u00fck meg a K\u00e1rp\u00e1tok erdeit, Eur\u00f3pa vadvil\u00e1g\u00e1nak utols\u00f3 mened\u00e9k\u00e9t. \u00c1llj ki az\u00e9rt, hogy betilts\u00e1k a felel\u0151tlen fakitermel\u00e9st \u00e9s az \u00faj erd\u00e9szeti utak l\u00e9tes\u00edt\u00e9s\u00e9t a K\u00e1rp\u00e1tok erdeiben! <\/p><\/div><\/div>\n\n\n\n<div class=\"wp-block-group read-more-nav is-layout-flow wp-block-group-is-layout-flow\"><a href=\"https:\/\/www.greenpeace.org\/hungary\/cselekedj\/mentsuk-meg-a-karpatok-erdeit\/\" class=\"btn btn-primary btn-small\" aria-label=\"Cselekszem\">Cselekszem<\/a><\/div>\n\n<\/li><li class=\"wp-block-post post-8330 page type-page status-publish has-post-thumbnail hentry category-termeszet-kornyezet tag-elovilag\">\n<figure class=\"wp-block-post-featured-image\"><img loading=\"lazy\" decoding=\"async\" width=\"1024\" height=\"683\" src=\"https:\/\/www.greenpeace.org\/static\/planet4-hungary-stateless\/2021\/04\/d2cea2ab-termeszet_dzs.jpg\" class=\"attachment-post-thumbnail size-post-thumbnail wp-post-image wp-stateless-item\" alt=\"\" style=\"object-fit:cover;\" srcset=\"https:\/\/www.greenpeace.org\/static\/planet4-hungary-stateless\/2021\/04\/d2cea2ab-termeszet_dzs.jpg 1024w, https:\/\/www.greenpeace.org\/static\/planet4-hungary-stateless\/2021\/04\/d2cea2ab-termeszet_dzs-300x200.jpg 300w, https:\/\/www.greenpeace.org\/static\/planet4-hungary-stateless\/2021\/04\/d2cea2ab-termeszet_dzs-768x512.jpg 768w, https:\/\/www.greenpeace.org\/static\/planet4-hungary-stateless\/2021\/04\/d2cea2ab-termeszet_dzs-510x340.jpg 510w\" sizes=\"auto, (max-width: 1024px) 100vw, 1024px\" data-image-size=\"post-thumbnail\" data-stateless-media-bucket=\"planet4-hungary-stateless\" data-stateless-media-name=\"2021\/04\/d2cea2ab-termeszet_dzs.jpg\" \/><\/figure>\n\n\n<div class=\"wp-block-group group-stretched-link is-layout-flow wp-block-group-is-layout-flow\"><div class=\"wp-block-post-terms\">Term\u00e9szet &amp; K\u00f6rnyezet<\/div>\n\n<h3 class=\"wp-block-post-title\"><a href=\"https:\/\/www.greenpeace.org\/hungary\/cselekedj\/vedjuk-meg-a-termeszet-sokszinuseget\/\" target=\"_self\" >V\u00e9dj\u00fck meg a term\u00e9szet soksz\u00edn\u0171s\u00e9g\u00e9t!<\/a><\/h3>\n\n<div class=\"wp-block-post-excerpt\"><p class=\"wp-block-post-excerpt__excerpt\">Nem engedhetj\u00fck, hogy kevesek gazdas\u00e1gi \u00e9rdekei miatt kisaj\u00e1t\u00edts\u00e1k, elpuszt\u00edts\u00e1k k\u00f6z\u00f6s term\u00e9szeti kincseinket. V\u00e9delm\u00fcnkbe kell venn\u00fcnk haz\u00e1nk \u00e9l\u0151vil\u00e1g\u00e1t! <\/p><\/div><\/div>\n\n\n\n<div class=\"wp-block-group read-more-nav is-layout-flow wp-block-group-is-layout-flow\"><a href=\"https:\/\/www.greenpeace.org\/hungary\/cselekedj\/vedjuk-meg-a-termeszet-sokszinuseget\/\" class=\"btn btn-primary btn-small\" aria-label=\"Cselekszem\">Cselekszem<\/a><\/div>\n\n<\/li><\/ul>\n\n\n<div class=\"wp-block-buttons carousel-controls is-horizontal is-content-justification-space-between is-nowrap is-layout-flex wp-container-core-buttons-is-layout-044bd602 wp-block-buttons-is-layout-flex\">\n<div class=\"wp-block-button carousel-control-prev\"><button type=\"button\" class=\"wp-block-button__link wp-element-button\">Previous Carousel Slide<\/button><\/div>\n\n\n\n<div class=\"wp-block-button carousel-control-next\"><button type=\"button\" class=\"wp-block-button__link wp-element-button\">Next Carousel Slide<\/button><\/div>\n<\/div>\n\n\n\n<div class=\"wp-block-buttons load-more-actions-container is-horizontal is-content-justification-center is-layout-flex wp-container-core-buttons-is-layout-769315fb wp-block-buttons-is-layout-flex\">\n<div class=\"wp-block-button is-style-secondary\"><button type=\"button\" class=\"wp-block-button__link wp-element-button\">T\u00f6bbet szeretn\u00e9k l\u00e1tni<\/button><\/div>\n<\/div>\n<\/div>\n\n<div id=\"legy-tudatos\"><\/div>\n\n<hr class=\"wp-block-separator has-text-color has-green-400-color has-alpha-channel-opacity has-green-400-background-color has-background\"\/>\n\n<div class=\"wp-block-query posts-list p4-query-loop is-custom-layout-list is-layout-flow wp-block-query-is-layout-flow\">\n<h2 class=\"wp-block-heading has-large-font-size\">Tippek egy z\u00f6ldebb \u00e9lethez<\/h2>\n\n\n\n<p>A Greenpeace szak\u00e9rt\u0151i \u00e9s munkat\u00e1rsai tippekkel \u00e9s \u00f6tletekkel szeretn\u00e9nek seg\u00edteni neked abban, hogy a mindennapos \u00e9letviteled z\u00f6ldebb lehessen.<\/p>\n\n\n\n\n<ul class=\"wp-block-post-template is-layout-flow wp-block-post-template-is-layout-flow\"><li class=\"wp-block-post post-13472 post type-post status-publish format-standard has-post-thumbnail hentry category-termeszet-kornyezet tag-mehek tag-tippek p4-page-type-blog\">\n\n<div class=\"wp-block-columns is-layout-flex wp-container-core-columns-is-layout-9d6595d7 wp-block-columns-is-layout-flex\"><figure class=\"wp-block-post-featured-image\"><a href=\"https:\/\/www.greenpeace.org\/hungary\/blog\/13472\/10-mehbarat-noveny-erkelyre-es-kertbe\/\" target=\"_self\"  ><img loading=\"lazy\" decoding=\"async\" width=\"1280\" height=\"853\" src=\"https:\/\/www.greenpeace.org\/static\/planet4-hungary-stateless\/2026\/04\/17e307d7-gp0stozql-1280x853-1.jpg\" class=\"attachment-post-thumbnail size-post-thumbnail wp-post-image wp-stateless-item\" alt=\"10 m\u00e9hbar\u00e1t n\u00f6v\u00e9ny erk\u00e9lyre \u00e9s kertbe\" style=\"object-fit:cover;\" srcset=\"https:\/\/www.greenpeace.org\/static\/planet4-hungary-stateless\/2026\/04\/17e307d7-gp0stozql-1280x853-1.jpg 1280w, https:\/\/www.greenpeace.org\/static\/planet4-hungary-stateless\/2026\/04\/17e307d7-gp0stozql-1280x853-1-300x200.jpg 300w, https:\/\/www.greenpeace.org\/static\/planet4-hungary-stateless\/2026\/04\/17e307d7-gp0stozql-1280x853-1-1024x682.jpg 1024w, https:\/\/www.greenpeace.org\/static\/planet4-hungary-stateless\/2026\/04\/17e307d7-gp0stozql-1280x853-1-768x512.jpg 768w, https:\/\/www.greenpeace.org\/static\/planet4-hungary-stateless\/2026\/04\/17e307d7-gp0stozql-1280x853-1-510x340.jpg 510w\" sizes=\"auto, (max-width: 1280px) 100vw, 1280px\" data-image-size=\"post-thumbnail\" data-stateless-media-bucket=\"planet4-hungary-stateless\" data-stateless-media-name=\"2026\/04\/17e307d7-gp0stozql-1280x853-1.jpg\" \/><\/a><\/figure>\n\n\n<div class=\"wp-block-group is-layout-flow wp-block-group-is-layout-flow\">\n<div class=\"wp-block-group is-layout-flex wp-block-group-is-layout-flex\"><div class=\"wp-block-post-terms\"><a href=\"https:\/\/www.greenpeace.org\/hungary\/category\/ugyek\/termeszet-kornyezet\/\">Term\u00e9szet &amp; K\u00f6rnyezet<\/a><\/div>\n\n<div class=\"taxonomy-post_tag wp-block-post-terms\"><a href=\"https:\/\/www.greenpeace.org\/hungary\/tag\/mehek\/\" rel=\"tag\">M\u00e9hek<\/a><span class=\"wp-block-post-terms__separator\"> <\/span><a href=\"https:\/\/www.greenpeace.org\/hungary\/tag\/tippek\/\" rel=\"tag\">Tippek<\/a><\/div><\/div>\n\n\n<h3 class=\"wp-block-post-title\"><a href=\"https:\/\/www.greenpeace.org\/hungary\/blog\/13472\/10-mehbarat-noveny-erkelyre-es-kertbe\/\" target=\"_self\" >10 m\u00e9hbar\u00e1t n\u00f6v\u00e9ny erk\u00e9lyre \u00e9s kertbe<\/a><\/h3>\n\n<div class=\"wp-block-post-excerpt\"><p class=\"wp-block-post-excerpt__excerpt\">A vadm\u00e9heknek, poszm\u00e9heknek \u00e9s pillang\u00f3knak manaps\u00e1g egy\u00e1ltal\u00e1n nincs k\u00f6nny\u0171 dolguk. A n\u00f6v\u00e9nyv\u00e9d\u0151 szerek megm\u00e9rgezik ezeket az \u00e9rz\u00e9keny \u00e1llatokat, a lebetonozott ter\u00fcletek terjed\u00e9se pedig egyre nehezebb\u00e9 teszi sz\u00e1mukra a t\u00e1pl\u00e1l\u00e9k megtal\u00e1l\u00e1s\u00e1t.&hellip; <\/p><\/div>\n\n\n<div class=\"wp-block-group posts-list-meta is-layout-flow wp-block-group-is-layout-flow\"><span class='article-list-item-author'><a href='https:\/\/www.greenpeace.org\/hungary\/author\/greenpeacehu\/'>Greenpeace Magyarorsz\u00e1g<\/a><\/span>\n\n<div class=\"wp-block-post-date\"><time datetime=\"2026-04-01T23:20:35+02:00\">2026. \u00e1prilis 1.<\/time><\/div><\/div>\n<\/div>\n<\/div>\n\n<\/li><li class=\"wp-block-post post-12599 post type-post status-publish format-standard has-post-thumbnail hentry category-termeszet-kornyezet tag-egeszseg tag-tippek p4-page-type-kiadvany\">\n\n<div class=\"wp-block-columns is-layout-flex wp-container-core-columns-is-layout-9d6595d7 wp-block-columns-is-layout-flex\"><figure class=\"wp-block-post-featured-image\"><a href=\"https:\/\/www.greenpeace.org\/hungary\/kiadvany\/12599\/utmutato-egy-zoldebb-elethez\/\" target=\"_self\"  ><img loading=\"lazy\" decoding=\"async\" width=\"1024\" height=\"622\" src=\"https:\/\/www.greenpeace.org\/static\/planet4-hungary-stateless\/2025\/09\/d8ce5846-g2l-petition-people-1024x622-1.png\" class=\"attachment-post-thumbnail size-post-thumbnail wp-post-image wp-stateless-item\" alt=\"\u00datmutat\u00f3 egy z\u00f6ldebb \u00e9lethez\" style=\"object-fit:cover;\" srcset=\"https:\/\/www.greenpeace.org\/static\/planet4-hungary-stateless\/2025\/09\/d8ce5846-g2l-petition-people-1024x622-1.png 1024w, https:\/\/www.greenpeace.org\/static\/planet4-hungary-stateless\/2025\/09\/d8ce5846-g2l-petition-people-1024x622-1-300x182.png 300w, https:\/\/www.greenpeace.org\/static\/planet4-hungary-stateless\/2025\/09\/d8ce5846-g2l-petition-people-1024x622-1-768x467.png 768w, https:\/\/www.greenpeace.org\/static\/planet4-hungary-stateless\/2025\/09\/d8ce5846-g2l-petition-people-1024x622-1-510x310.png 510w\" sizes=\"auto, (max-width: 1024px) 100vw, 1024px\" data-image-size=\"post-thumbnail\" data-stateless-media-bucket=\"planet4-hungary-stateless\" data-stateless-media-name=\"2025\/09\/d8ce5846-g2l-petition-people-1024x622-1.png\" \/><\/a><\/figure>\n\n\n<div class=\"wp-block-group is-layout-flow wp-block-group-is-layout-flow\">\n<div class=\"wp-block-group is-layout-flex wp-block-group-is-layout-flex\"><div class=\"wp-block-post-terms\"><a href=\"https:\/\/www.greenpeace.org\/hungary\/category\/ugyek\/termeszet-kornyezet\/\">Term\u00e9szet &amp; K\u00f6rnyezet<\/a><\/div>\n\n<div class=\"taxonomy-post_tag wp-block-post-terms\"><a href=\"https:\/\/www.greenpeace.org\/hungary\/tag\/egeszseg\/\" rel=\"tag\">Eg\u00e9szs\u00e9g<\/a><span class=\"wp-block-post-terms__separator\"> <\/span><a href=\"https:\/\/www.greenpeace.org\/hungary\/tag\/tippek\/\" rel=\"tag\">Tippek<\/a><\/div><\/div>\n\n\n<h3 class=\"wp-block-post-title\"><a href=\"https:\/\/www.greenpeace.org\/hungary\/kiadvany\/12599\/utmutato-egy-zoldebb-elethez\/\" target=\"_self\" >\u00datmutat\u00f3 egy z\u00f6ldebb \u00e9lethez<\/a><\/h3>\n\n<div class=\"wp-block-post-excerpt\"><p class=\"wp-block-post-excerpt__excerpt\">\u00c9letm\u00f3d kalauzunkban nem kevesebb mint sz\u00e1z, k\u00f6nnyen alkalmazhat\u00f3 tippet gy\u0171jt\u00f6tt\u00fcnk \u00f6ssze neked, \u00e9s nagyon rem\u00e9lj\u00fck, hogy min\u00e9l t\u00f6bbet fogsz tudni bel\u0151le haszn\u00e1lni te is. <\/p><\/div>\n\n\n<div class=\"wp-block-group posts-list-meta is-layout-flow wp-block-group-is-layout-flow\"><span class='article-list-item-author'><a href='https:\/\/www.greenpeace.org\/hungary\/author\/greenpeacehu\/'>Greenpeace Magyarorsz\u00e1g<\/a><\/span>\n\n<div class=\"wp-block-post-date\"><time datetime=\"2025-09-15T15:53:28+02:00\">2025. szeptember 15.<\/time><\/div><\/div>\n<\/div>\n<\/div>\n\n<\/li><li class=\"wp-block-post post-8215 post type-post status-publish format-standard has-post-thumbnail hentry category-ember-tarsadalom tag-klimavedelem tag-fogyasztas tag-elovilag tag-etkezes tag-megujulok tag-muanyag tag-fosszilis tag-erdo tag-mehek tag-levego tag-okogazdalkodas tag-tippek p4-page-type-kiadvany\">\n\n<div class=\"wp-block-columns is-layout-flex wp-container-core-columns-is-layout-9d6595d7 wp-block-columns-is-layout-flex\"><figure class=\"wp-block-post-featured-image\"><a href=\"https:\/\/www.greenpeace.org\/hungary\/kiadvany\/8215\/30-dolog-amit-megtehetsz-a-fold-vedelmeert\/\" target=\"_self\"  ><img loading=\"lazy\" decoding=\"async\" width=\"2560\" height=\"1847\" src=\"https:\/\/www.greenpeace.org\/static\/planet4-hungary-stateless\/2021\/04\/1389c0a0-amikezunkben-bloghoz-scaled.jpg\" class=\"attachment-post-thumbnail size-post-thumbnail wp-post-image wp-stateless-item\" alt=\"30 dolog, amit megtehetsz a F\u00f6ld v\u00e9delm\u00e9\u00e9rt\" style=\"object-fit:cover;\" srcset=\"https:\/\/www.greenpeace.org\/static\/planet4-hungary-stateless\/2021\/04\/1389c0a0-amikezunkben-bloghoz-scaled.jpg 2560w, https:\/\/www.greenpeace.org\/static\/planet4-hungary-stateless\/2021\/04\/1389c0a0-amikezunkben-bloghoz-300x216.jpg 300w, https:\/\/www.greenpeace.org\/static\/planet4-hungary-stateless\/2021\/04\/1389c0a0-amikezunkben-bloghoz-1024x739.jpg 1024w, https:\/\/www.greenpeace.org\/static\/planet4-hungary-stateless\/2021\/04\/1389c0a0-amikezunkben-bloghoz-768x554.jpg 768w, https:\/\/www.greenpeace.org\/static\/planet4-hungary-stateless\/2021\/04\/1389c0a0-amikezunkben-bloghoz-1536x1108.jpg 1536w, https:\/\/www.greenpeace.org\/static\/planet4-hungary-stateless\/2021\/04\/1389c0a0-amikezunkben-bloghoz-2048x1478.jpg 2048w, https:\/\/www.greenpeace.org\/static\/planet4-hungary-stateless\/2021\/04\/1389c0a0-amikezunkben-bloghoz-1893x1366.jpg 1893w, https:\/\/www.greenpeace.org\/static\/planet4-hungary-stateless\/2021\/04\/1389c0a0-amikezunkben-bloghoz-471x340.jpg 471w\" sizes=\"auto, (max-width: 2560px) 100vw, 2560px\" data-image-size=\"post-thumbnail\" data-stateless-media-bucket=\"planet4-hungary-stateless\" data-stateless-media-name=\"2021\/04\/1389c0a0-amikezunkben-bloghoz-scaled.jpg\" \/><\/a><\/figure>\n\n\n<div class=\"wp-block-group is-layout-flow wp-block-group-is-layout-flow\">\n<div class=\"wp-block-group is-layout-flex wp-block-group-is-layout-flex\"><div class=\"wp-block-post-terms\"><a href=\"https:\/\/www.greenpeace.org\/hungary\/category\/ugyek\/ember-tarsadalom\/\">Ember &amp; T\u00e1rsadalom<\/a><\/div>\n\n<div class=\"taxonomy-post_tag wp-block-post-terms\"><a href=\"https:\/\/www.greenpeace.org\/hungary\/tag\/klimavedelem\/\" rel=\"tag\">Kl\u00edmav\u00e9delem<\/a><span class=\"wp-block-post-terms__separator\"> <\/span><a href=\"https:\/\/www.greenpeace.org\/hungary\/tag\/fogyasztas\/\" rel=\"tag\">Fogyaszt\u00e1s<\/a><span class=\"wp-block-post-terms__separator\"> <\/span><a href=\"https:\/\/www.greenpeace.org\/hungary\/tag\/elovilag\/\" rel=\"tag\">\u00c9l\u0151vil\u00e1g<\/a><span class=\"wp-block-post-terms__separator\"> <\/span><a href=\"https:\/\/www.greenpeace.org\/hungary\/tag\/etkezes\/\" rel=\"tag\">\u00c9tkez\u00e9s<\/a><span class=\"wp-block-post-terms__separator\"> <\/span><a href=\"https:\/\/www.greenpeace.org\/hungary\/tag\/megujulok\/\" rel=\"tag\">Meg\u00fajul\u00f3k<\/a><span class=\"wp-block-post-terms__separator\"> <\/span><a href=\"https:\/\/www.greenpeace.org\/hungary\/tag\/muanyag\/\" rel=\"tag\">M\u0171anyag<\/a><span class=\"wp-block-post-terms__separator\"> <\/span><a href=\"https:\/\/www.greenpeace.org\/hungary\/tag\/fosszilis\/\" rel=\"tag\">Fosszilis<\/a><span class=\"wp-block-post-terms__separator\"> <\/span><a href=\"https:\/\/www.greenpeace.org\/hungary\/tag\/erdo\/\" rel=\"tag\">Erd\u0151<\/a><span class=\"wp-block-post-terms__separator\"> <\/span><a href=\"https:\/\/www.greenpeace.org\/hungary\/tag\/mehek\/\" rel=\"tag\">M\u00e9hek<\/a><span class=\"wp-block-post-terms__separator\"> <\/span><a href=\"https:\/\/www.greenpeace.org\/hungary\/tag\/levego\/\" rel=\"tag\">Leveg\u0151<\/a><span class=\"wp-block-post-terms__separator\"> <\/span><a href=\"https:\/\/www.greenpeace.org\/hungary\/tag\/okogazdalkodas\/\" rel=\"tag\">\u00d6kogazd\u00e1lkod\u00e1s<\/a><span class=\"wp-block-post-terms__separator\"> <\/span><a href=\"https:\/\/www.greenpeace.org\/hungary\/tag\/tippek\/\" rel=\"tag\">Tippek<\/a><\/div><\/div>\n\n\n<h3 class=\"wp-block-post-title\"><a href=\"https:\/\/www.greenpeace.org\/hungary\/kiadvany\/8215\/30-dolog-amit-megtehetsz-a-fold-vedelmeert\/\" target=\"_self\" >30 dolog, amit megtehetsz a F\u00f6ld v\u00e9delm\u00e9\u00e9rt<\/a><\/h3>\n\n<div class=\"wp-block-post-excerpt\"><p class=\"wp-block-post-excerpt__excerpt\">\u00c1prilis 22. a F\u00f6ld napja. Ha a kl\u00edmav\u00e1ltoz\u00e1sr\u00f3l, erdeink rohamos \u00fctem\u0171 pusztul\u00e1s\u00e1r\u00f3l \u00e9s a fajok t\u00f6meges kihal\u00e1s\u00e1r\u00f3l sz\u00f3l\u00f3 h\u00edrek t\u00e9ged sem hagynak nyugodni, akkor ezen a napon m\u00e9g jobban feler\u0151s\u00f6dhet&hellip; <\/p><\/div>\n\n\n<div class=\"wp-block-group posts-list-meta is-layout-flow wp-block-group-is-layout-flow\"><span class='article-list-item-author'>Greenpeace Magyarorsz\u00e1g<\/span>\n\n<div class=\"wp-block-post-date\"><time datetime=\"2021-04-22T09:48:55+02:00\">2021. \u00e1prilis 22.<\/time><\/div><\/div>\n<\/div>\n<\/div>\n\n<\/li><li class=\"wp-block-post post-13567 post type-post status-publish format-standard has-post-thumbnail hentry category-termeszet-kornyezet tag-egeszseg tag-elovilag tag-zoldterulet tag-tippek p4-page-type-kiadvany\">\n\n<div class=\"wp-block-columns is-layout-flex wp-container-core-columns-is-layout-9d6595d7 wp-block-columns-is-layout-flex\"><figure class=\"wp-block-post-featured-image\"><a href=\"https:\/\/www.greenpeace.org\/hungary\/kiadvany\/13567\/tizenegy-pont-egy-elhetobb-varosert\/\" target=\"_self\"  ><img loading=\"lazy\" decoding=\"async\" width=\"1000\" height=\"667\" src=\"https:\/\/www.greenpeace.org\/static\/planet4-hungary-stateless\/2019\/02\/ffaf22e0-mg_7739.jpg\" class=\"attachment-post-thumbnail size-post-thumbnail wp-post-image wp-stateless-item\" alt=\"Tizenegy pont egy \u00e9lhet\u0151bb v\u00e1ros\u00e9rt\" style=\"object-fit:cover;\" srcset=\"https:\/\/www.greenpeace.org\/static\/planet4-hungary-stateless\/2019\/02\/ffaf22e0-mg_7739.jpg 1000w, https:\/\/www.greenpeace.org\/static\/planet4-hungary-stateless\/2019\/02\/ffaf22e0-mg_7739-300x200.jpg 300w, https:\/\/www.greenpeace.org\/static\/planet4-hungary-stateless\/2019\/02\/ffaf22e0-mg_7739-768x512.jpg 768w, https:\/\/www.greenpeace.org\/static\/planet4-hungary-stateless\/2019\/02\/ffaf22e0-mg_7739-510x340.jpg 510w\" sizes=\"auto, (max-width: 1000px) 100vw, 1000px\" data-image-size=\"post-thumbnail\" data-stateless-media-bucket=\"planet4-hungary-stateless\" data-stateless-media-name=\"2019\/02\/ffaf22e0-mg_7739.jpg\" \/><\/a><\/figure>\n\n\n<div class=\"wp-block-group is-layout-flow wp-block-group-is-layout-flow\">\n<div class=\"wp-block-group is-layout-flex wp-block-group-is-layout-flex\"><div class=\"wp-block-post-terms\"><a href=\"https:\/\/www.greenpeace.org\/hungary\/category\/ugyek\/termeszet-kornyezet\/\">Term\u00e9szet &amp; K\u00f6rnyezet<\/a><\/div>\n\n<div class=\"taxonomy-post_tag wp-block-post-terms\"><a href=\"https:\/\/www.greenpeace.org\/hungary\/tag\/egeszseg\/\" rel=\"tag\">Eg\u00e9szs\u00e9g<\/a><span class=\"wp-block-post-terms__separator\"> <\/span><a href=\"https:\/\/www.greenpeace.org\/hungary\/tag\/elovilag\/\" rel=\"tag\">\u00c9l\u0151vil\u00e1g<\/a><span class=\"wp-block-post-terms__separator\"> <\/span><a href=\"https:\/\/www.greenpeace.org\/hungary\/tag\/zoldterulet\/\" rel=\"tag\">Z\u00f6ldter\u00fclet<\/a><span class=\"wp-block-post-terms__separator\"> <\/span><a href=\"https:\/\/www.greenpeace.org\/hungary\/tag\/tippek\/\" rel=\"tag\">Tippek<\/a><\/div><\/div>\n\n\n<h3 class=\"wp-block-post-title\"><a href=\"https:\/\/www.greenpeace.org\/hungary\/kiadvany\/13567\/tizenegy-pont-egy-elhetobb-varosert\/\" target=\"_self\" >Tizenegy pont egy \u00e9lhet\u0151bb v\u00e1ros\u00e9rt<\/a><\/h3>\n\n<div class=\"wp-block-post-excerpt\"><p class=\"wp-block-post-excerpt__excerpt\">Ezt a r\u00f6vid \u00fatmutat\u00f3t az\u00e9rt k\u00e9sz\u00edtette a Greenpeace Magyarorsz\u00e1g a hazai telep\u00fcl\u00e9si \u00f6nkorm\u00e1nyzatok r\u00e9sz\u00e9re, hogy bemutassa: a jelenlegi t\u00f6rv\u00e9nyi keretek k\u00f6zt is sz\u00e1mos olyan lehet\u0151s\u00e9g \u00e1ll az \u00f6nkorm\u00e1nyzati vezet\u0151k el\u0151tt,&hellip; <\/p><\/div>\n\n\n<div class=\"wp-block-group posts-list-meta is-layout-flow wp-block-group-is-layout-flow\"><span class='article-list-item-author'><a href='https:\/\/www.greenpeace.org\/hungary\/author\/greenpeacehu\/'>Greenpeace Magyarorsz\u00e1g<\/a><\/span>\n\n<div class=\"wp-block-post-date\"><time datetime=\"2019-09-26T12:19:00+02:00\">2019. szeptember 26.<\/time><\/div><\/div>\n<\/div>\n<\/div>\n\n<\/li><li class=\"wp-block-post post-3254 post type-post status-publish format-standard has-post-thumbnail hentry category-ember-tarsadalom category-termeszet-kornyezet tag-egeszseg tag-levego tag-tippek p4-page-type-kiadvany\">\n\n<div class=\"wp-block-columns is-layout-flex wp-container-core-columns-is-layout-9d6595d7 wp-block-columns-is-layout-flex\"><figure class=\"wp-block-post-featured-image\"><a href=\"https:\/\/www.greenpeace.org\/hungary\/kiadvany\/3254\/ezeket-tedd-hogy-megvedd-magad-a-szmogtol\/\" target=\"_self\"  ><img loading=\"lazy\" decoding=\"async\" width=\"1200\" height=\"800\" src=\"https:\/\/www.greenpeace.org\/static\/planet4-hungary-stateless\/2018\/12\/b5b6fd67-gp0stpq4h.jpg\" class=\"attachment-post-thumbnail size-post-thumbnail wp-post-image wp-stateless-item\" alt=\"Ezeket tedd, hogy megv\u00e9dd magad a szmogt\u00f3l!\" style=\"object-fit:cover;\" srcset=\"https:\/\/www.greenpeace.org\/static\/planet4-hungary-stateless\/2018\/12\/b5b6fd67-gp0stpq4h.jpg 1200w, https:\/\/www.greenpeace.org\/static\/planet4-hungary-stateless\/2018\/12\/b5b6fd67-gp0stpq4h-300x200.jpg 300w, https:\/\/www.greenpeace.org\/static\/planet4-hungary-stateless\/2018\/12\/b5b6fd67-gp0stpq4h-768x512.jpg 768w, https:\/\/www.greenpeace.org\/static\/planet4-hungary-stateless\/2018\/12\/b5b6fd67-gp0stpq4h-1024x683.jpg 1024w, https:\/\/www.greenpeace.org\/static\/planet4-hungary-stateless\/2018\/12\/b5b6fd67-gp0stpq4h-510x340.jpg 510w\" sizes=\"auto, (max-width: 1200px) 100vw, 1200px\" data-image-size=\"post-thumbnail\" data-stateless-media-bucket=\"planet4-hungary-stateless\" data-stateless-media-name=\"2018\/12\/b5b6fd67-gp0stpq4h.jpg\" \/><\/a><\/figure>\n\n\n<div class=\"wp-block-group is-layout-flow wp-block-group-is-layout-flow\">\n<div class=\"wp-block-group is-layout-flex wp-block-group-is-layout-flex\"><div class=\"wp-block-post-terms\"><a href=\"https:\/\/www.greenpeace.org\/hungary\/category\/ugyek\/ember-tarsadalom\/\">Ember &amp; T\u00e1rsadalom<\/a><\/div>\n\n<div class=\"taxonomy-post_tag wp-block-post-terms\"><a href=\"https:\/\/www.greenpeace.org\/hungary\/tag\/egeszseg\/\" rel=\"tag\">Eg\u00e9szs\u00e9g<\/a><span class=\"wp-block-post-terms__separator\"> <\/span><a href=\"https:\/\/www.greenpeace.org\/hungary\/tag\/levego\/\" rel=\"tag\">Leveg\u0151<\/a><span class=\"wp-block-post-terms__separator\"> <\/span><a href=\"https:\/\/www.greenpeace.org\/hungary\/tag\/tippek\/\" rel=\"tag\">Tippek<\/a><\/div><\/div>\n\n\n<h3 class=\"wp-block-post-title\"><a href=\"https:\/\/www.greenpeace.org\/hungary\/kiadvany\/3254\/ezeket-tedd-hogy-megvedd-magad-a-szmogtol\/\" target=\"_self\" >Ezeket tedd, hogy megv\u00e9dd magad a szmogt\u00f3l!<\/a><\/h3>\n\n<div class=\"wp-block-post-excerpt\"><p class=\"wp-block-post-excerpt__excerpt\">Mit lehet tenni a l\u00e9gszennyez\u00e9s \u00e9s a szmog ellen: hogyan v\u00e9dekezz\u00fcnk, amikor kritikusan magas telep\u00fcl\u00e9s\u00fcnk\u00f6n a leveg\u0151 k\u00e1rosanyag-tartalma? <\/p><\/div>\n\n\n<div class=\"wp-block-group posts-list-meta is-layout-flow wp-block-group-is-layout-flow\"><span class='article-list-item-author'><a href='https:\/\/www.greenpeace.org\/hungary\/author\/greenpeacehu\/'>Greenpeace Magyarorsz\u00e1g<\/a><\/span>\n\n<div class=\"wp-block-post-date\"><time datetime=\"2018-12-21T15:23:02+01:00\">2018. december 21.<\/time><\/div><\/div>\n<\/div>\n<\/div>\n\n<\/li><li class=\"wp-block-post post-13547 post type-post status-publish format-standard has-post-thumbnail hentry category-termeszet-kornyezet tag-okogazdalkodas tag-tippek p4-page-type-kiadvany\">\n\n<div class=\"wp-block-columns is-layout-flex wp-container-core-columns-is-layout-9d6595d7 wp-block-columns-is-layout-flex\"><figure class=\"wp-block-post-featured-image\"><a href=\"https:\/\/www.greenpeace.org\/hungary\/kiadvany\/13547\/hogyan-allj-at-okogazdalkodasra\/\" target=\"_self\"  ><img loading=\"lazy\" decoding=\"async\" width=\"1200\" height=\"800\" src=\"https:\/\/www.greenpeace.org\/static\/planet4-hungary-stateless\/2018\/10\/4b91e3f1-gp0strfu8.jpg\" class=\"attachment-post-thumbnail size-post-thumbnail wp-post-image wp-stateless-item\" alt=\"Hogyan \u00e1llj \u00e1t \u00f6kogazd\u00e1lkod\u00e1sra?\" style=\"object-fit:cover;\" srcset=\"https:\/\/www.greenpeace.org\/static\/planet4-hungary-stateless\/2018\/10\/4b91e3f1-gp0strfu8.jpg 1200w, https:\/\/www.greenpeace.org\/static\/planet4-hungary-stateless\/2018\/10\/4b91e3f1-gp0strfu8-300x200.jpg 300w, https:\/\/www.greenpeace.org\/static\/planet4-hungary-stateless\/2018\/10\/4b91e3f1-gp0strfu8-768x512.jpg 768w, https:\/\/www.greenpeace.org\/static\/planet4-hungary-stateless\/2018\/10\/4b91e3f1-gp0strfu8-1024x683.jpg 1024w, https:\/\/www.greenpeace.org\/static\/planet4-hungary-stateless\/2018\/10\/4b91e3f1-gp0strfu8-510x340.jpg 510w\" sizes=\"auto, (max-width: 1200px) 100vw, 1200px\" data-image-size=\"post-thumbnail\" data-stateless-media-bucket=\"planet4-hungary-stateless\" data-stateless-media-name=\"2018\/10\/4b91e3f1-gp0strfu8.jpg\" \/><\/a><\/figure>\n\n\n<div class=\"wp-block-group is-layout-flow wp-block-group-is-layout-flow\">\n<div class=\"wp-block-group is-layout-flex wp-block-group-is-layout-flex\"><div class=\"wp-block-post-terms\"><a href=\"https:\/\/www.greenpeace.org\/hungary\/category\/ugyek\/termeszet-kornyezet\/\">Term\u00e9szet &amp; K\u00f6rnyezet<\/a><\/div>\n\n<div class=\"taxonomy-post_tag wp-block-post-terms\"><a href=\"https:\/\/www.greenpeace.org\/hungary\/tag\/okogazdalkodas\/\" rel=\"tag\">\u00d6kogazd\u00e1lkod\u00e1s<\/a><span class=\"wp-block-post-terms__separator\"> <\/span><a href=\"https:\/\/www.greenpeace.org\/hungary\/tag\/tippek\/\" rel=\"tag\">Tippek<\/a><\/div><\/div>\n\n\n<h3 class=\"wp-block-post-title\"><a href=\"https:\/\/www.greenpeace.org\/hungary\/kiadvany\/13547\/hogyan-allj-at-okogazdalkodasra\/\" target=\"_self\" >Hogyan \u00e1llj \u00e1t \u00f6kogazd\u00e1lkod\u00e1sra?<\/a><\/h3>\n\n<div class=\"wp-block-post-excerpt\"><p class=\"wp-block-post-excerpt__excerpt\">A Greenpeace Magyarorsz\u00e1gn\u00e1l olyan j\u00f6v\u0151\u00e9rt dolgozunk, ahol a mez\u0151gazdas\u00e1g elegend\u0151 \u00e9lelmiszert termel \u00fagy, hogy k\u00f6zben nem k\u00e1ros\u00edtja k\u00f6rnyezet\u00fcnket \u00e9s eg\u00e9szs\u00e9g\u00fcnket. Ehhez gy\u00f6keresen \u00e1t kell alak\u00edtani a mai, vegyszereken alapul\u00f3 mez\u0151gazdas\u00e1got&hellip; <\/p><\/div>\n\n\n<div class=\"wp-block-group posts-list-meta is-layout-flow wp-block-group-is-layout-flow\"><span class='article-list-item-author'><a href='https:\/\/www.greenpeace.org\/hungary\/author\/greenpeacehu\/'>Greenpeace Magyarorsz\u00e1g<\/a><\/span>\n\n<div class=\"wp-block-post-date\"><time datetime=\"2018-10-23T11:49:00+02:00\">2018. okt\u00f3ber 23.<\/time><\/div><\/div>\n<\/div>\n<\/div>\n\n<\/li><\/ul>\n\n\n<div class=\"wp-block-buttons carousel-controls is-horizontal is-content-justification-space-between is-nowrap is-layout-flex wp-container-core-buttons-is-layout-044bd602 wp-block-buttons-is-layout-flex\">\n<div class=\"wp-block-button carousel-control-prev\"><button type=\"button\" class=\"wp-block-button__link wp-element-button\">Previous Carousel Slide<\/button><\/div>\n\n\n\n<div class=\"wp-block-button carousel-control-next\"><button type=\"button\" class=\"wp-block-button__link wp-element-button\">Next Carousel Slide<\/button><\/div>\n<\/div>\n\n\n<li class=\" wp-block-navigation-item see-all-link wp-block-navigation-link\"><a class=\"wp-block-navigation-item__content\"  href=\"https:\/\/www.greenpeace.org\/hungary\/news-stories\/?tag=tippek&#038;post-type=kiadvany\"><span class=\"wp-block-navigation-item__label\">Minden tipp \u00e9rdekel<\/span><\/a><\/li><\/div>\n\n<hr class=\"wp-block-separator has-text-color has-green-500-color has-alpha-channel-opacity has-green-500-background-color has-background is-style-default\"\/>\n\n<div class=\"wp-block-group is-style-reset-margin has-grey-100-background-color has-background is-layout-flow wp-block-group-is-layout-flow\" style=\"padding-top:0px;padding-right:0px;padding-bottom:0px;padding-left:0px\">\n<div class=\"wp-block-columns is-not-stacked-on-mobile is-style-mobile-carousel is-layout-flex wp-container-core-columns-is-layout-9d6595d7 wp-block-columns-is-layout-flex\">\n<div class=\"wp-block-column is-vertically-aligned-center is-layout-flow wp-block-column-is-layout-flow\">\n<div class=\"wp-block-cover aligncenter is-light\"><img loading=\"lazy\" decoding=\"async\" width=\"1024\" height=\"683\" class=\"wp-block-cover__image-background wp-image-12324\" alt=\"\" src=\"https:\/\/www.greenpeace.org\/static\/planet4-hungary-stateless\/2025\/07\/90b1ed17-vadmeh-faj_pribeli-levente-1024x683.jpg\" data-object-fit=\"cover\" srcset=\"https:\/\/www.greenpeace.org\/static\/planet4-hungary-stateless\/2025\/07\/90b1ed17-vadmeh-faj_pribeli-levente-1024x683.jpg 1024w, https:\/\/www.greenpeace.org\/static\/planet4-hungary-stateless\/2025\/07\/90b1ed17-vadmeh-faj_pribeli-levente-300x200.jpg 300w, https:\/\/www.greenpeace.org\/static\/planet4-hungary-stateless\/2025\/07\/90b1ed17-vadmeh-faj_pribeli-levente-768x512.jpg 768w, https:\/\/www.greenpeace.org\/static\/planet4-hungary-stateless\/2025\/07\/90b1ed17-vadmeh-faj_pribeli-levente-510x340.jpg 510w, https:\/\/www.greenpeace.org\/static\/planet4-hungary-stateless\/2025\/07\/90b1ed17-vadmeh-faj_pribeli-levente.jpg 1200w\" sizes=\"auto, (max-width: 1024px) 100vw, 1024px\" \/><span aria-hidden=\"true\" class=\"wp-block-cover__background has-background-dim-0 has-background-dim\"><\/span><div class=\"wp-block-cover__inner-container is-layout-flow wp-block-cover-is-layout-flow\">\n<h3 class=\"wp-block-heading has-text-align-right is-style-chevron has-beige-100-color has-text-color has-link-color has-large-font-size wp-elements-5033ee7ac3d9f758e0d61ca1fec289b4\">H\u00edrlev\u00e9l<\/h3>\n<\/div><\/div>\n<\/div>\n\n\n\n<div class=\"wp-block-column is-vertically-aligned-center is-layout-flow wp-block-column-is-layout-flow\">\n<div class=\"wp-block-group is-style-default is-vertical is-content-justification-center is-layout-flex wp-container-core-group-is-layout-7df04af3 wp-block-group-is-layout-flex\" style=\"padding-top:20px;padding-right:20px;padding-bottom:20px;padding-left:20px\"><script type=\"text\/javascript\">\n\/* <![CDATA[ *\/\nvar gform;gform||(document.addEventListener(\"gform_main_scripts_loaded\",function(){gform.scriptsLoaded=!0}),document.addEventListener(\"gform\/theme\/scripts_loaded\",function(){gform.themeScriptsLoaded=!0}),window.addEventListener(\"DOMContentLoaded\",function(){gform.domLoaded=!0}),gform={domLoaded:!1,scriptsLoaded:!1,themeScriptsLoaded:!1,isFormEditor:()=>\"function\"==typeof InitializeEditor,callIfLoaded:function(o){return!(!gform.domLoaded||!gform.scriptsLoaded||!gform.themeScriptsLoaded&&!gform.isFormEditor()||(gform.isFormEditor()&&console.warn(\"The use of gform.initializeOnLoaded() is deprecated in the form editor context and will be removed in Gravity Forms 3.1.\"),o(),0))},initializeOnLoaded:function(o){gform.callIfLoaded(o)||(document.addEventListener(\"gform_main_scripts_loaded\",()=>{gform.scriptsLoaded=!0,gform.callIfLoaded(o)}),document.addEventListener(\"gform\/theme\/scripts_loaded\",()=>{gform.themeScriptsLoaded=!0,gform.callIfLoaded(o)}),window.addEventListener(\"DOMContentLoaded\",()=>{gform.domLoaded=!0,gform.callIfLoaded(o)}))},hooks:{action:{},filter:{}},addAction:function(o,r,e,t){gform.addHook(\"action\",o,r,e,t)},addFilter:function(o,r,e,t){gform.addHook(\"filter\",o,r,e,t)},doAction:function(o){gform.doHook(\"action\",o,arguments)},applyFilters:function(o){return gform.doHook(\"filter\",o,arguments)},removeAction:function(o,r){gform.removeHook(\"action\",o,r)},removeFilter:function(o,r,e){gform.removeHook(\"filter\",o,r,e)},addHook:function(o,r,e,t,n){null==gform.hooks[o][r]&&(gform.hooks[o][r]=[]);var d=gform.hooks[o][r];null==n&&(n=r+\"_\"+d.length),gform.hooks[o][r].push({tag:n,callable:e,priority:t=null==t?10:t})},doHook:function(r,o,e){var t;if(e=Array.prototype.slice.call(e,1),null!=gform.hooks[r][o]&&((o=gform.hooks[r][o]).sort(function(o,r){return o.priority-r.priority}),o.forEach(function(o){\"function\"!=typeof(t=o.callable)&&(t=window[t]),\"action\"==r?t.apply(null,e):e[0]=t.apply(null,e)})),\"filter\"==r)return e[0]},removeHook:function(o,r,t,n){var e;null!=gform.hooks[o][r]&&(e=(e=gform.hooks[o][r]).filter(function(o,r,e){return!!(null!=n&&n!=o.tag||null!=t&&t!=o.priority)}),gform.hooks[o][r]=e)}});\n\/* ]]> *\/\n<\/script>\n\n                <div class='gf_browser_gecko gform_wrapper gravity-theme gform-theme--no-framework' data-form-theme='gravity-theme' data-form-index='0' id='gform_wrapper_2' ><div id='gf_2' class='gform_anchor' tabindex='-1'><\/div><form method='post' enctype='multipart\/form-data' target='gform_ajax_frame_2' id='gform_2'  action='\/hungary\/wp-json\/wp\/v2\/pages\/9#gf_2' data-formid='2' novalidate>\n                        <div class='gform-body gform_body'><div id='gform_fields_2' class='gform_fields top_label form_sublabel_below description_below validation_below'><div id=\"field_2_11\" class=\"gfield gfield--type-honeypot gform_validation_container field_sublabel_below gfield--has-description field_description_below field_validation_below gfield_visibility_visible\"  ><label class='gfield_label gform-field-label' for='input_2_11'>Facebook<\/label><div class='ginput_container'><input name='input_11' id='input_2_11' type='text' value='' autocomplete='new-password'\/><\/div><div class='gfield_description' id='gfield_description_2_11'>Ez a mez\u0151 az \u00e9rv\u00e9nyes\u00edt\u00e9shez van \u00e9s \u00fcresen kell hagyni.<\/div><\/div><div id=\"field_2_1\" class=\"gfield gfield--type-text gfield--input-type-text gfield--width-half gfield_contains_required field_sublabel_below gfield--no-description field_description_below hidden_label field_validation_below gfield_visibility_visible\"  ><label class='gfield_label gform-field-label' for='input_2_1'>Vezet\u00e9kn\u00e9v*<span class=\"gfield_required\"><span class=\"gfield_required gfield_required_text\">(K\u00f6telez\u0151)<\/span><\/span><\/label><div class='ginput_container ginput_container_text'><input name='input_1' id='input_2_1' type='text' value='' class='large'    placeholder='Vezet\u00e9kn\u00e9v*' aria-required=\"true\" aria-invalid=\"false\"   \/><\/div><\/div><div id=\"field_2_3\" class=\"gfield gfield--type-text gfield--input-type-text gfield--width-half gfield_contains_required field_sublabel_below gfield--no-description field_description_below hidden_label field_validation_below gfield_visibility_visible\"  ><label class='gfield_label gform-field-label' for='input_2_3'>Keresztn\u00e9v*<span class=\"gfield_required\"><span class=\"gfield_required gfield_required_text\">(K\u00f6telez\u0151)<\/span><\/span><\/label><div class='ginput_container ginput_container_text'><input name='input_3' id='input_2_3' type='text' value='' class='large'    placeholder='Keresztn\u00e9v*' aria-required=\"true\" aria-invalid=\"false\"   \/><\/div><\/div><div id=\"field_2_4\" class=\"gfield gfield--type-email gfield--input-type-email gfield--width-full gfield_contains_required field_sublabel_below gfield--no-description field_description_below hidden_label field_validation_below gfield_visibility_visible\"  ><label class='gfield_label gform-field-label' for='input_2_4'>E-mail-c\u00edm*<span class=\"gfield_required\"><span class=\"gfield_required gfield_required_text\">(K\u00f6telez\u0151)<\/span><\/span><\/label><div class='ginput_container ginput_container_email'>\n                            <input name='input_4' id='input_2_4' type='email' value='' class='large'   placeholder='E-mail-c\u00edm*' aria-required=\"true\" aria-invalid=\"false\"  \/>\n                        <\/div><\/div><div id=\"field_2_5\" class=\"gfield gfield--type-phone gfield--input-type-phone gfield--width-full field_sublabel_below gfield--no-description field_description_below hidden_label field_validation_below gfield_visibility_visible\"  ><label class='gfield_label gform-field-label' for='input_2_5'>Telefonsz\u00e1m<\/label><div class='ginput_container ginput_container_phone'><input name='input_5' id='input_2_5' type='tel' value='' class='large'  placeholder='Telefonsz\u00e1m'  aria-invalid=\"false\"   \/><\/div><\/div><fieldset id=\"field_2_6\" class=\"gfield gfield--type-checkbox gfield--type-choice gfield--input-type-checkbox gfield--width-full gfield_contains_required field_sublabel_below gfield--no-description field_description_below hidden_label field_validation_below gfield_visibility_visible custom-control\"  data-field-class=\"custom-control\" ><legend class='gfield_label gform-field-label gfield_label_before_complex' >Adatkezel\u00e9s<span class=\"gfield_required\"><span class=\"gfield_required gfield_required_text\">(K\u00f6telez\u0151)<\/span><\/span><\/legend><div class='ginput_container ginput_container_checkbox'><div class='gfield_checkbox ' id='input_2_6'><div class='gchoice gchoice_2_6_1'>\n\t\t\t\t\t\t\t\t<input class='gfield-choice-input' name='input_6.1' type='checkbox'  value='true'  id='choice_2_6_1'   \/>\n\t\t\t\t\t\t\t\t<label for='choice_2_6_1' id='label_2_6_1' class='gform-field-label gform-field-label--type-inline'>Elfogadom az <a href=\"https:\/\/www.greenpeace.org\/hungary\/adatkezeles\" target=\"_blank\">adatkezel\u00e9si t\u00e1j\u00e9koztat\u00f3t<\/a>, \u00e9s hozz\u00e1j\u00e1rulok adataim kezel\u00e9s\u00e9hez.*<\/label>\n\t\t\t\t\t\t\t<\/div><\/div><\/div><\/fieldset><fieldset id=\"field_2_8\" class=\"gfield gfield--type-multi_choice gfield--type-choice gfield--input-type-radio gfield--width-full field_sublabel_below gfield--no-description field_description_below field_validation_below gfield_visibility_hidden gfield--choice-align-vertical\"  ><div class=\"admin-hidden-markup\"><i class=\"gform-icon gform-icon--hidden\" aria-hidden=\"true\" title=\"This field is hidden when viewing the form\"><\/i><span>This field is hidden when viewing the form<\/span><\/div><legend class='gfield_label gform-field-label gfield_label_before_complex' >Enged\u00e9lyezed, hogy a Greenpeace Magyarorsz\u00e1g megadott el\u00e9rhet\u0151s\u00e9geiden \u00e9rtes\u00edtsen a kamp\u00e1nyokr\u00f3l, \u00e9s az azokban val\u00f3 r\u00e9szv\u00e9tel lehet\u0151s\u00e9geir\u0151l?<\/legend><div class='ginput_container ginput_container_radio'><div class='gfield_radio' id='input_2_8'>\n\t\t\t<div class='gchoice gchoice_2_8_0'>\n\t\t\t\t\t<input class='gfield-choice-input' name='input_8' type='radio' value='true' checked='checked' id='choice_2_8_0' onchange='gformToggleRadioOther( this )'    \/>\n\t\t\t\t\t<label for='choice_2_8_0' id='label_2_8_0' class='gform-field-label gform-field-label--type-inline'>Igen, k\u00e9rek \u00e9rtes\u00edt\u00e9st<\/label>\n\t\t\t<\/div><\/div><\/div><\/fieldset><div id=\"field_2_7\" class=\"gfield gfield--type-text gfield--input-type-text gfield--width-full field_sublabel_below gfield--no-description field_description_below field_validation_below gfield_visibility_hidden\"  ><div class=\"admin-hidden-markup\"><i class=\"gform-icon gform-icon--hidden\" aria-hidden=\"true\" title=\"This field is hidden when viewing the form\"><\/i><span>This field is hidden when viewing the form<\/span><\/div><label class='gfield_label gform-field-label' for='input_2_7'>Source<\/label><div class='ginput_container ginput_container_text'><input name='input_7' id='input_2_7' type='text' value='' class='large'      aria-invalid=\"false\"   \/><\/div><\/div><div id=\"field_2_9\" class=\"gfield gfield--type-text gfield--input-type-text gfield--width-full field_sublabel_below gfield--no-description field_description_below field_validation_below gfield_visibility_hidden\"  ><div class=\"admin-hidden-markup\"><i class=\"gform-icon gform-icon--hidden\" aria-hidden=\"true\" title=\"This field is hidden when viewing the form\"><\/i><span>This field is hidden when viewing the form<\/span><\/div><label class='gfield_label gform-field-label' for='input_2_9'>Orsz\u00e1g\/r\u00e9gi\u00f3<\/label><div class='ginput_container ginput_container_text'><input name='input_9' id='input_2_9' type='text' value='HU' class='large'      aria-invalid=\"false\"   \/><\/div><\/div><fieldset id=\"field_2_10\" class=\"gfield gfield--type-checkbox gfield--type-choice gfield--input-type-checkbox gfield--width-full field_sublabel_below gfield--no-description field_description_below field_validation_below gfield_visibility_hidden custom-control\"  data-field-class=\"custom-control\" ><div class=\"admin-hidden-markup\"><i class=\"gform-icon gform-icon--hidden\" aria-hidden=\"true\" title=\"This field is hidden when viewing the form\"><\/i><span>This field is hidden when viewing the form<\/span><\/div><legend class='gfield_label gform-field-label gfield_label_before_complex' >Owned HU<\/legend><div class='ginput_container ginput_container_checkbox'><div class='gfield_checkbox ' id='input_2_10'><div class='gchoice gchoice_2_10_1'>\n\t\t\t\t\t\t\t\t<input class='gfield-choice-input' name='input_10.1' type='checkbox'  value='Yes' checked='checked' id='choice_2_10_1'   \/>\n\t\t\t\t\t\t\t\t<label for='choice_2_10_1' id='label_2_10_1' class='gform-field-label gform-field-label--type-inline'>Yes<\/label>\n\t\t\t\t\t\t\t<\/div><\/div><\/div><\/fieldset><\/div><\/div>\n        <div class='gform-footer gform_footer top_label'> <input type='submit' id='gform_submit_button_2' class='gform_button button' onclick='gform.submission.handleButtonClick(this);' data-submission-type='submit' value='Feliratkozom'  \/> <input type='hidden' name='gform_ajax' value='form_id=2&amp;title=&amp;description=&amp;tabindex=0&amp;theme=gravity-theme&amp;styles={&quot;theme&quot;:&quot;gravity-theme&quot;,&quot;inputPrimaryColor&quot;:&quot;#204ce5&quot;}&amp;hash=9388b77ec7b9e553f445ee2f7d0af39a' \/>\n            <input type='hidden' class='gform_hidden' name='gform_submission_method' data-js='gform_submission_method_2' value='iframe' \/>\n            <input type='hidden' class='gform_hidden' name='gform_theme' data-js='gform_theme_2' id='gform_theme_2' value='gravity-theme' \/>\n            <input type='hidden' class='gform_hidden' name='gform_style_settings' data-js='gform_style_settings_2' id='gform_style_settings_2' value='{&quot;theme&quot;:&quot;gravity-theme&quot;,&quot;inputPrimaryColor&quot;:&quot;#204ce5&quot;}' \/>\n            <input type='hidden' class='gform_hidden' name='is_submit_2' value='1' \/>\n            <input type='hidden' class='gform_hidden' name='gform_submit' value='2' \/>\n            \n            <input type='hidden' class='gform_hidden' name='gform_currency' data-currency='USD' value='DTjdhxV8XaXdMfVpPTX4gszdTAoMMosRalQp3M\/px0CK5\/Oca4tPDBDfIkNmj+qZsuBG2eu\/xJG\/j\/1VkpuTyN2WOttKd1+ZjQy324beulez3u0=' \/>\n            <input type='hidden' class='gform_hidden' name='gform_unique_id' value='' \/>\n            <input type='hidden' class='gform_hidden' name='state_2' value='WyJ7XCI2LjFcIjpcImExYTFiZjViZDA3YThmOTQ0YmMwY2ZiYWQyYWNiZDRmXCIsXCI4XCI6W1wiYTFhMWJmNWJkMDdhOGY5NDRiYzBjZmJhZDJhY2JkNGZcIl0sXCIxMC4xXCI6XCI4NmE3MTIzYzhiOTY5ZDYzYWRjZDI3OGUxYjFmYzYwM1wifSIsIjJiOWRhNjUwMjBhMzI2NTJiZGRhNzE4ZjU4OGZkMDEzIl0=' \/>\n            <input type='hidden' autocomplete='off' class='gform_hidden' name='gform_target_page_number_2' id='gform_target_page_number_2' value='0' \/>\n            <input type='hidden' autocomplete='off' class='gform_hidden' name='gform_source_page_number_2' id='gform_source_page_number_2' value='1' \/>\n            <input type='hidden' name='gform_field_values' value='' \/>\n            \n        <\/div>\n                        <p style=\"display: none !important;\" class=\"akismet-fields-container\" data-prefix=\"ak_\"><label>&#916;<textarea name=\"ak_hp_textarea\" cols=\"45\" rows=\"8\" maxlength=\"100\"><\/textarea><\/label><input type=\"hidden\" id=\"ak_js_1\" name=\"ak_js\" value=\"155\"\/><script>document.getElementById( \"ak_js_1\" ).setAttribute( \"value\", ( new Date() ).getTime() );<\/script><\/p><\/form>\n                        <\/div>\n\t\t                <iframe style='display:none;width:0px;height:0px;' src='about:blank' name='gform_ajax_frame_2' id='gform_ajax_frame_2' title='This iframe contains the logic required to handle Ajax powered Gravity Forms.'><\/iframe>\n\t\t                <script type=\"text\/javascript\">\n\/* <![CDATA[ *\/\n gform.initializeOnLoaded( function() {gformInitSpinner( 2, 'https:\/\/www.greenpeace.org\/hungary\/wp-content\/plugins\/gravityforms\/images\/spinner.svg', true );jQuery('#gform_ajax_frame_2').on('load',function(){var contents = jQuery(this).contents().find('*').html();var is_postback = contents.indexOf('GF_AJAX_POSTBACK') >= 0;if(!is_postback){return;}var form_content = jQuery(this).contents().find('#gform_wrapper_2');var is_confirmation = jQuery(this).contents().find('#gform_confirmation_wrapper_2').length > 0;var is_redirect = contents.indexOf('gformRedirect(){') >= 0;var is_form = form_content.length > 0 && ! is_redirect && ! is_confirmation;var mt = parseInt(jQuery('html').css('margin-top'), 10) + parseInt(jQuery('body').css('margin-top'), 10) + 100;if(is_form){jQuery('#gform_wrapper_2').html(form_content.html());if(form_content.hasClass('gform_validation_error')){jQuery('#gform_wrapper_2').addClass('gform_validation_error');} else {jQuery('#gform_wrapper_2').removeClass('gform_validation_error');}setTimeout( function() { \/* delay the scroll by 50 milliseconds to fix a bug in chrome *\/ jQuery(document).scrollTop(jQuery('#gform_wrapper_2').offset().top - mt); }, 50 );if(window['gformInitDatepicker']) {gformInitDatepicker();}if(window['gformInitPriceFields']) {gformInitPriceFields();}var current_page = jQuery('#gform_source_page_number_2').val();gformInitSpinner( 2, 'https:\/\/www.greenpeace.org\/hungary\/wp-content\/plugins\/gravityforms\/images\/spinner.svg', true );jQuery(document).trigger('gform_page_loaded', [2, current_page]);window['gf_submitting_2'] = false;}else if(!is_redirect){var confirmation_content = jQuery(this).contents().find('.GF_AJAX_POSTBACK').html();if(!confirmation_content){confirmation_content = contents;}jQuery('#gform_wrapper_2').replaceWith(confirmation_content);jQuery(document).scrollTop(jQuery('#gf_2').offset().top - mt);jQuery(document).trigger('gform_confirmation_loaded', [2]);window['gf_submitting_2'] = false;wp.a11y.speak(jQuery('#gform_confirmation_message_2').text());}else{jQuery('#gform_2').append(contents);if(window['gformRedirect']) {gformRedirect();}}jQuery(document).trigger(\"gform_pre_post_render\", [{ formId: \"2\", currentPage: \"current_page\", abort: function() { this.preventDefault(); } }]);        if (event && event.defaultPrevented) {                return;        }        const gformWrapperDiv = document.getElementById( \"gform_wrapper_2\" );        if ( gformWrapperDiv ) {            const visibilitySpan = document.createElement( \"span\" );            visibilitySpan.id = \"gform_visibility_test_2\";            gformWrapperDiv.insertAdjacentElement( \"afterend\", visibilitySpan );        }        const visibilityTestDiv = document.getElementById( \"gform_visibility_test_2\" );        let postRenderFired = false;        function triggerPostRender() {            if ( postRenderFired ) {                return;            }            postRenderFired = true;            gform.core.triggerPostRenderEvents( 2, current_page );            if ( visibilityTestDiv ) {                visibilityTestDiv.parentNode.removeChild( visibilityTestDiv );            }        }        function debounce( func, wait, immediate ) {            var timeout;            return function() {                var context = this, args = arguments;                var later = function() {                    timeout = null;                    if ( !immediate ) func.apply( context, args );                };                var callNow = immediate && !timeout;                clearTimeout( timeout );                timeout = setTimeout( later, wait );                if ( callNow ) func.apply( context, args );            };        }        const debouncedTriggerPostRender = debounce( function() {            triggerPostRender();        }, 200 );        if ( visibilityTestDiv && visibilityTestDiv.offsetParent === null ) {            const observer = new MutationObserver( ( mutations ) => {                mutations.forEach( ( mutation ) => {                    if ( mutation.type === 'attributes' && visibilityTestDiv.offsetParent !== null ) {                        debouncedTriggerPostRender();                        observer.disconnect();                    }                });            });            observer.observe( document.body, {                attributes: true,                childList: false,                subtree: true,                attributeFilter: [ 'style', 'class' ],            });        } else {            triggerPostRender();        }    } );} ); \n\/* ]]> *\/\n<\/script>\n<\/div>\n<\/div>\n<\/div>\n<\/div>\n\n<hr class=\"wp-block-separator has-text-color has-green-500-color has-alpha-channel-opacity has-green-500-background-color has-background\"\/>\n","protected":false},"excerpt":{"rendered":"<p>A Greenpeace vil\u00e1gszerte b\u00e1tran \u00e9s hat\u00e1rozottan l\u00e9p fel a kl\u00edmav\u00e1ltoz\u00e1s, a term\u00e9szetv\u00e9delem \u00e9s a t\u00e1rsadalmi igazs\u00e1goss\u00e1g ter\u00fclet\u00e9n. A szervezet olyan emberekb\u0151l \u00e1ll, akik tudj\u00e1k, hogy egy\u00fctt m\u00e9g els\u0151re lehetetlennek t\u0171n\u0151 kih\u00edv\u00e1sok lek\u00fczd\u00e9s\u00e9re is k\u00e9pesek vagyunk. Milli\u00f3nyi apr\u00f3, de a j\u00f3 ir\u00e1nyba tett cselekedet bizony megv\u00e1ltoztatja a vil\u00e1got! Te is b\u00e1tran ki\u00e1lln\u00e1l az\u00e9rt, amiben hiszel? Akkor [&hellip;]<\/p>\n","protected":false},"author":1,"featured_media":401,"parent":0,"menu_order":0,"comment_status":"closed","ping_status":"closed","template":"","meta":{"ep_exclude_from_search":false,"p4_hide_page_title_checkbox":"","p4_title":"","p4_subtitle":"","p4_description":"","background_image_id":"","background_image":"","p4_button_title":"","p4_button_link":"","p4_button_link_checkbox":"","p4_og_title":"","p4_og_description":"","p4_og_image":"","p4_og_image_id":"","p4_seo_canonical_url":"","p4_campaign_name":"not set","p4_local_project":"not set","p4_basket_name":"not set","p4_department":"","footnotes":""},"categories":[],"tags":[],"class_list":["post-9","page","type-page","status-publish","has-post-thumbnail","hentry"],"_links":{"self":[{"href":"https:\/\/www.greenpeace.org\/hungary\/wp-json\/wp\/v2\/pages\/9","targetHints":{"allow":["GET"]}}],"collection":[{"href":"https:\/\/www.greenpeace.org\/hungary\/wp-json\/wp\/v2\/pages"}],"about":[{"href":"https:\/\/www.greenpeace.org\/hungary\/wp-json\/wp\/v2\/types\/page"}],"author":[{"embeddable":true,"href":"https:\/\/www.greenpeace.org\/hungary\/wp-json\/wp\/v2\/users\/1"}],"replies":[{"embeddable":true,"href":"https:\/\/www.greenpeace.org\/hungary\/wp-json\/wp\/v2\/comments?post=9"}],"version-history":[{"count":20,"href":"https:\/\/www.greenpeace.org\/hungary\/wp-json\/wp\/v2\/pages\/9\/revisions"}],"predecessor-version":[{"id":13575,"href":"https:\/\/www.greenpeace.org\/hungary\/wp-json\/wp\/v2\/pages\/9\/revisions\/13575"}],"wp:featuredmedia":[{"embeddable":true,"href":"https:\/\/www.greenpeace.org\/hungary\/wp-json\/wp\/v2\/media\/401"}],"wp:attachment":[{"href":"https:\/\/www.greenpeace.org\/hungary\/wp-json\/wp\/v2\/media?parent=9"}],"wp:term":[{"taxonomy":"category","embeddable":true,"href":"https:\/\/www.greenpeace.org\/hungary\/wp-json\/wp\/v2\/categories?post=9"},{"taxonomy":"post_tag","embeddable":true,"href":"https:\/\/www.greenpeace.org\/hungary\/wp-json\/wp\/v2\/tags?post=9"}],"curies":[{"name":"wp","href":"https:\/\/api.w.org\/{rel}","templated":true}]}}