{"id":10707,"date":"2018-01-01T16:04:29","date_gmt":"2018-01-01T15:04:29","guid":{"rendered":"http:\/\/dev.p4.greenpeace.org\/international\/?page_id=10707"},"modified":"2026-04-08T10:49:44","modified_gmt":"2026-04-08T08:49:44","slug":"nature","status":"publish","type":"page","link":"https:\/\/www.greenpeace.org\/international\/explore\/nature\/","title":{"rendered":"Nature"},"content":{"rendered":"\n<div class=\"wp-block-media-text alignfull has-media-on-the-right is-stacked-on-mobile is-pattern-p4-page-header\"><div class=\"wp-block-media-text__content\">\n<div class=\"wp-block-group is-layout-flow wp-block-group-is-layout-flow\">\n<h1 class=\"wp-block-heading has-white-background-color has-background\">Preserve, protect and restore our planet <\/h1>\n<\/div>\n\n\n\n<p style=\"font-size:1.25rem\">Focusing on great global forests and oceans we aim to preserve, protect and restore the most valuable ecosystems for the climate and for biodiversity.<\/p>\n<\/div><figure class=\"wp-block-media-text__media\"><img loading=\"lazy\" decoding=\"async\" width=\"1024\" height=\"706\" src=\"https:\/\/www.greenpeace.org\/static\/planet4-international-stateless\/2016\/12\/66573b95-gp0stoe2u_medium_res-1024x706.jpg\" alt=\"Sunrise Over Reef in Komodo National Park \u00a9 Paul Hilton \/ Greenpeace\" sizes=\"auto, (min-width: 601px) 50vw, 100vw\" srcset=\"https:\/\/www.greenpeace.org\/static\/planet4-international-stateless\/2016\/12\/66573b95-gp0stoe2u_medium_res.jpg 1200w, https:\/\/www.greenpeace.org\/static\/planet4-international-stateless\/2016\/12\/66573b95-gp0stoe2u_medium_res-300x207.jpg 300w, https:\/\/www.greenpeace.org\/static\/planet4-international-stateless\/2016\/12\/66573b95-gp0stoe2u_medium_res-768x529.jpg 768w, https:\/\/www.greenpeace.org\/static\/planet4-international-stateless\/2016\/12\/66573b95-gp0stoe2u_medium_res-1024x706.jpg 1024w, https:\/\/www.greenpeace.org\/static\/planet4-international-stateless\/2016\/12\/66573b95-gp0stoe2u_medium_res-493x340.jpg 493w\" class=\"wp-image-9714 size-full\"\/><\/figure><\/div>\n\n\n<div class=\"wp-block-group alignfull block has-beige-100-background-color has-background is-layout-flow wp-block-group-is-layout-flow\">\n<div class=\"wp-block-group container is-layout-flow wp-block-group-is-layout-flow\">\n<div style=\"height:24px\" aria-hidden=\"true\" class=\"wp-block-spacer\"><\/div>\n\n\n\n<h4 class=\"wp-block-heading\"><\/h4>\n\n\n\n<div class=\"wp-block-columns is-style-mobile-carousel is-layout-flex wp-container-core-columns-is-layout-9d6595d7 wp-block-columns-is-layout-flex\">\n<div class=\"wp-block-column is-layout-flow wp-block-column-is-layout-flow\">\n<div class=\"wp-block-group group-stretched-link is-layout-flow wp-block-group-is-layout-flow\">\n<figure class=\"wp-block-image aligncenter size-large is-resized is-style-rounded-90 force-no-lightbox force-no-caption mb-0\"><img loading=\"lazy\" decoding=\"async\" width=\"1024\" height=\"1024\" src=\"https:\/\/www.greenpeace.org\/static\/planet4-international-stateless\/2023\/08\/8f997aa2-14_tropical_forests-1-1024x1024.png\" alt=\"\" class=\"wp-image-61267\" srcset=\"https:\/\/www.greenpeace.org\/static\/planet4-international-stateless\/2023\/08\/8f997aa2-14_tropical_forests-1-1024x1024.png 1024w, https:\/\/www.greenpeace.org\/static\/planet4-international-stateless\/2023\/08\/8f997aa2-14_tropical_forests-1-300x300.png 300w, https:\/\/www.greenpeace.org\/static\/planet4-international-stateless\/2023\/08\/8f997aa2-14_tropical_forests-1-150x150.png 150w, https:\/\/www.greenpeace.org\/static\/planet4-international-stateless\/2023\/08\/8f997aa2-14_tropical_forests-1-768x769.png 768w, https:\/\/www.greenpeace.org\/static\/planet4-international-stateless\/2023\/08\/8f997aa2-14_tropical_forests-1-340x340.png 340w, https:\/\/www.greenpeace.org\/static\/planet4-international-stateless\/2023\/08\/8f997aa2-14_tropical_forests-1.png 1250w\" sizes=\"auto, (max-width: 1024px) 100vw, 1024px\" \/><\/figure>\n\n\n\n<div style=\"height:16px\" aria-hidden=\"true\" class=\"wp-block-spacer\"><\/div>\n\n\n\n<h5 class=\"wp-block-heading has-text-align-center\" style=\"font-size:1rem\"><a href=\"#vision\">Our vision<\/a><\/h5>\n<\/div>\n<\/div>\n\n\n\n<div class=\"wp-block-column is-layout-flow wp-block-column-is-layout-flow\">\n<div class=\"wp-block-group group-stretched-link is-layout-flow wp-block-group-is-layout-flow\">\n<figure class=\"wp-block-image aligncenter size-large is-resized is-style-rounded-90 force-no-lightbox force-no-caption mb-0\"><img loading=\"lazy\" decoding=\"async\" width=\"1024\" height=\"1024\" src=\"https:\/\/www.greenpeace.org\/static\/planet4-international-stateless\/2023\/08\/7a05226c-6_extreme_weather-1-1024x1024.png\" alt=\"\" class=\"wp-image-61259\" srcset=\"https:\/\/www.greenpeace.org\/static\/planet4-international-stateless\/2023\/08\/7a05226c-6_extreme_weather-1-1024x1024.png 1024w, https:\/\/www.greenpeace.org\/static\/planet4-international-stateless\/2023\/08\/7a05226c-6_extreme_weather-1-300x300.png 300w, https:\/\/www.greenpeace.org\/static\/planet4-international-stateless\/2023\/08\/7a05226c-6_extreme_weather-1-150x150.png 150w, https:\/\/www.greenpeace.org\/static\/planet4-international-stateless\/2023\/08\/7a05226c-6_extreme_weather-1-768x769.png 768w, https:\/\/www.greenpeace.org\/static\/planet4-international-stateless\/2023\/08\/7a05226c-6_extreme_weather-1-340x340.png 340w, https:\/\/www.greenpeace.org\/static\/planet4-international-stateless\/2023\/08\/7a05226c-6_extreme_weather-1.png 1250w\" sizes=\"auto, (max-width: 1024px) 100vw, 1024px\" \/><\/figure>\n\n\n\n<div style=\"height:16px\" aria-hidden=\"true\" class=\"wp-block-spacer\"><\/div>\n\n\n\n<h5 class=\"wp-block-heading has-text-align-center\" style=\"font-size:1rem\"><a href=\"#issues\">The issues<\/a><\/h5>\n<\/div>\n<\/div>\n\n\n\n<div class=\"wp-block-column is-layout-flow wp-block-column-is-layout-flow\">\n<div class=\"wp-block-group group-stretched-link is-layout-flow wp-block-group-is-layout-flow\">\n<figure class=\"wp-block-image aligncenter size-large is-resized is-style-rounded-90 force-no-lightbox force-no-caption mb-0\"><img loading=\"lazy\" decoding=\"async\" width=\"1024\" height=\"1024\" src=\"https:\/\/www.greenpeace.org\/static\/planet4-international-stateless\/2023\/08\/472b4a4d-19_people_power-1-1024x1024.png\" alt=\"\" class=\"wp-image-61272\" srcset=\"https:\/\/www.greenpeace.org\/static\/planet4-international-stateless\/2023\/08\/472b4a4d-19_people_power-1-1024x1024.png 1024w, https:\/\/www.greenpeace.org\/static\/planet4-international-stateless\/2023\/08\/472b4a4d-19_people_power-1-300x300.png 300w, https:\/\/www.greenpeace.org\/static\/planet4-international-stateless\/2023\/08\/472b4a4d-19_people_power-1-150x150.png 150w, https:\/\/www.greenpeace.org\/static\/planet4-international-stateless\/2023\/08\/472b4a4d-19_people_power-1-768x769.png 768w, https:\/\/www.greenpeace.org\/static\/planet4-international-stateless\/2023\/08\/472b4a4d-19_people_power-1-340x340.png 340w, https:\/\/www.greenpeace.org\/static\/planet4-international-stateless\/2023\/08\/472b4a4d-19_people_power-1.png 1250w\" sizes=\"auto, (max-width: 1024px) 100vw, 1024px\" \/><\/figure>\n\n\n\n<div style=\"height:16px\" aria-hidden=\"true\" class=\"wp-block-spacer\"><\/div>\n\n\n\n<h5 class=\"wp-block-heading has-text-align-center\" style=\"font-size:1rem\"><a href=\"#do\">What you can do<\/a><\/h5>\n<\/div>\n<\/div>\n\n\n\n<div class=\"wp-block-column is-layout-flow wp-block-column-is-layout-flow\">\n<div class=\"wp-block-group group-stretched-link is-layout-flow wp-block-group-is-layout-flow\">\n<figure class=\"wp-block-image aligncenter size-large is-resized is-style-rounded-90 force-no-lightbox force-no-caption mb-0\"><img loading=\"lazy\" decoding=\"async\" width=\"1024\" height=\"1024\" src=\"https:\/\/www.greenpeace.org\/static\/planet4-international-stateless\/2023\/08\/69efb0e2-23_sustainable_transport-1-1024x1024.png\" alt=\"\" class=\"wp-image-61275\" srcset=\"https:\/\/www.greenpeace.org\/static\/planet4-international-stateless\/2023\/08\/69efb0e2-23_sustainable_transport-1-1024x1024.png 1024w, https:\/\/www.greenpeace.org\/static\/planet4-international-stateless\/2023\/08\/69efb0e2-23_sustainable_transport-1-300x300.png 300w, https:\/\/www.greenpeace.org\/static\/planet4-international-stateless\/2023\/08\/69efb0e2-23_sustainable_transport-1-150x150.png 150w, https:\/\/www.greenpeace.org\/static\/planet4-international-stateless\/2023\/08\/69efb0e2-23_sustainable_transport-1-768x769.png 768w, https:\/\/www.greenpeace.org\/static\/planet4-international-stateless\/2023\/08\/69efb0e2-23_sustainable_transport-1-340x340.png 340w, https:\/\/www.greenpeace.org\/static\/planet4-international-stateless\/2023\/08\/69efb0e2-23_sustainable_transport-1.png 1250w\" sizes=\"auto, (max-width: 1024px) 100vw, 1024px\" \/><\/figure>\n\n\n\n<div style=\"height:16px\" aria-hidden=\"true\" class=\"wp-block-spacer\"><\/div>\n\n\n\n<h5 class=\"wp-block-heading has-text-align-center\" style=\"font-size:1rem\"><a href=\"#updates\">Latest updates<\/a><\/h5>\n<\/div>\n<\/div>\n<\/div>\n<\/div>\n<\/div>\n\n\n<div style=\"height:0px\" aria-hidden=\"true\" id=\"vision\" class=\"wp-block-spacer\"><\/div>\n\n<div class=\"wp-block-media-text alignwide is-stacked-on-mobile\"><figure class=\"wp-block-media-text__media\"><img loading=\"lazy\" decoding=\"async\" width=\"1024\" height=\"683\" src=\"https:\/\/www.greenpeace.org\/static\/planet4-international-stateless\/2020\/05\/51314ae8-gp0sto4uf-1024x683.jpg\" alt=\"Organic Farming in Negros. \u00a9 Andri Tambunan \/ Greenpeace\" sizes=\"auto, (min-width: 1600px) calc((1320px - 24px) \/ 2),(min-width: 1200px) calc((1140px - 24px) \/ 2),(min-width: 992px) calc((960px - 24px) \/ 2),(min-width: 768px) calc((720px - 24px) \/ 2),(min-width: 601px) calc((540px - 24px) \/ 2),(min-width: 577px) calc((540px - 24px) \/ 1), calc(100vw - 24px)\" srcset=\"https:\/\/www.greenpeace.org\/static\/planet4-international-stateless\/2020\/05\/51314ae8-gp0sto4uf.jpg 1200w, https:\/\/www.greenpeace.org\/static\/planet4-international-stateless\/2020\/05\/51314ae8-gp0sto4uf-300x200.jpg 300w, https:\/\/www.greenpeace.org\/static\/planet4-international-stateless\/2020\/05\/51314ae8-gp0sto4uf-1024x683.jpg 1024w, https:\/\/www.greenpeace.org\/static\/planet4-international-stateless\/2020\/05\/51314ae8-gp0sto4uf-768x512.jpg 768w, https:\/\/www.greenpeace.org\/static\/planet4-international-stateless\/2020\/05\/51314ae8-gp0sto4uf-510x340.jpg 510w\" class=\"wp-image-43397 size-full\"\/><\/figure><div class=\"wp-block-media-text__content\">\n<h2 class=\"wp-block-heading\">Our vision<\/h2>\n\n\n\n<p>We need a world where oceans and forests are protected and are allowed to flourish. We need a new story to emerge, one that places the entire Earth\u2019s ability to thrive above the greed of a few.<\/p>\n<\/div><\/div>\n\n<div style=\"height:0px\" aria-hidden=\"true\" id=\"issues\" class=\"wp-block-spacer\"><\/div>\n\n\n<div class=\"wp-block-group alignfull block has-beige-100-background-color has-background is-layout-flow wp-block-group-is-layout-flow\">\n<div class=\"wp-block-group container is-layout-flow wp-block-group-is-layout-flow\">\n<div style=\"height:24px\" aria-hidden=\"true\" class=\"wp-block-spacer\"><\/div>\n\n\n\n<h2 class=\"wp-block-heading\">The issues<\/h2>\n\n\n\n<div class=\"wp-block-columns is-not-stacked-on-mobile is-style-mobile-carousel is-layout-flex wp-container-core-columns-is-layout-9d6595d7 wp-block-columns-is-layout-flex\">\n<div class=\"wp-block-column is-layout-flow wp-block-column-is-layout-flow\">\n<div class=\"wp-block-group group-stretched-link is-layout-flow wp-block-group-is-layout-flow\">\n<figure class=\"wp-block-image aligncenter size-large is-resized is-style-rounded-90 force-no-lightbox force-no-caption mb-0\"><img loading=\"lazy\" decoding=\"async\" width=\"1024\" height=\"711\" src=\"https:\/\/www.greenpeace.org\/static\/planet4-international-stateless-develop\/2019\/10\/fa4919b9-212859_web-1024x711.jpg\" title=\"\u00a9 NASA Worldview, Earth Observing System Data and Information System (EOSDIS)\" alt=\"\u00a9 NASA Worldview, Earth Observing System Data and Information System (EOSDIS)\" class=\"wp-image-24684\" style=\"width:90px;height:90px\" srcset=\"https:\/\/www.greenpeace.org\/static\/planet4-international-stateless\/2019\/10\/fa4919b9-212859_web-1024x711.jpg 1024w, https:\/\/www.greenpeace.org\/static\/planet4-international-stateless\/2019\/10\/fa4919b9-212859_web-300x208.jpg 300w, https:\/\/www.greenpeace.org\/static\/planet4-international-stateless\/2019\/10\/fa4919b9-212859_web-768x533.jpg 768w, https:\/\/www.greenpeace.org\/static\/planet4-international-stateless\/2019\/10\/fa4919b9-212859_web-490x340.jpg 490w, https:\/\/www.greenpeace.org\/static\/planet4-international-stateless\/2019\/10\/fa4919b9-212859_web.jpg 1440w\" sizes=\"auto, (max-width: 1024px) 100vw, 1024px\" \/><figcaption><div class=\"credit icon-left\"> \u00a9 NASA Worldview, Earth Observing System Data and Information System (EOSDIS)<\/div><\/figcaption><\/figure>\n\n\n\n<div style=\"height:16px\" aria-hidden=\"true\" class=\"wp-block-spacer\"><\/div>\n\n\n\n<h5 class=\"wp-block-heading has-text-align-center\" style=\"font-size:1rem\"><a href=\"https:\/\/www.greenpeace.org\/international\/tag\/extreme-weather\/\" data-type=\"post_tag\" data-id=\"113\">Extreme Weather<\/a><\/h5>\n<\/div>\n<\/div>\n\n\n\n<div class=\"wp-block-column is-layout-flow wp-block-column-is-layout-flow\">\n<div class=\"wp-block-group group-stretched-link is-layout-flow wp-block-group-is-layout-flow\">\n<figure class=\"wp-block-image aligncenter size-large is-resized is-style-rounded-90 force-no-lightbox force-no-caption mb-0\"><img loading=\"lazy\" decoding=\"async\" width=\"1024\" height=\"675\" src=\"https:\/\/www.greenpeace.org\/static\/planet4-international-stateless-develop\/2020\/07\/6d26484b-gp0stug4m-1024x675.jpg\" title=\"Australia&#039;s Bushfires Continue to Burn. \u00a9 Kiran Ridley \/ Greenpeace\" alt=\"Australia's Bushfires Continue to Burn. \u00a9 Kiran Ridley \/ Greenpeace\" class=\"wp-image-44032\" style=\"width:90px;height:90px\" srcset=\"https:\/\/www.greenpeace.org\/static\/planet4-international-stateless\/2020\/07\/6d26484b-gp0stug4m-1024x675.jpg 1024w, https:\/\/www.greenpeace.org\/static\/planet4-international-stateless\/2020\/07\/6d26484b-gp0stug4m-300x198.jpg 300w, https:\/\/www.greenpeace.org\/static\/planet4-international-stateless\/2020\/07\/6d26484b-gp0stug4m-768x506.jpg 768w, https:\/\/www.greenpeace.org\/static\/planet4-international-stateless\/2020\/07\/6d26484b-gp0stug4m-510x336.jpg 510w, https:\/\/www.greenpeace.org\/static\/planet4-international-stateless\/2020\/07\/6d26484b-gp0stug4m.jpg 1200w\" sizes=\"auto, (max-width: 1024px) 100vw, 1024px\" \/><figcaption class=\"wp-element-caption\">Tony Weston, 62, a Rural Fire Service volunteer firefighter sprays trees on fire on the outskirts of the small town of Numeralla in New South Wales.<div class=\"credit icon-left\"> \u00a9 Kiran Ridley \/ Greenpeace<\/div><\/figcaption><\/figure>\n\n\n\n<div style=\"height:16px\" aria-hidden=\"true\" class=\"wp-block-spacer\"><\/div>\n\n\n\n<h5 class=\"wp-block-heading has-text-align-center\" style=\"font-size:1rem\"><a href=\"https:\/\/www.greenpeace.org\/international\/tag\/fires\/\" data-type=\"post_tag\" data-id=\"101\">Fires<\/a><\/h5>\n<\/div>\n<\/div>\n\n\n\n<div class=\"wp-block-column is-layout-flow wp-block-column-is-layout-flow\">\n<div class=\"wp-block-group group-stretched-link is-layout-flow wp-block-group-is-layout-flow\">\n<figure class=\"wp-block-image aligncenter size-large is-resized is-style-rounded-90 force-no-lightbox force-no-caption mb-0\"><img loading=\"lazy\" decoding=\"async\" width=\"1024\" height=\"683\" src=\"https:\/\/www.greenpeace.org\/static\/planet4-international-stateless-develop\/2020\/06\/9358bfaa-gp0stsnf5-1024x683.jpg\" title=\"Fruits Produced in the Cerrado Biome, Brazil. \u00a9 Marizilda Cruppe \/ Greenpeace\" alt=\"Fruits Produced in the Cerrado Biome, Brazil. \u00a9 Marizilda Cruppe \/ Greenpeace\" class=\"wp-image-43716\" style=\"width:90px;height:90px\" srcset=\"https:\/\/www.greenpeace.org\/static\/planet4-international-stateless\/2020\/06\/9358bfaa-gp0stsnf5-1024x683.jpg 1024w, https:\/\/www.greenpeace.org\/static\/planet4-international-stateless\/2020\/06\/9358bfaa-gp0stsnf5-300x200.jpg 300w, https:\/\/www.greenpeace.org\/static\/planet4-international-stateless\/2020\/06\/9358bfaa-gp0stsnf5-768x512.jpg 768w, https:\/\/www.greenpeace.org\/static\/planet4-international-stateless\/2020\/06\/9358bfaa-gp0stsnf5-510x340.jpg 510w, https:\/\/www.greenpeace.org\/static\/planet4-international-stateless\/2020\/06\/9358bfaa-gp0stsnf5.jpg 1200w\" sizes=\"auto, (max-width: 1024px) 100vw, 1024px\" \/><figcaption class=\"wp-element-caption\">The Cerrado biome is a very diverse and  vast tropical savanna ecoregion of Brazil. It contains forests, plains, savannas and huge amount of natural resources.\nFor centuries, local traditional populations have been living in its fields and plains without destroying the natural landscape, sourcing their livelihood from all its richness. But the agribusiness expansion movement is risking its survival and the availability of natural resources, causing conflicts over land and even water.<\/figcaption><figcaption><div class=\"credit icon-left\"> \u00a9 Marizilda Cruppe \/ Greenpeace<\/div><\/figcaption><\/figure>\n\n\n\n<div style=\"height:16px\" aria-hidden=\"true\" class=\"wp-block-spacer\"><\/div>\n\n\n\n<h5 class=\"wp-block-heading has-text-align-center\" style=\"font-size:1rem\"><a href=\"https:\/\/www.greenpeace.org\/international\/tag\/food\/\" data-type=\"post_tag\" data-id=\"86\">Food<\/a><\/h5>\n<\/div>\n<\/div>\n\n\n\n<div class=\"wp-block-column is-layout-flow wp-block-column-is-layout-flow\">\n<div class=\"wp-block-group group-stretched-link is-layout-flow wp-block-group-is-layout-flow\">\n<figure class=\"wp-block-image aligncenter size-large is-resized is-style-rounded-90 force-no-lightbox force-no-caption mb-0\"><img loading=\"lazy\" decoding=\"async\" width=\"1024\" height=\"767\" src=\"https:\/\/www.greenpeace.org\/static\/planet4-international-stateless\/2022\/11\/96e3451e-gp1sw6ag-1024x767.jpg\" title=\"Preserved Forest Area in the Realidade District.\" alt=\"Preserved Forest Area in the Realidade District.\" class=\"wp-image-56549\" style=\"width:90px;height:90px\" srcset=\"https:\/\/www.greenpeace.org\/static\/planet4-international-stateless\/2022\/11\/96e3451e-gp1sw6ag-1024x767.jpg 1024w, https:\/\/www.greenpeace.org\/static\/planet4-international-stateless\/2022\/11\/96e3451e-gp1sw6ag-300x225.jpg 300w, https:\/\/www.greenpeace.org\/static\/planet4-international-stateless\/2022\/11\/96e3451e-gp1sw6ag-768x575.jpg 768w, https:\/\/www.greenpeace.org\/static\/planet4-international-stateless\/2022\/11\/96e3451e-gp1sw6ag-454x340.jpg 454w, https:\/\/www.greenpeace.org\/static\/planet4-international-stateless\/2022\/11\/96e3451e-gp1sw6ag.jpg 1200w\" sizes=\"auto, (max-width: 1024px) 100vw, 1024px\" \/><figcaption class=\"wp-element-caption\">Between September 6 and 12, Greenpeace Brasil carried out a field expedition in the Amazon, passing through Porto Velho, in Rond\u00f4nia and Humait\u00e1 and L\u00e1brea, in Amazonas, to record the advance of deforestation in the region, fire and the impacts of fire.<br><br>In the early hours of the morning, it is possible to see evapotranspiration from trees, which send moisture into the atmosphere. Humait\u00e1, Amazonas<\/figcaption><\/figure>\n\n\n\n<div style=\"height:16px\" aria-hidden=\"true\" class=\"wp-block-spacer\"><\/div>\n\n\n\n<h5 class=\"wp-block-heading has-text-align-center\" style=\"font-size:1rem\"><a href=\"https:\/\/www.greenpeace.org\/international\/explore\/nature\/amazon\/\" data-type=\"link\" data-id=\"https:\/\/www.greenpeace.org\/international\/explore\/nature\/amazon\/\">Amazon<\/a><\/h5>\n<\/div>\n<\/div>\n\n\n\n<div class=\"wp-block-column is-layout-flow wp-block-column-is-layout-flow\">\n<div class=\"wp-block-group group-stretched-link is-layout-flow wp-block-group-is-layout-flow\">\n<figure class=\"wp-block-image aligncenter size-large is-resized is-style-rounded-90 force-no-lightbox force-no-caption mb-0\"><img loading=\"lazy\" decoding=\"async\" width=\"1024\" height=\"683\" src=\"https:\/\/www.greenpeace.org\/static\/planet4-international-stateless\/2025\/09\/1ac97a3b-gp1ta60b-1024x683.jpg\" title=\"Humpback Whales at Silver Bank in the Caribbean. \u00a9 Kevin McElvaney \/ Greenpeace\" alt=\"Humpback Whales at Silver Bank in the Caribbean. \u00a9 Kevin McElvaney \/ Greenpeace\" class=\"wp-image-78768\" style=\"width:90px;height:90px\" srcset=\"https:\/\/www.greenpeace.org\/static\/planet4-international-stateless\/2025\/09\/1ac97a3b-gp1ta60b-1024x683.jpg 1024w, https:\/\/www.greenpeace.org\/static\/planet4-international-stateless\/2025\/09\/1ac97a3b-gp1ta60b-300x200.jpg 300w, https:\/\/www.greenpeace.org\/static\/planet4-international-stateless\/2025\/09\/1ac97a3b-gp1ta60b-768x512.jpg 768w, https:\/\/www.greenpeace.org\/static\/planet4-international-stateless\/2025\/09\/1ac97a3b-gp1ta60b-510x340.jpg 510w, https:\/\/www.greenpeace.org\/static\/planet4-international-stateless\/2025\/09\/1ac97a3b-gp1ta60b.jpg 1200w\" sizes=\"auto, (max-width: 1024px) 100vw, 1024px\" \/><figcaption class=\"wp-element-caption\">Underwater view of humpback whales (Megaptera novaeangliae) captured in the Silver Bank (Dominican Republic). Humpback whales are currently listed as \u201cLeast Concern\u201d on the IUCN Red List (2024), reflecting their recovery from previous endangerment.<div class=\"credit icon-left\"> \u00a9 Kevin McElvaney \/ Greenpeace<\/div><\/figcaption><\/figure>\n\n\n\n<div style=\"height:16px\" aria-hidden=\"true\" class=\"wp-block-spacer\"><\/div>\n\n\n\n<h5 class=\"wp-block-heading has-text-align-center\" style=\"font-size:1rem\"><a href=\"https:\/\/www.greenpeace.org\/international\/tag\/oceans\/\" data-type=\"post_tag\" data-id=\"85\">Oceans<\/a><\/h5>\n<\/div>\n<\/div>\n<\/div>\n<\/div>\n<\/div>\n\n\n<div style=\"height:10px\" aria-hidden=\"true\" id=\"do\" class=\"wp-block-spacer\"><\/div>\n\n<div class=\"wp-block-query actions-list p4-query-loop is-custom-layout-carousel is-layout-flex wp-block-query-is-layout-flex\">\n<h2 class=\"wp-block-heading\">What you can do<\/h2>\n\n\n\n<p style=\"margin-top:24px;margin-bottom:32px\"><\/p>\n\n\n\n\n<ul class=\"wp-block-post-template is-layout-flow wp-block-post-template-is-layout-flow\"><li class=\"wp-block-post post-54964 p4_action type-p4_action status-publish has-post-thumbnail hentry category-nature tag-oceans action-type-act\">\n<figure class=\"wp-block-post-featured-image\"><img loading=\"lazy\" decoding=\"async\" width=\"1200\" height=\"675\" src=\"https:\/\/www.greenpeace.org\/static\/planet4-international-stateless\/2025\/07\/4b5235d5-gp0su655l_medium-res-1200px.jpg\" class=\"attachment-post-thumbnail size-post-thumbnail wp-post-image wp-stateless-item\" alt=\"A ground mural with the phrase &#039;The Ocean is not for Sale - Greenpeace&#039;, written on a blue background and surrounded by fish\" style=\"object-fit:cover;\" srcset=\"https:\/\/www.greenpeace.org\/static\/planet4-international-stateless\/2025\/07\/4b5235d5-gp0su655l_medium-res-1200px.jpg 1200w, https:\/\/www.greenpeace.org\/static\/planet4-international-stateless\/2025\/07\/4b5235d5-gp0su655l_medium-res-1200px-300x169.jpg 300w, https:\/\/www.greenpeace.org\/static\/planet4-international-stateless\/2025\/07\/4b5235d5-gp0su655l_medium-res-1200px-1024x576.jpg 1024w, https:\/\/www.greenpeace.org\/static\/planet4-international-stateless\/2025\/07\/4b5235d5-gp0su655l_medium-res-1200px-768x432.jpg 768w, https:\/\/www.greenpeace.org\/static\/planet4-international-stateless\/2025\/07\/4b5235d5-gp0su655l_medium-res-1200px-510x287.jpg 510w\" sizes=\"auto, (max-width: 1200px) 100vw, 1200px\" data-image-size=\"post-thumbnail\" data-stateless-media-bucket=\"planet4-international-stateless\" data-stateless-media-name=\"2025\/07\/4b5235d5-gp0su655l_medium-res-1200px.jpg\" \/><\/figure>\n\n\n                <div class=\"wp-block-group group-stretched-link is-layout-flow wp-block-group-is-layout-flow\"><div class=\"wp-block-post-terms\">Nature<\/div>\n                <h3 class=\"wp-block-post-title\"><a href=\"https:\/\/www.greenpeace.org\/international\/act\/stop-deep-sea-mining\/\" target=\"_self\" >Stop Deep Sea Mining<\/a><\/h3>\n                <div class=\"wp-block-post-excerpt\"><p class=\"wp-block-post-excerpt__excerpt\">We need a global moratorium to stop the launch of this destructive new extractive industry. Join the Campaign. <\/p><\/div><\/div>\n                \n\n\n<div class=\"wp-block-group read-more-nav is-layout-flow wp-block-group-is-layout-flow\"><a href=\"https:\/\/www.greenpeace.org\/international\/act\/stop-deep-sea-mining\/\" class=\"btn btn-primary btn-small\" aria-label=\"Add your name\">Add your name<\/a><\/div>\n\n<\/li><li class=\"wp-block-post post-81307 p4_action type-p4_action status-publish has-post-thumbnail hentry category-nature tag-food action-type-act\">\n<figure class=\"wp-block-post-featured-image\"><img loading=\"lazy\" decoding=\"async\" width=\"2500\" height=\"1668\" src=\"https:\/\/www.greenpeace.org\/static\/planet4-international-stateless\/2025\/05\/0b3b54e4-gp0su5ay4_pressmedia-2500px.jpg\" class=\"attachment-post-thumbnail size-post-thumbnail wp-post-image wp-stateless-item\" alt=\"Greenpeace Brazil\u2019s activists have taken action against JBS, the world\u2019s biggest meat company, disrupting their annual shareholder meeting at the company\u2019s headquarters in Sao Paulo. They are protesting the company\u2019s role in environmental destruction and climate breakdown, including deforestation in the Amazon.\" style=\"object-fit:cover;\" srcset=\"https:\/\/www.greenpeace.org\/static\/planet4-international-stateless\/2025\/05\/0b3b54e4-gp0su5ay4_pressmedia-2500px.jpg 2500w, https:\/\/www.greenpeace.org\/static\/planet4-international-stateless\/2025\/05\/0b3b54e4-gp0su5ay4_pressmedia-2500px-300x200.jpg 300w, https:\/\/www.greenpeace.org\/static\/planet4-international-stateless\/2025\/05\/0b3b54e4-gp0su5ay4_pressmedia-2500px-1024x683.jpg 1024w, https:\/\/www.greenpeace.org\/static\/planet4-international-stateless\/2025\/05\/0b3b54e4-gp0su5ay4_pressmedia-2500px-768x512.jpg 768w, https:\/\/www.greenpeace.org\/static\/planet4-international-stateless\/2025\/05\/0b3b54e4-gp0su5ay4_pressmedia-2500px-1536x1025.jpg 1536w, https:\/\/www.greenpeace.org\/static\/planet4-international-stateless\/2025\/05\/0b3b54e4-gp0su5ay4_pressmedia-2500px-2048x1366.jpg 2048w, https:\/\/www.greenpeace.org\/static\/planet4-international-stateless\/2025\/05\/0b3b54e4-gp0su5ay4_pressmedia-2500px-510x340.jpg 510w\" sizes=\"auto, (max-width: 2500px) 100vw, 2500px\" data-image-size=\"post-thumbnail\" data-stateless-media-bucket=\"planet4-international-stateless\" data-stateless-media-name=\"2025\/05\/0b3b54e4-gp0su5ay4_pressmedia-2500px.jpg\" \/><\/figure>\n\n\n                <div class=\"wp-block-group group-stretched-link is-layout-flow wp-block-group-is-layout-flow\"><div class=\"wp-block-post-terms\">Nature<\/div>\n                <h3 class=\"wp-block-post-title\"><a href=\"https:\/\/www.greenpeace.org\/international\/act\/demand-jbs-reveal-true-cost-of-their-expansion\/\" target=\"_self\" >Send your demand to JBS: release the files<\/a><\/h3>\n                <div class=\"wp-block-post-excerpt\"><p class=\"wp-block-post-excerpt__excerpt\">Demand the world&#8217;s largest meat empire. JBS, to reveal the true cost of their expansion. <\/p><\/div><\/div>\n                \n\n\n<div class=\"wp-block-group read-more-nav is-layout-flow wp-block-group-is-layout-flow\"><a href=\"https:\/\/www.greenpeace.org\/international\/act\/demand-jbs-reveal-true-cost-of-their-expansion\/\" class=\"btn btn-primary btn-small\" aria-label=\"Send email to JBS demanding them to release the files\">Send email<\/a><\/div>\n\n<\/li><li class=\"wp-block-post post-72469 p4_action type-p4_action status-publish has-post-thumbnail hentry category-nature tag-forests action-type-act\">\n<figure class=\"wp-block-post-featured-image\"><img loading=\"lazy\" decoding=\"async\" width=\"1200\" height=\"800\" src=\"https:\/\/www.greenpeace.org\/static\/planet4-international-stateless\/2025\/03\/54e64eac-gp1ta6ez.jpg\" class=\"attachment-post-thumbnail size-post-thumbnail wp-post-image wp-stateless-item\" alt=\"Illegal Mining in the Sarar\u00e9 Indigenous Land in the Amazon. \u00a9 Fabio Bispo \/ Greenpeace\" style=\"object-fit:cover;\" srcset=\"https:\/\/www.greenpeace.org\/static\/planet4-international-stateless\/2025\/03\/54e64eac-gp1ta6ez.jpg 1200w, https:\/\/www.greenpeace.org\/static\/planet4-international-stateless\/2025\/03\/54e64eac-gp1ta6ez-300x200.jpg 300w, https:\/\/www.greenpeace.org\/static\/planet4-international-stateless\/2025\/03\/54e64eac-gp1ta6ez-1024x683.jpg 1024w, https:\/\/www.greenpeace.org\/static\/planet4-international-stateless\/2025\/03\/54e64eac-gp1ta6ez-768x512.jpg 768w, https:\/\/www.greenpeace.org\/static\/planet4-international-stateless\/2025\/03\/54e64eac-gp1ta6ez-510x340.jpg 510w\" sizes=\"auto, (max-width: 1200px) 100vw, 1200px\" data-image-size=\"post-thumbnail\" data-stateless-media-bucket=\"planet4-international-stateless\" data-stateless-media-name=\"2025\/03\/54e64eac-gp1ta6ez.jpg\" \/><\/figure>\n\n\n                <div class=\"wp-block-group group-stretched-link is-layout-flow wp-block-group-is-layout-flow\"><div class=\"wp-block-post-terms\">Nature<\/div>\n                <h3 class=\"wp-block-post-title\"><a href=\"https:\/\/www.greenpeace.org\/international\/act\/respect-amazon\/\" target=\"_self\" >Respect the Amazon<\/a><\/h3>\n                <div class=\"wp-block-post-excerpt\"><p class=\"wp-block-post-excerpt__excerpt\">Ask political leaders to act on their promises to stop Amazon destruction. <\/p><\/div><\/div>\n                \n\n\n<div class=\"wp-block-group read-more-nav is-layout-flow wp-block-group-is-layout-flow\"><a href=\"https:\/\/www.greenpeace.org\/international\/act\/respect-amazon\/\" class=\"btn btn-primary btn-small\" aria-label=\"Demand global leaders to respect the Amazon\">Join the movement<\/a><\/div>\n\n<\/li><li class=\"wp-block-post post-70029 p4_action type-p4_action status-publish has-post-thumbnail hentry category-nature tag-food action-type-act\">\n<figure class=\"wp-block-post-featured-image\"><img loading=\"lazy\" decoding=\"async\" width=\"1200\" height=\"800\" src=\"https:\/\/www.greenpeace.org\/static\/planet4-international-stateless\/2024\/10\/c7e1b7ea-gp0stzm8s.jpg\" class=\"attachment-post-thumbnail size-post-thumbnail wp-post-image wp-stateless-item\" alt=\"Tethered Cows for B\u00e4renmarke Milk in Hesse. \u00a9 Greenpeace\" style=\"object-fit:cover;\" srcset=\"https:\/\/www.greenpeace.org\/static\/planet4-international-stateless\/2024\/10\/c7e1b7ea-gp0stzm8s.jpg 1200w, https:\/\/www.greenpeace.org\/static\/planet4-international-stateless\/2024\/10\/c7e1b7ea-gp0stzm8s-300x200.jpg 300w, https:\/\/www.greenpeace.org\/static\/planet4-international-stateless\/2024\/10\/c7e1b7ea-gp0stzm8s-1024x683.jpg 1024w, https:\/\/www.greenpeace.org\/static\/planet4-international-stateless\/2024\/10\/c7e1b7ea-gp0stzm8s-768x512.jpg 768w, https:\/\/www.greenpeace.org\/static\/planet4-international-stateless\/2024\/10\/c7e1b7ea-gp0stzm8s-510x340.jpg 510w\" sizes=\"auto, (max-width: 1200px) 100vw, 1200px\" data-image-size=\"post-thumbnail\" data-stateless-media-bucket=\"planet4-international-stateless\" data-stateless-media-name=\"2024\/10\/c7e1b7ea-gp0stzm8s.jpg\" \/><\/figure>\n\n\n                <div class=\"wp-block-group group-stretched-link is-layout-flow wp-block-group-is-layout-flow\"><div class=\"wp-block-post-terms\">Nature<\/div>\n                <h3 class=\"wp-block-post-title\"><a href=\"https:\/\/www.greenpeace.org\/international\/act\/stop-big-meat-and-dairy\/\" target=\"_self\" >Stop Big Meat and Dairy<\/a><\/h3>\n                <div class=\"wp-block-post-excerpt\"><p class=\"wp-block-post-excerpt__excerpt\">It\u2019s time to cut through corporate lies, cut agriculture emissions and shift towards sustainable agroecology. <\/p><\/div><\/div>\n                \n\n\n<div class=\"wp-block-group read-more-nav is-layout-flow wp-block-group-is-layout-flow\"><a href=\"https:\/\/www.greenpeace.org\/international\/act\/stop-big-meat-and-dairy\/\" class=\"btn btn-primary btn-small\" aria-label=\"Take action\">Sign now!<\/a><\/div>\n\n<\/li><li class=\"wp-block-post post-62114 p4_action type-p4_action status-publish has-post-thumbnail hentry category-nature tag-oceans action-type-act\">\n<figure class=\"wp-block-post-featured-image\"><img loading=\"lazy\" decoding=\"async\" width=\"1200\" height=\"800\" src=\"https:\/\/www.greenpeace.org\/static\/planet4-international-stateless\/2025\/09\/73d9e89c-gp1svnfb.jpg\" class=\"attachment-post-thumbnail size-post-thumbnail wp-post-image wp-stateless-item\" alt=\"Humpback Whale Mother and Calf in the Pacific Ocean. \u00a9 Jasmine Carey\" style=\"object-fit:cover;\" srcset=\"https:\/\/www.greenpeace.org\/static\/planet4-international-stateless\/2025\/09\/73d9e89c-gp1svnfb.jpg 1200w, https:\/\/www.greenpeace.org\/static\/planet4-international-stateless\/2025\/09\/73d9e89c-gp1svnfb-300x200.jpg 300w, https:\/\/www.greenpeace.org\/static\/planet4-international-stateless\/2025\/09\/73d9e89c-gp1svnfb-1024x683.jpg 1024w, https:\/\/www.greenpeace.org\/static\/planet4-international-stateless\/2025\/09\/73d9e89c-gp1svnfb-768x512.jpg 768w, https:\/\/www.greenpeace.org\/static\/planet4-international-stateless\/2025\/09\/73d9e89c-gp1svnfb-510x340.jpg 510w\" sizes=\"auto, (max-width: 1200px) 100vw, 1200px\" data-image-size=\"post-thumbnail\" data-stateless-media-bucket=\"planet4-international-stateless\" data-stateless-media-name=\"2025\/09\/73d9e89c-gp1svnfb.jpg\" \/><\/figure>\n\n\n                <div class=\"wp-block-group group-stretched-link is-layout-flow wp-block-group-is-layout-flow\"><div class=\"wp-block-post-terms\">Nature<\/div>\n                <h3 class=\"wp-block-post-title\"><a href=\"https:\/\/www.greenpeace.org\/international\/act\/ocean-sanctuaries\/\" target=\"_self\" >Protect the Oceans<\/a><\/h3>\n                <div class=\"wp-block-post-excerpt\"><p class=\"wp-block-post-excerpt__excerpt\">Add your name to call on leaders to create new ocean sanctuaries and protect our blue planet. <\/p><\/div><\/div>\n                \n\n\n<div class=\"wp-block-group read-more-nav is-layout-flow wp-block-group-is-layout-flow\"><a href=\"https:\/\/www.greenpeace.org\/international\/act\/ocean-sanctuaries\/\" class=\"btn btn-primary btn-small\" aria-label=\"Take action\">Add your name<\/a><\/div>\n\n<\/li><li class=\"wp-block-post post-79823 p4_action type-p4_action status-publish has-post-thumbnail hentry category-nature tag-oceans action-type-act\">\n<figure class=\"wp-block-post-featured-image\"><img loading=\"lazy\" decoding=\"async\" width=\"1200\" height=\"800\" src=\"https:\/\/www.greenpeace.org\/static\/planet4-international-stateless\/2025\/11\/8e350ce5-gp0sttwfy.jpg\" class=\"attachment-post-thumbnail size-post-thumbnail wp-post-image wp-stateless-item\" alt=\"Local Fishermen Activity in Dakar. \u00a9 Pape Diatta Sarr \/ Greenpeace\" style=\"object-fit:cover;\" srcset=\"https:\/\/www.greenpeace.org\/static\/planet4-international-stateless\/2025\/11\/8e350ce5-gp0sttwfy.jpg 1200w, https:\/\/www.greenpeace.org\/static\/planet4-international-stateless\/2025\/11\/8e350ce5-gp0sttwfy-300x200.jpg 300w, https:\/\/www.greenpeace.org\/static\/planet4-international-stateless\/2025\/11\/8e350ce5-gp0sttwfy-1024x683.jpg 1024w, https:\/\/www.greenpeace.org\/static\/planet4-international-stateless\/2025\/11\/8e350ce5-gp0sttwfy-768x512.jpg 768w, https:\/\/www.greenpeace.org\/static\/planet4-international-stateless\/2025\/11\/8e350ce5-gp0sttwfy-510x340.jpg 510w\" sizes=\"auto, (max-width: 1200px) 100vw, 1200px\" data-image-size=\"post-thumbnail\" data-stateless-media-bucket=\"planet4-international-stateless\" data-stateless-media-name=\"2025\/11\/8e350ce5-gp0sttwfy.jpg\" \/><\/figure>\n\n\n                <div class=\"wp-block-group group-stretched-link is-layout-flow wp-block-group-is-layout-flow\"><div class=\"wp-block-post-terms\">Nature<\/div>\n                <h3 class=\"wp-block-post-title\"><a href=\"https:\/\/www.greenpeace.org\/international\/act\/stand-with-coastal-communities\/\" target=\"_self\" >Stand with coastal communities<\/a><\/h3>\n                <div class=\"wp-block-post-excerpt\"><p class=\"wp-block-post-excerpt__excerpt\">Share your message of solidarity and join a global wave calling on a fair and sustainable ocean protection. <\/p><\/div><\/div>\n                \n\n\n<div class=\"wp-block-group read-more-nav is-layout-flow wp-block-group-is-layout-flow\"><a href=\"https:\/\/www.greenpeace.org\/international\/act\/stand-with-coastal-communities\/\" class=\"btn btn-primary btn-small\" aria-label=\"Send your message\">Send your message<\/a><\/div>\n\n<\/li><\/ul>\n\n\n<div class=\"wp-block-buttons carousel-controls is-horizontal is-content-justification-space-between is-nowrap is-layout-flex wp-container-core-buttons-is-layout-044bd602 wp-block-buttons-is-layout-flex\">\n<div class=\"wp-block-button carousel-control-prev\"><button type=\"button\" class=\"wp-block-button__link wp-element-button\">Prev<\/button><\/div>\n\n\n\n<div class=\"wp-block-button carousel-control-next\"><button type=\"button\" class=\"wp-block-button__link wp-element-button\">Next<\/button><\/div>\n<\/div>\n\n\n\n<div class=\"wp-block-buttons load-more-actions-container is-content-justification-center is-layout-flex wp-container-core-buttons-is-layout-16018d1d wp-block-buttons-is-layout-flex\">\n<div class=\"wp-block-button is-style-secondary\"><button type=\"button\" class=\"wp-block-button__link wp-element-button\">Load more<\/button><\/div>\n<\/div>\n<\/div>\n\n<div style=\"height:0px\" aria-hidden=\"true\" id=\"updates\" class=\"wp-block-spacer\"><\/div>\n\n<div class=\"wp-block-query posts-list p4-query-loop is-custom-layout-list is-layout-flow wp-block-query-is-layout-flow\">\n<div class=\"wp-block-group is-content-justification-space-between is-layout-flex wp-container-core-group-is-layout-3d213aab wp-block-group-is-layout-flex\">\n<h2 class=\"wp-block-heading\">Latest updates<\/h2>\n\n\n<li class=\" wp-block-navigation-item see-all-link wp-block-navigation-link\"><a class=\"wp-block-navigation-item__content\"  href=\"http:\/\/www.greenpeace.org\/international\/posts\/?category=nature&#038;post-type=story\"><span class=\"wp-block-navigation-item__label\">See all stories<\/span><\/a><\/li><\/div>\n\n\n\n<p style=\"margin-top:24px;margin-bottom:36px\"><\/p>\n\n\n\n\n<ul class=\"wp-block-post-template is-layout-flow wp-block-post-template-is-layout-flow\"><li class=\"wp-block-post post-83041 post type-post status-publish format-standard has-post-thumbnail hentry category-nature category-uncategorised tag-food tag-forests p4-page-type-story\">\n\n<div class=\"wp-block-columns is-layout-flex wp-container-core-columns-is-layout-9d6595d7 wp-block-columns-is-layout-flex\"><figure class=\"wp-block-post-featured-image\"><a href=\"https:\/\/www.greenpeace.org\/international\/story\/83041\/the-letter-the-worlds-largest-meat-company-wished-would-never-be-written\/\" target=\"_self\"  ><img loading=\"lazy\" decoding=\"async\" width=\"1200\" height=\"815\" src=\"https:\/\/www.greenpeace.org\/static\/planet4-international-stateless\/2026\/04\/a2a1409c-gp0su8t61.jpg\" class=\"attachment-post-thumbnail size-post-thumbnail wp-post-image wp-stateless-item\" alt=\"The letter the world\u2019s largest meat company wished would never be written\" style=\"object-fit:cover;\" srcset=\"https:\/\/www.greenpeace.org\/static\/planet4-international-stateless\/2026\/04\/a2a1409c-gp0su8t61.jpg 1200w, https:\/\/www.greenpeace.org\/static\/planet4-international-stateless\/2026\/04\/a2a1409c-gp0su8t61-300x204.jpg 300w, https:\/\/www.greenpeace.org\/static\/planet4-international-stateless\/2026\/04\/a2a1409c-gp0su8t61-1024x695.jpg 1024w, https:\/\/www.greenpeace.org\/static\/planet4-international-stateless\/2026\/04\/a2a1409c-gp0su8t61-768x522.jpg 768w, https:\/\/www.greenpeace.org\/static\/planet4-international-stateless\/2026\/04\/a2a1409c-gp0su8t61-501x340.jpg 501w\" sizes=\"auto, (max-width: 1200px) 100vw, 1200px\" data-image-size=\"post-thumbnail\" data-stateless-media-bucket=\"planet4-international-stateless\" data-stateless-media-name=\"2026\/04\/a2a1409c-gp0su8t61.jpg\" \/><\/a><\/figure>\n\n\n<div class=\"wp-block-group is-layout-flow wp-block-group-is-layout-flow\">\n<div class=\"wp-block-group is-layout-flex wp-block-group-is-layout-flex\"><div class=\"wp-block-post-terms\"><a href=\"https:\/\/www.greenpeace.org\/international\/story\/\">Stories<\/a><\/div>\n\n<div class=\"taxonomy-post_tag wp-block-post-terms\"><a href=\"https:\/\/www.greenpeace.org\/international\/tag\/food\/\" rel=\"tag\">Food<\/a><span class=\"wp-block-post-terms__separator\"> <\/span><a href=\"https:\/\/www.greenpeace.org\/international\/tag\/forests\/\" rel=\"tag\">Forests<\/a><\/div><\/div>\n\n\n<h3 class=\"wp-block-post-title\"><a href=\"https:\/\/www.greenpeace.org\/international\/story\/83041\/the-letter-the-worlds-largest-meat-company-wished-would-never-be-written\/\" target=\"_self\" >The letter the world\u2019s largest meat company wished would never be written<\/a><\/h3>\n\n<div class=\"wp-block-post-excerpt\"><p class=\"wp-block-post-excerpt__excerpt\">Today, Greenpeace Netherlands activists disrupted the shareholder meeting of the world&#8217;s largest meat company, JBS, causing the meeting to be cancelled. Meanwhile, Greenpeace Netherlands has initiated a legal intervention to expose their destructive expansion plans, forcing their billionaire executives out of the shadows. <\/p><\/div>\n\n\n<div class=\"wp-block-group posts-list-meta is-layout-flow wp-block-group-is-layout-flow\"><span class='article-list-item-author'>Isabel Willemsen<\/span>\n\n<div class=\"wp-block-post-date\"><time datetime=\"2026-04-30T16:16:49+02:00\">30 Apr 2026<\/time><\/div><\/div>\n<\/div>\n<\/div>\n\n<\/li><li class=\"wp-block-post post-82952 post type-post status-publish format-standard has-post-thumbnail hentry category-nature tag-food p4-page-type-press-release\">\n\n<div class=\"wp-block-columns is-layout-flex wp-container-core-columns-is-layout-9d6595d7 wp-block-columns-is-layout-flex\"><figure class=\"wp-block-post-featured-image\"><a href=\"https:\/\/www.greenpeace.org\/international\/press-release\/82952\/greenpeace-initiate-legal-action-against-meat-giant-jbs-over-2-5-billion-nigeria-expansion\/\" target=\"_self\"  ><img loading=\"lazy\" decoding=\"async\" width=\"1200\" height=\"900\" src=\"https:\/\/www.greenpeace.org\/static\/planet4-international-stateless\/2026\/04\/9e67bba8-gp0su8t3z.jpg\" class=\"attachment-post-thumbnail size-post-thumbnail wp-post-image wp-stateless-item\" alt=\"Greenpeace initiate legal action against meat giant JBS, as activists shut down first Dutch shareholder meeting\" style=\"object-fit:cover;\" srcset=\"https:\/\/www.greenpeace.org\/static\/planet4-international-stateless\/2026\/04\/9e67bba8-gp0su8t3z.jpg 1200w, https:\/\/www.greenpeace.org\/static\/planet4-international-stateless\/2026\/04\/9e67bba8-gp0su8t3z-300x225.jpg 300w, https:\/\/www.greenpeace.org\/static\/planet4-international-stateless\/2026\/04\/9e67bba8-gp0su8t3z-1024x768.jpg 1024w, https:\/\/www.greenpeace.org\/static\/planet4-international-stateless\/2026\/04\/9e67bba8-gp0su8t3z-768x576.jpg 768w, https:\/\/www.greenpeace.org\/static\/planet4-international-stateless\/2026\/04\/9e67bba8-gp0su8t3z-453x340.jpg 453w\" sizes=\"auto, (max-width: 1200px) 100vw, 1200px\" data-image-size=\"post-thumbnail\" data-stateless-media-bucket=\"planet4-international-stateless\" data-stateless-media-name=\"2026\/04\/9e67bba8-gp0su8t3z.jpg\" \/><\/a><\/figure>\n\n\n<div class=\"wp-block-group is-layout-flow wp-block-group-is-layout-flow\">\n<div class=\"wp-block-group is-layout-flex wp-block-group-is-layout-flex\"><div class=\"wp-block-post-terms\"><a href=\"https:\/\/www.greenpeace.org\/international\/press-release\/\">Press Releases<\/a><\/div>\n\n<div class=\"taxonomy-post_tag wp-block-post-terms\"><a href=\"https:\/\/www.greenpeace.org\/international\/tag\/food\/\" rel=\"tag\">Food<\/a><\/div><\/div>\n\n\n<h3 class=\"wp-block-post-title\"><a href=\"https:\/\/www.greenpeace.org\/international\/press-release\/82952\/greenpeace-initiate-legal-action-against-meat-giant-jbs-over-2-5-billion-nigeria-expansion\/\" target=\"_self\" >Greenpeace initiate legal action against meat giant JBS, as activists shut down first Dutch shareholder meeting<\/a><\/h3>\n\n<div class=\"wp-block-post-excerpt\"><p class=\"wp-block-post-excerpt__excerpt\">Greenpeace Netherlands has taken the first step towards legal action against meat giant JBS, demanding disclosure on its climate, nature and human rights impacts. <\/p><\/div>\n\n\n<div class=\"wp-block-group posts-list-meta is-layout-flow wp-block-group-is-layout-flow\"><span class='article-list-item-author'><a href='https:\/\/www.greenpeace.org\/international\/author\/greenpeace-international\/'>Greenpeace International<\/a><\/span>\n\n<div class=\"wp-block-post-date\"><time datetime=\"2026-04-30T05:00:00+02:00\">30 Apr 2026<\/time><\/div><\/div>\n<\/div>\n<\/div>\n\n<\/li><li class=\"wp-block-post post-82947 post type-post status-publish format-standard has-post-thumbnail hentry category-nature tag-climate tag-forests tag-plastics p4-page-type-story\">\n\n<div class=\"wp-block-columns is-layout-flex wp-container-core-columns-is-layout-9d6595d7 wp-block-columns-is-layout-flex\"><figure class=\"wp-block-post-featured-image\"><a href=\"https:\/\/www.greenpeace.org\/international\/story\/82947\/santa-marta-fossil-fuels-conference-reminded-why-we-do-this\/\" target=\"_self\"  ><img loading=\"lazy\" decoding=\"async\" width=\"1200\" height=\"800\" src=\"https:\/\/www.greenpeace.org\/static\/planet4-international-stateless\/2026\/04\/250e05d4-gp0su8rii.jpg\" class=\"attachment-post-thumbnail size-post-thumbnail wp-post-image wp-stateless-item\" alt=\"The Santa Marta Fossil Fuels Conference reminded me why we do this\" style=\"object-fit:cover;\" srcset=\"https:\/\/www.greenpeace.org\/static\/planet4-international-stateless\/2026\/04\/250e05d4-gp0su8rii.jpg 1200w, https:\/\/www.greenpeace.org\/static\/planet4-international-stateless\/2026\/04\/250e05d4-gp0su8rii-300x200.jpg 300w, https:\/\/www.greenpeace.org\/static\/planet4-international-stateless\/2026\/04\/250e05d4-gp0su8rii-1024x683.jpg 1024w, https:\/\/www.greenpeace.org\/static\/planet4-international-stateless\/2026\/04\/250e05d4-gp0su8rii-768x512.jpg 768w, https:\/\/www.greenpeace.org\/static\/planet4-international-stateless\/2026\/04\/250e05d4-gp0su8rii-510x340.jpg 510w\" sizes=\"auto, (max-width: 1200px) 100vw, 1200px\" data-image-size=\"post-thumbnail\" data-stateless-media-bucket=\"planet4-international-stateless\" data-stateless-media-name=\"2026\/04\/250e05d4-gp0su8rii.jpg\" \/><\/a><\/figure>\n\n\n<div class=\"wp-block-group is-layout-flow wp-block-group-is-layout-flow\">\n<div class=\"wp-block-group is-layout-flex wp-block-group-is-layout-flex\"><div class=\"wp-block-post-terms\"><a href=\"https:\/\/www.greenpeace.org\/international\/story\/\">Stories<\/a><\/div>\n\n<div class=\"taxonomy-post_tag wp-block-post-terms\"><a href=\"https:\/\/www.greenpeace.org\/international\/tag\/climate\/\" rel=\"tag\">Climate<\/a><span class=\"wp-block-post-terms__separator\"> <\/span><a href=\"https:\/\/www.greenpeace.org\/international\/tag\/forests\/\" rel=\"tag\">Forests<\/a><span class=\"wp-block-post-terms__separator\"> <\/span><a href=\"https:\/\/www.greenpeace.org\/international\/tag\/plastics\/\" rel=\"tag\">Plastics<\/a><\/div><\/div>\n\n\n<h3 class=\"wp-block-post-title\"><a href=\"https:\/\/www.greenpeace.org\/international\/story\/82947\/santa-marta-fossil-fuels-conference-reminded-why-we-do-this\/\" target=\"_self\" >The Santa Marta Fossil Fuels Conference reminded me why we do this<\/a><\/h3>\n\n<div class=\"wp-block-post-excerpt\"><p class=\"wp-block-post-excerpt__excerpt\">Greenpeace Colombia campaigner reflects on experience at First International Conference on Transitioning Away From Fossil Fuels in Santa Marta, Colombia. <\/p><\/div>\n\n\n<div class=\"wp-block-group posts-list-meta is-layout-flow wp-block-group-is-layout-flow\"><span class='article-list-item-author'>Laura Caicedo<\/span>\n\n<div class=\"wp-block-post-date\"><time datetime=\"2026-04-29T20:25:10+02:00\">29 Apr 2026<\/time><\/div><\/div>\n<\/div>\n<\/div>\n\n<\/li><\/ul>\n\n\n<div class=\"wp-block-buttons carousel-controls is-horizontal is-content-justification-space-between is-nowrap is-layout-flex wp-container-core-buttons-is-layout-044bd602 wp-block-buttons-is-layout-flex\">\n<div class=\"wp-block-button carousel-control-prev\"><button type=\"button\" class=\"wp-block-button__link wp-element-button\">Prev<\/button><\/div>\n\n\n\n<div class=\"wp-block-button carousel-control-next\"><button type=\"button\" class=\"wp-block-button__link wp-element-button\">Next<\/button><\/div>\n<\/div>\n\n\n<li class=\" wp-block-navigation-item see-all-link wp-block-navigation-link\"><a class=\"wp-block-navigation-item__content\"  href=\"http:\/\/www.greenpeace.org\/international\/posts\/?category=nature&#038;post-type=story\"><span class=\"wp-block-navigation-item__label\">See all stories<\/span><\/a><\/li><\/div>\n","protected":false},"excerpt":{"rendered":"<p>Focusing on great global forests and oceans we aim to preserve, protect and restore the most valuable ecosystems for the climate and for biodiversity.<\/p>\n","protected":false},"author":18,"featured_media":978,"parent":75,"menu_order":0,"comment_status":"closed","ping_status":"closed","template":"","meta":{"_planet4_optimize_post_is_variant":false,"_planet4_optimize_experiment_name":"","_planet4_optimize_variant_name":"","ep_exclude_from_search":false,"p4_hide_page_title_checkbox":"on","p4_title":"","p4_subtitle":"","p4_description":"","background_image_id":"","background_image":"","p4_button_title":"","p4_button_link":"","p4_button_link_checkbox":"","p4_og_title":"","p4_og_description":"","p4_og_image":"","p4_og_image_id":"","p4_seo_canonical_url":"","p4_campaign_name":"not set","p4_local_project":"not set","p4_basket_name":"not set","p4_department":"","footnotes":""},"categories":[],"tags":[84,85,86,101,113],"class_list":["post-10707","page","type-page","status-publish","has-post-thumbnail","hentry","tag-forests","tag-oceans","tag-food","tag-fires","tag-extreme-weather"],"_links":{"self":[{"href":"https:\/\/www.greenpeace.org\/international\/wp-json\/wp\/v2\/pages\/10707","targetHints":{"allow":["GET"]}}],"collection":[{"href":"https:\/\/www.greenpeace.org\/international\/wp-json\/wp\/v2\/pages"}],"about":[{"href":"https:\/\/www.greenpeace.org\/international\/wp-json\/wp\/v2\/types\/page"}],"author":[{"embeddable":true,"href":"https:\/\/www.greenpeace.org\/international\/wp-json\/wp\/v2\/users\/18"}],"replies":[{"embeddable":true,"href":"https:\/\/www.greenpeace.org\/international\/wp-json\/wp\/v2\/comments?post=10707"}],"version-history":[{"count":20,"href":"https:\/\/www.greenpeace.org\/international\/wp-json\/wp\/v2\/pages\/10707\/revisions"}],"predecessor-version":[{"id":82558,"href":"https:\/\/www.greenpeace.org\/international\/wp-json\/wp\/v2\/pages\/10707\/revisions\/82558"}],"up":[{"embeddable":true,"href":"https:\/\/www.greenpeace.org\/international\/wp-json\/wp\/v2\/pages\/75"}],"wp:featuredmedia":[{"embeddable":true,"href":"https:\/\/www.greenpeace.org\/international\/wp-json\/wp\/v2\/media\/978"}],"wp:attachment":[{"href":"https:\/\/www.greenpeace.org\/international\/wp-json\/wp\/v2\/media?parent=10707"}],"wp:term":[{"taxonomy":"category","embeddable":true,"href":"https:\/\/www.greenpeace.org\/international\/wp-json\/wp\/v2\/categories?post=10707"},{"taxonomy":"post_tag","embeddable":true,"href":"https:\/\/www.greenpeace.org\/international\/wp-json\/wp\/v2\/tags?post=10707"}],"curies":[{"name":"wp","href":"https:\/\/api.w.org\/{rel}","templated":true}]}}