{"id":48243,"date":"2021-07-22T16:57:38","date_gmt":"2021-07-22T14:57:38","guid":{"rendered":"https:\/\/www-stage.greenpeace.org\/international\/?post_type=campaign&#038;p=47231"},"modified":"2025-06-18T17:23:23","modified_gmt":"2025-06-18T15:23:23","slug":"audio-series","status":"publish","type":"page","link":"https:\/\/www.greenpeace.org\/international\/audio-series\/","title":{"rendered":"Audio Series"},"content":{"rendered":"\n\n<div class=\"wp-block-group alignfull is-layout-flow wp-block-group-is-layout-flow\" id=\"INTRO\">\n<div class=\"wp-block-group container is-layout-constrained wp-container-core-group-is-layout-c0cf8e29 wp-block-group-is-layout-constrained\">\n<div class=\"wp-block-media-text alignfull has-media-on-the-right is-stacked-on-mobile is-pattern-p4-page-header is-style-parallax\"><div class=\"wp-block-media-text__content\">\n<div style=\"height:30px\" aria-hidden=\"true\" class=\"wp-block-spacer\"><\/div>\n\n\n\n<h2 class=\"wp-block-heading\" style=\"text-transform:none\">Podcasts and Web Series<\/h2>\n\n\n\n<p>Greenpeace organisations from around the world are telling their stories and hearing from other voices throughout the movement. Listen to them talk first-hand about how they are taking action in their region. Get ready to get inspired!<\/p>\n<\/div><figure class=\"wp-block-media-text__media\"><img loading=\"lazy\" decoding=\"async\" width=\"1024\" height=\"683\" src=\"https:\/\/www.greenpeace.org\/static\/planet4-international-stateless\/2021\/06\/9b88276b-gp1sumdn-1024x683.jpg\" alt=\"Heaps Better: A Greenpeace Podcast. \u00a9 Ash Berdebes\" sizes=\"auto, (min-width: 601px) 50vw, 100vw\" srcset=\"https:\/\/www.greenpeace.org\/static\/planet4-international-stateless\/2021\/06\/9b88276b-gp1sumdn.jpg 1200w, https:\/\/www.greenpeace.org\/static\/planet4-international-stateless\/2021\/06\/9b88276b-gp1sumdn-300x200.jpg 300w, https:\/\/www.greenpeace.org\/static\/planet4-international-stateless\/2021\/06\/9b88276b-gp1sumdn-1024x683.jpg 1024w, https:\/\/www.greenpeace.org\/static\/planet4-international-stateless\/2021\/06\/9b88276b-gp1sumdn-768x512.jpg 768w, https:\/\/www.greenpeace.org\/static\/planet4-international-stateless\/2021\/06\/9b88276b-gp1sumdn-510x340.jpg 510w\" class=\"wp-image-48256 size-full\"\/><\/figure><\/div>\n<\/div>\n<\/div>\n\n\n<div id=\"24-UK\" class=\"wp-block-group is-layout-constrained wp-block-group-is-layout-constrained\">\n<figure class=\"wp-block-embed is-type-rich is-provider-spotify wp-block-embed-spotify wp-embed-aspect-21-9 wp-has-aspect-ratio\"><div class=\"wp-block-embed__wrapper\">\n<iframe title=\"Spotify Embed: Helena Norberg-Hodge: Local Solutions for a Connected World\" style=\"border-radius: 12px\" width=\"100%\" height=\"152\" frameborder=\"0\" allowfullscreen allow=\"autoplay; clipboard-write; encrypted-media; fullscreen; picture-in-picture\" loading=\"lazy\" src=\"https:\/\/open.spotify.com\/embed\/show\/2W1vJNi3XbZNAeE2IBqpam?utm_source=oembed\"><\/iframe>\n<\/div><figcaption class=\"wp-element-caption\"><a href=\"https:\/\/www.greenpeace.org\/international\/about\/system-shift\/\">SystemShift<\/a> looks for answers and stories of justice, solutions, and alternatives, collaboratively showing how other ways are possible, through a decolonising, intersectional and hopeful point of view. Season 3 will explore how we move from a world that serves the economy to an economy that works for people and the planet.&nbsp;<br><a href=\"https:\/\/www.greenpeace.org\/international\/about\/system-shift\/\"><strong>All episodes on Greenpeace International<\/strong><\/a><\/figcaption><\/figure>\n<\/div>\n\n<div class=\"wp-block-columns is-layout-flex wp-container-core-columns-is-layout-9d6595d7 wp-block-columns-is-layout-flex\" id=\"24-NO-KO\">\n<div class=\"wp-block-column is-layout-flow wp-block-column-is-layout-flow\">\n<figure class=\"wp-block-embed is-type-rich is-provider-spotify wp-block-embed-spotify wp-embed-aspect-21-9 wp-has-aspect-ratio\"><div class=\"wp-block-embed__wrapper\">\n<iframe title=\"Spotify Embed: Oceans: Life Under Water\" style=\"border-radius: 12px\" width=\"100%\" height=\"152\" frameborder=\"0\" allowfullscreen allow=\"autoplay; clipboard-write; encrypted-media; fullscreen; picture-in-picture\" loading=\"lazy\" src=\"https:\/\/open.spotify.com\/embed\/show\/6BUAtH9pdVl8uCp38AHxbP?utm_source=oembed\"><\/iframe>\n<\/div><figcaption class=\"wp-element-caption\">The second season of our&nbsp;<a href=\"https:\/\/www.britishpodcastawards.com\/results-2024\">award-winning<\/a>&nbsp;podcast&nbsp;<a href=\"https:\/\/crowdnetwork.co.uk\/podcasts\/oceans-life-under-water\/\">Oceans: Life Under Water<\/a>&nbsp;is back. Join BBC presenter, wildlife photographer, and host&nbsp;<a href=\"https:\/\/www.instagram.com\/hannahstitfall\/\">Hannah Stitfall<\/a>, on another unforgettable journey, where you can immerse yourself in the beauty and wonders of the oceans. But this time there\u2019s a catch. We\u2019ll also visit the blue frontlines, to experience the dark realities happening at sea, threatening the breathtaking marine life you&#8217;ve come to love. Fortunately, there is hope and we&#8217;ll make sure to leave you with actions you can take to help safeguard the oceans against destructive industries, like deep sea mining and to ensure that 30% of the oceans are protected by 2030.<br><strong><a href=\"https:\/\/www.greenpeace.org\/international\/author\/oceans-life-under-water\/\" data-type=\"link\" data-id=\"https:\/\/www.greenpeace.org\/international\/author\/oceans-life-under-water\/\">All episodes on Greenpeace International<\/a><\/strong><\/figcaption><\/figure>\n<\/div>\n\n\n\n<div class=\"wp-block-column is-layout-flow wp-block-column-is-layout-flow\">\n<figure class=\"wp-block-embed is-type-rich is-provider-spotify wp-block-embed-spotify wp-embed-aspect-21-9 wp-has-aspect-ratio\"><div class=\"wp-block-embed__wrapper\">\n<iframe title=\"Spotify Embed: \u2018\ub4c4: \ud30c\ud2b82\u2019 \uc18d \uc544\ub77c\ud0a4\uc2a4 \ud589\uc131\uacfc \uc9c0\uad6c\uc758 \uacf5\ud1b5\uc810\uc740? [\uadf8\ub9b0\uceec\uccd0\ud074\ub7fd 231\ud68c]\" style=\"border-radius: 12px\" width=\"100%\" height=\"152\" frameborder=\"0\" allowfullscreen allow=\"autoplay; clipboard-write; encrypted-media; fullscreen; picture-in-picture\" loading=\"lazy\" src=\"https:\/\/open.spotify.com\/embed\/show\/4RqK52Y959iSIjgkJgr4UH?utm_source=oembed\"><\/iframe>\n<\/div><figcaption class=\"wp-element-caption\">Greenpeace Korea shares environmental stories from the economic, social, and political point of view every Friday at midnight on &#8216;G-Style&#8217;.<\/figcaption><\/figure>\n<\/div>\n<\/div>\n\n<div class=\"wp-block-columns is-layout-flex wp-container-core-columns-is-layout-9d6595d7 wp-block-columns-is-layout-flex\" id=\"23-NL-BR\">\n<div class=\"wp-block-column is-layout-flow wp-block-column-is-layout-flow\">\n<figure class=\"wp-block-embed is-type-rich is-provider-spotify wp-block-embed-spotify wp-embed-aspect-21-9 wp-has-aspect-ratio\"><div class=\"wp-block-embed__wrapper\">\n<iframe title=\"Spotify Embed: Verhit Special: Hoe houden we hoop in de klimaatcrisis? Met Jan Terlouw, schrijver, natuurkundige en oud-politicus.\" style=\"border-radius: 12px\" width=\"100%\" height=\"152\" frameborder=\"0\" allowfullscreen allow=\"autoplay; clipboard-write; encrypted-media; fullscreen; picture-in-picture\" loading=\"lazy\" src=\"https:\/\/open.spotify.com\/embed\/show\/4ON3bLcuSRe4hQ2oQi64XO?utm_source=oembed\"><\/iframe>\n<\/div><figcaption class=\"wp-element-caption\">Verhit is een hoopvolle podcast vol met slimme, inspirerende verhalen over de puinhoop waar we in zitten en hoe we onszelf eruit kunnen krijgen van Greenpeace Nederland. <\/figcaption><\/figure>\n<\/div>\n\n\n\n<div class=\"wp-block-column is-layout-flow wp-block-column-is-layout-flow\">\n<figure class=\"wp-block-embed is-type-rich is-provider-spotify wp-block-embed-spotify wp-embed-aspect-21-9 wp-has-aspect-ratio\"><div class=\"wp-block-embed__wrapper\">\n<iframe title=\"Spotify Embed: 85 \u2013 Petr\u00f3leo na Foz do Amazonas n\u00e3o \u00e9 solu\u00e7\u00e3o\" style=\"border-radius: 12px\" width=\"100%\" height=\"152\" frameborder=\"0\" allowfullscreen allow=\"autoplay; clipboard-write; encrypted-media; fullscreen; picture-in-picture\" loading=\"lazy\" src=\"https:\/\/open.spotify.com\/embed\/show\/51FYxkzZ0DPPUtd87T01ny?utm_source=oembed\"><\/iframe>\n<\/div><figcaption class=\"wp-element-caption\">As \u00c1rvores Somos Nozes \u00e9 um podcast do Greenpeace Brasil sobre meio ambiente, onde discutimos amea\u00e7as \u00e0s florestas e fazemos conex\u00f5es entre a agenda socioambiental e o nosso dia a dia.<\/figcaption><\/figure>\n<\/div>\n<\/div>\n\n<div class=\"wp-block-columns is-layout-flex wp-container-core-columns-is-layout-9d6595d7 wp-block-columns-is-layout-flex\" id=\"23-US-CZ\">\n<div class=\"wp-block-column is-layout-flow wp-block-column-is-layout-flow\" style=\"flex-basis:33%\">\n<iframe loading=\"lazy\" width=\"100%\" height=\"315\" src=\"https:\/\/www.youtube.com\/embed\/videoseries?si=djZnIU0JOUVRteZw&amp;list=PLM7FXuZFUgYQ0INs6HSlnUwwXYdlly4jI\" title=\"YouTube video player\" frameborder=\"0\" allow=\"accelerometer; autoplay; clipboard-write; encrypted-media; gyroscope; picture-in-picture; web-share\" allowfullscreen><\/iframe>\n\n\n\n<p>Fire Drill Fridays brings together frontline activists, youth, Indigenous leaders, climate experts, celebrities, and lovers of the planet to demand our elected leaders act on the climate emergency.<\/p>\n<\/div>\n\n\n\n<div class=\"wp-block-column is-layout-flow wp-block-column-is-layout-flow\" style=\"flex-basis:33%\">\n<iframe loading=\"lazy\" width=\"100%\" height=\"315\" src=\"https:\/\/www.youtube.com\/embed\/videoseries?si=opVoCpJSzXry_mf_&amp;list=PLHo5kWxfXuSNQwQc67hoKpaTgwDO1TyJa\" title=\"YouTube video player\" frameborder=\"0\" allow=\"accelerometer; autoplay; clipboard-write; encrypted-media; gyroscope; picture-in-picture; web-share\" allowfullscreen><\/iframe>\n\n\n\n<p>Greenpeace \u010cesk\u00e1 Republika&#8217;s Akademie Greenpeace&nbsp;is a weekly webinar with independent experts in various fields.<\/p>\n<\/div>\n\n\n\n<div class=\"wp-block-column is-layout-flow wp-block-column-is-layout-flow\" style=\"flex-basis:33%\">\n<iframe loading=\"lazy\" width=\"100%\" height=\"315\" scrolling=\"no\" frameborder=\"no\" allow=\"autoplay\" src=\"https:\/\/w.soundcloud.com\/player\/?url=https%3A\/\/api.soundcloud.com\/tracks\/1903022248&#038;color=%23ff5500&#038;auto_play=false&#038;hide_related=false&#038;show_comments=true&#038;show_user=true&#038;show_reposts=false&#038;show_teaser=true&#038;visual=true\"><\/iframe><div style=\"font-size: 10px; color: #cccccc;line-break: anywhere;word-break: normal;overflow: hidden;white-space: nowrap;text-overflow: ellipsis; font-family: Interstate,Lucida Grande,Lucida Sans Unicode,Lucida Sans,Garuda,Verdana,Tahoma,sans-serif;font-weight: 100;\"><a href=\"https:\/\/soundcloud.com\/whatweneednow\" title=\"What We Need Now\" target=\"_blank\" style=\"color: #cccccc; text-decoration: none;\">What We Need Now<\/a> \u00b7 <a href=\"https:\/\/soundcloud.com\/whatweneednow\/a-liveable-california\" title=\"A Liveable California\" target=\"_blank\" style=\"color: #cccccc; text-decoration: none;\">A Liveable California<\/a><\/div>\n\n\n\n<p>What We Need Now is a podcast from Greenpeace USA where people who are on the front lines of sacrifice, environmental disaster, and marginalization share their experiences and truths.<\/p>\n<\/div>\n<\/div>\n\n<div id=\"archives\" class=\"wp-block-group is-layout-flow wp-block-group-is-layout-flow\">\n<hr class=\"wp-block-separator has-alpha-channel-opacity\"\/>\n\n\n\n<h2 class=\"wp-block-heading\">From the archives<\/h2>\n<\/div>\n\n<div class=\"wp-block-columns is-layout-flex wp-container-core-columns-is-layout-9d6595d7 wp-block-columns-is-layout-flex\" id=\"22-PH-ROOTS\">\n<div class=\"wp-block-column is-layout-flow wp-block-column-is-layout-flow\">\n<figure class=\"wp-block-embed is-type-rich is-provider-spotify wp-block-embed-spotify wp-embed-aspect-21-9 wp-has-aspect-ratio\"><div class=\"wp-block-embed__wrapper\">\n<iframe title=\"Spotify Embed: Para sa mga napa-SONA ALL: Usapang SONA at Climate Change\" style=\"border-radius: 12px\" width=\"100%\" height=\"152\" frameborder=\"0\" allowfullscreen allow=\"autoplay; clipboard-write; encrypted-media; fullscreen; picture-in-picture\" loading=\"lazy\" src=\"https:\/\/open.spotify.com\/embed\/show\/4s2SU2hXIEv07VO2X0ah8Z?utm_source=oembed\"><\/iframe>\n<\/div><figcaption class=\"wp-element-caption\">Greenpeace Philippines\u2019 official podcast covers hot takes on hot issues in a very hot planet. <\/figcaption><\/figure>\n<\/div>\n\n\n\n<div class=\"wp-block-column is-layout-flow wp-block-column-is-layout-flow\">\n<figure class=\"wp-block-embed is-type-rich is-provider-spotify wp-block-embed-spotify wp-embed-aspect-21-9 wp-has-aspect-ratio\"><div class=\"wp-block-embed__wrapper\">\n<iframe title=\"Spotify Embed: Why We Organize trailer\" style=\"border-radius: 12px\" width=\"100%\" height=\"152\" frameborder=\"0\" allowfullscreen allow=\"autoplay; clipboard-write; encrypted-media; fullscreen; picture-in-picture\" loading=\"lazy\" src=\"https:\/\/open.spotify.com\/embed\/episode\/5NvlVjBSsb0K66OQ7wXPnr?utm_source=oembed\"><\/iframe>\n<\/div><figcaption class=\"wp-element-caption\">Why We Organize by Roots shares powerful and moving stories of people fighting for justice in their communities and organizing to drive the change they want to see.<\/figcaption><\/figure>\n<\/div>\n<\/div>\n\n<div class=\"wp-block-columns is-layout-flex wp-container-core-columns-is-layout-9d6595d7 wp-block-columns-is-layout-flex\" id=\"22-MX-ANDINO\">\n<div class=\"wp-block-column is-layout-flow wp-block-column-is-layout-flow\">\n<figure class=\"wp-block-embed is-type-rich is-provider-spotify wp-block-embed-spotify wp-embed-aspect-21-9 wp-has-aspect-ratio\"><div class=\"wp-block-embed__wrapper\">\n<iframe title=\"Spotify Embed: E. 7 Protejamos la Selva Maya\" style=\"border-radius: 12px\" width=\"100%\" height=\"152\" frameborder=\"0\" allowfullscreen allow=\"autoplay; clipboard-write; encrypted-media; fullscreen; picture-in-picture\" loading=\"lazy\" src=\"https:\/\/open.spotify.com\/embed\/show\/61P2xut2q3Hc3JtayexBwN?utm_source=oembed\"><\/iframe>\n<\/div><figcaption class=\"wp-element-caption\">El equipo de Voluntarios de Greenpeace M\u00e9xico presenta La Voz del Quetzal, un espacio donde podr\u00e1s conocer m\u00e1s sobre la organizaci\u00f3n y su lucha desde la experiencia del voluntariado.<\/figcaption><\/figure>\n<\/div>\n\n\n\n<div class=\"wp-block-column is-layout-flow wp-block-column-is-layout-flow\">\n<figure class=\"wp-block-embed is-type-rich is-provider-spotify wp-block-embed-spotify wp-embed-aspect-21-9 wp-has-aspect-ratio\"><div class=\"wp-block-embed__wrapper\">\n<iframe title=\"Spotify Embed: Sonido Ambiente | C\u00f3mo nuestro consumo pone en jaque al planeta\" style=\"border-radius: 12px\" width=\"100%\" height=\"152\" frameborder=\"0\" allowfullscreen allow=\"autoplay; clipboard-write; encrypted-media; fullscreen; picture-in-picture\" loading=\"lazy\" src=\"https:\/\/open.spotify.com\/embed\/episode\/3ic2BSZaRqcqivnLnwH3C4?si=gwZzbyCtQ0CA15zf-3H_KQ&#038;utm_source=oembed\"><\/iframe>\n<\/div><figcaption class=\"wp-element-caption\">Sonido Ambiente, es el podcast de Greenpeace Andino en el que buscamos entender c\u00f3mo asumir un consumo responsable a trav\u00e9s de distintas tem\u00e1ticas: pl\u00e1sticos, alimentaci\u00f3n, basura electr\u00f3nica, movilidad, fast fashion y beauty.&nbsp;<\/figcaption><\/figure>\n<\/div>\n<\/div>\n\n<div class=\"wp-block-group is-layout-constrained wp-block-group-is-layout-constrained\">\n<div class=\"wp-block-columns is-layout-flex wp-container-core-columns-is-layout-9d6595d7 wp-block-columns-is-layout-flex\" id=\"22-NO\">\n<div class=\"wp-block-column is-layout-flow wp-block-column-is-layout-flow\">\n<figure class=\"wp-block-embed is-type-rich is-provider-spotify wp-block-embed-spotify wp-embed-aspect-21-9 wp-has-aspect-ratio\"><div class=\"wp-block-embed__wrapper\">\n<iframe title=\"Spotify Embed: Oslofjorden i krise\" style=\"border-radius: 12px\" width=\"100%\" height=\"152\" frameborder=\"0\" allowfullscreen allow=\"autoplay; clipboard-write; encrypted-media; fullscreen; picture-in-picture\" loading=\"lazy\" src=\"https:\/\/open.spotify.com\/embed\/show\/6IOGe2DvYwGTz8UAvjlS9H?si=65a233522c824063&#038;utm_source=oembed\"><\/iframe>\n<\/div><figcaption class=\"wp-element-caption\">Denne podcasten fra Greenpeace Norge er et fors\u00f8k p\u00e5 \u00e5 g\u00e5 dypere inn i problemene for \u00e5 finne l\u00f8sninger. Kode gr\u00f8nn serverer deg gripende fortellinger om natur og klima, krydret med analyser av dagsaktuell klimapolitikk, slik at du lettere kan navigere den norske klimadebatten.<\/figcaption><\/figure>\n<\/div>\n<\/div>\n<\/div>\n\n<div class=\"wp-block-columns is-layout-flex wp-container-core-columns-is-layout-9d6595d7 wp-block-columns-is-layout-flex\" id=\"22-US-NL\">\n<div class=\"wp-block-column is-layout-flow wp-block-column-is-layout-flow\" style=\"flex-basis:50%\">\n<iframe loading=\"lazy\" width=\"100%\" height=\"315\" src=\"https:\/\/www.youtube.com\/embed\/videoseries?si=_PKgV4MI254Flztd&amp;list=PLM7FXuZFUgYT6a9VjQqxG_MaGFJzzzZhk\" title=\"YouTube video player\" frameborder=\"0\" allow=\"accelerometer; autoplay; clipboard-write; encrypted-media; gyroscope; picture-in-picture; web-share\" allowfullscreen><\/iframe>\n\n\n\n<p>Planeta G is a bi-weekly web series about the intersection between the environmental movement and our Latinx identity brought to you by Greenpeace USA.<\/p>\n<\/div>\n\n\n\n<div class=\"wp-block-column is-layout-flow wp-block-column-is-layout-flow\" style=\"flex-basis:50%\">\n<iframe loading=\"lazy\" width=\"100%\" height=\"300\" scrolling=\"no\" frameborder=\"no\" allow=\"autoplay\" src=\"https:\/\/w.soundcloud.com\/player\/?url=https%3A\/\/api.soundcloud.com\/tracks\/1129787926&#038;color=%23ff5500&#038;auto_play=false&#038;hide_related=false&#038;show_comments=true&#038;show_user=true&#038;show_reposts=false&#038;show_teaser=true&#038;visual=true\"><\/iframe><div style=\"font-size: 10px; color: #cccccc;line-break: anywhere;word-break: normal;overflow: hidden;white-space: nowrap;text-overflow: ellipsis; font-family: Interstate,Lucida Grande,Lucida Sans Unicode,Lucida Sans,Garuda,Verdana,Tahoma,sans-serif;font-weight: 100;\"><a href=\"https:\/\/soundcloud.com\/greenpeaceinternational\" title=\"Greenpeace International\" target=\"_blank\" style=\"color: #cccccc; text-decoration: none;\" rel=\"noopener\">Greenpeace International<\/a> \u00b7 <a href=\"https:\/\/soundcloud.com\/greenpeaceinternational\/mass-action-podcast-5-brianna-rico-us\" title=\"Mass Action Podcast #5 - Brianna &amp; Rico (USA)\" target=\"_blank\" style=\"color: #cccccc; text-decoration: none;\" rel=\"noopener\">Mass Action Podcast #5 &#8211; Brianna &amp; Rico (USA)<\/a><\/div>\n\n\n\n<p>Monthly podcast with Pim and Marleen from Greenpeace Netherlands speaking to activists around the globe on how and why they take action for our planet.<\/p>\n<\/div>\n<\/div>\n\n<div class=\"wp-block-columns is-layout-flex wp-container-core-columns-is-layout-9d6595d7 wp-block-columns-is-layout-flex\" id=\"20-AU-GPI\">\n<div class=\"wp-block-column is-layout-flow wp-block-column-is-layout-flow\">\n<figure class=\"wp-block-embed is-type-rich is-provider-spotify wp-block-embed-spotify wp-embed-aspect-21-9 wp-has-aspect-ratio\"><div class=\"wp-block-embed__wrapper\">\n<iframe title=\"Spotify Embed: 04: How can we make leaders listen?\" style=\"border-radius: 12px\" width=\"100%\" height=\"152\" frameborder=\"0\" allowfullscreen allow=\"autoplay; clipboard-write; encrypted-media; fullscreen; picture-in-picture\" loading=\"lazy\" src=\"https:\/\/open.spotify.com\/embed\/show\/2mWihvwuSVhLuWMfkhZdvv?si=b091c81445764021&#038;utm_source=oembed\"><\/iframe>\n<\/div><figcaption class=\"wp-element-caption\">This Greenpeace Australia podcast is an entertaining and systems-change grounded take on how we can turn climate anxiety into meaningful action. <\/figcaption><\/figure>\n<\/div>\n\n\n\n<div class=\"wp-block-column is-layout-flow wp-block-column-is-layout-flow\">\n<figure class=\"wp-block-embed is-type-rich is-provider-spotify wp-block-embed-spotify wp-embed-aspect-21-9 wp-has-aspect-ratio\"><div class=\"wp-block-embed__wrapper\">\n<iframe title=\"Spotify Embed: Judgement Day\" style=\"border-radius: 12px\" width=\"100%\" height=\"152\" frameborder=\"0\" allowfullscreen allow=\"autoplay; clipboard-write; encrypted-media; fullscreen; picture-in-picture\" loading=\"lazy\" src=\"https:\/\/open.spotify.com\/embed\/show\/3hInRfglqO4vwSpHxgaxFE?si=0775fa06abc144be&#038;utm_source=oembed\"><\/iframe>\n<\/div><figcaption class=\"wp-element-caption\">From Greenpeace International, this is the telling of an unprecedented legal battle for our planet&#8217;s future.&nbsp;<\/figcaption><\/figure>\n<\/div>\n<\/div>\n\n<div class=\"wp-block-columns is-layout-flex wp-container-core-columns-is-layout-9d6595d7 wp-block-columns-is-layout-flex\" id=\"UK-CA\">\n<div class=\"wp-block-column is-layout-constrained wp-container-core-column-is-layout-c0cf8e29 wp-block-column-is-layout-constrained\" style=\"flex-basis:33%\" id=\"20-UK\">\n<iframe loading=\"lazy\" width=\"100%\" height=\"315\" src=\"https:\/\/www.youtube.com\/embed\/videoseries?si=v_1UK4-2WZe3AR5g&amp;list=PLClXnL5aHwxWtpk5Ye2jLKrOyRgBgyShj\" title=\"YouTube video player\" frameborder=\"0\" allow=\"accelerometer; autoplay; clipboard-write; encrypted-media; gyroscope; picture-in-picture; web-share\" allowfullscreen><\/iframe>\n\n\n\n<p>Greenpeace UK and Global Oceans Team present Ocean Witness, a multi-part documentary series all about the ocean.<\/p>\n<\/div>\n\n\n\n<div class=\"wp-block-column is-layout-constrained wp-container-core-column-is-layout-c0cf8e29 wp-block-column-is-layout-constrained\" style=\"flex-basis:33%\" id=\"18-UK\">\n<iframe loading=\"lazy\" width=\"100%\" height=\"300\" scrolling=\"no\" frameborder=\"no\" allow=\"autoplay\" src=\"https:\/\/w.soundcloud.com\/player\/?url=https%3A\/\/api.soundcloud.com\/tracks\/348680611&#038;color=%23ff5500&#038;auto_play=false&#038;hide_related=false&#038;show_comments=true&#038;show_user=true&#038;show_reposts=false&#038;show_teaser=true&#038;visual=true\"><\/iframe><div style=\"font-size: 10px; color: #cccccc;line-break: anywhere;word-break: normal;overflow: hidden;white-space: nowrap;text-overflow: ellipsis; font-family: Interstate,Lucida Grande,Lucida Sans Unicode,Lucida Sans,Garuda,Verdana,Tahoma,sans-serif;font-weight: 100;\"><a href=\"https:\/\/soundcloud.com\/greenpeace-unearthed\" title=\"Greenpeace Unearthed\" target=\"_blank\" style=\"color: #cccccc; text-decoration: none;\" rel=\"noopener\">Greenpeace Unearthed<\/a> \u00b7 <a href=\"https:\/\/soundcloud.com\/greenpeace-unearthed\/david-attenborough-in-conversation\" title=\"David Attenborough in conversation with Unearthed\" target=\"_blank\" style=\"color: #cccccc; text-decoration: none;\" rel=\"noopener\">David Attenborough in conversation with Unearthed<\/a><\/div>\n\n\n\n<p>From Greenpeace UK, Unearthed editor Damian Kahya sat down with the world&#8217;s greatest environmental broadcaster to talk politics, climate change and how to tell stories about the natural world.<\/p>\n<\/div>\n\n\n\n<div class=\"wp-block-column is-layout-constrained wp-container-core-column-is-layout-c0cf8e29 wp-block-column-is-layout-constrained\" style=\"flex-basis:33%\" id=\"16-CA\">\n<figure class=\"wp-block-image size-large\"><a href=\"https:\/\/exchange.prx.org\/series\/34176-greenpeace-podcast-episodes\"><img loading=\"lazy\" decoding=\"async\" width=\"1024\" height=\"576\" src=\"https:\/\/www.greenpeace.org\/static\/planet4-international-stateless\/2021\/07\/aca5feec-cpd-1024x576.jpg\" title=\"Canada Podcast\" alt=\"Canada Podcast\" class=\"wp-image-49330\" style=\"object-fit:cover\" srcset=\"https:\/\/www.greenpeace.org\/static\/planet4-international-stateless\/2021\/07\/aca5feec-cpd-1024x576.jpg 1024w, https:\/\/www.greenpeace.org\/static\/planet4-international-stateless\/2021\/07\/aca5feec-cpd-300x169.jpg 300w, https:\/\/www.greenpeace.org\/static\/planet4-international-stateless\/2021\/07\/aca5feec-cpd-768x432.jpg 768w, https:\/\/www.greenpeace.org\/static\/planet4-international-stateless\/2021\/07\/aca5feec-cpd-1536x864.jpg 1536w, https:\/\/www.greenpeace.org\/static\/planet4-international-stateless\/2021\/07\/aca5feec-cpd-510x287.jpg 510w, https:\/\/www.greenpeace.org\/static\/planet4-international-stateless\/2021\/07\/aca5feec-cpd.jpg 1920w\" sizes=\"auto, (max-width: 1024px) 100vw, 1024px\" \/><\/a><\/figure>\n\n\n\n<p>Sound-rich environmental stories from Greenpeace Canada that traverse borders and cultures. <a href=\"https:\/\/exchange.prx.org\/series\/34176-greenpeace-podcast-episodes\">Listen<\/a><\/p>\n<\/div>\n<\/div>\n","protected":false},"excerpt":{"rendered":"<p>Greenpeace organisations from around the world are telling their stories and hearing from other voices throughout the movement. <\/p>\n","protected":false},"author":18,"featured_media":48256,"parent":0,"menu_order":0,"comment_status":"closed","ping_status":"closed","template":"","meta":{"_planet4_optimize_post_is_variant":false,"_planet4_optimize_experiment_name":"","_planet4_optimize_variant_name":"","ep_exclude_from_search":false,"p4_hide_page_title_checkbox":"on","p4_title":"","p4_subtitle":"","p4_description":"","background_image_id":"","background_image":"","p4_button_title":"","p4_button_link":"","p4_button_link_checkbox":"","p4_og_title":"A Series of Actions","p4_og_description":"Greenpeace organisations from around the world are telling their stories and hearing from other voices throughout the movement. Listen to them talk first-hand about how they are taking action in their region. Get ready to get inspired!","p4_og_image":"https:\/\/www.greenpeace.org\/static\/planet4-international-stateless\/2021\/06\/9b88276b-gp1sumdn.jpg","p4_og_image_id":"48256","p4_seo_canonical_url":"","p4_campaign_name":"not set","p4_local_project":"not set","p4_basket_name":"not set","p4_department":"","footnotes":""},"categories":[100],"tags":[],"class_list":["post-48243","page","type-page","status-publish","has-post-thumbnail","hentry","category-about"],"_links":{"self":[{"href":"https:\/\/www.greenpeace.org\/international\/wp-json\/wp\/v2\/pages\/48243","targetHints":{"allow":["GET"]}}],"collection":[{"href":"https:\/\/www.greenpeace.org\/international\/wp-json\/wp\/v2\/pages"}],"about":[{"href":"https:\/\/www.greenpeace.org\/international\/wp-json\/wp\/v2\/types\/page"}],"author":[{"embeddable":true,"href":"https:\/\/www.greenpeace.org\/international\/wp-json\/wp\/v2\/users\/18"}],"replies":[{"embeddable":true,"href":"https:\/\/www.greenpeace.org\/international\/wp-json\/wp\/v2\/comments?post=48243"}],"version-history":[{"count":20,"href":"https:\/\/www.greenpeace.org\/international\/wp-json\/wp\/v2\/pages\/48243\/revisions"}],"predecessor-version":[{"id":75730,"href":"https:\/\/www.greenpeace.org\/international\/wp-json\/wp\/v2\/pages\/48243\/revisions\/75730"}],"wp:featuredmedia":[{"embeddable":true,"href":"https:\/\/www.greenpeace.org\/international\/wp-json\/wp\/v2\/media\/48256"}],"wp:attachment":[{"href":"https:\/\/www.greenpeace.org\/international\/wp-json\/wp\/v2\/media?parent=48243"}],"wp:term":[{"taxonomy":"category","embeddable":true,"href":"https:\/\/www.greenpeace.org\/international\/wp-json\/wp\/v2\/categories?post=48243"},{"taxonomy":"post_tag","embeddable":true,"href":"https:\/\/www.greenpeace.org\/international\/wp-json\/wp\/v2\/tags?post=48243"}],"curies":[{"name":"wp","href":"https:\/\/api.w.org\/{rel}","templated":true}]}}