{"id":21147,"date":"2024-02-29T13:17:38","date_gmt":"2024-02-29T12:17:38","guid":{"rendered":"https:\/\/www.greenpeace.org\/italy\/?page_id=21147"},"modified":"2026-04-17T10:33:23","modified_gmt":"2026-04-17T08:33:23","slug":"volontariato","status":"publish","type":"page","link":"https:\/\/www.greenpeace.org\/italy\/tagpages\/volontariato\/","title":{"rendered":"#Volontariato"},"content":{"rendered":"\n<div class=\"wp-block-columns is-layout-flex wp-container-core-columns-is-layout-9d6595d7 wp-block-columns-is-layout-flex\">\n<div class=\"wp-block-column is-layout-flow wp-block-column-is-layout-flow\">\n<div class=\"wp-block-group is-layout-flow wp-block-group-is-layout-flow\">\n<div style=\"height:30px\" aria-hidden=\"true\" class=\"wp-block-spacer\"><\/div>\n\n\n\n<div style=\"height:30px\" aria-hidden=\"true\" class=\"wp-block-spacer\"><\/div>\n\n\n\n<h1 class=\"wp-block-heading\"><strong>Volontariato<\/strong><\/h1>\n<\/div>\n\n\n\n<p style=\"font-size:1.25rem\">La nostra rete di volontariato \u00e8 composta da persone che vogliono costruire il cambiamento sul territorio e che si occupano di fare informazione e promuovere le nostre campagne a livello locale, con incontri e mobilitazioni.<\/p>\n\n\n\n<div style=\"height:30px\" aria-hidden=\"true\" class=\"wp-block-spacer\"><\/div>\n\n\n\n<div class=\"wp-block-columns is-layout-flex wp-container-core-columns-is-layout-9d6595d7 wp-block-columns-is-layout-flex\">\n<div class=\"wp-block-column is-layout-flow wp-block-column-is-layout-flow\">\n<div class=\"wp-block-group group-stretched-link has-beige-100-background-color has-background is-horizontal is-content-justification-left is-nowrap is-layout-flex wp-container-core-group-is-layout-fa0cf24f wp-block-group-is-layout-flex\" style=\"border-radius:4px;padding-top:32px;padding-right:16px;padding-bottom:32px;padding-left:16px\">\n<h5 class=\"wp-block-heading has-text-align-left w-auto\" style=\"margin-top:0px;margin-bottom:0px;margin-left:16px;font-size:1rem\"><a href=\"#articoli\" data-type=\"internal\" data-id=\"#articoli\">Articoli<\/a><\/h5>\n<\/div>\n<\/div>\n\n\n\n<div class=\"wp-block-column is-layout-flow wp-block-column-is-layout-flow\">\n<div class=\"wp-block-group group-stretched-link has-beige-100-background-color has-background is-horizontal is-content-justification-left is-nowrap is-layout-flex wp-container-core-group-is-layout-fa0cf24f wp-block-group-is-layout-flex\" style=\"border-radius:4px;padding-top:32px;padding-right:16px;padding-bottom:32px;padding-left:16px\">\n<h5 class=\"wp-block-heading has-text-align-left w-auto\" style=\"margin-top:0px;margin-bottom:0px;margin-left:16px;font-size:1rem\"><a href=\"#Report\" data-type=\"internal\" data-id=\"#pubblicazioni\">Report<\/a><\/h5>\n<\/div>\n<\/div>\n\n\n\n<div class=\"wp-block-column is-layout-flow wp-block-column-is-layout-flow\">\n<div class=\"wp-block-group group-stretched-link has-beige-100-background-color has-background is-horizontal is-content-justification-left is-nowrap is-layout-flex wp-container-core-group-is-layout-fa0cf24f wp-block-group-is-layout-flex\" style=\"border-radius:4px;padding-top:32px;padding-right:16px;padding-bottom:32px;padding-left:16px\">\n<h5 class=\"wp-block-heading has-text-align-left w-auto\" style=\"margin-top:0px;margin-bottom:0px;margin-left:16px;font-size:1rem\"><a href=\"#comunicati-stampa\">Comunicati Stampa<\/a><\/h5>\n<\/div>\n<\/div>\n<\/div>\n<\/div>\n\n\n\n<div class=\"wp-block-column is-vertically-aligned-bottom is-layout-flow wp-block-column-is-layout-flow\" style=\"flex-basis:40%\">\n<figure class=\"wp-block-image size-large\"><img loading=\"lazy\" decoding=\"async\" width=\"1024\" height=\"683\" src=\"https:\/\/www.greenpeace.org\/static\/planet4-italy-stateless\/2024\/02\/5e00da51-volontariato_gp0stu14z-1024x683.jpeg\" alt=\"\" class=\"wp-image-21102\" srcset=\"https:\/\/www.greenpeace.org\/static\/planet4-italy-stateless\/2024\/02\/5e00da51-volontariato_gp0stu14z-1024x683.jpeg 1024w, https:\/\/www.greenpeace.org\/static\/planet4-italy-stateless\/2024\/02\/5e00da51-volontariato_gp0stu14z-300x200.jpeg 300w, https:\/\/www.greenpeace.org\/static\/planet4-italy-stateless\/2024\/02\/5e00da51-volontariato_gp0stu14z-768x512.jpeg 768w, https:\/\/www.greenpeace.org\/static\/planet4-italy-stateless\/2024\/02\/5e00da51-volontariato_gp0stu14z-510x340.jpeg 510w, https:\/\/www.greenpeace.org\/static\/planet4-italy-stateless\/2024\/02\/5e00da51-volontariato_gp0stu14z.jpeg 1200w\" sizes=\"auto, (max-width: 1024px) 100vw, 1024px\" \/><\/figure>\n<\/div>\n<\/div>\n\n<div class=\"wp-block-group is-pattern-p4-deep-dive-topic-pattern-layout is-layout-flow wp-block-group-is-layout-flow\">\n<div style=\"height:40px\" aria-hidden=\"true\" id=\"articoli\" class=\"wp-block-spacer\"><\/div>\n\n\n\n<div class=\"wp-block-query posts-list p4-query-loop is-custom-layout-list is-layout-flow wp-block-query-is-layout-flow\">\n<div class=\"wp-block-group is-content-justification-space-between is-layout-flex wp-container-core-group-is-layout-3d213aab wp-block-group-is-layout-flex\">\n<h2 class=\"wp-block-heading\">Articoli correlati<\/h2>\n<\/div>\n\n\n\n<p style=\"margin-top:24px;margin-bottom:36px\"><\/p>\n\n\n\n\n<ul class=\"wp-block-post-template is-layout-flow wp-block-post-template-is-layout-flow\"><li class=\"wp-block-post post-30705 post type-post status-publish format-standard has-post-thumbnail hentry category-denuncia tag-pace p4-page-type-storia\">\n\n<div class=\"wp-block-columns is-layout-flex wp-container-core-columns-is-layout-9d6595d7 wp-block-columns-is-layout-flex\"><figure class=\"wp-block-post-featured-image\"><a href=\"https:\/\/www.greenpeace.org\/italy\/storia\/30705\/perche-greenpeace-si-e-unita-alla-global-sumud-flotilla-per-portare-aiuti-a-gaza-e-cosa-e-successo\/\" target=\"_self\"  ><img loading=\"lazy\" decoding=\"async\" width=\"1200\" height=\"800\" src=\"https:\/\/www.greenpeace.org\/static\/planet4-italy-stateless\/2026\/04\/994afffd-greenpeace-global-sumud-flotilla.jpg\" class=\"attachment-post-thumbnail size-post-thumbnail wp-post-image wp-stateless-item\" alt=\"Perch\u00e9 Greenpeace si \u00e8 unita alla Global Sumud Flotilla per portare aiuti a Gaza e cosa \u00e8 successo\" style=\"object-fit:cover;\" srcset=\"https:\/\/www.greenpeace.org\/static\/planet4-italy-stateless\/2026\/04\/994afffd-greenpeace-global-sumud-flotilla.jpg 1200w, https:\/\/www.greenpeace.org\/static\/planet4-italy-stateless\/2026\/04\/994afffd-greenpeace-global-sumud-flotilla-300x200.jpg 300w, https:\/\/www.greenpeace.org\/static\/planet4-italy-stateless\/2026\/04\/994afffd-greenpeace-global-sumud-flotilla-1024x683.jpg 1024w, https:\/\/www.greenpeace.org\/static\/planet4-italy-stateless\/2026\/04\/994afffd-greenpeace-global-sumud-flotilla-768x512.jpg 768w, https:\/\/www.greenpeace.org\/static\/planet4-italy-stateless\/2026\/04\/994afffd-greenpeace-global-sumud-flotilla-510x340.jpg 510w\" sizes=\"auto, (max-width: 1200px) 100vw, 1200px\" data-image-size=\"post-thumbnail\" data-stateless-media-bucket=\"planet4-italy-stateless\" data-stateless-media-name=\"2026\/04\/994afffd-greenpeace-global-sumud-flotilla.jpg\" \/><\/a><\/figure>\n\n\n<div class=\"wp-block-group is-layout-flow wp-block-group-is-layout-flow\">\n<div class=\"wp-block-group is-layout-flex wp-block-group-is-layout-flex\"><div class=\"wp-block-post-terms\"><a href=\"https:\/\/www.greenpeace.org\/italy\/category\/issues\/denuncia\/\">Denuncia<\/a><\/div>\n\n<div class=\"taxonomy-post_tag wp-block-post-terms\"><a href=\"https:\/\/www.greenpeace.org\/italy\/tag\/pace\/\" rel=\"tag\">Pace<\/a><\/div><\/div>\n\n\n<h3 class=\"wp-block-post-title\"><a href=\"https:\/\/www.greenpeace.org\/italy\/storia\/30705\/perche-greenpeace-si-e-unita-alla-global-sumud-flotilla-per-portare-aiuti-a-gaza-e-cosa-e-successo\/\" target=\"_self\" >Perch\u00e9 Greenpeace si \u00e8 unita alla Global Sumud Flotilla per portare aiuti a Gaza e cosa \u00e8 successo<\/a><\/h3>\n\n<div class=\"wp-block-post-excerpt\"><p class=\"wp-block-post-excerpt__excerpt\">Il racconto della nostra spedizione al fianco della Global Sumud Flotilla per sostenere la missione civile pacifica il cui scopo \u00e8 rompere l\u2019assedio illegale di Gaza. <\/p><\/div>\n\n\n<div class=\"wp-block-group posts-list-meta is-layout-flow wp-block-group-is-layout-flow\"><span class='article-list-item-author'><a href='https:\/\/www.greenpeace.org\/italy\/author\/gp_italy\/'>Greenpeace Italy<\/a><\/span>\n\n<div class=\"wp-block-post-date\"><time datetime=\"2026-04-30T17:33:59+02:00\">30 Aprile 2026<\/time><\/div><\/div>\n<\/div>\n<\/div>\n\n<\/li><li class=\"wp-block-post post-30665 post type-post status-publish format-standard has-post-thumbnail hentry category-denuncia tag-lagiustacausa p4-page-type-storia\">\n\n<div class=\"wp-block-columns is-layout-flex wp-container-core-columns-is-layout-9d6595d7 wp-block-columns-is-layout-flex\"><figure class=\"wp-block-post-featured-image\"><a href=\"https:\/\/www.greenpeace.org\/italy\/storia\/30665\/eni-la-prepotenza-di-chi-prova-a-intimidire-chi-contesta-ma-finisce-multata-dal-garante-privacy\/\" target=\"_self\"  ><img loading=\"lazy\" decoding=\"async\" width=\"1200\" height=\"675\" src=\"https:\/\/www.greenpeace.org\/static\/planet4-italy-stateless\/2025\/01\/8afb5024-contestazione-eni-festival-la-ripartenza.jpg\" class=\"attachment-post-thumbnail size-post-thumbnail wp-post-image wp-stateless-item\" alt=\"ENI: la prepotenza di chi prova a intimidire chi contesta, ma finisce multata dal Garante Privacy\" style=\"object-fit:cover;\" srcset=\"https:\/\/www.greenpeace.org\/static\/planet4-italy-stateless\/2025\/01\/8afb5024-contestazione-eni-festival-la-ripartenza.jpg 1200w, https:\/\/www.greenpeace.org\/static\/planet4-italy-stateless\/2025\/01\/8afb5024-contestazione-eni-festival-la-ripartenza-300x169.jpg 300w, https:\/\/www.greenpeace.org\/static\/planet4-italy-stateless\/2025\/01\/8afb5024-contestazione-eni-festival-la-ripartenza-1024x576.jpg 1024w, https:\/\/www.greenpeace.org\/static\/planet4-italy-stateless\/2025\/01\/8afb5024-contestazione-eni-festival-la-ripartenza-768x432.jpg 768w, https:\/\/www.greenpeace.org\/static\/planet4-italy-stateless\/2025\/01\/8afb5024-contestazione-eni-festival-la-ripartenza-510x287.jpg 510w\" sizes=\"auto, (max-width: 1200px) 100vw, 1200px\" data-image-size=\"post-thumbnail\" data-stateless-media-bucket=\"planet4-italy-stateless\" data-stateless-media-name=\"2025\/01\/8afb5024-contestazione-eni-festival-la-ripartenza.jpg\" \/><\/a><\/figure>\n\n\n<div class=\"wp-block-group is-layout-flow wp-block-group-is-layout-flow\">\n<div class=\"wp-block-group is-layout-flex wp-block-group-is-layout-flex\"><div class=\"wp-block-post-terms\"><a href=\"https:\/\/www.greenpeace.org\/italy\/category\/issues\/denuncia\/\">Denuncia<\/a><\/div>\n\n<div class=\"taxonomy-post_tag wp-block-post-terms\"><a href=\"https:\/\/www.greenpeace.org\/italy\/tag\/lagiustacausa\/\" rel=\"tag\">LaGiustaCausa<\/a><\/div><\/div>\n\n\n<h3 class=\"wp-block-post-title\"><a href=\"https:\/\/www.greenpeace.org\/italy\/storia\/30665\/eni-la-prepotenza-di-chi-prova-a-intimidire-chi-contesta-ma-finisce-multata-dal-garante-privacy\/\" target=\"_self\" >ENI: la prepotenza di chi prova a intimidire chi contesta, ma finisce multata dal Garante Privacy<\/a><\/h3>\n\n<div class=\"wp-block-post-excerpt\"><p class=\"wp-block-post-excerpt__excerpt\">Mentre ENI prova a colpire ReCommon con l\u2019ennesima causa temeraria, riceve una sanzione che ricorda come perfino i giganti fossili possono essere fermati. <\/p><\/div>\n\n\n<div class=\"wp-block-group posts-list-meta is-layout-flow wp-block-group-is-layout-flow\"><span class='article-list-item-author'><a href='https:\/\/www.greenpeace.org\/italy\/author\/chiara-campione\/'>Chiara Campione<\/a><\/span>\n\n<div class=\"wp-block-post-date\"><time datetime=\"2026-04-21T13:38:45+02:00\">21 Aprile 2026<\/time><\/div><\/div>\n<\/div>\n<\/div>\n\n<\/li><li class=\"wp-block-post post-30578 post type-post status-publish format-standard has-post-thumbnail hentry category-denuncia tag-cibo tag-salute p4-page-type-storia\">\n\n<div class=\"wp-block-columns is-layout-flex wp-container-core-columns-is-layout-9d6595d7 wp-block-columns-is-layout-flex\"><figure class=\"wp-block-post-featured-image\"><a href=\"https:\/\/www.greenpeace.org\/italy\/storia\/30578\/pesticidi-il-pericolo-invisibile-che-finisce-nel-cibo\/\" target=\"_self\"  ><img loading=\"lazy\" decoding=\"async\" width=\"1200\" height=\"800\" src=\"https:\/\/www.greenpeace.org\/static\/planet4-italy-stateless\/2026\/04\/0312c8e7-pesticidi-greenpeace.jpg\" class=\"attachment-post-thumbnail size-post-thumbnail wp-post-image wp-stateless-item\" alt=\"Pesticidi: il pericolo invisibile che finisce nel nostro cibo\" style=\"object-fit:cover;\" srcset=\"https:\/\/www.greenpeace.org\/static\/planet4-italy-stateless\/2026\/04\/0312c8e7-pesticidi-greenpeace.jpg 1200w, https:\/\/www.greenpeace.org\/static\/planet4-italy-stateless\/2026\/04\/0312c8e7-pesticidi-greenpeace-300x200.jpg 300w, https:\/\/www.greenpeace.org\/static\/planet4-italy-stateless\/2026\/04\/0312c8e7-pesticidi-greenpeace-1024x683.jpg 1024w, https:\/\/www.greenpeace.org\/static\/planet4-italy-stateless\/2026\/04\/0312c8e7-pesticidi-greenpeace-768x512.jpg 768w, https:\/\/www.greenpeace.org\/static\/planet4-italy-stateless\/2026\/04\/0312c8e7-pesticidi-greenpeace-510x340.jpg 510w\" sizes=\"auto, (max-width: 1200px) 100vw, 1200px\" data-image-size=\"post-thumbnail\" data-stateless-media-bucket=\"planet4-italy-stateless\" data-stateless-media-name=\"2026\/04\/0312c8e7-pesticidi-greenpeace.jpg\" \/><\/a><\/figure>\n\n\n<div class=\"wp-block-group is-layout-flow wp-block-group-is-layout-flow\">\n<div class=\"wp-block-group is-layout-flex wp-block-group-is-layout-flex\"><div class=\"wp-block-post-terms\"><a href=\"https:\/\/www.greenpeace.org\/italy\/category\/issues\/denuncia\/\">Denuncia<\/a><\/div>\n\n<div class=\"taxonomy-post_tag wp-block-post-terms\"><a href=\"https:\/\/www.greenpeace.org\/italy\/tag\/cibo\/\" rel=\"tag\">Cibo<\/a><span class=\"wp-block-post-terms__separator\"> <\/span><a href=\"https:\/\/www.greenpeace.org\/italy\/tag\/salute\/\" rel=\"tag\">Salute<\/a><\/div><\/div>\n\n\n<h3 class=\"wp-block-post-title\"><a href=\"https:\/\/www.greenpeace.org\/italy\/storia\/30578\/pesticidi-il-pericolo-invisibile-che-finisce-nel-cibo\/\" target=\"_self\" >Pesticidi: il pericolo invisibile che finisce nel nostro cibo<\/a><\/h3>\n\n<div class=\"wp-block-post-excerpt\"><p class=\"wp-block-post-excerpt__excerpt\">I pesticidi sono ovunque: nei campi, nelle foreste, nei nostri giardini. Persino nel cibo che mangiamo.&nbsp; <\/p><\/div>\n\n\n<div class=\"wp-block-group posts-list-meta is-layout-flow wp-block-group-is-layout-flow\"><span class='article-list-item-author'><a href='https:\/\/www.greenpeace.org\/italy\/author\/simona-savini\/'>Simona Savini<\/a><\/span>\n\n<div class=\"wp-block-post-date\"><time datetime=\"2026-04-15T09:54:47+02:00\">15 Aprile 2026<\/time><\/div><\/div>\n<\/div>\n<\/div>\n\n<\/li><\/ul>\n\n\n<div class=\"wp-block-buttons carousel-controls is-horizontal is-content-justification-space-between is-nowrap is-layout-flex wp-container-core-buttons-is-layout-044bd602 wp-block-buttons-is-layout-flex\">\n<div class=\"wp-block-button carousel-control-prev\"><button type=\"button\" class=\"wp-block-button__link wp-element-button\">Prev<\/button><\/div>\n\n\n\n<div class=\"wp-block-button carousel-control-next\"><button type=\"button\" class=\"wp-block-button__link wp-element-button\">Next<\/button><\/div>\n<\/div>\n\n\n\n<div class=\"wp-block-buttons is-layout-flex wp-block-buttons-is-layout-flex\">\n<div class=\"wp-block-button\"><a type=\"button\" class=\"wp-block-button__link has-white-color has-dark-green-800-background-color has-text-color has-background has-link-color wp-element-button\" href=\"https:\/\/www.greenpeace.org\/italy\/storia\/?tag=volontariato\">LEGGI GLI ALTRI ARTICOLI<\/a><\/div>\n<\/div>\n<\/div>\n\n\n\n<div style=\"height:40px\" aria-hidden=\"true\" id=\"Report\" class=\"wp-block-spacer\"><\/div>\n\n\n\n<div class=\"wp-block-query posts-list p4-query-loop is-custom-layout-grid is-layout-grid wp-container-core-query-is-layout-b8bb0bd1 wp-block-query-is-layout-grid\">\n<div class=\"wp-block-group is-content-justification-space-between is-layout-flex wp-container-core-group-is-layout-3d213aab wp-block-group-is-layout-flex\">\n<h2 class=\"wp-block-heading\"><strong>Report<\/strong><\/h2>\n<\/div>\n\n\n\n<p style=\"margin-top:24px;margin-bottom:36px\"><\/p>\n\n\n\n\n<ul class=\"wp-block-post-template is-layout-flow wp-block-post-template-is-layout-flow\"><li class=\"wp-block-post post-30681 post type-post status-publish format-standard has-post-thumbnail hentry category-scegli tag-energia tag-pace p4-page-type-rapporto\">\n\n<div class=\"wp-block-columns is-layout-flex wp-container-core-columns-is-layout-9d6595d7 wp-block-columns-is-layout-flex\"><figure class=\"wp-block-post-featured-image\"><a href=\"https:\/\/www.greenpeace.org\/italy\/rapporto\/30681\/crisi-energetica-e-conflitto-in-iran-nuovo-report-osservatorio-di-pavia-greenpeace\/\" target=\"_self\"  ><img loading=\"lazy\" decoding=\"async\" width=\"2560\" height=\"1541\" src=\"https:\/\/www.greenpeace.org\/static\/planet4-italy-stateless\/2026\/04\/d98bc400-gp03bmf-scaled.jpg\" class=\"attachment-post-thumbnail size-post-thumbnail wp-post-image wp-stateless-item\" alt=\"Crisi energetica e conflitto in Iran, narrazioni mediatiche e soluzioni: il nuovo report Greenpeace-Osservatorio di Pavia\" style=\"object-fit:cover;\" srcset=\"https:\/\/www.greenpeace.org\/static\/planet4-italy-stateless\/2026\/04\/d98bc400-gp03bmf-scaled.jpg 2560w, https:\/\/www.greenpeace.org\/static\/planet4-italy-stateless\/2026\/04\/d98bc400-gp03bmf-300x181.jpg 300w, https:\/\/www.greenpeace.org\/static\/planet4-italy-stateless\/2026\/04\/d98bc400-gp03bmf-1024x616.jpg 1024w, https:\/\/www.greenpeace.org\/static\/planet4-italy-stateless\/2026\/04\/d98bc400-gp03bmf-768x462.jpg 768w, https:\/\/www.greenpeace.org\/static\/planet4-italy-stateless\/2026\/04\/d98bc400-gp03bmf-1536x925.jpg 1536w, https:\/\/www.greenpeace.org\/static\/planet4-italy-stateless\/2026\/04\/d98bc400-gp03bmf-2048x1233.jpg 2048w, https:\/\/www.greenpeace.org\/static\/planet4-italy-stateless\/2026\/04\/d98bc400-gp03bmf-510x307.jpg 510w\" sizes=\"auto, (max-width: 2560px) 100vw, 2560px\" data-image-size=\"post-thumbnail\" data-stateless-media-bucket=\"planet4-italy-stateless\" data-stateless-media-name=\"2026\/04\/d98bc400-gp03bmf-scaled.jpg\" \/><\/a><\/figure>\n\n\n<div class=\"wp-block-group is-layout-flow wp-block-group-is-layout-flow\">\n<div class=\"wp-block-group is-layout-flow wp-block-group-is-layout-flow\"><div class=\"wp-block-post-terms\"><a href=\"https:\/\/www.greenpeace.org\/italy\/category\/issues\/scegli\/\">Scegli<\/a><\/div>\n\n<div class=\"taxonomy-post_tag wp-block-post-terms\"><a href=\"https:\/\/www.greenpeace.org\/italy\/tag\/energia\/\" rel=\"tag\">Energia<\/a><span class=\"wp-block-post-terms__separator\"> <\/span><a href=\"https:\/\/www.greenpeace.org\/italy\/tag\/pace\/\" rel=\"tag\">Pace<\/a><\/div><\/div>\n\n\n<h3 class=\"wp-block-post-title\"><a href=\"https:\/\/www.greenpeace.org\/italy\/rapporto\/30681\/crisi-energetica-e-conflitto-in-iran-nuovo-report-osservatorio-di-pavia-greenpeace\/\" target=\"_self\" >Crisi energetica e conflitto in Iran, narrazioni mediatiche e soluzioni: il nuovo report Greenpeace-Osservatorio di Pavia<\/a><\/h3>\n\n<div class=\"wp-block-post-excerpt\"><p class=\"wp-block-post-excerpt__excerpt\">Il nuovo report redatto dall&#8217;Osservatorio di Pavia per Greenpeace si concentra sul modo in cui la crisi iraniana \u00e8 stata raccontata dai media italiani in relazione ai suoi effetti energetici&hellip; <\/p><\/div>\n\n\n<div class=\"wp-block-group posts-list-meta is-layout-flow wp-block-group-is-layout-flow\"><span class='article-list-item-author'><a href='https:\/\/www.greenpeace.org\/italy\/author\/gp_italy\/'>Greenpeace Italy<\/a><\/span>\n\n<div class=\"wp-block-post-date\"><time datetime=\"2026-04-30T10:00:00+02:00\">30 Aprile 2026<\/time><\/div><\/div>\n<\/div>\n<\/div>\n\n<\/li><li class=\"wp-block-post post-30458 post type-post status-publish format-standard has-post-thumbnail hentry category-denuncia tag-clima p4-page-type-rapporto\">\n\n<div class=\"wp-block-columns is-layout-flex wp-container-core-columns-is-layout-9d6595d7 wp-block-columns-is-layout-flex\"><figure class=\"wp-block-post-featured-image\"><a href=\"https:\/\/www.greenpeace.org\/italy\/rapporto\/30458\/quanto-costa-allitalia-la-crisi-climatica-la-terza-edizione-del-report-di-greenpeace\/\" target=\"_self\"  ><img loading=\"lazy\" decoding=\"async\" width=\"500\" height=\"800\" src=\"https:\/\/www.greenpeace.org\/static\/planet4-italy-stateless\/2024\/01\/a68ea1ec-gp0stwm4g_medium_res-edited.jpeg\" class=\"attachment-post-thumbnail size-post-thumbnail wp-post-image wp-stateless-item\" alt=\"\u201cQuanto costa all&#8217;Italia la crisi climatica?&#8221;: la terza edizione del report di Greenpeace\" style=\"object-fit:cover;\" srcset=\"https:\/\/www.greenpeace.org\/static\/planet4-italy-stateless\/2024\/01\/a68ea1ec-gp0stwm4g_medium_res-edited.jpeg 500w, https:\/\/www.greenpeace.org\/static\/planet4-italy-stateless\/2024\/01\/a68ea1ec-gp0stwm4g_medium_res-edited-188x300.jpeg 188w, https:\/\/www.greenpeace.org\/static\/planet4-italy-stateless\/2024\/01\/a68ea1ec-gp0stwm4g_medium_res-edited-213x340.jpeg 213w\" sizes=\"auto, (max-width: 500px) 100vw, 500px\" data-image-size=\"post-thumbnail\" data-stateless-media-bucket=\"planet4-italy-stateless\" data-stateless-media-name=\"2024\/01\/a68ea1ec-gp0stwm4g_medium_res-edited.jpeg\" \/><\/a><\/figure>\n\n\n<div class=\"wp-block-group is-layout-flow wp-block-group-is-layout-flow\">\n<div class=\"wp-block-group is-layout-flow wp-block-group-is-layout-flow\"><div class=\"wp-block-post-terms\"><a href=\"https:\/\/www.greenpeace.org\/italy\/category\/issues\/denuncia\/\">Denuncia<\/a><\/div>\n\n<div class=\"taxonomy-post_tag wp-block-post-terms\"><a href=\"https:\/\/www.greenpeace.org\/italy\/tag\/clima\/\" rel=\"tag\">Clima<\/a><\/div><\/div>\n\n\n<h3 class=\"wp-block-post-title\"><a href=\"https:\/\/www.greenpeace.org\/italy\/rapporto\/30458\/quanto-costa-allitalia-la-crisi-climatica-la-terza-edizione-del-report-di-greenpeace\/\" target=\"_self\" >\u201cQuanto costa all&#8217;Italia la crisi climatica?&#8221;: la terza edizione del report di Greenpeace<\/a><\/h3>\n\n<div class=\"wp-block-post-excerpt\"><p class=\"wp-block-post-excerpt__excerpt\">\u00a0L&#8217;indagine traccia un quadro dell&#8217;impatto economico dei cambiamenti climatici in tutta la penisola. <\/p><\/div>\n\n\n<div class=\"wp-block-group posts-list-meta is-layout-flow wp-block-group-is-layout-flow\"><span class='article-list-item-author'><a href='https:\/\/www.greenpeace.org\/italy\/author\/gp_italy\/'>Greenpeace Italy<\/a><\/span>\n\n<div class=\"wp-block-post-date\"><time datetime=\"2026-04-02T11:00:00+02:00\">2 Aprile 2026<\/time><\/div><\/div>\n<\/div>\n<\/div>\n\n<\/li><li class=\"wp-block-post post-30332 post type-post status-publish format-standard has-post-thumbnail hentry category-denuncia tag-clima p4-page-type-rapporto\">\n\n<div class=\"wp-block-columns is-layout-flex wp-container-core-columns-is-layout-9d6595d7 wp-block-columns-is-layout-flex\"><figure class=\"wp-block-post-featured-image\"><a href=\"https:\/\/www.greenpeace.org\/italy\/rapporto\/30332\/media-e-crisi-climatica-il-monitoraggio-annuale-di-greenpeace-su-quotidiani-e-tg-2025\/\" target=\"_self\"  ><img loading=\"lazy\" decoding=\"async\" width=\"1200\" height=\"800\" src=\"https:\/\/www.greenpeace.org\/static\/planet4-italy-stateless\/2024\/12\/8355a976-giornalismo-e-crisi-climatica-come-fare-informazione-corretta.jpg\" class=\"attachment-post-thumbnail size-post-thumbnail wp-post-image wp-stateless-item\" alt=\"Media e crisi climatica: il monitoraggio annuale di Greenpeace su quotidiani e TG (2025)\" style=\"object-fit:cover;\" srcset=\"https:\/\/www.greenpeace.org\/static\/planet4-italy-stateless\/2024\/12\/8355a976-giornalismo-e-crisi-climatica-come-fare-informazione-corretta.jpg 1200w, https:\/\/www.greenpeace.org\/static\/planet4-italy-stateless\/2024\/12\/8355a976-giornalismo-e-crisi-climatica-come-fare-informazione-corretta-300x200.jpg 300w, https:\/\/www.greenpeace.org\/static\/planet4-italy-stateless\/2024\/12\/8355a976-giornalismo-e-crisi-climatica-come-fare-informazione-corretta-1024x683.jpg 1024w, https:\/\/www.greenpeace.org\/static\/planet4-italy-stateless\/2024\/12\/8355a976-giornalismo-e-crisi-climatica-come-fare-informazione-corretta-768x512.jpg 768w, https:\/\/www.greenpeace.org\/static\/planet4-italy-stateless\/2024\/12\/8355a976-giornalismo-e-crisi-climatica-come-fare-informazione-corretta-510x340.jpg 510w\" sizes=\"auto, (max-width: 1200px) 100vw, 1200px\" data-image-size=\"post-thumbnail\" data-stateless-media-bucket=\"planet4-italy-stateless\" data-stateless-media-name=\"2024\/12\/8355a976-giornalismo-e-crisi-climatica-come-fare-informazione-corretta.jpg\" \/><\/a><\/figure>\n\n\n<div class=\"wp-block-group is-layout-flow wp-block-group-is-layout-flow\">\n<div class=\"wp-block-group is-layout-flow wp-block-group-is-layout-flow\"><div class=\"wp-block-post-terms\"><a href=\"https:\/\/www.greenpeace.org\/italy\/category\/issues\/denuncia\/\">Denuncia<\/a><\/div>\n\n<div class=\"taxonomy-post_tag wp-block-post-terms\"><a href=\"https:\/\/www.greenpeace.org\/italy\/tag\/clima\/\" rel=\"tag\">Clima<\/a><\/div><\/div>\n\n\n<h3 class=\"wp-block-post-title\"><a href=\"https:\/\/www.greenpeace.org\/italy\/rapporto\/30332\/media-e-crisi-climatica-il-monitoraggio-annuale-di-greenpeace-su-quotidiani-e-tg-2025\/\" target=\"_self\" >Media e crisi climatica: il monitoraggio annuale di Greenpeace su quotidiani e TG (2025)<\/a><\/h3>\n\n<div class=\"wp-block-post-excerpt\"><p class=\"wp-block-post-excerpt__excerpt\">Continua a calare, anche nel 2025, l\u2019attenzione dei mass media italiani per il riscaldamento del pianeta: lo scorso anno i principali quotidiani nazionali hanno dedicato in media alla crisi climatica&hellip; <\/p><\/div>\n\n\n<div class=\"wp-block-group posts-list-meta is-layout-flow wp-block-group-is-layout-flow\"><span class='article-list-item-author'><a href='https:\/\/www.greenpeace.org\/italy\/author\/gp_italy\/'>Greenpeace Italy<\/a><\/span>\n\n<div class=\"wp-block-post-date\"><time datetime=\"2026-03-18T10:45:00+01:00\">18 Marzo 2026<\/time><\/div><\/div>\n<\/div>\n<\/div>\n\n<\/li><li class=\"wp-block-post post-30030 post type-post status-publish format-standard has-post-thumbnail hentry category-uncategorized p4-page-type-rapporto\">\n\n<div class=\"wp-block-columns is-layout-flex wp-container-core-columns-is-layout-9d6595d7 wp-block-columns-is-layout-flex\"><figure class=\"wp-block-post-featured-image\"><a href=\"https:\/\/www.greenpeace.org\/italy\/rapporto\/30030\/la-crisi-climatica-e-il-futuro-delle-olimpiadi-invernali\/\" target=\"_self\"  ><img loading=\"lazy\" decoding=\"async\" width=\"2560\" height=\"1920\" src=\"https:\/\/www.greenpeace.org\/static\/planet4-italy-stateless\/2026\/01\/0cf267f6-olimpiadi-invernali-milano-cortina.jpg\" class=\"attachment-post-thumbnail size-post-thumbnail wp-post-image wp-stateless-item\" alt=\"La crisi climatica e il futuro delle Olimpiadi Invernali\" style=\"object-fit:cover;\" srcset=\"https:\/\/www.greenpeace.org\/static\/planet4-italy-stateless\/2026\/01\/0cf267f6-olimpiadi-invernali-milano-cortina.jpg 2560w, https:\/\/www.greenpeace.org\/static\/planet4-italy-stateless\/2026\/01\/0cf267f6-olimpiadi-invernali-milano-cortina-300x225.jpg 300w, https:\/\/www.greenpeace.org\/static\/planet4-italy-stateless\/2026\/01\/0cf267f6-olimpiadi-invernali-milano-cortina-1024x768.jpg 1024w, https:\/\/www.greenpeace.org\/static\/planet4-italy-stateless\/2026\/01\/0cf267f6-olimpiadi-invernali-milano-cortina-768x576.jpg 768w, https:\/\/www.greenpeace.org\/static\/planet4-italy-stateless\/2026\/01\/0cf267f6-olimpiadi-invernali-milano-cortina-1536x1152.jpg 1536w, https:\/\/www.greenpeace.org\/static\/planet4-italy-stateless\/2026\/01\/0cf267f6-olimpiadi-invernali-milano-cortina-2048x1536.jpg 2048w, https:\/\/www.greenpeace.org\/static\/planet4-italy-stateless\/2026\/01\/0cf267f6-olimpiadi-invernali-milano-cortina-1821x1366.jpg 1821w, https:\/\/www.greenpeace.org\/static\/planet4-italy-stateless\/2026\/01\/0cf267f6-olimpiadi-invernali-milano-cortina-453x340.jpg 453w\" sizes=\"auto, (max-width: 2560px) 100vw, 2560px\" data-image-size=\"post-thumbnail\" data-stateless-media-bucket=\"planet4-italy-stateless\" data-stateless-media-name=\"2026\/01\/0cf267f6-olimpiadi-invernali-milano-cortina.jpg\" \/><\/a><\/figure>\n\n\n<div class=\"wp-block-group is-layout-flow wp-block-group-is-layout-flow\">\n<div class=\"wp-block-group is-layout-flow wp-block-group-is-layout-flow\"><div class=\"wp-block-post-terms\"><a href=\"https:\/\/www.greenpeace.org\/italy\/category\/uncategorized\/\">Uncategorized<\/a><\/div>\n\n<\/div>\n\n\n<h3 class=\"wp-block-post-title\"><a href=\"https:\/\/www.greenpeace.org\/italy\/rapporto\/30030\/la-crisi-climatica-e-il-futuro-delle-olimpiadi-invernali\/\" target=\"_self\" >La crisi climatica e il futuro delle Olimpiadi Invernali<\/a><\/h3>\n\n<div class=\"wp-block-post-excerpt\"><p class=\"wp-block-post-excerpt__excerpt\">Alla vigilia dell&#8217;inaugurazione dei Giochi Olimpici e Paralimpici Invernali di Milano Cortina, Greenpeace Italia ha inviato oggi una lettera aperta al Comitato Olimpico Internazionale (CIO) per chiedere di rinunciare alle&hellip; <\/p><\/div>\n\n\n<div class=\"wp-block-group posts-list-meta is-layout-flow wp-block-group-is-layout-flow\"><span class='article-list-item-author'><a href='https:\/\/www.greenpeace.org\/italy\/author\/gp_italy\/'>Greenpeace Italy<\/a><\/span>\n\n<div class=\"wp-block-post-date\"><time datetime=\"2026-02-03T07:00:00+01:00\">3 Febbraio 2026<\/time><\/div><\/div>\n<\/div>\n<\/div>\n\n<\/li><\/ul>\n\n\n<div class=\"wp-block-buttons carousel-controls is-horizontal is-content-justification-space-between is-nowrap is-layout-flex wp-container-core-buttons-is-layout-044bd602 wp-block-buttons-is-layout-flex\">\n<div class=\"wp-block-button carousel-control-prev\"><button type=\"button\" class=\"wp-block-button__link wp-element-button\">Prev<\/button><\/div>\n\n\n\n<div class=\"wp-block-button carousel-control-next\"><button type=\"button\" class=\"wp-block-button__link wp-element-button\">Next<\/button><\/div>\n<\/div>\n<\/div>\n\n\n\n<div style=\"height:40px\" aria-hidden=\"true\" id=\"comunicati-stampa\" class=\"wp-block-spacer\"><\/div>\n\n\n\n\n<div class=\"wp-block-group alignfull block is-layout-flow wp-block-group-is-layout-flow\">\n<div class=\"wp-block-group container is-layout-flow wp-block-group-is-layout-flow\">\n<div class=\"wp-block-query posts-list p4-query-loop is-custom-layout-list is-layout-flow wp-block-query-is-layout-flow\">\n<div class=\"wp-block-group is-content-justification-space-between is-layout-flex wp-container-core-group-is-layout-3d213aab wp-block-group-is-layout-flex\">\n<h2 class=\"wp-block-heading\">Comunicati Stampa<\/h2>\n<\/div>\n\n\n\n<p style=\"margin-top:24px;margin-bottom:36px\"><\/p>\n\n\n\n\n<ul class=\"wp-block-post-template is-layout-flow wp-block-post-template-is-layout-flow\"><li class=\"wp-block-post post-30702 post type-post status-publish format-standard has-post-thumbnail hentry category-denuncia tag-energia tag-pace p4-page-type-comunicato-stampa\">\n\n<div class=\"wp-block-columns is-layout-flex wp-container-core-columns-is-layout-9d6595d7 wp-block-columns-is-layout-flex\"><figure class=\"wp-block-post-featured-image\"><a href=\"https:\/\/www.greenpeace.org\/italy\/comunicato-stampa\/30702\/crisi-energetica-e-guerra-in-iran-nuovo-report-greenpeace-osservatorio-di-pavia\/\" target=\"_self\"  ><img loading=\"lazy\" decoding=\"async\" width=\"2560\" height=\"1541\" src=\"https:\/\/www.greenpeace.org\/static\/planet4-italy-stateless\/2026\/04\/3466d777-gp03bmf-scaled.jpg\" class=\"attachment-post-thumbnail size-post-thumbnail wp-post-image wp-stateless-item\" alt=\"Crisi energetica e guerra in Iran, nuovo report Greenpeace-Osservatorio di Pavia\" style=\"object-fit:cover;\" srcset=\"https:\/\/www.greenpeace.org\/static\/planet4-italy-stateless\/2026\/04\/3466d777-gp03bmf-scaled.jpg 2560w, https:\/\/www.greenpeace.org\/static\/planet4-italy-stateless\/2026\/04\/3466d777-gp03bmf-300x181.jpg 300w, https:\/\/www.greenpeace.org\/static\/planet4-italy-stateless\/2026\/04\/3466d777-gp03bmf-1024x616.jpg 1024w, https:\/\/www.greenpeace.org\/static\/planet4-italy-stateless\/2026\/04\/3466d777-gp03bmf-768x462.jpg 768w, https:\/\/www.greenpeace.org\/static\/planet4-italy-stateless\/2026\/04\/3466d777-gp03bmf-1536x925.jpg 1536w, https:\/\/www.greenpeace.org\/static\/planet4-italy-stateless\/2026\/04\/3466d777-gp03bmf-2048x1233.jpg 2048w, https:\/\/www.greenpeace.org\/static\/planet4-italy-stateless\/2026\/04\/3466d777-gp03bmf-510x307.jpg 510w\" sizes=\"auto, (max-width: 2560px) 100vw, 2560px\" data-image-size=\"post-thumbnail\" data-stateless-media-bucket=\"planet4-italy-stateless\" data-stateless-media-name=\"2026\/04\/3466d777-gp03bmf-scaled.jpg\" \/><\/a><\/figure>\n\n\n<div class=\"wp-block-group is-layout-flow wp-block-group-is-layout-flow\">\n<div class=\"wp-block-group is-layout-flex wp-block-group-is-layout-flex\"><div class=\"wp-block-post-terms\"><a href=\"https:\/\/www.greenpeace.org\/italy\/category\/issues\/denuncia\/\">Denuncia<\/a><\/div>\n\n<div class=\"taxonomy-post_tag wp-block-post-terms\"><a href=\"https:\/\/www.greenpeace.org\/italy\/tag\/energia\/\" rel=\"tag\">Energia<\/a><span class=\"wp-block-post-terms__separator\"> <\/span><a href=\"https:\/\/www.greenpeace.org\/italy\/tag\/pace\/\" rel=\"tag\">Pace<\/a><\/div><\/div>\n\n\n<h3 class=\"wp-block-post-title\"><a href=\"https:\/\/www.greenpeace.org\/italy\/comunicato-stampa\/30702\/crisi-energetica-e-guerra-in-iran-nuovo-report-greenpeace-osservatorio-di-pavia\/\" target=\"_self\" >Crisi energetica e guerra in Iran, nuovo report Greenpeace-Osservatorio di Pavia<\/a><\/h3>\n\n<div class=\"wp-block-post-excerpt\"><p class=\"wp-block-post-excerpt__excerpt\">Mentre la crisi innescata dalla guerra impone scelte politiche anche radicali, il racconto televisivo restringe il campo delle soluzioni, lasciando ai margini quelle capaci di incidere davvero. <\/p><\/div>\n\n\n<div class=\"wp-block-group posts-list-meta is-layout-flow wp-block-group-is-layout-flow\"><span class='article-list-item-author'><a href='https:\/\/www.greenpeace.org\/italy\/author\/gp_italy\/'>Greenpeace Italy<\/a><\/span>\n\n<div class=\"wp-block-post-date\"><time datetime=\"2026-04-30T14:34:14+02:00\">30 Aprile 2026<\/time><\/div><\/div>\n<\/div>\n<\/div>\n\n<\/li><li class=\"wp-block-post post-30673 post type-post status-publish format-standard has-post-thumbnail hentry category-proteggi tag-pace p4-page-type-comunicato-stampa\">\n\n<div class=\"wp-block-columns is-layout-flex wp-container-core-columns-is-layout-9d6595d7 wp-block-columns-is-layout-flex\"><figure class=\"wp-block-post-featured-image\"><a href=\"https:\/\/www.greenpeace.org\/italy\/comunicato-stampa\/30673\/la-flotilla-per-gaza-parte-dallitalia-insieme-alla-nave-arctic-sunrise-di-greenpeace\/\" target=\"_self\"  ><img loading=\"lazy\" decoding=\"async\" width=\"1200\" height=\"800\" src=\"https:\/\/www.greenpeace.org\/static\/planet4-italy-stateless\/2026\/04\/126bdadd-gp0su8p14.jpg\" class=\"attachment-post-thumbnail size-post-thumbnail wp-post-image wp-stateless-item\" alt=\"La Flotilla per Gaza parte dall&#8217;Italia insieme alla nave Arctic Sunrise di Greenpeace\" style=\"object-fit:cover;\" srcset=\"https:\/\/www.greenpeace.org\/static\/planet4-italy-stateless\/2026\/04\/126bdadd-gp0su8p14.jpg 1200w, https:\/\/www.greenpeace.org\/static\/planet4-italy-stateless\/2026\/04\/126bdadd-gp0su8p14-300x200.jpg 300w, https:\/\/www.greenpeace.org\/static\/planet4-italy-stateless\/2026\/04\/126bdadd-gp0su8p14-1024x683.jpg 1024w, https:\/\/www.greenpeace.org\/static\/planet4-italy-stateless\/2026\/04\/126bdadd-gp0su8p14-768x512.jpg 768w, https:\/\/www.greenpeace.org\/static\/planet4-italy-stateless\/2026\/04\/126bdadd-gp0su8p14-510x340.jpg 510w\" sizes=\"auto, (max-width: 1200px) 100vw, 1200px\" data-image-size=\"post-thumbnail\" data-stateless-media-bucket=\"planet4-italy-stateless\" data-stateless-media-name=\"2026\/04\/126bdadd-gp0su8p14.jpg\" \/><\/a><\/figure>\n\n\n<div class=\"wp-block-group is-layout-flow wp-block-group-is-layout-flow\">\n<div class=\"wp-block-group is-layout-flex wp-block-group-is-layout-flex\"><div class=\"wp-block-post-terms\"><a href=\"https:\/\/www.greenpeace.org\/italy\/category\/issues\/proteggi\/\">Proteggi<\/a><\/div>\n\n<div class=\"taxonomy-post_tag wp-block-post-terms\"><a href=\"https:\/\/www.greenpeace.org\/italy\/tag\/pace\/\" rel=\"tag\">Pace<\/a><\/div><\/div>\n\n\n<h3 class=\"wp-block-post-title\"><a href=\"https:\/\/www.greenpeace.org\/italy\/comunicato-stampa\/30673\/la-flotilla-per-gaza-parte-dallitalia-insieme-alla-nave-arctic-sunrise-di-greenpeace\/\" target=\"_self\" >La Flotilla per Gaza parte dall&#8217;Italia insieme alla nave Arctic Sunrise di Greenpeace<\/a><\/h3>\n\n<div class=\"wp-block-post-excerpt\"><p class=\"wp-block-post-excerpt__excerpt\">La nave Arctic Sunrise di Greenpeace sta fornendo supporto tecnico e operativo alle imbarcazioni della Global Sumud Flotilla. <\/p><\/div>\n\n\n<div class=\"wp-block-group posts-list-meta is-layout-flow wp-block-group-is-layout-flow\"><span class='article-list-item-author'><a href='https:\/\/www.greenpeace.org\/italy\/author\/gp_italy\/'>Greenpeace Italy<\/a><\/span>\n\n<div class=\"wp-block-post-date\"><time datetime=\"2026-04-27T10:30:00+02:00\">27 Aprile 2026<\/time><\/div><\/div>\n<\/div>\n<\/div>\n\n<\/li><li class=\"wp-block-post post-30602 post type-post status-publish format-standard has-post-thumbnail hentry category-denuncia tag-clima p4-page-type-comunicato-stampa\">\n\n<div class=\"wp-block-columns is-layout-flex wp-container-core-columns-is-layout-9d6595d7 wp-block-columns-is-layout-flex\"><figure class=\"wp-block-post-featured-image\"><a href=\"https:\/\/www.greenpeace.org\/italy\/comunicato-stampa\/30602\/greenpeace-alla-climate-action-week-di-padova-tra-dibattiti-e-una-installazione-museo-sulla-crisi-climatica\/\" target=\"_self\"  ><img loading=\"lazy\" decoding=\"async\" width=\"1200\" height=\"675\" src=\"https:\/\/www.greenpeace.org\/static\/planet4-italy-stateless\/2026\/04\/372071c9-4-gea-2076-mostra-greenepeace.jpg\" class=\"attachment-post-thumbnail size-post-thumbnail wp-post-image wp-stateless-item\" alt=\"Greenpeace alla Climate Action Week di Padova, tra dibattiti e una installazione-museo sulla crisi climatica\" style=\"object-fit:cover;\" srcset=\"https:\/\/www.greenpeace.org\/static\/planet4-italy-stateless\/2026\/04\/372071c9-4-gea-2076-mostra-greenepeace.jpg 1200w, https:\/\/www.greenpeace.org\/static\/planet4-italy-stateless\/2026\/04\/372071c9-4-gea-2076-mostra-greenepeace-300x169.jpg 300w, https:\/\/www.greenpeace.org\/static\/planet4-italy-stateless\/2026\/04\/372071c9-4-gea-2076-mostra-greenepeace-1024x576.jpg 1024w, https:\/\/www.greenpeace.org\/static\/planet4-italy-stateless\/2026\/04\/372071c9-4-gea-2076-mostra-greenepeace-768x432.jpg 768w, https:\/\/www.greenpeace.org\/static\/planet4-italy-stateless\/2026\/04\/372071c9-4-gea-2076-mostra-greenepeace-510x287.jpg 510w\" sizes=\"auto, (max-width: 1200px) 100vw, 1200px\" data-image-size=\"post-thumbnail\" data-stateless-media-bucket=\"planet4-italy-stateless\" data-stateless-media-name=\"2026\/04\/372071c9-4-gea-2076-mostra-greenepeace.jpg\" \/><\/a><\/figure>\n\n\n<div class=\"wp-block-group is-layout-flow wp-block-group-is-layout-flow\">\n<div class=\"wp-block-group is-layout-flex wp-block-group-is-layout-flex\"><div class=\"wp-block-post-terms\"><a href=\"https:\/\/www.greenpeace.org\/italy\/category\/issues\/denuncia\/\">Denuncia<\/a><\/div>\n\n<div class=\"taxonomy-post_tag wp-block-post-terms\"><a href=\"https:\/\/www.greenpeace.org\/italy\/tag\/clima\/\" rel=\"tag\">Clima<\/a><\/div><\/div>\n\n\n<h3 class=\"wp-block-post-title\"><a href=\"https:\/\/www.greenpeace.org\/italy\/comunicato-stampa\/30602\/greenpeace-alla-climate-action-week-di-padova-tra-dibattiti-e-una-installazione-museo-sulla-crisi-climatica\/\" target=\"_self\" >Greenpeace alla Climate Action Week di Padova, tra dibattiti e una installazione-museo sulla crisi climatica<\/a><\/h3>\n\n<div class=\"wp-block-post-excerpt\"><p class=\"wp-block-post-excerpt__excerpt\">Tappa nella citt\u00e0 veneta per raccontare gli impatti e i responsabili della crisi climatica sui territori italiani. <\/p><\/div>\n\n\n<div class=\"wp-block-group posts-list-meta is-layout-flow wp-block-group-is-layout-flow\"><span class='article-list-item-author'><a href='https:\/\/www.greenpeace.org\/italy\/author\/gp_italy\/'>Greenpeace Italy<\/a><\/span>\n\n<div class=\"wp-block-post-date\"><time datetime=\"2026-04-14T16:16:37+02:00\">14 Aprile 2026<\/time><\/div><\/div>\n<\/div>\n<\/div>\n\n<\/li><\/ul>\n\n\n<div class=\"wp-block-buttons carousel-controls is-horizontal is-content-justification-space-between is-nowrap is-layout-flex wp-container-core-buttons-is-layout-044bd602 wp-block-buttons-is-layout-flex\">\n<div class=\"wp-block-button carousel-control-prev\"><button type=\"button\" class=\"wp-block-button__link wp-element-button\">Prev<\/button><\/div>\n\n\n\n<div class=\"wp-block-button carousel-control-next\"><button type=\"button\" class=\"wp-block-button__link wp-element-button\">Next<\/button><\/div>\n<\/div>\n\n\n\n<div class=\"wp-block-buttons is-layout-flex wp-block-buttons-is-layout-flex\">\n<div class=\"wp-block-button\"><a type=\"button\" class=\"wp-block-button__link has-white-color has-dark-green-800-background-color has-text-color has-background has-link-color wp-element-button\" href=\"https:\/\/www.greenpeace.org\/italy\/comunicato-stampa\/?tag=volontariato\">LEGGI GLI ALTRI COMUNICATI<\/a><\/div>\n<\/div>\n<\/div>\n<\/div>\n<\/div>\n\n<\/div>\n\n<div class=\"wp-block-group container is-layout-flow wp-block-group-is-layout-flow\">\n<div style=\"height:24px\" aria-hidden=\"true\" class=\"wp-block-spacer\"><\/div>\n\n\n\n<h4 class=\"wp-block-heading\">Scopri di pi\u00f9 su altri argomenti<\/h4>\n\n\n\n<div class=\"wp-block-columns is-not-stacked-on-mobile is-style-mobile-carousel is-layout-flex wp-container-core-columns-is-layout-9d6595d7 wp-block-columns-is-layout-flex\">\n<div class=\"wp-block-column is-layout-flow wp-block-column-is-layout-flow\">\n<div class=\"wp-block-group group-stretched-link is-layout-flow wp-block-group-is-layout-flow\">\n<figure class=\"wp-block-image aligncenter size-large is-resized is-style-rounded-90 force-no-lightbox force-no-caption mb-0\"><img loading=\"lazy\" decoding=\"async\" width=\"1024\" height=\"683\" src=\"https:\/\/www.greenpeace.org\/static\/planet4-italy-stateless\/2022\/05\/644ec11c-gp1suobg_medium_res-1024x683.jpg\" alt=\"\" class=\"wp-image-16080\" style=\"width:90px;height:90px\" srcset=\"https:\/\/www.greenpeace.org\/static\/planet4-italy-stateless\/2022\/05\/644ec11c-gp1suobg_medium_res-1024x683.jpg 1024w, https:\/\/www.greenpeace.org\/static\/planet4-italy-stateless\/2022\/05\/644ec11c-gp1suobg_medium_res-300x200.jpg 300w, https:\/\/www.greenpeace.org\/static\/planet4-italy-stateless\/2022\/05\/644ec11c-gp1suobg_medium_res-768x512.jpg 768w, https:\/\/www.greenpeace.org\/static\/planet4-italy-stateless\/2022\/05\/644ec11c-gp1suobg_medium_res-510x340.jpg 510w, https:\/\/www.greenpeace.org\/static\/planet4-italy-stateless\/2022\/05\/644ec11c-gp1suobg_medium_res.jpg 1200w\" sizes=\"auto, (max-width: 1024px) 100vw, 1024px\" \/><figcaption class=\"wp-element-caption\">Portofino Marine Protected Area joins Greenpeace Italy &#8220;Progetto Mare Caldo&#8221; (Hot Sea Water Project&#8221;.\nThe underwater thermometers placed in the area since 2015 have registered an increase in water temperature. The Greenpeace dive team with researcher have checked the impact on the local biodiversity, and have found clear signs of the impact of climate change (similar to those observed in Elba Island).<\/figcaption><\/figure>\n\n\n\n<div style=\"height:16px\" aria-hidden=\"true\" class=\"wp-block-spacer\"><\/div>\n\n\n\n<h5 class=\"wp-block-heading has-text-align-center\" style=\"font-size:1rem\"><a href=\"https:\/\/www.greenpeace.org\/italy\/cosa-facciamo\/mare\">Mare<\/a><\/h5>\n<\/div>\n<\/div>\n\n\n\n<div class=\"wp-block-column is-layout-flow wp-block-column-is-layout-flow\">\n<div class=\"wp-block-group group-stretched-link is-layout-flow wp-block-group-is-layout-flow\">\n<figure class=\"wp-block-image aligncenter size-full is-resized is-style-rounded-90 force-no-lightbox force-no-caption mb-0\"><img loading=\"lazy\" decoding=\"async\" width=\"800\" height=\"533\" src=\"https:\/\/www.greenpeace.org\/static\/planet4-italy-stateless\/2023\/10\/eb5ed8e1-gp1t1wpu_web_size.jpg\" alt=\"\" class=\"wp-image-19108\" style=\"width:90px;height:90px\" srcset=\"https:\/\/www.greenpeace.org\/static\/planet4-italy-stateless\/2023\/10\/eb5ed8e1-gp1t1wpu_web_size.jpg 800w, https:\/\/www.greenpeace.org\/static\/planet4-italy-stateless\/2023\/10\/eb5ed8e1-gp1t1wpu_web_size-300x200.jpg 300w, https:\/\/www.greenpeace.org\/static\/planet4-italy-stateless\/2023\/10\/eb5ed8e1-gp1t1wpu_web_size-768x512.jpg 768w, https:\/\/www.greenpeace.org\/static\/planet4-italy-stateless\/2023\/10\/eb5ed8e1-gp1t1wpu_web_size-510x340.jpg 510w\" sizes=\"auto, (max-width: 800px) 100vw, 800px\" \/><figcaption class=\"wp-element-caption\">Autumn atmosphere in the Hainich National Park in Thuringia. The primeval beech forest is a protected area for plants and animals.\nHerbststimmung im Nationalpark Hainich in Th\u00fcringen. Der Buchenurwald ist Schutzgebiet f\u00fcr Pflanzen und Tiere.<\/figcaption><\/figure>\n\n\n\n<div style=\"height:16px\" aria-hidden=\"true\" class=\"wp-block-spacer\"><\/div>\n\n\n\n<h5 class=\"wp-block-heading has-text-align-center\" style=\"font-size:1rem\"><a href=\"https:\/\/www.greenpeace.org\/italy\/cosa-facciamo\/foreste\">Foreste<\/a><\/h5>\n<\/div>\n<\/div>\n\n\n\n<div class=\"wp-block-column is-layout-flow wp-block-column-is-layout-flow\">\n<div class=\"wp-block-group group-stretched-link is-layout-flow wp-block-group-is-layout-flow\">\n<figure class=\"wp-block-image aligncenter size-large is-resized is-style-rounded-90 force-no-lightbox force-no-caption mb-0\"><img loading=\"lazy\" decoding=\"async\" width=\"1024\" height=\"695\" src=\"https:\/\/www.greenpeace.org\/static\/planet4-italy-stateless\/2023\/11\/7d62780f-gp0stui1y-1024x695.jpg\" title=\"Wind Park in Feldheim, Germany. \u00a9 Paul Langrock \/ Greenpeace\" alt=\"Wind Park in Feldheim, Germany. \u00a9 Paul Langrock \/ Greenpeace\" class=\"wp-image-19362\" style=\"width:90px;height:90px\" srcset=\"https:\/\/www.greenpeace.org\/static\/planet4-italy-stateless\/2023\/11\/7d62780f-gp0stui1y-1024x695.jpg 1024w, https:\/\/www.greenpeace.org\/static\/planet4-italy-stateless\/2023\/11\/7d62780f-gp0stui1y-300x204.jpg 300w, https:\/\/www.greenpeace.org\/static\/planet4-italy-stateless\/2023\/11\/7d62780f-gp0stui1y-768x522.jpg 768w, https:\/\/www.greenpeace.org\/static\/planet4-italy-stateless\/2023\/11\/7d62780f-gp0stui1y-501x340.jpg 501w, https:\/\/www.greenpeace.org\/static\/planet4-italy-stateless\/2023\/11\/7d62780f-gp0stui1y.jpg 1200w\" sizes=\"auto, (max-width: 1024px) 100vw, 1024px\" \/><figcaption class=\"wp-element-caption\">Enercon wind turbines E126 at wind park Feldheim.<div class=\"credit icon-left\"> \u00a9 Paul Langrock \/ Greenpeace<\/div><\/figcaption><\/figure>\n\n\n\n<div style=\"height:16px\" aria-hidden=\"true\" class=\"wp-block-spacer\"><\/div>\n\n\n\n<h5 class=\"wp-block-heading has-text-align-center\" style=\"font-size:1rem\"><a href=\"https:\/\/www.greenpeace.org\/italy\/cosa-facciamo\/clima\">Clima<\/a><\/h5>\n<\/div>\n<\/div>\n\n\n\n<div class=\"wp-block-column is-layout-flow wp-block-column-is-layout-flow\">\n<div class=\"wp-block-group group-stretched-link is-layout-flow wp-block-group-is-layout-flow\">\n<figure class=\"wp-block-image aligncenter size-large is-resized is-style-rounded-90 force-no-lightbox force-no-caption mb-0\"><img loading=\"lazy\" decoding=\"async\" width=\"1024\" height=\"576\" src=\"https:\/\/www.greenpeace.org\/static\/planet4-italy-stateless\/2023\/05\/7851e89d-gif_2-1024x576.gif\" alt=\"\" class=\"wp-image-17862\" style=\"width:90px;height:90px\" srcset=\"https:\/\/www.greenpeace.org\/static\/planet4-italy-stateless\/2023\/05\/7851e89d-gif_2-1024x576.gif 1024w, https:\/\/www.greenpeace.org\/static\/planet4-italy-stateless\/2023\/05\/7851e89d-gif_2-300x169.gif 300w, https:\/\/www.greenpeace.org\/static\/planet4-italy-stateless\/2023\/05\/7851e89d-gif_2-768x432.gif 768w, https:\/\/www.greenpeace.org\/static\/planet4-italy-stateless\/2023\/05\/7851e89d-gif_2-510x287.gif 510w\" sizes=\"auto, (max-width: 1024px) 100vw, 1024px\" \/><\/figure>\n\n\n\n<div style=\"height:16px\" aria-hidden=\"true\" class=\"wp-block-spacer\"><\/div>\n\n\n\n<h5 class=\"wp-block-heading has-text-align-center\" style=\"font-size:1rem\"><a href=\"https:\/\/www.greenpeace.org\/italy\/cosa-facciamo\/cibo-agricoltura\">Agricoltura<\/a><\/h5>\n<\/div>\n<\/div>\n\n\n\n<div class=\"wp-block-column is-layout-flow wp-block-column-is-layout-flow\">\n<div class=\"wp-block-group group-stretched-link is-layout-flow wp-block-group-is-layout-flow\">\n<figure class=\"wp-block-image aligncenter size-full is-resized is-style-rounded-90 force-no-lightbox force-no-caption mb-0\"><img loading=\"lazy\" decoding=\"async\" width=\"1199\" height=\"858\" src=\"https:\/\/www.greenpeace.org\/static\/planet4-italy-stateless\/2024\/02\/9253f139-gp0stq7oo.jpg\" title=\"Plastic Waste Blown Away from Waste Landfill La Crau in France. \u00a9 Wolf Wichmann \/ Greenpeace\" alt=\"Plastic Waste Blown Away from Waste Landfill La Crau in France. \u00a9 Wolf Wichmann \/ Greenpeace\" class=\"wp-image-22090\" style=\"width:90px;height:90px\" srcset=\"https:\/\/www.greenpeace.org\/static\/planet4-italy-stateless\/2024\/02\/9253f139-gp0stq7oo.jpg 1199w, https:\/\/www.greenpeace.org\/static\/planet4-italy-stateless\/2024\/02\/9253f139-gp0stq7oo-300x215.jpg 300w, https:\/\/www.greenpeace.org\/static\/planet4-italy-stateless\/2024\/02\/9253f139-gp0stq7oo-1024x733.jpg 1024w, https:\/\/www.greenpeace.org\/static\/planet4-italy-stateless\/2024\/02\/9253f139-gp0stq7oo-768x550.jpg 768w, https:\/\/www.greenpeace.org\/static\/planet4-italy-stateless\/2024\/02\/9253f139-gp0stq7oo-475x340.jpg 475w\" sizes=\"auto, (max-width: 1199px) 100vw, 1199px\" \/><figcaption class=\"wp-element-caption\">Plastic waste blown away from formerly open domestic waste landfill La Crau in Entressen France. The landfill was open until 2008. Plastic bags, film and foil entangled in bushes and washed up in canal.<div class=\"credit icon-left\"> \u00a9 Wolf Wichmann \/ Greenpeace<\/div><\/figcaption><\/figure>\n\n\n\n<div style=\"height:16px\" aria-hidden=\"true\" class=\"wp-block-spacer\"><\/div>\n\n\n\n<h5 class=\"wp-block-heading has-text-align-center\" style=\"font-size:1rem\"><a href=\"https:\/\/www.greenpeace.org\/italy\/cosa-facciamo\/inquinamento\">Inquinamento<\/a><\/h5>\n<\/div>\n<\/div>\n\n\n\n<div class=\"wp-block-column is-layout-flow wp-block-column-is-layout-flow\">\n<div class=\"wp-block-group group-stretched-link is-layout-flow wp-block-group-is-layout-flow\">\n<figure class=\"wp-block-image aligncenter size-full is-resized is-style-rounded-90 force-no-lightbox force-no-caption mb-0\"><img loading=\"lazy\" decoding=\"async\" width=\"1200\" height=\"800\" src=\"https:\/\/www.greenpeace.org\/static\/planet4-italy-stateless\/2023\/11\/0ff6747a-gp0stvm58.jpg\" title=\"Projection for Final Shutdown at Emsland NPP. \u00a9 Lars Berg \/ Greenpeace\" alt=\"Projection for Final Shutdown at Emsland NPP. \u00a9 Lars Berg \/ Greenpeace\" class=\"wp-image-19364\" style=\"width:90px;height:90px\" srcset=\"https:\/\/www.greenpeace.org\/static\/planet4-italy-stateless\/2023\/11\/0ff6747a-gp0stvm58.jpg 1200w, https:\/\/www.greenpeace.org\/static\/planet4-italy-stateless\/2023\/11\/0ff6747a-gp0stvm58-300x200.jpg 300w, https:\/\/www.greenpeace.org\/static\/planet4-italy-stateless\/2023\/11\/0ff6747a-gp0stvm58-1024x683.jpg 1024w, https:\/\/www.greenpeace.org\/static\/planet4-italy-stateless\/2023\/11\/0ff6747a-gp0stvm58-768x512.jpg 768w, https:\/\/www.greenpeace.org\/static\/planet4-italy-stateless\/2023\/11\/0ff6747a-gp0stvm58-510x340.jpg 510w\" sizes=\"auto, (max-width: 1200px) 100vw, 1200px\" \/><figcaption class=\"wp-element-caption\">Greenpeace activists are protesting simultaneously against unsafe nuclear power and for the legally regulated phase-out at the three remaining nuclear power plants Neckarwestheim, Emsland\/Lingen and Isar\/Essenbach. Using powerful projectors, the environmentalists are projecting expired T\u00dcV seals and the words &#8220;Expired, shut down&#8221; onto the cooling towers of the nuclear power plants. With their action, the activists draw attention to the fact that the three nuclear power plants have long needed a complete safety check and must now be consistently shut down on 15 April 2023 when the &#8220;lifetime extension&#8221; expires.<div class=\"credit icon-left\"> \u00a9 Lars Berg \/ Greenpeace<\/div><\/figcaption><\/figure>\n\n\n\n<div style=\"height:16px\" aria-hidden=\"true\" class=\"wp-block-spacer\"><\/div>\n\n\n\n<h5 class=\"wp-block-heading has-text-align-center\" style=\"font-size:1rem\"><a href=\"https:\/\/www.greenpeace.org\/italy\/cosa-facciamo\/nucleare\">Nucleare<\/a><\/h5>\n<\/div>\n<\/div>\n\n\n\n<div class=\"wp-block-column is-layout-flow wp-block-column-is-layout-flow\">\n<div class=\"wp-block-group group-stretched-link is-layout-flow wp-block-group-is-layout-flow\">\n<figure class=\"wp-block-image aligncenter size-large is-resized is-style-rounded-90 force-no-lightbox force-no-caption mb-0\"><img loading=\"lazy\" decoding=\"async\" width=\"1024\" height=\"683\" src=\"https:\/\/www.greenpeace.org\/static\/planet4-italy-stateless\/2024\/02\/e577d0d5-gp1sx8a1_medium_res-1024x683.jpeg\" alt=\"\" class=\"wp-image-21320\" style=\"width:90px;height:90px\" srcset=\"https:\/\/www.greenpeace.org\/static\/planet4-italy-stateless\/2024\/02\/e577d0d5-gp1sx8a1_medium_res-1024x683.jpeg 1024w, https:\/\/www.greenpeace.org\/static\/planet4-italy-stateless\/2024\/02\/e577d0d5-gp1sx8a1_medium_res-300x200.jpeg 300w, https:\/\/www.greenpeace.org\/static\/planet4-italy-stateless\/2024\/02\/e577d0d5-gp1sx8a1_medium_res-768x512.jpeg 768w, https:\/\/www.greenpeace.org\/static\/planet4-italy-stateless\/2024\/02\/e577d0d5-gp1sx8a1_medium_res-510x340.jpeg 510w, https:\/\/www.greenpeace.org\/static\/planet4-italy-stateless\/2024\/02\/e577d0d5-gp1sx8a1_medium_res.jpeg 1200w\" sizes=\"auto, (max-width: 1024px) 100vw, 1024px\" \/><figcaption class=\"wp-element-caption\">Around 10,000 people marched for a &#8216;Climate of peace&#8217; in Vienna on Friday 25th of March.\nGreenpeace Austria supported the strike and did a human banner forming a peace sign.<\/figcaption><\/figure>\n\n\n\n<div style=\"height:16px\" aria-hidden=\"true\" class=\"wp-block-spacer\"><\/div>\n\n\n\n<h5 class=\"wp-block-heading has-text-align-center\" style=\"font-size:1rem\"><a href=\"https:\/\/www.greenpeace.org\/italy\/cosa-facciamo\/pace\">Pace<\/a><\/h5>\n<\/div>\n<\/div>\n\n\n\n<div class=\"wp-block-column is-layout-flow wp-block-column-is-layout-flow\">\n<div class=\"wp-block-group group-stretched-link is-layout-flow wp-block-group-is-layout-flow\">\n<figure class=\"wp-block-image aligncenter size-full is-resized is-style-rounded-90 force-no-lightbox force-no-caption mb-0\"><img loading=\"lazy\" decoding=\"async\" width=\"1200\" height=\"800\" src=\"https:\/\/www.greenpeace.org\/static\/planet4-italy-stateless\/2024\/02\/1468637b-gp1stort.jpg\" title=\"Rainbow Warrior in Seferihisar. \u00a9 Caner GUEVERA \/ Greenpeace\" alt=\"Rainbow Warrior in Seferihisar. \u00a9 Caner GUEVERA \/ Greenpeace\" class=\"wp-image-22093\" style=\"width:90px;height:90px\" srcset=\"https:\/\/www.greenpeace.org\/static\/planet4-italy-stateless\/2024\/02\/1468637b-gp1stort.jpg 1200w, https:\/\/www.greenpeace.org\/static\/planet4-italy-stateless\/2024\/02\/1468637b-gp1stort-300x200.jpg 300w, https:\/\/www.greenpeace.org\/static\/planet4-italy-stateless\/2024\/02\/1468637b-gp1stort-1024x683.jpg 1024w, https:\/\/www.greenpeace.org\/static\/planet4-italy-stateless\/2024\/02\/1468637b-gp1stort-768x512.jpg 768w, https:\/\/www.greenpeace.org\/static\/planet4-italy-stateless\/2024\/02\/1468637b-gp1stort-510x340.jpg 510w\" sizes=\"auto, (max-width: 1200px) 100vw, 1200px\" \/><figcaption class=\"wp-element-caption\">For the first time in Turkey, GP is actively building a campaign around the solution: Solar energy for all which is key for energy independence, safe environment and healthy future for our kids.<div class=\"credit icon-left\"> \u00a9 Caner GUEVERA \/ Greenpeace<\/div><\/figcaption><\/figure>\n\n\n\n<div style=\"height:16px\" aria-hidden=\"true\" class=\"wp-block-spacer\"><\/div>\n\n\n\n<h5 class=\"wp-block-heading has-text-align-center\" style=\"font-size:1rem\"><a href=\"https:\/\/www.greenpeace.org\/italy\/rapporto\/\">Report<\/a><\/h5>\n<\/div>\n<\/div>\n<\/div>\n<\/div>\n\n<div style=\"height:50px\" aria-hidden=\"true\" class=\"wp-block-spacer\"><\/div>\n","protected":false},"excerpt":{"rendered":"<p>Volontariato La nostra rete di volontariato \u00e8 composta da persone che vogliono costruire il cambiamento sul territorio e che si occupano di fare informazione e promuovere le nostre campagne a livello locale, con incontri e mobilitazioni. Articoli Report Comunicati Stampa<\/p>\n","protected":false},"author":21,"featured_media":21102,"parent":17420,"menu_order":0,"comment_status":"closed","ping_status":"closed","template":"","meta":{"ep_exclude_from_search":false,"p4_hide_page_title_checkbox":"on","p4_title":"","p4_subtitle":"","p4_description":"","background_image_id":"","background_image":"","p4_button_title":"","p4_button_link":"","p4_button_link_checkbox":"","p4_og_title":"","p4_og_description":"","p4_og_image":"","p4_og_image_id":"","p4_seo_canonical_url":"","p4_campaign_name":"","p4_local_project":"","p4_basket_name":"","p4_department":"","footnotes":""},"categories":[],"tags":[],"class_list":["post-21147","page","type-page","status-publish","has-post-thumbnail","hentry"],"_links":{"self":[{"href":"https:\/\/www.greenpeace.org\/italy\/wp-json\/wp\/v2\/pages\/21147","targetHints":{"allow":["GET"]}}],"collection":[{"href":"https:\/\/www.greenpeace.org\/italy\/wp-json\/wp\/v2\/pages"}],"about":[{"href":"https:\/\/www.greenpeace.org\/italy\/wp-json\/wp\/v2\/types\/page"}],"author":[{"embeddable":true,"href":"https:\/\/www.greenpeace.org\/italy\/wp-json\/wp\/v2\/users\/21"}],"replies":[{"embeddable":true,"href":"https:\/\/www.greenpeace.org\/italy\/wp-json\/wp\/v2\/comments?post=21147"}],"version-history":[{"count":11,"href":"https:\/\/www.greenpeace.org\/italy\/wp-json\/wp\/v2\/pages\/21147\/revisions"}],"predecessor-version":[{"id":30663,"href":"https:\/\/www.greenpeace.org\/italy\/wp-json\/wp\/v2\/pages\/21147\/revisions\/30663"}],"up":[{"embeddable":true,"href":"https:\/\/www.greenpeace.org\/italy\/wp-json\/wp\/v2\/pages\/17420"}],"wp:featuredmedia":[{"embeddable":true,"href":"https:\/\/www.greenpeace.org\/italy\/wp-json\/wp\/v2\/media\/21102"}],"wp:attachment":[{"href":"https:\/\/www.greenpeace.org\/italy\/wp-json\/wp\/v2\/media?parent=21147"}],"wp:term":[{"taxonomy":"category","embeddable":true,"href":"https:\/\/www.greenpeace.org\/italy\/wp-json\/wp\/v2\/categories?post=21147"},{"taxonomy":"post_tag","embeddable":true,"href":"https:\/\/www.greenpeace.org\/italy\/wp-json\/wp\/v2\/tags?post=21147"}],"curies":[{"name":"wp","href":"https:\/\/api.w.org\/{rel}","templated":true}]}}