{"id":21526,"date":"2024-02-28T10:48:17","date_gmt":"2024-02-28T09:48:17","guid":{"rendered":"https:\/\/www.greenpeace.org\/italy\/?page_id=21526"},"modified":"2024-02-28T13:50:19","modified_gmt":"2024-02-28T12:50:19","slug":"la-nostra-storia","status":"publish","type":"page","link":"https:\/\/www.greenpeace.org\/italy\/chi-siamo\/la-nostra-storia\/","title":{"rendered":"La nostra storia"},"content":{"rendered":"\n<div class=\"wp-block-group alignfull has-beige-100-background-color has-background is-layout-flow wp-block-group-is-layout-flow\" style=\"padding-top:0px;padding-bottom:0px\">\n<div class=\"wp-block-group container is-layout-flow wp-block-group-is-layout-flow\">\n<div class=\"wp-block-media-text alignfull has-media-on-the-right is-stacked-on-mobile is-pattern-p4-page-header is-style-parallax\"><div class=\"wp-block-media-text__content\">\n<div style=\"height:60px\" aria-hidden=\"true\" class=\"wp-block-spacer\"><\/div>\n\n\n\n<h1 class=\"wp-block-heading\">La nostra storia<\/h1>\n\n\n\n<p style=\"font-size:1.25rem\">Si dice che in qualsiasi bar di Vancouver, in Canada, puoi sederti accanto a qualcuno che afferma di aver fondato Greenpeace. Ma, quanti e quali siano, di sicuro questi fondatori hanno seminato in grande.&nbsp;<\/p>\n<\/div><figure class=\"wp-block-media-text__media\"><img loading=\"lazy\" decoding=\"async\" width=\"1024\" height=\"686\" src=\"https:\/\/www.greenpeace.org\/static\/planet4-italy-stateless\/2021\/08\/733a4704-gp019id-1024x686.jpg\" alt=\"\" sizes=\"auto, (min-width: 601px) 50vw, 100vw\" srcset=\"https:\/\/www.greenpeace.org\/static\/planet4-italy-stateless\/2021\/08\/733a4704-gp019id.jpg 1200w, https:\/\/www.greenpeace.org\/static\/planet4-italy-stateless\/2021\/08\/733a4704-gp019id-300x201.jpg 300w, https:\/\/www.greenpeace.org\/static\/planet4-italy-stateless\/2021\/08\/733a4704-gp019id-1024x686.jpg 1024w, https:\/\/www.greenpeace.org\/static\/planet4-italy-stateless\/2021\/08\/733a4704-gp019id-768x515.jpg 768w, https:\/\/www.greenpeace.org\/static\/planet4-italy-stateless\/2021\/08\/733a4704-gp019id-507x340.jpg 507w\" class=\"wp-image-14081 size-full\"\/><\/figure><\/div>\n<\/div>\n<\/div>\n\n<p><strong>A distanza di pi\u00f9 di cinquant\u2019anni, Greenpeace \u00e8 un&#8217;organizzazione globale, presente in quasi sessanta nazioni, con circa tre milioni di sostenitori.<\/strong> L&#8217;indipendenza, la nonviolenza, il confronto creativo \u2013 l&#8217;ethos che \u00e8 stato inquadrato dai fondatori \u2013 sono ancora oggi parte integrante della missione. E proprio come allora, gli attivisti di Greenpeace sono la sua forza maggiore: persone ordinarie disposte a fare cose straordinarie per proteggere l&#8217;ambiente e la pace.&nbsp;<\/p>\n\n<p><strong>Tra questi fondatori \u2013 inizialmente riuniti nel comitato \u201cDon\u2019t Make The Wave\u201d \u2013 emerge la figura di un giornalista, Bob Hunter<\/strong>: \u00e8 lui a portare a bordo del Phyllis Cormack il libro \u201cGuerrieri dell\u2019Arcobaleno\u201d che dar\u00e0 il nome agli attivisti di Greenpeace. Bob \u00e8 un creativo e una personalit\u00e0 vulcanica: teorizza il modo di agire di Greenpeace, <strong>anticipa il concetto di viralit\u00e0 con l\u2019idea di \u201c<a href=\"https:\/\/www.greenpeace.org\/italy\/storia\/14154\/bombe-mentali-per-cambiare-le-coscienze-la-storia-di-bob-hunter\/\">bomba mentale mediatica<\/a>\u201d<\/strong>, inventa le prime campagne, entra direttamente in azione.&nbsp;<\/p>\n\n<p><strong>Ma non \u00e8 l\u2019unico: <\/strong><a href=\"https:\/\/www.greenpeace.org\/italy\/storia\/14077\/le-origini-di-greenpeace\/\"><strong>la forza dell\u2019organizzazione, infatti, si fonda sull\u2019intelligenza collettiva<\/strong>, sul <strong>contributo di persone molto diverse, per storia e cultura<\/strong><\/a>. Alcuni sono pacifisti di vecchia data, altri giornalisti, sindacalisti, avvocati, illustratori, hippies e&#8230; quaccheri. Diversi sono gli americani fuggiti in Canada per non combattere in Vietnam. I loro nomi sono <strong><a href=\"https:\/\/www.greenpeace.org\/italy\/storia\/14108\/irving-e-dorothy-stowe-mentori-di-un-movimento\/\">Irving e Dorothy Stowe<\/a><\/strong>, Jim e Marie Bohlen, Ben e Dorothy Metcalfe, Bill Darnell, Paul Cote, Bob Cummings e altri ancora.&nbsp;<strong><a href=\"https:\/\/www.greenpeace.org\/italy\/storia\/14098\/le-donne-che-hanno-fondato-greenpeace\/\">Molte donne<\/a><\/strong>: <strong>\u00e8 proprio Marie Bohlen, davanti a un caff\u00e8 mattutino, ad avere l\u2019idea fondamentale di mandare un\u2019imbarcazione per disturbare i test atomici statunitensi<\/strong>, una protesta nonviolenta ispirata al concetto di \u201ctestimonianza\u201d di tradizione quacchera. Idea che viene raccolta dal Comitato che in poco pi\u00f9 di un anno pianifica l\u2019azione, cambia il nome in Greenpeace, <strong><a href=\"https:\/\/www.greenpeace.org\/italy\/storia\/21167\/un-viaggio-per-la-vita-la-pace-e-l-indipendenza\/\">organizza un concerto di finanziamento<\/a><\/strong> e affitta la Phyllis Cormack prima di salpare verso la storia. \u00ab\u00c8 sorprendente\u00bb, avrebbe ricordato in seguito Dorothy Stowe, \u00abci\u00f2 che poche persone sedute attorno al tavolo della cucina possono ottenere\u00bb.<\/p>\n\n<div class=\"wp-block-columns is-layout-flex wp-container-core-columns-is-layout-9d6595d7 wp-block-columns-is-layout-flex\">\n<div class=\"wp-block-column is-layout-flow wp-block-column-is-layout-flow\">\n<div style=\"height:50px\" aria-hidden=\"true\" class=\"wp-block-spacer\"><\/div>\n\n\n\n<h2 class=\"wp-block-heading has-text-align-left has-green-500-color has-text-color\" style=\"font-size:3rem\">LA STORIA DI GREENPEACE ATTRAVERSO 10 MOMENTI CRUCIALI<\/h2>\n\n\n\n<div style=\"height:25px\" aria-hidden=\"true\" class=\"wp-block-spacer\"><\/div>\n<\/div>\n\n\n\n<div class=\"wp-block-column is-vertically-aligned-bottom is-layout-flow wp-block-column-is-layout-flow\" style=\"flex-basis:40%\"><\/div>\n<\/div>\n\n<div class=\"wp-block-media-text alignwide is-stacked-on-mobile is-vertically-aligned-top is-image-fill\" style=\"grid-template-columns:25% auto\"><figure class=\"wp-block-media-text__media\" style=\"background-image:url(https:\/\/www.greenpeace.org\/static\/planet4-italy-stateless\/2024\/02\/a7189e40-gp02hhh_pressmedia-1024x680.jpeg);background-position:63% 52%\"><img loading=\"lazy\" decoding=\"async\" width=\"1024\" height=\"680\" src=\"https:\/\/www.greenpeace.org\/static\/planet4-italy-stateless\/2024\/02\/a7189e40-gp02hhh_pressmedia-1024x680.jpeg\" alt=\"\" sizes=\"auto, (min-width: 1600px) calc((1320px - 24px) \/ 4),(min-width: 1200px) calc((1140px - 24px) \/ 4),(min-width: 992px) calc((960px - 24px) \/ 4),(min-width: 768px) calc((720px - 24px) \/ 4),(min-width: 601px) calc((540px - 24px) \/ 4),(min-width: 577px) calc((540px - 24px) \/ 1), calc(100vw - 24px)\" srcset=\"https:\/\/www.greenpeace.org\/static\/planet4-italy-stateless\/2024\/02\/a7189e40-gp02hhh_pressmedia.jpeg 2500w, https:\/\/www.greenpeace.org\/static\/planet4-italy-stateless\/2024\/02\/a7189e40-gp02hhh_pressmedia-300x199.jpeg 300w, https:\/\/www.greenpeace.org\/static\/planet4-italy-stateless\/2024\/02\/a7189e40-gp02hhh_pressmedia-1024x680.jpeg 1024w, https:\/\/www.greenpeace.org\/static\/planet4-italy-stateless\/2024\/02\/a7189e40-gp02hhh_pressmedia-768x510.jpeg 768w, https:\/\/www.greenpeace.org\/static\/planet4-italy-stateless\/2024\/02\/a7189e40-gp02hhh_pressmedia-1536x1020.jpeg 1536w, https:\/\/www.greenpeace.org\/static\/planet4-italy-stateless\/2024\/02\/a7189e40-gp02hhh_pressmedia-2048x1360.jpeg 2048w, https:\/\/www.greenpeace.org\/static\/planet4-italy-stateless\/2024\/02\/a7189e40-gp02hhh_pressmedia-510x340.jpeg 510w\" class=\"wp-image-21544 size-full\"\/><\/figure><div class=\"wp-block-media-text__content\">\n<h3 class=\"wp-block-heading has-dark-green-800-color has-text-color\">1971: la spedizione ad Amchitka&nbsp;<\/h3>\n\n\n\n<div style=\"height:30px\" aria-hidden=\"true\" class=\"wp-block-spacer\"><\/div>\n\n\n\n<p><strong><a href=\"https:\/\/www.greenpeace.org\/italy\/storia\/14158\/amchitka-dove-tutto-e-cominciato\/\">Il 15 settembre 1971 un gruppo di attivisti salpa da Vancouver<\/a><\/strong> con un vecchio peschereccio, il Phyllis Cormack, ed entra nella storia. <strong>Lo scopo \u00e8 protestare in modo non violento contro i test atomici USA nell\u2019isola di Amchitka, nell\u2019arcipelago delle Aleutine<\/strong>. Si tratta di una delle regioni pi\u00f9 sismiche al mondo, in mezzo allo stretto di Bering tra Alaska e Siberia, dimora di specie in via d\u2019estinzione.&nbsp; Gli attivisti sono riuniti nel comitato \u201cDon\u2019t Make The Wave\u201d, l\u00e0 dove l\u2019onda (\u201cwave\u201d) \u00e8 legata al timore che le esplosioni possano creare uno tsunami.<\/p>\n\n\n\n<p><strong>L\u2019idea \u00e8 semplice: portare una imbarcazione nella zona dei test, e ostacolarne lo svolgimento<\/strong>, allo stesso tempo rendendo concreta la protesta con la propria presenza. In termini tecnici, il viaggio \u00e8 un disastro: \u00ab<em>Non siamo mai riusciti ad andare nella direzione in cui volevamo andare, o ad essere nel posto in cui volevamo essere. E abbiamo litigato aspramente tra di noi per questo<\/em>\u00bb, ricorder\u00e0 poi Bob Hunter. Ancora peggio, la nave viene intercettata dalla marina americana prima ancora che si avvicini al sito dei test di Amchitka, e la bomba nucleare scoppia senza alcuna opposizione. Ma quello che appare un fallimento non \u00e8 tale&#8230; Il viaggio verso Amchitka, infatti, suscita un&#8217;ondata di interesse. I media si scatenano per il piccolo gruppo di attivisti salpato nonostante le grandi avversit\u00e0, e le proteste contro gli esperimenti si moltiplicano. <strong>I test previsti successivamente vengono annullati e cinque mesi dopo la missione del gruppo, gli Stati Uniti interrompono l\u2019intero programma<\/strong> destinando l\u2019isola di Amchitka a santuario degli uccelli.<\/p>\n<\/div><\/div>\n\n<div class=\"wp-block-media-text alignwide has-media-on-the-right is-stacked-on-mobile is-vertically-aligned-top is-image-fill\" style=\"grid-template-columns:auto 25%\"><div class=\"wp-block-media-text__content\">\n<h3 class=\"wp-block-heading has-dark-green-800-color has-text-color\">1972: in azione a Mururoa<\/h3>\n\n\n\n<div style=\"height:30px\" aria-hidden=\"true\" class=\"wp-block-spacer\"><\/div>\n\n\n\n<p><strong>Dopo la prima spedizione verso l\u2019isola di Amchitka, il raggio d\u2019azione di Greenpeace si estende rapidamente.<\/strong> <strong>Gi\u00e0 nel 1972 entra in campo <a href=\"https:\/\/www.greenpeace.org\/italy\/storia\/21148\/david-mctaggart-e-la-costruzione-di-una-organizzazione\/\">David McTaggart<\/a><\/strong>, un canadese emigrato in Nuova Zelanda, al quale viene affidata l\u2019importante missione di <strong>lanciare una campagna contro i test nucleari francesi nell&#8217;atollo di Mururoa<\/strong>. La Francia in quegli anni \u00e8 l&#8217;unica potenza occidentale a condurre test atomici in atmosfera. L\u2019esplosione \u00e8 prevista per il mese di giugno. A fine aprile, McTaggart, a bordo del Vega salpa per Mururoa con un equipaggio di cinque persone e arriva a 32 chilometri dall\u2019atollo. A met\u00e0 giugno, avvistata una mongolfiera che sorvola il luogo del test con il detonatore per l\u2019ordigno nucleare, decide di avvicinarsi ulteriormente. Dopo otto giorni di schermaglie e inseguimenti, una nave francese sperona il Vega che viene rimorchiato fino a Mururoa per le necessarie riparazioni. Greenpeace riesce solo a ritardare il test.&nbsp;L\u2019anno successivo McTaggart ritorna a Mururoa, i francesi lo abbordano e lo feriscono ma uno dei membri dell\u2019equipaggio riesce a fotografare tutto. La notizia della protesta e dell\u2019assalto dei francesi fa il giro del mondo, sollevando proteste soprattutto in Australia e Nuova Zelanda. <strong>Nel 1974, all&#8217;Assemblea generale delle Nazioni Unite, la Francia annuncia la fine dei test atmosferici.<\/strong><\/p>\n<\/div><figure class=\"wp-block-media-text__media\" style=\"background-image:url(https:\/\/www.greenpeace.org\/static\/planet4-italy-stateless\/2024\/02\/e4ac30e2-gp0wgf_pressmedia-1024x689.jpeg);background-position:76% 51%\"><img loading=\"lazy\" decoding=\"async\" width=\"1024\" height=\"689\" src=\"https:\/\/www.greenpeace.org\/static\/planet4-italy-stateless\/2024\/02\/e4ac30e2-gp0wgf_pressmedia-1024x689.jpeg\" alt=\"\" sizes=\"auto, (min-width: 1600px) calc((1320px - 24px) \/ 4),(min-width: 1200px) calc((1140px - 24px) \/ 4),(min-width: 992px) calc((960px - 24px) \/ 4),(min-width: 768px) calc((720px - 24px) \/ 4),(min-width: 601px) calc((540px - 24px) \/ 4),(min-width: 577px) calc((540px - 24px) \/ 1), calc(100vw - 24px)\" srcset=\"https:\/\/www.greenpeace.org\/static\/planet4-italy-stateless\/2024\/02\/e4ac30e2-gp0wgf_pressmedia.jpeg 2500w, https:\/\/www.greenpeace.org\/static\/planet4-italy-stateless\/2024\/02\/e4ac30e2-gp0wgf_pressmedia-300x202.jpeg 300w, https:\/\/www.greenpeace.org\/static\/planet4-italy-stateless\/2024\/02\/e4ac30e2-gp0wgf_pressmedia-1024x689.jpeg 1024w, https:\/\/www.greenpeace.org\/static\/planet4-italy-stateless\/2024\/02\/e4ac30e2-gp0wgf_pressmedia-768x517.jpeg 768w, https:\/\/www.greenpeace.org\/static\/planet4-italy-stateless\/2024\/02\/e4ac30e2-gp0wgf_pressmedia-1536x1034.jpeg 1536w, https:\/\/www.greenpeace.org\/static\/planet4-italy-stateless\/2024\/02\/e4ac30e2-gp0wgf_pressmedia-2048x1379.jpeg 2048w, https:\/\/www.greenpeace.org\/static\/planet4-italy-stateless\/2024\/02\/e4ac30e2-gp0wgf_pressmedia-2029x1366.jpeg 2029w, https:\/\/www.greenpeace.org\/static\/planet4-italy-stateless\/2024\/02\/e4ac30e2-gp0wgf_pressmedia-505x340.jpeg 505w\" class=\"wp-image-21610 size-full\"\/><\/figure><\/div>\n\n<div class=\"wp-block-media-text alignwide is-stacked-on-mobile is-vertically-aligned-top is-image-fill\" style=\"grid-template-columns:25% auto\"><figure class=\"wp-block-media-text__media\" style=\"background-image:url(https:\/\/www.greenpeace.org\/static\/planet4-italy-stateless\/2024\/02\/b91f58fa-gp03ha7_pressmedia-1024x703.jpeg);background-position:76% 54%\"><img loading=\"lazy\" decoding=\"async\" width=\"1024\" height=\"703\" src=\"https:\/\/www.greenpeace.org\/static\/planet4-italy-stateless\/2024\/02\/b91f58fa-gp03ha7_pressmedia-1024x703.jpeg\" alt=\"\" sizes=\"auto, (min-width: 1600px) calc((1320px - 24px) \/ 4),(min-width: 1200px) calc((1140px - 24px) \/ 4),(min-width: 992px) calc((960px - 24px) \/ 4),(min-width: 768px) calc((720px - 24px) \/ 4),(min-width: 601px) calc((540px - 24px) \/ 4),(min-width: 577px) calc((540px - 24px) \/ 1), calc(100vw - 24px)\" srcset=\"https:\/\/www.greenpeace.org\/static\/planet4-italy-stateless\/2024\/02\/b91f58fa-gp03ha7_pressmedia.jpeg 2500w, https:\/\/www.greenpeace.org\/static\/planet4-italy-stateless\/2024\/02\/b91f58fa-gp03ha7_pressmedia-300x206.jpeg 300w, https:\/\/www.greenpeace.org\/static\/planet4-italy-stateless\/2024\/02\/b91f58fa-gp03ha7_pressmedia-1024x703.jpeg 1024w, https:\/\/www.greenpeace.org\/static\/planet4-italy-stateless\/2024\/02\/b91f58fa-gp03ha7_pressmedia-768x527.jpeg 768w, https:\/\/www.greenpeace.org\/static\/planet4-italy-stateless\/2024\/02\/b91f58fa-gp03ha7_pressmedia-1536x1054.jpeg 1536w, https:\/\/www.greenpeace.org\/static\/planet4-italy-stateless\/2024\/02\/b91f58fa-gp03ha7_pressmedia-2048x1406.jpeg 2048w, https:\/\/www.greenpeace.org\/static\/planet4-italy-stateless\/2024\/02\/b91f58fa-gp03ha7_pressmedia-1990x1366.jpeg 1990w, https:\/\/www.greenpeace.org\/static\/planet4-italy-stateless\/2024\/02\/b91f58fa-gp03ha7_pressmedia-495x340.jpeg 495w\" class=\"wp-image-21541 size-full\"\/><\/figure><div class=\"wp-block-media-text__content\">\n<h3 class=\"wp-block-heading has-dark-green-800-color has-text-color\">1975: in difesa delle balene<\/h3>\n\n\n\n<div style=\"height:30px\" aria-hidden=\"true\" class=\"wp-block-spacer\"><\/div>\n\n\n\n<p>Le attivit\u00e0 si fanno pi\u00f9 frenetiche.<strong> Nel 1975, Greenpeace apre<\/strong><strong> il primo vero <\/strong><strong>ufficio<\/strong><strong>, ovviamente a Vancouver,<\/strong> <strong>e lancia la sua campagna pi\u00f9 famosa, quella per la difesa delle balene.<\/strong> Dopo secoli di caccia intensiva e indiscriminata, infatti, sono molte le specie a rischio di estinzione, senza che nessuno intervenga.&nbsp;<\/p>\n\n\n\n<p><strong>Greenpeace decide di affrontare direttamente le navi baleniere, chiamando in azione sia la <\/strong><strong>Phyllis Cormack che il Vega<\/strong>. L&#8217;idea \u00e8 semplice: posizionarsi con i gommoni fra le balene e le navi per bloccare la traiettoria degli arpioni. Come obiettivo, sceglie una flotta dell\u2019Unione Sovietica a caccia di capodogli nel Pacifico settentrionale. Le immagini dell&#8217;arpione che sfiora le teste degli attivisti sul gommone per poi conficcarsi nella schiena di una balena diventano un vero e proprio simbolo: l\u2019equipaggio della Phyllis Cormack viene accolto da ali di folla al rientro in porto. <strong>Nel 1982, la Commissione Baleniera Internazionale vota l&#8217;adozione di una moratoria sulla caccia commerciale alle balene, tuttora in vigore<\/strong>.<\/p>\n<\/div><\/div>\n\n<div class=\"wp-block-media-text alignwide has-media-on-the-right is-stacked-on-mobile is-vertically-aligned-top is-image-fill\" style=\"grid-template-columns:auto 25%\"><div class=\"wp-block-media-text__content\">\n<h3 class=\"wp-block-heading has-dark-green-800-color has-text-color\">1979: nasce Greenpeace International<\/h3>\n\n\n\n<div style=\"height:30px\" aria-hidden=\"true\" class=\"wp-block-spacer\"><\/div>\n\n\n\n<p><strong>All\u2019inizio Greenpeace era soltanto uno slogan. <\/strong>Quello coniato da uno dei fondatori, Bill Darnell, in risposta al classico \u201cpeace\u201d con il quale Irving Stowe salutava i compagni del Comitato \u201cDon\u2019t Make The Wave\u201d: \u201cFacciamo una pace verde\u201d disse Darnell. Con questo nome Irving Stowe accolse gli spettatori al concerto di finanziamento nel 1970, e Greenpeace venne ufficiosamente ribattezzata la Phyllis Cormack per la prima spedizione dell\u2019anno seguente, ad Amchitka.&nbsp;<\/p>\n\n\n\n<p>\u00ab<em>Negli anni Settanta, abbiamo deciso di creare un movimento ecologico globale, che all\u2019epoca non esisteva<\/em>\u00bb, racconta <strong><a href=\"https:\/\/www.greenpeace.org\/italy\/storia\/14077\/le-origini-di-greenpeace\/\">Rex Weyler (cofondatore di Greenpeace International e \u201cstorico\u201d dell\u2019organizzazione)<\/a><\/strong>: \u00ab<em>Ci aspettavamo che il movimento si sarebbe espanso in tutto il mondo. Ma all\u2019inizio, penso che la maggior parte di noi fosse pi\u00f9 interessata a un movimento globale che a un\u2019organizzazione globale\u00bb. Sulla scorta del successo delle prime campagne, per\u00f2, gli uffici di Greenpeace iniziano a sorgere in tutto il mondo. Insieme, sorgono anche questioni di strategia, di comunicazione, di responsabilit\u00e0. <\/em><strong><em>La soluzione era una struttura di coordinamento globale, spiega Weyler, \u00abe cos\u00ec abbiamo creato Greenpeace International ad Amsterdam nel 1979<\/em>\u00bb.<\/strong><\/p>\n<\/div><figure class=\"wp-block-media-text__media\" style=\"background-image:url(https:\/\/www.greenpeace.org\/static\/planet4-italy-stateless\/2024\/02\/525163f9-gp03hd7_pressmedia-1024x685.jpeg);background-position:58% 54%\"><img loading=\"lazy\" decoding=\"async\" width=\"1024\" height=\"685\" src=\"https:\/\/www.greenpeace.org\/static\/planet4-italy-stateless\/2024\/02\/525163f9-gp03hd7_pressmedia-1024x685.jpeg\" alt=\"\" sizes=\"auto, (min-width: 1600px) calc((1320px - 24px) \/ 4),(min-width: 1200px) calc((1140px - 24px) \/ 4),(min-width: 992px) calc((960px - 24px) \/ 4),(min-width: 768px) calc((720px - 24px) \/ 4),(min-width: 601px) calc((540px - 24px) \/ 4),(min-width: 577px) calc((540px - 24px) \/ 1), calc(100vw - 24px)\" srcset=\"https:\/\/www.greenpeace.org\/static\/planet4-italy-stateless\/2024\/02\/525163f9-gp03hd7_pressmedia.jpeg 2500w, https:\/\/www.greenpeace.org\/static\/planet4-italy-stateless\/2024\/02\/525163f9-gp03hd7_pressmedia-300x201.jpeg 300w, https:\/\/www.greenpeace.org\/static\/planet4-italy-stateless\/2024\/02\/525163f9-gp03hd7_pressmedia-1024x685.jpeg 1024w, https:\/\/www.greenpeace.org\/static\/planet4-italy-stateless\/2024\/02\/525163f9-gp03hd7_pressmedia-768x514.jpeg 768w, https:\/\/www.greenpeace.org\/static\/planet4-italy-stateless\/2024\/02\/525163f9-gp03hd7_pressmedia-1536x1028.jpeg 1536w, https:\/\/www.greenpeace.org\/static\/planet4-italy-stateless\/2024\/02\/525163f9-gp03hd7_pressmedia-2048x1371.jpeg 2048w, https:\/\/www.greenpeace.org\/static\/planet4-italy-stateless\/2024\/02\/525163f9-gp03hd7_pressmedia-2041x1366.jpeg 2041w, https:\/\/www.greenpeace.org\/static\/planet4-italy-stateless\/2024\/02\/525163f9-gp03hd7_pressmedia-508x340.jpeg 508w\" class=\"wp-image-21540 size-full\"\/><\/figure><\/div>\n\n<div class=\"wp-block-media-text alignwide is-stacked-on-mobile is-vertically-aligned-top is-image-fill\" style=\"grid-template-columns:25% auto\"><figure class=\"wp-block-media-text__media\" style=\"background-image:url(https:\/\/www.greenpeace.org\/static\/planet4-italy-stateless\/2024\/02\/39b0356a-gp0u2h_pressmedia-1024x662.jpeg);background-position:21% 50%\"><img loading=\"lazy\" decoding=\"async\" width=\"1024\" height=\"662\" src=\"https:\/\/www.greenpeace.org\/static\/planet4-italy-stateless\/2024\/02\/39b0356a-gp0u2h_pressmedia-1024x662.jpeg\" alt=\"\" sizes=\"auto, (min-width: 1600px) calc((1320px - 24px) \/ 4),(min-width: 1200px) calc((1140px - 24px) \/ 4),(min-width: 992px) calc((960px - 24px) \/ 4),(min-width: 768px) calc((720px - 24px) \/ 4),(min-width: 601px) calc((540px - 24px) \/ 4),(min-width: 577px) calc((540px - 24px) \/ 1), calc(100vw - 24px)\" srcset=\"https:\/\/www.greenpeace.org\/static\/planet4-italy-stateless\/2024\/02\/39b0356a-gp0u2h_pressmedia.jpeg 2500w, https:\/\/www.greenpeace.org\/static\/planet4-italy-stateless\/2024\/02\/39b0356a-gp0u2h_pressmedia-300x194.jpeg 300w, https:\/\/www.greenpeace.org\/static\/planet4-italy-stateless\/2024\/02\/39b0356a-gp0u2h_pressmedia-1024x662.jpeg 1024w, https:\/\/www.greenpeace.org\/static\/planet4-italy-stateless\/2024\/02\/39b0356a-gp0u2h_pressmedia-768x496.jpeg 768w, https:\/\/www.greenpeace.org\/static\/planet4-italy-stateless\/2024\/02\/39b0356a-gp0u2h_pressmedia-1536x992.jpeg 1536w, https:\/\/www.greenpeace.org\/static\/planet4-italy-stateless\/2024\/02\/39b0356a-gp0u2h_pressmedia-2048x1323.jpeg 2048w, https:\/\/www.greenpeace.org\/static\/planet4-italy-stateless\/2024\/02\/39b0356a-gp0u2h_pressmedia-510x329.jpeg 510w\" class=\"wp-image-21539 size-full\"\/><\/figure><div class=\"wp-block-media-text__content\">\n<h3 class=\"wp-block-heading has-dark-green-800-color has-text-color\">1985: l\u2019affondamento della Rainbow Warrior<\/h3>\n\n\n\n<div style=\"height:30px\" aria-hidden=\"true\" class=\"wp-block-spacer\"><\/div>\n\n\n\n<p><strong>Nel 1985, i test nucleari francesi nel Pacifico meridionale diventano nuovamente oggetto di controversia.<\/strong> La nave ammiraglia Rainbow Warrior ha da poco concluso l&#8217;\u201dOperazione Exodus\u201d sull&#8217;atollo di Rongelap, nel Pacifico, con lo spostamento dell\u2019intera popolazione \u2013 colpita dalle radiazioni dei test nucleari condotti dagli americani tra 1948 e 1956 \u2013 nell\u2019isola di Mejato. Terminata la missione, si dirige verso Auckland, in Nuova Zelanda, in attesa di fare rotta per Mururoa dove non arriver\u00e0 mai. <strong>Il 10 luglio 1985, quando mancano dieci minuti alla mezzanotte, due esplosioni squarciano lo scafo della nave. La Rainbow Warrior affonda e Fernando Pereira, un fotografo di Greenpeace, rimane ucciso.<\/strong>&nbsp;<\/p>\n\n\n\n<p>Le esplosioni sono chiaramente un atto di sabotaggio e l&#8217;attenzione cade subito sui servizi segreti francesi. <strong>Nei mesi successivi, il primo ministro francese Laurent Fabius ammette le colpe della Francia mentre il ministro della Difesa<\/strong>,<strong> Charles Hernu, si dimett<\/strong>e. Nel 1987 una corte d\u2019arbitraggio internazionale stabilisce un indennizzo di 8,1 milioni dollari, con i quali Greenpeace compra la Rainbow Warrior II. Quanto al relitto della prima imbarcazione, una volta svuotato dei macchinari, viene trasportato verso Matuary Bay e affondato: un corrispettivo della barriera corallina creato per ospitare pesci e favorire la biodiversit\u00e0 marina.<\/p>\n<\/div><\/div>\n\n<div class=\"wp-block-media-text alignwide has-media-on-the-right is-stacked-on-mobile is-vertically-aligned-top is-image-fill\" style=\"grid-template-columns:auto 25%\"><div class=\"wp-block-media-text__content\">\n<h3 class=\"wp-block-heading has-dark-green-800-color has-text-color\">1986: nasce Greenpeace Italia<\/h3>\n\n\n\n<div style=\"height:30px\" aria-hidden=\"true\" class=\"wp-block-spacer\"><\/div>\n\n\n\n<p><strong>Nel 1986 nasce a Roma, in Viale Gelsomini 28, il diciassettesimo ufficio nazionale di Greenpeace nel mondo.<\/strong> Tra i motivi della scelta di aprire in Italia un nuovo ufficio c\u2019\u00e8 anche la solidariet\u00e0 espressa da tanti italiani dopo l&#8217;affondamento della Rainbow Warrior, ad Auckland, l\u2019anno precedente.&nbsp;<\/p>\n\n\n\n<p>Per <a href=\"https:\/\/www.greenpeace.org\/italy\/storia\/21140\/1986-greenpeace-sbarca-in-italia\/\"><strong>David McTaggart<\/strong><\/a> \u2013 che partecipa direttamente alla fondazione con gli amici Leslie Busby e <a href=\"https:\/\/www.greenpeace.org\/italy\/storia\/6762\/sydney-holt-e-la-ragnatela-della-vita\/\"><strong>Sidney Holt<\/strong><\/a> \u2013 si tratta di una tappa importante: radicata principalmente in Nord Europa, Nord America e Pacifico; Greenpeace si preparava infatti a diventare un&#8217;organizzazione davvero globale.&nbsp;<strong>Aprire un ufficio in Italia, in mezzo al Mediterraneo, significa lanciare un ponte verso Africa, Medio Oriente&nbsp;e mondo arabo<\/strong>, cos\u00ec come la nuova sede in Unione Sovietica \u2013 inaugurata negli stessi anni \u2013 serve a creare un legame con l\u2019Europa orientale, a lungo vissuta al di l\u00e0 del muro. Greenpeace Italia nasce a pochi mesi dal disastro di Cernobyl, mentre si preannuncia <strong>il referendum (poi svoltosi nel 1987)<a href=\"https:\/\/www.greenpeace.org\/italy\/storia\/3487\/nucleare-ecco-come-abbiamo-vinto-una-sfida-storica\/\"> sull&#8217;uso dell&#8217;energia nucleare<\/a><\/strong>. Non a caso, la prima azione nella penisola \u00e8 contro l&#8217;invio delle scorie nucleari della centrale di Borgo Sabotino (Latina) a Sellafield.&nbsp;<\/p>\n<\/div><figure class=\"wp-block-media-text__media\" style=\"background-image:url(https:\/\/www.greenpeace.org\/static\/planet4-italy-stateless\/2024\/02\/6b24e6da-gp02e4k_pressmedia-1024x682.jpeg);background-position:98% 50%\"><img loading=\"lazy\" decoding=\"async\" width=\"1024\" height=\"682\" src=\"https:\/\/www.greenpeace.org\/static\/planet4-italy-stateless\/2024\/02\/6b24e6da-gp02e4k_pressmedia-1024x682.jpeg\" alt=\"\" sizes=\"auto, (min-width: 1600px) calc((1320px - 24px) \/ 4),(min-width: 1200px) calc((1140px - 24px) \/ 4),(min-width: 992px) calc((960px - 24px) \/ 4),(min-width: 768px) calc((720px - 24px) \/ 4),(min-width: 601px) calc((540px - 24px) \/ 4),(min-width: 577px) calc((540px - 24px) \/ 1), calc(100vw - 24px)\" srcset=\"https:\/\/www.greenpeace.org\/static\/planet4-italy-stateless\/2024\/02\/6b24e6da-gp02e4k_pressmedia.jpeg 2500w, https:\/\/www.greenpeace.org\/static\/planet4-italy-stateless\/2024\/02\/6b24e6da-gp02e4k_pressmedia-300x200.jpeg 300w, https:\/\/www.greenpeace.org\/static\/planet4-italy-stateless\/2024\/02\/6b24e6da-gp02e4k_pressmedia-1024x682.jpeg 1024w, https:\/\/www.greenpeace.org\/static\/planet4-italy-stateless\/2024\/02\/6b24e6da-gp02e4k_pressmedia-768x512.jpeg 768w, https:\/\/www.greenpeace.org\/static\/planet4-italy-stateless\/2024\/02\/6b24e6da-gp02e4k_pressmedia-1536x1024.jpeg 1536w, https:\/\/www.greenpeace.org\/static\/planet4-italy-stateless\/2024\/02\/6b24e6da-gp02e4k_pressmedia-2048x1366.jpeg 2048w, https:\/\/www.greenpeace.org\/static\/planet4-italy-stateless\/2024\/02\/6b24e6da-gp02e4k_pressmedia-510x340.jpeg 510w\" class=\"wp-image-21612 size-full\"\/><\/figure><\/div>\n\n<div class=\"wp-block-media-text alignwide is-stacked-on-mobile is-vertically-aligned-top is-image-fill\" style=\"grid-template-columns:25% auto\"><figure class=\"wp-block-media-text__media\" style=\"background-image:url(https:\/\/www.greenpeace.org\/static\/planet4-italy-stateless\/2024\/02\/15d983b2-gp073n_pressmedia-1024x690.jpeg);background-position:44% 53%\"><img loading=\"lazy\" decoding=\"async\" width=\"1024\" height=\"690\" src=\"https:\/\/www.greenpeace.org\/static\/planet4-italy-stateless\/2024\/02\/15d983b2-gp073n_pressmedia-1024x690.jpeg\" alt=\"\" sizes=\"auto, (min-width: 1600px) calc((1320px - 24px) \/ 4),(min-width: 1200px) calc((1140px - 24px) \/ 4),(min-width: 992px) calc((960px - 24px) \/ 4),(min-width: 768px) calc((720px - 24px) \/ 4),(min-width: 601px) calc((540px - 24px) \/ 4),(min-width: 577px) calc((540px - 24px) \/ 1), calc(100vw - 24px)\" srcset=\"https:\/\/www.greenpeace.org\/static\/planet4-italy-stateless\/2024\/02\/15d983b2-gp073n_pressmedia.jpeg 2500w, https:\/\/www.greenpeace.org\/static\/planet4-italy-stateless\/2024\/02\/15d983b2-gp073n_pressmedia-300x202.jpeg 300w, https:\/\/www.greenpeace.org\/static\/planet4-italy-stateless\/2024\/02\/15d983b2-gp073n_pressmedia-1024x690.jpeg 1024w, https:\/\/www.greenpeace.org\/static\/planet4-italy-stateless\/2024\/02\/15d983b2-gp073n_pressmedia-768x518.jpeg 768w, https:\/\/www.greenpeace.org\/static\/planet4-italy-stateless\/2024\/02\/15d983b2-gp073n_pressmedia-1536x1035.jpeg 1536w, https:\/\/www.greenpeace.org\/static\/planet4-italy-stateless\/2024\/02\/15d983b2-gp073n_pressmedia-2048x1380.jpeg 2048w, https:\/\/www.greenpeace.org\/static\/planet4-italy-stateless\/2024\/02\/15d983b2-gp073n_pressmedia-2027x1366.jpeg 2027w, https:\/\/www.greenpeace.org\/static\/planet4-italy-stateless\/2024\/02\/15d983b2-gp073n_pressmedia-504x340.jpeg 504w\" class=\"wp-image-21538 size-full\"\/><\/figure><div class=\"wp-block-media-text__content\">\n<h3 class=\"wp-block-heading has-dark-green-800-color has-text-color\">1991: un protocollo per l\u2019Antartide<\/h3>\n\n\n\n<div style=\"height:30px\" aria-hidden=\"true\" class=\"wp-block-spacer\"><\/div>\n\n\n\n<p>Le attiviste e gli attivisti di Greenpeace hanno solcato i mari per difendere le balene, occupato piattaforme per fermare compagnie petrolifere senza scrupoli, sfidato le aziende che abbattono le foreste, fermato il nucleare in Italia. <strong><a href=\"https:\/\/www.greenpeace.org\/italy\/chi-siamo\/vittorie\">Hanno ottenuto molte vittorie<\/a><\/strong> e altrettante sconfitte, senza mai arrendersi.&nbsp;<\/p>\n\n\n\n<p>Le battaglie migliori di Greenpeace sono sempre state quelle che sembravano &#8220;impossibili&#8221;. Come la campagna che, iniziata negli anni Ottanta, sfocia <strong>nell\u2019approvazione \u2013 il 4 ottobre 1991, a Madrid \u2013 di un \u201cprotocollo di protezione ambientale\u201d all\u2019interno del Trattato per l\u2019Antartico<\/strong>. Il Protocollo di Madrid \u00e8 una delle grandi vittorie del movimento ambientalista: vieta lo sfruttamento economico del \u201ccontinente bianco\u201d, che viene designato come riserva naturale votata alla pace, alla ricerca scientifica e alla cooperazione internazionale. Nella sua campagna, Greenpeace non si limita a condurre spedizioni annuali per misurare l&#8217;impatto umano sull&#8217;ambiente, ma arriva a stabilire sull\u2019isola di Ross una base antartica, l\u2019unica indipendente da qualsiasi altra organizzazione o stato. Creata nel 1987, la base viene chiusa nel 1992, e poi smantellata. Pronti a rifondarla se, alla scadenza dei cinquant\u2019anni di validit\u00e0 del Protocollo \u2013 entrato in vigore nel 1998 \u2013 la protezione dell\u2019Antartide dovesse nuovamente essere messa in questione.<\/p>\n<\/div><\/div>\n\n<div class=\"wp-block-media-text alignwide has-media-on-the-right is-stacked-on-mobile is-vertically-aligned-top is-image-fill\" style=\"grid-template-columns:auto 25%\"><div class=\"wp-block-media-text__content\">\n<h3 class=\"wp-block-heading has-dark-green-800-color has-text-color\">2006: la prima campagna web<\/h3>\n\n\n\n<div style=\"height:30px\" aria-hidden=\"true\" class=\"wp-block-spacer\"><\/div>\n\n\n\n<p>Se \u2013 ispirato da Marshall McLuhan \u2013 <strong><a href=\"https:\/\/www.greenpeace.org\/italy\/storia\/14154\/bombe-mentali-per-cambiare-le-coscienze-la-storia-di-bob-hunter\/\">Bob Hunter aveva lanciato il concetto di \u201cbomba mentale\u201d<\/a><\/strong> sin dalla prima spedizione ad Amchitka, Greenpeace ha continuato a muoversi sul solco dell\u2019innovazione e della tecnologia: per collegare gli uffici in tutto il mondo, e le navi, senza essere intercettati, per esempio, ha iniziato a utilizzare Internet e le email molti anni prima dell\u2019ascesa del web.&nbsp;<\/p>\n\n\n\n<p><strong>Nel 2006 \u00e8 proprio il web a essere protagonista di una nuova importante campagna: \u201cGreen My Apple\u201d.<\/strong> L\u2019obiettivo \u00e8 convincere Steve Jobs a eliminare le sostanze nocive dai Mac e dagli altri prodotti dell\u2019azienda di Cupertino. La piattaforma web della campagna viene disegnata per&nbsp;assomigliare quanto pi\u00f9 possibile al sito della Apple&nbsp;e contenere tutti gli&nbsp;strumenti per diventare attivisti: si possono mandare messaggi a \u201cSteve\u201d, creare pubblicit\u00e0 alternative, invitare gli amici a partecipare tramite email (siamo ancora agli albori dei social media). <strong>Una vera e propria rivoluzione creativa, che non a caso nel 2007 viene premiata con il Webby Award per l\u2019attivismo<\/strong>, e anticipa la famosa campagna di Barack Obama (\u201cYes We Can\u201d). \u201cGreen My Apple\u201d ha grande successo: sono sufficienti pochi mesi di attivit\u00e0 virale, e solo tre azioni \u201cfisiche\u201d (New York, Londra e&#8230; Roma), perch\u00e9 Steve Jobs annunci la graduale eliminazione delle sostanze chimiche pi\u00f9 nocive dai prodotti Apple.&nbsp;<\/p>\n\n\n\n<p>Sono solo i primi passi nel mondo dell\u2019attivismo digitale. Non c\u2019\u00e8 pi\u00f9 campagna, oggi, che non consideri web, new e social media come terreno privilegiato: <strong>Greenpeace crede nel \u201cpotere di agire insieme\u201d, perch\u00e9 \u201cil futuro dell\u2019ambiente \u00e8 nelle mani di milioni di persone nel mondo che condividono le nostre aspirazioni\u201d.&nbsp;<\/strong><\/p>\n<\/div><figure class=\"wp-block-media-text__media\" style=\"background-image:url(https:\/\/www.greenpeace.org\/static\/planet4-italy-stateless\/2024\/02\/a3f460fc-gp0rug_pressmedia-1024x591.jpeg);background-position:50% 50%\"><img loading=\"lazy\" decoding=\"async\" width=\"1024\" height=\"591\" src=\"https:\/\/www.greenpeace.org\/static\/planet4-italy-stateless\/2024\/02\/a3f460fc-gp0rug_pressmedia-1024x591.jpeg\" alt=\"\" sizes=\"auto, (min-width: 1600px) calc((1320px - 24px) \/ 4),(min-width: 1200px) calc((1140px - 24px) \/ 4),(min-width: 992px) calc((960px - 24px) \/ 4),(min-width: 768px) calc((720px - 24px) \/ 4),(min-width: 601px) calc((540px - 24px) \/ 4),(min-width: 577px) calc((540px - 24px) \/ 1), calc(100vw - 24px)\" srcset=\"https:\/\/www.greenpeace.org\/static\/planet4-italy-stateless\/2024\/02\/a3f460fc-gp0rug_pressmedia.jpeg 2500w, https:\/\/www.greenpeace.org\/static\/planet4-italy-stateless\/2024\/02\/a3f460fc-gp0rug_pressmedia-300x173.jpeg 300w, https:\/\/www.greenpeace.org\/static\/planet4-italy-stateless\/2024\/02\/a3f460fc-gp0rug_pressmedia-1024x591.jpeg 1024w, https:\/\/www.greenpeace.org\/static\/planet4-italy-stateless\/2024\/02\/a3f460fc-gp0rug_pressmedia-768x443.jpeg 768w, https:\/\/www.greenpeace.org\/static\/planet4-italy-stateless\/2024\/02\/a3f460fc-gp0rug_pressmedia-1536x887.jpeg 1536w, https:\/\/www.greenpeace.org\/static\/planet4-italy-stateless\/2024\/02\/a3f460fc-gp0rug_pressmedia-2048x1182.jpeg 2048w, https:\/\/www.greenpeace.org\/static\/planet4-italy-stateless\/2024\/02\/a3f460fc-gp0rug_pressmedia-510x294.jpeg 510w\" class=\"wp-image-21536 size-full\"\/><\/figure><\/div>\n\n<div class=\"wp-block-media-text alignwide is-stacked-on-mobile is-vertically-aligned-top is-image-fill\" style=\"grid-template-columns:25% auto\"><figure class=\"wp-block-media-text__media\" style=\"background-image:url(https:\/\/www.greenpeace.org\/static\/planet4-italy-stateless\/2024\/02\/c52cdc5f-gp0stos30_medium_res-1024x683.jpeg);background-position:77% 45%\"><img loading=\"lazy\" decoding=\"async\" width=\"1024\" height=\"683\" src=\"https:\/\/www.greenpeace.org\/static\/planet4-italy-stateless\/2024\/02\/c52cdc5f-gp0stos30_medium_res-1024x683.jpeg\" alt=\"\" sizes=\"auto, (min-width: 1600px) calc((1320px - 24px) \/ 4),(min-width: 1200px) calc((1140px - 24px) \/ 4),(min-width: 992px) calc((960px - 24px) \/ 4),(min-width: 768px) calc((720px - 24px) \/ 4),(min-width: 601px) calc((540px - 24px) \/ 4),(min-width: 577px) calc((540px - 24px) \/ 1), calc(100vw - 24px)\" srcset=\"https:\/\/www.greenpeace.org\/static\/planet4-italy-stateless\/2024\/02\/c52cdc5f-gp0stos30_medium_res.jpeg 1200w, https:\/\/www.greenpeace.org\/static\/planet4-italy-stateless\/2024\/02\/c52cdc5f-gp0stos30_medium_res-300x200.jpeg 300w, https:\/\/www.greenpeace.org\/static\/planet4-italy-stateless\/2024\/02\/c52cdc5f-gp0stos30_medium_res-1024x683.jpeg 1024w, https:\/\/www.greenpeace.org\/static\/planet4-italy-stateless\/2024\/02\/c52cdc5f-gp0stos30_medium_res-768x512.jpeg 768w, https:\/\/www.greenpeace.org\/static\/planet4-italy-stateless\/2024\/02\/c52cdc5f-gp0stos30_medium_res-510x340.jpeg 510w\" class=\"wp-image-21532 size-full\"\/><\/figure><div class=\"wp-block-media-text__content\">\n<h3 class=\"wp-block-heading has-dark-green-800-color has-text-color\">2013: la Russia vs. gli Arctic30<\/h3>\n\n\n\n<div style=\"height:30px\" aria-hidden=\"true\" class=\"wp-block-spacer\"><\/div>\n\n\n\n<p><strong>Il 18 settembre 2013, alle 02.34 del mattino, quattro gommoni lasciano la nave di Greenpeace Arctic Sunrise verso una piattaforma petrolifera russa, la Prirazlomnaya, nel Mare Artico.<\/strong> Gli attivisti tentano di scalare la piattaforma per protestare contro la corsa al petrolio in ambiente artico, che rischia di danneggiare un ecosistema cos\u00ec delicato. Artide e Antartide sono indicatori dello stato di salute del Pianeta e mandano un segnale chiaro: l\u2019uomo sta compromettendo la capacit\u00e0 della Terra di sostenere la vita come la conosciamo.&nbsp;<\/p>\n\n\n\n<p><strong>L\u2019azione non ha successo: l\u2019equipaggio dell\u2019Arctic Sunrise viene arrestato dai militari russi e incarcerato con accuse che oscillano tra la \u201cpirateria\u201d e il \u201cvandalismo\u201d. <a href=\"https:\/\/www.greenpeace.org\/italy\/storia\/21159\/l-avventura-degli-arctic-30\/\">Gli attivisti, ribattezzati \u201cArctic 30\u201d, saranno liberati solo alla vigilia di Capodanno<\/a><\/strong>, dopo mesi di proteste globali che coinvolgono milioni di persone, attivisti, politici e star del calibro di Madonna e Paul McCartney. Abbordaggio, sequestro e detenzione della nave saranno dichiarati illegali da parte del Tribunale dell\u2019Aja e dalla Corte europea dei diritti dell\u2019uomo, e la Russia sar\u00e0 condannata a risarcire oltre 5 milioni di euro di danni. <strong>La campagna \u201cSave The Arctic\u201d ha unito pi\u00f9 di otto milioni e mezzo di persone. <\/strong>Nel marzo del 2014, il Parlamento Europeo ha approvato una risoluzione a sostegno dell\u2019istituzione di un\u2019area protetta al Polo Nord che vieti l\u2019estrazione di petrolio e la pesca industriale.<\/p>\n<\/div><\/div>\n\n<div class=\"wp-block-media-text alignwide has-media-on-the-right is-stacked-on-mobile is-vertically-aligned-top is-image-fill\" style=\"grid-template-columns:auto 25%\"><div class=\"wp-block-media-text__content\">\n<h3 class=\"wp-block-heading has-dark-green-800-color has-text-color\">2021: cinquant\u2019anni di Greenpeace<\/h3>\n\n\n\n<div style=\"height:30px\" aria-hidden=\"true\" class=\"wp-block-spacer\"><\/div>\n\n\n\n<p><strong>Il 2021 segna il Cinquantesimo anniversario della fondazione di Greenpeace.<\/strong> <strong><a href=\"https:\/\/www.greenpeace.org\/italy\/storia\/14158\/amchitka-dove-tutto-e-cominciato\/\">Cinquant\u2019anni da quel 15 settembre 1971 in cui un vecchio peschereccio salpa da Vancouver per denunciare i test nucleari<\/a><\/strong> effettuati dagli Stati Uniti nell\u2019isola di Amchitka, nello Stretto di Bering.&nbsp;Motivati dalla visione di un mondo verde e pacifico, i fondatori di Greenpeace credevano che pochi individui potessero fare la differenza. E con il loro esempio hanno creato un\u2019organizzazione globale, <strong>una rete che comprende 26 uffici nazionali e regionali in oltre 55 Paesi, oltre a un organismo di coordinamento, Greenpeace International<\/strong>. Che si tratti di rifiuti radioattivi o della caccia alle balene, di deforestazione o industria tecnologica, che sia il Trattato Antartico oppure l\u2019Accordo di Parigi sul clima, Greenpeace \u00e8 stata e rimane una forza per il cambiamento. Ma c&#8217;\u00e8 ancora molto da fare: <strong><a href=\"https:\/\/www.greenpeace.org\/italy\/storia\/14177\/50-anni-di-greenpeace-intervista-a-rex-weyler\/\">servir\u00e0 l&#8217;aiuto e il sostegno di tanti per garantire un futuro verde e pacifico per l&#8217;umanit\u00e0<\/a><\/strong>. Il \u201cviaggio per la vita e la pace continua\u201d. Benvenuti a bordo.<\/p>\n<\/div><figure class=\"wp-block-media-text__media\" style=\"background-image:url(https:\/\/www.greenpeace.org\/static\/planet4-italy-stateless\/2024\/02\/a0102a17-gp1syhs7_medium_res-1024x683.jpeg);background-position:50% 50%\"><img loading=\"lazy\" decoding=\"async\" width=\"1024\" height=\"683\" src=\"https:\/\/www.greenpeace.org\/static\/planet4-italy-stateless\/2024\/02\/a0102a17-gp1syhs7_medium_res-1024x683.jpeg\" alt=\"\" sizes=\"auto, (min-width: 1600px) calc((1320px - 24px) \/ 4),(min-width: 1200px) calc((1140px - 24px) \/ 4),(min-width: 992px) calc((960px - 24px) \/ 4),(min-width: 768px) calc((720px - 24px) \/ 4),(min-width: 601px) calc((540px - 24px) \/ 4),(min-width: 577px) calc((540px - 24px) \/ 1), calc(100vw - 24px)\" srcset=\"https:\/\/www.greenpeace.org\/static\/planet4-italy-stateless\/2024\/02\/a0102a17-gp1syhs7_medium_res.jpeg 1200w, https:\/\/www.greenpeace.org\/static\/planet4-italy-stateless\/2024\/02\/a0102a17-gp1syhs7_medium_res-300x200.jpeg 300w, https:\/\/www.greenpeace.org\/static\/planet4-italy-stateless\/2024\/02\/a0102a17-gp1syhs7_medium_res-1024x683.jpeg 1024w, https:\/\/www.greenpeace.org\/static\/planet4-italy-stateless\/2024\/02\/a0102a17-gp1syhs7_medium_res-768x512.jpeg 768w, https:\/\/www.greenpeace.org\/static\/planet4-italy-stateless\/2024\/02\/a0102a17-gp1syhs7_medium_res-510x340.jpeg 510w\" class=\"wp-image-21531 size-full\"\/><\/figure><\/div>\n","protected":false},"excerpt":{"rendered":"<p>Un viaggio nella storia di Greenpeace attraverso gli eventi pi\u00f9 significativi e le campagne pi\u00f9 importanti dell&#8217;associazione, dal 1971 ai giorni nostri.<\/p>\n","protected":false},"author":21,"featured_media":14081,"parent":19328,"menu_order":0,"comment_status":"closed","ping_status":"closed","template":"","meta":{"ep_exclude_from_search":false,"p4_hide_page_title_checkbox":"on","p4_title":"","p4_subtitle":"","p4_description":"","background_image_id":"","background_image":"","p4_button_title":"","p4_button_link":"","p4_button_link_checkbox":"","p4_og_title":"La storia di Greenpeace in 10 date cruciali","p4_og_description":"Un viaggio nella storia di Greenpeace attraverso gli eventi pi\u00f9 significativi e le campagne pi\u00f9 importanti dell'associazione, dal 1971 ai giorni nostri.","p4_og_image":"","p4_og_image_id":"","p4_seo_canonical_url":"","p4_campaign_name":"","p4_local_project":"","p4_basket_name":"","p4_department":"","footnotes":""},"categories":[],"tags":[],"class_list":["post-21526","page","type-page","status-publish","has-post-thumbnail","hentry"],"_links":{"self":[{"href":"https:\/\/www.greenpeace.org\/italy\/wp-json\/wp\/v2\/pages\/21526","targetHints":{"allow":["GET"]}}],"collection":[{"href":"https:\/\/www.greenpeace.org\/italy\/wp-json\/wp\/v2\/pages"}],"about":[{"href":"https:\/\/www.greenpeace.org\/italy\/wp-json\/wp\/v2\/types\/page"}],"author":[{"embeddable":true,"href":"https:\/\/www.greenpeace.org\/italy\/wp-json\/wp\/v2\/users\/21"}],"replies":[{"embeddable":true,"href":"https:\/\/www.greenpeace.org\/italy\/wp-json\/wp\/v2\/comments?post=21526"}],"version-history":[{"count":15,"href":"https:\/\/www.greenpeace.org\/italy\/wp-json\/wp\/v2\/pages\/21526\/revisions"}],"predecessor-version":[{"id":22109,"href":"https:\/\/www.greenpeace.org\/italy\/wp-json\/wp\/v2\/pages\/21526\/revisions\/22109"}],"up":[{"embeddable":true,"href":"https:\/\/www.greenpeace.org\/italy\/wp-json\/wp\/v2\/pages\/19328"}],"wp:featuredmedia":[{"embeddable":true,"href":"https:\/\/www.greenpeace.org\/italy\/wp-json\/wp\/v2\/media\/14081"}],"wp:attachment":[{"href":"https:\/\/www.greenpeace.org\/italy\/wp-json\/wp\/v2\/media?parent=21526"}],"wp:term":[{"taxonomy":"category","embeddable":true,"href":"https:\/\/www.greenpeace.org\/italy\/wp-json\/wp\/v2\/categories?post=21526"},{"taxonomy":"post_tag","embeddable":true,"href":"https:\/\/www.greenpeace.org\/italy\/wp-json\/wp\/v2\/tags?post=21526"}],"curies":[{"name":"wp","href":"https:\/\/api.w.org\/{rel}","templated":true}]}}