{"id":1014,"date":"2018-09-20T08:17:28","date_gmt":"2018-09-20T08:17:28","guid":{"rendered":"https:\/\/www.greenpeace.org\/luxembourg\/?page_id=1014"},"modified":"2024-03-26T14:49:35","modified_gmt":"2024-03-26T12:49:35","slug":"copyright-2","status":"publish","type":"page","link":"https:\/\/www.greenpeace.org\/luxembourg\/de\/copyright-2\/","title":{"rendered":"Copyright"},"content":{"rendered":"\n                    <div class=\"wp-block-group is-vertical is-layout-flex wp-container-core-group-is-layout-8cf370e7 wp-block-group-is-layout-flex\">\n                    \n                                <p>Greenpeace f\u00f6rdert die Reproduktion und Verteilung aller Originaldokumente auf www.greenpeace.lu und www.greenpeace.org. Es ist jedoch wichtig, einige Grundregeln zur Kenntnis zu nehmen.<\/p>\n                            \n\n                    \n                    <\/div>\n                    <h2><strong><span class=\"empty_class\">Allgemeine Bedingungen<\/span><\/strong><\/h2>\n<p>Die Dokumente auf dieser Website k\u00f6nnen frei f\u00fcr pers\u00f6nliche oder p\u00e4dagogische Zwecke verwendet werden.<br \/>\nWenn Sie ein Lehrbuch mit Screenshots illustrieren m\u00f6chten oder einen Artikel in Ihrer Gemeindezeitung reproduzieren m\u00f6chten, brauchen Sie keine Erlaubnis einzuholen, solange Sie der Anleitung unserer Rechtsabteilung folgen.<\/p>\n<h2><strong><span class=\"empty_class\">Greenpeace Logo<\/span><\/strong><\/h2>\n<p>Der Name und das Logo &#8220;Greenpeace&#8221;, sowie der Name &#8220;Rainbow Warrior&#8221; sind international eingetragene Warenzeichen der \u2018Stichting Greenpeace Council\u2019. Die Verwendung dieser beiden Marken ist zul\u00e4ssig, sofern es sich um rein referentielle und nicht gewinnorientierte Zwecke handelt. Diese Marken sind das ausschlie\u00dfliche Eigentum von Greenpeace. Durch die Nutzung dieser Daten erkl\u00e4ren Sie sich damit einverstanden, keinerlei Eigentumsrechte zu hinterlegen.<\/p>\n<p>Verwenden Sie diese Markierungen nicht so, dass ihre Eigenschaft ung\u00fcltig wird. Das Recht zur Nutzung dieser Marken wird nur in dem Umfang gew\u00e4hrt, in dem Greenpeace dies tun kann, ohne die G\u00fcltigkeit ihres Eigentums zu gef\u00e4hrden.<br \/>\nWenn Sie das Logo verwenden, f\u00fcgen Sie bitte &#8220;Copyright Stichting Greenpeace Council&#8221; im Abspann oder an einer sichtbaren Stelle auf der Seite ein.<\/p>\n<h2><span class=\"empty_class\">Dokumente<\/span><\/h2>\n<p>Wir verbieten ausdr\u00fccklich die Verwendung von Greenpeace-Dokumenten auf der Website in den folgenden F\u00e4llen :<\/p>\n<ul>\n<li>Anreicherung einer Person oder eines Unternehmens ohne die ausdr\u00fcckliche Genehmigung, wie unten angegeben.<\/li>\n<li>Werbung f\u00fcr eine politische Partei oder Anregung von Greenpeace-Unterst\u00fctzung f\u00fcr einen Kandidaten in einer Wahl.<\/li>\n<li>Vorschl\u00e4ge f\u00fcr Greenpeace-Unterst\u00fctzung f\u00fcr ein Produkt oder eine Politik, wenn Greenpeace diese Unterst\u00fctzung nicht ausdr\u00fccklich zum Ausdruck gebracht hat.<\/li>\n<li>Jede Anregung von Greenpeace zur Unterst\u00fctzung von Gewalt oder Zerst\u00f6rung von Eigentum.<\/li>\n<li>Jeden Vorwurf, der vorgibt, Sie als Festangestellten, Mitarbeiter, Vertreter oder Sprecher von Greenpeace zu bezeichnen.<\/li>\n<\/ul>\n<p>Wenn ein Dokument mit der Erw\u00e4hnung &#8220;Copyright Greenpeace&#8221; versehen ist, k\u00f6nnen Sie es f\u00fcr den pers\u00f6nlichen oder p\u00e4dagogischen Gebrauch frei verwenden.<br \/>\nBitte f\u00fcgen Sie &#8220;Quelle: Greenpeace (http:\/\/www.greenpeace.lu oder http:\/\/www.greenpeace.org)&#8221; hinzu und geben Sie alle Quellen- oder Urheberrechtsinformationen wieder, die dem Original beiliegen.<\/p>\n<h2><span class=\"empty_class\">Bilder<\/span><\/h2>\n<p>Jedes Bild mit der Erw\u00e4hnung &#8220;Copyright Greenpeace&#8221; auf unserer Website darf f\u00fcr den pers\u00f6nlichen oder p\u00e4dagogischen Gebrauch frei kopiert werden, vorausgesetzt, dass Sie auch die Informationen \u00fcber sein Urheberrecht reproduzieren. Sie k\u00f6nnen das Copyright eines Bildes erkennen, indem Sie darauf klicken, um es zu vergr\u00f6\u00dfern und detaillierte Informationen zu erhalten. Einige Bilder werden nur von der Erw\u00e4hnung &#8220;Copyright Greenpeace&#8221; begleitet. Andere werden von der Erw\u00e4hnung &#8220;Copyright Photograph\/Greenpeace &#8221; begleitet. Bitte reproduzieren Sie in jedem Fall das gesamte Urheberrecht.<\/p>\n<p>Jede andere Verwendung (wie die Verwendung von Bildern zur Bereicherung einer Person oder Firma) erfordert die Genehmigung der Foto-Videothek von Greenpeace International oder Greenpeace Luxembourg (deren Kontaktinformationen unten angegeben sind) . Die kommerzielle Nutzung eines beliebigen Bildes von Greenpeace International oder Greenpeace Luxembourg ohne Genehmigung stellt eine Urheber- und Urheberrechtsverletzung dar.<\/p>\n<p>Die von Greenpeace \u00fcber diese Website an Journalisten und Agenturen verteilten Druckqualit\u00e4tsbilder f\u00fcr die Presse (ca. 8 Megabyte) m\u00fcssen innerhalb von 14 Tagen verwendet werden. Es ist streng verboten, sie im Archiv zu behalten. Nach 14 Tagen wenden Sie sich bitte an Greenpeace International unter folgender Adresse:<\/p>\n<p><strong>Greenpeace Photo and Video Library<\/strong><\/p>\n<p>Greenpeace International BV<\/p>\n<p>Keizersgracht 176<\/p>\n<p>1016 DW Amsterdam<\/p>\n<p>Pays-Bas<\/p>\n<p>T\u00e9l. : 00 31 (0) 20 523 62 75<\/p>\n<p>Fax : 00 31 (0) 20 523 62 00<\/p>\n<p>Service Presse &#8211; Photo &#8211; Vid\u00e9o<\/p>\n<p><strong>Greenpeace Luxembourg<\/strong><\/p>\n<p>b.p. 229<\/p>\n<p>L-4003 Esch\/Alzette<\/p>\n<p>T\u00e9l : (352) 54 62 52 1<\/p>\n<p>Fax : (352) 54 54 05<\/p>\n<p>Hinweis: Einige Bilder, die auf unserer Website erscheinen, werden mit der Erlaubnis eines Dritten reproduziert und enthalten nicht die Erw\u00e4hnung &#8220;Copyright Greenpeace&#8221;. Bitte erkundigen Sie sich \u00fcber das Copyright dieser Bilder, um herauszufinden, unter welchen Bedingungen Sie diese reproduzieren k\u00f6nnen.<\/p>\n","protected":false},"excerpt":{"rendered":"<p>Greenpeace f\u00f6rdert die Reproduktion und Verteilung aller Originaldokumente auf www.greenpeace.lu und www.greenpeace.org. Es ist jedoch wichtig, einige Grundregeln zur Kenntnis zu nehmen. Allgemeine Bedingungen Die Dokumente auf dieser Website k\u00f6nnen frei f\u00fcr pers\u00f6nliche oder p\u00e4dagogische Zwecke verwendet werden. Wenn Sie ein Lehrbuch mit Screenshots illustrieren m\u00f6chten oder einen Artikel in Ihrer Gemeindezeitung reproduzieren m\u00f6chten, brauchen [&hellip;]<\/p>\n","protected":false},"author":16,"featured_media":1015,"parent":0,"menu_order":0,"comment_status":"closed","ping_status":"closed","template":"","meta":{"ep_exclude_from_search":false,"p4_hide_page_title_checkbox":"","p4_title":"","p4_subtitle":"","p4_description":"","background_image_id":"","background_image":"","p4_button_title":"","p4_button_link":"","p4_button_link_checkbox":"","p4_og_title":"","p4_og_description":"","p4_og_image":"","p4_og_image_id":"","p4_seo_canonical_url":"","p4_campaign_name":"not set","p4_local_project":"","p4_basket_name":"not set","p4_department":"","footnotes":""},"categories":[24],"tags":[],"class_list":["post-1014","page","type-page","status-publish","has-post-thumbnail","hentry","category-greenpeace"],"yoast_head":"<!-- This site is optimized with the Yoast SEO Premium plugin v23.9 (Yoast SEO v23.9) - https:\/\/yoast.com\/wordpress\/plugins\/seo\/ -->\n<title>Copyright - Greenpeace Luxembourg<\/title>\n<meta name=\"robots\" content=\"index, follow, max-snippet:-1, max-image-preview:large, max-video-preview:-1\" \/>\n<link rel=\"canonical\" href=\"https:\/\/www.greenpeace.org\/luxembourg\/de\/copyright-2\/\" \/>\n<meta property=\"og:locale\" content=\"de_DE\" \/>\n<meta property=\"og:type\" content=\"article\" \/>\n<meta property=\"og:title\" content=\"Copyright\" \/>\n<meta property=\"og:description\" content=\"Greenpeace f\u00f6rdert die Reproduktion und Verteilung aller Originaldokumente auf www.greenpeace.lu und www.greenpeace.org. Es ist jedoch wichtig, einige Grundregeln zur Kenntnis zu nehmen. Allgemeine Bedingungen Die Dokumente auf dieser Website k\u00f6nnen frei f\u00fcr pers\u00f6nliche oder p\u00e4dagogische Zwecke verwendet werden. Wenn Sie ein Lehrbuch mit Screenshots illustrieren m\u00f6chten oder einen Artikel in Ihrer Gemeindezeitung reproduzieren m\u00f6chten, brauchen [&hellip;]\" \/>\n<meta property=\"og:url\" content=\"https:\/\/www.greenpeace.org\/luxembourg\/de\/copyright-2\/\" \/>\n<meta property=\"og:site_name\" content=\"Greenpeace Luxembourg\" \/>\n<meta property=\"article:publisher\" content=\"https:\/\/www.facebook.com\/greenpeaceluxembourg\" \/>\n<meta property=\"article:modified_time\" content=\"2024-03-26T12:49:35+00:00\" \/>\n<meta property=\"og:image\" content=\"https:\/\/www.greenpeace.org\/static\/planet4-luxembourg-stateless\/2018\/09\/66a8885f-gp04f2f_medium_res.jpg\" \/>\n\t<meta property=\"og:image:width\" content=\"1200\" \/>\n\t<meta property=\"og:image:height\" content=\"800\" \/>\n\t<meta property=\"og:image:type\" content=\"image\/jpeg\" \/>\n<meta name=\"twitter:card\" content=\"summary_large_image\" \/>\n<meta name=\"twitter:label1\" content=\"Est. reading time\" \/>\n\t<meta name=\"twitter:data1\" content=\"3 minutes\" \/>\n<script type=\"application\/ld+json\" class=\"yoast-schema-graph\">{\"@context\":\"https:\/\/schema.org\",\"@graph\":[{\"@type\":\"WebPage\",\"@id\":\"https:\/\/www.greenpeace.org\/luxembourg\/de\/copyright-2\/\",\"url\":\"https:\/\/www.greenpeace.org\/luxembourg\/de\/copyright-2\/\",\"name\":\"Copyright - Greenpeace Luxembourg\",\"isPartOf\":{\"@id\":\"https:\/\/www.greenpeace.org\/luxembourg\/fr\/#website\"},\"primaryImageOfPage\":{\"@id\":\"https:\/\/www.greenpeace.org\/luxembourg\/de\/copyright-2\/#primaryimage\"},\"image\":{\"@id\":\"https:\/\/www.greenpeace.org\/luxembourg\/de\/copyright-2\/#primaryimage\"},\"thumbnailUrl\":\"https:\/\/www.greenpeace.org\/static\/planet4-luxembourg-stateless\/2018\/09\/66a8885f-gp04f2f_medium_res.jpg\",\"datePublished\":\"2018-09-20T08:17:28+00:00\",\"dateModified\":\"2024-03-26T12:49:35+00:00\",\"breadcrumb\":{\"@id\":\"https:\/\/www.greenpeace.org\/luxembourg\/de\/copyright-2\/#breadcrumb\"},\"inLanguage\":\"de-LU\",\"potentialAction\":[{\"@type\":\"ReadAction\",\"target\":[\"https:\/\/www.greenpeace.org\/luxembourg\/de\/copyright-2\/\"]}]},{\"@type\":\"ImageObject\",\"inLanguage\":\"de-LU\",\"@id\":\"https:\/\/www.greenpeace.org\/luxembourg\/de\/copyright-2\/#primaryimage\",\"url\":\"https:\/\/www.greenpeace.org\/static\/planet4-luxembourg-stateless\/2018\/09\/66a8885f-gp04f2f_medium_res.jpg\",\"contentUrl\":\"https:\/\/www.greenpeace.org\/static\/planet4-luxembourg-stateless\/2018\/09\/66a8885f-gp04f2f_medium_res.jpg\",\"width\":1200,\"height\":800,\"caption\":\"Larch trees around Lake Baikal, Siberia, Russia. Laerchen am Baikalsee, Sibirien, Russland.\"},{\"@type\":\"BreadcrumbList\",\"@id\":\"https:\/\/www.greenpeace.org\/luxembourg\/de\/copyright-2\/#breadcrumb\",\"itemListElement\":[{\"@type\":\"ListItem\",\"position\":1,\"name\":\"Home\",\"item\":\"http:\/\/www.greenpeace.org\/luxembourg\/fr\/\"},{\"@type\":\"ListItem\",\"position\":2,\"name\":\"Copyright\"}]},{\"@type\":\"WebSite\",\"@id\":\"https:\/\/www.greenpeace.org\/luxembourg\/fr\/#website\",\"url\":\"https:\/\/www.greenpeace.org\/luxembourg\/fr\/\",\"name\":\"Greenpeace Luxembourg\",\"description\":\"Greenpeace existiert, weil unsere Erde eine Stimme braucht. Sie ben\u00f6tigt L\u00f6sungen. Ver\u00e4nderungen. Aktionen.\",\"publisher\":{\"@id\":\"https:\/\/www.greenpeace.org\/luxembourg\/fr\/#organization\"},\"potentialAction\":[{\"@type\":\"SearchAction\",\"target\":{\"@type\":\"EntryPoint\",\"urlTemplate\":\"https:\/\/www.greenpeace.org\/luxembourg\/fr\/?s={search_term_string}\"},\"query-input\":{\"@type\":\"PropertyValueSpecification\",\"valueRequired\":true,\"valueName\":\"search_term_string\"}}],\"inLanguage\":\"de-LU\"},{\"@type\":\"Organization\",\"@id\":\"https:\/\/www.greenpeace.org\/luxembourg\/fr\/#organization\",\"name\":\"Greenpeace Luxembourg\",\"url\":\"https:\/\/www.greenpeace.org\/luxembourg\/fr\/\",\"logo\":{\"@type\":\"ImageObject\",\"inLanguage\":\"de-LU\",\"@id\":\"https:\/\/www.greenpeace.org\/luxembourg\/fr\/#\/schema\/logo\/image\/\",\"url\":\"https:\/\/www.greenpeace.org\/static\/planet4-luxembourg-stateless\/2026\/03\/3e367f94-greenpeace_logo_green_rgb.png\",\"contentUrl\":\"https:\/\/www.greenpeace.org\/static\/planet4-luxembourg-stateless\/2026\/03\/3e367f94-greenpeace_logo_green_rgb.png\",\"width\":1080,\"height\":175,\"caption\":\"Greenpeace Luxembourg\"},\"image\":{\"@id\":\"https:\/\/www.greenpeace.org\/luxembourg\/fr\/#\/schema\/logo\/image\/\"},\"sameAs\":[\"https:\/\/www.facebook.com\/greenpeaceluxembourg\",\"https:\/\/www.instagram.com\/greenpeacelux\/\",\"https:\/\/www.linkedin.com\/company\/greenpeace-luxembourg\/\",\"https:\/\/www.threads.com\/@greenpeacelux\",\"https:\/\/bsky.app\/profile\/greenpeacelux.bsky.social\",\"https:\/\/www.youtube.com\/@GreenpeaceLux\",\"https:\/\/www.tiktok.com\/@greenpeace_lux\"]}]}<\/script>\n<!-- \/ Yoast SEO Premium plugin. -->","yoast_head_json":{"title":"Copyright - Greenpeace Luxembourg","robots":{"index":"index","follow":"follow","max-snippet":"max-snippet:-1","max-image-preview":"max-image-preview:large","max-video-preview":"max-video-preview:-1"},"canonical":"https:\/\/www.greenpeace.org\/luxembourg\/de\/copyright-2\/","og_locale":"de_DE","og_type":"article","og_title":"Copyright","og_description":"Greenpeace f\u00f6rdert die Reproduktion und Verteilung aller Originaldokumente auf www.greenpeace.lu und www.greenpeace.org. Es ist jedoch wichtig, einige Grundregeln zur Kenntnis zu nehmen. Allgemeine Bedingungen Die Dokumente auf dieser Website k\u00f6nnen frei f\u00fcr pers\u00f6nliche oder p\u00e4dagogische Zwecke verwendet werden. Wenn Sie ein Lehrbuch mit Screenshots illustrieren m\u00f6chten oder einen Artikel in Ihrer Gemeindezeitung reproduzieren m\u00f6chten, brauchen [&hellip;]","og_url":"https:\/\/www.greenpeace.org\/luxembourg\/de\/copyright-2\/","og_site_name":"Greenpeace Luxembourg","article_publisher":"https:\/\/www.facebook.com\/greenpeaceluxembourg","article_modified_time":"2024-03-26T12:49:35+00:00","og_image":[{"width":1200,"height":800,"url":"https:\/\/www.greenpeace.org\/static\/planet4-luxembourg-stateless\/2018\/09\/66a8885f-gp04f2f_medium_res.jpg","type":"image\/jpeg"}],"twitter_card":"summary_large_image","twitter_misc":{"Est. reading time":"3 minutes"},"schema":{"@context":"https:\/\/schema.org","@graph":[{"@type":"WebPage","@id":"https:\/\/www.greenpeace.org\/luxembourg\/de\/copyright-2\/","url":"https:\/\/www.greenpeace.org\/luxembourg\/de\/copyright-2\/","name":"Copyright - Greenpeace Luxembourg","isPartOf":{"@id":"https:\/\/www.greenpeace.org\/luxembourg\/fr\/#website"},"primaryImageOfPage":{"@id":"https:\/\/www.greenpeace.org\/luxembourg\/de\/copyright-2\/#primaryimage"},"image":{"@id":"https:\/\/www.greenpeace.org\/luxembourg\/de\/copyright-2\/#primaryimage"},"thumbnailUrl":"https:\/\/www.greenpeace.org\/static\/planet4-luxembourg-stateless\/2018\/09\/66a8885f-gp04f2f_medium_res.jpg","datePublished":"2018-09-20T08:17:28+00:00","dateModified":"2024-03-26T12:49:35+00:00","breadcrumb":{"@id":"https:\/\/www.greenpeace.org\/luxembourg\/de\/copyright-2\/#breadcrumb"},"inLanguage":"de-LU","potentialAction":[{"@type":"ReadAction","target":["https:\/\/www.greenpeace.org\/luxembourg\/de\/copyright-2\/"]}]},{"@type":"ImageObject","inLanguage":"de-LU","@id":"https:\/\/www.greenpeace.org\/luxembourg\/de\/copyright-2\/#primaryimage","url":"https:\/\/www.greenpeace.org\/static\/planet4-luxembourg-stateless\/2018\/09\/66a8885f-gp04f2f_medium_res.jpg","contentUrl":"https:\/\/www.greenpeace.org\/static\/planet4-luxembourg-stateless\/2018\/09\/66a8885f-gp04f2f_medium_res.jpg","width":1200,"height":800,"caption":"Larch trees around Lake Baikal, Siberia, Russia. Laerchen am Baikalsee, Sibirien, Russland."},{"@type":"BreadcrumbList","@id":"https:\/\/www.greenpeace.org\/luxembourg\/de\/copyright-2\/#breadcrumb","itemListElement":[{"@type":"ListItem","position":1,"name":"Home","item":"http:\/\/www.greenpeace.org\/luxembourg\/fr\/"},{"@type":"ListItem","position":2,"name":"Copyright"}]},{"@type":"WebSite","@id":"https:\/\/www.greenpeace.org\/luxembourg\/fr\/#website","url":"https:\/\/www.greenpeace.org\/luxembourg\/fr\/","name":"Greenpeace Luxembourg","description":"Greenpeace existiert, weil unsere Erde eine Stimme braucht. Sie ben\u00f6tigt L\u00f6sungen. Ver\u00e4nderungen. Aktionen.","publisher":{"@id":"https:\/\/www.greenpeace.org\/luxembourg\/fr\/#organization"},"potentialAction":[{"@type":"SearchAction","target":{"@type":"EntryPoint","urlTemplate":"https:\/\/www.greenpeace.org\/luxembourg\/fr\/?s={search_term_string}"},"query-input":{"@type":"PropertyValueSpecification","valueRequired":true,"valueName":"search_term_string"}}],"inLanguage":"de-LU"},{"@type":"Organization","@id":"https:\/\/www.greenpeace.org\/luxembourg\/fr\/#organization","name":"Greenpeace Luxembourg","url":"https:\/\/www.greenpeace.org\/luxembourg\/fr\/","logo":{"@type":"ImageObject","inLanguage":"de-LU","@id":"https:\/\/www.greenpeace.org\/luxembourg\/fr\/#\/schema\/logo\/image\/","url":"https:\/\/www.greenpeace.org\/static\/planet4-luxembourg-stateless\/2026\/03\/3e367f94-greenpeace_logo_green_rgb.png","contentUrl":"https:\/\/www.greenpeace.org\/static\/planet4-luxembourg-stateless\/2026\/03\/3e367f94-greenpeace_logo_green_rgb.png","width":1080,"height":175,"caption":"Greenpeace Luxembourg"},"image":{"@id":"https:\/\/www.greenpeace.org\/luxembourg\/fr\/#\/schema\/logo\/image\/"},"sameAs":["https:\/\/www.facebook.com\/greenpeaceluxembourg","https:\/\/www.instagram.com\/greenpeacelux\/","https:\/\/www.linkedin.com\/company\/greenpeace-luxembourg\/","https:\/\/www.threads.com\/@greenpeacelux","https:\/\/bsky.app\/profile\/greenpeacelux.bsky.social","https:\/\/www.youtube.com\/@GreenpeaceLux","https:\/\/www.tiktok.com\/@greenpeace_lux"]}]}},"_links":{"self":[{"href":"https:\/\/www.greenpeace.org\/luxembourg\/de\/wp-json\/wp\/v2\/pages\/1014","targetHints":{"allow":["GET"]}}],"collection":[{"href":"https:\/\/www.greenpeace.org\/luxembourg\/de\/wp-json\/wp\/v2\/pages"}],"about":[{"href":"https:\/\/www.greenpeace.org\/luxembourg\/de\/wp-json\/wp\/v2\/types\/page"}],"author":[{"embeddable":true,"href":"https:\/\/www.greenpeace.org\/luxembourg\/de\/wp-json\/wp\/v2\/users\/16"}],"replies":[{"embeddable":true,"href":"https:\/\/www.greenpeace.org\/luxembourg\/de\/wp-json\/wp\/v2\/comments?post=1014"}],"version-history":[{"count":4,"href":"https:\/\/www.greenpeace.org\/luxembourg\/de\/wp-json\/wp\/v2\/pages\/1014\/revisions"}],"predecessor-version":[{"id":21260,"href":"https:\/\/www.greenpeace.org\/luxembourg\/de\/wp-json\/wp\/v2\/pages\/1014\/revisions\/21260"}],"wp:featuredmedia":[{"embeddable":true,"href":"https:\/\/www.greenpeace.org\/luxembourg\/de\/wp-json\/wp\/v2\/media\/1015"}],"wp:attachment":[{"href":"https:\/\/www.greenpeace.org\/luxembourg\/de\/wp-json\/wp\/v2\/media?parent=1014"}],"wp:term":[{"taxonomy":"category","embeddable":true,"href":"https:\/\/www.greenpeace.org\/luxembourg\/de\/wp-json\/wp\/v2\/categories?post=1014"},{"taxonomy":"post_tag","embeddable":true,"href":"https:\/\/www.greenpeace.org\/luxembourg\/de\/wp-json\/wp\/v2\/tags?post=1014"}],"curies":[{"name":"wp","href":"https:\/\/api.w.org\/{rel}","templated":true}]}}