{"version":"1.0","provider_name":"Greenpeace Luxembourg","provider_url":"https:\/\/www.greenpeace.org\/luxembourg\/fr\/","author_name":"Greenpeace Luxembourg","author_url":"https:\/\/www.greenpeace.org\/luxembourg\/fr\/author\/gp_luxembourg\/","title":"R\u00e9cif de l\u2019Amazone : Neptune se f\u00e2che","type":"rich","width":600,"height":338,"html":"<blockquote class=\"wp-embedded-content\" data-secret=\"V3CLrFX99y\"><a href=\"https:\/\/www.greenpeace.org\/luxembourg\/fr\/actualites\/1584\/recif-de-lamazone-neptune-se-fache\/\">R\u00e9cif de l\u2019Amazone : Neptune se f\u00e2che<\/a><\/blockquote><iframe sandbox=\"allow-scripts\" security=\"restricted\" src=\"https:\/\/www.greenpeace.org\/luxembourg\/fr\/actualites\/1584\/recif-de-lamazone-neptune-se-fache\/embed\/#?secret=V3CLrFX99y\" width=\"600\" height=\"338\" title=\"&#8220;R\u00e9cif de l\u2019Amazone : Neptune se f\u00e2che&#8221; &#8212; Greenpeace Luxembourg\" data-secret=\"V3CLrFX99y\" frameborder=\"0\" marginwidth=\"0\" marginheight=\"0\" scrolling=\"no\" class=\"wp-embedded-content\"><\/iframe><script type=\"text\/javascript\">\n\/* <![CDATA[ *\/\n\/*! This file is auto-generated *\/\n!function(d,l){\"use strict\";l.querySelector&&d.addEventListener&&\"undefined\"!=typeof URL&&(d.wp=d.wp||{},d.wp.receiveEmbedMessage||(d.wp.receiveEmbedMessage=function(e){var t=e.data;if((t||t.secret||t.message||t.value)&&!\/[^a-zA-Z0-9]\/.test(t.secret)){for(var s,r,n,a=l.querySelectorAll('iframe[data-secret=\"'+t.secret+'\"]'),o=l.querySelectorAll('blockquote[data-secret=\"'+t.secret+'\"]'),c=new RegExp(\"^https?:$\",\"i\"),i=0;i<o.length;i++)o[i].style.display=\"none\";for(i=0;i<a.length;i++)s=a[i],e.source===s.contentWindow&&(s.removeAttribute(\"style\"),\"height\"===t.message?(1e3<(r=parseInt(t.value,10))?r=1e3:~~r<200&&(r=200),s.height=r):\"link\"===t.message&&(r=new URL(s.getAttribute(\"src\")),n=new URL(t.value),c.test(n.protocol))&&n.host===r.host&&l.activeElement===s&&(d.top.location.href=t.value))}},d.addEventListener(\"message\",d.wp.receiveEmbedMessage,!1),l.addEventListener(\"DOMContentLoaded\",function(){for(var e,t,s=l.querySelectorAll(\"iframe.wp-embedded-content\"),r=0;r<s.length;r++)(t=(e=s[r]).getAttribute(\"data-secret\"))||(t=Math.random().toString(36).substring(2,12),e.src+=\"#?secret=\"+t,e.setAttribute(\"data-secret\",t)),e.contentWindow.postMessage({message:\"ready\",secret:t},\"*\")},!1)))}(window,document);\n\/\/# sourceURL=https:\/\/www.greenpeace.org\/luxembourg\/wp-includes\/js\/wp-embed.min.js\n\/* ]]> *\/\n<\/script>\n","thumbnail_url":"https:\/\/www.greenpeace.org\/static\/planet4-luxembourg-stateless\/2018\/10\/9e80b78b-9e80b78b-gp0strqoi_amazon-reef-mise-a-l-eau-sonar-780x520.jpg","thumbnail_width":780,"thumbnail_height":520,"description":"Voici quelques jours maintenant que Greenpeace est arriv\u00e9 sur le r\u00e9cif, \u00e0 la recherche de ses tr\u00e9sors cach\u00e9s. Apr\u00e8s avoir explor\u00e9 la partie sud et centrale l\u2019an dernier, nous nous concentrons cette ann\u00e9e sur la partie nord de l\u2019\u00e9cosyst\u00e8me ... du moins sur ce que nous croyons \u00eatre la partie nord, car le r\u00e9cif pourrait \u00eatre bien plus grand que pr\u00e9vu ! Pour en avoir le c\u0153ur net, nous avons tent\u00e9 de mettre \u00e0 l\u2019eau notre mat\u00e9riel d\u2019exploration scientifique\u2026 Mais c\u2019\u00e9tait sans compter sur les caprices de Neptune \u2026"}