{"id":18293,"date":"2023-05-11T09:44:49","date_gmt":"2023-05-11T07:44:49","guid":{"rendered":"https:\/\/www.greenpeace.org\/luxembourg\/?post_type=p4_action&#038;p=18293"},"modified":"2026-03-12T11:58:57","modified_gmt":"2026-03-12T09:58:57","slug":"system-change","status":"publish","type":"p4_action","link":"https:\/\/www.greenpeace.org\/luxembourg\/fr\/petition\/system-change\/","title":{"rendered":"P\u00e9tition | Reconstruisons demain : l\u2019humanit\u00e9 et l\u2019environnement au premier plan !"},"content":{"rendered":"\n<div class=\"wp-block-group block is-pattern-p4-action-pattern-layout is-layout-flow wp-block-group-is-layout-flow\">\n<div class=\"wp-block-media-text alignfull is-stacked-on-mobile is-image-fill-element is-style-parallax\" style=\"grid-template-columns:56% auto\"><figure class=\"wp-block-media-text__media\"><img loading=\"lazy\" decoding=\"async\" width=\"1024\" height=\"683\" src=\"https:\/\/www.greenpeace.org\/static\/planet4-luxembourg-stateless\/2022\/04\/90bfcd01-gp1sx8cl_medium_res-1024x683.jpg\" alt=\"P\u00e9tition | Reconstruisons demain : l\u2019humanit\u00e9 et l\u2019environnement au premier plan !\" sizes=\"auto, (min-width: 601px) 56vw, 100vw\" srcset=\"https:\/\/www.greenpeace.org\/static\/planet4-luxembourg-stateless\/2022\/04\/90bfcd01-gp1sx8cl_medium_res.jpg 1200w, https:\/\/www.greenpeace.org\/static\/planet4-luxembourg-stateless\/2022\/04\/90bfcd01-gp1sx8cl_medium_res-300x200.jpg 300w, https:\/\/www.greenpeace.org\/static\/planet4-luxembourg-stateless\/2022\/04\/90bfcd01-gp1sx8cl_medium_res-1024x683.jpg 1024w, https:\/\/www.greenpeace.org\/static\/planet4-luxembourg-stateless\/2022\/04\/90bfcd01-gp1sx8cl_medium_res-768x512.jpg 768w, https:\/\/www.greenpeace.org\/static\/planet4-luxembourg-stateless\/2022\/04\/90bfcd01-gp1sx8cl_medium_res-510x340.jpg 510w\" class=\"wp-image-14196 size-full\" style=\"object-position:57% 57%\"\/><\/figure><div class=\"wp-block-media-text__content\">\n<div style=\"height:31px\" aria-hidden=\"true\" class=\"wp-block-spacer\"><\/div>\n\n\n<script type=\"text\/javascript\">\n\/* <![CDATA[ *\/\nvar gform;gform||(document.addEventListener(\"gform_main_scripts_loaded\",function(){gform.scriptsLoaded=!0}),document.addEventListener(\"gform\/theme\/scripts_loaded\",function(){gform.themeScriptsLoaded=!0}),window.addEventListener(\"DOMContentLoaded\",function(){gform.domLoaded=!0}),gform={domLoaded:!1,scriptsLoaded:!1,themeScriptsLoaded:!1,isFormEditor:()=>\"function\"==typeof InitializeEditor,callIfLoaded:function(o){return!(!gform.domLoaded||!gform.scriptsLoaded||!gform.themeScriptsLoaded&&!gform.isFormEditor()||(gform.isFormEditor()&&console.warn(\"The use of gform.initializeOnLoaded() is deprecated in the form editor context and will be removed in Gravity Forms 3.1.\"),o(),0))},initializeOnLoaded:function(o){gform.callIfLoaded(o)||(document.addEventListener(\"gform_main_scripts_loaded\",()=>{gform.scriptsLoaded=!0,gform.callIfLoaded(o)}),document.addEventListener(\"gform\/theme\/scripts_loaded\",()=>{gform.themeScriptsLoaded=!0,gform.callIfLoaded(o)}),window.addEventListener(\"DOMContentLoaded\",()=>{gform.domLoaded=!0,gform.callIfLoaded(o)}))},hooks:{action:{},filter:{}},addAction:function(o,r,e,t){gform.addHook(\"action\",o,r,e,t)},addFilter:function(o,r,e,t){gform.addHook(\"filter\",o,r,e,t)},doAction:function(o){gform.doHook(\"action\",o,arguments)},applyFilters:function(o){return gform.doHook(\"filter\",o,arguments)},removeAction:function(o,r){gform.removeHook(\"action\",o,r)},removeFilter:function(o,r,e){gform.removeHook(\"filter\",o,r,e)},addHook:function(o,r,e,t,n){null==gform.hooks[o][r]&&(gform.hooks[o][r]=[]);var d=gform.hooks[o][r];null==n&&(n=r+\"_\"+d.length),gform.hooks[o][r].push({tag:n,callable:e,priority:t=null==t?10:t})},doHook:function(r,o,e){var t;if(e=Array.prototype.slice.call(e,1),null!=gform.hooks[r][o]&&((o=gform.hooks[r][o]).sort(function(o,r){return o.priority-r.priority}),o.forEach(function(o){\"function\"!=typeof(t=o.callable)&&(t=window[t]),\"action\"==r?t.apply(null,e):e[0]=t.apply(null,e)})),\"filter\"==r)return e[0]},removeHook:function(o,r,t,n){var e;null!=gform.hooks[o][r]&&(e=(e=gform.hooks[o][r]).filter(function(o,r,e){return!!(null!=n&&n!=o.tag||null!=t&&t!=o.priority)}),gform.hooks[o][r]=e)}});\n\/* ]]> *\/\n<\/script>\n<div class=\"gpfgf_wrapper\">\n                <div class='gf_browser_gecko gform_wrapper gravity-theme gform-theme--no-framework with-floating-label_wrapper' data-form-theme='gravity-theme' data-form-index='0' id='gform_wrapper_14' ><div id='gf_14' class='gform_anchor' tabindex='-1'><\/div>\n                        <div class='gform_heading'>\n\t\t\t\t\t\t\t<p class='gform_required_legend'>&quot;<span class=\"gfield_required gfield_required_asterisk\">*<\/span>&quot; indicates required fields<\/p>\n                        <\/div><form method='post' enctype='multipart\/form-data' target='gform_ajax_frame_14' id='gform_14' class=' with-floating-label' action='\/luxembourg\/fr\/wp-json\/wp\/v2\/p4_action\/18293#gf_14' data-formid='14' novalidate>\n                        <div class='gform-body gform_body'><div id='gform_fields_14' class='gform_fields top_label form_sublabel_above description_above validation_below'><div id=\"field_14_10\" class=\"gfield gfield--type-honeypot gform_validation_container field_sublabel_above gfield--has-description field_description_above field_validation_below gfield_visibility_visible gfgpf-elements-honeypot \"  data-field-class=\"gfgpf-elements-honeypot\" ><label class='gfield_label gform-field-label' for='input_14_10'>Name<\/label><div class='gfield_description' id='gfield_description_14_10'>This field is for validation purposes and should be left unchanged.<\/div><div class='ginput_container'><input name='input_10' id='input_14_10' type='text' value='' autocomplete='new-password'\/><\/div><\/div><div id=\"field_14_9\" class=\"gfield gfield--type-html gfield--width-full gfield_html gfield_html_formatted gfield_no_follows_desc field_sublabel_above gfield--no-description field_description_above field_validation_below gfield_visibility_visible gfgpf-elements-html \"  data-field-class=\"gfgpf-elements-html\" ><h2>Le changement, c\u2019est maintenant !\n<\/h2><\/div><div id=\"field_14_3\" class=\"gfield gfield--type-gp_first_name gfield--width-half gfield_contains_required field_sublabel_above gfield--no-description field_description_above field_validation_below gfield_visibility_visible gfgpf-elements-gp_first_name \"  data-field-class=\"gfgpf-elements-gp_first_name\" ><label class='gfield_label gform-field-label' for='input_14_3'>Pr\u00e9nom<span class=\"gfield_required\"><span class=\"gfield_required gfield_required_asterisk\">*<\/span><\/span><\/label><div class='ginput_container ginput_container_text'><input data-hj-masked name='input_3' id='input_14_3' type='text' value='' class='large' maxlength='40' aria-describedby=\"input_14_3_desc\"   aria-required=\"true\" aria-invalid=\"false\"   \/><\/div><\/div><div id=\"field_14_4\" class=\"gfield gfield--type-gp_last_name gfield--width-half gfield_contains_required field_sublabel_above gfield--no-description field_description_above field_validation_below gfield_visibility_visible gfgpf-elements-gp_last_name \"  data-field-class=\"gfgpf-elements-gp_last_name\" ><label class='gfield_label gform-field-label' for='input_14_4'>Nom<span class=\"gfield_required\"><span class=\"gfield_required gfield_required_asterisk\">*<\/span><\/span><\/label><div class='ginput_container ginput_container_text'><input data-hj-masked name='input_4' id='input_14_4' type='text' value='' class='large' maxlength='80' aria-describedby=\"input_14_4_desc\"   aria-required=\"true\" aria-invalid=\"false\"   \/><\/div><\/div><div id=\"field_14_5\" class=\"gfield gfield--type-email gfield--width-full gfield_contains_required field_sublabel_above gfield--no-description field_description_above field_validation_below gfield_visibility_visible gfgpf-elements-email \"  data-field-class=\"gfgpf-elements-email\" ><label class='gfield_label gform-field-label' for='input_14_5'>Email<span class=\"gfield_required\"><span class=\"gfield_required gfield_required_asterisk\">*<\/span><\/span><\/label><div class='ginput_container ginput_container_email'>\n                            <input maxlength=\"80\" data-hj-masked name='input_5' id='input_14_5' type='email' value='' class='large'    aria-required=\"true\" aria-invalid=\"false\"  \/>\n                        <\/div><\/div><div id=\"field_14_7\" class=\"gfield gfield--type-phone gfield--width-full field_sublabel_above gfield--no-description field_description_above field_validation_below gfield_visibility_visible gfgpf-elements-phone \"  data-field-class=\"gfgpf-elements-phone\" ><label class='gfield_label gform-field-label' for='input_14_7'>T\u00e9l\u00e9phone<\/label><div class='ginput_container ginput_container_phone'><input data-hj-masked name='input_7' id='input_14_7' type='tel' value='' class='large'    aria-invalid=\"false\"   \/><\/div><\/div><fieldset id=\"field_14_8\" class=\"gfield gfield--type-date gfield--input-type-datedropdown gfield--width-full gfield_contains_required field_sublabel_above gfield--no-description field_description_above field_validation_below gfield_visibility_visible gfgpf-elements-date \"  data-field-class=\"gfgpf-elements-date\" ><legend class='gfield_label gform-field-label' >Date de naissance<span class=\"gfield_required\"><span class=\"gfield_required gfield_required_asterisk\">*<\/span><\/span><\/legend><div id='input_14_8' class='ginput_container ginput_complex gform-grid-row'><div class='gfield_date_dropdown_day ginput_container ginput_container_date gform-grid-col' id='input_14_8_2_container'><label for='input_14_8_2' class='gform-field-label gform-field-label--type-sub hidden_sub_label screen-reader-text'>Jour<\/label><select name='input_8[]' id='input_14_8_2'   aria-required='true'  ><option value=''>Jour<\/option><option value='1' >1<\/option><option value='2' >2<\/option><option value='3' >3<\/option><option value='4' >4<\/option><option value='5' >5<\/option><option value='6' >6<\/option><option value='7' >7<\/option><option value='8' >8<\/option><option value='9' >9<\/option><option value='10' >10<\/option><option value='11' >11<\/option><option value='12' >12<\/option><option value='13' >13<\/option><option value='14' >14<\/option><option value='15' >15<\/option><option value='16' >16<\/option><option value='17' >17<\/option><option value='18' >18<\/option><option value='19' >19<\/option><option value='20' >20<\/option><option value='21' >21<\/option><option value='22' >22<\/option><option value='23' >23<\/option><option value='24' >24<\/option><option value='25' >25<\/option><option value='26' >26<\/option><option value='27' >27<\/option><option value='28' >28<\/option><option value='29' >29<\/option><option value='30' >30<\/option><option value='31' >31<\/option><\/select><\/div><div class='gfield_date_dropdown_month ginput_container ginput_container_date gform-grid-col' id='input_14_8_1_container'><label for='input_14_8_1' class='gform-field-label gform-field-label--type-sub hidden_sub_label screen-reader-text'>Mois<\/label><select name='input_8[]' id='input_14_8_1'   aria-required='true'  ><option value=''>Mois<\/option><option value='1' >1<\/option><option value='2' >2<\/option><option value='3' >3<\/option><option value='4' >4<\/option><option value='5' >5<\/option><option value='6' >6<\/option><option value='7' >7<\/option><option value='8' >8<\/option><option value='9' >9<\/option><option value='10' >10<\/option><option value='11' >11<\/option><option value='12' >12<\/option><\/select><\/div><div class='gfield_date_dropdown_year ginput_container ginput_container_date gform-grid-col' id='input_14_8_3_container'><label for='input_14_8_3' class='gform-field-label gform-field-label--type-sub hidden_sub_label screen-reader-text'>Ann\u00e9e<\/label><select name='input_8[]' id='input_14_8_3'   aria-required='true'  ><option value=''>Ann\u00e9e<\/option><option value='2027' >2027<\/option><option value='2026' >2026<\/option><option value='2025' >2025<\/option><option value='2024' >2024<\/option><option value='2023' >2023<\/option><option value='2022' >2022<\/option><option value='2021' >2021<\/option><option value='2020' >2020<\/option><option value='2019' >2019<\/option><option value='2018' >2018<\/option><option value='2017' >2017<\/option><option value='2016' >2016<\/option><option value='2015' >2015<\/option><option value='2014' >2014<\/option><option value='2013' >2013<\/option><option value='2012' >2012<\/option><option value='2011' >2011<\/option><option value='2010' >2010<\/option><option value='2009' >2009<\/option><option value='2008' >2008<\/option><option value='2007' >2007<\/option><option value='2006' >2006<\/option><option value='2005' >2005<\/option><option value='2004' >2004<\/option><option value='2003' >2003<\/option><option value='2002' >2002<\/option><option value='2001' >2001<\/option><option value='2000' >2000<\/option><option value='1999' >1999<\/option><option value='1998' >1998<\/option><option value='1997' >1997<\/option><option value='1996' >1996<\/option><option value='1995' >1995<\/option><option value='1994' >1994<\/option><option value='1993' >1993<\/option><option value='1992' >1992<\/option><option value='1991' >1991<\/option><option value='1990' >1990<\/option><option value='1989' >1989<\/option><option value='1988' >1988<\/option><option value='1987' >1987<\/option><option value='1986' >1986<\/option><option value='1985' >1985<\/option><option value='1984' >1984<\/option><option value='1983' >1983<\/option><option value='1982' >1982<\/option><option value='1981' >1981<\/option><option value='1980' >1980<\/option><option value='1979' >1979<\/option><option value='1978' >1978<\/option><option value='1977' >1977<\/option><option value='1976' >1976<\/option><option value='1975' >1975<\/option><option value='1974' >1974<\/option><option value='1973' >1973<\/option><option value='1972' >1972<\/option><option value='1971' >1971<\/option><option value='1970' >1970<\/option><option value='1969' >1969<\/option><option value='1968' >1968<\/option><option value='1967' >1967<\/option><option value='1966' >1966<\/option><option value='1965' >1965<\/option><option value='1964' >1964<\/option><option value='1963' >1963<\/option><option value='1962' >1962<\/option><option value='1961' >1961<\/option><option value='1960' >1960<\/option><option value='1959' >1959<\/option><option value='1958' >1958<\/option><option value='1957' >1957<\/option><option value='1956' >1956<\/option><option value='1955' >1955<\/option><option value='1954' >1954<\/option><option value='1953' >1953<\/option><option value='1952' >1952<\/option><option value='1951' >1951<\/option><option value='1950' >1950<\/option><option value='1949' >1949<\/option><option value='1948' >1948<\/option><option value='1947' >1947<\/option><option value='1946' >1946<\/option><option value='1945' >1945<\/option><option value='1944' >1944<\/option><option value='1943' >1943<\/option><option value='1942' >1942<\/option><option value='1941' >1941<\/option><option value='1940' >1940<\/option><option value='1939' >1939<\/option><option value='1938' >1938<\/option><option value='1937' >1937<\/option><option value='1936' >1936<\/option><option value='1935' >1935<\/option><option value='1934' >1934<\/option><option value='1933' >1933<\/option><option value='1932' >1932<\/option><option value='1931' >1931<\/option><option value='1930' >1930<\/option><option value='1929' >1929<\/option><option value='1928' >1928<\/option><option value='1927' >1927<\/option><option value='1926' >1926<\/option><option value='1925' >1925<\/option><option value='1924' >1924<\/option><option value='1923' >1923<\/option><option value='1922' >1922<\/option><option value='1921' >1921<\/option><option value='1920' >1920<\/option><\/select><\/div><\/div><\/fieldset><\/div><\/div>\n        <div class='gform-footer gform_footer top_label'> <div class=\"gpfgf-submit-button\" id=\"gform_submit_button_14\"><div class=\"champs-obligatoires-label\">* : champs obligatoires<\/div><div class=\"submit-button-area\"><button type='submit'  class='base-button gform_button button gform-button--width-full' onclick='gform.submission.handleButtonClick(this);' data-submission-type='submit'    \/><span class=\"base-button-content\"> <span>Signer la p\u00e9tition<\/span><\/span><\/button><\/div><div class=\"form-disclaimer\"><p>En cliquant sur &#8220;Signer la p\u00e9tition&#8221;, vous acceptez de recevoir des communications et des formes d&#8217;engagement de la part de Greenpeace via les coordonn\u00e9es collect\u00e9es dans le formulaire. Vos donn\u00e9es personnelles collect\u00e9es resteront strictement confidentielles. Elles ne seront ni vendues ni \u00e9chang\u00e9es conform\u00e9ment \u00e0 nos mentions l\u00e9gales. L\u2019exercice de vos droits, dont la d\u00e9sinscription, est possible \u00e0 tout moment, voir notre page &#8220;<a href=\"https:\/\/www.greenpeace.org\/luxembourg\/fr\/droits-des-personnes\/\">Droit des Personnes<\/a>&#8220;.<\/p>\n<\/div><\/div> <input type='hidden' name='gform_ajax' value='form_id=14&amp;title=&amp;description=&amp;tabindex=0&amp;theme=gravity-theme&amp;styles={&quot;inputPrimaryColor&quot;:&quot;#204ce5&quot;}&amp;hash=b2f61c6bded6467ec21e0f68252f64e3' \/>\n            <input type='hidden' class='gform_hidden' name='gform_submission_method' data-js='gform_submission_method_14' value='iframe' \/>\n            <input type='hidden' class='gform_hidden' name='gform_theme' data-js='gform_theme_14' id='gform_theme_14' value='gravity-theme' \/>\n            <input type='hidden' class='gform_hidden' name='gform_style_settings' data-js='gform_style_settings_14' id='gform_style_settings_14' value='{&quot;inputPrimaryColor&quot;:&quot;#204ce5&quot;}' \/>\n            <input type='hidden' class='gform_hidden' name='is_submit_14' value='1' \/>\n            <input type='hidden' class='gform_hidden' name='gform_submit' value='14' \/>\n            \n            <input type='hidden' class='gform_hidden' name='gform_currency' data-currency='EUR' value='amoeakm2FtLWi66ig\/TfizTqHorWO8XrpJtfHKb+u1PQiMJ3wHjsC69277pvGsc38CljaSJb2bgqtidZrnelWHW4quAltyoJMhZHjwT5qejKMlM=' \/>\n            <input type='hidden' class='gform_hidden' name='gform_unique_id' value='' \/>\n            <input type='hidden' class='gform_hidden' name='state_14' value='WyJbXSIsIjJjOWYxOWU1ZDdlNjM1ZGI2YjM2ZWFlMWJlNGE4MWJkIl0=' \/>\n            <input type='hidden' autocomplete='off' class='gform_hidden' name='gform_target_page_number_14' id='gform_target_page_number_14' value='0' \/>\n            <input type='hidden' autocomplete='off' class='gform_hidden' name='gform_source_page_number_14' id='gform_source_page_number_14' value='1' \/>\n            <input type='hidden' name='gform_field_values' value='' \/>\n            \n        <\/div>\n                        <p style=\"display: none !important;\" class=\"akismet-fields-container\" data-prefix=\"ak_\"><label>&#916;<textarea name=\"ak_hp_textarea\" cols=\"45\" rows=\"8\" maxlength=\"100\"><\/textarea><\/label><input type=\"hidden\" id=\"ak_js_1\" name=\"ak_js\" value=\"3\"\/><script>document.getElementById( \"ak_js_1\" ).setAttribute( \"value\", ( new Date() ).getTime() );<\/script><\/p><\/form>\n                        <\/div>\n\t\t                <iframe style='display:none;width:0px;height:0px;' src='about:blank' name='gform_ajax_frame_14' id='gform_ajax_frame_14' title='This iframe contains the logic required to handle Ajax powered Gravity Forms.'><\/iframe>\n\t\t                <script type=\"text\/javascript\">\n\/* <![CDATA[ *\/\n gform.initializeOnLoaded( function() {gformInitSpinner( 14, '\/luxembourg\/wp-content\/themes\/planet4-child-theme-luxembourg\/plugins\/gravityforms-gpf\/assets\/spinner.svg', true );jQuery('#gform_ajax_frame_14').on('load',function(){var contents = jQuery(this).contents().find('*').html();var is_postback = contents.indexOf('GF_AJAX_POSTBACK') >= 0;if(!is_postback){return;}var form_content = jQuery(this).contents().find('#gform_wrapper_14');var is_confirmation = jQuery(this).contents().find('#gform_confirmation_wrapper_14').length > 0;var is_redirect = contents.indexOf('gformRedirect(){') >= 0;var is_form = form_content.length > 0 && ! is_redirect && ! is_confirmation;var mt = parseInt(jQuery('html').css('margin-top'), 10) + parseInt(jQuery('body').css('margin-top'), 10) + 100;if(is_form){jQuery('#gform_wrapper_14').html(form_content.html());if(form_content.hasClass('gform_validation_error')){jQuery('#gform_wrapper_14').addClass('gform_validation_error');} else {jQuery('#gform_wrapper_14').removeClass('gform_validation_error');}setTimeout( function() { \/* delay the scroll by 50 milliseconds to fix a bug in chrome *\/ jQuery(document).scrollTop(jQuery('#gform_wrapper_14').offset().top - mt); }, 50 );if(window['gformInitDatepicker']) {gformInitDatepicker();}if(window['gformInitPriceFields']) {gformInitPriceFields();}var current_page = jQuery('#gform_source_page_number_14').val();gformInitSpinner( 14, '\/luxembourg\/wp-content\/themes\/planet4-child-theme-luxembourg\/plugins\/gravityforms-gpf\/assets\/spinner.svg', true );jQuery(document).trigger('gform_page_loaded', [14, current_page]);window['gf_submitting_14'] = false;}else if(!is_redirect){var confirmation_content = jQuery(this).contents().find('.GF_AJAX_POSTBACK').html();if(!confirmation_content){confirmation_content = contents;}jQuery('#gform_wrapper_14').replaceWith(confirmation_content);jQuery(document).scrollTop(jQuery('#gf_14').offset().top - mt);jQuery(document).trigger('gform_confirmation_loaded', [14]);window['gf_submitting_14'] = false;wp.a11y.speak(jQuery('#gform_confirmation_message_14').text());}else{jQuery('#gform_14').append(contents);if(window['gformRedirect']) {gformRedirect();}}jQuery(document).trigger(\"gform_pre_post_render\", [{ formId: \"14\", currentPage: \"current_page\", abort: function() { this.preventDefault(); } }]);        if (event && event.defaultPrevented) {                return;        }        const gformWrapperDiv = document.getElementById( \"gform_wrapper_14\" );        if ( gformWrapperDiv ) {            const visibilitySpan = document.createElement( \"span\" );            visibilitySpan.id = \"gform_visibility_test_14\";            gformWrapperDiv.insertAdjacentElement( \"afterend\", visibilitySpan );        }        const visibilityTestDiv = document.getElementById( \"gform_visibility_test_14\" );        let postRenderFired = false;        function triggerPostRender() {            if ( postRenderFired ) {                return;            }            postRenderFired = true;            gform.core.triggerPostRenderEvents( 14, current_page );            if ( visibilityTestDiv ) {                visibilityTestDiv.parentNode.removeChild( visibilityTestDiv );            }        }        function debounce( func, wait, immediate ) {            var timeout;            return function() {                var context = this, args = arguments;                var later = function() {                    timeout = null;                    if ( !immediate ) func.apply( context, args );                };                var callNow = immediate && !timeout;                clearTimeout( timeout );                timeout = setTimeout( later, wait );                if ( callNow ) func.apply( context, args );            };        }        const debouncedTriggerPostRender = debounce( function() {            triggerPostRender();        }, 200 );        if ( visibilityTestDiv && visibilityTestDiv.offsetParent === null ) {            const observer = new MutationObserver( ( mutations ) => {                mutations.forEach( ( mutation ) => {                    if ( mutation.type === 'attributes' && visibilityTestDiv.offsetParent !== null ) {                        debouncedTriggerPostRender();                        observer.disconnect();                    }                });            });            observer.observe( document.body, {                attributes: true,                childList: false,                subtree: true,                attributeFilter: [ 'style', 'class' ],            });        } else {            triggerPostRender();        }    } );} ); \n\/* ]]> *\/\n<\/script>\n<\/div><\/div><\/div>\n\n\n\n<div class=\"wp-block-group alignfull is-layout-flow wp-block-group-is-layout-flow\" style=\"padding-top:80px;padding-bottom:80px\">\n<div class=\"wp-block-group container is-layout-flow wp-block-group-is-layout-flow\">\n\n<div class=\"wp-block-media-text alignwide has-media-on-the-right is-stacked-on-mobile is-image-fill-element\" style=\"grid-template-columns:auto 31%\"><div class=\"wp-block-media-text__content\">\n<h2 class=\"wp-block-heading\" id=\"h-placer-le-vivant-au-centre-de-nos-choix-politiques-et-economiques\">Placer le vivant au centre de nos choix politiques et \u00e9conomiques.<\/h2>\n\n\n\n<p>Nous ne pouvons pas continuer \u00e0 surconsommer les ressources de notre plan\u00e8te. Pour garantir un avenir juste et \u00e9cologique pour toutes et tous, nous devons repenser notre syst\u00e8me politique et \u00e9conomique, notamment gr\u00e2ce \u00e0 :<\/p>\n\n\n\n<p>1. Des investissements dans la transition \u00e9nerg\u00e9tique, en tenant particuli\u00e8rement compte des m\u00e9nages les plus d\u00e9favoris\u00e9s, afin de transformer notre mod\u00e8le \u00e9conomique d\u00e9pendant des \u00e9nergies fossiles vers une \u00e9conomie favorisant la consommation raisonn\u00e9e et durable, les \u00e9nergies renouvelables, tout en garantissant la cr\u00e9ation d\u2019emplois locaux.<\/p>\n\n\n\n<p>2. Une r\u00e9forme fiscale \u00e9cologique et sociale, pour r\u00e9duire les in\u00e9galit\u00e9s et d\u00e9bloquer des ressources financi\u00e8res suffisantes afin de garantir le financement de la transition \u00e9cologique et des revenus s\u00fbrs pour l\u2019ensemble de la population.<\/p>\n\n\n\n<p>3. Une place financi\u00e8re r\u00e9ellement durable, qui interdit les investissements climaticides, respecte les droits humains et garantie la transparence du secteur.<\/p>\n\n\n\n<p>4. La transformation du transport au niveau de la Grande R\u00e9gion ainsi que la fin du tourisme \u00e0 la pompe gr\u00e2ce \u00e0 une augmentation de la taxe carbone pour arriver aux prix pratiqu\u00e9s par les pays limitrophes.<\/p>\n\n\n\n<p>5. Pour que les d\u00e9cisions politiques soient r\u00e9ellement guid\u00e9es par la protection du vivant afin d\u2019offrir un avenir aux g\u00e9n\u00e9rations futures, pour des d\u00e9cisions politiques courageuses mettant fin aux avantages fiscaux pour les plus grands pollueurs et pour plus de coh\u00e9sion sociale.<\/p>\n\n\n\n<div style=\"height:24px\" aria-hidden=\"true\" class=\"wp-block-spacer\"><\/div>\n\n\n\n<div class=\"wp-block-buttons is-layout-flex wp-block-buttons-is-layout-flex\"><\/div>\n<\/div><figure class=\"wp-block-media-text__media\"><img loading=\"lazy\" decoding=\"async\" width=\"800\" height=\"533\" src=\"https:\/\/www.greenpeace.org\/static\/planet4-luxembourg-stateless\/2020\/04\/624e362b-gp1stu7u_web_size_with_credit_line.jpg\" alt=\"System Change\" sizes=\"auto, (min-width: 1600px) calc((1320px - 24px) \/ 3.2258),(min-width: 1200px) calc((1140px - 24px) \/ 3.2258),(min-width: 992px) calc((960px - 24px) \/ 3.2258),(min-width: 768px) calc((720px - 24px) \/ 3.2258),(min-width: 601px) calc((540px - 24px) \/ 3.2258),(min-width: 577px) calc((540px - 24px) \/ 1), calc(100vw - 24px)\" srcset=\"https:\/\/www.greenpeace.org\/static\/planet4-luxembourg-stateless\/2020\/04\/624e362b-gp1stu7u_web_size_with_credit_line.jpg 800w, https:\/\/www.greenpeace.org\/static\/planet4-luxembourg-stateless\/2020\/04\/624e362b-gp1stu7u_web_size_with_credit_line-300x200.jpg 300w, https:\/\/www.greenpeace.org\/static\/planet4-luxembourg-stateless\/2020\/04\/624e362b-gp1stu7u_web_size_with_credit_line-768x512.jpg 768w, https:\/\/www.greenpeace.org\/static\/planet4-luxembourg-stateless\/2020\/04\/624e362b-gp1stu7u_web_size_with_credit_line-510x340.jpg 510w\" class=\"wp-image-7191 size-full\" style=\"object-position:49% 62%\"\/><\/figure><\/div>\n\n\n\n\n\n<div class=\"wp-block-media-text alignwide is-stacked-on-mobile is-image-fill-element\"><figure class=\"wp-block-media-text__media\"><img loading=\"lazy\" decoding=\"async\" width=\"720\" height=\"480\" src=\"https:\/\/www.greenpeace.org\/static\/planet4-luxembourg-stateless\/2022\/12\/2bd9baa4-image-13.png\" alt=\"Kirchberg in Luxembourg city\" sizes=\"auto, (min-width: 1600px) calc((1320px - 24px) \/ 2),(min-width: 1200px) calc((1140px - 24px) \/ 2),(min-width: 992px) calc((960px - 24px) \/ 2),(min-width: 768px) calc((720px - 24px) \/ 2),(min-width: 601px) calc((540px - 24px) \/ 2),(min-width: 577px) calc((540px - 24px) \/ 1), calc(100vw - 24px)\" srcset=\"https:\/\/www.greenpeace.org\/static\/planet4-luxembourg-stateless\/2022\/12\/2bd9baa4-image-13.png 720w, https:\/\/www.greenpeace.org\/static\/planet4-luxembourg-stateless\/2022\/12\/2bd9baa4-image-13-300x200.png 300w, https:\/\/www.greenpeace.org\/static\/planet4-luxembourg-stateless\/2022\/12\/2bd9baa4-image-13-510x340.png 510w\" class=\"wp-image-16150 size-full\" style=\"object-position:50% 50%\"\/><\/figure><div class=\"wp-block-media-text__content\">\n<div style=\"height:28px\" aria-hidden=\"true\" class=\"wp-block-spacer\"><\/div>\n\n\n\n<h2 class=\"wp-block-heading\" id=\"h-le-changement-c-est-maintenant\">Le changement, c\u2019est maintenant !<\/h2>\n\n\n\n<p>Les diff\u00e9rentes crises de ces derni\u00e8res ann\u00e9es ont soulign\u00e9 le manque de r\u00e9silience de notre soci\u00e9t\u00e9 et nos processus de production. La croissance \u00e9ternelle est un mythe.<\/p>\n\n\n\n<p>La demande incessante d\u2019une rentabilit\u00e9 \u00e0 court-terme a rendu notre soci\u00e9t\u00e9 d\u00e9pendante au p\u00e9trole, au gaz, et au charbon pour chaque geste du quotidien. Tant et si bien que ces \u00e9nergies repr\u00e9sentent encore&nbsp;<a href=\"https:\/\/www.connaissancedesenergies.org\/bp-statistical-review-world-energy-2022-les-chiffres-cles-de-lenergie-dans-le-monde-220629\">87% de la consommation d\u2019\u00e9nergie mondiale<\/a>&nbsp;et environ&nbsp;<a href=\"https:\/\/ec.europa.eu\/eurostat\/fr\/web\/products-eurostat-news\/w\/DDN-20230130-1\">75% au Grand-Duch\u00e9 de Luxembourg<\/a>.<\/p>\n\n\n\n<p>S\u00e9cheresse, inondations, catastrophes m\u00e9t\u00e9orologiques, effondrement de la biodiversit\u00e9\u2026 sont autant de signaux que nous percevons autour du globe, y compris au Luxembourg. Ce sont les signaux de notre impact collectif trop important sur la nature.<\/p>\n\n\n\n<p>Devons-nous continuer de tirer la corde, jusqu\u2019\u00e0 ce que la crise climatique ou autres nous m\u00e8ne droit dans le mur ?<\/p>\n\n\n\n<p>L\u2019histoire nous a prouv\u00e9 que nous \u00e9tions capables de vivre ensemble autrement et de vivre dans un autre syst\u00e8me socio-\u00e9conomique. Nous avons un r\u00f4le \u00e0 jouer m\u00eame ici, au Luxembourg.<\/p>\n\n\n\n<p>Si nous parvenons \u00e0 recentrer nos activit\u00e9s, nos d\u00e9cisions et ce qui a de l\u2019importance pour nos vies, nous pourrons avoir un impact global. Le Luxembourg, gr\u00e2ce \u00e0 sa petite taille, peut servir de pionnier en la mati\u00e8re : nous disposons des ressources n\u00e9cessaires (humaines, naturelles, financi\u00e8res) pour montrer la voie \u00e0 prendre pour un monde occidental plus durable !<\/p>\n\n\n\n<p>Nous devons apprendre des crises \u00e9conomiques, sanitaires, climatiques et sociales, et prendre en main notre avenir et celui de nos enfants !<\/p>\n\n\n\n<div style=\"height:24px\" aria-hidden=\"true\" class=\"wp-block-spacer\"><\/div>\n\n\n\n<div class=\"wp-block-buttons is-layout-flex wp-block-buttons-is-layout-flex\">\n<div class=\"wp-block-button\"><a class=\"wp-block-button__link wp-element-button\" href=\"#top\">Je signe la p\u00e9tition<\/a><\/div>\n<\/div>\n<\/div><\/div>\n\n<\/div>\n<\/div>\n<\/div>\n\n<style>\n\n\/* DISCLAIMER *\/\n\n.form-disclaimer p, .champs-obligatoires-label {\nline-height:1.1em;\ncolor:grey;\nfont-size: 0.8em;\nfont-family:'Roboto';\n}\n\n\/* DATE SELECT *\/\n\n.gform_wrapper.gravity-theme .ginput_complex .ginput_container_date input, .gform_wrapper.gravity-theme .ginput_complex .ginput_container_date select {\npadding: 1em;\nmin-width: 100px;\n}\n\n\/* CTA GRAVITYFORM *\/\n\n.base-button, .button.base-button, .gform_wrapper.gravity-theme .base-button, .gform_wrapper.gravity-theme .button.base-button .gform_wrapper.gravity-theme .button.base-button[type=button], .gform_wrapper.gravity-theme .button.base-button[type=submit] {\npadding: 1rem;\nborder-radius: 0px;\n}\n\n\n.gform_wrapper.gravity-theme #field_submit .gform-button--width-full, .gform_wrapper.gravity-theme .gform_footer .gform-button--width-full:hover {\nborder-radius: 0px;\nbackground-color: white;\ncolor:red;\npadding: 1rem !important;\nborder: 3px solid red;\n}\n\n<\/style>\n","protected":false},"excerpt":{"rendered":"<p>Nous ne pouvons pas continuer \u00e0 surconsommer les ressources de notre plan\u00e8te : les cons\u00e9quences sociales et \u00e9cologiques ne font que s\u2019aggraver. Pour garantir les droits humains \u00e0 l\u2019ensemble de la population mondiale, nous devons repenser notre fa\u00e7on de vivre ensemble en mettant d\u2019autres valeurs au centre de nos collectivit\u00e9s. Notre syst\u00e8me politique et \u00e9conomique doit changer, pour un meilleur respect des limites de notre plan\u00e8te et une r\u00e9partition \u00e9quitable de ses richesses.   <\/p>\n","protected":false},"author":20,"featured_media":14196,"menu_order":0,"template":"","meta":{"ep_exclude_from_search":false,"action_button_text":"Je signe \u2712\ufe0f","action_button_accessibility_text":"Take action","actions_task_type":"","actions_deadline":"","nav_type":"","p4_hide_page_title_checkbox":"on","p4_og_title":"P\u00e9tition | Reconstruisons demain : l\u2019humanit\u00e9 et l\u2019environnement au premier plan !","p4_og_description":"Notre mod\u00e8le de surconsommation \u00e9puise la plan\u00e8te. Greenpeace appelle \u00e0 repenser notre soci\u00e9t\u00e9 pour respecter les droits humains.","p4_og_image":"https:\/\/www.greenpeace.org\/static\/planet4-luxembourg-stateless\/2022\/04\/90bfcd01-gp1sx8cl_medium_res.jpg","p4_og_image_id":"14196","p4_seo_canonical_url":"","p4_campaign_name":"","p4_local_project":"","p4_basket_name":"","p4_department":"","footnotes":""},"categories":[41],"tags":[37],"action-type":[105],"class_list":["post-18293","p4_action","type-p4_action","status-publish","has-post-thumbnail","hentry","category-climat","tag-changementclimatique","action-type-petition"],"yoast_head":"<!-- This site is optimized with the Yoast SEO Premium plugin v23.9 (Yoast SEO v23.9) - https:\/\/yoast.com\/wordpress\/plugins\/seo\/ -->\n<title>P\u00e9tition | Reconstruisons demain : l\u2019humanit\u00e9 et l\u2019environnement<\/title>\n<meta name=\"description\" content=\"Notre mod\u00e8le de surconsommation \u00e9puise la plan\u00e8te. Cette p\u00e9tition appelle \u00e0 repenser notre soci\u00e9t\u00e9 pour respecter les droits humains.\" \/>\n<meta name=\"robots\" content=\"index, follow, max-snippet:-1, max-image-preview:large, max-video-preview:-1\" \/>\n<link rel=\"canonical\" href=\"https:\/\/www.greenpeace.org\/luxembourg\/fr\/petition\/system-change\/\" \/>\n<meta property=\"og:locale\" content=\"fr_FR\" \/>\n<meta property=\"og:type\" content=\"article\" \/>\n<meta property=\"og:title\" content=\"P\u00e9tition | Reconstruisons demain : l\u2019humanit\u00e9 et l\u2019environnement au premier plan !\" \/>\n<meta property=\"og:description\" content=\"Notre mod\u00e8le de surconsommation \u00e9puise la plan\u00e8te. Cette p\u00e9tition appelle \u00e0 repenser notre soci\u00e9t\u00e9 pour respecter les droits humains.\" \/>\n<meta property=\"og:url\" content=\"https:\/\/www.greenpeace.org\/luxembourg\/fr\/petition\/system-change\/\" \/>\n<meta property=\"og:site_name\" content=\"Greenpeace Luxembourg\" \/>\n<meta property=\"article:publisher\" content=\"https:\/\/www.facebook.com\/greenpeaceluxembourg\" \/>\n<meta property=\"article:modified_time\" content=\"2026-03-12T09:58:57+00:00\" \/>\n<meta property=\"og:image\" content=\"https:\/\/www.greenpeace.org\/static\/planet4-luxembourg-stateless\/2022\/04\/90bfcd01-gp1sx8cl_medium_res.jpg\" \/>\n\t<meta property=\"og:image:width\" content=\"1200\" \/>\n\t<meta property=\"og:image:height\" content=\"800\" \/>\n\t<meta property=\"og:image:type\" content=\"image\/jpeg\" \/>\n<meta name=\"twitter:card\" content=\"summary_large_image\" \/>\n<meta name=\"twitter:label1\" content=\"Est. reading time\" \/>\n\t<meta name=\"twitter:data1\" content=\"4 minutes\" \/>\n<script type=\"application\/ld+json\" class=\"yoast-schema-graph\">{\"@context\":\"https:\/\/schema.org\",\"@graph\":[{\"@type\":\"WebPage\",\"@id\":\"https:\/\/www.greenpeace.org\/luxembourg\/fr\/petition\/system-change\/\",\"url\":\"https:\/\/www.greenpeace.org\/luxembourg\/fr\/petition\/system-change\/\",\"name\":\"P\u00e9tition | Reconstruisons demain : l\u2019humanit\u00e9 et l\u2019environnement\",\"isPartOf\":{\"@id\":\"https:\/\/www.greenpeace.org\/luxembourg\/fr\/#website\"},\"primaryImageOfPage\":{\"@id\":\"https:\/\/www.greenpeace.org\/luxembourg\/fr\/petition\/system-change\/#primaryimage\"},\"image\":{\"@id\":\"https:\/\/www.greenpeace.org\/luxembourg\/fr\/petition\/system-change\/#primaryimage\"},\"thumbnailUrl\":\"https:\/\/www.greenpeace.org\/static\/planet4-luxembourg-stateless\/2022\/04\/90bfcd01-gp1sx8cl_medium_res.jpg\",\"datePublished\":\"2023-05-11T07:44:49+00:00\",\"dateModified\":\"2026-03-12T09:58:57+00:00\",\"description\":\"Notre mod\u00e8le de surconsommation \u00e9puise la plan\u00e8te. Cette p\u00e9tition appelle \u00e0 repenser notre soci\u00e9t\u00e9 pour respecter les droits humains.\",\"breadcrumb\":{\"@id\":\"https:\/\/www.greenpeace.org\/luxembourg\/fr\/petition\/system-change\/#breadcrumb\"},\"inLanguage\":\"fr-LU\",\"potentialAction\":[{\"@type\":\"ReadAction\",\"target\":[\"https:\/\/www.greenpeace.org\/luxembourg\/fr\/petition\/system-change\/\"]}]},{\"@type\":\"ImageObject\",\"inLanguage\":\"fr-LU\",\"@id\":\"https:\/\/www.greenpeace.org\/luxembourg\/fr\/petition\/system-change\/#primaryimage\",\"url\":\"https:\/\/www.greenpeace.org\/static\/planet4-luxembourg-stateless\/2022\/04\/90bfcd01-gp1sx8cl_medium_res.jpg\",\"contentUrl\":\"https:\/\/www.greenpeace.org\/static\/planet4-luxembourg-stateless\/2022\/04\/90bfcd01-gp1sx8cl_medium_res.jpg\",\"width\":1200,\"height\":800,\"caption\":\"\u00a9 Fr\u00e9d\u00e9ric Meys und Sara Poz\u00e0 Alvarez \/ Greenpeace\"},{\"@type\":\"BreadcrumbList\",\"@id\":\"https:\/\/www.greenpeace.org\/luxembourg\/fr\/petition\/system-change\/#breadcrumb\",\"itemListElement\":[{\"@type\":\"ListItem\",\"position\":1,\"name\":\"Home\",\"item\":\"https:\/\/www.greenpeace.org\/luxembourg\/fr\/\"},{\"@type\":\"ListItem\",\"position\":2,\"name\":\"Actions\",\"item\":\"https:\/\/www.greenpeace.org\/luxembourg\/fr\/%action_type%\/\"},{\"@type\":\"ListItem\",\"position\":3,\"name\":\"P\u00e9tition | Reconstruisons demain : l\u2019humanit\u00e9 et l\u2019environnement au premier plan !\"}]},{\"@type\":\"WebSite\",\"@id\":\"https:\/\/www.greenpeace.org\/luxembourg\/fr\/#website\",\"url\":\"https:\/\/www.greenpeace.org\/luxembourg\/fr\/\",\"name\":\"Greenpeace Luxembourg\",\"description\":\"Greenpeace existe parce que cette Terre fragile a besoin d&#039;une voix. Elle a besoin de solutions. De changement. D&#039;actions.\",\"publisher\":{\"@id\":\"https:\/\/www.greenpeace.org\/luxembourg\/fr\/#organization\"},\"potentialAction\":[{\"@type\":\"SearchAction\",\"target\":{\"@type\":\"EntryPoint\",\"urlTemplate\":\"https:\/\/www.greenpeace.org\/luxembourg\/fr\/?s={search_term_string}\"},\"query-input\":{\"@type\":\"PropertyValueSpecification\",\"valueRequired\":true,\"valueName\":\"search_term_string\"}}],\"inLanguage\":\"fr-LU\"},{\"@type\":\"Organization\",\"@id\":\"https:\/\/www.greenpeace.org\/luxembourg\/fr\/#organization\",\"name\":\"Greenpeace Luxembourg\",\"url\":\"https:\/\/www.greenpeace.org\/luxembourg\/fr\/\",\"logo\":{\"@type\":\"ImageObject\",\"inLanguage\":\"fr-LU\",\"@id\":\"https:\/\/www.greenpeace.org\/luxembourg\/fr\/#\/schema\/logo\/image\/\",\"url\":\"https:\/\/www.greenpeace.org\/static\/planet4-luxembourg-stateless\/2026\/03\/3e367f94-greenpeace_logo_green_rgb.png\",\"contentUrl\":\"https:\/\/www.greenpeace.org\/static\/planet4-luxembourg-stateless\/2026\/03\/3e367f94-greenpeace_logo_green_rgb.png\",\"width\":1080,\"height\":175,\"caption\":\"Greenpeace Luxembourg\"},\"image\":{\"@id\":\"https:\/\/www.greenpeace.org\/luxembourg\/fr\/#\/schema\/logo\/image\/\"},\"sameAs\":[\"https:\/\/www.facebook.com\/greenpeaceluxembourg\",\"https:\/\/www.instagram.com\/greenpeacelux\/\",\"https:\/\/www.linkedin.com\/company\/greenpeace-luxembourg\/\",\"https:\/\/www.threads.com\/@greenpeacelux\",\"https:\/\/bsky.app\/profile\/greenpeacelux.bsky.social\",\"https:\/\/www.youtube.com\/@GreenpeaceLux\",\"https:\/\/www.tiktok.com\/@greenpeace_lux\"]}]}<\/script>\n<!-- \/ Yoast SEO Premium plugin. -->","yoast_head_json":{"title":"P\u00e9tition | Reconstruisons demain : l\u2019humanit\u00e9 et l\u2019environnement","description":"Notre mod\u00e8le de surconsommation \u00e9puise la plan\u00e8te. Cette p\u00e9tition appelle \u00e0 repenser notre soci\u00e9t\u00e9 pour respecter les droits humains.","robots":{"index":"index","follow":"follow","max-snippet":"max-snippet:-1","max-image-preview":"max-image-preview:large","max-video-preview":"max-video-preview:-1"},"canonical":"https:\/\/www.greenpeace.org\/luxembourg\/fr\/petition\/system-change\/","og_locale":"fr_FR","og_type":"article","og_title":"P\u00e9tition | Reconstruisons demain : l\u2019humanit\u00e9 et l\u2019environnement au premier plan !","og_description":"Notre mod\u00e8le de surconsommation \u00e9puise la plan\u00e8te. Cette p\u00e9tition appelle \u00e0 repenser notre soci\u00e9t\u00e9 pour respecter les droits humains.","og_url":"https:\/\/www.greenpeace.org\/luxembourg\/fr\/petition\/system-change\/","og_site_name":"Greenpeace Luxembourg","article_publisher":"https:\/\/www.facebook.com\/greenpeaceluxembourg","article_modified_time":"2026-03-12T09:58:57+00:00","og_image":[{"width":1200,"height":800,"url":"https:\/\/www.greenpeace.org\/static\/planet4-luxembourg-stateless\/2022\/04\/90bfcd01-gp1sx8cl_medium_res.jpg","type":"image\/jpeg"}],"twitter_card":"summary_large_image","twitter_misc":{"Est. reading time":"4 minutes"},"schema":{"@context":"https:\/\/schema.org","@graph":[{"@type":"WebPage","@id":"https:\/\/www.greenpeace.org\/luxembourg\/fr\/petition\/system-change\/","url":"https:\/\/www.greenpeace.org\/luxembourg\/fr\/petition\/system-change\/","name":"P\u00e9tition | Reconstruisons demain : l\u2019humanit\u00e9 et l\u2019environnement","isPartOf":{"@id":"https:\/\/www.greenpeace.org\/luxembourg\/fr\/#website"},"primaryImageOfPage":{"@id":"https:\/\/www.greenpeace.org\/luxembourg\/fr\/petition\/system-change\/#primaryimage"},"image":{"@id":"https:\/\/www.greenpeace.org\/luxembourg\/fr\/petition\/system-change\/#primaryimage"},"thumbnailUrl":"https:\/\/www.greenpeace.org\/static\/planet4-luxembourg-stateless\/2022\/04\/90bfcd01-gp1sx8cl_medium_res.jpg","datePublished":"2023-05-11T07:44:49+00:00","dateModified":"2026-03-12T09:58:57+00:00","description":"Notre mod\u00e8le de surconsommation \u00e9puise la plan\u00e8te. Cette p\u00e9tition appelle \u00e0 repenser notre soci\u00e9t\u00e9 pour respecter les droits humains.","breadcrumb":{"@id":"https:\/\/www.greenpeace.org\/luxembourg\/fr\/petition\/system-change\/#breadcrumb"},"inLanguage":"fr-LU","potentialAction":[{"@type":"ReadAction","target":["https:\/\/www.greenpeace.org\/luxembourg\/fr\/petition\/system-change\/"]}]},{"@type":"ImageObject","inLanguage":"fr-LU","@id":"https:\/\/www.greenpeace.org\/luxembourg\/fr\/petition\/system-change\/#primaryimage","url":"https:\/\/www.greenpeace.org\/static\/planet4-luxembourg-stateless\/2022\/04\/90bfcd01-gp1sx8cl_medium_res.jpg","contentUrl":"https:\/\/www.greenpeace.org\/static\/planet4-luxembourg-stateless\/2022\/04\/90bfcd01-gp1sx8cl_medium_res.jpg","width":1200,"height":800,"caption":"\u00a9 Fr\u00e9d\u00e9ric Meys und Sara Poz\u00e0 Alvarez \/ Greenpeace"},{"@type":"BreadcrumbList","@id":"https:\/\/www.greenpeace.org\/luxembourg\/fr\/petition\/system-change\/#breadcrumb","itemListElement":[{"@type":"ListItem","position":1,"name":"Home","item":"https:\/\/www.greenpeace.org\/luxembourg\/fr\/"},{"@type":"ListItem","position":2,"name":"Actions","item":"https:\/\/www.greenpeace.org\/luxembourg\/fr\/%action_type%\/"},{"@type":"ListItem","position":3,"name":"P\u00e9tition | Reconstruisons demain : l\u2019humanit\u00e9 et l\u2019environnement au premier plan !"}]},{"@type":"WebSite","@id":"https:\/\/www.greenpeace.org\/luxembourg\/fr\/#website","url":"https:\/\/www.greenpeace.org\/luxembourg\/fr\/","name":"Greenpeace Luxembourg","description":"Greenpeace existe parce que cette Terre fragile a besoin d&#039;une voix. Elle a besoin de solutions. De changement. D&#039;actions.","publisher":{"@id":"https:\/\/www.greenpeace.org\/luxembourg\/fr\/#organization"},"potentialAction":[{"@type":"SearchAction","target":{"@type":"EntryPoint","urlTemplate":"https:\/\/www.greenpeace.org\/luxembourg\/fr\/?s={search_term_string}"},"query-input":{"@type":"PropertyValueSpecification","valueRequired":true,"valueName":"search_term_string"}}],"inLanguage":"fr-LU"},{"@type":"Organization","@id":"https:\/\/www.greenpeace.org\/luxembourg\/fr\/#organization","name":"Greenpeace Luxembourg","url":"https:\/\/www.greenpeace.org\/luxembourg\/fr\/","logo":{"@type":"ImageObject","inLanguage":"fr-LU","@id":"https:\/\/www.greenpeace.org\/luxembourg\/fr\/#\/schema\/logo\/image\/","url":"https:\/\/www.greenpeace.org\/static\/planet4-luxembourg-stateless\/2026\/03\/3e367f94-greenpeace_logo_green_rgb.png","contentUrl":"https:\/\/www.greenpeace.org\/static\/planet4-luxembourg-stateless\/2026\/03\/3e367f94-greenpeace_logo_green_rgb.png","width":1080,"height":175,"caption":"Greenpeace Luxembourg"},"image":{"@id":"https:\/\/www.greenpeace.org\/luxembourg\/fr\/#\/schema\/logo\/image\/"},"sameAs":["https:\/\/www.facebook.com\/greenpeaceluxembourg","https:\/\/www.instagram.com\/greenpeacelux\/","https:\/\/www.linkedin.com\/company\/greenpeace-luxembourg\/","https:\/\/www.threads.com\/@greenpeacelux","https:\/\/bsky.app\/profile\/greenpeacelux.bsky.social","https:\/\/www.youtube.com\/@GreenpeaceLux","https:\/\/www.tiktok.com\/@greenpeace_lux"]}]}},"_links":{"self":[{"href":"https:\/\/www.greenpeace.org\/luxembourg\/fr\/wp-json\/wp\/v2\/p4_action\/18293","targetHints":{"allow":["GET"]}}],"collection":[{"href":"https:\/\/www.greenpeace.org\/luxembourg\/fr\/wp-json\/wp\/v2\/p4_action"}],"about":[{"href":"https:\/\/www.greenpeace.org\/luxembourg\/fr\/wp-json\/wp\/v2\/types\/p4_action"}],"author":[{"embeddable":true,"href":"https:\/\/www.greenpeace.org\/luxembourg\/fr\/wp-json\/wp\/v2\/users\/20"}],"version-history":[{"count":10,"href":"https:\/\/www.greenpeace.org\/luxembourg\/fr\/wp-json\/wp\/v2\/p4_action\/18293\/revisions"}],"predecessor-version":[{"id":27600,"href":"https:\/\/www.greenpeace.org\/luxembourg\/fr\/wp-json\/wp\/v2\/p4_action\/18293\/revisions\/27600"}],"wp:featuredmedia":[{"embeddable":true,"href":"https:\/\/www.greenpeace.org\/luxembourg\/fr\/wp-json\/wp\/v2\/media\/14196"}],"wp:attachment":[{"href":"https:\/\/www.greenpeace.org\/luxembourg\/fr\/wp-json\/wp\/v2\/media?parent=18293"}],"wp:term":[{"taxonomy":"category","embeddable":true,"href":"https:\/\/www.greenpeace.org\/luxembourg\/fr\/wp-json\/wp\/v2\/categories?post=18293"},{"taxonomy":"post_tag","embeddable":true,"href":"https:\/\/www.greenpeace.org\/luxembourg\/fr\/wp-json\/wp\/v2\/tags?post=18293"},{"taxonomy":"action-type","embeddable":true,"href":"https:\/\/www.greenpeace.org\/luxembourg\/fr\/wp-json\/wp\/v2\/action-type?post=18293"}],"curies":[{"name":"wp","href":"https:\/\/api.w.org\/{rel}","templated":true}]}}