{"id":23824,"date":"2025-03-06T14:59:01","date_gmt":"2025-03-06T12:59:01","guid":{"rendered":"https:\/\/www.greenpeace.org\/luxembourg\/?post_type=p4_action&#038;p=23824"},"modified":"2026-03-12T12:25:56","modified_gmt":"2026-03-12T10:25:56","slug":"ue-mercosur","status":"publish","type":"p4_action","link":"https:\/\/www.greenpeace.org\/luxembourg\/fr\/petition\/ue-mercosur\/","title":{"rendered":"P\u00e9tition | UE-Mercosur"},"content":{"rendered":"\n\n<div class=\"wp-block-group block is-layout-flow wp-block-group-is-layout-flow\">\n<div class=\"wp-block-group alignfull has-white-background-color has-background is-layout-flow wp-block-group-is-layout-flow\" style=\"padding-top:80px;padding-bottom:50px\">\n<div class=\"wp-block-group container is-layout-flow wp-block-group-is-layout-flow\">\n<div class=\"wp-block-media-text alignfull is-stacked-on-mobile is-image-fill-element is-style-parallax\" style=\"grid-template-columns:56% auto\" id=\"form\"><figure  class=\"wp-block-media-text__media\"><img loading=\"lazy\" decoding=\"async\" width=\"1200\" height=\"800\" alt=\"Support Action for Farmers in Paris. \u00a9 Robin Jehl \/ Greenpeace\" src=\"https:\/\/www.greenpeace.org\/static\/planet4-luxembourg-stateless\/2025\/03\/196090ab-gp0stzhh4.jpg\" style=\"object-position:50% 50%;\" sizes=\"auto, (min-width: 601px) 56vw, 100vw\" srcset=\"https:\/\/www.greenpeace.org\/static\/planet4-luxembourg-stateless\/2025\/03\/196090ab-gp0stzhh4.jpg 1200w, https:\/\/www.greenpeace.org\/static\/planet4-luxembourg-stateless\/2025\/03\/196090ab-gp0stzhh4-300x200.jpg 300w, https:\/\/www.greenpeace.org\/static\/planet4-luxembourg-stateless\/2025\/03\/196090ab-gp0stzhh4-1024x683.jpg 1024w, https:\/\/www.greenpeace.org\/static\/planet4-luxembourg-stateless\/2025\/03\/196090ab-gp0stzhh4-768x512.jpg 768w, https:\/\/www.greenpeace.org\/static\/planet4-luxembourg-stateless\/2025\/03\/196090ab-gp0stzhh4-510x340.jpg 510w\" class=\"wp-image-23880 size-full\"><img loading=\"lazy\" decoding=\"async\" width=\"1024\" height=\"683\" src=\"https:\/\/www.greenpeace.org\/static\/planet4-luxembourg-stateless\/2025\/03\/196090ab-gp0stzhh4-1024x683.jpg\" alt=\"Support Action for Farmers in Paris. \u00a9 Robin Jehl \/ Greenpeace\" sizes=\"auto, (min-width: 601px) 56vw, 100vw\" srcset=\"https:\/\/www.greenpeace.org\/static\/planet4-luxembourg-stateless\/2025\/03\/196090ab-gp0stzhh4.jpg 1200w, https:\/\/www.greenpeace.org\/static\/planet4-luxembourg-stateless\/2025\/03\/196090ab-gp0stzhh4-300x200.jpg 300w, https:\/\/www.greenpeace.org\/static\/planet4-luxembourg-stateless\/2025\/03\/196090ab-gp0stzhh4-1024x683.jpg 1024w, https:\/\/www.greenpeace.org\/static\/planet4-luxembourg-stateless\/2025\/03\/196090ab-gp0stzhh4-768x512.jpg 768w, https:\/\/www.greenpeace.org\/static\/planet4-luxembourg-stateless\/2025\/03\/196090ab-gp0stzhh4-510x340.jpg 510w\" class=\"wp-image-23880 size-full\" style=\"object-position:50% 50%\"\/><\/figure><div class=\"wp-block-media-text__content\">\n<div style=\"height:31px\" aria-hidden=\"true\" class=\"wp-block-spacer\"><\/div>\n\n\n<script type=\"text\/javascript\">\n\/* <![CDATA[ *\/\nvar gform;gform||(document.addEventListener(\"gform_main_scripts_loaded\",function(){gform.scriptsLoaded=!0}),document.addEventListener(\"gform\/theme\/scripts_loaded\",function(){gform.themeScriptsLoaded=!0}),window.addEventListener(\"DOMContentLoaded\",function(){gform.domLoaded=!0}),gform={domLoaded:!1,scriptsLoaded:!1,themeScriptsLoaded:!1,isFormEditor:()=>\"function\"==typeof InitializeEditor,callIfLoaded:function(o){return!(!gform.domLoaded||!gform.scriptsLoaded||!gform.themeScriptsLoaded&&!gform.isFormEditor()||(gform.isFormEditor()&&console.warn(\"The use of gform.initializeOnLoaded() is deprecated in the form editor context and will be removed in Gravity Forms 3.1.\"),o(),0))},initializeOnLoaded:function(o){gform.callIfLoaded(o)||(document.addEventListener(\"gform_main_scripts_loaded\",()=>{gform.scriptsLoaded=!0,gform.callIfLoaded(o)}),document.addEventListener(\"gform\/theme\/scripts_loaded\",()=>{gform.themeScriptsLoaded=!0,gform.callIfLoaded(o)}),window.addEventListener(\"DOMContentLoaded\",()=>{gform.domLoaded=!0,gform.callIfLoaded(o)}))},hooks:{action:{},filter:{}},addAction:function(o,r,e,t){gform.addHook(\"action\",o,r,e,t)},addFilter:function(o,r,e,t){gform.addHook(\"filter\",o,r,e,t)},doAction:function(o){gform.doHook(\"action\",o,arguments)},applyFilters:function(o){return gform.doHook(\"filter\",o,arguments)},removeAction:function(o,r){gform.removeHook(\"action\",o,r)},removeFilter:function(o,r,e){gform.removeHook(\"filter\",o,r,e)},addHook:function(o,r,e,t,n){null==gform.hooks[o][r]&&(gform.hooks[o][r]=[]);var d=gform.hooks[o][r];null==n&&(n=r+\"_\"+d.length),gform.hooks[o][r].push({tag:n,callable:e,priority:t=null==t?10:t})},doHook:function(r,o,e){var t;if(e=Array.prototype.slice.call(e,1),null!=gform.hooks[r][o]&&((o=gform.hooks[r][o]).sort(function(o,r){return o.priority-r.priority}),o.forEach(function(o){\"function\"!=typeof(t=o.callable)&&(t=window[t]),\"action\"==r?t.apply(null,e):e[0]=t.apply(null,e)})),\"filter\"==r)return e[0]},removeHook:function(o,r,t,n){var e;null!=gform.hooks[o][r]&&(e=(e=gform.hooks[o][r]).filter(function(o,r,e){return!!(null!=n&&n!=o.tag||null!=t&&t!=o.priority)}),gform.hooks[o][r]=e)}});\n\/* ]]> *\/\n<\/script>\n<div class=\"gpfgf_wrapper\">\n                <div class='gf_browser_gecko gform_wrapper gravity-theme gform-theme--no-framework with-floating-label_wrapper' data-form-theme='gravity-theme' data-form-index='0' id='gform_wrapper_80' ><div id='gf_80' class='gform_anchor' tabindex='-1'><\/div><form method='post' enctype='multipart\/form-data' target='gform_ajax_frame_80' id='gform_80' class=' with-floating-label' action='\/luxembourg\/fr\/wp-json\/wp\/v2\/p4_action\/23824#gf_80' data-formid='80' novalidate>\n                        <div class='gform-body gform_body'><div id='gform_fields_80' class='gform_fields top_label form_sublabel_above description_above validation_below'><div id=\"field_80_16\" class=\"gfield gfield--type-honeypot gform_validation_container field_sublabel_above gfield--has-description field_description_above field_validation_below gfield_visibility_visible gfgpf-elements-honeypot \"  data-field-class=\"gfgpf-elements-honeypot\" ><label class='gfield_label gform-field-label' for='input_80_16'>Company<\/label><div class='gfield_description' id='gfield_description_80_16'>This field is for validation purposes and should be left unchanged.<\/div><div class='ginput_container'><input name='input_16' id='input_80_16' type='text' value='' autocomplete='new-password'\/><\/div><\/div><div id=\"field_80_14\" class=\"gfield gfield--type-html gfield--input-type-html gfield--width-full gfield_html gfield_html_formatted gfield_no_follows_desc field_sublabel_above gfield--no-description field_description_above field_validation_below gfield_visibility_visible gfgpf-elements-html \"  data-field-class=\"gfgpf-elements-html\" ><h2>Le Luxembourg doit s\u2019opposer au trait\u00e9 UE-MERCOSUR !<\/h2><\/div><div id=\"field_80_15\" class=\"gfield gfield--type-html gfield--input-type-html gfield--width-full gfield_html gfield_html_formatted gfield_no_follows_desc field_sublabel_above gfield--no-description field_description_above field_validation_below gfield_visibility_visible gfgpf-elements-html \"  data-field-class=\"gfgpf-elements-html\" ><p>Cet accord climaticide entre l\u2019Union Europ\u00e9enne et plusieurs pays d\u2019Am\u00e9rique latine menace l\u2019Amazonie, les communaut\u00e9s autochtones locales et les agriculteurs et agricultrices en Europe.<\/p><\/div><div id=\"field_80_3\" class=\"gfield gfield--type-gp_first_name gfield--input-type-gp_first_name gfield--width-full gfield_contains_required field_sublabel_above gfield--no-description field_description_above field_validation_below gfield_visibility_visible gfgpf-elements-gp_first_name \"  data-field-class=\"gfgpf-elements-gp_first_name\" ><label class='gfield_label gform-field-label' for='input_80_3'>Pr\u00e9nom<span class=\"gfield_required\"><span class=\"gfield_required gfield_required_text\">(Required)<\/span><\/span><\/label><div class='ginput_container ginput_container_text'><input data-hj-masked name='input_3' id='input_80_3' type='text' value='' class='large' maxlength='40'    aria-required=\"true\" aria-invalid=\"false\"   \/><\/div><\/div><div id=\"field_80_4\" class=\"gfield gfield--type-gp_last_name gfield--input-type-gp_last_name gfield--width-full gfield_contains_required field_sublabel_above gfield--no-description field_description_above field_validation_below gfield_visibility_visible gfgpf-elements-gp_last_name \"  data-field-class=\"gfgpf-elements-gp_last_name\" ><label class='gfield_label gform-field-label' for='input_80_4'>Nom<span class=\"gfield_required\"><span class=\"gfield_required gfield_required_text\">(Required)<\/span><\/span><\/label><div class='ginput_container ginput_container_text'><input data-hj-masked name='input_4' id='input_80_4' type='text' value='' class='large' maxlength='80'    aria-required=\"true\" aria-invalid=\"false\"   \/><\/div><\/div><div id=\"field_80_2\" class=\"gfield gfield--type-email gfield--input-type-email gfield_contains_required field_sublabel_above gfield--no-description field_description_above field_validation_below gfield_visibility_visible gfgpf-elements-email \"  data-field-class=\"gfgpf-elements-email\" ><label class='gfield_label gform-field-label' for='input_80_2'>Email<span class=\"gfield_required\"><span class=\"gfield_required gfield_required_text\">(Required)<\/span><\/span><\/label><div class='ginput_container ginput_container_email'>\n                            <input maxlength=\"80\" data-hj-masked name='input_2' id='input_80_2' type='email' value='' class='large'    aria-required=\"true\" aria-invalid=\"false\"  \/>\n                        <\/div><\/div><div id=\"field_80_6\" class=\"gfield gfield--type-phone gfield--input-type-phone gfield--width-full field_sublabel_above gfield--no-description field_description_above field_validation_below gfield_visibility_visible gfgpf-elements-phone \"  data-field-class=\"gfgpf-elements-phone\" ><label class='gfield_label gform-field-label' for='input_80_6'>T\u00e9l\u00e9phone<\/label><div class='ginput_container ginput_container_phone'><input data-hj-masked name='input_6' id='input_80_6' type='tel' value='' class='large'    aria-invalid=\"false\"   \/><\/div><\/div><fieldset id=\"field_80_5\" class=\"gfield gfield--type-date gfield--input-type-date gfield--input-type-datedropdown gfield--width-full gfield_contains_required field_sublabel_above gfield--no-description field_description_above field_validation_below gfield_visibility_visible gfgpf-elements-date \"  data-field-class=\"gfgpf-elements-date\" ><legend class='gfield_label gform-field-label' >Date de naissance<span class=\"gfield_required\"><span class=\"gfield_required gfield_required_text\">(Required)<\/span><\/span><\/legend><div id='input_80_5' class='ginput_container ginput_complex gform-grid-row'><div class='gfield_date_dropdown_day ginput_container ginput_container_date gform-grid-col' id='input_80_5_2_container'><label for='input_80_5_2' class='gform-field-label gform-field-label--type-sub hidden_sub_label screen-reader-text'>Day<\/label><select name='input_5[]' id='input_80_5_2'   aria-required='true'  ><option value=''>Day<\/option><option value='1' >1<\/option><option value='2' >2<\/option><option value='3' >3<\/option><option value='4' >4<\/option><option value='5' >5<\/option><option value='6' >6<\/option><option value='7' >7<\/option><option value='8' >8<\/option><option value='9' >9<\/option><option value='10' >10<\/option><option value='11' >11<\/option><option value='12' >12<\/option><option value='13' >13<\/option><option value='14' >14<\/option><option value='15' >15<\/option><option value='16' >16<\/option><option value='17' >17<\/option><option value='18' >18<\/option><option value='19' >19<\/option><option value='20' >20<\/option><option value='21' >21<\/option><option value='22' >22<\/option><option value='23' >23<\/option><option value='24' >24<\/option><option value='25' >25<\/option><option value='26' >26<\/option><option value='27' >27<\/option><option value='28' >28<\/option><option value='29' >29<\/option><option value='30' >30<\/option><option value='31' >31<\/option><\/select><\/div><div class='gfield_date_dropdown_month ginput_container ginput_container_date gform-grid-col' id='input_80_5_1_container'><label for='input_80_5_1' class='gform-field-label gform-field-label--type-sub hidden_sub_label screen-reader-text'>Month<\/label><select name='input_5[]' id='input_80_5_1'   aria-required='true'  ><option value=''>Month<\/option><option value='1' >1<\/option><option value='2' >2<\/option><option value='3' >3<\/option><option value='4' >4<\/option><option value='5' >5<\/option><option value='6' >6<\/option><option value='7' >7<\/option><option value='8' >8<\/option><option value='9' >9<\/option><option value='10' >10<\/option><option value='11' >11<\/option><option value='12' >12<\/option><\/select><\/div><div class='gfield_date_dropdown_year ginput_container ginput_container_date gform-grid-col' id='input_80_5_3_container'><label for='input_80_5_3' class='gform-field-label gform-field-label--type-sub hidden_sub_label screen-reader-text'>Year<\/label><select name='input_5[]' id='input_80_5_3'   aria-required='true'  ><option value=''>Year<\/option><option value='2027' >2027<\/option><option value='2026' >2026<\/option><option value='2025' >2025<\/option><option value='2024' >2024<\/option><option value='2023' >2023<\/option><option value='2022' >2022<\/option><option value='2021' >2021<\/option><option value='2020' >2020<\/option><option value='2019' >2019<\/option><option value='2018' >2018<\/option><option value='2017' >2017<\/option><option value='2016' >2016<\/option><option value='2015' >2015<\/option><option value='2014' >2014<\/option><option value='2013' >2013<\/option><option value='2012' >2012<\/option><option value='2011' >2011<\/option><option value='2010' >2010<\/option><option value='2009' >2009<\/option><option value='2008' >2008<\/option><option value='2007' >2007<\/option><option value='2006' >2006<\/option><option value='2005' >2005<\/option><option value='2004' >2004<\/option><option value='2003' >2003<\/option><option value='2002' >2002<\/option><option value='2001' >2001<\/option><option value='2000' >2000<\/option><option value='1999' >1999<\/option><option value='1998' >1998<\/option><option value='1997' >1997<\/option><option value='1996' >1996<\/option><option value='1995' >1995<\/option><option value='1994' >1994<\/option><option value='1993' >1993<\/option><option value='1992' >1992<\/option><option value='1991' >1991<\/option><option value='1990' >1990<\/option><option value='1989' >1989<\/option><option value='1988' >1988<\/option><option value='1987' >1987<\/option><option value='1986' >1986<\/option><option value='1985' >1985<\/option><option value='1984' >1984<\/option><option value='1983' >1983<\/option><option value='1982' >1982<\/option><option value='1981' >1981<\/option><option value='1980' >1980<\/option><option value='1979' >1979<\/option><option value='1978' >1978<\/option><option value='1977' >1977<\/option><option value='1976' >1976<\/option><option value='1975' >1975<\/option><option value='1974' >1974<\/option><option value='1973' >1973<\/option><option value='1972' >1972<\/option><option value='1971' >1971<\/option><option value='1970' >1970<\/option><option value='1969' >1969<\/option><option value='1968' >1968<\/option><option value='1967' >1967<\/option><option value='1966' >1966<\/option><option value='1965' >1965<\/option><option value='1964' >1964<\/option><option value='1963' >1963<\/option><option value='1962' >1962<\/option><option value='1961' >1961<\/option><option value='1960' >1960<\/option><option value='1959' >1959<\/option><option value='1958' >1958<\/option><option value='1957' >1957<\/option><option value='1956' >1956<\/option><option value='1955' >1955<\/option><option value='1954' >1954<\/option><option value='1953' >1953<\/option><option value='1952' >1952<\/option><option value='1951' >1951<\/option><option value='1950' >1950<\/option><option value='1949' >1949<\/option><option value='1948' >1948<\/option><option value='1947' >1947<\/option><option value='1946' >1946<\/option><option value='1945' >1945<\/option><option value='1944' >1944<\/option><option value='1943' >1943<\/option><option value='1942' >1942<\/option><option value='1941' >1941<\/option><option value='1940' >1940<\/option><option value='1939' >1939<\/option><option value='1938' >1938<\/option><option value='1937' >1937<\/option><option value='1936' >1936<\/option><option value='1935' >1935<\/option><option value='1934' >1934<\/option><option value='1933' >1933<\/option><option value='1932' >1932<\/option><option value='1931' >1931<\/option><option value='1930' >1930<\/option><option value='1929' >1929<\/option><option value='1928' >1928<\/option><option value='1927' >1927<\/option><option value='1926' >1926<\/option><option value='1925' >1925<\/option><option value='1924' >1924<\/option><option value='1923' >1923<\/option><option value='1922' >1922<\/option><option value='1921' >1921<\/option><option value='1920' >1920<\/option><\/select><\/div><\/div><\/fieldset><\/div><\/div>\n        <div class='gform-footer gform_footer top_label'> <div class=\"gpfgf-submit-button\" id=\"gform_submit_button_80\"><div class=\"submit-button-area\"><button type='submit'  class='base-button gform_button button' onclick='gform.submission.handleButtonClick(this);' data-submission-type='submit'    \/><span class=\"base-button-content\"> <span>Je signe<\/span><\/span><\/button><\/div><div class=\"form-disclaimer\"><p>En cliquant sur &#8220;Je signe&#8221;, vous acceptez de recevoir des communications et des formes d&#8217;engagement de la part de Greenpeace via les coordonn\u00e9es collect\u00e9es dans le formulaire. Vos donn\u00e9es personnelles collect\u00e9es resteront strictement confidentielles. Elles ne seront ni vendues ni \u00e9chang\u00e9es conform\u00e9ment \u00e0 nos mentions l\u00e9gales. L\u2019exercice de vos droits, dont la d\u00e9sinscription, est possible \u00e0 tout moment, voir notre page &#8220;<a href=\"https:\/\/www.greenpeace.org\/luxembourg\/fr\/droits-des-personnes\/\">Droit des Personnes<\/a>&#8220;.<\/p>\n<\/div><\/div> <input type='hidden' name='gform_ajax' value='form_id=80&amp;title=&amp;description=&amp;tabindex=0&amp;theme=gravity-theme&amp;styles={&quot;inputPrimaryColor&quot;:&quot;#204ce5&quot;}&amp;hash=a76a3105c03c9f526128fa3b54776a2d' \/>\n            <input type='hidden' class='gform_hidden' name='gform_submission_method' data-js='gform_submission_method_80' value='iframe' \/>\n            <input type='hidden' class='gform_hidden' name='gform_theme' data-js='gform_theme_80' id='gform_theme_80' value='gravity-theme' \/>\n            <input type='hidden' class='gform_hidden' name='gform_style_settings' data-js='gform_style_settings_80' id='gform_style_settings_80' value='{&quot;inputPrimaryColor&quot;:&quot;#204ce5&quot;}' \/>\n            <input type='hidden' class='gform_hidden' name='is_submit_80' value='1' \/>\n            <input type='hidden' class='gform_hidden' name='gform_submit' value='80' \/>\n            \n            <input type='hidden' class='gform_hidden' name='gform_currency' data-currency='EUR' value='+e8nyzKWQZBaod14SHMgH2YzvYGeerG8YFOi9jE14EsakABCXTSnsIwOLSC\/A0EOYLDasGDdFs+zQqD9+TqjVnuE6IYvAPnRLRs4pdHvvbb9q+k=' \/>\n            <input type='hidden' class='gform_hidden' name='gform_unique_id' value='' \/>\n            <input type='hidden' class='gform_hidden' name='state_80' value='WyJbXSIsIjJjOWYxOWU1ZDdlNjM1ZGI2YjM2ZWFlMWJlNGE4MWJkIl0=' \/>\n            <input type='hidden' autocomplete='off' class='gform_hidden' name='gform_target_page_number_80' id='gform_target_page_number_80' value='0' \/>\n            <input type='hidden' autocomplete='off' class='gform_hidden' name='gform_source_page_number_80' id='gform_source_page_number_80' value='1' \/>\n            <input type='hidden' name='gform_field_values' value='' \/>\n            \n        <\/div>\n                        <p style=\"display: none !important;\" class=\"akismet-fields-container\" data-prefix=\"ak_\"><label>&#916;<textarea name=\"ak_hp_textarea\" cols=\"45\" rows=\"8\" maxlength=\"100\"><\/textarea><\/label><input type=\"hidden\" id=\"ak_js_1\" name=\"ak_js\" value=\"58\"\/><script>document.getElementById( \"ak_js_1\" ).setAttribute( \"value\", ( new Date() ).getTime() );<\/script><\/p><\/form>\n                        <\/div>\n\t\t                <iframe style='display:none;width:0px;height:0px;' src='about:blank' name='gform_ajax_frame_80' id='gform_ajax_frame_80' title='This iframe contains the logic required to handle Ajax powered Gravity Forms.'><\/iframe>\n\t\t                <script type=\"text\/javascript\">\n\/* <![CDATA[ *\/\n gform.initializeOnLoaded( function() {gformInitSpinner( 80, '\/luxembourg\/wp-content\/themes\/planet4-child-theme-luxembourg\/plugins\/gravityforms-gpf\/assets\/spinner.svg', true );jQuery('#gform_ajax_frame_80').on('load',function(){var contents = jQuery(this).contents().find('*').html();var is_postback = contents.indexOf('GF_AJAX_POSTBACK') >= 0;if(!is_postback){return;}var form_content = jQuery(this).contents().find('#gform_wrapper_80');var is_confirmation = jQuery(this).contents().find('#gform_confirmation_wrapper_80').length > 0;var is_redirect = contents.indexOf('gformRedirect(){') >= 0;var is_form = form_content.length > 0 && ! is_redirect && ! is_confirmation;var mt = parseInt(jQuery('html').css('margin-top'), 10) + parseInt(jQuery('body').css('margin-top'), 10) + 100;if(is_form){jQuery('#gform_wrapper_80').html(form_content.html());if(form_content.hasClass('gform_validation_error')){jQuery('#gform_wrapper_80').addClass('gform_validation_error');} else {jQuery('#gform_wrapper_80').removeClass('gform_validation_error');}setTimeout( function() { \/* delay the scroll by 50 milliseconds to fix a bug in chrome *\/ jQuery(document).scrollTop(jQuery('#gform_wrapper_80').offset().top - mt); }, 50 );if(window['gformInitDatepicker']) {gformInitDatepicker();}if(window['gformInitPriceFields']) {gformInitPriceFields();}var current_page = jQuery('#gform_source_page_number_80').val();gformInitSpinner( 80, '\/luxembourg\/wp-content\/themes\/planet4-child-theme-luxembourg\/plugins\/gravityforms-gpf\/assets\/spinner.svg', true );jQuery(document).trigger('gform_page_loaded', [80, current_page]);window['gf_submitting_80'] = false;}else if(!is_redirect){var confirmation_content = jQuery(this).contents().find('.GF_AJAX_POSTBACK').html();if(!confirmation_content){confirmation_content = contents;}jQuery('#gform_wrapper_80').replaceWith(confirmation_content);jQuery(document).scrollTop(jQuery('#gf_80').offset().top - mt);jQuery(document).trigger('gform_confirmation_loaded', [80]);window['gf_submitting_80'] = false;wp.a11y.speak(jQuery('#gform_confirmation_message_80').text());}else{jQuery('#gform_80').append(contents);if(window['gformRedirect']) {gformRedirect();}}jQuery(document).trigger(\"gform_pre_post_render\", [{ formId: \"80\", currentPage: \"current_page\", abort: function() { this.preventDefault(); } }]);        if (event && event.defaultPrevented) {                return;        }        const gformWrapperDiv = document.getElementById( \"gform_wrapper_80\" );        if ( gformWrapperDiv ) {            const visibilitySpan = document.createElement( \"span\" );            visibilitySpan.id = \"gform_visibility_test_80\";            gformWrapperDiv.insertAdjacentElement( \"afterend\", visibilitySpan );        }        const visibilityTestDiv = document.getElementById( \"gform_visibility_test_80\" );        let postRenderFired = false;        function triggerPostRender() {            if ( postRenderFired ) {                return;            }            postRenderFired = true;            gform.core.triggerPostRenderEvents( 80, current_page );            if ( visibilityTestDiv ) {                visibilityTestDiv.parentNode.removeChild( visibilityTestDiv );            }        }        function debounce( func, wait, immediate ) {            var timeout;            return function() {                var context = this, args = arguments;                var later = function() {                    timeout = null;                    if ( !immediate ) func.apply( context, args );                };                var callNow = immediate && !timeout;                clearTimeout( timeout );                timeout = setTimeout( later, wait );                if ( callNow ) func.apply( context, args );            };        }        const debouncedTriggerPostRender = debounce( function() {            triggerPostRender();        }, 200 );        if ( visibilityTestDiv && visibilityTestDiv.offsetParent === null ) {            const observer = new MutationObserver( ( mutations ) => {                mutations.forEach( ( mutation ) => {                    if ( mutation.type === 'attributes' && visibilityTestDiv.offsetParent !== null ) {                        debouncedTriggerPostRender();                        observer.disconnect();                    }                });            });            observer.observe( document.body, {                attributes: true,                childList: false,                subtree: true,                attributeFilter: [ 'style', 'class' ],            });        } else {            triggerPostRender();        }    } );} ); \n\/* ]]> *\/\n<\/script>\n<\/div><\/div><\/div>\n<\/div>\n<\/div>\n\n\n\n\n<div class=\"wp-block-group block is-layout-flow wp-block-group-is-layout-flow\">\n<hr class=\"wp-block-separator has-text-color has-green-400-color has-alpha-channel-opacity has-green-400-background-color has-background\"\/>\n\n\n\n<h2 class=\"wp-block-heading\">Qu&#8217;est-ce que l&#8217;accord UE-MERCOSUR ?<\/h2>\n\n\n\n<p>De la viande bon march\u00e9 issue de <strong>la d\u00e9forestation de l\u2019Amazonie <\/strong>et de<strong> la d\u00e9localisation des populations autochtones<\/strong>, une guerre de prix <strong>perdue d\u2019avance pour nos agriculteurs et agricultrices<\/strong> : voici ce qui nous attend avec le trait\u00e9 commercial UE-Mercosur, entre autres catastrophes \u00e9cologiques, sanitaires et humaines.<\/p>\n\n\n\n<p>Cet accord permettrait aux industriels europ\u00e9ens de vendre plus de voitures et de pesticides en Am\u00e9rique du Sud, en \u00e9change de l\u2019ouverture du march\u00e9 europ\u00e9en \u00e0 l&#8217;Argentine, le Br\u00e9sil, le Paraguay ou l&#8217;Uruguay. Et cela, quitte \u00e0 sacrifier la biodiversit\u00e9, le climat et m\u00eame notre production locale, car l\u2019accord pr\u00e9voit, entre autres, la suppression des frais de douane pour la viande import\u00e9e depuis l\u2019autre c\u00f4t\u00e9 de la plan\u00e8te.<\/p>\n\n\n\n<p>Car, d\u00e9j\u00e0 aujourd\u2019hui, trop de for\u00eats comme l&#8217;Amazonie sont d\u00e9truites en Am\u00e9rique du Sud pour y installer des p\u00e2turages et nourrir le b\u00e9tail, alors que <strong>nos petites exploitations agricoles locales peinent \u00e0 joindre les deux bouts<\/strong>. Le trait\u00e9 UE-Mercosur ne ferait qu&#8217;alimenter ces probl\u00e8mes au lieu de les r\u00e9gler, tout en faisant <strong>peser une lourde charge sur le climat et la biodiversit\u00e9<\/strong>, qui n\u00e9cessitent pourtant une action urgente.<\/p>\n\n\n<div data-hydrate=\"planet4-blocks\/gallery\" data-attributes=\"{&quot;attributes&quot;:{&quot;multiple_image&quot;:&quot;23885,23906,23883&quot;,&quot;gallery_block_focus_points&quot;:&quot;{\\&quot;23883\\&quot;:\\&quot;96% 41%\\&quot;,\\&quot;23885\\&quot;:\\&quot;100% 56%\\&quot;,\\&quot;23906\\&quot;:\\&quot;100% 0%\\&quot;}&quot;,&quot;image_data&quot;:[{&quot;url&quot;:&quot;https:\\\/\\\/www.greenpeace.org\\\/static\\\/planet4-luxembourg-stateless\\\/2025\\\/03\\\/26ff5aca-gp01k91.jpg&quot;,&quot;focalPoint&quot;:{&quot;x&quot;:&quot;1.00&quot;,&quot;y&quot;:&quot;0.56&quot;},&quot;id&quot;:23885},{&quot;url&quot;:&quot;https:\\\/\\\/www.greenpeace.org\\\/static\\\/planet4-luxembourg-stateless\\\/2025\\\/03\\\/914a1139-gp0stzeyt.jpg&quot;,&quot;focalPoint&quot;:{&quot;x&quot;:&quot;1.00&quot;,&quot;y&quot;:&quot;0.00&quot;},&quot;id&quot;:23906},{&quot;url&quot;:&quot;https:\\\/\\\/www.greenpeace.org\\\/static\\\/planet4-luxembourg-stateless\\\/2025\\\/03\\\/07de2360-gp04f5j.jpg&quot;,&quot;focalPoint&quot;:{&quot;x&quot;:&quot;0.96&quot;,&quot;y&quot;:&quot;0.41&quot;},&quot;id&quot;:23883}],&quot;className&quot;:&quot;is-style-three-columns&quot;,&quot;gallery_block_style&quot;:0,&quot;gallery_block_title&quot;:&quot;&quot;,&quot;gallery_block_description&quot;:&quot;&quot;,&quot;images&quot;:[{&quot;image_src&quot;:&quot;https:\\\/\\\/www.greenpeace.org\\\/static\\\/planet4-luxembourg-stateless\\\/2025\\\/03\\\/26ff5aca-gp01k91.jpg&quot;,&quot;image_srcset&quot;:&quot;https:\\\/\\\/www.greenpeace.org\\\/static\\\/planet4-luxembourg-stateless\\\/2025\\\/03\\\/26ff5aca-gp01k91.jpg 1200w, https:\\\/\\\/www.greenpeace.org\\\/static\\\/planet4-luxembourg-stateless\\\/2025\\\/03\\\/26ff5aca-gp01k91-300x200.jpg 300w, https:\\\/\\\/www.greenpeace.org\\\/static\\\/planet4-luxembourg-stateless\\\/2025\\\/03\\\/26ff5aca-gp01k91-1024x683.jpg 1024w, https:\\\/\\\/www.greenpeace.org\\\/static\\\/planet4-luxembourg-stateless\\\/2025\\\/03\\\/26ff5aca-gp01k91-768x512.jpg 768w, https:\\\/\\\/www.greenpeace.org\\\/static\\\/planet4-luxembourg-stateless\\\/2025\\\/03\\\/26ff5aca-gp01k91-510x340.jpg 510w&quot;,&quot;image_sizes&quot;:false,&quot;alt_text&quot;:&quot;Burning Pasture in Amazon. \\u00a9 Greenpeace \\\/ Rodrigo Baleia&quot;,&quot;caption&quot;:&quot;Burning pasture in deforested area in the Amazon.&quot;,&quot;focus_image&quot;:&quot;100% 56%&quot;,&quot;credits&quot;:&quot;\\u00a9 Greenpeace \\\/ Rodrigo Baleia&quot;},{&quot;image_src&quot;:&quot;https:\\\/\\\/www.greenpeace.org\\\/static\\\/planet4-luxembourg-stateless\\\/2025\\\/03\\\/914a1139-gp0stzeyt.jpg&quot;,&quot;image_srcset&quot;:&quot;https:\\\/\\\/www.greenpeace.org\\\/static\\\/planet4-luxembourg-stateless\\\/2025\\\/03\\\/914a1139-gp0stzeyt.jpg 1200w, https:\\\/\\\/www.greenpeace.org\\\/static\\\/planet4-luxembourg-stateless\\\/2025\\\/03\\\/914a1139-gp0stzeyt-300x225.jpg 300w, https:\\\/\\\/www.greenpeace.org\\\/static\\\/planet4-luxembourg-stateless\\\/2025\\\/03\\\/914a1139-gp0stzeyt-1024x768.jpg 1024w, https:\\\/\\\/www.greenpeace.org\\\/static\\\/planet4-luxembourg-stateless\\\/2025\\\/03\\\/914a1139-gp0stzeyt-768x576.jpg 768w, https:\\\/\\\/www.greenpeace.org\\\/static\\\/planet4-luxembourg-stateless\\\/2025\\\/03\\\/914a1139-gp0stzeyt-453x340.jpg 453w&quot;,&quot;image_sizes&quot;:false,&quot;alt_text&quot;:&quot;Mercosur - Silos Banner Action in Vienna. \\u00a9 Mitja  Kobal \\\/ Greenpeace&quot;,&quot;caption&quot;:&quot;Large banner was thrown down the huge silos tower in Austria. Writing says: \\&quot;Stop Mercosur, protect the farmers!\\&quot;&quot;,&quot;focus_image&quot;:&quot;100% 0%&quot;,&quot;credits&quot;:&quot;\\u00a9 Mitja  Kobal \\\/ Greenpeace&quot;},{&quot;image_src&quot;:&quot;https:\\\/\\\/www.greenpeace.org\\\/static\\\/planet4-luxembourg-stateless\\\/2025\\\/03\\\/07de2360-gp04f5j.jpg&quot;,&quot;image_srcset&quot;:&quot;https:\\\/\\\/www.greenpeace.org\\\/static\\\/planet4-luxembourg-stateless\\\/2025\\\/03\\\/07de2360-gp04f5j.jpg 1200w, https:\\\/\\\/www.greenpeace.org\\\/static\\\/planet4-luxembourg-stateless\\\/2025\\\/03\\\/07de2360-gp04f5j-300x200.jpg 300w, https:\\\/\\\/www.greenpeace.org\\\/static\\\/planet4-luxembourg-stateless\\\/2025\\\/03\\\/07de2360-gp04f5j-1024x683.jpg 1024w, https:\\\/\\\/www.greenpeace.org\\\/static\\\/planet4-luxembourg-stateless\\\/2025\\\/03\\\/07de2360-gp04f5j-768x512.jpg 768w, https:\\\/\\\/www.greenpeace.org\\\/static\\\/planet4-luxembourg-stateless\\\/2025\\\/03\\\/07de2360-gp04f5j-510x340.jpg 510w&quot;,&quot;image_sizes&quot;:false,&quot;alt_text&quot;:&quot;Parrots in Brazilian Rainforest. \\u00a9 Markus Mauthe \\\/ Greenpeace&quot;,&quot;caption&quot;:&quot;Parrots, Mato Grosso do Sul, Bonito, Brazil.&quot;,&quot;focus_image&quot;:&quot;96% 41%&quot;,&quot;credits&quot;:&quot;\\u00a9 Markus Mauthe \\\/ Greenpeace&quot;}]}}\"><section class=\"block split-three-column is-style-three-columns\"><\/section><\/div>\n\n\n<h2 class=\"wp-block-heading\">Un tour de passe-passe malhonn\u00eate<\/h2>\n\n\n\n<p>En temps normal, la conclusion d&#8217;un trait\u00e9 tel que UE-Mercosur requiert l&#8217;unanimit\u00e9 au sein du Conseil de l&#8217;UE, ce qui signifie que chaque pays dispose d&#8217;un droit de veto. <em>Mais<\/em> la Commission europ\u00e9enne veut contourner ce veto par <strong>une combine aussi l\u00e9gale qu\u2019immorale<\/strong> : diviser le trait\u00e9 UE-Mercosur en un volet commercial et un volet politique, de telle sorte que les droits de v\u00e9to de l\u2019Autriche ou de la France ne soient plus valables, et qu\u2019il suffise d\u2019une majorit\u00e9 qualifi\u00e9e (c\u2019est-\u00e0-dire 55% des \u00c9tats membres repr\u00e9sentant au moins 65% de la population de l&#8217;UE) pour l\u2019adopter dans l\u2019Union europ\u00e9enne.<\/p>\n\n\n\n<p>Pour que le vote n\u2019aboutisse pas, <strong>il faut constituer une minorit\u00e9 de blocage repr\u00e9sentant 35% de la population de l\u2019UE<\/strong>. Si l\u2019Autriche, la France, la Pologne et les Pays-Bas, qui s\u2019y opposent tous les quatre, constituent ce seuil, la Commission europ\u00e9enne va tout faire pour les faire changer d\u2019avis.<\/p>\n<\/div>\n\n<\/div>\n\n\n<h2 class=\"wp-block-heading\">Le temps presse<\/h2>\n\n<p>Certains \u00c9tats de l&#8217;UE, tels que la Su\u00e8de ou l&#8217;Espagne, et la Commission europ\u00e9enne <strong>veulent en effet faire passer l&#8217;accord commercial cette ann\u00e9e, en 2025,<\/strong> en usant de tous les moyens \u00e0 leur disposition. Pourtant, il ne s&#8217;agit pas de d\u00e9fendre les int\u00e9r\u00eats des personnes, mais uniquement ceux des lobbys et des industriels. Lors de son discours sur l&#8217;\u00c9tat de la nation le 13 mai 2025, <strong>Luc Frieden a annonc\u00e9 que le Luxembourg donnerait son accord au trait\u00e9 commercial avec les pays du Mercosur. <\/strong>Ce n&#8217;est pas une position acceptable au vu des enjeux sociaux et environnementaux. <br><br><strong>\u00c0 nous de donner la preuve au gouvernement que les citoyens et citoyennes du Grand-Duch\u00e9 refusent la signature de ce trait\u00e9 dangereux ! Le Luxembourg doit montrer l\u2019exemple et faire le bon choix.<\/strong><br><\/p>\n\n<div class=\"wp-block-buttons is-horizontal is-content-justification-center is-layout-flex wp-container-core-buttons-is-layout-937ffba9 wp-block-buttons-is-layout-flex\">\n<div class=\"wp-block-button\"><a class=\"wp-block-button__link wp-element-button\" href=\"#gform_80\">Je signe maintenant<\/a><\/div>\n<\/div>\n\n<p><\/p>\n\n<figure class=\"wp-block-image\"><img loading=\"lazy\" decoding=\"async\" width=\"1200\" height=\"800\" src=\"https:\/\/www.greenpeace.org\/static\/planet4-luxembourg-stateless\/2025\/03\/8e34477b-gp0stwg4o.jpg\" title=\"Stop EU-Mercosur Trade - Action in Brussels. \u00a9 Eric De Mildt \/ Greenpeace\" alt=\"Stop EU-Mercosur Trade - Action in Brussels. \u00a9 Eric De Mildt \/ Greenpeace\" class=\"wp-image-23963\" srcset=\"https:\/\/www.greenpeace.org\/static\/planet4-luxembourg-stateless\/2025\/03\/8e34477b-gp0stwg4o.jpg 1200w, https:\/\/www.greenpeace.org\/static\/planet4-luxembourg-stateless\/2025\/03\/8e34477b-gp0stwg4o-300x200.jpg 300w, https:\/\/www.greenpeace.org\/static\/planet4-luxembourg-stateless\/2025\/03\/8e34477b-gp0stwg4o-1024x683.jpg 1024w, https:\/\/www.greenpeace.org\/static\/planet4-luxembourg-stateless\/2025\/03\/8e34477b-gp0stwg4o-768x512.jpg 768w, https:\/\/www.greenpeace.org\/static\/planet4-luxembourg-stateless\/2025\/03\/8e34477b-gp0stwg4o-510x340.jpg 510w\" sizes=\"auto, (max-width: 1200px) 100vw, 1200px\" \/><figcaption><div class=\"credit icon-left\"> \u00a9 Eric De Mildt \/ Greenpeace<\/div><\/figcaption><\/figure>\n","protected":false},"excerpt":{"rendered":"<p>Cet accord climaticide entre l\u2019Union Europ\u00e9enne et plusieurs pays d\u2019Am\u00e9rique latine menace l\u2019Amazonie, les communaut\u00e9s autochtones locales et les agriculteurs et agricultrices en Europe.<\/p>\n","protected":false},"author":22,"featured_media":23880,"menu_order":0,"template":"","meta":{"ep_exclude_from_search":false,"action_button_text":"Je signe \u2712\ufe0f","action_button_accessibility_text":"Take action","actions_task_type":"","actions_deadline":"","nav_type":"minimal","p4_hide_page_title_checkbox":"on","p4_og_title":"P\u00e9tition | UE-Mercosur","p4_og_description":"L'accord commercial UE-Mercosur menace l'Amazonie, les peuples autochtones et les agriculteurs europ\u00e9ens. Greenpeace s'y oppose.","p4_og_image":"","p4_og_image_id":"","p4_seo_canonical_url":"","p4_campaign_name":"","p4_local_project":"","p4_basket_name":"","p4_department":"","footnotes":""},"categories":[43],"tags":[38,39,100],"action-type":[105],"class_list":["post-23824","p4_action","type-p4_action","status-publish","has-post-thumbnail","hentry","category-nature","tag-biodiversite","tag-agriculturedurable","tag-forets","action-type-petition"],"yoast_head":"<!-- This site is optimized with the Yoast SEO Premium plugin v23.9 (Yoast SEO v23.9) - https:\/\/yoast.com\/wordpress\/plugins\/seo\/ -->\n<title>P\u00e9tition | UE-Mercosur<\/title>\n<meta name=\"description\" content=\"L&#039;accord commercial UE-Mercosur menace l&#039;Amazonie, les peuples autochtones et les agriculteurs europ\u00e9ens. Greenpeace s&#039;y oppose.\" \/>\n<meta name=\"robots\" content=\"index, follow, max-snippet:-1, max-image-preview:large, max-video-preview:-1\" \/>\n<link rel=\"canonical\" href=\"https:\/\/www.greenpeace.org\/luxembourg\/fr\/petition\/ue-mercosur\/\" \/>\n<meta property=\"og:locale\" content=\"fr_FR\" \/>\n<meta property=\"og:type\" content=\"article\" \/>\n<meta property=\"og:title\" content=\"P\u00e9tition | UE-Mercosur\" \/>\n<meta property=\"og:description\" content=\"L&#039;accord commercial UE-Mercosur menace l&#039;Amazonie, les peuples autochtones et les agriculteurs europ\u00e9ens. Greenpeace s&#039;y oppose.\" \/>\n<meta property=\"og:url\" content=\"https:\/\/www.greenpeace.org\/luxembourg\/fr\/petition\/ue-mercosur\/\" \/>\n<meta property=\"og:site_name\" content=\"Greenpeace Luxembourg\" \/>\n<meta property=\"article:publisher\" content=\"https:\/\/www.facebook.com\/greenpeaceluxembourg\" \/>\n<meta property=\"article:modified_time\" content=\"2026-03-12T10:25:56+00:00\" \/>\n<meta property=\"og:image\" content=\"https:\/\/www.greenpeace.org\/static\/planet4-luxembourg-stateless\/2025\/03\/196090ab-gp0stzhh4.jpg\" \/>\n\t<meta property=\"og:image:width\" content=\"1200\" \/>\n\t<meta property=\"og:image:height\" content=\"800\" \/>\n\t<meta property=\"og:image:type\" content=\"image\/jpeg\" \/>\n<meta name=\"twitter:card\" content=\"summary_large_image\" \/>\n<meta name=\"twitter:label1\" content=\"Est. reading time\" \/>\n\t<meta name=\"twitter:data1\" content=\"4 minutes\" \/>\n<script type=\"application\/ld+json\" class=\"yoast-schema-graph\">{\"@context\":\"https:\/\/schema.org\",\"@graph\":[{\"@type\":\"WebPage\",\"@id\":\"https:\/\/www.greenpeace.org\/luxembourg\/fr\/petition\/ue-mercosur\/\",\"url\":\"https:\/\/www.greenpeace.org\/luxembourg\/fr\/petition\/ue-mercosur\/\",\"name\":\"P\u00e9tition | UE-Mercosur\",\"isPartOf\":{\"@id\":\"https:\/\/www.greenpeace.org\/luxembourg\/fr\/#website\"},\"primaryImageOfPage\":{\"@id\":\"https:\/\/www.greenpeace.org\/luxembourg\/fr\/petition\/ue-mercosur\/#primaryimage\"},\"image\":{\"@id\":\"https:\/\/www.greenpeace.org\/luxembourg\/fr\/petition\/ue-mercosur\/#primaryimage\"},\"thumbnailUrl\":\"https:\/\/www.greenpeace.org\/static\/planet4-luxembourg-stateless\/2025\/03\/196090ab-gp0stzhh4.jpg\",\"datePublished\":\"2025-03-06T12:59:01+00:00\",\"dateModified\":\"2026-03-12T10:25:56+00:00\",\"description\":\"L'accord commercial UE-Mercosur menace l'Amazonie, les peuples autochtones et les agriculteurs europ\u00e9ens. Greenpeace s'y oppose.\",\"breadcrumb\":{\"@id\":\"https:\/\/www.greenpeace.org\/luxembourg\/fr\/petition\/ue-mercosur\/#breadcrumb\"},\"inLanguage\":\"fr-LU\",\"potentialAction\":[{\"@type\":\"ReadAction\",\"target\":[\"https:\/\/www.greenpeace.org\/luxembourg\/fr\/petition\/ue-mercosur\/\"]}]},{\"@type\":\"ImageObject\",\"inLanguage\":\"fr-LU\",\"@id\":\"https:\/\/www.greenpeace.org\/luxembourg\/fr\/petition\/ue-mercosur\/#primaryimage\",\"url\":\"https:\/\/www.greenpeace.org\/static\/planet4-luxembourg-stateless\/2025\/03\/196090ab-gp0stzhh4.jpg\",\"contentUrl\":\"https:\/\/www.greenpeace.org\/static\/planet4-luxembourg-stateless\/2025\/03\/196090ab-gp0stzhh4.jpg\",\"width\":1200,\"height\":800,\"caption\":\"Greenpeace reiterates its support for farmers and demands that the government set an ambitious and fair course for transition. Around thirty Greenpeace France activists gather outside the National Assembly.\"},{\"@type\":\"BreadcrumbList\",\"@id\":\"https:\/\/www.greenpeace.org\/luxembourg\/fr\/petition\/ue-mercosur\/#breadcrumb\",\"itemListElement\":[{\"@type\":\"ListItem\",\"position\":1,\"name\":\"Home\",\"item\":\"https:\/\/www.greenpeace.org\/luxembourg\/fr\/\"},{\"@type\":\"ListItem\",\"position\":2,\"name\":\"Actions\",\"item\":\"https:\/\/www.greenpeace.org\/luxembourg\/fr\/%action_type%\/\"},{\"@type\":\"ListItem\",\"position\":3,\"name\":\"P\u00e9tition | UE-Mercosur\"}]},{\"@type\":\"WebSite\",\"@id\":\"https:\/\/www.greenpeace.org\/luxembourg\/fr\/#website\",\"url\":\"https:\/\/www.greenpeace.org\/luxembourg\/fr\/\",\"name\":\"Greenpeace Luxembourg\",\"description\":\"Greenpeace existe parce que cette Terre fragile a besoin d&#039;une voix. Elle a besoin de solutions. De changement. D&#039;actions.\",\"publisher\":{\"@id\":\"https:\/\/www.greenpeace.org\/luxembourg\/fr\/#organization\"},\"potentialAction\":[{\"@type\":\"SearchAction\",\"target\":{\"@type\":\"EntryPoint\",\"urlTemplate\":\"https:\/\/www.greenpeace.org\/luxembourg\/fr\/?s={search_term_string}\"},\"query-input\":{\"@type\":\"PropertyValueSpecification\",\"valueRequired\":true,\"valueName\":\"search_term_string\"}}],\"inLanguage\":\"fr-LU\"},{\"@type\":\"Organization\",\"@id\":\"https:\/\/www.greenpeace.org\/luxembourg\/fr\/#organization\",\"name\":\"Greenpeace Luxembourg\",\"url\":\"https:\/\/www.greenpeace.org\/luxembourg\/fr\/\",\"logo\":{\"@type\":\"ImageObject\",\"inLanguage\":\"fr-LU\",\"@id\":\"https:\/\/www.greenpeace.org\/luxembourg\/fr\/#\/schema\/logo\/image\/\",\"url\":\"https:\/\/www.greenpeace.org\/static\/planet4-luxembourg-stateless\/2026\/03\/3e367f94-greenpeace_logo_green_rgb.png\",\"contentUrl\":\"https:\/\/www.greenpeace.org\/static\/planet4-luxembourg-stateless\/2026\/03\/3e367f94-greenpeace_logo_green_rgb.png\",\"width\":1080,\"height\":175,\"caption\":\"Greenpeace Luxembourg\"},\"image\":{\"@id\":\"https:\/\/www.greenpeace.org\/luxembourg\/fr\/#\/schema\/logo\/image\/\"},\"sameAs\":[\"https:\/\/www.facebook.com\/greenpeaceluxembourg\",\"https:\/\/www.instagram.com\/greenpeacelux\/\",\"https:\/\/www.linkedin.com\/company\/greenpeace-luxembourg\/\",\"https:\/\/www.threads.com\/@greenpeacelux\",\"https:\/\/bsky.app\/profile\/greenpeacelux.bsky.social\",\"https:\/\/www.youtube.com\/@GreenpeaceLux\",\"https:\/\/www.tiktok.com\/@greenpeace_lux\"]}]}<\/script>\n<!-- \/ Yoast SEO Premium plugin. -->","yoast_head_json":{"title":"P\u00e9tition | UE-Mercosur","description":"L'accord commercial UE-Mercosur menace l'Amazonie, les peuples autochtones et les agriculteurs europ\u00e9ens. Greenpeace s'y oppose.","robots":{"index":"index","follow":"follow","max-snippet":"max-snippet:-1","max-image-preview":"max-image-preview:large","max-video-preview":"max-video-preview:-1"},"canonical":"https:\/\/www.greenpeace.org\/luxembourg\/fr\/petition\/ue-mercosur\/","og_locale":"fr_FR","og_type":"article","og_title":"P\u00e9tition | UE-Mercosur","og_description":"L'accord commercial UE-Mercosur menace l'Amazonie, les peuples autochtones et les agriculteurs europ\u00e9ens. Greenpeace s'y oppose.","og_url":"https:\/\/www.greenpeace.org\/luxembourg\/fr\/petition\/ue-mercosur\/","og_site_name":"Greenpeace Luxembourg","article_publisher":"https:\/\/www.facebook.com\/greenpeaceluxembourg","article_modified_time":"2026-03-12T10:25:56+00:00","og_image":[{"width":1200,"height":800,"url":"https:\/\/www.greenpeace.org\/static\/planet4-luxembourg-stateless\/2025\/03\/196090ab-gp0stzhh4.jpg","type":"image\/jpeg"}],"twitter_card":"summary_large_image","twitter_misc":{"Est. reading time":"4 minutes"},"schema":{"@context":"https:\/\/schema.org","@graph":[{"@type":"WebPage","@id":"https:\/\/www.greenpeace.org\/luxembourg\/fr\/petition\/ue-mercosur\/","url":"https:\/\/www.greenpeace.org\/luxembourg\/fr\/petition\/ue-mercosur\/","name":"P\u00e9tition | UE-Mercosur","isPartOf":{"@id":"https:\/\/www.greenpeace.org\/luxembourg\/fr\/#website"},"primaryImageOfPage":{"@id":"https:\/\/www.greenpeace.org\/luxembourg\/fr\/petition\/ue-mercosur\/#primaryimage"},"image":{"@id":"https:\/\/www.greenpeace.org\/luxembourg\/fr\/petition\/ue-mercosur\/#primaryimage"},"thumbnailUrl":"https:\/\/www.greenpeace.org\/static\/planet4-luxembourg-stateless\/2025\/03\/196090ab-gp0stzhh4.jpg","datePublished":"2025-03-06T12:59:01+00:00","dateModified":"2026-03-12T10:25:56+00:00","description":"L'accord commercial UE-Mercosur menace l'Amazonie, les peuples autochtones et les agriculteurs europ\u00e9ens. Greenpeace s'y oppose.","breadcrumb":{"@id":"https:\/\/www.greenpeace.org\/luxembourg\/fr\/petition\/ue-mercosur\/#breadcrumb"},"inLanguage":"fr-LU","potentialAction":[{"@type":"ReadAction","target":["https:\/\/www.greenpeace.org\/luxembourg\/fr\/petition\/ue-mercosur\/"]}]},{"@type":"ImageObject","inLanguage":"fr-LU","@id":"https:\/\/www.greenpeace.org\/luxembourg\/fr\/petition\/ue-mercosur\/#primaryimage","url":"https:\/\/www.greenpeace.org\/static\/planet4-luxembourg-stateless\/2025\/03\/196090ab-gp0stzhh4.jpg","contentUrl":"https:\/\/www.greenpeace.org\/static\/planet4-luxembourg-stateless\/2025\/03\/196090ab-gp0stzhh4.jpg","width":1200,"height":800,"caption":"Greenpeace reiterates its support for farmers and demands that the government set an ambitious and fair course for transition. Around thirty Greenpeace France activists gather outside the National Assembly."},{"@type":"BreadcrumbList","@id":"https:\/\/www.greenpeace.org\/luxembourg\/fr\/petition\/ue-mercosur\/#breadcrumb","itemListElement":[{"@type":"ListItem","position":1,"name":"Home","item":"https:\/\/www.greenpeace.org\/luxembourg\/fr\/"},{"@type":"ListItem","position":2,"name":"Actions","item":"https:\/\/www.greenpeace.org\/luxembourg\/fr\/%action_type%\/"},{"@type":"ListItem","position":3,"name":"P\u00e9tition | UE-Mercosur"}]},{"@type":"WebSite","@id":"https:\/\/www.greenpeace.org\/luxembourg\/fr\/#website","url":"https:\/\/www.greenpeace.org\/luxembourg\/fr\/","name":"Greenpeace Luxembourg","description":"Greenpeace existe parce que cette Terre fragile a besoin d&#039;une voix. Elle a besoin de solutions. De changement. D&#039;actions.","publisher":{"@id":"https:\/\/www.greenpeace.org\/luxembourg\/fr\/#organization"},"potentialAction":[{"@type":"SearchAction","target":{"@type":"EntryPoint","urlTemplate":"https:\/\/www.greenpeace.org\/luxembourg\/fr\/?s={search_term_string}"},"query-input":{"@type":"PropertyValueSpecification","valueRequired":true,"valueName":"search_term_string"}}],"inLanguage":"fr-LU"},{"@type":"Organization","@id":"https:\/\/www.greenpeace.org\/luxembourg\/fr\/#organization","name":"Greenpeace Luxembourg","url":"https:\/\/www.greenpeace.org\/luxembourg\/fr\/","logo":{"@type":"ImageObject","inLanguage":"fr-LU","@id":"https:\/\/www.greenpeace.org\/luxembourg\/fr\/#\/schema\/logo\/image\/","url":"https:\/\/www.greenpeace.org\/static\/planet4-luxembourg-stateless\/2026\/03\/3e367f94-greenpeace_logo_green_rgb.png","contentUrl":"https:\/\/www.greenpeace.org\/static\/planet4-luxembourg-stateless\/2026\/03\/3e367f94-greenpeace_logo_green_rgb.png","width":1080,"height":175,"caption":"Greenpeace Luxembourg"},"image":{"@id":"https:\/\/www.greenpeace.org\/luxembourg\/fr\/#\/schema\/logo\/image\/"},"sameAs":["https:\/\/www.facebook.com\/greenpeaceluxembourg","https:\/\/www.instagram.com\/greenpeacelux\/","https:\/\/www.linkedin.com\/company\/greenpeace-luxembourg\/","https:\/\/www.threads.com\/@greenpeacelux","https:\/\/bsky.app\/profile\/greenpeacelux.bsky.social","https:\/\/www.youtube.com\/@GreenpeaceLux","https:\/\/www.tiktok.com\/@greenpeace_lux"]}]}},"_links":{"self":[{"href":"https:\/\/www.greenpeace.org\/luxembourg\/fr\/wp-json\/wp\/v2\/p4_action\/23824","targetHints":{"allow":["GET"]}}],"collection":[{"href":"https:\/\/www.greenpeace.org\/luxembourg\/fr\/wp-json\/wp\/v2\/p4_action"}],"about":[{"href":"https:\/\/www.greenpeace.org\/luxembourg\/fr\/wp-json\/wp\/v2\/types\/p4_action"}],"author":[{"embeddable":true,"href":"https:\/\/www.greenpeace.org\/luxembourg\/fr\/wp-json\/wp\/v2\/users\/22"}],"version-history":[{"count":20,"href":"https:\/\/www.greenpeace.org\/luxembourg\/fr\/wp-json\/wp\/v2\/p4_action\/23824\/revisions"}],"predecessor-version":[{"id":24952,"href":"https:\/\/www.greenpeace.org\/luxembourg\/fr\/wp-json\/wp\/v2\/p4_action\/23824\/revisions\/24952"}],"wp:featuredmedia":[{"embeddable":true,"href":"https:\/\/www.greenpeace.org\/luxembourg\/fr\/wp-json\/wp\/v2\/media\/23880"}],"wp:attachment":[{"href":"https:\/\/www.greenpeace.org\/luxembourg\/fr\/wp-json\/wp\/v2\/media?parent=23824"}],"wp:term":[{"taxonomy":"category","embeddable":true,"href":"https:\/\/www.greenpeace.org\/luxembourg\/fr\/wp-json\/wp\/v2\/categories?post=23824"},{"taxonomy":"post_tag","embeddable":true,"href":"https:\/\/www.greenpeace.org\/luxembourg\/fr\/wp-json\/wp\/v2\/tags?post=23824"},{"taxonomy":"action-type","embeddable":true,"href":"https:\/\/www.greenpeace.org\/luxembourg\/fr\/wp-json\/wp\/v2\/action-type?post=23824"}],"curies":[{"name":"wp","href":"https:\/\/api.w.org\/{rel}","templated":true}]}}