{"id":15926,"date":"2022-11-30T16:51:07","date_gmt":"2022-11-30T14:51:07","guid":{"rendered":"https:\/\/www.greenpeace.org\/luxembourg\/?page_id=15926"},"modified":"2025-07-02T09:35:00","modified_gmt":"2025-07-02T07:35:00","slug":"calendrier-de-l-avent","status":"publish","type":"page","link":"https:\/\/www.greenpeace.org\/luxembourg\/fr\/calendrier-de-l-avent\/","title":{"rendered":"Calendrier de l Avent"},"content":{"rendered":"\n                \n                <div class=\"wp-block-group alignfull is-layout-flow wp-block-group-is-layout-flow\">\n                \n                <div class=\"wp-block-group container is-layout-flow wp-block-group-is-layout-flow\">\n                \n                <div class=\"wp-block-media-text alignfull has-media-on-the-right is-stacked-on-mobile is-pattern-p4-page-header is-style-parallax\">\n\n                <div class=\"wp-block-media-text__content\">\n                    <div class=\"wp-block-group is-layout-flow wp-block-group-is-layout-flow\">\n                    \n                        <h1 class=\"wp-block-heading has-white-background-color has-background\">\n                            Un calendrier de l\u2019avent demandant un fonds de pension propre\n                        <\/h1>\n                    <\/div>\n                \n\n                \n\n                \n\n                <\/div>\n                <figure class=\"wp-block-media-text__media\">\n                    <img loading=\"lazy\" decoding=\"async\" width=\"800\" height=\"533\"\n                        src=\"https:\/\/www.greenpeace.org\/static\/planet4-luxembourg-stateless\/2022\/12\/c819260a-gp1swvdb_web_size.jpg\"\n                        alt=\"\"\n                        sizes=\"auto, (min-width: 601px) 50vw, 100vw\" srcset=\"https:\/\/www.greenpeace.org\/static\/planet4-luxembourg-stateless\/2022\/12\/c819260a-gp1swvdb_web_size.jpg 800w, https:\/\/www.greenpeace.org\/static\/planet4-luxembourg-stateless\/2022\/12\/c819260a-gp1swvdb_web_size-300x200.jpg 300w, https:\/\/www.greenpeace.org\/static\/planet4-luxembourg-stateless\/2022\/12\/c819260a-gp1swvdb_web_size-768x512.jpg 768w, https:\/\/www.greenpeace.org\/static\/planet4-luxembourg-stateless\/2022\/12\/c819260a-gp1swvdb_web_size-510x340.jpg 510w\" class=\"wp-image-16058 size-full\"\n                    \/>\n                <\/figure>\n                <\/div>\n                \n                <\/div>\n                \n                <\/div>\n                \n                \n\n<div class=\"wp-block-group alignfull block is-layout-flow wp-block-group-is-layout-flow\">\n<div style=\"height:41px\" aria-hidden=\"true\" class=\"wp-block-spacer\"><\/div>\n\n\n\n<div class=\"wp-block-group container has-white-background-color has-background is-layout-flow wp-block-group-is-layout-flow\" style=\"padding-top:var(--wp--preset--spacing--60);padding-right:var(--wp--preset--spacing--60);padding-bottom:var(--wp--preset--spacing--60);padding-left:var(--wp--preset--spacing--60)\">\n<div class=\"wp-block-columns is-style-default is-layout-flex wp-container-core-columns-is-layout-9d6595d7 wp-block-columns-is-layout-flex\">\n<div class=\"wp-block-column is-layout-flow wp-block-column-is-layout-flow\">\n<h2 class=\"has-green-500-color has-text-color wp-block-heading\">Un calendrier de l&#8217;avent demandant un fonds de pension propre<\/h2>\n\n\n\n<p><strong>Envoyez votre v\u0153u au ministre de la S\u00e9curit\u00e9 sociale et exigez un fonds de pension qui prot\u00e8ge le climat, l&#8217;environnement et les droits humains.<\/strong><\/p>\n\n\n\n<p>&#8211;<\/p>\n\n\n\n<p>Selon un rapport d\u2019ASTM et Greenpeace, le fonds de pension luxembourgeois FDC (Fonds de Compensation) continue \u00e0 placer de l\u2019argent public dans des entreprises qui violent les droits humains et alimentent la crise climatique. Nous parlons de l\u2019argent de plus de 400.000 employ\u00e9\u00b7e\u00b7s du secteur priv\u00e9 au Luxembourg qui ne veulent certainement pas que leurs cotisations soient investies sans respecter les droits humains. Ceci est inacceptable !&nbsp;<\/p>\n\n\n\n<p><br>Actuellement, le FDC d\u00e9cide ces jours-ci sur sa nouvelle strat\u00e9gie d&#8217;investissement pour la p\u00e9riode 2023-2028. Soutenez-nous et demandez au ministre en charge du FDC, Claude Haagen, de s&#8217;engager pour une strat\u00e9gie d\u2019investissement r\u00e9ellement durable obligeant le FDC \u00e0 cesser tout investissement dans des entreprises qui violent les droits humains, d\u00e9truisent l\u2019environnement ou alimentent la crise climatique. Ensemble, nous pouvons y mettre fin !<\/p>\n<\/div>\n\n\n\n<div class=\"wp-block-column is-layout-flow wp-block-column-is-layout-flow\">\n<script src=\"https:\/\/widget.proca.app\/d\/advent_calendar_fdc\/greenpeace_lux\" async=\"\" name=\"form\"><\/script>\n<\/div>\n<\/div>\n<\/div>\n<\/div>\n\n<div data-render=\"planet4-blocks\/gallery\" data-attributes=\"{&quot;attributes&quot;:{&quot;multiple_image&quot;:&quot;16000,16003,16006,16008&quot;,&quot;gallery_block_focus_points&quot;:&quot;{u002216000u0022:u002250% 50%u0022,u002216003u0022:u002297% 56%u0022,u002216006u0022:u002283% 52%u0022,u002216008u0022:u002254% 42%u0022}&quot;,&quot;image_data&quot;:[{&quot;url&quot;:&quot;https:\\\/\\\/www.greenpeace.org\\\/static\\\/planet4-luxembourg-stateless\\\/2022\\\/11\\\/20221130-Avent-ASM_GP-AH-4-scaled.jpg&quot;,&quot;focalPoint&quot;:{&quot;x&quot;:0.5,&quot;y&quot;:0.5},&quot;id&quot;:16000},{&quot;url&quot;:&quot;https:\\\/\\\/www.greenpeace.org\\\/static\\\/planet4-luxembourg-stateless\\\/2022\\\/11\\\/20221130-Avent-ASM_GP-AH-1-scaled.jpg&quot;,&quot;focalPoint&quot;:{&quot;x&quot;:&quot;0.97&quot;,&quot;y&quot;:&quot;0.57&quot;},&quot;id&quot;:16003},{&quot;url&quot;:&quot;https:\\\/\\\/www.greenpeace.org\\\/static\\\/planet4-luxembourg-stateless\\\/2022\\\/11\\\/20221130-Avent-ASM_GP-AH-2-scaled.jpg&quot;,&quot;focalPoint&quot;:{&quot;x&quot;:&quot;0.83&quot;,&quot;y&quot;:&quot;0.52&quot;},&quot;id&quot;:16006},{&quot;url&quot;:&quot;https:\\\/\\\/www.greenpeace.org\\\/static\\\/planet4-luxembourg-stateless\\\/2022\\\/11\\\/20221130-Avent-ASM_GP-AH-24-1-scaled.jpg&quot;,&quot;focalPoint&quot;:{&quot;x&quot;:&quot;0.54&quot;,&quot;y&quot;:&quot;0.42&quot;},&quot;id&quot;:16008}],&quot;className&quot;:&quot;is-style-grid&quot;,&quot;gallery_block_style&quot;:0,&quot;gallery_block_title&quot;:&quot;&quot;,&quot;gallery_block_description&quot;:&quot;&quot;,&quot;images&quot;:[{&quot;image_src&quot;:&quot;https:\\\/\\\/www.greenpeace.org\\\/static\\\/planet4-luxembourg-stateless\\\/2022\\\/11\\\/20221130-Avent-ASM_GP-AH-4-scaled.jpg&quot;,&quot;image_srcset&quot;:&quot;https:\\\/\\\/www.greenpeace.org\\\/static\\\/planet4-luxembourg-stateless\\\/2022\\\/11\\\/20221130-Avent-ASM_GP-AH-4-scaled.jpg 2560w, https:\\\/\\\/www.greenpeace.org\\\/static\\\/planet4-luxembourg-stateless\\\/2022\\\/11\\\/20221130-Avent-ASM_GP-AH-4-300x200.jpg 300w, https:\\\/\\\/www.greenpeace.org\\\/static\\\/planet4-luxembourg-stateless\\\/2022\\\/11\\\/20221130-Avent-ASM_GP-AH-4-1024x683.jpg 1024w, https:\\\/\\\/www.greenpeace.org\\\/static\\\/planet4-luxembourg-stateless\\\/2022\\\/11\\\/20221130-Avent-ASM_GP-AH-4-768x512.jpg 768w, https:\\\/\\\/www.greenpeace.org\\\/static\\\/planet4-luxembourg-stateless\\\/2022\\\/11\\\/20221130-Avent-ASM_GP-AH-4-1536x1024.jpg 1536w, https:\\\/\\\/www.greenpeace.org\\\/static\\\/planet4-luxembourg-stateless\\\/2022\\\/11\\\/20221130-Avent-ASM_GP-AH-4-2048x1366.jpg 2048w, https:\\\/\\\/www.greenpeace.org\\\/static\\\/planet4-luxembourg-stateless\\\/2022\\\/11\\\/20221130-Avent-ASM_GP-AH-4-510x340.jpg 510w&quot;,&quot;image_sizes&quot;:false,&quot;alt_text&quot;:&quot;&quot;,&quot;caption&quot;:&quot;&quot;,&quot;focus_image&quot;:&quot;&quot;,&quot;credits&quot;:&quot;&quot;},{&quot;image_src&quot;:&quot;https:\\\/\\\/www.greenpeace.org\\\/static\\\/planet4-luxembourg-stateless\\\/2022\\\/11\\\/20221130-Avent-ASM_GP-AH-1-scaled.jpg&quot;,&quot;image_srcset&quot;:&quot;https:\\\/\\\/www.greenpeace.org\\\/static\\\/planet4-luxembourg-stateless\\\/2022\\\/11\\\/20221130-Avent-ASM_GP-AH-1-scaled.jpg 2560w, https:\\\/\\\/www.greenpeace.org\\\/static\\\/planet4-luxembourg-stateless\\\/2022\\\/11\\\/20221130-Avent-ASM_GP-AH-1-300x200.jpg 300w, https:\\\/\\\/www.greenpeace.org\\\/static\\\/planet4-luxembourg-stateless\\\/2022\\\/11\\\/20221130-Avent-ASM_GP-AH-1-1024x683.jpg 1024w, https:\\\/\\\/www.greenpeace.org\\\/static\\\/planet4-luxembourg-stateless\\\/2022\\\/11\\\/20221130-Avent-ASM_GP-AH-1-768x512.jpg 768w, https:\\\/\\\/www.greenpeace.org\\\/static\\\/planet4-luxembourg-stateless\\\/2022\\\/11\\\/20221130-Avent-ASM_GP-AH-1-1536x1024.jpg 1536w, https:\\\/\\\/www.greenpeace.org\\\/static\\\/planet4-luxembourg-stateless\\\/2022\\\/11\\\/20221130-Avent-ASM_GP-AH-1-2048x1366.jpg 2048w, https:\\\/\\\/www.greenpeace.org\\\/static\\\/planet4-luxembourg-stateless\\\/2022\\\/11\\\/20221130-Avent-ASM_GP-AH-1-510x340.jpg 510w&quot;,&quot;image_sizes&quot;:false,&quot;alt_text&quot;:&quot;&quot;,&quot;caption&quot;:&quot;&quot;,&quot;focus_image&quot;:&quot;&quot;,&quot;credits&quot;:&quot;&quot;},{&quot;image_src&quot;:&quot;https:\\\/\\\/www.greenpeace.org\\\/static\\\/planet4-luxembourg-stateless\\\/2022\\\/11\\\/20221130-Avent-ASM_GP-AH-2-scaled.jpg&quot;,&quot;image_srcset&quot;:&quot;https:\\\/\\\/www.greenpeace.org\\\/static\\\/planet4-luxembourg-stateless\\\/2022\\\/11\\\/20221130-Avent-ASM_GP-AH-2-scaled.jpg 2560w, https:\\\/\\\/www.greenpeace.org\\\/static\\\/planet4-luxembourg-stateless\\\/2022\\\/11\\\/20221130-Avent-ASM_GP-AH-2-300x200.jpg 300w, https:\\\/\\\/www.greenpeace.org\\\/static\\\/planet4-luxembourg-stateless\\\/2022\\\/11\\\/20221130-Avent-ASM_GP-AH-2-1024x683.jpg 1024w, https:\\\/\\\/www.greenpeace.org\\\/static\\\/planet4-luxembourg-stateless\\\/2022\\\/11\\\/20221130-Avent-ASM_GP-AH-2-768x512.jpg 768w, https:\\\/\\\/www.greenpeace.org\\\/static\\\/planet4-luxembourg-stateless\\\/2022\\\/11\\\/20221130-Avent-ASM_GP-AH-2-1536x1024.jpg 1536w, https:\\\/\\\/www.greenpeace.org\\\/static\\\/planet4-luxembourg-stateless\\\/2022\\\/11\\\/20221130-Avent-ASM_GP-AH-2-2048x1366.jpg 2048w, https:\\\/\\\/www.greenpeace.org\\\/static\\\/planet4-luxembourg-stateless\\\/2022\\\/11\\\/20221130-Avent-ASM_GP-AH-2-510x340.jpg 510w&quot;,&quot;image_sizes&quot;:false,&quot;alt_text&quot;:&quot;&quot;,&quot;caption&quot;:&quot;&quot;,&quot;focus_image&quot;:&quot;&quot;,&quot;credits&quot;:&quot;&quot;},{&quot;image_src&quot;:&quot;https:\\\/\\\/www.greenpeace.org\\\/static\\\/planet4-luxembourg-stateless\\\/2022\\\/11\\\/20221130-Avent-ASM_GP-AH-24-1-scaled.jpg&quot;,&quot;image_srcset&quot;:&quot;https:\\\/\\\/www.greenpeace.org\\\/static\\\/planet4-luxembourg-stateless\\\/2022\\\/11\\\/20221130-Avent-ASM_GP-AH-24-1-scaled.jpg 2560w, https:\\\/\\\/www.greenpeace.org\\\/static\\\/planet4-luxembourg-stateless\\\/2022\\\/11\\\/20221130-Avent-ASM_GP-AH-24-1-300x200.jpg 300w, https:\\\/\\\/www.greenpeace.org\\\/static\\\/planet4-luxembourg-stateless\\\/2022\\\/11\\\/20221130-Avent-ASM_GP-AH-24-1-1024x683.jpg 1024w, https:\\\/\\\/www.greenpeace.org\\\/static\\\/planet4-luxembourg-stateless\\\/2022\\\/11\\\/20221130-Avent-ASM_GP-AH-24-1-768x512.jpg 768w, https:\\\/\\\/www.greenpeace.org\\\/static\\\/planet4-luxembourg-stateless\\\/2022\\\/11\\\/20221130-Avent-ASM_GP-AH-24-1-1536x1024.jpg 1536w, https:\\\/\\\/www.greenpeace.org\\\/static\\\/planet4-luxembourg-stateless\\\/2022\\\/11\\\/20221130-Avent-ASM_GP-AH-24-1-2048x1366.jpg 2048w, https:\\\/\\\/www.greenpeace.org\\\/static\\\/planet4-luxembourg-stateless\\\/2022\\\/11\\\/20221130-Avent-ASM_GP-AH-24-1-510x340.jpg 510w&quot;,&quot;image_sizes&quot;:false,&quot;alt_text&quot;:&quot;&quot;,&quot;caption&quot;:&quot;&quot;,&quot;focus_image&quot;:&quot;&quot;,&quot;credits&quot;:&quot;&quot;}]}}\"><\/div>","protected":false},"excerpt":{"rendered":"<p>Envoyez votre v\u0153u au ministre de la S\u00e9curit\u00e9 sociale et exigez un fonds de pension qui prot\u00e8ge le climat, l\u2019environnement et les droits humains.<\/p>\n","protected":false},"author":20,"featured_media":16008,"parent":0,"menu_order":0,"comment_status":"closed","ping_status":"closed","template":"","meta":{"ep_exclude_from_search":false,"p4_hide_page_title_checkbox":"on","p4_title":"","p4_subtitle":"","p4_description":"","background_image_id":"","background_image":"","p4_button_title":"","p4_button_link":"","p4_button_link_checkbox":"","p4_og_title":"","p4_og_description":"","p4_og_image":"","p4_og_image_id":"","p4_seo_canonical_url":"","p4_campaign_name":"not set","p4_local_project":"not set","p4_basket_name":"not set","p4_department":"","footnotes":""},"categories":[],"tags":[],"class_list":["post-15926","page","type-page","status-publish","has-post-thumbnail","hentry"],"yoast_head":"<!-- This site is optimized with the Yoast SEO Premium plugin v23.9 (Yoast SEO v23.9) - https:\/\/yoast.com\/wordpress\/plugins\/seo\/ -->\n<title>Calendrier de l Avent - Greenpeace Luxembourg<\/title>\n<meta name=\"robots\" content=\"index, follow, max-snippet:-1, max-image-preview:large, max-video-preview:-1\" \/>\n<link rel=\"canonical\" href=\"https:\/\/www.greenpeace.org\/luxembourg\/fr\/calendrier-de-l-avent\/\" \/>\n<meta property=\"og:locale\" content=\"fr_FR\" \/>\n<meta property=\"og:type\" content=\"article\" \/>\n<meta property=\"og:title\" content=\"Calendrier de l Avent\" \/>\n<meta property=\"og:description\" content=\"Envoyez votre v\u0153u au ministre de la S\u00e9curit\u00e9 sociale et exigez un fonds de pension qui prot\u00e8ge le climat, l\u2019environnement et les droits humains.\" \/>\n<meta property=\"og:url\" content=\"https:\/\/www.greenpeace.org\/luxembourg\/fr\/calendrier-de-l-avent\/\" \/>\n<meta property=\"og:site_name\" content=\"Greenpeace Luxembourg\" \/>\n<meta property=\"article:publisher\" content=\"https:\/\/www.facebook.com\/greenpeaceluxembourg\" \/>\n<meta property=\"article:modified_time\" content=\"2025-07-02T07:35:00+00:00\" \/>\n<meta property=\"og:image\" content=\"https:\/\/www.greenpeace.org\/static\/planet4-luxembourg-stateless\/2022\/11\/20221130-Avent-ASM_GP-AH-24-1-scaled.jpg\" \/>\n\t<meta property=\"og:image:width\" content=\"2560\" \/>\n\t<meta property=\"og:image:height\" content=\"1707\" \/>\n\t<meta property=\"og:image:type\" content=\"image\/jpeg\" \/>\n<meta name=\"twitter:card\" content=\"summary_large_image\" \/>\n<meta name=\"twitter:label1\" content=\"Est. reading time\" \/>\n\t<meta name=\"twitter:data1\" content=\"1 minute\" \/>\n<script type=\"application\/ld+json\" class=\"yoast-schema-graph\">{\"@context\":\"https:\/\/schema.org\",\"@graph\":[{\"@type\":\"WebPage\",\"@id\":\"https:\/\/www.greenpeace.org\/luxembourg\/fr\/calendrier-de-l-avent\/\",\"url\":\"https:\/\/www.greenpeace.org\/luxembourg\/fr\/calendrier-de-l-avent\/\",\"name\":\"Calendrier de l Avent - Greenpeace Luxembourg\",\"isPartOf\":{\"@id\":\"https:\/\/www.greenpeace.org\/luxembourg\/fr\/#website\"},\"primaryImageOfPage\":{\"@id\":\"https:\/\/www.greenpeace.org\/luxembourg\/fr\/calendrier-de-l-avent\/#primaryimage\"},\"image\":{\"@id\":\"https:\/\/www.greenpeace.org\/luxembourg\/fr\/calendrier-de-l-avent\/#primaryimage\"},\"thumbnailUrl\":\"https:\/\/www.greenpeace.org\/static\/planet4-luxembourg-stateless\/2022\/11\/20221130-Avent-ASM_GP-AH-24-1-scaled.jpg\",\"datePublished\":\"2022-11-30T14:51:07+00:00\",\"dateModified\":\"2025-07-02T07:35:00+00:00\",\"breadcrumb\":{\"@id\":\"https:\/\/www.greenpeace.org\/luxembourg\/fr\/calendrier-de-l-avent\/#breadcrumb\"},\"inLanguage\":\"fr-LU\",\"potentialAction\":[{\"@type\":\"ReadAction\",\"target\":[\"https:\/\/www.greenpeace.org\/luxembourg\/fr\/calendrier-de-l-avent\/\"]}]},{\"@type\":\"ImageObject\",\"inLanguage\":\"fr-LU\",\"@id\":\"https:\/\/www.greenpeace.org\/luxembourg\/fr\/calendrier-de-l-avent\/#primaryimage\",\"url\":\"https:\/\/www.greenpeace.org\/static\/planet4-luxembourg-stateless\/2022\/11\/20221130-Avent-ASM_GP-AH-24-1-scaled.jpg\",\"contentUrl\":\"https:\/\/www.greenpeace.org\/static\/planet4-luxembourg-stateless\/2022\/11\/20221130-Avent-ASM_GP-AH-24-1-scaled.jpg\",\"width\":2560,\"height\":1707},{\"@type\":\"BreadcrumbList\",\"@id\":\"https:\/\/www.greenpeace.org\/luxembourg\/fr\/calendrier-de-l-avent\/#breadcrumb\",\"itemListElement\":[{\"@type\":\"ListItem\",\"position\":1,\"name\":\"Home\",\"item\":\"https:\/\/www.greenpeace.org\/luxembourg\/fr\/\"},{\"@type\":\"ListItem\",\"position\":2,\"name\":\"Calendrier de l Avent\"}]},{\"@type\":\"WebSite\",\"@id\":\"https:\/\/www.greenpeace.org\/luxembourg\/fr\/#website\",\"url\":\"https:\/\/www.greenpeace.org\/luxembourg\/fr\/\",\"name\":\"Greenpeace Luxembourg\",\"description\":\"Greenpeace existe parce que cette Terre fragile a besoin d&#039;une voix. Elle a besoin de solutions. De changement. D&#039;actions.\",\"publisher\":{\"@id\":\"https:\/\/www.greenpeace.org\/luxembourg\/fr\/#organization\"},\"potentialAction\":[{\"@type\":\"SearchAction\",\"target\":{\"@type\":\"EntryPoint\",\"urlTemplate\":\"https:\/\/www.greenpeace.org\/luxembourg\/fr\/?s={search_term_string}\"},\"query-input\":{\"@type\":\"PropertyValueSpecification\",\"valueRequired\":true,\"valueName\":\"search_term_string\"}}],\"inLanguage\":\"fr-LU\"},{\"@type\":\"Organization\",\"@id\":\"https:\/\/www.greenpeace.org\/luxembourg\/fr\/#organization\",\"name\":\"Greenpeace Luxembourg\",\"url\":\"https:\/\/www.greenpeace.org\/luxembourg\/fr\/\",\"logo\":{\"@type\":\"ImageObject\",\"inLanguage\":\"fr-LU\",\"@id\":\"https:\/\/www.greenpeace.org\/luxembourg\/fr\/#\/schema\/logo\/image\/\",\"url\":\"https:\/\/www.greenpeace.org\/static\/planet4-luxembourg-stateless\/2026\/03\/3e367f94-greenpeace_logo_green_rgb.png\",\"contentUrl\":\"https:\/\/www.greenpeace.org\/static\/planet4-luxembourg-stateless\/2026\/03\/3e367f94-greenpeace_logo_green_rgb.png\",\"width\":1080,\"height\":175,\"caption\":\"Greenpeace Luxembourg\"},\"image\":{\"@id\":\"https:\/\/www.greenpeace.org\/luxembourg\/fr\/#\/schema\/logo\/image\/\"},\"sameAs\":[\"https:\/\/www.facebook.com\/greenpeaceluxembourg\",\"https:\/\/www.instagram.com\/greenpeacelux\/\",\"https:\/\/www.linkedin.com\/company\/greenpeace-luxembourg\/\",\"https:\/\/www.threads.com\/@greenpeacelux\",\"https:\/\/bsky.app\/profile\/greenpeacelux.bsky.social\",\"https:\/\/www.youtube.com\/@GreenpeaceLux\",\"https:\/\/www.tiktok.com\/@greenpeace_lux\"]}]}<\/script>\n<!-- \/ Yoast SEO Premium plugin. -->","yoast_head_json":{"title":"Calendrier de l Avent - Greenpeace Luxembourg","robots":{"index":"index","follow":"follow","max-snippet":"max-snippet:-1","max-image-preview":"max-image-preview:large","max-video-preview":"max-video-preview:-1"},"canonical":"https:\/\/www.greenpeace.org\/luxembourg\/fr\/calendrier-de-l-avent\/","og_locale":"fr_FR","og_type":"article","og_title":"Calendrier de l Avent","og_description":"Envoyez votre v\u0153u au ministre de la S\u00e9curit\u00e9 sociale et exigez un fonds de pension qui prot\u00e8ge le climat, l\u2019environnement et les droits humains.","og_url":"https:\/\/www.greenpeace.org\/luxembourg\/fr\/calendrier-de-l-avent\/","og_site_name":"Greenpeace Luxembourg","article_publisher":"https:\/\/www.facebook.com\/greenpeaceluxembourg","article_modified_time":"2025-07-02T07:35:00+00:00","og_image":[{"width":2560,"height":1707,"url":"https:\/\/www.greenpeace.org\/static\/planet4-luxembourg-stateless\/2022\/11\/20221130-Avent-ASM_GP-AH-24-1-scaled.jpg","type":"image\/jpeg"}],"twitter_card":"summary_large_image","twitter_misc":{"Est. reading time":"1 minute"},"schema":{"@context":"https:\/\/schema.org","@graph":[{"@type":"WebPage","@id":"https:\/\/www.greenpeace.org\/luxembourg\/fr\/calendrier-de-l-avent\/","url":"https:\/\/www.greenpeace.org\/luxembourg\/fr\/calendrier-de-l-avent\/","name":"Calendrier de l Avent - Greenpeace Luxembourg","isPartOf":{"@id":"https:\/\/www.greenpeace.org\/luxembourg\/fr\/#website"},"primaryImageOfPage":{"@id":"https:\/\/www.greenpeace.org\/luxembourg\/fr\/calendrier-de-l-avent\/#primaryimage"},"image":{"@id":"https:\/\/www.greenpeace.org\/luxembourg\/fr\/calendrier-de-l-avent\/#primaryimage"},"thumbnailUrl":"https:\/\/www.greenpeace.org\/static\/planet4-luxembourg-stateless\/2022\/11\/20221130-Avent-ASM_GP-AH-24-1-scaled.jpg","datePublished":"2022-11-30T14:51:07+00:00","dateModified":"2025-07-02T07:35:00+00:00","breadcrumb":{"@id":"https:\/\/www.greenpeace.org\/luxembourg\/fr\/calendrier-de-l-avent\/#breadcrumb"},"inLanguage":"fr-LU","potentialAction":[{"@type":"ReadAction","target":["https:\/\/www.greenpeace.org\/luxembourg\/fr\/calendrier-de-l-avent\/"]}]},{"@type":"ImageObject","inLanguage":"fr-LU","@id":"https:\/\/www.greenpeace.org\/luxembourg\/fr\/calendrier-de-l-avent\/#primaryimage","url":"https:\/\/www.greenpeace.org\/static\/planet4-luxembourg-stateless\/2022\/11\/20221130-Avent-ASM_GP-AH-24-1-scaled.jpg","contentUrl":"https:\/\/www.greenpeace.org\/static\/planet4-luxembourg-stateless\/2022\/11\/20221130-Avent-ASM_GP-AH-24-1-scaled.jpg","width":2560,"height":1707},{"@type":"BreadcrumbList","@id":"https:\/\/www.greenpeace.org\/luxembourg\/fr\/calendrier-de-l-avent\/#breadcrumb","itemListElement":[{"@type":"ListItem","position":1,"name":"Home","item":"https:\/\/www.greenpeace.org\/luxembourg\/fr\/"},{"@type":"ListItem","position":2,"name":"Calendrier de l Avent"}]},{"@type":"WebSite","@id":"https:\/\/www.greenpeace.org\/luxembourg\/fr\/#website","url":"https:\/\/www.greenpeace.org\/luxembourg\/fr\/","name":"Greenpeace Luxembourg","description":"Greenpeace existe parce que cette Terre fragile a besoin d&#039;une voix. Elle a besoin de solutions. De changement. D&#039;actions.","publisher":{"@id":"https:\/\/www.greenpeace.org\/luxembourg\/fr\/#organization"},"potentialAction":[{"@type":"SearchAction","target":{"@type":"EntryPoint","urlTemplate":"https:\/\/www.greenpeace.org\/luxembourg\/fr\/?s={search_term_string}"},"query-input":{"@type":"PropertyValueSpecification","valueRequired":true,"valueName":"search_term_string"}}],"inLanguage":"fr-LU"},{"@type":"Organization","@id":"https:\/\/www.greenpeace.org\/luxembourg\/fr\/#organization","name":"Greenpeace Luxembourg","url":"https:\/\/www.greenpeace.org\/luxembourg\/fr\/","logo":{"@type":"ImageObject","inLanguage":"fr-LU","@id":"https:\/\/www.greenpeace.org\/luxembourg\/fr\/#\/schema\/logo\/image\/","url":"https:\/\/www.greenpeace.org\/static\/planet4-luxembourg-stateless\/2026\/03\/3e367f94-greenpeace_logo_green_rgb.png","contentUrl":"https:\/\/www.greenpeace.org\/static\/planet4-luxembourg-stateless\/2026\/03\/3e367f94-greenpeace_logo_green_rgb.png","width":1080,"height":175,"caption":"Greenpeace Luxembourg"},"image":{"@id":"https:\/\/www.greenpeace.org\/luxembourg\/fr\/#\/schema\/logo\/image\/"},"sameAs":["https:\/\/www.facebook.com\/greenpeaceluxembourg","https:\/\/www.instagram.com\/greenpeacelux\/","https:\/\/www.linkedin.com\/company\/greenpeace-luxembourg\/","https:\/\/www.threads.com\/@greenpeacelux","https:\/\/bsky.app\/profile\/greenpeacelux.bsky.social","https:\/\/www.youtube.com\/@GreenpeaceLux","https:\/\/www.tiktok.com\/@greenpeace_lux"]}]}},"_links":{"self":[{"href":"https:\/\/www.greenpeace.org\/luxembourg\/fr\/wp-json\/wp\/v2\/pages\/15926","targetHints":{"allow":["GET"]}}],"collection":[{"href":"https:\/\/www.greenpeace.org\/luxembourg\/fr\/wp-json\/wp\/v2\/pages"}],"about":[{"href":"https:\/\/www.greenpeace.org\/luxembourg\/fr\/wp-json\/wp\/v2\/types\/page"}],"author":[{"embeddable":true,"href":"https:\/\/www.greenpeace.org\/luxembourg\/fr\/wp-json\/wp\/v2\/users\/20"}],"replies":[{"embeddable":true,"href":"https:\/\/www.greenpeace.org\/luxembourg\/fr\/wp-json\/wp\/v2\/comments?post=15926"}],"version-history":[{"count":20,"href":"https:\/\/www.greenpeace.org\/luxembourg\/fr\/wp-json\/wp\/v2\/pages\/15926\/revisions"}],"predecessor-version":[{"id":24969,"href":"https:\/\/www.greenpeace.org\/luxembourg\/fr\/wp-json\/wp\/v2\/pages\/15926\/revisions\/24969"}],"wp:featuredmedia":[{"embeddable":true,"href":"https:\/\/www.greenpeace.org\/luxembourg\/fr\/wp-json\/wp\/v2\/media\/16008"}],"wp:attachment":[{"href":"https:\/\/www.greenpeace.org\/luxembourg\/fr\/wp-json\/wp\/v2\/media?parent=15926"}],"wp:term":[{"taxonomy":"category","embeddable":true,"href":"https:\/\/www.greenpeace.org\/luxembourg\/fr\/wp-json\/wp\/v2\/categories?post=15926"},{"taxonomy":"post_tag","embeddable":true,"href":"https:\/\/www.greenpeace.org\/luxembourg\/fr\/wp-json\/wp\/v2\/tags?post=15926"}],"curies":[{"name":"wp","href":"https:\/\/api.w.org\/{rel}","templated":true}]}}