{"id":13072,"date":"2023-11-23T12:31:12","date_gmt":"2023-11-23T09:31:12","guid":{"rendered":"https:\/\/www.greenpeace.org\/mena\/?page_id=13072"},"modified":"2024-06-27T14:32:15","modified_gmt":"2024-06-27T11:32:15","slug":"faireundon","status":"publish","type":"page","link":"https:\/\/www.greenpeace.org\/mena\/fr\/faireundon\/","title":{"rendered":"Faire un don"},"content":{"rendered":"\n<!-- Start of HubSpot Embed Code -->\n<script type=\"text\/javascript\" id=\"hs-script-loader\" async defer src=\"\/\/js.hs-scripts.com\/19920067.js\"><\/script>\n<!-- End of HubSpot Embed Code -->\n\n<div style=\"height:36px\" aria-hidden=\"true\" class=\"wp-block-spacer\"><\/div>\n\n<h2 class=\"wp-block-heading has-text-align-center has-white-color has-green-400-background-color has-text-color has-background has-medium-font-size\">AGIR. MAITENANT.<\/h2>\n\n<div class=\"wp-block-columns is-layout-flex wp-container-core-columns-is-layout-9d6595d7 wp-block-columns-is-layout-flex\">\n<div class=\"wp-block-column is-layout-flow wp-block-column-is-layout-flow\">\n<figure class=\"wp-block-embed is-type-video is-provider-youtube wp-block-embed-youtube wp-embed-aspect-16-9 wp-has-aspect-ratio\"><div class=\"wp-block-embed__wrapper\">\n<iframe loading=\"lazy\" title=\"Climate Change Impact In MENA\" width=\"500\" height=\"281\" src=\"https:\/\/www.youtube.com\/embed\/2JM9a6FbPSE?feature=oembed\" frameborder=\"0\" allow=\"accelerometer; autoplay; clipboard-write; encrypted-media; gyroscope; picture-in-picture; web-share\" referrerpolicy=\"strict-origin-when-cross-origin\" allowfullscreen><\/iframe>\n<\/div><\/figure>\n<\/div>\n\n\n\n<div class=\"wp-block-column is-layout-flow wp-block-column-is-layout-flow\" style=\"flex-basis:300px\">\n<center><a href=\"#XNJYDBMJ\" style=\"display: none\" width: 180% !important; min-width: 600px !important; max-width: 1250px !important;\"><\/a><\/center>\n\n\n\n<p class=\"has-text-align-center has-small-font-size\"><a rel=\"noreferrer noopener\" href=\"mailto:frgpmena@greenpeace.org\" target=\"_blank\">Pour d\u2019autres fa\u00e7ons de faire un don, contactez-nous.<\/a>.<\/p>\n<\/div>\n<\/div>\n\n<p class=\"has-text-align-center\">Nous luttons pour une notre environnement, la justice et les g\u00e9n\u00e9rations futures. Mais h\u00e9las, cela ne peut se faire sans vous. Afin de garder notre ind\u00e9pendance et de r\u00e9aliser notre ambition, Greenpeace n\u2019accepte pas les dons des entreprises ou des gouvernements.<\/p>\n\n<p class=\"has-text-align-center\">Nous comptons seulement sur le support de personnes comme vous!<\/p>\n\n<div style=\"height:36px\" aria-hidden=\"true\" class=\"wp-block-spacer\"><\/div>\n\n<h2 class=\"wp-block-heading has-text-align-center has-green-400-color has-text-color has-large-font-size\"><strong>Toutes les campagnes sont importantes.<\/strong><br>Choisissez celle qui vous touchent le plus.<\/h2>\n\n<p class=\"has-text-align-center\">Les fonds sont essentiels pour financer nos campagnes et ex\u00e9cuter nos initiatives. Afin de pr\u00e9server notre autonomie, nous nous abstenons d&#8217;accepter des dons d&#8217;entreprises ou de gouvernements, ce qui rend votre soutien indispensable pour tous les aspects de notre travail.<\/p>\n\n<p class=\"has-text-align-center\">Nous demandons votre aide aujourd\u2019hui.<\/p>\n\n<div class=\"wp-block-columns alignfull are-vertically-aligned-center is-layout-flex wp-container-core-columns-is-layout-9d6595d7 wp-block-columns-is-layout-flex\">\n<div class=\"wp-block-column is-layout-flow wp-block-column-is-layout-flow\"><\/div>\n\n\n\n<div class=\"wp-block-column is-vertically-aligned-center is-layout-flow wp-block-column-is-layout-flow\">\n<center> <a href=\"#XTNPNMDH\" style=\"display: none\"><\/a> <\/center>\n<\/div>\n\n\n\n<div class=\"wp-block-column is-vertically-aligned-center is-layout-flow wp-block-column-is-layout-flow\">\n<center> <a href=\"#XZCPFBEG\" style=\"display: none\"><\/a><\/center>\n<\/div>\n\n\n\n<div class=\"wp-block-column is-vertically-aligned-center is-layout-flow wp-block-column-is-layout-flow\">\n<center><a href=\"#XEQHZWHF\" style=\"display: none\"><\/a><\/center>\n<\/div>\n\n\n\n<div class=\"wp-block-column is-vertically-aligned-center is-layout-flow wp-block-column-is-layout-flow\">\n<center><a href=\"#XWWZECSU\" style=\"display: none\"><\/a><\/center>\n<\/div>\n\n\n\n<div class=\"wp-block-column is-layout-flow wp-block-column-is-layout-flow\"><\/div>\n<\/div>\n\n<div style=\"height:32px\" aria-hidden=\"true\" class=\"wp-block-spacer\"><\/div>\n\n<div class=\"wp-block-media-text alignfull has-media-on-the-right is-stacked-on-mobile is-pattern-p4-page-header\" style=\"grid-template-columns:auto 54%\"><div class=\"wp-block-media-text__content\">\n<div class=\"wp-block-group is-layout-flow wp-block-group-is-layout-flow\">\n<h2 class=\"wp-block-heading has-green-400-color has-white-background-color has-text-color has-background has-large-font-size\"><strong>Faire un don mensuellement<\/strong><\/h2>\n\n\n\n<p class=\"has-grey-800-color has-text-color has-medium-font-size\">Chez Greenpeace, nous prenons des mesures audacieuses pour prot\u00e9ger notre plan\u00e8te et ses habitants, mais nous ne pouvons y parvenir seuls. C\u2019est l\u00e0 que vous, supporters d\u00e9vou\u00e9s, entrez en jeu. Votre engagement et votre passion sont essentiels dans notre d\u00e9marche de sauvegarde de la plan\u00e8te.<\/p>\n<\/div>\n\n\n\n<a href=\"#XYJEFXYH\" style=\"display: none\"><\/a>\n<\/div><figure class=\"wp-block-media-text__media\"><img loading=\"lazy\" decoding=\"async\" width=\"1024\" height=\"683\" src=\"https:\/\/www.greenpeace.org\/static\/planet4-mena-stateless\/2023\/10\/c178128c-shutterstock_1366434290-1024x683.jpg\" alt=\"\" sizes=\"auto, (min-width: 601px) 54vw, 100vw\" srcset=\"https:\/\/www.greenpeace.org\/static\/planet4-mena-stateless\/2023\/10\/c178128c-shutterstock_1366434290-scaled.jpg 2560w, https:\/\/www.greenpeace.org\/static\/planet4-mena-stateless\/2023\/10\/c178128c-shutterstock_1366434290-300x200.jpg 300w, https:\/\/www.greenpeace.org\/static\/planet4-mena-stateless\/2023\/10\/c178128c-shutterstock_1366434290-1024x683.jpg 1024w, https:\/\/www.greenpeace.org\/static\/planet4-mena-stateless\/2023\/10\/c178128c-shutterstock_1366434290-768x512.jpg 768w, https:\/\/www.greenpeace.org\/static\/planet4-mena-stateless\/2023\/10\/c178128c-shutterstock_1366434290-1536x1024.jpg 1536w, https:\/\/www.greenpeace.org\/static\/planet4-mena-stateless\/2023\/10\/c178128c-shutterstock_1366434290-2048x1366.jpg 2048w, https:\/\/www.greenpeace.org\/static\/planet4-mena-stateless\/2023\/10\/c178128c-shutterstock_1366434290-510x340.jpg 510w\" class=\"wp-image-12759 size-full\"\/><\/figure><\/div>\n\n<div style=\"height:36px\" aria-hidden=\"true\" class=\"wp-block-spacer\"><\/div>\n\n<div class=\"wp-block-media-text alignfull is-stacked-on-mobile\"><figure class=\"wp-block-media-text__media\"><img loading=\"lazy\" decoding=\"async\" width=\"800\" height=\"533\" src=\"https:\/\/www.greenpeace.org\/static\/planet4-mena-stateless\/2023\/10\/fe641009-gp0stt3fm_web_size_with_credit_line.webp\" alt=\"\" sizes=\"auto, (min-width: 601px) 50vw, 100vw\" srcset=\"https:\/\/www.greenpeace.org\/static\/planet4-mena-stateless\/2023\/10\/fe641009-gp0stt3fm_web_size_with_credit_line.webp 800w, https:\/\/www.greenpeace.org\/static\/planet4-mena-stateless\/2023\/10\/fe641009-gp0stt3fm_web_size_with_credit_line-300x200.webp 300w, https:\/\/www.greenpeace.org\/static\/planet4-mena-stateless\/2023\/10\/fe641009-gp0stt3fm_web_size_with_credit_line-768x512.webp 768w, https:\/\/www.greenpeace.org\/static\/planet4-mena-stateless\/2023\/10\/fe641009-gp0stt3fm_web_size_with_credit_line-510x340.webp 510w\" class=\"wp-image-12692 size-full\"\/><\/figure><div class=\"wp-block-media-text__content\">\n<h2 class=\"wp-block-heading has-green-400-color has-text-color has-large-font-size\"><strong>Un pas de plus<\/strong><\/h2>\n\n\n\n<p>Mobilisez vos relations personnelles en lan\u00e7ant une campagne de collecte de fonds pour soutenir nos campagnes<\/p>\n\n\n\n<p>L&#8217;int\u00e9gralit\u00e9 des fonds r\u00e9colt\u00e9s soutiendront directement nos initiatives au Moyen-Orient et en Afrique du Nord.<\/p>\n\n\n\n<a href=\"#XHFPECNF\" style=\"display: none\"><\/a>\n<\/div><\/div>\n","protected":false},"excerpt":{"rendered":"<p>AGIR. MAITENANT.<\/p>\n","protected":false},"author":8,"featured_media":12792,"parent":0,"menu_order":0,"comment_status":"closed","ping_status":"closed","template":"","meta":{"_planet4_optimize_post_is_variant":false,"_planet4_optimize_experiment_name":"","_planet4_optimize_variant_name":"","ep_exclude_from_search":false,"p4_hide_page_title_checkbox":"on","p4_title":"","p4_subtitle":"","p4_description":"","background_image_id":"","background_image":"","p4_button_title":"","p4_button_link":"","p4_button_link_checkbox":"","p4_og_title":"","p4_og_description":"","p4_og_image":"","p4_og_image_id":"","p4_seo_canonical_url":"","p4_campaign_name":"","p4_local_project":"","p4_basket_name":"","p4_department":"","footnotes":""},"categories":[],"tags":[],"class_list":["post-13072","page","type-page","status-publish","has-post-thumbnail","hentry"],"yoast_head":"<!-- This site is optimized with the Yoast SEO Premium plugin v27.4 (Yoast SEO v27.4) - https:\/\/yoast.com\/product\/yoast-seo-premium-wordpress\/ -->\n<title>Faire un don - Greenpeace Moyen Orient et Afrique du Nord<\/title>\n<meta name=\"robots\" content=\"index, follow, max-snippet:-1, max-image-preview:large, max-video-preview:-1\" \/>\n<link rel=\"canonical\" href=\"https:\/\/www.greenpeace.org\/mena\/fr\/faireundon\/\" \/>\n<meta property=\"og:locale\" content=\"fr_FR\" \/>\n<meta property=\"og:type\" content=\"article\" \/>\n<meta property=\"og:title\" content=\"Faire un don\" \/>\n<meta property=\"og:description\" content=\"AGIR. MAITENANT.\" \/>\n<meta property=\"og:url\" content=\"https:\/\/www.greenpeace.org\/mena\/fr\/faireundon\/\" \/>\n<meta property=\"og:site_name\" content=\"Greenpeace Moyen Orient et Afrique du Nord\" \/>\n<meta property=\"article:publisher\" content=\"https:\/\/www.facebook.com\/GreenpeaceAR\" \/>\n<meta property=\"article:modified_time\" content=\"2024-06-27T11:32:15+00:00\" \/>\n<meta property=\"og:image\" content=\"https:\/\/www.greenpeace.org\/static\/planet4-mena-stateless\/2023\/10\/30481b6d-el_seed_banner_-6-scaled.jpg\" \/>\n\t<meta property=\"og:image:width\" content=\"2560\" \/>\n\t<meta property=\"og:image:height\" content=\"1829\" \/>\n\t<meta property=\"og:image:type\" content=\"image\/jpeg\" \/>\n<meta name=\"twitter:card\" content=\"summary_large_image\" \/>\n<meta name=\"twitter:site\" content=\"@GreenpeaceAR\" \/>\n<script type=\"application\/ld+json\" class=\"yoast-schema-graph\">{\"@context\":\"https:\\\/\\\/schema.org\",\"@graph\":[{\"@type\":\"WebPage\",\"@id\":\"https:\\\/\\\/www.greenpeace.org\\\/mena\\\/fr\\\/faireundon\\\/\",\"url\":\"https:\\\/\\\/www.greenpeace.org\\\/mena\\\/fr\\\/faireundon\\\/\",\"name\":\"Faire un don - Greenpeace Moyen Orient et Afrique du Nord\",\"isPartOf\":{\"@id\":\"https:\\\/\\\/www.greenpeace.org\\\/mena\\\/ar\\\/#website\"},\"primaryImageOfPage\":{\"@id\":\"https:\\\/\\\/www.greenpeace.org\\\/mena\\\/fr\\\/faireundon\\\/#primaryimage\"},\"image\":{\"@id\":\"https:\\\/\\\/www.greenpeace.org\\\/mena\\\/fr\\\/faireundon\\\/#primaryimage\"},\"thumbnailUrl\":\"https:\\\/\\\/www.greenpeace.org\\\/static\\\/planet4-mena-stateless\\\/2023\\\/10\\\/30481b6d-el_seed_banner_-6-scaled.jpg\",\"datePublished\":\"2023-11-23T09:31:12+00:00\",\"dateModified\":\"2024-06-27T11:32:15+00:00\",\"breadcrumb\":{\"@id\":\"https:\\\/\\\/www.greenpeace.org\\\/mena\\\/fr\\\/faireundon\\\/#breadcrumb\"},\"inLanguage\":\"fr\",\"potentialAction\":[{\"@type\":\"ReadAction\",\"target\":[\"https:\\\/\\\/www.greenpeace.org\\\/mena\\\/fr\\\/faireundon\\\/\"]}]},{\"@type\":\"ImageObject\",\"inLanguage\":\"fr\",\"@id\":\"https:\\\/\\\/www.greenpeace.org\\\/mena\\\/fr\\\/faireundon\\\/#primaryimage\",\"url\":\"https:\\\/\\\/www.greenpeace.org\\\/static\\\/planet4-mena-stateless\\\/2023\\\/10\\\/30481b6d-el_seed_banner_-6-scaled.jpg\",\"contentUrl\":\"https:\\\/\\\/www.greenpeace.org\\\/static\\\/planet4-mena-stateless\\\/2023\\\/10\\\/30481b6d-el_seed_banner_-6-scaled.jpg\",\"width\":2560,\"height\":1829},{\"@type\":\"BreadcrumbList\",\"@id\":\"https:\\\/\\\/www.greenpeace.org\\\/mena\\\/fr\\\/faireundon\\\/#breadcrumb\",\"itemListElement\":[{\"@type\":\"ListItem\",\"position\":1,\"name\":\"Home\",\"item\":\"https:\\\/\\\/www.greenpeace.org\\\/mena\\\/fr\\\/\"},{\"@type\":\"ListItem\",\"position\":2,\"name\":\"Faire un don\"}]},{\"@type\":\"WebSite\",\"@id\":\"https:\\\/\\\/www.greenpeace.org\\\/mena\\\/ar\\\/#website\",\"url\":\"https:\\\/\\\/www.greenpeace.org\\\/mena\\\/ar\\\/\",\"name\":\"\u063a\u0631\u064a\u0646\u0628\u064a\u0633 \u0627\u0644\u0634\u0631\u0642 \u0627\u0644\u0623\u0648\u0633\u0637 \u0648\u0634\u0645\u0627\u0644 \u0623\u0641\u0631\u064a\u0642\u064a\u0627\",\"description\":\"Greenpeace MENA fait partie du r\u00e9seau Greenpeace, qui regroupe 28 organisations nationales\\\/r\u00e9gionales ind\u00e9pendantes r\u00e9parties dans plus de 56 pays d\u2019Europe, d\u2019Am\u00e9rique, d\u2019Afrique, d\u2019Asie et du Pacifique, ainsi qu\u2019un organisme de coordination, Greenpeace International.\",\"potentialAction\":[{\"@type\":\"SearchAction\",\"target\":{\"@type\":\"EntryPoint\",\"urlTemplate\":\"https:\\\/\\\/www.greenpeace.org\\\/mena\\\/ar\\\/?s={search_term_string}\"},\"query-input\":{\"@type\":\"PropertyValueSpecification\",\"valueRequired\":true,\"valueName\":\"search_term_string\"}}],\"inLanguage\":\"fr\"}]}<\/script>\n<!-- \/ Yoast SEO Premium plugin. -->","yoast_head_json":{"title":"Faire un don - Greenpeace Moyen Orient et Afrique du Nord","robots":{"index":"index","follow":"follow","max-snippet":"max-snippet:-1","max-image-preview":"max-image-preview:large","max-video-preview":"max-video-preview:-1"},"canonical":"https:\/\/www.greenpeace.org\/mena\/fr\/faireundon\/","og_locale":"fr_FR","og_type":"article","og_title":"Faire un don","og_description":"AGIR. MAITENANT.","og_url":"https:\/\/www.greenpeace.org\/mena\/fr\/faireundon\/","og_site_name":"Greenpeace Moyen Orient et Afrique du Nord","article_publisher":"https:\/\/www.facebook.com\/GreenpeaceAR","article_modified_time":"2024-06-27T11:32:15+00:00","og_image":[{"width":2560,"height":1829,"url":"https:\/\/www.greenpeace.org\/static\/planet4-mena-stateless\/2023\/10\/30481b6d-el_seed_banner_-6-scaled.jpg","type":"image\/jpeg"}],"twitter_card":"summary_large_image","twitter_site":"@GreenpeaceAR","schema":{"@context":"https:\/\/schema.org","@graph":[{"@type":"WebPage","@id":"https:\/\/www.greenpeace.org\/mena\/fr\/faireundon\/","url":"https:\/\/www.greenpeace.org\/mena\/fr\/faireundon\/","name":"Faire un don - Greenpeace Moyen Orient et Afrique du Nord","isPartOf":{"@id":"https:\/\/www.greenpeace.org\/mena\/ar\/#website"},"primaryImageOfPage":{"@id":"https:\/\/www.greenpeace.org\/mena\/fr\/faireundon\/#primaryimage"},"image":{"@id":"https:\/\/www.greenpeace.org\/mena\/fr\/faireundon\/#primaryimage"},"thumbnailUrl":"https:\/\/www.greenpeace.org\/static\/planet4-mena-stateless\/2023\/10\/30481b6d-el_seed_banner_-6-scaled.jpg","datePublished":"2023-11-23T09:31:12+00:00","dateModified":"2024-06-27T11:32:15+00:00","breadcrumb":{"@id":"https:\/\/www.greenpeace.org\/mena\/fr\/faireundon\/#breadcrumb"},"inLanguage":"fr","potentialAction":[{"@type":"ReadAction","target":["https:\/\/www.greenpeace.org\/mena\/fr\/faireundon\/"]}]},{"@type":"ImageObject","inLanguage":"fr","@id":"https:\/\/www.greenpeace.org\/mena\/fr\/faireundon\/#primaryimage","url":"https:\/\/www.greenpeace.org\/static\/planet4-mena-stateless\/2023\/10\/30481b6d-el_seed_banner_-6-scaled.jpg","contentUrl":"https:\/\/www.greenpeace.org\/static\/planet4-mena-stateless\/2023\/10\/30481b6d-el_seed_banner_-6-scaled.jpg","width":2560,"height":1829},{"@type":"BreadcrumbList","@id":"https:\/\/www.greenpeace.org\/mena\/fr\/faireundon\/#breadcrumb","itemListElement":[{"@type":"ListItem","position":1,"name":"Home","item":"https:\/\/www.greenpeace.org\/mena\/fr\/"},{"@type":"ListItem","position":2,"name":"Faire un don"}]},{"@type":"WebSite","@id":"https:\/\/www.greenpeace.org\/mena\/ar\/#website","url":"https:\/\/www.greenpeace.org\/mena\/ar\/","name":"\u063a\u0631\u064a\u0646\u0628\u064a\u0633 \u0627\u0644\u0634\u0631\u0642 \u0627\u0644\u0623\u0648\u0633\u0637 \u0648\u0634\u0645\u0627\u0644 \u0623\u0641\u0631\u064a\u0642\u064a\u0627","description":"Greenpeace MENA fait partie du r\u00e9seau Greenpeace, qui regroupe 28 organisations nationales\/r\u00e9gionales ind\u00e9pendantes r\u00e9parties dans plus de 56 pays d\u2019Europe, d\u2019Am\u00e9rique, d\u2019Afrique, d\u2019Asie et du Pacifique, ainsi qu\u2019un organisme de coordination, Greenpeace International.","potentialAction":[{"@type":"SearchAction","target":{"@type":"EntryPoint","urlTemplate":"https:\/\/www.greenpeace.org\/mena\/ar\/?s={search_term_string}"},"query-input":{"@type":"PropertyValueSpecification","valueRequired":true,"valueName":"search_term_string"}}],"inLanguage":"fr"}]}},"_links":{"self":[{"href":"https:\/\/www.greenpeace.org\/mena\/fr\/wp-json\/wp\/v2\/pages\/13072","targetHints":{"allow":["GET"]}}],"collection":[{"href":"https:\/\/www.greenpeace.org\/mena\/fr\/wp-json\/wp\/v2\/pages"}],"about":[{"href":"https:\/\/www.greenpeace.org\/mena\/fr\/wp-json\/wp\/v2\/types\/page"}],"author":[{"embeddable":true,"href":"https:\/\/www.greenpeace.org\/mena\/fr\/wp-json\/wp\/v2\/users\/8"}],"replies":[{"embeddable":true,"href":"https:\/\/www.greenpeace.org\/mena\/fr\/wp-json\/wp\/v2\/comments?post=13072"}],"version-history":[{"count":7,"href":"https:\/\/www.greenpeace.org\/mena\/fr\/wp-json\/wp\/v2\/pages\/13072\/revisions"}],"predecessor-version":[{"id":14219,"href":"https:\/\/www.greenpeace.org\/mena\/fr\/wp-json\/wp\/v2\/pages\/13072\/revisions\/14219"}],"wp:featuredmedia":[{"embeddable":true,"href":"https:\/\/www.greenpeace.org\/mena\/fr\/wp-json\/wp\/v2\/media\/12792"}],"wp:attachment":[{"href":"https:\/\/www.greenpeace.org\/mena\/fr\/wp-json\/wp\/v2\/media?parent=13072"}],"wp:term":[{"taxonomy":"category","embeddable":true,"href":"https:\/\/www.greenpeace.org\/mena\/fr\/wp-json\/wp\/v2\/categories?post=13072"},{"taxonomy":"post_tag","embeddable":true,"href":"https:\/\/www.greenpeace.org\/mena\/fr\/wp-json\/wp\/v2\/tags?post=13072"}],"curies":[{"name":"wp","href":"https:\/\/api.w.org\/{rel}","templated":true}]}}