{"id":4240,"date":"2018-11-29T11:52:27","date_gmt":"2018-11-29T11:52:27","guid":{"rendered":"https:\/\/www.greenpeace.org\/mena\/defending-our-oceans\/"},"modified":"2025-06-23T12:42:58","modified_gmt":"2025-06-23T09:42:58","slug":"sanctuaires-marins","status":"publish","type":"page","link":"https:\/\/www.greenpeace.org\/mena\/fr\/agissez\/sanctuaires-marins\/","title":{"rendered":"Notre plan\u00e8te bleue est menac\u00e9e"},"content":{"rendered":"\n                \n                <div class=\"wp-block-group alignfull is-layout-flow wp-block-group-is-layout-flow\">\n                \n                <div class=\"wp-block-group container is-layout-flow wp-block-group-is-layout-flow\">\n                \n                <div class=\"wp-block-media-text alignfull has-media-on-the-right is-stacked-on-mobile is-pattern-p4-page-header is-style-parallax\">\n\n                <div class=\"wp-block-media-text__content\">\n                    <div class=\"wp-block-group is-layout-flow wp-block-group-is-layout-flow\">\n                    \n                        <h1 class=\"wp-block-heading has-white-background-color has-background\">\n                            Notre plan\u00e8te bleue est menac\u00e9e\n                        <\/h1>\n                    <\/div>\n                \n\n                \n                        <p style=\"font-size:1.25rem\">\n                            <span style=\"font-weight: 400\">Nous avons maintenant une chance de changer les choses en mettant les zones les plus vuln\u00e9rables et les plus importantes de nos oc\u00e9ans hors de port\u00e9e des industries destructrices.<\/span>\r\n\r\n&nbsp;\r\n\r\n<span style=\"font-weight: 400\">Les gouvernements des Nations Unies ont commenc\u00e9 \u00e0 travailler sur un trait\u00e9 mondial sur les oc\u00e9ans qui introduira des lois pour les prot\u00e9ger en cr\u00e9ant des sanctuaires. Les scientifiques disent que les sanctuaires doivent couvrir plus de 30% de nos oc\u00e9ans afin de les prot\u00e9ger ainsi que leur faune contre les pires effets du changement climatique.<\/span>\r\n\r\n<span style=\"font-weight: 400\">Nos oc\u00e9ans soutiennent toute forme de vie sur Terre &#8211; ils ont maintenant besoin de nous pour les prot\u00e9ger.<\/span>\r\n\r\n<span style=\"font-weight: 400\">Signez la p\u00e9tition en faveur de la cr\u00e9ation de sanctuaires et faites pression sur \u00a0les gouvernements pour se mettre d\u2019accord sur un trait\u00e9 mondial puissant sur les oc\u00e9ans \u00e0 l&#8217;ONU.<\/span>\n                        <\/p>\n                    \n\n                \n\n                <\/div>\n                <figure class=\"wp-block-media-text__media\">\n                    <img loading=\"lazy\" decoding=\"async\" width=\"3000\" height=\"2133\"\n                        src=\"https:\/\/www.greenpeace.org\/static\/planet4-mena-stateless\/2019\/06\/7f697bc3-a0ae3999-gp04l2y_high_res.jpg\"\n                        alt=\"\"\n                        sizes=\"auto, (min-width: 601px) 50vw, 100vw\" srcset=\"https:\/\/www.greenpeace.org\/static\/planet4-mena-stateless\/2019\/06\/7f697bc3-a0ae3999-gp04l2y_high_res.jpg 3000w, https:\/\/www.greenpeace.org\/static\/planet4-mena-stateless\/2019\/06\/7f697bc3-a0ae3999-gp04l2y_high_res-300x213.jpg 300w, https:\/\/www.greenpeace.org\/static\/planet4-mena-stateless\/2019\/06\/7f697bc3-a0ae3999-gp04l2y_high_res-768x546.jpg 768w, https:\/\/www.greenpeace.org\/static\/planet4-mena-stateless\/2019\/06\/7f697bc3-a0ae3999-gp04l2y_high_res-1024x728.jpg 1024w, https:\/\/www.greenpeace.org\/static\/planet4-mena-stateless\/2019\/06\/7f697bc3-a0ae3999-gp04l2y_high_res-1921x1366.jpg 1921w, https:\/\/www.greenpeace.org\/static\/planet4-mena-stateless\/2019\/06\/7f697bc3-a0ae3999-gp04l2y_high_res-478x340.jpg 478w\" class=\"wp-image-4242 size-full\"\n                    \/>\n                <\/figure>\n                <\/div>\n                \n                <\/div>\n                \n                <\/div>\n                \n                \n<!--[if lte IE 8]>\n<script charset=\"utf-8\" type=\"text\/javascript\" src=\"\/\/js-eu1.hsforms.net\/forms\/v2-legacy.js\"><\/script>\n<![endif]-->\n<script charset=\"utf-8\" type=\"text\/javascript\" src=\"\/\/js-eu1.hsforms.net\/forms\/v2.js\"><\/script>\n<script>\n  hbspt.forms.create({\n\tregion: \"eu1\",\n\tportalId: \"24933598\",\n\tformId: \"3d172a55-5f02-4fbf-add6-0481bc3f4551\"\n});\n<\/script>\n","protected":false},"excerpt":{"rendered":"<p>Nous avons maintenant une chance de changer les choses en mettant les zones les plus vuln\u00e9rables et les plus importantes de nos oc\u00e9ans hors de port\u00e9e des industries destructrices.<\/p>\n","protected":false},"author":8,"featured_media":4242,"parent":4281,"menu_order":0,"comment_status":"closed","ping_status":"closed","template":"","meta":{"_planet4_optimize_post_is_variant":false,"_planet4_optimize_experiment_name":"","_planet4_optimize_variant_name":"","ep_exclude_from_search":false,"p4_hide_page_title_checkbox":"on","p4_title":"","p4_subtitle":"","p4_description":"","background_image_id":"","background_image":"","p4_button_title":"","p4_button_link":"","p4_button_link_checkbox":"","p4_og_title":"","p4_og_description":"","p4_og_image":"","p4_og_image_id":"","p4_seo_canonical_url":"","p4_campaign_name":"not set","p4_local_project":"not set","p4_basket_name":"not set","p4_department":"","footnotes":""},"categories":[121,280],"tags":[143],"class_list":["post-4240","page","type-page","status-publish","has-post-thumbnail","hentry","category-non-classifiee","category-greenpeace-moyen-orient-et-afrique-du-nord","tag-oceans-fr"],"yoast_head":"<!-- This site is optimized with the Yoast SEO Premium plugin v27.4 (Yoast SEO v27.4) - https:\/\/yoast.com\/product\/yoast-seo-premium-wordpress\/ -->\n<title>Notre plan\u00e8te bleue est menac\u00e9e - Greenpeace Moyen Orient et Afrique du Nord<\/title>\n<meta name=\"robots\" content=\"index, follow, max-snippet:-1, max-image-preview:large, max-video-preview:-1\" \/>\n<link rel=\"canonical\" href=\"http:\/\/www.greenpeace.org\/mena\/ar\/\u062a\u062d\u0631\u0651\u0643\/\u062f\u0641\u0627\u0639\u0627\u064b-\u0639\u0646-\u0645\u062d\u064a\u0637\u0627\u062a\u0646\u0627\/\" \/>\n<meta property=\"og:locale\" content=\"fr_FR\" \/>\n<meta property=\"og:type\" content=\"article\" \/>\n<meta property=\"og:title\" content=\"Notre plan\u00e8te bleue est menac\u00e9e\" \/>\n<meta property=\"og:description\" content=\"Nous avons maintenant une chance de changer les choses en mettant les zones les plus vuln\u00e9rables et les plus importantes de nos oc\u00e9ans hors de port\u00e9e des industries destructrices.\" \/>\n<meta property=\"og:url\" content=\"http:\/\/www.greenpeace.org\/mena\/ar\/\u062a\u062d\u0631\u0651\u0643\/\u062f\u0641\u0627\u0639\u0627\u064b-\u0639\u0646-\u0645\u062d\u064a\u0637\u0627\u062a\u0646\u0627\/\" \/>\n<meta property=\"og:site_name\" content=\"Greenpeace Moyen Orient et Afrique du Nord\" \/>\n<meta property=\"article:publisher\" content=\"https:\/\/www.facebook.com\/GreenpeaceAR\" \/>\n<meta property=\"article:modified_time\" content=\"2025-06-23T09:42:58+00:00\" \/>\n<meta property=\"og:image\" content=\"https:\/\/www.greenpeace.org\/static\/planet4-mena-stateless\/2019\/06\/7f697bc3-a0ae3999-gp04l2y_high_res.jpg\" \/>\n\t<meta property=\"og:image:width\" content=\"3000\" \/>\n\t<meta property=\"og:image:height\" content=\"2133\" \/>\n\t<meta property=\"og:image:type\" content=\"image\/jpeg\" \/>\n<meta name=\"twitter:card\" content=\"summary_large_image\" \/>\n<meta name=\"twitter:site\" content=\"@GreenpeaceAR\" \/>\n<meta name=\"twitter:label1\" content=\"Est. reading time\" \/>\n\t<meta name=\"twitter:data1\" content=\"1 minute\" \/>\n<script type=\"application\/ld+json\" class=\"yoast-schema-graph\">{\"@context\":\"https:\\\/\\\/schema.org\",\"@graph\":[{\"@type\":\"WebPage\",\"@id\":\"http:\\\/\\\/www.greenpeace.org\\\/mena\\\/ar\\\/%d8%aa%d8%ad%d8%b1%d9%91%d9%83\\\/%d8%af%d9%81%d8%a7%d8%b9%d8%a7%d9%8b-%d8%b9%d9%86-%d9%85%d8%ad%d9%8a%d8%b7%d8%a7%d8%aa%d9%86%d8%a7\\\/\",\"url\":\"http:\\\/\\\/www.greenpeace.org\\\/mena\\\/ar\\\/%d8%aa%d8%ad%d8%b1%d9%91%d9%83\\\/%d8%af%d9%81%d8%a7%d8%b9%d8%a7%d9%8b-%d8%b9%d9%86-%d9%85%d8%ad%d9%8a%d8%b7%d8%a7%d8%aa%d9%86%d8%a7\\\/\",\"name\":\"Notre plan\u00e8te bleue est menac\u00e9e - Greenpeace Moyen Orient et Afrique du Nord\",\"isPartOf\":{\"@id\":\"https:\\\/\\\/www.greenpeace.org\\\/mena\\\/ar\\\/#website\"},\"primaryImageOfPage\":{\"@id\":\"http:\\\/\\\/www.greenpeace.org\\\/mena\\\/ar\\\/%d8%aa%d8%ad%d8%b1%d9%91%d9%83\\\/%d8%af%d9%81%d8%a7%d8%b9%d8%a7%d9%8b-%d8%b9%d9%86-%d9%85%d8%ad%d9%8a%d8%b7%d8%a7%d8%aa%d9%86%d8%a7\\\/#primaryimage\"},\"image\":{\"@id\":\"http:\\\/\\\/www.greenpeace.org\\\/mena\\\/ar\\\/%d8%aa%d8%ad%d8%b1%d9%91%d9%83\\\/%d8%af%d9%81%d8%a7%d8%b9%d8%a7%d9%8b-%d8%b9%d9%86-%d9%85%d8%ad%d9%8a%d8%b7%d8%a7%d8%aa%d9%86%d8%a7\\\/#primaryimage\"},\"thumbnailUrl\":\"https:\\\/\\\/www.greenpeace.org\\\/static\\\/planet4-mena-stateless\\\/2019\\\/06\\\/7f697bc3-a0ae3999-gp04l2y_high_res.jpg\",\"datePublished\":\"2018-11-29T11:52:27+00:00\",\"dateModified\":\"2025-06-23T09:42:58+00:00\",\"breadcrumb\":{\"@id\":\"http:\\\/\\\/www.greenpeace.org\\\/mena\\\/ar\\\/%d8%aa%d8%ad%d8%b1%d9%91%d9%83\\\/%d8%af%d9%81%d8%a7%d8%b9%d8%a7%d9%8b-%d8%b9%d9%86-%d9%85%d8%ad%d9%8a%d8%b7%d8%a7%d8%aa%d9%86%d8%a7\\\/#breadcrumb\"},\"inLanguage\":\"fr\",\"potentialAction\":[{\"@type\":\"ReadAction\",\"target\":[\"http:\\\/\\\/www.greenpeace.org\\\/mena\\\/ar\\\/%d8%aa%d8%ad%d8%b1%d9%91%d9%83\\\/%d8%af%d9%81%d8%a7%d8%b9%d8%a7%d9%8b-%d8%b9%d9%86-%d9%85%d8%ad%d9%8a%d8%b7%d8%a7%d8%aa%d9%86%d8%a7\\\/\"]}]},{\"@type\":\"ImageObject\",\"inLanguage\":\"fr\",\"@id\":\"http:\\\/\\\/www.greenpeace.org\\\/mena\\\/ar\\\/%d8%aa%d8%ad%d8%b1%d9%91%d9%83\\\/%d8%af%d9%81%d8%a7%d8%b9%d8%a7%d9%8b-%d8%b9%d9%86-%d9%85%d8%ad%d9%8a%d8%b7%d8%a7%d8%aa%d9%86%d8%a7\\\/#primaryimage\",\"url\":\"https:\\\/\\\/www.greenpeace.org\\\/static\\\/planet4-mena-stateless\\\/2019\\\/06\\\/7f697bc3-a0ae3999-gp04l2y_high_res.jpg\",\"contentUrl\":\"https:\\\/\\\/www.greenpeace.org\\\/static\\\/planet4-mena-stateless\\\/2019\\\/06\\\/7f697bc3-a0ae3999-gp04l2y_high_res.jpg\",\"width\":3000,\"height\":2133,\"caption\":\"A whale shark in Cenderawasih Bay National Park. Greenpeace is in Indonesia to document one of the world\u2019s most biodiverse \u2013 and threatened \u2013 environments and to call for urgent action to ensure that the country's oceans and forests are protected.\"},{\"@type\":\"BreadcrumbList\",\"@id\":\"http:\\\/\\\/www.greenpeace.org\\\/mena\\\/ar\\\/%d8%aa%d8%ad%d8%b1%d9%91%d9%83\\\/%d8%af%d9%81%d8%a7%d8%b9%d8%a7%d9%8b-%d8%b9%d9%86-%d9%85%d8%ad%d9%8a%d8%b7%d8%a7%d8%aa%d9%86%d8%a7\\\/#breadcrumb\",\"itemListElement\":[{\"@type\":\"ListItem\",\"position\":1,\"name\":\"Home\",\"item\":\"https:\\\/\\\/www.greenpeace.org\\\/mena\\\/fr\\\/\"},{\"@type\":\"ListItem\",\"position\":2,\"name\":\"Agir\",\"item\":\"http:\\\/\\\/www.greenpeace.org\\\/mena\\\/ar\\\/%d8%aa%d8%ad%d8%b1%d9%91%d9%83\\\/\"},{\"@type\":\"ListItem\",\"position\":3,\"name\":\"Notre plan\u00e8te bleue est menac\u00e9e\"}]},{\"@type\":\"WebSite\",\"@id\":\"https:\\\/\\\/www.greenpeace.org\\\/mena\\\/ar\\\/#website\",\"url\":\"https:\\\/\\\/www.greenpeace.org\\\/mena\\\/ar\\\/\",\"name\":\"\u063a\u0631\u064a\u0646\u0628\u064a\u0633 \u0627\u0644\u0634\u0631\u0642 \u0627\u0644\u0623\u0648\u0633\u0637 \u0648\u0634\u0645\u0627\u0644 \u0623\u0641\u0631\u064a\u0642\u064a\u0627\",\"description\":\"Greenpeace MENA fait partie du r\u00e9seau Greenpeace, qui regroupe 28 organisations nationales\\\/r\u00e9gionales ind\u00e9pendantes r\u00e9parties dans plus de 56 pays d\u2019Europe, d\u2019Am\u00e9rique, d\u2019Afrique, d\u2019Asie et du Pacifique, ainsi qu\u2019un organisme de coordination, Greenpeace International.\",\"potentialAction\":[{\"@type\":\"SearchAction\",\"target\":{\"@type\":\"EntryPoint\",\"urlTemplate\":\"https:\\\/\\\/www.greenpeace.org\\\/mena\\\/ar\\\/?s={search_term_string}\"},\"query-input\":{\"@type\":\"PropertyValueSpecification\",\"valueRequired\":true,\"valueName\":\"search_term_string\"}}],\"inLanguage\":\"fr\"}]}<\/script>\n<!-- \/ Yoast SEO Premium plugin. -->","yoast_head_json":{"title":"Notre plan\u00e8te bleue est menac\u00e9e - Greenpeace Moyen Orient et Afrique du Nord","robots":{"index":"index","follow":"follow","max-snippet":"max-snippet:-1","max-image-preview":"max-image-preview:large","max-video-preview":"max-video-preview:-1"},"canonical":"http:\/\/www.greenpeace.org\/mena\/ar\/\u062a\u062d\u0631\u0651\u0643\/\u062f\u0641\u0627\u0639\u0627\u064b-\u0639\u0646-\u0645\u062d\u064a\u0637\u0627\u062a\u0646\u0627\/","og_locale":"fr_FR","og_type":"article","og_title":"Notre plan\u00e8te bleue est menac\u00e9e","og_description":"Nous avons maintenant une chance de changer les choses en mettant les zones les plus vuln\u00e9rables et les plus importantes de nos oc\u00e9ans hors de port\u00e9e des industries destructrices.","og_url":"http:\/\/www.greenpeace.org\/mena\/ar\/\u062a\u062d\u0631\u0651\u0643\/\u062f\u0641\u0627\u0639\u0627\u064b-\u0639\u0646-\u0645\u062d\u064a\u0637\u0627\u062a\u0646\u0627\/","og_site_name":"Greenpeace Moyen Orient et Afrique du Nord","article_publisher":"https:\/\/www.facebook.com\/GreenpeaceAR","article_modified_time":"2025-06-23T09:42:58+00:00","og_image":[{"width":3000,"height":2133,"url":"https:\/\/www.greenpeace.org\/static\/planet4-mena-stateless\/2019\/06\/7f697bc3-a0ae3999-gp04l2y_high_res.jpg","type":"image\/jpeg"}],"twitter_card":"summary_large_image","twitter_site":"@GreenpeaceAR","twitter_misc":{"Est. reading time":"1 minute"},"schema":{"@context":"https:\/\/schema.org","@graph":[{"@type":"WebPage","@id":"http:\/\/www.greenpeace.org\/mena\/ar\/%d8%aa%d8%ad%d8%b1%d9%91%d9%83\/%d8%af%d9%81%d8%a7%d8%b9%d8%a7%d9%8b-%d8%b9%d9%86-%d9%85%d8%ad%d9%8a%d8%b7%d8%a7%d8%aa%d9%86%d8%a7\/","url":"http:\/\/www.greenpeace.org\/mena\/ar\/%d8%aa%d8%ad%d8%b1%d9%91%d9%83\/%d8%af%d9%81%d8%a7%d8%b9%d8%a7%d9%8b-%d8%b9%d9%86-%d9%85%d8%ad%d9%8a%d8%b7%d8%a7%d8%aa%d9%86%d8%a7\/","name":"Notre plan\u00e8te bleue est menac\u00e9e - Greenpeace Moyen Orient et Afrique du Nord","isPartOf":{"@id":"https:\/\/www.greenpeace.org\/mena\/ar\/#website"},"primaryImageOfPage":{"@id":"http:\/\/www.greenpeace.org\/mena\/ar\/%d8%aa%d8%ad%d8%b1%d9%91%d9%83\/%d8%af%d9%81%d8%a7%d8%b9%d8%a7%d9%8b-%d8%b9%d9%86-%d9%85%d8%ad%d9%8a%d8%b7%d8%a7%d8%aa%d9%86%d8%a7\/#primaryimage"},"image":{"@id":"http:\/\/www.greenpeace.org\/mena\/ar\/%d8%aa%d8%ad%d8%b1%d9%91%d9%83\/%d8%af%d9%81%d8%a7%d8%b9%d8%a7%d9%8b-%d8%b9%d9%86-%d9%85%d8%ad%d9%8a%d8%b7%d8%a7%d8%aa%d9%86%d8%a7\/#primaryimage"},"thumbnailUrl":"https:\/\/www.greenpeace.org\/static\/planet4-mena-stateless\/2019\/06\/7f697bc3-a0ae3999-gp04l2y_high_res.jpg","datePublished":"2018-11-29T11:52:27+00:00","dateModified":"2025-06-23T09:42:58+00:00","breadcrumb":{"@id":"http:\/\/www.greenpeace.org\/mena\/ar\/%d8%aa%d8%ad%d8%b1%d9%91%d9%83\/%d8%af%d9%81%d8%a7%d8%b9%d8%a7%d9%8b-%d8%b9%d9%86-%d9%85%d8%ad%d9%8a%d8%b7%d8%a7%d8%aa%d9%86%d8%a7\/#breadcrumb"},"inLanguage":"fr","potentialAction":[{"@type":"ReadAction","target":["http:\/\/www.greenpeace.org\/mena\/ar\/%d8%aa%d8%ad%d8%b1%d9%91%d9%83\/%d8%af%d9%81%d8%a7%d8%b9%d8%a7%d9%8b-%d8%b9%d9%86-%d9%85%d8%ad%d9%8a%d8%b7%d8%a7%d8%aa%d9%86%d8%a7\/"]}]},{"@type":"ImageObject","inLanguage":"fr","@id":"http:\/\/www.greenpeace.org\/mena\/ar\/%d8%aa%d8%ad%d8%b1%d9%91%d9%83\/%d8%af%d9%81%d8%a7%d8%b9%d8%a7%d9%8b-%d8%b9%d9%86-%d9%85%d8%ad%d9%8a%d8%b7%d8%a7%d8%aa%d9%86%d8%a7\/#primaryimage","url":"https:\/\/www.greenpeace.org\/static\/planet4-mena-stateless\/2019\/06\/7f697bc3-a0ae3999-gp04l2y_high_res.jpg","contentUrl":"https:\/\/www.greenpeace.org\/static\/planet4-mena-stateless\/2019\/06\/7f697bc3-a0ae3999-gp04l2y_high_res.jpg","width":3000,"height":2133,"caption":"A whale shark in Cenderawasih Bay National Park. Greenpeace is in Indonesia to document one of the world\u2019s most biodiverse \u2013 and threatened \u2013 environments and to call for urgent action to ensure that the country's oceans and forests are protected."},{"@type":"BreadcrumbList","@id":"http:\/\/www.greenpeace.org\/mena\/ar\/%d8%aa%d8%ad%d8%b1%d9%91%d9%83\/%d8%af%d9%81%d8%a7%d8%b9%d8%a7%d9%8b-%d8%b9%d9%86-%d9%85%d8%ad%d9%8a%d8%b7%d8%a7%d8%aa%d9%86%d8%a7\/#breadcrumb","itemListElement":[{"@type":"ListItem","position":1,"name":"Home","item":"https:\/\/www.greenpeace.org\/mena\/fr\/"},{"@type":"ListItem","position":2,"name":"Agir","item":"http:\/\/www.greenpeace.org\/mena\/ar\/%d8%aa%d8%ad%d8%b1%d9%91%d9%83\/"},{"@type":"ListItem","position":3,"name":"Notre plan\u00e8te bleue est menac\u00e9e"}]},{"@type":"WebSite","@id":"https:\/\/www.greenpeace.org\/mena\/ar\/#website","url":"https:\/\/www.greenpeace.org\/mena\/ar\/","name":"\u063a\u0631\u064a\u0646\u0628\u064a\u0633 \u0627\u0644\u0634\u0631\u0642 \u0627\u0644\u0623\u0648\u0633\u0637 \u0648\u0634\u0645\u0627\u0644 \u0623\u0641\u0631\u064a\u0642\u064a\u0627","description":"Greenpeace MENA fait partie du r\u00e9seau Greenpeace, qui regroupe 28 organisations nationales\/r\u00e9gionales ind\u00e9pendantes r\u00e9parties dans plus de 56 pays d\u2019Europe, d\u2019Am\u00e9rique, d\u2019Afrique, d\u2019Asie et du Pacifique, ainsi qu\u2019un organisme de coordination, Greenpeace International.","potentialAction":[{"@type":"SearchAction","target":{"@type":"EntryPoint","urlTemplate":"https:\/\/www.greenpeace.org\/mena\/ar\/?s={search_term_string}"},"query-input":{"@type":"PropertyValueSpecification","valueRequired":true,"valueName":"search_term_string"}}],"inLanguage":"fr"}]}},"_links":{"self":[{"href":"https:\/\/www.greenpeace.org\/mena\/fr\/wp-json\/wp\/v2\/pages\/4240","targetHints":{"allow":["GET"]}}],"collection":[{"href":"https:\/\/www.greenpeace.org\/mena\/fr\/wp-json\/wp\/v2\/pages"}],"about":[{"href":"https:\/\/www.greenpeace.org\/mena\/fr\/wp-json\/wp\/v2\/types\/page"}],"author":[{"embeddable":true,"href":"https:\/\/www.greenpeace.org\/mena\/fr\/wp-json\/wp\/v2\/users\/8"}],"replies":[{"embeddable":true,"href":"https:\/\/www.greenpeace.org\/mena\/fr\/wp-json\/wp\/v2\/comments?post=4240"}],"version-history":[{"count":7,"href":"https:\/\/www.greenpeace.org\/mena\/fr\/wp-json\/wp\/v2\/pages\/4240\/revisions"}],"predecessor-version":[{"id":17118,"href":"https:\/\/www.greenpeace.org\/mena\/fr\/wp-json\/wp\/v2\/pages\/4240\/revisions\/17118"}],"up":[{"embeddable":true,"href":"https:\/\/www.greenpeace.org\/mena\/fr\/wp-json\/wp\/v2\/pages\/4281"}],"wp:featuredmedia":[{"embeddable":true,"href":"https:\/\/www.greenpeace.org\/mena\/fr\/wp-json\/wp\/v2\/media\/4242"}],"wp:attachment":[{"href":"https:\/\/www.greenpeace.org\/mena\/fr\/wp-json\/wp\/v2\/media?parent=4240"}],"wp:term":[{"taxonomy":"category","embeddable":true,"href":"https:\/\/www.greenpeace.org\/mena\/fr\/wp-json\/wp\/v2\/categories?post=4240"},{"taxonomy":"post_tag","embeddable":true,"href":"https:\/\/www.greenpeace.org\/mena\/fr\/wp-json\/wp\/v2\/tags?post=4240"}],"curies":[{"name":"wp","href":"https:\/\/api.w.org\/{rel}","templated":true}]}}