{"id":4261,"date":"2018-11-29T13:04:01","date_gmt":"2018-11-29T13:04:01","guid":{"rendered":"https:\/\/www.greenpeace.org\/mena\/renewable-energy-youth\/"},"modified":"2026-02-13T14:14:43","modified_gmt":"2026-02-13T11:14:43","slug":"mouvement-de-jeunesse-pour-les-energies-renouvelables","status":"publish","type":"page","link":"https:\/\/www.greenpeace.org\/mena\/fr\/agissez\/mouvement-de-jeunesse-pour-les-energies-renouvelables\/","title":{"rendered":"\u00c9clairons notre avenir par les \u00e9nergies renouvelables"},"content":{"rendered":"\n\n<div class=\"wp-block-group alignfull is-layout-flow wp-block-group-is-layout-flow\">\n<div class=\"wp-block-group container is-layout-flow wp-block-group-is-layout-flow\">\n<div data-hydrate=\"planet4-blocks\/carousel-header\" data-attributes=\"{&quot;carousel_autoplay&quot;:false,&quot;slides&quot;:[{&quot;image&quot;:20350,&quot;focal_points&quot;:[],&quot;header&quot;:&quot;\u00c9clairons notre avenir par les \u00e9nergies renouvelables&quot;,&quot;description&quot;:&quot;Rejoignez un mouvement qui porte l\u2019ambition d\u2019un avenir enti\u00e8rement fond\u00e9 sur les \u00e9nergies renouvelables. Ensemble, valorisons le soleil de notre r\u00e9gion, luttons contre le changement climatique et cr\u00e9ons un monde plus s\u00e9curis\u00e9 et plus sain pour les g\u00e9n\u00e9rations \u00e0 venir.&quot;,&quot;link_text&quot;:&quot;&quot;,&quot;link_url&quot;:&quot;&quot;,&quot;link_url_new_tab&quot;:false,&quot;image_url&quot;:&quot;https:\/\/www.greenpeace.org\/static\/planet4-mena-stateless\/2026\/02\/50acecd8-green-energy-engineer-man-inspecting-sustainable-energy-farm-with-wind-turbines.jpg&quot;,&quot;image_srcset&quot;:&quot;https:\/\/www.greenpeace.org\/static\/planet4-mena-stateless\/2026\/02\/50acecd8-green-energy-engineer-man-inspecting-sustainable-energy-farm-with-wind-turbines-150x150.jpg 150w,https:\/\/www.greenpeace.org\/static\/planet4-mena-stateless\/2026\/02\/50acecd8-green-energy-engineer-man-inspecting-sustainable-energy-farm-with-wind-turbines-300x119.jpg 300w,https:\/\/www.greenpeace.org\/static\/planet4-mena-stateless\/2026\/02\/50acecd8-green-energy-engineer-man-inspecting-sustainable-energy-farm-with-wind-turbines-1024x406.jpg 1024w,https:\/\/www.greenpeace.org\/static\/planet4-mena-stateless\/2026\/02\/50acecd8-green-energy-engineer-man-inspecting-sustainable-energy-farm-with-wind-turbines.jpg 1521w&quot;}],&quot;currentImageIndex&quot;:0}\"><section class=\"block block-header alignfull carousel-header \"><div class=\"carousel-wrapper-header\"><ul class=\"carousel-inner\" role=\"listbox\"><li class=\"carousel-item active\" tabindex=\"0\" role=\"tabpanel\" aria-label=\"Text goes here!\"><div class=\"carousel-item-mask\"><div class=\"background-holder\"><img decoding=\"async\" src=\"https:\/\/www.greenpeace.org\/static\/planet4-mena-stateless\/2026\/02\/50acecd8-green-energy-engineer-man-inspecting-sustainable-energy-farm-with-wind-turbines.jpg\" style=\"object-position:50% 50%\" srcSet=\"https:\/\/www.greenpeace.org\/static\/planet4-mena-stateless\/2026\/02\/50acecd8-green-energy-engineer-man-inspecting-sustainable-energy-farm-with-wind-turbines-150x150.jpg 150w,https:\/\/www.greenpeace.org\/static\/planet4-mena-stateless\/2026\/02\/50acecd8-green-energy-engineer-man-inspecting-sustainable-energy-farm-with-wind-turbines-300x119.jpg 300w,https:\/\/www.greenpeace.org\/static\/planet4-mena-stateless\/2026\/02\/50acecd8-green-energy-engineer-man-inspecting-sustainable-energy-farm-with-wind-turbines-1024x406.jpg 1024w,https:\/\/www.greenpeace.org\/static\/planet4-mena-stateless\/2026\/02\/50acecd8-green-energy-engineer-man-inspecting-sustainable-energy-farm-with-wind-turbines.jpg 1521w\"\/><\/div><div class=\"carousel-caption\"><div class=\"caption-overlay\"><\/div><div class=\"container main-header\"><div class=\"carousel-captions-wrapper\"><h2>\u00c9clairons notre avenir par les \u00e9nergies renouvelables<\/h2><p>Rejoignez un mouvement qui porte l\u2019ambition d\u2019un avenir enti\u00e8rement fond\u00e9 sur les \u00e9nergies renouvelables. Ensemble, valorisons le soleil de notre r\u00e9gion, luttons contre le changement climatique et cr\u00e9ons un monde plus s\u00e9curis\u00e9 et plus sain pour les g\u00e9n\u00e9rations \u00e0 venir.<\/p><\/div><\/div><\/div><\/div><\/li><\/ul><\/div><\/section><\/div>\n<\/div>\n<\/div>\n\n\n<!--[if lte IE 8]>\n<script charset=\"utf-8\" type=\"text\/javascript\" src=\"\/\/js-eu1.hsforms.net\/forms\/v2-legacy.js\"><\/script>\n<![endif]-->\n<script charset=\"utf-8\" type=\"text\/javascript\" src=\"\/\/js-eu1.hsforms.net\/forms\/v2.js\"><\/script>\n<script>\n  hbspt.forms.create({\n\tregion: \"eu1\",\n\tportalId: \"24933598\",\n\tformId: \"8dc69dee-eb8f-4ade-a2b0-ece2de09d84e\"\n});\n<\/script>\n\n<p><\/p>\n","protected":false},"excerpt":{"rendered":"<p>Rejoignez un mouvement qui porte l\u2019ambition d\u2019un avenir enti\u00e8rement fond\u00e9 sur les \u00e9nergies renouvelables. Ensemble, valorisons le soleil de notre r\u00e9gion, luttons contre le changement climatique et cr\u00e9ons un monde plus s\u00e9curis\u00e9 et plus sain pour les g\u00e9n\u00e9rations \u00e0 venir.<\/p>\n","protected":false},"author":8,"featured_media":20350,"parent":4281,"menu_order":0,"comment_status":"closed","ping_status":"closed","template":"","meta":{"_planet4_optimize_post_is_variant":false,"_planet4_optimize_experiment_name":"","_planet4_optimize_variant_name":"","ep_exclude_from_search":false,"p4_hide_page_title_checkbox":"on","p4_title":"","p4_subtitle":"","p4_description":"","background_image_id":"","background_image":"","p4_button_title":"","p4_button_link":"","p4_button_link_checkbox":"","p4_og_title":"","p4_og_description":"","p4_og_image":"","p4_og_image_id":"","p4_seo_canonical_url":"","p4_campaign_name":"not set","p4_local_project":"not set","p4_basket_name":"not set","p4_department":"","footnotes":""},"categories":[280,121],"tags":[141,144,268],"class_list":["post-4261","page","type-page","status-publish","has-post-thumbnail","hentry","category-greenpeace-moyen-orient-et-afrique-du-nord","category-non-classifiee","tag-climat","tag-renouvelables","tag-_-fr"],"yoast_head":"<!-- This site is optimized with the Yoast SEO Premium plugin v27.4 (Yoast SEO v27.4) - https:\/\/yoast.com\/product\/yoast-seo-premium-wordpress\/ -->\n<title>\u00c9clairons notre avenir par les \u00e9nergies renouvelables - Greenpeace Moyen Orient et Afrique du Nord<\/title>\n<meta name=\"robots\" content=\"index, follow, max-snippet:-1, max-image-preview:large, max-video-preview:-1\" \/>\n<link rel=\"canonical\" href=\"http:\/\/www.greenpeace.org\/mena\/ar\/\u062a\u062d\u0631\u0651\u0643\/\u062c\u064a\u0644-\u0627\u0644\u0637\u0627\u0642\u0629-\u0627\u0644\u0645\u062a\u062c\u062f\u062f\u0629\/\" \/>\n<meta property=\"og:locale\" content=\"fr_FR\" \/>\n<meta property=\"og:type\" content=\"article\" \/>\n<meta property=\"og:title\" content=\"\u00c9clairons notre avenir par les \u00e9nergies renouvelables\" \/>\n<meta property=\"og:description\" content=\"Rejoignez un mouvement qui porte l\u2019ambition d\u2019un avenir enti\u00e8rement fond\u00e9 sur les \u00e9nergies renouvelables. Ensemble, valorisons le soleil de notre r\u00e9gion, luttons contre le changement climatique et cr\u00e9ons un monde plus s\u00e9curis\u00e9 et plus sain pour les g\u00e9n\u00e9rations \u00e0 venir.\" \/>\n<meta property=\"og:url\" content=\"http:\/\/www.greenpeace.org\/mena\/ar\/\u062a\u062d\u0631\u0651\u0643\/\u062c\u064a\u0644-\u0627\u0644\u0637\u0627\u0642\u0629-\u0627\u0644\u0645\u062a\u062c\u062f\u062f\u0629\/\" \/>\n<meta property=\"og:site_name\" content=\"Greenpeace Moyen Orient et Afrique du Nord\" \/>\n<meta property=\"article:publisher\" content=\"https:\/\/www.facebook.com\/GreenpeaceAR\" \/>\n<meta property=\"article:modified_time\" content=\"2026-02-13T11:14:43+00:00\" \/>\n<meta property=\"og:image\" content=\"https:\/\/www.greenpeace.org\/static\/planet4-mena-stateless\/2026\/02\/50acecd8-green-energy-engineer-man-inspecting-sustainable-energy-farm-with-wind-turbines.jpg\" \/>\n\t<meta property=\"og:image:width\" content=\"1521\" \/>\n\t<meta property=\"og:image:height\" content=\"603\" \/>\n\t<meta property=\"og:image:type\" content=\"image\/jpeg\" \/>\n<meta name=\"twitter:card\" content=\"summary_large_image\" \/>\n<meta name=\"twitter:site\" content=\"@GreenpeaceAR\" \/>\n<meta name=\"twitter:label1\" content=\"Est. reading time\" \/>\n\t<meta name=\"twitter:data1\" content=\"1 minute\" \/>\n<script type=\"application\/ld+json\" class=\"yoast-schema-graph\">{\"@context\":\"https:\\\/\\\/schema.org\",\"@graph\":[{\"@type\":\"WebPage\",\"@id\":\"http:\\\/\\\/www.greenpeace.org\\\/mena\\\/ar\\\/%d8%aa%d8%ad%d8%b1%d9%91%d9%83\\\/%d8%ac%d9%8a%d9%84-%d8%a7%d9%84%d8%b7%d8%a7%d9%82%d8%a9-%d8%a7%d9%84%d9%85%d8%aa%d8%ac%d8%af%d8%af%d8%a9\\\/\",\"url\":\"http:\\\/\\\/www.greenpeace.org\\\/mena\\\/ar\\\/%d8%aa%d8%ad%d8%b1%d9%91%d9%83\\\/%d8%ac%d9%8a%d9%84-%d8%a7%d9%84%d8%b7%d8%a7%d9%82%d8%a9-%d8%a7%d9%84%d9%85%d8%aa%d8%ac%d8%af%d8%af%d8%a9\\\/\",\"name\":\"\u00c9clairons notre avenir par les \u00e9nergies renouvelables - Greenpeace Moyen Orient et Afrique du Nord\",\"isPartOf\":{\"@id\":\"https:\\\/\\\/www.greenpeace.org\\\/mena\\\/ar\\\/#website\"},\"primaryImageOfPage\":{\"@id\":\"http:\\\/\\\/www.greenpeace.org\\\/mena\\\/ar\\\/%d8%aa%d8%ad%d8%b1%d9%91%d9%83\\\/%d8%ac%d9%8a%d9%84-%d8%a7%d9%84%d8%b7%d8%a7%d9%82%d8%a9-%d8%a7%d9%84%d9%85%d8%aa%d8%ac%d8%af%d8%af%d8%a9\\\/#primaryimage\"},\"image\":{\"@id\":\"http:\\\/\\\/www.greenpeace.org\\\/mena\\\/ar\\\/%d8%aa%d8%ad%d8%b1%d9%91%d9%83\\\/%d8%ac%d9%8a%d9%84-%d8%a7%d9%84%d8%b7%d8%a7%d9%82%d8%a9-%d8%a7%d9%84%d9%85%d8%aa%d8%ac%d8%af%d8%af%d8%a9\\\/#primaryimage\"},\"thumbnailUrl\":\"https:\\\/\\\/www.greenpeace.org\\\/static\\\/planet4-mena-stateless\\\/2026\\\/02\\\/50acecd8-green-energy-engineer-man-inspecting-sustainable-energy-farm-with-wind-turbines.jpg\",\"datePublished\":\"2018-11-29T13:04:01+00:00\",\"dateModified\":\"2026-02-13T11:14:43+00:00\",\"breadcrumb\":{\"@id\":\"http:\\\/\\\/www.greenpeace.org\\\/mena\\\/ar\\\/%d8%aa%d8%ad%d8%b1%d9%91%d9%83\\\/%d8%ac%d9%8a%d9%84-%d8%a7%d9%84%d8%b7%d8%a7%d9%82%d8%a9-%d8%a7%d9%84%d9%85%d8%aa%d8%ac%d8%af%d8%af%d8%a9\\\/#breadcrumb\"},\"inLanguage\":\"fr\",\"potentialAction\":[{\"@type\":\"ReadAction\",\"target\":[\"http:\\\/\\\/www.greenpeace.org\\\/mena\\\/ar\\\/%d8%aa%d8%ad%d8%b1%d9%91%d9%83\\\/%d8%ac%d9%8a%d9%84-%d8%a7%d9%84%d8%b7%d8%a7%d9%82%d8%a9-%d8%a7%d9%84%d9%85%d8%aa%d8%ac%d8%af%d8%af%d8%a9\\\/\"]}]},{\"@type\":\"ImageObject\",\"inLanguage\":\"fr\",\"@id\":\"http:\\\/\\\/www.greenpeace.org\\\/mena\\\/ar\\\/%d8%aa%d8%ad%d8%b1%d9%91%d9%83\\\/%d8%ac%d9%8a%d9%84-%d8%a7%d9%84%d8%b7%d8%a7%d9%82%d8%a9-%d8%a7%d9%84%d9%85%d8%aa%d8%ac%d8%af%d8%af%d8%a9\\\/#primaryimage\",\"url\":\"https:\\\/\\\/www.greenpeace.org\\\/static\\\/planet4-mena-stateless\\\/2026\\\/02\\\/50acecd8-green-energy-engineer-man-inspecting-sustainable-energy-farm-with-wind-turbines.jpg\",\"contentUrl\":\"https:\\\/\\\/www.greenpeace.org\\\/static\\\/planet4-mena-stateless\\\/2026\\\/02\\\/50acecd8-green-energy-engineer-man-inspecting-sustainable-energy-farm-with-wind-turbines.jpg\",\"width\":1521,\"height\":603},{\"@type\":\"BreadcrumbList\",\"@id\":\"http:\\\/\\\/www.greenpeace.org\\\/mena\\\/ar\\\/%d8%aa%d8%ad%d8%b1%d9%91%d9%83\\\/%d8%ac%d9%8a%d9%84-%d8%a7%d9%84%d8%b7%d8%a7%d9%82%d8%a9-%d8%a7%d9%84%d9%85%d8%aa%d8%ac%d8%af%d8%af%d8%a9\\\/#breadcrumb\",\"itemListElement\":[{\"@type\":\"ListItem\",\"position\":1,\"name\":\"Home\",\"item\":\"https:\\\/\\\/www.greenpeace.org\\\/mena\\\/fr\\\/\"},{\"@type\":\"ListItem\",\"position\":2,\"name\":\"Agir\",\"item\":\"http:\\\/\\\/www.greenpeace.org\\\/mena\\\/ar\\\/%d8%aa%d8%ad%d8%b1%d9%91%d9%83\\\/\"},{\"@type\":\"ListItem\",\"position\":3,\"name\":\"\u00c9clairons notre avenir par les \u00e9nergies renouvelables\"}]},{\"@type\":\"WebSite\",\"@id\":\"https:\\\/\\\/www.greenpeace.org\\\/mena\\\/ar\\\/#website\",\"url\":\"https:\\\/\\\/www.greenpeace.org\\\/mena\\\/ar\\\/\",\"name\":\"\u063a\u0631\u064a\u0646\u0628\u064a\u0633 \u0627\u0644\u0634\u0631\u0642 \u0627\u0644\u0623\u0648\u0633\u0637 \u0648\u0634\u0645\u0627\u0644 \u0623\u0641\u0631\u064a\u0642\u064a\u0627\",\"description\":\"Greenpeace MENA fait partie du r\u00e9seau Greenpeace, qui regroupe 28 organisations nationales\\\/r\u00e9gionales ind\u00e9pendantes r\u00e9parties dans plus de 56 pays d\u2019Europe, d\u2019Am\u00e9rique, d\u2019Afrique, d\u2019Asie et du Pacifique, ainsi qu\u2019un organisme de coordination, Greenpeace International.\",\"potentialAction\":[{\"@type\":\"SearchAction\",\"target\":{\"@type\":\"EntryPoint\",\"urlTemplate\":\"https:\\\/\\\/www.greenpeace.org\\\/mena\\\/ar\\\/?s={search_term_string}\"},\"query-input\":{\"@type\":\"PropertyValueSpecification\",\"valueRequired\":true,\"valueName\":\"search_term_string\"}}],\"inLanguage\":\"fr\"}]}<\/script>\n<!-- \/ Yoast SEO Premium plugin. -->","yoast_head_json":{"title":"\u00c9clairons notre avenir par les \u00e9nergies renouvelables - Greenpeace Moyen Orient et Afrique du Nord","robots":{"index":"index","follow":"follow","max-snippet":"max-snippet:-1","max-image-preview":"max-image-preview:large","max-video-preview":"max-video-preview:-1"},"canonical":"http:\/\/www.greenpeace.org\/mena\/ar\/\u062a\u062d\u0631\u0651\u0643\/\u062c\u064a\u0644-\u0627\u0644\u0637\u0627\u0642\u0629-\u0627\u0644\u0645\u062a\u062c\u062f\u062f\u0629\/","og_locale":"fr_FR","og_type":"article","og_title":"\u00c9clairons notre avenir par les \u00e9nergies renouvelables","og_description":"Rejoignez un mouvement qui porte l\u2019ambition d\u2019un avenir enti\u00e8rement fond\u00e9 sur les \u00e9nergies renouvelables. Ensemble, valorisons le soleil de notre r\u00e9gion, luttons contre le changement climatique et cr\u00e9ons un monde plus s\u00e9curis\u00e9 et plus sain pour les g\u00e9n\u00e9rations \u00e0 venir.","og_url":"http:\/\/www.greenpeace.org\/mena\/ar\/\u062a\u062d\u0631\u0651\u0643\/\u062c\u064a\u0644-\u0627\u0644\u0637\u0627\u0642\u0629-\u0627\u0644\u0645\u062a\u062c\u062f\u062f\u0629\/","og_site_name":"Greenpeace Moyen Orient et Afrique du Nord","article_publisher":"https:\/\/www.facebook.com\/GreenpeaceAR","article_modified_time":"2026-02-13T11:14:43+00:00","og_image":[{"width":1521,"height":603,"url":"https:\/\/www.greenpeace.org\/static\/planet4-mena-stateless\/2026\/02\/50acecd8-green-energy-engineer-man-inspecting-sustainable-energy-farm-with-wind-turbines.jpg","type":"image\/jpeg"}],"twitter_card":"summary_large_image","twitter_site":"@GreenpeaceAR","twitter_misc":{"Est. reading time":"1 minute"},"schema":{"@context":"https:\/\/schema.org","@graph":[{"@type":"WebPage","@id":"http:\/\/www.greenpeace.org\/mena\/ar\/%d8%aa%d8%ad%d8%b1%d9%91%d9%83\/%d8%ac%d9%8a%d9%84-%d8%a7%d9%84%d8%b7%d8%a7%d9%82%d8%a9-%d8%a7%d9%84%d9%85%d8%aa%d8%ac%d8%af%d8%af%d8%a9\/","url":"http:\/\/www.greenpeace.org\/mena\/ar\/%d8%aa%d8%ad%d8%b1%d9%91%d9%83\/%d8%ac%d9%8a%d9%84-%d8%a7%d9%84%d8%b7%d8%a7%d9%82%d8%a9-%d8%a7%d9%84%d9%85%d8%aa%d8%ac%d8%af%d8%af%d8%a9\/","name":"\u00c9clairons notre avenir par les \u00e9nergies renouvelables - Greenpeace Moyen Orient et Afrique du Nord","isPartOf":{"@id":"https:\/\/www.greenpeace.org\/mena\/ar\/#website"},"primaryImageOfPage":{"@id":"http:\/\/www.greenpeace.org\/mena\/ar\/%d8%aa%d8%ad%d8%b1%d9%91%d9%83\/%d8%ac%d9%8a%d9%84-%d8%a7%d9%84%d8%b7%d8%a7%d9%82%d8%a9-%d8%a7%d9%84%d9%85%d8%aa%d8%ac%d8%af%d8%af%d8%a9\/#primaryimage"},"image":{"@id":"http:\/\/www.greenpeace.org\/mena\/ar\/%d8%aa%d8%ad%d8%b1%d9%91%d9%83\/%d8%ac%d9%8a%d9%84-%d8%a7%d9%84%d8%b7%d8%a7%d9%82%d8%a9-%d8%a7%d9%84%d9%85%d8%aa%d8%ac%d8%af%d8%af%d8%a9\/#primaryimage"},"thumbnailUrl":"https:\/\/www.greenpeace.org\/static\/planet4-mena-stateless\/2026\/02\/50acecd8-green-energy-engineer-man-inspecting-sustainable-energy-farm-with-wind-turbines.jpg","datePublished":"2018-11-29T13:04:01+00:00","dateModified":"2026-02-13T11:14:43+00:00","breadcrumb":{"@id":"http:\/\/www.greenpeace.org\/mena\/ar\/%d8%aa%d8%ad%d8%b1%d9%91%d9%83\/%d8%ac%d9%8a%d9%84-%d8%a7%d9%84%d8%b7%d8%a7%d9%82%d8%a9-%d8%a7%d9%84%d9%85%d8%aa%d8%ac%d8%af%d8%af%d8%a9\/#breadcrumb"},"inLanguage":"fr","potentialAction":[{"@type":"ReadAction","target":["http:\/\/www.greenpeace.org\/mena\/ar\/%d8%aa%d8%ad%d8%b1%d9%91%d9%83\/%d8%ac%d9%8a%d9%84-%d8%a7%d9%84%d8%b7%d8%a7%d9%82%d8%a9-%d8%a7%d9%84%d9%85%d8%aa%d8%ac%d8%af%d8%af%d8%a9\/"]}]},{"@type":"ImageObject","inLanguage":"fr","@id":"http:\/\/www.greenpeace.org\/mena\/ar\/%d8%aa%d8%ad%d8%b1%d9%91%d9%83\/%d8%ac%d9%8a%d9%84-%d8%a7%d9%84%d8%b7%d8%a7%d9%82%d8%a9-%d8%a7%d9%84%d9%85%d8%aa%d8%ac%d8%af%d8%af%d8%a9\/#primaryimage","url":"https:\/\/www.greenpeace.org\/static\/planet4-mena-stateless\/2026\/02\/50acecd8-green-energy-engineer-man-inspecting-sustainable-energy-farm-with-wind-turbines.jpg","contentUrl":"https:\/\/www.greenpeace.org\/static\/planet4-mena-stateless\/2026\/02\/50acecd8-green-energy-engineer-man-inspecting-sustainable-energy-farm-with-wind-turbines.jpg","width":1521,"height":603},{"@type":"BreadcrumbList","@id":"http:\/\/www.greenpeace.org\/mena\/ar\/%d8%aa%d8%ad%d8%b1%d9%91%d9%83\/%d8%ac%d9%8a%d9%84-%d8%a7%d9%84%d8%b7%d8%a7%d9%82%d8%a9-%d8%a7%d9%84%d9%85%d8%aa%d8%ac%d8%af%d8%af%d8%a9\/#breadcrumb","itemListElement":[{"@type":"ListItem","position":1,"name":"Home","item":"https:\/\/www.greenpeace.org\/mena\/fr\/"},{"@type":"ListItem","position":2,"name":"Agir","item":"http:\/\/www.greenpeace.org\/mena\/ar\/%d8%aa%d8%ad%d8%b1%d9%91%d9%83\/"},{"@type":"ListItem","position":3,"name":"\u00c9clairons notre avenir par les \u00e9nergies renouvelables"}]},{"@type":"WebSite","@id":"https:\/\/www.greenpeace.org\/mena\/ar\/#website","url":"https:\/\/www.greenpeace.org\/mena\/ar\/","name":"\u063a\u0631\u064a\u0646\u0628\u064a\u0633 \u0627\u0644\u0634\u0631\u0642 \u0627\u0644\u0623\u0648\u0633\u0637 \u0648\u0634\u0645\u0627\u0644 \u0623\u0641\u0631\u064a\u0642\u064a\u0627","description":"Greenpeace MENA fait partie du r\u00e9seau Greenpeace, qui regroupe 28 organisations nationales\/r\u00e9gionales ind\u00e9pendantes r\u00e9parties dans plus de 56 pays d\u2019Europe, d\u2019Am\u00e9rique, d\u2019Afrique, d\u2019Asie et du Pacifique, ainsi qu\u2019un organisme de coordination, Greenpeace International.","potentialAction":[{"@type":"SearchAction","target":{"@type":"EntryPoint","urlTemplate":"https:\/\/www.greenpeace.org\/mena\/ar\/?s={search_term_string}"},"query-input":{"@type":"PropertyValueSpecification","valueRequired":true,"valueName":"search_term_string"}}],"inLanguage":"fr"}]}},"_links":{"self":[{"href":"https:\/\/www.greenpeace.org\/mena\/fr\/wp-json\/wp\/v2\/pages\/4261","targetHints":{"allow":["GET"]}}],"collection":[{"href":"https:\/\/www.greenpeace.org\/mena\/fr\/wp-json\/wp\/v2\/pages"}],"about":[{"href":"https:\/\/www.greenpeace.org\/mena\/fr\/wp-json\/wp\/v2\/types\/page"}],"author":[{"embeddable":true,"href":"https:\/\/www.greenpeace.org\/mena\/fr\/wp-json\/wp\/v2\/users\/8"}],"replies":[{"embeddable":true,"href":"https:\/\/www.greenpeace.org\/mena\/fr\/wp-json\/wp\/v2\/comments?post=4261"}],"version-history":[{"count":7,"href":"https:\/\/www.greenpeace.org\/mena\/fr\/wp-json\/wp\/v2\/pages\/4261\/revisions"}],"predecessor-version":[{"id":20365,"href":"https:\/\/www.greenpeace.org\/mena\/fr\/wp-json\/wp\/v2\/pages\/4261\/revisions\/20365"}],"up":[{"embeddable":true,"href":"https:\/\/www.greenpeace.org\/mena\/fr\/wp-json\/wp\/v2\/pages\/4281"}],"wp:featuredmedia":[{"embeddable":true,"href":"https:\/\/www.greenpeace.org\/mena\/fr\/wp-json\/wp\/v2\/media\/20350"}],"wp:attachment":[{"href":"https:\/\/www.greenpeace.org\/mena\/fr\/wp-json\/wp\/v2\/media?parent=4261"}],"wp:term":[{"taxonomy":"category","embeddable":true,"href":"https:\/\/www.greenpeace.org\/mena\/fr\/wp-json\/wp\/v2\/categories?post=4261"},{"taxonomy":"post_tag","embeddable":true,"href":"https:\/\/www.greenpeace.org\/mena\/fr\/wp-json\/wp\/v2\/tags?post=4261"}],"curies":[{"name":"wp","href":"https:\/\/api.w.org\/{rel}","templated":true}]}}