{"id":4294,"date":"2018-11-28T16:57:26","date_gmt":"2018-11-28T16:57:26","guid":{"rendered":"https:\/\/www.greenpeace.org\/mena\/volunteer\/"},"modified":"2025-06-23T12:43:07","modified_gmt":"2025-06-23T09:43:07","slug":"volontaire","status":"publish","type":"page","link":"https:\/\/www.greenpeace.org\/mena\/fr\/agissez\/volontaire\/","title":{"rendered":"Volontaire"},"content":{"rendered":"\n                \n                <div class=\"wp-block-group alignfull is-layout-flow wp-block-group-is-layout-flow\">\n                \n                <div class=\"wp-block-group container is-layout-flow wp-block-group-is-layout-flow\">\n                \n                <div class=\"wp-block-media-text alignfull has-media-on-the-right is-stacked-on-mobile is-pattern-p4-page-header is-style-parallax\">\n\n                <div class=\"wp-block-media-text__content\">\n                    <div class=\"wp-block-group is-layout-flow wp-block-group-is-layout-flow\">\n                    \n                        <h1 class=\"wp-block-heading has-white-background-color has-background\">\n                            Inscrivez-vous pour devenir b\u00e9n\u00e9vole\n                        <\/h1>\n                    <\/div>\n                \n\n                \n                        <p style=\"font-size:1.25rem\">\n                            Veuillez vous inscrire pour recevoir par courrier \u00e9lectronique nos derni\u00e8res nouvelles sur la mani\u00e8re dont vous pouvez vous impliquer davantage.\r\nNous vous enverrons des informations sur les \u00e9v\u00e9nements, les activit\u00e9s et les r\u00e9unions \u00e0 venir de Greenpeace.\r\nInscrivez-vous pour en savoir plus sur le b\u00e9n\u00e9volat avec Greenpeace:\n                        <\/p>\n                    \n\n                \n\n                <\/div>\n                <figure class=\"wp-block-media-text__media\">\n                    <img loading=\"lazy\" decoding=\"async\" width=\"800\" height=\"533\"\n                        src=\"https:\/\/www.greenpeace.org\/static\/planet4-mena-stateless\/2019\/06\/fbfaf5cc-8847d917-d2cec59a-gp0stqa6i_web_size.jpg\"\n                        alt=\"\"\n                        sizes=\"auto, (min-width: 601px) 50vw, 100vw\" srcset=\"https:\/\/www.greenpeace.org\/static\/planet4-mena-stateless\/2019\/06\/fbfaf5cc-8847d917-d2cec59a-gp0stqa6i_web_size.jpg 800w, https:\/\/www.greenpeace.org\/static\/planet4-mena-stateless\/2019\/06\/fbfaf5cc-8847d917-d2cec59a-gp0stqa6i_web_size-300x200.jpg 300w, https:\/\/www.greenpeace.org\/static\/planet4-mena-stateless\/2019\/06\/fbfaf5cc-8847d917-d2cec59a-gp0stqa6i_web_size-768x512.jpg 768w, https:\/\/www.greenpeace.org\/static\/planet4-mena-stateless\/2019\/06\/fbfaf5cc-8847d917-d2cec59a-gp0stqa6i_web_size-510x340.jpg 510w\" class=\"wp-image-4297 size-full\"\n                    \/>\n                <\/figure>\n                <\/div>\n                \n                <\/div>\n                \n                <\/div>\n                \n                <p style=\"text-align: left;\">Greenpeace MENA respectera votre vie priv\u00e9e et vous enverra des courriels sur le b\u00e9n\u00e9volat. Vous pouvez vous d\u00e9sabonner \u00e0 tout moment.<\/p>\n\n<!--[if lte IE 8]>\n<script charset=\"utf-8\" type=\"text\/javascript\" src=\"\/\/js-eu1.hsforms.net\/forms\/v2-legacy.js\"><\/script>\n<![endif]-->\n<script charset=\"utf-8\" type=\"text\/javascript\" src=\"\/\/js-eu1.hsforms.net\/forms\/v2.js\"><\/script>\n<script>\n  hbspt.forms.create({\n\tregion: \"eu1\",\n\tportalId: \"24933598\",\n\tformId: \"320dfb4c-0cce-48b2-85d9-40b89a182831\"\n});\n<\/script>\n","protected":false},"excerpt":{"rendered":"<p>Greenpeace MENA respectera votre vie priv\u00e9e et vous enverra des courriels sur le b\u00e9n\u00e9volat. Vous pouvez vous d\u00e9sabonner \u00e0 tout moment.<\/p>\n","protected":false},"author":8,"featured_media":4297,"parent":4281,"menu_order":0,"comment_status":"closed","ping_status":"closed","template":"","meta":{"_planet4_optimize_post_is_variant":false,"_planet4_optimize_experiment_name":"","_planet4_optimize_variant_name":"","ep_exclude_from_search":false,"p4_hide_page_title_checkbox":"on","p4_title":"","p4_subtitle":"","p4_description":"","background_image_id":"","background_image":"","p4_button_title":"","p4_button_link":"","p4_button_link_checkbox":"","p4_og_title":"","p4_og_description":"","p4_og_image":"","p4_og_image_id":"","p4_seo_canonical_url":"","p4_campaign_name":"not set","p4_local_project":"not set","p4_basket_name":"not set","p4_department":"","footnotes":""},"categories":[],"tags":[167],"class_list":["post-4294","page","type-page","status-publish","has-post-thumbnail","hentry","tag-volontaires-fr"],"yoast_head":"<!-- This site is optimized with the Yoast SEO Premium plugin v27.4 (Yoast SEO v27.4) - https:\/\/yoast.com\/product\/yoast-seo-premium-wordpress\/ -->\n<title>Volontaire - Greenpeace Moyen Orient et Afrique du Nord<\/title>\n<meta name=\"robots\" content=\"index, follow, max-snippet:-1, max-image-preview:large, max-video-preview:-1\" \/>\n<link rel=\"canonical\" href=\"http:\/\/www.greenpeace.org\/mena\/ar\/\u062a\u062d\u0631\u0651\u0643\/\u062a\u0637\u0648\u0639\/\" \/>\n<meta property=\"og:locale\" content=\"fr_FR\" \/>\n<meta property=\"og:type\" content=\"article\" \/>\n<meta property=\"og:title\" content=\"Volontaire\" \/>\n<meta property=\"og:description\" content=\"Greenpeace MENA respectera votre vie priv\u00e9e et vous enverra des courriels sur le b\u00e9n\u00e9volat. Vous pouvez vous d\u00e9sabonner \u00e0 tout moment.\" \/>\n<meta property=\"og:url\" content=\"http:\/\/www.greenpeace.org\/mena\/ar\/\u062a\u062d\u0631\u0651\u0643\/\u062a\u0637\u0648\u0639\/\" \/>\n<meta property=\"og:site_name\" content=\"Greenpeace Moyen Orient et Afrique du Nord\" \/>\n<meta property=\"article:publisher\" content=\"https:\/\/www.facebook.com\/GreenpeaceAR\" \/>\n<meta property=\"article:modified_time\" content=\"2025-06-23T09:43:07+00:00\" \/>\n<meta property=\"og:image\" content=\"https:\/\/www.greenpeace.org\/static\/planet4-mena-stateless\/2019\/06\/fbfaf5cc-8847d917-d2cec59a-gp0stqa6i_web_size.jpg\" \/>\n\t<meta property=\"og:image:width\" content=\"800\" \/>\n\t<meta property=\"og:image:height\" content=\"533\" \/>\n\t<meta property=\"og:image:type\" content=\"image\/jpeg\" \/>\n<meta name=\"twitter:card\" content=\"summary_large_image\" \/>\n<meta name=\"twitter:site\" content=\"@GreenpeaceAR\" \/>\n<script type=\"application\/ld+json\" class=\"yoast-schema-graph\">{\"@context\":\"https:\\\/\\\/schema.org\",\"@graph\":[{\"@type\":\"WebPage\",\"@id\":\"http:\\\/\\\/www.greenpeace.org\\\/mena\\\/ar\\\/%d8%aa%d8%ad%d8%b1%d9%91%d9%83\\\/%d8%aa%d8%b7%d9%88%d8%b9\\\/\",\"url\":\"http:\\\/\\\/www.greenpeace.org\\\/mena\\\/ar\\\/%d8%aa%d8%ad%d8%b1%d9%91%d9%83\\\/%d8%aa%d8%b7%d9%88%d8%b9\\\/\",\"name\":\"Volontaire - Greenpeace Moyen Orient et Afrique du Nord\",\"isPartOf\":{\"@id\":\"https:\\\/\\\/www.greenpeace.org\\\/mena\\\/ar\\\/#website\"},\"primaryImageOfPage\":{\"@id\":\"http:\\\/\\\/www.greenpeace.org\\\/mena\\\/ar\\\/%d8%aa%d8%ad%d8%b1%d9%91%d9%83\\\/%d8%aa%d8%b7%d9%88%d8%b9\\\/#primaryimage\"},\"image\":{\"@id\":\"http:\\\/\\\/www.greenpeace.org\\\/mena\\\/ar\\\/%d8%aa%d8%ad%d8%b1%d9%91%d9%83\\\/%d8%aa%d8%b7%d9%88%d8%b9\\\/#primaryimage\"},\"thumbnailUrl\":\"https:\\\/\\\/www.greenpeace.org\\\/static\\\/planet4-mena-stateless\\\/2019\\\/06\\\/fbfaf5cc-8847d917-d2cec59a-gp0stqa6i_web_size.jpg\",\"datePublished\":\"2018-11-28T16:57:26+00:00\",\"dateModified\":\"2025-06-23T09:43:07+00:00\",\"breadcrumb\":{\"@id\":\"http:\\\/\\\/www.greenpeace.org\\\/mena\\\/ar\\\/%d8%aa%d8%ad%d8%b1%d9%91%d9%83\\\/%d8%aa%d8%b7%d9%88%d8%b9\\\/#breadcrumb\"},\"inLanguage\":\"fr\",\"potentialAction\":[{\"@type\":\"ReadAction\",\"target\":[\"http:\\\/\\\/www.greenpeace.org\\\/mena\\\/ar\\\/%d8%aa%d8%ad%d8%b1%d9%91%d9%83\\\/%d8%aa%d8%b7%d9%88%d8%b9\\\/\"]}]},{\"@type\":\"ImageObject\",\"inLanguage\":\"fr\",\"@id\":\"http:\\\/\\\/www.greenpeace.org\\\/mena\\\/ar\\\/%d8%aa%d8%ad%d8%b1%d9%91%d9%83\\\/%d8%aa%d8%b7%d9%88%d8%b9\\\/#primaryimage\",\"url\":\"https:\\\/\\\/www.greenpeace.org\\\/static\\\/planet4-mena-stateless\\\/2019\\\/06\\\/fbfaf5cc-8847d917-d2cec59a-gp0stqa6i_web_size.jpg\",\"contentUrl\":\"https:\\\/\\\/www.greenpeace.org\\\/static\\\/planet4-mena-stateless\\\/2019\\\/06\\\/fbfaf5cc-8847d917-d2cec59a-gp0stqa6i_web_size.jpg\",\"width\":800,\"height\":533,\"caption\":\"Greenpeace's ship the Rainbow Warrior holds an open boat day for the public in Tangiers, Morocco, as part of The Sun Unites Us tour promoting solar power in the Arab world in the run up to the COP22 United Nations Climate Change conference.\"},{\"@type\":\"BreadcrumbList\",\"@id\":\"http:\\\/\\\/www.greenpeace.org\\\/mena\\\/ar\\\/%d8%aa%d8%ad%d8%b1%d9%91%d9%83\\\/%d8%aa%d8%b7%d9%88%d8%b9\\\/#breadcrumb\",\"itemListElement\":[{\"@type\":\"ListItem\",\"position\":1,\"name\":\"Home\",\"item\":\"https:\\\/\\\/www.greenpeace.org\\\/mena\\\/fr\\\/\"},{\"@type\":\"ListItem\",\"position\":2,\"name\":\"Agir\",\"item\":\"http:\\\/\\\/www.greenpeace.org\\\/mena\\\/ar\\\/%d8%aa%d8%ad%d8%b1%d9%91%d9%83\\\/\"},{\"@type\":\"ListItem\",\"position\":3,\"name\":\"Volontaire\"}]},{\"@type\":\"WebSite\",\"@id\":\"https:\\\/\\\/www.greenpeace.org\\\/mena\\\/ar\\\/#website\",\"url\":\"https:\\\/\\\/www.greenpeace.org\\\/mena\\\/ar\\\/\",\"name\":\"\u063a\u0631\u064a\u0646\u0628\u064a\u0633 \u0627\u0644\u0634\u0631\u0642 \u0627\u0644\u0623\u0648\u0633\u0637 \u0648\u0634\u0645\u0627\u0644 \u0623\u0641\u0631\u064a\u0642\u064a\u0627\",\"description\":\"Greenpeace MENA fait partie du r\u00e9seau Greenpeace, qui regroupe 28 organisations nationales\\\/r\u00e9gionales ind\u00e9pendantes r\u00e9parties dans plus de 56 pays d\u2019Europe, d\u2019Am\u00e9rique, d\u2019Afrique, d\u2019Asie et du Pacifique, ainsi qu\u2019un organisme de coordination, Greenpeace International.\",\"potentialAction\":[{\"@type\":\"SearchAction\",\"target\":{\"@type\":\"EntryPoint\",\"urlTemplate\":\"https:\\\/\\\/www.greenpeace.org\\\/mena\\\/ar\\\/?s={search_term_string}\"},\"query-input\":{\"@type\":\"PropertyValueSpecification\",\"valueRequired\":true,\"valueName\":\"search_term_string\"}}],\"inLanguage\":\"fr\"}]}<\/script>\n<!-- \/ Yoast SEO Premium plugin. -->","yoast_head_json":{"title":"Volontaire - Greenpeace Moyen Orient et Afrique du Nord","robots":{"index":"index","follow":"follow","max-snippet":"max-snippet:-1","max-image-preview":"max-image-preview:large","max-video-preview":"max-video-preview:-1"},"canonical":"http:\/\/www.greenpeace.org\/mena\/ar\/\u062a\u062d\u0631\u0651\u0643\/\u062a\u0637\u0648\u0639\/","og_locale":"fr_FR","og_type":"article","og_title":"Volontaire","og_description":"Greenpeace MENA respectera votre vie priv\u00e9e et vous enverra des courriels sur le b\u00e9n\u00e9volat. Vous pouvez vous d\u00e9sabonner \u00e0 tout moment.","og_url":"http:\/\/www.greenpeace.org\/mena\/ar\/\u062a\u062d\u0631\u0651\u0643\/\u062a\u0637\u0648\u0639\/","og_site_name":"Greenpeace Moyen Orient et Afrique du Nord","article_publisher":"https:\/\/www.facebook.com\/GreenpeaceAR","article_modified_time":"2025-06-23T09:43:07+00:00","og_image":[{"width":800,"height":533,"url":"https:\/\/www.greenpeace.org\/static\/planet4-mena-stateless\/2019\/06\/fbfaf5cc-8847d917-d2cec59a-gp0stqa6i_web_size.jpg","type":"image\/jpeg"}],"twitter_card":"summary_large_image","twitter_site":"@GreenpeaceAR","schema":{"@context":"https:\/\/schema.org","@graph":[{"@type":"WebPage","@id":"http:\/\/www.greenpeace.org\/mena\/ar\/%d8%aa%d8%ad%d8%b1%d9%91%d9%83\/%d8%aa%d8%b7%d9%88%d8%b9\/","url":"http:\/\/www.greenpeace.org\/mena\/ar\/%d8%aa%d8%ad%d8%b1%d9%91%d9%83\/%d8%aa%d8%b7%d9%88%d8%b9\/","name":"Volontaire - Greenpeace Moyen Orient et Afrique du Nord","isPartOf":{"@id":"https:\/\/www.greenpeace.org\/mena\/ar\/#website"},"primaryImageOfPage":{"@id":"http:\/\/www.greenpeace.org\/mena\/ar\/%d8%aa%d8%ad%d8%b1%d9%91%d9%83\/%d8%aa%d8%b7%d9%88%d8%b9\/#primaryimage"},"image":{"@id":"http:\/\/www.greenpeace.org\/mena\/ar\/%d8%aa%d8%ad%d8%b1%d9%91%d9%83\/%d8%aa%d8%b7%d9%88%d8%b9\/#primaryimage"},"thumbnailUrl":"https:\/\/www.greenpeace.org\/static\/planet4-mena-stateless\/2019\/06\/fbfaf5cc-8847d917-d2cec59a-gp0stqa6i_web_size.jpg","datePublished":"2018-11-28T16:57:26+00:00","dateModified":"2025-06-23T09:43:07+00:00","breadcrumb":{"@id":"http:\/\/www.greenpeace.org\/mena\/ar\/%d8%aa%d8%ad%d8%b1%d9%91%d9%83\/%d8%aa%d8%b7%d9%88%d8%b9\/#breadcrumb"},"inLanguage":"fr","potentialAction":[{"@type":"ReadAction","target":["http:\/\/www.greenpeace.org\/mena\/ar\/%d8%aa%d8%ad%d8%b1%d9%91%d9%83\/%d8%aa%d8%b7%d9%88%d8%b9\/"]}]},{"@type":"ImageObject","inLanguage":"fr","@id":"http:\/\/www.greenpeace.org\/mena\/ar\/%d8%aa%d8%ad%d8%b1%d9%91%d9%83\/%d8%aa%d8%b7%d9%88%d8%b9\/#primaryimage","url":"https:\/\/www.greenpeace.org\/static\/planet4-mena-stateless\/2019\/06\/fbfaf5cc-8847d917-d2cec59a-gp0stqa6i_web_size.jpg","contentUrl":"https:\/\/www.greenpeace.org\/static\/planet4-mena-stateless\/2019\/06\/fbfaf5cc-8847d917-d2cec59a-gp0stqa6i_web_size.jpg","width":800,"height":533,"caption":"Greenpeace's ship the Rainbow Warrior holds an open boat day for the public in Tangiers, Morocco, as part of The Sun Unites Us tour promoting solar power in the Arab world in the run up to the COP22 United Nations Climate Change conference."},{"@type":"BreadcrumbList","@id":"http:\/\/www.greenpeace.org\/mena\/ar\/%d8%aa%d8%ad%d8%b1%d9%91%d9%83\/%d8%aa%d8%b7%d9%88%d8%b9\/#breadcrumb","itemListElement":[{"@type":"ListItem","position":1,"name":"Home","item":"https:\/\/www.greenpeace.org\/mena\/fr\/"},{"@type":"ListItem","position":2,"name":"Agir","item":"http:\/\/www.greenpeace.org\/mena\/ar\/%d8%aa%d8%ad%d8%b1%d9%91%d9%83\/"},{"@type":"ListItem","position":3,"name":"Volontaire"}]},{"@type":"WebSite","@id":"https:\/\/www.greenpeace.org\/mena\/ar\/#website","url":"https:\/\/www.greenpeace.org\/mena\/ar\/","name":"\u063a\u0631\u064a\u0646\u0628\u064a\u0633 \u0627\u0644\u0634\u0631\u0642 \u0627\u0644\u0623\u0648\u0633\u0637 \u0648\u0634\u0645\u0627\u0644 \u0623\u0641\u0631\u064a\u0642\u064a\u0627","description":"Greenpeace MENA fait partie du r\u00e9seau Greenpeace, qui regroupe 28 organisations nationales\/r\u00e9gionales ind\u00e9pendantes r\u00e9parties dans plus de 56 pays d\u2019Europe, d\u2019Am\u00e9rique, d\u2019Afrique, d\u2019Asie et du Pacifique, ainsi qu\u2019un organisme de coordination, Greenpeace International.","potentialAction":[{"@type":"SearchAction","target":{"@type":"EntryPoint","urlTemplate":"https:\/\/www.greenpeace.org\/mena\/ar\/?s={search_term_string}"},"query-input":{"@type":"PropertyValueSpecification","valueRequired":true,"valueName":"search_term_string"}}],"inLanguage":"fr"}]}},"_links":{"self":[{"href":"https:\/\/www.greenpeace.org\/mena\/fr\/wp-json\/wp\/v2\/pages\/4294","targetHints":{"allow":["GET"]}}],"collection":[{"href":"https:\/\/www.greenpeace.org\/mena\/fr\/wp-json\/wp\/v2\/pages"}],"about":[{"href":"https:\/\/www.greenpeace.org\/mena\/fr\/wp-json\/wp\/v2\/types\/page"}],"author":[{"embeddable":true,"href":"https:\/\/www.greenpeace.org\/mena\/fr\/wp-json\/wp\/v2\/users\/8"}],"replies":[{"embeddable":true,"href":"https:\/\/www.greenpeace.org\/mena\/fr\/wp-json\/wp\/v2\/comments?post=4294"}],"version-history":[{"count":6,"href":"https:\/\/www.greenpeace.org\/mena\/fr\/wp-json\/wp\/v2\/pages\/4294\/revisions"}],"predecessor-version":[{"id":17123,"href":"https:\/\/www.greenpeace.org\/mena\/fr\/wp-json\/wp\/v2\/pages\/4294\/revisions\/17123"}],"up":[{"embeddable":true,"href":"https:\/\/www.greenpeace.org\/mena\/fr\/wp-json\/wp\/v2\/pages\/4281"}],"wp:featuredmedia":[{"embeddable":true,"href":"https:\/\/www.greenpeace.org\/mena\/fr\/wp-json\/wp\/v2\/media\/4297"}],"wp:attachment":[{"href":"https:\/\/www.greenpeace.org\/mena\/fr\/wp-json\/wp\/v2\/media?parent=4294"}],"wp:term":[{"taxonomy":"category","embeddable":true,"href":"https:\/\/www.greenpeace.org\/mena\/fr\/wp-json\/wp\/v2\/categories?post=4294"},{"taxonomy":"post_tag","embeddable":true,"href":"https:\/\/www.greenpeace.org\/mena\/fr\/wp-json\/wp\/v2\/tags?post=4294"}],"curies":[{"name":"wp","href":"https:\/\/api.w.org\/{rel}","templated":true}]}}