{"id":4335,"date":"2018-11-30T09:39:30","date_gmt":"2018-11-30T09:39:30","guid":{"rendered":"https:\/\/www.greenpeace.org\/mena\/jobs-internships\/"},"modified":"2025-09-23T13:02:22","modified_gmt":"2025-09-23T10:02:22","slug":"emplois-et-stages","status":"publish","type":"page","link":"https:\/\/www.greenpeace.org\/mena\/fr\/emplois-et-stages\/","title":{"rendered":"Emplois et stages"},"content":{"rendered":"\n                \n                <div class=\"wp-block-group alignfull is-layout-flow wp-block-group-is-layout-flow\">\n                \n                <div class=\"wp-block-group container is-layout-flow wp-block-group-is-layout-flow\">\n                \n                <div class=\"wp-block-media-text alignfull has-media-on-the-right is-stacked-on-mobile is-pattern-p4-page-header is-style-parallax\">\n\n                <div class=\"wp-block-media-text__content\">\n                    <div class=\"wp-block-group is-layout-flow wp-block-group-is-layout-flow\">\n                    \n                        <h1 class=\"wp-block-heading has-white-background-color has-background\">\n                            Emplois et stages\n                        <\/h1>\n                    <\/div>\n                \n\n                \n                        <p style=\"font-size:1.25rem\">\n                            <span style=\"font-weight: 400\">Rejoignez Greenpeace. Notre \u00e9quipe dynamique est compos\u00e9e de personnes talentueuses et passionn\u00e9es par la pr\u00e9servation de notre plan\u00e8te. Nous offrons un environnement de travail positif et d\u2019excellents avantages.<\/span>\r\n\r\n<span style=\"font-weight: 400\">Les candidats doivent comprendre et soutenir le style de campagne de Greenpeace, y compris le recours \u00e0 la protestation pacifique. Nous recherchons des personnes soucieuses de l&#8217;environnement et d\u00e9sireuses de contribuer \u00e0 la recherche et \u00e0 la mise en \u0153uvre de solutions durables. Greenpeace s&#8217;efforce de maintenir un lieu de travail diversifi\u00e9 et encourage les candidatures de membres de groupes sous-repr\u00e9sent\u00e9s.<\/span>\r\n\r\n<span style=\"font-weight: 400\">Toutes les offres d\u2019emploi et de stage dans la r\u00e9gion MENA sont affich\u00e9es ici. Seuls les candidats s\u00e9lectionn\u00e9s pour des entretiens seront contact\u00e9s<\/span><span style=\"font-weight: 400\">.<\/span>\n                        <\/p>\n                    \n\n                \n\n                <\/div>\n                <figure class=\"wp-block-media-text__media\">\n                    <img loading=\"lazy\" decoding=\"async\" width=\"799\" height=\"531\"\n                        src=\"https:\/\/www.greenpeace.org\/static\/planet4-mena-stateless\/2019\/06\/0c0632e5-dda836e2-gp04spz_web_size_with_credit_line.jpg\"\n                        alt=\"\"\n                        sizes=\"auto, (min-width: 601px) 50vw, 100vw\" srcset=\"https:\/\/www.greenpeace.org\/static\/planet4-mena-stateless\/2019\/06\/0c0632e5-dda836e2-gp04spz_web_size_with_credit_line.jpg 799w, https:\/\/www.greenpeace.org\/static\/planet4-mena-stateless\/2019\/06\/0c0632e5-dda836e2-gp04spz_web_size_with_credit_line-300x199.jpg 300w, https:\/\/www.greenpeace.org\/static\/planet4-mena-stateless\/2019\/06\/0c0632e5-dda836e2-gp04spz_web_size_with_credit_line-768x510.jpg 768w, https:\/\/www.greenpeace.org\/static\/planet4-mena-stateless\/2019\/06\/0c0632e5-dda836e2-gp04spz_web_size_with_credit_line-510x340.jpg 510w\" class=\"wp-image-4338 size-full\"\n                    \/>\n                <\/figure>\n                <\/div>\n                \n                <\/div>\n                \n                <\/div>\n                \n                \n    <div class=\"wp-block-query posts-list p4-query-loop is-custom-layout-list is-layout-flow wp-block-query-is-layout-flow\">\n        <div class=\"wp-block-group is-content-justification-space-between is-layout-flex wp-container-core-group-is-layout-3d213aab wp-block-group-is-layout-flex\"><h2 class=\"wp-block-heading\">Emplois Actuels<\/h2>\n        <li class=\" wp-block-navigation-item see-all-link wp-block-navigation-link\"><a class=\"wp-block-navigation-item__content\"  href=\"http:\/\/www.greenpeace.org\/mena\/ar\/%d8%ac%d9%85%d9%8a%d8%b9-%d8%a7%d9%84%d9%85%d9%82%d8%a7%d9%84%d8%a7%d8%aa-%d8%a7%d9%84%d8%ad%d8%af%d9%8a%d8%ab%d8%a9\/?tag=%d9%81%d8%b1%d8%b5_%d8%b9%d9%85%d9%84\"><span class=\"wp-block-navigation-item__label\">See all stories<\/span><\/a><\/li>\n        \n        <\/div>\n        \n\n    <p style=\"margin-top: 24px; margin-bottom: 36px;\"><\/p>\n\n    <div class=\"wp-block-query-no-results\">\n        <p >No posts found.<\/p>\n        <\/div>\n\n    \n\n    \n<div class=\"wp-block-buttons carousel-controls is-horizontal is-content-justification-space-between is-nowrap is-layout-flex wp-container-core-buttons-is-layout-044bd602 wp-block-buttons-is-layout-flex\">\n            <div class=\"wp-block-button carousel-control-prev\"><button type=\"button\" class=\"wp-block-button__link wp-element-button\">Prev<\/button><\/div>\n        \n\n            <div class=\"wp-block-button carousel-control-next\"><button type=\"button\" class=\"wp-block-button__link wp-element-button\">Next<\/button><\/div>\n        <\/div>\n\n\n    <li class=\" wp-block-navigation-item see-all-link wp-block-navigation-link\"><a class=\"wp-block-navigation-item__content\"  href=\"http:\/\/www.greenpeace.org\/mena\/ar\/%d8%ac%d9%85%d9%8a%d8%b9-%d8%a7%d9%84%d9%85%d9%82%d8%a7%d9%84%d8%a7%d8%aa-%d8%a7%d9%84%d8%ad%d8%af%d9%8a%d8%ab%d8%a9\/?tag=%d9%81%d8%b1%d8%b5_%d8%b9%d9%85%d9%84\"><span class=\"wp-block-navigation-item__label\">See all stories<\/span><\/a><\/li><\/div>\n    \n    <div class=\"wp-block-query posts-list p4-query-loop is-custom-layout-list is-layout-flow wp-block-query-is-layout-flow\">\n        <div class=\"wp-block-group is-content-justification-space-between is-layout-flex wp-container-core-group-is-layout-3d213aab wp-block-group-is-layout-flex\"><h2 class=\"wp-block-heading\">Stages Actuels<\/h2>\n        <li class=\" wp-block-navigation-item see-all-link wp-block-navigation-link\"><a class=\"wp-block-navigation-item__content\"  href=\"http:\/\/www.greenpeace.org\/mena\/ar\/%d8%ac%d9%85%d9%8a%d8%b9-%d8%a7%d9%84%d9%85%d9%82%d8%a7%d9%84%d8%a7%d8%aa-%d8%a7%d9%84%d8%ad%d8%af%d9%8a%d8%ab%d8%a9\/?tag=\"><span class=\"wp-block-navigation-item__label\">See all stories<\/span><\/a><\/li>\n        \n        <\/div>\n        \n\n    <p style=\"margin-top: 24px; margin-bottom: 36px;\"><\/p>\n\n    <div class=\"wp-block-query-no-results\">\n        <p >No posts found.<\/p>\n        <\/div>\n\n    \n\n    \n<div class=\"wp-block-buttons carousel-controls is-horizontal is-content-justification-space-between is-nowrap is-layout-flex wp-container-core-buttons-is-layout-044bd602 wp-block-buttons-is-layout-flex\">\n            <div class=\"wp-block-button carousel-control-prev\"><button type=\"button\" class=\"wp-block-button__link wp-element-button\">Prev<\/button><\/div>\n        \n\n            <div class=\"wp-block-button carousel-control-next\"><button type=\"button\" class=\"wp-block-button__link wp-element-button\">Next<\/button><\/div>\n        <\/div>\n\n\n    <li class=\" wp-block-navigation-item see-all-link wp-block-navigation-link\"><a class=\"wp-block-navigation-item__content\"  href=\"http:\/\/www.greenpeace.org\/mena\/ar\/%d8%ac%d9%85%d9%8a%d8%b9-%d8%a7%d9%84%d9%85%d9%82%d8%a7%d9%84%d8%a7%d8%aa-%d8%a7%d9%84%d8%ad%d8%af%d9%8a%d8%ab%d8%a9\/?tag=\"><span class=\"wp-block-navigation-item__label\">See all stories<\/span><\/a><\/li><\/div>\n    ","protected":false},"excerpt":{"rendered":"","protected":false},"author":8,"featured_media":4338,"parent":0,"menu_order":0,"comment_status":"closed","ping_status":"closed","template":"page-templates\/evergreen.php","meta":{"_planet4_optimize_post_is_variant":false,"_planet4_optimize_experiment_name":"","_planet4_optimize_variant_name":"","ep_exclude_from_search":false,"p4_hide_page_title_checkbox":"on","p4_title":"","p4_subtitle":"","p4_description":"","background_image_id":"","background_image":"","p4_button_title":"","p4_button_link":"","p4_button_link_checkbox":"","p4_og_title":"","p4_og_description":"","p4_og_image":"","p4_og_image_id":"","p4_seo_canonical_url":"","p4_campaign_name":"not set","p4_local_project":"","p4_basket_name":"not set","p4_department":"","footnotes":""},"categories":[],"tags":[173,169,173],"class_list":["post-4335","page","type-page","status-publish","has-post-thumbnail","hentry","tag-greenpeace-fr","tag-aboutus-fr"],"yoast_head":"<!-- This site is optimized with the Yoast SEO Premium plugin v27.4 (Yoast SEO v27.4) - https:\/\/yoast.com\/product\/yoast-seo-premium-wordpress\/ -->\n<title>Emplois et stages - Greenpeace Moyen Orient et Afrique du Nord<\/title>\n<meta name=\"robots\" content=\"index, follow, max-snippet:-1, max-image-preview:large, max-video-preview:-1\" \/>\n<link rel=\"canonical\" href=\"http:\/\/www.greenpeace.org\/mena\/ar\/\u0641\u0631\u0635-\u0627\u0644\u0639\u0645\u0644-\u0648\u0627\u0644\u062a\u062f\u0631\u064a\u0628\/\" \/>\n<meta property=\"og:locale\" content=\"fr_FR\" \/>\n<meta property=\"og:type\" content=\"article\" \/>\n<meta property=\"og:title\" content=\"Emplois et stages\" \/>\n<meta property=\"og:url\" content=\"http:\/\/www.greenpeace.org\/mena\/ar\/\u0641\u0631\u0635-\u0627\u0644\u0639\u0645\u0644-\u0648\u0627\u0644\u062a\u062f\u0631\u064a\u0628\/\" \/>\n<meta property=\"og:site_name\" content=\"Greenpeace Moyen Orient et Afrique du Nord\" \/>\n<meta property=\"article:publisher\" content=\"https:\/\/www.facebook.com\/GreenpeaceAR\" \/>\n<meta property=\"article:modified_time\" content=\"2025-09-23T10:02:22+00:00\" \/>\n<meta property=\"og:image\" content=\"https:\/\/www.greenpeace.org\/static\/planet4-mena-stateless\/2019\/06\/0c0632e5-dda836e2-gp04spz_web_size_with_credit_line.jpg\" \/>\n\t<meta property=\"og:image:width\" content=\"799\" \/>\n\t<meta property=\"og:image:height\" content=\"531\" \/>\n\t<meta property=\"og:image:type\" content=\"image\/jpeg\" \/>\n<meta name=\"twitter:card\" content=\"summary_large_image\" \/>\n<meta name=\"twitter:site\" content=\"@GreenpeaceAR\" \/>\n<meta name=\"twitter:label1\" content=\"Est. reading time\" \/>\n\t<meta name=\"twitter:data1\" content=\"1 minute\" \/>\n<script type=\"application\/ld+json\" class=\"yoast-schema-graph\">{\"@context\":\"https:\\\/\\\/schema.org\",\"@graph\":[{\"@type\":\"WebPage\",\"@id\":\"http:\\\/\\\/www.greenpeace.org\\\/mena\\\/ar\\\/%d9%81%d8%b1%d8%b5-%d8%a7%d9%84%d8%b9%d9%85%d9%84-%d9%88%d8%a7%d9%84%d8%aa%d8%af%d8%b1%d9%8a%d8%a8\\\/\",\"url\":\"http:\\\/\\\/www.greenpeace.org\\\/mena\\\/ar\\\/%d9%81%d8%b1%d8%b5-%d8%a7%d9%84%d8%b9%d9%85%d9%84-%d9%88%d8%a7%d9%84%d8%aa%d8%af%d8%b1%d9%8a%d8%a8\\\/\",\"name\":\"Emplois et stages - Greenpeace Moyen Orient et Afrique du Nord\",\"isPartOf\":{\"@id\":\"https:\\\/\\\/www.greenpeace.org\\\/mena\\\/ar\\\/#website\"},\"primaryImageOfPage\":{\"@id\":\"http:\\\/\\\/www.greenpeace.org\\\/mena\\\/ar\\\/%d9%81%d8%b1%d8%b5-%d8%a7%d9%84%d8%b9%d9%85%d9%84-%d9%88%d8%a7%d9%84%d8%aa%d8%af%d8%b1%d9%8a%d8%a8\\\/#primaryimage\"},\"image\":{\"@id\":\"http:\\\/\\\/www.greenpeace.org\\\/mena\\\/ar\\\/%d9%81%d8%b1%d8%b5-%d8%a7%d9%84%d8%b9%d9%85%d9%84-%d9%88%d8%a7%d9%84%d8%aa%d8%af%d8%b1%d9%8a%d8%a8\\\/#primaryimage\"},\"thumbnailUrl\":\"https:\\\/\\\/www.greenpeace.org\\\/static\\\/planet4-mena-stateless\\\/2019\\\/06\\\/0c0632e5-dda836e2-gp04spz_web_size_with_credit_line.jpg\",\"datePublished\":\"2018-11-30T09:39:30+00:00\",\"dateModified\":\"2025-09-23T10:02:22+00:00\",\"breadcrumb\":{\"@id\":\"http:\\\/\\\/www.greenpeace.org\\\/mena\\\/ar\\\/%d9%81%d8%b1%d8%b5-%d8%a7%d9%84%d8%b9%d9%85%d9%84-%d9%88%d8%a7%d9%84%d8%aa%d8%af%d8%b1%d9%8a%d8%a8\\\/#breadcrumb\"},\"inLanguage\":\"fr\",\"potentialAction\":[{\"@type\":\"ReadAction\",\"target\":[\"http:\\\/\\\/www.greenpeace.org\\\/mena\\\/ar\\\/%d9%81%d8%b1%d8%b5-%d8%a7%d9%84%d8%b9%d9%85%d9%84-%d9%88%d8%a7%d9%84%d8%aa%d8%af%d8%b1%d9%8a%d8%a8\\\/\"]}]},{\"@type\":\"ImageObject\",\"inLanguage\":\"fr\",\"@id\":\"http:\\\/\\\/www.greenpeace.org\\\/mena\\\/ar\\\/%d9%81%d8%b1%d8%b5-%d8%a7%d9%84%d8%b9%d9%85%d9%84-%d9%88%d8%a7%d9%84%d8%aa%d8%af%d8%b1%d9%8a%d8%a8\\\/#primaryimage\",\"url\":\"https:\\\/\\\/www.greenpeace.org\\\/static\\\/planet4-mena-stateless\\\/2019\\\/06\\\/0c0632e5-dda836e2-gp04spz_web_size_with_credit_line.jpg\",\"contentUrl\":\"https:\\\/\\\/www.greenpeace.org\\\/static\\\/planet4-mena-stateless\\\/2019\\\/06\\\/0c0632e5-dda836e2-gp04spz_web_size_with_credit_line.jpg\",\"width\":799,\"height\":531,\"caption\":\"2000 people take part in the 'Ice Ride' event in Santiago City, Chile, which is part of a Global Day of Action in a collective protest against Arctic oil drilling and aims to draw the world\u2019s attention to the threats facing the Arctic.\"},{\"@type\":\"BreadcrumbList\",\"@id\":\"http:\\\/\\\/www.greenpeace.org\\\/mena\\\/ar\\\/%d9%81%d8%b1%d8%b5-%d8%a7%d9%84%d8%b9%d9%85%d9%84-%d9%88%d8%a7%d9%84%d8%aa%d8%af%d8%b1%d9%8a%d8%a8\\\/#breadcrumb\",\"itemListElement\":[{\"@type\":\"ListItem\",\"position\":1,\"name\":\"Home\",\"item\":\"https:\\\/\\\/www.greenpeace.org\\\/mena\\\/fr\\\/\"},{\"@type\":\"ListItem\",\"position\":2,\"name\":\"Emplois et stages\"}]},{\"@type\":\"WebSite\",\"@id\":\"https:\\\/\\\/www.greenpeace.org\\\/mena\\\/ar\\\/#website\",\"url\":\"https:\\\/\\\/www.greenpeace.org\\\/mena\\\/ar\\\/\",\"name\":\"\u063a\u0631\u064a\u0646\u0628\u064a\u0633 \u0627\u0644\u0634\u0631\u0642 \u0627\u0644\u0623\u0648\u0633\u0637 \u0648\u0634\u0645\u0627\u0644 \u0623\u0641\u0631\u064a\u0642\u064a\u0627\",\"description\":\"Greenpeace MENA fait partie du r\u00e9seau Greenpeace, qui regroupe 28 organisations nationales\\\/r\u00e9gionales ind\u00e9pendantes r\u00e9parties dans plus de 56 pays d\u2019Europe, d\u2019Am\u00e9rique, d\u2019Afrique, d\u2019Asie et du Pacifique, ainsi qu\u2019un organisme de coordination, Greenpeace International.\",\"potentialAction\":[{\"@type\":\"SearchAction\",\"target\":{\"@type\":\"EntryPoint\",\"urlTemplate\":\"https:\\\/\\\/www.greenpeace.org\\\/mena\\\/ar\\\/?s={search_term_string}\"},\"query-input\":{\"@type\":\"PropertyValueSpecification\",\"valueRequired\":true,\"valueName\":\"search_term_string\"}}],\"inLanguage\":\"fr\"}]}<\/script>\n<!-- \/ Yoast SEO Premium plugin. -->","yoast_head_json":{"title":"Emplois et stages - Greenpeace Moyen Orient et Afrique du Nord","robots":{"index":"index","follow":"follow","max-snippet":"max-snippet:-1","max-image-preview":"max-image-preview:large","max-video-preview":"max-video-preview:-1"},"canonical":"http:\/\/www.greenpeace.org\/mena\/ar\/\u0641\u0631\u0635-\u0627\u0644\u0639\u0645\u0644-\u0648\u0627\u0644\u062a\u062f\u0631\u064a\u0628\/","og_locale":"fr_FR","og_type":"article","og_title":"Emplois et stages","og_url":"http:\/\/www.greenpeace.org\/mena\/ar\/\u0641\u0631\u0635-\u0627\u0644\u0639\u0645\u0644-\u0648\u0627\u0644\u062a\u062f\u0631\u064a\u0628\/","og_site_name":"Greenpeace Moyen Orient et Afrique du Nord","article_publisher":"https:\/\/www.facebook.com\/GreenpeaceAR","article_modified_time":"2025-09-23T10:02:22+00:00","og_image":[{"width":799,"height":531,"url":"https:\/\/www.greenpeace.org\/static\/planet4-mena-stateless\/2019\/06\/0c0632e5-dda836e2-gp04spz_web_size_with_credit_line.jpg","type":"image\/jpeg"}],"twitter_card":"summary_large_image","twitter_site":"@GreenpeaceAR","twitter_misc":{"Est. reading time":"1 minute"},"schema":{"@context":"https:\/\/schema.org","@graph":[{"@type":"WebPage","@id":"http:\/\/www.greenpeace.org\/mena\/ar\/%d9%81%d8%b1%d8%b5-%d8%a7%d9%84%d8%b9%d9%85%d9%84-%d9%88%d8%a7%d9%84%d8%aa%d8%af%d8%b1%d9%8a%d8%a8\/","url":"http:\/\/www.greenpeace.org\/mena\/ar\/%d9%81%d8%b1%d8%b5-%d8%a7%d9%84%d8%b9%d9%85%d9%84-%d9%88%d8%a7%d9%84%d8%aa%d8%af%d8%b1%d9%8a%d8%a8\/","name":"Emplois et stages - Greenpeace Moyen Orient et Afrique du Nord","isPartOf":{"@id":"https:\/\/www.greenpeace.org\/mena\/ar\/#website"},"primaryImageOfPage":{"@id":"http:\/\/www.greenpeace.org\/mena\/ar\/%d9%81%d8%b1%d8%b5-%d8%a7%d9%84%d8%b9%d9%85%d9%84-%d9%88%d8%a7%d9%84%d8%aa%d8%af%d8%b1%d9%8a%d8%a8\/#primaryimage"},"image":{"@id":"http:\/\/www.greenpeace.org\/mena\/ar\/%d9%81%d8%b1%d8%b5-%d8%a7%d9%84%d8%b9%d9%85%d9%84-%d9%88%d8%a7%d9%84%d8%aa%d8%af%d8%b1%d9%8a%d8%a8\/#primaryimage"},"thumbnailUrl":"https:\/\/www.greenpeace.org\/static\/planet4-mena-stateless\/2019\/06\/0c0632e5-dda836e2-gp04spz_web_size_with_credit_line.jpg","datePublished":"2018-11-30T09:39:30+00:00","dateModified":"2025-09-23T10:02:22+00:00","breadcrumb":{"@id":"http:\/\/www.greenpeace.org\/mena\/ar\/%d9%81%d8%b1%d8%b5-%d8%a7%d9%84%d8%b9%d9%85%d9%84-%d9%88%d8%a7%d9%84%d8%aa%d8%af%d8%b1%d9%8a%d8%a8\/#breadcrumb"},"inLanguage":"fr","potentialAction":[{"@type":"ReadAction","target":["http:\/\/www.greenpeace.org\/mena\/ar\/%d9%81%d8%b1%d8%b5-%d8%a7%d9%84%d8%b9%d9%85%d9%84-%d9%88%d8%a7%d9%84%d8%aa%d8%af%d8%b1%d9%8a%d8%a8\/"]}]},{"@type":"ImageObject","inLanguage":"fr","@id":"http:\/\/www.greenpeace.org\/mena\/ar\/%d9%81%d8%b1%d8%b5-%d8%a7%d9%84%d8%b9%d9%85%d9%84-%d9%88%d8%a7%d9%84%d8%aa%d8%af%d8%b1%d9%8a%d8%a8\/#primaryimage","url":"https:\/\/www.greenpeace.org\/static\/planet4-mena-stateless\/2019\/06\/0c0632e5-dda836e2-gp04spz_web_size_with_credit_line.jpg","contentUrl":"https:\/\/www.greenpeace.org\/static\/planet4-mena-stateless\/2019\/06\/0c0632e5-dda836e2-gp04spz_web_size_with_credit_line.jpg","width":799,"height":531,"caption":"2000 people take part in the 'Ice Ride' event in Santiago City, Chile, which is part of a Global Day of Action in a collective protest against Arctic oil drilling and aims to draw the world\u2019s attention to the threats facing the Arctic."},{"@type":"BreadcrumbList","@id":"http:\/\/www.greenpeace.org\/mena\/ar\/%d9%81%d8%b1%d8%b5-%d8%a7%d9%84%d8%b9%d9%85%d9%84-%d9%88%d8%a7%d9%84%d8%aa%d8%af%d8%b1%d9%8a%d8%a8\/#breadcrumb","itemListElement":[{"@type":"ListItem","position":1,"name":"Home","item":"https:\/\/www.greenpeace.org\/mena\/fr\/"},{"@type":"ListItem","position":2,"name":"Emplois et stages"}]},{"@type":"WebSite","@id":"https:\/\/www.greenpeace.org\/mena\/ar\/#website","url":"https:\/\/www.greenpeace.org\/mena\/ar\/","name":"\u063a\u0631\u064a\u0646\u0628\u064a\u0633 \u0627\u0644\u0634\u0631\u0642 \u0627\u0644\u0623\u0648\u0633\u0637 \u0648\u0634\u0645\u0627\u0644 \u0623\u0641\u0631\u064a\u0642\u064a\u0627","description":"Greenpeace MENA fait partie du r\u00e9seau Greenpeace, qui regroupe 28 organisations nationales\/r\u00e9gionales ind\u00e9pendantes r\u00e9parties dans plus de 56 pays d\u2019Europe, d\u2019Am\u00e9rique, d\u2019Afrique, d\u2019Asie et du Pacifique, ainsi qu\u2019un organisme de coordination, Greenpeace International.","potentialAction":[{"@type":"SearchAction","target":{"@type":"EntryPoint","urlTemplate":"https:\/\/www.greenpeace.org\/mena\/ar\/?s={search_term_string}"},"query-input":{"@type":"PropertyValueSpecification","valueRequired":true,"valueName":"search_term_string"}}],"inLanguage":"fr"}]}},"_links":{"self":[{"href":"https:\/\/www.greenpeace.org\/mena\/fr\/wp-json\/wp\/v2\/pages\/4335","targetHints":{"allow":["GET"]}}],"collection":[{"href":"https:\/\/www.greenpeace.org\/mena\/fr\/wp-json\/wp\/v2\/pages"}],"about":[{"href":"https:\/\/www.greenpeace.org\/mena\/fr\/wp-json\/wp\/v2\/types\/page"}],"author":[{"embeddable":true,"href":"https:\/\/www.greenpeace.org\/mena\/fr\/wp-json\/wp\/v2\/users\/8"}],"replies":[{"embeddable":true,"href":"https:\/\/www.greenpeace.org\/mena\/fr\/wp-json\/wp\/v2\/comments?post=4335"}],"version-history":[{"count":9,"href":"https:\/\/www.greenpeace.org\/mena\/fr\/wp-json\/wp\/v2\/pages\/4335\/revisions"}],"predecessor-version":[{"id":18693,"href":"https:\/\/www.greenpeace.org\/mena\/fr\/wp-json\/wp\/v2\/pages\/4335\/revisions\/18693"}],"wp:featuredmedia":[{"embeddable":true,"href":"https:\/\/www.greenpeace.org\/mena\/fr\/wp-json\/wp\/v2\/media\/4338"}],"wp:attachment":[{"href":"https:\/\/www.greenpeace.org\/mena\/fr\/wp-json\/wp\/v2\/media?parent=4335"}],"wp:term":[{"taxonomy":"category","embeddable":true,"href":"https:\/\/www.greenpeace.org\/mena\/fr\/wp-json\/wp\/v2\/categories?post=4335"},{"taxonomy":"post_tag","embeddable":true,"href":"https:\/\/www.greenpeace.org\/mena\/fr\/wp-json\/wp\/v2\/tags?post=4335"}],"curies":[{"name":"wp","href":"https:\/\/api.w.org\/{rel}","templated":true}]}}