{"id":4342,"date":"2018-11-26T11:45:09","date_gmt":"2018-11-26T11:45:09","guid":{"rendered":"https:\/\/www.greenpeace.org\/mena\/press-center\/"},"modified":"2025-09-23T13:02:39","modified_gmt":"2025-09-23T10:02:39","slug":"centre-de-presse","status":"publish","type":"page","link":"https:\/\/www.greenpeace.org\/mena\/fr\/centre-de-presse\/","title":{"rendered":"Centre de Presse"},"content":{"rendered":"\n                    <div class=\"wp-block-group is-vertical is-layout-flex wp-container-core-group-is-layout-8cf370e7 wp-block-group-is-layout-flex\">\n                    \n                                <p><span style=\"font-weight: 400\">Cette section est consacr\u00e9e aux journalistes et professionnels des m\u00e9dias. Vous trouverez ici nos communiqu\u00e9s de presse les plus r\u00e9cents que nous distribuons aux m\u00e9dias.<\/span>\r\n\r\n<span style=\"font-weight: 400\">Pour les requ\u00eates de m\u00e9dia y compris les interviews, les diffusions de vid\u00e9os ainsi que les photo en haute r\u00e9solution, pri\u00e8re de contacter notre \u00e9quipe de presse.<\/span><\/p>\n                            \n\n                    \n                    <\/div>\n                    <div data-render=\"planet4-blocks\/columns\" data-attributes=\"{&quot;attributes&quot;:{&quot;columns_block_style&quot;:&quot;no_image&quot;,&quot;columns&quot;:[{&quot;title&quot;:&quot;Contacts Presse&quot;,&quot;description&quot;:&quot;Dania Cherry - Charg\\u00e9e de la communicationrnrnDania.cherry@greenpeace.orgrnourn+961 76 06 93 93&quot;,&quot;cta_link&quot;:&quot;mailto:dania.cherry@greenpeace.org&quot;,&quot;link_new_tab&quot;:false,&quot;cta_text&quot;:&quot;Envoyez-nous un email&quot;},{&quot;title&quot;:&quot;Trouvez la bonne photo&quot;,&quot;description&quot;:&quot;Trouvez la bonne photo ou vid\\u00e9o en recherchant notre librairie extensive de m\\u00e9dias. Si vous d\\u00e9sirez obtenir une licence pour l&#039;utilisation d\\u2019image ou avez besoin d\\u2019assistance pour trouver quelque chose sur media.greenpeace.org, pri\\u00e8re de contacter notre Librairie de M\\u00e9dias \\u00e0 l\\u2019addresse suivante: media.library.int@greenpeace.org&quot;,&quot;cta_link&quot;:&quot;https:\\\/\\\/media.greenpeace.org\\\/&quot;,&quot;link_new_tab&quot;:false,&quot;cta_text&quot;:&quot;Media.Greenpeace.org&quot;}]}}\"><\/div>\n    <div class=\"wp-block-query posts-list p4-query-loop is-custom-layout-list is-layout-flow wp-block-query-is-layout-flow\">\n        <div class=\"wp-block-group is-content-justification-space-between is-layout-flex wp-container-core-group-is-layout-3d213aab wp-block-group-is-layout-flex\"><h2 class=\"wp-block-heading\">Latest Press Releases<\/h2>\n        <li class=\" wp-block-navigation-item see-all-link wp-block-navigation-link\"><a class=\"wp-block-navigation-item__content\"  href=\"http:\/\/www.greenpeace.org\/mena\/ar\/%d8%ac%d9%85%d9%8a%d8%b9-%d8%a7%d9%84%d9%85%d9%82%d8%a7%d9%84%d8%a7%d8%aa-%d8%a7%d9%84%d8%ad%d8%af%d9%8a%d8%ab%d8%a9\/?tag=&#038;post-type=%d8%ae%d8%a8%d8%b1-%d8%b5%d8%ad%d9%81%d9%89\"><span class=\"wp-block-navigation-item__label\">See all stories<\/span><\/a><\/li>\n        \n        <\/div>\n        \n\n    <p style=\"margin-top: 24px; margin-bottom: 36px;\"><\/p>\n\n    \n\n    <ul class=\"wp-block-post-template is-layout-flow wp-block-post-template-is-layout-flow\"><li class=\"wp-block-post post-7036 post type-post status-publish format-standard has-post-thumbnail hentry category-greenpeace-moyen-orient-et-afrique-du-nord category-non-classifiee tag-renouvelables tag-petrole-fr tag-_-fr tag-petrole p4-page-type-communique-de-presse\">\n            \n<div class=\"wp-block-columns is-layout-flex wp-container-core-columns-is-layout-9d6595d7 wp-block-columns-is-layout-flex\"><figure class=\"wp-block-post-featured-image\"><a href=\"https:\/\/www.greenpeace.org\/mena\/fr\/apma\/\" target=\"_self\"  ><img loading=\"lazy\" decoding=\"async\" width=\"800\" height=\"450\" src=\"https:\/\/www.greenpeace.org\/static\/planet4-mena-stateless\/2020\/06\/0f24814e-e-mail-shot-morocco.jpg\" class=\"attachment-post-thumbnail size-post-thumbnail wp-post-image wp-stateless-item\" alt=\"Greenpeace: la pollution atmosph\u00e9rique fait plus de 5000 morts au Maroc et co\u00fbte au pays 11 milliards de dirhams par an\" style=\"object-fit:cover;\" srcset=\"https:\/\/www.greenpeace.org\/static\/planet4-mena-stateless\/2020\/06\/0f24814e-e-mail-shot-morocco.jpg 800w, https:\/\/www.greenpeace.org\/static\/planet4-mena-stateless\/2020\/06\/0f24814e-e-mail-shot-morocco-300x169.jpg 300w, https:\/\/www.greenpeace.org\/static\/planet4-mena-stateless\/2020\/06\/0f24814e-e-mail-shot-morocco-768x432.jpg 768w, https:\/\/www.greenpeace.org\/static\/planet4-mena-stateless\/2020\/06\/0f24814e-e-mail-shot-morocco-510x287.jpg 510w\" sizes=\"auto, (max-width: 800px) 100vw, 800px\" data-image-size=\"post-thumbnail\" data-stateless-media-bucket=\"planet4-mena-stateless\" data-stateless-media-name=\"2020\/06\/0f24814e-e-mail-shot-morocco.jpg\" \/><\/a><\/figure>\n\n        <div class=\"wp-block-group is-layout-flow wp-block-group-is-layout-flow\">\n                <div class=\"wp-block-group is-layout-flex wp-block-group-is-layout-flex\"><div class=\"wp-block-post-terms\"><a href=\"https:\/\/www.greenpeace.org\/mena\/fr\/communique-de-presse\/\">Communiqu\u00e9 De Presse<\/a><\/div>\n                <div class=\"taxonomy-post_tag wp-block-post-terms\"><a href=\"https:\/\/www.greenpeace.org\/mena\/fr\/tag\/renouvelables\/\" rel=\"tag\">Renouvelables<\/a><span class=\"wp-block-post-terms__separator\"> <\/span><a href=\"https:\/\/www.greenpeace.org\/mena\/fr\/tag\/petrole-fr\/\" rel=\"tag\">P\u00e9trole<\/a><span class=\"wp-block-post-terms__separator\"> <\/span><a href=\"https:\/\/www.greenpeace.org\/mena\/fr\/tag\/%d8%a7%d9%84%d8%b7%d8%a7%d9%82%d8%a9_%d8%a7%d9%84%d9%85%d8%aa%d8%ac%d8%af%d8%af%d8%a9-fr\/\" rel=\"tag\">Renouvelables<\/a><span class=\"wp-block-post-terms__separator\"> <\/span><a href=\"https:\/\/www.greenpeace.org\/mena\/fr\/tag\/petrole\/\" rel=\"tag\">P\u00e9trole<\/a><\/div>\n                \n                <\/div>\n                \n        <h3 class=\"wp-block-post-title\"><a href=\"https:\/\/www.greenpeace.org\/mena\/fr\/apma\/\" target=\"_self\" >Greenpeace: la pollution atmosph\u00e9rique fait plus de 5000 morts au Maroc et co\u00fbte au pays 11 milliards de dirhams par an<\/a><\/h3>\n        <div class=\"wp-block-post-excerpt\"><p class=\"wp-block-post-excerpt__excerpt\">L\u2019organisation Greenpeace MENA (Moyen-Orient et Afrique du Nord) a publi\u00e9 aujourd&#8217;hui un rapport mondial intitul\u00e9 \u00ab L\u2019air toxique: le co\u00fbt r\u00e9el des combustibles fossiles \u00bb <\/p><\/div>\n        \n        <div class=\"wp-block-group posts-list-meta is-layout-flow wp-block-group-is-layout-flow\"><span class='article-list-item-author'>Dania Cherry<\/span>\n        <div class=\"wp-block-post-date\"><time datetime=\"2020-06-24T06:00:00+03:00\">June 24, 2020<\/time><\/div>\n        \n        <\/div>\n        <\/div>\n        <\/div>\n\n            <\/li><li class=\"wp-block-post post-5059 post type-post status-publish format-standard has-post-thumbnail hentry category-greenpeace-moyen-orient-et-afrique-du-nord category-non-classifiee tag-renouvelables tag-charbon tag-petrole-fr tag-_-fr tag-petrole p4-page-type-communique-de-presse\">\n            \n<div class=\"wp-block-columns is-layout-flex wp-container-core-columns-is-layout-9d6595d7 wp-block-columns-is-layout-flex\"><figure class=\"wp-block-post-featured-image\"><a href=\"https:\/\/www.greenpeace.org\/mena\/fr\/so2\/\" target=\"_self\"  ><img loading=\"lazy\" decoding=\"async\" width=\"450\" height=\"340\" src=\"https:\/\/www.greenpeace.org\/static\/planet4-mena-stateless\/2019\/08\/c2e2a714-featured-image-450x340.png\" class=\"attachment-post-thumbnail size-post-thumbnail wp-post-image wp-stateless-item\" alt=\"La Mecque est class\u00e9e au 2\u00e8me rang parmi les provinces les plus pollu\u00e9es du monde\" style=\"object-fit:cover;\" srcset=\"https:\/\/www.greenpeace.org\/static\/planet4-mena-stateless\/2019\/08\/c2e2a714-featured-image-450x340.png 450w, https:\/\/www.greenpeace.org\/static\/planet4-mena-stateless\/2019\/08\/c2e2a714-featured-image-450x340-300x227.png 300w\" sizes=\"auto, (max-width: 450px) 100vw, 450px\" data-image-size=\"post-thumbnail\" data-stateless-media-bucket=\"planet4-mena-stateless\" data-stateless-media-name=\"2019\/08\/c2e2a714-featured-image-450x340.png\" \/><\/a><\/figure>\n\n        <div class=\"wp-block-group is-layout-flow wp-block-group-is-layout-flow\">\n                <div class=\"wp-block-group is-layout-flex wp-block-group-is-layout-flex\"><div class=\"wp-block-post-terms\"><a href=\"https:\/\/www.greenpeace.org\/mena\/fr\/communique-de-presse\/\">Communiqu\u00e9 De Presse<\/a><\/div>\n                <div class=\"taxonomy-post_tag wp-block-post-terms\"><a href=\"https:\/\/www.greenpeace.org\/mena\/fr\/tag\/renouvelables\/\" rel=\"tag\">Renouvelables<\/a><span class=\"wp-block-post-terms__separator\"> <\/span><a href=\"https:\/\/www.greenpeace.org\/mena\/fr\/tag\/charbon\/\" rel=\"tag\">Charbon<\/a><span class=\"wp-block-post-terms__separator\"> <\/span><a href=\"https:\/\/www.greenpeace.org\/mena\/fr\/tag\/petrole-fr\/\" rel=\"tag\">P\u00e9trole<\/a><span class=\"wp-block-post-terms__separator\"> <\/span><a href=\"https:\/\/www.greenpeace.org\/mena\/fr\/tag\/%d8%a7%d9%84%d8%b7%d8%a7%d9%82%d8%a9_%d8%a7%d9%84%d9%85%d8%aa%d8%ac%d8%af%d8%af%d8%a9-fr\/\" rel=\"tag\">Renouvelables<\/a><span class=\"wp-block-post-terms__separator\"> <\/span><a href=\"https:\/\/www.greenpeace.org\/mena\/fr\/tag\/petrole\/\" rel=\"tag\">P\u00e9trole<\/a><\/div>\n                \n                <\/div>\n                \n        <h3 class=\"wp-block-post-title\"><a href=\"https:\/\/www.greenpeace.org\/mena\/fr\/so2\/\" target=\"_self\" >La Mecque est class\u00e9e au 2\u00e8me rang parmi les provinces les plus pollu\u00e9es du monde<\/a><\/h3>\n        <div class=\"wp-block-post-excerpt\"><p class=\"wp-block-post-excerpt__excerpt\">Greenpeace a d\u00e9voil\u00e9 aujourd&#8217;hui les r\u00e9sultats d&#8217;une analyse mondiale, utilisant les donn\u00e9es satellitaires collect\u00e9es par la NASA, identifiant les pires sources de pollution de dioxyde de soufre (SO2), un gaz irritant r\u00e9put\u00e9 pour ses effets sur la sant\u00e9&#8230; <\/p><\/div>\n        \n        <div class=\"wp-block-group posts-list-meta is-layout-flow wp-block-group-is-layout-flow\"><span class='article-list-item-author'>Julien Jreissati<\/span>\n        <div class=\"wp-block-post-date\"><time datetime=\"2019-08-21T12:47:45+03:00\">August 21, 2019<\/time><\/div>\n        \n        <\/div>\n        <\/div>\n        <\/div>\n\n            <\/li><\/ul>\n\n    \n<div class=\"wp-block-buttons carousel-controls is-horizontal is-content-justification-space-between is-nowrap is-layout-flex wp-container-core-buttons-is-layout-044bd602 wp-block-buttons-is-layout-flex\">\n            <div class=\"wp-block-button carousel-control-prev\"><button type=\"button\" class=\"wp-block-button__link wp-element-button\">Prev<\/button><\/div>\n        \n\n            <div class=\"wp-block-button carousel-control-next\"><button type=\"button\" class=\"wp-block-button__link wp-element-button\">Next<\/button><\/div>\n        <\/div>\n\n\n    <li class=\" wp-block-navigation-item see-all-link wp-block-navigation-link\"><a class=\"wp-block-navigation-item__content\"  href=\"http:\/\/www.greenpeace.org\/mena\/ar\/%d8%ac%d9%85%d9%8a%d8%b9-%d8%a7%d9%84%d9%85%d9%82%d8%a7%d9%84%d8%a7%d8%aa-%d8%a7%d9%84%d8%ad%d8%af%d9%8a%d8%ab%d8%a9\/?tag=&#038;post-type=%d8%ae%d8%a8%d8%b1-%d8%b5%d8%ad%d9%81%d9%89\"><span class=\"wp-block-navigation-item__label\">See all stories<\/span><\/a><\/li><\/div>\n    ","protected":false},"excerpt":{"rendered":"<p>Cette section est consacr\u00e9e aux journalistes et professionnels des m\u00e9dias. Vous trouverez ici nos communiqu\u00e9s de presse les plus r\u00e9cents que nous distribuons aux m\u00e9dias. Pour les requ\u00eates de m\u00e9dia y compris les interviews, les diffusions de vid\u00e9os ainsi que les photo en haute r\u00e9solution, pri\u00e8re de contacter notre \u00e9quipe de presse.<\/p>\n","protected":false},"author":8,"featured_media":0,"parent":0,"menu_order":3,"comment_status":"closed","ping_status":"closed","template":"page-templates\/evergreen.php","meta":{"_planet4_optimize_post_is_variant":false,"_planet4_optimize_experiment_name":"","_planet4_optimize_variant_name":"","ep_exclude_from_search":false,"p4_hide_page_title_checkbox":"","p4_title":"","p4_subtitle":"","p4_description":"","background_image_id":"","background_image":"","p4_button_title":"","p4_button_link":"","p4_button_link_checkbox":"","p4_og_title":"","p4_og_description":"","p4_og_image":"","p4_og_image_id":"","p4_seo_canonical_url":"","p4_campaign_name":"not set","p4_local_project":"","p4_basket_name":"not set","p4_department":"","footnotes":""},"categories":[],"tags":[173,169],"class_list":["post-4342","page","type-page","status-publish","hentry","tag-greenpeace-fr","tag-aboutus-fr"],"yoast_head":"<!-- This site is optimized with the Yoast SEO Premium plugin v27.4 (Yoast SEO v27.4) - https:\/\/yoast.com\/product\/yoast-seo-premium-wordpress\/ -->\n<title>Centre de Presse - Greenpeace Moyen Orient et Afrique du Nord<\/title>\n<meta name=\"robots\" content=\"index, follow, max-snippet:-1, max-image-preview:large, max-video-preview:-1\" \/>\n<link rel=\"canonical\" href=\"http:\/\/www.greenpeace.org\/mena\/ar\/\u0627\u0644\u0645\u0631\u0643\u0632-\u0627\u0644\u0625\u0639\u0644\u0627\u0645\u064a\/\" \/>\n<meta property=\"og:locale\" content=\"fr_FR\" \/>\n<meta property=\"og:type\" content=\"article\" \/>\n<meta property=\"og:title\" content=\"Centre de Presse\" \/>\n<meta property=\"og:description\" content=\"Cette section est consacr\u00e9e aux journalistes et professionnels des m\u00e9dias. Vous trouverez ici nos communiqu\u00e9s de presse les plus r\u00e9cents que nous distribuons aux m\u00e9dias. Pour les requ\u00eates de m\u00e9dia y compris les interviews, les diffusions de vid\u00e9os ainsi que les photo en haute r\u00e9solution, pri\u00e8re de contacter notre \u00e9quipe de presse.\" \/>\n<meta property=\"og:url\" content=\"http:\/\/www.greenpeace.org\/mena\/ar\/\u0627\u0644\u0645\u0631\u0643\u0632-\u0627\u0644\u0625\u0639\u0644\u0627\u0645\u064a\/\" \/>\n<meta property=\"og:site_name\" content=\"Greenpeace Moyen Orient et Afrique du Nord\" \/>\n<meta property=\"article:publisher\" content=\"https:\/\/www.facebook.com\/GreenpeaceAR\" \/>\n<meta property=\"article:modified_time\" content=\"2025-09-23T10:02:39+00:00\" \/>\n<meta property=\"og:image\" content=\"https:\/\/www.greenpeace.org\/static\/planet4-mena-stateless\/2019\/01\/668e417a-gp0strj4j_web_size.jpg\" \/>\n\t<meta property=\"og:image:width\" content=\"800\" \/>\n\t<meta property=\"og:image:height\" content=\"533\" \/>\n\t<meta property=\"og:image:type\" content=\"image\/jpeg\" \/>\n<meta name=\"twitter:card\" content=\"summary_large_image\" \/>\n<meta name=\"twitter:site\" content=\"@GreenpeaceAR\" \/>\n<script type=\"application\/ld+json\" class=\"yoast-schema-graph\">{\"@context\":\"https:\\\/\\\/schema.org\",\"@graph\":[{\"@type\":\"WebPage\",\"@id\":\"http:\\\/\\\/www.greenpeace.org\\\/mena\\\/ar\\\/%d8%a7%d9%84%d9%85%d8%b1%d9%83%d8%b2-%d8%a7%d9%84%d8%a5%d8%b9%d9%84%d8%a7%d9%85%d9%8a\\\/\",\"url\":\"http:\\\/\\\/www.greenpeace.org\\\/mena\\\/ar\\\/%d8%a7%d9%84%d9%85%d8%b1%d9%83%d8%b2-%d8%a7%d9%84%d8%a5%d8%b9%d9%84%d8%a7%d9%85%d9%8a\\\/\",\"name\":\"Centre de Presse - Greenpeace Moyen Orient et Afrique du Nord\",\"isPartOf\":{\"@id\":\"https:\\\/\\\/www.greenpeace.org\\\/mena\\\/ar\\\/#website\"},\"datePublished\":\"2018-11-26T11:45:09+00:00\",\"dateModified\":\"2025-09-23T10:02:39+00:00\",\"breadcrumb\":{\"@id\":\"http:\\\/\\\/www.greenpeace.org\\\/mena\\\/ar\\\/%d8%a7%d9%84%d9%85%d8%b1%d9%83%d8%b2-%d8%a7%d9%84%d8%a5%d8%b9%d9%84%d8%a7%d9%85%d9%8a\\\/#breadcrumb\"},\"inLanguage\":\"fr\",\"potentialAction\":[{\"@type\":\"ReadAction\",\"target\":[\"http:\\\/\\\/www.greenpeace.org\\\/mena\\\/ar\\\/%d8%a7%d9%84%d9%85%d8%b1%d9%83%d8%b2-%d8%a7%d9%84%d8%a5%d8%b9%d9%84%d8%a7%d9%85%d9%8a\\\/\"]}]},{\"@type\":\"BreadcrumbList\",\"@id\":\"http:\\\/\\\/www.greenpeace.org\\\/mena\\\/ar\\\/%d8%a7%d9%84%d9%85%d8%b1%d9%83%d8%b2-%d8%a7%d9%84%d8%a5%d8%b9%d9%84%d8%a7%d9%85%d9%8a\\\/#breadcrumb\",\"itemListElement\":[{\"@type\":\"ListItem\",\"position\":1,\"name\":\"Home\",\"item\":\"https:\\\/\\\/www.greenpeace.org\\\/mena\\\/fr\\\/\"},{\"@type\":\"ListItem\",\"position\":2,\"name\":\"Centre de Presse\"}]},{\"@type\":\"WebSite\",\"@id\":\"https:\\\/\\\/www.greenpeace.org\\\/mena\\\/ar\\\/#website\",\"url\":\"https:\\\/\\\/www.greenpeace.org\\\/mena\\\/ar\\\/\",\"name\":\"\u063a\u0631\u064a\u0646\u0628\u064a\u0633 \u0627\u0644\u0634\u0631\u0642 \u0627\u0644\u0623\u0648\u0633\u0637 \u0648\u0634\u0645\u0627\u0644 \u0623\u0641\u0631\u064a\u0642\u064a\u0627\",\"description\":\"Greenpeace MENA fait partie du r\u00e9seau Greenpeace, qui regroupe 28 organisations nationales\\\/r\u00e9gionales ind\u00e9pendantes r\u00e9parties dans plus de 56 pays d\u2019Europe, d\u2019Am\u00e9rique, d\u2019Afrique, d\u2019Asie et du Pacifique, ainsi qu\u2019un organisme de coordination, Greenpeace International.\",\"potentialAction\":[{\"@type\":\"SearchAction\",\"target\":{\"@type\":\"EntryPoint\",\"urlTemplate\":\"https:\\\/\\\/www.greenpeace.org\\\/mena\\\/ar\\\/?s={search_term_string}\"},\"query-input\":{\"@type\":\"PropertyValueSpecification\",\"valueRequired\":true,\"valueName\":\"search_term_string\"}}],\"inLanguage\":\"fr\"}]}<\/script>\n<!-- \/ Yoast SEO Premium plugin. -->","yoast_head_json":{"title":"Centre de Presse - Greenpeace Moyen Orient et Afrique du Nord","robots":{"index":"index","follow":"follow","max-snippet":"max-snippet:-1","max-image-preview":"max-image-preview:large","max-video-preview":"max-video-preview:-1"},"canonical":"http:\/\/www.greenpeace.org\/mena\/ar\/\u0627\u0644\u0645\u0631\u0643\u0632-\u0627\u0644\u0625\u0639\u0644\u0627\u0645\u064a\/","og_locale":"fr_FR","og_type":"article","og_title":"Centre de Presse","og_description":"Cette section est consacr\u00e9e aux journalistes et professionnels des m\u00e9dias. Vous trouverez ici nos communiqu\u00e9s de presse les plus r\u00e9cents que nous distribuons aux m\u00e9dias. Pour les requ\u00eates de m\u00e9dia y compris les interviews, les diffusions de vid\u00e9os ainsi que les photo en haute r\u00e9solution, pri\u00e8re de contacter notre \u00e9quipe de presse.","og_url":"http:\/\/www.greenpeace.org\/mena\/ar\/\u0627\u0644\u0645\u0631\u0643\u0632-\u0627\u0644\u0625\u0639\u0644\u0627\u0645\u064a\/","og_site_name":"Greenpeace Moyen Orient et Afrique du Nord","article_publisher":"https:\/\/www.facebook.com\/GreenpeaceAR","article_modified_time":"2025-09-23T10:02:39+00:00","og_image":[{"width":800,"height":533,"url":"https:\/\/www.greenpeace.org\/static\/planet4-mena-stateless\/2019\/01\/668e417a-gp0strj4j_web_size.jpg","type":"image\/jpeg"}],"twitter_card":"summary_large_image","twitter_site":"@GreenpeaceAR","schema":{"@context":"https:\/\/schema.org","@graph":[{"@type":"WebPage","@id":"http:\/\/www.greenpeace.org\/mena\/ar\/%d8%a7%d9%84%d9%85%d8%b1%d9%83%d8%b2-%d8%a7%d9%84%d8%a5%d8%b9%d9%84%d8%a7%d9%85%d9%8a\/","url":"http:\/\/www.greenpeace.org\/mena\/ar\/%d8%a7%d9%84%d9%85%d8%b1%d9%83%d8%b2-%d8%a7%d9%84%d8%a5%d8%b9%d9%84%d8%a7%d9%85%d9%8a\/","name":"Centre de Presse - Greenpeace Moyen Orient et Afrique du Nord","isPartOf":{"@id":"https:\/\/www.greenpeace.org\/mena\/ar\/#website"},"datePublished":"2018-11-26T11:45:09+00:00","dateModified":"2025-09-23T10:02:39+00:00","breadcrumb":{"@id":"http:\/\/www.greenpeace.org\/mena\/ar\/%d8%a7%d9%84%d9%85%d8%b1%d9%83%d8%b2-%d8%a7%d9%84%d8%a5%d8%b9%d9%84%d8%a7%d9%85%d9%8a\/#breadcrumb"},"inLanguage":"fr","potentialAction":[{"@type":"ReadAction","target":["http:\/\/www.greenpeace.org\/mena\/ar\/%d8%a7%d9%84%d9%85%d8%b1%d9%83%d8%b2-%d8%a7%d9%84%d8%a5%d8%b9%d9%84%d8%a7%d9%85%d9%8a\/"]}]},{"@type":"BreadcrumbList","@id":"http:\/\/www.greenpeace.org\/mena\/ar\/%d8%a7%d9%84%d9%85%d8%b1%d9%83%d8%b2-%d8%a7%d9%84%d8%a5%d8%b9%d9%84%d8%a7%d9%85%d9%8a\/#breadcrumb","itemListElement":[{"@type":"ListItem","position":1,"name":"Home","item":"https:\/\/www.greenpeace.org\/mena\/fr\/"},{"@type":"ListItem","position":2,"name":"Centre de Presse"}]},{"@type":"WebSite","@id":"https:\/\/www.greenpeace.org\/mena\/ar\/#website","url":"https:\/\/www.greenpeace.org\/mena\/ar\/","name":"\u063a\u0631\u064a\u0646\u0628\u064a\u0633 \u0627\u0644\u0634\u0631\u0642 \u0627\u0644\u0623\u0648\u0633\u0637 \u0648\u0634\u0645\u0627\u0644 \u0623\u0641\u0631\u064a\u0642\u064a\u0627","description":"Greenpeace MENA fait partie du r\u00e9seau Greenpeace, qui regroupe 28 organisations nationales\/r\u00e9gionales ind\u00e9pendantes r\u00e9parties dans plus de 56 pays d\u2019Europe, d\u2019Am\u00e9rique, d\u2019Afrique, d\u2019Asie et du Pacifique, ainsi qu\u2019un organisme de coordination, Greenpeace International.","potentialAction":[{"@type":"SearchAction","target":{"@type":"EntryPoint","urlTemplate":"https:\/\/www.greenpeace.org\/mena\/ar\/?s={search_term_string}"},"query-input":{"@type":"PropertyValueSpecification","valueRequired":true,"valueName":"search_term_string"}}],"inLanguage":"fr"}]}},"_links":{"self":[{"href":"https:\/\/www.greenpeace.org\/mena\/fr\/wp-json\/wp\/v2\/pages\/4342","targetHints":{"allow":["GET"]}}],"collection":[{"href":"https:\/\/www.greenpeace.org\/mena\/fr\/wp-json\/wp\/v2\/pages"}],"about":[{"href":"https:\/\/www.greenpeace.org\/mena\/fr\/wp-json\/wp\/v2\/types\/page"}],"author":[{"embeddable":true,"href":"https:\/\/www.greenpeace.org\/mena\/fr\/wp-json\/wp\/v2\/users\/8"}],"replies":[{"embeddable":true,"href":"https:\/\/www.greenpeace.org\/mena\/fr\/wp-json\/wp\/v2\/comments?post=4342"}],"version-history":[{"count":13,"href":"https:\/\/www.greenpeace.org\/mena\/fr\/wp-json\/wp\/v2\/pages\/4342\/revisions"}],"predecessor-version":[{"id":18699,"href":"https:\/\/www.greenpeace.org\/mena\/fr\/wp-json\/wp\/v2\/pages\/4342\/revisions\/18699"}],"wp:attachment":[{"href":"https:\/\/www.greenpeace.org\/mena\/fr\/wp-json\/wp\/v2\/media?parent=4342"}],"wp:term":[{"taxonomy":"category","embeddable":true,"href":"https:\/\/www.greenpeace.org\/mena\/fr\/wp-json\/wp\/v2\/categories?post=4342"},{"taxonomy":"post_tag","embeddable":true,"href":"https:\/\/www.greenpeace.org\/mena\/fr\/wp-json\/wp\/v2\/tags?post=4342"}],"curies":[{"name":"wp","href":"https:\/\/api.w.org\/{rel}","templated":true}]}}