{"id":4350,"date":"2018-06-11T00:00:07","date_gmt":"2018-06-11T00:00:07","guid":{"rendered":"https:\/\/www.greenpeace.org\/mena\/who-we-are\/"},"modified":"2025-08-07T11:54:49","modified_gmt":"2025-08-07T08:54:49","slug":"qui-sommes-nous","status":"publish","type":"page","link":"https:\/\/www.greenpeace.org\/mena\/fr\/qui-sommes-nous\/","title":{"rendered":"Qui sommes nous"},"content":{"rendered":"\n\n<div class=\"wp-block-group alignfull is-layout-flow wp-block-group-is-layout-flow\">\n<div style=\"height:100px\" aria-hidden=\"true\" class=\"wp-block-spacer\"><\/div>\n<\/div>\n\n\n<div class=\"wp-block-columns is-layout-flex wp-container-core-columns-is-layout-9d6595d7 wp-block-columns-is-layout-flex\">\n<div class=\"wp-block-column is-layout-flow wp-block-column-is-layout-flow\" style=\"flex-basis:200px\"><\/div>\n\n\n\n<div class=\"wp-block-column is-layout-flow wp-block-column-is-layout-flow\">\n<h2 class=\"wp-block-heading has-text-align-center\">\ud83d\udea7<\/h2>\n\n\n\n<h3 class=\"wp-block-heading has-text-align-center\"><br>Nous sommes actuellement en train d\u2019ajuster l\u2019exp\u00e9rience sur ce page afin de vous offrir un contenu plus fluide, complet et engageant.<br><br>Certaines sections, dont celle-ci, sont encore en cours de finalisation.<br><br>Merci pour votre patience et votre compr\u00e9hension.<\/h3>\n\n\n\n<div class=\"wp-block-buttons is-content-justification-center is-layout-flex wp-container-core-buttons-is-layout-16018d1d wp-block-buttons-is-layout-flex\">\n<div class=\"wp-block-button is-style-cta\"><a class=\"wp-block-button__link has-text-align-center wp-element-button\" href=\"https:\/\/www.greenpeace.org\/mena\/fr\/\">Revenir \u00e0 la page d&#8217;accueil<\/a><\/div>\n<\/div>\n<\/div>\n\n\n\n<div class=\"wp-block-column is-layout-flow wp-block-column-is-layout-flow\" style=\"flex-basis:200px\"><\/div>\n<\/div>\n\n<div style=\"height:65px\" aria-hidden=\"true\" class=\"wp-block-spacer\"><\/div>\n\n<p><\/p>\n","protected":false},"excerpt":{"rendered":"<p>Certaines personnes regardent une for\u00eat, et ne voient que du bois. Mais des millions d\u2019autres y trouvent un habitat, un h\u00e9ritage, un futur.<\/p>\n","protected":false},"author":8,"featured_media":4354,"parent":0,"menu_order":1,"comment_status":"closed","ping_status":"closed","template":"page-templates\/evergreen.php","meta":{"_planet4_optimize_post_is_variant":false,"_planet4_optimize_experiment_name":"","_planet4_optimize_variant_name":"","ep_exclude_from_search":true,"p4_hide_page_title_checkbox":"on","p4_title":"","p4_subtitle":"","p4_description":"","background_image_id":"","background_image":"","p4_button_title":"","p4_button_link":"","p4_button_link_checkbox":"","p4_og_title":"","p4_og_description":"","p4_og_image":"","p4_og_image_id":"","p4_seo_canonical_url":"","p4_campaign_name":"not set","p4_local_project":"","p4_basket_name":"not set","p4_department":"","footnotes":""},"categories":[],"tags":[],"class_list":["post-4350","page","type-page","status-publish","has-post-thumbnail","hentry"],"yoast_head":"<!-- This site is optimized with the Yoast SEO Premium plugin v27.4 (Yoast SEO v27.4) - https:\/\/yoast.com\/product\/yoast-seo-premium-wordpress\/ -->\n<title>Qui sommes nous - Greenpeace Moyen Orient et Afrique du Nord<\/title>\n<meta name=\"robots\" content=\"index, follow, max-snippet:-1, max-image-preview:large, max-video-preview:-1\" \/>\n<link rel=\"canonical\" href=\"https:\/\/www.greenpeace.org\/mena\/fr\/qui-sommes-nous\/\" \/>\n<meta property=\"og:locale\" content=\"fr_FR\" \/>\n<meta property=\"og:type\" content=\"article\" \/>\n<meta property=\"og:title\" content=\"Qui sommes nous\" \/>\n<meta property=\"og:description\" content=\"Certaines personnes regardent une for\u00eat, et ne voient que du bois. Mais des millions d\u2019autres y trouvent un habitat, un h\u00e9ritage, un futur.\" \/>\n<meta property=\"og:url\" content=\"https:\/\/www.greenpeace.org\/mena\/fr\/qui-sommes-nous\/\" \/>\n<meta property=\"og:site_name\" content=\"Greenpeace Moyen Orient et Afrique du Nord\" \/>\n<meta property=\"article:publisher\" content=\"https:\/\/www.facebook.com\/GreenpeaceAR\" \/>\n<meta property=\"article:modified_time\" content=\"2025-08-07T08:54:49+00:00\" \/>\n<meta property=\"og:image\" content=\"https:\/\/www.greenpeace.org\/static\/planet4-mena-stateless\/2019\/06\/12edef9e-aa49ade7-gp0stqwmj_pressmedia-communit-policy.jpg\" \/>\n\t<meta property=\"og:image:width\" content=\"2500\" \/>\n\t<meta property=\"og:image:height\" content=\"1669\" \/>\n\t<meta property=\"og:image:type\" content=\"image\/jpeg\" \/>\n<meta name=\"twitter:card\" content=\"summary_large_image\" \/>\n<meta name=\"twitter:site\" content=\"@GreenpeaceAR\" \/>\n<meta name=\"twitter:label1\" content=\"Est. reading time\" \/>\n\t<meta name=\"twitter:data1\" content=\"1 minute\" \/>\n<script type=\"application\/ld+json\" class=\"yoast-schema-graph\">{\"@context\":\"https:\\\/\\\/schema.org\",\"@graph\":[{\"@type\":\"WebPage\",\"@id\":\"https:\\\/\\\/www.greenpeace.org\\\/mena\\\/fr\\\/qui-sommes-nous\\\/\",\"url\":\"https:\\\/\\\/www.greenpeace.org\\\/mena\\\/fr\\\/qui-sommes-nous\\\/\",\"name\":\"Qui sommes nous - Greenpeace Moyen Orient et Afrique du Nord\",\"isPartOf\":{\"@id\":\"https:\\\/\\\/www.greenpeace.org\\\/mena\\\/ar\\\/#website\"},\"primaryImageOfPage\":{\"@id\":\"https:\\\/\\\/www.greenpeace.org\\\/mena\\\/fr\\\/qui-sommes-nous\\\/#primaryimage\"},\"image\":{\"@id\":\"https:\\\/\\\/www.greenpeace.org\\\/mena\\\/fr\\\/qui-sommes-nous\\\/#primaryimage\"},\"thumbnailUrl\":\"https:\\\/\\\/www.greenpeace.org\\\/static\\\/planet4-mena-stateless\\\/2019\\\/06\\\/12edef9e-aa49ade7-gp0stqwmj_pressmedia-communit-policy.jpg\",\"datePublished\":\"2018-06-11T00:00:07+00:00\",\"dateModified\":\"2025-08-07T08:54:49+00:00\",\"breadcrumb\":{\"@id\":\"https:\\\/\\\/www.greenpeace.org\\\/mena\\\/fr\\\/qui-sommes-nous\\\/#breadcrumb\"},\"inLanguage\":\"fr\",\"potentialAction\":[{\"@type\":\"ReadAction\",\"target\":[\"https:\\\/\\\/www.greenpeace.org\\\/mena\\\/fr\\\/qui-sommes-nous\\\/\"]}]},{\"@type\":\"ImageObject\",\"inLanguage\":\"fr\",\"@id\":\"https:\\\/\\\/www.greenpeace.org\\\/mena\\\/fr\\\/qui-sommes-nous\\\/#primaryimage\",\"url\":\"https:\\\/\\\/www.greenpeace.org\\\/static\\\/planet4-mena-stateless\\\/2019\\\/06\\\/12edef9e-aa49ade7-gp0stqwmj_pressmedia-communit-policy.jpg\",\"contentUrl\":\"https:\\\/\\\/www.greenpeace.org\\\/static\\\/planet4-mena-stateless\\\/2019\\\/06\\\/12edef9e-aa49ade7-gp0stqwmj_pressmedia-communit-policy.jpg\",\"width\":2500,\"height\":1669,\"caption\":\"Supporters of the Protestwelle (Protest Wave) demonstrate in Hamburg to raise awareness on climate and energy as well as social inequality and democracy issues. The rally starts at a the City Square, moving around the city center. The G20 Protestwelle is an alliance between civil society organizations including Greenpeace, Campact, BUND, DGB Nord and Mehr Demokratie Hamburg. Hamburg will host the 2017 G20 Summit on July 7th and 8th. Greenpeace Germany's Executive Director Sweelin Heuss during the rally with the \\\"Planet Earth First\\\" balloon in the background. Mitglieder und Unterstuetzer der Protestwelle-Buendnisses halten demonstrieren im Vorfeld des G20-Gipfels in Hamburg. Vertreter von Greenpeace, Campact, BUND, DGB Nord und Mehr Demokratie Hamburg fordern eine bessere Klima und Energie Politik und soziale Gerechtigkeit. Die Umweltaktivisten demonstrieren im Starzentrum, dann zieht der Umzug durch die Hamburger Innenstadt. Der 2017 G20 Gipfel findet am 7. und 8. Juli in Hamburg statt. Greenpeace Deutschlands Gesch\u00e4ftsf\u00fchrerin Sweelin Heuss bei dem Umzug. Der \\\"Planet Earth First\\\" Ballon schwebt im Hintergrund.\"},{\"@type\":\"BreadcrumbList\",\"@id\":\"https:\\\/\\\/www.greenpeace.org\\\/mena\\\/fr\\\/qui-sommes-nous\\\/#breadcrumb\",\"itemListElement\":[{\"@type\":\"ListItem\",\"position\":1,\"name\":\"Home\",\"item\":\"https:\\\/\\\/www.greenpeace.org\\\/mena\\\/fr\\\/\"},{\"@type\":\"ListItem\",\"position\":2,\"name\":\"Qui sommes nous\"}]},{\"@type\":\"WebSite\",\"@id\":\"https:\\\/\\\/www.greenpeace.org\\\/mena\\\/ar\\\/#website\",\"url\":\"https:\\\/\\\/www.greenpeace.org\\\/mena\\\/ar\\\/\",\"name\":\"\u063a\u0631\u064a\u0646\u0628\u064a\u0633 \u0627\u0644\u0634\u0631\u0642 \u0627\u0644\u0623\u0648\u0633\u0637 \u0648\u0634\u0645\u0627\u0644 \u0623\u0641\u0631\u064a\u0642\u064a\u0627\",\"description\":\"Greenpeace MENA fait partie du r\u00e9seau Greenpeace, qui regroupe 28 organisations nationales\\\/r\u00e9gionales ind\u00e9pendantes r\u00e9parties dans plus de 56 pays d\u2019Europe, d\u2019Am\u00e9rique, d\u2019Afrique, d\u2019Asie et du Pacifique, ainsi qu\u2019un organisme de coordination, Greenpeace International.\",\"potentialAction\":[{\"@type\":\"SearchAction\",\"target\":{\"@type\":\"EntryPoint\",\"urlTemplate\":\"https:\\\/\\\/www.greenpeace.org\\\/mena\\\/ar\\\/?s={search_term_string}\"},\"query-input\":{\"@type\":\"PropertyValueSpecification\",\"valueRequired\":true,\"valueName\":\"search_term_string\"}}],\"inLanguage\":\"fr\"}]}<\/script>\n<!-- \/ Yoast SEO Premium plugin. -->","yoast_head_json":{"title":"Qui sommes nous - Greenpeace Moyen Orient et Afrique du Nord","robots":{"index":"index","follow":"follow","max-snippet":"max-snippet:-1","max-image-preview":"max-image-preview:large","max-video-preview":"max-video-preview:-1"},"canonical":"https:\/\/www.greenpeace.org\/mena\/fr\/qui-sommes-nous\/","og_locale":"fr_FR","og_type":"article","og_title":"Qui sommes nous","og_description":"Certaines personnes regardent une for\u00eat, et ne voient que du bois. Mais des millions d\u2019autres y trouvent un habitat, un h\u00e9ritage, un futur.","og_url":"https:\/\/www.greenpeace.org\/mena\/fr\/qui-sommes-nous\/","og_site_name":"Greenpeace Moyen Orient et Afrique du Nord","article_publisher":"https:\/\/www.facebook.com\/GreenpeaceAR","article_modified_time":"2025-08-07T08:54:49+00:00","og_image":[{"width":2500,"height":1669,"url":"https:\/\/www.greenpeace.org\/static\/planet4-mena-stateless\/2019\/06\/12edef9e-aa49ade7-gp0stqwmj_pressmedia-communit-policy.jpg","type":"image\/jpeg"}],"twitter_card":"summary_large_image","twitter_site":"@GreenpeaceAR","twitter_misc":{"Est. reading time":"1 minute"},"schema":{"@context":"https:\/\/schema.org","@graph":[{"@type":"WebPage","@id":"https:\/\/www.greenpeace.org\/mena\/fr\/qui-sommes-nous\/","url":"https:\/\/www.greenpeace.org\/mena\/fr\/qui-sommes-nous\/","name":"Qui sommes nous - Greenpeace Moyen Orient et Afrique du Nord","isPartOf":{"@id":"https:\/\/www.greenpeace.org\/mena\/ar\/#website"},"primaryImageOfPage":{"@id":"https:\/\/www.greenpeace.org\/mena\/fr\/qui-sommes-nous\/#primaryimage"},"image":{"@id":"https:\/\/www.greenpeace.org\/mena\/fr\/qui-sommes-nous\/#primaryimage"},"thumbnailUrl":"https:\/\/www.greenpeace.org\/static\/planet4-mena-stateless\/2019\/06\/12edef9e-aa49ade7-gp0stqwmj_pressmedia-communit-policy.jpg","datePublished":"2018-06-11T00:00:07+00:00","dateModified":"2025-08-07T08:54:49+00:00","breadcrumb":{"@id":"https:\/\/www.greenpeace.org\/mena\/fr\/qui-sommes-nous\/#breadcrumb"},"inLanguage":"fr","potentialAction":[{"@type":"ReadAction","target":["https:\/\/www.greenpeace.org\/mena\/fr\/qui-sommes-nous\/"]}]},{"@type":"ImageObject","inLanguage":"fr","@id":"https:\/\/www.greenpeace.org\/mena\/fr\/qui-sommes-nous\/#primaryimage","url":"https:\/\/www.greenpeace.org\/static\/planet4-mena-stateless\/2019\/06\/12edef9e-aa49ade7-gp0stqwmj_pressmedia-communit-policy.jpg","contentUrl":"https:\/\/www.greenpeace.org\/static\/planet4-mena-stateless\/2019\/06\/12edef9e-aa49ade7-gp0stqwmj_pressmedia-communit-policy.jpg","width":2500,"height":1669,"caption":"Supporters of the Protestwelle (Protest Wave) demonstrate in Hamburg to raise awareness on climate and energy as well as social inequality and democracy issues. The rally starts at a the City Square, moving around the city center. The G20 Protestwelle is an alliance between civil society organizations including Greenpeace, Campact, BUND, DGB Nord and Mehr Demokratie Hamburg. Hamburg will host the 2017 G20 Summit on July 7th and 8th. Greenpeace Germany's Executive Director Sweelin Heuss during the rally with the \"Planet Earth First\" balloon in the background. Mitglieder und Unterstuetzer der Protestwelle-Buendnisses halten demonstrieren im Vorfeld des G20-Gipfels in Hamburg. Vertreter von Greenpeace, Campact, BUND, DGB Nord und Mehr Demokratie Hamburg fordern eine bessere Klima und Energie Politik und soziale Gerechtigkeit. Die Umweltaktivisten demonstrieren im Starzentrum, dann zieht der Umzug durch die Hamburger Innenstadt. Der 2017 G20 Gipfel findet am 7. und 8. Juli in Hamburg statt. Greenpeace Deutschlands Gesch\u00e4ftsf\u00fchrerin Sweelin Heuss bei dem Umzug. Der \"Planet Earth First\" Ballon schwebt im Hintergrund."},{"@type":"BreadcrumbList","@id":"https:\/\/www.greenpeace.org\/mena\/fr\/qui-sommes-nous\/#breadcrumb","itemListElement":[{"@type":"ListItem","position":1,"name":"Home","item":"https:\/\/www.greenpeace.org\/mena\/fr\/"},{"@type":"ListItem","position":2,"name":"Qui sommes nous"}]},{"@type":"WebSite","@id":"https:\/\/www.greenpeace.org\/mena\/ar\/#website","url":"https:\/\/www.greenpeace.org\/mena\/ar\/","name":"\u063a\u0631\u064a\u0646\u0628\u064a\u0633 \u0627\u0644\u0634\u0631\u0642 \u0627\u0644\u0623\u0648\u0633\u0637 \u0648\u0634\u0645\u0627\u0644 \u0623\u0641\u0631\u064a\u0642\u064a\u0627","description":"Greenpeace MENA fait partie du r\u00e9seau Greenpeace, qui regroupe 28 organisations nationales\/r\u00e9gionales ind\u00e9pendantes r\u00e9parties dans plus de 56 pays d\u2019Europe, d\u2019Am\u00e9rique, d\u2019Afrique, d\u2019Asie et du Pacifique, ainsi qu\u2019un organisme de coordination, Greenpeace International.","potentialAction":[{"@type":"SearchAction","target":{"@type":"EntryPoint","urlTemplate":"https:\/\/www.greenpeace.org\/mena\/ar\/?s={search_term_string}"},"query-input":{"@type":"PropertyValueSpecification","valueRequired":true,"valueName":"search_term_string"}}],"inLanguage":"fr"}]}},"_links":{"self":[{"href":"https:\/\/www.greenpeace.org\/mena\/fr\/wp-json\/wp\/v2\/pages\/4350","targetHints":{"allow":["GET"]}}],"collection":[{"href":"https:\/\/www.greenpeace.org\/mena\/fr\/wp-json\/wp\/v2\/pages"}],"about":[{"href":"https:\/\/www.greenpeace.org\/mena\/fr\/wp-json\/wp\/v2\/types\/page"}],"author":[{"embeddable":true,"href":"https:\/\/www.greenpeace.org\/mena\/fr\/wp-json\/wp\/v2\/users\/8"}],"replies":[{"embeddable":true,"href":"https:\/\/www.greenpeace.org\/mena\/fr\/wp-json\/wp\/v2\/comments?post=4350"}],"version-history":[{"count":19,"href":"https:\/\/www.greenpeace.org\/mena\/fr\/wp-json\/wp\/v2\/pages\/4350\/revisions"}],"predecessor-version":[{"id":18214,"href":"https:\/\/www.greenpeace.org\/mena\/fr\/wp-json\/wp\/v2\/pages\/4350\/revisions\/18214"}],"wp:featuredmedia":[{"embeddable":true,"href":"https:\/\/www.greenpeace.org\/mena\/fr\/wp-json\/wp\/v2\/media\/4354"}],"wp:attachment":[{"href":"https:\/\/www.greenpeace.org\/mena\/fr\/wp-json\/wp\/v2\/media?parent=4350"}],"wp:term":[{"taxonomy":"category","embeddable":true,"href":"https:\/\/www.greenpeace.org\/mena\/fr\/wp-json\/wp\/v2\/categories?post=4350"},{"taxonomy":"post_tag","embeddable":true,"href":"https:\/\/www.greenpeace.org\/mena\/fr\/wp-json\/wp\/v2\/tags?post=4350"}],"curies":[{"name":"wp","href":"https:\/\/api.w.org\/{rel}","templated":true}]}}