{"id":4457,"date":"2018-11-30T14:36:41","date_gmt":"2018-11-30T14:36:41","guid":{"rendered":"https:\/\/www.greenpeace.org\/mena\/our-vision\/"},"modified":"2025-08-07T11:54:45","modified_gmt":"2025-08-07T08:54:45","slug":"notre-vision-et-nos-valeurs","status":"publish","type":"page","link":"https:\/\/www.greenpeace.org\/mena\/fr\/notre-vision-et-nos-valeurs\/","title":{"rendered":"Notre vision et nos valeurs"},"content":{"rendered":"\n\n<div class=\"wp-block-group alignfull is-layout-flow wp-block-group-is-layout-flow\">\n<div style=\"height:100px\" aria-hidden=\"true\" class=\"wp-block-spacer\"><\/div>\n<\/div>\n\n\n<div class=\"wp-block-columns is-layout-flex wp-container-core-columns-is-layout-9d6595d7 wp-block-columns-is-layout-flex\">\n<div class=\"wp-block-column is-layout-flow wp-block-column-is-layout-flow\" style=\"flex-basis:200px\"><\/div>\n\n\n\n<div class=\"wp-block-column is-layout-flow wp-block-column-is-layout-flow\">\n<h2 class=\"wp-block-heading has-text-align-center\">\ud83d\udea7<\/h2>\n\n\n\n<h3 class=\"wp-block-heading has-text-align-center\"><br>Nous sommes actuellement en train d\u2019ajuster l\u2019exp\u00e9rience sur ce page afin de vous offrir un contenu plus fluide, complet et engageant.<br><br>Certaines sections, dont celle-ci, sont encore en cours de finalisation.<br><br>Merci pour votre patience et votre compr\u00e9hension.<\/h3>\n\n\n\n<div class=\"wp-block-buttons is-content-justification-center is-layout-flex wp-container-core-buttons-is-layout-16018d1d wp-block-buttons-is-layout-flex\">\n<div class=\"wp-block-button is-style-cta\"><a class=\"wp-block-button__link has-text-align-center wp-element-button\" href=\"https:\/\/www.greenpeace.org\/mena\/fr\/\">Revenir \u00e0 la page d&#8217;accueil<\/a><\/div>\n<\/div>\n<\/div>\n\n\n\n<div class=\"wp-block-column is-layout-flow wp-block-column-is-layout-flow\" style=\"flex-basis:200px\"><\/div>\n<\/div>\n\n<div style=\"height:65px\" aria-hidden=\"true\" class=\"wp-block-spacer\"><\/div>\n\n<p><\/p>\n","protected":false},"excerpt":{"rendered":"<p>Nous croyons que l\u2019espoir est une forme de courage. Nous croyons que des milliers d\u2019actes de courage peuvent illuminer le lendemain. Dans ce but, nous mod\u00e9lisons le courage, nous supportons le courage, et nous partageons les histoires des actes courageux gr\u00e2ce \u00e0 ceux qui nous supportent et \u00e0 nos alli\u00e9s.<br \/>\nNous invitons les gens \u00e0 sortir de leurs zones de confort pour entamer des actions courageuses avec nous, individuellement dans leur vie de tous les jours, et en communaut\u00e9 avec ceux qui partagent notre engagement vers un monde meilleur. Notre qu\u00eate est un futur vert et paisible. Nous tous sommes les h\u00e9ros de notre histoire, nous qui croyons fort que le monde meilleur n\u2019est non seulement \u00e0 port\u00e9e de main, mais se construit \u00e0 partir d\u2019aujourd\u2019hui. <\/p>\n","protected":false},"author":8,"featured_media":5109,"parent":0,"menu_order":0,"comment_status":"closed","ping_status":"closed","template":"page-templates\/evergreen.php","meta":{"_planet4_optimize_post_is_variant":false,"_planet4_optimize_experiment_name":"","_planet4_optimize_variant_name":"","ep_exclude_from_search":false,"p4_hide_page_title_checkbox":"on","p4_title":"","p4_subtitle":"","p4_description":"","background_image_id":"","background_image":"","p4_button_title":"","p4_button_link":"","p4_button_link_checkbox":"","p4_og_title":"","p4_og_description":"","p4_og_image":"","p4_og_image_id":"","p4_seo_canonical_url":"","p4_campaign_name":"not set","p4_local_project":"","p4_basket_name":"not set","p4_department":"","footnotes":""},"categories":[],"tags":[173,169,173],"class_list":["post-4457","page","type-page","status-publish","has-post-thumbnail","hentry","tag-greenpeace-fr","tag-aboutus-fr"],"yoast_head":"<!-- This site is optimized with the Yoast SEO Premium plugin v27.4 (Yoast SEO v27.4) - https:\/\/yoast.com\/product\/yoast-seo-premium-wordpress\/ -->\n<title>Notre vision et nos valeurs - Greenpeace Moyen Orient et Afrique du Nord<\/title>\n<meta name=\"robots\" content=\"index, follow, max-snippet:-1, max-image-preview:large, max-video-preview:-1\" \/>\n<link rel=\"canonical\" href=\"https:\/\/www.greenpeace.org\/mena\/fr\/notre-vision-et-nos-valeurs\/\" \/>\n<meta property=\"og:locale\" content=\"fr_FR\" \/>\n<meta property=\"og:type\" content=\"article\" \/>\n<meta property=\"og:title\" content=\"Notre vision et nos valeurs\" \/>\n<meta property=\"og:description\" content=\"Nous croyons que l\u2019espoir est une forme de courage. Nous croyons que des milliers d\u2019actes de courage peuvent illuminer le lendemain. Dans ce but, nous mod\u00e9lisons le courage, nous supportons le courage, et nous partageons les histoires des actes courageux gr\u00e2ce \u00e0 ceux qui nous supportent et \u00e0 nos alli\u00e9s.  Nous invitons les gens \u00e0 sortir de leurs zones de confort pour entamer des actions courageuses avec nous, individuellement dans leur vie de tous les jours, et en communaut\u00e9 avec ceux qui partagent notre engagement vers un monde meilleur. Notre qu\u00eate est un futur vert et paisible. Nous tous sommes les h\u00e9ros de notre histoire, nous qui croyons fort que le monde meilleur n\u2019est non seulement \u00e0 port\u00e9e de main, mais se construit \u00e0 partir d\u2019aujourd\u2019hui.\" \/>\n<meta property=\"og:url\" content=\"https:\/\/www.greenpeace.org\/mena\/fr\/notre-vision-et-nos-valeurs\/\" \/>\n<meta property=\"og:site_name\" content=\"Greenpeace Moyen Orient et Afrique du Nord\" \/>\n<meta property=\"article:publisher\" content=\"https:\/\/www.facebook.com\/GreenpeaceAR\" \/>\n<meta property=\"article:modified_time\" content=\"2025-08-07T08:54:45+00:00\" \/>\n<meta property=\"og:image\" content=\"https:\/\/www.greenpeace.org\/static\/planet4-mena-stateless\/2019\/08\/35df0e69-a1.jpg\" \/>\n\t<meta property=\"og:image:width\" content=\"800\" \/>\n\t<meta property=\"og:image:height\" content=\"533\" \/>\n\t<meta property=\"og:image:type\" content=\"image\/jpeg\" \/>\n<meta name=\"twitter:card\" content=\"summary_large_image\" \/>\n<meta name=\"twitter:site\" content=\"@GreenpeaceAR\" \/>\n<meta name=\"twitter:label1\" content=\"Est. reading time\" \/>\n\t<meta name=\"twitter:data1\" content=\"1 minute\" \/>\n<script type=\"application\/ld+json\" class=\"yoast-schema-graph\">{\"@context\":\"https:\\\/\\\/schema.org\",\"@graph\":[{\"@type\":\"WebPage\",\"@id\":\"https:\\\/\\\/www.greenpeace.org\\\/mena\\\/fr\\\/notre-vision-et-nos-valeurs\\\/\",\"url\":\"https:\\\/\\\/www.greenpeace.org\\\/mena\\\/fr\\\/notre-vision-et-nos-valeurs\\\/\",\"name\":\"Notre vision et nos valeurs - Greenpeace Moyen Orient et Afrique du Nord\",\"isPartOf\":{\"@id\":\"https:\\\/\\\/www.greenpeace.org\\\/mena\\\/ar\\\/#website\"},\"primaryImageOfPage\":{\"@id\":\"https:\\\/\\\/www.greenpeace.org\\\/mena\\\/fr\\\/notre-vision-et-nos-valeurs\\\/#primaryimage\"},\"image\":{\"@id\":\"https:\\\/\\\/www.greenpeace.org\\\/mena\\\/fr\\\/notre-vision-et-nos-valeurs\\\/#primaryimage\"},\"thumbnailUrl\":\"https:\\\/\\\/www.greenpeace.org\\\/static\\\/planet4-mena-stateless\\\/2019\\\/08\\\/35df0e69-a1.jpg\",\"datePublished\":\"2018-11-30T14:36:41+00:00\",\"dateModified\":\"2025-08-07T08:54:45+00:00\",\"breadcrumb\":{\"@id\":\"https:\\\/\\\/www.greenpeace.org\\\/mena\\\/fr\\\/notre-vision-et-nos-valeurs\\\/#breadcrumb\"},\"inLanguage\":\"fr\",\"potentialAction\":[{\"@type\":\"ReadAction\",\"target\":[\"https:\\\/\\\/www.greenpeace.org\\\/mena\\\/fr\\\/notre-vision-et-nos-valeurs\\\/\"]}]},{\"@type\":\"ImageObject\",\"inLanguage\":\"fr\",\"@id\":\"https:\\\/\\\/www.greenpeace.org\\\/mena\\\/fr\\\/notre-vision-et-nos-valeurs\\\/#primaryimage\",\"url\":\"https:\\\/\\\/www.greenpeace.org\\\/static\\\/planet4-mena-stateless\\\/2019\\\/08\\\/35df0e69-a1.jpg\",\"contentUrl\":\"https:\\\/\\\/www.greenpeace.org\\\/static\\\/planet4-mena-stateless\\\/2019\\\/08\\\/35df0e69-a1.jpg\",\"width\":800,\"height\":533,\"caption\":\"Standing next to a 3000 year old cedar tree at the Shouf Biosphere Reserve in Lebanon, Greenpeace Med Arab World Programme stand in solidarity with the message #OurVoicesAreVital to unite against Canadian logging company Resolute's multiple lawsuits to stifle free speech and the organisation's work to protect the Great Northern Forest in Canada.\"},{\"@type\":\"BreadcrumbList\",\"@id\":\"https:\\\/\\\/www.greenpeace.org\\\/mena\\\/fr\\\/notre-vision-et-nos-valeurs\\\/#breadcrumb\",\"itemListElement\":[{\"@type\":\"ListItem\",\"position\":1,\"name\":\"Home\",\"item\":\"https:\\\/\\\/www.greenpeace.org\\\/mena\\\/fr\\\/\"},{\"@type\":\"ListItem\",\"position\":2,\"name\":\"Notre vision et nos valeurs\"}]},{\"@type\":\"WebSite\",\"@id\":\"https:\\\/\\\/www.greenpeace.org\\\/mena\\\/ar\\\/#website\",\"url\":\"https:\\\/\\\/www.greenpeace.org\\\/mena\\\/ar\\\/\",\"name\":\"\u063a\u0631\u064a\u0646\u0628\u064a\u0633 \u0627\u0644\u0634\u0631\u0642 \u0627\u0644\u0623\u0648\u0633\u0637 \u0648\u0634\u0645\u0627\u0644 \u0623\u0641\u0631\u064a\u0642\u064a\u0627\",\"description\":\"Greenpeace MENA fait partie du r\u00e9seau Greenpeace, qui regroupe 28 organisations nationales\\\/r\u00e9gionales ind\u00e9pendantes r\u00e9parties dans plus de 56 pays d\u2019Europe, d\u2019Am\u00e9rique, d\u2019Afrique, d\u2019Asie et du Pacifique, ainsi qu\u2019un organisme de coordination, Greenpeace International.\",\"potentialAction\":[{\"@type\":\"SearchAction\",\"target\":{\"@type\":\"EntryPoint\",\"urlTemplate\":\"https:\\\/\\\/www.greenpeace.org\\\/mena\\\/ar\\\/?s={search_term_string}\"},\"query-input\":{\"@type\":\"PropertyValueSpecification\",\"valueRequired\":true,\"valueName\":\"search_term_string\"}}],\"inLanguage\":\"fr\"}]}<\/script>\n<!-- \/ Yoast SEO Premium plugin. -->","yoast_head_json":{"title":"Notre vision et nos valeurs - Greenpeace Moyen Orient et Afrique du Nord","robots":{"index":"index","follow":"follow","max-snippet":"max-snippet:-1","max-image-preview":"max-image-preview:large","max-video-preview":"max-video-preview:-1"},"canonical":"https:\/\/www.greenpeace.org\/mena\/fr\/notre-vision-et-nos-valeurs\/","og_locale":"fr_FR","og_type":"article","og_title":"Notre vision et nos valeurs","og_description":"Nous croyons que l\u2019espoir est une forme de courage. Nous croyons que des milliers d\u2019actes de courage peuvent illuminer le lendemain. Dans ce but, nous mod\u00e9lisons le courage, nous supportons le courage, et nous partageons les histoires des actes courageux gr\u00e2ce \u00e0 ceux qui nous supportent et \u00e0 nos alli\u00e9s.  Nous invitons les gens \u00e0 sortir de leurs zones de confort pour entamer des actions courageuses avec nous, individuellement dans leur vie de tous les jours, et en communaut\u00e9 avec ceux qui partagent notre engagement vers un monde meilleur. Notre qu\u00eate est un futur vert et paisible. Nous tous sommes les h\u00e9ros de notre histoire, nous qui croyons fort que le monde meilleur n\u2019est non seulement \u00e0 port\u00e9e de main, mais se construit \u00e0 partir d\u2019aujourd\u2019hui.","og_url":"https:\/\/www.greenpeace.org\/mena\/fr\/notre-vision-et-nos-valeurs\/","og_site_name":"Greenpeace Moyen Orient et Afrique du Nord","article_publisher":"https:\/\/www.facebook.com\/GreenpeaceAR","article_modified_time":"2025-08-07T08:54:45+00:00","og_image":[{"width":800,"height":533,"url":"https:\/\/www.greenpeace.org\/static\/planet4-mena-stateless\/2019\/08\/35df0e69-a1.jpg","type":"image\/jpeg"}],"twitter_card":"summary_large_image","twitter_site":"@GreenpeaceAR","twitter_misc":{"Est. reading time":"1 minute"},"schema":{"@context":"https:\/\/schema.org","@graph":[{"@type":"WebPage","@id":"https:\/\/www.greenpeace.org\/mena\/fr\/notre-vision-et-nos-valeurs\/","url":"https:\/\/www.greenpeace.org\/mena\/fr\/notre-vision-et-nos-valeurs\/","name":"Notre vision et nos valeurs - Greenpeace Moyen Orient et Afrique du Nord","isPartOf":{"@id":"https:\/\/www.greenpeace.org\/mena\/ar\/#website"},"primaryImageOfPage":{"@id":"https:\/\/www.greenpeace.org\/mena\/fr\/notre-vision-et-nos-valeurs\/#primaryimage"},"image":{"@id":"https:\/\/www.greenpeace.org\/mena\/fr\/notre-vision-et-nos-valeurs\/#primaryimage"},"thumbnailUrl":"https:\/\/www.greenpeace.org\/static\/planet4-mena-stateless\/2019\/08\/35df0e69-a1.jpg","datePublished":"2018-11-30T14:36:41+00:00","dateModified":"2025-08-07T08:54:45+00:00","breadcrumb":{"@id":"https:\/\/www.greenpeace.org\/mena\/fr\/notre-vision-et-nos-valeurs\/#breadcrumb"},"inLanguage":"fr","potentialAction":[{"@type":"ReadAction","target":["https:\/\/www.greenpeace.org\/mena\/fr\/notre-vision-et-nos-valeurs\/"]}]},{"@type":"ImageObject","inLanguage":"fr","@id":"https:\/\/www.greenpeace.org\/mena\/fr\/notre-vision-et-nos-valeurs\/#primaryimage","url":"https:\/\/www.greenpeace.org\/static\/planet4-mena-stateless\/2019\/08\/35df0e69-a1.jpg","contentUrl":"https:\/\/www.greenpeace.org\/static\/planet4-mena-stateless\/2019\/08\/35df0e69-a1.jpg","width":800,"height":533,"caption":"Standing next to a 3000 year old cedar tree at the Shouf Biosphere Reserve in Lebanon, Greenpeace Med Arab World Programme stand in solidarity with the message #OurVoicesAreVital to unite against Canadian logging company Resolute's multiple lawsuits to stifle free speech and the organisation's work to protect the Great Northern Forest in Canada."},{"@type":"BreadcrumbList","@id":"https:\/\/www.greenpeace.org\/mena\/fr\/notre-vision-et-nos-valeurs\/#breadcrumb","itemListElement":[{"@type":"ListItem","position":1,"name":"Home","item":"https:\/\/www.greenpeace.org\/mena\/fr\/"},{"@type":"ListItem","position":2,"name":"Notre vision et nos valeurs"}]},{"@type":"WebSite","@id":"https:\/\/www.greenpeace.org\/mena\/ar\/#website","url":"https:\/\/www.greenpeace.org\/mena\/ar\/","name":"\u063a\u0631\u064a\u0646\u0628\u064a\u0633 \u0627\u0644\u0634\u0631\u0642 \u0627\u0644\u0623\u0648\u0633\u0637 \u0648\u0634\u0645\u0627\u0644 \u0623\u0641\u0631\u064a\u0642\u064a\u0627","description":"Greenpeace MENA fait partie du r\u00e9seau Greenpeace, qui regroupe 28 organisations nationales\/r\u00e9gionales ind\u00e9pendantes r\u00e9parties dans plus de 56 pays d\u2019Europe, d\u2019Am\u00e9rique, d\u2019Afrique, d\u2019Asie et du Pacifique, ainsi qu\u2019un organisme de coordination, Greenpeace International.","potentialAction":[{"@type":"SearchAction","target":{"@type":"EntryPoint","urlTemplate":"https:\/\/www.greenpeace.org\/mena\/ar\/?s={search_term_string}"},"query-input":{"@type":"PropertyValueSpecification","valueRequired":true,"valueName":"search_term_string"}}],"inLanguage":"fr"}]}},"_links":{"self":[{"href":"https:\/\/www.greenpeace.org\/mena\/fr\/wp-json\/wp\/v2\/pages\/4457","targetHints":{"allow":["GET"]}}],"collection":[{"href":"https:\/\/www.greenpeace.org\/mena\/fr\/wp-json\/wp\/v2\/pages"}],"about":[{"href":"https:\/\/www.greenpeace.org\/mena\/fr\/wp-json\/wp\/v2\/types\/page"}],"author":[{"embeddable":true,"href":"https:\/\/www.greenpeace.org\/mena\/fr\/wp-json\/wp\/v2\/users\/8"}],"replies":[{"embeddable":true,"href":"https:\/\/www.greenpeace.org\/mena\/fr\/wp-json\/wp\/v2\/comments?post=4457"}],"version-history":[{"count":19,"href":"https:\/\/www.greenpeace.org\/mena\/fr\/wp-json\/wp\/v2\/pages\/4457\/revisions"}],"predecessor-version":[{"id":18213,"href":"https:\/\/www.greenpeace.org\/mena\/fr\/wp-json\/wp\/v2\/pages\/4457\/revisions\/18213"}],"wp:featuredmedia":[{"embeddable":true,"href":"https:\/\/www.greenpeace.org\/mena\/fr\/wp-json\/wp\/v2\/media\/5109"}],"wp:attachment":[{"href":"https:\/\/www.greenpeace.org\/mena\/fr\/wp-json\/wp\/v2\/media?parent=4457"}],"wp:term":[{"taxonomy":"category","embeddable":true,"href":"https:\/\/www.greenpeace.org\/mena\/fr\/wp-json\/wp\/v2\/categories?post=4457"},{"taxonomy":"post_tag","embeddable":true,"href":"https:\/\/www.greenpeace.org\/mena\/fr\/wp-json\/wp\/v2\/tags?post=4457"}],"curies":[{"name":"wp","href":"https:\/\/api.w.org\/{rel}","templated":true}]}}