{"id":4481,"date":"2018-12-05T14:07:15","date_gmt":"2018-12-05T14:07:15","guid":{"rendered":"https:\/\/www.greenpeace.org\/mena\/our-values\/"},"modified":"2025-06-23T12:42:24","modified_gmt":"2025-06-23T09:42:24","slug":"nos-valeurs","status":"publish","type":"page","link":"https:\/\/www.greenpeace.org\/mena\/fr\/nos-valeurs\/","title":{"rendered":"Nos Valeurs"},"content":{"rendered":"\n                \n                <div class=\"wp-block-group alignfull is-layout-flow wp-block-group-is-layout-flow\">\n                \n                <div class=\"wp-block-group container is-layout-flow wp-block-group-is-layout-flow\">\n                \n                <div class=\"wp-block-media-text alignfull has-media-on-the-right is-stacked-on-mobile is-pattern-p4-page-header is-style-parallax\">\n\n                <div class=\"wp-block-media-text__content\">\n                    <div class=\"wp-block-group is-layout-flow wp-block-group-is-layout-flow\">\n                    \n                        <h1 class=\"wp-block-heading has-white-background-color has-background\">\n                            Nos valeurs\n                        <\/h1>\n                    <\/div>\n                \n\n                \n                        <p style=\"font-size:1.25rem\">\n                            <span style=\"font-weight: 400\">Nous avons l&#8217;intime conviction qu\u2019un monde meilleur n\u2019est non seulement possible, il a d\u00e9j\u00e0 commenc\u00e9. Gr\u00e2ce \u00e0 des milliers de personnes engag\u00e9es \u00e0 travers le monde, un avenir plus vert et plus paisible est \u00e0 notre port\u00e9e.<\/span>\n                        <\/p>\n                    \n\n                \n\n                <\/div>\n                <figure class=\"wp-block-media-text__media\">\n                    <img loading=\"lazy\" decoding=\"async\" width=\"1200\" height=\"800\"\n                        src=\"https:\/\/www.greenpeace.org\/static\/planet4-mena-stateless\/2019\/06\/4b9c7ae2-51856ba0-gp0sts79t_medium_res.jpg\"\n                        alt=\"\"\n                        sizes=\"auto, (min-width: 601px) 50vw, 100vw\" srcset=\"https:\/\/www.greenpeace.org\/static\/planet4-mena-stateless\/2019\/06\/4b9c7ae2-51856ba0-gp0sts79t_medium_res.jpg 1200w, https:\/\/www.greenpeace.org\/static\/planet4-mena-stateless\/2019\/06\/4b9c7ae2-51856ba0-gp0sts79t_medium_res-300x200.jpg 300w, https:\/\/www.greenpeace.org\/static\/planet4-mena-stateless\/2019\/06\/4b9c7ae2-51856ba0-gp0sts79t_medium_res-768x512.jpg 768w, https:\/\/www.greenpeace.org\/static\/planet4-mena-stateless\/2019\/06\/4b9c7ae2-51856ba0-gp0sts79t_medium_res-1024x683.jpg 1024w, https:\/\/www.greenpeace.org\/static\/planet4-mena-stateless\/2019\/06\/4b9c7ae2-51856ba0-gp0sts79t_medium_res-510x340.jpg 510w\" class=\"wp-image-4486 size-full\"\n                    \/>\n                <\/figure>\n                <\/div>\n                \n                <\/div>\n                \n                <\/div>\n                \n                <h2><b>Notre mission<\/b><\/h2>\n<p><span style=\"font-weight: 400;\">Greenpeace est une organisation ind\u00e9pendante qui m\u00e8ne des campagnes de confrontation cr\u00e9ative et non violente pour exposer les probl\u00e8mes environnementaux globaux et pour imposer les solutions essentielles \u00e0 un avenir vert et paisible. L\u2019objectif de Greenpeace est d\u2019assurer la capacit\u00e9 \u00e0 notre Terre de soutenir la vie dans toute sa diversit\u00e9. Greenpeace cherche donc \u00e0: &#8211; prot\u00e9ger la biodiversit\u00e9 sous toutes ses formes, &#8211; pr\u00e9venir la pollution et les abus des oc\u00e9ans, de la terre, de l\u2019air et des eaux douces de la plan\u00e8te, &#8211; mettre fin \u00e0 toutes les menaces nucl\u00e9aires, promouvoir la paix, le d\u00e9sarmement mondial et la non-violence.<\/span><\/p>\n<h2><b>Nos valeurs fondamentales<\/b><\/h2>\n<p>La responsabilit\u00e9 personnelle et la non-violence: nous agissons en fonction de notre conscience. Cela signifie que nous sommes responsables de nos actes et assumons une responsabilit\u00e9 personnelle.<br \/>\nNous nous engageons pour la paix: dans tout ce que nous faisons, nous aspirons \u00e0 faire la paix. Nous voulons \u00eatre bienveillant avec notre plan\u00e8te et les uns envers les autres. Lorsque Greenpeace agit dans le cadre d&#8217;une manifestation, nous soutenons la non-violence.<br \/>\nInd\u00e9pendance: nous n&#8217;acceptons pas d&#8217;argent des gouvernements, des entreprises ou des partis politiques. Les contributions individuelles, ainsi que les subventions de fondations, constituent notre unique source de financement.<br \/>\nGreenpeace n&#8217;a pas d&#8217;amis ou d&#8217;ennemis permanents: si votre gouvernement ou votre entreprise est dispos\u00e9 \u00e0 changer, nous travaillerons avec vous pour atteindre vos objectifs. Faites machine arri\u00e8re et nous reviendrons \u00e0 la charge. Ce qui compte, ce ne sont pas les mots, mais les actions.<br \/>\nPromouvoir des solutions: il ne nous suffit pas de montrer du doigt; nous d\u00e9veloppons, recherchons et promouvons des \u00e9tapes concr\u00e8tes vers un avenir vert et paisible pour nous tous.<\/p>\n<h2>Principes de collecte de fonds:<\/h2>\n<p><span style=\"font-weight: 400;\">Comment et pourquoi nous collectons des fonds<br \/>\n<\/span><span style=\"font-weight: 400;\">La collecte de fonds de mani\u00e8re ind\u00e9pendante, respectueuse et responsable.<br \/>\n<\/span><span style=\"font-weight: 400;\">Le pouvoir populaire de nos supporters comme vous est ce qui nous permet de d\u00e9fendre l\u2019environnement. La collecte de fonds en fait partie, et nous demandons aux gens supporter nos campagnes \u00e0 travers leurs voix, leurs actions et leur donations. <\/span><\/p>\n<p><span style=\"font-weight: 400;\">En tant que collecteurs de fonds responsables, nous veillons \u00e0 ce que: <\/span><\/p>\n<ul>\n<li style=\"font-weight: 400;\"><span style=\"font-weight: 400;\">Nous sommes enti\u00e8rement ind\u00e9pendants &#8211; politiquement et financi\u00e8rement. Nous n&#8217;acceptons jamais les dons de gouvernements ou d&#8217;entreprises, nous pouvons donc toujours donner la priorit\u00e9 \u00e0 la plan\u00e8te. Les contributions individuelles, ainsi que les subventions de fondations, constituent notre unique source de financement. Votre soutien fait toute la diff\u00e9rence. \u00a0<\/span><\/li>\n<li style=\"font-weight: 400;\"><span style=\"font-weight: 400;\">Nous faisons preuve de transparence \u00e0 propos de nos demandes de soutien aux gens. <\/span><\/li>\n<li style=\"font-weight: 400;\"><span style=\"font-weight: 400;\">Nous avons des normes \u00e9lev\u00e9es en mati\u00e8re de collecte de fonds avec un personnel de collecte de fonds qualifi\u00e9 et des politiques interdisant de contacter les personnes vuln\u00e9rables. \u00a0 <\/span><\/li>\n<li style=\"font-weight: 400;\"><span style=\"font-weight: 400;\">Nous ne vendons ni ne louons les donn\u00e9es personnelles de nos supporters. \u00a0<\/span><\/li>\n<li style=\"font-weight: 400;\"><span style=\"font-weight: 400;\">Nous appelons uniquement les personnes qui ont donn\u00e9 leur accord. \u00a0 <\/span><\/li>\n<li style=\"font-weight: 400;\"><span style=\"font-weight: 400;\">Nous limitons le nombre d\u2019appels demandant de l\u2019argent et nous \u00e9coutons si le moment n\u2019est pas opportun pour parler. \u00a0 <\/span><\/li>\n<li style=\"font-weight: 400;\"><span style=\"font-weight: 400;\">Nous respectons les souhaits de ceux qui demandent \u00e0 ne pas \u00eatre contacter et ne les contactons plus. Dans les rares cas o\u00f9 quelque chose n\u2019est pas \u00e0 la hauteur de nos standards, nous prenons des mesures rapidement. Nous cherchons toujours des moyens de nous am\u00e9liorer. \u00a0 <\/span><\/li>\n<\/ul>\n<p><span style=\"font-weight: 400;\">Nous ne pourrions pas faire notre travail sans vous. Nous vous traitons ainsi que vos dons toujours avec respect et gratitude.<\/span><\/p>\n","protected":false},"excerpt":{"rendered":"<p>Notre mission Greenpeace est une organisation ind\u00e9pendante qui m\u00e8ne des campagnes de confrontation cr\u00e9ative et non violente pour exposer les probl\u00e8mes environnementaux globaux et pour imposer les solutions essentielles \u00e0 un avenir vert et paisible. L\u2019objectif de Greenpeace est d\u2019assurer la capacit\u00e9 \u00e0 notre Terre de soutenir la vie dans toute sa diversit\u00e9. Greenpeace cherche [&hellip;]<\/p>\n","protected":false},"author":8,"featured_media":4486,"parent":0,"menu_order":0,"comment_status":"closed","ping_status":"closed","template":"page-templates\/evergreen.php","meta":{"_planet4_optimize_post_is_variant":false,"_planet4_optimize_experiment_name":"","_planet4_optimize_variant_name":"","ep_exclude_from_search":false,"p4_hide_page_title_checkbox":"on","p4_title":"","p4_subtitle":"","p4_description":"","background_image_id":"","background_image":"","p4_button_title":"","p4_button_link":"","p4_button_link_checkbox":"","p4_og_title":"","p4_og_description":"","p4_og_image":"","p4_og_image_id":"","p4_seo_canonical_url":"","p4_campaign_name":"not set","p4_local_project":"","p4_basket_name":"not set","p4_department":"","footnotes":""},"categories":[],"tags":[101,169],"class_list":["post-4481","page","type-page","status-publish","has-post-thumbnail","hentry","tag-greenpeace","tag-aboutus-fr"],"yoast_head":"<!-- This site is optimized with the Yoast SEO Premium plugin v27.4 (Yoast SEO v27.4) - https:\/\/yoast.com\/product\/yoast-seo-premium-wordpress\/ -->\n<title>Nos Valeurs - Greenpeace Moyen Orient et Afrique du Nord<\/title>\n<meta name=\"robots\" content=\"index, follow, max-snippet:-1, max-image-preview:large, max-video-preview:-1\" \/>\n<link rel=\"canonical\" href=\"http:\/\/www.greenpeace.org\/mena\/fr\/nos-valeurs\/\" \/>\n<meta property=\"og:locale\" content=\"fr_FR\" \/>\n<meta property=\"og:type\" content=\"article\" \/>\n<meta property=\"og:title\" content=\"Nos Valeurs\" \/>\n<meta property=\"og:description\" content=\"Notre mission Greenpeace est une organisation ind\u00e9pendante qui m\u00e8ne des campagnes de confrontation cr\u00e9ative et non violente pour exposer les probl\u00e8mes environnementaux globaux et pour imposer les solutions essentielles \u00e0 un avenir vert et paisible. L\u2019objectif de Greenpeace est d\u2019assurer la capacit\u00e9 \u00e0 notre Terre de soutenir la vie dans toute sa diversit\u00e9. Greenpeace cherche [&hellip;]\" \/>\n<meta property=\"og:url\" content=\"http:\/\/www.greenpeace.org\/mena\/fr\/nos-valeurs\/\" \/>\n<meta property=\"og:site_name\" content=\"Greenpeace Moyen Orient et Afrique du Nord\" \/>\n<meta property=\"article:publisher\" content=\"https:\/\/www.facebook.com\/GreenpeaceAR\" \/>\n<meta property=\"article:modified_time\" content=\"2025-06-23T09:42:24+00:00\" \/>\n<meta property=\"og:image\" content=\"https:\/\/www.greenpeace.org\/static\/planet4-mena-stateless\/2019\/06\/4b9c7ae2-51856ba0-gp0sts79t_medium_res.jpg\" \/>\n\t<meta property=\"og:image:width\" content=\"1200\" \/>\n\t<meta property=\"og:image:height\" content=\"800\" \/>\n\t<meta property=\"og:image:type\" content=\"image\/jpeg\" \/>\n<meta name=\"twitter:card\" content=\"summary_large_image\" \/>\n<meta name=\"twitter:site\" content=\"@GreenpeaceAR\" \/>\n<meta name=\"twitter:label1\" content=\"Est. reading time\" \/>\n\t<meta name=\"twitter:data1\" content=\"3 minutes\" \/>\n<script type=\"application\/ld+json\" class=\"yoast-schema-graph\">{\"@context\":\"https:\\\/\\\/schema.org\",\"@graph\":[{\"@type\":\"WebPage\",\"@id\":\"http:\\\/\\\/www.greenpeace.org\\\/mena\\\/fr\\\/nos-valeurs\\\/\",\"url\":\"http:\\\/\\\/www.greenpeace.org\\\/mena\\\/fr\\\/nos-valeurs\\\/\",\"name\":\"Nos Valeurs - Greenpeace Moyen Orient et Afrique du Nord\",\"isPartOf\":{\"@id\":\"https:\\\/\\\/www.greenpeace.org\\\/mena\\\/ar\\\/#website\"},\"primaryImageOfPage\":{\"@id\":\"http:\\\/\\\/www.greenpeace.org\\\/mena\\\/fr\\\/nos-valeurs\\\/#primaryimage\"},\"image\":{\"@id\":\"http:\\\/\\\/www.greenpeace.org\\\/mena\\\/fr\\\/nos-valeurs\\\/#primaryimage\"},\"thumbnailUrl\":\"https:\\\/\\\/www.greenpeace.org\\\/static\\\/planet4-mena-stateless\\\/2019\\\/06\\\/4b9c7ae2-51856ba0-gp0sts79t_medium_res.jpg\",\"datePublished\":\"2018-12-05T14:07:15+00:00\",\"dateModified\":\"2025-06-23T09:42:24+00:00\",\"breadcrumb\":{\"@id\":\"http:\\\/\\\/www.greenpeace.org\\\/mena\\\/fr\\\/nos-valeurs\\\/#breadcrumb\"},\"inLanguage\":\"fr\",\"potentialAction\":[{\"@type\":\"ReadAction\",\"target\":[\"http:\\\/\\\/www.greenpeace.org\\\/mena\\\/fr\\\/nos-valeurs\\\/\"]}]},{\"@type\":\"ImageObject\",\"inLanguage\":\"fr\",\"@id\":\"http:\\\/\\\/www.greenpeace.org\\\/mena\\\/fr\\\/nos-valeurs\\\/#primaryimage\",\"url\":\"https:\\\/\\\/www.greenpeace.org\\\/static\\\/planet4-mena-stateless\\\/2019\\\/06\\\/4b9c7ae2-51856ba0-gp0sts79t_medium_res.jpg\",\"contentUrl\":\"https:\\\/\\\/www.greenpeace.org\\\/static\\\/planet4-mena-stateless\\\/2019\\\/06\\\/4b9c7ae2-51856ba0-gp0sts79t_medium_res.jpg\",\"width\":1200,\"height\":800,\"caption\":\"Greenpeace activists have mounted in front of Pantheon, in the centre of Rome, a reproduction of two whales (measuring respectively 6 and 3 feet high), which arise from a sea full of plastic waste. Greenpeace asks to reduce the production of single-use plastics. Attivisti di Greenpeace hanno montato questa mattina in pieno centro a Roma, di fronte al Pantheon, una riproduzione a grandezza naturale di due balene alte rispettivamente 6 e 3 metri che emergono da un mare invaso da rifiuti in plastica monouso, per denunciare come i nostri mari, e le specie che in essi vivono, siano in grave pericolo a causa dell\u2019uso smodato di plastica usa e getta e dell\u2019inquinamento che ne deriva.\"},{\"@type\":\"BreadcrumbList\",\"@id\":\"http:\\\/\\\/www.greenpeace.org\\\/mena\\\/fr\\\/nos-valeurs\\\/#breadcrumb\",\"itemListElement\":[{\"@type\":\"ListItem\",\"position\":1,\"name\":\"Home\",\"item\":\"https:\\\/\\\/www.greenpeace.org\\\/mena\\\/fr\\\/\"},{\"@type\":\"ListItem\",\"position\":2,\"name\":\"Nos Valeurs\"}]},{\"@type\":\"WebSite\",\"@id\":\"https:\\\/\\\/www.greenpeace.org\\\/mena\\\/ar\\\/#website\",\"url\":\"https:\\\/\\\/www.greenpeace.org\\\/mena\\\/ar\\\/\",\"name\":\"\u063a\u0631\u064a\u0646\u0628\u064a\u0633 \u0627\u0644\u0634\u0631\u0642 \u0627\u0644\u0623\u0648\u0633\u0637 \u0648\u0634\u0645\u0627\u0644 \u0623\u0641\u0631\u064a\u0642\u064a\u0627\",\"description\":\"Greenpeace MENA fait partie du r\u00e9seau Greenpeace, qui regroupe 28 organisations nationales\\\/r\u00e9gionales ind\u00e9pendantes r\u00e9parties dans plus de 56 pays d\u2019Europe, d\u2019Am\u00e9rique, d\u2019Afrique, d\u2019Asie et du Pacifique, ainsi qu\u2019un organisme de coordination, Greenpeace International.\",\"potentialAction\":[{\"@type\":\"SearchAction\",\"target\":{\"@type\":\"EntryPoint\",\"urlTemplate\":\"https:\\\/\\\/www.greenpeace.org\\\/mena\\\/ar\\\/?s={search_term_string}\"},\"query-input\":{\"@type\":\"PropertyValueSpecification\",\"valueRequired\":true,\"valueName\":\"search_term_string\"}}],\"inLanguage\":\"fr\"}]}<\/script>\n<!-- \/ Yoast SEO Premium plugin. -->","yoast_head_json":{"title":"Nos Valeurs - Greenpeace Moyen Orient et Afrique du Nord","robots":{"index":"index","follow":"follow","max-snippet":"max-snippet:-1","max-image-preview":"max-image-preview:large","max-video-preview":"max-video-preview:-1"},"canonical":"http:\/\/www.greenpeace.org\/mena\/fr\/nos-valeurs\/","og_locale":"fr_FR","og_type":"article","og_title":"Nos Valeurs","og_description":"Notre mission Greenpeace est une organisation ind\u00e9pendante qui m\u00e8ne des campagnes de confrontation cr\u00e9ative et non violente pour exposer les probl\u00e8mes environnementaux globaux et pour imposer les solutions essentielles \u00e0 un avenir vert et paisible. L\u2019objectif de Greenpeace est d\u2019assurer la capacit\u00e9 \u00e0 notre Terre de soutenir la vie dans toute sa diversit\u00e9. Greenpeace cherche [&hellip;]","og_url":"http:\/\/www.greenpeace.org\/mena\/fr\/nos-valeurs\/","og_site_name":"Greenpeace Moyen Orient et Afrique du Nord","article_publisher":"https:\/\/www.facebook.com\/GreenpeaceAR","article_modified_time":"2025-06-23T09:42:24+00:00","og_image":[{"width":1200,"height":800,"url":"https:\/\/www.greenpeace.org\/static\/planet4-mena-stateless\/2019\/06\/4b9c7ae2-51856ba0-gp0sts79t_medium_res.jpg","type":"image\/jpeg"}],"twitter_card":"summary_large_image","twitter_site":"@GreenpeaceAR","twitter_misc":{"Est. reading time":"3 minutes"},"schema":{"@context":"https:\/\/schema.org","@graph":[{"@type":"WebPage","@id":"http:\/\/www.greenpeace.org\/mena\/fr\/nos-valeurs\/","url":"http:\/\/www.greenpeace.org\/mena\/fr\/nos-valeurs\/","name":"Nos Valeurs - Greenpeace Moyen Orient et Afrique du Nord","isPartOf":{"@id":"https:\/\/www.greenpeace.org\/mena\/ar\/#website"},"primaryImageOfPage":{"@id":"http:\/\/www.greenpeace.org\/mena\/fr\/nos-valeurs\/#primaryimage"},"image":{"@id":"http:\/\/www.greenpeace.org\/mena\/fr\/nos-valeurs\/#primaryimage"},"thumbnailUrl":"https:\/\/www.greenpeace.org\/static\/planet4-mena-stateless\/2019\/06\/4b9c7ae2-51856ba0-gp0sts79t_medium_res.jpg","datePublished":"2018-12-05T14:07:15+00:00","dateModified":"2025-06-23T09:42:24+00:00","breadcrumb":{"@id":"http:\/\/www.greenpeace.org\/mena\/fr\/nos-valeurs\/#breadcrumb"},"inLanguage":"fr","potentialAction":[{"@type":"ReadAction","target":["http:\/\/www.greenpeace.org\/mena\/fr\/nos-valeurs\/"]}]},{"@type":"ImageObject","inLanguage":"fr","@id":"http:\/\/www.greenpeace.org\/mena\/fr\/nos-valeurs\/#primaryimage","url":"https:\/\/www.greenpeace.org\/static\/planet4-mena-stateless\/2019\/06\/4b9c7ae2-51856ba0-gp0sts79t_medium_res.jpg","contentUrl":"https:\/\/www.greenpeace.org\/static\/planet4-mena-stateless\/2019\/06\/4b9c7ae2-51856ba0-gp0sts79t_medium_res.jpg","width":1200,"height":800,"caption":"Greenpeace activists have mounted in front of Pantheon, in the centre of Rome, a reproduction of two whales (measuring respectively 6 and 3 feet high), which arise from a sea full of plastic waste. Greenpeace asks to reduce the production of single-use plastics. Attivisti di Greenpeace hanno montato questa mattina in pieno centro a Roma, di fronte al Pantheon, una riproduzione a grandezza naturale di due balene alte rispettivamente 6 e 3 metri che emergono da un mare invaso da rifiuti in plastica monouso, per denunciare come i nostri mari, e le specie che in essi vivono, siano in grave pericolo a causa dell\u2019uso smodato di plastica usa e getta e dell\u2019inquinamento che ne deriva."},{"@type":"BreadcrumbList","@id":"http:\/\/www.greenpeace.org\/mena\/fr\/nos-valeurs\/#breadcrumb","itemListElement":[{"@type":"ListItem","position":1,"name":"Home","item":"https:\/\/www.greenpeace.org\/mena\/fr\/"},{"@type":"ListItem","position":2,"name":"Nos Valeurs"}]},{"@type":"WebSite","@id":"https:\/\/www.greenpeace.org\/mena\/ar\/#website","url":"https:\/\/www.greenpeace.org\/mena\/ar\/","name":"\u063a\u0631\u064a\u0646\u0628\u064a\u0633 \u0627\u0644\u0634\u0631\u0642 \u0627\u0644\u0623\u0648\u0633\u0637 \u0648\u0634\u0645\u0627\u0644 \u0623\u0641\u0631\u064a\u0642\u064a\u0627","description":"Greenpeace MENA fait partie du r\u00e9seau Greenpeace, qui regroupe 28 organisations nationales\/r\u00e9gionales ind\u00e9pendantes r\u00e9parties dans plus de 56 pays d\u2019Europe, d\u2019Am\u00e9rique, d\u2019Afrique, d\u2019Asie et du Pacifique, ainsi qu\u2019un organisme de coordination, Greenpeace International.","potentialAction":[{"@type":"SearchAction","target":{"@type":"EntryPoint","urlTemplate":"https:\/\/www.greenpeace.org\/mena\/ar\/?s={search_term_string}"},"query-input":{"@type":"PropertyValueSpecification","valueRequired":true,"valueName":"search_term_string"}}],"inLanguage":"fr"}]}},"_links":{"self":[{"href":"https:\/\/www.greenpeace.org\/mena\/fr\/wp-json\/wp\/v2\/pages\/4481","targetHints":{"allow":["GET"]}}],"collection":[{"href":"https:\/\/www.greenpeace.org\/mena\/fr\/wp-json\/wp\/v2\/pages"}],"about":[{"href":"https:\/\/www.greenpeace.org\/mena\/fr\/wp-json\/wp\/v2\/types\/page"}],"author":[{"embeddable":true,"href":"https:\/\/www.greenpeace.org\/mena\/fr\/wp-json\/wp\/v2\/users\/8"}],"replies":[{"embeddable":true,"href":"https:\/\/www.greenpeace.org\/mena\/fr\/wp-json\/wp\/v2\/comments?post=4481"}],"version-history":[{"count":3,"href":"https:\/\/www.greenpeace.org\/mena\/fr\/wp-json\/wp\/v2\/pages\/4481\/revisions"}],"predecessor-version":[{"id":17101,"href":"https:\/\/www.greenpeace.org\/mena\/fr\/wp-json\/wp\/v2\/pages\/4481\/revisions\/17101"}],"wp:featuredmedia":[{"embeddable":true,"href":"https:\/\/www.greenpeace.org\/mena\/fr\/wp-json\/wp\/v2\/media\/4486"}],"wp:attachment":[{"href":"https:\/\/www.greenpeace.org\/mena\/fr\/wp-json\/wp\/v2\/media?parent=4481"}],"wp:term":[{"taxonomy":"category","embeddable":true,"href":"https:\/\/www.greenpeace.org\/mena\/fr\/wp-json\/wp\/v2\/categories?post=4481"},{"taxonomy":"post_tag","embeddable":true,"href":"https:\/\/www.greenpeace.org\/mena\/fr\/wp-json\/wp\/v2\/tags?post=4481"}],"curies":[{"name":"wp","href":"https:\/\/api.w.org\/{rel}","templated":true}]}}