{"id":4499,"date":"2018-05-14T12:50:41","date_gmt":"2018-05-14T12:50:41","guid":{"rendered":"https:\/\/www.greenpeace.org\/mena\/community-policy\/"},"modified":"2025-06-23T12:43:34","modified_gmt":"2025-06-23T09:43:34","slug":"notre-politique-communautaire","status":"publish","type":"page","link":"https:\/\/www.greenpeace.org\/mena\/fr\/notre-politique-communautaire\/","title":{"rendered":"Notre politique communautaire"},"content":{"rendered":"\n                \n                <div class=\"wp-block-group alignfull is-layout-flow wp-block-group-is-layout-flow\">\n                \n                <div class=\"wp-block-group container is-layout-flow wp-block-group-is-layout-flow\">\n                \n                <div class=\"wp-block-media-text alignfull has-media-on-the-right is-stacked-on-mobile is-pattern-p4-page-header is-style-parallax\">\n\n                <div class=\"wp-block-media-text__content\">\n                    <div class=\"wp-block-group is-layout-flow wp-block-group-is-layout-flow\">\n                    \n                        <h1 class=\"wp-block-heading has-white-background-color has-background\">\n                            Notre politique communautaire\n                        <\/h1>\n                    <\/div>\n                \n\n                \n                        <p style=\"font-size:1.25rem\">\n                            <span style=\"font-weight: 400\">Nous d\u00e9ployons beaucoup d\u2019effort pour cr\u00e9er un monde plus vert et pacifique, et cela n\u2019est possible qu\u2019\u00e0 travers une communication simple, ouverte et honn\u00eate.<\/span>\r\n\r\n<span style=\"font-weight: 400\">Nous croyons que chacun a le droit d\u2019exprimer ses opinions dans le but de trouver un terrain d\u2019entente. Nous cherchons \u00e0 trouver le compromis qui nous permettra d\u2019avancer ensemble vers un meilleur avenir.<\/span>\r\n\r\n<span style=\"font-weight: 400\">C\u2019est pourquoi la section des commentaires li\u00e9s \u00e0 nos articles est un espace s\u00e9curis\u00e9 tr\u00e8s important, qui nous permet d\u2019avoir des conversations et \u00e9changer des id\u00e9es m\u00eame avec ceux qui ne partagent pas notre vision.<\/span>\n                        <\/p>\n                    \n\n                \n\n                <\/div>\n                <figure class=\"wp-block-media-text__media\">\n                    <img loading=\"lazy\" decoding=\"async\" width=\"2500\" height=\"1669\"\n                        src=\"https:\/\/www.greenpeace.org\/static\/planet4-mena-stateless\/2019\/06\/cc93d4ec-c6ef389e-gp0str7g7_pressmedia.jpg\"\n                        alt=\"\"\n                        sizes=\"auto, (min-width: 601px) 50vw, 100vw\" srcset=\"https:\/\/www.greenpeace.org\/static\/planet4-mena-stateless\/2019\/06\/cc93d4ec-c6ef389e-gp0str7g7_pressmedia.jpg 2500w, https:\/\/www.greenpeace.org\/static\/planet4-mena-stateless\/2019\/06\/cc93d4ec-c6ef389e-gp0str7g7_pressmedia-300x200.jpg 300w, https:\/\/www.greenpeace.org\/static\/planet4-mena-stateless\/2019\/06\/cc93d4ec-c6ef389e-gp0str7g7_pressmedia-768x513.jpg 768w, https:\/\/www.greenpeace.org\/static\/planet4-mena-stateless\/2019\/06\/cc93d4ec-c6ef389e-gp0str7g7_pressmedia-1024x684.jpg 1024w, https:\/\/www.greenpeace.org\/static\/planet4-mena-stateless\/2019\/06\/cc93d4ec-c6ef389e-gp0str7g7_pressmedia-2046x1366.jpg 2046w, https:\/\/www.greenpeace.org\/static\/planet4-mena-stateless\/2019\/06\/cc93d4ec-c6ef389e-gp0str7g7_pressmedia-510x340.jpg 510w\" class=\"wp-image-4501 size-full\"\n                    \/>\n                <\/figure>\n                <\/div>\n                \n                <\/div>\n                \n                <\/div>\n                \n                <p>                <span style=\"font-weight: 400;\">Nous sommes ouverts au d\u00e9bat et \u00e0 la discussion car c\u2019est souvent de l\u00e0 que viennent les meilleures id\u00e9es. Nous aimons voir les gens d\u00e9fendre avec passion leurs id\u00e9es et avoir l\u2019occasion de d\u00e9couvrir d\u2019autres perspectives. Cela dit, nous croyons fermement que les discussions ne seront efficaces et productives qu\u2019en pr\u00e9sence de l\u2019honn\u00eatet\u00e9 et du respect.<\/span><\/p>\n<p><span style=\"font-weight: 400;\">Nous prions donc tous ceux qui souhaitent contribuer aux conversations qui se d\u00e9roulent sur ce site web, incluant ceux qui postent au nom de Greenpeace, d\u2019adopter ces r\u00e8gles simples\u00a0:<\/span><\/p>\n<ol>\n<li style=\"font-weight: 400;\"><strong>Dites la v\u00e9rit\u00e9<\/strong><\/li>\n<li style=\"font-weight: 400;\"><span style=\"font-weight: 400;\"><strong>Soyez honn\u00eate sur qui vous \u00eates et la cause de votre pr\u00e9sence ici<\/strong>. Si vous repr\u00e9sentez les int\u00e9r\u00eats d\u2019une entreprise ou d\u2019un gouvernement, si vous \u00eates pay\u00e9 pour les opinions que vous exprimez ou si vous avez un conflit d\u2019int\u00e9r\u00eats, vous pouvez participer \u00e0 la conversation. Cependant, vous \u00eates pri\u00e9 de partager ces informations avec les autres pour qu\u2019ils puissent comprendre le contexte derri\u00e8re ce que vous dites.<\/span><\/li>\n<li style=\"font-weight: 400;\"><span style=\"font-weight: 400;\"><strong>Soyez courtois et respectueux dans vos propos<\/strong>. Ne dites pas aux autres ce que vous ne voulez pas qu\u2019on vous dise. Cela implique d\u2019\u00e9viter les commentaires discriminatoires, les attaques personnelles, le langage grossier, les d\u00e9clarations diffamatoires ainsi que l\u2019incitation \u00e0 la violence.<\/span><\/li>\n<li style=\"font-weight: 400;\"><span style=\"font-weight: 400;\"><strong>Donnez la possibilit\u00e9 de participer<\/strong> \u00e0 tout le monde \u2013 nous pouvons supprimer des messages si vous postez inutilement plusieurs messages successifs, donc ne monopolisez pas la conversation.<\/span><\/li>\n<li style=\"font-weight: 400;\"><span style=\"font-weight: 400;\"><strong>Restez focalis\u00e9 sur le sujet de la discussion<\/strong> car \u00e7a aide les autres personnes souhaitant y participer.<\/span><\/li>\n<li style=\"font-weight: 400;\"><span style=\"font-weight: 400;\"><strong>Il s\u2019agit d\u2019un espace pour d\u00e9battre de questions importantes<\/strong>, nous vous prions de vous abstenir de toute activit\u00e9 commerciale ou de promotion de masse, car nous avons une politique de tol\u00e9rance z\u00e9ro pour le spam.<\/span><\/li>\n<\/ol>\n<p><span style=\"font-weight: 400;\">Si vous suivez ces r\u00e8gles, vous ne serez pas exclu et vos commentaires ne seront pas supprim\u00e9s juste parce que ne nous sommes pas d\u2019accord avec ce que vous dites.<\/span><\/p>\n<p><span style=\"font-weight: 400;\">Nous croyons que la libert\u00e9 d\u2019expression et l\u2019\u00e9change ouvert d\u2019id\u00e9es sont incroyablement importants. C\u2019est pourquoi nous travaillons activement \u00e0 leur d\u00e9fense. Cela signifie que si nous d\u00e9terminons que vous \u00eates ici juste pour causer de la perturbation, nous prendrons des mesures afin de prot\u00e9ger l\u2019esprit de cette communaut\u00e9. Ces mesures peuvent inclure la suppression de vos commentaires, la modification de vos commentaires pour \u00e9liminer le contenu promotionnel, la fermeture de fils de discussion ou m\u00eame l\u2019expulsion de comptes. Nous pouvons \u00e9galement d\u00e9sactiver les commentaires pour des messages sp\u00e9cifiques ou \u00e0 l\u2019\u00e9chelle du site si nous croyons qu\u2019il y a une attaque d\u00e9lib\u00e9r\u00e9e en cours.<\/span><\/p>\n<p><span style=\"font-weight: 400;\">Nous encourageons tous les membres de la communaut\u00e9 ayant d\u00e9tect\u00e9 un agissement comme d\u00e9crit ant\u00e9rieurement\u00a0de le signaler \u00e0 notre <a href=\"mailto:iaw@greenpeace.org\">webmaster<\/a>.<\/span><\/p>\n<p><span style=\"font-weight: 400;\">Nous essayons de nous assurer de la pr\u00e9cision de tout le contenu affich\u00e9 sur notre site web, nous essayons que \u00e7a soit exact\u00a0et conforme \u00e0 nos opinions et \u00e0 nos valeurs. <\/span><\/p>\n<p><span style=\"font-weight: 400;\">Cependant, le contenu et les commentaires laiss\u00e9s par les membres de la communaut\u00e9 peuvent d\u00e9vier de cette vision. Nous esp\u00e9rons\u00a0que vous comprendrez qu\u2019ils ne repr\u00e9sentent pas forc\u00e9ment les points de vue de Greenpeace International ou d\u2019une organisation nationale\/r\u00e9gionale\u00a0de Greenpeace. Si vous cherchez la position officielle de Greenpeace International, nous vous prions de consulter nos communiqu\u00e9s de presse et nos publications ou contacter notre <a href=\"mailto:dania.cherry@greenpeace.org\">service de presse<\/a>.<\/span><\/p>\n","protected":false},"excerpt":{"rendered":"<p>Nous sommes ouverts au d\u00e9bat et \u00e0 la discussion car c\u2019est souvent de l\u00e0 que viennent les meilleures id\u00e9es. Nous aimons voir les gens d\u00e9fendre avec passion leurs id\u00e9es et avoir l\u2019occasion de d\u00e9couvrir d\u2019autres perspectives. Cela dit, nous croyons fermement que les discussions ne seront efficaces et productives qu\u2019en pr\u00e9sence de l\u2019honn\u00eatet\u00e9 et du [&hellip;]<\/p>\n","protected":false},"author":8,"featured_media":4501,"parent":0,"menu_order":0,"comment_status":"closed","ping_status":"closed","template":"page-templates\/evergreen.php","meta":{"_planet4_optimize_post_is_variant":false,"_planet4_optimize_experiment_name":"","_planet4_optimize_variant_name":"","ep_exclude_from_search":false,"p4_hide_page_title_checkbox":"on","p4_title":"","p4_subtitle":"","p4_description":"","background_image_id":"","background_image":"","p4_button_title":"","p4_button_link":"","p4_button_link_checkbox":"","p4_og_title":"","p4_og_description":"","p4_og_image":"","p4_og_image_id":"","p4_seo_canonical_url":"","p4_campaign_name":"not set","p4_local_project":"","p4_basket_name":"not set","p4_department":"","footnotes":""},"categories":[],"tags":[],"class_list":["post-4499","page","type-page","status-publish","has-post-thumbnail","hentry"],"yoast_head":"<!-- This site is optimized with the Yoast SEO Premium plugin v27.4 (Yoast SEO v27.4) - https:\/\/yoast.com\/product\/yoast-seo-premium-wordpress\/ -->\n<title>Notre politique communautaire - Greenpeace Moyen Orient et Afrique du Nord<\/title>\n<meta name=\"robots\" content=\"index, follow, max-snippet:-1, max-image-preview:large, max-video-preview:-1\" \/>\n<link rel=\"canonical\" href=\"http:\/\/www.greenpeace.org\/mena\/fr\/notre-politique-communautaire\/\" \/>\n<meta property=\"og:locale\" content=\"fr_FR\" \/>\n<meta property=\"og:type\" content=\"article\" \/>\n<meta property=\"og:title\" content=\"Notre politique communautaire\" \/>\n<meta property=\"og:description\" content=\"Nous sommes ouverts au d\u00e9bat et \u00e0 la discussion car c\u2019est souvent de l\u00e0 que viennent les meilleures id\u00e9es. Nous aimons voir les gens d\u00e9fendre avec passion leurs id\u00e9es et avoir l\u2019occasion de d\u00e9couvrir d\u2019autres perspectives. Cela dit, nous croyons fermement que les discussions ne seront efficaces et productives qu\u2019en pr\u00e9sence de l\u2019honn\u00eatet\u00e9 et du [&hellip;]\" \/>\n<meta property=\"og:url\" content=\"http:\/\/www.greenpeace.org\/mena\/fr\/notre-politique-communautaire\/\" \/>\n<meta property=\"og:site_name\" content=\"Greenpeace Moyen Orient et Afrique du Nord\" \/>\n<meta property=\"article:publisher\" content=\"https:\/\/www.facebook.com\/GreenpeaceAR\" \/>\n<meta property=\"article:modified_time\" content=\"2025-06-23T09:43:34+00:00\" \/>\n<meta property=\"og:image\" content=\"https:\/\/www.greenpeace.org\/static\/planet4-mena-stateless\/2019\/06\/cc93d4ec-c6ef389e-gp0str7g7_pressmedia.jpg\" \/>\n\t<meta property=\"og:image:width\" content=\"2500\" \/>\n\t<meta property=\"og:image:height\" content=\"1669\" \/>\n\t<meta property=\"og:image:type\" content=\"image\/jpeg\" \/>\n<meta name=\"twitter:card\" content=\"summary_large_image\" \/>\n<meta name=\"twitter:site\" content=\"@GreenpeaceAR\" \/>\n<meta name=\"twitter:label1\" content=\"Est. reading time\" \/>\n\t<meta name=\"twitter:data1\" content=\"4 minutes\" \/>\n<script type=\"application\/ld+json\" class=\"yoast-schema-graph\">{\"@context\":\"https:\\\/\\\/schema.org\",\"@graph\":[{\"@type\":\"WebPage\",\"@id\":\"http:\\\/\\\/www.greenpeace.org\\\/mena\\\/fr\\\/notre-politique-communautaire\\\/\",\"url\":\"http:\\\/\\\/www.greenpeace.org\\\/mena\\\/fr\\\/notre-politique-communautaire\\\/\",\"name\":\"Notre politique communautaire - Greenpeace Moyen Orient et Afrique du Nord\",\"isPartOf\":{\"@id\":\"https:\\\/\\\/www.greenpeace.org\\\/mena\\\/ar\\\/#website\"},\"primaryImageOfPage\":{\"@id\":\"http:\\\/\\\/www.greenpeace.org\\\/mena\\\/fr\\\/notre-politique-communautaire\\\/#primaryimage\"},\"image\":{\"@id\":\"http:\\\/\\\/www.greenpeace.org\\\/mena\\\/fr\\\/notre-politique-communautaire\\\/#primaryimage\"},\"thumbnailUrl\":\"https:\\\/\\\/www.greenpeace.org\\\/static\\\/planet4-mena-stateless\\\/2019\\\/06\\\/cc93d4ec-c6ef389e-gp0str7g7_pressmedia.jpg\",\"datePublished\":\"2018-05-14T12:50:41+00:00\",\"dateModified\":\"2025-06-23T09:43:34+00:00\",\"breadcrumb\":{\"@id\":\"http:\\\/\\\/www.greenpeace.org\\\/mena\\\/fr\\\/notre-politique-communautaire\\\/#breadcrumb\"},\"inLanguage\":\"fr\",\"potentialAction\":[{\"@type\":\"ReadAction\",\"target\":[\"http:\\\/\\\/www.greenpeace.org\\\/mena\\\/fr\\\/notre-politique-communautaire\\\/\"]}]},{\"@type\":\"ImageObject\",\"inLanguage\":\"fr\",\"@id\":\"http:\\\/\\\/www.greenpeace.org\\\/mena\\\/fr\\\/notre-politique-communautaire\\\/#primaryimage\",\"url\":\"https:\\\/\\\/www.greenpeace.org\\\/static\\\/planet4-mena-stateless\\\/2019\\\/06\\\/cc93d4ec-c6ef389e-gp0str7g7_pressmedia.jpg\",\"contentUrl\":\"https:\\\/\\\/www.greenpeace.org\\\/static\\\/planet4-mena-stateless\\\/2019\\\/06\\\/cc93d4ec-c6ef389e-gp0str7g7_pressmedia.jpg\",\"width\":2500,\"height\":1669},{\"@type\":\"BreadcrumbList\",\"@id\":\"http:\\\/\\\/www.greenpeace.org\\\/mena\\\/fr\\\/notre-politique-communautaire\\\/#breadcrumb\",\"itemListElement\":[{\"@type\":\"ListItem\",\"position\":1,\"name\":\"Home\",\"item\":\"https:\\\/\\\/www.greenpeace.org\\\/mena\\\/fr\\\/\"},{\"@type\":\"ListItem\",\"position\":2,\"name\":\"Notre politique communautaire\"}]},{\"@type\":\"WebSite\",\"@id\":\"https:\\\/\\\/www.greenpeace.org\\\/mena\\\/ar\\\/#website\",\"url\":\"https:\\\/\\\/www.greenpeace.org\\\/mena\\\/ar\\\/\",\"name\":\"\u063a\u0631\u064a\u0646\u0628\u064a\u0633 \u0627\u0644\u0634\u0631\u0642 \u0627\u0644\u0623\u0648\u0633\u0637 \u0648\u0634\u0645\u0627\u0644 \u0623\u0641\u0631\u064a\u0642\u064a\u0627\",\"description\":\"Greenpeace MENA fait partie du r\u00e9seau Greenpeace, qui regroupe 28 organisations nationales\\\/r\u00e9gionales ind\u00e9pendantes r\u00e9parties dans plus de 56 pays d\u2019Europe, d\u2019Am\u00e9rique, d\u2019Afrique, d\u2019Asie et du Pacifique, ainsi qu\u2019un organisme de coordination, Greenpeace International.\",\"potentialAction\":[{\"@type\":\"SearchAction\",\"target\":{\"@type\":\"EntryPoint\",\"urlTemplate\":\"https:\\\/\\\/www.greenpeace.org\\\/mena\\\/ar\\\/?s={search_term_string}\"},\"query-input\":{\"@type\":\"PropertyValueSpecification\",\"valueRequired\":true,\"valueName\":\"search_term_string\"}}],\"inLanguage\":\"fr\"}]}<\/script>\n<!-- \/ Yoast SEO Premium plugin. -->","yoast_head_json":{"title":"Notre politique communautaire - Greenpeace Moyen Orient et Afrique du Nord","robots":{"index":"index","follow":"follow","max-snippet":"max-snippet:-1","max-image-preview":"max-image-preview:large","max-video-preview":"max-video-preview:-1"},"canonical":"http:\/\/www.greenpeace.org\/mena\/fr\/notre-politique-communautaire\/","og_locale":"fr_FR","og_type":"article","og_title":"Notre politique communautaire","og_description":"Nous sommes ouverts au d\u00e9bat et \u00e0 la discussion car c\u2019est souvent de l\u00e0 que viennent les meilleures id\u00e9es. Nous aimons voir les gens d\u00e9fendre avec passion leurs id\u00e9es et avoir l\u2019occasion de d\u00e9couvrir d\u2019autres perspectives. Cela dit, nous croyons fermement que les discussions ne seront efficaces et productives qu\u2019en pr\u00e9sence de l\u2019honn\u00eatet\u00e9 et du [&hellip;]","og_url":"http:\/\/www.greenpeace.org\/mena\/fr\/notre-politique-communautaire\/","og_site_name":"Greenpeace Moyen Orient et Afrique du Nord","article_publisher":"https:\/\/www.facebook.com\/GreenpeaceAR","article_modified_time":"2025-06-23T09:43:34+00:00","og_image":[{"width":2500,"height":1669,"url":"https:\/\/www.greenpeace.org\/static\/planet4-mena-stateless\/2019\/06\/cc93d4ec-c6ef389e-gp0str7g7_pressmedia.jpg","type":"image\/jpeg"}],"twitter_card":"summary_large_image","twitter_site":"@GreenpeaceAR","twitter_misc":{"Est. reading time":"4 minutes"},"schema":{"@context":"https:\/\/schema.org","@graph":[{"@type":"WebPage","@id":"http:\/\/www.greenpeace.org\/mena\/fr\/notre-politique-communautaire\/","url":"http:\/\/www.greenpeace.org\/mena\/fr\/notre-politique-communautaire\/","name":"Notre politique communautaire - Greenpeace Moyen Orient et Afrique du Nord","isPartOf":{"@id":"https:\/\/www.greenpeace.org\/mena\/ar\/#website"},"primaryImageOfPage":{"@id":"http:\/\/www.greenpeace.org\/mena\/fr\/notre-politique-communautaire\/#primaryimage"},"image":{"@id":"http:\/\/www.greenpeace.org\/mena\/fr\/notre-politique-communautaire\/#primaryimage"},"thumbnailUrl":"https:\/\/www.greenpeace.org\/static\/planet4-mena-stateless\/2019\/06\/cc93d4ec-c6ef389e-gp0str7g7_pressmedia.jpg","datePublished":"2018-05-14T12:50:41+00:00","dateModified":"2025-06-23T09:43:34+00:00","breadcrumb":{"@id":"http:\/\/www.greenpeace.org\/mena\/fr\/notre-politique-communautaire\/#breadcrumb"},"inLanguage":"fr","potentialAction":[{"@type":"ReadAction","target":["http:\/\/www.greenpeace.org\/mena\/fr\/notre-politique-communautaire\/"]}]},{"@type":"ImageObject","inLanguage":"fr","@id":"http:\/\/www.greenpeace.org\/mena\/fr\/notre-politique-communautaire\/#primaryimage","url":"https:\/\/www.greenpeace.org\/static\/planet4-mena-stateless\/2019\/06\/cc93d4ec-c6ef389e-gp0str7g7_pressmedia.jpg","contentUrl":"https:\/\/www.greenpeace.org\/static\/planet4-mena-stateless\/2019\/06\/cc93d4ec-c6ef389e-gp0str7g7_pressmedia.jpg","width":2500,"height":1669},{"@type":"BreadcrumbList","@id":"http:\/\/www.greenpeace.org\/mena\/fr\/notre-politique-communautaire\/#breadcrumb","itemListElement":[{"@type":"ListItem","position":1,"name":"Home","item":"https:\/\/www.greenpeace.org\/mena\/fr\/"},{"@type":"ListItem","position":2,"name":"Notre politique communautaire"}]},{"@type":"WebSite","@id":"https:\/\/www.greenpeace.org\/mena\/ar\/#website","url":"https:\/\/www.greenpeace.org\/mena\/ar\/","name":"\u063a\u0631\u064a\u0646\u0628\u064a\u0633 \u0627\u0644\u0634\u0631\u0642 \u0627\u0644\u0623\u0648\u0633\u0637 \u0648\u0634\u0645\u0627\u0644 \u0623\u0641\u0631\u064a\u0642\u064a\u0627","description":"Greenpeace MENA fait partie du r\u00e9seau Greenpeace, qui regroupe 28 organisations nationales\/r\u00e9gionales ind\u00e9pendantes r\u00e9parties dans plus de 56 pays d\u2019Europe, d\u2019Am\u00e9rique, d\u2019Afrique, d\u2019Asie et du Pacifique, ainsi qu\u2019un organisme de coordination, Greenpeace International.","potentialAction":[{"@type":"SearchAction","target":{"@type":"EntryPoint","urlTemplate":"https:\/\/www.greenpeace.org\/mena\/ar\/?s={search_term_string}"},"query-input":{"@type":"PropertyValueSpecification","valueRequired":true,"valueName":"search_term_string"}}],"inLanguage":"fr"}]}},"_links":{"self":[{"href":"https:\/\/www.greenpeace.org\/mena\/fr\/wp-json\/wp\/v2\/pages\/4499","targetHints":{"allow":["GET"]}}],"collection":[{"href":"https:\/\/www.greenpeace.org\/mena\/fr\/wp-json\/wp\/v2\/pages"}],"about":[{"href":"https:\/\/www.greenpeace.org\/mena\/fr\/wp-json\/wp\/v2\/types\/page"}],"author":[{"embeddable":true,"href":"https:\/\/www.greenpeace.org\/mena\/fr\/wp-json\/wp\/v2\/users\/8"}],"replies":[{"embeddable":true,"href":"https:\/\/www.greenpeace.org\/mena\/fr\/wp-json\/wp\/v2\/comments?post=4499"}],"version-history":[{"count":4,"href":"https:\/\/www.greenpeace.org\/mena\/fr\/wp-json\/wp\/v2\/pages\/4499\/revisions"}],"predecessor-version":[{"id":17135,"href":"https:\/\/www.greenpeace.org\/mena\/fr\/wp-json\/wp\/v2\/pages\/4499\/revisions\/17135"}],"wp:featuredmedia":[{"embeddable":true,"href":"https:\/\/www.greenpeace.org\/mena\/fr\/wp-json\/wp\/v2\/media\/4501"}],"wp:attachment":[{"href":"https:\/\/www.greenpeace.org\/mena\/fr\/wp-json\/wp\/v2\/media?parent=4499"}],"wp:term":[{"taxonomy":"category","embeddable":true,"href":"https:\/\/www.greenpeace.org\/mena\/fr\/wp-json\/wp\/v2\/categories?post=4499"},{"taxonomy":"post_tag","embeddable":true,"href":"https:\/\/www.greenpeace.org\/mena\/fr\/wp-json\/wp\/v2\/tags?post=4499"}],"curies":[{"name":"wp","href":"https:\/\/api.w.org\/{rel}","templated":true}]}}