{"id":5938,"date":"2019-12-03T15:51:57","date_gmt":"2019-12-03T12:51:57","guid":{"rendered":"https:\/\/www.greenpeace.org\/mena\/agissez\/mo\/"},"modified":"2025-07-02T10:35:32","modified_gmt":"2025-07-02T07:35:32","slug":"mo","status":"publish","type":"page","link":"https:\/\/www.greenpeace.org\/mena\/fr\/agissez\/mo\/","title":{"rendered":"Prot\u00e9geons les oasis Marocaines avant qu&#8217;elles ne disparaissent!"},"content":{"rendered":"\n\n<div class=\"wp-block-group alignfull is-layout-flow wp-block-group-is-layout-flow\">\n<div class=\"wp-block-group container is-layout-flow wp-block-group-is-layout-flow\"><\/div>\n\n\n\n<div class=\"wp-block-planet4-blocks-carousel-header\"><div data-hydrate=\"planet4-blocks\/carousel-header\" data-attributes=\"{&quot;carousel_autoplay&quot;:false,&quot;slides&quot;:[{&quot;image&quot;:5934,&quot;focal_points&quot;:{},&quot;header&quot;:&quot;\u0646\u062d\u0645\u064a \u0627\u0644\u0648\u0627\u062d\u0627\u062a \u0627\u0644\u0645\u063a\u0631\u0628\u064a\u0629 \u0642\u0628\u0644 \u0632\u0648\u0627\u0644\u0647\u0627!&quot;,&quot;description&quot;:&quot;\u0647\u0630\u0647 \u0642\u0635\u0629 \u0627\u0644\u0648\u0627\u062d\u0627\u062a \u0627\u0644\u0645\u063a\u0631\u0628\u064a\u0629\u060c \u062a\u062a\u062d\u0648\u0651\u0644 \u062a\u062f\u0631\u064a\u062c\u064a\u0627\u064b \u0645\u0646 \u0648\u0627\u062d\u0627\u062a \u062a\u0646\u0628\u0636 \u0628\u0627\u0644\u062d\u064a\u0627\u0629 \u0627\u0644\u0649 \u0648\u0627\u062d\u0627\u062a \u0634\u0628\u0647 \u0642\u0627\u062d\u0644\u0629 \u0628\u0633\u0628\u0628 \u062a\u063a\u064a\u0631 \u0627\u0644\u0645\u0646\u0627\u062e.\u0645\u0639 \u0627\u0639\u062a\u0645\u0627\u062f\u0646\u0627 \u0639\u0644\u0649 \u062d\u0631\u0642 \u0627\u0644\u0648\u0642\u0648\u062f \u0627\u0644\u0623\u062d\u0641\u0648\u0631\u064a \u0643\u0645\u0635\u062f\u0631 \u0631\u0626\u064a\u0633\u064a \u0648\u0648\u062d\u064a\u062f \u0644\u0625\u0646\u062a\u0627\u062c \u0627\u0644\u0643\u0647\u0631\u0628\u0627\u0621\u060c \u0627\u0631\u062a\u0641\u0639\u062a \u062f\u0631\u062c\u0629 \u062d\u0631\u0627\u0631\u0629 \u0627\u0644\u0623\u0631\u0636 \u0648\u0623\u0635\u0628\u062d\u062a \u0647\u0630\u0647 \u0627\u0644\u0648\u0627\u062d\u0627\u062a \u0623\u0643\u062b\u0631 \u062d\u0631\u0627\u0631\u0629 \u0641\u0634\u0647\u062f\u062a \u062a\u063a\u064a\u064a\u0631\u0627\u062a \u062c\u0630\u0631\u064a\u0629 \u0641\u064a \u0646\u0638\u0627\u0645\u0647\u0627 \u0627\u0644\u0625\u064a\u0643\u0648\u0644\u0648\u062c\u064a.\u0646\u0637\u0644\u0628 \u0627\u0644\u064a\u0648\u0645 \u0645\u0646 \u0642\u0627\u062f\u0629 \u0627\u0644\u062d\u0643\u0648\u0645\u0629 \u0627\u0644\u0645\u063a\u0631\u0628\u064a\u0629 \u0627\u0646 \u064a\u062a\u062d\u0631\u0643\u0648\u0627 \u0645\u0646 \u0623\u062c\u0644 \u0627\u0644\u0648\u0627\u062d\u0627\u062a \u0627\u0644\u0645\u063a\u0631\u0628\u064a\u0629 \u0648\u0627\u0644\u062f\u0641\u0627\u0639 \u0639\u0646\u0647\u0627 \u0644\u062a\u062e\u0641\u064a\u0641 \u062d\u062c\u0645 \u0627\u0644\u062a\u0623\u062b\u064a\u0631 \u0648\u0627\u0644\u0639\u0645\u0644 \u0639\u0644\u0649 \u0637\u0631\u0642 \u0648\u0648\u0633\u0627\u0626\u0644 \u0644\u0644\u062a\u0623\u0642\u0644\u0645 \u0648\u0648\u0642\u0641 \u0627\u0644\u062a\u0647\u062f\u064a\u062f\u0627\u062a.&lt;br&gt;&lt;br&gt;&quot;,&quot;link_text&quot;:&quot;\u0648\u0642\u0651\u0639 \u0639\u0644\u0649 \u0647\u0630\u0647 \u0627\u0644\u0639\u0631\u064a\u0636\u0629&quot;,&quot;link_url&quot;:&quot;https:\/\/mena.greenpeace.org\/ar\/%D9%86%D8%AD%D9%85%D9%8A-%D8%A7%D9%84%D9%88%D8%A7%D8%AD%D8%A7%D8%AA-%D8%A7%D9%84%D9%85%D8%BA%D8%B1%D8%A8%D9%8A%D8%A9&quot;,&quot;link_url_new_tab&quot;:false,&quot;image_url&quot;:&quot;https:\/\/www.greenpeace.org\/static\/planet4-mena-stateless\/2019\/12\/86fa85cc-kf2a4147-scaled.jpg&quot;,&quot;image_srcset&quot;:&quot;https:\/\/www.greenpeace.org\/static\/planet4-mena-stateless\/2019\/12\/86fa85cc-kf2a4147-150x150.jpg 150w,https:\/\/www.greenpeace.org\/static\/planet4-mena-stateless\/2019\/12\/86fa85cc-kf2a4147-300x200.jpg 300w,https:\/\/www.greenpeace.org\/static\/planet4-mena-stateless\/2019\/12\/86fa85cc-kf2a4147-1024x683.jpg 1024w,https:\/\/www.greenpeace.org\/static\/planet4-mena-stateless\/2019\/12\/86fa85cc-kf2a4147-510x340.jpg 510w,https:\/\/www.greenpeace.org\/static\/planet4-mena-stateless\/2019\/12\/86fa85cc-kf2a4147-2048x1366.jpg 2048w,https:\/\/www.greenpeace.org\/static\/planet4-mena-stateless\/2019\/12\/86fa85cc-kf2a4147-scaled.jpg 2560w&quot;}],&quot;currentImageIndex&quot;:0}\"><section class=\"block block-header alignfull carousel-header \"><div class=\"carousel-wrapper-header\"><div class=\"carousel-inner\" role=\"listbox\"><div class=\"carousel-item active\"><div class=\"carousel-item-mask\"><div class=\"background-holder\"><img decoding=\"async\" src=\"https:\/\/www.greenpeace.org\/static\/planet4-mena-stateless\/2019\/12\/86fa85cc-kf2a4147-scaled.jpg\" style=\"object-position:50% 50%\" srcSet=\"https:\/\/www.greenpeace.org\/static\/planet4-mena-stateless\/2019\/12\/86fa85cc-kf2a4147-150x150.jpg 150w,https:\/\/www.greenpeace.org\/static\/planet4-mena-stateless\/2019\/12\/86fa85cc-kf2a4147-300x200.jpg 300w,https:\/\/www.greenpeace.org\/static\/planet4-mena-stateless\/2019\/12\/86fa85cc-kf2a4147-1024x683.jpg 1024w,https:\/\/www.greenpeace.org\/static\/planet4-mena-stateless\/2019\/12\/86fa85cc-kf2a4147-510x340.jpg 510w,https:\/\/www.greenpeace.org\/static\/planet4-mena-stateless\/2019\/12\/86fa85cc-kf2a4147-2048x1366.jpg 2048w,https:\/\/www.greenpeace.org\/static\/planet4-mena-stateless\/2019\/12\/86fa85cc-kf2a4147-scaled.jpg 2560w\"\/><\/div><div class=\"carousel-caption\"><div class=\"caption-overlay\"><\/div><div class=\"container main-header\"><div class=\"carousel-captions-wrapper\"><h2>\u0646\u062d\u0645\u064a \u0627\u0644\u0648\u0627\u062d\u0627\u062a \u0627\u0644\u0645\u063a\u0631\u0628\u064a\u0629 \u0642\u0628\u0644 \u0632\u0648\u0627\u0644\u0647\u0627!<\/h2><p>\u0647\u0630\u0647 \u0642\u0635\u0629 \u0627\u0644\u0648\u0627\u062d\u0627\u062a \u0627\u0644\u0645\u063a\u0631\u0628\u064a\u0629\u060c \u062a\u062a\u062d\u0648\u0651\u0644 \u062a\u062f\u0631\u064a\u062c\u064a\u0627\u064b \u0645\u0646 \u0648\u0627\u062d\u0627\u062a \u062a\u0646\u0628\u0636 \u0628\u0627\u0644\u062d\u064a\u0627\u0629 \u0627\u0644\u0649 \u0648\u0627\u062d\u0627\u062a \u0634\u0628\u0647 \u0642\u0627\u062d\u0644\u0629 \u0628\u0633\u0628\u0628 \u062a\u063a\u064a\u0631 \u0627\u0644\u0645\u0646\u0627\u062e.\u0645\u0639 \u0627\u0639\u062a\u0645\u0627\u062f\u0646\u0627 \u0639\u0644\u0649 \u062d\u0631\u0642 \u0627\u0644\u0648\u0642\u0648\u062f \u0627\u0644\u0623\u062d\u0641\u0648\u0631\u064a \u0643\u0645\u0635\u062f\u0631 \u0631\u0626\u064a\u0633\u064a \u0648\u0648\u062d\u064a\u062f \u0644\u0625\u0646\u062a\u0627\u062c \u0627\u0644\u0643\u0647\u0631\u0628\u0627\u0621\u060c \u0627\u0631\u062a\u0641\u0639\u062a \u062f\u0631\u062c\u0629 \u062d\u0631\u0627\u0631\u0629 \u0627\u0644\u0623\u0631\u0636 \u0648\u0623\u0635\u0628\u062d\u062a \u0647\u0630\u0647 \u0627\u0644\u0648\u0627\u062d\u0627\u062a \u0623\u0643\u062b\u0631 \u062d\u0631\u0627\u0631\u0629 \u0641\u0634\u0647\u062f\u062a \u062a\u063a\u064a\u064a\u0631\u0627\u062a \u062c\u0630\u0631\u064a\u0629 \u0641\u064a \u0646\u0638\u0627\u0645\u0647\u0627 \u0627\u0644\u0625\u064a\u0643\u0648\u0644\u0648\u062c\u064a.\u0646\u0637\u0644\u0628 \u0627\u0644\u064a\u0648\u0645 \u0645\u0646 \u0642\u0627\u062f\u0629 \u0627\u0644\u062d\u0643\u0648\u0645\u0629 \u0627\u0644\u0645\u063a\u0631\u0628\u064a\u0629 \u0627\u0646 \u064a\u062a\u062d\u0631\u0643\u0648\u0627 \u0645\u0646 \u0623\u062c\u0644 \u0627\u0644\u0648\u0627\u062d\u0627\u062a \u0627\u0644\u0645\u063a\u0631\u0628\u064a\u0629 \u0648\u0627\u0644\u062f\u0641\u0627\u0639 \u0639\u0646\u0647\u0627 \u0644\u062a\u062e\u0641\u064a\u0641 \u062d\u062c\u0645 \u0627\u0644\u062a\u0623\u062b\u064a\u0631 \u0648\u0627\u0644\u0639\u0645\u0644 \u0639\u0644\u0649 \u0637\u0631\u0642 \u0648\u0648\u0633\u0627\u0626\u0644 \u0644\u0644\u062a\u0623\u0642\u0644\u0645 \u0648\u0648\u0642\u0641 \u0627\u0644\u062a\u0647\u062f\u064a\u062f\u0627\u062a.<br><br><\/p><\/div><div class=\"col-xs-12 col-sm-8 col-md-4 action-button\"><a href=\"https:\/\/mena.greenpeace.org\/ar\/%D9%86%D8%AD%D9%85%D9%8A-%D8%A7%D9%84%D9%88%D8%A7%D8%AD%D8%A7%D8%AA-%D8%A7%D9%84%D9%85%D8%BA%D8%B1%D8%A8%D9%8A%D8%A9\" class=\"btn btn-primary\" data-ga-category=\"Carousel Header\" data-ga-action=\"Call to Action\"><span>\u0648\u0642\u0651\u0639 \u0639\u0644\u0649 \u0647\u0630\u0647 \u0627\u0644\u0639\u0631\u064a\u0636\u0629<\/span><\/a><\/div><\/div><\/div><\/div><\/div><\/div><\/div><\/section><\/div><\/div>\n<\/div>\n\n","protected":false},"excerpt":{"rendered":"<p>C\u2019est l&#8217;histoire de nombreuses oasis \u00e0 travers le monde, du Maroc \u00e0 la Jordanie, des oasis dynamiques partagent la m\u00eame crise: hautes temp\u00e9ratures, s\u00e9cheresse et raret\u00e9 des nappes souterraines.<\/p>\n","protected":false},"author":8,"featured_media":5940,"parent":4281,"menu_order":0,"comment_status":"closed","ping_status":"closed","template":"","meta":{"_planet4_optimize_post_is_variant":false,"_planet4_optimize_experiment_name":"","_planet4_optimize_variant_name":"","ep_exclude_from_search":false,"p4_hide_page_title_checkbox":"on","p4_title":"","p4_subtitle":"","p4_description":"","background_image_id":"","background_image":"","p4_button_title":"","p4_button_link":"","p4_button_link_checkbox":"","p4_og_title":"","p4_og_description":"","p4_og_image":"","p4_og_image_id":"","p4_seo_canonical_url":"","p4_campaign_name":"not set","p4_local_project":"not set","p4_basket_name":"not set","p4_department":"","footnotes":""},"categories":[280,121,280],"tags":[141],"class_list":{"0":"post-5938","1":"page","2":"type-page","3":"status-publish","4":"has-post-thumbnail","5":"hentry","6":"category-greenpeace-moyen-orient-et-afrique-du-nord","7":"category-non-classifiee","9":"tag-climat"},"yoast_head":"<!-- This site is optimized with the Yoast SEO Premium plugin v27.4 (Yoast SEO v27.4) - https:\/\/yoast.com\/product\/yoast-seo-premium-wordpress\/ -->\n<title>Prot\u00e9geons les oasis Marocaines avant qu&#039;elles ne disparaissent! - Greenpeace Moyen Orient et Afrique du Nord<\/title>\n<meta name=\"robots\" content=\"index, follow, max-snippet:-1, max-image-preview:large, max-video-preview:-1\" \/>\n<link rel=\"canonical\" href=\"http:\/\/www.greenpeace.org\/mena\/ar\/\u062a\u062d\u0631\u0651\u0643\/mo\/\" \/>\n<meta property=\"og:locale\" content=\"fr_FR\" \/>\n<meta property=\"og:type\" content=\"article\" \/>\n<meta property=\"og:title\" content=\"Prot\u00e9geons les oasis Marocaines avant qu&#039;elles ne disparaissent!\" \/>\n<meta property=\"og:description\" content=\"C\u2019est l&#039;histoire de nombreuses oasis \u00e0 travers le monde, du Maroc \u00e0 la Jordanie, des oasis dynamiques partagent la m\u00eame crise: hautes temp\u00e9ratures, s\u00e9cheresse et raret\u00e9 des nappes souterraines.\" \/>\n<meta property=\"og:url\" content=\"http:\/\/www.greenpeace.org\/mena\/ar\/\u062a\u062d\u0631\u0651\u0643\/mo\/\" \/>\n<meta property=\"og:site_name\" content=\"Greenpeace Moyen Orient et Afrique du Nord\" \/>\n<meta property=\"article:publisher\" content=\"https:\/\/www.facebook.com\/GreenpeaceAR\" \/>\n<meta property=\"article:modified_time\" content=\"2025-07-02T07:35:32+00:00\" \/>\n<meta property=\"og:image\" content=\"https:\/\/www.greenpeace.org\/static\/planet4-mena-stateless\/2019\/12\/8757bd8f-kf2a4147-scaled.jpg\" \/>\n\t<meta property=\"og:image:width\" content=\"2560\" \/>\n\t<meta property=\"og:image:height\" content=\"1707\" \/>\n\t<meta property=\"og:image:type\" content=\"image\/jpeg\" \/>\n<meta name=\"twitter:card\" content=\"summary_large_image\" \/>\n<meta name=\"twitter:site\" content=\"@GreenpeaceAR\" \/>\n<script type=\"application\/ld+json\" class=\"yoast-schema-graph\">{\"@context\":\"https:\\\/\\\/schema.org\",\"@graph\":[{\"@type\":\"WebPage\",\"@id\":\"http:\\\/\\\/www.greenpeace.org\\\/mena\\\/ar\\\/%d8%aa%d8%ad%d8%b1%d9%91%d9%83\\\/mo\\\/\",\"url\":\"http:\\\/\\\/www.greenpeace.org\\\/mena\\\/ar\\\/%d8%aa%d8%ad%d8%b1%d9%91%d9%83\\\/mo\\\/\",\"name\":\"Prot\u00e9geons les oasis Marocaines avant qu'elles ne disparaissent! - Greenpeace Moyen Orient et Afrique du Nord\",\"isPartOf\":{\"@id\":\"https:\\\/\\\/www.greenpeace.org\\\/mena\\\/ar\\\/#website\"},\"primaryImageOfPage\":{\"@id\":\"http:\\\/\\\/www.greenpeace.org\\\/mena\\\/ar\\\/%d8%aa%d8%ad%d8%b1%d9%91%d9%83\\\/mo\\\/#primaryimage\"},\"image\":{\"@id\":\"http:\\\/\\\/www.greenpeace.org\\\/mena\\\/ar\\\/%d8%aa%d8%ad%d8%b1%d9%91%d9%83\\\/mo\\\/#primaryimage\"},\"thumbnailUrl\":\"https:\\\/\\\/www.greenpeace.org\\\/static\\\/planet4-mena-stateless\\\/2019\\\/12\\\/8757bd8f-kf2a4147-scaled.jpg\",\"datePublished\":\"2019-12-03T12:51:57+00:00\",\"dateModified\":\"2025-07-02T07:35:32+00:00\",\"breadcrumb\":{\"@id\":\"http:\\\/\\\/www.greenpeace.org\\\/mena\\\/ar\\\/%d8%aa%d8%ad%d8%b1%d9%91%d9%83\\\/mo\\\/#breadcrumb\"},\"inLanguage\":\"fr\",\"potentialAction\":[{\"@type\":\"ReadAction\",\"target\":[\"http:\\\/\\\/www.greenpeace.org\\\/mena\\\/ar\\\/%d8%aa%d8%ad%d8%b1%d9%91%d9%83\\\/mo\\\/\"]}]},{\"@type\":\"ImageObject\",\"inLanguage\":\"fr\",\"@id\":\"http:\\\/\\\/www.greenpeace.org\\\/mena\\\/ar\\\/%d8%aa%d8%ad%d8%b1%d9%91%d9%83\\\/mo\\\/#primaryimage\",\"url\":\"https:\\\/\\\/www.greenpeace.org\\\/static\\\/planet4-mena-stateless\\\/2019\\\/12\\\/8757bd8f-kf2a4147-scaled.jpg\",\"contentUrl\":\"https:\\\/\\\/www.greenpeace.org\\\/static\\\/planet4-mena-stateless\\\/2019\\\/12\\\/8757bd8f-kf2a4147-scaled.jpg\",\"width\":2560,\"height\":1707},{\"@type\":\"BreadcrumbList\",\"@id\":\"http:\\\/\\\/www.greenpeace.org\\\/mena\\\/ar\\\/%d8%aa%d8%ad%d8%b1%d9%91%d9%83\\\/mo\\\/#breadcrumb\",\"itemListElement\":[{\"@type\":\"ListItem\",\"position\":1,\"name\":\"Home\",\"item\":\"https:\\\/\\\/www.greenpeace.org\\\/mena\\\/fr\\\/\"},{\"@type\":\"ListItem\",\"position\":2,\"name\":\"Agir\",\"item\":\"http:\\\/\\\/www.greenpeace.org\\\/mena\\\/ar\\\/%d8%aa%d8%ad%d8%b1%d9%91%d9%83\\\/\"},{\"@type\":\"ListItem\",\"position\":3,\"name\":\"Prot\u00e9geons les oasis Marocaines avant qu&#8217;elles ne disparaissent!\"}]},{\"@type\":\"WebSite\",\"@id\":\"https:\\\/\\\/www.greenpeace.org\\\/mena\\\/ar\\\/#website\",\"url\":\"https:\\\/\\\/www.greenpeace.org\\\/mena\\\/ar\\\/\",\"name\":\"\u063a\u0631\u064a\u0646\u0628\u064a\u0633 \u0627\u0644\u0634\u0631\u0642 \u0627\u0644\u0623\u0648\u0633\u0637 \u0648\u0634\u0645\u0627\u0644 \u0623\u0641\u0631\u064a\u0642\u064a\u0627\",\"description\":\"Greenpeace MENA fait partie du r\u00e9seau Greenpeace, qui regroupe 28 organisations nationales\\\/r\u00e9gionales ind\u00e9pendantes r\u00e9parties dans plus de 56 pays d\u2019Europe, d\u2019Am\u00e9rique, d\u2019Afrique, d\u2019Asie et du Pacifique, ainsi qu\u2019un organisme de coordination, Greenpeace International.\",\"potentialAction\":[{\"@type\":\"SearchAction\",\"target\":{\"@type\":\"EntryPoint\",\"urlTemplate\":\"https:\\\/\\\/www.greenpeace.org\\\/mena\\\/ar\\\/?s={search_term_string}\"},\"query-input\":{\"@type\":\"PropertyValueSpecification\",\"valueRequired\":true,\"valueName\":\"search_term_string\"}}],\"inLanguage\":\"fr\"}]}<\/script>\n<!-- \/ Yoast SEO Premium plugin. -->","yoast_head_json":{"title":"Prot\u00e9geons les oasis Marocaines avant qu'elles ne disparaissent! - Greenpeace Moyen Orient et Afrique du Nord","robots":{"index":"index","follow":"follow","max-snippet":"max-snippet:-1","max-image-preview":"max-image-preview:large","max-video-preview":"max-video-preview:-1"},"canonical":"http:\/\/www.greenpeace.org\/mena\/ar\/\u062a\u062d\u0631\u0651\u0643\/mo\/","og_locale":"fr_FR","og_type":"article","og_title":"Prot\u00e9geons les oasis Marocaines avant qu'elles ne disparaissent!","og_description":"C\u2019est l'histoire de nombreuses oasis \u00e0 travers le monde, du Maroc \u00e0 la Jordanie, des oasis dynamiques partagent la m\u00eame crise: hautes temp\u00e9ratures, s\u00e9cheresse et raret\u00e9 des nappes souterraines.","og_url":"http:\/\/www.greenpeace.org\/mena\/ar\/\u062a\u062d\u0631\u0651\u0643\/mo\/","og_site_name":"Greenpeace Moyen Orient et Afrique du Nord","article_publisher":"https:\/\/www.facebook.com\/GreenpeaceAR","article_modified_time":"2025-07-02T07:35:32+00:00","og_image":[{"width":2560,"height":1707,"url":"https:\/\/www.greenpeace.org\/static\/planet4-mena-stateless\/2019\/12\/8757bd8f-kf2a4147-scaled.jpg","type":"image\/jpeg"}],"twitter_card":"summary_large_image","twitter_site":"@GreenpeaceAR","schema":{"@context":"https:\/\/schema.org","@graph":[{"@type":"WebPage","@id":"http:\/\/www.greenpeace.org\/mena\/ar\/%d8%aa%d8%ad%d8%b1%d9%91%d9%83\/mo\/","url":"http:\/\/www.greenpeace.org\/mena\/ar\/%d8%aa%d8%ad%d8%b1%d9%91%d9%83\/mo\/","name":"Prot\u00e9geons les oasis Marocaines avant qu'elles ne disparaissent! - Greenpeace Moyen Orient et Afrique du Nord","isPartOf":{"@id":"https:\/\/www.greenpeace.org\/mena\/ar\/#website"},"primaryImageOfPage":{"@id":"http:\/\/www.greenpeace.org\/mena\/ar\/%d8%aa%d8%ad%d8%b1%d9%91%d9%83\/mo\/#primaryimage"},"image":{"@id":"http:\/\/www.greenpeace.org\/mena\/ar\/%d8%aa%d8%ad%d8%b1%d9%91%d9%83\/mo\/#primaryimage"},"thumbnailUrl":"https:\/\/www.greenpeace.org\/static\/planet4-mena-stateless\/2019\/12\/8757bd8f-kf2a4147-scaled.jpg","datePublished":"2019-12-03T12:51:57+00:00","dateModified":"2025-07-02T07:35:32+00:00","breadcrumb":{"@id":"http:\/\/www.greenpeace.org\/mena\/ar\/%d8%aa%d8%ad%d8%b1%d9%91%d9%83\/mo\/#breadcrumb"},"inLanguage":"fr","potentialAction":[{"@type":"ReadAction","target":["http:\/\/www.greenpeace.org\/mena\/ar\/%d8%aa%d8%ad%d8%b1%d9%91%d9%83\/mo\/"]}]},{"@type":"ImageObject","inLanguage":"fr","@id":"http:\/\/www.greenpeace.org\/mena\/ar\/%d8%aa%d8%ad%d8%b1%d9%91%d9%83\/mo\/#primaryimage","url":"https:\/\/www.greenpeace.org\/static\/planet4-mena-stateless\/2019\/12\/8757bd8f-kf2a4147-scaled.jpg","contentUrl":"https:\/\/www.greenpeace.org\/static\/planet4-mena-stateless\/2019\/12\/8757bd8f-kf2a4147-scaled.jpg","width":2560,"height":1707},{"@type":"BreadcrumbList","@id":"http:\/\/www.greenpeace.org\/mena\/ar\/%d8%aa%d8%ad%d8%b1%d9%91%d9%83\/mo\/#breadcrumb","itemListElement":[{"@type":"ListItem","position":1,"name":"Home","item":"https:\/\/www.greenpeace.org\/mena\/fr\/"},{"@type":"ListItem","position":2,"name":"Agir","item":"http:\/\/www.greenpeace.org\/mena\/ar\/%d8%aa%d8%ad%d8%b1%d9%91%d9%83\/"},{"@type":"ListItem","position":3,"name":"Prot\u00e9geons les oasis Marocaines avant qu&#8217;elles ne disparaissent!"}]},{"@type":"WebSite","@id":"https:\/\/www.greenpeace.org\/mena\/ar\/#website","url":"https:\/\/www.greenpeace.org\/mena\/ar\/","name":"\u063a\u0631\u064a\u0646\u0628\u064a\u0633 \u0627\u0644\u0634\u0631\u0642 \u0627\u0644\u0623\u0648\u0633\u0637 \u0648\u0634\u0645\u0627\u0644 \u0623\u0641\u0631\u064a\u0642\u064a\u0627","description":"Greenpeace MENA fait partie du r\u00e9seau Greenpeace, qui regroupe 28 organisations nationales\/r\u00e9gionales ind\u00e9pendantes r\u00e9parties dans plus de 56 pays d\u2019Europe, d\u2019Am\u00e9rique, d\u2019Afrique, d\u2019Asie et du Pacifique, ainsi qu\u2019un organisme de coordination, Greenpeace International.","potentialAction":[{"@type":"SearchAction","target":{"@type":"EntryPoint","urlTemplate":"https:\/\/www.greenpeace.org\/mena\/ar\/?s={search_term_string}"},"query-input":{"@type":"PropertyValueSpecification","valueRequired":true,"valueName":"search_term_string"}}],"inLanguage":"fr"}]}},"_links":{"self":[{"href":"https:\/\/www.greenpeace.org\/mena\/fr\/wp-json\/wp\/v2\/pages\/5938","targetHints":{"allow":["GET"]}}],"collection":[{"href":"https:\/\/www.greenpeace.org\/mena\/fr\/wp-json\/wp\/v2\/pages"}],"about":[{"href":"https:\/\/www.greenpeace.org\/mena\/fr\/wp-json\/wp\/v2\/types\/page"}],"author":[{"embeddable":true,"href":"https:\/\/www.greenpeace.org\/mena\/fr\/wp-json\/wp\/v2\/users\/8"}],"replies":[{"embeddable":true,"href":"https:\/\/www.greenpeace.org\/mena\/fr\/wp-json\/wp\/v2\/comments?post=5938"}],"version-history":[{"count":6,"href":"https:\/\/www.greenpeace.org\/mena\/fr\/wp-json\/wp\/v2\/pages\/5938\/revisions"}],"predecessor-version":[{"id":17554,"href":"https:\/\/www.greenpeace.org\/mena\/fr\/wp-json\/wp\/v2\/pages\/5938\/revisions\/17554"}],"up":[{"embeddable":true,"href":"https:\/\/www.greenpeace.org\/mena\/fr\/wp-json\/wp\/v2\/pages\/4281"}],"wp:featuredmedia":[{"embeddable":true,"href":"https:\/\/www.greenpeace.org\/mena\/fr\/wp-json\/wp\/v2\/media\/5940"}],"wp:attachment":[{"href":"https:\/\/www.greenpeace.org\/mena\/fr\/wp-json\/wp\/v2\/media?parent=5938"}],"wp:term":[{"taxonomy":"category","embeddable":true,"href":"https:\/\/www.greenpeace.org\/mena\/fr\/wp-json\/wp\/v2\/categories?post=5938"},{"taxonomy":"post_tag","embeddable":true,"href":"https:\/\/www.greenpeace.org\/mena\/fr\/wp-json\/wp\/v2\/tags?post=5938"}],"curies":[{"name":"wp","href":"https:\/\/api.w.org\/{rel}","templated":true}]}}