{"id":230,"date":"2018-05-14T12:33:35","date_gmt":"2018-05-14T12:33:35","guid":{"rendered":"https:\/\/k8s.p4.greenpeace.org\/defaultcontent\/?page_id=230"},"modified":"2025-09-23T04:59:22","modified_gmt":"2025-09-23T09:59:22","slug":"prensa","status":"publish","type":"page","link":"https:\/\/www.greenpeace.org\/mexico\/prensa\/","title":{"rendered":"Prensa"},"content":{"rendered":"\n<div class=\"wp-block-group is-vertical is-layout-flex wp-container-core-group-is-layout-8cf370e7 wp-block-group-is-layout-flex\">\n<p>La labor period\u00edstica es fundamental para alcanzar los objetivos en la defensa del medio ambiente. Sin los medios, la voz del planeta no podr\u00eda llegar a los o\u00eddos de una sociedad que necesita conocer la problem\u00e1tica ambiental, sus or\u00edgenes, los impactos, los actores y los afectados.&nbsp;<\/p>\n\n\n\n<p>Esta secci\u00f3n pone a disposici\u00f3n de los periodistas el contenido informativo generado por Greenpeace M\u00e9xico.&nbsp;<\/p>\n<\/div>\n<div data-render=\"planet4-blocks\/columns\" data-attributes=\"{&quot;attributes&quot;:{&quot;columns&quot;:[{&quot;title&quot;:&quot;Coordinaci\\u00f3n de Prensa&quot;,&quot;description&quot;:&quot;Sara del Real&lt;br&gt;sara.del.real@greenpeace.org&quot;,&quot;cta_link&quot;:&quot;https:\\\/\\\/x.com\\\/greenpeacemx&quot;,&quot;link_new_tab&quot;:false,&quot;cta_text&quot;:&quot;X: @greenpeacemx&quot;},{&quot;title&quot;:&quot;Materiales multimedia&quot;,&quot;description&quot;:&quot;Conoce nuestra biblioteca de fotograf\\u00edas y videos. Aqu\\u00ed podr\\u00e1s encontrar y descargar im\\u00e1genes del trabajo de Greenpeace alrededor del mundo.&quot;,&quot;cta_link&quot;:&quot;http:\\\/\\\/media.greenpeace.org&quot;,&quot;link_new_tab&quot;:false,&quot;cta_text&quot;:&quot;Ver fotos y videos&quot;}],&quot;className&quot;:&quot;is-style-no_image&quot;,&quot;columns_block_style&quot;:&quot;no_image&quot;}}\"><\/div>\n<div class=\"wp-block-query posts-list p4-query-loop is-custom-layout-list is-layout-flow wp-block-query-is-layout-flow\">\n<div class=\"wp-block-group is-content-justification-space-between is-layout-flex wp-container-core-group-is-layout-3d213aab wp-block-group-is-layout-flex\">\n<h2 class=\"wp-block-heading\">\u00daltimos comunicados de prensa<\/h2>\n\n\n<li class=\" wp-block-navigation-item see-all-link wp-block-navigation-link\"><a class=\"wp-block-navigation-item__content\"  href=\"http:\/\/www-dev.greenpeace.org\/mexico\/news-stories\/?post-type=informacion-prensa\"><span class=\"wp-block-navigation-item__label\">See all stories<\/span><\/a><\/li><\/div>\n\n\n\n<p style=\"margin-top:24px;margin-bottom:36px\"><\/p>\n\n\n\n\n<ul class=\"wp-block-post-template is-layout-flow wp-block-post-template-is-layout-flow\"><li class=\"wp-block-post post-62854 post type-post status-publish format-standard has-post-thumbnail hentry category-derechos-humanos tag-combustibles-fosiles tag-perdida-de-ecosistemas p4-page-type-informacion-prensa\">\n\n<div class=\"wp-block-columns is-layout-flex wp-container-core-columns-is-layout-9d6595d7 wp-block-columns-is-layout-flex\"><figure class=\"wp-block-post-featured-image\"><a href=\"https:\/\/www.greenpeace.org\/mexico\/informacion-prensa\/62854\/derrame-golfo-de-mexico-plan-de-accion-integral\/\" target=\"_self\"  ><img loading=\"lazy\" decoding=\"async\" width=\"1200\" height=\"1600\" src=\"https:\/\/www.greenpeace.org\/static\/planet4-mexico-stateless\/2026\/04\/6fa6f454-isla-sacrificios-14-abril-2026.jpeg\" class=\"attachment-post-thumbnail size-post-thumbnail wp-post-image wp-stateless-item\" alt=\"El derrame en el Golfo de M\u00e9xico necesita un plan de acci\u00f3n integral y urgente de recuperaci\u00f3n y regeneraci\u00f3n\" style=\"object-fit:cover;\" srcset=\"https:\/\/www.greenpeace.org\/static\/planet4-mexico-stateless\/2026\/04\/6fa6f454-isla-sacrificios-14-abril-2026.jpeg 1200w, https:\/\/www.greenpeace.org\/static\/planet4-mexico-stateless\/2026\/04\/6fa6f454-isla-sacrificios-14-abril-2026-225x300.jpeg 225w, https:\/\/www.greenpeace.org\/static\/planet4-mexico-stateless\/2026\/04\/6fa6f454-isla-sacrificios-14-abril-2026-768x1024.jpeg 768w, https:\/\/www.greenpeace.org\/static\/planet4-mexico-stateless\/2026\/04\/6fa6f454-isla-sacrificios-14-abril-2026-1152x1536.jpeg 1152w, https:\/\/www.greenpeace.org\/static\/planet4-mexico-stateless\/2026\/04\/6fa6f454-isla-sacrificios-14-abril-2026-1025x1366.jpeg 1025w, https:\/\/www.greenpeace.org\/static\/planet4-mexico-stateless\/2026\/04\/6fa6f454-isla-sacrificios-14-abril-2026-255x340.jpeg 255w\" sizes=\"auto, (max-width: 1200px) 100vw, 1200px\" data-image-size=\"post-thumbnail\" data-stateless-media-bucket=\"planet4-mexico-stateless\" data-stateless-media-name=\"2026\/04\/6fa6f454-isla-sacrificios-14-abril-2026.jpeg\" \/><\/a><\/figure>\n\n\n<div class=\"wp-block-group is-layout-flow wp-block-group-is-layout-flow\">\n<div class=\"wp-block-group is-layout-flex wp-block-group-is-layout-flex\"><div class=\"wp-block-post-terms\"><a href=\"https:\/\/www.greenpeace.org\/mexico\/category\/derechos-humanos\/\">Derechos humanos<\/a><\/div>\n\n<div class=\"taxonomy-post_tag wp-block-post-terms\"><a href=\"https:\/\/www.greenpeace.org\/mexico\/tag\/combustibles-fosiles\/\" rel=\"tag\">Combustibles f\u00f3siles<\/a><span class=\"wp-block-post-terms__separator\"> <\/span><a href=\"https:\/\/www.greenpeace.org\/mexico\/tag\/perdida-de-ecosistemas\/\" rel=\"tag\">P\u00e9rdida de ecosistemas<\/a><\/div><\/div>\n\n\n<h3 class=\"wp-block-post-title\"><a href=\"https:\/\/www.greenpeace.org\/mexico\/informacion-prensa\/62854\/derrame-golfo-de-mexico-plan-de-accion-integral\/\" target=\"_self\" >El derrame en el Golfo de M\u00e9xico necesita un plan de acci\u00f3n integral y urgente de recuperaci\u00f3n y regeneraci\u00f3n<\/a><\/h3>\n\n<div class=\"wp-block-post-excerpt\"><p class=\"wp-block-post-excerpt__excerpt\">La afectaci\u00f3n por el derrame de petr\u00f3leo en el Golfo de M\u00e9xico contin\u00faa. Sigue leyendo para saber m\u00e1s. <\/p><\/div>\n\n\n<div class=\"wp-block-group posts-list-meta is-layout-flow wp-block-group-is-layout-flow\"><span class='article-list-item-author'>ONG\u00b4s<\/span>\n\n<div class=\"wp-block-post-date\"><time datetime=\"2026-04-27T14:06:34-05:00\">abril 27, 2026<\/time><\/div><\/div>\n<\/div>\n<\/div>\n\n<\/li><li class=\"wp-block-post post-62842 post type-post status-publish format-standard has-post-thumbnail hentry category-derechos-humanos tag-activismo tag-derechos-humanos p4-page-type-informacion-prensa\">\n\n<div class=\"wp-block-columns is-layout-flex wp-container-core-columns-is-layout-9d6595d7 wp-block-columns-is-layout-flex\"><figure class=\"wp-block-post-featured-image\"><a href=\"https:\/\/www.greenpeace.org\/mexico\/informacion-prensa\/62842\/mexico-no-es-lugar-seguro-para-defensoras-de-la-naturaleza\/\" target=\"_self\"  ><img loading=\"lazy\" decoding=\"async\" width=\"1200\" height=\"800\" src=\"https:\/\/www.greenpeace.org\/static\/planet4-mexico-stateless\/2025\/09\/fdce08b2-mujer-indigena-activista.jpg\" class=\"attachment-post-thumbnail size-post-thumbnail wp-post-image wp-stateless-item\" alt=\"M\u00e9xico no es un lugar seguro para las personas defensoras de la naturaleza\" style=\"object-fit:cover;\" srcset=\"https:\/\/www.greenpeace.org\/static\/planet4-mexico-stateless\/2025\/09\/fdce08b2-mujer-indigena-activista.jpg 1200w, https:\/\/www.greenpeace.org\/static\/planet4-mexico-stateless\/2025\/09\/fdce08b2-mujer-indigena-activista-300x200.jpg 300w, https:\/\/www.greenpeace.org\/static\/planet4-mexico-stateless\/2025\/09\/fdce08b2-mujer-indigena-activista-1024x683.jpg 1024w, https:\/\/www.greenpeace.org\/static\/planet4-mexico-stateless\/2025\/09\/fdce08b2-mujer-indigena-activista-768x512.jpg 768w, https:\/\/www.greenpeace.org\/static\/planet4-mexico-stateless\/2025\/09\/fdce08b2-mujer-indigena-activista-510x340.jpg 510w\" sizes=\"auto, (max-width: 1200px) 100vw, 1200px\" data-image-size=\"post-thumbnail\" data-stateless-media-bucket=\"planet4-mexico-stateless\" data-stateless-media-name=\"2025\/09\/fdce08b2-mujer-indigena-activista.jpg\" \/><\/a><\/figure>\n\n\n<div class=\"wp-block-group is-layout-flow wp-block-group-is-layout-flow\">\n<div class=\"wp-block-group is-layout-flex wp-block-group-is-layout-flex\"><div class=\"wp-block-post-terms\"><a href=\"https:\/\/www.greenpeace.org\/mexico\/category\/derechos-humanos\/\">Derechos humanos<\/a><\/div>\n\n<div class=\"taxonomy-post_tag wp-block-post-terms\"><a href=\"https:\/\/www.greenpeace.org\/mexico\/tag\/activismo\/\" rel=\"tag\">Activismo<\/a><span class=\"wp-block-post-terms__separator\"> <\/span><a href=\"https:\/\/www.greenpeace.org\/mexico\/tag\/derechos-humanos\/\" rel=\"tag\">Derechos humanos<\/a><\/div><\/div>\n\n\n<h3 class=\"wp-block-post-title\"><a href=\"https:\/\/www.greenpeace.org\/mexico\/informacion-prensa\/62842\/mexico-no-es-lugar-seguro-para-defensoras-de-la-naturaleza\/\" target=\"_self\" >M\u00e9xico no es un lugar seguro para las personas defensoras de la naturaleza<\/a><\/h3>\n\n<div class=\"wp-block-post-excerpt\"><p class=\"wp-block-post-excerpt__excerpt\">\u00bfQu\u00e9 es el Acuerdo de Escaz\u00fa y por qu\u00e9 deber\u00eda ser un asunto de inter\u00e9s p\u00fablico? Sigue leyendo para saber m\u00e1s. <\/p><\/div>\n\n\n<div class=\"wp-block-group posts-list-meta is-layout-flow wp-block-group-is-layout-flow\"><span class='article-list-item-author'>Greenpeace M\u00e9xico<\/span>\n\n<div class=\"wp-block-post-date\"><time datetime=\"2026-04-21T17:32:44-05:00\">abril 21, 2026<\/time><\/div><\/div>\n<\/div>\n<\/div>\n\n<\/li><li class=\"wp-block-post post-62838 post type-post status-publish format-standard has-post-thumbnail hentry category-clima-y-energia tag-combustibles-fosiles tag-perdida-de-ecosistemas tag-oceanos p4-page-type-informacion-prensa\">\n\n<div class=\"wp-block-columns is-layout-flex wp-container-core-columns-is-layout-9d6595d7 wp-block-columns-is-layout-flex\"><figure class=\"wp-block-post-featured-image\"><a href=\"https:\/\/www.greenpeace.org\/mexico\/informacion-prensa\/62838\/ocultaron-informacion-de-derrame-en-el-golfo\/\" target=\"_self\"  ><img loading=\"lazy\" decoding=\"async\" width=\"1366\" height=\"768\" src=\"https:\/\/www.greenpeace.org\/static\/planet4-mexico-stateless\/2026\/03\/7720b670-texto-del-parrafo-5.png\" class=\"attachment-post-thumbnail size-post-thumbnail wp-post-image wp-stateless-item\" alt=\"Ocultaron informaci\u00f3n de derrame en el Golfo\" style=\"object-fit:cover;\" srcset=\"https:\/\/www.greenpeace.org\/static\/planet4-mexico-stateless\/2026\/03\/7720b670-texto-del-parrafo-5.png 1366w, https:\/\/www.greenpeace.org\/static\/planet4-mexico-stateless\/2026\/03\/7720b670-texto-del-parrafo-5-300x169.png 300w, https:\/\/www.greenpeace.org\/static\/planet4-mexico-stateless\/2026\/03\/7720b670-texto-del-parrafo-5-1024x576.png 1024w, https:\/\/www.greenpeace.org\/static\/planet4-mexico-stateless\/2026\/03\/7720b670-texto-del-parrafo-5-768x432.png 768w, https:\/\/www.greenpeace.org\/static\/planet4-mexico-stateless\/2026\/03\/7720b670-texto-del-parrafo-5-510x287.png 510w\" sizes=\"auto, (max-width: 1366px) 100vw, 1366px\" data-image-size=\"post-thumbnail\" data-stateless-media-bucket=\"planet4-mexico-stateless\" data-stateless-media-name=\"2026\/03\/7720b670-texto-del-parrafo-5.png\" \/><\/a><\/figure>\n\n\n<div class=\"wp-block-group is-layout-flow wp-block-group-is-layout-flow\">\n<div class=\"wp-block-group is-layout-flex wp-block-group-is-layout-flex\"><div class=\"wp-block-post-terms\"><a href=\"https:\/\/www.greenpeace.org\/mexico\/category\/clima-y-energia\/\">Clima y energ\u00eda<\/a><\/div>\n\n<div class=\"taxonomy-post_tag wp-block-post-terms\"><a href=\"https:\/\/www.greenpeace.org\/mexico\/tag\/combustibles-fosiles\/\" rel=\"tag\">Combustibles f\u00f3siles<\/a><span class=\"wp-block-post-terms__separator\"> <\/span><a href=\"https:\/\/www.greenpeace.org\/mexico\/tag\/perdida-de-ecosistemas\/\" rel=\"tag\">P\u00e9rdida de ecosistemas<\/a><span class=\"wp-block-post-terms__separator\"> <\/span><a href=\"https:\/\/www.greenpeace.org\/mexico\/tag\/oceanos\/\" rel=\"tag\">Oc\u00e9anos<\/a><\/div><\/div>\n\n\n<h3 class=\"wp-block-post-title\"><a href=\"https:\/\/www.greenpeace.org\/mexico\/informacion-prensa\/62838\/ocultaron-informacion-de-derrame-en-el-golfo\/\" target=\"_self\" >Ocultaron informaci\u00f3n de derrame en el Golfo<\/a><\/h3>\n\n<div class=\"wp-block-post-excerpt\"><p class=\"wp-block-post-excerpt__excerpt\">El derrame de hidrocarburo se origin\u00f3 en un ducto de Pemex <\/p><\/div>\n\n\n<div class=\"wp-block-group posts-list-meta is-layout-flow wp-block-group-is-layout-flow\"><span class='article-list-item-author'>ONGS (40 organizaciones firmantes)<\/span>\n\n<div class=\"wp-block-post-date\"><time datetime=\"2026-04-17T17:27:23-05:00\">abril 17, 2026<\/time><\/div><\/div>\n<\/div>\n<\/div>\n\n<\/li><li class=\"wp-block-post post-62816 post type-post status-publish format-standard has-post-thumbnail hentry category-clima-y-energia tag-combustibles-fosiles p4-page-type-informacion-prensa\">\n\n<div class=\"wp-block-columns is-layout-flex wp-container-core-columns-is-layout-9d6595d7 wp-block-columns-is-layout-flex\"><figure class=\"wp-block-post-featured-image\"><a href=\"https:\/\/www.greenpeace.org\/mexico\/informacion-prensa\/62816\/presidenta-no-a-la-ceguera-ante-lo-evidente\/\" target=\"_self\"  ><img loading=\"lazy\" decoding=\"async\" width=\"1366\" height=\"768\" src=\"https:\/\/www.greenpeace.org\/static\/planet4-mexico-stateless\/2026\/04\/af3128d2-foto-cortesia-de-pablo-e.-piovano.png\" class=\"attachment-post-thumbnail size-post-thumbnail wp-post-image wp-stateless-item\" alt=\"Presidenta, no a la ceguera ante lo evidente.\" style=\"object-fit:cover;\" srcset=\"https:\/\/www.greenpeace.org\/static\/planet4-mexico-stateless\/2026\/04\/af3128d2-foto-cortesia-de-pablo-e.-piovano.png 1366w, https:\/\/www.greenpeace.org\/static\/planet4-mexico-stateless\/2026\/04\/af3128d2-foto-cortesia-de-pablo-e.-piovano-300x169.png 300w, https:\/\/www.greenpeace.org\/static\/planet4-mexico-stateless\/2026\/04\/af3128d2-foto-cortesia-de-pablo-e.-piovano-1024x576.png 1024w, https:\/\/www.greenpeace.org\/static\/planet4-mexico-stateless\/2026\/04\/af3128d2-foto-cortesia-de-pablo-e.-piovano-768x432.png 768w, https:\/\/www.greenpeace.org\/static\/planet4-mexico-stateless\/2026\/04\/af3128d2-foto-cortesia-de-pablo-e.-piovano-510x287.png 510w\" sizes=\"auto, (max-width: 1366px) 100vw, 1366px\" data-image-size=\"post-thumbnail\" data-stateless-media-bucket=\"planet4-mexico-stateless\" data-stateless-media-name=\"2026\/04\/af3128d2-foto-cortesia-de-pablo-e.-piovano.png\" \/><\/a><\/figure>\n\n\n<div class=\"wp-block-group is-layout-flow wp-block-group-is-layout-flow\">\n<div class=\"wp-block-group is-layout-flex wp-block-group-is-layout-flex\"><div class=\"wp-block-post-terms\"><a href=\"https:\/\/www.greenpeace.org\/mexico\/category\/clima-y-energia\/\">Clima y energ\u00eda<\/a><\/div>\n\n<div class=\"taxonomy-post_tag wp-block-post-terms\"><a href=\"https:\/\/www.greenpeace.org\/mexico\/tag\/combustibles-fosiles\/\" rel=\"tag\">Combustibles f\u00f3siles<\/a><\/div><\/div>\n\n\n<h3 class=\"wp-block-post-title\"><a href=\"https:\/\/www.greenpeace.org\/mexico\/informacion-prensa\/62816\/presidenta-no-a-la-ceguera-ante-lo-evidente\/\" target=\"_self\" >Presidenta, no a la ceguera ante lo evidente.<\/a><\/h3>\n\n<div class=\"wp-block-post-excerpt\"><p class=\"wp-block-post-excerpt__excerpt\">Ciudad de M\u00e9xico, 10 de abril de 2026.- A pesar del historial de desastres vinculados a laindustria f\u00f3sil, el gobierno de M\u00e9xico reafirm\u00f3 esta misma semana su apuesta por el&hellip; <\/p><\/div>\n\n\n<div class=\"wp-block-group posts-list-meta is-layout-flow wp-block-group-is-layout-flow\"><span class='article-list-item-author'>ONG\u00b4s<\/span>\n\n<div class=\"wp-block-post-date\"><time datetime=\"2026-04-10T22:03:47-05:00\">abril 10, 2026<\/time><\/div><\/div>\n<\/div>\n<\/div>\n\n<\/li><li class=\"wp-block-post post-62804 post type-post status-publish format-standard has-post-thumbnail hentry category-clima-y-energia tag-combustibles-fosiles tag-energia-renovable p4-page-type-informacion-prensa\">\n\n<div class=\"wp-block-columns is-layout-flex wp-container-core-columns-is-layout-9d6595d7 wp-block-columns-is-layout-flex\"><figure class=\"wp-block-post-featured-image\"><a href=\"https:\/\/www.greenpeace.org\/mexico\/informacion-prensa\/62804\/la-soberania-energetica-no-sera-con-fracking\/\" target=\"_self\"  ><img loading=\"lazy\" decoding=\"async\" width=\"580\" height=\"701\" src=\"https:\/\/www.greenpeace.org\/static\/planet4-mexico-stateless\/2026\/04\/19dfd7f9-captura-de-pantalla-2026-04-09-153025.png\" class=\"attachment-post-thumbnail size-post-thumbnail wp-post-image wp-stateless-item\" alt=\"La soberan\u00eda energ\u00e9tica no ser\u00e1 sacrificando con fracking la vida de las comunidades y sus territorios.\" style=\"object-fit:cover;\" srcset=\"https:\/\/www.greenpeace.org\/static\/planet4-mexico-stateless\/2026\/04\/19dfd7f9-captura-de-pantalla-2026-04-09-153025.png 580w, https:\/\/www.greenpeace.org\/static\/planet4-mexico-stateless\/2026\/04\/19dfd7f9-captura-de-pantalla-2026-04-09-153025-248x300.png 248w, https:\/\/www.greenpeace.org\/static\/planet4-mexico-stateless\/2026\/04\/19dfd7f9-captura-de-pantalla-2026-04-09-153025-281x340.png 281w\" sizes=\"auto, (max-width: 580px) 100vw, 580px\" data-image-size=\"post-thumbnail\" data-stateless-media-bucket=\"planet4-mexico-stateless\" data-stateless-media-name=\"2026\/04\/19dfd7f9-captura-de-pantalla-2026-04-09-153025.png\" \/><\/a><\/figure>\n\n\n<div class=\"wp-block-group is-layout-flow wp-block-group-is-layout-flow\">\n<div class=\"wp-block-group is-layout-flex wp-block-group-is-layout-flex\"><div class=\"wp-block-post-terms\"><a href=\"https:\/\/www.greenpeace.org\/mexico\/category\/clima-y-energia\/\">Clima y energ\u00eda<\/a><\/div>\n\n<div class=\"taxonomy-post_tag wp-block-post-terms\"><a href=\"https:\/\/www.greenpeace.org\/mexico\/tag\/combustibles-fosiles\/\" rel=\"tag\">Combustibles f\u00f3siles<\/a><span class=\"wp-block-post-terms__separator\"> <\/span><a href=\"https:\/\/www.greenpeace.org\/mexico\/tag\/energia-renovable\/\" rel=\"tag\">Energ\u00eda renovable<\/a><\/div><\/div>\n\n\n<h3 class=\"wp-block-post-title\"><a href=\"https:\/\/www.greenpeace.org\/mexico\/informacion-prensa\/62804\/la-soberania-energetica-no-sera-con-fracking\/\" target=\"_self\" >La soberan\u00eda energ\u00e9tica no ser\u00e1 sacrificando con fracking la vida de las comunidades y sus territorios.<\/a><\/h3>\n\n<div class=\"wp-block-post-excerpt\"><p class=\"wp-block-post-excerpt__excerpt\">La Presidenta Claudia Sheinbaum olvida su compromiso de campa\u00f1a de no permitir el desarrollo del fracking en M\u00e9xico.\u25cf Tras dos d\u00e9cadas de aplicaci\u00f3n masiva del fracking en EE.UU., existe amplia&hellip; <\/p><\/div>\n\n\n<div class=\"wp-block-group posts-list-meta is-layout-flow wp-block-group-is-layout-flow\"><span class='article-list-item-author'><a href='https:\/\/www.greenpeace.org\/mexico\/author\/greenpeace-mexico\/'>Greenpeace M\u00e9xico<\/a><\/span>\n\n<div class=\"wp-block-post-date\"><time datetime=\"2026-04-09T16:36:33-05:00\">abril 9, 2026<\/time><\/div><\/div>\n<\/div>\n<\/div>\n\n<\/li><li class=\"wp-block-post post-62796 post type-post status-publish format-standard has-post-thumbnail hentry category-derechos-humanos category-paz category-sobre-greenpeace tag-derechos-humanos p4-page-type-informacion-prensa\">\n\n<div class=\"wp-block-columns is-layout-flex wp-container-core-columns-is-layout-9d6595d7 wp-block-columns-is-layout-flex\"><figure class=\"wp-block-post-featured-image\"><a href=\"https:\/\/www.greenpeace.org\/mexico\/informacion-prensa\/62796\/no-a-la-guerra-greenpeace-estados-unidos\/\" target=\"_self\"  ><img loading=\"lazy\" decoding=\"async\" width=\"800\" height=\"577\" src=\"https:\/\/www.greenpeace.org\/static\/planet4-mexico-stateless\/2026\/04\/ac5d661a-gp0su8m9r_low-res-with-credit-line-800px.jpg\" class=\"attachment-post-thumbnail size-post-thumbnail wp-post-image wp-stateless-item\" alt=\"No a la Guerra: Greenpeace Estados Unidos\" style=\"object-fit:cover;\" srcset=\"https:\/\/www.greenpeace.org\/static\/planet4-mexico-stateless\/2026\/04\/ac5d661a-gp0su8m9r_low-res-with-credit-line-800px.jpg 800w, https:\/\/www.greenpeace.org\/static\/planet4-mexico-stateless\/2026\/04\/ac5d661a-gp0su8m9r_low-res-with-credit-line-800px-300x216.jpg 300w, https:\/\/www.greenpeace.org\/static\/planet4-mexico-stateless\/2026\/04\/ac5d661a-gp0su8m9r_low-res-with-credit-line-800px-768x554.jpg 768w, https:\/\/www.greenpeace.org\/static\/planet4-mexico-stateless\/2026\/04\/ac5d661a-gp0su8m9r_low-res-with-credit-line-800px-471x340.jpg 471w\" sizes=\"auto, (max-width: 800px) 100vw, 800px\" data-image-size=\"post-thumbnail\" data-stateless-media-bucket=\"planet4-mexico-stateless\" data-stateless-media-name=\"2026\/04\/ac5d661a-gp0su8m9r_low-res-with-credit-line-800px.jpg\" \/><\/a><\/figure>\n\n\n<div class=\"wp-block-group is-layout-flow wp-block-group-is-layout-flow\">\n<div class=\"wp-block-group is-layout-flex wp-block-group-is-layout-flex\"><div class=\"wp-block-post-terms\"><a href=\"https:\/\/www.greenpeace.org\/mexico\/category\/derechos-humanos\/\">Derechos humanos<\/a><\/div>\n\n<div class=\"taxonomy-post_tag wp-block-post-terms\"><a href=\"https:\/\/www.greenpeace.org\/mexico\/tag\/derechos-humanos\/\" rel=\"tag\">Derechos humanos<\/a><\/div><\/div>\n\n\n<h3 class=\"wp-block-post-title\"><a href=\"https:\/\/www.greenpeace.org\/mexico\/informacion-prensa\/62796\/no-a-la-guerra-greenpeace-estados-unidos\/\" target=\"_self\" >No a la Guerra: Greenpeace Estados Unidos<\/a><\/h3>\n\n<div class=\"wp-block-post-excerpt\"><p class=\"wp-block-post-excerpt__excerpt\">Greenpeace Estados Unidos llama a favor de la paz y exige un alto a la guerra contra Ir\u00e1n. Sigue leyendo para saber m\u00e1s. <\/p><\/div>\n\n\n<div class=\"wp-block-group posts-list-meta is-layout-flow wp-block-group-is-layout-flow\"><span class='article-list-item-author'>Greenpeace Estados Unidos<\/span>\n\n<div class=\"wp-block-post-date\"><time datetime=\"2026-04-08T14:08:28-05:00\">abril 8, 2026<\/time><\/div><\/div>\n<\/div>\n<\/div>\n\n<\/li><li class=\"wp-block-post post-62777 post type-post status-publish format-standard has-post-thumbnail hentry category-selva-maya tag-animales-en-peligro tag-perdida-de-ecosistemas tag-turismo p4-page-type-informacion-prensa\">\n\n<div class=\"wp-block-columns is-layout-flex wp-container-core-columns-is-layout-9d6595d7 wp-block-columns-is-layout-flex\"><figure class=\"wp-block-post-featured-image\"><a href=\"https:\/\/www.greenpeace.org\/mexico\/informacion-prensa\/62777\/persisten-irregularidades-y-vacios-perfect-day\/\" target=\"_self\"  ><img loading=\"lazy\" decoding=\"async\" width=\"1600\" height=\"1337\" src=\"https:\/\/www.greenpeace.org\/static\/planet4-mexico-stateless\/2026\/04\/4bee9d3e-whatsapp-image-2026-03-31-at-11.21.14-pm.jpeg\" class=\"attachment-post-thumbnail size-post-thumbnail wp-post-image wp-stateless-item\" alt=\"Persisten irregularidades y vac\u00edos de informaci\u00f3n entorno a Perfect Day: Greenpeace M\u00e9xico.\" style=\"object-fit:cover;\" srcset=\"https:\/\/www.greenpeace.org\/static\/planet4-mexico-stateless\/2026\/04\/4bee9d3e-whatsapp-image-2026-03-31-at-11.21.14-pm.jpeg 1600w, https:\/\/www.greenpeace.org\/static\/planet4-mexico-stateless\/2026\/04\/4bee9d3e-whatsapp-image-2026-03-31-at-11.21.14-pm-300x251.jpeg 300w, https:\/\/www.greenpeace.org\/static\/planet4-mexico-stateless\/2026\/04\/4bee9d3e-whatsapp-image-2026-03-31-at-11.21.14-pm-1024x856.jpeg 1024w, https:\/\/www.greenpeace.org\/static\/planet4-mexico-stateless\/2026\/04\/4bee9d3e-whatsapp-image-2026-03-31-at-11.21.14-pm-768x642.jpeg 768w, https:\/\/www.greenpeace.org\/static\/planet4-mexico-stateless\/2026\/04\/4bee9d3e-whatsapp-image-2026-03-31-at-11.21.14-pm-1536x1284.jpeg 1536w, https:\/\/www.greenpeace.org\/static\/planet4-mexico-stateless\/2026\/04\/4bee9d3e-whatsapp-image-2026-03-31-at-11.21.14-pm-407x340.jpeg 407w\" sizes=\"auto, (max-width: 1600px) 100vw, 1600px\" data-image-size=\"post-thumbnail\" data-stateless-media-bucket=\"planet4-mexico-stateless\" data-stateless-media-name=\"2026\/04\/4bee9d3e-whatsapp-image-2026-03-31-at-11.21.14-pm.jpeg\" \/><\/a><\/figure>\n\n\n<div class=\"wp-block-group is-layout-flow wp-block-group-is-layout-flow\">\n<div class=\"wp-block-group is-layout-flex wp-block-group-is-layout-flex\"><div class=\"wp-block-post-terms\"><a href=\"https:\/\/www.greenpeace.org\/mexico\/category\/selva-maya\/\">Selva Maya<\/a><\/div>\n\n<div class=\"taxonomy-post_tag wp-block-post-terms\"><a href=\"https:\/\/www.greenpeace.org\/mexico\/tag\/animales-en-peligro\/\" rel=\"tag\">Animales en peligro<\/a><span class=\"wp-block-post-terms__separator\"> <\/span><a href=\"https:\/\/www.greenpeace.org\/mexico\/tag\/perdida-de-ecosistemas\/\" rel=\"tag\">P\u00e9rdida de ecosistemas<\/a><span class=\"wp-block-post-terms__separator\"> <\/span><a href=\"https:\/\/www.greenpeace.org\/mexico\/tag\/turismo\/\" rel=\"tag\">Turismo<\/a><\/div><\/div>\n\n\n<h3 class=\"wp-block-post-title\"><a href=\"https:\/\/www.greenpeace.org\/mexico\/informacion-prensa\/62777\/persisten-irregularidades-y-vacios-perfect-day\/\" target=\"_self\" >Persisten irregularidades y vac\u00edos de informaci\u00f3n entorno a Perfect Day: Greenpeace M\u00e9xico.<\/a><\/h3>\n\n<div class=\"wp-block-post-excerpt\"><p class=\"wp-block-post-excerpt__excerpt\">Greenpeace M\u00e9xico present\u00f3 observaciones t\u00e9cnicas ante la SEMARNAT y reitera la necesidad de que la autoridad ambiental eval\u00fae con rigor los posibles impactos del proyecto sobre los ecosistemas costeros de la regi\u00f3n, particularmente los manglares. <\/p><\/div>\n\n\n<div class=\"wp-block-group posts-list-meta is-layout-flow wp-block-group-is-layout-flow\"><span class='article-list-item-author'>Greenpeace M\u00e9xico<\/span>\n\n<div class=\"wp-block-post-date\"><time datetime=\"2026-04-01T15:40:38-05:00\">abril 1, 2026<\/time><\/div><\/div>\n<\/div>\n<\/div>\n\n<\/li><li class=\"wp-block-post post-62769 post type-post status-publish format-standard has-post-thumbnail hentry category-clima-y-energia tag-combustibles-fosiles tag-perdida-de-ecosistemas p4-page-type-informacion-prensa\">\n\n<div class=\"wp-block-columns is-layout-flex wp-container-core-columns-is-layout-9d6595d7 wp-block-columns-is-layout-flex\"><figure class=\"wp-block-post-featured-image\"><a href=\"https:\/\/www.greenpeace.org\/mexico\/informacion-prensa\/62769\/crisis-socioambiental-en-el-golfo-de-mexico\/\" target=\"_self\"  ><img loading=\"lazy\" decoding=\"async\" width=\"1904\" height=\"835\" src=\"https:\/\/www.greenpeace.org\/static\/planet4-mexico-stateless\/2026\/03\/93d013c5-captura-de-pantalla-2026-03-27-144615.png\" class=\"attachment-post-thumbnail size-post-thumbnail wp-post-image wp-stateless-item\" alt=\"Crisis socioambiental en el Golfo de M\u00e9xico: derrame petrolero afecta 933 km de costa de Tabasco hasta Tamaulipas y comunidades enfrentan impactos.\" style=\"object-fit:cover;\" srcset=\"https:\/\/www.greenpeace.org\/static\/planet4-mexico-stateless\/2026\/03\/93d013c5-captura-de-pantalla-2026-03-27-144615.png 1904w, https:\/\/www.greenpeace.org\/static\/planet4-mexico-stateless\/2026\/03\/93d013c5-captura-de-pantalla-2026-03-27-144615-300x132.png 300w, https:\/\/www.greenpeace.org\/static\/planet4-mexico-stateless\/2026\/03\/93d013c5-captura-de-pantalla-2026-03-27-144615-1024x449.png 1024w, https:\/\/www.greenpeace.org\/static\/planet4-mexico-stateless\/2026\/03\/93d013c5-captura-de-pantalla-2026-03-27-144615-768x337.png 768w, https:\/\/www.greenpeace.org\/static\/planet4-mexico-stateless\/2026\/03\/93d013c5-captura-de-pantalla-2026-03-27-144615-1536x674.png 1536w, https:\/\/www.greenpeace.org\/static\/planet4-mexico-stateless\/2026\/03\/93d013c5-captura-de-pantalla-2026-03-27-144615-510x224.png 510w\" sizes=\"auto, (max-width: 1904px) 100vw, 1904px\" data-image-size=\"post-thumbnail\" data-stateless-media-bucket=\"planet4-mexico-stateless\" data-stateless-media-name=\"2026\/03\/93d013c5-captura-de-pantalla-2026-03-27-144615.png\" \/><\/a><\/figure>\n\n\n<div class=\"wp-block-group is-layout-flow wp-block-group-is-layout-flow\">\n<div class=\"wp-block-group is-layout-flex wp-block-group-is-layout-flex\"><div class=\"wp-block-post-terms\"><a href=\"https:\/\/www.greenpeace.org\/mexico\/category\/clima-y-energia\/\">Clima y energ\u00eda<\/a><\/div>\n\n<div class=\"taxonomy-post_tag wp-block-post-terms\"><a href=\"https:\/\/www.greenpeace.org\/mexico\/tag\/combustibles-fosiles\/\" rel=\"tag\">Combustibles f\u00f3siles<\/a><span class=\"wp-block-post-terms__separator\"> <\/span><a href=\"https:\/\/www.greenpeace.org\/mexico\/tag\/perdida-de-ecosistemas\/\" rel=\"tag\">P\u00e9rdida de ecosistemas<\/a><\/div><\/div>\n\n\n<h3 class=\"wp-block-post-title\"><a href=\"https:\/\/www.greenpeace.org\/mexico\/informacion-prensa\/62769\/crisis-socioambiental-en-el-golfo-de-mexico\/\" target=\"_self\" >Crisis socioambiental en el Golfo de M\u00e9xico: derrame petrolero afecta 933 km de costa de Tabasco hasta Tamaulipas y comunidades enfrentan impactos.<\/a><\/h3>\n\n<div class=\"wp-block-post-excerpt\"><p class=\"wp-block-post-excerpt__excerpt\">La Red Corredor Arrecifal del Golfo de M\u00e9xico hace un llamado en\u00e9rgico a implementar acciones integrales para atender este derrame petrolero, subrayando que las medidas adoptadas hasta ahora, centradas principalmente en la limpieza de playas, han sido insuficientes. <\/p><\/div>\n\n\n<div class=\"wp-block-group posts-list-meta is-layout-flow wp-block-group-is-layout-flow\"><span class='article-list-item-author'>Corredor Arrecifal<\/span>\n\n<div class=\"wp-block-post-date\"><time datetime=\"2026-03-31T18:01:46-05:00\">marzo 31, 2026<\/time><\/div><\/div>\n<\/div>\n<\/div>\n\n<\/li><li class=\"wp-block-post post-62752 post type-post status-publish format-standard has-post-thumbnail hentry category-clima-y-energia tag-combustibles-fosiles tag-perdida-de-ecosistemas p4-page-type-informacion-prensa\">\n\n<div class=\"wp-block-columns is-layout-flex wp-container-core-columns-is-layout-9d6595d7 wp-block-columns-is-layout-flex\"><figure class=\"wp-block-post-featured-image\"><a href=\"https:\/\/www.greenpeace.org\/mexico\/informacion-prensa\/62752\/derrame-golfo-de-mexico-comenzo-en-febrero\/\" target=\"_self\"  ><img loading=\"lazy\" decoding=\"async\" width=\"1440\" height=\"800\" src=\"https:\/\/www.greenpeace.org\/static\/planet4-mexico-stateless\/2026\/03\/3b78e42b-medidas-carrusel-header-40.png\" class=\"attachment-post-thumbnail size-post-thumbnail wp-post-image wp-stateless-item\" alt=\"El derrame en el Golfo de M\u00e9xico comenz\u00f3 en febrero, en un ducto de Pemex y se ocult\u00f3.\" style=\"object-fit:cover;\" srcset=\"https:\/\/www.greenpeace.org\/static\/planet4-mexico-stateless\/2026\/03\/3b78e42b-medidas-carrusel-header-40.png 1440w, https:\/\/www.greenpeace.org\/static\/planet4-mexico-stateless\/2026\/03\/3b78e42b-medidas-carrusel-header-40-300x167.png 300w, https:\/\/www.greenpeace.org\/static\/planet4-mexico-stateless\/2026\/03\/3b78e42b-medidas-carrusel-header-40-1024x569.png 1024w, https:\/\/www.greenpeace.org\/static\/planet4-mexico-stateless\/2026\/03\/3b78e42b-medidas-carrusel-header-40-768x427.png 768w, https:\/\/www.greenpeace.org\/static\/planet4-mexico-stateless\/2026\/03\/3b78e42b-medidas-carrusel-header-40-510x283.png 510w\" sizes=\"auto, (max-width: 1440px) 100vw, 1440px\" data-image-size=\"post-thumbnail\" data-stateless-media-bucket=\"planet4-mexico-stateless\" data-stateless-media-name=\"2026\/03\/3b78e42b-medidas-carrusel-header-40.png\" \/><\/a><\/figure>\n\n\n<div class=\"wp-block-group is-layout-flow wp-block-group-is-layout-flow\">\n<div class=\"wp-block-group is-layout-flex wp-block-group-is-layout-flex\"><div class=\"wp-block-post-terms\"><a href=\"https:\/\/www.greenpeace.org\/mexico\/category\/clima-y-energia\/\">Clima y energ\u00eda<\/a><\/div>\n\n<div class=\"taxonomy-post_tag wp-block-post-terms\"><a href=\"https:\/\/www.greenpeace.org\/mexico\/tag\/combustibles-fosiles\/\" rel=\"tag\">Combustibles f\u00f3siles<\/a><span class=\"wp-block-post-terms__separator\"> <\/span><a href=\"https:\/\/www.greenpeace.org\/mexico\/tag\/perdida-de-ecosistemas\/\" rel=\"tag\">P\u00e9rdida de ecosistemas<\/a><\/div><\/div>\n\n\n<h3 class=\"wp-block-post-title\"><a href=\"https:\/\/www.greenpeace.org\/mexico\/informacion-prensa\/62752\/derrame-golfo-de-mexico-comenzo-en-febrero\/\" target=\"_self\" >El derrame en el Golfo de M\u00e9xico comenz\u00f3 en febrero, en un ducto de Pemex y se ocult\u00f3.<\/a><\/h3>\n\n<div class=\"wp-block-post-excerpt\"><p class=\"wp-block-post-excerpt__excerpt\">La evidencia hoy disponible muestra que el derrame en el Golfo de M\u00e9xico comenz\u00f3 desde febrero y no en marzo, como sostuvo p\u00fablicamente el gobierno federal. <\/p><\/div>\n\n\n<div class=\"wp-block-group posts-list-meta is-layout-flow wp-block-group-is-layout-flow\"><span class='article-list-item-author'>ONGs<\/span>\n\n<div class=\"wp-block-post-date\"><time datetime=\"2026-03-30T21:26:35-05:00\">marzo 30, 2026<\/time><\/div><\/div>\n<\/div>\n<\/div>\n\n<\/li><li class=\"wp-block-post post-62717 post type-post status-publish format-standard has-post-thumbnail hentry category-selva-maya tag-turismo tag-selva-maya p4-page-type-informacion-prensa\">\n\n<div class=\"wp-block-columns is-layout-flex wp-container-core-columns-is-layout-9d6595d7 wp-block-columns-is-layout-flex\"><figure class=\"wp-block-post-featured-image\"><a href=\"https:\/\/www.greenpeace.org\/mexico\/informacion-prensa\/62717\/royal-responde-no-selva-viva\/\" target=\"_self\"  ><img loading=\"lazy\" decoding=\"async\" width=\"1440\" height=\"800\" src=\"https:\/\/www.greenpeace.org\/static\/planet4-mexico-stateless\/2026\/03\/d80a165d-medidas-carrusel-header-1.png\" class=\"attachment-post-thumbnail size-post-thumbnail wp-post-image wp-stateless-item\" alt=\"Royal Caribbean omite responder al llamado de reconsiderar su inversi\u00f3n para garantizar una selva y un arrecife vivos.\" style=\"object-fit:cover;\" srcset=\"https:\/\/www.greenpeace.org\/static\/planet4-mexico-stateless\/2026\/03\/d80a165d-medidas-carrusel-header-1.png 1440w, https:\/\/www.greenpeace.org\/static\/planet4-mexico-stateless\/2026\/03\/d80a165d-medidas-carrusel-header-1-300x167.png 300w, https:\/\/www.greenpeace.org\/static\/planet4-mexico-stateless\/2026\/03\/d80a165d-medidas-carrusel-header-1-1024x569.png 1024w, https:\/\/www.greenpeace.org\/static\/planet4-mexico-stateless\/2026\/03\/d80a165d-medidas-carrusel-header-1-768x427.png 768w, https:\/\/www.greenpeace.org\/static\/planet4-mexico-stateless\/2026\/03\/d80a165d-medidas-carrusel-header-1-510x283.png 510w\" sizes=\"auto, (max-width: 1440px) 100vw, 1440px\" data-image-size=\"post-thumbnail\" data-stateless-media-bucket=\"planet4-mexico-stateless\" data-stateless-media-name=\"2026\/03\/d80a165d-medidas-carrusel-header-1.png\" \/><\/a><\/figure>\n\n\n<div class=\"wp-block-group is-layout-flow wp-block-group-is-layout-flow\">\n<div class=\"wp-block-group is-layout-flex wp-block-group-is-layout-flex\"><div class=\"wp-block-post-terms\"><a href=\"https:\/\/www.greenpeace.org\/mexico\/category\/selva-maya\/\">Selva Maya<\/a><\/div>\n\n<div class=\"taxonomy-post_tag wp-block-post-terms\"><a href=\"https:\/\/www.greenpeace.org\/mexico\/tag\/turismo\/\" rel=\"tag\">Turismo<\/a><span class=\"wp-block-post-terms__separator\"> <\/span><a href=\"https:\/\/www.greenpeace.org\/mexico\/tag\/selva-maya\/\" rel=\"tag\">Selva Maya<\/a><\/div><\/div>\n\n\n<h3 class=\"wp-block-post-title\"><a href=\"https:\/\/www.greenpeace.org\/mexico\/informacion-prensa\/62717\/royal-responde-no-selva-viva\/\" target=\"_self\" >Royal Caribbean omite responder al llamado de reconsiderar su inversi\u00f3n para garantizar una selva y un arrecife vivos.<\/a><\/h3>\n\n<div class=\"wp-block-post-excerpt\"><p class=\"wp-block-post-excerpt__excerpt\">Despu\u00e9s de que Greenpeace M\u00e9xico enviara una carta al CEO de la naviera estadounidense Royal Caribbean Internacional, Michael Bayley, as\u00ed como a su Presidente en M\u00e9xico, Ari Adler, con una contrapropuesta respecto del mega- proyecto tur\u00edstico Perfect Day en Mahahual, la naviera emiti\u00f3 su respuesta. <\/p><\/div>\n\n\n<div class=\"wp-block-group posts-list-meta is-layout-flow wp-block-group-is-layout-flow\"><span class='article-list-item-author'>Greenpeace M\u00e9xico<\/span>\n\n<div class=\"wp-block-post-date\"><time datetime=\"2026-03-30T11:51:44-05:00\">marzo 30, 2026<\/time><\/div><\/div>\n<\/div>\n<\/div>\n\n<\/li><\/ul>\n\n\n<div class=\"wp-block-buttons carousel-controls is-horizontal is-content-justification-space-between is-nowrap is-layout-flex wp-container-core-buttons-is-layout-044bd602 wp-block-buttons-is-layout-flex\">\n<div class=\"wp-block-button carousel-control-prev\"><button type=\"button\" class=\"wp-block-button__link wp-element-button\">Prev<\/button><\/div>\n\n\n\n<div class=\"wp-block-button carousel-control-next\"><button type=\"button\" class=\"wp-block-button__link wp-element-button\">Next<\/button><\/div>\n<\/div>\n\n\n<li class=\" wp-block-navigation-item see-all-link wp-block-navigation-link\"><a class=\"wp-block-navigation-item__content\"  href=\"http:\/\/www-dev.greenpeace.org\/mexico\/news-stories\/?post-type=informacion-prensa\"><span class=\"wp-block-navigation-item__label\">See all stories<\/span><\/a><\/li><\/div>\n","protected":false},"excerpt":{"rendered":"<p>Esta secci\u00f3n est\u00e1 dirigida a periodistas, podr\u00e1s consultar nuestros comunicados m\u00e1s recientes, as\u00ed como reportes, documentos y otros materiales de Greenpeace M\u00e9xico.<\/p>\n","protected":false},"author":1,"featured_media":513,"parent":0,"menu_order":0,"comment_status":"closed","ping_status":"closed","template":"","meta":{"ep_exclude_from_search":false,"p4_hide_page_title_checkbox":"","p4_title":"","p4_subtitle":"","p4_description":"","background_image_id":"","background_image":"","p4_button_title":"","p4_button_link":"","p4_button_link_checkbox":"","p4_og_title":"Prensa","p4_og_description":"Esta secci\u00f3n est\u00e1 dirigida a periodistas, podr\u00e1s consultar nuestros comunicados m\u00e1s recientes, as\u00ed como reportes, documentos y otros materiales de Greenpeace M\u00e9xico.","p4_og_image":"","p4_og_image_id":"","p4_seo_canonical_url":"","p4_campaign_name":"not set","p4_local_project":"not set","p4_basket_name":"not set","p4_department":"","footnotes":""},"categories":[43],"tags":[],"class_list":["post-230","page","type-page","status-publish","has-post-thumbnail","hentry","category-sobre-greenpeace"],"_links":{"self":[{"href":"https:\/\/www.greenpeace.org\/mexico\/wp-json\/wp\/v2\/pages\/230","targetHints":{"allow":["GET"]}}],"collection":[{"href":"https:\/\/www.greenpeace.org\/mexico\/wp-json\/wp\/v2\/pages"}],"about":[{"href":"https:\/\/www.greenpeace.org\/mexico\/wp-json\/wp\/v2\/types\/page"}],"author":[{"embeddable":true,"href":"https:\/\/www.greenpeace.org\/mexico\/wp-json\/wp\/v2\/users\/1"}],"replies":[{"embeddable":true,"href":"https:\/\/www.greenpeace.org\/mexico\/wp-json\/wp\/v2\/comments?post=230"}],"version-history":[{"count":21,"href":"https:\/\/www.greenpeace.org\/mexico\/wp-json\/wp\/v2\/pages\/230\/revisions"}],"predecessor-version":[{"id":62598,"href":"https:\/\/www.greenpeace.org\/mexico\/wp-json\/wp\/v2\/pages\/230\/revisions\/62598"}],"wp:featuredmedia":[{"embeddable":true,"href":"https:\/\/www.greenpeace.org\/mexico\/wp-json\/wp\/v2\/media\/513"}],"wp:attachment":[{"href":"https:\/\/www.greenpeace.org\/mexico\/wp-json\/wp\/v2\/media?parent=230"}],"wp:term":[{"taxonomy":"category","embeddable":true,"href":"https:\/\/www.greenpeace.org\/mexico\/wp-json\/wp\/v2\/categories?post=230"},{"taxonomy":"post_tag","embeddable":true,"href":"https:\/\/www.greenpeace.org\/mexico\/wp-json\/wp\/v2\/tags?post=230"}],"curies":[{"name":"wp","href":"https:\/\/api.w.org\/{rel}","templated":true}]}}