{"id":3819,"date":"2020-01-10T12:19:03","date_gmt":"2020-01-10T17:19:03","guid":{"rendered":"https:\/\/www.greenpeace.org\/mexico\/?page_id=3819"},"modified":"2025-06-25T09:40:09","modified_gmt":"2025-06-25T14:40:09","slug":"cambio-climatico","status":"publish","type":"page","link":"https:\/\/www.greenpeace.org\/mexico\/participa\/cambio-climatico\/","title":{"rendered":"Emergencia clim\u00e1tica"},"content":{"rendered":"\n                    <div class=\"wp-block-group is-vertical is-layout-flex wp-container-core-group-is-layout-8cf370e7 wp-block-group-is-layout-flex\">\n                    \n\n                    \n                    <\/div>\n                    \n<p>Vivimos un momento de emergencia clim\u00e1tica y nuestro planeta nos lo est\u00e1 haciendo saber. Los incendios en Australia son una clara muestra de que las cosas no est\u00e1n bien, pero esto no es un hecho aislado, los efectos del cambio clim\u00e1tico los estamos viviendo hoy en todo el planeta: los incendios en el Amazonas, Congo y M\u00e9xico, el aumento en la intensidad de los fen\u00f3menos meteorol\u00f3gicos que han dejado enormes da\u00f1os en pa\u00edses como Bahamas e Indonesia, el aumento en los niveles de sequ\u00eda y de las enfermedades vectoriales como el dengue, malaria, chikungunya, entre muchos otros, deben recordarnos que lo que ocurre no es algo normal. Es responsabilidad de los l\u00edderes mundiales entender la dimensi\u00f3n del problema y actuar en congruencia con la escala del desaf\u00edo que enfrentamos. El gobierno mexicano, representado por Andr\u00e9s Manuel L\u00f3pez Obrador,&nbsp; no es la excepci\u00f3n.&nbsp;<\/p>\n\n<p>Necesitamos acci\u00f3n clim\u00e1tica urgente y contundente, tenemos que dejar el petr\u00f3leo bajo tierra y transitar hacia una econom\u00eda limpia, sustentable y equitativa. El gobierno tiene que respetar los acuerdos que el pa\u00eds ha adoptado tanto nacional como internacionalmente y que est\u00e1n plasmados en las leyes mexicanas.&nbsp;<\/p>\n\n<h2 class=\"wp-block-heading\">\u00bfEstamos a tiempo de remediar la crisis clim\u00e1tica?<\/h2>\n\n<p><em>El tema<\/em> es una serie web de 6 cortos documentales,&nbsp;idea original de Gael&nbsp; Garc\u00eda Bernal y Pablo Monta\u00f1o, dirigida por Santiago Maza y producida por La Corriente del Golfo. La&nbsp;serie narra los temas fundamentales de la crisis clim\u00e1tica en M\u00e9xico&nbsp; a trav\u00e9s de las historias y experiencias de activistas medioambientales, defensorxs de derechos&nbsp; humanos, comunidades ind\u00edgenas, acad\u00e9micxs y organizaciones de la sociedad civil. Dos testigos, el&nbsp; actor, productor y director Gael Garc\u00eda Bernal, y la escritora y ling\u00fcista Y\u00e1snaya \u00c1guilar, hilan las&nbsp; diferentes historias y reflexionan sobre el impacto de cada problem\u00e1tica.<\/p>\n\n<p>Los cortos est\u00e1n enmarcados en los ecosistemas y paisajes naturales amenazados por el impacto humano en distintos estados del pa\u00eds, y las tem\u00e1ticas que se abordan son: <em>Agua<\/em>, en Chihuahua; <em>Aire<\/em>,&nbsp; en Monterrey; <em>Carb\u00f3n<\/em>, en Coahuila; <em>Energ\u00eda<\/em>, realizado con el apoyo de Greenpeace M\u00e9xico, en Tabasco; <em>Oc\u00e9anos<\/em>, en Cozumel; y <em>Alimento <\/em>en&nbsp; Chapala.<\/p>\n\n<p>Da clic en el tema que quieras ver para reproducir el video.<\/p>\n\n<figure class=\"wp-block-table\"><table><tbody><tr><td><a href=\"#video-agua-aire\" data-type=\"internal\" data-id=\"#video-agua-aire\">Agua<\/a><\/td><td><a href=\"#video-agua-aire\" data-type=\"internal\" data-id=\"#video-agua-aire\">Aire<\/a><\/td><td><a href=\"#video-carbon-energia\" data-type=\"internal\" data-id=\"#video-carbon-energia\">Carb\u00f3n<\/a><\/td><td><a href=\"#video-carbon-energia\" data-type=\"internal\" data-id=\"#video-carbon-energia\">Energ\u00eda<\/a><\/td><td><\/td><td><\/td><\/tr><\/tbody><\/table><\/figure>\n\n<hr class=\"wp-block-separator\" id=\"video-agua-aire\"\/>\n\n<div class=\"wp-block-columns is-layout-flex wp-container-core-columns-is-layout-9d6595d7 wp-block-columns-is-layout-flex\">\n<div class=\"wp-block-column is-layout-flow wp-block-column-is-layout-flow\">\n<section class=\"block media-block\"><div class=\"container\"><header><h2 class=\"page-section-header\">Episodio 1 &#8211; Agua<\/h2><\/header><div><div class=\"embed-container\"><iframe title=\"EL TEMA - EPISODIO 1: AGUA\" src=\"https:\/\/www.youtube-nocookie.com\/embed\/_5VcPnXcbwE?start=1&amp;feature=oembed\" frameborder=\"0\" allow=\"accelerometer; autoplay; clipboard-write; encrypted-media; gyroscope; picture-in-picture\" allowfullscreen=\"\"><\/iframe><\/div><\/div><\/div><\/section>\n<\/div>\n\n\n\n<div class=\"wp-block-column is-layout-flow wp-block-column-is-layout-flow\">\n<section class=\"block media-block\"><div class=\"container\"><header><h2 class=\"page-section-header\">Episodio 2 &#8211; Aire<\/h2><\/header><div><div class=\"embed-container\"><iframe title=\"EL TEMA - EPISODIO 2: AIRE\" src=\"https:\/\/www.youtube-nocookie.com\/embed\/FDu1klqrplo?feature=oembed\" frameborder=\"0\" allow=\"accelerometer; autoplay; clipboard-write; encrypted-media; gyroscope; picture-in-picture\" allowfullscreen=\"\"><\/iframe><\/div><\/div><\/div><\/section>\n<\/div>\n<\/div>\n\n<hr class=\"wp-block-separator\" id=\"video-carbon-energia\"\/>\n\n<div class=\"wp-block-columns is-layout-flex wp-container-core-columns-is-layout-9d6595d7 wp-block-columns-is-layout-flex\">\n<div class=\"wp-block-column is-layout-flow wp-block-column-is-layout-flow\">\n<section class=\"block media-block\"><div class=\"container\"><header><h2 class=\"page-section-header\">Episodio 3 &#8211; Carb\u00f3n<\/h2><\/header><div><div class=\"embed-container\"><iframe title=\"El TEMA - EPISODIO 3: CARB\u00d3N\" src=\"https:\/\/www.youtube-nocookie.com\/embed\/k8fTOgeWFvQ?feature=oembed\" frameborder=\"0\" allow=\"accelerometer; autoplay; clipboard-write; encrypted-media; gyroscope; picture-in-picture\" allowfullscreen=\"\"><\/iframe><\/div><\/div><\/div><\/section>\n<\/div>\n\n\n\n<div class=\"wp-block-column is-layout-flow wp-block-column-is-layout-flow\">\n<section class=\"block media-block\"><div class=\"container\"><header><h2 class=\"page-section-header\">Episodio 4 \u2013 Energ\u00eda<\/h2><\/header><div><div class=\"embed-container\"><iframe title=\"EL TEMA - EPISODIO 4: ENERG\u00cdA\" src=\"https:\/\/www.youtube-nocookie.com\/embed\/V50anej7W8o?feature=oembed\" frameborder=\"0\" allow=\"accelerometer; autoplay; clipboard-write; encrypted-media; gyroscope; picture-in-picture\" allowfullscreen=\"\"><\/iframe><\/div><\/div><\/div><\/section>\n<\/div>\n<\/div>\n","protected":false},"excerpt":{"rendered":"<p>Necesitamos acci\u00f3n clim\u00e1tica urgente y contundente, tenemos que dejar el petr\u00f3leo bajo tierra y transitar hacia una econom\u00eda limpia, sustentable y equitativa. El gobierno tiene que respetar los acuerdos que el pa\u00eds ha adoptado tanto nacional como internacionalmente y que est\u00e1n plasmados en las leyes mexicanas. <\/p>\n","protected":false},"author":19,"featured_media":3820,"parent":9,"menu_order":0,"comment_status":"closed","ping_status":"closed","template":"","meta":{"ep_exclude_from_search":false,"p4_hide_page_title_checkbox":"","p4_title":"","p4_subtitle":"","p4_description":"","background_image_id":"","background_image":"","p4_button_title":"","p4_button_link":"","p4_button_link_checkbox":"","p4_og_title":"","p4_og_description":"","p4_og_image":"","p4_og_image_id":"","p4_seo_canonical_url":"","p4_campaign_name":"Climate Emergency","p4_local_project":"not set","p4_basket_name":"Climate & Energy","p4_department":"","footnotes":""},"categories":[2],"tags":[19],"class_list":["post-3819","page","type-page","status-publish","has-post-thumbnail","hentry","category-cambio-climatico","tag-deforestacion"],"_links":{"self":[{"href":"https:\/\/www.greenpeace.org\/mexico\/wp-json\/wp\/v2\/pages\/3819","targetHints":{"allow":["GET"]}}],"collection":[{"href":"https:\/\/www.greenpeace.org\/mexico\/wp-json\/wp\/v2\/pages"}],"about":[{"href":"https:\/\/www.greenpeace.org\/mexico\/wp-json\/wp\/v2\/types\/page"}],"author":[{"embeddable":true,"href":"https:\/\/www.greenpeace.org\/mexico\/wp-json\/wp\/v2\/users\/19"}],"replies":[{"embeddable":true,"href":"https:\/\/www.greenpeace.org\/mexico\/wp-json\/wp\/v2\/comments?post=3819"}],"version-history":[{"count":20,"href":"https:\/\/www.greenpeace.org\/mexico\/wp-json\/wp\/v2\/pages\/3819\/revisions"}],"predecessor-version":[{"id":58400,"href":"https:\/\/www.greenpeace.org\/mexico\/wp-json\/wp\/v2\/pages\/3819\/revisions\/58400"}],"up":[{"embeddable":true,"href":"https:\/\/www.greenpeace.org\/mexico\/wp-json\/wp\/v2\/pages\/9"}],"wp:featuredmedia":[{"embeddable":true,"href":"https:\/\/www.greenpeace.org\/mexico\/wp-json\/wp\/v2\/media\/3820"}],"wp:attachment":[{"href":"https:\/\/www.greenpeace.org\/mexico\/wp-json\/wp\/v2\/media?parent=3819"}],"wp:term":[{"taxonomy":"category","embeddable":true,"href":"https:\/\/www.greenpeace.org\/mexico\/wp-json\/wp\/v2\/categories?post=3819"},{"taxonomy":"post_tag","embeddable":true,"href":"https:\/\/www.greenpeace.org\/mexico\/wp-json\/wp\/v2\/tags?post=3819"}],"curies":[{"name":"wp","href":"https:\/\/api.w.org\/{rel}","templated":true}]}}