{"id":392,"date":"2018-11-11T15:18:48","date_gmt":"2018-11-11T20:18:48","guid":{"rendered":"https:\/\/www.greenpeace.org\/mexico\/?page_id=392"},"modified":"2025-09-08T13:01:18","modified_gmt":"2025-09-08T18:01:18","slug":"mision-y-valores","status":"publish","type":"page","link":"https:\/\/www.greenpeace.org\/mexico\/mision-y-valores\/","title":{"rendered":"Misi\u00f3n, visi\u00f3n y valores"},"content":{"rendered":"\n\n<div class=\"wp-block-group block is-layout-flow wp-block-group-is-layout-flow\">\n\n<div class=\"wp-block-group alignfull is-layout-flow wp-block-group-is-layout-flow\">\n<div class=\"wp-block-group container is-layout-flow wp-block-group-is-layout-flow\">\n<div class=\"wp-block-media-text alignfull has-media-on-the-right is-stacked-on-mobile is-pattern-p4-page-header is-style-parallax\"><div class=\"wp-block-media-text__content\">\n<div class=\"wp-block-group is-layout-flow wp-block-group-is-layout-flow\">\n<h1 class=\"wp-block-heading has-white-color has-green-800-background-color has-text-color has-background has-link-color wp-elements-24bc2b2e24dbf27e082c0ce1a65cf6f2\">Misi\u00f3n, visi\u00f3n y valores<\/h1>\n<\/div>\n\n\n\n<p style=\"font-size:1.25rem\">El trabajo de Greenpeace se basa en una serie de principios que se reflejan en todas nuestras campa\u00f1as y gu\u00edan todo lo que hacemos.&nbsp;<\/p>\n<\/div><figure class=\"wp-block-media-text__media\"><img loading=\"lazy\" decoding=\"async\" width=\"1024\" height=\"681\" src=\"https:\/\/www.greenpeace.org\/static\/planet4-mexico-stateless\/2023\/12\/03b5f44e-hands-of-resistance-mexico-2-1024x681.png\" alt=\"Fotograf\u00eda de integrantes del voluntariado de Greenpeace M\u00e9xico, que sostienen una manta que dice &quot;Fin a los cr\u00edmenes f\u00f3siles&quot; y sus manos est\u00e1n pintadas de negro representando los combustibles f\u00f3siles.\" sizes=\"auto, (min-width: 601px) 50vw, 100vw\" srcset=\"https:\/\/www.greenpeace.org\/static\/planet4-mexico-stateless\/2023\/12\/03b5f44e-hands-of-resistance-mexico-2.png 4160w, https:\/\/www.greenpeace.org\/static\/planet4-mexico-stateless\/2023\/12\/03b5f44e-hands-of-resistance-mexico-2-300x200.png 300w, https:\/\/www.greenpeace.org\/static\/planet4-mexico-stateless\/2023\/12\/03b5f44e-hands-of-resistance-mexico-2-1024x681.png 1024w, https:\/\/www.greenpeace.org\/static\/planet4-mexico-stateless\/2023\/12\/03b5f44e-hands-of-resistance-mexico-2-768x511.png 768w, https:\/\/www.greenpeace.org\/static\/planet4-mexico-stateless\/2023\/12\/03b5f44e-hands-of-resistance-mexico-2-1536x1022.png 1536w, https:\/\/www.greenpeace.org\/static\/planet4-mexico-stateless\/2023\/12\/03b5f44e-hands-of-resistance-mexico-2-2048x1363.png 2048w, https:\/\/www.greenpeace.org\/static\/planet4-mexico-stateless\/2023\/12\/03b5f44e-hands-of-resistance-mexico-2-510x340.png 510w\" class=\"wp-image-53608 size-full\"\/><\/figure><\/div>\n\n\n\n<h2 class=\"wp-block-heading has-text-align-center has-dark-green-800-color has-text-color has-link-color wp-elements-af2170e5f91b635013ebbae11ae848fa\">\u00bfPor qu\u00e9 existimos?<\/h2>\n\n\n\n<p class=\"has-text-align-center has-grey-200-background-color has-background\">La crisis clim\u00e1tica no es solo ambiental: es tambi\u00e9n social.<br>En Greenpeace trabajamos por un mundo m\u00e1s justo, porque <strong>no hay justicia clim\u00e1tica sin justicia social<\/strong>.<br><br>Nuestra labor parte de una verdad inc\u00f3moda: las estructuras sociales y econ\u00f3micas actuales han beneficiado a unos pocos y han dejado atr\u00e1s a muchas personas. Por eso, <strong>defender el planeta tambi\u00e9n implica transformar esos sistemas profundamente injustos<\/strong>.<\/p>\n<\/div>\n<\/div>\n\n\n\n\n<div style=\"height:40px\" aria-hidden=\"true\" class=\"wp-block-spacer\"><\/div>\n\n\n\n<div class=\"wp-block-media-text has-media-on-the-right is-stacked-on-mobile\"><div class=\"wp-block-media-text__content\">\n<h3 class=\"wp-block-heading has-dark-green-800-color has-text-color has-link-color has-large-font-size wp-elements-de9ab5fb85adbd0762d4b0eb92c800e5\">Nuestra misi\u00f3n<\/h3>\n\n\n\n<div style=\"height:10px\" aria-hidden=\"true\" class=\"wp-block-spacer\"><\/div>\n\n\n\n<p><strong>Defender el medio ambiente para lograr justicia clim\u00e1tica.<\/strong><\/p>\n\n\n\n<p>Desde cada regi\u00f3n del mundo, <strong>trabajamos junto con la gente<\/strong> para:<\/p>\n\n\n\n<ul class=\"wp-block-list\">\n<li>Conservar la biodiversidad<\/li>\n\n\n\n<li>Frenar el cambio clim\u00e1tico<\/li>\n\n\n\n<li>Exponer y combatir las causas estructurales del deterioro ambiental<\/li>\n\n\n\n<li>Promover cambios reales en pol\u00edticas p\u00fablicas, empresas y cultura<\/li>\n<\/ul>\n\n\n\n<p>Lo hacemos a trav\u00e9s de <strong>campa\u00f1as disruptivas y acci\u00f3n directa no violenta<\/strong>.<\/p>\n<\/div><figure class=\"wp-block-media-text__media\"><img loading=\"lazy\" decoding=\"async\" width=\"1024\" height=\"637\" src=\"https:\/\/www.greenpeace.org\/static\/planet4-mexico-stateless\/2025\/06\/c0e47a81-gp0stoq5c-1024x637.jpg\" alt=\"Right to Protect the Environment Banner in Spain. \u00a9 Jose Luis Roca \/ Greenpeace\" sizes=\"auto, (min-width: 1600px) calc((1320px - 24px) \/ 2),(min-width: 1200px) calc((1140px - 24px) \/ 2),(min-width: 992px) calc((960px - 24px) \/ 2),(min-width: 768px) calc((720px - 24px) \/ 2),(min-width: 601px) calc((540px - 24px) \/ 2),(min-width: 577px) calc((540px - 24px) \/ 1), calc(100vw - 24px)\" srcset=\"https:\/\/www.greenpeace.org\/static\/planet4-mexico-stateless\/2025\/06\/c0e47a81-gp0stoq5c.jpg 1199w, https:\/\/www.greenpeace.org\/static\/planet4-mexico-stateless\/2025\/06\/c0e47a81-gp0stoq5c-300x187.jpg 300w, https:\/\/www.greenpeace.org\/static\/planet4-mexico-stateless\/2025\/06\/c0e47a81-gp0stoq5c-1024x637.jpg 1024w, https:\/\/www.greenpeace.org\/static\/planet4-mexico-stateless\/2025\/06\/c0e47a81-gp0stoq5c-768x478.jpg 768w, https:\/\/www.greenpeace.org\/static\/planet4-mexico-stateless\/2025\/06\/c0e47a81-gp0stoq5c-510x317.jpg 510w\" class=\"wp-image-57908 size-full\"\/><\/figure><\/div>\n\n\n\n<div style=\"height:40px\" aria-hidden=\"true\" class=\"wp-block-spacer\"><\/div>\n\n\n\n<div class=\"wp-block-media-text is-stacked-on-mobile\"><figure class=\"wp-block-media-text__media\"><img loading=\"lazy\" decoding=\"async\" width=\"1200\" height=\"800\" src=\"https:\/\/www.greenpeace.org\/static\/planet4-mexico-stateless\/2025\/04\/e2a8f8ef-gp0su3376.jpg\" alt=\"Activists Assemble Giant Jigsaw Puzzle Calling for Urgent Action in Colombia. \u00a9 Nathalia Angarita \/ Greenpeace\" sizes=\"auto, (min-width: 1600px) calc((1320px - 24px) \/ 2),(min-width: 1200px) calc((1140px - 24px) \/ 2),(min-width: 992px) calc((960px - 24px) \/ 2),(min-width: 768px) calc((720px - 24px) \/ 2),(min-width: 601px) calc((540px - 24px) \/ 2),(min-width: 577px) calc((540px - 24px) \/ 1), calc(100vw - 24px)\" srcset=\"https:\/\/www.greenpeace.org\/static\/planet4-mexico-stateless\/2025\/04\/e2a8f8ef-gp0su3376.jpg 1200w, https:\/\/www.greenpeace.org\/static\/planet4-mexico-stateless\/2025\/04\/e2a8f8ef-gp0su3376-300x200.jpg 300w, https:\/\/www.greenpeace.org\/static\/planet4-mexico-stateless\/2025\/04\/e2a8f8ef-gp0su3376-1024x683.jpg 1024w, https:\/\/www.greenpeace.org\/static\/planet4-mexico-stateless\/2025\/04\/e2a8f8ef-gp0su3376-768x512.jpg 768w, https:\/\/www.greenpeace.org\/static\/planet4-mexico-stateless\/2025\/04\/e2a8f8ef-gp0su3376-510x340.jpg 510w\" class=\"wp-image-55440 size-full\"\/><\/figure><div class=\"wp-block-media-text__content\">\n<h3 class=\"wp-block-heading has-dark-green-800-color has-text-color has-link-color has-large-font-size wp-elements-d5b29ae98b8af851c8ed61777649b7fd\">Nuestra visi\u00f3n<\/h3>\n\n\n\n<div style=\"height:10px\" aria-hidden=\"true\" class=\"wp-block-spacer\"><\/div>\n\n\n\n<p>Imaginamos un mundo donde:<\/p>\n\n\n\n<ul class=\"wp-block-list\">\n<li>Gobiernos, empresas y ciudadan\u00eda <strong>act\u00faan con conciencia, responsabilidad y empat\u00eda<\/strong> hacia el planeta y todas las formas de vida.<\/li>\n<\/ul>\n\n\n\n<p>Un futuro donde vivir en equilibrio con la naturaleza no sea una utop\u00eda, sino la norma. Un planeta sano, verde, justo, pac\u00edfico y solidario.<\/p>\n<\/div><\/div>\n\n\n\n<div style=\"height:60px\" aria-hidden=\"true\" class=\"wp-block-spacer\"><\/div>\n\n\n\n<h3 class=\"wp-block-heading has-text-align-center has-dark-green-800-color has-text-color has-link-color has-large-font-size wp-elements-787b5e6de008efafbfd3dad56766ca52\">Nuestros valores<\/h3>\n\n\n\n<div style=\"height:10px\" aria-hidden=\"true\" class=\"wp-block-spacer\"><\/div>\n\n\n\n<p class=\"has-text-align-center\">El trabajo de Greenpeace se basa en una serie de principios clave y valores internos. \u00c9stos son la base para guiar las acciones de toda la gente de Greenpeace M\u00e9xico tanto hacia dentro como hacia fuera de la organizaci\u00f3n; deben estar reflejados en todas nuestras campa\u00f1as, y guiarnos en cualquier cosa que hagamos, donde sea que la hagamos.<\/p>\n\n\n\n<div style=\"height:20px\" aria-hidden=\"true\" class=\"wp-block-spacer\"><\/div>\n\n\n\n<h3 class=\"wp-block-heading has-text-align-center has-dark-green-800-color has-text-color has-link-color has-large-font-size wp-elements-d4608f170c5f6206355ee20545822dcf\">Principios claves<\/h3>\n\n\n\n<div class=\"wp-block-columns is-layout-flex wp-container-core-columns-is-layout-9d6595d7 wp-block-columns-is-layout-flex\">\n<div class=\"wp-block-column is-layout-flow wp-block-column-is-layout-flow\">\n<figure class=\"wp-block-image\"><img loading=\"lazy\" decoding=\"async\" width=\"1200\" height=\"857\" src=\"https:\/\/www.greenpeace.org\/static\/planet4-mexico-stateless\/2025\/09\/232ccd21-gp0styq5f.jpg\" title=\"Global Day of Action at COP28 in Dubai. \u00a9 Greenpeace \/ Marie Jacquemin\" alt=\"Global Day of Action at COP28 in Dubai. \u00a9 Greenpeace \/ Marie Jacquemin\" class=\"wp-image-61118\" srcset=\"https:\/\/www.greenpeace.org\/static\/planet4-mexico-stateless\/2025\/09\/232ccd21-gp0styq5f.jpg 1200w, https:\/\/www.greenpeace.org\/static\/planet4-mexico-stateless\/2025\/09\/232ccd21-gp0styq5f-300x214.jpg 300w, https:\/\/www.greenpeace.org\/static\/planet4-mexico-stateless\/2025\/09\/232ccd21-gp0styq5f-1024x731.jpg 1024w, https:\/\/www.greenpeace.org\/static\/planet4-mexico-stateless\/2025\/09\/232ccd21-gp0styq5f-768x548.jpg 768w, https:\/\/www.greenpeace.org\/static\/planet4-mexico-stateless\/2025\/09\/232ccd21-gp0styq5f-476x340.jpg 476w\" sizes=\"auto, (max-width: 1200px) 100vw, 1200px\" \/><figcaption><div class=\"credit icon-left\"> \u00a9 Greenpeace \/ Marie Jacquemin<\/div><\/figcaption><\/figure>\n\n\n\n<h4 class=\"wp-block-heading\"><strong>Responsabilidad Personal y No Violencia<\/strong><\/h4>\n\n\n\n<p>Nos hacemos responsables de nuestras acciones y tenemos un compromiso con la No violencia.<\/p>\n<\/div>\n\n\n\n<div class=\"wp-block-column is-layout-flow wp-block-column-is-layout-flow\">\n<figure class=\"wp-block-image\"><img loading=\"lazy\" decoding=\"async\" width=\"1200\" height=\"800\" src=\"https:\/\/www.greenpeace.org\/static\/planet4-mexico-stateless\/2025\/08\/e0982628-gp0stwmu4.jpg\" title=\"Direct Dialogue in Pau, France. \u00a9 Lilian Cazabet \/ Greenpeace\" alt=\"Direct Dialogue in Pau, France. \u00a9 Lilian Cazabet \/ Greenpeace\" class=\"wp-image-60289\" srcset=\"https:\/\/www.greenpeace.org\/static\/planet4-mexico-stateless\/2025\/08\/e0982628-gp0stwmu4.jpg 1200w, https:\/\/www.greenpeace.org\/static\/planet4-mexico-stateless\/2025\/08\/e0982628-gp0stwmu4-300x200.jpg 300w, https:\/\/www.greenpeace.org\/static\/planet4-mexico-stateless\/2025\/08\/e0982628-gp0stwmu4-1024x683.jpg 1024w, https:\/\/www.greenpeace.org\/static\/planet4-mexico-stateless\/2025\/08\/e0982628-gp0stwmu4-768x512.jpg 768w, https:\/\/www.greenpeace.org\/static\/planet4-mexico-stateless\/2025\/08\/e0982628-gp0stwmu4-510x340.jpg 510w\" sizes=\"auto, (max-width: 1200px) 100vw, 1200px\" \/><figcaption><div class=\"credit icon-left\"> \u00a9 Lilian Cazabet \/ Greenpeace<\/div><\/figcaption><\/figure>\n\n\n\n<h4 class=\"wp-block-heading\"><strong>Independencia<\/strong><\/h4>\n\n\n\n<p>No aceptamos recursos de empresas, gobiernos, partidos pol\u00edticos, fundaciones ni organismos internacionales. Las donaciones individuales son nuestra \u00fanica forma de financiamiento. Nuestra independencia nos da la autoridad y libertad que necesitamos para llegar a lograr cambios reales.<\/p>\n<\/div>\n<\/div>\n\n\n\n<div class=\"wp-block-columns is-layout-flex wp-container-core-columns-is-layout-9d6595d7 wp-block-columns-is-layout-flex\">\n<div class=\"wp-block-column is-layout-flow wp-block-column-is-layout-flow\">\n<figure class=\"wp-block-image\"><img loading=\"lazy\" decoding=\"async\" width=\"1200\" height=\"800\" src=\"https:\/\/www.greenpeace.org\/static\/planet4-mexico-stateless\/2025\/04\/99361bc4-gp0stwmv1.jpg\" title=\"Direct Dialogue in Pau, France. \u00a9 Lilian Cazabet \/ Greenpeace\" alt=\"Direct Dialogue in Pau, France. \u00a9 Lilian Cazabet \/ Greenpeace\" class=\"wp-image-55539\" srcset=\"https:\/\/www.greenpeace.org\/static\/planet4-mexico-stateless\/2025\/04\/99361bc4-gp0stwmv1.jpg 1200w, https:\/\/www.greenpeace.org\/static\/planet4-mexico-stateless\/2025\/04\/99361bc4-gp0stwmv1-300x200.jpg 300w, https:\/\/www.greenpeace.org\/static\/planet4-mexico-stateless\/2025\/04\/99361bc4-gp0stwmv1-1024x683.jpg 1024w, https:\/\/www.greenpeace.org\/static\/planet4-mexico-stateless\/2025\/04\/99361bc4-gp0stwmv1-768x512.jpg 768w, https:\/\/www.greenpeace.org\/static\/planet4-mexico-stateless\/2025\/04\/99361bc4-gp0stwmv1-510x340.jpg 510w\" sizes=\"auto, (max-width: 1200px) 100vw, 1200px\" \/><figcaption><div class=\"credit icon-left\"> \u00a9 Lilian Cazabet \/ Greenpeace<\/div><\/figcaption><\/figure>\n\n\n\n<h4 class=\"wp-block-heading\"><strong>Greenpeace no tiene amigos ni enemigos permanentes<\/strong><\/h4>\n\n\n\n<p>Al revelar amenazas al medioambiente y buscar soluciones, no tenemos alianzas o contrincantes permanentes. Si un ente de gobierno o una empresa est\u00e1 dispuesta a cambiar, trabajaremos con ellos para alcanzar sus objetivos. Si titubea, da marcha atr\u00e1s o cambia, lo se\u00f1alaremos.<\/p>\n<\/div>\n\n\n\n<div class=\"wp-block-column is-layout-flow wp-block-column-is-layout-flow\">\n<figure class=\"wp-block-image\"><img loading=\"lazy\" decoding=\"async\" width=\"1200\" height=\"798\" src=\"https:\/\/www.greenpeace.org\/static\/planet4-mexico-stateless\/2025\/09\/e73be747-gp1t8muy.jpg\" title=\"Nature &amp; Agriculture Day Event in Amsterdam. \u00a9 Marten  van Dijl \/ Greenpeace\" alt=\"Nature &amp; Agriculture Day Event in Amsterdam. \u00a9 Marten  van Dijl \/ Greenpeace\" class=\"wp-image-61120\" srcset=\"https:\/\/www.greenpeace.org\/static\/planet4-mexico-stateless\/2025\/09\/e73be747-gp1t8muy.jpg 1200w, https:\/\/www.greenpeace.org\/static\/planet4-mexico-stateless\/2025\/09\/e73be747-gp1t8muy-300x200.jpg 300w, https:\/\/www.greenpeace.org\/static\/planet4-mexico-stateless\/2025\/09\/e73be747-gp1t8muy-1024x681.jpg 1024w, https:\/\/www.greenpeace.org\/static\/planet4-mexico-stateless\/2025\/09\/e73be747-gp1t8muy-768x511.jpg 768w, https:\/\/www.greenpeace.org\/static\/planet4-mexico-stateless\/2025\/09\/e73be747-gp1t8muy-510x340.jpg 510w\" sizes=\"auto, (max-width: 1200px) 100vw, 1200px\" \/><figcaption><div class=\"credit icon-left\"> \u00a9 Marten  van Dijl \/ Greenpeace<\/div><\/figcaption><\/figure>\n\n\n\n<h4 class=\"wp-block-heading\"><strong><strong>Proponemos soluciones<\/strong><\/strong><\/h4>\n\n\n\n<p>Buscamos soluciones y promovemos un debate abierto informado acerca de las elecciones ambientales de la sociedad. No trabajamos para gestionar problemas ambientales, sino para eliminarlos. Desarrollamos, investigamos y promovemos pasos concretos hacia un futuro verde y pac\u00edfico para todas las personas.<\/p>\n<\/div>\n<\/div>\n\n\n\n<div style=\"height:30px\" aria-hidden=\"true\" class=\"wp-block-spacer\"><\/div>\n\n\n\n<h3 class=\"wp-block-heading has-text-align-center has-dark-green-800-color has-text-color has-link-color has-large-font-size wp-elements-2603daee20c182d5a32ccbc210400c79\">Valores internos<\/h3>\n\n\n\n<div class=\"wp-block-columns is-layout-flex wp-container-core-columns-is-layout-9d6595d7 wp-block-columns-is-layout-flex\">\n<div class=\"wp-block-column is-layout-flow wp-block-column-is-layout-flow\">\n<figure class=\"wp-block-image aligncenter size-full is-resized\"><img loading=\"lazy\" decoding=\"async\" width=\"512\" height=\"512\" src=\"https:\/\/www.greenpeace.org\/static\/planet4-mexico-stateless\/2025\/04\/1069faba-lider.png\" alt=\"\" class=\"wp-image-55532\" style=\"width:112px\" srcset=\"https:\/\/www.greenpeace.org\/static\/planet4-mexico-stateless\/2025\/04\/1069faba-lider.png 512w, https:\/\/www.greenpeace.org\/static\/planet4-mexico-stateless\/2025\/04\/1069faba-lider-300x300.png 300w, https:\/\/www.greenpeace.org\/static\/planet4-mexico-stateless\/2025\/04\/1069faba-lider-150x150.png 150w, https:\/\/www.greenpeace.org\/static\/planet4-mexico-stateless\/2025\/04\/1069faba-lider-340x340.png 340w\" sizes=\"auto, (max-width: 512px) 100vw, 512px\" \/><\/figure>\n\n\n\n<h4 class=\"wp-block-heading has-text-align-center\"><strong>Profesionalismo y compromiso<\/strong><\/h4>\n\n\n\n<p class=\"has-text-align-center\">El compromiso con nuestra misi\u00f3n es nuestra fuerza, se combina con profesionalismo para alcanzar nuestras metas.<\/p>\n<\/div>\n\n\n\n<div class=\"wp-block-column is-layout-flow wp-block-column-is-layout-flow\">\n<figure class=\"wp-block-image aligncenter size-full is-resized\"><img loading=\"lazy\" decoding=\"async\" width=\"512\" height=\"512\" src=\"https:\/\/www.greenpeace.org\/static\/planet4-mexico-stateless\/2025\/06\/83959602-personsa-conversando.png\" alt=\"\" class=\"wp-image-56507\" style=\"width:112px\" srcset=\"https:\/\/www.greenpeace.org\/static\/planet4-mexico-stateless\/2025\/06\/83959602-personsa-conversando.png 512w, https:\/\/www.greenpeace.org\/static\/planet4-mexico-stateless\/2025\/06\/83959602-personsa-conversando-300x300.png 300w, https:\/\/www.greenpeace.org\/static\/planet4-mexico-stateless\/2025\/06\/83959602-personsa-conversando-150x150.png 150w, https:\/\/www.greenpeace.org\/static\/planet4-mexico-stateless\/2025\/06\/83959602-personsa-conversando-340x340.png 340w\" sizes=\"auto, (max-width: 512px) 100vw, 512px\" \/><\/figure>\n\n\n\n<h4 class=\"wp-block-heading has-text-align-center\"><strong>Confianza<\/strong><\/h4>\n\n\n\n<p class=\"has-text-align-center\">Nuestra cultura apunta a crear confianza mutua a trav\u00e9s de la transparencia y la responsabilidad en nuestras interacciones.<\/p>\n<\/div>\n\n\n\n<div class=\"wp-block-column is-layout-flow wp-block-column-is-layout-flow\">\n<figure class=\"wp-block-image aligncenter size-full is-resized\"><img loading=\"lazy\" decoding=\"async\" width=\"512\" height=\"512\" src=\"https:\/\/www.greenpeace.org\/static\/planet4-mexico-stateless\/2025\/04\/4f30ea58-voluntariado.png\" alt=\"\" class=\"wp-image-55402\" style=\"width:112px;height:auto\" srcset=\"https:\/\/www.greenpeace.org\/static\/planet4-mexico-stateless\/2025\/04\/4f30ea58-voluntariado.png 512w, https:\/\/www.greenpeace.org\/static\/planet4-mexico-stateless\/2025\/04\/4f30ea58-voluntariado-300x300.png 300w, https:\/\/www.greenpeace.org\/static\/planet4-mexico-stateless\/2025\/04\/4f30ea58-voluntariado-150x150.png 150w, https:\/\/www.greenpeace.org\/static\/planet4-mexico-stateless\/2025\/04\/4f30ea58-voluntariado-340x340.png 340w\" sizes=\"auto, (max-width: 512px) 100vw, 512px\" \/><\/figure>\n\n\n\n<h4 class=\"wp-block-heading has-text-align-center\"><strong>Respeto<\/strong><\/h4>\n\n\n\n<p class=\"has-text-align-center\">Creamos una cultura segura e inclusiva donde todas las personas se tratan con respeto y dignidad.<\/p>\n<\/div>\n\n\n\n<div class=\"wp-block-column is-layout-flow wp-block-column-is-layout-flow\">\n<figure class=\"wp-block-image aligncenter size-full is-resized\"><img loading=\"lazy\" decoding=\"async\" width=\"512\" height=\"512\" src=\"https:\/\/www.greenpeace.org\/static\/planet4-mexico-stateless\/2025\/07\/363909c2-comunicacion.png\" alt=\"\" class=\"wp-image-59892\" style=\"object-fit:cover;width:112px;height:112px\" srcset=\"https:\/\/www.greenpeace.org\/static\/planet4-mexico-stateless\/2025\/07\/363909c2-comunicacion.png 512w, https:\/\/www.greenpeace.org\/static\/planet4-mexico-stateless\/2025\/07\/363909c2-comunicacion-300x300.png 300w, https:\/\/www.greenpeace.org\/static\/planet4-mexico-stateless\/2025\/07\/363909c2-comunicacion-150x150.png 150w, https:\/\/www.greenpeace.org\/static\/planet4-mexico-stateless\/2025\/07\/363909c2-comunicacion-340x340.png 340w\" sizes=\"auto, (max-width: 512px) 100vw, 512px\" \/><\/figure>\n\n\n\n<h4 class=\"wp-block-heading has-text-align-center\"><strong>Co-creaci\u00f3n: comunidad y colectividad<\/strong><\/h4>\n\n\n\n<p class=\"has-text-align-center\">Impulsamos el compartir conocimientos, el aprendizaje mutuo, la creaci\u00f3n en conjunto y el acceso abierto a la informaci\u00f3n.<\/p>\n<\/div>\n<\/div>\n\n\n\n<div style=\"height:20px\" aria-hidden=\"true\" class=\"wp-block-spacer\"><\/div>\n\n\n\n<h3 class=\"wp-block-heading has-text-align-center has-dark-green-800-color has-text-color has-link-color has-large-font-size wp-elements-012807cc05711c9eaf86f8cb964520bf\">Nuestros valores: JEDIS<\/h3>\n\n\n\n<p><strong>J<\/strong>usticia,\u00a0<strong>E<\/strong>quidad,<strong>\u00a0D<\/strong>iversidad,<strong>\u00a0I<\/strong>nclusi\u00f3n y\u00a0<strong>S<\/strong>eguridad\u00a0<strong>(JEDIS)<\/strong>\u00a0son los valores que gu\u00edan nuestra actuaci\u00f3n:\u00a0Greenpeace sustenta su fuerza\u00a0<strong>en el poder de la gente<\/strong>. Las relaciones establecidas entre quienes formamos parte de Greenpeace y\u00a0 el resto del mundo, se basan en un marco de valores compartidos, reflejados en cada acci\u00f3n y pol\u00edtica organizacional.<\/p>\n\n\n\n\n<div class=\"wp-block-columns block is-layout-flex wp-container-core-columns-is-layout-9d6595d7 wp-block-columns-is-layout-flex\">\n<div class=\"wp-block-column is-layout-flow wp-block-column-is-layout-flow\">\n<div class=\"wp-block-group is-layout-flow wp-block-group-is-layout-flow\">\n<figure class=\"wp-block-image aligncenter size-full is-resized mb-0 force-no-lightbox force-no-caption is-style-rounded-180\"><img loading=\"lazy\" decoding=\"async\" width=\"512\" height=\"512\" src=\"https:\/\/www.greenpeace.org\/static\/planet4-mexico-stateless\/2025\/02\/6399b9e7-justicia.png\" alt=\"\u00cdcono balanza\" class=\"wp-image-54836\" srcset=\"https:\/\/www.greenpeace.org\/static\/planet4-mexico-stateless\/2025\/02\/6399b9e7-justicia.png 512w, https:\/\/www.greenpeace.org\/static\/planet4-mexico-stateless\/2025\/02\/6399b9e7-justicia-300x300.png 300w, https:\/\/www.greenpeace.org\/static\/planet4-mexico-stateless\/2025\/02\/6399b9e7-justicia-150x150.png 150w, https:\/\/www.greenpeace.org\/static\/planet4-mexico-stateless\/2025\/02\/6399b9e7-justicia-340x340.png 340w\" sizes=\"auto, (max-width: 512px) 100vw, 512px\" \/><\/figure>\n\n\n\n<h4 class=\"wp-block-heading has-text-align-center\" style=\"font-size:1.5rem\">Justicia<\/h4>\n\n\n\n<p class=\"has-text-align-center\">Trabajamos por el bien com\u00fan, contra los abusos y la impunidad, y nos hacemos responsables del impacto de nuestras acciones.<\/p>\n<\/div>\n<\/div>\n\n\n\n<div class=\"wp-block-column is-layout-flow wp-block-column-is-layout-flow\">\n<div class=\"wp-block-group is-layout-flow wp-block-group-is-layout-flow\">\n<figure class=\"wp-block-image aligncenter size-full is-resized mb-0 force-no-lightbox force-no-caption is-style-rounded-180\"><img loading=\"lazy\" decoding=\"async\" width=\"512\" height=\"512\" src=\"https:\/\/www.greenpeace.org\/static\/planet4-mexico-stateless\/2025\/02\/c9a5f149-equidad.png\" title=\"\u00cdcono dos personas estrechando la mano\" alt=\"\u00cdcono dos personas estrechando la mano\" class=\"wp-image-54837\" srcset=\"https:\/\/www.greenpeace.org\/static\/planet4-mexico-stateless\/2025\/02\/c9a5f149-equidad.png 512w, https:\/\/www.greenpeace.org\/static\/planet4-mexico-stateless\/2025\/02\/c9a5f149-equidad-300x300.png 300w, https:\/\/www.greenpeace.org\/static\/planet4-mexico-stateless\/2025\/02\/c9a5f149-equidad-150x150.png 150w, https:\/\/www.greenpeace.org\/static\/planet4-mexico-stateless\/2025\/02\/c9a5f149-equidad-340x340.png 340w\" sizes=\"auto, (max-width: 512px) 100vw, 512px\" \/><\/figure>\n\n\n\n<h4 class=\"wp-block-heading has-text-align-center\" style=\"font-size:1.5rem\">Equidad<\/h4>\n\n\n\n<p class=\"has-text-align-center\">Abordamos las desigualdades sist\u00e9micas cuando imaginamos nuestro futuro com\u00fan.<\/p>\n<\/div>\n<\/div>\n\n\n\n<div class=\"wp-block-column is-layout-flow wp-block-column-is-layout-flow\">\n<div class=\"wp-block-group is-layout-flow wp-block-group-is-layout-flow\">\n<figure class=\"wp-block-image aligncenter size-full is-resized mb-0 force-no-lightbox force-no-caption is-style-rounded-180\"><img loading=\"lazy\" decoding=\"async\" width=\"512\" height=\"512\" src=\"https:\/\/www.greenpeace.org\/static\/planet4-mexico-stateless\/2025\/02\/04aaea0d-diversidad.png\" title=\"\u00cdcono de un grupo de personas\" alt=\"\u00cdcono de un grupo de personas\" class=\"wp-image-54838\" srcset=\"https:\/\/www.greenpeace.org\/static\/planet4-mexico-stateless\/2025\/02\/04aaea0d-diversidad.png 512w, https:\/\/www.greenpeace.org\/static\/planet4-mexico-stateless\/2025\/02\/04aaea0d-diversidad-300x300.png 300w, https:\/\/www.greenpeace.org\/static\/planet4-mexico-stateless\/2025\/02\/04aaea0d-diversidad-150x150.png 150w, https:\/\/www.greenpeace.org\/static\/planet4-mexico-stateless\/2025\/02\/04aaea0d-diversidad-340x340.png 340w\" sizes=\"auto, (max-width: 512px) 100vw, 512px\" \/><\/figure>\n\n\n\n<h4 class=\"wp-block-heading has-text-align-center\" style=\"font-size:1.5rem\">Diversidad<\/h4>\n\n\n\n<p class=\"has-text-align-center\">Reconocemos, entendemos y defendemos nuestras diferencias como personas.<\/p>\n<\/div>\n<\/div>\n\n\n\n<div class=\"wp-block-column is-layout-flow wp-block-column-is-layout-flow\">\n<div class=\"wp-block-group is-layout-flow wp-block-group-is-layout-flow\">\n<figure class=\"wp-block-image aligncenter size-full is-resized mb-0 force-no-lightbox force-no-caption is-style-rounded-180\"><img loading=\"lazy\" decoding=\"async\" width=\"512\" height=\"512\" src=\"https:\/\/www.greenpeace.org\/static\/planet4-mexico-stateless\/2025\/02\/d9a21f65-inclusion.png\" title=\"\u00cdcono de pu\u00f1os\" alt=\"\u00cdcono de pu\u00f1os\" class=\"wp-image-54839\" srcset=\"https:\/\/www.greenpeace.org\/static\/planet4-mexico-stateless\/2025\/02\/d9a21f65-inclusion.png 512w, https:\/\/www.greenpeace.org\/static\/planet4-mexico-stateless\/2025\/02\/d9a21f65-inclusion-300x300.png 300w, https:\/\/www.greenpeace.org\/static\/planet4-mexico-stateless\/2025\/02\/d9a21f65-inclusion-150x150.png 150w, https:\/\/www.greenpeace.org\/static\/planet4-mexico-stateless\/2025\/02\/d9a21f65-inclusion-340x340.png 340w\" sizes=\"auto, (max-width: 512px) 100vw, 512px\" \/><\/figure>\n\n\n\n<h4 class=\"wp-block-heading has-text-align-center\" style=\"font-size:1.5rem\">Inclusi\u00f3n<\/h4>\n\n\n\n<p class=\"has-text-align-center\">Invitamos y amplificamos todas las voces del movimiento por la justicia clim\u00e1tica.<\/p>\n<\/div>\n<\/div>\n\n\n\n<div class=\"wp-block-column is-layout-flow wp-block-column-is-layout-flow\">\n<div class=\"wp-block-group is-layout-flow wp-block-group-is-layout-flow\">\n<figure class=\"wp-block-image aligncenter size-full is-resized mb-0 force-no-lightbox force-no-caption is-style-rounded-180\"><img loading=\"lazy\" decoding=\"async\" width=\"512\" height=\"512\" src=\"https:\/\/www.greenpeace.org\/static\/planet4-mexico-stateless\/2025\/02\/fe2b6c9c-seguridad.png\" title=\"\u00cdcono de persona con casco\" alt=\"\u00cdcono de persona con casco\" class=\"wp-image-54840\" srcset=\"https:\/\/www.greenpeace.org\/static\/planet4-mexico-stateless\/2025\/02\/fe2b6c9c-seguridad.png 512w, https:\/\/www.greenpeace.org\/static\/planet4-mexico-stateless\/2025\/02\/fe2b6c9c-seguridad-300x300.png 300w, https:\/\/www.greenpeace.org\/static\/planet4-mexico-stateless\/2025\/02\/fe2b6c9c-seguridad-150x150.png 150w, https:\/\/www.greenpeace.org\/static\/planet4-mexico-stateless\/2025\/02\/fe2b6c9c-seguridad-340x340.png 340w\" sizes=\"auto, (max-width: 512px) 100vw, 512px\" \/><\/figure>\n\n\n\n<h4 class=\"wp-block-heading has-text-align-center\" style=\"font-size:1.5rem\">Seguridad<\/h4>\n\n\n\n<p class=\"has-text-align-center\">Construimos entornos en los que sentimos la seguridad de ser quienes somos.<\/p>\n<\/div>\n<\/div>\n<\/div>\n\n<\/div>\n\n\n<h3 class=\"wp-block-heading has-text-align-center is-style-default has-dark-green-800-color has-text-color has-link-color has-large-font-size wp-elements-f7978f3ec7336d7c05ec8c90a178e1b2\">Nuestros compromisos<\/h3>\n\n<div class=\"wp-block-columns is-layout-flex wp-container-core-columns-is-layout-9d6595d7 wp-block-columns-is-layout-flex\">\n<div class=\"wp-block-column is-layout-flow wp-block-column-is-layout-flow\">\n<figure class=\"wp-block-image size-large is-resized\"><img loading=\"lazy\" decoding=\"async\" width=\"1024\" height=\"768\" src=\"https:\/\/www.greenpeace.org\/static\/planet4-mexico-stateless\/2019\/03\/30050f63-foto-oportunidad-8marzo-1024x768.jpg\" title=\"9 de cada 10 mujeres han sufrido violencia en el transporte p\u00fablico\" alt=\"9 de cada 10 mujeres han sufrido violencia en el transporte p\u00fablico\" class=\"wp-image-1889\" style=\"object-fit:cover;width:600px;height:400px\" srcset=\"https:\/\/www.greenpeace.org\/static\/planet4-mexico-stateless\/2019\/03\/30050f63-foto-oportunidad-8marzo-1024x768.jpg 1024w, https:\/\/www.greenpeace.org\/static\/planet4-mexico-stateless\/2019\/03\/30050f63-foto-oportunidad-8marzo-300x225.jpg 300w, https:\/\/www.greenpeace.org\/static\/planet4-mexico-stateless\/2019\/03\/30050f63-foto-oportunidad-8marzo-768x576.jpg 768w, https:\/\/www.greenpeace.org\/static\/planet4-mexico-stateless\/2019\/03\/30050f63-foto-oportunidad-8marzo-1821x1366.jpg 1821w, https:\/\/www.greenpeace.org\/static\/planet4-mexico-stateless\/2019\/03\/30050f63-foto-oportunidad-8marzo-453x340.jpg 453w\" sizes=\"auto, (max-width: 1024px) 100vw, 1024px\" \/><\/figure>\n\n\n\n<h4 class=\"wp-block-heading\" style=\"font-size:1.5rem\"><strong><strong>Cero Tolerancia<\/strong><\/strong><\/h4>\n\n\n\n<p>No toleramos ninguna actitud agresiva o violenta, incluyendo el acoso sexual, tanto verbal como f\u00edsico, y cualquier tipo de discriminaci\u00f3n, trabajamos para evitar perpetuar el tipo de cultura que permite la agresi\u00f3n sexual y fomenta la discriminaci\u00f3n por raz\u00f3n de g\u00e9nero; esto incluye bromas sexistas y otros comportamientos patriarcales o mis\u00f3ginos.<\/p>\n\n\n\n<p><strong>Cero tolerancia significa que todas las preocupaciones se toman en serio, se investigan y se toman las medidas que se consideren apropiadas de acuerdo con el tipo de responsabilidad de las personas implicadas.<\/strong><\/p>\n<\/div>\n\n\n\n<div class=\"wp-block-column is-layout-flow wp-block-column-is-layout-flow\">\n<figure class=\"wp-block-image is-resized\"><img loading=\"lazy\" decoding=\"async\" width=\"1200\" height=\"800\" src=\"https:\/\/www.greenpeace.org\/static\/planet4-mexico-stateless\/2025\/06\/6e740299-gp0sttlqp.jpg\" title=\"&quot;Love Wins. Always&quot; Banner on Rainbow Warrior in Siracusa. \u00a9 Francesco Alesi \/ Greenpeace\" alt=\"&quot;Love Wins. Always&quot; Banner on Rainbow Warrior in Siracusa. \u00a9 Francesco Alesi \/ Greenpeace\" class=\"wp-image-57916\" style=\"object-fit:cover;width:600px;height:400px\" srcset=\"https:\/\/www.greenpeace.org\/static\/planet4-mexico-stateless\/2025\/06\/6e740299-gp0sttlqp.jpg 1200w, https:\/\/www.greenpeace.org\/static\/planet4-mexico-stateless\/2025\/06\/6e740299-gp0sttlqp-300x200.jpg 300w, https:\/\/www.greenpeace.org\/static\/planet4-mexico-stateless\/2025\/06\/6e740299-gp0sttlqp-1024x683.jpg 1024w, https:\/\/www.greenpeace.org\/static\/planet4-mexico-stateless\/2025\/06\/6e740299-gp0sttlqp-768x512.jpg 768w, https:\/\/www.greenpeace.org\/static\/planet4-mexico-stateless\/2025\/06\/6e740299-gp0sttlqp-510x340.jpg 510w\" sizes=\"auto, (max-width: 1200px) 100vw, 1200px\" \/><figcaption><div class=\"credit icon-left\"> \u00a9 Francesco Alesi \/ Greenpeace<\/div><\/figcaption><\/figure>\n\n\n\n<h4 class=\"wp-block-heading\" style=\"font-size:1.5rem\"><strong>No discriminaci\u00f3n<\/strong><\/h4>\n\n\n\n<p>Nos proponemos garantizar un entorno de trabajo <strong>diverso <\/strong>e <strong>incluyente<\/strong>, en el que <strong>no se permite la violencia en ninguna de sus formas<\/strong> un espacio laboral <strong>digno<\/strong>, <strong>seguro <\/strong>y <strong>respetuoso<\/strong>, en el que todas las personas se sientan incluidas y respetadas, tanto en sus similitudes como en sus diferencias.<br><\/p>\n<\/div>\n<\/div>\n\n<div style=\"height:40px\" aria-hidden=\"true\" class=\"wp-block-spacer\"><\/div>\n\n<div class=\"wp-block-media-text is-stacked-on-mobile\"><figure class=\"wp-block-media-text__media\"><img loading=\"lazy\" decoding=\"async\" width=\"1200\" height=\"800\" src=\"https:\/\/www.greenpeace.org\/static\/planet4-mexico-stateless\/2025\/06\/8077920d-gp0stqbtq.jpg\" alt=\"Dakota Access Pipeline Day of Action in Los Angeles. \u00a9 Jonathan Alcorn \/ Greenpeace\" sizes=\"auto, (min-width: 1600px) calc((1320px - 24px) \/ 2),(min-width: 1200px) calc((1140px - 24px) \/ 2),(min-width: 992px) calc((960px - 24px) \/ 2),(min-width: 768px) calc((720px - 24px) \/ 2),(min-width: 601px) calc((540px - 24px) \/ 2),(min-width: 577px) calc((540px - 24px) \/ 1), calc(100vw - 24px)\" srcset=\"https:\/\/www.greenpeace.org\/static\/planet4-mexico-stateless\/2025\/06\/8077920d-gp0stqbtq.jpg 1200w, https:\/\/www.greenpeace.org\/static\/planet4-mexico-stateless\/2025\/06\/8077920d-gp0stqbtq-300x200.jpg 300w, https:\/\/www.greenpeace.org\/static\/planet4-mexico-stateless\/2025\/06\/8077920d-gp0stqbtq-1024x683.jpg 1024w, https:\/\/www.greenpeace.org\/static\/planet4-mexico-stateless\/2025\/06\/8077920d-gp0stqbtq-768x512.jpg 768w, https:\/\/www.greenpeace.org\/static\/planet4-mexico-stateless\/2025\/06\/8077920d-gp0stqbtq-510x340.jpg 510w\" class=\"wp-image-57917 size-full\"\/><\/figure><div class=\"wp-block-media-text__content\">\n<h3 class=\"wp-block-heading has-dark-green-800-color has-text-color has-link-color has-large-font-size wp-elements-32f7ba7c9785bc37f3790358f90363c4\">Sistema de integridad<\/h3>\n\n\n\n<div style=\"height:10px\" aria-hidden=\"true\" class=\"wp-block-spacer\"><\/div>\n\n\n\n<p>Cualquier persona, interna o externa a la organizaci\u00f3n, puede alertar sobre incidencias graves ocurridas durante nuestras actividades en relaci\u00f3n con la comunidad de Greenpeace (personal, activistas, voluntariado, Consejo Directivo, entre otras) que vayan en contra de nuestro <a href=\"https:\/\/www.greenpeace.org\/static\/planet4-mexico-stateless\/2025\/09\/07271dab-codigo-de-conducta-2023.pdf\" target=\"_blank\" rel=\"noreferrer noopener\">C\u00f3digo de Conducta.<\/a><\/p>\n\n\n\n<p>Para enviar una denuncia an\u00f3nima, puedes escribir a <a href=\"mailto:wmx@greenpeace.org\">wmx@greenpeace.org<\/a> <strong>(este correo no procesar\u00e1 ninguna sugerencia o comentarios, ni responder\u00e1 consultas acerca de nuestras actividades o la propia organizaci\u00f3n)<\/strong>.<\/p>\n<\/div><\/div>\n\n<div style=\"height:40px\" aria-hidden=\"true\" class=\"wp-block-spacer\"><\/div>\n\n<div class=\"wp-block-group container is-style-reset-margin wp-container-content-9cfa9a5a is-layout-flow wp-block-group-is-layout-flow\" style=\"padding-top:0;padding-bottom:0\">\n<h2 class=\"wp-block-heading has-text-align-center is-style-default has-dark-green-800-color has-text-color has-link-color has-large-font-size wp-elements-6356ac95ed689d9a8e63c1b0efa0d06d\" style=\"margin-top:1.1rem;margin-bottom:1.1rem\">Conoce m\u00e1s sobre Greenpeace:<\/h2>\n\n\n\n<div class=\"wp-block-columns is-not-stacked-on-mobile is-style-mobile-carousel is-layout-flex wp-container-core-columns-is-layout-9d6595d7 wp-block-columns-is-layout-flex\">\n<div class=\"wp-block-column is-layout-flow wp-block-column-is-layout-flow\">\n<div class=\"wp-block-group group-stretched-link is-layout-flow wp-block-group-is-layout-flow\">\n<figure class=\"wp-block-image aligncenter size-full is-resized is-style-rounded-90 force-no-lightbox force-no-caption mb-0\"><img loading=\"lazy\" decoding=\"async\" width=\"1250\" height=\"1251\" src=\"https:\/\/www.greenpeace.org\/static\/planet4-mexico-stateless\/2025\/06\/6b4bc084-23_sustainable_transport-1.png\" alt=\"\" class=\"wp-image-58753\" style=\"width:90px;height:auto\" srcset=\"https:\/\/www.greenpeace.org\/static\/planet4-mexico-stateless\/2025\/06\/6b4bc084-23_sustainable_transport-1.png 1250w, https:\/\/www.greenpeace.org\/static\/planet4-mexico-stateless\/2025\/06\/6b4bc084-23_sustainable_transport-1-300x300.png 300w, https:\/\/www.greenpeace.org\/static\/planet4-mexico-stateless\/2025\/06\/6b4bc084-23_sustainable_transport-1-1024x1024.png 1024w, https:\/\/www.greenpeace.org\/static\/planet4-mexico-stateless\/2025\/06\/6b4bc084-23_sustainable_transport-1-150x150.png 150w, https:\/\/www.greenpeace.org\/static\/planet4-mexico-stateless\/2025\/06\/6b4bc084-23_sustainable_transport-1-768x769.png 768w, https:\/\/www.greenpeace.org\/static\/planet4-mexico-stateless\/2025\/06\/6b4bc084-23_sustainable_transport-1-340x340.png 340w\" sizes=\"auto, (max-width: 1250px) 100vw, 1250px\" \/><\/figure>\n\n\n\n<div style=\"height:16px\" aria-hidden=\"true\" class=\"wp-block-spacer\"><\/div>\n\n\n\n<h5 class=\"wp-block-heading has-text-align-center\" style=\"font-size:1rem\"><a href=\"https:\/\/www.greenpeace.org\/mexico\/sobre-greenpeace\/\" target=\"_blank\" rel=\"noreferrer noopener\">\u00bfQui\u00e9nes somos?<\/a><\/h5>\n<\/div>\n<\/div>\n\n\n\n<div class=\"wp-block-column is-layout-flow wp-block-column-is-layout-flow\">\n<div class=\"wp-block-group group-stretched-link is-layout-flow wp-block-group-is-layout-flow\">\n<figure class=\"wp-block-image aligncenter size-large is-resized is-style-rounded-90 force-no-lightbox force-no-caption mb-0\"><img loading=\"lazy\" decoding=\"async\" width=\"1024\" height=\"1024\" src=\"https:\/\/www.greenpeace.org\/static\/planet4-mexico-stateless\/2025\/01\/5b6b22ee-9_renewable_energy-1-1024x1024.png\" alt=\"\" class=\"wp-image-54697\" srcset=\"https:\/\/www.greenpeace.org\/static\/planet4-mexico-stateless\/2025\/01\/5b6b22ee-9_renewable_energy-1-1024x1024.png 1024w, https:\/\/www.greenpeace.org\/static\/planet4-mexico-stateless\/2025\/01\/5b6b22ee-9_renewable_energy-1-300x300.png 300w, https:\/\/www.greenpeace.org\/static\/planet4-mexico-stateless\/2025\/01\/5b6b22ee-9_renewable_energy-1-150x150.png 150w, https:\/\/www.greenpeace.org\/static\/planet4-mexico-stateless\/2025\/01\/5b6b22ee-9_renewable_energy-1-768x769.png 768w, https:\/\/www.greenpeace.org\/static\/planet4-mexico-stateless\/2025\/01\/5b6b22ee-9_renewable_energy-1-340x340.png 340w, https:\/\/www.greenpeace.org\/static\/planet4-mexico-stateless\/2025\/01\/5b6b22ee-9_renewable_energy-1-400x400.png 400w, https:\/\/www.greenpeace.org\/static\/planet4-mexico-stateless\/2025\/01\/5b6b22ee-9_renewable_energy-1-600x600.png 600w, https:\/\/www.greenpeace.org\/static\/planet4-mexico-stateless\/2025\/01\/5b6b22ee-9_renewable_energy-1.png 1250w\" sizes=\"auto, (max-width: 1024px) 100vw, 1024px\" \/><\/figure>\n\n\n\n<div style=\"height:16px\" aria-hidden=\"true\" class=\"wp-block-spacer\"><\/div>\n\n\n\n<h5 class=\"wp-block-heading has-text-align-center is-style-default\" style=\"font-size:1rem\"><a href=\"https:\/\/www.greenpeace.org\/mexico\/nuestra-historia\/\" target=\"_blank\" rel=\"noreferrer noopener\">Nuestra historia en M\u00e9xico<\/a><\/h5>\n<\/div>\n<\/div>\n\n\n\n<div class=\"wp-block-column is-layout-flow wp-block-column-is-layout-flow\">\n<div class=\"wp-block-group group-stretched-link is-layout-flow wp-block-group-is-layout-flow\">\n<figure class=\"wp-block-image aligncenter size-full is-resized is-style-rounded-90 force-no-lightbox force-no-caption mb-0\"><img loading=\"lazy\" decoding=\"async\" width=\"1250\" height=\"1251\" src=\"https:\/\/www.greenpeace.org\/static\/planet4-mexico-stateless\/2025\/01\/67ca5d3a-22_sustainable_finance-1.png\" alt=\"\" class=\"wp-image-54701\" srcset=\"https:\/\/www.greenpeace.org\/static\/planet4-mexico-stateless\/2025\/01\/67ca5d3a-22_sustainable_finance-1.png 1250w, https:\/\/www.greenpeace.org\/static\/planet4-mexico-stateless\/2025\/01\/67ca5d3a-22_sustainable_finance-1-300x300.png 300w, https:\/\/www.greenpeace.org\/static\/planet4-mexico-stateless\/2025\/01\/67ca5d3a-22_sustainable_finance-1-1024x1024.png 1024w, https:\/\/www.greenpeace.org\/static\/planet4-mexico-stateless\/2025\/01\/67ca5d3a-22_sustainable_finance-1-150x150.png 150w, https:\/\/www.greenpeace.org\/static\/planet4-mexico-stateless\/2025\/01\/67ca5d3a-22_sustainable_finance-1-768x769.png 768w, https:\/\/www.greenpeace.org\/static\/planet4-mexico-stateless\/2025\/01\/67ca5d3a-22_sustainable_finance-1-340x340.png 340w, https:\/\/www.greenpeace.org\/static\/planet4-mexico-stateless\/2025\/01\/67ca5d3a-22_sustainable_finance-1-400x400.png 400w, https:\/\/www.greenpeace.org\/static\/planet4-mexico-stateless\/2025\/01\/67ca5d3a-22_sustainable_finance-1-600x600.png 600w\" sizes=\"auto, (max-width: 1250px) 100vw, 1250px\" \/><\/figure>\n\n\n\n<div style=\"height:16px\" aria-hidden=\"true\" class=\"wp-block-spacer\"><\/div>\n\n\n\n<h5 class=\"wp-block-heading has-text-align-center\" style=\"font-size:1rem\">\u00bf<a href=\"https:\/\/www.greenpeace.org\/mexico\/sobre-greenpeace\/transparencia\/\" target=\"_blank\" rel=\"noreferrer noopener\">C\u00f3mo nos financiamos<\/a>?<\/h5>\n<\/div>\n<\/div>\n\n\n\n<div class=\"wp-block-column is-layout-flow wp-block-column-is-layout-flow\">\n<div class=\"wp-block-group group-stretched-link is-layout-flow wp-block-group-is-layout-flow\">\n<figure class=\"wp-block-image aligncenter size-large is-resized is-style-rounded-90 force-no-lightbox force-no-caption mb-0\"><img loading=\"lazy\" decoding=\"async\" width=\"1024\" height=\"1024\" src=\"https:\/\/www.greenpeace.org\/static\/planet4-mexico-stateless\/2025\/01\/1b9aca6c-15_world_forests-1-1024x1024.png\" alt=\"\" class=\"wp-image-54703\" style=\"width:90px;height:auto\" srcset=\"https:\/\/www.greenpeace.org\/static\/planet4-mexico-stateless\/2025\/01\/1b9aca6c-15_world_forests-1-1024x1024.png 1024w, https:\/\/www.greenpeace.org\/static\/planet4-mexico-stateless\/2025\/01\/1b9aca6c-15_world_forests-1-300x300.png 300w, https:\/\/www.greenpeace.org\/static\/planet4-mexico-stateless\/2025\/01\/1b9aca6c-15_world_forests-1-150x150.png 150w, https:\/\/www.greenpeace.org\/static\/planet4-mexico-stateless\/2025\/01\/1b9aca6c-15_world_forests-1-768x769.png 768w, https:\/\/www.greenpeace.org\/static\/planet4-mexico-stateless\/2025\/01\/1b9aca6c-15_world_forests-1-340x340.png 340w, https:\/\/www.greenpeace.org\/static\/planet4-mexico-stateless\/2025\/01\/1b9aca6c-15_world_forests-1-400x400.png 400w, https:\/\/www.greenpeace.org\/static\/planet4-mexico-stateless\/2025\/01\/1b9aca6c-15_world_forests-1-600x600.png 600w, https:\/\/www.greenpeace.org\/static\/planet4-mexico-stateless\/2025\/01\/1b9aca6c-15_world_forests-1.png 1250w\" sizes=\"auto, (max-width: 1024px) 100vw, 1024px\" \/><\/figure>\n\n\n\n<div style=\"height:16px\" aria-hidden=\"true\" class=\"wp-block-spacer\"><\/div>\n\n\n\n<h5 class=\"wp-block-heading has-text-align-center\" style=\"font-size:1rem\">\u00bf<a href=\"https:\/\/www.greenpeace.org\/mexico\/como-nos-organizamos\/\" target=\"_blank\" rel=\"noreferrer noopener\">C\u00f3mo estamos organizados<\/a>?<\/h5>\n<\/div>\n<\/div>\n\n\n\n<div class=\"wp-block-column is-layout-flow wp-block-column-is-layout-flow\">\n<div class=\"wp-block-group group-stretched-link is-layout-flow wp-block-group-is-layout-flow\">\n<figure class=\"wp-block-image aligncenter size-large is-resized is-style-rounded-90 force-no-lightbox force-no-caption mb-0\"><img loading=\"lazy\" decoding=\"async\" width=\"1024\" height=\"1024\" src=\"https:\/\/www.greenpeace.org\/static\/planet4-mexico-stateless\/2025\/01\/9130ecb8-19_people_power-1-1024x1024.png\" alt=\"\" class=\"wp-image-54702\" srcset=\"https:\/\/www.greenpeace.org\/static\/planet4-mexico-stateless\/2025\/01\/9130ecb8-19_people_power-1-1024x1024.png 1024w, https:\/\/www.greenpeace.org\/static\/planet4-mexico-stateless\/2025\/01\/9130ecb8-19_people_power-1-300x300.png 300w, https:\/\/www.greenpeace.org\/static\/planet4-mexico-stateless\/2025\/01\/9130ecb8-19_people_power-1-150x150.png 150w, https:\/\/www.greenpeace.org\/static\/planet4-mexico-stateless\/2025\/01\/9130ecb8-19_people_power-1-768x769.png 768w, https:\/\/www.greenpeace.org\/static\/planet4-mexico-stateless\/2025\/01\/9130ecb8-19_people_power-1-340x340.png 340w, https:\/\/www.greenpeace.org\/static\/planet4-mexico-stateless\/2025\/01\/9130ecb8-19_people_power-1-400x400.png 400w, https:\/\/www.greenpeace.org\/static\/planet4-mexico-stateless\/2025\/01\/9130ecb8-19_people_power-1-600x600.png 600w, https:\/\/www.greenpeace.org\/static\/planet4-mexico-stateless\/2025\/01\/9130ecb8-19_people_power-1.png 1250w\" sizes=\"auto, (max-width: 1024px) 100vw, 1024px\" \/><\/figure>\n\n\n\n<div style=\"height:16px\" aria-hidden=\"true\" class=\"wp-block-spacer\"><\/div>\n\n\n\n<h5 class=\"wp-block-heading has-text-align-center\" style=\"font-size:1rem\"><a href=\"https:\/\/www.greenpeace.org\/mexico\/logros-greenpeace-mexico\/\" target=\"_blank\" rel=\"noreferrer noopener\">Victorias en M\u00e9xico<\/a><\/h5>\n<\/div>\n<\/div>\n\n\n\n<div class=\"wp-block-column is-layout-flow wp-block-column-is-layout-flow\">\n<div class=\"wp-block-group group-stretched-link is-layout-flow wp-block-group-is-layout-flow\">\n<figure class=\"wp-block-image aligncenter size-full is-resized is-style-rounded-90 force-no-lightbox force-no-caption mb-0\"><img loading=\"lazy\" decoding=\"async\" width=\"1250\" height=\"1251\" src=\"https:\/\/www.greenpeace.org\/static\/planet4-mexico-stateless\/2025\/01\/d56efb55-24_greenpeace_ships-1.png\" alt=\"\" class=\"wp-image-54699\" srcset=\"https:\/\/www.greenpeace.org\/static\/planet4-mexico-stateless\/2025\/01\/d56efb55-24_greenpeace_ships-1.png 1250w, https:\/\/www.greenpeace.org\/static\/planet4-mexico-stateless\/2025\/01\/d56efb55-24_greenpeace_ships-1-300x300.png 300w, https:\/\/www.greenpeace.org\/static\/planet4-mexico-stateless\/2025\/01\/d56efb55-24_greenpeace_ships-1-1024x1024.png 1024w, https:\/\/www.greenpeace.org\/static\/planet4-mexico-stateless\/2025\/01\/d56efb55-24_greenpeace_ships-1-150x150.png 150w, https:\/\/www.greenpeace.org\/static\/planet4-mexico-stateless\/2025\/01\/d56efb55-24_greenpeace_ships-1-768x769.png 768w, https:\/\/www.greenpeace.org\/static\/planet4-mexico-stateless\/2025\/01\/d56efb55-24_greenpeace_ships-1-340x340.png 340w, https:\/\/www.greenpeace.org\/static\/planet4-mexico-stateless\/2025\/01\/d56efb55-24_greenpeace_ships-1-400x400.png 400w, https:\/\/www.greenpeace.org\/static\/planet4-mexico-stateless\/2025\/01\/d56efb55-24_greenpeace_ships-1-600x600.png 600w\" sizes=\"auto, (max-width: 1250px) 100vw, 1250px\" \/><\/figure>\n\n\n\n<div style=\"height:16px\" aria-hidden=\"true\" class=\"wp-block-spacer\"><\/div>\n\n\n\n<h5 class=\"wp-block-heading has-text-align-center\" style=\"font-size:1rem\"><a href=\"https:\/\/www.greenpeace.org\/mexico\/barcos\" data-type=\"link\" data-id=\"https:\/\/www.greenpeace.org\/mexico\/barcos\" target=\"_blank\" rel=\"noreferrer noopener\">Barcos de Greenpeace<\/a><\/h5>\n<\/div>\n<\/div>\n<\/div>\n<\/div>\n\n<div style=\"height:40px\" aria-hidden=\"true\" class=\"wp-block-spacer\"><\/div>\n\n<div class=\"wp-block-group container has-green-800-background-color has-background is-layout-constrained wp-block-group-is-layout-constrained\" style=\"padding-top:var(--wp--preset--spacing--20);padding-bottom:var(--wp--preset--spacing--20)\">\n<div style=\"height:24px\" aria-hidden=\"true\" class=\"wp-block-spacer\"><\/div>\n\n\n\n<h2 class=\"wp-block-heading has-text-align-center has-white-color has-text-color has-link-color wp-elements-d1df2a17efe1b6fef2e2959c525b7e57\" style=\"margin-top:1px;margin-right:0;margin-bottom:1px;margin-left:0;font-size:45px\">\u00a1\u00danete!<\/h2>\n\n\n\n<div class=\"wp-block-columns is-not-stacked-on-mobile is-style-mobile-carousel is-layout-flex wp-container-core-columns-is-layout-9d6595d7 wp-block-columns-is-layout-flex\">\n<div class=\"wp-block-column is-layout-flow wp-block-column-is-layout-flow\">\n<div class=\"wp-block-group group-stretched-link is-layout-flow wp-block-group-is-layout-flow\">\n<figure class=\"wp-block-image aligncenter size-full is-resized force-no-lightbox force-no-caption mb-0 is-style-default\"><img loading=\"lazy\" decoding=\"async\" width=\"1080\" height=\"1080\" src=\"https:\/\/www.greenpeace.org\/static\/planet4-mexico-stateless\/2025\/02\/98b999d4-texto.png\" alt=\"\" class=\"wp-image-54726\" style=\"object-fit:contain;width:120px;height:120px\" srcset=\"https:\/\/www.greenpeace.org\/static\/planet4-mexico-stateless\/2025\/02\/98b999d4-texto.png 1080w, https:\/\/www.greenpeace.org\/static\/planet4-mexico-stateless\/2025\/02\/98b999d4-texto-300x300.png 300w, https:\/\/www.greenpeace.org\/static\/planet4-mexico-stateless\/2025\/02\/98b999d4-texto-1024x1024.png 1024w, https:\/\/www.greenpeace.org\/static\/planet4-mexico-stateless\/2025\/02\/98b999d4-texto-150x150.png 150w, https:\/\/www.greenpeace.org\/static\/planet4-mexico-stateless\/2025\/02\/98b999d4-texto-768x768.png 768w, https:\/\/www.greenpeace.org\/static\/planet4-mexico-stateless\/2025\/02\/98b999d4-texto-340x340.png 340w\" sizes=\"auto, (max-width: 1080px) 100vw, 1080px\" \/><\/figure>\n\n\n\n<div style=\"height:16px\" aria-hidden=\"true\" class=\"wp-block-spacer\"><\/div>\n\n\n\n<h5 class=\"wp-block-heading has-text-align-center has-white-color has-text-color has-link-color wp-elements-e9370ffa40d31c7d13766e6821723861\" style=\"font-size:1.4rem\"><a href=\"https:\/\/www.greenpeace.org\/mexico\/socios-y-socias\/\" target=\"_blank\" rel=\"noreferrer noopener\">Hazte socio\/a<\/a><\/h5>\n<\/div>\n<\/div>\n\n\n\n<div class=\"wp-block-column is-layout-flow wp-block-column-is-layout-flow\">\n<div class=\"wp-block-group group-stretched-link is-layout-flow wp-block-group-is-layout-flow\">\n<figure class=\"wp-block-image aligncenter size-full is-resized force-no-lightbox force-no-caption mb-0 is-style-default\"><img loading=\"lazy\" decoding=\"async\" width=\"512\" height=\"512\" src=\"https:\/\/www.greenpeace.org\/static\/planet4-mexico-stateless\/2025\/02\/a6eae3fb-peticion.png\" alt=\"\" class=\"wp-image-54727\" style=\"object-fit:cover;width:120px;height:120px\" srcset=\"https:\/\/www.greenpeace.org\/static\/planet4-mexico-stateless\/2025\/02\/a6eae3fb-peticion.png 512w, https:\/\/www.greenpeace.org\/static\/planet4-mexico-stateless\/2025\/02\/a6eae3fb-peticion-300x300.png 300w, https:\/\/www.greenpeace.org\/static\/planet4-mexico-stateless\/2025\/02\/a6eae3fb-peticion-150x150.png 150w, https:\/\/www.greenpeace.org\/static\/planet4-mexico-stateless\/2025\/02\/a6eae3fb-peticion-340x340.png 340w\" sizes=\"auto, (max-width: 512px) 100vw, 512px\" \/><\/figure>\n\n\n\n<div style=\"height:16px\" aria-hidden=\"true\" class=\"wp-block-spacer\"><\/div>\n\n\n\n<h5 class=\"wp-block-heading has-text-align-center has-white-color has-text-color has-link-color wp-elements-5ab51a43a5efcc897fda06930408194b\" style=\"font-size:1.4rem\"><a href=\"https:\/\/www.greenpeace.org\/mexico\/participa\/peticiones\/\" target=\"_blank\" rel=\"noreferrer noopener\">Firma nuestras peticiones<\/a><\/h5>\n<\/div>\n<\/div>\n\n\n\n<div class=\"wp-block-column is-layout-flow wp-block-column-is-layout-flow\">\n<div class=\"wp-block-group group-stretched-link is-layout-flow wp-block-group-is-layout-flow\">\n<figure class=\"wp-block-image aligncenter size-full is-resized force-no-lightbox force-no-caption mb-0 is-style-default\"><img loading=\"lazy\" decoding=\"async\" width=\"512\" height=\"512\" src=\"https:\/\/www.greenpeace.org\/static\/planet4-mexico-stateless\/2025\/02\/a3d4a203-98cd-441c-9595-890eaa94e256.png\" alt=\"\" class=\"wp-image-54728\" style=\"object-fit:cover;width:120px;height:auto\" srcset=\"https:\/\/www.greenpeace.org\/static\/planet4-mexico-stateless\/2025\/02\/a3d4a203-98cd-441c-9595-890eaa94e256.png 512w, https:\/\/www.greenpeace.org\/static\/planet4-mexico-stateless\/2025\/02\/a3d4a203-98cd-441c-9595-890eaa94e256-300x300.png 300w, https:\/\/www.greenpeace.org\/static\/planet4-mexico-stateless\/2025\/02\/a3d4a203-98cd-441c-9595-890eaa94e256-150x150.png 150w, https:\/\/www.greenpeace.org\/static\/planet4-mexico-stateless\/2025\/02\/a3d4a203-98cd-441c-9595-890eaa94e256-340x340.png 340w\" sizes=\"auto, (max-width: 512px) 100vw, 512px\" \/><\/figure>\n\n\n\n<div style=\"height:16px\" aria-hidden=\"true\" class=\"wp-block-spacer\"><\/div>\n\n\n\n<h5 class=\"wp-block-heading has-text-align-center has-white-color has-text-color has-link-color wp-elements-79c5b9a5493b58093d4f5b427ad912c2\" style=\"font-size:1.4rem\"><a href=\"https:\/\/www.greenpeace.org\/mexico\/participa\/voluntariado\/\" target=\"_blank\" rel=\"noreferrer noopener\">Hazte voluntario\/a<\/a><\/h5>\n<\/div>\n<\/div>\n\n\n\n<div class=\"wp-block-column is-layout-flow wp-block-column-is-layout-flow\">\n<div class=\"wp-block-group group-stretched-link is-layout-flow wp-block-group-is-layout-flow\">\n<figure class=\"wp-block-image aligncenter size-full is-resized force-no-lightbox force-no-caption mb-0 is-style-default\"><img loading=\"lazy\" decoding=\"async\" width=\"512\" height=\"512\" src=\"https:\/\/www.greenpeace.org\/static\/planet4-mexico-stateless\/2025\/02\/02954e25-968f-497d-ad6d-47e74acdceee.png\" alt=\"\" class=\"wp-image-54729\" style=\"object-fit:cover;width:120px;height:120px\" srcset=\"https:\/\/www.greenpeace.org\/static\/planet4-mexico-stateless\/2025\/02\/02954e25-968f-497d-ad6d-47e74acdceee.png 512w, https:\/\/www.greenpeace.org\/static\/planet4-mexico-stateless\/2025\/02\/02954e25-968f-497d-ad6d-47e74acdceee-300x300.png 300w, https:\/\/www.greenpeace.org\/static\/planet4-mexico-stateless\/2025\/02\/02954e25-968f-497d-ad6d-47e74acdceee-150x150.png 150w, https:\/\/www.greenpeace.org\/static\/planet4-mexico-stateless\/2025\/02\/02954e25-968f-497d-ad6d-47e74acdceee-340x340.png 340w\" sizes=\"auto, (max-width: 512px) 100vw, 512px\" \/><\/figure>\n\n\n\n<div style=\"height:16px\" aria-hidden=\"true\" class=\"wp-block-spacer\"><\/div>\n\n\n\n<h5 class=\"wp-block-heading has-text-align-center has-white-color has-text-color has-link-color wp-elements-29f2b363ba4a526456574e03185b8961\" style=\"font-size:1.4rem\"><a href=\"https:\/\/www.greenpeace.org\/mexico\/ciberactivismo\/\" target=\"_blank\" rel=\"noreferrer noopener\">Hazte ciberactivista<\/a><\/h5>\n<\/div>\n<\/div>\n<\/div>\n<\/div>\n\n<div style=\"height:40px\" aria-hidden=\"true\" class=\"wp-block-spacer\"><\/div>\n","protected":false},"excerpt":{"rendered":"<p>Nuestros compromisos Cero Tolerancia No toleramos ninguna actitud agresiva o violenta, incluyendo el acoso sexual, tanto verbal como f\u00edsico, y cualquier tipo de discriminaci\u00f3n, trabajamos para evitar perpetuar el tipo de cultura que permite la agresi\u00f3n sexual y fomenta la discriminaci\u00f3n por raz\u00f3n de g\u00e9nero; esto incluye bromas sexistas y otros comportamientos patriarcales o mis\u00f3ginos. [&hellip;]<\/p>\n","protected":false},"author":19,"featured_media":394,"parent":0,"menu_order":1,"comment_status":"closed","ping_status":"closed","template":"page-templates\/evergreen.php","meta":{"ep_exclude_from_search":false,"p4_hide_page_title_checkbox":"on","p4_title":"","p4_subtitle":"","p4_description":"","background_image_id":"","background_image":"","p4_button_title":"","p4_button_link":"","p4_button_link_checkbox":"","p4_og_title":"","p4_og_description":"","p4_og_image":"","p4_og_image_id":"","p4_seo_canonical_url":"","p4_campaign_name":"not set","p4_local_project":"not set","p4_basket_name":"not set","p4_department":"","footnotes":""},"categories":[43],"tags":[],"class_list":["post-392","page","type-page","status-publish","has-post-thumbnail","hentry","category-sobre-greenpeace"],"_links":{"self":[{"href":"https:\/\/www.greenpeace.org\/mexico\/wp-json\/wp\/v2\/pages\/392","targetHints":{"allow":["GET"]}}],"collection":[{"href":"https:\/\/www.greenpeace.org\/mexico\/wp-json\/wp\/v2\/pages"}],"about":[{"href":"https:\/\/www.greenpeace.org\/mexico\/wp-json\/wp\/v2\/types\/page"}],"author":[{"embeddable":true,"href":"https:\/\/www.greenpeace.org\/mexico\/wp-json\/wp\/v2\/users\/19"}],"replies":[{"embeddable":true,"href":"https:\/\/www.greenpeace.org\/mexico\/wp-json\/wp\/v2\/comments?post=392"}],"version-history":[{"count":19,"href":"https:\/\/www.greenpeace.org\/mexico\/wp-json\/wp\/v2\/pages\/392\/revisions"}],"predecessor-version":[{"id":61122,"href":"https:\/\/www.greenpeace.org\/mexico\/wp-json\/wp\/v2\/pages\/392\/revisions\/61122"}],"wp:featuredmedia":[{"embeddable":true,"href":"https:\/\/www.greenpeace.org\/mexico\/wp-json\/wp\/v2\/media\/394"}],"wp:attachment":[{"href":"https:\/\/www.greenpeace.org\/mexico\/wp-json\/wp\/v2\/media?parent=392"}],"wp:term":[{"taxonomy":"category","embeddable":true,"href":"https:\/\/www.greenpeace.org\/mexico\/wp-json\/wp\/v2\/categories?post=392"},{"taxonomy":"post_tag","embeddable":true,"href":"https:\/\/www.greenpeace.org\/mexico\/wp-json\/wp\/v2\/tags?post=392"}],"curies":[{"name":"wp","href":"https:\/\/api.w.org\/{rel}","templated":true}]}}