{"id":49123,"date":"2021-09-30T15:08:06","date_gmt":"2021-09-30T20:08:06","guid":{"rendered":"https:\/\/www.greenpeace.org\/mexico\/?page_id=49123"},"modified":"2025-06-25T09:38:15","modified_gmt":"2025-06-25T14:38:15","slug":"crisis-climatica-mexico","status":"publish","type":"page","link":"https:\/\/www.greenpeace.org\/mexico\/crisis-climatica-mexico\/","title":{"rendered":"Crisis clim\u00e1tica M\u00e9xico"},"content":{"rendered":"\n                    <div class=\"wp-block-group is-vertical is-layout-flex wp-container-core-group-is-layout-8cf370e7 wp-block-group-is-layout-flex\">\n                    \n\n                    \n                    <\/div>\n                    \n<div class=\"wp-block-image\"><figure class=\"aligncenter size-large\"><img loading=\"lazy\" decoding=\"async\" width=\"958\" height=\"450\" src=\"https:\/\/www.greenpeace.org\/static\/planet4-mexico-stateless\/2021\/09\/ab56258f-crisis-climatica-mexico.png\" alt=\"Crisis clim\u00e1tica en M\u00e9xico #CrisisCliM\u00e9xico\" class=\"wp-image-49124\" srcset=\"https:\/\/www.greenpeace.org\/static\/planet4-mexico-stateless\/2021\/09\/ab56258f-crisis-climatica-mexico.png 958w, https:\/\/www.greenpeace.org\/static\/planet4-mexico-stateless\/2021\/09\/ab56258f-crisis-climatica-mexico-300x141.png 300w, https:\/\/www.greenpeace.org\/static\/planet4-mexico-stateless\/2021\/09\/ab56258f-crisis-climatica-mexico-768x361.png 768w, https:\/\/www.greenpeace.org\/static\/planet4-mexico-stateless\/2021\/09\/ab56258f-crisis-climatica-mexico-510x240.png 510w\" sizes=\"auto, (max-width: 958px) 100vw, 958px\" \/><\/figure><\/div>\n\n<h1 class=\"has-text-align-center wp-block-heading\">As\u00ed se vive la crisis clim\u00e1tica en M\u00e9xico<\/h1>\n\n<p class=\"has-text-align-center has-grey-900-color has-text-color has-medium-font-size\">As\u00ed es como ha aumentado la <strong>temperatura promedio en M\u00e9xico<\/strong> respecto al <strong>consumo mundial de petr\u00f3leo<\/strong>.<\/p>\n\n<div class=\"wp-block-image\"><figure class=\"aligncenter size-large\"><img loading=\"lazy\" decoding=\"async\" width=\"1024\" height=\"749\" src=\"https:\/\/www.greenpeace.org\/static\/planet4-mexico-stateless\/2021\/09\/104abdb2-consumo-mundial-petroleo-1024x749.png\" alt=\"Consumo mundial de petr\u00f3leo #CrisisCliM\u00e9xico\" class=\"wp-image-49130\" srcset=\"https:\/\/www.greenpeace.org\/static\/planet4-mexico-stateless\/2021\/09\/104abdb2-consumo-mundial-petroleo-1024x749.png 1024w, https:\/\/www.greenpeace.org\/static\/planet4-mexico-stateless\/2021\/09\/104abdb2-consumo-mundial-petroleo-300x219.png 300w, https:\/\/www.greenpeace.org\/static\/planet4-mexico-stateless\/2021\/09\/104abdb2-consumo-mundial-petroleo-768x562.png 768w, https:\/\/www.greenpeace.org\/static\/planet4-mexico-stateless\/2021\/09\/104abdb2-consumo-mundial-petroleo-465x340.png 465w, https:\/\/www.greenpeace.org\/static\/planet4-mexico-stateless\/2021\/09\/104abdb2-consumo-mundial-petroleo.png 1120w\" sizes=\"auto, (max-width: 1024px) 100vw, 1024px\" \/><\/figure><\/div>\n\n<figure class=\"wp-block-image size-full force-no-lightbox swipe-1\" id=\"ya-esta-aqui\"><img loading=\"lazy\" decoding=\"async\" width=\"1366\" height=\"194\" src=\"https:\/\/www.greenpeace.org\/static\/planet4-mexico-stateless\/2021\/09\/d71f7c3c-ya-esta-aqui.png\" alt=\"\" class=\"wp-image-49132\" srcset=\"https:\/\/www.greenpeace.org\/static\/planet4-mexico-stateless\/2021\/09\/d71f7c3c-ya-esta-aqui.png 1366w, https:\/\/www.greenpeace.org\/static\/planet4-mexico-stateless\/2021\/09\/d71f7c3c-ya-esta-aqui-300x43.png 300w, https:\/\/www.greenpeace.org\/static\/planet4-mexico-stateless\/2021\/09\/d71f7c3c-ya-esta-aqui-1024x145.png 1024w, https:\/\/www.greenpeace.org\/static\/planet4-mexico-stateless\/2021\/09\/d71f7c3c-ya-esta-aqui-768x109.png 768w, https:\/\/www.greenpeace.org\/static\/planet4-mexico-stateless\/2021\/09\/d71f7c3c-ya-esta-aqui-510x72.png 510w\" sizes=\"auto, (max-width: 1366px) 100vw, 1366px\" \/><\/figure>\n\n<div class=\"wp-block-group swipe-content-1 is-layout-flow wp-block-group-is-layout-flow\">\n<p class=\"has-text-align-center has-grey-900-color has-text-color has-medium-font-size\">Da clic para conocer c\u00f3mo un problema que se sent\u00eda lejano, de los polos y los glaciares, <strong>hoy se vive cada d\u00eda m\u00e1s cerca&#8230; m\u00e1s presente<\/strong>.<\/p>\n\n\n\n<figure class=\"wp-block-embed is-type-video is-provider-youtube wp-block-embed-youtube wp-embed-aspect-16-9 wp-has-aspect-ratio\"><div class=\"wp-block-embed__wrapper\">\n<iframe loading=\"lazy\" title=\"La crisis clim\u00e1tica, \u00a1YA EST\u00c1 AQU\u00cd! | #CrisisCliM\u00e9xico Ep.1 (1\/3)\" width=\"500\" height=\"281\" src=\"https:\/\/www.youtube.com\/embed\/qg7FxqBQd5I?feature=oembed\" frameborder=\"0\" allow=\"accelerometer; autoplay; clipboard-write; encrypted-media; gyroscope; picture-in-picture; web-share\" referrerpolicy=\"strict-origin-when-cross-origin\" allowfullscreen><\/iframe>\n<\/div><\/figure>\n\n\n\n<div class=\"wp-block-columns is-layout-flex wp-container-core-columns-is-layout-9d6595d7 wp-block-columns-is-layout-flex\">\n<div class=\"wp-block-column is-layout-flow wp-block-column-is-layout-flow\" style=\"flex-basis:66.66%\">\n<p class=\"line-height-70 cl-mb-text margin-top-20 has-grey-900-color has-text-color\" style=\"font-size:70px\">Esta crisis llega de forma desigual, <strong>hay miles de personas que lo sufren m\u00e1s.<\/strong><\/p>\n<\/div>\n\n\n\n<div class=\"wp-block-column is-layout-flow wp-block-column-is-layout-flow\" style=\"flex-basis:33.33%\">\n<figure class=\"wp-block-image size-large\"><img loading=\"lazy\" decoding=\"async\" width=\"470\" height=\"800\" src=\"https:\/\/www.greenpeace.org\/static\/planet4-mexico-stateless\/2021\/10\/7412b19e-crisis-climatica-desigualdad.png\" alt=\"Desigualdad en la crisis clim\u00e1tica #CrisisCliM\u00e9xico\" class=\"wp-image-49238\" srcset=\"https:\/\/www.greenpeace.org\/static\/planet4-mexico-stateless\/2021\/10\/7412b19e-crisis-climatica-desigualdad.png 470w, https:\/\/www.greenpeace.org\/static\/planet4-mexico-stateless\/2021\/10\/7412b19e-crisis-climatica-desigualdad-176x300.png 176w, https:\/\/www.greenpeace.org\/static\/planet4-mexico-stateless\/2021\/10\/7412b19e-crisis-climatica-desigualdad-200x340.png 200w\" sizes=\"auto, (max-width: 470px) 100vw, 470px\" \/><\/figure>\n<\/div>\n<\/div>\n\n\n\n<figure class=\"wp-block-image size-full\"><img loading=\"lazy\" decoding=\"async\" width=\"1400\" height=\"509\" src=\"https:\/\/www.greenpeace.org\/static\/planet4-mexico-stateless\/2021\/09\/b1e4d3c6-tula-tepeji.jpg\" title=\"Tula Di\u00f3xido de azufre\" alt=\"Tula Tepej\u00ed - Crisis clim\u00e1tica\" class=\"wp-image-49206\" srcset=\"https:\/\/www.greenpeace.org\/static\/planet4-mexico-stateless\/2021\/09\/b1e4d3c6-tula-tepeji.jpg 1400w, https:\/\/www.greenpeace.org\/static\/planet4-mexico-stateless\/2021\/09\/b1e4d3c6-tula-tepeji-300x109.jpg 300w, https:\/\/www.greenpeace.org\/static\/planet4-mexico-stateless\/2021\/09\/b1e4d3c6-tula-tepeji-1024x372.jpg 1024w, https:\/\/www.greenpeace.org\/static\/planet4-mexico-stateless\/2021\/09\/b1e4d3c6-tula-tepeji-768x279.jpg 768w, https:\/\/www.greenpeace.org\/static\/planet4-mexico-stateless\/2021\/09\/b1e4d3c6-tula-tepeji-510x185.jpg 510w\" sizes=\"auto, (max-width: 1400px) 100vw, 1400px\" \/><\/figure>\n\n\n\n<p style=\"font-size:18px\">Las ciudades de Tepeji del R\u00edo y Tula viven la crisis clim\u00e1tica desde el agua en la regi\u00f3n. En un a\u00f1o han vivido los extremos posibles, a principios de 2021 estallaron conflictos entre agricultores y pescadores, las presas de la regi\u00f3n llegaron a m\u00ednimos preocupantes. Meses m\u00e1s tarde, Tula se inundaba con el desborde del r\u00edo que lleva su nombre, 15 personas perdieron la vida en el hospital del IMSS de Tula cuando la inundaci\u00f3n cort\u00f3 el suministro de luz. La crisis clim\u00e1tica se suma a las desigualdades del territorio.<\/p>\n\n\n\n<figure class=\"wp-block-image size-full\"><img loading=\"lazy\" decoding=\"async\" width=\"1242\" height=\"947\" src=\"https:\/\/www.greenpeace.org\/static\/planet4-mexico-stateless\/2021\/09\/64bd142f-mapa-tula-tepeji-del-rio.png\" alt=\"Tula Tepej\u00ed del R\u00edo\" class=\"wp-image-49151\" srcset=\"https:\/\/www.greenpeace.org\/static\/planet4-mexico-stateless\/2021\/09\/64bd142f-mapa-tula-tepeji-del-rio.png 1242w, https:\/\/www.greenpeace.org\/static\/planet4-mexico-stateless\/2021\/09\/64bd142f-mapa-tula-tepeji-del-rio-300x229.png 300w, https:\/\/www.greenpeace.org\/static\/planet4-mexico-stateless\/2021\/09\/64bd142f-mapa-tula-tepeji-del-rio-1024x781.png 1024w, https:\/\/www.greenpeace.org\/static\/planet4-mexico-stateless\/2021\/09\/64bd142f-mapa-tula-tepeji-del-rio-768x586.png 768w, https:\/\/www.greenpeace.org\/static\/planet4-mexico-stateless\/2021\/09\/64bd142f-mapa-tula-tepeji-del-rio-446x340.png 446w\" sizes=\"auto, (max-width: 1242px) 100vw, 1242px\" \/><\/figure>\n\n\n\n<figure class=\"wp-block-embed is-type-video is-provider-youtube wp-block-embed-youtube wp-embed-aspect-16-9 wp-has-aspect-ratio\"><div class=\"wp-block-embed__wrapper\">\n<iframe loading=\"lazy\" title=\"La crisis clim\u00e1tica, \u00a1YA EST\u00c1 AQU\u00cd! Tepeji del R\u00edo y Tula, Hidalgo | #CrisisCliM\u00e9xico Ep.1 (2\/3)\" width=\"500\" height=\"281\" src=\"https:\/\/www.youtube.com\/embed\/pT7IQey8r6E?feature=oembed\" frameborder=\"0\" allow=\"accelerometer; autoplay; clipboard-write; encrypted-media; gyroscope; picture-in-picture; web-share\" referrerpolicy=\"strict-origin-when-cross-origin\" allowfullscreen><\/iframe>\n<\/div><\/figure>\n\n\n\n<p class=\"has-text-align-left\" style=\"font-size:18px\">La situaci\u00f3n que se vive en Tula y en Tepeji del R\u00edo no es un accidente, gobiernos pasados y el actual dispusieron esta zona como una de sacrificio. En 2006, la ONU nombr\u00f3 a Tula como la ciudad m\u00e1s contaminada del mundo. La termoel\u00e9ctrica de Tula, que abastece de luz a la CDMX, quema combust\u00f3leo que envenena el aire de la regi\u00f3n y acelera la misma crisis que se resiente en la falta y el exceso de agua. Pero ah\u00ed no acaba, el r\u00edo que une a Tula y a Tepej\u00ed, el r\u00edo m\u00e1s caudaloso del Valle del Mezquital y que en tiempos prehisp\u00e1nicos fue esencial para las culturas olmecas, hoy, es el drenaje de la Ciudad de M\u00e9xico y un flujo incesante de contaminantes industriales. En esta zona del pa\u00eds la crisis clim\u00e1tica se siente todos los d\u00edas.<\/p>\n\n\n\n<figure class=\"wp-block-image size-full\"><img loading=\"lazy\" decoding=\"async\" width=\"1366\" height=\"505\" src=\"https:\/\/www.greenpeace.org\/static\/planet4-mexico-stateless\/2021\/09\/d02d3c0f-rio-playa-tabasco.png\" title=\"R\u00edo Playa Tabasco refiner\u00eda\" alt=\"R\u00edo Playa Tabasco\" class=\"wp-image-49149\" srcset=\"https:\/\/www.greenpeace.org\/static\/planet4-mexico-stateless\/2021\/09\/d02d3c0f-rio-playa-tabasco.png 1366w, https:\/\/www.greenpeace.org\/static\/planet4-mexico-stateless\/2021\/09\/d02d3c0f-rio-playa-tabasco-300x111.png 300w, https:\/\/www.greenpeace.org\/static\/planet4-mexico-stateless\/2021\/09\/d02d3c0f-rio-playa-tabasco-1024x379.png 1024w, https:\/\/www.greenpeace.org\/static\/planet4-mexico-stateless\/2021\/09\/d02d3c0f-rio-playa-tabasco-768x284.png 768w, https:\/\/www.greenpeace.org\/static\/planet4-mexico-stateless\/2021\/09\/d02d3c0f-rio-playa-tabasco-510x189.png 510w\" sizes=\"auto, (max-width: 1366px) 100vw, 1366px\" \/><\/figure>\n\n\n\n<div class=\"wp-block-columns is-layout-flex wp-container-core-columns-is-layout-9d6595d7 wp-block-columns-is-layout-flex\">\n<div class=\"wp-block-column is-layout-flow wp-block-column-is-layout-flow\" style=\"flex-basis:50%\">\n<p class=\"has-text-align-left has-grey-900-color has-text-color\" style=\"font-size:18px\">La reserva ecol\u00f3gica R\u00edo Playa, en el estado de Tabasco, se encuentra en el municipio de Para\u00edso. Hoy, el para\u00edso se discute entre el verdor y la abundancia que le dio su nombre y la distop\u00eda de la crisis clim\u00e1tica. Las tierras de la regi\u00f3n se salinizan, los cambios de lluvia dificultan la siembra de temporal y el calor hierve a los peces en las aguas bajas e impide el trabajo m\u00e1s all\u00e1 del medio d\u00eda. El ed\u00e9n tabasque\u00f1o hoy es un contraste clim\u00e1tico: los manglares, a\u00fan abundantes y presentes, sostienen la promesa de la vida en el para\u00edso. A lo lejos, los mecheros de la industria del petr\u00f3leo apuestan por la crisis.<\/p>\n<\/div>\n\n\n\n<div class=\"wp-block-column is-layout-flow wp-block-column-is-layout-flow\" style=\"flex-basis:50%\">\n<div class=\"wp-block-image\"><figure class=\"alignright size-full\"><img loading=\"lazy\" decoding=\"async\" width=\"391\" height=\"306\" src=\"https:\/\/www.greenpeace.org\/static\/planet4-mexico-stateless\/2021\/09\/8a2a747a-tabasco.png\" alt=\"\" class=\"wp-image-49163\" srcset=\"https:\/\/www.greenpeace.org\/static\/planet4-mexico-stateless\/2021\/09\/8a2a747a-tabasco.png 391w, https:\/\/www.greenpeace.org\/static\/planet4-mexico-stateless\/2021\/09\/8a2a747a-tabasco-300x235.png 300w\" sizes=\"auto, (max-width: 391px) 100vw, 391px\" \/><\/figure><\/div>\n<\/div>\n<\/div>\n\n\n\n<figure class=\"wp-block-embed is-type-video is-provider-youtube wp-block-embed-youtube wp-embed-aspect-16-9 wp-has-aspect-ratio\"><div class=\"wp-block-embed__wrapper\">\n<iframe loading=\"lazy\" title=\"La crisis clim\u00e1tica, \u00a1YA EST\u00c1 AQU\u00cd! R\u00edo Playa, Tabasco | #CrisisCliM\u00e9xico Ep. 1 (3\/3)\" width=\"500\" height=\"281\" src=\"https:\/\/www.youtube.com\/embed\/qpSCbU8wuFM?feature=oembed\" frameborder=\"0\" allow=\"accelerometer; autoplay; clipboard-write; encrypted-media; gyroscope; picture-in-picture; web-share\" referrerpolicy=\"strict-origin-when-cross-origin\" allowfullscreen><\/iframe>\n<\/div><\/figure>\n\n\n\n<div class=\"wp-block-columns is-layout-flex wp-container-core-columns-is-layout-9d6595d7 wp-block-columns-is-layout-flex\">\n<div class=\"wp-block-column is-layout-flow wp-block-column-is-layout-flow\" style=\"flex-basis:50%\">\n<figure class=\"wp-block-image size-full\"><img loading=\"lazy\" decoding=\"async\" width=\"393\" height=\"314\" src=\"https:\/\/www.greenpeace.org\/static\/planet4-mexico-stateless\/2021\/09\/6e0261ba-tabasco-2.png\" alt=\"\" class=\"wp-image-49165\" srcset=\"https:\/\/www.greenpeace.org\/static\/planet4-mexico-stateless\/2021\/09\/6e0261ba-tabasco-2.png 393w, https:\/\/www.greenpeace.org\/static\/planet4-mexico-stateless\/2021\/09\/6e0261ba-tabasco-2-300x240.png 300w\" sizes=\"auto, (max-width: 393px) 100vw, 393px\" \/><\/figure>\n<\/div>\n\n\n\n<div class=\"wp-block-column is-layout-flow wp-block-column-is-layout-flow\" style=\"flex-basis:50%\">\n<p class=\"has-grey-900-color has-text-color\" style=\"font-size:18px\">Con el avance de la crisis clim\u00e1tica este punto del pa\u00eds ha sido de los primeros en sufrir las consecuencias. En 30 a\u00f1os, una cuarta parte de Tabasco podr\u00eda quedar inundada dejando bajo el agua la costa, el pantano, el manglar, el para\u00edso y tambi\u00e9n los mecheros\u2026 En pocos lugares de M\u00e9xico y de Am\u00e9rica se siente, se entiende y se vive lo que est\u00e1 en juego: la supervivencia o la apuesta de m\u00e1s combustible para una crisis.<\/p>\n<\/div>\n<\/div>\n<\/div>\n\n<figure class=\"wp-block-image size-full force-no-lightbox swipe-2\"><img loading=\"lazy\" decoding=\"async\" width=\"1200\" height=\"176\" src=\"https:\/\/www.greenpeace.org\/static\/planet4-mexico-stateless\/2021\/10\/e9268fb8-los-responsables.jpeg\" alt=\"Los responsables del cambio clim\u00e1tico\" class=\"wp-image-49305\" srcset=\"https:\/\/www.greenpeace.org\/static\/planet4-mexico-stateless\/2021\/10\/e9268fb8-los-responsables.jpeg 1200w, https:\/\/www.greenpeace.org\/static\/planet4-mexico-stateless\/2021\/10\/e9268fb8-los-responsables-300x44.jpeg 300w, https:\/\/www.greenpeace.org\/static\/planet4-mexico-stateless\/2021\/10\/e9268fb8-los-responsables-1024x150.jpeg 1024w, https:\/\/www.greenpeace.org\/static\/planet4-mexico-stateless\/2021\/10\/e9268fb8-los-responsables-768x113.jpeg 768w, https:\/\/www.greenpeace.org\/static\/planet4-mexico-stateless\/2021\/10\/e9268fb8-los-responsables-510x75.jpeg 510w\" sizes=\"auto, (max-width: 1200px) 100vw, 1200px\" \/><\/figure>\n\n<div class=\"wp-block-group swipe-content-2 is-layout-flow wp-block-group-is-layout-flow\">\n<p class=\"has-medium-font-size\">Nos dicen que somos culpables, que nuestras acciones nos tienen en esta crisis. <strong>Su arrojo de culpas a los individuos tiene una finalidad<\/strong>: que no te des cuenta de qui\u00e9n acelera la crisis.<\/p>\n\n\n\n<p class=\"has-text-align-center has-medium-font-size\"><strong>Da clic y date cuenta.<\/strong><\/p>\n\n\n\n<figure class=\"wp-block-embed is-type-video is-provider-youtube wp-block-embed-youtube wp-embed-aspect-16-9 wp-has-aspect-ratio\"><div class=\"wp-block-embed__wrapper\">\n<iframe loading=\"lazy\" title=\"\u00bfQui\u00e9nes son los responsables de la crisis clim\u00e1tica? | #CrisisClim\u00e9xico Ep. 2 (1\/3)\" width=\"500\" height=\"281\" src=\"https:\/\/www.youtube.com\/embed\/A4cyGukLzqA?feature=oembed\" frameborder=\"0\" allow=\"accelerometer; autoplay; clipboard-write; encrypted-media; gyroscope; picture-in-picture; web-share\" referrerpolicy=\"strict-origin-when-cross-origin\" allowfullscreen><\/iframe>\n<\/div><\/figure>\n\n\n\n<div class=\"wp-block-columns is-layout-flex wp-container-core-columns-is-layout-9d6595d7 wp-block-columns-is-layout-flex\">\n<div class=\"wp-block-column is-layout-flow wp-block-column-is-layout-flow\" style=\"flex-basis:33.33%\">\n<figure class=\"wp-block-image size-full\"><img loading=\"lazy\" decoding=\"async\" width=\"469\" height=\"804\" src=\"https:\/\/www.greenpeace.org\/static\/planet4-mexico-stateless\/2021\/10\/88c85420-petroleo.png\" alt=\"Crisis clim\u00e1tica petr\u00f3leo\" class=\"wp-image-49306\" srcset=\"https:\/\/www.greenpeace.org\/static\/planet4-mexico-stateless\/2021\/10\/88c85420-petroleo.png 469w, https:\/\/www.greenpeace.org\/static\/planet4-mexico-stateless\/2021\/10\/88c85420-petroleo-175x300.png 175w, https:\/\/www.greenpeace.org\/static\/planet4-mexico-stateless\/2021\/10\/88c85420-petroleo-198x340.png 198w\" sizes=\"auto, (max-width: 469px) 100vw, 469px\" \/><\/figure>\n<\/div>\n\n\n\n<div class=\"wp-block-column is-layout-flow wp-block-column-is-layout-flow\" style=\"flex-basis:66.66%\">\n<p class=\"line-height-50 cl-mb-text margin-top-20 has-grey-900-color has-text-color\" style=\"font-size:50px\">Todas y todos jugamos una parte de la crisis clim\u00e1tica, pero <strong>unos llevan una parte mucho m\u00e1s grande<\/strong> y no est\u00e1n haciendo nada para asumir su responsabilidad.<\/p>\n<\/div>\n<\/div>\n\n\n\n<figure class=\"wp-block-image size-full\"><img loading=\"lazy\" decoding=\"async\" width=\"1400\" height=\"509\" src=\"https:\/\/www.greenpeace.org\/static\/planet4-mexico-stateless\/2021\/09\/b1e4d3c6-tula-tepeji.jpg\" title=\"Tula Di\u00f3xido de azufre\" alt=\"Tula Di\u00f3xido de azufre\" class=\"wp-image-49206\" srcset=\"https:\/\/www.greenpeace.org\/static\/planet4-mexico-stateless\/2021\/09\/b1e4d3c6-tula-tepeji.jpg 1400w, https:\/\/www.greenpeace.org\/static\/planet4-mexico-stateless\/2021\/09\/b1e4d3c6-tula-tepeji-300x109.jpg 300w, https:\/\/www.greenpeace.org\/static\/planet4-mexico-stateless\/2021\/09\/b1e4d3c6-tula-tepeji-1024x372.jpg 1024w, https:\/\/www.greenpeace.org\/static\/planet4-mexico-stateless\/2021\/09\/b1e4d3c6-tula-tepeji-768x279.jpg 768w, https:\/\/www.greenpeace.org\/static\/planet4-mexico-stateless\/2021\/09\/b1e4d3c6-tula-tepeji-510x185.jpg 510w\" sizes=\"auto, (max-width: 1400px) 100vw, 1400px\" \/><\/figure>\n\n\n\n<p style=\"font-size:18px\">A 83 kil\u00f3metros de la Ciudad de M\u00e9xico se encuentra la ciudad de Tula, en el estado de Hidalgo. Sitio emblem\u00e1tico por dos razones fundamentales: 1) la ciudad tolteca con sus esculturas de Atlantes dominando el Valle de M\u00e9xico, y 2) ser una de las zonas m\u00e1s contaminadas del mundo por di\u00f3xido de azufre. \u00bfLa culpable? La Central Termoel\u00e9ctrica, Francisco P\u00e9rez R\u00edos, de la Comisi\u00f3n Federal de Electricidad. En ella se quema combust\u00f3leo, el principal combustible que utiliza para generar energ\u00eda y atender las necesidades de una megal\u00f3polis como la Zona Metropolitana del Valle de M\u00e9xico, que concentra a la capital junto con territorios aleda\u00f1os que van desde Puebla a Toluca, de Cuernavaca a Pachuca. El combust\u00f3leo es una fracci\u00f3n del petr\u00f3leo que se obtiene como residuo en la destilaci\u00f3n fraccionada; es decir, aguardiente de hidrocarburo. Lo que hace un aguardiente al h\u00edgado humano es lo mismo que hace el combust\u00f3leo a la calidad del aire que respira quienes habitan en el Valle de M\u00e9xico, pero no solo eso\u2026<\/p>\n\n\n\n<figure class=\"wp-block-image size-full\"><img loading=\"lazy\" decoding=\"async\" width=\"1073\" height=\"1126\" src=\"https:\/\/www.greenpeace.org\/static\/planet4-mexico-stateless\/2021\/10\/77c7f9f9-tula-hidalgo.png\" alt=\"Tula Hidalgo\" class=\"wp-image-49307\" srcset=\"https:\/\/www.greenpeace.org\/static\/planet4-mexico-stateless\/2021\/10\/77c7f9f9-tula-hidalgo.png 1073w, https:\/\/www.greenpeace.org\/static\/planet4-mexico-stateless\/2021\/10\/77c7f9f9-tula-hidalgo-286x300.png 286w, https:\/\/www.greenpeace.org\/static\/planet4-mexico-stateless\/2021\/10\/77c7f9f9-tula-hidalgo-976x1024.png 976w, https:\/\/www.greenpeace.org\/static\/planet4-mexico-stateless\/2021\/10\/77c7f9f9-tula-hidalgo-768x806.png 768w, https:\/\/www.greenpeace.org\/static\/planet4-mexico-stateless\/2021\/10\/77c7f9f9-tula-hidalgo-324x340.png 324w\" sizes=\"auto, (max-width: 1073px) 100vw, 1073px\" \/><\/figure>\n\n\n\n<p style=\"font-size:18px\">La quema de combust\u00f3leo duplica las emisiones de azufre permitidas por la Semarnat. No puede superarse el 2% de azufre enviado a la atm\u00f3sfera, pero estudios (como el del ICM) han comprobado que se alcanza hasta el 3.9%. Y se pone pero, en 2019, del total de emisiones de la termoel\u00e9ctrica 69% se deb\u00edan al combust\u00f3leo y solo 31% a gas natural. La central de Tula, que abri\u00f3 en 1975, ha convertido su entorno en una de las zonas m\u00e1s contaminadas del mundo por di\u00f3xido de azufre. Tula ocupa el puesto 23 en la lista de Greenpeace de los 50 puntos cr\u00edticos por sus emisiones de este tipo de gases contaminantes y M\u00e9xico es el quinto pa\u00eds que m\u00e1s poluci\u00f3n env\u00eda a la atm\u00f3sfera, s\u00f3lo superado por India, Rusia, China y Arabia Saud\u00ed.<\/p>\n\n\n\n<figure class=\"wp-block-image size-full\"><img loading=\"lazy\" decoding=\"async\" width=\"1110\" height=\"88\" src=\"https:\/\/www.greenpeace.org\/static\/planet4-mexico-stateless\/2021\/10\/85716e15-e2.04.png\" alt=\"Concentraci\u00f3n de Di\u00f3xido\nde Azufre \" class=\"wp-image-49308\" srcset=\"https:\/\/www.greenpeace.org\/static\/planet4-mexico-stateless\/2021\/10\/85716e15-e2.04.png 1110w, https:\/\/www.greenpeace.org\/static\/planet4-mexico-stateless\/2021\/10\/85716e15-e2.04-300x24.png 300w, https:\/\/www.greenpeace.org\/static\/planet4-mexico-stateless\/2021\/10\/85716e15-e2.04-1024x81.png 1024w, https:\/\/www.greenpeace.org\/static\/planet4-mexico-stateless\/2021\/10\/85716e15-e2.04-768x61.png 768w, https:\/\/www.greenpeace.org\/static\/planet4-mexico-stateless\/2021\/10\/85716e15-e2.04-510x40.png 510w\" sizes=\"auto, (max-width: 1110px) 100vw, 1110px\" \/><\/figure>\n\n\n\n<div class=\"wp-block-columns is-layout-flex wp-container-core-columns-is-layout-9d6595d7 wp-block-columns-is-layout-flex\">\n<div class=\"wp-block-column is-layout-flow wp-block-column-is-layout-flow\" style=\"flex-basis:50%\">\n<p class=\"has-text-align-center has-grey-900-color has-text-color\" style=\"font-size:22px\"><strong>Concentraci\u00f3n de Di\u00f3xido de Azufre (SO2)<\/strong> y dispersi\u00f3n en Tula-Tepeji y la Zona Metropolitana del Valle de M\u00e9xico.<\/p>\n<\/div>\n\n\n\n<div class=\"wp-block-column is-layout-flow wp-block-column-is-layout-flow\" style=\"flex-basis:50%\">\n<p class=\"has-text-align-center\" style=\"font-size:22px\">La Central Termoel\u00e9ctrica es la <strong>responsable del 10% de los t\u00f3xicos del aire en la Ciudad de M\u00e9xico.<\/strong><\/p>\n<\/div>\n<\/div>\n\n\n\n<figure class=\"wp-block-embed is-type-video is-provider-youtube wp-block-embed-youtube wp-embed-aspect-16-9 wp-has-aspect-ratio\"><div class=\"wp-block-embed__wrapper\">\n<iframe loading=\"lazy\" title=\"\u00bfQui\u00e9nes son los responsables de la crisis clim\u00e1tica? Hidalgo | #CrisisClim\u00e9xico Ep. 2 (2\/3)\" width=\"500\" height=\"281\" src=\"https:\/\/www.youtube.com\/embed\/xP2tNEMZyVk?feature=oembed\" frameborder=\"0\" allow=\"accelerometer; autoplay; clipboard-write; encrypted-media; gyroscope; picture-in-picture; web-share\" referrerpolicy=\"strict-origin-when-cross-origin\" allowfullscreen><\/iframe>\n<\/div><\/figure>\n\n\n\n<figure class=\"wp-block-image size-full\"><img loading=\"lazy\" decoding=\"async\" width=\"1366\" height=\"505\" src=\"https:\/\/www.greenpeace.org\/static\/planet4-mexico-stateless\/2021\/09\/d02d3c0f-rio-playa-tabasco.png\" title=\"R\u00edo Playa Tabasco refiner\u00eda\" alt=\"R\u00edo Playa Tabasco refiner\u00eda\" class=\"wp-image-49149\" srcset=\"https:\/\/www.greenpeace.org\/static\/planet4-mexico-stateless\/2021\/09\/d02d3c0f-rio-playa-tabasco.png 1366w, https:\/\/www.greenpeace.org\/static\/planet4-mexico-stateless\/2021\/09\/d02d3c0f-rio-playa-tabasco-300x111.png 300w, https:\/\/www.greenpeace.org\/static\/planet4-mexico-stateless\/2021\/09\/d02d3c0f-rio-playa-tabasco-1024x379.png 1024w, https:\/\/www.greenpeace.org\/static\/planet4-mexico-stateless\/2021\/09\/d02d3c0f-rio-playa-tabasco-768x284.png 768w, https:\/\/www.greenpeace.org\/static\/planet4-mexico-stateless\/2021\/09\/d02d3c0f-rio-playa-tabasco-510x189.png 510w\" sizes=\"auto, (max-width: 1366px) 100vw, 1366px\" \/><\/figure>\n\n\n\n<div class=\"wp-block-columns is-layout-flex wp-container-core-columns-is-layout-9d6595d7 wp-block-columns-is-layout-flex\">\n<div class=\"wp-block-column is-layout-flow wp-block-column-is-layout-flow\" style=\"flex-basis:50%\">\n<p class=\"has-text-align-left has-grey-900-color has-text-color\" style=\"font-size:18px\">\u00bfEn qu\u00e9 lugar del mundo alguien podr\u00eda colocar una refiner\u00eda petrolera a menos de ocho kil\u00f3metros de una reserva ecol\u00f3gica? Simple: en M\u00e9xico. El proyecto de Dos Bocas lo construye Petr\u00f3leos Mexicanos (Pemex), la novena empresa que m\u00e1s ha contribuido a emitir los gases de efecto invernadero que han producido la crisis clim\u00e1tica y que, al parecer, est\u00e1 dispuesta a superar su r\u00e9cord.<\/p>\n\n\n\n<p style=\"font-size:18px\">Se estima que ser\u00e1 posible procesar 340 miles de barriles (MBD) de crudo tipo maya diarios para incrementar la oferta de producci\u00f3n nacional de gasolina y di\u00e9sel. El total de emisiones anuales de la refiner\u00eda ser\u00edan 2.16 millones de toneladas de CO2e, lo que equivale a las emisiones de 855,020 veh\u00edculos compactos al a\u00f1o.<\/p>\n<\/div>\n\n\n\n<div class=\"wp-block-column is-layout-flow wp-block-column-is-layout-flow\" style=\"flex-basis:50%\">\n<figure class=\"wp-block-image size-full\"><img loading=\"lazy\" decoding=\"async\" width=\"654\" height=\"432\" src=\"https:\/\/www.greenpeace.org\/static\/planet4-mexico-stateless\/2021\/10\/7c1456f5-dos-bocas.png\" alt=\"Dos Bocas refiner\u00eda\" class=\"wp-image-49309\" srcset=\"https:\/\/www.greenpeace.org\/static\/planet4-mexico-stateless\/2021\/10\/7c1456f5-dos-bocas.png 654w, https:\/\/www.greenpeace.org\/static\/planet4-mexico-stateless\/2021\/10\/7c1456f5-dos-bocas-300x198.png 300w, https:\/\/www.greenpeace.org\/static\/planet4-mexico-stateless\/2021\/10\/7c1456f5-dos-bocas-510x337.png 510w\" sizes=\"auto, (max-width: 654px) 100vw, 654px\" \/><\/figure>\n<\/div>\n<\/div>\n\n\n\n<div class=\"wp-block-image\"><figure class=\"aligncenter size-full\"><img loading=\"lazy\" decoding=\"async\" width=\"900\" height=\"302\" src=\"https:\/\/www.greenpeace.org\/static\/planet4-mexico-stateless\/2021\/10\/9c28d973-mapa-dos-bocas.png\" alt=\"Contaminaci\u00f3n refiner\u00eda Dos Bocas\" class=\"wp-image-49310\" srcset=\"https:\/\/www.greenpeace.org\/static\/planet4-mexico-stateless\/2021\/10\/9c28d973-mapa-dos-bocas.png 900w, https:\/\/www.greenpeace.org\/static\/planet4-mexico-stateless\/2021\/10\/9c28d973-mapa-dos-bocas-300x101.png 300w, https:\/\/www.greenpeace.org\/static\/planet4-mexico-stateless\/2021\/10\/9c28d973-mapa-dos-bocas-768x258.png 768w, https:\/\/www.greenpeace.org\/static\/planet4-mexico-stateless\/2021\/10\/9c28d973-mapa-dos-bocas-510x171.png 510w\" sizes=\"auto, (max-width: 900px) 100vw, 900px\" \/><\/figure><\/div>\n\n\n\n<p class=\"has-text-align-center\" style=\"font-size:22px\">En los pr\u00f3ximos 20 a\u00f1os, solamente la operaci\u00f3n de la re\ufb01ner\u00eda <strong>habr\u00e1 emitido aproximadamente 43.2 MtCO2e<\/strong>.<\/p>\n\n\n\n<figure class=\"wp-block-embed is-type-video is-provider-youtube wp-block-embed-youtube wp-embed-aspect-16-9 wp-has-aspect-ratio\"><div class=\"wp-block-embed__wrapper\">\n<iframe loading=\"lazy\" title=\"\u00bfQui\u00e9nes son los responsables de la crisis clim\u00e1tica? Tabasco | #CrisisClim\u00e9xico Ep. 2 (3\/3)\" width=\"500\" height=\"281\" src=\"https:\/\/www.youtube.com\/embed\/KpEBqVMTTto?feature=oembed\" frameborder=\"0\" allow=\"accelerometer; autoplay; clipboard-write; encrypted-media; gyroscope; picture-in-picture; web-share\" referrerpolicy=\"strict-origin-when-cross-origin\" allowfullscreen><\/iframe>\n<\/div><\/figure>\n<\/div>\n\n<figure class=\"wp-block-image size-full force-no-lightbox swipe-3\"><img loading=\"lazy\" decoding=\"async\" width=\"1440\" height=\"208\" src=\"https:\/\/www.greenpeace.org\/static\/planet4-mexico-stateless\/2021\/10\/bd0d170c-defensa-del-futuro.png\" alt=\"\" class=\"wp-image-49388\" srcset=\"https:\/\/www.greenpeace.org\/static\/planet4-mexico-stateless\/2021\/10\/bd0d170c-defensa-del-futuro.png 1440w, https:\/\/www.greenpeace.org\/static\/planet4-mexico-stateless\/2021\/10\/bd0d170c-defensa-del-futuro-300x43.png 300w, https:\/\/www.greenpeace.org\/static\/planet4-mexico-stateless\/2021\/10\/bd0d170c-defensa-del-futuro-1024x148.png 1024w, https:\/\/www.greenpeace.org\/static\/planet4-mexico-stateless\/2021\/10\/bd0d170c-defensa-del-futuro-768x111.png 768w, https:\/\/www.greenpeace.org\/static\/planet4-mexico-stateless\/2021\/10\/bd0d170c-defensa-del-futuro-510x74.png 510w\" sizes=\"auto, (max-width: 1440px) 100vw, 1440px\" \/><\/figure>\n\n<div class=\"wp-block-group swipe-content-3 is-layout-flow wp-block-group-is-layout-flow\">\n<p style=\"font-size:22px\">Nos invitan a rendirnos ante un futuro inviable. <strong>Su plan es la crisis clim\u00e1tica<\/strong> y en \u00e9l no cabe un planeta vivo. Pero nada menos cierto. La reinvenci\u00f3n es nuestra, da clic y conoce c\u00f3mo y por qu\u00e9.<\/p>\n\n\n\n<figure class=\"wp-block-embed is-type-video is-provider-youtube wp-block-embed-youtube wp-embed-aspect-16-9 wp-has-aspect-ratio\"><div class=\"wp-block-embed__wrapper\">\n<iframe loading=\"lazy\" title=\"\u00bfEs posible frenar la crisis clim\u00e1tica? | #CrisisClim\u00e9xico Ep. 3 (1\/3)\" width=\"500\" height=\"281\" src=\"https:\/\/www.youtube.com\/embed\/i67M1dcdVpY?feature=oembed\" frameborder=\"0\" allow=\"accelerometer; autoplay; clipboard-write; encrypted-media; gyroscope; picture-in-picture; web-share\" referrerpolicy=\"strict-origin-when-cross-origin\" allowfullscreen><\/iframe>\n<\/div><\/figure>\n\n\n\n<div class=\"wp-block-columns is-layout-flex wp-container-core-columns-is-layout-9d6595d7 wp-block-columns-is-layout-flex\">\n<div class=\"wp-block-column is-layout-flow wp-block-column-is-layout-flow\" style=\"flex-basis:33.33%\">\n<figure class=\"wp-block-image size-full\"><img loading=\"lazy\" decoding=\"async\" width=\"468\" height=\"799\" src=\"https:\/\/www.greenpeace.org\/static\/planet4-mexico-stateless\/2021\/10\/dac53397-e3-02.png\" alt=\"\" class=\"wp-image-49389\" srcset=\"https:\/\/www.greenpeace.org\/static\/planet4-mexico-stateless\/2021\/10\/dac53397-e3-02.png 468w, https:\/\/www.greenpeace.org\/static\/planet4-mexico-stateless\/2021\/10\/dac53397-e3-02-176x300.png 176w, https:\/\/www.greenpeace.org\/static\/planet4-mexico-stateless\/2021\/10\/dac53397-e3-02-199x340.png 199w\" sizes=\"auto, (max-width: 468px) 100vw, 468px\" \/><\/figure>\n<\/div>\n\n\n\n<div class=\"wp-block-column is-layout-flow wp-block-column-is-layout-flow\" style=\"flex-basis:66.66%\">\n<p class=\"line-height-70 cl-mb-text margin-top-20 has-grey-900-color has-text-color\" style=\"font-size:70px\"><strong>Donde ellos ven muerte, <\/strong><\/p>\n\n\n\n<p class=\"line-height-70 cl-mb-text has-green-500-color has-text-color\" style=\"font-size:70px\"><meta charset=\"utf-8\"><strong>nosotros vemos un futuro vivo.<\/strong><\/p>\n<\/div>\n<\/div>\n\n\n\n<figure class=\"wp-block-image size-full\"><img loading=\"lazy\" decoding=\"async\" width=\"1400\" height=\"509\" src=\"https:\/\/www.greenpeace.org\/static\/planet4-mexico-stateless\/2021\/09\/b1e4d3c6-tula-tepeji.jpg\" title=\"Tula Di\u00f3xido de azufre\" alt=\"Tula Di\u00f3xido de azufre\" class=\"wp-image-49206\" srcset=\"https:\/\/www.greenpeace.org\/static\/planet4-mexico-stateless\/2021\/09\/b1e4d3c6-tula-tepeji.jpg 1400w, https:\/\/www.greenpeace.org\/static\/planet4-mexico-stateless\/2021\/09\/b1e4d3c6-tula-tepeji-300x109.jpg 300w, https:\/\/www.greenpeace.org\/static\/planet4-mexico-stateless\/2021\/09\/b1e4d3c6-tula-tepeji-1024x372.jpg 1024w, https:\/\/www.greenpeace.org\/static\/planet4-mexico-stateless\/2021\/09\/b1e4d3c6-tula-tepeji-768x279.jpg 768w, https:\/\/www.greenpeace.org\/static\/planet4-mexico-stateless\/2021\/09\/b1e4d3c6-tula-tepeji-510x185.jpg 510w\" sizes=\"auto, (max-width: 1400px) 100vw, 1400px\" \/><\/figure>\n\n\n\n<div class=\"wp-block-columns is-layout-flex wp-container-core-columns-is-layout-9d6595d7 wp-block-columns-is-layout-flex\">\n<div class=\"wp-block-column is-layout-flow wp-block-column-is-layout-flow\" style=\"flex-basis:66.66%\">\n<p class=\"line-height-40 cl-mb-text margin-top-20 has-grey-900-color has-text-color\" style=\"font-size:30px\">El aire envenenado, el agua envenenada, la crisis presente en sus extremos y aqu\u00ed no se rinden. <strong>Mujeres y hombres, toman la energ\u00eda del sol y sanean las aguas de muerte<\/strong>. Con esa agua cultivan y avivan parques donde antes hab\u00eda bald\u00edos. Ellas y ellos ven un Tepeji del R\u00edo y una Tula que quienes la condenan y contaminan <strong>no se atreven a imaginar<\/strong>.<\/p>\n<\/div>\n\n\n\n<div class=\"wp-block-column is-layout-flow wp-block-column-is-layout-flow\" style=\"flex-basis:33.33%\">\n<figure class=\"wp-block-image size-full\"><img loading=\"lazy\" decoding=\"async\" width=\"468\" height=\"799\" src=\"https:\/\/www.greenpeace.org\/static\/planet4-mexico-stateless\/2021\/10\/51f445e1-e3-03.png\" alt=\"\" class=\"wp-image-49390\" srcset=\"https:\/\/www.greenpeace.org\/static\/planet4-mexico-stateless\/2021\/10\/51f445e1-e3-03.png 468w, https:\/\/www.greenpeace.org\/static\/planet4-mexico-stateless\/2021\/10\/51f445e1-e3-03-176x300.png 176w, https:\/\/www.greenpeace.org\/static\/planet4-mexico-stateless\/2021\/10\/51f445e1-e3-03-199x340.png 199w\" sizes=\"auto, (max-width: 468px) 100vw, 468px\" \/><\/figure>\n<\/div>\n<\/div>\n\n\n\n<figure class=\"wp-block-embed is-type-video is-provider-youtube wp-block-embed-youtube wp-embed-aspect-16-9 wp-has-aspect-ratio\"><div class=\"wp-block-embed__wrapper\">\n<iframe loading=\"lazy\" title=\"\u00bfEs posible frenar la crisis clim\u00e1tica? | #CrisisClim\u00e9xico Ep. 3 (2\/3)\" width=\"500\" height=\"281\" src=\"https:\/\/www.youtube.com\/embed\/Zi4NCbBN6AY?feature=oembed\" frameborder=\"0\" allow=\"accelerometer; autoplay; clipboard-write; encrypted-media; gyroscope; picture-in-picture; web-share\" referrerpolicy=\"strict-origin-when-cross-origin\" allowfullscreen><\/iframe>\n<\/div><\/figure>\n\n\n\n<p class=\"has-text-align-center\" style=\"font-size:26px\"><strong>No esperan el cambio de rumbo, lo provocan, lo arrebatan, lo siembran.<\/strong><\/p>\n\n\n\n<figure class=\"wp-block-image size-full\"><img loading=\"lazy\" decoding=\"async\" width=\"1366\" height=\"505\" src=\"https:\/\/www.greenpeace.org\/static\/planet4-mexico-stateless\/2021\/09\/d02d3c0f-rio-playa-tabasco.png\" title=\"R\u00edo Playa Tabasco refiner\u00eda\" alt=\"R\u00edo Playa Tabasco refiner\u00eda\" class=\"wp-image-49149\" srcset=\"https:\/\/www.greenpeace.org\/static\/planet4-mexico-stateless\/2021\/09\/d02d3c0f-rio-playa-tabasco.png 1366w, https:\/\/www.greenpeace.org\/static\/planet4-mexico-stateless\/2021\/09\/d02d3c0f-rio-playa-tabasco-300x111.png 300w, https:\/\/www.greenpeace.org\/static\/planet4-mexico-stateless\/2021\/09\/d02d3c0f-rio-playa-tabasco-1024x379.png 1024w, https:\/\/www.greenpeace.org\/static\/planet4-mexico-stateless\/2021\/09\/d02d3c0f-rio-playa-tabasco-768x284.png 768w, https:\/\/www.greenpeace.org\/static\/planet4-mexico-stateless\/2021\/09\/d02d3c0f-rio-playa-tabasco-510x189.png 510w\" sizes=\"auto, (max-width: 1366px) 100vw, 1366px\" \/><\/figure>\n\n\n\n<div class=\"wp-block-columns is-layout-flex wp-container-core-columns-is-layout-9d6595d7 wp-block-columns-is-layout-flex\">\n<div class=\"wp-block-column is-layout-flow wp-block-column-is-layout-flow\" style=\"flex-basis:33.33%\">\n<figure class=\"wp-block-image size-full\"><img loading=\"lazy\" decoding=\"async\" width=\"468\" height=\"799\" src=\"https:\/\/www.greenpeace.org\/static\/planet4-mexico-stateless\/2021\/10\/62c4a120-e3-04.png\" alt=\"\" class=\"wp-image-49391\" srcset=\"https:\/\/www.greenpeace.org\/static\/planet4-mexico-stateless\/2021\/10\/62c4a120-e3-04.png 468w, https:\/\/www.greenpeace.org\/static\/planet4-mexico-stateless\/2021\/10\/62c4a120-e3-04-176x300.png 176w, https:\/\/www.greenpeace.org\/static\/planet4-mexico-stateless\/2021\/10\/62c4a120-e3-04-199x340.png 199w\" sizes=\"auto, (max-width: 468px) 100vw, 468px\" \/><\/figure>\n<\/div>\n\n\n\n<div class=\"wp-block-column is-layout-flow wp-block-column-is-layout-flow\" style=\"flex-basis:66.66%\">\n<p class=\"line-height-40 cl-mb-text margin-top-20 has-grey-900-color has-text-color\" style=\"font-size:30px\">Cuando el 98% del ejido de R\u00edo Playa qued\u00f3 bajo agua salada, <strong>los campesinos no se rindieron<\/strong>. Cambiaron el azad\u00f3n por el remo, el caballo por el cayuco y <strong>sembraron la vida que el petr\u00f3leo y la crisis clim\u00e1tica les negaban<\/strong>. Sembraron 330 hect\u00e1reas de manglar, desarrollaron su propia t\u00e9cnica para lograr un <strong>100% de supervivencia de los mangles sembrados<\/strong>.<strong> <\/strong><\/p>\n<\/div>\n<\/div>\n\n\n\n<figure class=\"wp-block-embed is-type-video is-provider-youtube wp-block-embed-youtube wp-embed-aspect-16-9 wp-has-aspect-ratio\"><div class=\"wp-block-embed__wrapper\">\n<iframe loading=\"lazy\" title=\"\u00bfEs posible frenar la crisis clim\u00e1tica? | #CrisisClim\u00e9xico Ep. 3 (3\/3)\" width=\"500\" height=\"281\" src=\"https:\/\/www.youtube.com\/embed\/Ja1sEEy0840?feature=oembed\" frameborder=\"0\" allow=\"accelerometer; autoplay; clipboard-write; encrypted-media; gyroscope; picture-in-picture; web-share\" referrerpolicy=\"strict-origin-when-cross-origin\" allowfullscreen><\/iframe>\n<\/div><\/figure>\n\n\n\n<p class=\"has-text-align-center\" style=\"font-size:26px\"><strong>Tomaron el para\u00edso y en \u00e9l hicieron su trinchera.<\/strong><\/p>\n<\/div>\n\n<style>\n.line-height-40 { line-height: 40px; }\n.line-height-50 { line-height: 50px; }\n.line-height-70 { line-height: 70px; }\n.line-height-80 { line-height: 80px; }\n.line-height-90 { line-height: 90px; }\n.swipe-1, .swipe-2, .swipe-3 { cursor: pointer; }\n.cl-donate { padding-top: 10px; }\n.cl-underline { text-decoration: underline; }\n.cl-gallery { padding: 15px 40px 0 40px; }\n@media only screen and (max-width: 768px) {\n  .cl-mb-text { font-size: 30px !important; line-height: 30px; }\n  .cl-donate { padding-left: 10px; }\n  .cl-donate { padding-right: 10px; }\n}\n@media only screen and (min-width: 768px) {\n  .margin-top-20 { margin-top: 20%; }\n  figure.wp-block-embed-youtube { width: 70%; margin-left: 15%; }\n}\n<\/style>\n<script>\ndocument.getElementsByClassName('swipe-content-1')[0].style.display = 'none';\ndocument.getElementsByClassName('swipe-content-2')[0].style.display = 'none';\n\nvar swipe1 = document.getElementsByClassName('swipe-1')[0];\nvar swipe2 = document.getElementsByClassName('swipe-2')[0];\nvar swipe3 = document.getElementsByClassName('swipe-3')[0];\n\nswipe1.onclick = function() {\n    var div = document.getElementsByClassName('swipe-content-1')[0];\n    if (div.style.display !== 'none') {\n        div.style.display = 'none';\n    }\n    else {\n        div.style.display = 'block';\n    }\n};\nswipe2.onclick = function() {\n    var div = document.getElementsByClassName('swipe-content-2')[0];\n    if (div.style.display !== 'none') {\n        div.style.display = 'none';\n    }\n    else {\n        div.style.display = 'block';\n    }\n};\nswipe3.onclick = function() {\n    var div = document.getElementsByClassName('swipe-content-3')[0];\n    if (div.style.display !== 'none') {\n        div.style.display = 'none';\n    }\n    else {\n        div.style.display = 'block';\n    }\n};\n<\/script>\n\n<div class=\"wp-block-group cl-gallery has-x-dark-blue-background-color has-background is-layout-flow wp-block-group-is-layout-flow\">\n<h3 class=\"has-text-align-center has-grey-200-color has-text-color wp-block-heading\" style=\"font-size:30px\">#FuturosIlustrados<\/h3>\n\n\n\n<p class=\"has-text-align-center has-grey-200-color has-text-color\" style=\"font-size:25px\">La crisis clim\u00e1tica es primero una crisis de imaginaci\u00f3n. <strong>Si lo puedes imaginar puedes luchar por ello.<\/strong><\/p>\n\n\n<div data-render=\"planet4-blocks\/gallery\" data-attributes=\"{&quot;attributes&quot;:{&quot;multiple_image&quot;:&quot;49419,49420,49421,49422,49423,49425,49426&quot;,&quot;image_data&quot;:[{&quot;url&quot;:&quot;https:\\\/\\\/www.greenpeace.org\\\/static\\\/planet4-mexico-stateless\\\/2021\\\/10\\\/7a9cf6ee-brenda_cancu\\u0301n.jpeg&quot;,&quot;focalPoint&quot;:{&quot;x&quot;:0.5,&quot;y&quot;:0.5},&quot;id&quot;:49419},{&quot;url&quot;:&quot;https:\\\/\\\/www.greenpeace.org\\\/static\\\/planet4-mexico-stateless\\\/2021\\\/10\\\/6e547067-karel_cmdx.jpeg&quot;,&quot;focalPoint&quot;:{&quot;x&quot;:0.5,&quot;y&quot;:0.5},&quot;id&quot;:49420},{&quot;url&quot;:&quot;https:\\\/\\\/www.greenpeace.org\\\/static\\\/planet4-mexico-stateless\\\/2021\\\/10\\\/f226f0da-leonora_guadalajara.jpeg&quot;,&quot;focalPoint&quot;:{&quot;x&quot;:0.5,&quot;y&quot;:0.5},&quot;id&quot;:49421},{&quot;url&quot;:&quot;https:\\\/\\\/www.greenpeace.org\\\/static\\\/planet4-mexico-stateless\\\/2021\\\/10\\\/0df8c764-sofia_tijuana.jpeg&quot;,&quot;focalPoint&quot;:{&quot;x&quot;:0.5,&quot;y&quot;:0.5},&quot;id&quot;:49422},{&quot;url&quot;:&quot;https:\\\/\\\/www.greenpeace.org\\\/static\\\/planet4-mexico-stateless\\\/2021\\\/10\\\/b58bf863-vika_monterrey.jpeg&quot;,&quot;focalPoint&quot;:{&quot;x&quot;:0.5,&quot;y&quot;:0.5},&quot;id&quot;:49423},{&quot;url&quot;:&quot;https:\\\/\\\/www.greenpeace.org\\\/static\\\/planet4-mexico-stateless\\\/2021\\\/10\\\/122c3033-vika_monterrey2.jpeg&quot;,&quot;focalPoint&quot;:{&quot;x&quot;:0.5,&quot;y&quot;:0.5},&quot;id&quot;:49425},{&quot;url&quot;:&quot;https:\\\/\\\/www.greenpeace.org\\\/static\\\/planet4-mexico-stateless\\\/2021\\\/10\\\/397d98e5-vika_moterrey1.jpeg&quot;,&quot;focalPoint&quot;:{&quot;x&quot;:0.5,&quot;y&quot;:0.5},&quot;id&quot;:49426}],&quot;gallery_block_style&quot;:0,&quot;gallery_block_title&quot;:&quot;&quot;,&quot;gallery_block_description&quot;:&quot;&quot;,&quot;gallery_block_focus_points&quot;:&quot;&quot;,&quot;images&quot;:[{&quot;image_src&quot;:&quot;https:\\\/\\\/www.greenpeace.org\\\/static\\\/planet4-mexico-stateless\\\/2021\\\/10\\\/7a9cf6ee-brenda_cancu\\u0301n.jpeg&quot;,&quot;image_srcset&quot;:&quot;https:\\\/\\\/www.greenpeace.org\\\/static\\\/planet4-mexico-stateless\\\/2021\\\/10\\\/7a9cf6ee-brenda_cancu\\u0301n.jpeg 800w, https:\\\/\\\/www.greenpeace.org\\\/static\\\/planet4-mexico-stateless\\\/2021\\\/10\\\/7a9cf6ee-brenda_cancu\\u0301n-195x300.jpeg 195w, https:\\\/\\\/www.greenpeace.org\\\/static\\\/planet4-mexico-stateless\\\/2021\\\/10\\\/7a9cf6ee-brenda_cancu\\u0301n-667x1024.jpeg 667w, https:\\\/\\\/www.greenpeace.org\\\/static\\\/planet4-mexico-stateless\\\/2021\\\/10\\\/7a9cf6ee-brenda_cancu\\u0301n-768x1180.jpeg 768w, https:\\\/\\\/www.greenpeace.org\\\/static\\\/planet4-mexico-stateless\\\/2021\\\/10\\\/7a9cf6ee-brenda_cancu\\u0301n-221x340.jpeg 221w&quot;,&quot;image_sizes&quot;:false,&quot;alt_text&quot;:&quot;&quot;,&quot;caption&quot;:&quot;&quot;,&quot;focus_image&quot;:&quot;&quot;,&quot;credits&quot;:&quot;&quot;},{&quot;image_src&quot;:&quot;https:\\\/\\\/www.greenpeace.org\\\/static\\\/planet4-mexico-stateless\\\/2021\\\/10\\\/6e547067-karel_cmdx.jpeg&quot;,&quot;image_srcset&quot;:&quot;https:\\\/\\\/www.greenpeace.org\\\/static\\\/planet4-mexico-stateless\\\/2021\\\/10\\\/6e547067-karel_cmdx.jpeg 900w, https:\\\/\\\/www.greenpeace.org\\\/static\\\/planet4-mexico-stateless\\\/2021\\\/10\\\/6e547067-karel_cmdx-300x225.jpeg 300w, https:\\\/\\\/www.greenpeace.org\\\/static\\\/planet4-mexico-stateless\\\/2021\\\/10\\\/6e547067-karel_cmdx-768x576.jpeg 768w, https:\\\/\\\/www.greenpeace.org\\\/static\\\/planet4-mexico-stateless\\\/2021\\\/10\\\/6e547067-karel_cmdx-453x340.jpeg 453w&quot;,&quot;image_sizes&quot;:false,&quot;alt_text&quot;:&quot;&quot;,&quot;caption&quot;:&quot;&quot;,&quot;focus_image&quot;:&quot;&quot;,&quot;credits&quot;:&quot;&quot;},{&quot;image_src&quot;:&quot;https:\\\/\\\/www.greenpeace.org\\\/static\\\/planet4-mexico-stateless\\\/2021\\\/10\\\/f226f0da-leonora_guadalajara.jpeg&quot;,&quot;image_srcset&quot;:&quot;https:\\\/\\\/www.greenpeace.org\\\/static\\\/planet4-mexico-stateless\\\/2021\\\/10\\\/f226f0da-leonora_guadalajara.jpeg 396w, https:\\\/\\\/www.greenpeace.org\\\/static\\\/planet4-mexico-stateless\\\/2021\\\/10\\\/f226f0da-leonora_guadalajara-232x300.jpeg 232w, https:\\\/\\\/www.greenpeace.org\\\/static\\\/planet4-mexico-stateless\\\/2021\\\/10\\\/f226f0da-leonora_guadalajara-263x340.jpeg 263w&quot;,&quot;image_sizes&quot;:false,&quot;alt_text&quot;:&quot;&quot;,&quot;caption&quot;:&quot;&quot;,&quot;focus_image&quot;:&quot;&quot;,&quot;credits&quot;:&quot;&quot;},{&quot;image_src&quot;:&quot;https:\\\/\\\/www.greenpeace.org\\\/static\\\/planet4-mexico-stateless\\\/2021\\\/10\\\/0df8c764-sofia_tijuana.jpeg&quot;,&quot;image_srcset&quot;:&quot;https:\\\/\\\/www.greenpeace.org\\\/static\\\/planet4-mexico-stateless\\\/2021\\\/10\\\/0df8c764-sofia_tijuana.jpeg 900w, https:\\\/\\\/www.greenpeace.org\\\/static\\\/planet4-mexico-stateless\\\/2021\\\/10\\\/0df8c764-sofia_tijuana-231x300.jpeg 231w, https:\\\/\\\/www.greenpeace.org\\\/static\\\/planet4-mexico-stateless\\\/2021\\\/10\\\/0df8c764-sofia_tijuana-788x1024.jpeg 788w, https:\\\/\\\/www.greenpeace.org\\\/static\\\/planet4-mexico-stateless\\\/2021\\\/10\\\/0df8c764-sofia_tijuana-768x998.jpeg 768w, https:\\\/\\\/www.greenpeace.org\\\/static\\\/planet4-mexico-stateless\\\/2021\\\/10\\\/0df8c764-sofia_tijuana-262x340.jpeg 262w&quot;,&quot;image_sizes&quot;:false,&quot;alt_text&quot;:&quot;&quot;,&quot;caption&quot;:&quot;&quot;,&quot;focus_image&quot;:&quot;&quot;,&quot;credits&quot;:&quot;&quot;},{&quot;image_src&quot;:&quot;https:\\\/\\\/www.greenpeace.org\\\/static\\\/planet4-mexico-stateless\\\/2021\\\/10\\\/b58bf863-vika_monterrey.jpeg&quot;,&quot;image_srcset&quot;:&quot;https:\\\/\\\/www.greenpeace.org\\\/static\\\/planet4-mexico-stateless\\\/2021\\\/10\\\/b58bf863-vika_monterrey.jpeg 900w, https:\\\/\\\/www.greenpeace.org\\\/static\\\/planet4-mexico-stateless\\\/2021\\\/10\\\/b58bf863-vika_monterrey-300x257.jpeg 300w, https:\\\/\\\/www.greenpeace.org\\\/static\\\/planet4-mexico-stateless\\\/2021\\\/10\\\/b58bf863-vika_monterrey-768x659.jpeg 768w, https:\\\/\\\/www.greenpeace.org\\\/static\\\/planet4-mexico-stateless\\\/2021\\\/10\\\/b58bf863-vika_monterrey-396x340.jpeg 396w&quot;,&quot;image_sizes&quot;:false,&quot;alt_text&quot;:&quot;&quot;,&quot;caption&quot;:&quot;&quot;,&quot;focus_image&quot;:&quot;&quot;,&quot;credits&quot;:&quot;&quot;},{&quot;image_src&quot;:&quot;https:\\\/\\\/www.greenpeace.org\\\/static\\\/planet4-mexico-stateless\\\/2021\\\/10\\\/122c3033-vika_monterrey2.jpeg&quot;,&quot;image_srcset&quot;:&quot;https:\\\/\\\/www.greenpeace.org\\\/static\\\/planet4-mexico-stateless\\\/2021\\\/10\\\/122c3033-vika_monterrey2.jpeg 900w, https:\\\/\\\/www.greenpeace.org\\\/static\\\/planet4-mexico-stateless\\\/2021\\\/10\\\/122c3033-vika_monterrey2-300x257.jpeg 300w, https:\\\/\\\/www.greenpeace.org\\\/static\\\/planet4-mexico-stateless\\\/2021\\\/10\\\/122c3033-vika_monterrey2-768x659.jpeg 768w, https:\\\/\\\/www.greenpeace.org\\\/static\\\/planet4-mexico-stateless\\\/2021\\\/10\\\/122c3033-vika_monterrey2-396x340.jpeg 396w&quot;,&quot;image_sizes&quot;:false,&quot;alt_text&quot;:&quot;&quot;,&quot;caption&quot;:&quot;&quot;,&quot;focus_image&quot;:&quot;&quot;,&quot;credits&quot;:&quot;&quot;},{&quot;image_src&quot;:&quot;https:\\\/\\\/www.greenpeace.org\\\/static\\\/planet4-mexico-stateless\\\/2021\\\/10\\\/397d98e5-vika_moterrey1.jpeg&quot;,&quot;image_srcset&quot;:&quot;https:\\\/\\\/www.greenpeace.org\\\/static\\\/planet4-mexico-stateless\\\/2021\\\/10\\\/397d98e5-vika_moterrey1.jpeg 900w, https:\\\/\\\/www.greenpeace.org\\\/static\\\/planet4-mexico-stateless\\\/2021\\\/10\\\/397d98e5-vika_moterrey1-300x257.jpeg 300w, https:\\\/\\\/www.greenpeace.org\\\/static\\\/planet4-mexico-stateless\\\/2021\\\/10\\\/397d98e5-vika_moterrey1-768x659.jpeg 768w, https:\\\/\\\/www.greenpeace.org\\\/static\\\/planet4-mexico-stateless\\\/2021\\\/10\\\/397d98e5-vika_moterrey1-396x340.jpeg 396w&quot;,&quot;image_sizes&quot;:false,&quot;alt_text&quot;:&quot;&quot;,&quot;caption&quot;:&quot;&quot;,&quot;focus_image&quot;:&quot;&quot;,&quot;credits&quot;:&quot;&quot;}]}}\"><\/div>\n\n\n<p class=\"has-text-align-center has-grey-200-color has-text-color\" style=\"font-size:25px\">Y las refiner\u00edas y las termoel\u00e9ctricas ser\u00e1n los monumentos que nos llamar\u00e1n a no olvidar que a la tierra pertenecemos y a ella nos debemos. <strong>Las miraremos con la convicci\u00f3n de NUNCA M\u00c1S<\/strong>.<\/p>\n\n\n<div data-render=\"planet4-blocks\/gallery\" data-attributes=\"{&quot;attributes&quot;:{&quot;multiple_image&quot;:&quot;49430,49431,49432,49433,49434,49435&quot;,&quot;image_data&quot;:[{&quot;url&quot;:&quot;https:\\\/\\\/www.greenpeace.org\\\/static\\\/planet4-mexico-stateless\\\/2021\\\/10\\\/1704dbe1-brenda_dosbocas.jpeg&quot;,&quot;focalPoint&quot;:{&quot;x&quot;:0.5,&quot;y&quot;:0.5},&quot;id&quot;:49430},{&quot;url&quot;:&quot;https:\\\/\\\/www.greenpeace.org\\\/static\\\/planet4-mexico-stateless\\\/2021\\\/10\\\/32d4e3ba-karel_regio\\u0301ncarbonifera.jpeg&quot;,&quot;focalPoint&quot;:{&quot;x&quot;:0.5,&quot;y&quot;:0.5},&quot;id&quot;:49431},{&quot;url&quot;:&quot;https:\\\/\\\/www.greenpeace.org\\\/static\\\/planet4-mexico-stateless\\\/2021\\\/10\\\/6cf03539-karel_regio\\u0301ncarbonifera1.jpeg&quot;,&quot;focalPoint&quot;:{&quot;x&quot;:0.5,&quot;y&quot;:0.5},&quot;id&quot;:49432},{&quot;url&quot;:&quot;https:\\\/\\\/www.greenpeace.org\\\/static\\\/planet4-mexico-stateless\\\/2021\\\/10\\\/d812ff8d-leonora_pajaritos.jpeg&quot;,&quot;focalPoint&quot;:{&quot;x&quot;:0.5,&quot;y&quot;:0.5},&quot;id&quot;:49433},{&quot;url&quot;:&quot;https:\\\/\\\/www.greenpeace.org\\\/static\\\/planet4-mexico-stateless\\\/2021\\\/10\\\/d348db4b-sofia_salamanca.jpeg&quot;,&quot;focalPoint&quot;:{&quot;x&quot;:0.5,&quot;y&quot;:0.5},&quot;id&quot;:49434},{&quot;url&quot;:&quot;https:\\\/\\\/www.greenpeace.org\\\/static\\\/planet4-mexico-stateless\\\/2021\\\/10\\\/0b4848a4-vika_tula.jpeg&quot;,&quot;focalPoint&quot;:{&quot;x&quot;:0.5,&quot;y&quot;:0.5},&quot;id&quot;:49435}],&quot;gallery_block_style&quot;:0,&quot;gallery_block_title&quot;:&quot;&quot;,&quot;gallery_block_description&quot;:&quot;&quot;,&quot;gallery_block_focus_points&quot;:&quot;&quot;,&quot;images&quot;:[{&quot;image_src&quot;:&quot;https:\\\/\\\/www.greenpeace.org\\\/static\\\/planet4-mexico-stateless\\\/2021\\\/10\\\/1704dbe1-brenda_dosbocas.jpeg&quot;,&quot;image_srcset&quot;:&quot;https:\\\/\\\/www.greenpeace.org\\\/static\\\/planet4-mexico-stateless\\\/2021\\\/10\\\/1704dbe1-brenda_dosbocas.jpeg 900w, https:\\\/\\\/www.greenpeace.org\\\/static\\\/planet4-mexico-stateless\\\/2021\\\/10\\\/1704dbe1-brenda_dosbocas-300x300.jpeg 300w, https:\\\/\\\/www.greenpeace.org\\\/static\\\/planet4-mexico-stateless\\\/2021\\\/10\\\/1704dbe1-brenda_dosbocas-150x150.jpeg 150w, https:\\\/\\\/www.greenpeace.org\\\/static\\\/planet4-mexico-stateless\\\/2021\\\/10\\\/1704dbe1-brenda_dosbocas-768x768.jpeg 768w, https:\\\/\\\/www.greenpeace.org\\\/static\\\/planet4-mexico-stateless\\\/2021\\\/10\\\/1704dbe1-brenda_dosbocas-340x340.jpeg 340w&quot;,&quot;image_sizes&quot;:false,&quot;alt_text&quot;:&quot;&quot;,&quot;caption&quot;:&quot;&quot;,&quot;focus_image&quot;:&quot;&quot;,&quot;credits&quot;:&quot;&quot;},{&quot;image_src&quot;:&quot;https:\\\/\\\/www.greenpeace.org\\\/static\\\/planet4-mexico-stateless\\\/2021\\\/10\\\/32d4e3ba-karel_regio\\u0301ncarbonifera.jpeg&quot;,&quot;image_srcset&quot;:&quot;https:\\\/\\\/www.greenpeace.org\\\/static\\\/planet4-mexico-stateless\\\/2021\\\/10\\\/32d4e3ba-karel_regio\\u0301ncarbonifera.jpeg 900w, https:\\\/\\\/www.greenpeace.org\\\/static\\\/planet4-mexico-stateless\\\/2021\\\/10\\\/32d4e3ba-karel_regio\\u0301ncarbonifera-265x300.jpeg 265w, https:\\\/\\\/www.greenpeace.org\\\/static\\\/planet4-mexico-stateless\\\/2021\\\/10\\\/32d4e3ba-karel_regio\\u0301ncarbonifera-768x868.jpeg 768w, https:\\\/\\\/www.greenpeace.org\\\/static\\\/planet4-mexico-stateless\\\/2021\\\/10\\\/32d4e3ba-karel_regio\\u0301ncarbonifera-301x340.jpeg 301w&quot;,&quot;image_sizes&quot;:false,&quot;alt_text&quot;:&quot;&quot;,&quot;caption&quot;:&quot;&quot;,&quot;focus_image&quot;:&quot;&quot;,&quot;credits&quot;:&quot;&quot;},{&quot;image_src&quot;:&quot;https:\\\/\\\/www.greenpeace.org\\\/static\\\/planet4-mexico-stateless\\\/2021\\\/10\\\/6cf03539-karel_regio\\u0301ncarbonifera1.jpeg&quot;,&quot;image_srcset&quot;:&quot;https:\\\/\\\/www.greenpeace.org\\\/static\\\/planet4-mexico-stateless\\\/2021\\\/10\\\/6cf03539-karel_regio\\u0301ncarbonifera1.jpeg 900w, https:\\\/\\\/www.greenpeace.org\\\/static\\\/planet4-mexico-stateless\\\/2021\\\/10\\\/6cf03539-karel_regio\\u0301ncarbonifera1-300x172.jpeg 300w, https:\\\/\\\/www.greenpeace.org\\\/static\\\/planet4-mexico-stateless\\\/2021\\\/10\\\/6cf03539-karel_regio\\u0301ncarbonifera1-768x439.jpeg 768w, https:\\\/\\\/www.greenpeace.org\\\/static\\\/planet4-mexico-stateless\\\/2021\\\/10\\\/6cf03539-karel_regio\\u0301ncarbonifera1-510x292.jpeg 510w&quot;,&quot;image_sizes&quot;:false,&quot;alt_text&quot;:&quot;&quot;,&quot;caption&quot;:&quot;&quot;,&quot;focus_image&quot;:&quot;&quot;,&quot;credits&quot;:&quot;&quot;},{&quot;image_src&quot;:&quot;https:\\\/\\\/www.greenpeace.org\\\/static\\\/planet4-mexico-stateless\\\/2021\\\/10\\\/d812ff8d-leonora_pajaritos.jpeg&quot;,&quot;image_srcset&quot;:&quot;https:\\\/\\\/www.greenpeace.org\\\/static\\\/planet4-mexico-stateless\\\/2021\\\/10\\\/d812ff8d-leonora_pajaritos.jpeg 512w, https:\\\/\\\/www.greenpeace.org\\\/static\\\/planet4-mexico-stateless\\\/2021\\\/10\\\/d812ff8d-leonora_pajaritos-300x232.jpeg 300w, https:\\\/\\\/www.greenpeace.org\\\/static\\\/planet4-mexico-stateless\\\/2021\\\/10\\\/d812ff8d-leonora_pajaritos-440x340.jpeg 440w&quot;,&quot;image_sizes&quot;:false,&quot;alt_text&quot;:&quot;&quot;,&quot;caption&quot;:&quot;&quot;,&quot;focus_image&quot;:&quot;&quot;,&quot;credits&quot;:&quot;&quot;},{&quot;image_src&quot;:&quot;https:\\\/\\\/www.greenpeace.org\\\/static\\\/planet4-mexico-stateless\\\/2021\\\/10\\\/d348db4b-sofia_salamanca.jpeg&quot;,&quot;image_srcset&quot;:&quot;https:\\\/\\\/www.greenpeace.org\\\/static\\\/planet4-mexico-stateless\\\/2021\\\/10\\\/d348db4b-sofia_salamanca.jpeg 900w, https:\\\/\\\/www.greenpeace.org\\\/static\\\/planet4-mexico-stateless\\\/2021\\\/10\\\/d348db4b-sofia_salamanca-231x300.jpeg 231w, https:\\\/\\\/www.greenpeace.org\\\/static\\\/planet4-mexico-stateless\\\/2021\\\/10\\\/d348db4b-sofia_salamanca-788x1024.jpeg 788w, https:\\\/\\\/www.greenpeace.org\\\/static\\\/planet4-mexico-stateless\\\/2021\\\/10\\\/d348db4b-sofia_salamanca-768x998.jpeg 768w, https:\\\/\\\/www.greenpeace.org\\\/static\\\/planet4-mexico-stateless\\\/2021\\\/10\\\/d348db4b-sofia_salamanca-262x340.jpeg 262w&quot;,&quot;image_sizes&quot;:false,&quot;alt_text&quot;:&quot;&quot;,&quot;caption&quot;:&quot;&quot;,&quot;focus_image&quot;:&quot;&quot;,&quot;credits&quot;:&quot;&quot;},{&quot;image_src&quot;:&quot;https:\\\/\\\/www.greenpeace.org\\\/static\\\/planet4-mexico-stateless\\\/2021\\\/10\\\/0b4848a4-vika_tula.jpeg&quot;,&quot;image_srcset&quot;:&quot;https:\\\/\\\/www.greenpeace.org\\\/static\\\/planet4-mexico-stateless\\\/2021\\\/10\\\/0b4848a4-vika_tula.jpeg 900w, https:\\\/\\\/www.greenpeace.org\\\/static\\\/planet4-mexico-stateless\\\/2021\\\/10\\\/0b4848a4-vika_tula-300x257.jpeg 300w, https:\\\/\\\/www.greenpeace.org\\\/static\\\/planet4-mexico-stateless\\\/2021\\\/10\\\/0b4848a4-vika_tula-768x659.jpeg 768w, https:\\\/\\\/www.greenpeace.org\\\/static\\\/planet4-mexico-stateless\\\/2021\\\/10\\\/0b4848a4-vika_tula-396x340.jpeg 396w&quot;,&quot;image_sizes&quot;:false,&quot;alt_text&quot;:&quot;&quot;,&quot;caption&quot;:&quot;&quot;,&quot;focus_image&quot;:&quot;&quot;,&quot;credits&quot;:&quot;&quot;}]}}\"><\/div><\/div>\n\n<div class=\"wp-block-group cl-donate has-green-500-background-color has-background is-layout-flow wp-block-group-is-layout-flow\">\n<div class=\"wp-block-columns is-layout-flex wp-container-core-columns-is-layout-9d6595d7 wp-block-columns-is-layout-flex\">\n<div class=\"wp-block-column is-layout-flow wp-block-column-is-layout-flow\" style=\"flex-basis:50%\">\n<p class=\"has-text-align-center line-height-80 cl-mb-text has-grey-200-color has-text-color\" style=\"font-size:80px\">ACT\u00cdVATE<\/p>\n\n\n\n<p class=\"has-text-align-center line-height-90 cl-mb-text has-grey-200-color has-text-color\" style=\"font-size:90px\"><strong>HOY<\/strong><\/p>\n<\/div>\n\n\n\n<div class=\"wp-block-column is-layout-flow wp-block-column-is-layout-flow\" style=\"flex-basis:50%\">\n<p class=\"has-grey-200-color has-text-color has-medium-font-size\">Greenpeace M\u00e9xico tiene <strong>28 a\u00f1os documentando y denunciando la crisis clim\u00e1tica<\/strong> y sus impactos, y lo ha hecho con aportaciones de <strong>personas como t\u00fa<\/strong>.<\/p>\n\n\n\n<p class=\"line-height-40 cl-underline has-grey-200-color has-text-color\" style=\"font-size:40px\"><a href=\"https:\/\/dona.greenpeace.org.mx\/\" target=\"_blank\" rel=\"noreferrer noopener\"><strong>Dona y ay\u00fadanos a seguir se\u00f1alando la crisis clim\u00e1tica.<\/strong><\/a><\/p>\n<\/div>\n<\/div>\n<\/div>\n\n<p><\/p>\n","protected":false},"excerpt":{"rendered":"<p>Un problema que se sent\u00eda lejano, de los polos y los glaciares, hoy se vive cada d\u00eda m\u00e1s cerca. Te presentamos aqu\u00ed c\u00f3mo se vive la crisis clim\u00e1tica en M\u00e9xico. #CrisisCliM\u00e9xico<\/p>\n","protected":false},"author":19,"featured_media":49325,"parent":0,"menu_order":0,"comment_status":"closed","ping_status":"closed","template":"","meta":{"ep_exclude_from_search":false,"p4_hide_page_title_checkbox":"","p4_title":"","p4_subtitle":"","p4_description":"","background_image_id":"","background_image":"","p4_button_title":"","p4_button_link":"","p4_button_link_checkbox":"","p4_og_title":"","p4_og_description":"","p4_og_image":"https:\/\/www.greenpeace.org\/static\/planet4-mexico-stateless\/2021\/10\/db510b71-crisisclime\u0301xicologo.jpeg","p4_og_image_id":"49325","p4_seo_canonical_url":"","p4_campaign_name":"not set","p4_local_project":"not set","p4_basket_name":"not set","p4_department":"","footnotes":""},"categories":[2],"tags":[],"class_list":["post-49123","page","type-page","status-publish","has-post-thumbnail","hentry","category-cambio-climatico"],"_links":{"self":[{"href":"https:\/\/www.greenpeace.org\/mexico\/wp-json\/wp\/v2\/pages\/49123","targetHints":{"allow":["GET"]}}],"collection":[{"href":"https:\/\/www.greenpeace.org\/mexico\/wp-json\/wp\/v2\/pages"}],"about":[{"href":"https:\/\/www.greenpeace.org\/mexico\/wp-json\/wp\/v2\/types\/page"}],"author":[{"embeddable":true,"href":"https:\/\/www.greenpeace.org\/mexico\/wp-json\/wp\/v2\/users\/19"}],"replies":[{"embeddable":true,"href":"https:\/\/www.greenpeace.org\/mexico\/wp-json\/wp\/v2\/comments?post=49123"}],"version-history":[{"count":20,"href":"https:\/\/www.greenpeace.org\/mexico\/wp-json\/wp\/v2\/pages\/49123\/revisions"}],"predecessor-version":[{"id":58214,"href":"https:\/\/www.greenpeace.org\/mexico\/wp-json\/wp\/v2\/pages\/49123\/revisions\/58214"}],"wp:featuredmedia":[{"embeddable":true,"href":"https:\/\/www.greenpeace.org\/mexico\/wp-json\/wp\/v2\/media\/49325"}],"wp:attachment":[{"href":"https:\/\/www.greenpeace.org\/mexico\/wp-json\/wp\/v2\/media?parent=49123"}],"wp:term":[{"taxonomy":"category","embeddable":true,"href":"https:\/\/www.greenpeace.org\/mexico\/wp-json\/wp\/v2\/categories?post=49123"},{"taxonomy":"post_tag","embeddable":true,"href":"https:\/\/www.greenpeace.org\/mexico\/wp-json\/wp\/v2\/tags?post=49123"}],"curies":[{"name":"wp","href":"https:\/\/api.w.org\/{rel}","templated":true}]}}