{"id":50574,"date":"2022-03-22T14:02:03","date_gmt":"2022-03-22T19:02:03","guid":{"rendered":"https:\/\/www.greenpeace.org\/mexico\/?page_id=50574"},"modified":"2025-09-23T04:59:07","modified_gmt":"2025-09-23T09:59:07","slug":"no-a-la-devastacion-de-la-selva-maya","status":"publish","type":"page","link":"https:\/\/www.greenpeace.org\/mexico\/participa\/no-a-la-devastacion-de-la-selva-maya\/","title":{"rendered":"Protejamos la selva maya"},"content":{"rendered":"\n                    <div class=\"wp-block-group is-vertical is-layout-flex wp-container-core-group-is-layout-8cf370e7 wp-block-group-is-layout-flex\">\n                    \n                                <p>El coraz\u00f3n de la selva est\u00e1 latiendo fuerte: su gente. Organizaciones ambientalistas, pueblos mayas y personas que aman la selva est\u00e1n luchando por ella.  <\/p>\n                            \n\n                    \n                            <div class=\"wp-block-buttons is-layout-flex wp-block-buttons-is-layout-flex\">\n                            <div class=\"wp-block-button\">\n                                <a class=\"wp-block-button__link wp-element-button\" href=\"https:\/\/actua.greenpeace.org.mx\/no-a-la-devastacion-de-la-selva-maya\" target=\"_blank\" rel=\"noreferrer noopener\">\n                                    Firma la petici\u00f3n\n                                <\/a>\n                            <\/div>\n                            <\/div>\n                            \n                    <\/div>\n                    \n<p>La devastaci\u00f3n de una de las maravillas naturales de M\u00e9xico es imperdonable. El tramo 5 sur que comprende de Canc\u00fan a Tulum pasar\u00e1 encima o aguas arriba de varios sistemas de cuevas, la fragmentaci\u00f3n del territorio traer\u00e1 la p\u00e9rdida de conectividad ecol\u00f3gica entre las \u00e1reas de conservaci\u00f3n, la construcci\u00f3n de esta obra en suelo poroso puede significar colapsos en el futuro, y con ellos la irremediable contaminaci\u00f3n de cuerpos de agua. Adem\u00e1s, quienes han vivido en la selva por generaciones, ver\u00e1n su vida, su tierra y su historia arrancadas de ra\u00edz con el resto de la vegetaci\u00f3n.<\/p>\n\n<p>Existen alternativas que pueden generar impactos positivos sin destruir el hogar de miles de especies emblem\u00e1ticas como el jaguar, el mono ara\u00f1a, etc. Turismo responsable con el medio ambiente, obras de tren ligero y estudios de manifestaci\u00f3n de impacto ambiental son necesarios para fortalecer a la regi\u00f3n y cuidar la biodiversidad mexicana.<\/p>\n\n        <div class=\"wp-block-group is-layout-flow wp-block-group-is-layout-flow\">\n        \n        \n        <figure class=\"wp-block-embed is-type-1 is-provider-youtube wp-block-embed-youtube wp-embed-aspect-16-9 wp-has-aspect-ratio\"><div class=\"wp-block-embed__wrapper\">\n        <lite-youtube style=\"background-image: url('https:\/\/i.ytimg.com\/vi\/hnsKct-QlKk\/hqdefault.jpg');\" videoid=\"hnsKct-QlKk\" params=\"rel=0\"><\/lite-youtube>\n        <\/div><\/figure><\/div>\n        \n    <div class=\"wp-block-query posts-list p4-query-loop is-custom-layout-list is-layout-flow wp-block-query-is-layout-flow\">\n        <div class=\"wp-block-group is-content-justification-space-between is-layout-flex wp-container-core-group-is-layout-3d213aab wp-block-group-is-layout-flex\"><h2 class=\"wp-block-heading\">Art\u00edculos relacionados<\/h2>\n        <li class=\" wp-block-navigation-item see-all-link wp-block-navigation-link\"><a class=\"wp-block-navigation-item__content\"  href=\"http:\/\/www-dev.greenpeace.org\/mexico\/news-stories\/?tag=deforestacion\"><span class=\"wp-block-navigation-item__label\">See all stories<\/span><\/a><\/li>\n        \n        <\/div>\n        \n\n    <p style=\"margin-top: 24px; margin-bottom: 36px;\"><\/p>\n\n    \n\n    <ul class=\"wp-block-post-template is-layout-flow wp-block-post-template-is-layout-flow\"><li class=\"wp-block-post post-62218 post type-post status-publish format-standard has-post-thumbnail hentry category-selva-maya category-sobre-greenpeace tag-deforestacion tag-animales-en-peligro tag-derechos-humanos tag-perdida-de-ecosistemas tag-selva-maya p4-page-type-informacion-prensa\">\n            \n<div class=\"wp-block-columns is-layout-flex wp-container-core-columns-is-layout-9d6595d7 wp-block-columns-is-layout-flex\"><figure class=\"wp-block-post-featured-image\"><a href=\"https:\/\/www.greenpeace.org\/mexico\/informacion-prensa\/62218\/royal-caribbean-omite-informacion-busca-permiso-para-perfect-day\/\" target=\"_self\"  ><img loading=\"lazy\" decoding=\"async\" width=\"2560\" height=\"1920\" src=\"https:\/\/www.greenpeace.org\/static\/planet4-mexico-stateless\/2026\/02\/1eba08b9-image_20260212_125021_410-scaled.jpg\" class=\"attachment-post-thumbnail size-post-thumbnail wp-post-image wp-stateless-item\" alt=\"Royal Caribbean omite informaci\u00f3n, busca permiso para Perfect Day\" style=\"object-fit:cover;\" srcset=\"https:\/\/www.greenpeace.org\/static\/planet4-mexico-stateless\/2026\/02\/1eba08b9-image_20260212_125021_410-scaled.jpg 2560w, https:\/\/www.greenpeace.org\/static\/planet4-mexico-stateless\/2026\/02\/1eba08b9-image_20260212_125021_410-300x225.jpg 300w, https:\/\/www.greenpeace.org\/static\/planet4-mexico-stateless\/2026\/02\/1eba08b9-image_20260212_125021_410-1024x768.jpg 1024w, https:\/\/www.greenpeace.org\/static\/planet4-mexico-stateless\/2026\/02\/1eba08b9-image_20260212_125021_410-768x576.jpg 768w, https:\/\/www.greenpeace.org\/static\/planet4-mexico-stateless\/2026\/02\/1eba08b9-image_20260212_125021_410-1536x1152.jpg 1536w, https:\/\/www.greenpeace.org\/static\/planet4-mexico-stateless\/2026\/02\/1eba08b9-image_20260212_125021_410-2048x1536.jpg 2048w, https:\/\/www.greenpeace.org\/static\/planet4-mexico-stateless\/2026\/02\/1eba08b9-image_20260212_125021_410-1821x1366.jpg 1821w, https:\/\/www.greenpeace.org\/static\/planet4-mexico-stateless\/2026\/02\/1eba08b9-image_20260212_125021_410-453x340.jpg 453w\" sizes=\"auto, (max-width: 2560px) 100vw, 2560px\" data-image-size=\"post-thumbnail\" data-stateless-media-bucket=\"planet4-mexico-stateless\" data-stateless-media-name=\"2026\/02\/1eba08b9-image_20260212_125021_410-scaled.jpg\" \/><\/a><\/figure>\n\n        <div class=\"wp-block-group is-layout-flow wp-block-group-is-layout-flow\">\n                <div class=\"wp-block-group is-layout-flex wp-block-group-is-layout-flex\"><div class=\"wp-block-post-terms\"><a href=\"https:\/\/www.greenpeace.org\/mexico\/category\/selva-maya\/\">Selva Maya<\/a><\/div>\n                <div class=\"taxonomy-post_tag wp-block-post-terms\"><a href=\"https:\/\/www.greenpeace.org\/mexico\/tag\/deforestacion\/\" rel=\"tag\">Deforestaci\u00f3n<\/a><span class=\"wp-block-post-terms__separator\"> <\/span><a href=\"https:\/\/www.greenpeace.org\/mexico\/tag\/animales-en-peligro\/\" rel=\"tag\">Animales en peligro<\/a><span class=\"wp-block-post-terms__separator\"> <\/span><a href=\"https:\/\/www.greenpeace.org\/mexico\/tag\/derechos-humanos\/\" rel=\"tag\">Derechos humanos<\/a><span class=\"wp-block-post-terms__separator\"> <\/span><a href=\"https:\/\/www.greenpeace.org\/mexico\/tag\/perdida-de-ecosistemas\/\" rel=\"tag\">P\u00e9rdida de ecosistemas<\/a><span class=\"wp-block-post-terms__separator\"> <\/span><a href=\"https:\/\/www.greenpeace.org\/mexico\/tag\/selva-maya\/\" rel=\"tag\">Selva Maya<\/a><\/div>\n                \n                <\/div>\n                \n        <h3 class=\"wp-block-post-title\"><a href=\"https:\/\/www.greenpeace.org\/mexico\/informacion-prensa\/62218\/royal-caribbean-omite-informacion-busca-permiso-para-perfect-day\/\" target=\"_self\" >Royal Caribbean omite informaci\u00f3n, busca permiso para Perfect Day<\/a><\/h3>\n        <div class=\"wp-block-post-excerpt\"><p class=\"wp-block-post-excerpt__excerpt\">Greenpeace M\u00e9xico analiz\u00f3 la MIA <\/p><\/div>\n        \n        <div class=\"wp-block-group posts-list-meta is-layout-flow wp-block-group-is-layout-flow\"><span class='article-list-item-author'>Greenpeace M\u00e9xico<\/span>\n        <div class=\"wp-block-post-date\"><time datetime=\"2026-02-12T18:10:57-05:00\">febrero 12, 2026<\/time><\/div>\n        \n        <\/div>\n        <\/div>\n        <\/div>\n\n            <\/li><li class=\"wp-block-post post-61622 post type-post status-publish format-standard has-post-thumbnail hentry category-selva-maya tag-perdida-de-ecosistemas tag-deforestacion p4-page-type-blog\">\n            \n<div class=\"wp-block-columns is-layout-flex wp-container-core-columns-is-layout-9d6595d7 wp-block-columns-is-layout-flex\"><figure class=\"wp-block-post-featured-image\"><a href=\"https:\/\/www.greenpeace.org\/mexico\/blog\/61622\/selva-maya-amazonas-desafio-ambiental\/\" target=\"_self\"  ><img loading=\"lazy\" decoding=\"async\" width=\"1200\" height=\"900\" src=\"https:\/\/www.greenpeace.org\/static\/planet4-mexico-stateless\/2025\/11\/08333af1-gp0su5ios.jpg\" class=\"attachment-post-thumbnail size-post-thumbnail wp-post-image wp-stateless-item\" alt=\"Selva maya y el Amazonas: dos selvas tropicales, un mismo desaf\u00edo ambiental\" style=\"object-fit:cover;\" srcset=\"https:\/\/www.greenpeace.org\/static\/planet4-mexico-stateless\/2025\/11\/08333af1-gp0su5ios.jpg 1200w, https:\/\/www.greenpeace.org\/static\/planet4-mexico-stateless\/2025\/11\/08333af1-gp0su5ios-300x225.jpg 300w, https:\/\/www.greenpeace.org\/static\/planet4-mexico-stateless\/2025\/11\/08333af1-gp0su5ios-1024x768.jpg 1024w, https:\/\/www.greenpeace.org\/static\/planet4-mexico-stateless\/2025\/11\/08333af1-gp0su5ios-768x576.jpg 768w, https:\/\/www.greenpeace.org\/static\/planet4-mexico-stateless\/2025\/11\/08333af1-gp0su5ios-453x340.jpg 453w\" sizes=\"auto, (max-width: 1200px) 100vw, 1200px\" data-image-size=\"post-thumbnail\" data-stateless-media-bucket=\"planet4-mexico-stateless\" data-stateless-media-name=\"2025\/11\/08333af1-gp0su5ios.jpg\" \/><\/a><\/figure>\n\n        <div class=\"wp-block-group is-layout-flow wp-block-group-is-layout-flow\">\n                <div class=\"wp-block-group is-layout-flex wp-block-group-is-layout-flex\"><div class=\"wp-block-post-terms\"><a href=\"https:\/\/www.greenpeace.org\/mexico\/category\/selva-maya\/\">Selva Maya<\/a><\/div>\n                <div class=\"taxonomy-post_tag wp-block-post-terms\"><a href=\"https:\/\/www.greenpeace.org\/mexico\/tag\/perdida-de-ecosistemas\/\" rel=\"tag\">P\u00e9rdida de ecosistemas<\/a><span class=\"wp-block-post-terms__separator\"> <\/span><a href=\"https:\/\/www.greenpeace.org\/mexico\/tag\/deforestacion\/\" rel=\"tag\">Deforestaci\u00f3n<\/a><\/div>\n                \n                <\/div>\n                \n        <h3 class=\"wp-block-post-title\"><a href=\"https:\/\/www.greenpeace.org\/mexico\/blog\/61622\/selva-maya-amazonas-desafio-ambiental\/\" target=\"_self\" >Selva maya y el Amazonas: dos selvas tropicales, un mismo desaf\u00edo ambiental<\/a><\/h3>\n        <div class=\"wp-block-post-excerpt\"><p class=\"wp-block-post-excerpt__excerpt\">La selva maya y el Amazonas son los pulmones del mundo. Aprende qu\u00e9 las une y c\u00f3mo puedes ayudar a preservarlas. <\/p><\/div>\n        \n        <div class=\"wp-block-group posts-list-meta is-layout-flow wp-block-group-is-layout-flow\"><span class='article-list-item-author'>Janet G\u00f3mez<\/span>\n        <div class=\"wp-block-post-date\"><time datetime=\"2025-11-18T10:00:00-05:00\">noviembre 18, 2025<\/time><\/div>\n        \n        <\/div>\n        <\/div>\n        <\/div>\n\n            <\/li><li class=\"wp-block-post post-61594 post type-post status-publish format-standard has-post-thumbnail hentry category-selva-maya tag-deforestacion tag-perdida-de-ecosistemas p4-page-type-blog\">\n            \n<div class=\"wp-block-columns is-layout-flex wp-container-core-columns-is-layout-9d6595d7 wp-block-columns-is-layout-flex\"><figure class=\"wp-block-post-featured-image\"><a href=\"https:\/\/www.greenpeace.org\/mexico\/blog\/61594\/reservas-biosfera-mexico\/\" target=\"_self\"  ><img loading=\"lazy\" decoding=\"async\" width=\"1200\" height=\"899\" src=\"https:\/\/www.greenpeace.org\/static\/planet4-mexico-stateless\/2025\/11\/d48e9eda-gp0su0n7e.jpg\" class=\"attachment-post-thumbnail size-post-thumbnail wp-post-image wp-stateless-item\" alt=\"\u00bfCu\u00e1ntas reservas de la biosfera hay en M\u00e9xico y cu\u00e1les est\u00e1n en peligro?\" style=\"object-fit:cover;\" srcset=\"https:\/\/www.greenpeace.org\/static\/planet4-mexico-stateless\/2025\/11\/d48e9eda-gp0su0n7e.jpg 1200w, https:\/\/www.greenpeace.org\/static\/planet4-mexico-stateless\/2025\/11\/d48e9eda-gp0su0n7e-300x225.jpg 300w, https:\/\/www.greenpeace.org\/static\/planet4-mexico-stateless\/2025\/11\/d48e9eda-gp0su0n7e-1024x767.jpg 1024w, https:\/\/www.greenpeace.org\/static\/planet4-mexico-stateless\/2025\/11\/d48e9eda-gp0su0n7e-768x575.jpg 768w, https:\/\/www.greenpeace.org\/static\/planet4-mexico-stateless\/2025\/11\/d48e9eda-gp0su0n7e-454x340.jpg 454w\" sizes=\"auto, (max-width: 1200px) 100vw, 1200px\" data-image-size=\"post-thumbnail\" data-stateless-media-bucket=\"planet4-mexico-stateless\" data-stateless-media-name=\"2025\/11\/d48e9eda-gp0su0n7e.jpg\" \/><\/a><\/figure>\n\n        <div class=\"wp-block-group is-layout-flow wp-block-group-is-layout-flow\">\n                <div class=\"wp-block-group is-layout-flex wp-block-group-is-layout-flex\"><div class=\"wp-block-post-terms\"><a href=\"https:\/\/www.greenpeace.org\/mexico\/category\/selva-maya\/\">Selva Maya<\/a><\/div>\n                <div class=\"taxonomy-post_tag wp-block-post-terms\"><a href=\"https:\/\/www.greenpeace.org\/mexico\/tag\/deforestacion\/\" rel=\"tag\">Deforestaci\u00f3n<\/a><span class=\"wp-block-post-terms__separator\"> <\/span><a href=\"https:\/\/www.greenpeace.org\/mexico\/tag\/perdida-de-ecosistemas\/\" rel=\"tag\">P\u00e9rdida de ecosistemas<\/a><\/div>\n                \n                <\/div>\n                \n        <h3 class=\"wp-block-post-title\"><a href=\"https:\/\/www.greenpeace.org\/mexico\/blog\/61594\/reservas-biosfera-mexico\/\" target=\"_self\" >\u00bfCu\u00e1ntas reservas de la biosfera hay en M\u00e9xico y cu\u00e1les est\u00e1n en peligro?<\/a><\/h3>\n        <div class=\"wp-block-post-excerpt\"><p class=\"wp-block-post-excerpt__excerpt\">Descubre cu\u00e1ntas reservas de la biosfera hay en M\u00e9xico, su importancia ecol\u00f3gica y cu\u00e1les enfrentan graves amenazas <\/p><\/div>\n        \n        <div class=\"wp-block-group posts-list-meta is-layout-flow wp-block-group-is-layout-flow\"><span class='article-list-item-author'>Janet G\u00f3mez<\/span>\n        <div class=\"wp-block-post-date\"><time datetime=\"2025-11-11T11:54:30-05:00\">noviembre 11, 2025<\/time><\/div>\n        \n        <\/div>\n        <\/div>\n        <\/div>\n\n            <\/li><\/ul>\n\n    \n<div class=\"wp-block-buttons carousel-controls is-horizontal is-content-justification-space-between is-nowrap is-layout-flex wp-container-core-buttons-is-layout-044bd602 wp-block-buttons-is-layout-flex\">\n            <div class=\"wp-block-button carousel-control-prev\"><button type=\"button\" class=\"wp-block-button__link wp-element-button\">Prev<\/button><\/div>\n        \n\n            <div class=\"wp-block-button carousel-control-next\"><button type=\"button\" class=\"wp-block-button__link wp-element-button\">Next<\/button><\/div>\n        <\/div>\n\n\n    <li class=\" wp-block-navigation-item see-all-link wp-block-navigation-link\"><a class=\"wp-block-navigation-item__content\"  href=\"http:\/\/www-dev.greenpeace.org\/mexico\/news-stories\/?tag=deforestacion\"><span class=\"wp-block-navigation-item__label\">See all stories<\/span><\/a><\/li><\/div>\n    ","protected":false},"excerpt":{"rendered":"<p>Sin una Manifestaci\u00f3n de Impacto Ambiental objetiva y fundada en estudios cient\u00edficos, la construcci\u00f3n del Tramo 5 del Tren Maya debe parar.<\/p>\n","protected":false},"author":19,"featured_media":50575,"parent":9,"menu_order":0,"comment_status":"closed","ping_status":"closed","template":"","meta":{"ep_exclude_from_search":false,"p4_hide_page_title_checkbox":"","p4_title":"","p4_subtitle":"","p4_description":"","background_image_id":"","background_image":"","p4_button_title":"","p4_button_link":"","p4_button_link_checkbox":"","p4_og_title":"","p4_og_description":"","p4_og_image":"","p4_og_image_id":"","p4_seo_canonical_url":"","p4_campaign_name":"not set","p4_local_project":"not set","p4_basket_name":"not set","p4_department":"","footnotes":""},"categories":[2],"tags":[19],"class_list":["post-50574","page","type-page","status-publish","has-post-thumbnail","hentry","category-cambio-climatico","tag-deforestacion"],"_links":{"self":[{"href":"https:\/\/www.greenpeace.org\/mexico\/wp-json\/wp\/v2\/pages\/50574","targetHints":{"allow":["GET"]}}],"collection":[{"href":"https:\/\/www.greenpeace.org\/mexico\/wp-json\/wp\/v2\/pages"}],"about":[{"href":"https:\/\/www.greenpeace.org\/mexico\/wp-json\/wp\/v2\/types\/page"}],"author":[{"embeddable":true,"href":"https:\/\/www.greenpeace.org\/mexico\/wp-json\/wp\/v2\/users\/19"}],"replies":[{"embeddable":true,"href":"https:\/\/www.greenpeace.org\/mexico\/wp-json\/wp\/v2\/comments?post=50574"}],"version-history":[{"count":14,"href":"https:\/\/www.greenpeace.org\/mexico\/wp-json\/wp\/v2\/pages\/50574\/revisions"}],"predecessor-version":[{"id":61222,"href":"https:\/\/www.greenpeace.org\/mexico\/wp-json\/wp\/v2\/pages\/50574\/revisions\/61222"}],"up":[{"embeddable":true,"href":"https:\/\/www.greenpeace.org\/mexico\/wp-json\/wp\/v2\/pages\/9"}],"wp:featuredmedia":[{"embeddable":true,"href":"https:\/\/www.greenpeace.org\/mexico\/wp-json\/wp\/v2\/media\/50575"}],"wp:attachment":[{"href":"https:\/\/www.greenpeace.org\/mexico\/wp-json\/wp\/v2\/media?parent=50574"}],"wp:term":[{"taxonomy":"category","embeddable":true,"href":"https:\/\/www.greenpeace.org\/mexico\/wp-json\/wp\/v2\/categories?post=50574"},{"taxonomy":"post_tag","embeddable":true,"href":"https:\/\/www.greenpeace.org\/mexico\/wp-json\/wp\/v2\/tags?post=50574"}],"curies":[{"name":"wp","href":"https:\/\/api.w.org\/{rel}","templated":true}]}}