{"id":53191,"date":"2023-08-22T14:11:42","date_gmt":"2023-08-22T19:11:42","guid":{"rendered":"https:\/\/www.greenpeace.org\/mexico\/?page_id=53191"},"modified":"2025-10-28T18:46:50","modified_gmt":"2025-10-28T23:46:50","slug":"oceanos","status":"publish","type":"page","link":"https:\/\/www.greenpeace.org\/mexico\/campanas\/oceanos\/","title":{"rendered":"Oc\u00e9anos"},"content":{"rendered":"\n\n<div class=\"wp-block-group alignfull is-layout-flow wp-block-group-is-layout-flow\">\n<div class=\"wp-block-group container is-layout-flow wp-block-group-is-layout-flow\">\n<div class=\"wp-block-media-text alignfull has-media-on-the-right is-stacked-on-mobile is-pattern-p4-page-header is-style-parallax\" style=\"grid-template-columns:auto 66%\"><div class=\"wp-block-media-text__content\">\n<div class=\"wp-block-group is-layout-flow wp-block-group-is-layout-flow\">\n<h1 class=\"wp-block-heading has-white-color has-green-800-background-color has-text-color has-background has-link-color wp-elements-3cc8dff9ad2929870f4780470fea3b60\">Oc\u00e9anos<\/h1>\n<\/div>\n\n\n\n<p style=\"font-size:1.25rem\">Tener oc\u00e9anos sanos es vital para el correcto equilibrio de la Tierra.<\/p>\n<\/div><figure class=\"wp-block-media-text__media\"><img loading=\"lazy\" decoding=\"async\" width=\"1200\" height=\"800\" src=\"https:\/\/www.greenpeace.org\/static\/planet4-mexico-stateless\/2025\/05\/fd7e1fe1-gp0stoe38.jpg\" alt=\"Hawksbill Turtle in Komodo National Park. \u00a9 Paul Hilton \/ Greenpeace\" sizes=\"auto, (min-width: 601px) 66vw, 100vw\" srcset=\"https:\/\/www.greenpeace.org\/static\/planet4-mexico-stateless\/2025\/05\/fd7e1fe1-gp0stoe38.jpg 1200w, https:\/\/www.greenpeace.org\/static\/planet4-mexico-stateless\/2025\/05\/fd7e1fe1-gp0stoe38-300x200.jpg 300w, https:\/\/www.greenpeace.org\/static\/planet4-mexico-stateless\/2025\/05\/fd7e1fe1-gp0stoe38-1024x683.jpg 1024w, https:\/\/www.greenpeace.org\/static\/planet4-mexico-stateless\/2025\/05\/fd7e1fe1-gp0stoe38-768x512.jpg 768w, https:\/\/www.greenpeace.org\/static\/planet4-mexico-stateless\/2025\/05\/fd7e1fe1-gp0stoe38-510x340.jpg 510w\" class=\"wp-image-56101 size-full\"\/><\/figure><\/div>\n\n\n\n<div style=\"height:5px\" aria-hidden=\"true\" class=\"wp-block-spacer\"><\/div>\n<\/div>\n<\/div>\n\n\n<h2 class=\"wp-block-heading has-text-align-center has-dark-green-800-color has-text-color has-link-color wp-elements-6251a0121cfd3fc2f3a1c1f5c0e06fda\">\u00bfPor qu\u00e9 son importantes los oc\u00e9anos?<\/h2>\n\n<p class=\"has-text-align-center has-grey-200-background-color has-background\">Cuando decimos que <strong>sin oc\u00e9anos sanos no existe vida<\/strong> en la Tierra <strong>no exageramos<\/strong>. Adem\u00e1s de cubrir tres cuartas partes de la superficie del planeta, los oc\u00e9anos nos brindan beneficios innumerables e invaluables: <strong>regulan el clima<\/strong>, producen el <strong>ox\u00edgeno <\/strong>que respiramos, son fuente de <strong>alimento<\/strong> y sustento, influyen en los fen\u00f3menos meteorol\u00f3gicos m\u00e1s importantes, y albergan una extraordinaria vida marina.<br><br>Pero hoy enfrentan cinco graves amenazas que no podemos ignorar.<\/p>\n\n<div style=\"height:40px\" aria-hidden=\"true\" class=\"wp-block-spacer\"><\/div>\n\n<h2 class=\"wp-block-heading has-text-align-center has-dark-green-800-color has-text-color has-link-color wp-elements-b67630d685d345010c341c9b0d589202\">Amenazas de los oc\u00e9anos<\/h2>\n\n<div style=\"height:20px\" aria-hidden=\"true\" class=\"wp-block-spacer\"><\/div>\n\n<div class=\"wp-block-columns is-layout-flex wp-container-core-columns-is-layout-9d6595d7 wp-block-columns-is-layout-flex\">\n<div class=\"wp-block-column is-layout-flow wp-block-column-is-layout-flow\">\n<figure class=\"wp-block-image aligncenter size-full is-style-rounded-90\"><img loading=\"lazy\" decoding=\"async\" width=\"512\" height=\"512\" src=\"https:\/\/www.greenpeace.org\/static\/planet4-mexico-stateless\/2025\/05\/6c07a607-pesca.png\" alt=\"\" class=\"wp-image-56107\" srcset=\"https:\/\/www.greenpeace.org\/static\/planet4-mexico-stateless\/2025\/05\/6c07a607-pesca.png 512w, https:\/\/www.greenpeace.org\/static\/planet4-mexico-stateless\/2025\/05\/6c07a607-pesca-300x300.png 300w, https:\/\/www.greenpeace.org\/static\/planet4-mexico-stateless\/2025\/05\/6c07a607-pesca-150x150.png 150w, https:\/\/www.greenpeace.org\/static\/planet4-mexico-stateless\/2025\/05\/6c07a607-pesca-340x340.png 340w\" sizes=\"auto, (max-width: 512px) 100vw, 512px\" \/><\/figure>\n\n\n\n<h3 class=\"wp-block-heading has-text-align-center\" style=\"font-size:25px\">Sobrepesca<\/h3>\n\n\n\n<div style=\"height:10px\" aria-hidden=\"true\" class=\"wp-block-spacer\"><\/div>\n\n\n\n<p class=\"has-text-align-center\">Agota especies marinas, rompe el equilibrio del ecosistema y amenaza la seguridad alimentaria.<\/p>\n<\/div>\n\n\n\n<div class=\"wp-block-column is-layout-flow wp-block-column-is-layout-flow\">\n<figure class=\"wp-block-image aligncenter size-full is-style-rounded-90\"><img loading=\"lazy\" decoding=\"async\" width=\"512\" height=\"512\" src=\"https:\/\/www.greenpeace.org\/static\/planet4-mexico-stateless\/2025\/06\/94c1a28a-cambio-climatico.png\" title=\"icono cambio clim\u00e1tico\" alt=\"icono cambio clim\u00e1tico\" class=\"wp-image-57121\" srcset=\"https:\/\/www.greenpeace.org\/static\/planet4-mexico-stateless\/2025\/06\/94c1a28a-cambio-climatico.png 512w, https:\/\/www.greenpeace.org\/static\/planet4-mexico-stateless\/2025\/06\/94c1a28a-cambio-climatico-300x300.png 300w, https:\/\/www.greenpeace.org\/static\/planet4-mexico-stateless\/2025\/06\/94c1a28a-cambio-climatico-150x150.png 150w, https:\/\/www.greenpeace.org\/static\/planet4-mexico-stateless\/2025\/06\/94c1a28a-cambio-climatico-340x340.png 340w\" sizes=\"auto, (max-width: 512px) 100vw, 512px\" \/><\/figure>\n\n\n\n<h3 class=\"wp-block-heading has-text-align-center\" style=\"font-size:25px\">Cambio clim\u00e1tico<\/h3>\n\n\n\n<div style=\"height:10px\" aria-hidden=\"true\" class=\"wp-block-spacer\"><\/div>\n\n\n\n<p class=\"has-text-align-center\">Calienta y acidifica los oc\u00e9anos, da\u00f1ando arrecifes, migraciones y vida marina.<\/p>\n<\/div>\n\n\n\n<div class=\"wp-block-column is-layout-flow wp-block-column-is-layout-flow\">\n<figure class=\"wp-block-image aligncenter size-full is-style-rounded-90\"><img loading=\"lazy\" decoding=\"async\" width=\"512\" height=\"512\" src=\"https:\/\/www.greenpeace.org\/static\/planet4-mexico-stateless\/2025\/04\/125a3332-no-plastico.png\" alt=\"\" class=\"wp-image-55490\" srcset=\"https:\/\/www.greenpeace.org\/static\/planet4-mexico-stateless\/2025\/04\/125a3332-no-plastico.png 512w, https:\/\/www.greenpeace.org\/static\/planet4-mexico-stateless\/2025\/04\/125a3332-no-plastico-300x300.png 300w, https:\/\/www.greenpeace.org\/static\/planet4-mexico-stateless\/2025\/04\/125a3332-no-plastico-150x150.png 150w, https:\/\/www.greenpeace.org\/static\/planet4-mexico-stateless\/2025\/04\/125a3332-no-plastico-340x340.png 340w\" sizes=\"auto, (max-width: 512px) 100vw, 512px\" \/><\/figure>\n\n\n\n<h3 class=\"wp-block-heading has-text-align-center\" style=\"font-size:25px\">Contaminaci\u00f3n pl\u00e1stica<\/h3>\n\n\n\n<div style=\"height:10px\" aria-hidden=\"true\" class=\"wp-block-spacer\"><\/div>\n\n\n\n<p class=\"has-text-align-center\">Contaminan el mar, matan fauna marina y terminan en nuestra cadena alimentaria.<\/p>\n<\/div>\n\n\n\n<div class=\"wp-block-column is-layout-flow wp-block-column-is-layout-flow\">\n<figure class=\"wp-block-image aligncenter size-full is-style-rounded-90\"><img loading=\"lazy\" decoding=\"async\" width=\"512\" height=\"512\" src=\"https:\/\/www.greenpeace.org\/static\/planet4-mexico-stateless\/2025\/05\/292ee09f-petroleo.png\" alt=\"\" class=\"wp-image-56143\" srcset=\"https:\/\/www.greenpeace.org\/static\/planet4-mexico-stateless\/2025\/05\/292ee09f-petroleo.png 512w, https:\/\/www.greenpeace.org\/static\/planet4-mexico-stateless\/2025\/05\/292ee09f-petroleo-300x300.png 300w, https:\/\/www.greenpeace.org\/static\/planet4-mexico-stateless\/2025\/05\/292ee09f-petroleo-150x150.png 150w, https:\/\/www.greenpeace.org\/static\/planet4-mexico-stateless\/2025\/05\/292ee09f-petroleo-340x340.png 340w\" sizes=\"auto, (max-width: 512px) 100vw, 512px\" \/><\/figure>\n\n\n\n<h3 class=\"wp-block-heading has-text-align-center\" style=\"font-size:25px\">Combustibles f\u00f3siles<\/h3>\n\n\n\n<div style=\"height:10px\" aria-hidden=\"true\" class=\"wp-block-spacer\"><\/div>\n\n\n\n<p class=\"has-text-align-center\">Sus derrames y emisiones contaminan el mar y agravan la crisis clim\u00e1tica.<\/p>\n<\/div>\n\n\n\n<div class=\"wp-block-column is-layout-flow wp-block-column-is-layout-flow\">\n<figure class=\"wp-block-image aligncenter size-full is-style-rounded-90\"><img loading=\"lazy\" decoding=\"async\" width=\"512\" height=\"512\" src=\"https:\/\/www.greenpeace.org\/static\/planet4-mexico-stateless\/2025\/05\/fa9e87e2-mina.png\" alt=\"\" class=\"wp-image-56109\" srcset=\"https:\/\/www.greenpeace.org\/static\/planet4-mexico-stateless\/2025\/05\/fa9e87e2-mina.png 512w, https:\/\/www.greenpeace.org\/static\/planet4-mexico-stateless\/2025\/05\/fa9e87e2-mina-300x300.png 300w, https:\/\/www.greenpeace.org\/static\/planet4-mexico-stateless\/2025\/05\/fa9e87e2-mina-150x150.png 150w, https:\/\/www.greenpeace.org\/static\/planet4-mexico-stateless\/2025\/05\/fa9e87e2-mina-340x340.png 340w\" sizes=\"auto, (max-width: 512px) 100vw, 512px\" \/><\/figure>\n\n\n\n<h3 class=\"wp-block-heading has-text-align-center\" style=\"font-size:25px\">Miner\u00eda submarina<\/h3>\n\n\n\n<div style=\"height:10px\" aria-hidden=\"true\" class=\"wp-block-spacer\"><\/div>\n\n\n\n<p class=\"has-text-align-center\">Alterar\u00e1 ecosistemas del fondo marino que ni siquiera se han investigado.<\/p>\n<\/div>\n<\/div>\n\n<div style=\"height:40px\" aria-hidden=\"true\" class=\"wp-block-spacer\"><\/div>\n\n<h3 class=\"wp-block-heading has-text-align-center has-dark-green-800-color has-text-color has-link-color has-large-font-size wp-elements-c377d7e9a1962815a21b45bd55f16764\"><strong>\u00bfQu\u00e9 est\u00e1 haciendo Greenpeace M\u00e9xico?<\/strong><\/h3>\n\n<div style=\"height:30px\" aria-hidden=\"true\" class=\"wp-block-spacer\"><\/div>\n\n<div class=\"wp-block-media-text is-stacked-on-mobile\"><figure class=\"wp-block-media-text__media\"><img loading=\"lazy\" decoding=\"async\" width=\"1024\" height=\"576\" src=\"https:\/\/www.greenpeace.org\/static\/planet4-mexico-stateless\/2025\/04\/6e191e6a-oceanos-plasticos-sre-mexico-1024x576.jpg\" alt=\"Greenpeace M\u00e9xico pide a la SRE una posici\u00f3n firme a nivel mundial para frenar la contaminaci\u00f3n por pl\u00e1sticos\" sizes=\"auto, (min-width: 1600px) calc((1320px - 24px) \/ 2),(min-width: 1200px) calc((1140px - 24px) \/ 2),(min-width: 992px) calc((960px - 24px) \/ 2),(min-width: 768px) calc((720px - 24px) \/ 2),(min-width: 601px) calc((540px - 24px) \/ 2),(min-width: 577px) calc((540px - 24px) \/ 1), calc(100vw - 24px)\" srcset=\"https:\/\/www.greenpeace.org\/static\/planet4-mexico-stateless\/2025\/04\/6e191e6a-oceanos-plasticos-sre-mexico.jpg 1200w, https:\/\/www.greenpeace.org\/static\/planet4-mexico-stateless\/2025\/04\/6e191e6a-oceanos-plasticos-sre-mexico-300x169.jpg 300w, https:\/\/www.greenpeace.org\/static\/planet4-mexico-stateless\/2025\/04\/6e191e6a-oceanos-plasticos-sre-mexico-1024x576.jpg 1024w, https:\/\/www.greenpeace.org\/static\/planet4-mexico-stateless\/2025\/04\/6e191e6a-oceanos-plasticos-sre-mexico-768x432.jpg 768w, https:\/\/www.greenpeace.org\/static\/planet4-mexico-stateless\/2025\/04\/6e191e6a-oceanos-plasticos-sre-mexico-510x287.jpg 510w\" class=\"wp-image-55580 size-full\"\/><\/figure><div class=\"wp-block-media-text__content\">\n<h3 class=\"wp-block-heading has-dark-green-800-color has-text-color has-link-color has-large-font-size wp-elements-199a630e017e1d5329676e80cc6a7190\">Oc\u00e9anos sin pl\u00e1sticos<\/h3>\n\n\n\n<div style=\"height:10px\" aria-hidden=\"true\" class=\"wp-block-spacer\"><\/div>\n\n\n\n<p>Buscamos&nbsp;una reforma a la Ley General para la Prevenci\u00f3n y Gesti\u00f3n Integral de los Residuos ( LGPGIR), que proh\u00edba los pl\u00e1sticos de un solo uso innecesarios en todo el pa\u00eds, que haga responsables a las empresas contaminantes y siente las bases para sistemas de reutilizaci\u00f3n y refill.&nbsp;<\/p>\n\n\n\n<div style=\"height:10px\" aria-hidden=\"true\" class=\"wp-block-spacer\"><\/div>\n\n\n\n<div class=\"wp-block-buttons is-layout-flex wp-block-buttons-is-layout-flex\">\n<div class=\"wp-block-button\"><a class=\"wp-block-button__link wp-element-button\" href=\"https:\/\/www.greenpeace.org\/mexico\/campanas\/mexico-sin-plastico\/\" target=\"_blank\" rel=\"noreferrer noopener\">Conoce m\u00e1s detalles<\/a><\/div>\n<\/div>\n<\/div><\/div>\n\n<div style=\"height:20px\" aria-hidden=\"true\" class=\"wp-block-spacer\"><\/div>\n\n<div class=\"wp-block-media-text has-media-on-the-right is-stacked-on-mobile\"><div class=\"wp-block-media-text__content\">\n<h3 class=\"wp-block-heading has-dark-green-800-color has-text-color has-link-color has-large-font-size wp-elements-2a8406ca1042b763f0ec81ebab3c7025\"><strong>Tratado Global de los Oc\u00e9anos<\/strong><\/h3>\n\n\n\n<div style=\"height:10px\" aria-hidden=\"true\" class=\"wp-block-spacer\"><\/div>\n\n\n\n<p>Menos del 3\u202f% de los oc\u00e9anos del mundo est\u00e1n protegidos. Desde Greenpeace impulsamos un Tratado Global que proteja al menos el 30\u202f% de los oc\u00e9anos, para que queden libres de actividades humanas destructivas para 2030.<br><\/p>\n\n\n\n<p>La ONU lo aprob\u00f3 en 2023, pero necesita ser ratificado por <strong>60 pa\u00edses<\/strong> para entrar en vigor. <strong>M\u00e9xico lo hizo en junio del 2025.<\/strong><\/p>\n\n\n\n<div style=\"height:10px\" aria-hidden=\"true\" class=\"wp-block-spacer\"><\/div>\n\n\n\n<div class=\"wp-block-buttons is-layout-flex wp-block-buttons-is-layout-flex\">\n<div class=\"wp-block-button\"><a class=\"wp-block-button__link wp-element-button\" href=\"https:\/\/www.greenpeace.org\/mexico\/campanas\/tratado-global-oceanos\/\" target=\"_blank\" rel=\"noreferrer noopener\">Conoce m\u00e1s detalles aqu\u00ed<\/a><\/div>\n<\/div>\n<\/div><figure class=\"wp-block-media-text__media\"><img loading=\"lazy\" decoding=\"async\" width=\"1024\" height=\"683\" src=\"https:\/\/www.greenpeace.org\/static\/planet4-mexico-stateless\/2025\/05\/e897ceb2-gp0stv78m_medium-res-with-credit-line-1200px-1024x683.jpg\" alt=\"\" sizes=\"auto, (min-width: 1600px) calc((1320px - 24px) \/ 2),(min-width: 1200px) calc((1140px - 24px) \/ 2),(min-width: 992px) calc((960px - 24px) \/ 2),(min-width: 768px) calc((720px - 24px) \/ 2),(min-width: 601px) calc((540px - 24px) \/ 2),(min-width: 577px) calc((540px - 24px) \/ 1), calc(100vw - 24px)\" srcset=\"https:\/\/www.greenpeace.org\/static\/planet4-mexico-stateless\/2025\/05\/e897ceb2-gp0stv78m_medium-res-with-credit-line-1200px.jpg 1200w, https:\/\/www.greenpeace.org\/static\/planet4-mexico-stateless\/2025\/05\/e897ceb2-gp0stv78m_medium-res-with-credit-line-1200px-300x200.jpg 300w, https:\/\/www.greenpeace.org\/static\/planet4-mexico-stateless\/2025\/05\/e897ceb2-gp0stv78m_medium-res-with-credit-line-1200px-1024x683.jpg 1024w, https:\/\/www.greenpeace.org\/static\/planet4-mexico-stateless\/2025\/05\/e897ceb2-gp0stv78m_medium-res-with-credit-line-1200px-768x512.jpg 768w, https:\/\/www.greenpeace.org\/static\/planet4-mexico-stateless\/2025\/05\/e897ceb2-gp0stv78m_medium-res-with-credit-line-1200px-510x340.jpg 510w\" class=\"wp-image-56121 size-full\"\/><\/figure><\/div>\n\n<div style=\"height:20px\" aria-hidden=\"true\" class=\"wp-block-spacer\"><\/div>\n\n<div class=\"wp-block-media-text is-stacked-on-mobile\"><figure class=\"wp-block-media-text__media\"><img loading=\"lazy\" decoding=\"async\" width=\"1024\" height=\"683\" src=\"https:\/\/www.greenpeace.org\/static\/planet4-mexico-stateless\/2025\/05\/7c3fa907-gp0su0o60_pressmedia-2500px-1024x683.jpg\" alt=\"\" sizes=\"auto, (min-width: 1600px) calc((1320px - 24px) \/ 2),(min-width: 1200px) calc((1140px - 24px) \/ 2),(min-width: 992px) calc((960px - 24px) \/ 2),(min-width: 768px) calc((720px - 24px) \/ 2),(min-width: 601px) calc((540px - 24px) \/ 2),(min-width: 577px) calc((540px - 24px) \/ 1), calc(100vw - 24px)\" srcset=\"https:\/\/www.greenpeace.org\/static\/planet4-mexico-stateless\/2025\/05\/7c3fa907-gp0su0o60_pressmedia-2500px.jpg 2500w, https:\/\/www.greenpeace.org\/static\/planet4-mexico-stateless\/2025\/05\/7c3fa907-gp0su0o60_pressmedia-2500px-300x200.jpg 300w, https:\/\/www.greenpeace.org\/static\/planet4-mexico-stateless\/2025\/05\/7c3fa907-gp0su0o60_pressmedia-2500px-1024x683.jpg 1024w, https:\/\/www.greenpeace.org\/static\/planet4-mexico-stateless\/2025\/05\/7c3fa907-gp0su0o60_pressmedia-2500px-768x512.jpg 768w, https:\/\/www.greenpeace.org\/static\/planet4-mexico-stateless\/2025\/05\/7c3fa907-gp0su0o60_pressmedia-2500px-1536x1024.jpg 1536w, https:\/\/www.greenpeace.org\/static\/planet4-mexico-stateless\/2025\/05\/7c3fa907-gp0su0o60_pressmedia-2500px-2048x1366.jpg 2048w, https:\/\/www.greenpeace.org\/static\/planet4-mexico-stateless\/2025\/05\/7c3fa907-gp0su0o60_pressmedia-2500px-510x340.jpg 510w\" class=\"wp-image-56112 size-full\"\/><\/figure><div class=\"wp-block-media-text__content\">\n<h3 class=\"wp-block-heading has-dark-green-800-color has-text-color has-link-color has-large-font-size wp-elements-ebb41df1af7530eab5f06539b8b3f7d8\"><strong>Tratado Global de Pl\u00e1sticos<\/strong><\/h3>\n\n\n\n<div style=\"height:10px\" aria-hidden=\"true\" class=\"wp-block-spacer\"><\/div>\n\n\n\n<p>Impulsamos un Tratado Global de Pl\u00e1sticos que frene la contaminaci\u00f3n desde su origen. Buscamos reducir la producci\u00f3n mundial de pl\u00e1sticos en un <strong>75\u202f% para 2040<\/strong> y atender sus impactos ambientales y sociales en todo su ciclo de vida.<\/p>\n\n\n\n<p><br>Desde M\u00e9xico exigimos que la Secretar\u00eda de Relaciones Exteriores apoye una postura ambiciosa.<\/p>\n\n\n\n<div style=\"height:10px\" aria-hidden=\"true\" class=\"wp-block-spacer\"><\/div>\n\n\n\n<div class=\"wp-block-buttons is-layout-flex wp-block-buttons-is-layout-flex\">\n<div class=\"wp-block-button\"><a class=\"wp-block-button__link wp-element-button\" href=\"https:\/\/www.greenpeace.org\/mexico\/campanas\/tratado-global-de-plastico\/\" target=\"_blank\" rel=\"noreferrer noopener\">Conoce m\u00e1s detalles aqu\u00ed<\/a><\/div>\n<\/div>\n<\/div><\/div>\n\n<div style=\"height:20px\" aria-hidden=\"true\" class=\"wp-block-spacer\"><\/div>\n\n<div class=\"wp-block-media-text has-media-on-the-right is-stacked-on-mobile\"><div class=\"wp-block-media-text__content\">\n<h3 class=\"wp-block-heading has-dark-green-800-color has-text-color has-link-color has-large-font-size wp-elements-0c6b13388ed9a2a3109f8c41c0394d96\"><strong>Alto a la miner\u00eda submarina<\/strong><\/h3>\n\n\n\n<div style=\"height:10px\" aria-hidden=\"true\" class=\"wp-block-spacer\"><\/div>\n\n\n\n<p>La miner\u00eda submarina a\u00fan no comienza, y tenemos la oportunidad de detenerla antes de que destruya los ecosistemas del fondo marino.<br>Desde Greenpeace exigimos una moratoria global que la proh\u00edba de forma definitiva.<\/p>\n\n\n\n<p><br>En M\u00e9xico trabajamos para que el gobierno no permita su inicio, por el grave da\u00f1o ambiental que implica y por nuestra cercan\u00eda a la zona donde se planea extraer minerales.<\/p>\n\n\n\n<div style=\"height:10px\" aria-hidden=\"true\" class=\"wp-block-spacer\"><\/div>\n\n\n\n<div class=\"wp-block-buttons is-layout-flex wp-block-buttons-is-layout-flex\">\n<div class=\"wp-block-button\"><a class=\"wp-block-button__link wp-element-button\" href=\"https:\/\/www.greenpeace.org\/mexico\/alto-mineria-en-aguas-produndas\/\" target=\"_blank\" rel=\"noreferrer noopener\">Conoce m\u00e1s detalles aqu\u00ed<\/a><\/div>\n<\/div>\n<\/div><figure class=\"wp-block-media-text__media\"><img loading=\"lazy\" decoding=\"async\" width=\"1024\" height=\"683\" src=\"https:\/\/www.greenpeace.org\/static\/planet4-mexico-stateless\/2025\/05\/fa5ad760-gp0stxudm_medium-res-with-credit-line-1200px-1024x683.jpg\" alt=\"\" sizes=\"auto, (min-width: 1600px) calc((1320px - 24px) \/ 2),(min-width: 1200px) calc((1140px - 24px) \/ 2),(min-width: 992px) calc((960px - 24px) \/ 2),(min-width: 768px) calc((720px - 24px) \/ 2),(min-width: 601px) calc((540px - 24px) \/ 2),(min-width: 577px) calc((540px - 24px) \/ 1), calc(100vw - 24px)\" srcset=\"https:\/\/www.greenpeace.org\/static\/planet4-mexico-stateless\/2025\/05\/fa5ad760-gp0stxudm_medium-res-with-credit-line-1200px.jpg 1200w, https:\/\/www.greenpeace.org\/static\/planet4-mexico-stateless\/2025\/05\/fa5ad760-gp0stxudm_medium-res-with-credit-line-1200px-300x200.jpg 300w, https:\/\/www.greenpeace.org\/static\/planet4-mexico-stateless\/2025\/05\/fa5ad760-gp0stxudm_medium-res-with-credit-line-1200px-1024x683.jpg 1024w, https:\/\/www.greenpeace.org\/static\/planet4-mexico-stateless\/2025\/05\/fa5ad760-gp0stxudm_medium-res-with-credit-line-1200px-768x512.jpg 768w, https:\/\/www.greenpeace.org\/static\/planet4-mexico-stateless\/2025\/05\/fa5ad760-gp0stxudm_medium-res-with-credit-line-1200px-510x340.jpg 510w\" class=\"wp-image-56120 size-full\"\/><\/figure><\/div>\n\n<div style=\"height:20px\" aria-hidden=\"true\" class=\"wp-block-spacer\"><\/div>\n\n<h2 class=\"wp-block-heading has-text-align-center has-dark-green-800-color has-text-color has-link-color wp-elements-afb858fad8c02c13e5feff534705ceef\">\u00a1Es momento de actuar!<\/h2>\n\n<figure class=\"wp-block-embed is-type-video is-provider-youtube wp-block-embed-youtube wp-embed-aspect-16-9 wp-has-aspect-ratio\"><div class=\"wp-block-embed__wrapper\">\n<iframe loading=\"lazy\" title=\"Santuario: La historia para proteger los oc\u00e9anos.\" width=\"500\" height=\"281\" src=\"https:\/\/www.youtube.com\/embed\/9maZEC10_zU?feature=oembed\" frameborder=\"0\" allow=\"accelerometer; autoplay; clipboard-write; encrypted-media; gyroscope; picture-in-picture; web-share\" referrerpolicy=\"strict-origin-when-cross-origin\" allowfullscreen><\/iframe>\n<\/div><\/figure>\n\n<div style=\"height:40px\" aria-hidden=\"true\" class=\"wp-block-spacer\"><\/div>\n\n<div class=\"wp-block-media-text is-stacked-on-mobile\"><figure class=\"wp-block-media-text__media\"><img loading=\"lazy\" decoding=\"async\" width=\"1024\" height=\"683\" src=\"https:\/\/www.greenpeace.org\/static\/planet4-mexico-stateless\/2025\/06\/dfb19fd6-delfines-animales-oceano-1024x683.jpg\" alt=\"Amber Bourke, apneista australiana, nadando con delfines nariz de botella (Tursiops), en la isla Lord Howe.\" sizes=\"auto, (min-width: 1600px) calc((1320px - 24px) \/ 2),(min-width: 1200px) calc((1140px - 24px) \/ 2),(min-width: 992px) calc((960px - 24px) \/ 2),(min-width: 768px) calc((720px - 24px) \/ 2),(min-width: 601px) calc((540px - 24px) \/ 2),(min-width: 577px) calc((540px - 24px) \/ 1), calc(100vw - 24px)\" srcset=\"https:\/\/www.greenpeace.org\/static\/planet4-mexico-stateless\/2025\/06\/dfb19fd6-delfines-animales-oceano.jpg 1200w, https:\/\/www.greenpeace.org\/static\/planet4-mexico-stateless\/2025\/06\/dfb19fd6-delfines-animales-oceano-300x200.jpg 300w, https:\/\/www.greenpeace.org\/static\/planet4-mexico-stateless\/2025\/06\/dfb19fd6-delfines-animales-oceano-1024x683.jpg 1024w, https:\/\/www.greenpeace.org\/static\/planet4-mexico-stateless\/2025\/06\/dfb19fd6-delfines-animales-oceano-768x512.jpg 768w, https:\/\/www.greenpeace.org\/static\/planet4-mexico-stateless\/2025\/06\/dfb19fd6-delfines-animales-oceano-510x340.jpg 510w\" class=\"wp-image-56982 size-full\"\/><\/figure><div class=\"wp-block-media-text__content\">\n<h3 class=\"wp-block-heading has-dark-green-800-color has-text-color has-link-color has-large-font-size wp-elements-01176bb1c84f82b0ae3be2f8fe3b79fe\">Evitemos los peores escenarios<\/h3>\n\n\n\n<p>Cada informe lo confirma: si no protegemos los oc\u00e9anos, podr\u00edamos perder ecosistemas marinos \u00fanicos, con consecuencias irreversibles para el planeta y para nosotros mismos.<\/p>\n\n\n\n<p><strong>Pero a\u00fan estamos a tiempo.<\/strong> Desde Greenpeace trabajamos todos los d\u00edas para detener la destrucci\u00f3n y proteger los oc\u00e9anos, presionando a gobiernos, empresas e instituciones internacionales. No recibimos dinero de gobiernos ni de empresas: solo contamos con el apoyo de personas comprometidas como t\u00fa.<\/p>\n\n\n\n<p><strong>\u00danete como socio y ay\u00fadanos a defender los oc\u00e9anos antes de que sea demasiado tarde.<\/strong><\/p>\n\n\n\n<div style=\"height:10px\" aria-hidden=\"true\" class=\"wp-block-spacer\"><\/div>\n\n\n\n<div class=\"wp-block-buttons is-layout-flex wp-block-buttons-is-layout-flex\">\n<div class=\"wp-block-button is-style-cta\"><a class=\"wp-block-button__link wp-element-button\" href=\"https:\/\/www.greenpeace.org\/mexico\/campanas\/oceanos\/?form=protege-los-oceanos&amp;utm_content=PaginaOceanos&amp;utm_source=greenpeace.org&amp;utm_medium=pagina_de_campa\u00f1a&amp;utm_campaign=lossofecosistems\">Hazte socio aqu\u00ed<\/a><\/div>\n<\/div>\n<\/div><\/div>\n\n<div style=\"height:20px\" aria-hidden=\"true\" class=\"wp-block-spacer\"><\/div>\n\n<div class=\"wp-block-query posts-list p4-query-loop is-custom-layout-carousel is-layout-flex wp-block-query-is-layout-flex\">\n<div class=\"wp-block-group is-content-justification-space-between is-layout-flex wp-container-core-group-is-layout-3d213aab wp-block-group-is-layout-flex\">\n<h2 class=\"wp-block-heading\">Contenidos relacionados<\/h2>\n\n\n<li class=\" wp-block-navigation-item see-all-link wp-block-navigation-link\"><a class=\"wp-block-navigation-item__content\"  href=\"http:\/\/www-dev.greenpeace.org\/mexico\/news-stories\/?category=oceanos\"><span class=\"wp-block-navigation-item__label\">Mira m\u00e1s contenidos<\/span><\/a><\/li><\/div>\n\n\n\n<p style=\"margin-top:24px;margin-bottom:36px\"><\/p>\n\n\n\n\n<ul class=\"wp-block-post-template is-layout-flow wp-block-post-template-is-layout-flow\"><li class=\"wp-block-post post-62809 post type-post status-publish format-standard has-post-thumbnail hentry category-oceanos tag-oceanos tag-perdida-de-ecosistemas tag-cambio-climatico p4-page-type-blog\">\n\n<div class=\"wp-block-columns is-layout-flex wp-container-core-columns-is-layout-9d6595d7 wp-block-columns-is-layout-flex\"><figure class=\"wp-block-post-featured-image\"><a href=\"https:\/\/www.greenpeace.org\/mexico\/blog\/62809\/vidas-bajo-el-agua-ante-un-derrame-de-petroleo\/\" target=\"_self\"  ><img loading=\"lazy\" decoding=\"async\" width=\"888\" height=\"670\" src=\"https:\/\/www.greenpeace.org\/static\/planet4-mexico-stateless\/2026\/04\/0f35365c-captura-de-pantalla-2026-04-10-183121.png\" class=\"attachment-post-thumbnail size-post-thumbnail wp-post-image wp-stateless-item\" alt=\"Vidas bajo el agua: la supervivencia marina ante un derrame de petr\u00f3leo.\" style=\"object-fit:cover;\" srcset=\"https:\/\/www.greenpeace.org\/static\/planet4-mexico-stateless\/2026\/04\/0f35365c-captura-de-pantalla-2026-04-10-183121.png 888w, https:\/\/www.greenpeace.org\/static\/planet4-mexico-stateless\/2026\/04\/0f35365c-captura-de-pantalla-2026-04-10-183121-300x226.png 300w, https:\/\/www.greenpeace.org\/static\/planet4-mexico-stateless\/2026\/04\/0f35365c-captura-de-pantalla-2026-04-10-183121-768x579.png 768w, https:\/\/www.greenpeace.org\/static\/planet4-mexico-stateless\/2026\/04\/0f35365c-captura-de-pantalla-2026-04-10-183121-451x340.png 451w\" sizes=\"auto, (max-width: 888px) 100vw, 888px\" data-image-size=\"post-thumbnail\" data-stateless-media-bucket=\"planet4-mexico-stateless\" data-stateless-media-name=\"2026\/04\/0f35365c-captura-de-pantalla-2026-04-10-183121.png\" \/><\/a><\/figure>\n\n\n<div class=\"wp-block-group is-layout-flow wp-block-group-is-layout-flow\">\n<div class=\"wp-block-group is-layout-flex wp-block-group-is-layout-flex\"><div class=\"wp-block-post-terms\"><a href=\"https:\/\/www.greenpeace.org\/mexico\/category\/oceanos\/\">Oc\u00e9anos<\/a><\/div>\n\n<div class=\"taxonomy-post_tag wp-block-post-terms\"><a href=\"https:\/\/www.greenpeace.org\/mexico\/tag\/oceanos\/\" rel=\"tag\">Oc\u00e9anos<\/a><span class=\"wp-block-post-terms__separator\"> <\/span><a href=\"https:\/\/www.greenpeace.org\/mexico\/tag\/perdida-de-ecosistemas\/\" rel=\"tag\">P\u00e9rdida de ecosistemas<\/a><span class=\"wp-block-post-terms__separator\"> <\/span><a href=\"https:\/\/www.greenpeace.org\/mexico\/tag\/cambio-climatico\/\" rel=\"tag\">Cambio clim\u00e1tico<\/a><\/div><\/div>\n\n\n<h3 class=\"wp-block-post-title\"><a href=\"https:\/\/www.greenpeace.org\/mexico\/blog\/62809\/vidas-bajo-el-agua-ante-un-derrame-de-petroleo\/\" target=\"_self\" >Vidas bajo el agua: la supervivencia marina ante un derrame de petr\u00f3leo.<\/a><\/h3>\n\n<div class=\"wp-block-post-excerpt\"><p class=\"wp-block-post-excerpt__excerpt\">El Golfo de M\u00e9xico es mucho m\u00e1s que un cuerpo de agua. Es hogar de una enorme diversidad de vida. Seres que no vemos a simple vista como organismos microsc\u00f3picos,&hellip; <\/p><\/div>\n\n\n<div class=\"wp-block-group posts-list-meta is-layout-flow wp-block-group-is-layout-flow\"><span class='article-list-item-author'>Greenpeace M\u00e9xico<\/span>\n\n<div class=\"wp-block-post-date\"><time datetime=\"2026-04-11T10:00:00-05:00\">abril 11, 2026<\/time><\/div><\/div>\n<\/div>\n<\/div>\n\n<\/li><li class=\"wp-block-post post-62703 post type-post status-publish format-standard has-post-thumbnail hentry category-clima-y-energia category-oceanos tag-perdida-de-ecosistemas p4-page-type-blog\">\n\n<div class=\"wp-block-columns is-layout-flex wp-container-core-columns-is-layout-9d6595d7 wp-block-columns-is-layout-flex\"><figure class=\"wp-block-post-featured-image\"><a href=\"https:\/\/www.greenpeace.org\/mexico\/blog\/62703\/vacaciones-que-cuidan\/\" target=\"_self\"  ><img loading=\"lazy\" decoding=\"async\" width=\"1440\" height=\"800\" src=\"https:\/\/www.greenpeace.org\/static\/planet4-mexico-stateless\/2026\/03\/c23932fa-medidas-carrusel-header-39.png\" class=\"attachment-post-thumbnail size-post-thumbnail wp-post-image wp-stateless-item\" alt=\"Vacaciones que cuidan: Proteger hoy lo que ma\u00f1ana queremos disfrutar.\" style=\"object-fit:cover;\" srcset=\"https:\/\/www.greenpeace.org\/static\/planet4-mexico-stateless\/2026\/03\/c23932fa-medidas-carrusel-header-39.png 1440w, https:\/\/www.greenpeace.org\/static\/planet4-mexico-stateless\/2026\/03\/c23932fa-medidas-carrusel-header-39-300x167.png 300w, https:\/\/www.greenpeace.org\/static\/planet4-mexico-stateless\/2026\/03\/c23932fa-medidas-carrusel-header-39-1024x569.png 1024w, https:\/\/www.greenpeace.org\/static\/planet4-mexico-stateless\/2026\/03\/c23932fa-medidas-carrusel-header-39-768x427.png 768w, https:\/\/www.greenpeace.org\/static\/planet4-mexico-stateless\/2026\/03\/c23932fa-medidas-carrusel-header-39-510x283.png 510w\" sizes=\"auto, (max-width: 1440px) 100vw, 1440px\" data-image-size=\"post-thumbnail\" data-stateless-media-bucket=\"planet4-mexico-stateless\" data-stateless-media-name=\"2026\/03\/c23932fa-medidas-carrusel-header-39.png\" \/><\/a><\/figure>\n\n\n<div class=\"wp-block-group is-layout-flow wp-block-group-is-layout-flow\">\n<div class=\"wp-block-group is-layout-flex wp-block-group-is-layout-flex\"><div class=\"wp-block-post-terms\"><a href=\"https:\/\/www.greenpeace.org\/mexico\/category\/clima-y-energia\/\">Clima y energ\u00eda<\/a><\/div>\n\n<div class=\"taxonomy-post_tag wp-block-post-terms\"><a href=\"https:\/\/www.greenpeace.org\/mexico\/tag\/perdida-de-ecosistemas\/\" rel=\"tag\">P\u00e9rdida de ecosistemas<\/a><\/div><\/div>\n\n\n<h3 class=\"wp-block-post-title\"><a href=\"https:\/\/www.greenpeace.org\/mexico\/blog\/62703\/vacaciones-que-cuidan\/\" target=\"_self\" >Vacaciones que cuidan: Proteger hoy lo que ma\u00f1ana queremos disfrutar.<\/a><\/h3>\n\n<div class=\"wp-block-post-excerpt\"><p class=\"wp-block-post-excerpt__excerpt\">Semana Santa llega este a\u00f1o en medio de una emergencia ambiental\u00a0 y comunidades en crisis. No puede haber descanso en territorios contaminados. <\/p><\/div>\n\n\n<div class=\"wp-block-group posts-list-meta is-layout-flow wp-block-group-is-layout-flow\"><span class='article-list-item-author'>Greenpeace M\u00e9xico<\/span>\n\n<div class=\"wp-block-post-date\"><time datetime=\"2026-03-31T08:00:00-05:00\">marzo 31, 2026<\/time><\/div><\/div>\n<\/div>\n<\/div>\n\n<\/li><li class=\"wp-block-post post-62589 post type-post status-publish format-standard has-post-thumbnail hentry category-cambio-climatico category-oceanos tag-combustibles-fosiles p4-page-type-informacion-prensa\">\n\n<div class=\"wp-block-columns is-layout-flex wp-container-core-columns-is-layout-9d6595d7 wp-block-columns-is-layout-flex\"><figure class=\"wp-block-post-featured-image\"><a href=\"https:\/\/www.greenpeace.org\/mexico\/informacion-prensa\/62589\/derrame-en-el-golfo-de-mexico-opacidad\/\" target=\"_self\"  ><img loading=\"lazy\" decoding=\"async\" width=\"678\" height=\"459\" src=\"https:\/\/www.greenpeace.org\/static\/planet4-mexico-stateless\/2026\/03\/5045a2fc-captura-de-pantalla-2026-03-25-144640.png\" class=\"attachment-post-thumbnail size-post-thumbnail wp-post-image wp-stateless-item\" alt=\"Actualizaci\u00f3n derrame de petr\u00f3leo: im\u00e1genes satelitales  evidencian conocimiento temprano y opacidad oficial.\" style=\"object-fit:cover;\" srcset=\"https:\/\/www.greenpeace.org\/static\/planet4-mexico-stateless\/2026\/03\/5045a2fc-captura-de-pantalla-2026-03-25-144640.png 678w, https:\/\/www.greenpeace.org\/static\/planet4-mexico-stateless\/2026\/03\/5045a2fc-captura-de-pantalla-2026-03-25-144640-300x203.png 300w, https:\/\/www.greenpeace.org\/static\/planet4-mexico-stateless\/2026\/03\/5045a2fc-captura-de-pantalla-2026-03-25-144640-502x340.png 502w\" sizes=\"auto, (max-width: 678px) 100vw, 678px\" data-image-size=\"post-thumbnail\" data-stateless-media-bucket=\"planet4-mexico-stateless\" data-stateless-media-name=\"2026\/03\/5045a2fc-captura-de-pantalla-2026-03-25-144640.png\" \/><\/a><\/figure>\n\n\n<div class=\"wp-block-group is-layout-flow wp-block-group-is-layout-flow\">\n<div class=\"wp-block-group is-layout-flex wp-block-group-is-layout-flex\"><div class=\"wp-block-post-terms\"><a href=\"https:\/\/www.greenpeace.org\/mexico\/category\/cambio-climatico\/\">Cambio clim\u00e1tico<\/a><\/div>\n\n<div class=\"taxonomy-post_tag wp-block-post-terms\"><a href=\"https:\/\/www.greenpeace.org\/mexico\/tag\/combustibles-fosiles\/\" rel=\"tag\">Combustibles f\u00f3siles<\/a><\/div><\/div>\n\n\n<h3 class=\"wp-block-post-title\"><a href=\"https:\/\/www.greenpeace.org\/mexico\/informacion-prensa\/62589\/derrame-en-el-golfo-de-mexico-opacidad\/\" target=\"_self\" >Actualizaci\u00f3n derrame de petr\u00f3leo: im\u00e1genes satelitales  evidencian conocimiento temprano y opacidad oficial.<\/a><\/h3>\n\n<div class=\"wp-block-post-excerpt\"><p class=\"wp-block-post-excerpt__excerpt\">Im\u00e1genes satelitales muestran que desde principios de febrero pasado se realizaron acciones de contenci\u00f3n ante el derrame de hidrocarburos en aguas del Golfo de M\u00e9xico, frente a las costas de Campeche. <\/p><\/div>\n\n\n<div class=\"wp-block-group posts-list-meta is-layout-flow wp-block-group-is-layout-flow\"><span class='article-list-item-author'>Greenpeace M\u00e9xico<\/span>\n\n<div class=\"wp-block-post-date\"><time datetime=\"2026-03-25T16:08:27-05:00\">marzo 25, 2026<\/time><\/div><\/div>\n<\/div>\n<\/div>\n\n<\/li><li class=\"wp-block-post post-62470 post type-post status-publish format-standard has-post-thumbnail hentry category-oceanos tag-cabo-pulmo p4-page-type-informacion-prensa\">\n\n<div class=\"wp-block-columns is-layout-flex wp-container-core-columns-is-layout-9d6595d7 wp-block-columns-is-layout-flex\"><figure class=\"wp-block-post-featured-image\"><a href=\"https:\/\/www.greenpeace.org\/mexico\/informacion-prensa\/62470\/anula-semarnat-baja-bay-club\/\" target=\"_self\"  ><img loading=\"lazy\" decoding=\"async\" width=\"1200\" height=\"800\" src=\"https:\/\/www.greenpeace.org\/static\/planet4-mexico-stateless\/2025\/05\/45108d0d-gp0su3o96_medium-res-with-credit-line-1200px.jpg\" class=\"attachment-post-thumbnail size-post-thumbnail wp-post-image wp-stateless-item\" alt=\"Anula SEMARNAT autorizaci\u00f3n del proyecto &#8220;Baja Bay Club&#8221; cercano al parque Nacional Cabo Pulmo.\" style=\"object-fit:cover;\" srcset=\"https:\/\/www.greenpeace.org\/static\/planet4-mexico-stateless\/2025\/05\/45108d0d-gp0su3o96_medium-res-with-credit-line-1200px.jpg 1200w, https:\/\/www.greenpeace.org\/static\/planet4-mexico-stateless\/2025\/05\/45108d0d-gp0su3o96_medium-res-with-credit-line-1200px-300x200.jpg 300w, https:\/\/www.greenpeace.org\/static\/planet4-mexico-stateless\/2025\/05\/45108d0d-gp0su3o96_medium-res-with-credit-line-1200px-1024x683.jpg 1024w, https:\/\/www.greenpeace.org\/static\/planet4-mexico-stateless\/2025\/05\/45108d0d-gp0su3o96_medium-res-with-credit-line-1200px-768x512.jpg 768w, https:\/\/www.greenpeace.org\/static\/planet4-mexico-stateless\/2025\/05\/45108d0d-gp0su3o96_medium-res-with-credit-line-1200px-510x340.jpg 510w\" sizes=\"auto, (max-width: 1200px) 100vw, 1200px\" data-image-size=\"post-thumbnail\" data-stateless-media-bucket=\"planet4-mexico-stateless-develop\" data-stateless-media-name=\"2025\/05\/45108d0d-gp0su3o96_medium-res-with-credit-line-1200px.jpg\" \/><\/a><\/figure>\n\n\n<div class=\"wp-block-group is-layout-flow wp-block-group-is-layout-flow\">\n<div class=\"wp-block-group is-layout-flex wp-block-group-is-layout-flex\"><div class=\"wp-block-post-terms\"><a href=\"https:\/\/www.greenpeace.org\/mexico\/category\/oceanos\/\">Oc\u00e9anos<\/a><\/div>\n\n<div class=\"taxonomy-post_tag wp-block-post-terms\"><a href=\"https:\/\/www.greenpeace.org\/mexico\/tag\/cabo-pulmo\/\" rel=\"tag\">Cabo Pulmo<\/a><\/div><\/div>\n\n\n<h3 class=\"wp-block-post-title\"><a href=\"https:\/\/www.greenpeace.org\/mexico\/informacion-prensa\/62470\/anula-semarnat-baja-bay-club\/\" target=\"_self\" >Anula SEMARNAT autorizaci\u00f3n del proyecto &#8220;Baja Bay Club&#8221; cercano al parque Nacional Cabo Pulmo.<\/a><\/h3>\n\n<div class=\"wp-block-post-excerpt\"><p class=\"wp-block-post-excerpt__excerpt\">En una decisi\u00f3n trascendental para la conservaci\u00f3n de los ecosistemas marinos de M\u00e9xico, particularmente del llamado \u201cacuario del mundo\u201d en Baja California Sur (BCS), as\u00ed como para la legalidad y&hellip; <\/p><\/div>\n\n\n<div class=\"wp-block-group posts-list-meta is-layout-flow wp-block-group-is-layout-flow\"><span class='article-list-item-author'>Greenpeace M\u00e9xico<\/span>\n\n<div class=\"wp-block-post-date\"><time datetime=\"2026-03-12T17:08:19-05:00\">marzo 12, 2026<\/time><\/div><\/div>\n<\/div>\n<\/div>\n\n<\/li><li class=\"wp-block-post post-62376 post type-post status-publish format-standard has-post-thumbnail hentry category-oceanos tag-cambio-climatico tag-tratado-global-de-oceanos tag-mexico-sin-plasticos p4-page-type-blog\">\n\n<div class=\"wp-block-columns is-layout-flex wp-container-core-columns-is-layout-9d6595d7 wp-block-columns-is-layout-flex\"><figure class=\"wp-block-post-featured-image\"><a href=\"https:\/\/www.greenpeace.org\/mexico\/blog\/62376\/acapulco-lleno-de-vida-marina\/\" target=\"_self\"  ><img loading=\"lazy\" decoding=\"async\" width=\"2560\" height=\"1707\" src=\"https:\/\/www.greenpeace.org\/static\/planet4-mexico-stateless\/2026\/03\/0ad981b9-3580-scaled.jpg\" class=\"attachment-post-thumbnail size-post-thumbnail wp-post-image wp-stateless-item\" alt=\"Acapulco lleno de vida marina\" style=\"object-fit:cover;\" srcset=\"https:\/\/www.greenpeace.org\/static\/planet4-mexico-stateless\/2026\/03\/0ad981b9-3580-scaled.jpg 2560w, https:\/\/www.greenpeace.org\/static\/planet4-mexico-stateless\/2026\/03\/0ad981b9-3580-300x200.jpg 300w, https:\/\/www.greenpeace.org\/static\/planet4-mexico-stateless\/2026\/03\/0ad981b9-3580-1024x683.jpg 1024w, https:\/\/www.greenpeace.org\/static\/planet4-mexico-stateless\/2026\/03\/0ad981b9-3580-768x512.jpg 768w, https:\/\/www.greenpeace.org\/static\/planet4-mexico-stateless\/2026\/03\/0ad981b9-3580-1536x1024.jpg 1536w, https:\/\/www.greenpeace.org\/static\/planet4-mexico-stateless\/2026\/03\/0ad981b9-3580-2048x1366.jpg 2048w, https:\/\/www.greenpeace.org\/static\/planet4-mexico-stateless\/2026\/03\/0ad981b9-3580-510x340.jpg 510w\" sizes=\"auto, (max-width: 2560px) 100vw, 2560px\" data-image-size=\"post-thumbnail\" data-stateless-media-bucket=\"planet4-mexico-stateless\" data-stateless-media-name=\"2026\/03\/0ad981b9-3580-scaled.jpg\" \/><\/a><\/figure>\n\n\n<div class=\"wp-block-group is-layout-flow wp-block-group-is-layout-flow\">\n<div class=\"wp-block-group is-layout-flex wp-block-group-is-layout-flex\"><div class=\"wp-block-post-terms\"><a href=\"https:\/\/www.greenpeace.org\/mexico\/category\/oceanos\/\">Oc\u00e9anos<\/a><\/div>\n\n<div class=\"taxonomy-post_tag wp-block-post-terms\"><a href=\"https:\/\/www.greenpeace.org\/mexico\/tag\/cambio-climatico\/\" rel=\"tag\">Cambio clim\u00e1tico<\/a><span class=\"wp-block-post-terms__separator\"> <\/span><a href=\"https:\/\/www.greenpeace.org\/mexico\/tag\/tratado-global-de-oceanos\/\" rel=\"tag\">Tratado Global de Oc\u00e9anos<\/a><span class=\"wp-block-post-terms__separator\"> <\/span><a href=\"https:\/\/www.greenpeace.org\/mexico\/tag\/mexico-sin-plasticos\/\" rel=\"tag\">M\u00e9xico sin pl\u00e1sticos<\/a><\/div><\/div>\n\n\n<h3 class=\"wp-block-post-title\"><a href=\"https:\/\/www.greenpeace.org\/mexico\/blog\/62376\/acapulco-lleno-de-vida-marina\/\" target=\"_self\" >Acapulco lleno de vida marina<\/a><\/h3>\n\n<div class=\"wp-block-post-excerpt\"><p class=\"wp-block-post-excerpt__excerpt\">Acapulco como otras zonas costeras del pa\u00eds ha sido golpeado por el cambios clim\u00e1tico, de manera que los huracanes y tormentas extremas <\/p><\/div>\n\n\n<div class=\"wp-block-group posts-list-meta is-layout-flow wp-block-group-is-layout-flow\"><span class='article-list-item-author'>Greenpeace M\u00e9xico<\/span>\n\n<div class=\"wp-block-post-date\"><time datetime=\"2026-03-01T15:39:02-05:00\">marzo 1, 2026<\/time><\/div><\/div>\n<\/div>\n<\/div>\n\n<\/li><li class=\"wp-block-post post-62251 post type-post status-publish format-standard has-post-thumbnail hentry category-oceanos tag-perdida-de-ecosistemas tag-tratado-global-de-oceanos p4-page-type-blog\">\n\n<div class=\"wp-block-columns is-layout-flex wp-container-core-columns-is-layout-9d6595d7 wp-block-columns-is-layout-flex\"><figure class=\"wp-block-post-featured-image\"><a href=\"https:\/\/www.greenpeace.org\/mexico\/blog\/62251\/papalotes-acapulco-2026\/\" target=\"_self\"  ><img loading=\"lazy\" decoding=\"async\" width=\"1440\" height=\"800\" src=\"https:\/\/www.greenpeace.org\/static\/planet4-mexico-stateless\/2026\/02\/7b659a1c-medidas-carrusel-header-8.png\" class=\"attachment-post-thumbnail size-post-thumbnail wp-post-image wp-stateless-item\" alt=\"El cielo se llena de papalotes y los oc\u00e9anos alzan la voz.\" style=\"object-fit:cover;\" srcset=\"https:\/\/www.greenpeace.org\/static\/planet4-mexico-stateless\/2026\/02\/7b659a1c-medidas-carrusel-header-8.png 1440w, https:\/\/www.greenpeace.org\/static\/planet4-mexico-stateless\/2026\/02\/7b659a1c-medidas-carrusel-header-8-300x167.png 300w, https:\/\/www.greenpeace.org\/static\/planet4-mexico-stateless\/2026\/02\/7b659a1c-medidas-carrusel-header-8-1024x569.png 1024w, https:\/\/www.greenpeace.org\/static\/planet4-mexico-stateless\/2026\/02\/7b659a1c-medidas-carrusel-header-8-768x427.png 768w, https:\/\/www.greenpeace.org\/static\/planet4-mexico-stateless\/2026\/02\/7b659a1c-medidas-carrusel-header-8-510x283.png 510w\" sizes=\"auto, (max-width: 1440px) 100vw, 1440px\" data-image-size=\"post-thumbnail\" data-stateless-media-bucket=\"planet4-mexico-stateless\" data-stateless-media-name=\"2026\/02\/7b659a1c-medidas-carrusel-header-8.png\" \/><\/a><\/figure>\n\n\n<div class=\"wp-block-group is-layout-flow wp-block-group-is-layout-flow\">\n<div class=\"wp-block-group is-layout-flex wp-block-group-is-layout-flex\"><div class=\"wp-block-post-terms\"><a href=\"https:\/\/www.greenpeace.org\/mexico\/category\/oceanos\/\">Oc\u00e9anos<\/a><\/div>\n\n<div class=\"taxonomy-post_tag wp-block-post-terms\"><a href=\"https:\/\/www.greenpeace.org\/mexico\/tag\/perdida-de-ecosistemas\/\" rel=\"tag\">P\u00e9rdida de ecosistemas<\/a><span class=\"wp-block-post-terms__separator\"> <\/span><a href=\"https:\/\/www.greenpeace.org\/mexico\/tag\/tratado-global-de-oceanos\/\" rel=\"tag\">Tratado Global de Oc\u00e9anos<\/a><\/div><\/div>\n\n\n<h3 class=\"wp-block-post-title\"><a href=\"https:\/\/www.greenpeace.org\/mexico\/blog\/62251\/papalotes-acapulco-2026\/\" target=\"_self\" >El cielo se llena de papalotes y los oc\u00e9anos alzan la voz.<\/a><\/h3>\n\n<div class=\"wp-block-post-excerpt\"><p class=\"wp-block-post-excerpt__excerpt\">Estamos organizando el festival de papalotes monumentales que se llevara a cabo el 1 de marzo en la Playa del Princess, llevaremos 20 papalotes monumentales con figuras de animales marinos,&hellip; <\/p><\/div>\n\n\n<div class=\"wp-block-group posts-list-meta is-layout-flow wp-block-group-is-layout-flow\"><span class='article-list-item-author'>Greenpeace M\u00e9xico<\/span>\n\n<div class=\"wp-block-post-date\"><time datetime=\"2026-02-20T10:00:00-05:00\">febrero 20, 2026<\/time><\/div><\/div>\n<\/div>\n<\/div>\n\n<\/li><li class=\"wp-block-post post-62074 post type-post status-publish format-standard has-post-thumbnail hentry category-oceanos tag-animales-en-peligro tag-tratado-global-de-plasticos p4-page-type-blog\">\n\n<div class=\"wp-block-columns is-layout-flex wp-container-core-columns-is-layout-9d6595d7 wp-block-columns-is-layout-flex\"><figure class=\"wp-block-post-featured-image\"><a href=\"https:\/\/www.greenpeace.org\/mexico\/blog\/62074\/pinguinos-en-peligro\/\" target=\"_self\"  ><img loading=\"lazy\" decoding=\"async\" width=\"1200\" height=\"800\" src=\"https:\/\/www.greenpeace.org\/static\/planet4-mexico-stateless\/2025\/07\/e529f53c-pinguinos-barbijo-papua.jpg\" class=\"attachment-post-thumbnail size-post-thumbnail wp-post-image wp-stateless-item\" alt=\"Ping\u00fcinos en Peligro: cuando su hogar desaparece, ellos tambi\u00e9n.\" style=\"object-fit:cover;\" srcset=\"https:\/\/www.greenpeace.org\/static\/planet4-mexico-stateless\/2025\/07\/e529f53c-pinguinos-barbijo-papua.jpg 1200w, https:\/\/www.greenpeace.org\/static\/planet4-mexico-stateless\/2025\/07\/e529f53c-pinguinos-barbijo-papua-300x200.jpg 300w, https:\/\/www.greenpeace.org\/static\/planet4-mexico-stateless\/2025\/07\/e529f53c-pinguinos-barbijo-papua-1024x683.jpg 1024w, https:\/\/www.greenpeace.org\/static\/planet4-mexico-stateless\/2025\/07\/e529f53c-pinguinos-barbijo-papua-768x512.jpg 768w, https:\/\/www.greenpeace.org\/static\/planet4-mexico-stateless\/2025\/07\/e529f53c-pinguinos-barbijo-papua-510x340.jpg 510w\" sizes=\"auto, (max-width: 1200px) 100vw, 1200px\" data-image-size=\"post-thumbnail\" data-stateless-media-bucket=\"planet4-mexico-stateless-develop\" data-stateless-media-name=\"2025\/07\/e529f53c-pinguinos-barbijo-papua.jpg\" \/><\/a><\/figure>\n\n\n<div class=\"wp-block-group is-layout-flow wp-block-group-is-layout-flow\">\n<div class=\"wp-block-group is-layout-flex wp-block-group-is-layout-flex\"><div class=\"wp-block-post-terms\"><a href=\"https:\/\/www.greenpeace.org\/mexico\/category\/oceanos\/\">Oc\u00e9anos<\/a><\/div>\n\n<div class=\"taxonomy-post_tag wp-block-post-terms\"><a href=\"https:\/\/www.greenpeace.org\/mexico\/tag\/animales-en-peligro\/\" rel=\"tag\">Animales en peligro<\/a><span class=\"wp-block-post-terms__separator\"> <\/span><a href=\"https:\/\/www.greenpeace.org\/mexico\/tag\/tratado-global-de-plasticos\/\" rel=\"tag\">Tratado Global de Pl\u00e1sticos<\/a><\/div><\/div>\n\n\n<h3 class=\"wp-block-post-title\"><a href=\"https:\/\/www.greenpeace.org\/mexico\/blog\/62074\/pinguinos-en-peligro\/\" target=\"_self\" >Ping\u00fcinos en Peligro: cuando su hogar desaparece, ellos tambi\u00e9n.<\/a><\/h3>\n\n<div class=\"wp-block-post-excerpt\"><p class=\"wp-block-post-excerpt__excerpt\">En el marco del \u00a0D\u00eda de la Concientizaci\u00f3n\u00a0por los Ping\u00fcinos, hacemos un llamado para proteger a estos habitantes de mares helados y costas rocosas. M\u00e1s de la mitad de las especies de ping\u00fcinos del mundo est\u00e1n en peligro de extinci\u00f3n, a raz\u00f3n de la actividad humana y la emergencia clim\u00e1tica&#8230; <\/p><\/div>\n\n\n<div class=\"wp-block-group posts-list-meta is-layout-flow wp-block-group-is-layout-flow\"><span class='article-list-item-author'>Greenpeace M\u00e9xico<\/span>\n\n<div class=\"wp-block-post-date\"><time datetime=\"2026-01-20T10:00:00-05:00\">enero 20, 2026<\/time><\/div><\/div>\n<\/div>\n<\/div>\n\n<\/li><li class=\"wp-block-post post-62022 post type-post status-publish format-standard has-post-thumbnail hentry category-oceanos tag-tratado-global-de-oceanos tag-sobrepesca tag-oceanos p4-page-type-informacion-prensa\">\n\n<div class=\"wp-block-columns is-layout-flex wp-container-core-columns-is-layout-9d6595d7 wp-block-columns-is-layout-flex\"><figure class=\"wp-block-post-featured-image\"><a href=\"https:\/\/www.greenpeace.org\/mexico\/informacion-prensa\/62022\/victoria-azul-los-oceanos-ya-tienen-una-ley-que-si-muerde\/\" target=\"_self\"  ><img loading=\"lazy\" decoding=\"async\" width=\"1600\" height=\"1066\" src=\"https:\/\/www.greenpeace.org\/static\/planet4-mexico-stateless\/2026\/01\/036ae564-inauguracion-mural-itinerante-revolucion-azul_greenpeace-khalil-prado_.jpeg\" class=\"attachment-post-thumbnail size-post-thumbnail wp-post-image wp-stateless-item\" alt=\"\u00a1Victoria azul! Los oc\u00e9anos ya tienen una ley que s\u00ed muerde\" style=\"object-fit:cover;\" srcset=\"https:\/\/www.greenpeace.org\/static\/planet4-mexico-stateless\/2026\/01\/036ae564-inauguracion-mural-itinerante-revolucion-azul_greenpeace-khalil-prado_.jpeg 1600w, https:\/\/www.greenpeace.org\/static\/planet4-mexico-stateless\/2026\/01\/036ae564-inauguracion-mural-itinerante-revolucion-azul_greenpeace-khalil-prado_-300x200.jpeg 300w, https:\/\/www.greenpeace.org\/static\/planet4-mexico-stateless\/2026\/01\/036ae564-inauguracion-mural-itinerante-revolucion-azul_greenpeace-khalil-prado_-1024x682.jpeg 1024w, https:\/\/www.greenpeace.org\/static\/planet4-mexico-stateless\/2026\/01\/036ae564-inauguracion-mural-itinerante-revolucion-azul_greenpeace-khalil-prado_-768x512.jpeg 768w, https:\/\/www.greenpeace.org\/static\/planet4-mexico-stateless\/2026\/01\/036ae564-inauguracion-mural-itinerante-revolucion-azul_greenpeace-khalil-prado_-1536x1023.jpeg 1536w, https:\/\/www.greenpeace.org\/static\/planet4-mexico-stateless\/2026\/01\/036ae564-inauguracion-mural-itinerante-revolucion-azul_greenpeace-khalil-prado_-510x340.jpeg 510w\" sizes=\"auto, (max-width: 1600px) 100vw, 1600px\" data-image-size=\"post-thumbnail\" data-stateless-media-bucket=\"planet4-mexico-stateless\" data-stateless-media-name=\"2026\/01\/036ae564-inauguracion-mural-itinerante-revolucion-azul_greenpeace-khalil-prado_.jpeg\" \/><\/a><\/figure>\n\n\n<div class=\"wp-block-group is-layout-flow wp-block-group-is-layout-flow\">\n<div class=\"wp-block-group is-layout-flex wp-block-group-is-layout-flex\"><div class=\"wp-block-post-terms\"><a href=\"https:\/\/www.greenpeace.org\/mexico\/category\/oceanos\/\">Oc\u00e9anos<\/a><\/div>\n\n<div class=\"taxonomy-post_tag wp-block-post-terms\"><a href=\"https:\/\/www.greenpeace.org\/mexico\/tag\/tratado-global-de-oceanos\/\" rel=\"tag\">Tratado Global de Oc\u00e9anos<\/a><span class=\"wp-block-post-terms__separator\"> <\/span><a href=\"https:\/\/www.greenpeace.org\/mexico\/tag\/sobrepesca\/\" rel=\"tag\">Sobrepesca<\/a><span class=\"wp-block-post-terms__separator\"> <\/span><a href=\"https:\/\/www.greenpeace.org\/mexico\/tag\/oceanos\/\" rel=\"tag\">Oc\u00e9anos<\/a><\/div><\/div>\n\n\n<h3 class=\"wp-block-post-title\"><a href=\"https:\/\/www.greenpeace.org\/mexico\/informacion-prensa\/62022\/victoria-azul-los-oceanos-ya-tienen-una-ley-que-si-muerde\/\" target=\"_self\" >\u00a1Victoria azul! Los oc\u00e9anos ya tienen una ley que s\u00ed muerde<\/a><\/h3>\n\n<div class=\"wp-block-post-excerpt\"><p class=\"wp-block-post-excerpt__excerpt\">\u00a1Hoy es un d\u00eda importante para el planeta! \u00a1El Tratado Global de los Oc\u00e9anos finalmente entra en vigor! Conoce c\u00f3mo lo celebramos y qu\u00e9 sigue. <\/p><\/div>\n\n\n<div class=\"wp-block-group posts-list-meta is-layout-flow wp-block-group-is-layout-flow\"><span class='article-list-item-author'>Greenpeace M\u00e9xico<\/span>\n\n<div class=\"wp-block-post-date\"><time datetime=\"2026-01-17T15:52:58-05:00\">enero 17, 2026<\/time><\/div><\/div>\n<\/div>\n<\/div>\n\n<\/li><\/ul>\n\n\n<div class=\"wp-block-buttons carousel-controls is-horizontal is-content-justification-space-between is-nowrap is-layout-flex wp-container-core-buttons-is-layout-044bd602 wp-block-buttons-is-layout-flex\">\n<div class=\"wp-block-button carousel-control-prev\"><button type=\"button\" class=\"wp-block-button__link wp-element-button\">Prev<\/button><\/div>\n\n\n\n<div class=\"wp-block-button carousel-control-next\"><button type=\"button\" class=\"wp-block-button__link wp-element-button\">Next<\/button><\/div>\n<\/div>\n\n\n<li class=\" wp-block-navigation-item see-all-link wp-block-navigation-link\"><a class=\"wp-block-navigation-item__content\"  href=\"http:\/\/www-dev.greenpeace.org\/mexico\/news-stories\/?category=oceanos\"><span class=\"wp-block-navigation-item__label\">See all posts<\/span><\/a><\/li><\/div>\n\n<div class=\"wp-block-group container has-green-800-background-color has-background is-layout-constrained wp-block-group-is-layout-constrained\" style=\"padding-top:var(--wp--preset--spacing--20);padding-bottom:var(--wp--preset--spacing--20)\">\n<div style=\"height:24px\" aria-hidden=\"true\" class=\"wp-block-spacer\"><\/div>\n\n\n\n<h2 class=\"wp-block-heading has-text-align-center has-white-color has-text-color has-link-color wp-elements-d1df2a17efe1b6fef2e2959c525b7e57\" style=\"margin-top:1px;margin-right:0;margin-bottom:1px;margin-left:0;font-size:45px\">\u00a1\u00danete!<\/h2>\n\n\n\n<div class=\"wp-block-columns is-not-stacked-on-mobile is-style-mobile-carousel is-layout-flex wp-container-core-columns-is-layout-9d6595d7 wp-block-columns-is-layout-flex\">\n<div class=\"wp-block-column is-layout-flow wp-block-column-is-layout-flow\">\n<div class=\"wp-block-group group-stretched-link is-layout-flow wp-block-group-is-layout-flow\">\n<figure class=\"wp-block-image aligncenter size-full is-resized force-no-lightbox force-no-caption mb-0 is-style-default\"><img loading=\"lazy\" decoding=\"async\" width=\"1080\" height=\"1080\" src=\"https:\/\/www.greenpeace.org\/static\/planet4-mexico-stateless\/2025\/02\/98b999d4-texto.png\" alt=\"\" class=\"wp-image-54726\" style=\"object-fit:contain;width:120px;height:120px\" srcset=\"https:\/\/www.greenpeace.org\/static\/planet4-mexico-stateless\/2025\/02\/98b999d4-texto.png 1080w, https:\/\/www.greenpeace.org\/static\/planet4-mexico-stateless\/2025\/02\/98b999d4-texto-300x300.png 300w, https:\/\/www.greenpeace.org\/static\/planet4-mexico-stateless\/2025\/02\/98b999d4-texto-1024x1024.png 1024w, https:\/\/www.greenpeace.org\/static\/planet4-mexico-stateless\/2025\/02\/98b999d4-texto-150x150.png 150w, https:\/\/www.greenpeace.org\/static\/planet4-mexico-stateless\/2025\/02\/98b999d4-texto-768x768.png 768w, https:\/\/www.greenpeace.org\/static\/planet4-mexico-stateless\/2025\/02\/98b999d4-texto-340x340.png 340w\" sizes=\"auto, (max-width: 1080px) 100vw, 1080px\" \/><\/figure>\n\n\n\n<div style=\"height:16px\" aria-hidden=\"true\" class=\"wp-block-spacer\"><\/div>\n\n\n\n<h5 class=\"wp-block-heading has-text-align-center has-white-color has-text-color has-link-color wp-elements-e9370ffa40d31c7d13766e6821723861\" style=\"font-size:1.4rem\"><a href=\"https:\/\/www.greenpeace.org\/mexico\/socios-y-socias\/\" target=\"_blank\" rel=\"noreferrer noopener\">Hazte socio\/a<\/a><\/h5>\n<\/div>\n<\/div>\n\n\n\n<div class=\"wp-block-column is-layout-flow wp-block-column-is-layout-flow\">\n<div class=\"wp-block-group group-stretched-link is-layout-flow wp-block-group-is-layout-flow\">\n<figure class=\"wp-block-image aligncenter size-full is-resized force-no-lightbox force-no-caption mb-0 is-style-default\"><img loading=\"lazy\" decoding=\"async\" width=\"512\" height=\"512\" src=\"https:\/\/www.greenpeace.org\/static\/planet4-mexico-stateless\/2025\/02\/a6eae3fb-peticion.png\" alt=\"\" class=\"wp-image-54727\" style=\"object-fit:cover;width:120px;height:120px\" srcset=\"https:\/\/www.greenpeace.org\/static\/planet4-mexico-stateless\/2025\/02\/a6eae3fb-peticion.png 512w, https:\/\/www.greenpeace.org\/static\/planet4-mexico-stateless\/2025\/02\/a6eae3fb-peticion-300x300.png 300w, https:\/\/www.greenpeace.org\/static\/planet4-mexico-stateless\/2025\/02\/a6eae3fb-peticion-150x150.png 150w, https:\/\/www.greenpeace.org\/static\/planet4-mexico-stateless\/2025\/02\/a6eae3fb-peticion-340x340.png 340w\" sizes=\"auto, (max-width: 512px) 100vw, 512px\" \/><\/figure>\n\n\n\n<div style=\"height:16px\" aria-hidden=\"true\" class=\"wp-block-spacer\"><\/div>\n\n\n\n<h5 class=\"wp-block-heading has-text-align-center has-white-color has-text-color has-link-color wp-elements-5ab51a43a5efcc897fda06930408194b\" style=\"font-size:1.4rem\"><a href=\"https:\/\/www.greenpeace.org\/mexico\/participa\/peticiones\/\" target=\"_blank\" rel=\"noreferrer noopener\">Firma nuestras peticiones<\/a><\/h5>\n<\/div>\n<\/div>\n\n\n\n<div class=\"wp-block-column is-layout-flow wp-block-column-is-layout-flow\">\n<div class=\"wp-block-group group-stretched-link is-layout-flow wp-block-group-is-layout-flow\">\n<figure class=\"wp-block-image aligncenter size-full is-resized force-no-lightbox force-no-caption mb-0 is-style-default\"><img loading=\"lazy\" decoding=\"async\" width=\"512\" height=\"512\" src=\"https:\/\/www.greenpeace.org\/static\/planet4-mexico-stateless\/2025\/02\/a3d4a203-98cd-441c-9595-890eaa94e256.png\" alt=\"\" class=\"wp-image-54728\" style=\"object-fit:cover;width:120px;height:auto\" srcset=\"https:\/\/www.greenpeace.org\/static\/planet4-mexico-stateless\/2025\/02\/a3d4a203-98cd-441c-9595-890eaa94e256.png 512w, https:\/\/www.greenpeace.org\/static\/planet4-mexico-stateless\/2025\/02\/a3d4a203-98cd-441c-9595-890eaa94e256-300x300.png 300w, https:\/\/www.greenpeace.org\/static\/planet4-mexico-stateless\/2025\/02\/a3d4a203-98cd-441c-9595-890eaa94e256-150x150.png 150w, https:\/\/www.greenpeace.org\/static\/planet4-mexico-stateless\/2025\/02\/a3d4a203-98cd-441c-9595-890eaa94e256-340x340.png 340w\" sizes=\"auto, (max-width: 512px) 100vw, 512px\" \/><\/figure>\n\n\n\n<div style=\"height:16px\" aria-hidden=\"true\" class=\"wp-block-spacer\"><\/div>\n\n\n\n<h5 class=\"wp-block-heading has-text-align-center has-white-color has-text-color has-link-color wp-elements-79c5b9a5493b58093d4f5b427ad912c2\" style=\"font-size:1.4rem\"><a href=\"https:\/\/www.greenpeace.org\/mexico\/participa\/voluntariado\/\" target=\"_blank\" rel=\"noreferrer noopener\">Hazte voluntario\/a<\/a><\/h5>\n<\/div>\n<\/div>\n\n\n\n<div class=\"wp-block-column is-layout-flow wp-block-column-is-layout-flow\">\n<div class=\"wp-block-group group-stretched-link is-layout-flow wp-block-group-is-layout-flow\">\n<figure class=\"wp-block-image aligncenter size-full is-resized force-no-lightbox force-no-caption mb-0 is-style-default\"><img loading=\"lazy\" decoding=\"async\" width=\"512\" height=\"512\" src=\"https:\/\/www.greenpeace.org\/static\/planet4-mexico-stateless\/2025\/02\/02954e25-968f-497d-ad6d-47e74acdceee.png\" alt=\"\" class=\"wp-image-54729\" style=\"object-fit:cover;width:120px;height:120px\" srcset=\"https:\/\/www.greenpeace.org\/static\/planet4-mexico-stateless\/2025\/02\/02954e25-968f-497d-ad6d-47e74acdceee.png 512w, https:\/\/www.greenpeace.org\/static\/planet4-mexico-stateless\/2025\/02\/02954e25-968f-497d-ad6d-47e74acdceee-300x300.png 300w, https:\/\/www.greenpeace.org\/static\/planet4-mexico-stateless\/2025\/02\/02954e25-968f-497d-ad6d-47e74acdceee-150x150.png 150w, https:\/\/www.greenpeace.org\/static\/planet4-mexico-stateless\/2025\/02\/02954e25-968f-497d-ad6d-47e74acdceee-340x340.png 340w\" sizes=\"auto, (max-width: 512px) 100vw, 512px\" \/><\/figure>\n\n\n\n<div style=\"height:16px\" aria-hidden=\"true\" class=\"wp-block-spacer\"><\/div>\n\n\n\n<h5 class=\"wp-block-heading has-text-align-center has-white-color has-text-color has-link-color wp-elements-29f2b363ba4a526456574e03185b8961\" style=\"font-size:1.4rem\"><a href=\"https:\/\/www.greenpeace.org\/mexico\/ciberactivismo\/\" target=\"_blank\" rel=\"noreferrer noopener\">Hazte ciberactivista<\/a><\/h5>\n<\/div>\n<\/div>\n<\/div>\n<\/div>\n\n<div style=\"height:40px\" aria-hidden=\"true\" class=\"wp-block-spacer\"><\/div>\n","protected":false},"excerpt":{"rendered":"<p>\u00bfPor qu\u00e9 son importantes los oc\u00e9anos? Cuando decimos que sin oc\u00e9anos sanos no existe vida en la Tierra no exageramos. Adem\u00e1s de cubrir tres cuartas partes de la superficie del planeta, los oc\u00e9anos nos brindan beneficios innumerables e invaluables: regulan el clima, producen el ox\u00edgeno que respiramos, son fuente de alimento y sustento, influyen en [&hellip;]<\/p>\n","protected":false},"author":71,"featured_media":53217,"parent":11,"menu_order":0,"comment_status":"closed","ping_status":"closed","template":"","meta":{"ep_exclude_from_search":false,"p4_hide_page_title_checkbox":"on","p4_title":"","p4_subtitle":"","p4_description":"","background_image_id":"","background_image":"","p4_button_title":"","p4_button_link":"","p4_button_link_checkbox":"","p4_og_title":"Protejamos los oc\u00e9anos","p4_og_description":"En Greenpeace trabajamos por la protecci\u00f3n de los oc\u00e9anos, descubre nuestras iniciativas para lograrlo.","p4_og_image":"https:\/\/www.greenpeace.org\/static\/planet4-mexico-stateless\/2025\/06\/dfb19fd6-delfines-animales-oceano.jpg","p4_og_image_id":"56982","p4_seo_canonical_url":"","p4_campaign_name":"Protect the Oceans","p4_local_project":"","p4_basket_name":"Oceans","p4_department":"","footnotes":""},"categories":[44],"tags":[],"class_list":["post-53191","page","type-page","status-publish","has-post-thumbnail","hentry","category-oceanos"],"_links":{"self":[{"href":"https:\/\/www.greenpeace.org\/mexico\/wp-json\/wp\/v2\/pages\/53191","targetHints":{"allow":["GET"]}}],"collection":[{"href":"https:\/\/www.greenpeace.org\/mexico\/wp-json\/wp\/v2\/pages"}],"about":[{"href":"https:\/\/www.greenpeace.org\/mexico\/wp-json\/wp\/v2\/types\/page"}],"author":[{"embeddable":true,"href":"https:\/\/www.greenpeace.org\/mexico\/wp-json\/wp\/v2\/users\/71"}],"replies":[{"embeddable":true,"href":"https:\/\/www.greenpeace.org\/mexico\/wp-json\/wp\/v2\/comments?post=53191"}],"version-history":[{"count":20,"href":"https:\/\/www.greenpeace.org\/mexico\/wp-json\/wp\/v2\/pages\/53191\/revisions"}],"predecessor-version":[{"id":61500,"href":"https:\/\/www.greenpeace.org\/mexico\/wp-json\/wp\/v2\/pages\/53191\/revisions\/61500"}],"up":[{"embeddable":true,"href":"https:\/\/www.greenpeace.org\/mexico\/wp-json\/wp\/v2\/pages\/11"}],"wp:featuredmedia":[{"embeddable":true,"href":"https:\/\/www.greenpeace.org\/mexico\/wp-json\/wp\/v2\/media\/53217"}],"wp:attachment":[{"href":"https:\/\/www.greenpeace.org\/mexico\/wp-json\/wp\/v2\/media?parent=53191"}],"wp:term":[{"taxonomy":"category","embeddable":true,"href":"https:\/\/www.greenpeace.org\/mexico\/wp-json\/wp\/v2\/categories?post=53191"},{"taxonomy":"post_tag","embeddable":true,"href":"https:\/\/www.greenpeace.org\/mexico\/wp-json\/wp\/v2\/tags?post=53191"}],"curies":[{"name":"wp","href":"https:\/\/api.w.org\/{rel}","templated":true}]}}