{"id":53253,"date":"2023-08-22T18:41:46","date_gmt":"2023-08-22T23:41:46","guid":{"rendered":"https:\/\/www.greenpeace.org\/mexico\/?page_id=53253"},"modified":"2025-09-23T04:58:57","modified_gmt":"2025-09-23T09:58:57","slug":"gasoducto","status":"publish","type":"page","link":"https:\/\/www.greenpeace.org\/mexico\/campanas\/oceanos\/gasoducto\/","title":{"rendered":"Gasoducto"},"content":{"rendered":"\n                    <div class=\"wp-block-group is-vertical is-layout-flex wp-container-core-group-is-layout-8cf370e7 wp-block-group-is-layout-flex\">\n                    \n\n                    \n                    <\/div>\n                    \n<div class=\"wp-block-planet4-blocks-carousel-header is-style-fit-height-to-content\"><div data-hydrate=\"planet4-blocks\/carousel-header\" data-attributes=\"{&quot;carousel_autoplay&quot;:false,&quot;slides&quot;:[{&quot;image&quot;:53256,&quot;focal_points&quot;:{&quot;x&quot;:0.42,&quot;y&quot;:0.86},&quot;header&quot;:&quot;\u00a1Di NO al gasoducto de TC Energy!&quot;,&quot;description&quot;:&quot;El gasoducto Puerta al Sureste amenaza los arrecifes, acelera el cambio clim\u00e1tico e incrementa nuestra dependencia energ\u00e9tica de Estados Unidos.&quot;,&quot;link_text&quot;:&quot;Firma la petici\u00f3n&quot;,&quot;link_url&quot;:&quot;https:\/\/act.gp\/3P8HCVu&quot;,&quot;link_url_new_tab&quot;:true,&quot;image_url&quot;:&quot;https:\/\/www.greenpeace.org\/static\/planet4-mexico-stateless\/2023\/08\/cb494e06-derrame-golfo-mexico-deepwater-horizon.webp&quot;,&quot;image_srcset&quot;:&quot;https:\/\/www.greenpeace.org\/static\/planet4-mexico-stateless\/2023\/08\/cb494e06-derrame-golfo-mexico-deepwater-horizon-150x150.webp 150w,https:\/\/www.greenpeace.org\/static\/planet4-mexico-stateless\/2023\/08\/cb494e06-derrame-golfo-mexico-deepwater-horizon-300x169.webp 300w,https:\/\/www.greenpeace.org\/static\/planet4-mexico-stateless\/2023\/08\/cb494e06-derrame-golfo-mexico-deepwater-horizon-510x287.webp 510w,https:\/\/www.greenpeace.org\/static\/planet4-mexico-stateless\/2023\/08\/cb494e06-derrame-golfo-mexico-deepwater-horizon.webp 980w&quot;}],&quot;className&quot;:&quot;is-style-fit-height-to-content&quot;}\"><section class=\"block block-header alignfull carousel-header is-style-fit-height-to-content\"><div class=\"carousel-wrapper-header\"><div class=\"carousel-inner\" role=\"listbox\"><div class=\"carousel-item active\"><div class=\"carousel-item-mask\"><div class=\"background-holder\"><img decoding=\"async\" src=\"https:\/\/www.greenpeace.org\/static\/planet4-mexico-stateless\/2023\/08\/cb494e06-derrame-golfo-mexico-deepwater-horizon.webp\" style=\"object-position:42% 86%\" srcSet=\"https:\/\/www.greenpeace.org\/static\/planet4-mexico-stateless\/2023\/08\/cb494e06-derrame-golfo-mexico-deepwater-horizon-150x150.webp 150w,https:\/\/www.greenpeace.org\/static\/planet4-mexico-stateless\/2023\/08\/cb494e06-derrame-golfo-mexico-deepwater-horizon-300x169.webp 300w,https:\/\/www.greenpeace.org\/static\/planet4-mexico-stateless\/2023\/08\/cb494e06-derrame-golfo-mexico-deepwater-horizon-510x287.webp 510w,https:\/\/www.greenpeace.org\/static\/planet4-mexico-stateless\/2023\/08\/cb494e06-derrame-golfo-mexico-deepwater-horizon.webp 980w\"\/><\/div><div class=\"carousel-caption\"><div class=\"caption-overlay\"><\/div><div class=\"container main-header\"><div class=\"carousel-captions-wrapper\"><h2>\u00a1Di NO al gasoducto de TC Energy!<\/h2><p>El gasoducto Puerta al Sureste amenaza los arrecifes, acelera el cambio clim\u00e1tico e incrementa nuestra dependencia energ\u00e9tica de Estados Unidos.<\/p><\/div><div class=\"col-xs-12 col-sm-8 col-md-4 action-button\"><a href=\"https:\/\/act.gp\/3P8HCVu\" class=\"btn btn-primary btn-block\" data-ga-category=\"Carousel Header\" data-ga-action=\"Call to Action\" rel=\"noreferrer noopener\" target=\"_blank\"><span>Firma la petici\u00f3n<\/span><\/a><\/div><\/div><\/div><\/div><\/div><\/div><\/div><\/section><\/div><\/div>\n\n<p>La extensi\u00f3n Puerta al Sureste, es un proyecto que pretende construir un gasoducto que llevar\u00e1 gas desde el sur de Texas hasta M\u00e9xico. El gasoducto es un proyecto de a compa\u00f1\u00eda canadiense TC Energy y se espera que est\u00e9 operativo en el a\u00f1o 2025. Este tipo&nbsp; de megaproyectos puede tener impactos socioambientales graves como&nbsp; accidentes, da\u00f1os a ecosistemas arrecifales, afectaciones econ\u00f3micas a comunidades que viven de la pesca adem\u00e1s de acelerar el cambio clim\u00e1tico y profundizar la dependencia energ\u00e9tica, anclando a M\u00e9xico a seguir consumiendo gas estadounidense por al menos 40 a\u00f1os m\u00e1s. Es importante actuar ahora para prevenirlo y proteger la biodiversidad del oc\u00e9ano mexicano.<\/p>\n\n<h2 class=\"wp-block-heading\">\u00bfPor qu\u00e9 tenemos que proteger los arrecifes veracruzanos del gasoducto?<\/h2>\n\n<p>La riqueza del fondo del mar, sus ecosistemas y biodiversidad est\u00e1n en riesgo. Desde hace a\u00f1os se ha tratado de posicionar al gas como una energ\u00eda limpia y segura, sin embargo,&nbsp; la producci\u00f3n, transporte y almacenamiento del gas es una de las principales fuentes de emisi\u00f3n de metano y una amenaza a los ecosistemas marinos como los arrecifes de coral debido a sus frecuentes siniestros, como el ojo de fuego y la reciente explosi\u00f3n de la plataforma Nohoch A.<\/p>\n\n<p>Hoy en d\u00eda, diferentes especies marinas est\u00e1n al borde del colapso y hay h\u00e1bitats marinos destruidos. Pero lo m\u00e1s grave es que los ecosistemas est\u00e1n perdiendo la capacidad natural de recuperarse.<\/p>\n\n<p>Buscamos la protecci\u00f3n de los arrecifes coralinos mediante la creaci\u00f3n y ampliaci\u00f3n de una \u00c1rea Natural Protegida en la que se incluya la voz de las comunidades locales adem\u00e1s de ponerle un alto a la infraestructura f\u00f3sil que sabe<\/p>\n\n<div style=\"height:40px\" aria-hidden=\"true\" class=\"wp-block-spacer\"><\/div>\n\n<h2 class=\"wp-block-heading has-text-align-center\">Proyectamos en el Z\u00f3calo de la CDMX<a href=\"https:\/\/www.youtube.com\/@greenpeacemexico\"><\/a><\/h2>\n\n<figure class=\"wp-block-embed is-type-video is-provider-youtube wp-block-embed-youtube wp-embed-aspect-16-9 wp-has-aspect-ratio\"><div class=\"wp-block-embed__wrapper\">\n<lite-youtube style=\"background-image: url('https:\/\/i.ytimg.com\/vi\/LV8s5TM2nnE\/hqdefault.jpg');\" videoid=\"LV8s5TM2nnE\" params=\"rel=0\"><\/lite-youtube>\n<\/div><\/figure>\n\n<div style=\"height:40px\" aria-hidden=\"true\" class=\"wp-block-spacer\"><\/div>\n\n\n\n<div class=\"wp-block-columns block is-layout-flex wp-container-core-columns-is-layout-9d6595d7 wp-block-columns-is-layout-flex\">\n<div class=\"wp-block-column is-layout-flow wp-block-column-is-layout-flow\">\n<div class=\"wp-block-group is-layout-flow wp-block-group-is-layout-flow\">\n<h2 class=\"wp-block-heading has-text-align-center\" style=\"font-size:2.5rem\">Nuestro objetivo<\/h2>\n\n\n\n<p class=\"has-text-align-center\">Buscamos la cancelaci\u00f3n del proyecto de infraestructura f\u00f3sil, Gasoducto Puerta al Sureste, que se pretende instalar en aguas mexicanas conectando la cuenca del P\u00e9rmico en Texas con Veracruz y Tabasco.<\/p>\n\n\n\n<div style=\"height:16px\" aria-hidden=\"true\" class=\"wp-block-spacer\"><\/div>\n<\/div>\n<\/div>\n\n\n\n<div class=\"wp-block-column is-layout-flow wp-block-column-is-layout-flow\">\n<div class=\"wp-block-group is-layout-flow wp-block-group-is-layout-flow\">\n<h2 class=\"wp-block-heading has-text-align-center\" style=\"font-size:2.5rem\">\u00bfC\u00f3mo?<\/h2>\n\n\n\n<p class=\"has-text-align-center\">Exponiendo los graves impactos a la biodiversidad del sistema arrecifal veracruzano y en las comunidades costeras con una investigaci\u00f3n cient\u00edfica extensa de la mano de expertos con la cual podamos construir alternativas de energ\u00eda para y por la gente.<\/p>\n\n\n\n<div style=\"height:16px\" aria-hidden=\"true\" class=\"wp-block-spacer\"><\/div>\n<\/div>\n<\/div>\n\n\n\n<div class=\"wp-block-column is-layout-flow wp-block-column-is-layout-flow\">\n<div class=\"wp-block-group is-layout-flow wp-block-group-is-layout-flow\">\n<h2 class=\"wp-block-heading has-text-align-center\" style=\"font-size:2.5rem\">Tu voz importa<\/h2>\n\n\n\n<p class=\"has-text-align-center\">Para lograrlo, necesitamos las firmas de 500 mil personas que se sumen a la campa\u00f1a para exigir el registro de los arrecifes como \u00c1rea Natural Protegida. T\u00fa puedes hacer la diferencia. <\/p>\n\n\n\n<div style=\"height:16px\" aria-hidden=\"true\" class=\"wp-block-spacer\"><\/div>\n<\/div>\n<\/div>\n<\/div>\n\n\n\n<div style=\"height:24px\" aria-hidden=\"true\" class=\"wp-block-spacer\"><\/div>\n\n\n<div class=\"wp-block-media-text alignwide is-stacked-on-mobile has-grey-900-color has-action-yellow-background-color has-text-color has-background\"><figure class=\"wp-block-media-text__media\"><a href=\"https:\/\/act.gp\/3qIx8Tn\"><img loading=\"lazy\" decoding=\"async\" width=\"1024\" height=\"650\" src=\"https:\/\/www.greenpeace.org\/static\/planet4-mexico-stateless\/2023\/08\/f13244d5-green_master-copy-1-e1692814012746-1024x650.jpg\" alt=\"\" sizes=\"auto, (min-width: 1600px) calc((1320px - 24px) \/ 2),(min-width: 1200px) calc((1140px - 24px) \/ 2),(min-width: 992px) calc((960px - 24px) \/ 2),(min-width: 768px) calc((720px - 24px) \/ 2),(min-width: 601px) calc((540px - 24px) \/ 2),(min-width: 577px) calc((540px - 24px) \/ 1), calc(100vw - 24px)\" srcset=\"https:\/\/www.greenpeace.org\/static\/planet4-mexico-stateless\/2023\/08\/f13244d5-green_master-copy-1-e1692814012746.jpg 2362w, https:\/\/www.greenpeace.org\/static\/planet4-mexico-stateless\/2023\/08\/f13244d5-green_master-copy-1-e1692814012746-300x190.jpg 300w, https:\/\/www.greenpeace.org\/static\/planet4-mexico-stateless\/2023\/08\/f13244d5-green_master-copy-1-e1692814012746-1024x650.jpg 1024w, https:\/\/www.greenpeace.org\/static\/planet4-mexico-stateless\/2023\/08\/f13244d5-green_master-copy-1-e1692814012746-768x487.jpg 768w, https:\/\/www.greenpeace.org\/static\/planet4-mexico-stateless\/2023\/08\/f13244d5-green_master-copy-1-e1692814012746-1536x975.jpg 1536w, https:\/\/www.greenpeace.org\/static\/planet4-mexico-stateless\/2023\/08\/f13244d5-green_master-copy-1-e1692814012746-2048x1300.jpg 2048w, https:\/\/www.greenpeace.org\/static\/planet4-mexico-stateless\/2023\/08\/f13244d5-green_master-copy-1-e1692814012746-510x324.jpg 510w\" class=\"wp-image-53282 size-full\"\/><\/a><\/figure><div class=\"wp-block-media-text__content\">\n<h2 class=\"wp-block-heading has-grey-900-color has-text-color has-large-font-size\" style=\"text-transform:capitalize\">Alza la voz<\/h2>\n\n\n\n<p>P\u00eddele a TC Energy y al gobierno mexicano que pongan un alto a la construcci\u00f3n del Gasoducto Puerta al Sureste y prioricen la protecci\u00f3n de los oc\u00e9anos. <\/p>\n\n\n\n<div class=\"wp-block-buttons is-layout-flex wp-block-buttons-is-layout-flex\">\n<div class=\"wp-block-button\"><a class=\"wp-block-button__link has-blue-green-800-color has-beige-100-background-color has-text-color has-background wp-element-button\" href=\"https:\/\/act.gp\/3qIx8Tn\">Firma aqu\u00ed<\/a><\/div>\n<\/div>\n<\/div><\/div>\n\n\n<div style=\"height:47px\" aria-hidden=\"true\" class=\"wp-block-spacer\"><\/div>\n\n<h2 class=\"wp-block-heading\">El Arctic Sunrise visita M\u00e9xico para hacer investigaci\u00f3n cient\u00edfica en los arrecifes veracruzanos<\/h2>\n\n<p>En 1971, un peque\u00f1o equipo de activistas sali\u00f3 de Vancouver, Canad\u00e1, en un viejo barco pesquero. Su misi\u00f3n era protestar contra las pruebas nucleares subterr\u00e1neas realizadas por el ej\u00e9rcito estadounidense en Alaska. Estos activistas crearon Greenpeace, con la creencia de que la acci\u00f3n individual no violenta puede crear un cambio positivo. Desde entonces, los barcos han sido parte fundamental de la historia de la organizaci\u00f3n. <\/p>\n\n<p>En este caso el Arctic Sunrise, uno de los 3 barcos de Greenpeace a nivel internacional, lleg\u00f3 el 15 de mayo del 2023 al Puerto de Veracruz para contribuir al trabajo de protecci\u00f3n de los oc\u00e9anos que desarrolla Greenpeace M\u00e9xico. Nuestro equipo de campa\u00f1as, junto con investigadores expertos mexicanos, realizaron una documentaci\u00f3n de los arrecifes de la zona de Veracruz, para estudiar su estado actual e identificar las principales amenazas que enfrentan, incluidas<strong>&nbsp;las afectaciones por la construcci\u00f3n del Gasoducto Puerta al Sureste<\/strong>. <\/p>\n\n<p>El objetivo de estas investigaciones es exigir su protecci\u00f3n formal&nbsp; por parte del gobierno mexicano, espec\u00edficamente la Secretar\u00eda de Medio Ambiente y Recursos Naturales (SEMARNAT) y su adjunta la Comisi\u00f3n Nacional de \u00c1reas Naturales Protegidas (CONANP).<\/p>\n\n<figure class=\"wp-block-embed is-type-video is-provider-youtube wp-block-embed-youtube wp-embed-aspect-16-9 wp-has-aspect-ratio\"><div class=\"wp-block-embed__wrapper\">\n<lite-youtube style=\"background-image: url('https:\/\/i.ytimg.com\/vi\/1lJXH3KHhFY\/hqdefault.jpg');\" videoid=\"1lJXH3KHhFY\" params=\"rel=0\"><\/lite-youtube>\n<\/div><\/figure>\n\n<div style=\"height:40px\" aria-hidden=\"true\" class=\"wp-block-spacer\"><\/div>\n\n\n<h2 class=\"wp-block-heading\">Conoce el reporte de la investigaci\u00f3n abordo del Arctic Sunrise<\/h2>\n\n\n\n<div class=\"wp-block-media-text alignwide has-media-on-the-right is-stacked-on-mobile\" style=\"grid-template-columns:auto 47%\"><div class=\"wp-block-media-text__content\">\n<p>Greenpeace M\u00e9xico, investigadores expertos en sistemas arrecifales coralinos y el Colectivo Interdisciplinario de Ciencia Aplicada y Derecho Ambiental (CICADA), publican el reporte titulado <em>I<strong>nvestigaci\u00f3n sobre el estado actual y las amenazas de los ecosistemas arrecifales mesof\u00f3ticos de la costa norte y central del estado de Veracruz, a bordo del barco de Greenpeace, Arctic Sunrise.<\/strong><\/em> En el podr\u00e1s encontrar fotograf\u00edas del fondo marino del centro y norte de Veracruz elaboradas a una profundidad m\u00e1xima de 80 metros, con herramientas de alta tecnolog\u00eda, entre ellas un sumergible tripulado por dos personas (Nemo 2), adem\u00e1s de informaci\u00f3n sobre ecosistemas cuyo acceso humano es inviable.<\/p>\n\n\n\n<div class=\"wp-block-buttons is-layout-flex wp-block-buttons-is-layout-flex\">\n<div class=\"wp-block-button\"><a class=\"wp-block-button__link has-dark-green-800-color has-action-yellow-background-color has-text-color has-background wp-element-button\" href=\"https:\/\/blog.greenpeace.org.mx\/hubfs\/Reporte%20estado%20actual%20de%20los%20arrecifes.pdf\">Descarga el reporte<\/a><\/div>\n<\/div>\n<\/div><figure class=\"wp-block-media-text__media\"><a href=\"https:\/\/blog.greenpeace.org.mx\/hubfs\/Reporte%20estado%20actual%20de%20los%20arrecifes.pdf\"><img loading=\"lazy\" decoding=\"async\" width=\"1024\" height=\"792\" src=\"https:\/\/www.greenpeace.org\/static\/planet4-mexico-stateless\/2023\/06\/680ee083-etapa-01-06-1-scaled-e1692812764506-1024x792.jpg\" alt=\"\" sizes=\"auto, (min-width: 1600px) calc((1320px - 24px) \/ 2.1277),(min-width: 1200px) calc((1140px - 24px) \/ 2.1277),(min-width: 992px) calc((960px - 24px) \/ 2.1277),(min-width: 768px) calc((720px - 24px) \/ 2.1277),(min-width: 601px) calc((540px - 24px) \/ 2.1277),(min-width: 577px) calc((540px - 24px) \/ 1), calc(100vw - 24px)\" srcset=\"https:\/\/www.greenpeace.org\/static\/planet4-mexico-stateless\/2023\/06\/680ee083-etapa-01-06-1-scaled-e1692812764506.jpg 1862w, https:\/\/www.greenpeace.org\/static\/planet4-mexico-stateless\/2023\/06\/680ee083-etapa-01-06-1-scaled-e1692812764506-300x232.jpg 300w, https:\/\/www.greenpeace.org\/static\/planet4-mexico-stateless\/2023\/06\/680ee083-etapa-01-06-1-scaled-e1692812764506-1024x792.jpg 1024w, https:\/\/www.greenpeace.org\/static\/planet4-mexico-stateless\/2023\/06\/680ee083-etapa-01-06-1-scaled-e1692812764506-768x594.jpg 768w, https:\/\/www.greenpeace.org\/static\/planet4-mexico-stateless\/2023\/06\/680ee083-etapa-01-06-1-scaled-e1692812764506-1536x1188.jpg 1536w, https:\/\/www.greenpeace.org\/static\/planet4-mexico-stateless\/2023\/06\/680ee083-etapa-01-06-1-scaled-e1692812764506-1766x1366.jpg 1766w, https:\/\/www.greenpeace.org\/static\/planet4-mexico-stateless\/2023\/06\/680ee083-etapa-01-06-1-scaled-e1692812764506-440x340.jpg 440w\" class=\"wp-image-52533 size-full\"\/><\/a><\/figure><\/div>\n\n\n<div style=\"height:25px\" aria-hidden=\"true\" class=\"wp-block-spacer\"><\/div>\n\n<blockquote class=\"wp-block-quote is-layout-flow wp-block-quote-is-layout-flow\">\n<p>Gracias (a los socios de Greenpeace M\u00e9xico), por apoyar la investigaci\u00f3n cient\u00edfica que hace posible proveer la mejor informaci\u00f3n que permite conservar nuestros recursos naturales ante las amenazas globales y locales. <\/p>\n<cite>Javier Bello Pineda, Bi\u00f3logo investigador<\/cite><\/blockquote>\n\n<div style=\"height:25px\" aria-hidden=\"true\" class=\"wp-block-spacer\"><\/div>\n\n    <div class=\"wp-block-query posts-list p4-query-loop is-custom-layout-list is-layout-flow wp-block-query-is-layout-flow\">\n        <div class=\"wp-block-group is-content-justification-space-between is-layout-flex wp-container-core-group-is-layout-3d213aab wp-block-group-is-layout-flex\"><h2 class=\"wp-block-heading\">Noticias recientes<\/h2>\n        <li class=\" wp-block-navigation-item see-all-link wp-block-navigation-link\"><a class=\"wp-block-navigation-item__content\"  href=\"http:\/\/www-dev.greenpeace.org\/mexico\/news-stories\/?tag=\"><span class=\"wp-block-navigation-item__label\">See all stories<\/span><\/a><\/li>\n        \n        <\/div>\n        \n\n    <p style=\"margin-top: 24px; margin-bottom: 36px;\"><\/p>\n\n    <div class=\"wp-block-query-no-results\">\n        <p >No posts found.<\/p>\n        <\/div>\n\n    \n\n    \n<div class=\"wp-block-buttons carousel-controls is-horizontal is-content-justification-space-between is-nowrap is-layout-flex wp-container-core-buttons-is-layout-044bd602 wp-block-buttons-is-layout-flex\">\n            <div class=\"wp-block-button carousel-control-prev\"><button type=\"button\" class=\"wp-block-button__link wp-element-button\">Prev<\/button><\/div>\n        \n\n            <div class=\"wp-block-button carousel-control-next\"><button type=\"button\" class=\"wp-block-button__link wp-element-button\">Next<\/button><\/div>\n        <\/div>\n\n\n    <li class=\" wp-block-navigation-item see-all-link wp-block-navigation-link\"><a class=\"wp-block-navigation-item__content\"  href=\"http:\/\/www-dev.greenpeace.org\/mexico\/news-stories\/?tag=\"><span class=\"wp-block-navigation-item__label\">See all stories<\/span><\/a><\/li><\/div>\n    \n<div style=\"height:25px\" aria-hidden=\"true\" class=\"wp-block-spacer\"><\/div>\n<div data-hydrate=\"planet4-blocks\/gallery\" data-attributes=\"{&quot;attributes&quot;:{&quot;gallery_block_title&quot;:&quot;Fotograf\\u00edas de etapas 1 y 2 de la investigaci\\u00f3n en los arrecifes veracruzanos&quot;,&quot;multiple_image&quot;:&quot;52750,52623,52539,52536,52544,52533,52531,52508,52546,52543,52542,52541,52540,52519,52517,52514,52480,52510,52491,52503,52501,52498,52486,52478,52476,52482&quot;,&quot;gallery_block_focus_points&quot;:&quot;{u002252476u0022:u002250% 50%u0022,u002252478u0022:u002250% 50%u0022,u002252480u0022:u002250% 50%u0022,u002252482u0022:u002250% 50%u0022,u002252486u0022:u002249% 26%u0022,u002252491u0022:u002253% 31%u0022,u002252498u0022:u002243% 71%u0022,u002252501u0022:u002250% 65%u0022,u002252503u0022:u002250% 50%u0022,u002252508u0022:u002250% 50%u0022,u002252510u0022:u002250% 50%u0022,u002252514u0022:u002250% 50%u0022,u002252517u0022:u002249% 66%u0022,u002252519u0022:u002253% 85%u0022,u002252531u0022:u002248% 30%u0022,u002252533u0022:u002250% 50%u0022,u002252536u0022:u002251% 16%u0022,u002252538u0022:u002250% 50%u0022,u002252539u0022:u002255% 28%u0022,u002252540u0022:u002250% 50%u0022,u002252541u0022:u002250% 50%u0022,u002252542u0022:u002250% 50%u0022,u002252543u0022:u002249% 30%u0022,u002252544u0022:u002256% 77%u0022,u002252546u0022:u002250% 50%u0022,u002252623u0022:u002250% 50%u0022,u002252750u0022:u002265% 82%u0022}&quot;,&quot;image_data&quot;:[{&quot;url&quot;:&quot;https:\\\/\\\/www.greenpeace.org\\\/static\\\/planet4-mexico-stateless\\\/2023\\\/07\\\/d4be0d9e-arctic_sunrise_gpmx-edited.jpg&quot;,&quot;focalPoint&quot;:{&quot;x&quot;:0.5,&quot;y&quot;:0.5},&quot;id&quot;:52750},{&quot;url&quot;:&quot;https:\\\/\\\/www.greenpeace.org\\\/static\\\/planet4-mexico-stateless\\\/2023\\\/06\\\/d7a524bd-230526-inmersiones-7273-scaled.jpg&quot;,&quot;focalPoint&quot;:{&quot;x&quot;:0.5,&quot;y&quot;:0.5},&quot;id&quot;:52623},{&quot;url&quot;:&quot;https:\\\/\\\/www.greenpeace.org\\\/static\\\/planet4-mexico-stateless\\\/2023\\\/06\\\/684f78e2-230522-arctic-sunrise-3010.jpg&quot;,&quot;focalPoint&quot;:{&quot;x&quot;:0.5,&quot;y&quot;:0.5},&quot;id&quot;:52539},{&quot;url&quot;:&quot;https:\\\/\\\/www.greenpeace.org\\\/static\\\/planet4-mexico-stateless\\\/2023\\\/06\\\/0dfd84cf-banners-mascerca2.jpg&quot;,&quot;focalPoint&quot;:{&quot;x&quot;:0.5,&quot;y&quot;:0.5},&quot;id&quot;:52536},{&quot;url&quot;:&quot;https:\\\/\\\/www.greenpeace.org\\\/static\\\/planet4-mexico-stateless\\\/2023\\\/06\\\/caa63d24-230525_biodiversidad-3.jpg&quot;,&quot;focalPoint&quot;:{&quot;x&quot;:0.5,&quot;y&quot;:0.5},&quot;id&quot;:52544},{&quot;url&quot;:&quot;https:\\\/\\\/www.greenpeace.org\\\/static\\\/planet4-mexico-stateless\\\/2023\\\/06\\\/680ee083-etapa-01-06-1-scaled-e1692812764506.jpg&quot;,&quot;focalPoint&quot;:{&quot;x&quot;:0.5,&quot;y&quot;:0.5},&quot;id&quot;:52533},{&quot;url&quot;:&quot;https:\\\/\\\/www.greenpeace.org\\\/static\\\/planet4-mexico-stateless\\\/2023\\\/06\\\/74606f47-04-espanol-gg-scaled.jpg&quot;,&quot;focalPoint&quot;:{&quot;x&quot;:0.5,&quot;y&quot;:0.5},&quot;id&quot;:52531},{&quot;url&quot;:&quot;https:\\\/\\\/www.greenpeace.org\\\/static\\\/planet4-mexico-stateless\\\/2023\\\/05\\\/f031fa42-230520_banners-crew-0740-scaled.jpg&quot;,&quot;focalPoint&quot;:{&quot;x&quot;:0.5,&quot;y&quot;:0.5},&quot;id&quot;:52508},{&quot;url&quot;:&quot;https:\\\/\\\/www.greenpeace.org\\\/static\\\/planet4-mexico-stateless\\\/2023\\\/06\\\/9c7f3839-230526-inmersiones-6839.jpg&quot;,&quot;focalPoint&quot;:{&quot;x&quot;:0.5,&quot;y&quot;:0.5},&quot;id&quot;:52546},{&quot;url&quot;:&quot;https:\\\/\\\/www.greenpeace.org\\\/static\\\/planet4-mexico-stateless\\\/2023\\\/06\\\/f445629c-230525_biodiversidad-6088.jpg&quot;,&quot;focalPoint&quot;:{&quot;x&quot;:0.5,&quot;y&quot;:0.5},&quot;id&quot;:52543},{&quot;url&quot;:&quot;https:\\\/\\\/www.greenpeace.org\\\/static\\\/planet4-mexico-stateless\\\/2023\\\/06\\\/9c415319-230522-arctic-sunrise-3141.jpg&quot;,&quot;focalPoint&quot;:{&quot;x&quot;:0.5,&quot;y&quot;:0.5},&quot;id&quot;:52542},{&quot;url&quot;:&quot;https:\\\/\\\/www.greenpeace.org\\\/static\\\/planet4-mexico-stateless\\\/2023\\\/06\\\/7debe250-230523-arctic-sunrise-3823.jpg&quot;,&quot;focalPoint&quot;:{&quot;x&quot;:0.5,&quot;y&quot;:0.5},&quot;id&quot;:52541},{&quot;url&quot;:&quot;https:\\\/\\\/www.greenpeace.org\\\/static\\\/planet4-mexico-stateless\\\/2023\\\/06\\\/2396d75d-230523-arctic-sunrise-4201.jpg&quot;,&quot;focalPoint&quot;:{&quot;x&quot;:0.5,&quot;y&quot;:0.5},&quot;id&quot;:52540},{&quot;url&quot;:&quot;https:\\\/\\\/www.greenpeace.org\\\/static\\\/planet4-mexico-stateless\\\/2023\\\/05\\\/469a062a-230525_biodiversidad-2-scaled.jpg&quot;,&quot;focalPoint&quot;:{&quot;x&quot;:0.5,&quot;y&quot;:0.5},&quot;id&quot;:52519},{&quot;url&quot;:&quot;https:\\\/\\\/www.greenpeace.org\\\/static\\\/planet4-mexico-stateless\\\/2023\\\/05\\\/af7d78c8-230525-arctic-sunrise-5516-scaled.jpg&quot;,&quot;focalPoint&quot;:{&quot;x&quot;:0.5,&quot;y&quot;:0.5},&quot;id&quot;:52517},{&quot;url&quot;:&quot;https:\\\/\\\/www.greenpeace.org\\\/static\\\/planet4-mexico-stateless\\\/2023\\\/05\\\/210649c0-230523-muestreo-4077-scaled.jpg&quot;,&quot;focalPoint&quot;:{&quot;x&quot;:0.5,&quot;y&quot;:0.5},&quot;id&quot;:52514},{&quot;url&quot;:&quot;https:\\\/\\\/www.greenpeace.org\\\/static\\\/planet4-mexico-stateless\\\/2023\\\/05\\\/47df2eb2-etapa-01-2770-scaled.jpg&quot;,&quot;focalPoint&quot;:{&quot;x&quot;:0.5,&quot;y&quot;:0.5},&quot;id&quot;:52480},{&quot;url&quot;:&quot;https:\\\/\\\/www.greenpeace.org\\\/static\\\/planet4-mexico-stateless\\\/2023\\\/05\\\/7d4ae124-etapa-01-0548-scaled.jpg&quot;,&quot;focalPoint&quot;:{&quot;x&quot;:0.5,&quot;y&quot;:0.5},&quot;id&quot;:52510},{&quot;url&quot;:&quot;https:\\\/\\\/www.greenpeace.org\\\/static\\\/planet4-mexico-stateless\\\/2023\\\/05\\\/985024c1-230521-doc-javier-bello-0751-scaled.jpg&quot;,&quot;focalPoint&quot;:{&quot;x&quot;:0.5,&quot;y&quot;:0.5},&quot;id&quot;:52491},{&quot;url&quot;:&quot;https:\\\/\\\/www.greenpeace.org\\\/static\\\/planet4-mexico-stateless\\\/2023\\\/05\\\/f0dd39a9-etapa-01-2151-scaled.jpg&quot;,&quot;focalPoint&quot;:{&quot;x&quot;:0.5,&quot;y&quot;:0.5},&quot;id&quot;:52503},{&quot;url&quot;:&quot;https:\\\/\\\/www.greenpeace.org\\\/static\\\/planet4-mexico-stateless\\\/2023\\\/05\\\/5845552f-etapa-01-0015-scaled.jpg&quot;,&quot;focalPoint&quot;:{&quot;x&quot;:0.5,&quot;y&quot;:0.5},&quot;id&quot;:52501},{&quot;url&quot;:&quot;https:\\\/\\\/www.greenpeace.org\\\/static\\\/planet4-mexico-stateless\\\/2023\\\/05\\\/a040551b-etapa-01-1217-scaled.jpg&quot;,&quot;focalPoint&quot;:{&quot;x&quot;:0.5,&quot;y&quot;:0.5},&quot;id&quot;:52498},{&quot;url&quot;:&quot;https:\\\/\\\/www.greenpeace.org\\\/static\\\/planet4-mexico-stateless\\\/2023\\\/05\\\/0c6b35e1-230519_retratos-0654-scaled.jpg&quot;,&quot;focalPoint&quot;:{&quot;x&quot;:0.5,&quot;y&quot;:0.5},&quot;id&quot;:52486},{&quot;url&quot;:&quot;https:\\\/\\\/www.greenpeace.org\\\/static\\\/planet4-mexico-stateless\\\/2023\\\/05\\\/cc91f63b-etapa-01-9855-scaled.jpg&quot;,&quot;focalPoint&quot;:{&quot;x&quot;:0.5,&quot;y&quot;:0.5},&quot;id&quot;:52478},{&quot;url&quot;:&quot;https:\\\/\\\/www.greenpeace.org\\\/static\\\/planet4-mexico-stateless\\\/2023\\\/05\\\/fdc52c4d-jicj9869-scaled.jpg&quot;,&quot;focalPoint&quot;:{&quot;x&quot;:0.5,&quot;y&quot;:0.5},&quot;id&quot;:52476},{&quot;url&quot;:&quot;https:\\\/\\\/www.greenpeace.org\\\/static\\\/planet4-mexico-stateless\\\/2023\\\/05\\\/310ce6f2-etapa-01-2040-scaled.jpg&quot;,&quot;focalPoint&quot;:{&quot;x&quot;:0.5,&quot;y&quot;:0.5},&quot;id&quot;:52482}],&quot;className&quot;:&quot;is-style-slider&quot;,&quot;gallery_block_style&quot;:0,&quot;gallery_block_description&quot;:&quot;&quot;,&quot;images&quot;:[{&quot;image_src&quot;:&quot;https:\\\/\\\/www.greenpeace.org\\\/static\\\/planet4-mexico-stateless\\\/2023\\\/07\\\/d4be0d9e-arctic_sunrise_gpmx-edited.jpg&quot;,&quot;image_srcset&quot;:&quot;https:\\\/\\\/www.greenpeace.org\\\/static\\\/planet4-mexico-stateless\\\/2023\\\/07\\\/d4be0d9e-arctic_sunrise_gpmx-edited.jpg 1497w, https:\\\/\\\/www.greenpeace.org\\\/static\\\/planet4-mexico-stateless\\\/2023\\\/07\\\/d4be0d9e-arctic_sunrise_gpmx-edited-300x225.jpg 300w, https:\\\/\\\/www.greenpeace.org\\\/static\\\/planet4-mexico-stateless\\\/2023\\\/07\\\/d4be0d9e-arctic_sunrise_gpmx-edited-1024x769.jpg 1024w, https:\\\/\\\/www.greenpeace.org\\\/static\\\/planet4-mexico-stateless\\\/2023\\\/07\\\/d4be0d9e-arctic_sunrise_gpmx-edited-768x577.jpg 768w, https:\\\/\\\/www.greenpeace.org\\\/static\\\/planet4-mexico-stateless\\\/2023\\\/07\\\/d4be0d9e-arctic_sunrise_gpmx-edited-453x340.jpg 453w&quot;,&quot;image_sizes&quot;:false,&quot;alt_text&quot;:&quot;Toma a\\u00e9rea panor\\u00e1mica del Arctic Sunrise con voluntarios y comunidad en la zona.&quot;,&quot;caption&quot;:&quot;Staff de Greenpeace, voluntarias, voluntarios, socias y socios al finalizar el barco abierto.&quot;,&quot;focus_image&quot;:&quot;&quot;,&quot;credits&quot;:&quot;&quot;},{&quot;image_src&quot;:&quot;https:\\\/\\\/www.greenpeace.org\\\/static\\\/planet4-mexico-stateless\\\/2023\\\/06\\\/d7a524bd-230526-inmersiones-7273-scaled.jpg&quot;,&quot;image_srcset&quot;:&quot;https:\\\/\\\/www.greenpeace.org\\\/static\\\/planet4-mexico-stateless\\\/2023\\\/06\\\/d7a524bd-230526-inmersiones-7273-scaled.jpg 2560w, https:\\\/\\\/www.greenpeace.org\\\/static\\\/planet4-mexico-stateless\\\/2023\\\/06\\\/d7a524bd-230526-inmersiones-7273-300x200.jpg 300w, https:\\\/\\\/www.greenpeace.org\\\/static\\\/planet4-mexico-stateless\\\/2023\\\/06\\\/d7a524bd-230526-inmersiones-7273-1024x683.jpg 1024w, https:\\\/\\\/www.greenpeace.org\\\/static\\\/planet4-mexico-stateless\\\/2023\\\/06\\\/d7a524bd-230526-inmersiones-7273-768x512.jpg 768w, https:\\\/\\\/www.greenpeace.org\\\/static\\\/planet4-mexico-stateless\\\/2023\\\/06\\\/d7a524bd-230526-inmersiones-7273-1536x1024.jpg 1536w, https:\\\/\\\/www.greenpeace.org\\\/static\\\/planet4-mexico-stateless\\\/2023\\\/06\\\/d7a524bd-230526-inmersiones-7273-2048x1366.jpg 2048w, https:\\\/\\\/www.greenpeace.org\\\/static\\\/planet4-mexico-stateless\\\/2023\\\/06\\\/d7a524bd-230526-inmersiones-7273-510x340.jpg 510w&quot;,&quot;image_sizes&quot;:false,&quot;alt_text&quot;:&quot;&quot;,&quot;caption&quot;:&quot;Estructura en forma de mont\\u00edculo cubierta con diversos organismos bent\\u00f3nicos.&quot;,&quot;focus_image&quot;:&quot;&quot;,&quot;credits&quot;:&quot;&quot;},{&quot;image_src&quot;:&quot;https:\\\/\\\/www.greenpeace.org\\\/static\\\/planet4-mexico-stateless\\\/2023\\\/06\\\/684f78e2-230522-arctic-sunrise-3010.jpg&quot;,&quot;image_srcset&quot;:&quot;https:\\\/\\\/www.greenpeace.org\\\/static\\\/planet4-mexico-stateless\\\/2023\\\/06\\\/684f78e2-230522-arctic-sunrise-3010.jpg 1000w, https:\\\/\\\/www.greenpeace.org\\\/static\\\/planet4-mexico-stateless\\\/2023\\\/06\\\/684f78e2-230522-arctic-sunrise-3010-300x200.jpg 300w, https:\\\/\\\/www.greenpeace.org\\\/static\\\/planet4-mexico-stateless\\\/2023\\\/06\\\/684f78e2-230522-arctic-sunrise-3010-768x512.jpg 768w, https:\\\/\\\/www.greenpeace.org\\\/static\\\/planet4-mexico-stateless\\\/2023\\\/06\\\/684f78e2-230522-arctic-sunrise-3010-510x340.jpg 510w&quot;,&quot;image_sizes&quot;:false,&quot;alt_text&quot;:&quot;&quot;,&quot;caption&quot;:&quot;Expertos, definiendo la ruta que seguir\\u00e1 el barco Arctic Sunrise.\\n&quot;,&quot;focus_image&quot;:&quot;&quot;,&quot;credits&quot;:&quot;&quot;},{&quot;image_src&quot;:&quot;https:\\\/\\\/www.greenpeace.org\\\/static\\\/planet4-mexico-stateless\\\/2023\\\/06\\\/0dfd84cf-banners-mascerca2.jpg&quot;,&quot;image_srcset&quot;:&quot;https:\\\/\\\/www.greenpeace.org\\\/static\\\/planet4-mexico-stateless\\\/2023\\\/06\\\/0dfd84cf-banners-mascerca2.jpg 997w, https:\\\/\\\/www.greenpeace.org\\\/static\\\/planet4-mexico-stateless\\\/2023\\\/06\\\/0dfd84cf-banners-mascerca2-300x200.jpg 300w, https:\\\/\\\/www.greenpeace.org\\\/static\\\/planet4-mexico-stateless\\\/2023\\\/06\\\/0dfd84cf-banners-mascerca2-768x511.jpg 768w, https:\\\/\\\/www.greenpeace.org\\\/static\\\/planet4-mexico-stateless\\\/2023\\\/06\\\/0dfd84cf-banners-mascerca2-510x340.jpg 510w&quot;,&quot;image_sizes&quot;:false,&quot;alt_text&quot;:&quot;&quot;,&quot;caption&quot;:&quot;Activista de Greenpeace M\\u00e9xico a bordo del Arctic Sunrise sosteniendo un contundente mensaje \\u201cS\\u00ed a los arrecifes veracruzanos, NO al gasoducto\\u201d.&quot;,&quot;focus_image&quot;:&quot;&quot;,&quot;credits&quot;:&quot;&quot;},{&quot;image_src&quot;:&quot;https:\\\/\\\/www.greenpeace.org\\\/static\\\/planet4-mexico-stateless\\\/2023\\\/06\\\/caa63d24-230525_biodiversidad-3.jpg&quot;,&quot;image_srcset&quot;:&quot;https:\\\/\\\/www.greenpeace.org\\\/static\\\/planet4-mexico-stateless\\\/2023\\\/06\\\/caa63d24-230525_biodiversidad-3.jpg 1000w, https:\\\/\\\/www.greenpeace.org\\\/static\\\/planet4-mexico-stateless\\\/2023\\\/06\\\/caa63d24-230525_biodiversidad-3-300x169.jpg 300w, https:\\\/\\\/www.greenpeace.org\\\/static\\\/planet4-mexico-stateless\\\/2023\\\/06\\\/caa63d24-230525_biodiversidad-3-768x432.jpg 768w, https:\\\/\\\/www.greenpeace.org\\\/static\\\/planet4-mexico-stateless\\\/2023\\\/06\\\/caa63d24-230525_biodiversidad-3-510x287.jpg 510w&quot;,&quot;image_sizes&quot;:false,&quot;alt_text&quot;:&quot;&quot;,&quot;caption&quot;:&quot;Paisaje t\\u00edpico de la zona basal de los mont\\u00edculos de arrecifes mesof\\u00f3ticos.\\n&quot;,&quot;focus_image&quot;:&quot;&quot;,&quot;credits&quot;:&quot;&quot;},{&quot;image_src&quot;:&quot;https:\\\/\\\/www.greenpeace.org\\\/static\\\/planet4-mexico-stateless\\\/2023\\\/06\\\/680ee083-etapa-01-06-1-scaled-e1692812764506.jpg&quot;,&quot;image_srcset&quot;:&quot;https:\\\/\\\/www.greenpeace.org\\\/static\\\/planet4-mexico-stateless\\\/2023\\\/06\\\/680ee083-etapa-01-06-1-scaled-e1692812764506.jpg 1862w, https:\\\/\\\/www.greenpeace.org\\\/static\\\/planet4-mexico-stateless\\\/2023\\\/06\\\/680ee083-etapa-01-06-1-scaled-e1692812764506-300x232.jpg 300w, https:\\\/\\\/www.greenpeace.org\\\/static\\\/planet4-mexico-stateless\\\/2023\\\/06\\\/680ee083-etapa-01-06-1-scaled-e1692812764506-1024x792.jpg 1024w, https:\\\/\\\/www.greenpeace.org\\\/static\\\/planet4-mexico-stateless\\\/2023\\\/06\\\/680ee083-etapa-01-06-1-scaled-e1692812764506-768x594.jpg 768w, https:\\\/\\\/www.greenpeace.org\\\/static\\\/planet4-mexico-stateless\\\/2023\\\/06\\\/680ee083-etapa-01-06-1-scaled-e1692812764506-1536x1188.jpg 1536w, https:\\\/\\\/www.greenpeace.org\\\/static\\\/planet4-mexico-stateless\\\/2023\\\/06\\\/680ee083-etapa-01-06-1-scaled-e1692812764506-1766x1366.jpg 1766w, https:\\\/\\\/www.greenpeace.org\\\/static\\\/planet4-mexico-stateless\\\/2023\\\/06\\\/680ee083-etapa-01-06-1-scaled-e1692812764506-440x340.jpg 440w&quot;,&quot;image_sizes&quot;:false,&quot;alt_text&quot;:&quot;&quot;,&quot;caption&quot;:&quot;Sumergible tripulado por dos personas, en acci\\u00f3n.\\n&quot;,&quot;focus_image&quot;:&quot;&quot;,&quot;credits&quot;:&quot;&quot;},{&quot;image_src&quot;:&quot;https:\\\/\\\/www.greenpeace.org\\\/static\\\/planet4-mexico-stateless\\\/2023\\\/06\\\/74606f47-04-espanol-gg-scaled.jpg&quot;,&quot;image_srcset&quot;:&quot;https:\\\/\\\/www.greenpeace.org\\\/static\\\/planet4-mexico-stateless\\\/2023\\\/06\\\/74606f47-04-espanol-gg-scaled.jpg 2560w, https:\\\/\\\/www.greenpeace.org\\\/static\\\/planet4-mexico-stateless\\\/2023\\\/06\\\/74606f47-04-espanol-gg-300x225.jpg 300w, https:\\\/\\\/www.greenpeace.org\\\/static\\\/planet4-mexico-stateless\\\/2023\\\/06\\\/74606f47-04-espanol-gg-1024x768.jpg 1024w, https:\\\/\\\/www.greenpeace.org\\\/static\\\/planet4-mexico-stateless\\\/2023\\\/06\\\/74606f47-04-espanol-gg-768x576.jpg 768w, https:\\\/\\\/www.greenpeace.org\\\/static\\\/planet4-mexico-stateless\\\/2023\\\/06\\\/74606f47-04-espanol-gg-1536x1152.jpg 1536w, https:\\\/\\\/www.greenpeace.org\\\/static\\\/planet4-mexico-stateless\\\/2023\\\/06\\\/74606f47-04-espanol-gg-2048x1536.jpg 2048w, https:\\\/\\\/www.greenpeace.org\\\/static\\\/planet4-mexico-stateless\\\/2023\\\/06\\\/74606f47-04-espanol-gg-1821x1366.jpg 1821w, https:\\\/\\\/www.greenpeace.org\\\/static\\\/planet4-mexico-stateless\\\/2023\\\/06\\\/74606f47-04-espanol-gg-453x340.jpg 453w&quot;,&quot;image_sizes&quot;:false,&quot;alt_text&quot;:&quot;Acci\\u00f3n en Barco de Greenpeace, se lee \\&quot;Arrecifes s\\u00ed, ductos no. Fuera TC Energ\\u00eda del mar mexicano\\&quot;&quot;,&quot;caption&quot;:&quot;Contundente mensaje dirigido a la Agencia de Seguridad, Energ\\u00eda y Ambiente (ASEA) exigiendo la cancelaci\\u00f3n del proyecto gasoducto \\u201cPuerta al Sureste\\u201d.&quot;,&quot;focus_image&quot;:&quot;&quot;,&quot;credits&quot;:&quot;&quot;},{&quot;image_src&quot;:&quot;https:\\\/\\\/www.greenpeace.org\\\/static\\\/planet4-mexico-stateless\\\/2023\\\/05\\\/f031fa42-230520_banners-crew-0740-scaled.jpg&quot;,&quot;image_srcset&quot;:&quot;https:\\\/\\\/www.greenpeace.org\\\/static\\\/planet4-mexico-stateless\\\/2023\\\/05\\\/f031fa42-230520_banners-crew-0740-scaled.jpg 2560w, https:\\\/\\\/www.greenpeace.org\\\/static\\\/planet4-mexico-stateless\\\/2023\\\/05\\\/f031fa42-230520_banners-crew-0740-300x200.jpg 300w, https:\\\/\\\/www.greenpeace.org\\\/static\\\/planet4-mexico-stateless\\\/2023\\\/05\\\/f031fa42-230520_banners-crew-0740-1024x683.jpg 1024w, https:\\\/\\\/www.greenpeace.org\\\/static\\\/planet4-mexico-stateless\\\/2023\\\/05\\\/f031fa42-230520_banners-crew-0740-768x512.jpg 768w, https:\\\/\\\/www.greenpeace.org\\\/static\\\/planet4-mexico-stateless\\\/2023\\\/05\\\/f031fa42-230520_banners-crew-0740-1536x1024.jpg 1536w, https:\\\/\\\/www.greenpeace.org\\\/static\\\/planet4-mexico-stateless\\\/2023\\\/05\\\/f031fa42-230520_banners-crew-0740-2048x1366.jpg 2048w, https:\\\/\\\/www.greenpeace.org\\\/static\\\/planet4-mexico-stateless\\\/2023\\\/05\\\/f031fa42-230520_banners-crew-0740-510x340.jpg 510w&quot;,&quot;image_sizes&quot;:false,&quot;alt_text&quot;:&quot;&quot;,&quot;caption&quot;:&quot;Equipo de Greenpeace, investigadores, voluntarias\\\/os, creadoras\\\/es de contenido que participaron en la expedici\\u00f3n a bordo del Arctic Sunrise.&quot;,&quot;focus_image&quot;:&quot;&quot;,&quot;credits&quot;:&quot;&quot;},{&quot;image_src&quot;:&quot;https:\\\/\\\/www.greenpeace.org\\\/static\\\/planet4-mexico-stateless\\\/2023\\\/06\\\/9c7f3839-230526-inmersiones-6839.jpg&quot;,&quot;image_srcset&quot;:&quot;https:\\\/\\\/www.greenpeace.org\\\/static\\\/planet4-mexico-stateless\\\/2023\\\/06\\\/9c7f3839-230526-inmersiones-6839.jpg 1000w, https:\\\/\\\/www.greenpeace.org\\\/static\\\/planet4-mexico-stateless\\\/2023\\\/06\\\/9c7f3839-230526-inmersiones-6839-300x200.jpg 300w, https:\\\/\\\/www.greenpeace.org\\\/static\\\/planet4-mexico-stateless\\\/2023\\\/06\\\/9c7f3839-230526-inmersiones-6839-768x512.jpg 768w, https:\\\/\\\/www.greenpeace.org\\\/static\\\/planet4-mexico-stateless\\\/2023\\\/06\\\/9c7f3839-230526-inmersiones-6839-510x340.jpg 510w&quot;,&quot;image_sizes&quot;:false,&quot;alt_text&quot;:&quot;&quot;,&quot;caption&quot;:&quot;Ecosistema arrecifal mesof\\u00f3tico Tamiahua-Corazones formado por roca coralina con una compleja diversidad estructural, cubierta de algas filamentosas y macroalgas.\\n&quot;,&quot;focus_image&quot;:&quot;&quot;,&quot;credits&quot;:&quot;&quot;},{&quot;image_src&quot;:&quot;https:\\\/\\\/www.greenpeace.org\\\/static\\\/planet4-mexico-stateless\\\/2023\\\/06\\\/f445629c-230525_biodiversidad-6088.jpg&quot;,&quot;image_srcset&quot;:&quot;https:\\\/\\\/www.greenpeace.org\\\/static\\\/planet4-mexico-stateless\\\/2023\\\/06\\\/f445629c-230525_biodiversidad-6088.jpg 1000w, https:\\\/\\\/www.greenpeace.org\\\/static\\\/planet4-mexico-stateless\\\/2023\\\/06\\\/f445629c-230525_biodiversidad-6088-300x200.jpg 300w, https:\\\/\\\/www.greenpeace.org\\\/static\\\/planet4-mexico-stateless\\\/2023\\\/06\\\/f445629c-230525_biodiversidad-6088-768x512.jpg 768w, https:\\\/\\\/www.greenpeace.org\\\/static\\\/planet4-mexico-stateless\\\/2023\\\/06\\\/f445629c-230525_biodiversidad-6088-510x340.jpg 510w&quot;,&quot;image_sizes&quot;:false,&quot;alt_text&quot;:&quot;&quot;,&quot;caption&quot;:&quot;Ecosistema arrecifal mesof\\u00f3tico Tamiahua-Corazones formado por roca coralina con una compleja diversidad estructural, cubierta de algas filamentosas y macroalgas.\\n&quot;,&quot;focus_image&quot;:&quot;&quot;,&quot;credits&quot;:&quot;&quot;},{&quot;image_src&quot;:&quot;https:\\\/\\\/www.greenpeace.org\\\/static\\\/planet4-mexico-stateless\\\/2023\\\/06\\\/9c415319-230522-arctic-sunrise-3141.jpg&quot;,&quot;image_srcset&quot;:&quot;https:\\\/\\\/www.greenpeace.org\\\/static\\\/planet4-mexico-stateless\\\/2023\\\/06\\\/9c415319-230522-arctic-sunrise-3141.jpg 1000w, https:\\\/\\\/www.greenpeace.org\\\/static\\\/planet4-mexico-stateless\\\/2023\\\/06\\\/9c415319-230522-arctic-sunrise-3141-300x200.jpg 300w, https:\\\/\\\/www.greenpeace.org\\\/static\\\/planet4-mexico-stateless\\\/2023\\\/06\\\/9c415319-230522-arctic-sunrise-3141-768x512.jpg 768w, https:\\\/\\\/www.greenpeace.org\\\/static\\\/planet4-mexico-stateless\\\/2023\\\/06\\\/9c415319-230522-arctic-sunrise-3141-510x340.jpg 510w&quot;,&quot;image_sizes&quot;:false,&quot;alt_text&quot;:&quot;&quot;,&quot;caption&quot;:&quot;Segundo oficial a bordo del barco Arctic Sunrise.&quot;,&quot;focus_image&quot;:&quot;&quot;,&quot;credits&quot;:&quot;&quot;},{&quot;image_src&quot;:&quot;https:\\\/\\\/www.greenpeace.org\\\/static\\\/planet4-mexico-stateless\\\/2023\\\/06\\\/7debe250-230523-arctic-sunrise-3823.jpg&quot;,&quot;image_srcset&quot;:&quot;https:\\\/\\\/www.greenpeace.org\\\/static\\\/planet4-mexico-stateless\\\/2023\\\/06\\\/7debe250-230523-arctic-sunrise-3823.jpg 1000w, https:\\\/\\\/www.greenpeace.org\\\/static\\\/planet4-mexico-stateless\\\/2023\\\/06\\\/7debe250-230523-arctic-sunrise-3823-300x200.jpg 300w, https:\\\/\\\/www.greenpeace.org\\\/static\\\/planet4-mexico-stateless\\\/2023\\\/06\\\/7debe250-230523-arctic-sunrise-3823-768x512.jpg 768w, https:\\\/\\\/www.greenpeace.org\\\/static\\\/planet4-mexico-stateless\\\/2023\\\/06\\\/7debe250-230523-arctic-sunrise-3823-510x340.jpg 510w&quot;,&quot;image_sizes&quot;:false,&quot;alt_text&quot;:&quot;&quot;,&quot;caption&quot;:&quot;Grupo de delfines nadando a un  lado del barco Arctic Sunrise.&quot;,&quot;focus_image&quot;:&quot;&quot;,&quot;credits&quot;:&quot;&quot;},{&quot;image_src&quot;:&quot;https:\\\/\\\/www.greenpeace.org\\\/static\\\/planet4-mexico-stateless\\\/2023\\\/06\\\/2396d75d-230523-arctic-sunrise-4201.jpg&quot;,&quot;image_srcset&quot;:&quot;https:\\\/\\\/www.greenpeace.org\\\/static\\\/planet4-mexico-stateless\\\/2023\\\/06\\\/2396d75d-230523-arctic-sunrise-4201.jpg 1000w, https:\\\/\\\/www.greenpeace.org\\\/static\\\/planet4-mexico-stateless\\\/2023\\\/06\\\/2396d75d-230523-arctic-sunrise-4201-300x200.jpg 300w, https:\\\/\\\/www.greenpeace.org\\\/static\\\/planet4-mexico-stateless\\\/2023\\\/06\\\/2396d75d-230523-arctic-sunrise-4201-768x512.jpg 768w, https:\\\/\\\/www.greenpeace.org\\\/static\\\/planet4-mexico-stateless\\\/2023\\\/06\\\/2396d75d-230523-arctic-sunrise-4201-510x340.jpg 510w&quot;,&quot;image_sizes&quot;:false,&quot;alt_text&quot;:&quot;&quot;,&quot;caption&quot;:&quot;Rosina G\\u00f3nzalez coordinadora de logistica y seguridad a bordo del Arctic Sunrise  en acci\\u00f3n.&quot;,&quot;focus_image&quot;:&quot;&quot;,&quot;credits&quot;:&quot;&quot;},{&quot;image_src&quot;:&quot;https:\\\/\\\/www.greenpeace.org\\\/static\\\/planet4-mexico-stateless\\\/2023\\\/05\\\/469a062a-230525_biodiversidad-2-scaled.jpg&quot;,&quot;image_srcset&quot;:&quot;https:\\\/\\\/www.greenpeace.org\\\/static\\\/planet4-mexico-stateless\\\/2023\\\/05\\\/469a062a-230525_biodiversidad-2-scaled.jpg 2560w, https:\\\/\\\/www.greenpeace.org\\\/static\\\/planet4-mexico-stateless\\\/2023\\\/05\\\/469a062a-230525_biodiversidad-2-300x169.jpg 300w, https:\\\/\\\/www.greenpeace.org\\\/static\\\/planet4-mexico-stateless\\\/2023\\\/05\\\/469a062a-230525_biodiversidad-2-1024x576.jpg 1024w, https:\\\/\\\/www.greenpeace.org\\\/static\\\/planet4-mexico-stateless\\\/2023\\\/05\\\/469a062a-230525_biodiversidad-2-768x432.jpg 768w, https:\\\/\\\/www.greenpeace.org\\\/static\\\/planet4-mexico-stateless\\\/2023\\\/05\\\/469a062a-230525_biodiversidad-2-1536x864.jpg 1536w, https:\\\/\\\/www.greenpeace.org\\\/static\\\/planet4-mexico-stateless\\\/2023\\\/05\\\/469a062a-230525_biodiversidad-2-2048x1152.jpg 2048w, https:\\\/\\\/www.greenpeace.org\\\/static\\\/planet4-mexico-stateless\\\/2023\\\/05\\\/469a062a-230525_biodiversidad-2-510x287.jpg 510w&quot;,&quot;image_sizes&quot;:false,&quot;alt_text&quot;:&quot;&quot;,&quot;caption&quot;:&quot;Mont\\u00edculos de hasta 6 m de altura respecto a las zonas arenosas circundantes, los cuales est\\u00e1n recubiertos de comunidades t\\u00edpicas de zonas mesof\\u00f3ticas, como esponjas.&quot;,&quot;focus_image&quot;:&quot;&quot;,&quot;credits&quot;:&quot;&quot;},{&quot;image_src&quot;:&quot;https:\\\/\\\/www.greenpeace.org\\\/static\\\/planet4-mexico-stateless\\\/2023\\\/05\\\/af7d78c8-230525-arctic-sunrise-5516-scaled.jpg&quot;,&quot;image_srcset&quot;:&quot;https:\\\/\\\/www.greenpeace.org\\\/static\\\/planet4-mexico-stateless\\\/2023\\\/05\\\/af7d78c8-230525-arctic-sunrise-5516-scaled.jpg 2560w, https:\\\/\\\/www.greenpeace.org\\\/static\\\/planet4-mexico-stateless\\\/2023\\\/05\\\/af7d78c8-230525-arctic-sunrise-5516-300x200.jpg 300w, https:\\\/\\\/www.greenpeace.org\\\/static\\\/planet4-mexico-stateless\\\/2023\\\/05\\\/af7d78c8-230525-arctic-sunrise-5516-1024x683.jpg 1024w, https:\\\/\\\/www.greenpeace.org\\\/static\\\/planet4-mexico-stateless\\\/2023\\\/05\\\/af7d78c8-230525-arctic-sunrise-5516-768x512.jpg 768w, https:\\\/\\\/www.greenpeace.org\\\/static\\\/planet4-mexico-stateless\\\/2023\\\/05\\\/af7d78c8-230525-arctic-sunrise-5516-1536x1024.jpg 1536w, https:\\\/\\\/www.greenpeace.org\\\/static\\\/planet4-mexico-stateless\\\/2023\\\/05\\\/af7d78c8-230525-arctic-sunrise-5516-2048x1366.jpg 2048w, https:\\\/\\\/www.greenpeace.org\\\/static\\\/planet4-mexico-stateless\\\/2023\\\/05\\\/af7d78c8-230525-arctic-sunrise-5516-510x340.jpg 510w&quot;,&quot;image_sizes&quot;:false,&quot;alt_text&quot;:&quot;&quot;,&quot;caption&quot;:&quot;Sumergible tripulado por dos personas (Nemo 2), a punto de sumergirse en el agua.&quot;,&quot;focus_image&quot;:&quot;&quot;,&quot;credits&quot;:&quot;&quot;},{&quot;image_src&quot;:&quot;https:\\\/\\\/www.greenpeace.org\\\/static\\\/planet4-mexico-stateless\\\/2023\\\/05\\\/210649c0-230523-muestreo-4077-scaled.jpg&quot;,&quot;image_srcset&quot;:&quot;https:\\\/\\\/www.greenpeace.org\\\/static\\\/planet4-mexico-stateless\\\/2023\\\/05\\\/210649c0-230523-muestreo-4077-scaled.jpg 2560w, https:\\\/\\\/www.greenpeace.org\\\/static\\\/planet4-mexico-stateless\\\/2023\\\/05\\\/210649c0-230523-muestreo-4077-300x200.jpg 300w, https:\\\/\\\/www.greenpeace.org\\\/static\\\/planet4-mexico-stateless\\\/2023\\\/05\\\/210649c0-230523-muestreo-4077-1024x683.jpg 1024w, https:\\\/\\\/www.greenpeace.org\\\/static\\\/planet4-mexico-stateless\\\/2023\\\/05\\\/210649c0-230523-muestreo-4077-768x512.jpg 768w, https:\\\/\\\/www.greenpeace.org\\\/static\\\/planet4-mexico-stateless\\\/2023\\\/05\\\/210649c0-230523-muestreo-4077-1536x1024.jpg 1536w, https:\\\/\\\/www.greenpeace.org\\\/static\\\/planet4-mexico-stateless\\\/2023\\\/05\\\/210649c0-230523-muestreo-4077-2048x1366.jpg 2048w, https:\\\/\\\/www.greenpeace.org\\\/static\\\/planet4-mexico-stateless\\\/2023\\\/05\\\/210649c0-230523-muestreo-4077-510x340.jpg 510w&quot;,&quot;image_sizes&quot;:false,&quot;alt_text&quot;:&quot;&quot;,&quot;caption&quot;:&quot;Lanzamiento al agua del veh\\u00edculo operado de manera remota (ROV, por sus siglas en ingl\\u00e9s).&quot;,&quot;focus_image&quot;:&quot;&quot;,&quot;credits&quot;:&quot;&quot;},{&quot;image_src&quot;:&quot;https:\\\/\\\/www.greenpeace.org\\\/static\\\/planet4-mexico-stateless\\\/2023\\\/05\\\/47df2eb2-etapa-01-2770-scaled.jpg&quot;,&quot;image_srcset&quot;:&quot;https:\\\/\\\/www.greenpeace.org\\\/static\\\/planet4-mexico-stateless\\\/2023\\\/05\\\/47df2eb2-etapa-01-2770-scaled.jpg 2560w, https:\\\/\\\/www.greenpeace.org\\\/static\\\/planet4-mexico-stateless\\\/2023\\\/05\\\/47df2eb2-etapa-01-2770-300x200.jpg 300w, https:\\\/\\\/www.greenpeace.org\\\/static\\\/planet4-mexico-stateless\\\/2023\\\/05\\\/47df2eb2-etapa-01-2770-1024x683.jpg 1024w, https:\\\/\\\/www.greenpeace.org\\\/static\\\/planet4-mexico-stateless\\\/2023\\\/05\\\/47df2eb2-etapa-01-2770-768x512.jpg 768w, https:\\\/\\\/www.greenpeace.org\\\/static\\\/planet4-mexico-stateless\\\/2023\\\/05\\\/47df2eb2-etapa-01-2770-1536x1024.jpg 1536w, https:\\\/\\\/www.greenpeace.org\\\/static\\\/planet4-mexico-stateless\\\/2023\\\/05\\\/47df2eb2-etapa-01-2770-2048x1366.jpg 2048w, https:\\\/\\\/www.greenpeace.org\\\/static\\\/planet4-mexico-stateless\\\/2023\\\/05\\\/47df2eb2-etapa-01-2770-510x340.jpg 510w&quot;,&quot;image_sizes&quot;:false,&quot;alt_text&quot;:&quot;&quot;,&quot;caption&quot;:&quot;Veh\\u00edculo operado de manera remota (ROV, por sus siglas en ingl\\u00e9s), en acci\\u00f3n.&quot;,&quot;focus_image&quot;:&quot;&quot;,&quot;credits&quot;:&quot;&quot;},{&quot;image_src&quot;:&quot;https:\\\/\\\/www.greenpeace.org\\\/static\\\/planet4-mexico-stateless\\\/2023\\\/05\\\/7d4ae124-etapa-01-0548-scaled.jpg&quot;,&quot;image_srcset&quot;:&quot;https:\\\/\\\/www.greenpeace.org\\\/static\\\/planet4-mexico-stateless\\\/2023\\\/05\\\/7d4ae124-etapa-01-0548-scaled.jpg 2560w, https:\\\/\\\/www.greenpeace.org\\\/static\\\/planet4-mexico-stateless\\\/2023\\\/05\\\/7d4ae124-etapa-01-0548-300x168.jpg 300w, https:\\\/\\\/www.greenpeace.org\\\/static\\\/planet4-mexico-stateless\\\/2023\\\/05\\\/7d4ae124-etapa-01-0548-1024x575.jpg 1024w, https:\\\/\\\/www.greenpeace.org\\\/static\\\/planet4-mexico-stateless\\\/2023\\\/05\\\/7d4ae124-etapa-01-0548-768x431.jpg 768w, https:\\\/\\\/www.greenpeace.org\\\/static\\\/planet4-mexico-stateless\\\/2023\\\/05\\\/7d4ae124-etapa-01-0548-1536x862.jpg 1536w, https:\\\/\\\/www.greenpeace.org\\\/static\\\/planet4-mexico-stateless\\\/2023\\\/05\\\/7d4ae124-etapa-01-0548-2048x1150.jpg 2048w, https:\\\/\\\/www.greenpeace.org\\\/static\\\/planet4-mexico-stateless\\\/2023\\\/05\\\/7d4ae124-etapa-01-0548-510x286.jpg 510w&quot;,&quot;image_sizes&quot;:false,&quot;alt_text&quot;:&quot;&quot;,&quot;caption&quot;:&quot;Observaci\\u00f3n de im\\u00e1genes obtenidas con el sonar de barrido lateral.&quot;,&quot;focus_image&quot;:&quot;&quot;,&quot;credits&quot;:&quot;&quot;},{&quot;image_src&quot;:&quot;https:\\\/\\\/www.greenpeace.org\\\/static\\\/planet4-mexico-stateless\\\/2023\\\/05\\\/985024c1-230521-doc-javier-bello-0751-scaled.jpg&quot;,&quot;image_srcset&quot;:&quot;https:\\\/\\\/www.greenpeace.org\\\/static\\\/planet4-mexico-stateless\\\/2023\\\/05\\\/985024c1-230521-doc-javier-bello-0751-scaled.jpg 2560w, https:\\\/\\\/www.greenpeace.org\\\/static\\\/planet4-mexico-stateless\\\/2023\\\/05\\\/985024c1-230521-doc-javier-bello-0751-300x200.jpg 300w, https:\\\/\\\/www.greenpeace.org\\\/static\\\/planet4-mexico-stateless\\\/2023\\\/05\\\/985024c1-230521-doc-javier-bello-0751-1024x683.jpg 1024w, https:\\\/\\\/www.greenpeace.org\\\/static\\\/planet4-mexico-stateless\\\/2023\\\/05\\\/985024c1-230521-doc-javier-bello-0751-768x512.jpg 768w, https:\\\/\\\/www.greenpeace.org\\\/static\\\/planet4-mexico-stateless\\\/2023\\\/05\\\/985024c1-230521-doc-javier-bello-0751-1536x1024.jpg 1536w, https:\\\/\\\/www.greenpeace.org\\\/static\\\/planet4-mexico-stateless\\\/2023\\\/05\\\/985024c1-230521-doc-javier-bello-0751-2048x1366.jpg 2048w, https:\\\/\\\/www.greenpeace.org\\\/static\\\/planet4-mexico-stateless\\\/2023\\\/05\\\/985024c1-230521-doc-javier-bello-0751-510x340.jpg 510w&quot;,&quot;image_sizes&quot;:false,&quot;alt_text&quot;:&quot;&quot;,&quot;caption&quot;:&quot;Investigador especialista en An\\u00e1lisis espacial para la toma de decisiones en la zona costera.&quot;,&quot;focus_image&quot;:&quot;&quot;,&quot;credits&quot;:&quot;&quot;},{&quot;image_src&quot;:&quot;https:\\\/\\\/www.greenpeace.org\\\/static\\\/planet4-mexico-stateless\\\/2023\\\/05\\\/f0dd39a9-etapa-01-2151-scaled.jpg&quot;,&quot;image_srcset&quot;:&quot;https:\\\/\\\/www.greenpeace.org\\\/static\\\/planet4-mexico-stateless\\\/2023\\\/05\\\/f0dd39a9-etapa-01-2151-scaled.jpg 2560w, https:\\\/\\\/www.greenpeace.org\\\/static\\\/planet4-mexico-stateless\\\/2023\\\/05\\\/f0dd39a9-etapa-01-2151-300x200.jpg 300w, https:\\\/\\\/www.greenpeace.org\\\/static\\\/planet4-mexico-stateless\\\/2023\\\/05\\\/f0dd39a9-etapa-01-2151-1024x683.jpg 1024w, https:\\\/\\\/www.greenpeace.org\\\/static\\\/planet4-mexico-stateless\\\/2023\\\/05\\\/f0dd39a9-etapa-01-2151-768x512.jpg 768w, https:\\\/\\\/www.greenpeace.org\\\/static\\\/planet4-mexico-stateless\\\/2023\\\/05\\\/f0dd39a9-etapa-01-2151-1536x1024.jpg 1536w, https:\\\/\\\/www.greenpeace.org\\\/static\\\/planet4-mexico-stateless\\\/2023\\\/05\\\/f0dd39a9-etapa-01-2151-2048x1366.jpg 2048w, https:\\\/\\\/www.greenpeace.org\\\/static\\\/planet4-mexico-stateless\\\/2023\\\/05\\\/f0dd39a9-etapa-01-2151-510x340.jpg 510w&quot;,&quot;image_sizes&quot;:false,&quot;alt_text&quot;:&quot;&quot;,&quot;caption&quot;:&quot;Coral negro de alambre (Stichopathes luetkeni). Paisaje t\\u00edpico en el ecosistema arrecifal mesof\\u00f3tico.&quot;,&quot;focus_image&quot;:&quot;&quot;,&quot;credits&quot;:&quot;&quot;},{&quot;image_src&quot;:&quot;https:\\\/\\\/www.greenpeace.org\\\/static\\\/planet4-mexico-stateless\\\/2023\\\/05\\\/5845552f-etapa-01-0015-scaled.jpg&quot;,&quot;image_srcset&quot;:&quot;https:\\\/\\\/www.greenpeace.org\\\/static\\\/planet4-mexico-stateless\\\/2023\\\/05\\\/5845552f-etapa-01-0015-scaled.jpg 2560w, https:\\\/\\\/www.greenpeace.org\\\/static\\\/planet4-mexico-stateless\\\/2023\\\/05\\\/5845552f-etapa-01-0015-300x169.jpg 300w, https:\\\/\\\/www.greenpeace.org\\\/static\\\/planet4-mexico-stateless\\\/2023\\\/05\\\/5845552f-etapa-01-0015-1024x576.jpg 1024w, https:\\\/\\\/www.greenpeace.org\\\/static\\\/planet4-mexico-stateless\\\/2023\\\/05\\\/5845552f-etapa-01-0015-768x432.jpg 768w, https:\\\/\\\/www.greenpeace.org\\\/static\\\/planet4-mexico-stateless\\\/2023\\\/05\\\/5845552f-etapa-01-0015-1536x864.jpg 1536w, https:\\\/\\\/www.greenpeace.org\\\/static\\\/planet4-mexico-stateless\\\/2023\\\/05\\\/5845552f-etapa-01-0015-2048x1152.jpg 2048w, https:\\\/\\\/www.greenpeace.org\\\/static\\\/planet4-mexico-stateless\\\/2023\\\/05\\\/5845552f-etapa-01-0015-510x287.jpg 510w&quot;,&quot;image_sizes&quot;:false,&quot;alt_text&quot;:&quot;&quot;,&quot;caption&quot;:&quot;Arctic Sunrise en el Golfo de M\\u00e9xico.&quot;,&quot;focus_image&quot;:&quot;&quot;,&quot;credits&quot;:&quot;&quot;},{&quot;image_src&quot;:&quot;https:\\\/\\\/www.greenpeace.org\\\/static\\\/planet4-mexico-stateless\\\/2023\\\/05\\\/a040551b-etapa-01-1217-scaled.jpg&quot;,&quot;image_srcset&quot;:&quot;https:\\\/\\\/www.greenpeace.org\\\/static\\\/planet4-mexico-stateless\\\/2023\\\/05\\\/a040551b-etapa-01-1217-scaled.jpg 2560w, https:\\\/\\\/www.greenpeace.org\\\/static\\\/planet4-mexico-stateless\\\/2023\\\/05\\\/a040551b-etapa-01-1217-300x200.jpg 300w, https:\\\/\\\/www.greenpeace.org\\\/static\\\/planet4-mexico-stateless\\\/2023\\\/05\\\/a040551b-etapa-01-1217-1024x683.jpg 1024w, https:\\\/\\\/www.greenpeace.org\\\/static\\\/planet4-mexico-stateless\\\/2023\\\/05\\\/a040551b-etapa-01-1217-768x512.jpg 768w, https:\\\/\\\/www.greenpeace.org\\\/static\\\/planet4-mexico-stateless\\\/2023\\\/05\\\/a040551b-etapa-01-1217-1536x1024.jpg 1536w, https:\\\/\\\/www.greenpeace.org\\\/static\\\/planet4-mexico-stateless\\\/2023\\\/05\\\/a040551b-etapa-01-1217-2048x1366.jpg 2048w, https:\\\/\\\/www.greenpeace.org\\\/static\\\/planet4-mexico-stateless\\\/2023\\\/05\\\/a040551b-etapa-01-1217-510x340.jpg 510w&quot;,&quot;image_sizes&quot;:false,&quot;alt_text&quot;:&quot;&quot;,&quot;caption&quot;:&quot;Operaci\\u00f3n de descenso del sumergible Nemo 2.&quot;,&quot;focus_image&quot;:&quot;&quot;,&quot;credits&quot;:&quot;&quot;},{&quot;image_src&quot;:&quot;https:\\\/\\\/www.greenpeace.org\\\/static\\\/planet4-mexico-stateless\\\/2023\\\/05\\\/0c6b35e1-230519_retratos-0654-scaled.jpg&quot;,&quot;image_srcset&quot;:&quot;https:\\\/\\\/www.greenpeace.org\\\/static\\\/planet4-mexico-stateless\\\/2023\\\/05\\\/0c6b35e1-230519_retratos-0654-scaled.jpg 2560w, https:\\\/\\\/www.greenpeace.org\\\/static\\\/planet4-mexico-stateless\\\/2023\\\/05\\\/0c6b35e1-230519_retratos-0654-300x200.jpg 300w, https:\\\/\\\/www.greenpeace.org\\\/static\\\/planet4-mexico-stateless\\\/2023\\\/05\\\/0c6b35e1-230519_retratos-0654-1024x683.jpg 1024w, https:\\\/\\\/www.greenpeace.org\\\/static\\\/planet4-mexico-stateless\\\/2023\\\/05\\\/0c6b35e1-230519_retratos-0654-768x512.jpg 768w, https:\\\/\\\/www.greenpeace.org\\\/static\\\/planet4-mexico-stateless\\\/2023\\\/05\\\/0c6b35e1-230519_retratos-0654-1536x1024.jpg 1536w, https:\\\/\\\/www.greenpeace.org\\\/static\\\/planet4-mexico-stateless\\\/2023\\\/05\\\/0c6b35e1-230519_retratos-0654-2048x1366.jpg 2048w, https:\\\/\\\/www.greenpeace.org\\\/static\\\/planet4-mexico-stateless\\\/2023\\\/05\\\/0c6b35e1-230519_retratos-0654-510x340.jpg 510w&quot;,&quot;image_sizes&quot;:false,&quot;alt_text&quot;:&quot;&quot;,&quot;caption&quot;:&quot;Coordinadora de la investigaci\\u00f3n a bordo del Arctic Sunrise.&quot;,&quot;focus_image&quot;:&quot;&quot;,&quot;credits&quot;:&quot;&quot;},{&quot;image_src&quot;:&quot;https:\\\/\\\/www.greenpeace.org\\\/static\\\/planet4-mexico-stateless\\\/2023\\\/05\\\/cc91f63b-etapa-01-9855-scaled.jpg&quot;,&quot;image_srcset&quot;:&quot;https:\\\/\\\/www.greenpeace.org\\\/static\\\/planet4-mexico-stateless\\\/2023\\\/05\\\/cc91f63b-etapa-01-9855-scaled.jpg 2560w, https:\\\/\\\/www.greenpeace.org\\\/static\\\/planet4-mexico-stateless\\\/2023\\\/05\\\/cc91f63b-etapa-01-9855-300x200.jpg 300w, https:\\\/\\\/www.greenpeace.org\\\/static\\\/planet4-mexico-stateless\\\/2023\\\/05\\\/cc91f63b-etapa-01-9855-1024x683.jpg 1024w, https:\\\/\\\/www.greenpeace.org\\\/static\\\/planet4-mexico-stateless\\\/2023\\\/05\\\/cc91f63b-etapa-01-9855-768x512.jpg 768w, https:\\\/\\\/www.greenpeace.org\\\/static\\\/planet4-mexico-stateless\\\/2023\\\/05\\\/cc91f63b-etapa-01-9855-1536x1024.jpg 1536w, https:\\\/\\\/www.greenpeace.org\\\/static\\\/planet4-mexico-stateless\\\/2023\\\/05\\\/cc91f63b-etapa-01-9855-2048x1366.jpg 2048w, https:\\\/\\\/www.greenpeace.org\\\/static\\\/planet4-mexico-stateless\\\/2023\\\/05\\\/cc91f63b-etapa-01-9855-510x340.jpg 510w&quot;,&quot;image_sizes&quot;:false,&quot;alt_text&quot;:&quot;&quot;,&quot;caption&quot;:&quot;Toma panor\\u00e1mica del barco hundido \\u201cCarcachas\\u201d localizado a -53 m de profundidad y hoy ecosistema arrecifal artificial.&quot;,&quot;focus_image&quot;:&quot;&quot;,&quot;credits&quot;:&quot;&quot;},{&quot;image_src&quot;:&quot;https:\\\/\\\/www.greenpeace.org\\\/static\\\/planet4-mexico-stateless\\\/2023\\\/05\\\/fdc52c4d-jicj9869-scaled.jpg&quot;,&quot;image_srcset&quot;:&quot;https:\\\/\\\/www.greenpeace.org\\\/static\\\/planet4-mexico-stateless\\\/2023\\\/05\\\/fdc52c4d-jicj9869-scaled.jpg 2560w, https:\\\/\\\/www.greenpeace.org\\\/static\\\/planet4-mexico-stateless\\\/2023\\\/05\\\/fdc52c4d-jicj9869-300x200.jpg 300w, https:\\\/\\\/www.greenpeace.org\\\/static\\\/planet4-mexico-stateless\\\/2023\\\/05\\\/fdc52c4d-jicj9869-1024x683.jpg 1024w, https:\\\/\\\/www.greenpeace.org\\\/static\\\/planet4-mexico-stateless\\\/2023\\\/05\\\/fdc52c4d-jicj9869-768x512.jpg 768w, https:\\\/\\\/www.greenpeace.org\\\/static\\\/planet4-mexico-stateless\\\/2023\\\/05\\\/fdc52c4d-jicj9869-1536x1024.jpg 1536w, https:\\\/\\\/www.greenpeace.org\\\/static\\\/planet4-mexico-stateless\\\/2023\\\/05\\\/fdc52c4d-jicj9869-2048x1366.jpg 2048w, https:\\\/\\\/www.greenpeace.org\\\/static\\\/planet4-mexico-stateless\\\/2023\\\/05\\\/fdc52c4d-jicj9869-510x340.jpg 510w&quot;,&quot;image_sizes&quot;:false,&quot;alt_text&quot;:&quot;&quot;,&quot;caption&quot;:&quot;Otra perspectiva del barco hundido donde se observa que las estructuras han sido colonizadas por diversos organismos bent\\u00f3nicos y la presencia de la especie ex\\u00f3tica Pterois miles\\\/volitans.&quot;,&quot;focus_image&quot;:&quot;&quot;,&quot;credits&quot;:&quot;&quot;},{&quot;image_src&quot;:&quot;https:\\\/\\\/www.greenpeace.org\\\/static\\\/planet4-mexico-stateless\\\/2023\\\/05\\\/310ce6f2-etapa-01-2040-scaled.jpg&quot;,&quot;image_srcset&quot;:&quot;https:\\\/\\\/www.greenpeace.org\\\/static\\\/planet4-mexico-stateless\\\/2023\\\/05\\\/310ce6f2-etapa-01-2040-scaled.jpg 2560w, https:\\\/\\\/www.greenpeace.org\\\/static\\\/planet4-mexico-stateless\\\/2023\\\/05\\\/310ce6f2-etapa-01-2040-300x200.jpg 300w, https:\\\/\\\/www.greenpeace.org\\\/static\\\/planet4-mexico-stateless\\\/2023\\\/05\\\/310ce6f2-etapa-01-2040-1024x683.jpg 1024w, https:\\\/\\\/www.greenpeace.org\\\/static\\\/planet4-mexico-stateless\\\/2023\\\/05\\\/310ce6f2-etapa-01-2040-768x512.jpg 768w, https:\\\/\\\/www.greenpeace.org\\\/static\\\/planet4-mexico-stateless\\\/2023\\\/05\\\/310ce6f2-etapa-01-2040-1536x1024.jpg 1536w, https:\\\/\\\/www.greenpeace.org\\\/static\\\/planet4-mexico-stateless\\\/2023\\\/05\\\/310ce6f2-etapa-01-2040-2048x1366.jpg 2048w, https:\\\/\\\/www.greenpeace.org\\\/static\\\/planet4-mexico-stateless\\\/2023\\\/05\\\/310ce6f2-etapa-01-2040-510x340.jpg 510w&quot;,&quot;image_sizes&quot;:false,&quot;alt_text&quot;:&quot;&quot;,&quot;caption&quot;:&quot;Pez le\\u00f3n (Pterois miles\\\/volitans). Los peces le\\u00f3n fueron frecuentes en la zona, a profundidades no reportadas anteriormente.&quot;,&quot;focus_image&quot;:&quot;&quot;,&quot;credits&quot;:&quot;&quot;}]}}\"><section class=\"block carousel-wrap is-style-slider\"><header><h2 class=\"page-section-header\">Fotograf\u00edas de etapas 1 y 2 de la investigaci\u00f3n en los arrecifes veracruzanos<\/h2><\/header><\/section><\/div>\n\n<div class=\"wp-block-media-text alignwide has-media-on-the-right is-stacked-on-mobile has-grey-900-color has-action-yellow-background-color has-text-color has-background\"><div class=\"wp-block-media-text__content\">\n<h2 class=\"wp-block-heading has-grey-900-color has-text-color has-large-font-size\" style=\"text-transform:capitalize\">Dona $8 pesos diarios <\/h2>\n\n\n\n<p>Greenpeace es una organizaci\u00f3n con independencia econ\u00f3mica y pol\u00edtica. Apoya investigaciones como esta y muchas m\u00e1s con tu donaci\u00f3n.<\/p>\n\n\n\n<div class=\"wp-block-buttons is-layout-flex wp-block-buttons-is-layout-flex\">\n<div class=\"wp-block-button\"><a class=\"wp-block-button__link has-blue-green-800-color has-green-500-background-color has-text-color has-background wp-element-button\" href=\"https:\/\/act.gp\/45lxLRW\">Dona aqu\u00ed<\/a><\/div>\n<\/div>\n<\/div><figure class=\"wp-block-media-text__media\"><img loading=\"lazy\" decoding=\"async\" width=\"1024\" height=\"576\" src=\"https:\/\/www.greenpeace.org\/static\/planet4-mexico-stateless\/2023\/08\/cc4009d3-etapa-01-06-1024x576.jpg\" alt=\"\" sizes=\"auto, (min-width: 1600px) calc((1320px - 24px) \/ 2),(min-width: 1200px) calc((1140px - 24px) \/ 2),(min-width: 992px) calc((960px - 24px) \/ 2),(min-width: 768px) calc((720px - 24px) \/ 2),(min-width: 601px) calc((540px - 24px) \/ 2),(min-width: 577px) calc((540px - 24px) \/ 1), calc(100vw - 24px)\" srcset=\"https:\/\/www.greenpeace.org\/static\/planet4-mexico-stateless\/2023\/08\/cc4009d3-etapa-01-06-scaled.jpg 2560w, https:\/\/www.greenpeace.org\/static\/planet4-mexico-stateless\/2023\/08\/cc4009d3-etapa-01-06-300x169.jpg 300w, https:\/\/www.greenpeace.org\/static\/planet4-mexico-stateless\/2023\/08\/cc4009d3-etapa-01-06-1024x576.jpg 1024w, https:\/\/www.greenpeace.org\/static\/planet4-mexico-stateless\/2023\/08\/cc4009d3-etapa-01-06-768x432.jpg 768w, https:\/\/www.greenpeace.org\/static\/planet4-mexico-stateless\/2023\/08\/cc4009d3-etapa-01-06-1536x864.jpg 1536w, https:\/\/www.greenpeace.org\/static\/planet4-mexico-stateless\/2023\/08\/cc4009d3-etapa-01-06-2048x1152.jpg 2048w, https:\/\/www.greenpeace.org\/static\/planet4-mexico-stateless\/2023\/08\/cc4009d3-etapa-01-06-510x287.jpg 510w\" class=\"wp-image-53169 size-full\"\/><\/figure><\/div>\n\n\n\n<div class=\"wp-block-group alignfull block has-beige-100-background-color has-background is-layout-flow wp-block-group-is-layout-flow\">\n<div class=\"wp-block-group container is-layout-flow wp-block-group-is-layout-flow\">\n<div style=\"height:46px\" aria-hidden=\"true\" class=\"wp-block-spacer\"><\/div>\n\n\n\n<h4 class=\"wp-block-heading has-text-align-center\">Sigue alzando la voz por el Planeta. y firma la petici\u00f3n<br>\u00a1S\u00e9 parte del cambio <em><strong>mar afuera<\/strong><\/em>, para ayudar <em><strong>mar adentro<\/strong><\/em>!<\/h4>\n\n\n\n<div class=\"wp-block-columns is-not-stacked-on-mobile is-style-mobile-carousel is-layout-flex wp-container-core-columns-is-layout-9d6595d7 wp-block-columns-is-layout-flex\">\n<div class=\"wp-block-column is-layout-flow wp-block-column-is-layout-flow\">\n<div class=\"wp-block-group group-stretched-link is-layout-flow wp-block-group-is-layout-flow\">\n<figure class=\"wp-block-image aligncenter size-full is-resized force-no-lightbox force-no-caption mb-0 is-style-rounded-180\"><a href=\"https:\/\/act.gp\/3E4VD02\"><img loading=\"lazy\" decoding=\"async\" src=\"https:\/\/www.greenpeace.org\/static\/planet4-mexico-stateless\/2023\/07\/9ff4d4a9-gp0stt3fe_web_size-1.jpg\" alt=\"\" class=\"wp-image-52915\" width=\"180\" height=\"180\"\/><\/a><figcaption class=\"wp-element-caption\">A turtle is caught in a fishnet trap.\nThe Rainbow Warrior is in the Mediterranean for a three month expedition &#8220;Defending Our Mediterranean&#8221;. Greenpeace is calling for the creation of marine reserves in the Mediterranean Sea, as part of a global network covering 40% of our seas and oceans.<\/figcaption><\/figure>\n\n\n\n<div style=\"height:16px\" aria-hidden=\"true\" class=\"wp-block-spacer\"><\/div>\n\n\n\n<h5 class=\"wp-block-heading has-text-align-center\" style=\"font-size:1rem\"><a href=\"https:\/\/act.gp\/3E4VD02\">Alto a la contaminaci\u00f3n pl\u00e1stica<\/a><\/h5>\n<\/div>\n<\/div>\n\n\n\n<div class=\"wp-block-column is-layout-flow wp-block-column-is-layout-flow\">\n<div class=\"wp-block-group group-stretched-link is-layout-flow wp-block-group-is-layout-flow\">\n<figure class=\"wp-block-image aligncenter size-full is-resized force-no-lightbox force-no-caption mb-0 is-style-rounded-180\"><a href=\"https:\/\/act.gp\/3stjnIz\"><img loading=\"lazy\" decoding=\"async\" src=\"https:\/\/www.greenpeace.org\/static\/planet4-mexico-stateless\/2023\/07\/ccd01984-gp1swpre_web_size-edited.jpg\" alt=\"\" class=\"wp-image-52902\" width=\"180\" height=\"180\"\/><\/a><figcaption class=\"wp-element-caption\">Imagen de un pulpo adulto de cristal pel\u00e1gico de aguas profundas (Vitreledonella richardi) en el Oc\u00e9ano Atl\u00e1ntico cerca de Cabo Verde.Este pulpo de aguas profundas puede volverse completamente transparente a excepci\u00f3n de sus \u00f3rganos internos.<\/figcaption><\/figure>\n\n\n\n<div style=\"height:16px\" aria-hidden=\"true\" class=\"wp-block-spacer\"><\/div>\n\n\n\n<h5 class=\"wp-block-heading has-text-align-center\" style=\"font-size:1rem\"><a href=\"https:\/\/act.gp\/3stjnIz\">NO a la miner\u00eda en aguas profundas<\/a><\/h5>\n<\/div>\n<\/div>\n\n\n\n<div class=\"wp-block-column is-layout-flow wp-block-column-is-layout-flow\">\n<div class=\"wp-block-group group-stretched-link is-layout-flow wp-block-group-is-layout-flow\">\n<figure class=\"wp-block-image aligncenter size-full is-resized force-no-lightbox force-no-caption mb-0 is-style-rounded-180\"><a href=\"https:\/\/act.gp\/3QKcjS8\"><img loading=\"lazy\" decoding=\"async\" src=\"https:\/\/www.greenpeace.org\/static\/planet4-mexico-stateless\/2023\/08\/3862392d-gp0229e_web_size.jpg\" alt=\"\" class=\"wp-image-53193\" width=\"180\" height=\"180\"\/><\/a><figcaption class=\"wp-element-caption\">An Olive Ridley turtle is pictured in a holding net at a fish farm outside Sanya in Hainan Island.<\/figcaption><\/figure>\n\n\n\n<div style=\"height:16px\" aria-hidden=\"true\" class=\"wp-block-spacer\"><\/div>\n\n\n\n<h5 class=\"wp-block-heading has-text-align-center\" style=\"font-size:1rem\"><a href=\"https:\/\/act.gp\/3QKcjS8\">Tratado global por los oc\u00e9anos<\/a><\/h5>\n<\/div>\n<\/div>\n<\/div>\n<\/div>\n<\/div>\n\n\n<div style=\"height:57px\" aria-hidden=\"true\" class=\"wp-block-spacer\"><\/div>\n","protected":false},"excerpt":{"rendered":"<p>La extensi\u00f3n Puerta al Sureste, es un proyecto que pretende construir un gasoducto que llevar\u00e1 gas desde el sur de Texas hasta M\u00e9xico. El gasoducto es un proyecto de a compa\u00f1\u00eda canadiense TC Energy y se espera que est\u00e9 operativo en el a\u00f1o 2025. Este tipo&nbsp; de megaproyectos puede tener impactos socioambientales graves como&nbsp; accidentes, [&hellip;]<\/p>\n","protected":false},"author":71,"featured_media":53282,"parent":53191,"menu_order":0,"comment_status":"closed","ping_status":"closed","template":"","meta":{"ep_exclude_from_search":false,"p4_hide_page_title_checkbox":"on","p4_title":"","p4_subtitle":"","p4_description":"","background_image_id":"","background_image":"","p4_button_title":"","p4_button_link":"","p4_button_link_checkbox":"","p4_og_title":"","p4_og_description":"","p4_og_image":"","p4_og_image_id":"","p4_seo_canonical_url":"","p4_campaign_name":"Protect the Oceans","p4_local_project":"","p4_basket_name":"Oceans","p4_department":"","footnotes":""},"categories":[],"tags":[],"class_list":["post-53253","page","type-page","status-publish","has-post-thumbnail","hentry"],"_links":{"self":[{"href":"https:\/\/www.greenpeace.org\/mexico\/wp-json\/wp\/v2\/pages\/53253","targetHints":{"allow":["GET"]}}],"collection":[{"href":"https:\/\/www.greenpeace.org\/mexico\/wp-json\/wp\/v2\/pages"}],"about":[{"href":"https:\/\/www.greenpeace.org\/mexico\/wp-json\/wp\/v2\/types\/page"}],"author":[{"embeddable":true,"href":"https:\/\/www.greenpeace.org\/mexico\/wp-json\/wp\/v2\/users\/71"}],"replies":[{"embeddable":true,"href":"https:\/\/www.greenpeace.org\/mexico\/wp-json\/wp\/v2\/comments?post=53253"}],"version-history":[{"count":21,"href":"https:\/\/www.greenpeace.org\/mexico\/wp-json\/wp\/v2\/pages\/53253\/revisions"}],"predecessor-version":[{"id":61215,"href":"https:\/\/www.greenpeace.org\/mexico\/wp-json\/wp\/v2\/pages\/53253\/revisions\/61215"}],"up":[{"embeddable":true,"href":"https:\/\/www.greenpeace.org\/mexico\/wp-json\/wp\/v2\/pages\/53191"}],"wp:featuredmedia":[{"embeddable":true,"href":"https:\/\/www.greenpeace.org\/mexico\/wp-json\/wp\/v2\/media\/53282"}],"wp:attachment":[{"href":"https:\/\/www.greenpeace.org\/mexico\/wp-json\/wp\/v2\/media?parent=53253"}],"wp:term":[{"taxonomy":"category","embeddable":true,"href":"https:\/\/www.greenpeace.org\/mexico\/wp-json\/wp\/v2\/categories?post=53253"},{"taxonomy":"post_tag","embeddable":true,"href":"https:\/\/www.greenpeace.org\/mexico\/wp-json\/wp\/v2\/tags?post=53253"}],"curies":[{"name":"wp","href":"https:\/\/api.w.org\/{rel}","templated":true}]}}