{"id":53625,"date":"2023-12-08T14:01:13","date_gmt":"2023-12-08T19:01:13","guid":{"rendered":"https:\/\/www.greenpeace.org\/mexico\/?page_id=53625"},"modified":"2025-06-25T09:36:51","modified_gmt":"2025-06-25T14:36:51","slug":"politica-de-privacidad-para-la-iniciativa-ciudadana-antiplasticos","status":"publish","type":"page","link":"https:\/\/www.greenpeace.org\/mexico\/politica-de-privacidad-para-la-iniciativa-ciudadana-antiplasticos\/","title":{"rendered":"Pol\u00edtica de privacidad"},"content":{"rendered":"\n                \n                <div class=\"wp-block-group alignfull is-layout-flow wp-block-group-is-layout-flow\">\n                \n                <div class=\"wp-block-group container is-layout-flow wp-block-group-is-layout-flow\">\n                \n                <div class=\"wp-block-media-text alignfull has-media-on-the-right is-stacked-on-mobile is-pattern-p4-page-header is-style-parallax\">\n\n                <div class=\"wp-block-media-text__content\">\n                    <div class=\"wp-block-group is-layout-flow wp-block-group-is-layout-flow\">\n                    \n                        <h1 class=\"wp-block-heading has-white-background-color has-background\">\n                            Pol\u00edtica de Privacidad para la Iniciativa ciudadana Antipl\u00e1sticos\n                        <\/h1>\n                    <\/div>\n                \n\n                \n\n                \n\n                <\/div>\n                <figure class=\"wp-block-media-text__media\">\n                    <img loading=\"lazy\" decoding=\"async\" width=\"2000\" height=\"1500\"\n                        src=\"https:\/\/storage.googleapis.com\/planet4-mexico-stateless-develop\/2018\/05\/d99ceb8a-bangladesh-flood-privacy.jpg\"\n                        alt=\"\"\n                        sizes=\"auto, (min-width: 601px) 50vw, 100vw\" srcset=\"https:\/\/storage.googleapis.com\/planet4-mexico-stateless-develop\/2018\/05\/d99ceb8a-bangladesh-flood-privacy.jpg 2000w, https:\/\/storage.googleapis.com\/planet4-mexico-stateless-develop\/2018\/05\/d99ceb8a-bangladesh-flood-privacy-300x225.jpg 300w, https:\/\/storage.googleapis.com\/planet4-mexico-stateless-develop\/2018\/05\/d99ceb8a-bangladesh-flood-privacy-768x576.jpg 768w, https:\/\/storage.googleapis.com\/planet4-mexico-stateless-develop\/2018\/05\/d99ceb8a-bangladesh-flood-privacy-1024x768.jpg 1024w, https:\/\/storage.googleapis.com\/planet4-mexico-stateless-develop\/2018\/05\/d99ceb8a-bangladesh-flood-privacy-1821x1366.jpg 1821w, https:\/\/storage.googleapis.com\/planet4-mexico-stateless-develop\/2018\/05\/d99ceb8a-bangladesh-flood-privacy-453x340.jpg 453w\" class=\"wp-image-81 size-full\"\n                    \/>\n                <\/figure>\n                <\/div>\n                \n                <\/div>\n                \n                <\/div>\n                \n                \n<h3 class=\"wp-block-heading\">Aviso de privacidad integral para tratamiento de datos recabados mediante el uso de la Aplicaci\u00f3n M\u00f3vil Apoyo Ciudadano-INE, para la captaci\u00f3n de datos a la \u201cIniciativa ciudadana Antipl\u00e1sticos. Propuesta de reforma a la Ley General para la Prevenci\u00f3n y Gesti\u00f3n Integral de los Residuos\u201d.<\/h3>\n\n<p><\/p>\n\n<h3 class=\"wp-block-heading\">Antecedentes.<\/h3>\n\n<p>GREENPEACE M\u00c9XICO A.C. en adelante (\u201cORGANIZACI\u00d3N\u201d) y EL INSTITUTO NACIONAL ELECTORAL en adelante (INE), celebraron Convenio de colaboraci\u00f3n, para el uso de la Aplicaci\u00f3n M\u00f3vil \u201cApoyo Ciudadano-INE\u201d, con ello GREENPEACE M\u00c9XICO A.C., realizar\u00e1 la captaci\u00f3n de apoyo ciudadano al proyecto de Iniciativa Ciudadana \u201cIniciativa ciudadana Antipl\u00e1sticos. Propuesta de reforma a la Ley General para la Prevenci\u00f3n y Gesti\u00f3n Integral de los Residuos\u201d.<\/p>\n\n<p><br>Adem\u00e1s de la \u201cAplicaci\u00f3n M\u00f3vil\u201d LA ORGANIZACI\u00d3N tendr\u00e1 acceso a la informaci\u00f3n contenida en el Portal Web de la aplicaci\u00f3n.<\/p>\n\n<p>De conformidad con las disposiciones establecidas en la Ley Federal de Protecci\u00f3n de Datos Personales en Posesi\u00f3n de Particulares (la \u201cLey\u201d), y dem\u00e1s relacionadas, nos permitimos informarle mediante este documento, sobre las caracter\u00edsticas y finalidades del tratamiento que se dar\u00e1 a sus datos personales con motivo de la captaci\u00f3n de datos para el apoyo ciudadano y a los que tendr\u00e1 acceso GREENPEACE M\u00c9XICO, A.C.,<br>Identidad y domicilio del responsable<\/p>\n\n<p>GREENPEACE M\u00c9XICO, A.C., es una Asociaci\u00f3n Civil constituida conforme a las Leyes de los Estados Unidos Mexicanos, en lo sucesivo identificada como la \u201cORGANIZACI\u00d3N\u201d, se encuentra ubicada en: Calle Luis Kuhne 55, Colonia Las \u00c1guilas, Alcald\u00eda \u00c1lvaro Obreg\u00f3n, C.P. 01710, en la Ciudad de M\u00e9xico, con n\u00famero de tel\u00e9fono: +525544405177 y correo electr\u00f3nico: <a href=\"mailto:greenpeace.mexico@greenpeace.org\">greenpeace.mexico@greenpeace.org<\/a>, hace de su conocimiento el Aviso de Privacidad Integral, en cumplimiento a la Ley Federal de Protecci\u00f3n de Datos Personales en Posesi\u00f3n de los Particulares, y le informa que sus datos personales, que hayan sido recabados actualmente o sean recabados en el futuro mediante el uso de la aplicaci\u00f3n m\u00f3vil Apoyo Ciudadano-INE, ser\u00e1n tratados y\/o utilizados por la ORGANIZACI\u00d3N, por los colaboradores de LA ORGANIZACI\u00d3N y\/o por aquellos terceros que, por la naturaleza de su trabajo o funciones, tengan necesidad de tratar y\/o utilizar sus datos personales.<\/p>\n\n<h3 class=\"wp-block-heading\"><br>\u00bfPara qu\u00e9 fines utilizaremos sus datos personales?<\/h3>\n\n<p>Los datos personales que la \u201cORGANIZACI\u00d3N\u201d obtiene, almacena y usa en este caso, le son proporcionados de manera colaborativa, voluntaria y confidencial a los Auxiliares de la \u201cIniciativa ciudadana Antipl\u00e1sticos. Propuesta de reforma a la Ley General para la Prevenci\u00f3n y Gesti\u00f3n Integral de los Residuos\u201d, que son quienes los captan a trav\u00e9s de la aplicaci\u00f3n m\u00f3vil, as\u00ed como directamente por la ciudadan\u00eda mediante la modalidad \u201cMi Apoyo\u201d sin la intermediaci\u00f3n de un auxiliar autorizado, y son exclusivamente, para:<\/p>\n\n<p>Obtener el apoyo ciudadano que se requiere para acreditar el cumplimiento del porcentaje de ciudadanos inscritos en la Lista Nominal de Electores al proyecto de Iniciativa Ciudadana, denominado como \u201cIniciativa ciudadana Antipl\u00e1sticos. Propuesta de reforma a la Ley General para la Prevenci\u00f3n y Gesti\u00f3n Integral de los Residuos\u201d.<\/p>\n\n<h3 class=\"wp-block-heading\"><br>\u00bfQu\u00e9 datos personales recabamos y utilizamos?<\/h3>\n\n<p>Los datos personales que recabamos a trav\u00e9s de los auxiliares y de la modalidad \u201cMi Apoyo\u201d son:<\/p>\n\n<p>Nombre Completo.<br>Domicilio particular.<br>Correo electr\u00f3nico<br>Clave de elector.<br>CURP (Clave \u00danica de Registro de Poblaci\u00f3n).<br>N\u00famero de emisi\u00f3n.<br>OCR\/CIC (el dato a captar var\u00eda en funci\u00f3n del modelo de la Credencial para Votar con Fotograf\u00eda).<\/p>\n\n<p>Dichos datos ser\u00e1n protegidos y resguardados por la Direcci\u00f3n de Campa\u00f1as y la Direcci\u00f3n de Desarrollo Organizacional de LA ORGANIZACI\u00d3N y en su tratamiento intervendr\u00e1n las \u00e1reas de campa\u00f1as, as\u00ed como la de Business Intelligence.<\/p>\n\n<h3 class=\"wp-block-heading\"><br>\u00bfQu\u00e9 datos personales sensibles utilizaremos?<\/h3>\n\n<p>Para el cumplimento de los objetivos antes mencionados, se recabar\u00e1n los siguientes datos personales sensibles.<\/p>\n\n<p>Fotograf\u00eda de su credencial de elector por ambos lados, tomada a trav\u00e9s de la aplicaci\u00f3n m\u00f3vil, autorizada y habilitada por el Instituto Nacional Electoral a Greenpeace M\u00e9xico A.C.<br>Firma aut\u00f3grafa digitalizada a trav\u00e9s de dicha aplicaci\u00f3n.<br>Fotograf\u00eda viva o presencial.<\/p>\n\n<h3 class=\"wp-block-heading\">\u00bfC\u00f3mo obtenemos sus datos?<\/h3>\n\n<p><br>Directamente: Toda vez que, los titulares proporcionan sus datos personales mediante la modalidad \u201cMi Apoyo\u201d de la Aplicaci\u00f3n M\u00f3vil Apoyo Ciudadano-INE o a trav\u00e9s de la intermediaci\u00f3n de los auxiliares por medio de su firma y comparte la informaci\u00f3n para la captaci\u00f3n del apoyo ciudadano, de la Iniciativa ciudadana Antipl\u00e1sticos. Propuesta de reforma a la Ley General para la Prevenci\u00f3n y Gesti\u00f3n Integral de los Residuos\u201d, promovida por LA ORGANIZACI\u00d3N.<\/p>\n\n<h3 class=\"wp-block-heading\"><br>\u00bfCon qui\u00e9n compartimos su informaci\u00f3n personal y para qu\u00e9 fines?<\/h3>\n\n<p><br>Los datos personales recabados a trav\u00e9s de la \u201cAplicaci\u00f3n M\u00f3vil\u201d ser\u00e1n compartidos y remitidos de manera autom\u00e1tica al Instituto Nacional Electoral y despu\u00e9s a la C\u00e1mara del Congreso de la Uni\u00f3n seleccionada cuando se lleve a cabo el tr\u00e1mite formal del ingreso de la iniciativa ciudadana \u201cIniciativa ciudadana Antipl\u00e1sticos. Propuesta de reforma a la Ley General para la Prevenci\u00f3n y Gesti\u00f3n Integral de los Residuos\u201d, con la finalidad de que se pueda contabilizar la cantidad de personas que apoyan dicha iniciativa.<\/p>\n\n<h3 class=\"wp-block-heading\">\u00bfC\u00f3mo puede acceder, rectificar, cancelar u oponerse al uso de sus datos personales?<\/h3>\n\n<p>El titular de los datos personales tiene derecho a conocer qu\u00e9 datos personales tenemos de usted, para qu\u00e9 los utilizamos, as\u00ed como las condiciones del uso que les damos (Acceso). Asimismo, es su derecho solicitar la correcci\u00f3n de su informaci\u00f3n personal en caso de que est\u00e9 desactualizada, sea inexacta o incompleta (Rectificaci\u00f3n); que la eliminemos de nuestros registros o bases de datos cuando considere que la misma no est\u00e1 siendo utilizada conforme a los principios, deberes y obligaciones previstas en la normativa (Cancelaci\u00f3n); as\u00ed como oponerse al uso de sus datos personales para fines espec\u00edficos (Oposici\u00f3n). Estos derechos se conocen como derechos ARCO.<\/p>\n\n<p><br>El titular de los datos personales podr\u00e1 ejercer sus Derechos ARCO, mismos que se encuentran consagrados en la Ley Federal de Protecci\u00f3n de Datos Personales en Posesi\u00f3n de los Particulares, presentando una solicitud por escrito en nuestro domicilio, ubicado en calle: Calle Luis Kuhne 55, Colonia Las \u00c1guilas, Alcald\u00eda \u00c1lvaro Obreg\u00f3n, C.P. 01710, en la Ciudad de M\u00e9xico o al correo electr\u00f3nico <a href=\"mailto:greenpeace.mexico@greenpeace.org\">greenpeace.mexico@greenpeace.org<\/a><\/p>\n\n<p>Con la finalidad de poder atender su solicitud, \u00e9sta deber\u00e1 satisfacer todos los requisitos estipulados en la Ley Federal de Protecci\u00f3n de Datos Personales en Posesi\u00f3n de los Particulares, como son:<\/p>\n\n<p>El nombre del titular, domicilio, n\u00famero telef\u00f3nico o correo electr\u00f3nico para comunicarle la respuesta a su solicitud.<br>Los documentos que acrediten la identidad o, en su caso, la representaci\u00f3n legal del titular.<br>La descripci\u00f3n clara y precisa de los Datos Personales respecto de los que se busca ejercer alguno de los derechos antes mencionados (en caso de modificaci\u00f3n se deber\u00e1 indicar las modificaciones a realizar y aportar la documentaci\u00f3n que sustente su petici\u00f3n).<br>Cualquier otro documento o elemento que facilite la localizaci\u00f3n de datos personales.<\/p>\n\n<p>Los documentos deber\u00e1n ser escaneados y adjuntados al correo electr\u00f3nico <a href=\"mailto:greenpeace.mexico@greenpeace.org\">greenpeace.mexico@greenpeace.org<\/a> para verificar la veracidad de estos.<\/p>\n\n<h3 class=\"wp-block-heading\"><br>\u00bfC\u00f3mo puede revocar su consentimiento para el uso de sus datos personales?<\/h3>\n\n<p>Usted puede revocar el consentimiento que, en su caso, nos haya otorgado para el tratamiento de sus datos personales. Sin embargo, es importante que tenga en cuenta que no en todos los casos podremos atender su solicitud o concluir el uso de forma inmediata, ya que es posible que por alguna obligaci\u00f3n legal requiramos seguir tratando sus datos personales. Asimismo, usted deber\u00e1 considerar que, para ciertos fines, la revocaci\u00f3n de su consentimiento implica que es la conclusi\u00f3n de su relaci\u00f3n con nosotros.<\/p>\n\n<p><br>Para revocar su consentimiento deber\u00e1 presentar una solicitud por escrito en nuestro domicilio, ubicado en calle: Calle Luis Kuhne 55, Colonia Las \u00c1guilas, Alcald\u00eda \u00c1lvaro Obreg\u00f3n, C.P. 01710, en la Ciudad de M\u00e9xico<\/p>\n\n<p>El procedimiento y requisitos para la revocaci\u00f3n del consentimiento es el siguiente:<br>Una vez recibida su solicitud para ejercer sus derechos ARCO debidamente integrada y con los requisitos legales vigentes, recibir\u00e1 contestaci\u00f3n de nuestra parte en un plazo no mayor a 20 d\u00edas h\u00e1biles.<br>Si resultara procedente, se har\u00e1 efectiva dentro de los 15 d\u00edas h\u00e1biles siguientes a que le comunicamos nuestra respuesta.<br>En caso de estar inconforme con la respuesta notificada, tendr\u00e1 un plazo de 20 d\u00edas h\u00e1biles para ponerse en contacto con nosotros, indicando su inconformidad o inquietud, con la finalidad de resolver dicha situaci\u00f3n.<br>En caso de no responder nuestra contestaci\u00f3n en el plazo se\u00f1alado, LA \u201cORGANIZACI\u00d3N\u201d entiende de buena fe que est\u00e1 conforme con nuestra respuesta.<\/p>\n\n<h3 class=\"wp-block-heading\">Modificaciones al Aviso de Privacidad. \u00bfC\u00f3mo puede conocer los cambios a este aviso de privacidad?<\/h3>\n\n<p>El presente Aviso de Privacidad puede sufrir modificaciones, cambios o actualizaciones derivadas de nuevos requerimientos legales; de nuestras propias necesidades por los servicios que ofrecemos; de nuestras pr\u00e1cticas de privacidad; de cambios en nuestro modelo de operaci\u00f3n, o por otras causas.<\/p>\n\n<p><br>Nos comprometemos a mantenerlo informado sobre los cambios que pueda sufrir el presente Aviso de Privacidad cuando se hagan cambios significativos al mismo, as\u00ed como cuando se requiera recabar su consentimiento, en un plazo no mayor a 60 d\u00edas h\u00e1biles a partir de la fecha de modificaci\u00f3n. La versi\u00f3n actualizada del Aviso de Privacidad estar\u00e1 disponible en nuestro sitio web: https:\/\/www.greenpeace.org\/mexico\/<\/p>\n\n<h3 class=\"wp-block-heading\">Quejas y denuncias por el tratamiento indebido de datos personales<\/h3>\n\n<p>Si usted considera que su derecho de protecci\u00f3n de datos personales ha sido lesionado por alguna conducta de nuestros empleados, encargados o de nuestras actuaciones o respuestas, y presume que en el tratamiento de sus datos personales existe alguna violaci\u00f3n a las disposiciones previstas en la Ley, podr\u00e1 interponer la queja o denuncia correspondiente ante el Instituto Nacional de Transparencia, Acceso a la Informaci\u00f3n y Protecci\u00f3n de Datos Personales (\u201cINAI\u201d), para mayor informaci\u00f3n visite https:\/\/home.inai.org.mx\/.<\/p>\n\n<h3 class=\"wp-block-heading\">Consentimiento expreso<\/h3>\n\n<p>Hacemos de su conocimiento que sus datos personales y datos personales sensibles ser\u00e1n resguardados bajo estrictas medidas de seguridad administrativas, t\u00e9cnicas y f\u00edsicas las cuales han sido implementadas con el objeto de proteger sus datos personales contra da\u00f1o, p\u00e9rdida, alteraci\u00f3n, destrucci\u00f3n o el uso o acceso o tratamiento no autorizado.<\/p>\n\n<p>\uf090 Otorgo mi consentimiento para que mis datos personales y personales sensibles sean tratados conforme a lo se\u00f1alado en el presente Aviso de Privacidad.<\/p>\n\n<h3 class=\"wp-block-heading\">Datos de Contacto<\/h3>\n\n<p>En caso de dudas o comentarios respecto del presente Aviso de Privacidad, as\u00ed como para ejercitar sus derechos ARCO le proporcionamos nuestros datos de contacto:<\/p>\n\n<p>GREENPEACE MEXICO A.C.<br>Domicilio: Calle Luis Kuhne 55, Colonia Las \u00c1guilas, Alcald\u00eda \u00c1lvaro Obreg\u00f3n, C.P. 01710, en la Ciudad de M\u00e9xico<br>Tel\u00e9fono: +52 55 4440 5177<br>Correo: <a href=\"mailto:greenpeace.mexico@greenpeace.org\">greenpeace.mexico@greenpeace.org<\/a><\/p>\n\n<p><br>\u00daltima actualizaci\u00f3n: 4 de diciembre de 2023.<\/p>\n","protected":false},"excerpt":{"rendered":"<p>Aviso de privacidad integral para tratamiento de datos recabados mediante el uso de la Aplicaci\u00f3n M\u00f3vil Apoyo Ciudadano-INE, para la captaci\u00f3n de datos a la \u201cIniciativa ciudadana Antipl\u00e1sticos. Propuesta de reforma a la Ley General para la Prevenci\u00f3n y Gesti\u00f3n Integral de los Residuos\u201d. Antecedentes. GREENPEACE M\u00c9XICO A.C. en adelante (\u201cORGANIZACI\u00d3N\u201d) y EL INSTITUTO NACIONAL [&hellip;]<\/p>\n","protected":false},"author":73,"featured_media":81,"parent":0,"menu_order":0,"comment_status":"closed","ping_status":"closed","template":"page-templates\/evergreen.php","meta":{"ep_exclude_from_search":false,"p4_hide_page_title_checkbox":"on","p4_title":"","p4_subtitle":"","p4_description":"","background_image_id":"","background_image":"","p4_button_title":"","p4_button_link":"","p4_button_link_checkbox":"","p4_og_title":"","p4_og_description":"","p4_og_image":"","p4_og_image_id":"","p4_seo_canonical_url":"","p4_campaign_name":"not set","p4_local_project":"not set","p4_basket_name":"not set","p4_department":"","footnotes":""},"categories":[2],"tags":[],"class_list":["post-53625","page","type-page","status-publish","has-post-thumbnail","hentry","category-cambio-climatico"],"_links":{"self":[{"href":"https:\/\/www.greenpeace.org\/mexico\/wp-json\/wp\/v2\/pages\/53625","targetHints":{"allow":["GET"]}}],"collection":[{"href":"https:\/\/www.greenpeace.org\/mexico\/wp-json\/wp\/v2\/pages"}],"about":[{"href":"https:\/\/www.greenpeace.org\/mexico\/wp-json\/wp\/v2\/types\/page"}],"author":[{"embeddable":true,"href":"https:\/\/www.greenpeace.org\/mexico\/wp-json\/wp\/v2\/users\/73"}],"replies":[{"embeddable":true,"href":"https:\/\/www.greenpeace.org\/mexico\/wp-json\/wp\/v2\/comments?post=53625"}],"version-history":[{"count":8,"href":"https:\/\/www.greenpeace.org\/mexico\/wp-json\/wp\/v2\/pages\/53625\/revisions"}],"predecessor-version":[{"id":58106,"href":"https:\/\/www.greenpeace.org\/mexico\/wp-json\/wp\/v2\/pages\/53625\/revisions\/58106"}],"wp:featuredmedia":[{"embeddable":true,"href":"https:\/\/www.greenpeace.org\/mexico\/wp-json\/wp\/v2\/media\/81"}],"wp:attachment":[{"href":"https:\/\/www.greenpeace.org\/mexico\/wp-json\/wp\/v2\/media?parent=53625"}],"wp:term":[{"taxonomy":"category","embeddable":true,"href":"https:\/\/www.greenpeace.org\/mexico\/wp-json\/wp\/v2\/categories?post=53625"},{"taxonomy":"post_tag","embeddable":true,"href":"https:\/\/www.greenpeace.org\/mexico\/wp-json\/wp\/v2\/tags?post=53625"}],"curies":[{"name":"wp","href":"https:\/\/api.w.org\/{rel}","templated":true}]}}