{"id":55272,"date":"2025-04-22T14:53:53","date_gmt":"2025-04-22T19:53:53","guid":{"rendered":"https:\/\/www-dev.greenpeace.org\/mexico\/?page_id=55272"},"modified":"2025-09-23T04:58:51","modified_gmt":"2025-09-23T09:58:51","slug":"desarrollos-inmobiliarios","status":"publish","type":"page","link":"https:\/\/www.greenpeace.org\/mexico\/campanas\/desarrollos-inmobiliarios\/","title":{"rendered":"Desarrollos inmobiliarios"},"content":{"rendered":"\n\n<div class=\"wp-block-group alignfull is-layout-flow wp-block-group-is-layout-flow\">\n<div class=\"wp-block-group container is-layout-flow wp-block-group-is-layout-flow\">\n<div class=\"wp-block-media-text alignfull has-media-on-the-right is-stacked-on-mobile is-pattern-p4-page-header is-style-parallax\" style=\"grid-template-columns:auto 66%\"><div class=\"wp-block-media-text__content\">\n<div class=\"wp-block-group is-layout-flow wp-block-group-is-layout-flow\">\n<h1 class=\"wp-block-heading has-white-color has-green-800-background-color has-text-color has-background has-link-color wp-elements-1db03df22adfb5c0453b9dee8ac69eac\" style=\"font-size:65px\">Megaproyectos inmobiliarios<\/h1>\n<\/div>\n\n\n\n<p style=\"font-size:1.25rem\">Vivir en medio de la Selva Maya es un derecho de sus habitantes originarios, no un privilegio para unos pocos.<\/p>\n<\/div><figure class=\"wp-block-media-text__media\"><img decoding=\"async\" src=\"https:\/\/www.greenpeace.org\/static\/planet4-mexico-stateless\/2025\/07\/991a4c80-gp0su4n66_pressmedia-2500px-1-1-1024x683.jpg\" alt=\"Fotograf\u00eda a\u00e9rea de megaproyecto inmobiliario en la selva maya\" sizes=\"(min-width: 601px) 66vw, 100vw\" srcset=\"\" class=\"wp-image-59193 size-full\"\/><\/figure><\/div>\n<\/div>\n<\/div>\n\n\n<h2 class=\"wp-block-heading has-text-align-center has-dark-green-800-color has-text-color has-link-color wp-elements-15b45e4063f39e0fc359188467349624\">\u00bfQu\u00e9 est\u00e1 pasando en la selva maya?<\/h2>\n\n<p class=\"has-text-align-center has-grey-200-background-color has-background\">La Selva Maya est\u00e1 siendo devastada por <strong>desarrollos inmobiliarios<\/strong> que talan miles de \u00e1rboles, secan cenotes y desplazan a la fauna silvestre, todo para vender una ilusi\u00f3n de \u201c<strong>lujo en medio de la naturaleza<\/strong>\u201d que en realidad destruye lo que la hace valiosa.<br><br> Invertir en estos proyectos mientras destruimos el ecosistema que nos protege del cambio clim\u00e1tico no solo es contradictorio: es peligroso. Es como quemar la casa donde queremos vivir.  Lo que realmente necesitamos es apostar por un futuro sostenible, no por modelos de especulaci\u00f3n que <strong>priorizan la ganancia r\u00e1pida sobre la vida.<br><\/strong><br><strong>\u00bfEl resultado de seguir as\u00ed? <\/strong>Perdemos biodiversidad, rompemos el equilibrio ecol\u00f3gico y deterioramos servicios vitales como la regulaci\u00f3n del clima, la captaci\u00f3n de carbono y el resguardo del agua.<\/p>\n\n<div style=\"height:30px\" aria-hidden=\"true\" class=\"wp-block-spacer\"><\/div>\n\n<h2 class=\"wp-block-heading has-text-align-center has-dark-green-800-color has-text-color has-link-color has-large-font-size wp-elements-a990d8394acf4c02e8e9741beafb8636\"><strong>Una amenaza sin precedentes en la Pen\u00ednsula de Yucat\u00e1n<\/strong><\/h2>\n\n<p class=\"has-text-align-center\">Hoy, la Pen\u00ednsula de Yucat\u00e1n enfrenta una <strong>presi\u00f3n inmobiliaria sin precedente<\/strong>:<\/p>\n\n<div class=\"wp-block-columns is-layout-flex wp-container-core-columns-is-layout-9d6595d7 wp-block-columns-is-layout-flex\">\n<div class=\"wp-block-column is-layout-flow wp-block-column-is-layout-flow\">\n<figure class=\"wp-block-image aligncenter size-full is-resized mb-0 force-no-lightbox force-no-caption\"><img loading=\"lazy\" decoding=\"async\" width=\"512\" height=\"512\" src=\"https:\/\/www.greenpeace.org\/static\/planet4-mexico-stateless\/2025\/04\/129b1dd9-cambios-irregulares-suelo.png\" alt=\"\" class=\"wp-image-55305\" style=\"width:112px\" srcset=\"https:\/\/www.greenpeace.org\/static\/planet4-mexico-stateless\/2025\/04\/129b1dd9-cambios-irregulares-suelo.png 512w, https:\/\/www.greenpeace.org\/static\/planet4-mexico-stateless\/2025\/04\/129b1dd9-cambios-irregulares-suelo-300x300.png 300w, https:\/\/www.greenpeace.org\/static\/planet4-mexico-stateless\/2025\/04\/129b1dd9-cambios-irregulares-suelo-150x150.png 150w, https:\/\/www.greenpeace.org\/static\/planet4-mexico-stateless\/2025\/04\/129b1dd9-cambios-irregulares-suelo-340x340.png 340w\" sizes=\"auto, (max-width: 512px) 100vw, 512px\" \/><\/figure>\n\n\n\n<h4 class=\"wp-block-heading has-text-align-center\">Cambios irregulares en el uso de suelo<\/h4>\n<\/div>\n\n\n\n<div class=\"wp-block-column is-layout-flow wp-block-column-is-layout-flow\">\n<figure class=\"wp-block-image aligncenter size-full is-resized mb-0 force-no-lightbox force-no-caption\"><img loading=\"lazy\" decoding=\"async\" width=\"512\" height=\"512\" src=\"https:\/\/www.greenpeace.org\/static\/planet4-mexico-stateless\/2025\/04\/861c5f42-expansion-descontrolada.png\" alt=\"\" class=\"wp-image-55306\" style=\"width:112px\" srcset=\"https:\/\/www.greenpeace.org\/static\/planet4-mexico-stateless\/2025\/04\/861c5f42-expansion-descontrolada.png 512w, https:\/\/www.greenpeace.org\/static\/planet4-mexico-stateless\/2025\/04\/861c5f42-expansion-descontrolada-300x300.png 300w, https:\/\/www.greenpeace.org\/static\/planet4-mexico-stateless\/2025\/04\/861c5f42-expansion-descontrolada-150x150.png 150w, https:\/\/www.greenpeace.org\/static\/planet4-mexico-stateless\/2025\/04\/861c5f42-expansion-descontrolada-340x340.png 340w\" sizes=\"auto, (max-width: 512px) 100vw, 512px\" \/><\/figure>\n\n\n\n<h4 class=\"wp-block-heading has-text-align-center\">Expansi\u00f3n descontrolada de desarrollos tur\u00edsticos y residenciales<\/h4>\n<\/div>\n\n\n\n<div class=\"wp-block-column is-layout-flow wp-block-column-is-layout-flow\">\n<figure class=\"wp-block-image aligncenter size-full is-resized mb-0 force-no-lightbox force-no-caption\"><img loading=\"lazy\" decoding=\"async\" width=\"512\" height=\"512\" src=\"https:\/\/www.greenpeace.org\/static\/planet4-mexico-stateless\/2025\/04\/2ed5eb5b-devastacion-selva.png\" alt=\"\" class=\"wp-image-55308\" style=\"width:112px\" srcset=\"https:\/\/www.greenpeace.org\/static\/planet4-mexico-stateless\/2025\/04\/2ed5eb5b-devastacion-selva.png 512w, https:\/\/www.greenpeace.org\/static\/planet4-mexico-stateless\/2025\/04\/2ed5eb5b-devastacion-selva-300x300.png 300w, https:\/\/www.greenpeace.org\/static\/planet4-mexico-stateless\/2025\/04\/2ed5eb5b-devastacion-selva-150x150.png 150w, https:\/\/www.greenpeace.org\/static\/planet4-mexico-stateless\/2025\/04\/2ed5eb5b-devastacion-selva-340x340.png 340w\" sizes=\"auto, (max-width: 512px) 100vw, 512px\" \/><\/figure>\n\n\n\n<h4 class=\"wp-block-heading has-text-align-center\">Devastaci\u00f3n de la selva y afectaci\u00f3n de los recursos h\u00eddricos<\/h4>\n<\/div>\n<\/div>\n\n<div style=\"height:40px\" aria-hidden=\"true\" class=\"wp-block-spacer\"><\/div>\n\n<div class=\"wp-block-media-text is-stacked-on-mobile\"><figure class=\"wp-block-media-text__media\"><img loading=\"lazy\" decoding=\"async\" width=\"1200\" height=\"800\" src=\"https:\/\/www.greenpeace.org\/static\/planet4-mexico-stateless\/2025\/07\/d7a916c7-gp0su653b.jpg\" alt=\"Greenpeace dumps stone material in front of  SEMARNAT and demands: No more Calicas in the  Selva Maya!. \u00a9 Gustavo Graf \/ Greenpeace\" sizes=\"auto, (min-width: 1600px) calc((1320px - 24px) \/ 2),(min-width: 1200px) calc((1140px - 24px) \/ 2),(min-width: 992px) calc((960px - 24px) \/ 2),(min-width: 768px) calc((720px - 24px) \/ 2),(min-width: 601px) calc((540px - 24px) \/ 2),(min-width: 577px) calc((540px - 24px) \/ 1), calc(100vw - 24px)\" srcset=\"https:\/\/www.greenpeace.org\/static\/planet4-mexico-stateless\/2025\/07\/d7a916c7-gp0su653b.jpg 1200w, https:\/\/www.greenpeace.org\/static\/planet4-mexico-stateless\/2025\/07\/d7a916c7-gp0su653b-300x200.jpg 300w, https:\/\/www.greenpeace.org\/static\/planet4-mexico-stateless\/2025\/07\/d7a916c7-gp0su653b-1024x683.jpg 1024w, https:\/\/www.greenpeace.org\/static\/planet4-mexico-stateless\/2025\/07\/d7a916c7-gp0su653b-768x512.jpg 768w, https:\/\/www.greenpeace.org\/static\/planet4-mexico-stateless\/2025\/07\/d7a916c7-gp0su653b-510x340.jpg 510w\" class=\"wp-image-59304 size-full\"\/><\/figure><div class=\"wp-block-media-text__content\">\n<h3 class=\"wp-block-heading has-dark-green-800-color has-text-color has-link-color has-large-font-size wp-elements-2dc385fb1a076a64e9059f80bd30ee1b\"><strong>Soluci\u00f3n: Vivienda sostenible y con ordenamiento<\/strong><\/h3>\n\n\n\n<div style=\"height:10px\" aria-hidden=\"true\" class=\"wp-block-spacer\"><\/div>\n\n\n\n<p>En Greenpeace no nos oponemos al turismo ni a la vivienda. Lo que denunciamos es un modelo inmobiliario que prioriza las ganancias de unos pocos por encima de los derechos de las comunidades y el equilibrio ecol\u00f3gico.<\/p>\n\n\n\n<h3 class=\"wp-block-heading\"><strong>\u00bfQu\u00e9 proponemos?<\/strong><\/h3>\n\n\n\n<ul class=\"wp-block-list\">\n<li>Un <strong>ordenamiento territorial justo<\/strong> que proteja la biodiversidad.<\/li>\n\n\n\n<li>Proyectos tur\u00edsticos <strong>sostenibles y comunitarios<\/strong>, no masivos.<\/li>\n\n\n\n<li>Respeto a los pueblos originarios y su derecho al territorio.<\/li>\n\n\n\n<li>Protecci\u00f3n de zonas clave como manglares, cenotes, selvas y acu\u00edferos.<\/li>\n<\/ul>\n<\/div><\/div>\n\n<div style=\"height:40px\" aria-hidden=\"true\" class=\"wp-block-spacer\"><\/div>\n\n<div class=\"wp-block-media-text has-media-on-the-right is-stacked-on-mobile\"><div class=\"wp-block-media-text__content\">\n<h3 class=\"wp-block-heading has-dark-green-800-color has-text-color has-link-color has-large-font-size wp-elements-861648543979bb88a0e2b559d18ba9a7\"><strong>\u00bfQu\u00e9 estamos haciendo?<\/strong><\/h3>\n\n\n\n<div style=\"height:10px\" aria-hidden=\"true\" class=\"wp-block-spacer\"><\/div>\n\n\n\n<p>Desde Greenpeace, llevamos a\u00f1os alzando la voz por la Selva Maya. Gracias a la presi\u00f3n ciudadana, logramos frenar proyectos como:<\/p>\n\n\n\n<ul class=\"wp-block-list\">\n<li>Un mega parque hotelero e inmobiliario de Xcaret cerca de la zona arqueol\u00f3gica de Uxmal, que implicaba la tala de m\u00e1s de 160 mil \u00e1rboles.<\/li>\n<\/ul>\n\n\n\n<p>Seguimos documentando y denunciando los impactos de los megaproyectos inmobiliarios y exigiendo a las autoridades que cumplan con su deber de proteger el patrimonio ambiental de M\u00e9xico.<\/p>\n<\/div><figure class=\"wp-block-media-text__media\"><img loading=\"lazy\" decoding=\"async\" width=\"1200\" height=\"900\" src=\"https:\/\/www.greenpeace.org\/static\/planet4-mexico-stateless\/2025\/04\/b9b13250-gp1sx8dj.jpg\" alt=\"Action at Mayan Train Construction in Mexico. \u00a9 Gustavo Graf \/ Greenpeace\" sizes=\"auto, (min-width: 1600px) calc((1320px - 24px) \/ 2),(min-width: 1200px) calc((1140px - 24px) \/ 2),(min-width: 992px) calc((960px - 24px) \/ 2),(min-width: 768px) calc((720px - 24px) \/ 2),(min-width: 601px) calc((540px - 24px) \/ 2),(min-width: 577px) calc((540px - 24px) \/ 1), calc(100vw - 24px)\" srcset=\"https:\/\/www.greenpeace.org\/static\/planet4-mexico-stateless\/2025\/04\/b9b13250-gp1sx8dj.jpg 1200w, https:\/\/www.greenpeace.org\/static\/planet4-mexico-stateless\/2025\/04\/b9b13250-gp1sx8dj-300x225.jpg 300w, https:\/\/www.greenpeace.org\/static\/planet4-mexico-stateless\/2025\/04\/b9b13250-gp1sx8dj-1024x768.jpg 1024w, https:\/\/www.greenpeace.org\/static\/planet4-mexico-stateless\/2025\/04\/b9b13250-gp1sx8dj-768x576.jpg 768w, https:\/\/www.greenpeace.org\/static\/planet4-mexico-stateless\/2025\/04\/b9b13250-gp1sx8dj-453x340.jpg 453w\" class=\"wp-image-55291 size-full\"\/><\/figure><\/div>\n\n<div style=\"height:40px\" aria-hidden=\"true\" class=\"wp-block-spacer\"><\/div>\n\n<p class=\"has-text-align-center has-grey-900-color has-grey-200-background-color has-text-color has-background has-link-color wp-elements-df29cd578f7ed56ca60b1363c65df32c\" style=\"font-size:27px\">Exigimos un modelo que respete tanto el derecho a la vivienda como el derecho a un entorno sano.<\/p>\n\n<div style=\"height:40px\" aria-hidden=\"true\" class=\"wp-block-spacer\"><\/div>\n\n<h3 class=\"wp-block-heading has-text-align-center has-dark-green-800-color has-text-color has-link-color has-large-font-size wp-elements-a2fadb7f1560e51a231f5a59b55dd580\">Necesitamos un cambio estructural<\/h3>\n\n<p class=\"has-text-align-center\">La defensa de la Selva Maya no puede ser caso por caso. <strong>Exigimos un ordenamiento territorial<\/strong> que:<\/p>\n\n\n<div class=\"wp-block-columns block is-layout-flex wp-container-core-columns-is-layout-9d6595d7 wp-block-columns-is-layout-flex\">\n<div class=\"wp-block-column is-layout-flow wp-block-column-is-layout-flow\">\n<div class=\"wp-block-group is-layout-flow wp-block-group-is-layout-flow\">\n<figure class=\"wp-block-image aligncenter size-full is-resized mb-0 force-no-lightbox force-no-caption\"><img loading=\"lazy\" decoding=\"async\" width=\"512\" height=\"512\" src=\"https:\/\/www.greenpeace.org\/static\/planet4-mexico-stateless\/2025\/04\/96f9c7a5-proteccion-ambiental.png\" alt=\"\" class=\"wp-image-55313\" style=\"width:75px;height:auto\" srcset=\"https:\/\/www.greenpeace.org\/static\/planet4-mexico-stateless\/2025\/04\/96f9c7a5-proteccion-ambiental.png 512w, https:\/\/www.greenpeace.org\/static\/planet4-mexico-stateless\/2025\/04\/96f9c7a5-proteccion-ambiental-300x300.png 300w, https:\/\/www.greenpeace.org\/static\/planet4-mexico-stateless\/2025\/04\/96f9c7a5-proteccion-ambiental-150x150.png 150w, https:\/\/www.greenpeace.org\/static\/planet4-mexico-stateless\/2025\/04\/96f9c7a5-proteccion-ambiental-340x340.png 340w\" sizes=\"auto, (max-width: 512px) 100vw, 512px\" \/><\/figure>\n\n\n\n<h4 class=\"wp-block-heading has-text-align-center\">Ponga la protecci\u00f3n ambiental al centro<\/h4>\n\n\n\n<div style=\"height:16px\" aria-hidden=\"true\" class=\"wp-block-spacer\"><\/div>\n<\/div>\n<\/div>\n\n\n\n<div class=\"wp-block-column is-layout-flow wp-block-column-is-layout-flow\">\n<div class=\"wp-block-group is-layout-flow wp-block-group-is-layout-flow\">\n<figure class=\"wp-block-image aligncenter size-full is-resized mb-0 force-no-lightbox force-no-caption\"><img loading=\"lazy\" decoding=\"async\" width=\"512\" height=\"512\" src=\"https:\/\/www.greenpeace.org\/static\/planet4-mexico-stateless\/2025\/04\/c13c2b70-people.png\" alt=\"\" class=\"wp-image-55317\" style=\"width:73px;height:auto\" srcset=\"https:\/\/www.greenpeace.org\/static\/planet4-mexico-stateless\/2025\/04\/c13c2b70-people.png 512w, https:\/\/www.greenpeace.org\/static\/planet4-mexico-stateless\/2025\/04\/c13c2b70-people-300x300.png 300w, https:\/\/www.greenpeace.org\/static\/planet4-mexico-stateless\/2025\/04\/c13c2b70-people-150x150.png 150w, https:\/\/www.greenpeace.org\/static\/planet4-mexico-stateless\/2025\/04\/c13c2b70-people-340x340.png 340w\" sizes=\"auto, (max-width: 512px) 100vw, 512px\" \/><\/figure>\n\n\n\n<h4 class=\"wp-block-heading has-text-align-center\">Respete a las comunidades locales<\/h4>\n\n\n\n<div style=\"height:16px\" aria-hidden=\"true\" class=\"wp-block-spacer\"><\/div>\n<\/div>\n<\/div>\n\n\n\n<div class=\"wp-block-column is-layout-flow wp-block-column-is-layout-flow\">\n<div class=\"wp-block-group is-layout-flow wp-block-group-is-layout-flow\">\n<figure class=\"wp-block-image aligncenter size-full is-resized mb-0 force-no-lightbox force-no-caption\"><img loading=\"lazy\" decoding=\"async\" width=\"512\" height=\"512\" src=\"https:\/\/www.greenpeace.org\/static\/planet4-mexico-stateless\/2025\/04\/bf50c9d5-turismo-sostenible.png\" alt=\"\" class=\"wp-image-55314\" style=\"width:73px;height:auto\" srcset=\"https:\/\/www.greenpeace.org\/static\/planet4-mexico-stateless\/2025\/04\/bf50c9d5-turismo-sostenible.png 512w, https:\/\/www.greenpeace.org\/static\/planet4-mexico-stateless\/2025\/04\/bf50c9d5-turismo-sostenible-300x300.png 300w, https:\/\/www.greenpeace.org\/static\/planet4-mexico-stateless\/2025\/04\/bf50c9d5-turismo-sostenible-150x150.png 150w, https:\/\/www.greenpeace.org\/static\/planet4-mexico-stateless\/2025\/04\/bf50c9d5-turismo-sostenible-340x340.png 340w\" sizes=\"auto, (max-width: 512px) 100vw, 512px\" \/><\/figure>\n\n\n\n<h4 class=\"wp-block-heading has-text-align-center\">Promueva un turismo verdaderamente sostenible y comunitario<\/h4>\n\n\n\n<div style=\"height:16px\" aria-hidden=\"true\" class=\"wp-block-spacer\"><\/div>\n<\/div>\n<\/div>\n<\/div>\n\n\n<div style=\"height:40px\" aria-hidden=\"true\" class=\"wp-block-spacer\"><\/div>\n\n<h2 class=\"wp-block-heading has-text-align-center has-dark-green-800-color has-text-color has-link-color wp-elements-64ee577519a294f68124614a4a94e3e1\">\u00bfQu\u00e9 puedes hacer t\u00fa?<\/h2>\n\n<div class=\"wp-block-columns is-layout-flex wp-container-core-columns-is-layout-9d6595d7 wp-block-columns-is-layout-flex\">\n<div class=\"wp-block-column is-layout-flow wp-block-column-is-layout-flow\">\n<figure class=\"wp-block-image size-large is-resized\"><img decoding=\"async\" src=\"https:\/\/www.greenpeace.org\/static\/planet4-mexico-stateless\/2025\/07\/1c458e7a-gp0su4n6c_pressmedia-2500px-1-1024x683.png\" title=\"Fotograf\u00eda de un hotel\" alt=\"Fotograf\u00eda de un hotel\" class=\"wp-image-59168\" style=\"object-fit:cover;width:650px;height:200px\"\/><\/figure>\n\n\n\n<h2 class=\"wp-block-heading\">Firma la petici\u00f3n<\/h2>\n\n\n\n<p>Necesitamos proteger ahora las \u00e1reas naturales clave de la pen\u00ednsula antes de que la especulaci\u00f3n y el turismo masivo las destruyan.<\/p>\n\n\n\n<div class=\"wp-block-buttons is-layout-flex wp-block-buttons-is-layout-flex\">\n<div class=\"wp-block-button has-custom-width wp-block-button__width-100\"><a class=\"wp-block-button__link wp-element-button\" href=\"https:\/\/act.gp\/469cbn1\" target=\"_blank\" rel=\"noreferrer noopener\">Firma aqu\u00ed<\/a><\/div>\n<\/div>\n<\/div>\n\n\n\n<div class=\"wp-block-column is-layout-flow wp-block-column-is-layout-flow\">\n<figure class=\"wp-block-image size-large is-resized\"><img loading=\"lazy\" decoding=\"async\" width=\"1024\" height=\"683\" src=\"https:\/\/www.greenpeace.org\/static\/planet4-mexico-stateless\/2025\/06\/7ff6b042-gp02kik-1024x683.jpg\" title=\"Bintepuna River in Papua New Guinea. \u00a9 Paul Hilton \/ Greenpeace\" alt=\"Bintepuna River in Papua New Guinea. \u00a9 Paul Hilton \/ Greenpeace\" class=\"wp-image-56915\" style=\"object-fit:cover;width:650px;height:200px\" srcset=\"https:\/\/www.greenpeace.org\/static\/planet4-mexico-stateless\/2025\/06\/7ff6b042-gp02kik-1024x683.jpg 1024w, https:\/\/www.greenpeace.org\/static\/planet4-mexico-stateless\/2025\/06\/7ff6b042-gp02kik-300x200.jpg 300w, https:\/\/www.greenpeace.org\/static\/planet4-mexico-stateless\/2025\/06\/7ff6b042-gp02kik-768x512.jpg 768w, https:\/\/www.greenpeace.org\/static\/planet4-mexico-stateless\/2025\/06\/7ff6b042-gp02kik-510x340.jpg 510w, https:\/\/www.greenpeace.org\/static\/planet4-mexico-stateless\/2025\/06\/7ff6b042-gp02kik.jpg 1200w\" sizes=\"auto, (max-width: 1024px) 100vw, 1024px\" \/><figcaption><div class=\"credit icon-left\"> \u00a9 Paul Hilton \/ Greenpeace<\/div><\/figcaption><\/figure>\n\n\n\n<h2 class=\"wp-block-heading\">Hazte socio<\/h2>\n\n\n\n<p>Con tu apoyo mensual podemos seguir alzando la voz por la selva maya, \u00a1s\u00e9 parte del cambio! \u00danete hoy.<\/p>\n\n\n\n<div class=\"wp-block-buttons is-layout-flex wp-block-buttons-is-layout-flex\">\n<div class=\"wp-block-button has-custom-width wp-block-button__width-100 is-style-cta\"><a class=\"wp-block-button__link wp-element-button\" href=\"https:\/\/www.greenpeace.org\/mexico\/campanas\/desarrollos-inmobiliarios\/?form=protejamos-la-selva-maya&amp;utm_content=PaginaCombustiblesFosiles&amp;utm_source=greenpeace.org&amp;utm_medium=pagina_de_campa\u00f1a&amp;utm_campaign=lossofecosistems\">Quiero ser parte<\/a><\/div>\n<\/div>\n<\/div>\n<\/div>\n\n<div style=\"height:40px\" aria-hidden=\"true\" class=\"wp-block-spacer\"><\/div>\n\n<h2 class=\"wp-block-heading has-text-align-center has-dark-green-800-color has-text-color has-link-color wp-elements-33845fae0d1cbec89ea677d48c0f7963\"> ??\u00a1Esto est\u00e1 pasando en Bacalar! ??<\/h2>\n\n<figure class=\"wp-block-embed is-type-video is-provider-youtube wp-block-embed-youtube wp-embed-aspect-16-9 wp-has-aspect-ratio\"><div class=\"wp-block-embed__wrapper\">\n<iframe loading=\"lazy\" title=\"\u00a1Protejamos Bacalar!\" width=\"422\" height=\"750\" src=\"https:\/\/www.youtube.com\/embed\/olDgEF10W_k?feature=oembed\" frameborder=\"0\" allow=\"accelerometer; autoplay; clipboard-write; encrypted-media; gyroscope; picture-in-picture; web-share\" referrerpolicy=\"strict-origin-when-cross-origin\" allowfullscreen><\/iframe>\n<\/div><\/figure>\n\n<div style=\"height:40px\" aria-hidden=\"true\" class=\"wp-block-spacer\"><\/div>\n\n<div class=\"wp-block-query posts-list p4-query-loop is-custom-layout-carousel is-layout-flex wp-block-query-is-layout-flex\">\n<div class=\"wp-block-group is-content-justification-space-between is-layout-flex wp-container-core-group-is-layout-3d213aab wp-block-group-is-layout-flex\">\n<h2 class=\"wp-block-heading\">Contenidos relacionados<\/h2>\n\n\n<li class=\" wp-block-navigation-item see-all-link wp-block-navigation-link\"><a class=\"wp-block-navigation-item__content\"  href=\"http:\/\/www-dev.greenpeace.org\/mexico\/news-stories\/?tag=inmobiliaria&#038;category=selva-maya\"><span class=\"wp-block-navigation-item__label\">Mira m\u00e1s contenidos<\/span><\/a><\/li><\/div>\n\n\n\n<p style=\"margin-top:24px;margin-bottom:36px\"><\/p>\n\n\n\n\n<ul class=\"wp-block-post-template is-layout-flow wp-block-post-template-is-layout-flow\"><li class=\"wp-block-post post-61942 post type-post status-publish format-standard has-post-thumbnail hentry category-selva-maya tag-perdida-de-ecosistemas tag-inmobiliaria p4-page-type-blog\">\n\n<div class=\"wp-block-columns is-layout-flex wp-container-core-columns-is-layout-9d6595d7 wp-block-columns-is-layout-flex\"><figure class=\"wp-block-post-featured-image\"><a href=\"https:\/\/www.greenpeace.org\/mexico\/blog\/61942\/mejores-terrenos-venta-peninsula-yucatan\/\" target=\"_self\"  ><img loading=\"lazy\" decoding=\"async\" width=\"1200\" height=\"800\" src=\"https:\/\/www.greenpeace.org\/static\/planet4-mexico-stateless\/2025\/06\/e0f5240c-desarrollos-inmobiliarios-selva-maya.jpg\" class=\"attachment-post-thumbnail size-post-thumbnail wp-post-image wp-stateless-item\" alt=\"Los mejores terrenos en venta en la pen\u00ednsula de Yucat\u00e1n: c\u00f3mo elegir el ideal sin ser experto\" style=\"object-fit:cover;\" srcset=\"https:\/\/www.greenpeace.org\/static\/planet4-mexico-stateless\/2025\/06\/e0f5240c-desarrollos-inmobiliarios-selva-maya.jpg 1200w, https:\/\/www.greenpeace.org\/static\/planet4-mexico-stateless\/2025\/06\/e0f5240c-desarrollos-inmobiliarios-selva-maya-300x200.jpg 300w, https:\/\/www.greenpeace.org\/static\/planet4-mexico-stateless\/2025\/06\/e0f5240c-desarrollos-inmobiliarios-selva-maya-1024x683.jpg 1024w, https:\/\/www.greenpeace.org\/static\/planet4-mexico-stateless\/2025\/06\/e0f5240c-desarrollos-inmobiliarios-selva-maya-768x512.jpg 768w, https:\/\/www.greenpeace.org\/static\/planet4-mexico-stateless\/2025\/06\/e0f5240c-desarrollos-inmobiliarios-selva-maya-510x340.jpg 510w\" sizes=\"auto, (max-width: 1200px) 100vw, 1200px\" data-image-size=\"post-thumbnail\" data-stateless-media-bucket=\"planet4-mexico-stateless-develop\" data-stateless-media-name=\"2025\/06\/e0f5240c-desarrollos-inmobiliarios-selva-maya.jpg\" \/><\/a><\/figure>\n\n\n<div class=\"wp-block-group is-layout-flow wp-block-group-is-layout-flow\">\n<div class=\"wp-block-group is-layout-flex wp-block-group-is-layout-flex\"><div class=\"wp-block-post-terms\"><a href=\"https:\/\/www.greenpeace.org\/mexico\/category\/selva-maya\/\">Selva Maya<\/a><\/div>\n\n<div class=\"taxonomy-post_tag wp-block-post-terms\"><a href=\"https:\/\/www.greenpeace.org\/mexico\/tag\/perdida-de-ecosistemas\/\" rel=\"tag\">P\u00e9rdida de ecosistemas<\/a><span class=\"wp-block-post-terms__separator\"> <\/span><a href=\"https:\/\/www.greenpeace.org\/mexico\/tag\/inmobiliaria\/\" rel=\"tag\">Inmobiliaria<\/a><\/div><\/div>\n\n\n<h3 class=\"wp-block-post-title\"><a href=\"https:\/\/www.greenpeace.org\/mexico\/blog\/61942\/mejores-terrenos-venta-peninsula-yucatan\/\" target=\"_self\" >Los mejores terrenos en venta en la pen\u00ednsula de Yucat\u00e1n: c\u00f3mo elegir el ideal sin ser experto<\/a><\/h3>\n\n<div class=\"wp-block-post-excerpt\"><p class=\"wp-block-post-excerpt__excerpt\">Encuentra el terreno perfecto en la pen\u00ednsula de Yucat\u00e1n y conoce los criterios esenciales para no comprarlo. <\/p><\/div>\n\n\n<div class=\"wp-block-group posts-list-meta is-layout-flow wp-block-group-is-layout-flow\"><span class='article-list-item-author'>Janet G\u00f3mez<\/span>\n\n<div class=\"wp-block-post-date\"><time datetime=\"2025-12-18T10:00:00-05:00\">diciembre 18, 2025<\/time><\/div><\/div>\n<\/div>\n<\/div>\n\n<\/li><li class=\"wp-block-post post-59209 post type-post status-publish format-standard has-post-thumbnail hentry category-selva-maya tag-inmobiliaria tag-activismo p4-page-type-informacion-prensa\">\n\n<div class=\"wp-block-columns is-layout-flex wp-container-core-columns-is-layout-9d6595d7 wp-block-columns-is-layout-flex\"><figure class=\"wp-block-post-featured-image\"><a href=\"https:\/\/www.greenpeace.org\/mexico\/informacion-prensa\/59209\/greenpeace-vuelca-material-petreo-frente-a-la-semarnat-y-exige-no-mas-calicas-en-la-selva-maya\/\" target=\"_self\"  ><img loading=\"lazy\" decoding=\"async\" width=\"1200\" height=\"800\" src=\"https:\/\/www.greenpeace.org\/static\/planet4-mexico-stateless\/2025\/07\/d159fb31-semarnat-calica-selva-maya.jpg\" class=\"attachment-post-thumbnail size-post-thumbnail wp-post-image wp-stateless-item\" alt=\"Greenpeace vuelca material p\u00e9treo frente a la SEMARNAT y exige:\u00a0 \u00a1No m\u00e1s Calicas en la Selva Maya!\" style=\"object-fit:cover;\" srcset=\"https:\/\/www.greenpeace.org\/static\/planet4-mexico-stateless\/2025\/07\/d159fb31-semarnat-calica-selva-maya.jpg 1200w, https:\/\/www.greenpeace.org\/static\/planet4-mexico-stateless\/2025\/07\/d159fb31-semarnat-calica-selva-maya-300x200.jpg 300w, https:\/\/www.greenpeace.org\/static\/planet4-mexico-stateless\/2025\/07\/d159fb31-semarnat-calica-selva-maya-1024x683.jpg 1024w, https:\/\/www.greenpeace.org\/static\/planet4-mexico-stateless\/2025\/07\/d159fb31-semarnat-calica-selva-maya-768x512.jpg 768w, https:\/\/www.greenpeace.org\/static\/planet4-mexico-stateless\/2025\/07\/d159fb31-semarnat-calica-selva-maya-510x340.jpg 510w\" sizes=\"auto, (max-width: 1200px) 100vw, 1200px\" data-image-size=\"post-thumbnail\" data-stateless-media-bucket=\"planet4-mexico-stateless-develop\" data-stateless-media-name=\"2025\/07\/d159fb31-semarnat-calica-selva-maya.jpg\" \/><\/a><\/figure>\n\n\n<div class=\"wp-block-group is-layout-flow wp-block-group-is-layout-flow\">\n<div class=\"wp-block-group is-layout-flex wp-block-group-is-layout-flex\"><div class=\"wp-block-post-terms\"><a href=\"https:\/\/www.greenpeace.org\/mexico\/category\/selva-maya\/\">Selva Maya<\/a><\/div>\n\n<div class=\"taxonomy-post_tag wp-block-post-terms\"><a href=\"https:\/\/www.greenpeace.org\/mexico\/tag\/inmobiliaria\/\" rel=\"tag\">Inmobiliaria<\/a><span class=\"wp-block-post-terms__separator\"> <\/span><a href=\"https:\/\/www.greenpeace.org\/mexico\/tag\/activismo\/\" rel=\"tag\">Activismo<\/a><\/div><\/div>\n\n\n<h3 class=\"wp-block-post-title\"><a href=\"https:\/\/www.greenpeace.org\/mexico\/informacion-prensa\/59209\/greenpeace-vuelca-material-petreo-frente-a-la-semarnat-y-exige-no-mas-calicas-en-la-selva-maya\/\" target=\"_self\" >Greenpeace vuelca material p\u00e9treo frente a la SEMARNAT y exige:\u00a0 \u00a1No m\u00e1s Calicas en la Selva Maya!<\/a><\/h3>\n\n<div class=\"wp-block-post-excerpt\"><p class=\"wp-block-post-excerpt__excerpt\">Activistas exigen a SEMARNAT frenar permisos a CEMEX para explotar la Selva Maya y evitar repetir el modelo destructivo de Calica. <\/p><\/div>\n\n\n<div class=\"wp-block-group posts-list-meta is-layout-flow wp-block-group-is-layout-flow\"><span class='article-list-item-author'>Greenpeace M\u00e9xico<\/span>\n\n<div class=\"wp-block-post-date\"><time datetime=\"2025-07-07T21:59:26-05:00\">julio 7, 2025<\/time><\/div><\/div>\n<\/div>\n<\/div>\n\n<\/li><li class=\"wp-block-post post-59203 post type-post status-publish format-standard has-post-thumbnail hentry category-selva-maya tag-inmobiliaria p4-page-type-blog\">\n\n<div class=\"wp-block-columns is-layout-flex wp-container-core-columns-is-layout-9d6595d7 wp-block-columns-is-layout-flex\"><figure class=\"wp-block-post-featured-image\"><a href=\"https:\/\/www.greenpeace.org\/mexico\/blog\/59203\/que-son-las-sascaberas-y-por-que-son-tan-peligrosas\/\" target=\"_self\"  ><img loading=\"lazy\" decoding=\"async\" width=\"1200\" height=\"800\" src=\"https:\/\/www.greenpeace.org\/static\/planet4-mexico-stateless\/2025\/07\/9820c419-mineria-selva-maya-deforestacion.jpg\" class=\"attachment-post-thumbnail size-post-thumbnail wp-post-image wp-stateless-item\" alt=\"\u00bfQu\u00e9 son las sascaberas y por qu\u00e9 son tan peligrosas?\" style=\"object-fit:cover;\" srcset=\"https:\/\/www.greenpeace.org\/static\/planet4-mexico-stateless\/2025\/07\/9820c419-mineria-selva-maya-deforestacion.jpg 1200w, https:\/\/www.greenpeace.org\/static\/planet4-mexico-stateless\/2025\/07\/9820c419-mineria-selva-maya-deforestacion-300x200.jpg 300w, https:\/\/www.greenpeace.org\/static\/planet4-mexico-stateless\/2025\/07\/9820c419-mineria-selva-maya-deforestacion-1024x683.jpg 1024w, https:\/\/www.greenpeace.org\/static\/planet4-mexico-stateless\/2025\/07\/9820c419-mineria-selva-maya-deforestacion-768x512.jpg 768w, https:\/\/www.greenpeace.org\/static\/planet4-mexico-stateless\/2025\/07\/9820c419-mineria-selva-maya-deforestacion-510x340.jpg 510w\" sizes=\"auto, (max-width: 1200px) 100vw, 1200px\" data-image-size=\"post-thumbnail\" data-stateless-media-bucket=\"planet4-mexico-stateless-develop\" data-stateless-media-name=\"2025\/07\/9820c419-mineria-selva-maya-deforestacion.jpg\" \/><\/a><\/figure>\n\n\n<div class=\"wp-block-group is-layout-flow wp-block-group-is-layout-flow\">\n<div class=\"wp-block-group is-layout-flex wp-block-group-is-layout-flex\"><div class=\"wp-block-post-terms\"><a href=\"https:\/\/www.greenpeace.org\/mexico\/category\/selva-maya\/\">Selva Maya<\/a><\/div>\n\n<div class=\"taxonomy-post_tag wp-block-post-terms\"><a href=\"https:\/\/www.greenpeace.org\/mexico\/tag\/inmobiliaria\/\" rel=\"tag\">Inmobiliaria<\/a><\/div><\/div>\n\n\n<h3 class=\"wp-block-post-title\"><a href=\"https:\/\/www.greenpeace.org\/mexico\/blog\/59203\/que-son-las-sascaberas-y-por-que-son-tan-peligrosas\/\" target=\"_self\" >\u00bfQu\u00e9 son las sascaberas y por qu\u00e9 son tan peligrosas?<\/a><\/h3>\n\n<div class=\"wp-block-post-excerpt\"><p class=\"wp-block-post-excerpt__excerpt\">Las sascaberas destruyen la selva, contaminan el agua y afectan la salud. Descubre c\u00f3mo operan y por qu\u00e9 deben detenerse ya. <\/p><\/div>\n\n\n<div class=\"wp-block-group posts-list-meta is-layout-flow wp-block-group-is-layout-flow\"><span class='article-list-item-author'>Janet G\u00f3mez<\/span>\n\n<div class=\"wp-block-post-date\"><time datetime=\"2025-07-04T21:31:35-05:00\">julio 4, 2025<\/time><\/div><\/div>\n<\/div>\n<\/div>\n\n<\/li><li class=\"wp-block-post post-56968 post type-post status-publish format-standard has-post-thumbnail hentry category-selva-maya tag-inmobiliaria tag-deforestacion p4-page-type-blog\">\n\n<div class=\"wp-block-columns is-layout-flex wp-container-core-columns-is-layout-9d6595d7 wp-block-columns-is-layout-flex\"><figure class=\"wp-block-post-featured-image\"><a href=\"https:\/\/www.greenpeace.org\/mexico\/blog\/56968\/que-hay-detras-de-los-mejores-desarrollos-inmobiliarios-en-yucatan-este-es-el-precio-de-vivir-en-el-paraiso\/\" target=\"_self\"  ><img loading=\"lazy\" decoding=\"async\" width=\"1200\" height=\"710\" src=\"https:\/\/www.greenpeace.org\/static\/planet4-mexico-stateless\/2025\/06\/27597cd5-desarrollo-inmobiliario-greenpeace.jpg\" class=\"attachment-post-thumbnail size-post-thumbnail wp-post-image wp-stateless-item\" alt=\"\u00bfQu\u00e9 hay detr\u00e1s de los mejores desarrollos inmobiliarios en Yucat\u00e1n? Este es el precio de vivir en el para\u00edso\" style=\"object-fit:cover;\" srcset=\"https:\/\/www.greenpeace.org\/static\/planet4-mexico-stateless\/2025\/06\/27597cd5-desarrollo-inmobiliario-greenpeace.jpg 1200w, https:\/\/www.greenpeace.org\/static\/planet4-mexico-stateless\/2025\/06\/27597cd5-desarrollo-inmobiliario-greenpeace-300x178.jpg 300w, https:\/\/www.greenpeace.org\/static\/planet4-mexico-stateless\/2025\/06\/27597cd5-desarrollo-inmobiliario-greenpeace-1024x606.jpg 1024w, https:\/\/www.greenpeace.org\/static\/planet4-mexico-stateless\/2025\/06\/27597cd5-desarrollo-inmobiliario-greenpeace-768x454.jpg 768w, https:\/\/www.greenpeace.org\/static\/planet4-mexico-stateless\/2025\/06\/27597cd5-desarrollo-inmobiliario-greenpeace-510x302.jpg 510w\" sizes=\"auto, (max-width: 1200px) 100vw, 1200px\" data-image-size=\"post-thumbnail\" data-stateless-media-bucket=\"planet4-mexico-stateless-develop\" data-stateless-media-name=\"2025\/06\/27597cd5-desarrollo-inmobiliario-greenpeace.jpg\" \/><\/a><\/figure>\n\n\n<div class=\"wp-block-group is-layout-flow wp-block-group-is-layout-flow\">\n<div class=\"wp-block-group is-layout-flex wp-block-group-is-layout-flex\"><div class=\"wp-block-post-terms\"><a href=\"https:\/\/www.greenpeace.org\/mexico\/category\/selva-maya\/\">Selva Maya<\/a><\/div>\n\n<div class=\"taxonomy-post_tag wp-block-post-terms\"><a href=\"https:\/\/www.greenpeace.org\/mexico\/tag\/inmobiliaria\/\" rel=\"tag\">Inmobiliaria<\/a><span class=\"wp-block-post-terms__separator\"> <\/span><a href=\"https:\/\/www.greenpeace.org\/mexico\/tag\/deforestacion\/\" rel=\"tag\">Deforestaci\u00f3n<\/a><\/div><\/div>\n\n\n<h3 class=\"wp-block-post-title\"><a href=\"https:\/\/www.greenpeace.org\/mexico\/blog\/56968\/que-hay-detras-de-los-mejores-desarrollos-inmobiliarios-en-yucatan-este-es-el-precio-de-vivir-en-el-paraiso\/\" target=\"_self\" >\u00bfQu\u00e9 hay detr\u00e1s de los mejores desarrollos inmobiliarios en Yucat\u00e1n? Este es el precio de vivir en el para\u00edso<\/a><\/h3>\n\n<div class=\"wp-block-post-excerpt\"><p class=\"wp-block-post-excerpt__excerpt\">Los desarrollos inmobiliarios en Yucat\u00e1n amenazan ecosistemas, fauna y comunidades locales. Conoce el costo real de vivir en el para\u00edso. <\/p><\/div>\n\n\n<div class=\"wp-block-group posts-list-meta is-layout-flow wp-block-group-is-layout-flow\"><span class='article-list-item-author'>Janet G\u00f3mez<\/span>\n\n<div class=\"wp-block-post-date\"><time datetime=\"2025-05-29T13:47:55-05:00\">mayo 29, 2025<\/time><\/div><\/div>\n<\/div>\n<\/div>\n\n<\/li><li class=\"wp-block-post post-56715 post type-post status-publish format-standard has-post-thumbnail hentry category-selva-maya tag-perdida-de-ecosistemas tag-inmobiliaria p4-page-type-informacion-prensa\">\n\n<div class=\"wp-block-columns is-layout-flex wp-container-core-columns-is-layout-9d6595d7 wp-block-columns-is-layout-flex\"><figure class=\"wp-block-post-featured-image\"><a href=\"https:\/\/www.greenpeace.org\/mexico\/informacion-prensa\/56715\/apoyo-total-a-la-lucha-ciudadana-de-bacalar-ante-la-suspension-de-las-obras-de-la-sedena\/\" target=\"_self\"  ><img loading=\"lazy\" decoding=\"async\" width=\"2560\" height=\"1708\" src=\"https:\/\/www.greenpeace.org\/static\/planet4-mexico-stateless\/2025\/06\/1d311d44-bacalar.jpg\" class=\"attachment-post-thumbnail size-post-thumbnail wp-post-image wp-stateless-item\" alt=\"Apoyo total a la lucha ciudadana de Bacalar ante la suspensi\u00f3n de las obras de la Sedena\" style=\"object-fit:cover;\" srcset=\"https:\/\/www.greenpeace.org\/static\/planet4-mexico-stateless\/2025\/06\/1d311d44-bacalar.jpg 2560w, https:\/\/www.greenpeace.org\/static\/planet4-mexico-stateless\/2025\/06\/1d311d44-bacalar-300x200.jpg 300w, https:\/\/www.greenpeace.org\/static\/planet4-mexico-stateless\/2025\/06\/1d311d44-bacalar-1024x683.jpg 1024w, https:\/\/www.greenpeace.org\/static\/planet4-mexico-stateless\/2025\/06\/1d311d44-bacalar-768x512.jpg 768w, https:\/\/www.greenpeace.org\/static\/planet4-mexico-stateless\/2025\/06\/1d311d44-bacalar-1536x1025.jpg 1536w, https:\/\/www.greenpeace.org\/static\/planet4-mexico-stateless\/2025\/06\/1d311d44-bacalar-2048x1366.jpg 2048w, https:\/\/www.greenpeace.org\/static\/planet4-mexico-stateless\/2025\/06\/1d311d44-bacalar-510x340.jpg 510w\" sizes=\"auto, (max-width: 2560px) 100vw, 2560px\" data-image-size=\"post-thumbnail\" data-stateless-media-bucket=\"planet4-mexico-stateless-develop\" data-stateless-media-name=\"2025\/06\/1d311d44-bacalar.jpg\" \/><\/a><\/figure>\n\n\n<div class=\"wp-block-group is-layout-flow wp-block-group-is-layout-flow\">\n<div class=\"wp-block-group is-layout-flex wp-block-group-is-layout-flex\"><div class=\"wp-block-post-terms\"><a href=\"https:\/\/www.greenpeace.org\/mexico\/category\/selva-maya\/\">Selva Maya<\/a><\/div>\n\n<div class=\"taxonomy-post_tag wp-block-post-terms\"><a href=\"https:\/\/www.greenpeace.org\/mexico\/tag\/perdida-de-ecosistemas\/\" rel=\"tag\">P\u00e9rdida de ecosistemas<\/a><span class=\"wp-block-post-terms__separator\"> <\/span><a href=\"https:\/\/www.greenpeace.org\/mexico\/tag\/inmobiliaria\/\" rel=\"tag\">Inmobiliaria<\/a><\/div><\/div>\n\n\n<h3 class=\"wp-block-post-title\"><a href=\"https:\/\/www.greenpeace.org\/mexico\/informacion-prensa\/56715\/apoyo-total-a-la-lucha-ciudadana-de-bacalar-ante-la-suspension-de-las-obras-de-la-sedena\/\" target=\"_self\" >Apoyo total a la lucha ciudadana de Bacalar ante la suspensi\u00f3n de las obras de la Sedena<\/a><\/h3>\n\n<div class=\"wp-block-post-excerpt\"><p class=\"wp-block-post-excerpt__excerpt\">Apoyo a Bacalar: ciudadan\u00eda logra suspensi\u00f3n provisional de obras de la Sedena para proteger la laguna y exigir respeto al medio ambiente. <\/p><\/div>\n\n\n<div class=\"wp-block-group posts-list-meta is-layout-flow wp-block-group-is-layout-flow\"><span class='article-list-item-author'>Greenpeace M\u00e9xico<\/span>\n\n<div class=\"wp-block-post-date\"><time datetime=\"2025-04-25T00:47:15-05:00\">abril 25, 2025<\/time><\/div><\/div>\n<\/div>\n<\/div>\n\n<\/li><\/ul>\n\n\n<div class=\"wp-block-buttons carousel-controls is-horizontal is-content-justification-space-between is-nowrap is-layout-flex wp-container-core-buttons-is-layout-044bd602 wp-block-buttons-is-layout-flex\">\n<div class=\"wp-block-button carousel-control-prev\"><button type=\"button\" class=\"wp-block-button__link wp-element-button\">Prev<\/button><\/div>\n\n\n\n<div class=\"wp-block-button carousel-control-next\"><button type=\"button\" class=\"wp-block-button__link wp-element-button\">Next<\/button><\/div>\n<\/div>\n\n\n<li class=\" wp-block-navigation-item see-all-link wp-block-navigation-link\"><a class=\"wp-block-navigation-item__content\"  href=\"http:\/\/www-dev.greenpeace.org\/mexico\/news-stories\/?tag=inmobiliaria&#038;category=selva-maya\"><span class=\"wp-block-navigation-item__label\">See all posts<\/span><\/a><\/li><\/div>\n\n<div class=\"wp-block-group container has-green-800-background-color has-background is-layout-constrained wp-block-group-is-layout-constrained\" style=\"padding-top:var(--wp--preset--spacing--20);padding-bottom:var(--wp--preset--spacing--20)\">\n<div style=\"height:24px\" aria-hidden=\"true\" class=\"wp-block-spacer\"><\/div>\n\n\n\n<h2 class=\"wp-block-heading has-text-align-center has-white-color has-text-color has-link-color wp-elements-d1df2a17efe1b6fef2e2959c525b7e57\" style=\"margin-top:1px;margin-right:0;margin-bottom:1px;margin-left:0;font-size:45px\">\u00a1\u00danete!<\/h2>\n\n\n\n<div class=\"wp-block-columns is-not-stacked-on-mobile is-style-mobile-carousel is-layout-flex wp-container-core-columns-is-layout-9d6595d7 wp-block-columns-is-layout-flex\">\n<div class=\"wp-block-column is-layout-flow wp-block-column-is-layout-flow\">\n<div class=\"wp-block-group group-stretched-link is-layout-flow wp-block-group-is-layout-flow\">\n<figure class=\"wp-block-image aligncenter size-full is-resized force-no-lightbox force-no-caption mb-0 is-style-default\"><img loading=\"lazy\" decoding=\"async\" width=\"1080\" height=\"1080\" src=\"https:\/\/www.greenpeace.org\/static\/planet4-mexico-stateless\/2025\/02\/98b999d4-texto.png\" alt=\"\" class=\"wp-image-54726\" style=\"object-fit:contain;width:120px;height:120px\" srcset=\"https:\/\/www.greenpeace.org\/static\/planet4-mexico-stateless\/2025\/02\/98b999d4-texto.png 1080w, https:\/\/www.greenpeace.org\/static\/planet4-mexico-stateless\/2025\/02\/98b999d4-texto-300x300.png 300w, https:\/\/www.greenpeace.org\/static\/planet4-mexico-stateless\/2025\/02\/98b999d4-texto-1024x1024.png 1024w, https:\/\/www.greenpeace.org\/static\/planet4-mexico-stateless\/2025\/02\/98b999d4-texto-150x150.png 150w, https:\/\/www.greenpeace.org\/static\/planet4-mexico-stateless\/2025\/02\/98b999d4-texto-768x768.png 768w, https:\/\/www.greenpeace.org\/static\/planet4-mexico-stateless\/2025\/02\/98b999d4-texto-340x340.png 340w\" sizes=\"auto, (max-width: 1080px) 100vw, 1080px\" \/><\/figure>\n\n\n\n<div style=\"height:16px\" aria-hidden=\"true\" class=\"wp-block-spacer\"><\/div>\n\n\n\n<h5 class=\"wp-block-heading has-text-align-center has-white-color has-text-color has-link-color wp-elements-e9370ffa40d31c7d13766e6821723861\" style=\"font-size:1.4rem\"><a href=\"https:\/\/www.greenpeace.org\/mexico\/socios-y-socias\/\" target=\"_blank\" rel=\"noreferrer noopener\">Hazte socio\/a<\/a><\/h5>\n<\/div>\n<\/div>\n\n\n\n<div class=\"wp-block-column is-layout-flow wp-block-column-is-layout-flow\">\n<div class=\"wp-block-group group-stretched-link is-layout-flow wp-block-group-is-layout-flow\">\n<figure class=\"wp-block-image aligncenter size-full is-resized force-no-lightbox force-no-caption mb-0 is-style-default\"><img loading=\"lazy\" decoding=\"async\" width=\"512\" height=\"512\" src=\"https:\/\/www.greenpeace.org\/static\/planet4-mexico-stateless\/2025\/02\/a6eae3fb-peticion.png\" alt=\"\" class=\"wp-image-54727\" style=\"object-fit:cover;width:120px;height:120px\" srcset=\"https:\/\/www.greenpeace.org\/static\/planet4-mexico-stateless\/2025\/02\/a6eae3fb-peticion.png 512w, https:\/\/www.greenpeace.org\/static\/planet4-mexico-stateless\/2025\/02\/a6eae3fb-peticion-300x300.png 300w, https:\/\/www.greenpeace.org\/static\/planet4-mexico-stateless\/2025\/02\/a6eae3fb-peticion-150x150.png 150w, https:\/\/www.greenpeace.org\/static\/planet4-mexico-stateless\/2025\/02\/a6eae3fb-peticion-340x340.png 340w\" sizes=\"auto, (max-width: 512px) 100vw, 512px\" \/><\/figure>\n\n\n\n<div style=\"height:16px\" aria-hidden=\"true\" class=\"wp-block-spacer\"><\/div>\n\n\n\n<h5 class=\"wp-block-heading has-text-align-center has-white-color has-text-color has-link-color wp-elements-5ab51a43a5efcc897fda06930408194b\" style=\"font-size:1.4rem\"><a href=\"https:\/\/www.greenpeace.org\/mexico\/participa\/peticiones\/\" target=\"_blank\" rel=\"noreferrer noopener\">Firma nuestras peticiones<\/a><\/h5>\n<\/div>\n<\/div>\n\n\n\n<div class=\"wp-block-column is-layout-flow wp-block-column-is-layout-flow\">\n<div class=\"wp-block-group group-stretched-link is-layout-flow wp-block-group-is-layout-flow\">\n<figure class=\"wp-block-image aligncenter size-full is-resized force-no-lightbox force-no-caption mb-0 is-style-default\"><img loading=\"lazy\" decoding=\"async\" width=\"512\" height=\"512\" src=\"https:\/\/www.greenpeace.org\/static\/planet4-mexico-stateless\/2025\/02\/a3d4a203-98cd-441c-9595-890eaa94e256.png\" alt=\"\" class=\"wp-image-54728\" style=\"object-fit:cover;width:120px;height:auto\" srcset=\"https:\/\/www.greenpeace.org\/static\/planet4-mexico-stateless\/2025\/02\/a3d4a203-98cd-441c-9595-890eaa94e256.png 512w, https:\/\/www.greenpeace.org\/static\/planet4-mexico-stateless\/2025\/02\/a3d4a203-98cd-441c-9595-890eaa94e256-300x300.png 300w, https:\/\/www.greenpeace.org\/static\/planet4-mexico-stateless\/2025\/02\/a3d4a203-98cd-441c-9595-890eaa94e256-150x150.png 150w, https:\/\/www.greenpeace.org\/static\/planet4-mexico-stateless\/2025\/02\/a3d4a203-98cd-441c-9595-890eaa94e256-340x340.png 340w\" sizes=\"auto, (max-width: 512px) 100vw, 512px\" \/><\/figure>\n\n\n\n<div style=\"height:16px\" aria-hidden=\"true\" class=\"wp-block-spacer\"><\/div>\n\n\n\n<h5 class=\"wp-block-heading has-text-align-center has-white-color has-text-color has-link-color wp-elements-79c5b9a5493b58093d4f5b427ad912c2\" style=\"font-size:1.4rem\"><a href=\"https:\/\/www.greenpeace.org\/mexico\/participa\/voluntariado\/\" target=\"_blank\" rel=\"noreferrer noopener\">Hazte voluntario\/a<\/a><\/h5>\n<\/div>\n<\/div>\n\n\n\n<div class=\"wp-block-column is-layout-flow wp-block-column-is-layout-flow\">\n<div class=\"wp-block-group group-stretched-link is-layout-flow wp-block-group-is-layout-flow\">\n<figure class=\"wp-block-image aligncenter size-full is-resized force-no-lightbox force-no-caption mb-0 is-style-default\"><img loading=\"lazy\" decoding=\"async\" width=\"512\" height=\"512\" src=\"https:\/\/www.greenpeace.org\/static\/planet4-mexico-stateless\/2025\/02\/02954e25-968f-497d-ad6d-47e74acdceee.png\" alt=\"\" class=\"wp-image-54729\" style=\"object-fit:cover;width:120px;height:120px\" srcset=\"https:\/\/www.greenpeace.org\/static\/planet4-mexico-stateless\/2025\/02\/02954e25-968f-497d-ad6d-47e74acdceee.png 512w, https:\/\/www.greenpeace.org\/static\/planet4-mexico-stateless\/2025\/02\/02954e25-968f-497d-ad6d-47e74acdceee-300x300.png 300w, https:\/\/www.greenpeace.org\/static\/planet4-mexico-stateless\/2025\/02\/02954e25-968f-497d-ad6d-47e74acdceee-150x150.png 150w, https:\/\/www.greenpeace.org\/static\/planet4-mexico-stateless\/2025\/02\/02954e25-968f-497d-ad6d-47e74acdceee-340x340.png 340w\" sizes=\"auto, (max-width: 512px) 100vw, 512px\" \/><\/figure>\n\n\n\n<div style=\"height:16px\" aria-hidden=\"true\" class=\"wp-block-spacer\"><\/div>\n\n\n\n<h5 class=\"wp-block-heading has-text-align-center has-white-color has-text-color has-link-color wp-elements-29f2b363ba4a526456574e03185b8961\" style=\"font-size:1.4rem\"><a href=\"https:\/\/www.greenpeace.org\/mexico\/ciberactivismo\/\" target=\"_blank\" rel=\"noreferrer noopener\">Hazte ciberactivista<\/a><\/h5>\n<\/div>\n<\/div>\n<\/div>\n<\/div>\n\n<div style=\"height:40px\" aria-hidden=\"true\" class=\"wp-block-spacer\"><\/div>\n","protected":false},"excerpt":{"rendered":"<p>\u00bfQu\u00e9 est\u00e1 pasando en la selva maya? La Selva Maya est\u00e1 siendo devastada por desarrollos inmobiliarios que talan miles de \u00e1rboles, secan cenotes y desplazan a la fauna silvestre, todo para vender una ilusi\u00f3n de \u201clujo en medio de la naturaleza\u201d que en realidad destruye lo que la hace valiosa. Invertir en estos proyectos mientras [&hellip;]<\/p>\n","protected":false},"author":83,"featured_media":55295,"parent":11,"menu_order":0,"comment_status":"closed","ping_status":"closed","template":"","meta":{"ep_exclude_from_search":false,"p4_hide_page_title_checkbox":"on","p4_title":"","p4_subtitle":"","p4_description":"","background_image_id":"","background_image":"","p4_button_title":"","p4_button_link":"","p4_button_link_checkbox":"","p4_og_title":"Desarrollos Inmobiliarios | Amenaza para Ecosistemas","p4_og_description":"Los proyectos inmobiliarios sin planeaci\u00f3n destruyen naturaleza. Exigimos ordenamiento ecol\u00f3gico y justicia ambiental.","p4_og_image":"","p4_og_image_id":"","p4_seo_canonical_url":"https:\/\/www.greenpeace.org\/mexico\/desarrollos-inmobiliarios\/","p4_campaign_name":"","p4_local_project":"","p4_basket_name":"","p4_department":"","footnotes":""},"categories":[40],"tags":[],"class_list":["post-55272","page","type-page","status-publish","has-post-thumbnail","hentry","category-selva-maya"],"_links":{"self":[{"href":"https:\/\/www.greenpeace.org\/mexico\/wp-json\/wp\/v2\/pages\/55272","targetHints":{"allow":["GET"]}}],"collection":[{"href":"https:\/\/www.greenpeace.org\/mexico\/wp-json\/wp\/v2\/pages"}],"about":[{"href":"https:\/\/www.greenpeace.org\/mexico\/wp-json\/wp\/v2\/types\/page"}],"author":[{"embeddable":true,"href":"https:\/\/www.greenpeace.org\/mexico\/wp-json\/wp\/v2\/users\/83"}],"replies":[{"embeddable":true,"href":"https:\/\/www.greenpeace.org\/mexico\/wp-json\/wp\/v2\/comments?post=55272"}],"version-history":[{"count":20,"href":"https:\/\/www.greenpeace.org\/mexico\/wp-json\/wp\/v2\/pages\/55272\/revisions"}],"predecessor-version":[{"id":61212,"href":"https:\/\/www.greenpeace.org\/mexico\/wp-json\/wp\/v2\/pages\/55272\/revisions\/61212"}],"up":[{"embeddable":true,"href":"https:\/\/www.greenpeace.org\/mexico\/wp-json\/wp\/v2\/pages\/11"}],"wp:featuredmedia":[{"embeddable":true,"href":"https:\/\/www.greenpeace.org\/mexico\/wp-json\/wp\/v2\/media\/55295"}],"wp:attachment":[{"href":"https:\/\/www.greenpeace.org\/mexico\/wp-json\/wp\/v2\/media?parent=55272"}],"wp:term":[{"taxonomy":"category","embeddable":true,"href":"https:\/\/www.greenpeace.org\/mexico\/wp-json\/wp\/v2\/categories?post=55272"},{"taxonomy":"post_tag","embeddable":true,"href":"https:\/\/www.greenpeace.org\/mexico\/wp-json\/wp\/v2\/tags?post=55272"}],"curies":[{"name":"wp","href":"https:\/\/api.w.org\/{rel}","templated":true}]}}