{"id":56171,"date":"2025-05-21T22:22:36","date_gmt":"2025-05-22T03:22:36","guid":{"rendered":"https:\/\/www-dev.greenpeace.org\/mexico\/?page_id=56171"},"modified":"2025-09-23T04:58:39","modified_gmt":"2025-09-23T09:58:39","slug":"tratado-global-de-plastico","status":"publish","type":"page","link":"https:\/\/www.greenpeace.org\/mexico\/campanas\/tratado-global-de-plastico\/","title":{"rendered":"Tratado global de pl\u00e1stico"},"content":{"rendered":"\n\n<div class=\"wp-block-group alignfull is-layout-flow wp-block-group-is-layout-flow\">\n<div class=\"wp-block-group container is-layout-flow wp-block-group-is-layout-flow\">\n<div class=\"wp-block-media-text alignfull has-media-on-the-right is-stacked-on-mobile is-pattern-p4-page-header is-style-parallax\" style=\"grid-template-columns:auto 60%\"><div class=\"wp-block-media-text__content\">\n<div class=\"wp-block-group is-layout-flow wp-block-group-is-layout-flow\">\n<h1 class=\"wp-block-heading has-white-color has-green-800-background-color has-text-color has-background has-link-color wp-elements-2525a0ef4c1aa731477ec8917a35e26f\"><strong>Lib\u00e9rate del pl\u00e1stico<\/strong><\/h1>\n\n\n\n<p class=\"has-white-background-color has-background\">Unidos por un Tratado Global que detenga la contaminaci\u00f3n pl\u00e1stica, proteja la salud del planeta y promueva un modelo justo y sostenible para todas las personas.<\/p>\n<\/div>\n<\/div><figure class=\"wp-block-media-text__media\"><img loading=\"lazy\" decoding=\"async\" width=\"1024\" height=\"683\" src=\"https:\/\/www.greenpeace.org\/static\/planet4-mexico-stateless\/2025\/06\/7ab9a5dc-gp0su3liq_pressmedia-2500px-1-1-1024x683.png\" alt=\"Activistas de Greenpeace em basurero de Teotihuac\u00e1n\" sizes=\"auto, (min-width: 601px) 60vw, 100vw\" srcset=\"https:\/\/www.greenpeace.org\/static\/planet4-mexico-stateless\/2025\/06\/7ab9a5dc-gp0su3liq_pressmedia-2500px-1-1.png 2500w, https:\/\/www.greenpeace.org\/static\/planet4-mexico-stateless\/2025\/06\/7ab9a5dc-gp0su3liq_pressmedia-2500px-1-1-300x200.png 300w, https:\/\/www.greenpeace.org\/static\/planet4-mexico-stateless\/2025\/06\/7ab9a5dc-gp0su3liq_pressmedia-2500px-1-1-1024x683.png 1024w, https:\/\/www.greenpeace.org\/static\/planet4-mexico-stateless\/2025\/06\/7ab9a5dc-gp0su3liq_pressmedia-2500px-1-1-768x512.png 768w, https:\/\/www.greenpeace.org\/static\/planet4-mexico-stateless\/2025\/06\/7ab9a5dc-gp0su3liq_pressmedia-2500px-1-1-1536x1024.png 1536w, https:\/\/www.greenpeace.org\/static\/planet4-mexico-stateless\/2025\/06\/7ab9a5dc-gp0su3liq_pressmedia-2500px-1-1-2048x1366.png 2048w, https:\/\/www.greenpeace.org\/static\/planet4-mexico-stateless\/2025\/06\/7ab9a5dc-gp0su3liq_pressmedia-2500px-1-1-510x340.png 510w\" class=\"wp-image-58674 size-full\"\/><\/figure><\/div>\n<\/div>\n<\/div>\n\n\n<h2 class=\"wp-block-heading has-text-align-center has-dark-green-800-color has-text-color has-link-color wp-elements-6829d835b46b2aada0065b1a3a354ccb\">\u00bfPor qu\u00e9 es urgente frenar la contaminaci\u00f3n pl\u00e1stica?<\/h2>\n\n<p class=\"has-text-align-center has-grey-200-background-color has-background\">Cada d\u00eda, toneladas de residuos pl\u00e1sticos terminan en r\u00edos, mares y hasta en nuestros cuerpos, afectando la salud de las personas, la vida silvestre y el equilibrio de los ecosistemas. Pero este problema no solo es ambiental: tambi\u00e9n es social y de justicia. Mientras unas industrias se enriquecen, comunidades enteras sufren las consecuencias. Detener esta crisis es urgente. <\/p>\n\n<div style=\"height:40px\" aria-hidden=\"true\" class=\"wp-block-spacer\"><\/div>\n\n<div class=\"wp-block-media-text is-stacked-on-mobile\"><figure class=\"wp-block-media-text__media\"><img loading=\"lazy\" decoding=\"async\" width=\"800\" height=\"533\" src=\"https:\/\/www.greenpeace.org\/static\/planet4-mexico-stateless\/2025\/04\/a0fa98ba-fin-era-plastico.jpg\" alt=\"Proyecci\u00f3n luminosa con el mensaje &quot;Pongan fin a la era del pl\u00e1stico&quot; como parte de una acci\u00f3n de Greenpeace contra la contaminaci\u00f3n pl\u00e1stica.\" sizes=\"auto, (min-width: 1600px) calc((1320px - 24px) \/ 2),(min-width: 1200px) calc((1140px - 24px) \/ 2),(min-width: 992px) calc((960px - 24px) \/ 2),(min-width: 768px) calc((720px - 24px) \/ 2),(min-width: 601px) calc((540px - 24px) \/ 2),(min-width: 577px) calc((540px - 24px) \/ 1), calc(100vw - 24px)\" srcset=\"https:\/\/www.greenpeace.org\/static\/planet4-mexico-stateless\/2025\/04\/a0fa98ba-fin-era-plastico.jpg 800w, https:\/\/www.greenpeace.org\/static\/planet4-mexico-stateless\/2025\/04\/a0fa98ba-fin-era-plastico-300x200.jpg 300w, https:\/\/www.greenpeace.org\/static\/planet4-mexico-stateless\/2025\/04\/a0fa98ba-fin-era-plastico-768x512.jpg 768w, https:\/\/www.greenpeace.org\/static\/planet4-mexico-stateless\/2025\/04\/a0fa98ba-fin-era-plastico-510x340.jpg 510w\" class=\"wp-image-55650 size-full\"\/><\/figure><div class=\"wp-block-media-text__content\">\n<h2 class=\"wp-block-heading has-dark-green-800-color has-text-color has-link-color wp-elements-5b5efd3e7b55a4a3b717eee025b8954f\"><strong>La soluci\u00f3n: Un fuerte Tratado Global de Pl\u00e1sticos<\/strong><\/h2>\n\n\n\n<div style=\"height:10px\" aria-hidden=\"true\" class=\"wp-block-spacer\"><\/div>\n\n\n\n<p>Greenpeace M\u00e9xico se une a una campa\u00f1a global para impulsar un <strong>Tratado Global de Pl\u00e1sticos<\/strong> que sea <strong>s\u00f3lido, justo y legalmente vinculante<\/strong>. La meta: <strong>detener la contaminaci\u00f3n pl\u00e1stica desde su origen<\/strong>, reduciendo su producci\u00f3n en al menos un 75% para 2040.<\/p>\n<\/div><\/div>\n\n<div style=\"height:40px\" aria-hidden=\"true\" class=\"wp-block-spacer\"><\/div>\n\n<h3 class=\"wp-block-heading has-text-align-center has-dark-green-800-color has-text-color has-link-color has-large-font-size wp-elements-d5db0e6336da18adf299a5564ebde1e4\">\u00bfQu\u00e9 es el Tratado Global de Pl\u00e1sticos y por qu\u00e9 es importante?<\/h3>\n\n<p class=\"has-text-align-center\">El <strong>Tratado Global de Pl\u00e1sticos<\/strong> es una iniciativa internacional que busca:<\/p>\n\n<div class=\"wp-block-columns is-layout-flex wp-container-core-columns-is-layout-9d6595d7 wp-block-columns-is-layout-flex\">\n<div class=\"wp-block-column is-layout-flow wp-block-column-is-layout-flow\">\n<figure class=\"wp-block-image aligncenter size-full is-resized\"><img loading=\"lazy\" decoding=\"async\" width=\"512\" height=\"512\" src=\"https:\/\/www.greenpeace.org\/static\/planet4-mexico-stateless\/2025\/04\/2f8f7cca-firma.png\" alt=\"\" class=\"wp-image-55606\" style=\"width:112px\" srcset=\"https:\/\/www.greenpeace.org\/static\/planet4-mexico-stateless\/2025\/04\/2f8f7cca-firma.png 512w, https:\/\/www.greenpeace.org\/static\/planet4-mexico-stateless\/2025\/04\/2f8f7cca-firma-300x300.png 300w, https:\/\/www.greenpeace.org\/static\/planet4-mexico-stateless\/2025\/04\/2f8f7cca-firma-150x150.png 150w, https:\/\/www.greenpeace.org\/static\/planet4-mexico-stateless\/2025\/04\/2f8f7cca-firma-340x340.png 340w\" sizes=\"auto, (max-width: 512px) 100vw, 512px\" \/><\/figure>\n\n\n\n<h4 class=\"wp-block-heading has-text-align-center\">Establecer normas legales y vinculantes para detener la contaminaci\u00f3n pl\u00e1stica.<\/h4>\n<\/div>\n\n\n\n<div class=\"wp-block-column is-layout-flow wp-block-column-is-layout-flow\">\n<figure class=\"wp-block-image aligncenter size-full is-resized\"><img loading=\"lazy\" decoding=\"async\" width=\"512\" height=\"512\" src=\"https:\/\/www.greenpeace.org\/static\/planet4-mexico-stateless\/2025\/04\/125a3332-no-plastico.png\" alt=\"\" class=\"wp-image-55490\" style=\"width:112px\" srcset=\"https:\/\/www.greenpeace.org\/static\/planet4-mexico-stateless\/2025\/04\/125a3332-no-plastico.png 512w, https:\/\/www.greenpeace.org\/static\/planet4-mexico-stateless\/2025\/04\/125a3332-no-plastico-300x300.png 300w, https:\/\/www.greenpeace.org\/static\/planet4-mexico-stateless\/2025\/04\/125a3332-no-plastico-150x150.png 150w, https:\/\/www.greenpeace.org\/static\/planet4-mexico-stateless\/2025\/04\/125a3332-no-plastico-340x340.png 340w\" sizes=\"auto, (max-width: 512px) 100vw, 512px\" \/><\/figure>\n\n\n\n<h4 class=\"wp-block-heading has-text-align-center\">Reducir gradualmente la producci\u00f3n de pl\u00e1sticos, especialmente los de un solo uso.<\/h4>\n<\/div>\n\n\n\n<div class=\"wp-block-column is-layout-flow wp-block-column-is-layout-flow\">\n<figure class=\"wp-block-image aligncenter size-full is-resized\"><img loading=\"lazy\" decoding=\"async\" width=\"512\" height=\"512\" src=\"https:\/\/www.greenpeace.org\/static\/planet4-mexico-stateless\/2025\/05\/afe14571-balanza.png\" alt=\"\" class=\"wp-image-56178\" style=\"width:112px\" srcset=\"https:\/\/www.greenpeace.org\/static\/planet4-mexico-stateless\/2025\/05\/afe14571-balanza.png 512w, https:\/\/www.greenpeace.org\/static\/planet4-mexico-stateless\/2025\/05\/afe14571-balanza-300x300.png 300w, https:\/\/www.greenpeace.org\/static\/planet4-mexico-stateless\/2025\/05\/afe14571-balanza-150x150.png 150w, https:\/\/www.greenpeace.org\/static\/planet4-mexico-stateless\/2025\/05\/afe14571-balanza-340x340.png 340w\" sizes=\"auto, (max-width: 512px) 100vw, 512px\" \/><\/figure>\n\n\n\n<h4 class=\"wp-block-heading has-text-align-center\">Promover una transici\u00f3n justa hacia modelos de producci\u00f3n y consumo sin residuos, libres de t\u00f3xicos y basados en la reutilizaci\u00f3n.<\/h4>\n<\/div>\n\n\n\n<div class=\"wp-block-column is-layout-flow wp-block-column-is-layout-flow\">\n<figure class=\"wp-block-image aligncenter size-full is-resized\"><img loading=\"lazy\" decoding=\"async\" width=\"512\" height=\"512\" src=\"https:\/\/www.greenpeace.org\/static\/planet4-mexico-stateless\/2025\/04\/4f30ea58-voluntariado.png\" alt=\"\" class=\"wp-image-55402\" style=\"width:112px\" srcset=\"https:\/\/www.greenpeace.org\/static\/planet4-mexico-stateless\/2025\/04\/4f30ea58-voluntariado.png 512w, https:\/\/www.greenpeace.org\/static\/planet4-mexico-stateless\/2025\/04\/4f30ea58-voluntariado-300x300.png 300w, https:\/\/www.greenpeace.org\/static\/planet4-mexico-stateless\/2025\/04\/4f30ea58-voluntariado-150x150.png 150w, https:\/\/www.greenpeace.org\/static\/planet4-mexico-stateless\/2025\/04\/4f30ea58-voluntariado-340x340.png 340w\" sizes=\"auto, (max-width: 512px) 100vw, 512px\" \/><\/figure>\n\n\n\n<h4 class=\"wp-block-heading has-text-align-center\">Abordar los impactos del pl\u00e1stico en el ambiente, la salud y los derechos humanos.<\/h4>\n<\/div>\n<\/div>\n\n<p class=\"has-text-align-center\">Si lo conseguimos, habremos creado un marco hol\u00edstico e integral para desmantelar el problema del pl\u00e1stico, desde su producci\u00f3n y consumo hasta su eliminaci\u00f3n y desecho. De este modo, el Tratado sienta las bases de la voluntad pol\u00edtica para seguir desmantelando la infraestructura de combustibles f\u00f3siles y petroqu\u00edmica y hacer cumplir los compromisos de reducci\u00f3n y transici\u00f3n hacia la reutilizaci\u00f3n.<\/p>\n\n<div style=\"height:40px\" aria-hidden=\"true\" class=\"wp-block-spacer\"><\/div>\n\n<div class=\"wp-block-media-text is-stacked-on-mobile\"><figure class=\"wp-block-media-text__media\"><img loading=\"lazy\" decoding=\"async\" width=\"1024\" height=\"683\" src=\"https:\/\/www.greenpeace.org\/static\/planet4-mexico-stateless\/2025\/06\/3c8dd4d9-gp0stwh5a_pressmedia-2500px-1024x683.jpg\" alt=\"Combustibles f\u00f3siles y pl\u00e1sticos\" sizes=\"auto, (min-width: 1600px) calc((1320px - 24px) \/ 2),(min-width: 1200px) calc((1140px - 24px) \/ 2),(min-width: 992px) calc((960px - 24px) \/ 2),(min-width: 768px) calc((720px - 24px) \/ 2),(min-width: 601px) calc((540px - 24px) \/ 2),(min-width: 577px) calc((540px - 24px) \/ 1), calc(100vw - 24px)\" srcset=\"https:\/\/www.greenpeace.org\/static\/planet4-mexico-stateless\/2025\/06\/3c8dd4d9-gp0stwh5a_pressmedia-2500px.jpg 2500w, https:\/\/www.greenpeace.org\/static\/planet4-mexico-stateless\/2025\/06\/3c8dd4d9-gp0stwh5a_pressmedia-2500px-300x200.jpg 300w, https:\/\/www.greenpeace.org\/static\/planet4-mexico-stateless\/2025\/06\/3c8dd4d9-gp0stwh5a_pressmedia-2500px-1024x683.jpg 1024w, https:\/\/www.greenpeace.org\/static\/planet4-mexico-stateless\/2025\/06\/3c8dd4d9-gp0stwh5a_pressmedia-2500px-768x512.jpg 768w, https:\/\/www.greenpeace.org\/static\/planet4-mexico-stateless\/2025\/06\/3c8dd4d9-gp0stwh5a_pressmedia-2500px-1536x1024.jpg 1536w, https:\/\/www.greenpeace.org\/static\/planet4-mexico-stateless\/2025\/06\/3c8dd4d9-gp0stwh5a_pressmedia-2500px-2048x1366.jpg 2048w, https:\/\/www.greenpeace.org\/static\/planet4-mexico-stateless\/2025\/06\/3c8dd4d9-gp0stwh5a_pressmedia-2500px-510x340.jpg 510w\" class=\"wp-image-58675 size-full\"\/><\/figure><div class=\"wp-block-media-text__content\">\n<h3 class=\"wp-block-heading has-dark-green-800-color has-text-color has-link-color has-large-font-size wp-elements-5ae55c3bc35990ebebaced9c85e75ed9\">\u00bfC\u00f3mo contribuye el Tratado a combatir la crisis clim\u00e1tica?<\/h3>\n\n\n\n<div style=\"height:10px\" aria-hidden=\"true\" class=\"wp-block-spacer\"><\/div>\n\n\n\n<ul class=\"wp-block-list\">\n<li>M\u00e1s del <strong>99% del pl\u00e1stico se fabrica con combustibles f\u00f3siles<\/strong>.<\/li>\n\n\n\n<li>Grandes marcas como Coca-Cola, PepsiCo y Nestl\u00e9 est\u00e1n ligadas a gigantes petroleros como ExxonMobil, Shell o Dow.<\/li>\n\n\n\n<li>Si no actuamos, la producci\u00f3n de pl\u00e1stico <strong>podr\u00eda triplicarse para 2050<\/strong>.<\/li>\n<\/ul>\n\n\n\n<p>El Tratado busca <strong>cerrar el camino a la expansi\u00f3n petroqu\u00edmica<\/strong>, disminuir emisiones, proteger ecosistemas y defender la salud humana.<\/p>\n<\/div><\/div>\n\n<div style=\"height:40px\" aria-hidden=\"true\" class=\"wp-block-spacer\"><\/div>\n\n<h3 class=\"wp-block-heading has-text-align-center has-white-color has-green-800-background-color has-text-color has-background has-link-color has-large-font-size wp-elements-54a9f442fd657339bb44ef0d5cca6bd5\">La industria del pl\u00e1stico presiona. Pero la ciudadan\u00eda global y los gobiernos tienen el poder de cambiar el rumbo.<\/h3>\n\n<div style=\"height:40px\" aria-hidden=\"true\" class=\"wp-block-spacer\"><\/div>\n\n<h2 class=\"wp-block-heading has-text-align-center has-dark-green-800-color has-text-color has-link-color wp-elements-64ee577519a294f68124614a4a94e3e1\">\u00bfQu\u00e9 puedes hacer t\u00fa?<\/h2>\n\n<div style=\"height:10px\" aria-hidden=\"true\" class=\"wp-block-spacer\"><\/div>\n\n<div class=\"wp-block-columns is-layout-flex wp-container-core-columns-is-layout-9d6595d7 wp-block-columns-is-layout-flex\">\n<div class=\"wp-block-column is-vertically-aligned-center is-layout-flow wp-block-column-is-layout-flow\">\n<h3 class=\"wp-block-heading has-text-align-center has-green-800-color has-text-color has-link-color wp-elements-f453e29c5e7565ce7bb7eca12cf224fd\">Dona para seguir luchando<\/h3>\n\n\n\n<div style=\"height:10px\" aria-hidden=\"true\" class=\"wp-block-spacer\"><\/div>\n\n\n\n<p class=\"has-text-align-center\">En Greenpeace no aceptamos dinero de empresas, partidos pol\u00edticos ni gobiernos. Nuestra fuerza viene de personas como t\u00fa.<br>Tu donaci\u00f3n nos permite mantener campa\u00f1as independientes, investigar, hacer incidencia y llevar a cabo acciones directas para proteger el planeta.<\/p>\n\n\n\n<div class=\"wp-block-buttons is-content-justification-center is-layout-flex wp-container-core-buttons-is-layout-16018d1d wp-block-buttons-is-layout-flex\">\n<div class=\"wp-block-button is-style-cta\"><a class=\"wp-block-button__link wp-element-button\" href=\"https:\/\/www.greenpeace.org\/mexico\/campanas\/tratado-global-de-plastico\/?form=tratado-global-plasticos&amp;utm_content=PaginaTratadoPlasticos&amp;utm_source=greenpeace.org&amp;utm_medium=pagina_de_campa%C3%B1a&amp;utm_campaign=plasticpollution\">S\u00famate como socio o socia<\/a><\/div>\n<\/div>\n<\/div>\n\n\n\n<div class=\"wp-block-column is-vertically-aligned-center is-layout-flow wp-block-column-is-layout-flow\">\n<h3 class=\"wp-block-heading has-text-align-center has-green-800-color has-text-color has-link-color wp-elements-9c898f0b6cf8458c54c7123d0c08f867\">Firma la petici\u00f3n y alza la voz<\/h3>\n\n\n\n<div style=\"height:10px\" aria-hidden=\"true\" class=\"wp-block-spacer\"><\/div>\n\n\n\n<p class=\"has-text-align-center\">Exige que la Secretar\u00eda de Relaciones Exteriores apruebe un fuerte Tratado Global de Pl\u00e1sticos. Tu firma puede marcar la diferencia y ayudar a frenar este megaproyecto que pone en riesgo el clima, el mar y nuestras comunidades.<\/p>\n\n\n\n<div class=\"wp-block-buttons is-content-justification-center is-layout-flex wp-container-core-buttons-is-layout-16018d1d wp-block-buttons-is-layout-flex\">\n<div class=\"wp-block-button\"><a class=\"wp-block-button__link has-text-align-center wp-element-button\" href=\"https:\/\/act.gp\/4kt4Jqx\" target=\"_blank\" rel=\"noreferrer noopener\">Firma aqu\u00ed y s\u00famate al rechazo<\/a><\/div>\n<\/div>\n<\/div>\n<\/div>\n\n<div style=\"height:40px\" aria-hidden=\"true\" class=\"wp-block-spacer\"><\/div>\n\n<figure class=\"wp-block-embed is-type-video is-provider-youtube wp-block-embed-youtube wp-embed-aspect-16-9 wp-has-aspect-ratio\"><div class=\"wp-block-embed__wrapper\">\n<iframe loading=\"lazy\" title=\"El origen y la soluci\u00f3n a la contaminaci\u00f3n pl\u00e1stica\" width=\"500\" height=\"281\" src=\"https:\/\/www.youtube.com\/embed\/8rCQWh9qxsc?feature=oembed\" frameborder=\"0\" allow=\"accelerometer; autoplay; clipboard-write; encrypted-media; gyroscope; picture-in-picture; web-share\" referrerpolicy=\"strict-origin-when-cross-origin\" allowfullscreen><\/iframe>\n<\/div><\/figure>\n\n<div style=\"height:30px\" aria-hidden=\"true\" class=\"wp-block-spacer\"><\/div>\n\n<div class=\"wp-block-query posts-list p4-query-loop is-custom-layout-carousel is-layout-flex wp-block-query-is-layout-flex\">\n<div class=\"wp-block-group is-content-justification-space-between is-layout-flex wp-container-core-group-is-layout-3d213aab wp-block-group-is-layout-flex\">\n<h2 class=\"wp-block-heading has-dark-green-800-color has-text-color has-link-color wp-elements-a853dfa4c7d54a99a20bf881e7f1ff0b\">Inf\u00f3rmate<\/h2>\n\n\n<li class=\" wp-block-navigation-item see-all-link wp-block-navigation-link\"><a class=\"wp-block-navigation-item__content\"  href=\"http:\/\/www-dev.greenpeace.org\/mexico\/news-stories\/?tag=tratado-global-de-plasticos&#038;category=plasticos\"><span class=\"wp-block-navigation-item__label\">Mira m\u00e1s contenidos<\/span><\/a><\/li><\/div>\n\n\n\n<p style=\"margin-top:24px;margin-bottom:36px\"><\/p>\n\n\n\n\n<ul class=\"wp-block-post-template is-layout-flow wp-block-post-template-is-layout-flow\"><li class=\"wp-block-post post-62534 post type-post status-publish format-standard has-post-thumbnail hentry category-plasticos tag-consumo tag-falsas-soluciones tag-tratado-global-de-plasticos p4-page-type-informacion-prensa\">\n\n<div class=\"wp-block-columns is-layout-flex wp-container-core-columns-is-layout-9d6595d7 wp-block-columns-is-layout-flex\"><figure class=\"wp-block-post-featured-image\"><a href=\"https:\/\/www.greenpeace.org\/mexico\/informacion-prensa\/62534\/la-ley-general-de-economia-circular-onu\/\" target=\"_self\"  ><img loading=\"lazy\" decoding=\"async\" width=\"1200\" height=\"675\" src=\"https:\/\/www.greenpeace.org\/static\/planet4-mexico-stateless\/2025\/07\/2d773077-plasticos-botrllas-produccion.jpg\" class=\"attachment-post-thumbnail size-post-thumbnail wp-post-image wp-stateless-item\" alt=\"La Ley General de Econom\u00eda Circular no proh\u00edbe los pl\u00e1sticos de un solo uso: relator de la ONU sobre sustancias t\u00f3xicas.\" style=\"object-fit:cover;\" srcset=\"https:\/\/www.greenpeace.org\/static\/planet4-mexico-stateless\/2025\/07\/2d773077-plasticos-botrllas-produccion.jpg 1200w, https:\/\/www.greenpeace.org\/static\/planet4-mexico-stateless\/2025\/07\/2d773077-plasticos-botrllas-produccion-300x169.jpg 300w, https:\/\/www.greenpeace.org\/static\/planet4-mexico-stateless\/2025\/07\/2d773077-plasticos-botrllas-produccion-1024x576.jpg 1024w, https:\/\/www.greenpeace.org\/static\/planet4-mexico-stateless\/2025\/07\/2d773077-plasticos-botrllas-produccion-768x432.jpg 768w, https:\/\/www.greenpeace.org\/static\/planet4-mexico-stateless\/2025\/07\/2d773077-plasticos-botrllas-produccion-510x287.jpg 510w\" sizes=\"auto, (max-width: 1200px) 100vw, 1200px\" data-image-size=\"post-thumbnail\" data-stateless-media-bucket=\"planet4-mexico-stateless-develop\" data-stateless-media-name=\"2025\/07\/2d773077-plasticos-botrllas-produccion.jpg\" \/><\/a><\/figure>\n\n\n<div class=\"wp-block-group is-layout-flow wp-block-group-is-layout-flow\">\n<div class=\"wp-block-group is-layout-flex wp-block-group-is-layout-flex\"><div class=\"wp-block-post-terms\"><a href=\"https:\/\/www.greenpeace.org\/mexico\/category\/plasticos\/\">Pl\u00e1sticos<\/a><\/div>\n\n<div class=\"taxonomy-post_tag wp-block-post-terms\"><a href=\"https:\/\/www.greenpeace.org\/mexico\/tag\/consumo\/\" rel=\"tag\">Consumo<\/a><span class=\"wp-block-post-terms__separator\"> <\/span><a href=\"https:\/\/www.greenpeace.org\/mexico\/tag\/falsas-soluciones\/\" rel=\"tag\">Falsas soluciones<\/a><span class=\"wp-block-post-terms__separator\"> <\/span><a href=\"https:\/\/www.greenpeace.org\/mexico\/tag\/tratado-global-de-plasticos\/\" rel=\"tag\">Tratado Global de Pl\u00e1sticos<\/a><\/div><\/div>\n\n\n<h3 class=\"wp-block-post-title\"><a href=\"https:\/\/www.greenpeace.org\/mexico\/informacion-prensa\/62534\/la-ley-general-de-economia-circular-onu\/\" target=\"_self\" >La Ley General de Econom\u00eda Circular no proh\u00edbe los pl\u00e1sticos de un solo uso: relator de la ONU sobre sustancias t\u00f3xicas.<\/a><\/h3>\n\n<div class=\"wp-block-post-excerpt\"><p class=\"wp-block-post-excerpt__excerpt\">\u25cf Durante su visita a M\u00e9xico llama a las autoridades a utilizar la evidenciacient\u00edfica para informar y crear normas y pol\u00edticas p\u00fablicas efectivas deregulaci\u00f3n\u25cf Los pa\u00edses deben avanzar en medidas&hellip; <\/p><\/div>\n\n\n<div class=\"wp-block-group posts-list-meta is-layout-flow wp-block-group-is-layout-flow\"><span class='article-list-item-author'>Greenpeace M\u00e9xico<\/span>\n\n<div class=\"wp-block-post-date\"><time datetime=\"2026-03-20T18:29:00-05:00\">marzo 20, 2026<\/time><\/div><\/div>\n<\/div>\n<\/div>\n\n<\/li><li class=\"wp-block-post post-62279 post type-post status-publish format-standard has-post-thumbnail hentry category-plasticos tag-tratado-global-de-plasticos tag-salud p4-page-type-blog\">\n\n<div class=\"wp-block-columns is-layout-flex wp-container-core-columns-is-layout-9d6595d7 wp-block-columns-is-layout-flex\"><figure class=\"wp-block-post-featured-image\"><a href=\"https:\/\/www.greenpeace.org\/mexico\/blog\/62279\/microplastico-en-comidas-preparadas\/\" target=\"_self\"  ><img loading=\"lazy\" decoding=\"async\" width=\"800\" height=\"533\" src=\"https:\/\/www.greenpeace.org\/static\/planet4-mexico-stateless\/2026\/02\/3bce2ae2-gp0su7hih_low-res-with-credit-line-800px.jpg\" class=\"attachment-post-thumbnail size-post-thumbnail wp-post-image wp-stateless-item\" alt=\"\u00bfRecalientas tu comida en envases de pl\u00e1stico? Podr\u00edas estar contaminando tu cuerpo sin saberlo.\" style=\"object-fit:cover;\" srcset=\"https:\/\/www.greenpeace.org\/static\/planet4-mexico-stateless\/2026\/02\/3bce2ae2-gp0su7hih_low-res-with-credit-line-800px.jpg 800w, https:\/\/www.greenpeace.org\/static\/planet4-mexico-stateless\/2026\/02\/3bce2ae2-gp0su7hih_low-res-with-credit-line-800px-300x200.jpg 300w, https:\/\/www.greenpeace.org\/static\/planet4-mexico-stateless\/2026\/02\/3bce2ae2-gp0su7hih_low-res-with-credit-line-800px-768x512.jpg 768w, https:\/\/www.greenpeace.org\/static\/planet4-mexico-stateless\/2026\/02\/3bce2ae2-gp0su7hih_low-res-with-credit-line-800px-510x340.jpg 510w\" sizes=\"auto, (max-width: 800px) 100vw, 800px\" data-image-size=\"post-thumbnail\" data-stateless-media-bucket=\"planet4-mexico-stateless\" data-stateless-media-name=\"2026\/02\/3bce2ae2-gp0su7hih_low-res-with-credit-line-800px.jpg\" \/><\/a><\/figure>\n\n\n<div class=\"wp-block-group is-layout-flow wp-block-group-is-layout-flow\">\n<div class=\"wp-block-group is-layout-flex wp-block-group-is-layout-flex\"><div class=\"wp-block-post-terms\"><a href=\"https:\/\/www.greenpeace.org\/mexico\/category\/plasticos\/\">Pl\u00e1sticos<\/a><\/div>\n\n<div class=\"taxonomy-post_tag wp-block-post-terms\"><a href=\"https:\/\/www.greenpeace.org\/mexico\/tag\/tratado-global-de-plasticos\/\" rel=\"tag\">Tratado Global de Pl\u00e1sticos<\/a><span class=\"wp-block-post-terms__separator\"> <\/span><a href=\"https:\/\/www.greenpeace.org\/mexico\/tag\/salud\/\" rel=\"tag\">Salud<\/a><\/div><\/div>\n\n\n<h3 class=\"wp-block-post-title\"><a href=\"https:\/\/www.greenpeace.org\/mexico\/blog\/62279\/microplastico-en-comidas-preparadas\/\" target=\"_self\" >\u00bfRecalientas tu comida en envases de pl\u00e1stico? Podr\u00edas estar contaminando tu cuerpo sin saberlo.<\/a><\/h3>\n\n<div class=\"wp-block-post-excerpt\"><p class=\"wp-block-post-excerpt__excerpt\">\u00bfCon qu\u00e9 frecuencia comes comida para llevar? \u00bfY comidas preparadas? \u00bfO tal vez solo calientas en el microondas las sobras que tienes en la nevera? En cualquiera de estos casos,&hellip; <\/p><\/div>\n\n\n<div class=\"wp-block-group posts-list-meta is-layout-flow wp-block-group-is-layout-flow\"><span class='article-list-item-author'><a href='https:\/\/www.greenpeace.org\/mexico\/author\/greenpeace-mexico\/'>Greenpeace M\u00e9xico<\/a><\/span>\n\n<div class=\"wp-block-post-date\"><time datetime=\"2026-02-25T12:04:52-05:00\">febrero 25, 2026<\/time><\/div><\/div>\n<\/div>\n<\/div>\n\n<\/li><li class=\"wp-block-post post-61519 post type-post status-publish format-standard has-post-thumbnail hentry category-plasticos tag-tratado-global-de-plasticos tag-falsas-soluciones p4-page-type-blog\">\n\n<div class=\"wp-block-columns is-layout-flex wp-container-core-columns-is-layout-9d6595d7 wp-block-columns-is-layout-flex\"><figure class=\"wp-block-post-featured-image\"><a href=\"https:\/\/www.greenpeace.org\/mexico\/blog\/61519\/datos-terrorificos-microplasticos-tratado-global-de-plasticos\/\" target=\"_self\"  ><img loading=\"lazy\" decoding=\"async\" width=\"1200\" height=\"800\" src=\"https:\/\/www.greenpeace.org\/static\/planet4-mexico-stateless\/2025\/10\/2ec37c65-gp0sttlfn.jpg\" class=\"attachment-post-thumbnail size-post-thumbnail wp-post-image wp-stateless-item\" alt=\"5 terror\u00edficos datos sobre los micropl\u00e1sticos que debes conocer\" style=\"object-fit:cover;\" srcset=\"https:\/\/www.greenpeace.org\/static\/planet4-mexico-stateless\/2025\/10\/2ec37c65-gp0sttlfn.jpg 1200w, https:\/\/www.greenpeace.org\/static\/planet4-mexico-stateless\/2025\/10\/2ec37c65-gp0sttlfn-300x200.jpg 300w, https:\/\/www.greenpeace.org\/static\/planet4-mexico-stateless\/2025\/10\/2ec37c65-gp0sttlfn-1024x683.jpg 1024w, https:\/\/www.greenpeace.org\/static\/planet4-mexico-stateless\/2025\/10\/2ec37c65-gp0sttlfn-768x512.jpg 768w, https:\/\/www.greenpeace.org\/static\/planet4-mexico-stateless\/2025\/10\/2ec37c65-gp0sttlfn-510x340.jpg 510w\" sizes=\"auto, (max-width: 1200px) 100vw, 1200px\" data-image-size=\"post-thumbnail\" data-stateless-media-bucket=\"planet4-mexico-stateless\" data-stateless-media-name=\"2025\/10\/2ec37c65-gp0sttlfn.jpg\" \/><\/a><\/figure>\n\n\n<div class=\"wp-block-group is-layout-flow wp-block-group-is-layout-flow\">\n<div class=\"wp-block-group is-layout-flex wp-block-group-is-layout-flex\"><div class=\"wp-block-post-terms\"><a href=\"https:\/\/www.greenpeace.org\/mexico\/category\/plasticos\/\">Pl\u00e1sticos<\/a><\/div>\n\n<div class=\"taxonomy-post_tag wp-block-post-terms\"><a href=\"https:\/\/www.greenpeace.org\/mexico\/tag\/tratado-global-de-plasticos\/\" rel=\"tag\">Tratado Global de Pl\u00e1sticos<\/a><span class=\"wp-block-post-terms__separator\"> <\/span><a href=\"https:\/\/www.greenpeace.org\/mexico\/tag\/falsas-soluciones\/\" rel=\"tag\">Falsas soluciones<\/a><\/div><\/div>\n\n\n<h3 class=\"wp-block-post-title\"><a href=\"https:\/\/www.greenpeace.org\/mexico\/blog\/61519\/datos-terrorificos-microplasticos-tratado-global-de-plasticos\/\" target=\"_self\" >5 terror\u00edficos datos sobre los micropl\u00e1sticos que debes conocer<\/a><\/h3>\n\n<div class=\"wp-block-post-excerpt\"><p class=\"wp-block-post-excerpt__excerpt\">Aprende 5 datos terror\u00edficos datos sobre los micropl\u00e1sticos que debes conocer <\/p><\/div>\n\n\n<div class=\"wp-block-group posts-list-meta is-layout-flow wp-block-group-is-layout-flow\"><span class='article-list-item-author'>Janet G\u00f3mez<\/span>\n\n<div class=\"wp-block-post-date\"><time datetime=\"2025-10-31T11:12:27-05:00\">octubre 31, 2025<\/time><\/div><\/div>\n<\/div>\n<\/div>\n\n<\/li><li class=\"wp-block-post post-60427 post type-post status-publish format-standard has-post-thumbnail hentry category-plasticos tag-tratado-global-de-plasticos tag-falsas-soluciones p4-page-type-informacion-prensa\">\n\n<div class=\"wp-block-columns is-layout-flex wp-container-core-columns-is-layout-9d6595d7 wp-block-columns-is-layout-flex\"><figure class=\"wp-block-post-featured-image\"><a href=\"https:\/\/www.greenpeace.org\/mexico\/informacion-prensa\/60427\/ronda-de-negociaciones-tratado-mundial-de-plasticos\/\" target=\"_self\"  ><img loading=\"lazy\" decoding=\"async\" width=\"800\" height=\"533\" src=\"https:\/\/www.greenpeace.org\/static\/planet4-mexico-stateless\/2025\/04\/a0fa98ba-fin-era-plastico.jpg\" class=\"attachment-post-thumbnail size-post-thumbnail wp-post-image wp-stateless-item\" alt=\"Sin acuerdo, termina ronda de negociaciones sobre el Tratado Mundial de Pl\u00e1sticos\u00a0\" style=\"object-fit:cover;\" srcset=\"https:\/\/www.greenpeace.org\/static\/planet4-mexico-stateless\/2025\/04\/a0fa98ba-fin-era-plastico.jpg 800w, https:\/\/www.greenpeace.org\/static\/planet4-mexico-stateless\/2025\/04\/a0fa98ba-fin-era-plastico-300x200.jpg 300w, https:\/\/www.greenpeace.org\/static\/planet4-mexico-stateless\/2025\/04\/a0fa98ba-fin-era-plastico-768x512.jpg 768w, https:\/\/www.greenpeace.org\/static\/planet4-mexico-stateless\/2025\/04\/a0fa98ba-fin-era-plastico-510x340.jpg 510w\" sizes=\"auto, (max-width: 800px) 100vw, 800px\" data-image-size=\"post-thumbnail\" data-stateless-media-bucket=\"planet4-mexico-stateless-develop\" data-stateless-media-name=\"2025\/04\/a0fa98ba-fin-era-plastico.jpg\" \/><\/a><\/figure>\n\n\n<div class=\"wp-block-group is-layout-flow wp-block-group-is-layout-flow\">\n<div class=\"wp-block-group is-layout-flex wp-block-group-is-layout-flex\"><div class=\"wp-block-post-terms\"><a href=\"https:\/\/www.greenpeace.org\/mexico\/category\/plasticos\/\">Pl\u00e1sticos<\/a><\/div>\n\n<div class=\"taxonomy-post_tag wp-block-post-terms\"><a href=\"https:\/\/www.greenpeace.org\/mexico\/tag\/tratado-global-de-plasticos\/\" rel=\"tag\">Tratado Global de Pl\u00e1sticos<\/a><span class=\"wp-block-post-terms__separator\"> <\/span><a href=\"https:\/\/www.greenpeace.org\/mexico\/tag\/falsas-soluciones\/\" rel=\"tag\">Falsas soluciones<\/a><\/div><\/div>\n\n\n<h3 class=\"wp-block-post-title\"><a href=\"https:\/\/www.greenpeace.org\/mexico\/informacion-prensa\/60427\/ronda-de-negociaciones-tratado-mundial-de-plasticos\/\" target=\"_self\" >Sin acuerdo, termina ronda de negociaciones sobre el Tratado Mundial de Pl\u00e1sticos\u00a0<\/a><\/h3>\n\n<div class=\"wp-block-post-excerpt\"><p class=\"wp-block-post-excerpt__excerpt\">Un a\u00f1o m\u00e1s sin que se tenga un convenio firme para frenar la contaminaci\u00f3n pl\u00e1stica. Descubre qu\u00e9 pas\u00f3 en la reci\u00e9n concluida ronda de negociaciones sobre el Tratado Mundial de Pl\u00e1sticos. Sigue leyendo. <\/p><\/div>\n\n\n<div class=\"wp-block-group posts-list-meta is-layout-flow wp-block-group-is-layout-flow\"><span class='article-list-item-author'>Greenpeace M\u00e9xico<\/span>\n\n<div class=\"wp-block-post-date\"><time datetime=\"2025-08-15T10:45:14-05:00\">agosto 15, 2025<\/time><\/div><\/div>\n<\/div>\n<\/div>\n\n<\/li><li class=\"wp-block-post post-59827 post type-post status-publish format-standard has-post-thumbnail hentry category-plasticos tag-tratado-global-de-plasticos tag-activismo p4-page-type-informacion-prensa\">\n\n<div class=\"wp-block-columns is-layout-flex wp-container-core-columns-is-layout-9d6595d7 wp-block-columns-is-layout-flex\"><figure class=\"wp-block-post-featured-image\"><a href=\"https:\/\/www.greenpeace.org\/mexico\/informacion-prensa\/59827\/greenpeace-mexico-se-manifiesta-frente-a-cancilleria-lleva-90-mil-voces-por-los-oceanos\/\" target=\"_self\"  ><img loading=\"lazy\" decoding=\"async\" width=\"1024\" height=\"683\" src=\"https:\/\/www.greenpeace.org\/static\/planet4-mexico-stateless\/2025\/07\/95530b0e-oceanos-sin-plasticos-firmasa.jpg\" class=\"attachment-post-thumbnail size-post-thumbnail wp-post-image wp-stateless-item\" alt=\"Greenpeace M\u00e9xico se manifiesta frente a Canciller\u00eda, lleva 90 mil voces por los Oc\u00e9anos\" style=\"object-fit:cover;\" srcset=\"https:\/\/www.greenpeace.org\/static\/planet4-mexico-stateless\/2025\/07\/95530b0e-oceanos-sin-plasticos-firmasa.jpg 1024w, https:\/\/www.greenpeace.org\/static\/planet4-mexico-stateless\/2025\/07\/95530b0e-oceanos-sin-plasticos-firmasa-300x200.jpg 300w, https:\/\/www.greenpeace.org\/static\/planet4-mexico-stateless\/2025\/07\/95530b0e-oceanos-sin-plasticos-firmasa-768x512.jpg 768w, https:\/\/www.greenpeace.org\/static\/planet4-mexico-stateless\/2025\/07\/95530b0e-oceanos-sin-plasticos-firmasa-510x340.jpg 510w\" sizes=\"auto, (max-width: 1024px) 100vw, 1024px\" data-image-size=\"post-thumbnail\" data-stateless-media-bucket=\"planet4-mexico-stateless-develop\" data-stateless-media-name=\"2025\/07\/95530b0e-oceanos-sin-plasticos-firmasa.jpg\" \/><\/a><\/figure>\n\n\n<div class=\"wp-block-group is-layout-flow wp-block-group-is-layout-flow\">\n<div class=\"wp-block-group is-layout-flex wp-block-group-is-layout-flex\"><div class=\"wp-block-post-terms\"><a href=\"https:\/\/www.greenpeace.org\/mexico\/category\/plasticos\/\">Pl\u00e1sticos<\/a><\/div>\n\n<div class=\"taxonomy-post_tag wp-block-post-terms\"><a href=\"https:\/\/www.greenpeace.org\/mexico\/tag\/tratado-global-de-plasticos\/\" rel=\"tag\">Tratado Global de Pl\u00e1sticos<\/a><span class=\"wp-block-post-terms__separator\"> <\/span><a href=\"https:\/\/www.greenpeace.org\/mexico\/tag\/activismo\/\" rel=\"tag\">Activismo<\/a><\/div><\/div>\n\n\n<h3 class=\"wp-block-post-title\"><a href=\"https:\/\/www.greenpeace.org\/mexico\/informacion-prensa\/59827\/greenpeace-mexico-se-manifiesta-frente-a-cancilleria-lleva-90-mil-voces-por-los-oceanos\/\" target=\"_self\" >Greenpeace M\u00e9xico se manifiesta frente a Canciller\u00eda, lleva 90 mil voces por los Oc\u00e9anos<\/a><\/h3>\n\n<div class=\"wp-block-post-excerpt\"><p class=\"wp-block-post-excerpt__excerpt\">Greenpeace M\u00e9xico entreg\u00f3 90 mil firmas a la SRE para exigir que el pa\u00eds impulse un Tratado Global de Pl\u00e1sticos ambicioso y proteja el planeta. <\/p><\/div>\n\n\n<div class=\"wp-block-group posts-list-meta is-layout-flow wp-block-group-is-layout-flow\"><span class='article-list-item-author'>Greenpeace M\u00e9xico<\/span>\n\n<div class=\"wp-block-post-date\"><time datetime=\"2025-07-29T18:00:54-05:00\">julio 29, 2025<\/time><\/div><\/div>\n<\/div>\n<\/div>\n\n<\/li><li class=\"wp-block-post post-59908 post type-post status-publish format-standard has-post-thumbnail hentry category-plasticos tag-tratado-global-de-plasticos tag-falsas-soluciones p4-page-type-blog\">\n\n<div class=\"wp-block-columns is-layout-flex wp-container-core-columns-is-layout-9d6595d7 wp-block-columns-is-layout-flex\"><figure class=\"wp-block-post-featured-image\"><a href=\"https:\/\/www.greenpeace.org\/mexico\/blog\/59908\/mitos-del-reciclaje-cual-es-la-verdad-detras-de-esta-practica\/\" target=\"_self\"  ><img loading=\"lazy\" decoding=\"async\" width=\"1200\" height=\"802\" src=\"https:\/\/www.greenpeace.org\/static\/planet4-mexico-stateless\/2025\/07\/c19b1b29-reciclaje-plasticos.jpg\" class=\"attachment-post-thumbnail size-post-thumbnail wp-post-image wp-stateless-item\" alt=\"Mitos del reciclaje: \u00bfcu\u00e1l es la verdad detr\u00e1s de esta pr\u00e1ctica?\" style=\"object-fit:cover;\" srcset=\"https:\/\/www.greenpeace.org\/static\/planet4-mexico-stateless\/2025\/07\/c19b1b29-reciclaje-plasticos.jpg 1200w, https:\/\/www.greenpeace.org\/static\/planet4-mexico-stateless\/2025\/07\/c19b1b29-reciclaje-plasticos-300x201.jpg 300w, https:\/\/www.greenpeace.org\/static\/planet4-mexico-stateless\/2025\/07\/c19b1b29-reciclaje-plasticos-1024x684.jpg 1024w, https:\/\/www.greenpeace.org\/static\/planet4-mexico-stateless\/2025\/07\/c19b1b29-reciclaje-plasticos-768x513.jpg 768w, https:\/\/www.greenpeace.org\/static\/planet4-mexico-stateless\/2025\/07\/c19b1b29-reciclaje-plasticos-510x340.jpg 510w\" sizes=\"auto, (max-width: 1200px) 100vw, 1200px\" data-image-size=\"post-thumbnail\" data-stateless-media-bucket=\"planet4-mexico-stateless-develop\" data-stateless-media-name=\"2025\/07\/c19b1b29-reciclaje-plasticos.jpg\" \/><\/a><\/figure>\n\n\n<div class=\"wp-block-group is-layout-flow wp-block-group-is-layout-flow\">\n<div class=\"wp-block-group is-layout-flex wp-block-group-is-layout-flex\"><div class=\"wp-block-post-terms\"><a href=\"https:\/\/www.greenpeace.org\/mexico\/category\/plasticos\/\">Pl\u00e1sticos<\/a><\/div>\n\n<div class=\"taxonomy-post_tag wp-block-post-terms\"><a href=\"https:\/\/www.greenpeace.org\/mexico\/tag\/tratado-global-de-plasticos\/\" rel=\"tag\">Tratado Global de Pl\u00e1sticos<\/a><span class=\"wp-block-post-terms__separator\"> <\/span><a href=\"https:\/\/www.greenpeace.org\/mexico\/tag\/falsas-soluciones\/\" rel=\"tag\">Falsas soluciones<\/a><\/div><\/div>\n\n\n<h3 class=\"wp-block-post-title\"><a href=\"https:\/\/www.greenpeace.org\/mexico\/blog\/59908\/mitos-del-reciclaje-cual-es-la-verdad-detras-de-esta-practica\/\" target=\"_self\" >Mitos del reciclaje: \u00bfcu\u00e1l es la verdad detr\u00e1s de esta pr\u00e1ctica?<\/a><\/h3>\n\n<div class=\"wp-block-post-excerpt\"><p class=\"wp-block-post-excerpt__excerpt\">Reciclar no es la soluci\u00f3n a la contaminaci\u00f3n pl\u00e1stica. Urge reducir la producci\u00f3n de pl\u00e1sticos de un solo uso con leyes efectivas. <\/p><\/div>\n\n\n<div class=\"wp-block-group posts-list-meta is-layout-flow wp-block-group-is-layout-flow\"><span class='article-list-item-author'>Janet G\u00f3mez<\/span>\n\n<div class=\"wp-block-post-date\"><time datetime=\"2025-07-29T13:18:35-05:00\">julio 29, 2025<\/time><\/div><\/div>\n<\/div>\n<\/div>\n\n<\/li><li class=\"wp-block-post post-59088 post type-post status-publish format-standard has-post-thumbnail hentry category-plasticos tag-tratado-global-de-plasticos tag-tips-y-guias p4-page-type-blog\">\n\n<div class=\"wp-block-columns is-layout-flex wp-container-core-columns-is-layout-9d6595d7 wp-block-columns-is-layout-flex\"><figure class=\"wp-block-post-featured-image\"><a href=\"https:\/\/www.greenpeace.org\/mexico\/blog\/59088\/que-es-julio-sin-plastico-que-hacer-y-como-puedes-sumarte\/\" target=\"_self\"  ><img loading=\"lazy\" decoding=\"async\" width=\"1200\" height=\"800\" src=\"https:\/\/www.greenpeace.org\/static\/planet4-mexico-stateless\/2025\/07\/f817f2a4-plasticos-playa.jpg\" class=\"attachment-post-thumbnail size-post-thumbnail wp-post-image wp-stateless-item\" alt=\"Qu\u00e9 es Julio sin Pl\u00e1stico, qu\u00e9 hacer y c\u00f3mo puedes sumarte\" style=\"object-fit:cover;\" srcset=\"https:\/\/www.greenpeace.org\/static\/planet4-mexico-stateless\/2025\/07\/f817f2a4-plasticos-playa.jpg 1200w, https:\/\/www.greenpeace.org\/static\/planet4-mexico-stateless\/2025\/07\/f817f2a4-plasticos-playa-300x200.jpg 300w, https:\/\/www.greenpeace.org\/static\/planet4-mexico-stateless\/2025\/07\/f817f2a4-plasticos-playa-1024x683.jpg 1024w, https:\/\/www.greenpeace.org\/static\/planet4-mexico-stateless\/2025\/07\/f817f2a4-plasticos-playa-768x512.jpg 768w, https:\/\/www.greenpeace.org\/static\/planet4-mexico-stateless\/2025\/07\/f817f2a4-plasticos-playa-510x340.jpg 510w\" sizes=\"auto, (max-width: 1200px) 100vw, 1200px\" data-image-size=\"post-thumbnail\" data-stateless-media-bucket=\"planet4-mexico-stateless-develop\" data-stateless-media-name=\"2025\/07\/f817f2a4-plasticos-playa.jpg\" \/><\/a><\/figure>\n\n\n<div class=\"wp-block-group is-layout-flow wp-block-group-is-layout-flow\">\n<div class=\"wp-block-group is-layout-flex wp-block-group-is-layout-flex\"><div class=\"wp-block-post-terms\"><a href=\"https:\/\/www.greenpeace.org\/mexico\/category\/plasticos\/\">Pl\u00e1sticos<\/a><\/div>\n\n<div class=\"taxonomy-post_tag wp-block-post-terms\"><a href=\"https:\/\/www.greenpeace.org\/mexico\/tag\/tratado-global-de-plasticos\/\" rel=\"tag\">Tratado Global de Pl\u00e1sticos<\/a><span class=\"wp-block-post-terms__separator\"> <\/span><a href=\"https:\/\/www.greenpeace.org\/mexico\/tag\/tips-y-guias\/\" rel=\"tag\">Tips y gu\u00edas<\/a><\/div><\/div>\n\n\n<h3 class=\"wp-block-post-title\"><a href=\"https:\/\/www.greenpeace.org\/mexico\/blog\/59088\/que-es-julio-sin-plastico-que-hacer-y-como-puedes-sumarte\/\" target=\"_self\" >Qu\u00e9 es Julio sin Pl\u00e1stico, qu\u00e9 hacer y c\u00f3mo puedes sumarte<\/a><\/h3>\n\n<div class=\"wp-block-post-excerpt\"><p class=\"wp-block-post-excerpt__excerpt\">Julio sin Pl\u00e1stico es un movimiento global para dejar los pl\u00e1sticos de un solo uso. Descubre c\u00f3mo sumarte y proteger el planeta con acciones simples. <\/p><\/div>\n\n\n<div class=\"wp-block-group posts-list-meta is-layout-flow wp-block-group-is-layout-flow\"><span class='article-list-item-author'>Janet G\u00f3mez<\/span>\n\n<div class=\"wp-block-post-date\"><time datetime=\"2025-07-01T12:16:03-05:00\">julio 1, 2025<\/time><\/div><\/div>\n<\/div>\n<\/div>\n\n<\/li><li class=\"wp-block-post post-56956 post type-post status-publish format-standard has-post-thumbnail hentry category-plasticos tag-salud tag-tratado-global-de-plasticos p4-page-type-blog\">\n\n<div class=\"wp-block-columns is-layout-flex wp-container-core-columns-is-layout-9d6595d7 wp-block-columns-is-layout-flex\"><figure class=\"wp-block-post-featured-image\"><a href=\"https:\/\/www.greenpeace.org\/mexico\/blog\/56956\/microplasticos-en-el-cuerpo-que-consecuencias-tiene-sobre-la-salud-humana\/\" target=\"_self\"  ><img loading=\"lazy\" decoding=\"async\" width=\"1200\" height=\"900\" src=\"https:\/\/www.greenpeace.org\/static\/planet4-mexico-stateless\/2025\/04\/35f2df02-microplasticos.jpg\" class=\"attachment-post-thumbnail size-post-thumbnail wp-post-image wp-stateless-item\" alt=\"Micropl\u00e1sticos en el cuerpo: \u00bfQu\u00e9 consecuencias tiene sobre la salud humana?\" style=\"object-fit:cover;\" srcset=\"https:\/\/www.greenpeace.org\/static\/planet4-mexico-stateless\/2025\/04\/35f2df02-microplasticos.jpg 1200w, https:\/\/www.greenpeace.org\/static\/planet4-mexico-stateless\/2025\/04\/35f2df02-microplasticos-300x225.jpg 300w, https:\/\/www.greenpeace.org\/static\/planet4-mexico-stateless\/2025\/04\/35f2df02-microplasticos-1024x768.jpg 1024w, https:\/\/www.greenpeace.org\/static\/planet4-mexico-stateless\/2025\/04\/35f2df02-microplasticos-768x576.jpg 768w, https:\/\/www.greenpeace.org\/static\/planet4-mexico-stateless\/2025\/04\/35f2df02-microplasticos-453x340.jpg 453w\" sizes=\"auto, (max-width: 1200px) 100vw, 1200px\" data-image-size=\"post-thumbnail\" data-stateless-media-bucket=\"planet4-mexico-stateless-develop\" data-stateless-media-name=\"2025\/04\/35f2df02-microplasticos.jpg\" \/><\/a><\/figure>\n\n\n<div class=\"wp-block-group is-layout-flow wp-block-group-is-layout-flow\">\n<div class=\"wp-block-group is-layout-flex wp-block-group-is-layout-flex\"><div class=\"wp-block-post-terms\"><a href=\"https:\/\/www.greenpeace.org\/mexico\/category\/plasticos\/\">Pl\u00e1sticos<\/a><\/div>\n\n<div class=\"taxonomy-post_tag wp-block-post-terms\"><a href=\"https:\/\/www.greenpeace.org\/mexico\/tag\/salud\/\" rel=\"tag\">Salud<\/a><span class=\"wp-block-post-terms__separator\"> <\/span><a href=\"https:\/\/www.greenpeace.org\/mexico\/tag\/tratado-global-de-plasticos\/\" rel=\"tag\">Tratado Global de Pl\u00e1sticos<\/a><\/div><\/div>\n\n\n<h3 class=\"wp-block-post-title\"><a href=\"https:\/\/www.greenpeace.org\/mexico\/blog\/56956\/microplasticos-en-el-cuerpo-que-consecuencias-tiene-sobre-la-salud-humana\/\" target=\"_self\" >Micropl\u00e1sticos en el cuerpo: \u00bfQu\u00e9 consecuencias tiene sobre la salud humana?<\/a><\/h3>\n\n<div class=\"wp-block-post-excerpt\"><p class=\"wp-block-post-excerpt__excerpt\">Los micropl\u00e1sticos est\u00e1n en el aire, el agua y los alimentos. Conoce c\u00f3mo afectan tu salud y qu\u00e9 podemos hacer para detenerlos. <\/p><\/div>\n\n\n<div class=\"wp-block-group posts-list-meta is-layout-flow wp-block-group-is-layout-flow\"><span class='article-list-item-author'>Janet G\u00f3mez<\/span>\n\n<div class=\"wp-block-post-date\"><time datetime=\"2025-05-26T13:29:21-05:00\">mayo 26, 2025<\/time><\/div><\/div>\n<\/div>\n<\/div>\n\n<\/li><li class=\"wp-block-post post-54684 post type-post status-publish format-standard has-post-thumbnail hentry category-plasticos tag-tratado-global-de-plasticos tag-activismo p4-page-type-informacion-prensa\">\n\n<div class=\"wp-block-columns is-layout-flex wp-container-core-columns-is-layout-9d6595d7 wp-block-columns-is-layout-flex\"><figure class=\"wp-block-post-featured-image\"><a href=\"https:\/\/www.greenpeace.org\/mexico\/informacion-prensa\/54684\/la-lucha-continua-no-hay-un-tratado-aun-las-negociaciones-del-tratado-global-de-plasticos-fracasan-en-llegar-a-un-acuerdo\/\" target=\"_self\"  ><img loading=\"lazy\" decoding=\"async\" width=\"1200\" height=\"798\" src=\"https:\/\/www.greenpeace.org\/static\/planet4-mexico-stateless\/2025\/06\/b9f6bcaf-plasticos-auditoria-greenpeace.jpg\" class=\"attachment-post-thumbnail size-post-thumbnail wp-post-image wp-stateless-item\" alt=\"La lucha contin\u00faa, no hay un tratado a\u00fan: las negociaciones del Tratado Global de Pl\u00e1sticos fracasan en llegar a un acuerdo\" style=\"object-fit:cover;\" srcset=\"https:\/\/www.greenpeace.org\/static\/planet4-mexico-stateless\/2025\/06\/b9f6bcaf-plasticos-auditoria-greenpeace.jpg 1200w, https:\/\/www.greenpeace.org\/static\/planet4-mexico-stateless\/2025\/06\/b9f6bcaf-plasticos-auditoria-greenpeace-300x200.jpg 300w, https:\/\/www.greenpeace.org\/static\/planet4-mexico-stateless\/2025\/06\/b9f6bcaf-plasticos-auditoria-greenpeace-1024x681.jpg 1024w, https:\/\/www.greenpeace.org\/static\/planet4-mexico-stateless\/2025\/06\/b9f6bcaf-plasticos-auditoria-greenpeace-768x511.jpg 768w, https:\/\/www.greenpeace.org\/static\/planet4-mexico-stateless\/2025\/06\/b9f6bcaf-plasticos-auditoria-greenpeace-510x340.jpg 510w\" sizes=\"auto, (max-width: 1200px) 100vw, 1200px\" data-image-size=\"post-thumbnail\" data-stateless-media-bucket=\"planet4-mexico-stateless-develop\" data-stateless-media-name=\"2025\/06\/b9f6bcaf-plasticos-auditoria-greenpeace.jpg\" \/><\/a><\/figure>\n\n\n<div class=\"wp-block-group is-layout-flow wp-block-group-is-layout-flow\">\n<div class=\"wp-block-group is-layout-flex wp-block-group-is-layout-flex\"><div class=\"wp-block-post-terms\"><a href=\"https:\/\/www.greenpeace.org\/mexico\/category\/plasticos\/\">Pl\u00e1sticos<\/a><\/div>\n\n<div class=\"taxonomy-post_tag wp-block-post-terms\"><a href=\"https:\/\/www.greenpeace.org\/mexico\/tag\/tratado-global-de-plasticos\/\" rel=\"tag\">Tratado Global de Pl\u00e1sticos<\/a><span class=\"wp-block-post-terms__separator\"> <\/span><a href=\"https:\/\/www.greenpeace.org\/mexico\/tag\/activismo\/\" rel=\"tag\">Activismo<\/a><\/div><\/div>\n\n\n<h3 class=\"wp-block-post-title\"><a href=\"https:\/\/www.greenpeace.org\/mexico\/informacion-prensa\/54684\/la-lucha-continua-no-hay-un-tratado-aun-las-negociaciones-del-tratado-global-de-plasticos-fracasan-en-llegar-a-un-acuerdo\/\" target=\"_self\" >La lucha contin\u00faa, no hay un tratado a\u00fan: las negociaciones del Tratado Global de Pl\u00e1sticos fracasan en llegar a un acuerdo<\/a><\/h3>\n\n<div class=\"wp-block-post-excerpt\"><p class=\"wp-block-post-excerpt__excerpt\">Las negociaciones del Tratado Global de Pl\u00e1sticos fracasan en llegar a un acuerdo; Greenpeace urge medidas vinculantes para reducir la producci\u00f3n pl\u00e1stica. <\/p><\/div>\n\n\n<div class=\"wp-block-group posts-list-meta is-layout-flow wp-block-group-is-layout-flow\"><span class='article-list-item-author'>Greenpeace M\u00e9xico<\/span>\n\n<div class=\"wp-block-post-date\"><time datetime=\"2024-12-02T12:50:00-05:00\">diciembre 2, 2024<\/time><\/div><\/div>\n<\/div>\n<\/div>\n\n<\/li><li class=\"wp-block-post post-54678 post type-post status-publish format-standard has-post-thumbnail hentry category-plasticos tag-tratado-global-de-plasticos tag-activismo p4-page-type-informacion-prensa\">\n\n<div class=\"wp-block-columns is-layout-flex wp-container-core-columns-is-layout-9d6595d7 wp-block-columns-is-layout-flex\"><figure class=\"wp-block-post-featured-image\"><a href=\"https:\/\/www.greenpeace.org\/mexico\/informacion-prensa\/54678\/greenpeace-demanda-la-liberacion-de-activistas-del-tratado-de-plasticos-mientras-las-negociaciones-globales-entran-a-la-fase-final\/\" target=\"_self\"  ><img loading=\"lazy\" decoding=\"async\" width=\"1200\" height=\"800\" src=\"https:\/\/www.greenpeace.org\/static\/planet4-mexico-stateless\/2025\/01\/c4a3bbcd-gp0su3olj_medium-res-with-credit-line-1200px.jpg\" class=\"attachment-post-thumbnail size-post-thumbnail wp-post-image wp-stateless-item\" alt=\"Greenpeace demanda la liberaci\u00f3n de activistas del tratado de pl\u00e1sticos, mientras las negociaciones globales entran a la fase final\" style=\"object-fit:cover;\" srcset=\"https:\/\/www.greenpeace.org\/static\/planet4-mexico-stateless\/2025\/01\/c4a3bbcd-gp0su3olj_medium-res-with-credit-line-1200px.jpg 1200w, https:\/\/www.greenpeace.org\/static\/planet4-mexico-stateless\/2025\/01\/c4a3bbcd-gp0su3olj_medium-res-with-credit-line-1200px-300x200.jpg 300w, https:\/\/www.greenpeace.org\/static\/planet4-mexico-stateless\/2025\/01\/c4a3bbcd-gp0su3olj_medium-res-with-credit-line-1200px-1024x683.jpg 1024w, https:\/\/www.greenpeace.org\/static\/planet4-mexico-stateless\/2025\/01\/c4a3bbcd-gp0su3olj_medium-res-with-credit-line-1200px-768x512.jpg 768w, https:\/\/www.greenpeace.org\/static\/planet4-mexico-stateless\/2025\/01\/c4a3bbcd-gp0su3olj_medium-res-with-credit-line-1200px-510x340.jpg 510w\" sizes=\"auto, (max-width: 1200px) 100vw, 1200px\" data-image-size=\"post-thumbnail\" data-stateless-media-bucket=\"planet4-mexico-stateless-develop\" data-stateless-media-name=\"2025\/01\/c4a3bbcd-gp0su3olj_medium-res-with-credit-line-1200px.jpg\" \/><\/a><\/figure>\n\n\n<div class=\"wp-block-group is-layout-flow wp-block-group-is-layout-flow\">\n<div class=\"wp-block-group is-layout-flex wp-block-group-is-layout-flex\"><div class=\"wp-block-post-terms\"><a href=\"https:\/\/www.greenpeace.org\/mexico\/category\/plasticos\/\">Pl\u00e1sticos<\/a><\/div>\n\n<div class=\"taxonomy-post_tag wp-block-post-terms\"><a href=\"https:\/\/www.greenpeace.org\/mexico\/tag\/tratado-global-de-plasticos\/\" rel=\"tag\">Tratado Global de Pl\u00e1sticos<\/a><span class=\"wp-block-post-terms__separator\"> <\/span><a href=\"https:\/\/www.greenpeace.org\/mexico\/tag\/activismo\/\" rel=\"tag\">Activismo<\/a><\/div><\/div>\n\n\n<h3 class=\"wp-block-post-title\"><a href=\"https:\/\/www.greenpeace.org\/mexico\/informacion-prensa\/54678\/greenpeace-demanda-la-liberacion-de-activistas-del-tratado-de-plasticos-mientras-las-negociaciones-globales-entran-a-la-fase-final\/\" target=\"_self\" >Greenpeace demanda la liberaci\u00f3n de activistas del tratado de pl\u00e1sticos, mientras las negociaciones globales entran a la fase final<\/a><\/h3>\n\n<div class=\"wp-block-post-excerpt\"><p class=\"wp-block-post-excerpt__excerpt\">Greenpeace exige liberar a activistas detenidos en Corea tras protesta por el tratado global de pl\u00e1sticos; las negociaciones entran en fase decisiva. <\/p><\/div>\n\n\n<div class=\"wp-block-group posts-list-meta is-layout-flow wp-block-group-is-layout-flow\"><span class='article-list-item-author'><a href='https:\/\/www.greenpeace.org\/mexico\/author\/greenpeace-mexico\/'>Greenpeace M\u00e9xico<\/a><\/span>\n\n<div class=\"wp-block-post-date\"><time datetime=\"2024-12-01T11:14:00-05:00\">diciembre 1, 2024<\/time><\/div><\/div>\n<\/div>\n<\/div>\n\n<\/li><li class=\"wp-block-post post-54668 post type-post status-publish format-standard has-post-thumbnail hentry category-plasticos tag-activismo tag-tratado-global-de-plasticos p4-page-type-informacion-prensa\">\n\n<div class=\"wp-block-columns is-layout-flex wp-container-core-columns-is-layout-9d6595d7 wp-block-columns-is-layout-flex\"><figure class=\"wp-block-post-featured-image\"><a href=\"https:\/\/www.greenpeace.org\/mexico\/informacion-prensa\/54668\/villa-allende-merece-un-medio-ambiente-sano-un-basurero-desbordado-lo-impide\/\" target=\"_self\"  ><img loading=\"lazy\" decoding=\"async\" width=\"1200\" height=\"800\" src=\"https:\/\/www.greenpeace.org\/static\/planet4-mexico-stateless\/2025\/01\/0050a30c-gp0su3lih_medium-res-with-credit-line-1200px.jpg\" class=\"attachment-post-thumbnail size-post-thumbnail wp-post-image wp-stateless-item\" alt=\"Villa Allende merece un medio ambiente sano; un basurero desbordado lo impide\" style=\"object-fit:cover;\" srcset=\"https:\/\/www.greenpeace.org\/static\/planet4-mexico-stateless\/2025\/01\/0050a30c-gp0su3lih_medium-res-with-credit-line-1200px.jpg 1200w, https:\/\/www.greenpeace.org\/static\/planet4-mexico-stateless\/2025\/01\/0050a30c-gp0su3lih_medium-res-with-credit-line-1200px-300x200.jpg 300w, https:\/\/www.greenpeace.org\/static\/planet4-mexico-stateless\/2025\/01\/0050a30c-gp0su3lih_medium-res-with-credit-line-1200px-1024x683.jpg 1024w, https:\/\/www.greenpeace.org\/static\/planet4-mexico-stateless\/2025\/01\/0050a30c-gp0su3lih_medium-res-with-credit-line-1200px-768x512.jpg 768w, https:\/\/www.greenpeace.org\/static\/planet4-mexico-stateless\/2025\/01\/0050a30c-gp0su3lih_medium-res-with-credit-line-1200px-510x340.jpg 510w\" sizes=\"auto, (max-width: 1200px) 100vw, 1200px\" data-image-size=\"post-thumbnail\" data-stateless-media-bucket=\"planet4-mexico-stateless-develop\" data-stateless-media-name=\"2025\/01\/0050a30c-gp0su3lih_medium-res-with-credit-line-1200px.jpg\" \/><\/a><\/figure>\n\n\n<div class=\"wp-block-group is-layout-flow wp-block-group-is-layout-flow\">\n<div class=\"wp-block-group is-layout-flex wp-block-group-is-layout-flex\"><div class=\"wp-block-post-terms\"><a href=\"https:\/\/www.greenpeace.org\/mexico\/category\/plasticos\/\">Pl\u00e1sticos<\/a><\/div>\n\n<div class=\"taxonomy-post_tag wp-block-post-terms\"><a href=\"https:\/\/www.greenpeace.org\/mexico\/tag\/activismo\/\" rel=\"tag\">Activismo<\/a><span class=\"wp-block-post-terms__separator\"> <\/span><a href=\"https:\/\/www.greenpeace.org\/mexico\/tag\/tratado-global-de-plasticos\/\" rel=\"tag\">Tratado Global de Pl\u00e1sticos<\/a><\/div><\/div>\n\n\n<h3 class=\"wp-block-post-title\"><a href=\"https:\/\/www.greenpeace.org\/mexico\/informacion-prensa\/54668\/villa-allende-merece-un-medio-ambiente-sano-un-basurero-desbordado-lo-impide\/\" target=\"_self\" >Villa Allende merece un medio ambiente sano; un basurero desbordado lo impide<\/a><\/h3>\n\n<div class=\"wp-block-post-excerpt\"><p class=\"wp-block-post-excerpt__excerpt\">Basurero sin control en Villa Allende amenaza la salud de la comunidad y el medio ambiente; urge su clausura y una Ley Antipl\u00e1sticos. <\/p><\/div>\n\n\n<div class=\"wp-block-group posts-list-meta is-layout-flow wp-block-group-is-layout-flow\"><span class='article-list-item-author'>Greenpeace M\u00e9xico<\/span>\n\n<div class=\"wp-block-post-date\"><time datetime=\"2024-11-26T11:49:00-05:00\">noviembre 26, 2024<\/time><\/div><\/div>\n<\/div>\n<\/div>\n\n<\/li><li class=\"wp-block-post post-54132 post type-post status-publish format-standard has-post-thumbnail hentry category-plasticos tag-tratado-global-de-plasticos tag-falsas-soluciones p4-page-type-informacion-prensa\">\n\n<div class=\"wp-block-columns is-layout-flex wp-container-core-columns-is-layout-9d6595d7 wp-block-columns-is-layout-flex\"><figure class=\"wp-block-post-featured-image\"><a href=\"https:\/\/www.greenpeace.org\/mexico\/informacion-prensa\/54132\/greenpeace-exige-a-unilever-dejar-de-ser-complice-de-la-crisis-plastica\/\" target=\"_self\"  ><img loading=\"lazy\" decoding=\"async\" width=\"1200\" height=\"800\" src=\"https:\/\/www.greenpeace.org\/static\/planet4-mexico-stateless\/2025\/04\/14f40a80-greenpeace-unilever-crisis-plastica.jpg\" class=\"attachment-post-thumbnail size-post-thumbnail wp-post-image wp-stateless-item\" alt=\"Greenpeace exige a Unilever dejar de ser c\u00f3mplice de la crisis pl\u00e1stica\" style=\"object-fit:cover;\" srcset=\"https:\/\/www.greenpeace.org\/static\/planet4-mexico-stateless\/2025\/04\/14f40a80-greenpeace-unilever-crisis-plastica.jpg 1200w, https:\/\/www.greenpeace.org\/static\/planet4-mexico-stateless\/2025\/04\/14f40a80-greenpeace-unilever-crisis-plastica-300x200.jpg 300w, https:\/\/www.greenpeace.org\/static\/planet4-mexico-stateless\/2025\/04\/14f40a80-greenpeace-unilever-crisis-plastica-1024x683.jpg 1024w, https:\/\/www.greenpeace.org\/static\/planet4-mexico-stateless\/2025\/04\/14f40a80-greenpeace-unilever-crisis-plastica-768x512.jpg 768w, https:\/\/www.greenpeace.org\/static\/planet4-mexico-stateless\/2025\/04\/14f40a80-greenpeace-unilever-crisis-plastica-510x340.jpg 510w\" sizes=\"auto, (max-width: 1200px) 100vw, 1200px\" data-image-size=\"post-thumbnail\" data-stateless-media-bucket=\"planet4-mexico-stateless-develop\" data-stateless-media-name=\"2025\/04\/14f40a80-greenpeace-unilever-crisis-plastica.jpg\" \/><\/a><\/figure>\n\n\n<div class=\"wp-block-group is-layout-flow wp-block-group-is-layout-flow\">\n<div class=\"wp-block-group is-layout-flex wp-block-group-is-layout-flex\"><div class=\"wp-block-post-terms\"><a href=\"https:\/\/www.greenpeace.org\/mexico\/category\/plasticos\/\">Pl\u00e1sticos<\/a><\/div>\n\n<div class=\"taxonomy-post_tag wp-block-post-terms\"><a href=\"https:\/\/www.greenpeace.org\/mexico\/tag\/tratado-global-de-plasticos\/\" rel=\"tag\">Tratado Global de Pl\u00e1sticos<\/a><span class=\"wp-block-post-terms__separator\"> <\/span><a href=\"https:\/\/www.greenpeace.org\/mexico\/tag\/falsas-soluciones\/\" rel=\"tag\">Falsas soluciones<\/a><\/div><\/div>\n\n\n<h3 class=\"wp-block-post-title\"><a href=\"https:\/\/www.greenpeace.org\/mexico\/informacion-prensa\/54132\/greenpeace-exige-a-unilever-dejar-de-ser-complice-de-la-crisis-plastica\/\" target=\"_self\" >Greenpeace exige a Unilever dejar de ser c\u00f3mplice de la crisis pl\u00e1stica<\/a><\/h3>\n\n<div class=\"wp-block-post-excerpt\"><p class=\"wp-block-post-excerpt__excerpt\">Greenpeace exige a Unilever dejar los pl\u00e1sticos de un solo uso y adoptar empaques reutilizables para frenar la contaminaci\u00f3n que genera a nivel global. <\/p><\/div>\n\n\n<div class=\"wp-block-group posts-list-meta is-layout-flow wp-block-group-is-layout-flow\"><span class='article-list-item-author'>Greenpeace M\u00e9xico<\/span>\n\n<div class=\"wp-block-post-date\"><time datetime=\"2024-05-14T13:51:21-05:00\">mayo 14, 2024<\/time><\/div><\/div>\n<\/div>\n<\/div>\n\n<\/li><\/ul>\n\n\n<div class=\"wp-block-buttons carousel-controls is-horizontal is-content-justification-space-between is-nowrap is-layout-flex wp-container-core-buttons-is-layout-044bd602 wp-block-buttons-is-layout-flex\">\n<div class=\"wp-block-button carousel-control-prev\"><button type=\"button\" class=\"wp-block-button__link wp-element-button\">Prev<\/button><\/div>\n\n\n\n<div class=\"wp-block-button carousel-control-next\"><button type=\"button\" class=\"wp-block-button__link wp-element-button\">Next<\/button><\/div>\n<\/div>\n\n\n<li class=\" wp-block-navigation-item see-all-link wp-block-navigation-link\"><a class=\"wp-block-navigation-item__content\"  href=\"http:\/\/www-dev.greenpeace.org\/mexico\/news-stories\/?tag=tratado-global-de-plasticos&#038;category=plasticos\"><span class=\"wp-block-navigation-item__label\">See all posts<\/span><\/a><\/li><\/div>\n\n<div class=\"wp-block-group container has-green-800-background-color has-background is-layout-constrained wp-block-group-is-layout-constrained\" style=\"padding-top:var(--wp--preset--spacing--20);padding-bottom:var(--wp--preset--spacing--20)\">\n<div style=\"height:24px\" aria-hidden=\"true\" class=\"wp-block-spacer\"><\/div>\n\n\n\n<h2 class=\"wp-block-heading has-text-align-center has-white-color has-text-color has-link-color wp-elements-d1df2a17efe1b6fef2e2959c525b7e57\" style=\"margin-top:1px;margin-right:0;margin-bottom:1px;margin-left:0;font-size:45px\">\u00a1\u00danete!<\/h2>\n\n\n\n<div class=\"wp-block-columns is-not-stacked-on-mobile is-style-mobile-carousel is-layout-flex wp-container-core-columns-is-layout-9d6595d7 wp-block-columns-is-layout-flex\">\n<div class=\"wp-block-column is-layout-flow wp-block-column-is-layout-flow\">\n<div class=\"wp-block-group group-stretched-link is-layout-flow wp-block-group-is-layout-flow\">\n<figure class=\"wp-block-image aligncenter size-full is-resized force-no-lightbox force-no-caption mb-0 is-style-default\"><img loading=\"lazy\" decoding=\"async\" width=\"1080\" height=\"1080\" src=\"https:\/\/www.greenpeace.org\/static\/planet4-mexico-stateless\/2025\/02\/98b999d4-texto.png\" alt=\"\" class=\"wp-image-54726\" style=\"object-fit:contain;width:120px;height:120px\" srcset=\"https:\/\/www.greenpeace.org\/static\/planet4-mexico-stateless\/2025\/02\/98b999d4-texto.png 1080w, https:\/\/www.greenpeace.org\/static\/planet4-mexico-stateless\/2025\/02\/98b999d4-texto-300x300.png 300w, https:\/\/www.greenpeace.org\/static\/planet4-mexico-stateless\/2025\/02\/98b999d4-texto-1024x1024.png 1024w, https:\/\/www.greenpeace.org\/static\/planet4-mexico-stateless\/2025\/02\/98b999d4-texto-150x150.png 150w, https:\/\/www.greenpeace.org\/static\/planet4-mexico-stateless\/2025\/02\/98b999d4-texto-768x768.png 768w, https:\/\/www.greenpeace.org\/static\/planet4-mexico-stateless\/2025\/02\/98b999d4-texto-340x340.png 340w\" sizes=\"auto, (max-width: 1080px) 100vw, 1080px\" \/><\/figure>\n\n\n\n<div style=\"height:16px\" aria-hidden=\"true\" class=\"wp-block-spacer\"><\/div>\n\n\n\n<h5 class=\"wp-block-heading has-text-align-center has-white-color has-text-color has-link-color wp-elements-e9370ffa40d31c7d13766e6821723861\" style=\"font-size:1.4rem\"><a href=\"https:\/\/www.greenpeace.org\/mexico\/socios-y-socias\/\" target=\"_blank\" rel=\"noreferrer noopener\">Hazte socio\/a<\/a><\/h5>\n<\/div>\n<\/div>\n\n\n\n<div class=\"wp-block-column is-layout-flow wp-block-column-is-layout-flow\">\n<div class=\"wp-block-group group-stretched-link is-layout-flow wp-block-group-is-layout-flow\">\n<figure class=\"wp-block-image aligncenter size-full is-resized force-no-lightbox force-no-caption mb-0 is-style-default\"><img loading=\"lazy\" decoding=\"async\" width=\"512\" height=\"512\" src=\"https:\/\/www.greenpeace.org\/static\/planet4-mexico-stateless\/2025\/02\/a6eae3fb-peticion.png\" alt=\"\" class=\"wp-image-54727\" style=\"object-fit:cover;width:120px;height:120px\" srcset=\"https:\/\/www.greenpeace.org\/static\/planet4-mexico-stateless\/2025\/02\/a6eae3fb-peticion.png 512w, https:\/\/www.greenpeace.org\/static\/planet4-mexico-stateless\/2025\/02\/a6eae3fb-peticion-300x300.png 300w, https:\/\/www.greenpeace.org\/static\/planet4-mexico-stateless\/2025\/02\/a6eae3fb-peticion-150x150.png 150w, https:\/\/www.greenpeace.org\/static\/planet4-mexico-stateless\/2025\/02\/a6eae3fb-peticion-340x340.png 340w\" sizes=\"auto, (max-width: 512px) 100vw, 512px\" \/><\/figure>\n\n\n\n<div style=\"height:16px\" aria-hidden=\"true\" class=\"wp-block-spacer\"><\/div>\n\n\n\n<h5 class=\"wp-block-heading has-text-align-center has-white-color has-text-color has-link-color wp-elements-5ab51a43a5efcc897fda06930408194b\" style=\"font-size:1.4rem\"><a href=\"https:\/\/www.greenpeace.org\/mexico\/participa\/peticiones\/\" target=\"_blank\" rel=\"noreferrer noopener\">Firma nuestras peticiones<\/a><\/h5>\n<\/div>\n<\/div>\n\n\n\n<div class=\"wp-block-column is-layout-flow wp-block-column-is-layout-flow\">\n<div class=\"wp-block-group group-stretched-link is-layout-flow wp-block-group-is-layout-flow\">\n<figure class=\"wp-block-image aligncenter size-full is-resized force-no-lightbox force-no-caption mb-0 is-style-default\"><img loading=\"lazy\" decoding=\"async\" width=\"512\" height=\"512\" src=\"https:\/\/www.greenpeace.org\/static\/planet4-mexico-stateless\/2025\/02\/a3d4a203-98cd-441c-9595-890eaa94e256.png\" alt=\"\" class=\"wp-image-54728\" style=\"object-fit:cover;width:120px;height:auto\" srcset=\"https:\/\/www.greenpeace.org\/static\/planet4-mexico-stateless\/2025\/02\/a3d4a203-98cd-441c-9595-890eaa94e256.png 512w, https:\/\/www.greenpeace.org\/static\/planet4-mexico-stateless\/2025\/02\/a3d4a203-98cd-441c-9595-890eaa94e256-300x300.png 300w, https:\/\/www.greenpeace.org\/static\/planet4-mexico-stateless\/2025\/02\/a3d4a203-98cd-441c-9595-890eaa94e256-150x150.png 150w, https:\/\/www.greenpeace.org\/static\/planet4-mexico-stateless\/2025\/02\/a3d4a203-98cd-441c-9595-890eaa94e256-340x340.png 340w\" sizes=\"auto, (max-width: 512px) 100vw, 512px\" \/><\/figure>\n\n\n\n<div style=\"height:16px\" aria-hidden=\"true\" class=\"wp-block-spacer\"><\/div>\n\n\n\n<h5 class=\"wp-block-heading has-text-align-center has-white-color has-text-color has-link-color wp-elements-79c5b9a5493b58093d4f5b427ad912c2\" style=\"font-size:1.4rem\"><a href=\"https:\/\/www.greenpeace.org\/mexico\/participa\/voluntariado\/\" target=\"_blank\" rel=\"noreferrer noopener\">Hazte voluntario\/a<\/a><\/h5>\n<\/div>\n<\/div>\n\n\n\n<div class=\"wp-block-column is-layout-flow wp-block-column-is-layout-flow\">\n<div class=\"wp-block-group group-stretched-link is-layout-flow wp-block-group-is-layout-flow\">\n<figure class=\"wp-block-image aligncenter size-full is-resized force-no-lightbox force-no-caption mb-0 is-style-default\"><img loading=\"lazy\" decoding=\"async\" width=\"512\" height=\"512\" src=\"https:\/\/www.greenpeace.org\/static\/planet4-mexico-stateless\/2025\/02\/02954e25-968f-497d-ad6d-47e74acdceee.png\" alt=\"\" class=\"wp-image-54729\" style=\"object-fit:cover;width:120px;height:120px\" srcset=\"https:\/\/www.greenpeace.org\/static\/planet4-mexico-stateless\/2025\/02\/02954e25-968f-497d-ad6d-47e74acdceee.png 512w, https:\/\/www.greenpeace.org\/static\/planet4-mexico-stateless\/2025\/02\/02954e25-968f-497d-ad6d-47e74acdceee-300x300.png 300w, https:\/\/www.greenpeace.org\/static\/planet4-mexico-stateless\/2025\/02\/02954e25-968f-497d-ad6d-47e74acdceee-150x150.png 150w, https:\/\/www.greenpeace.org\/static\/planet4-mexico-stateless\/2025\/02\/02954e25-968f-497d-ad6d-47e74acdceee-340x340.png 340w\" sizes=\"auto, (max-width: 512px) 100vw, 512px\" \/><\/figure>\n\n\n\n<div style=\"height:16px\" aria-hidden=\"true\" class=\"wp-block-spacer\"><\/div>\n\n\n\n<h5 class=\"wp-block-heading has-text-align-center has-white-color has-text-color has-link-color wp-elements-29f2b363ba4a526456574e03185b8961\" style=\"font-size:1.4rem\"><a href=\"https:\/\/www.greenpeace.org\/mexico\/ciberactivismo\/\" target=\"_blank\" rel=\"noreferrer noopener\">Hazte ciberactivista<\/a><\/h5>\n<\/div>\n<\/div>\n<\/div>\n<\/div>\n\n<div style=\"height:70px\" aria-hidden=\"true\" class=\"wp-block-spacer\"><\/div>\n","protected":false},"excerpt":{"rendered":"<p>\u00bfPor qu\u00e9 es urgente frenar la contaminaci\u00f3n pl\u00e1stica? Cada d\u00eda, toneladas de residuos pl\u00e1sticos terminan en r\u00edos, mares y hasta en nuestros cuerpos, afectando la salud de las personas, la vida silvestre y el equilibrio de los ecosistemas. Pero este problema no solo es ambiental: tambi\u00e9n es social y de justicia. Mientras unas industrias se [&hellip;]<\/p>\n","protected":false},"author":83,"featured_media":58674,"parent":11,"menu_order":0,"comment_status":"closed","ping_status":"closed","template":"","meta":{"ep_exclude_from_search":false,"p4_hide_page_title_checkbox":"on","p4_title":"","p4_subtitle":"","p4_description":"","background_image_id":"","background_image":"","p4_button_title":"","p4_button_link":"","p4_button_link_checkbox":"","p4_og_title":"Tratado Global de Pl\u00e1sticos | Greenpeace contra la Contaminaci\u00f3n","p4_og_description":"Un acuerdo internacional es clave para frenar la contaminaci\u00f3n pl\u00e1stica. Conoce la propuesta de Greenpeace y c\u00f3mo puedes sumarte.","p4_og_image":"","p4_og_image_id":"","p4_seo_canonical_url":"https:\/\/www.greenpeace.org\/mexico\/tratado-global-de-plastico\/","p4_campaign_name":"","p4_local_project":"","p4_basket_name":"","p4_department":"","footnotes":""},"categories":[45],"tags":[67],"class_list":["post-56171","page","type-page","status-publish","has-post-thumbnail","hentry","category-plasticos","tag-tratado-global-de-plasticos"],"_links":{"self":[{"href":"https:\/\/www.greenpeace.org\/mexico\/wp-json\/wp\/v2\/pages\/56171","targetHints":{"allow":["GET"]}}],"collection":[{"href":"https:\/\/www.greenpeace.org\/mexico\/wp-json\/wp\/v2\/pages"}],"about":[{"href":"https:\/\/www.greenpeace.org\/mexico\/wp-json\/wp\/v2\/types\/page"}],"author":[{"embeddable":true,"href":"https:\/\/www.greenpeace.org\/mexico\/wp-json\/wp\/v2\/users\/83"}],"replies":[{"embeddable":true,"href":"https:\/\/www.greenpeace.org\/mexico\/wp-json\/wp\/v2\/comments?post=56171"}],"version-history":[{"count":20,"href":"https:\/\/www.greenpeace.org\/mexico\/wp-json\/wp\/v2\/pages\/56171\/revisions"}],"predecessor-version":[{"id":61205,"href":"https:\/\/www.greenpeace.org\/mexico\/wp-json\/wp\/v2\/pages\/56171\/revisions\/61205"}],"up":[{"embeddable":true,"href":"https:\/\/www.greenpeace.org\/mexico\/wp-json\/wp\/v2\/pages\/11"}],"wp:featuredmedia":[{"embeddable":true,"href":"https:\/\/www.greenpeace.org\/mexico\/wp-json\/wp\/v2\/media\/58674"}],"wp:attachment":[{"href":"https:\/\/www.greenpeace.org\/mexico\/wp-json\/wp\/v2\/media?parent=56171"}],"wp:term":[{"taxonomy":"category","embeddable":true,"href":"https:\/\/www.greenpeace.org\/mexico\/wp-json\/wp\/v2\/categories?post=56171"},{"taxonomy":"post_tag","embeddable":true,"href":"https:\/\/www.greenpeace.org\/mexico\/wp-json\/wp\/v2\/tags?post=56171"}],"curies":[{"name":"wp","href":"https:\/\/api.w.org\/{rel}","templated":true}]}}